{"id":77865,"date":"2026-05-20T13:12:46","date_gmt":"2026-05-20T12:12:46","guid":{"rendered":"https:\/\/spaziospadoni.org\/organismes-de-formation\/arciconfraternita-di-misericordia-di-arezzo\/"},"modified":"2026-08-21T14:45:13","modified_gmt":"2026-08-21T13:45:13","slug":"archiconfrerie-de-la-misericorde-darezzo","status":"publish","type":"page","link":"https:\/\/spaziospadoni.org\/fr\/organismes-de-formation\/archiconfrerie-de-la-misericorde-darezzo\/","title":{"rendered":"Archiconfr\u00e9rie de la Mis\u00e9ricorde d\u2019Arezzo"},"content":{"rendered":"\n<p class=\"wp-block-paragraph\">L\u2019Archiconfr\u00e9rie de la Mis\u00e9ricorde d\u2019Arezzo est une association de b\u00e9n\u00e9volat qui fait partie du Mouvement des Confr\u00e9ries de la Mis\u00e9ricorde, fond\u00e9 en 1244 \u00e0 Florence par Pietro da Verona, devenu ensuite saint Pierre martyr. Aujourd\u2019hui, les Confr\u00e9ries de la Mis\u00e9ricorde sont pr\u00e9sentes en Italie et \u00e0 l\u2019\u00e9tranger et comptent plus de 700 confr\u00e9ries.<\/p>\n\n\n<div class=\"wp-block-image\">\n<figure class=\"aligncenter size-full is-resized\"><img decoding=\"async\" width=\"184\" height=\"184\" src=\"https:\/\/spaziospadoni.org\/wp-content\/uploads\/2026\/05\/Misericordia-di-Arezzo-Logo.jpg\" alt=\"Logo de l\u2019Archiconfr\u00e9rie de la Mis\u00e9ricorde d\u2019Arezzo\" class=\"wp-image-45510\" style=\"width:274px;height:auto\" srcset=\"https:\/\/spaziospadoni.org\/wp-content\/uploads\/2026\/05\/Misericordia-di-Arezzo-Logo.jpg 184w, https:\/\/spaziospadoni.org\/wp-content\/uploads\/2026\/05\/Misericordia-di-Arezzo-Logo-150x150.jpg 150w\" sizes=\"(max-width: 184px) 100vw, 184px\" \/><\/figure>\n<\/div>\n\n\n<h2 id=\"h-storia\" class=\"wp-block-heading\"><strong>Histoire<\/strong><\/h2>\n\n\n\n<p class=\"wp-block-paragraph\">Les activit\u00e9s de l\u2019Archiconfr\u00e9rie de la Mis\u00e9ricorde d\u2019Arezzo remontent au 25 ao\u00fbt 1315, lorsque Guido Tarlati, \u00e9v\u00eaque d\u2019Arezzo, autorisa la cr\u00e9ation de la \u00ab Compagnie de la Tr\u00e8s Sainte Trinit\u00e9 \u00bb, d\u00e9cr\u00e9tant sa primaut\u00e9 sur toutes les autres compagnies existantes. En 1348, la \u00ab Societas SS. Trinitatis \u00bb avait achet\u00e9 des maisons et des terrains afin d\u2019y \u00e9tablir son si\u00e8ge d\u00e9finitif, qui demeure encore<br>son si\u00e8ge aujourd\u2019hui.<\/p>\n\n\n\n<p class=\"wp-block-paragraph\">La Compagnie de la Tr\u00e8s Sainte Trinit\u00e9 continua \u00e0 fonctionner comme telle jusqu\u2019en 1785, ann\u00e9e o\u00f9 le grand-duc de Toscane Pietro Leopoldo d\u00e9cr\u00e9ta la suppression de toutes les confr\u00e9ries et compagnies.<\/p>\n\n\n\n<p class=\"wp-block-paragraph\">Toutefois, puisque, conform\u00e9ment au rescrit grand-ducal, les compagnies supprim\u00e9es devaient \u00eatre remplac\u00e9es dans chaque paroisse<br>par une \u00ab Compagnie de Charit\u00e9 \u00bb, ayant pour but \u00ab outre les pratiques religieuses et l\u2019enseignement de la Doctrine chr\u00e9tienne, d\u2019assister les malades et de les transporter \u00e0 l\u2019h\u00f4pital, de transporter les morts au tombeau et de procurer et distribuer aux indigents des secours charitables \u00bb, la Compagnie de la<br>Trinit\u00e9 dissoute se reconstitua aupr\u00e8s de la Cath\u00e9drale sous le nom de \u00ab Compagnie de Charit\u00e9 de la Cath\u00e9drale \u00bb. Constatant qu\u2019aucune autre Compagnie de Charit\u00e9 n\u2019avait \u00e9t\u00e9 constitu\u00e9e \u00e0 Arezzo, une autorisation fut demand\u00e9e en 1792 au \u00ab Tr\u00f4ne royal \u00bb<br>pour que la \u00ab Compagnie de Charit\u00e9 de la Cath\u00e9drale \u00bb, sous le nouveau nom de \u00ab Compagnie de la Mis\u00e9ricorde et de la Mort \u00bb, puisse s\u2019installer dans l\u2019\u00e9glise voisine de Saint-S\u00e9bastien et admettre \u00e9galement les Fr\u00e8res ext\u00e9rieurs \u00e0 la paroisse de la Cath\u00e9drale. La demande, qui consacrait de fait la renaissance de l\u2019ancienne Compagnie, bien que sous un autre nom, fut approuv\u00e9e par<br>les \u00ab rescrits de la Secr\u00e9tairerie du Droit royal des 30 juin et 27 juillet 1792 \u00bb. La Confr\u00e9rie a pour patronne Notre-Dame Auxiliatrice et d\u00e9pend, du point de vue des valeurs morales, \u00e9thiques et religieuses, de l\u2019Autorit\u00e9 dioc\u00e9saine, repr\u00e9sent\u00e9e par un Correcteur, Assistant eccl\u00e9siastique nomm\u00e9 par l\u2019Ordinaire dioc\u00e9sain territorialement comp\u00e9tent.<\/p>\n\n\n\n<h2 id=\"h-attivita\" class=\"wp-block-heading\"><strong>Activit\u00e9s<\/strong><\/h2>\n\n\n\n<ul class=\"wp-block-list\">\n<li>TRANSPORT SANITAIRE ORDINAIRE<\/li>\n\n\n\n<li>TRANSPORT SANITAIRE D\u2019URGENCE<\/li>\n\n\n\n<li>TRANSPORT SOCIAL<\/li>\n\n\n\n<li>TRANSPORT FUN\u00c9RAIRE<\/li>\n\n\n\n<li>ASSISTANCE AUX PERSONNES \u00c2G\u00c9ES ET AUX PERSONNES HANDICAP\u00c9ES<\/li>\n\n\n\n<li>SERVICES SPORTIFS POUR \u00c9V\u00c9NEMENTS<\/li>\n\n\n\n<li>CENTRE D\u2019\u00c9COUTE CONTRE L\u2019USURE<\/li>\n\n\n\n<li>COLLECTE ET DISTRIBUTION ULT\u00c9RIEURE DE V\u00caTEMENTS AUX PERSONNES D\u00c9MUNIES<\/li>\n\n\n\n<li>PROTECTION CIVILE<\/li>\n\n\n\n<li>T\u00c9L\u00c9ASSISTANCE<\/li>\n\n\n\n<li>GROUPE DE DONNEURS DE SANG FRATRES<\/li>\n\n\n\n<li>GROUPE DE DONNEURS D\u2019ORGANES AIDO<\/li>\n<\/ul>\n\n\n\n<h2 id=\"h-contatti\" class=\"wp-block-heading\"><strong>Coordonn\u00e9es<\/strong><\/h2>\n\n\n\n<p class=\"wp-block-paragraph\">Via Garibaldi, 143 \u2013 52100 Arezzo (AR)<\/p>\n\n\n\n<p class=\"wp-block-paragraph\">T\u00e9l. +39 0575 24242<\/p>\n\n\n\n<p class=\"wp-block-paragraph\"><a href=\"https:\/\/www.misericordiadiarezzo.it\/wp\" target=\"_blank\" rel=\"noreferrer noopener nofollow\" title=\"https:\/\/www.misericordiadiarezzo.it\/wp\">https:\/\/www.misericordiadiarezzo.it\/wp<\/a><\/p>\n\n\n\n<p class=\"wp-block-paragraph\"><a href=\"mailto:info@misericordiaarezzo.it\" target=\"_blank\" rel=\"noreferrer noopener\" title=\"info@misericordiaarezzo.it\">info@misericordiaarezzo.it<\/a><\/p>\n","protected":false},"excerpt":{"rendered":"<p>L\u2019Archiconfr\u00e9rie de la Mis\u00e9ricorde d\u2019Arezzo est une association de b\u00e9n\u00e9volat qui fait partie du Mouvement des Confr\u00e9ries de la Mis\u00e9ricorde, fond\u00e9 en 1244 \u00e0 Florence par Pietro da Verona, devenu ensuite saint Pierre martyr. Aujourd\u2019hui, les Confr\u00e9ries de la Mis\u00e9ricorde sont pr\u00e9sentes en Italie et \u00e0 l\u2019\u00e9tranger et comptent plus de 700 confr\u00e9ries. Histoire Les &#8230; <a title=\"Archiconfr\u00e9rie de la Mis\u00e9ricorde d\u2019Arezzo\" class=\"read-more\" href=\"https:\/\/spaziospadoni.org\/fr\/organismes-de-formation\/archiconfrerie-de-la-misericorde-darezzo\/\" aria-label=\"Read more about Archiconfr\u00e9rie de la Mis\u00e9ricorde d\u2019Arezzo\">Lire plus<\/a><\/p>\n","protected":false},"author":102,"featured_media":0,"parent":73245,"menu_order":0,"comment_status":"closed","ping_status":"closed","template":"","meta":{"_sitemap_exclude":false,"_sitemap_priority":"","_sitemap_frequency":"","footnotes":""},"class_list":["post-77865","page","type-page","status-publish","infinite-scroll-item"],"yoast_head":"<!-- This site is optimized with the Yoast SEO plugin v28.4 - https:\/\/yoast.com\/product\/yoast-seo-wordpress\/ -->\n<title>Archiconfr\u00e9rie de la Mis\u00e9ricorde d\u2019Arezzo | Spazio Spadoni<\/title>\n<meta name=\"description\" content=\"L\u2019Archiconfr\u00e9rie de la Mis\u00e9ricorde d\u2019Arezzo est une association de b\u00e9n\u00e9volat qui fait partie du Mouvement des Confr\u00e9ries de la Mis\u00e9ricorde, fond\u00e9 en 1244\" \/>\n<meta name=\"robots\" content=\"index, follow, max-snippet:-1, max-image-preview:large, max-video-preview:-1\" \/>\n<link rel=\"canonical\" href=\"https:\/\/spaziospadoni.org\/fr\/organismes-de-formation\/archiconfrerie-de-la-misericorde-darezzo\/\" \/>\n<meta property=\"og:locale\" content=\"fr_FR\" \/>\n<meta property=\"og:type\" content=\"article\" \/>\n<meta property=\"og:title\" content=\"Archiconfr\u00e9rie de la Mis\u00e9ricorde d\u2019Arezzo | Spazio Spadoni\" \/>\n<meta property=\"og:description\" content=\"L\u2019Archiconfr\u00e9rie de la Mis\u00e9ricorde d\u2019Arezzo est une association de b\u00e9n\u00e9volat qui fait partie du Mouvement des Confr\u00e9ries de la Mis\u00e9ricorde, fond\u00e9 en 1244\" \/>\n<meta property=\"og:url\" content=\"https:\/\/spaziospadoni.org\/fr\/organismes-de-formation\/archiconfrerie-de-la-misericorde-darezzo\/\" \/>\n<meta property=\"og:site_name\" content=\"spazio + spadoni\" \/>\n<meta property=\"article:publisher\" content=\"https:\/\/www.facebook.com\/SpazioSpadoni\/\" \/>\n<meta property=\"article:modified_time\" content=\"2026-08-21T13:45:13+00:00\" \/>\n<meta property=\"og:image\" content=\"https:\/\/spaziospadoni.org\/wp-content\/uploads\/2026\/05\/Misericordia-di-Arezzo-Logo.jpg\" \/>\n\t<meta property=\"og:image:width\" content=\"184\" \/>\n\t<meta property=\"og:image:height\" content=\"184\" \/>\n\t<meta property=\"og:image:type\" content=\"image\/jpeg\" \/>\n<meta name=\"twitter:card\" content=\"summary_large_image\" \/>\n<meta name=\"twitter:label1\" content=\"Est. reading time\" \/>\n\t<meta name=\"twitter:data1\" content=\"3 minutes\" \/>\n<script type=\"application\/ld+json\" class=\"yoast-schema-graph\">{\"@context\":\"https:\\\/\\\/schema.org\",\"@graph\":[{\"@type\":\"WebPage\",\"@id\":\"https:\\\/\\\/spaziospadoni.org\\\/fr\\\/organismes-de-formation\\\/archiconfrerie-de-la-misericorde-darezzo\\\/\",\"url\":\"https:\\\/\\\/spaziospadoni.org\\\/fr\\\/organismes-de-formation\\\/archiconfrerie-de-la-misericorde-darezzo\\\/\",\"name\":\"Archiconfr\u00e9rie de la Mis\u00e9ricorde d\u2019Arezzo | Spazio Spadoni\",\"isPartOf\":{\"@id\":\"https:\\\/\\\/spaziospadoni.org\\\/fr\\\/#website\"},\"primaryImageOfPage\":{\"@id\":\"https:\\\/\\\/spaziospadoni.org\\\/fr\\\/organismes-de-formation\\\/archiconfrerie-de-la-misericorde-darezzo\\\/#primaryimage\"},\"image\":{\"@id\":\"https:\\\/\\\/spaziospadoni.org\\\/fr\\\/organismes-de-formation\\\/archiconfrerie-de-la-misericorde-darezzo\\\/#primaryimage\"},\"thumbnailUrl\":\"https:\\\/\\\/spaziospadoni.org\\\/wp-content\\\/uploads\\\/2026\\\/05\\\/Misericordia-di-Arezzo-Logo.jpg\",\"datePublished\":\"2026-05-20T12:12:46+00:00\",\"dateModified\":\"2026-08-21T13:45:13+00:00\",\"description\":\"L\u2019Archiconfr\u00e9rie de la Mis\u00e9ricorde d\u2019Arezzo est une association de b\u00e9n\u00e9volat qui fait partie du Mouvement des Confr\u00e9ries de la Mis\u00e9ricorde, fond\u00e9 en 1244\",\"breadcrumb\":{\"@id\":\"https:\\\/\\\/spaziospadoni.org\\\/fr\\\/organismes-de-formation\\\/archiconfrerie-de-la-misericorde-darezzo\\\/#breadcrumb\"},\"inLanguage\":\"fr-FR\",\"potentialAction\":[{\"@type\":\"ReadAction\",\"target\":[\"https:\\\/\\\/spaziospadoni.org\\\/fr\\\/organismes-de-formation\\\/archiconfrerie-de-la-misericorde-darezzo\\\/\"]}]},{\"@type\":\"ImageObject\",\"inLanguage\":\"fr-FR\",\"@id\":\"https:\\\/\\\/spaziospadoni.org\\\/fr\\\/organismes-de-formation\\\/archiconfrerie-de-la-misericorde-darezzo\\\/#primaryimage\",\"url\":\"https:\\\/\\\/spaziospadoni.org\\\/wp-content\\\/uploads\\\/2026\\\/05\\\/Misericordia-di-Arezzo-Logo.jpg\",\"contentUrl\":\"https:\\\/\\\/spaziospadoni.org\\\/wp-content\\\/uploads\\\/2026\\\/05\\\/Misericordia-di-Arezzo-Logo.jpg\"},{\"@type\":\"BreadcrumbList\",\"@id\":\"https:\\\/\\\/spaziospadoni.org\\\/fr\\\/organismes-de-formation\\\/archiconfrerie-de-la-misericorde-darezzo\\\/#breadcrumb\",\"itemListElement\":[{\"@type\":\"ListItem\",\"position\":1,\"name\":\"Home\",\"item\":\"https:\\\/\\\/spaziospadoni.org\\\/fr\\\/\"},{\"@type\":\"ListItem\",\"position\":2,\"name\":\"Organismes de formation\",\"item\":\"https:\\\/\\\/spaziospadoni.org\\\/fr\\\/organismes-de-formation\\\/\"},{\"@type\":\"ListItem\",\"position\":3,\"name\":\"Archiconfr\u00e9rie de la Mis\u00e9ricorde d\u2019Arezzo\"}]},{\"@type\":\"WebSite\",\"@id\":\"https:\\\/\\\/spaziospadoni.org\\\/fr\\\/#website\",\"url\":\"https:\\\/\\\/spaziospadoni.org\\\/fr\\\/\",\"name\":\"spazio + spadoni\",\"description\":\"Generazione di misericordia e missione nel mondo\",\"publisher\":{\"@id\":\"https:\\\/\\\/spaziospadoni.org\\\/fr\\\/#organization\"},\"alternateName\":\"spaziospadoni.org\",\"potentialAction\":[{\"@type\":\"SearchAction\",\"target\":{\"@type\":\"EntryPoint\",\"urlTemplate\":\"https:\\\/\\\/spaziospadoni.org\\\/fr\\\/?s={search_term_string}\"},\"query-input\":{\"@type\":\"PropertyValueSpecification\",\"valueRequired\":true,\"valueName\":\"search_term_string\"}}],\"inLanguage\":\"fr-FR\"},{\"@type\":\"Organization\",\"@id\":\"https:\\\/\\\/spaziospadoni.org\\\/fr\\\/#organization\",\"name\":\"spazio + spadoni\",\"alternateName\":\"spaziospadoni.org\",\"url\":\"https:\\\/\\\/spaziospadoni.org\\\/fr\\\/\",\"logo\":{\"@type\":\"ImageObject\",\"inLanguage\":\"fr-FR\",\"@id\":\"https:\\\/\\\/spaziospadoni.org\\\/fr\\\/#\\\/schema\\\/logo\\\/image\\\/\",\"url\":\"https:\\\/\\\/spaziospadoni.org\\\/wp-content\\\/uploads\\\/2026\\\/05\\\/spazio-spadoni-logo-100x100-1.webp\",\"contentUrl\":\"https:\\\/\\\/spaziospadoni.org\\\/wp-content\\\/uploads\\\/2026\\\/05\\\/spazio-spadoni-logo-100x100-1.webp\",\"width\":100,\"height\":100,\"caption\":\"spazio + spadoni\"},\"image\":{\"@id\":\"https:\\\/\\\/spaziospadoni.org\\\/fr\\\/#\\\/schema\\\/logo\\\/image\\\/\"},\"sameAs\":[\"https:\\\/\\\/www.facebook.com\\\/SpazioSpadoni\\\/\",\"https:\\\/\\\/www.instagram.com\\\/spaziospadoni\\\/\",\"https:\\\/\\\/www.youtube.com\\\/@spaziospadoni\\\/playlists\"]}]}<\/script>\n<!-- \/ Yoast SEO plugin. -->","yoast_head_json":{"title":"Archiconfr\u00e9rie de la Mis\u00e9ricorde d\u2019Arezzo | Spazio Spadoni","description":"L\u2019Archiconfr\u00e9rie de la Mis\u00e9ricorde d\u2019Arezzo est une association de b\u00e9n\u00e9volat qui fait partie du Mouvement des Confr\u00e9ries de la Mis\u00e9ricorde, fond\u00e9 en 1244","robots":{"index":"index","follow":"follow","max-snippet":"max-snippet:-1","max-image-preview":"max-image-preview:large","max-video-preview":"max-video-preview:-1"},"canonical":"https:\/\/spaziospadoni.org\/fr\/organismes-de-formation\/archiconfrerie-de-la-misericorde-darezzo\/","og_locale":"fr_FR","og_type":"article","og_title":"Archiconfr\u00e9rie de la Mis\u00e9ricorde d\u2019Arezzo | Spazio Spadoni","og_description":"L\u2019Archiconfr\u00e9rie de la Mis\u00e9ricorde d\u2019Arezzo est une association de b\u00e9n\u00e9volat qui fait partie du Mouvement des Confr\u00e9ries de la Mis\u00e9ricorde, fond\u00e9 en 1244","og_url":"https:\/\/spaziospadoni.org\/fr\/organismes-de-formation\/archiconfrerie-de-la-misericorde-darezzo\/","og_site_name":"spazio + spadoni","article_publisher":"https:\/\/www.facebook.com\/SpazioSpadoni\/","article_modified_time":"2026-08-21T13:45:13+00:00","og_image":[{"width":184,"height":184,"url":"https:\/\/spaziospadoni.org\/wp-content\/uploads\/2026\/05\/Misericordia-di-Arezzo-Logo.jpg","type":"image\/jpeg"}],"twitter_card":"summary_large_image","twitter_misc":{"Est. reading time":"3 minutes"},"schema":{"@context":"https:\/\/schema.org","@graph":[{"@type":"WebPage","@id":"https:\/\/spaziospadoni.org\/fr\/organismes-de-formation\/archiconfrerie-de-la-misericorde-darezzo\/","url":"https:\/\/spaziospadoni.org\/fr\/organismes-de-formation\/archiconfrerie-de-la-misericorde-darezzo\/","name":"Archiconfr\u00e9rie de la Mis\u00e9ricorde d\u2019Arezzo | Spazio Spadoni","isPartOf":{"@id":"https:\/\/spaziospadoni.org\/fr\/#website"},"primaryImageOfPage":{"@id":"https:\/\/spaziospadoni.org\/fr\/organismes-de-formation\/archiconfrerie-de-la-misericorde-darezzo\/#primaryimage"},"image":{"@id":"https:\/\/spaziospadoni.org\/fr\/organismes-de-formation\/archiconfrerie-de-la-misericorde-darezzo\/#primaryimage"},"thumbnailUrl":"https:\/\/spaziospadoni.org\/wp-content\/uploads\/2026\/05\/Misericordia-di-Arezzo-Logo.jpg","datePublished":"2026-05-20T12:12:46+00:00","dateModified":"2026-08-21T13:45:13+00:00","description":"L\u2019Archiconfr\u00e9rie de la Mis\u00e9ricorde d\u2019Arezzo est une association de b\u00e9n\u00e9volat qui fait partie du Mouvement des Confr\u00e9ries de la Mis\u00e9ricorde, fond\u00e9 en 1244","breadcrumb":{"@id":"https:\/\/spaziospadoni.org\/fr\/organismes-de-formation\/archiconfrerie-de-la-misericorde-darezzo\/#breadcrumb"},"inLanguage":"fr-FR","potentialAction":[{"@type":"ReadAction","target":["https:\/\/spaziospadoni.org\/fr\/organismes-de-formation\/archiconfrerie-de-la-misericorde-darezzo\/"]}]},{"@type":"ImageObject","inLanguage":"fr-FR","@id":"https:\/\/spaziospadoni.org\/fr\/organismes-de-formation\/archiconfrerie-de-la-misericorde-darezzo\/#primaryimage","url":"https:\/\/spaziospadoni.org\/wp-content\/uploads\/2026\/05\/Misericordia-di-Arezzo-Logo.jpg","contentUrl":"https:\/\/spaziospadoni.org\/wp-content\/uploads\/2026\/05\/Misericordia-di-Arezzo-Logo.jpg"},{"@type":"BreadcrumbList","@id":"https:\/\/spaziospadoni.org\/fr\/organismes-de-formation\/archiconfrerie-de-la-misericorde-darezzo\/#breadcrumb","itemListElement":[{"@type":"ListItem","position":1,"name":"Home","item":"https:\/\/spaziospadoni.org\/fr\/"},{"@type":"ListItem","position":2,"name":"Organismes de formation","item":"https:\/\/spaziospadoni.org\/fr\/organismes-de-formation\/"},{"@type":"ListItem","position":3,"name":"Archiconfr\u00e9rie de la Mis\u00e9ricorde d\u2019Arezzo"}]},{"@type":"WebSite","@id":"https:\/\/spaziospadoni.org\/fr\/#website","url":"https:\/\/spaziospadoni.org\/fr\/","name":"spazio + spadoni","description":"Generazione di misericordia e missione nel mondo","publisher":{"@id":"https:\/\/spaziospadoni.org\/fr\/#organization"},"alternateName":"spaziospadoni.org","potentialAction":[{"@type":"SearchAction","target":{"@type":"EntryPoint","urlTemplate":"https:\/\/spaziospadoni.org\/fr\/?s={search_term_string}"},"query-input":{"@type":"PropertyValueSpecification","valueRequired":true,"valueName":"search_term_string"}}],"inLanguage":"fr-FR"},{"@type":"Organization","@id":"https:\/\/spaziospadoni.org\/fr\/#organization","name":"spazio + spadoni","alternateName":"spaziospadoni.org","url":"https:\/\/spaziospadoni.org\/fr\/","logo":{"@type":"ImageObject","inLanguage":"fr-FR","@id":"https:\/\/spaziospadoni.org\/fr\/#\/schema\/logo\/image\/","url":"https:\/\/spaziospadoni.org\/wp-content\/uploads\/2026\/05\/spazio-spadoni-logo-100x100-1.webp","contentUrl":"https:\/\/spaziospadoni.org\/wp-content\/uploads\/2026\/05\/spazio-spadoni-logo-100x100-1.webp","width":100,"height":100,"caption":"spazio + spadoni"},"image":{"@id":"https:\/\/spaziospadoni.org\/fr\/#\/schema\/logo\/image\/"},"sameAs":["https:\/\/www.facebook.com\/SpazioSpadoni\/","https:\/\/www.instagram.com\/spaziospadoni\/","https:\/\/www.youtube.com\/@spaziospadoni\/playlists"]}]}},"_links":{"self":[{"href":"https:\/\/spaziospadoni.org\/fr\/wp-json\/wp\/v2\/pages\/77865","targetHints":{"allow":["GET"]}}],"collection":[{"href":"https:\/\/spaziospadoni.org\/fr\/wp-json\/wp\/v2\/pages"}],"about":[{"href":"https:\/\/spaziospadoni.org\/fr\/wp-json\/wp\/v2\/types\/page"}],"author":[{"embeddable":true,"href":"https:\/\/spaziospadoni.org\/fr\/wp-json\/wp\/v2\/users\/102"}],"replies":[{"embeddable":true,"href":"https:\/\/spaziospadoni.org\/fr\/wp-json\/wp\/v2\/comments?post=77865"}],"version-history":[{"count":1,"href":"https:\/\/spaziospadoni.org\/fr\/wp-json\/wp\/v2\/pages\/77865\/revisions"}],"predecessor-version":[{"id":91572,"href":"https:\/\/spaziospadoni.org\/fr\/wp-json\/wp\/v2\/pages\/77865\/revisions\/91572"}],"up":[{"embeddable":true,"href":"https:\/\/spaziospadoni.org\/fr\/wp-json\/wp\/v2\/pages\/73245"}],"wp:attachment":[{"href":"https:\/\/spaziospadoni.org\/fr\/wp-json\/wp\/v2\/media?parent=77865"}],"curies":[{"name":"wp","href":"https:\/\/api.w.org\/{rel}","templated":true}]}}