{"id":78133,"date":"2026-05-20T13:21:22","date_gmt":"2026-05-20T12:21:22","guid":{"rendered":"https:\/\/spaziospadoni.org\/organismes-de-formation\/arciconfraternita-di-misericordia-di-castelnuovo-garfagnana\/"},"modified":"2026-08-21T15:02:21","modified_gmt":"2026-08-21T14:02:21","slug":"archiconfrerie-de-la-misericorde-de-castelnuovo-garfagnana","status":"publish","type":"page","link":"https:\/\/spaziospadoni.org\/fr\/organismes-de-formation\/archiconfrerie-de-la-misericorde-de-castelnuovo-garfagnana\/","title":{"rendered":"Archiconfr\u00e9rie de la Mis\u00e9ricorde de Castelnuovo Garfagnana"},"content":{"rendered":"\n<p class=\"wp-block-paragraph\">La Confr\u00e9rie de la Mis\u00e9ricorde de Castelnuovo Garfagnana est une association de b\u00e9n\u00e9volat qui fait partie du Mouvement des Confr\u00e9ries de la Mis\u00e9ricorde, n\u00e9 en 1244 \u00e0 Florence \u00e0 l\u2019initiative de Pietro da Verona, devenu ensuite saint Pierre martyr. Aujourd\u2019hui, les Confr\u00e9ries de la Mis\u00e9ricorde sont pr\u00e9sentes en Italie et \u00e0 l\u2019\u00e9tranger avec plus de 700 confr\u00e9ries.<\/p>\n\n\n<div class=\"wp-block-image\">\n<figure class=\"aligncenter size-full is-resized\"><img decoding=\"async\" width=\"243\" height=\"270\" src=\"https:\/\/spaziospadoni.org\/wp-content\/uploads\/2026\/05\/logo-misericordia-castelnuovo-1.jpg\" alt=\"Logo de la Confr\u00e9rie de la Mis\u00e9ricorde de Castelnuovo Garfagnana\" class=\"wp-image-47048\" style=\"aspect-ratio:0.9000198767640628;width:248px;height:auto\"\/><\/figure>\n<\/div>\n\n\n<h2 id=\"h-storia-nbsp\" class=\"wp-block-heading\"><strong>Histoire<\/strong> <\/h2>\n\n\n\n<p class=\"wp-block-paragraph\">Le 22 avril 1451, \u00e0 l\u2019instigation de Fr\u00e8re Francesco Corso, la Compagnie de la Sainte-Croix fut fond\u00e9e \u00e0 Castelnuovo. Les raisons qui conduisirent \u00e0 la cr\u00e9ation de la Sainte-Croix \u00e9taient de nature religieuse, philosophique et sociale. \u00c0 cette \u00e9poque, un fort sentiment religieux poussait de nombreuses personnes \u00e0 suivre l\u2019enseignement de fr\u00e8re Ercolano, dont le th\u00e8me dominant \u00e9tait la passion et la mort de J\u00e9sus. Sur le plan social, la Sainte-Croix fut cr\u00e9\u00e9e afin d\u2019assurer une assistance mutuelle entre ses membres et de secourir les voyageurs, les pauvres et les malades. D\u00e8s les premi\u00e8res ann\u00e9es de sa fondation, la commune de Castelnuovo confia \u00e0 la Sainte-Croix la responsabilit\u00e9 de l\u2019H\u00f4pital Sainte-Marie. Pendant la Seconde Guerre mondiale, l\u2019ancien H\u00f4pital et l\u2019\u00e9glise de la Sainte-Croix furent r\u00e9duits par la guerre \u00e0 un amas de d\u00e9combres. \u00c0 partir de cette p\u00e9riode, au milieu de difficult\u00e9s et de sacrifices de toutes sortes, la Confr\u00e9rie se releva des ruines mat\u00e9rielles et spirituelles laiss\u00e9es par la guerre et reprit le service de transport des malades. En 1951, malgr\u00e9 la mis\u00e8re et les privations de l\u2019\u00e9poque, le cinqui\u00e8me centenaire de la fondation fut c\u00e9l\u00e9br\u00e9. En 1991, la vie multis\u00e9culaire de la Confr\u00e9rie de la Mis\u00e9ricorde connut un nouvel \u00e9lan qui conduisit \u00e0 ce qu\u2019elle est aujourd\u2019hui.\u202f&nbsp;<\/p>\n\n\n\n<h2 id=\"h-attivita-nbsp\" class=\"wp-block-heading\"><strong>Activit\u00e9s<\/strong> <\/h2>\n\n\n\n<ul class=\"wp-block-list\">\n<li>TRANSPORT SOCIAL&nbsp;<\/li>\n\n\n\n<li>ASSISTANCE \u00c0 DOMICILE&nbsp;<\/li>\n\n\n\n<li>ASSISTANCE AUX PERSONNES \u00c2G\u00c9ES ET HANDICAP\u00c9ES&nbsp;<\/li>\n\n\n\n<li>T\u00c9L\u00c9ASSISTANCE&nbsp;<\/li>\n\n\n\n<li>URGENCE TERRITORIALE 118&nbsp;<\/li>\n\n\n\n<li>SERVICE D\u2019AMBULANCES&nbsp;<\/li>\n\n\n\n<li>PROTECTION CIVILE&nbsp;<\/li>\n\n\n\n<li>PR\u00c9L\u00c8VEMENTS \u00c0 DOMICILE&nbsp;<\/li>\n\n\n\n<li>CANTINE SOCIALE&nbsp;<\/li>\n\n\n\n<li>CENTRE ALZHEIMER DOMUS AUREA<br>&nbsp;<\/li>\n<\/ul>\n\n\n\n<h2 id=\"h-contatti\" class=\"wp-block-heading\"><strong>Contacts<\/strong><\/h2>\n\n\n\n<p class=\"wp-block-paragraph\">Via Giovanni Pascoli 10, 55032 \u2013 Castelnuovo Garfagnana (LU)&nbsp;<\/p>\n\n\n\n<p class=\"wp-block-paragraph\">Tel. 0583 644414<\/p>\n\n\n\n<p class=\"wp-block-paragraph\"><a href=\"http:\/\/www.misericordiadicastelnuovo.com\/\" target=\"_blank\" rel=\"noreferrer noopener nofollow\" title=\"http:\/\/www.misericordiadicastelnuovo.com\/\">http:\/\/www.misericordiadicastelnuovo.com\/<\/a>&nbsp;<\/p>\n\n\n\n<p class=\"wp-block-paragraph\"><a href=\"https:\/\/www.facebook.com\/misericordia.castelnuovodigarfagnana\" target=\"_blank\" rel=\"noreferrer noopener nofollow\" title=\"https:\/\/www.facebook.com\/misericordia.castelnuovodigarfagnana\">https:\/\/www.facebook.com\/misericordia.castelnuovodigarfagnana<\/a><\/p>\n","protected":false},"excerpt":{"rendered":"<p>La Confr\u00e9rie de la Mis\u00e9ricorde de Castelnuovo Garfagnana est une association de b\u00e9n\u00e9volat qui fait partie du Mouvement des Confr\u00e9ries de la Mis\u00e9ricorde, n\u00e9 en 1244 \u00e0 Florence \u00e0 l\u2019initiative de Pietro da Verona, devenu ensuite saint Pierre martyr. Aujourd\u2019hui, les Confr\u00e9ries de la Mis\u00e9ricorde sont pr\u00e9sentes en Italie et \u00e0 l\u2019\u00e9tranger avec plus de &#8230; <a title=\"Archiconfr\u00e9rie de la Mis\u00e9ricorde de Castelnuovo Garfagnana\" class=\"read-more\" href=\"https:\/\/spaziospadoni.org\/fr\/organismes-de-formation\/archiconfrerie-de-la-misericorde-de-castelnuovo-garfagnana\/\" aria-label=\"Read more about Archiconfr\u00e9rie de la Mis\u00e9ricorde de Castelnuovo Garfagnana\">Lire plus<\/a><\/p>\n","protected":false},"author":102,"featured_media":0,"parent":73245,"menu_order":0,"comment_status":"closed","ping_status":"closed","template":"","meta":{"_sitemap_exclude":false,"_sitemap_priority":"","_sitemap_frequency":"","footnotes":""},"class_list":["post-78133","page","type-page","status-publish","infinite-scroll-item"],"yoast_head":"<!-- This site is optimized with the Yoast SEO plugin v28.4 - https:\/\/yoast.com\/product\/yoast-seo-wordpress\/ -->\n<title>Archiconfr\u00e9rie de la Mis\u00e9ricorde de Castelnuovo Garfagnana | Spazio Spadoni<\/title>\n<meta name=\"description\" content=\"La Confr\u00e9rie de la Mis\u00e9ricorde de Castelnuovo Garfagnana est une association de b\u00e9n\u00e9volat qui fait partie du Mouvement des Confr\u00e9ries de la Mis\u00e9ricorde,\" \/>\n<meta name=\"robots\" content=\"index, follow, max-snippet:-1, max-image-preview:large, max-video-preview:-1\" \/>\n<link rel=\"canonical\" href=\"https:\/\/spaziospadoni.org\/fr\/organismes-de-formation\/archiconfrerie-de-la-misericorde-de-castelnuovo-garfagnana\/\" \/>\n<meta property=\"og:locale\" content=\"fr_FR\" \/>\n<meta property=\"og:type\" content=\"article\" \/>\n<meta property=\"og:title\" content=\"Archiconfr\u00e9rie de la Mis\u00e9ricorde de Castelnuovo Garfagnana | Spazio Spadoni\" \/>\n<meta property=\"og:description\" content=\"La Confr\u00e9rie de la Mis\u00e9ricorde de Castelnuovo Garfagnana est une association de b\u00e9n\u00e9volat qui fait partie du Mouvement des Confr\u00e9ries de la Mis\u00e9ricorde,\" \/>\n<meta property=\"og:url\" content=\"https:\/\/spaziospadoni.org\/fr\/organismes-de-formation\/archiconfrerie-de-la-misericorde-de-castelnuovo-garfagnana\/\" \/>\n<meta property=\"og:site_name\" content=\"spazio + spadoni\" \/>\n<meta property=\"article:publisher\" content=\"https:\/\/www.facebook.com\/SpazioSpadoni\/\" \/>\n<meta property=\"article:modified_time\" content=\"2026-08-21T14:02:21+00:00\" \/>\n<meta property=\"og:image\" content=\"https:\/\/spaziospadoni.org\/wp-content\/uploads\/2026\/05\/logo-misericordia-castelnuovo-1.jpg\" \/>\n\t<meta property=\"og:image:width\" content=\"243\" \/>\n\t<meta property=\"og:image:height\" content=\"270\" \/>\n\t<meta property=\"og:image:type\" content=\"image\/jpeg\" \/>\n<meta name=\"twitter:card\" content=\"summary_large_image\" \/>\n<meta name=\"twitter:label1\" content=\"Est. reading time\" \/>\n\t<meta name=\"twitter:data1\" content=\"2 minutes\" \/>\n<script type=\"application\/ld+json\" class=\"yoast-schema-graph\">{\"@context\":\"https:\\\/\\\/schema.org\",\"@graph\":[{\"@type\":\"WebPage\",\"@id\":\"https:\\\/\\\/spaziospadoni.org\\\/fr\\\/organismes-de-formation\\\/archiconfrerie-de-la-misericorde-de-castelnuovo-garfagnana\\\/\",\"url\":\"https:\\\/\\\/spaziospadoni.org\\\/fr\\\/organismes-de-formation\\\/archiconfrerie-de-la-misericorde-de-castelnuovo-garfagnana\\\/\",\"name\":\"Archiconfr\u00e9rie de la Mis\u00e9ricorde de Castelnuovo Garfagnana | Spazio Spadoni\",\"isPartOf\":{\"@id\":\"https:\\\/\\\/spaziospadoni.org\\\/fr\\\/#website\"},\"primaryImageOfPage\":{\"@id\":\"https:\\\/\\\/spaziospadoni.org\\\/fr\\\/organismes-de-formation\\\/archiconfrerie-de-la-misericorde-de-castelnuovo-garfagnana\\\/#primaryimage\"},\"image\":{\"@id\":\"https:\\\/\\\/spaziospadoni.org\\\/fr\\\/organismes-de-formation\\\/archiconfrerie-de-la-misericorde-de-castelnuovo-garfagnana\\\/#primaryimage\"},\"thumbnailUrl\":\"https:\\\/\\\/spaziospadoni.org\\\/wp-content\\\/uploads\\\/2026\\\/05\\\/logo-misericordia-castelnuovo-1.jpg\",\"datePublished\":\"2026-05-20T12:21:22+00:00\",\"dateModified\":\"2026-08-21T14:02:21+00:00\",\"description\":\"La Confr\u00e9rie de la Mis\u00e9ricorde de Castelnuovo Garfagnana est une association de b\u00e9n\u00e9volat qui fait partie du Mouvement des Confr\u00e9ries de la Mis\u00e9ricorde,\",\"breadcrumb\":{\"@id\":\"https:\\\/\\\/spaziospadoni.org\\\/fr\\\/organismes-de-formation\\\/archiconfrerie-de-la-misericorde-de-castelnuovo-garfagnana\\\/#breadcrumb\"},\"inLanguage\":\"fr-FR\",\"potentialAction\":[{\"@type\":\"ReadAction\",\"target\":[\"https:\\\/\\\/spaziospadoni.org\\\/fr\\\/organismes-de-formation\\\/archiconfrerie-de-la-misericorde-de-castelnuovo-garfagnana\\\/\"]}]},{\"@type\":\"ImageObject\",\"inLanguage\":\"fr-FR\",\"@id\":\"https:\\\/\\\/spaziospadoni.org\\\/fr\\\/organismes-de-formation\\\/archiconfrerie-de-la-misericorde-de-castelnuovo-garfagnana\\\/#primaryimage\",\"url\":\"https:\\\/\\\/spaziospadoni.org\\\/wp-content\\\/uploads\\\/2026\\\/05\\\/logo-misericordia-castelnuovo-1.jpg\",\"contentUrl\":\"https:\\\/\\\/spaziospadoni.org\\\/wp-content\\\/uploads\\\/2026\\\/05\\\/logo-misericordia-castelnuovo-1.jpg\"},{\"@type\":\"BreadcrumbList\",\"@id\":\"https:\\\/\\\/spaziospadoni.org\\\/fr\\\/organismes-de-formation\\\/archiconfrerie-de-la-misericorde-de-castelnuovo-garfagnana\\\/#breadcrumb\",\"itemListElement\":[{\"@type\":\"ListItem\",\"position\":1,\"name\":\"Home\",\"item\":\"https:\\\/\\\/spaziospadoni.org\\\/fr\\\/\"},{\"@type\":\"ListItem\",\"position\":2,\"name\":\"Organismes de formation\",\"item\":\"https:\\\/\\\/spaziospadoni.org\\\/fr\\\/organismes-de-formation\\\/\"},{\"@type\":\"ListItem\",\"position\":3,\"name\":\"Archiconfr\u00e9rie de la Mis\u00e9ricorde de Castelnuovo Garfagnana\"}]},{\"@type\":\"WebSite\",\"@id\":\"https:\\\/\\\/spaziospadoni.org\\\/fr\\\/#website\",\"url\":\"https:\\\/\\\/spaziospadoni.org\\\/fr\\\/\",\"name\":\"spazio + spadoni\",\"description\":\"Generazione di misericordia e missione nel mondo\",\"publisher\":{\"@id\":\"https:\\\/\\\/spaziospadoni.org\\\/fr\\\/#organization\"},\"alternateName\":\"spaziospadoni.org\",\"potentialAction\":[{\"@type\":\"SearchAction\",\"target\":{\"@type\":\"EntryPoint\",\"urlTemplate\":\"https:\\\/\\\/spaziospadoni.org\\\/fr\\\/?s={search_term_string}\"},\"query-input\":{\"@type\":\"PropertyValueSpecification\",\"valueRequired\":true,\"valueName\":\"search_term_string\"}}],\"inLanguage\":\"fr-FR\"},{\"@type\":\"Organization\",\"@id\":\"https:\\\/\\\/spaziospadoni.org\\\/fr\\\/#organization\",\"name\":\"spazio + spadoni\",\"alternateName\":\"spaziospadoni.org\",\"url\":\"https:\\\/\\\/spaziospadoni.org\\\/fr\\\/\",\"logo\":{\"@type\":\"ImageObject\",\"inLanguage\":\"fr-FR\",\"@id\":\"https:\\\/\\\/spaziospadoni.org\\\/fr\\\/#\\\/schema\\\/logo\\\/image\\\/\",\"url\":\"https:\\\/\\\/spaziospadoni.org\\\/wp-content\\\/uploads\\\/2026\\\/05\\\/spazio-spadoni-logo-100x100-1.webp\",\"contentUrl\":\"https:\\\/\\\/spaziospadoni.org\\\/wp-content\\\/uploads\\\/2026\\\/05\\\/spazio-spadoni-logo-100x100-1.webp\",\"width\":100,\"height\":100,\"caption\":\"spazio + spadoni\"},\"image\":{\"@id\":\"https:\\\/\\\/spaziospadoni.org\\\/fr\\\/#\\\/schema\\\/logo\\\/image\\\/\"},\"sameAs\":[\"https:\\\/\\\/www.facebook.com\\\/SpazioSpadoni\\\/\",\"https:\\\/\\\/www.instagram.com\\\/spaziospadoni\\\/\",\"https:\\\/\\\/www.youtube.com\\\/@spaziospadoni\\\/playlists\"]}]}<\/script>\n<!-- \/ Yoast SEO plugin. -->","yoast_head_json":{"title":"Archiconfr\u00e9rie de la Mis\u00e9ricorde de Castelnuovo Garfagnana | Spazio Spadoni","description":"La Confr\u00e9rie de la Mis\u00e9ricorde de Castelnuovo Garfagnana est une association de b\u00e9n\u00e9volat qui fait partie du Mouvement des Confr\u00e9ries de la Mis\u00e9ricorde,","robots":{"index":"index","follow":"follow","max-snippet":"max-snippet:-1","max-image-preview":"max-image-preview:large","max-video-preview":"max-video-preview:-1"},"canonical":"https:\/\/spaziospadoni.org\/fr\/organismes-de-formation\/archiconfrerie-de-la-misericorde-de-castelnuovo-garfagnana\/","og_locale":"fr_FR","og_type":"article","og_title":"Archiconfr\u00e9rie de la Mis\u00e9ricorde de Castelnuovo Garfagnana | Spazio Spadoni","og_description":"La Confr\u00e9rie de la Mis\u00e9ricorde de Castelnuovo Garfagnana est une association de b\u00e9n\u00e9volat qui fait partie du Mouvement des Confr\u00e9ries de la Mis\u00e9ricorde,","og_url":"https:\/\/spaziospadoni.org\/fr\/organismes-de-formation\/archiconfrerie-de-la-misericorde-de-castelnuovo-garfagnana\/","og_site_name":"spazio + spadoni","article_publisher":"https:\/\/www.facebook.com\/SpazioSpadoni\/","article_modified_time":"2026-08-21T14:02:21+00:00","og_image":[{"width":243,"height":270,"url":"https:\/\/spaziospadoni.org\/wp-content\/uploads\/2026\/05\/logo-misericordia-castelnuovo-1.jpg","type":"image\/jpeg"}],"twitter_card":"summary_large_image","twitter_misc":{"Est. reading time":"2 minutes"},"schema":{"@context":"https:\/\/schema.org","@graph":[{"@type":"WebPage","@id":"https:\/\/spaziospadoni.org\/fr\/organismes-de-formation\/archiconfrerie-de-la-misericorde-de-castelnuovo-garfagnana\/","url":"https:\/\/spaziospadoni.org\/fr\/organismes-de-formation\/archiconfrerie-de-la-misericorde-de-castelnuovo-garfagnana\/","name":"Archiconfr\u00e9rie de la Mis\u00e9ricorde de Castelnuovo Garfagnana | Spazio Spadoni","isPartOf":{"@id":"https:\/\/spaziospadoni.org\/fr\/#website"},"primaryImageOfPage":{"@id":"https:\/\/spaziospadoni.org\/fr\/organismes-de-formation\/archiconfrerie-de-la-misericorde-de-castelnuovo-garfagnana\/#primaryimage"},"image":{"@id":"https:\/\/spaziospadoni.org\/fr\/organismes-de-formation\/archiconfrerie-de-la-misericorde-de-castelnuovo-garfagnana\/#primaryimage"},"thumbnailUrl":"https:\/\/spaziospadoni.org\/wp-content\/uploads\/2026\/05\/logo-misericordia-castelnuovo-1.jpg","datePublished":"2026-05-20T12:21:22+00:00","dateModified":"2026-08-21T14:02:21+00:00","description":"La Confr\u00e9rie de la Mis\u00e9ricorde de Castelnuovo Garfagnana est une association de b\u00e9n\u00e9volat qui fait partie du Mouvement des Confr\u00e9ries de la Mis\u00e9ricorde,","breadcrumb":{"@id":"https:\/\/spaziospadoni.org\/fr\/organismes-de-formation\/archiconfrerie-de-la-misericorde-de-castelnuovo-garfagnana\/#breadcrumb"},"inLanguage":"fr-FR","potentialAction":[{"@type":"ReadAction","target":["https:\/\/spaziospadoni.org\/fr\/organismes-de-formation\/archiconfrerie-de-la-misericorde-de-castelnuovo-garfagnana\/"]}]},{"@type":"ImageObject","inLanguage":"fr-FR","@id":"https:\/\/spaziospadoni.org\/fr\/organismes-de-formation\/archiconfrerie-de-la-misericorde-de-castelnuovo-garfagnana\/#primaryimage","url":"https:\/\/spaziospadoni.org\/wp-content\/uploads\/2026\/05\/logo-misericordia-castelnuovo-1.jpg","contentUrl":"https:\/\/spaziospadoni.org\/wp-content\/uploads\/2026\/05\/logo-misericordia-castelnuovo-1.jpg"},{"@type":"BreadcrumbList","@id":"https:\/\/spaziospadoni.org\/fr\/organismes-de-formation\/archiconfrerie-de-la-misericorde-de-castelnuovo-garfagnana\/#breadcrumb","itemListElement":[{"@type":"ListItem","position":1,"name":"Home","item":"https:\/\/spaziospadoni.org\/fr\/"},{"@type":"ListItem","position":2,"name":"Organismes de formation","item":"https:\/\/spaziospadoni.org\/fr\/organismes-de-formation\/"},{"@type":"ListItem","position":3,"name":"Archiconfr\u00e9rie de la Mis\u00e9ricorde de Castelnuovo Garfagnana"}]},{"@type":"WebSite","@id":"https:\/\/spaziospadoni.org\/fr\/#website","url":"https:\/\/spaziospadoni.org\/fr\/","name":"spazio + spadoni","description":"Generazione di misericordia e missione nel mondo","publisher":{"@id":"https:\/\/spaziospadoni.org\/fr\/#organization"},"alternateName":"spaziospadoni.org","potentialAction":[{"@type":"SearchAction","target":{"@type":"EntryPoint","urlTemplate":"https:\/\/spaziospadoni.org\/fr\/?s={search_term_string}"},"query-input":{"@type":"PropertyValueSpecification","valueRequired":true,"valueName":"search_term_string"}}],"inLanguage":"fr-FR"},{"@type":"Organization","@id":"https:\/\/spaziospadoni.org\/fr\/#organization","name":"spazio + spadoni","alternateName":"spaziospadoni.org","url":"https:\/\/spaziospadoni.org\/fr\/","logo":{"@type":"ImageObject","inLanguage":"fr-FR","@id":"https:\/\/spaziospadoni.org\/fr\/#\/schema\/logo\/image\/","url":"https:\/\/spaziospadoni.org\/wp-content\/uploads\/2026\/05\/spazio-spadoni-logo-100x100-1.webp","contentUrl":"https:\/\/spaziospadoni.org\/wp-content\/uploads\/2026\/05\/spazio-spadoni-logo-100x100-1.webp","width":100,"height":100,"caption":"spazio + spadoni"},"image":{"@id":"https:\/\/spaziospadoni.org\/fr\/#\/schema\/logo\/image\/"},"sameAs":["https:\/\/www.facebook.com\/SpazioSpadoni\/","https:\/\/www.instagram.com\/spaziospadoni\/","https:\/\/www.youtube.com\/@spaziospadoni\/playlists"]}]}},"_links":{"self":[{"href":"https:\/\/spaziospadoni.org\/fr\/wp-json\/wp\/v2\/pages\/78133","targetHints":{"allow":["GET"]}}],"collection":[{"href":"https:\/\/spaziospadoni.org\/fr\/wp-json\/wp\/v2\/pages"}],"about":[{"href":"https:\/\/spaziospadoni.org\/fr\/wp-json\/wp\/v2\/types\/page"}],"author":[{"embeddable":true,"href":"https:\/\/spaziospadoni.org\/fr\/wp-json\/wp\/v2\/users\/102"}],"replies":[{"embeddable":true,"href":"https:\/\/spaziospadoni.org\/fr\/wp-json\/wp\/v2\/comments?post=78133"}],"version-history":[{"count":1,"href":"https:\/\/spaziospadoni.org\/fr\/wp-json\/wp\/v2\/pages\/78133\/revisions"}],"predecessor-version":[{"id":91585,"href":"https:\/\/spaziospadoni.org\/fr\/wp-json\/wp\/v2\/pages\/78133\/revisions\/91585"}],"up":[{"embeddable":true,"href":"https:\/\/spaziospadoni.org\/fr\/wp-json\/wp\/v2\/pages\/73245"}],"wp:attachment":[{"href":"https:\/\/spaziospadoni.org\/fr\/wp-json\/wp\/v2\/media?parent=78133"}],"curies":[{"name":"wp","href":"https:\/\/api.w.org\/{rel}","templated":true}]}}