{"id":78138,"date":"2026-05-20T13:27:39","date_gmt":"2026-05-20T12:27:39","guid":{"rendered":"https:\/\/spaziospadoni.org\/organismes-de-formation\/arciconfraternita-di-misericordia-di-lucca\/"},"modified":"2026-08-21T15:19:09","modified_gmt":"2026-08-21T14:19:09","slug":"archiconfrerie-de-la-misericorde-de-lucques","status":"publish","type":"page","link":"https:\/\/spaziospadoni.org\/fr\/organismes-de-formation\/archiconfrerie-de-la-misericorde-de-lucques\/","title":{"rendered":"Archiconfr\u00e9rie de la Mis\u00e9ricorde de Lucques"},"content":{"rendered":"\n<p class=\"wp-block-paragraph\">L\u2019Archiconfr\u00e9rie de la Mis\u00e9ricorde de Lucques est une association de b\u00e9n\u00e9volat qui fait partie du Mouvement des Confr\u00e9ries de la Mis\u00e9ricorde, fond\u00e9 \u00e0 Florence en 1244 par Pietro da Verona, devenu ensuite saint Pierre martyr. Aujourd\u2019hui, les Confr\u00e9ries de la Mis\u00e9ricorde sont pr\u00e9sentes en Italie et \u00e0 l\u2019\u00e9tranger avec plus de 700 confr\u00e9ries.<\/p>\n\n\n<div class=\"wp-block-image\">\n<figure class=\"aligncenter size-full is-resized\"><img decoding=\"async\" width=\"298\" height=\"449\" src=\"https:\/\/spaziospadoni.org\/wp-content\/uploads\/2026\/05\/Logo-Misericordia-di-Lucca.jpg\" alt=\"Logo de l\u2019Archiconfr\u00e9rie de la Mis\u00e9ricorde de Lucques\" class=\"wp-image-45046\" style=\"aspect-ratio:0.6636984920940289;width:205px;height:auto\" srcset=\"https:\/\/spaziospadoni.org\/wp-content\/uploads\/2026\/05\/Logo-Misericordia-di-Lucca.jpg 298w, https:\/\/spaziospadoni.org\/wp-content\/uploads\/2026\/05\/Logo-Misericordia-di-Lucca-199x300.jpg 199w\" sizes=\"(max-width: 298px) 100vw, 298px\" \/><\/figure>\n<\/div>\n\n\n<h2 id=\"h-storia-nbsp\" class=\"wp-block-heading\"><strong>Histoire<\/strong> <\/h2>\n\n\n\n<p class=\"wp-block-paragraph\">L\u2019Archiconfr\u00e9rie de la Mis\u00e9ricorde de Lucques, fond\u00e9e sur le mod\u00e8le de la Confr\u00e9rie de la Mis\u00e9ricorde de Florence, qui \u0153uvrait d\u00e9j\u00e0 au XIIIe si\u00e8cle, est la plus ancienne association de b\u00e9n\u00e9volat de la ville. Dans l\u2019Antiquit\u00e9 d\u00e9j\u00e0, les confr\u00e9ries \u00e9taient des associations de fid\u00e8les constitu\u00e9es pour accomplir des \u0153uvres de pi\u00e9t\u00e9 et de charit\u00e9. Deux confr\u00e9ries sont \u00e0 l\u2019origine de l\u2019Archiconfr\u00e9rie de la Mis\u00e9ricorde de Lucques : la plus ancienne, appel\u00e9e Compagnie du Tr\u00e8s Saint Nom de J\u00e9sus, assurait le transport des corps des pauvres jusqu\u2019au lieu de s\u00e9pulture ainsi que l\u2019assistance aux malades. Plus r\u00e9cente, la Compagnie du Tr\u00e8s Saint Crucifix, ensuite appel\u00e9e Compagnie de la Charit\u00e9 chr\u00e9tienne, remonte \u00e0 1664 et fut fond\u00e9e \u00e0 l\u2019initiative de jeunes qui se r\u00e9unissaient pour prier devant la niche d\u2019un petit crucifix. Depuis 1819, apr\u00e8s avoir p\u00e9r\u00e9grin\u00e9 \u00e0 Lucques d\u2019un oratoire \u00e0 l\u2019autre, cette Compagnie si\u00e8ge dans l\u2019\u00e9glise Saint-Sauveur et \u00e9tend ses activit\u00e9s au secours et aux soins des malades, \u00e9galement assist\u00e9s \u00e0 domicile.&nbsp;<\/p>\n\n\n\n<p class=\"wp-block-paragraph\">Les deux Compagnies sont les seules associations religieuses de Lucques qui, gr\u00e2ce \u00e0 leur irrempla\u00e7able \u0153uvre de charit\u00e9, survivent aux confiscations et aux \u00e9dits anticl\u00e9ricaux de Napol\u00e9on et des Baciocchi, jusqu\u2019\u00e0 ce que, par d\u00e9cret du 20 janvier 1860, le Gouvernement provisoire de Toscane institue l\u2019Archiconfr\u00e9rie de la Mis\u00e9ricorde de Lucques, renomme la Compagnie de la Charit\u00e9 chr\u00e9tienne et lui rattache la Compagnie du Tr\u00e8s Saint Nom de J\u00e9sus.&nbsp;<\/p>\n\n\n\n<p class=\"wp-block-paragraph\">L\u2019activit\u00e9 de l\u2019Archiconfr\u00e9rie de la Mis\u00e9ricorde fut particuli\u00e8rement importante pendant la guerre, malgr\u00e9 le manque de moyens et de personnel ; dans les moments les plus difficiles, lorsque les v\u00e9hicules manquaient de pneus et d\u2019essence, les brancards \u00e0 main furent remis en service. L\u2019histoire de l\u2019Archiconfr\u00e9rie de la Mis\u00e9ricorde nous montre qu\u2019elle a toujours agi au nom de la charit\u00e9 chr\u00e9tienne et de la solidarit\u00e9 ; il y a pr\u00e8s de cinq si\u00e8cles, les confr\u00e8res commenc\u00e8rent par assurer la s\u00e9pulture des pauvres et l\u2019assistance aux malades.&nbsp;<\/p>\n\n\n\n<p class=\"wp-block-paragraph\">Aujourd\u2019hui, ce geste se r\u00e9p\u00e8te aupr\u00e8s des nouvelles personnes dans le besoin : non seulement les pauvres, les malades et les bless\u00e9s, mais aussi les personnes \u00e2g\u00e9es isol\u00e9es, les personnes handicap\u00e9es, les immigr\u00e9s extracommunautaires et les victimes potentielles de l\u2019usure.&nbsp;<\/p>\n\n\n\n<p class=\"wp-block-paragraph\">Dans cette perspective, l\u2019Archiconfr\u00e9rie de la Mis\u00e9ricorde constitue non seulement un service de b\u00e9n\u00e9voles qui pallie d\u2019une certaine mani\u00e8re les lacunes du service public ou qui intervient avec ses ambulances pour secourir les accident\u00e9s, les bless\u00e9s et les victimes d\u2019un infarctus, mais surtout un engagement constant \u00e0 donner avec joie, \u00e0 agir pour les autres et \u00e0 t\u00e9moigner de la foi par les \u0153uvres.&nbsp;<\/p>\n\n\n\n<p class=\"wp-block-paragraph\">Les engagements actuels s\u2019inscrivent dans la continuit\u00e9 de l\u2019histoire s\u00e9culaire de l\u2019association. Mais aujourd\u2019hui, l\u2019Archiconfr\u00e9rie de la Mis\u00e9ricorde est appel\u00e9e \u00e0 compl\u00e9ter son action traditionnelle de secours aux personnes dans le besoin par une intervention plus incisive visant \u00e0 \u00e9liminer \u00e0 la racine les causes m\u00eames de la d\u00e9tresse ; l\u2019association s\u2019engage donc \u00e0 affirmer et \u00e0 promouvoir, dans tous les domaines de la soci\u00e9t\u00e9, la civilisation de l\u2019amour et de la solidarit\u00e9 envers les pauvres, les faibles et les personnes marginalis\u00e9es.&nbsp;<\/p>\n\n\n\n<h2 id=\"h-attivita-nbsp\" class=\"wp-block-heading\"><strong>Activit\u00e9s<\/strong> <\/h2>\n\n\n\n<ul class=\"wp-block-list\">\n<li>SERVICE M\u00c9DICAL D\u2019URGENCE 118&nbsp;<\/li>\n\n\n\n<li>ASSISTANCE AUX PERSONNES HANDICAP\u00c9ES ET \u00c2G\u00c9ES&nbsp;<\/li>\n\n\n\n<li>TRANSPORT DES BLESS\u00c9S ET DES MALADES&nbsp;<\/li>\n\n\n\n<li>PROTECTION CIVILE&nbsp;<\/li>\n\n\n\n<li>TRANSPORT M\u00c9DICO-SOCIAL&nbsp;<\/li>\n\n\n\n<li>SERVICE MORTUAIRE&nbsp;<\/li>\n\n\n\n<li>SERVICE AMBULATOIRE&nbsp;<\/li>\n\n\n\n<li>GROUPE DE FORMATION&nbsp;<\/li>\n\n\n\n<li>DISPOSITIFS M\u00c9DICAUX&nbsp;<\/li>\n\n\n\n<li>DONNEURS DE SANG&nbsp;<\/li>\n<\/ul>\n\n\n\n<h2 id=\"h-contatti-nbsp\" class=\"wp-block-heading\"><strong>Contacts<\/strong> <\/h2>\n\n\n\n<p class=\"wp-block-paragraph\">Via Cesare Battisti, 2 -\u202f55100 Lucca (LU)&nbsp;<\/p>\n\n\n\n<p class=\"wp-block-paragraph\">Tel. +39 0583 494902&nbsp;<\/p>\n\n\n\n<p class=\"wp-block-paragraph\"><a href=\"mailto:info@misericordialucca.org\" title=\"info@misericordialucca.org\">info@misericordialucca.org<\/a><\/p>\n\n\n\n<p class=\"wp-block-paragraph\"><a href=\"https:\/\/www.facebook.com\/misericordialucca\" target=\"_blank\" rel=\"noreferrer noopener nofollow\" title=\"https:\/\/www.facebook.com\/misericordialucca\">https:\/\/www.facebook.com\/misericordialucca<\/a><\/p>\n\n\n\n<p class=\"wp-block-paragraph\"><a href=\"https:\/\/www.misericordialucca.org\/\" target=\"_blank\" rel=\"noreferrer noopener nofollow\" title=\"https:\/\/www.misericordialucca.org\/\">https:\/\/www.misericordialucca.org\/<\/a><\/p>\n","protected":false},"excerpt":{"rendered":"<p>L\u2019Archiconfr\u00e9rie de la Mis\u00e9ricorde de Lucques est une association de b\u00e9n\u00e9volat qui fait partie du Mouvement des Confr\u00e9ries de la Mis\u00e9ricorde, fond\u00e9 \u00e0 Florence en 1244 par Pietro da Verona, devenu ensuite saint Pierre martyr. Aujourd\u2019hui, les Confr\u00e9ries de la Mis\u00e9ricorde sont pr\u00e9sentes en Italie et \u00e0 l\u2019\u00e9tranger avec plus de 700 confr\u00e9ries. Histoire&nbsp; L\u2019Archiconfr\u00e9rie &#8230; <a title=\"Archiconfr\u00e9rie de la Mis\u00e9ricorde de Lucques\" class=\"read-more\" href=\"https:\/\/spaziospadoni.org\/fr\/organismes-de-formation\/archiconfrerie-de-la-misericorde-de-lucques\/\" aria-label=\"Read more about Archiconfr\u00e9rie de la Mis\u00e9ricorde de Lucques\">Lire plus<\/a><\/p>\n","protected":false},"author":102,"featured_media":0,"parent":73245,"menu_order":0,"comment_status":"closed","ping_status":"closed","template":"","meta":{"_sitemap_exclude":false,"_sitemap_priority":"","_sitemap_frequency":"","footnotes":""},"class_list":["post-78138","page","type-page","status-publish","infinite-scroll-item"],"yoast_head":"<!-- This site is optimized with the Yoast SEO plugin v28.4 - https:\/\/yoast.com\/product\/yoast-seo-wordpress\/ -->\n<title>Archiconfr\u00e9rie de la Mis\u00e9ricorde de Lucques | Spazio Spadoni<\/title>\n<meta name=\"description\" content=\"L\u2019Archiconfr\u00e9rie de la Mis\u00e9ricorde de Lucques est une association de b\u00e9n\u00e9volat qui fait partie du Mouvement des Confr\u00e9ries de la Mis\u00e9ricorde, fond\u00e9 \u00e0\" \/>\n<meta name=\"robots\" content=\"index, follow, max-snippet:-1, max-image-preview:large, max-video-preview:-1\" \/>\n<link rel=\"canonical\" href=\"https:\/\/spaziospadoni.org\/fr\/organismes-de-formation\/archiconfrerie-de-la-misericorde-de-lucques\/\" \/>\n<meta property=\"og:locale\" content=\"fr_FR\" \/>\n<meta property=\"og:type\" content=\"article\" \/>\n<meta property=\"og:title\" content=\"Archiconfr\u00e9rie de la Mis\u00e9ricorde de Lucques | Spazio Spadoni\" \/>\n<meta property=\"og:description\" content=\"L\u2019Archiconfr\u00e9rie de la Mis\u00e9ricorde de Lucques est une association de b\u00e9n\u00e9volat qui fait partie du Mouvement des Confr\u00e9ries de la Mis\u00e9ricorde, fond\u00e9 \u00e0\" \/>\n<meta property=\"og:url\" content=\"https:\/\/spaziospadoni.org\/fr\/organismes-de-formation\/archiconfrerie-de-la-misericorde-de-lucques\/\" \/>\n<meta property=\"og:site_name\" content=\"spazio + spadoni\" \/>\n<meta property=\"article:publisher\" content=\"https:\/\/www.facebook.com\/SpazioSpadoni\/\" \/>\n<meta property=\"article:modified_time\" content=\"2026-08-21T14:19:09+00:00\" \/>\n<meta property=\"og:image\" content=\"https:\/\/spaziospadoni.org\/wp-content\/uploads\/2026\/05\/Logo-Misericordia-di-Lucca.jpg\" \/>\n\t<meta property=\"og:image:width\" content=\"298\" \/>\n\t<meta property=\"og:image:height\" content=\"449\" \/>\n\t<meta property=\"og:image:type\" content=\"image\/jpeg\" \/>\n<meta name=\"twitter:card\" content=\"summary_large_image\" \/>\n<meta name=\"twitter:label1\" content=\"Est. reading time\" \/>\n\t<meta name=\"twitter:data1\" content=\"4 minutes\" \/>\n<script type=\"application\/ld+json\" class=\"yoast-schema-graph\">{\"@context\":\"https:\\\/\\\/schema.org\",\"@graph\":[{\"@type\":\"WebPage\",\"@id\":\"https:\\\/\\\/spaziospadoni.org\\\/fr\\\/organismes-de-formation\\\/archiconfrerie-de-la-misericorde-de-lucques\\\/\",\"url\":\"https:\\\/\\\/spaziospadoni.org\\\/fr\\\/organismes-de-formation\\\/archiconfrerie-de-la-misericorde-de-lucques\\\/\",\"name\":\"Archiconfr\u00e9rie de la Mis\u00e9ricorde de Lucques | Spazio Spadoni\",\"isPartOf\":{\"@id\":\"https:\\\/\\\/spaziospadoni.org\\\/fr\\\/#website\"},\"primaryImageOfPage\":{\"@id\":\"https:\\\/\\\/spaziospadoni.org\\\/fr\\\/organismes-de-formation\\\/archiconfrerie-de-la-misericorde-de-lucques\\\/#primaryimage\"},\"image\":{\"@id\":\"https:\\\/\\\/spaziospadoni.org\\\/fr\\\/organismes-de-formation\\\/archiconfrerie-de-la-misericorde-de-lucques\\\/#primaryimage\"},\"thumbnailUrl\":\"https:\\\/\\\/spaziospadoni.org\\\/wp-content\\\/uploads\\\/2026\\\/05\\\/Logo-Misericordia-di-Lucca.jpg\",\"datePublished\":\"2026-05-20T12:27:39+00:00\",\"dateModified\":\"2026-08-21T14:19:09+00:00\",\"description\":\"L\u2019Archiconfr\u00e9rie de la Mis\u00e9ricorde de Lucques est une association de b\u00e9n\u00e9volat qui fait partie du Mouvement des Confr\u00e9ries de la Mis\u00e9ricorde, fond\u00e9 \u00e0\",\"breadcrumb\":{\"@id\":\"https:\\\/\\\/spaziospadoni.org\\\/fr\\\/organismes-de-formation\\\/archiconfrerie-de-la-misericorde-de-lucques\\\/#breadcrumb\"},\"inLanguage\":\"fr-FR\",\"potentialAction\":[{\"@type\":\"ReadAction\",\"target\":[\"https:\\\/\\\/spaziospadoni.org\\\/fr\\\/organismes-de-formation\\\/archiconfrerie-de-la-misericorde-de-lucques\\\/\"]}]},{\"@type\":\"ImageObject\",\"inLanguage\":\"fr-FR\",\"@id\":\"https:\\\/\\\/spaziospadoni.org\\\/fr\\\/organismes-de-formation\\\/archiconfrerie-de-la-misericorde-de-lucques\\\/#primaryimage\",\"url\":\"https:\\\/\\\/spaziospadoni.org\\\/wp-content\\\/uploads\\\/2026\\\/05\\\/Logo-Misericordia-di-Lucca.jpg\",\"contentUrl\":\"https:\\\/\\\/spaziospadoni.org\\\/wp-content\\\/uploads\\\/2026\\\/05\\\/Logo-Misericordia-di-Lucca.jpg\"},{\"@type\":\"BreadcrumbList\",\"@id\":\"https:\\\/\\\/spaziospadoni.org\\\/fr\\\/organismes-de-formation\\\/archiconfrerie-de-la-misericorde-de-lucques\\\/#breadcrumb\",\"itemListElement\":[{\"@type\":\"ListItem\",\"position\":1,\"name\":\"Home\",\"item\":\"https:\\\/\\\/spaziospadoni.org\\\/fr\\\/\"},{\"@type\":\"ListItem\",\"position\":2,\"name\":\"Organismes de formation\",\"item\":\"https:\\\/\\\/spaziospadoni.org\\\/fr\\\/organismes-de-formation\\\/\"},{\"@type\":\"ListItem\",\"position\":3,\"name\":\"Archiconfr\u00e9rie de la Mis\u00e9ricorde de Lucques\"}]},{\"@type\":\"WebSite\",\"@id\":\"https:\\\/\\\/spaziospadoni.org\\\/fr\\\/#website\",\"url\":\"https:\\\/\\\/spaziospadoni.org\\\/fr\\\/\",\"name\":\"spazio + spadoni\",\"description\":\"Generazione di misericordia e missione nel mondo\",\"publisher\":{\"@id\":\"https:\\\/\\\/spaziospadoni.org\\\/fr\\\/#organization\"},\"alternateName\":\"spaziospadoni.org\",\"potentialAction\":[{\"@type\":\"SearchAction\",\"target\":{\"@type\":\"EntryPoint\",\"urlTemplate\":\"https:\\\/\\\/spaziospadoni.org\\\/fr\\\/?s={search_term_string}\"},\"query-input\":{\"@type\":\"PropertyValueSpecification\",\"valueRequired\":true,\"valueName\":\"search_term_string\"}}],\"inLanguage\":\"fr-FR\"},{\"@type\":\"Organization\",\"@id\":\"https:\\\/\\\/spaziospadoni.org\\\/fr\\\/#organization\",\"name\":\"spazio + spadoni\",\"alternateName\":\"spaziospadoni.org\",\"url\":\"https:\\\/\\\/spaziospadoni.org\\\/fr\\\/\",\"logo\":{\"@type\":\"ImageObject\",\"inLanguage\":\"fr-FR\",\"@id\":\"https:\\\/\\\/spaziospadoni.org\\\/fr\\\/#\\\/schema\\\/logo\\\/image\\\/\",\"url\":\"https:\\\/\\\/spaziospadoni.org\\\/wp-content\\\/uploads\\\/2026\\\/05\\\/spazio-spadoni-logo-100x100-1.webp\",\"contentUrl\":\"https:\\\/\\\/spaziospadoni.org\\\/wp-content\\\/uploads\\\/2026\\\/05\\\/spazio-spadoni-logo-100x100-1.webp\",\"width\":100,\"height\":100,\"caption\":\"spazio + spadoni\"},\"image\":{\"@id\":\"https:\\\/\\\/spaziospadoni.org\\\/fr\\\/#\\\/schema\\\/logo\\\/image\\\/\"},\"sameAs\":[\"https:\\\/\\\/www.facebook.com\\\/SpazioSpadoni\\\/\",\"https:\\\/\\\/www.instagram.com\\\/spaziospadoni\\\/\",\"https:\\\/\\\/www.youtube.com\\\/@spaziospadoni\\\/playlists\"]}]}<\/script>\n<!-- \/ Yoast SEO plugin. -->","yoast_head_json":{"title":"Archiconfr\u00e9rie de la Mis\u00e9ricorde de Lucques | Spazio Spadoni","description":"L\u2019Archiconfr\u00e9rie de la Mis\u00e9ricorde de Lucques est une association de b\u00e9n\u00e9volat qui fait partie du Mouvement des Confr\u00e9ries de la Mis\u00e9ricorde, fond\u00e9 \u00e0","robots":{"index":"index","follow":"follow","max-snippet":"max-snippet:-1","max-image-preview":"max-image-preview:large","max-video-preview":"max-video-preview:-1"},"canonical":"https:\/\/spaziospadoni.org\/fr\/organismes-de-formation\/archiconfrerie-de-la-misericorde-de-lucques\/","og_locale":"fr_FR","og_type":"article","og_title":"Archiconfr\u00e9rie de la Mis\u00e9ricorde de Lucques | Spazio Spadoni","og_description":"L\u2019Archiconfr\u00e9rie de la Mis\u00e9ricorde de Lucques est une association de b\u00e9n\u00e9volat qui fait partie du Mouvement des Confr\u00e9ries de la Mis\u00e9ricorde, fond\u00e9 \u00e0","og_url":"https:\/\/spaziospadoni.org\/fr\/organismes-de-formation\/archiconfrerie-de-la-misericorde-de-lucques\/","og_site_name":"spazio + spadoni","article_publisher":"https:\/\/www.facebook.com\/SpazioSpadoni\/","article_modified_time":"2026-08-21T14:19:09+00:00","og_image":[{"width":298,"height":449,"url":"https:\/\/spaziospadoni.org\/wp-content\/uploads\/2026\/05\/Logo-Misericordia-di-Lucca.jpg","type":"image\/jpeg"}],"twitter_card":"summary_large_image","twitter_misc":{"Est. reading time":"4 minutes"},"schema":{"@context":"https:\/\/schema.org","@graph":[{"@type":"WebPage","@id":"https:\/\/spaziospadoni.org\/fr\/organismes-de-formation\/archiconfrerie-de-la-misericorde-de-lucques\/","url":"https:\/\/spaziospadoni.org\/fr\/organismes-de-formation\/archiconfrerie-de-la-misericorde-de-lucques\/","name":"Archiconfr\u00e9rie de la Mis\u00e9ricorde de Lucques | Spazio Spadoni","isPartOf":{"@id":"https:\/\/spaziospadoni.org\/fr\/#website"},"primaryImageOfPage":{"@id":"https:\/\/spaziospadoni.org\/fr\/organismes-de-formation\/archiconfrerie-de-la-misericorde-de-lucques\/#primaryimage"},"image":{"@id":"https:\/\/spaziospadoni.org\/fr\/organismes-de-formation\/archiconfrerie-de-la-misericorde-de-lucques\/#primaryimage"},"thumbnailUrl":"https:\/\/spaziospadoni.org\/wp-content\/uploads\/2026\/05\/Logo-Misericordia-di-Lucca.jpg","datePublished":"2026-05-20T12:27:39+00:00","dateModified":"2026-08-21T14:19:09+00:00","description":"L\u2019Archiconfr\u00e9rie de la Mis\u00e9ricorde de Lucques est une association de b\u00e9n\u00e9volat qui fait partie du Mouvement des Confr\u00e9ries de la Mis\u00e9ricorde, fond\u00e9 \u00e0","breadcrumb":{"@id":"https:\/\/spaziospadoni.org\/fr\/organismes-de-formation\/archiconfrerie-de-la-misericorde-de-lucques\/#breadcrumb"},"inLanguage":"fr-FR","potentialAction":[{"@type":"ReadAction","target":["https:\/\/spaziospadoni.org\/fr\/organismes-de-formation\/archiconfrerie-de-la-misericorde-de-lucques\/"]}]},{"@type":"ImageObject","inLanguage":"fr-FR","@id":"https:\/\/spaziospadoni.org\/fr\/organismes-de-formation\/archiconfrerie-de-la-misericorde-de-lucques\/#primaryimage","url":"https:\/\/spaziospadoni.org\/wp-content\/uploads\/2026\/05\/Logo-Misericordia-di-Lucca.jpg","contentUrl":"https:\/\/spaziospadoni.org\/wp-content\/uploads\/2026\/05\/Logo-Misericordia-di-Lucca.jpg"},{"@type":"BreadcrumbList","@id":"https:\/\/spaziospadoni.org\/fr\/organismes-de-formation\/archiconfrerie-de-la-misericorde-de-lucques\/#breadcrumb","itemListElement":[{"@type":"ListItem","position":1,"name":"Home","item":"https:\/\/spaziospadoni.org\/fr\/"},{"@type":"ListItem","position":2,"name":"Organismes de formation","item":"https:\/\/spaziospadoni.org\/fr\/organismes-de-formation\/"},{"@type":"ListItem","position":3,"name":"Archiconfr\u00e9rie de la Mis\u00e9ricorde de Lucques"}]},{"@type":"WebSite","@id":"https:\/\/spaziospadoni.org\/fr\/#website","url":"https:\/\/spaziospadoni.org\/fr\/","name":"spazio + spadoni","description":"Generazione di misericordia e missione nel mondo","publisher":{"@id":"https:\/\/spaziospadoni.org\/fr\/#organization"},"alternateName":"spaziospadoni.org","potentialAction":[{"@type":"SearchAction","target":{"@type":"EntryPoint","urlTemplate":"https:\/\/spaziospadoni.org\/fr\/?s={search_term_string}"},"query-input":{"@type":"PropertyValueSpecification","valueRequired":true,"valueName":"search_term_string"}}],"inLanguage":"fr-FR"},{"@type":"Organization","@id":"https:\/\/spaziospadoni.org\/fr\/#organization","name":"spazio + spadoni","alternateName":"spaziospadoni.org","url":"https:\/\/spaziospadoni.org\/fr\/","logo":{"@type":"ImageObject","inLanguage":"fr-FR","@id":"https:\/\/spaziospadoni.org\/fr\/#\/schema\/logo\/image\/","url":"https:\/\/spaziospadoni.org\/wp-content\/uploads\/2026\/05\/spazio-spadoni-logo-100x100-1.webp","contentUrl":"https:\/\/spaziospadoni.org\/wp-content\/uploads\/2026\/05\/spazio-spadoni-logo-100x100-1.webp","width":100,"height":100,"caption":"spazio + spadoni"},"image":{"@id":"https:\/\/spaziospadoni.org\/fr\/#\/schema\/logo\/image\/"},"sameAs":["https:\/\/www.facebook.com\/SpazioSpadoni\/","https:\/\/www.instagram.com\/spaziospadoni\/","https:\/\/www.youtube.com\/@spaziospadoni\/playlists"]}]}},"_links":{"self":[{"href":"https:\/\/spaziospadoni.org\/fr\/wp-json\/wp\/v2\/pages\/78138","targetHints":{"allow":["GET"]}}],"collection":[{"href":"https:\/\/spaziospadoni.org\/fr\/wp-json\/wp\/v2\/pages"}],"about":[{"href":"https:\/\/spaziospadoni.org\/fr\/wp-json\/wp\/v2\/types\/page"}],"author":[{"embeddable":true,"href":"https:\/\/spaziospadoni.org\/fr\/wp-json\/wp\/v2\/users\/102"}],"replies":[{"embeddable":true,"href":"https:\/\/spaziospadoni.org\/fr\/wp-json\/wp\/v2\/comments?post=78138"}],"version-history":[{"count":1,"href":"https:\/\/spaziospadoni.org\/fr\/wp-json\/wp\/v2\/pages\/78138\/revisions"}],"predecessor-version":[{"id":91595,"href":"https:\/\/spaziospadoni.org\/fr\/wp-json\/wp\/v2\/pages\/78138\/revisions\/91595"}],"up":[{"embeddable":true,"href":"https:\/\/spaziospadoni.org\/fr\/wp-json\/wp\/v2\/pages\/73245"}],"wp:attachment":[{"href":"https:\/\/spaziospadoni.org\/fr\/wp-json\/wp\/v2\/media?parent=78138"}],"curies":[{"name":"wp","href":"https:\/\/api.w.org\/{rel}","templated":true}]}}