{"id":78152,"date":"2026-05-20T13:39:44","date_gmt":"2026-05-20T12:39:44","guid":{"rendered":"https:\/\/spaziospadoni.org\/organismes-de-formation\/arciconfraternita-di-misericordia-san-francesco-di-massa\/"},"modified":"2026-08-21T15:40:17","modified_gmt":"2026-08-21T14:40:17","slug":"archiconfrerie-de-la-misericorde-saint-francois-de-massa","status":"publish","type":"page","link":"https:\/\/spaziospadoni.org\/fr\/organismes-de-formation\/archiconfrerie-de-la-misericorde-saint-francois-de-massa\/","title":{"rendered":"Archiconfr\u00e9rie de la Mis\u00e9ricorde Saint-Fran\u00e7ois de Massa"},"content":{"rendered":"\n<p class=\"wp-block-paragraph\">La Fraternit\u00e9 de la Mis\u00e9ricorde Saint-Fran\u00e7ois de Massa est une association de b\u00e9n\u00e9volat qui fait partie du Mouvement des Confr\u00e9ries de la Mis\u00e9ricorde, n\u00e9 en 1244 \u00e0 Florence \u00e0 l\u2019initiative de Pietro da Verona, devenu ensuite saint Pierre martyr. Aujourd\u2019hui, les Confr\u00e9ries de la Mis\u00e9ricorde sont pr\u00e9sentes en Italie et \u00e0 l\u2019\u00e9tranger avec plus de 700 confr\u00e9ries.<\/p>\n\n\n<div class=\"wp-block-image\">\n<figure class=\"aligncenter size-full is-resized\"><img decoding=\"async\" width=\"225\" height=\"225\" src=\"https:\/\/spaziospadoni.org\/wp-content\/uploads\/2026\/05\/Logo-Misericordia-di-Massa.jpg\" alt=\"Archiconfr\u00e9rie de la Mis\u00e9ricorde Saint-Fran\u00e7ois de Massa\" class=\"wp-image-46891\" style=\"width:228px;height:auto\" srcset=\"https:\/\/spaziospadoni.org\/wp-content\/uploads\/2026\/05\/Logo-Misericordia-di-Massa.jpg 225w, https:\/\/spaziospadoni.org\/wp-content\/uploads\/2026\/05\/Logo-Misericordia-di-Massa-150x150.jpg 150w\" sizes=\"(max-width: 225px) 100vw, 225px\" \/><\/figure>\n<\/div>\n\n\n<h2 id=\"h-storia\" class=\"wp-block-heading\"><strong>Histoire<\/strong><\/h2>\n\n\n\n<p class=\"wp-block-paragraph\">\u00c0 partir des paroles \u201cLe Seigneur est un, le Seigneur est notre Dieu ; celui qui croit en Lui a non seulement la vie \u00e9ternelle, mais accomplira de grandes choses en Son nom\u201d, la Confr\u00e9rie de la Mis\u00e9ricorde de Massa, fond\u00e9e en 1834 et disparue pour des raisons inconnues au cours de la Seconde Guerre mondiale, renaquit. Son promoteur et animateur fut le R\u00e9v\u00e9rendissime Mgr Attilio Bertelloni qui, gr\u00e2ce \u00e0 sa grande foi dans le P\u00e8re bon et mis\u00e9ricordieux, r\u00e9ussit \u00e0 entra\u00eener un grand nombre de fr\u00e8res dans sa mission. Depuis des ann\u00e9es, Mgr Bertelloni d\u00e9sirait ardemment r\u00e9aliser cette \u0153uvre importante et cherchait avec empressement l\u2019aide de collaborateurs comp\u00e9tents, mais ses recherches rest\u00e8rent vaines.<\/p>\n\n\n\n<p class=\"wp-block-paragraph\">Le Saint-Esprit fit na\u00eetre le m\u00eame d\u00e9sir chez trois personnes qui, en 1984, se rencontr\u00e8rent par hasard \u00e0 l\u2019h\u00f4pital en raison de la grave maladie de l\u2019une d\u2019elles. Le malade \u00e9tait Renato Ciuffi, et les amis qui vinrent \u00e0 son secours \u00e9taient Ilvo Ricci et Desiderio Antonioli. Dans ce lieu de souffrance, ils ressentirent le besoin de cr\u00e9er une institution qui apporterait du r\u00e9confort aux personnes dans l\u2019\u00e9preuve et commenc\u00e8rent ainsi \u00e0 parler de la r\u00e9alisation de cette \u0153uvre. Renato Ciuffi fut bient\u00f4t rappel\u00e9 \u00e0 la maison du P\u00e8re, mais ses amis continu\u00e8rent \u00e0 cultiver la graine qui avait \u00e9t\u00e9 plant\u00e9e durant ces jours douloureux.<\/p>\n\n\n\n<p class=\"wp-block-paragraph\">En septembre de la m\u00eame ann\u00e9e, l\u2019Esprit de Dieu fit se rencontrer les deux amis et Mgr Bertelloni devant l\u2019\u00e9glise Saint-S\u00e9bastien \u00e0 Massa. Tous trois descendirent \u00e0 la librairie des S\u0153urs Paulines et, en ce lieu, Mgr Attilio adressa \u00e0 ses deux interlocuteurs ce message p\u00e9remptoire : \u201cLes gars, il faut faire na\u00eetre la Confr\u00e9rie de la Mis\u00e9ricorde de Massa\u201d. Leur r\u00e9ponse fut : \u201cC\u2019est ce que nous voulons\u201d.<\/p>\n\n\n\n<p class=\"wp-block-paragraph\">\u00c0 partir de ce moment, les trois se mirent au travail et devinrent bient\u00f4t sept, puis rapidement dix, vingt, quarante, soixante, jusqu\u2019\u00e0 former un groupe uni autour d\u2019un objectif commun et partag\u00e9. L\u2019\u00e9v\u00eaque du dioc\u00e8se, Mgr Aldo Forzoni, accueillit avec bienveillance le petit groupe de fr\u00e8res et leur adressa ces paroles : \u201cSoyez prudents, mes enfants, mais allez de l\u2019avant ; je suis avec vous\u201d.<\/p>\n\n\n\n<p class=\"wp-block-paragraph\">La premi\u00e8re r\u00e9union du groupe fut convoqu\u00e9e au moyen d\u2019un tract ron\u00e9otyp\u00e9 sign\u00e9 \u201cun groupe d\u2019amis\u201d. Des contacts furent \u00e9tablis avec les responsables de la Confr\u00e9rie de la Mis\u00e9ricorde de Florence et d\u2019autres Confr\u00e9ries s\u0153urs de la Mis\u00e9ricorde afin de conna\u00eetre leur parcours, leur exp\u00e9rience et leur organisation pour les transposer \u00e0 l\u2019Association naissante. Une premi\u00e8re \u00e9bauche dactylographi\u00e9e des Statuts fut \u00e9labor\u00e9e et remise \u00e0 tous les amis adh\u00e9rents. L\u2019Assembl\u00e9e constituante de la Fraternit\u00e9 se r\u00e9unit le 3 f\u00e9vrier 1985 dans la Grande salle du S\u00e9minaire \u00e9piscopal, avec la participation de 68 adh\u00e9rents, en pr\u00e9sence du vice-pr\u00e9sident national des Confr\u00e9ries de la Mis\u00e9ricorde, le Dr Francesco Giannelli.<\/p>\n\n\n\n<p class=\"wp-block-paragraph\">Mgr Tommasi, \u00e9v\u00eaque de Massa, soutint l\u2019initiative en ces termes : \u201cJe salue l\u2019initiative de constituer formellement, dans la ville de Massa \u00e9galement, la V\u00e9n\u00e9rable Association de la Fraternit\u00e9 de la Mis\u00e9ricorde ; il est significatif que ce dimanche 3 f\u00e9vrier, que l\u2019\u00c9glise italienne consacre \u00e0 la vie, ait \u00e9t\u00e9 choisi pour sa constitution. Que l\u2019engagement de la Confr\u00e9rie de la Mis\u00e9ricorde soit un service \u00e0 la vie, en soutien aux valeurs de fraternit\u00e9, de charit\u00e9 et de service. Que le Seigneur b\u00e9nisse votre initiative\u201d.<\/p>\n\n\n\n<p class=\"wp-block-paragraph\">Apr\u00e8s la discussion, il fut d\u00e9cid\u00e9 de donner \u00e0 l\u2019Association le nom de \u201cFraternit\u00e9 de la Mis\u00e9ricorde Saint-Fran\u00e7ois de Massa\u201d.<br>Le 6 f\u00e9vrier, lors de la premi\u00e8re r\u00e9union du Conseil de direction, Bruno Paolini fut nomm\u00e9 pr\u00e9sident. Il manquait alors un espace pour les r\u00e9unions et pour pouvoir commencer le travail. Pour cette premi\u00e8re p\u00e9riode, Mgr Giorgetti offrit g\u00e9n\u00e9reusement la moiti\u00e9 de son bureau situ\u00e9 dans l\u2019Auditorium Saint-S\u00e9bastien.<\/p>\n\n\n\n<p class=\"wp-block-paragraph\">Le Conseil, d\u00e9sormais constitu\u00e9, pr\u00e9senta la Fraternit\u00e9 aux autorit\u00e9s religieuses et civiles et entreprit son parcours avec enthousiasme, en organisant des cours de pr\u00e9paration \u00e0 l\u2019assistance des malades \u00e0 l\u2019h\u00f4pital et \u00e0 domicile, aux premiers secours (m\u00e9decins, brancardiers et chauffeurs), \u00e0 l\u2019assistance des d\u00e9tenus, des personnes handicap\u00e9es et des personnes \u00e2g\u00e9es, ainsi que des cours de protection civile.&nbsp;&nbsp;<\/p>\n\n\n\n<h2 id=\"h-attivita-nbsp\" class=\"wp-block-heading\"><strong>Activit\u00e9s<\/strong> <\/h2>\n\n\n\n<ul class=\"wp-block-list\">\n<li>SERVICE SANITAIRE 118&nbsp;<\/li>\n\n\n\n<li>ASSISTANCE AUX D\u00c9TENUS&nbsp;<\/li>\n\n\n\n<li>ASSISTANCE AUX PERSONNES HANDICAP\u00c9ES ET \u00c2G\u00c9ES&nbsp;<\/li>\n\n\n\n<li>TRANSPORT DES BLESS\u00c9S ET DES MALADES&nbsp;<\/li>\n\n\n\n<li>PROTECTION CIVILE&nbsp;<\/li>\n\n\n\n<li>TRANSPORT SOCIO-SANITAIRE&nbsp;<\/li>\n\n\n\n<li>SERVICES FUN\u00c9RAIRES&nbsp;<\/li>\n<\/ul>\n\n\n\n<h2 id=\"h-contatti-nbsp\" class=\"wp-block-heading\"><strong>Contacts<\/strong> <\/h2>\n\n\n\n<p class=\"wp-block-paragraph\">Viale Roma 33 -\u202f54100 Massa (MS)&nbsp;<\/p>\n\n\n\n<p class=\"wp-block-paragraph\">Tel. +39058543742&nbsp;<\/p>\n\n\n\n<p class=\"wp-block-paragraph\"><a href=\"https:\/\/www.facebook.com\/misericordiamassa\/about\/?ref=page_internal\" target=\"_blank\" rel=\"noreferrer noopener nofollow\" title=\"https:\/\/www.facebook.com\/misericordiamassa\/about\/?ref=page_internal\">https:\/\/www.facebook.com\/misericordiamassa\/about\/?ref=page_internal<\/a><\/p>\n\n\n\n<p class=\"wp-block-paragraph\"><a href=\"https:\/\/www.misericordiamassa.it\" target=\"_blank\" rel=\"noreferrer noopener nofollow\" title=\"https:\/\/www.misericordiamassa.it\">https:\/\/www.misericordiamassa.it<\/a><\/p>\n\n\n\n<p class=\"wp-block-paragraph\"><a href=\"mailto:info@misericordiamassa.it\" title=\"info@misericordiamassa.it\">info@misericordiamassa.it<\/a><\/p>\n","protected":false},"excerpt":{"rendered":"<p>La Fraternit\u00e9 de la Mis\u00e9ricorde Saint-Fran\u00e7ois de Massa est une association de b\u00e9n\u00e9volat qui fait partie du Mouvement des Confr\u00e9ries de la Mis\u00e9ricorde, n\u00e9 en 1244 \u00e0 Florence \u00e0 l\u2019initiative de Pietro da Verona, devenu ensuite saint Pierre martyr. Aujourd\u2019hui, les Confr\u00e9ries de la Mis\u00e9ricorde sont pr\u00e9sentes en Italie et \u00e0 l\u2019\u00e9tranger avec plus de &#8230; <a title=\"Archiconfr\u00e9rie de la Mis\u00e9ricorde Saint-Fran\u00e7ois de Massa\" class=\"read-more\" href=\"https:\/\/spaziospadoni.org\/fr\/organismes-de-formation\/archiconfrerie-de-la-misericorde-saint-francois-de-massa\/\" aria-label=\"Read more about Archiconfr\u00e9rie de la Mis\u00e9ricorde Saint-Fran\u00e7ois de Massa\">Lire plus<\/a><\/p>\n","protected":false},"author":102,"featured_media":0,"parent":73245,"menu_order":0,"comment_status":"closed","ping_status":"closed","template":"","meta":{"_sitemap_exclude":false,"_sitemap_priority":"","_sitemap_frequency":"","footnotes":""},"class_list":["post-78152","page","type-page","status-publish","infinite-scroll-item"],"yoast_head":"<!-- This site is optimized with the Yoast SEO plugin v28.4 - https:\/\/yoast.com\/product\/yoast-seo-wordpress\/ -->\n<title>Archiconfr\u00e9rie de la Mis\u00e9ricorde Saint-Fran\u00e7ois de Massa | Spazio Spadoni<\/title>\n<meta name=\"description\" content=\"La Fraternit\u00e9 de la Mis\u00e9ricorde Saint-Fran\u00e7ois de Massa est une association de b\u00e9n\u00e9volat qui fait partie du Mouvement des Confr\u00e9ries de la Mis\u00e9ricorde, n\u00e9\" \/>\n<meta name=\"robots\" content=\"index, follow, max-snippet:-1, max-image-preview:large, max-video-preview:-1\" \/>\n<link rel=\"canonical\" href=\"https:\/\/spaziospadoni.org\/fr\/organismes-de-formation\/archiconfrerie-de-la-misericorde-saint-francois-de-massa\/\" \/>\n<meta property=\"og:locale\" content=\"fr_FR\" \/>\n<meta property=\"og:type\" content=\"article\" \/>\n<meta property=\"og:title\" content=\"Archiconfr\u00e9rie de la Mis\u00e9ricorde Saint-Fran\u00e7ois de Massa | Spazio Spadoni\" \/>\n<meta property=\"og:description\" content=\"La Fraternit\u00e9 de la Mis\u00e9ricorde Saint-Fran\u00e7ois de Massa est une association de b\u00e9n\u00e9volat qui fait partie du Mouvement des Confr\u00e9ries de la Mis\u00e9ricorde, n\u00e9\" \/>\n<meta property=\"og:url\" content=\"https:\/\/spaziospadoni.org\/fr\/organismes-de-formation\/archiconfrerie-de-la-misericorde-saint-francois-de-massa\/\" \/>\n<meta property=\"og:site_name\" content=\"spazio + spadoni\" \/>\n<meta property=\"article:publisher\" content=\"https:\/\/www.facebook.com\/SpazioSpadoni\/\" \/>\n<meta property=\"article:modified_time\" content=\"2026-08-21T14:40:17+00:00\" \/>\n<meta property=\"og:image\" content=\"https:\/\/spaziospadoni.org\/wp-content\/uploads\/2026\/05\/Logo-Misericordia-di-Massa.jpg\" \/>\n\t<meta property=\"og:image:width\" content=\"225\" \/>\n\t<meta property=\"og:image:height\" content=\"225\" \/>\n\t<meta property=\"og:image:type\" content=\"image\/jpeg\" \/>\n<meta name=\"twitter:card\" content=\"summary_large_image\" \/>\n<meta name=\"twitter:label1\" content=\"Est. reading time\" \/>\n\t<meta name=\"twitter:data1\" content=\"5 minutes\" \/>\n<script type=\"application\/ld+json\" class=\"yoast-schema-graph\">{\"@context\":\"https:\\\/\\\/schema.org\",\"@graph\":[{\"@type\":\"WebPage\",\"@id\":\"https:\\\/\\\/spaziospadoni.org\\\/fr\\\/organismes-de-formation\\\/archiconfrerie-de-la-misericorde-saint-francois-de-massa\\\/\",\"url\":\"https:\\\/\\\/spaziospadoni.org\\\/fr\\\/organismes-de-formation\\\/archiconfrerie-de-la-misericorde-saint-francois-de-massa\\\/\",\"name\":\"Archiconfr\u00e9rie de la Mis\u00e9ricorde Saint-Fran\u00e7ois de Massa | Spazio Spadoni\",\"isPartOf\":{\"@id\":\"https:\\\/\\\/spaziospadoni.org\\\/fr\\\/#website\"},\"primaryImageOfPage\":{\"@id\":\"https:\\\/\\\/spaziospadoni.org\\\/fr\\\/organismes-de-formation\\\/archiconfrerie-de-la-misericorde-saint-francois-de-massa\\\/#primaryimage\"},\"image\":{\"@id\":\"https:\\\/\\\/spaziospadoni.org\\\/fr\\\/organismes-de-formation\\\/archiconfrerie-de-la-misericorde-saint-francois-de-massa\\\/#primaryimage\"},\"thumbnailUrl\":\"https:\\\/\\\/spaziospadoni.org\\\/wp-content\\\/uploads\\\/2026\\\/05\\\/Logo-Misericordia-di-Massa.jpg\",\"datePublished\":\"2026-05-20T12:39:44+00:00\",\"dateModified\":\"2026-08-21T14:40:17+00:00\",\"description\":\"La Fraternit\u00e9 de la Mis\u00e9ricorde Saint-Fran\u00e7ois de Massa est une association de b\u00e9n\u00e9volat qui fait partie du Mouvement des Confr\u00e9ries de la Mis\u00e9ricorde, n\u00e9\",\"breadcrumb\":{\"@id\":\"https:\\\/\\\/spaziospadoni.org\\\/fr\\\/organismes-de-formation\\\/archiconfrerie-de-la-misericorde-saint-francois-de-massa\\\/#breadcrumb\"},\"inLanguage\":\"fr-FR\",\"potentialAction\":[{\"@type\":\"ReadAction\",\"target\":[\"https:\\\/\\\/spaziospadoni.org\\\/fr\\\/organismes-de-formation\\\/archiconfrerie-de-la-misericorde-saint-francois-de-massa\\\/\"]}]},{\"@type\":\"ImageObject\",\"inLanguage\":\"fr-FR\",\"@id\":\"https:\\\/\\\/spaziospadoni.org\\\/fr\\\/organismes-de-formation\\\/archiconfrerie-de-la-misericorde-saint-francois-de-massa\\\/#primaryimage\",\"url\":\"https:\\\/\\\/spaziospadoni.org\\\/wp-content\\\/uploads\\\/2026\\\/05\\\/Logo-Misericordia-di-Massa.jpg\",\"contentUrl\":\"https:\\\/\\\/spaziospadoni.org\\\/wp-content\\\/uploads\\\/2026\\\/05\\\/Logo-Misericordia-di-Massa.jpg\"},{\"@type\":\"BreadcrumbList\",\"@id\":\"https:\\\/\\\/spaziospadoni.org\\\/fr\\\/organismes-de-formation\\\/archiconfrerie-de-la-misericorde-saint-francois-de-massa\\\/#breadcrumb\",\"itemListElement\":[{\"@type\":\"ListItem\",\"position\":1,\"name\":\"Home\",\"item\":\"https:\\\/\\\/spaziospadoni.org\\\/fr\\\/\"},{\"@type\":\"ListItem\",\"position\":2,\"name\":\"Organismes de formation\",\"item\":\"https:\\\/\\\/spaziospadoni.org\\\/fr\\\/organismes-de-formation\\\/\"},{\"@type\":\"ListItem\",\"position\":3,\"name\":\"Archiconfr\u00e9rie de la Mis\u00e9ricorde Saint-Fran\u00e7ois de Massa\"}]},{\"@type\":\"WebSite\",\"@id\":\"https:\\\/\\\/spaziospadoni.org\\\/fr\\\/#website\",\"url\":\"https:\\\/\\\/spaziospadoni.org\\\/fr\\\/\",\"name\":\"spazio + spadoni\",\"description\":\"Generazione di misericordia e missione nel mondo\",\"publisher\":{\"@id\":\"https:\\\/\\\/spaziospadoni.org\\\/fr\\\/#organization\"},\"alternateName\":\"spaziospadoni.org\",\"potentialAction\":[{\"@type\":\"SearchAction\",\"target\":{\"@type\":\"EntryPoint\",\"urlTemplate\":\"https:\\\/\\\/spaziospadoni.org\\\/fr\\\/?s={search_term_string}\"},\"query-input\":{\"@type\":\"PropertyValueSpecification\",\"valueRequired\":true,\"valueName\":\"search_term_string\"}}],\"inLanguage\":\"fr-FR\"},{\"@type\":\"Organization\",\"@id\":\"https:\\\/\\\/spaziospadoni.org\\\/fr\\\/#organization\",\"name\":\"spazio + spadoni\",\"alternateName\":\"spaziospadoni.org\",\"url\":\"https:\\\/\\\/spaziospadoni.org\\\/fr\\\/\",\"logo\":{\"@type\":\"ImageObject\",\"inLanguage\":\"fr-FR\",\"@id\":\"https:\\\/\\\/spaziospadoni.org\\\/fr\\\/#\\\/schema\\\/logo\\\/image\\\/\",\"url\":\"https:\\\/\\\/spaziospadoni.org\\\/wp-content\\\/uploads\\\/2026\\\/05\\\/spazio-spadoni-logo-100x100-1.webp\",\"contentUrl\":\"https:\\\/\\\/spaziospadoni.org\\\/wp-content\\\/uploads\\\/2026\\\/05\\\/spazio-spadoni-logo-100x100-1.webp\",\"width\":100,\"height\":100,\"caption\":\"spazio + spadoni\"},\"image\":{\"@id\":\"https:\\\/\\\/spaziospadoni.org\\\/fr\\\/#\\\/schema\\\/logo\\\/image\\\/\"},\"sameAs\":[\"https:\\\/\\\/www.facebook.com\\\/SpazioSpadoni\\\/\",\"https:\\\/\\\/www.instagram.com\\\/spaziospadoni\\\/\",\"https:\\\/\\\/www.youtube.com\\\/@spaziospadoni\\\/playlists\"]}]}<\/script>\n<!-- \/ Yoast SEO plugin. -->","yoast_head_json":{"title":"Archiconfr\u00e9rie de la Mis\u00e9ricorde Saint-Fran\u00e7ois de Massa | Spazio Spadoni","description":"La Fraternit\u00e9 de la Mis\u00e9ricorde Saint-Fran\u00e7ois de Massa est une association de b\u00e9n\u00e9volat qui fait partie du Mouvement des Confr\u00e9ries de la Mis\u00e9ricorde, n\u00e9","robots":{"index":"index","follow":"follow","max-snippet":"max-snippet:-1","max-image-preview":"max-image-preview:large","max-video-preview":"max-video-preview:-1"},"canonical":"https:\/\/spaziospadoni.org\/fr\/organismes-de-formation\/archiconfrerie-de-la-misericorde-saint-francois-de-massa\/","og_locale":"fr_FR","og_type":"article","og_title":"Archiconfr\u00e9rie de la Mis\u00e9ricorde Saint-Fran\u00e7ois de Massa | Spazio Spadoni","og_description":"La Fraternit\u00e9 de la Mis\u00e9ricorde Saint-Fran\u00e7ois de Massa est une association de b\u00e9n\u00e9volat qui fait partie du Mouvement des Confr\u00e9ries de la Mis\u00e9ricorde, n\u00e9","og_url":"https:\/\/spaziospadoni.org\/fr\/organismes-de-formation\/archiconfrerie-de-la-misericorde-saint-francois-de-massa\/","og_site_name":"spazio + spadoni","article_publisher":"https:\/\/www.facebook.com\/SpazioSpadoni\/","article_modified_time":"2026-08-21T14:40:17+00:00","og_image":[{"width":225,"height":225,"url":"https:\/\/spaziospadoni.org\/wp-content\/uploads\/2026\/05\/Logo-Misericordia-di-Massa.jpg","type":"image\/jpeg"}],"twitter_card":"summary_large_image","twitter_misc":{"Est. reading time":"5 minutes"},"schema":{"@context":"https:\/\/schema.org","@graph":[{"@type":"WebPage","@id":"https:\/\/spaziospadoni.org\/fr\/organismes-de-formation\/archiconfrerie-de-la-misericorde-saint-francois-de-massa\/","url":"https:\/\/spaziospadoni.org\/fr\/organismes-de-formation\/archiconfrerie-de-la-misericorde-saint-francois-de-massa\/","name":"Archiconfr\u00e9rie de la Mis\u00e9ricorde Saint-Fran\u00e7ois de Massa | Spazio Spadoni","isPartOf":{"@id":"https:\/\/spaziospadoni.org\/fr\/#website"},"primaryImageOfPage":{"@id":"https:\/\/spaziospadoni.org\/fr\/organismes-de-formation\/archiconfrerie-de-la-misericorde-saint-francois-de-massa\/#primaryimage"},"image":{"@id":"https:\/\/spaziospadoni.org\/fr\/organismes-de-formation\/archiconfrerie-de-la-misericorde-saint-francois-de-massa\/#primaryimage"},"thumbnailUrl":"https:\/\/spaziospadoni.org\/wp-content\/uploads\/2026\/05\/Logo-Misericordia-di-Massa.jpg","datePublished":"2026-05-20T12:39:44+00:00","dateModified":"2026-08-21T14:40:17+00:00","description":"La Fraternit\u00e9 de la Mis\u00e9ricorde Saint-Fran\u00e7ois de Massa est une association de b\u00e9n\u00e9volat qui fait partie du Mouvement des Confr\u00e9ries de la Mis\u00e9ricorde, n\u00e9","breadcrumb":{"@id":"https:\/\/spaziospadoni.org\/fr\/organismes-de-formation\/archiconfrerie-de-la-misericorde-saint-francois-de-massa\/#breadcrumb"},"inLanguage":"fr-FR","potentialAction":[{"@type":"ReadAction","target":["https:\/\/spaziospadoni.org\/fr\/organismes-de-formation\/archiconfrerie-de-la-misericorde-saint-francois-de-massa\/"]}]},{"@type":"ImageObject","inLanguage":"fr-FR","@id":"https:\/\/spaziospadoni.org\/fr\/organismes-de-formation\/archiconfrerie-de-la-misericorde-saint-francois-de-massa\/#primaryimage","url":"https:\/\/spaziospadoni.org\/wp-content\/uploads\/2026\/05\/Logo-Misericordia-di-Massa.jpg","contentUrl":"https:\/\/spaziospadoni.org\/wp-content\/uploads\/2026\/05\/Logo-Misericordia-di-Massa.jpg"},{"@type":"BreadcrumbList","@id":"https:\/\/spaziospadoni.org\/fr\/organismes-de-formation\/archiconfrerie-de-la-misericorde-saint-francois-de-massa\/#breadcrumb","itemListElement":[{"@type":"ListItem","position":1,"name":"Home","item":"https:\/\/spaziospadoni.org\/fr\/"},{"@type":"ListItem","position":2,"name":"Organismes de formation","item":"https:\/\/spaziospadoni.org\/fr\/organismes-de-formation\/"},{"@type":"ListItem","position":3,"name":"Archiconfr\u00e9rie de la Mis\u00e9ricorde Saint-Fran\u00e7ois de Massa"}]},{"@type":"WebSite","@id":"https:\/\/spaziospadoni.org\/fr\/#website","url":"https:\/\/spaziospadoni.org\/fr\/","name":"spazio + spadoni","description":"Generazione di misericordia e missione nel mondo","publisher":{"@id":"https:\/\/spaziospadoni.org\/fr\/#organization"},"alternateName":"spaziospadoni.org","potentialAction":[{"@type":"SearchAction","target":{"@type":"EntryPoint","urlTemplate":"https:\/\/spaziospadoni.org\/fr\/?s={search_term_string}"},"query-input":{"@type":"PropertyValueSpecification","valueRequired":true,"valueName":"search_term_string"}}],"inLanguage":"fr-FR"},{"@type":"Organization","@id":"https:\/\/spaziospadoni.org\/fr\/#organization","name":"spazio + spadoni","alternateName":"spaziospadoni.org","url":"https:\/\/spaziospadoni.org\/fr\/","logo":{"@type":"ImageObject","inLanguage":"fr-FR","@id":"https:\/\/spaziospadoni.org\/fr\/#\/schema\/logo\/image\/","url":"https:\/\/spaziospadoni.org\/wp-content\/uploads\/2026\/05\/spazio-spadoni-logo-100x100-1.webp","contentUrl":"https:\/\/spaziospadoni.org\/wp-content\/uploads\/2026\/05\/spazio-spadoni-logo-100x100-1.webp","width":100,"height":100,"caption":"spazio + spadoni"},"image":{"@id":"https:\/\/spaziospadoni.org\/fr\/#\/schema\/logo\/image\/"},"sameAs":["https:\/\/www.facebook.com\/SpazioSpadoni\/","https:\/\/www.instagram.com\/spaziospadoni\/","https:\/\/www.youtube.com\/@spaziospadoni\/playlists"]}]}},"_links":{"self":[{"href":"https:\/\/spaziospadoni.org\/fr\/wp-json\/wp\/v2\/pages\/78152","targetHints":{"allow":["GET"]}}],"collection":[{"href":"https:\/\/spaziospadoni.org\/fr\/wp-json\/wp\/v2\/pages"}],"about":[{"href":"https:\/\/spaziospadoni.org\/fr\/wp-json\/wp\/v2\/types\/page"}],"author":[{"embeddable":true,"href":"https:\/\/spaziospadoni.org\/fr\/wp-json\/wp\/v2\/users\/102"}],"replies":[{"embeddable":true,"href":"https:\/\/spaziospadoni.org\/fr\/wp-json\/wp\/v2\/comments?post=78152"}],"version-history":[{"count":1,"href":"https:\/\/spaziospadoni.org\/fr\/wp-json\/wp\/v2\/pages\/78152\/revisions"}],"predecessor-version":[{"id":91605,"href":"https:\/\/spaziospadoni.org\/fr\/wp-json\/wp\/v2\/pages\/78152\/revisions\/91605"}],"up":[{"embeddable":true,"href":"https:\/\/spaziospadoni.org\/fr\/wp-json\/wp\/v2\/pages\/73245"}],"wp:attachment":[{"href":"https:\/\/spaziospadoni.org\/fr\/wp-json\/wp\/v2\/media?parent=78152"}],"curies":[{"name":"wp","href":"https:\/\/api.w.org\/{rel}","templated":true}]}}