{"id":78175,"date":"2026-05-20T14:23:08","date_gmt":"2026-05-20T13:23:08","guid":{"rendered":"https:\/\/spaziospadoni.org\/organismes-de-formation\/comunita-parrocchiale-di-santeugenio\/"},"modified":"2026-08-21T15:53:02","modified_gmt":"2026-08-21T14:53:02","slug":"communaute-paroissiale-de-saint-eugene","status":"publish","type":"page","link":"https:\/\/spaziospadoni.org\/fr\/organismes-de-formation\/communaute-paroissiale-de-saint-eugene\/","title":{"rendered":"Communaut\u00e9 paroissiale de Saint-Eug\u00e8ne"},"content":{"rendered":"\n<p class=\"wp-block-paragraph\">La Communaut\u00e9 paroissiale de Saint-Eug\u00e8ne, compos\u00e9e des paroisses de Badia di Cantignano, Coselli, Guamo, Verciano et Vorno, constitue un solide point de r\u00e9f\u00e9rence au sein du dioc\u00e8se de Lucques et se caract\u00e9rise par une histoire d\u2019engagement et de consolidation au fil des ans.<\/p>\n\n\n<div class=\"wp-block-image\">\n<figure class=\"aligncenter size-full is-resized\"><img decoding=\"async\" width=\"500\" height=\"500\" src=\"https:\/\/spaziospadoni.org\/wp-content\/uploads\/2026\/05\/Comunita-Parrocchiale-di-SantEugenio.jpg\" alt=\"Communaut\u00e9 paroissiale de Saint-Eug\u00e8ne\" class=\"wp-image-52818\" style=\"width:344px;height:auto\" srcset=\"https:\/\/spaziospadoni.org\/wp-content\/uploads\/2026\/05\/Comunita-Parrocchiale-di-SantEugenio.jpg 500w, https:\/\/spaziospadoni.org\/wp-content\/uploads\/2026\/05\/Comunita-Parrocchiale-di-SantEugenio-300x300.jpg 300w, https:\/\/spaziospadoni.org\/wp-content\/uploads\/2026\/05\/Comunita-Parrocchiale-di-SantEugenio-150x150.jpg 150w\" sizes=\"(max-width: 500px) 100vw, 500px\" \/><\/figure>\n<\/div>\n\n\n<p class=\"wp-block-paragraph\">Ce qui distingue cette communaut\u00e9, c\u2019est sa grande vitalit\u00e9, qui se manifeste par une participation active au b\u00e9n\u00e9volat et \u00e0 la pastorale, mobilisant des personnes de tous \u00e2ges et de toutes cat\u00e9gories sociales au moyen d\u2019un large \u00e9ventail d\u2019initiatives. Les initiatives vont de la formation cat\u00e9ch\u00e9tique des jeunes au soutien et \u00e0 l\u2019animation des personnes \u00e2g\u00e9es, ainsi qu\u2019\u00e0 la promotion d\u2019initiatives \u00e9ducatives estivales et au soutien aux familles.&nbsp; La Communaut\u00e9 paroissiale de Saint-Eug\u00e8ne s\u2019engage \u00e0 nourrir une foi vivante et dynamique, enracin\u00e9e dans la solidarit\u00e9 et l\u2019engagement social.<\/p>\n\n\n\n<p class=\"wp-block-paragraph\">En outre, cette r\u00e9alit\u00e9 dioc\u00e9saine participe activement \u00e0 un r\u00e9seau de relations avec diverses associations la\u00efques et institutions locales, en collaborant \u00e0 la promotion du dialogue interreligieux, de la paix sociale et de la justice.<\/p>\n\n\n\n<p class=\"wp-block-paragraph\">Avec une approche ouverte et inclusive, la Communaut\u00e9 accueille avec joie ceux qui souhaitent partager son chemin de foi et de service afin d\u2019affronter dans un esprit diff\u00e9rent notre \u00e9poque, trop souvent marqu\u00e9e par l\u2019individualisme, l\u2019indiff\u00e9rence et la solitude.<\/p>\n","protected":false},"excerpt":{"rendered":"<p>La Communaut\u00e9 paroissiale de Saint-Eug\u00e8ne, compos\u00e9e des paroisses de Badia di Cantignano, Coselli, Guamo, Verciano et Vorno, constitue un solide point de r\u00e9f\u00e9rence au sein du dioc\u00e8se de Lucques et se caract\u00e9rise par une histoire d\u2019engagement et de consolidation au fil des ans. Ce qui distingue cette communaut\u00e9, c\u2019est sa grande vitalit\u00e9, qui se manifeste &#8230; <a title=\"Communaut\u00e9 paroissiale de Saint-Eug\u00e8ne\" class=\"read-more\" href=\"https:\/\/spaziospadoni.org\/fr\/organismes-de-formation\/communaute-paroissiale-de-saint-eugene\/\" aria-label=\"Read more about Communaut\u00e9 paroissiale de Saint-Eug\u00e8ne\">Lire plus<\/a><\/p>\n","protected":false},"author":102,"featured_media":0,"parent":73245,"menu_order":0,"comment_status":"closed","ping_status":"closed","template":"","meta":{"_sitemap_exclude":false,"_sitemap_priority":"","_sitemap_frequency":"","footnotes":""},"class_list":["post-78175","page","type-page","status-publish","infinite-scroll-item"],"yoast_head":"<!-- This site is optimized with the Yoast SEO plugin v28.4 - https:\/\/yoast.com\/product\/yoast-seo-wordpress\/ -->\n<title>Communaut\u00e9 paroissiale de Saint-Eug\u00e8ne | Spazio Spadoni<\/title>\n<meta name=\"description\" content=\"La Communaut\u00e9 paroissiale de Saint-Eug\u00e8ne, compos\u00e9e des paroisses de Badia di Cantignano, Coselli, Guamo, Verciano et Vorno, constitue un solide point de\" \/>\n<meta name=\"robots\" content=\"index, follow, max-snippet:-1, max-image-preview:large, max-video-preview:-1\" \/>\n<link rel=\"canonical\" href=\"https:\/\/spaziospadoni.org\/fr\/organismes-de-formation\/communaute-paroissiale-de-saint-eugene\/\" \/>\n<meta property=\"og:locale\" content=\"fr_FR\" \/>\n<meta property=\"og:type\" content=\"article\" \/>\n<meta property=\"og:title\" content=\"Communaut\u00e9 paroissiale de Saint-Eug\u00e8ne | Spazio Spadoni\" \/>\n<meta property=\"og:description\" content=\"La Communaut\u00e9 paroissiale de Saint-Eug\u00e8ne, compos\u00e9e des paroisses de Badia di Cantignano, Coselli, Guamo, Verciano et Vorno, constitue un solide point de\" \/>\n<meta property=\"og:url\" content=\"https:\/\/spaziospadoni.org\/fr\/organismes-de-formation\/communaute-paroissiale-de-saint-eugene\/\" \/>\n<meta property=\"og:site_name\" content=\"spazio + spadoni\" \/>\n<meta property=\"article:publisher\" content=\"https:\/\/www.facebook.com\/SpazioSpadoni\/\" \/>\n<meta property=\"article:modified_time\" content=\"2026-08-21T14:53:02+00:00\" \/>\n<meta property=\"og:image\" content=\"https:\/\/spaziospadoni.org\/wp-content\/uploads\/2026\/05\/Comunita-Parrocchiale-di-SantEugenio.jpg\" \/>\n\t<meta property=\"og:image:width\" content=\"500\" \/>\n\t<meta property=\"og:image:height\" content=\"500\" \/>\n\t<meta property=\"og:image:type\" content=\"image\/jpeg\" \/>\n<meta name=\"twitter:card\" content=\"summary_large_image\" \/>\n<meta name=\"twitter:label1\" content=\"Est. reading time\" \/>\n\t<meta name=\"twitter:data1\" content=\"2 minutes\" \/>\n<script type=\"application\/ld+json\" class=\"yoast-schema-graph\">{\"@context\":\"https:\\\/\\\/schema.org\",\"@graph\":[{\"@type\":\"WebPage\",\"@id\":\"https:\\\/\\\/spaziospadoni.org\\\/fr\\\/organismes-de-formation\\\/communaute-paroissiale-de-saint-eugene\\\/\",\"url\":\"https:\\\/\\\/spaziospadoni.org\\\/fr\\\/organismes-de-formation\\\/communaute-paroissiale-de-saint-eugene\\\/\",\"name\":\"Communaut\u00e9 paroissiale de Saint-Eug\u00e8ne | Spazio Spadoni\",\"isPartOf\":{\"@id\":\"https:\\\/\\\/spaziospadoni.org\\\/fr\\\/#website\"},\"primaryImageOfPage\":{\"@id\":\"https:\\\/\\\/spaziospadoni.org\\\/fr\\\/organismes-de-formation\\\/communaute-paroissiale-de-saint-eugene\\\/#primaryimage\"},\"image\":{\"@id\":\"https:\\\/\\\/spaziospadoni.org\\\/fr\\\/organismes-de-formation\\\/communaute-paroissiale-de-saint-eugene\\\/#primaryimage\"},\"thumbnailUrl\":\"https:\\\/\\\/spaziospadoni.org\\\/wp-content\\\/uploads\\\/2026\\\/05\\\/Comunita-Parrocchiale-di-SantEugenio.jpg\",\"datePublished\":\"2026-05-20T13:23:08+00:00\",\"dateModified\":\"2026-08-21T14:53:02+00:00\",\"description\":\"La Communaut\u00e9 paroissiale de Saint-Eug\u00e8ne, compos\u00e9e des paroisses de Badia di Cantignano, Coselli, Guamo, Verciano et Vorno, constitue un solide point de\",\"breadcrumb\":{\"@id\":\"https:\\\/\\\/spaziospadoni.org\\\/fr\\\/organismes-de-formation\\\/communaute-paroissiale-de-saint-eugene\\\/#breadcrumb\"},\"inLanguage\":\"fr-FR\",\"potentialAction\":[{\"@type\":\"ReadAction\",\"target\":[\"https:\\\/\\\/spaziospadoni.org\\\/fr\\\/organismes-de-formation\\\/communaute-paroissiale-de-saint-eugene\\\/\"]}]},{\"@type\":\"ImageObject\",\"inLanguage\":\"fr-FR\",\"@id\":\"https:\\\/\\\/spaziospadoni.org\\\/fr\\\/organismes-de-formation\\\/communaute-paroissiale-de-saint-eugene\\\/#primaryimage\",\"url\":\"https:\\\/\\\/spaziospadoni.org\\\/wp-content\\\/uploads\\\/2026\\\/05\\\/Comunita-Parrocchiale-di-SantEugenio.jpg\",\"contentUrl\":\"https:\\\/\\\/spaziospadoni.org\\\/wp-content\\\/uploads\\\/2026\\\/05\\\/Comunita-Parrocchiale-di-SantEugenio.jpg\"},{\"@type\":\"BreadcrumbList\",\"@id\":\"https:\\\/\\\/spaziospadoni.org\\\/fr\\\/organismes-de-formation\\\/communaute-paroissiale-de-saint-eugene\\\/#breadcrumb\",\"itemListElement\":[{\"@type\":\"ListItem\",\"position\":1,\"name\":\"Home\",\"item\":\"https:\\\/\\\/spaziospadoni.org\\\/fr\\\/\"},{\"@type\":\"ListItem\",\"position\":2,\"name\":\"Organismes de formation\",\"item\":\"https:\\\/\\\/spaziospadoni.org\\\/fr\\\/organismes-de-formation\\\/\"},{\"@type\":\"ListItem\",\"position\":3,\"name\":\"Communaut\u00e9 paroissiale de Saint-Eug\u00e8ne\"}]},{\"@type\":\"WebSite\",\"@id\":\"https:\\\/\\\/spaziospadoni.org\\\/fr\\\/#website\",\"url\":\"https:\\\/\\\/spaziospadoni.org\\\/fr\\\/\",\"name\":\"spazio + spadoni\",\"description\":\"Generazione di misericordia e missione nel mondo\",\"publisher\":{\"@id\":\"https:\\\/\\\/spaziospadoni.org\\\/fr\\\/#organization\"},\"alternateName\":\"spaziospadoni.org\",\"potentialAction\":[{\"@type\":\"SearchAction\",\"target\":{\"@type\":\"EntryPoint\",\"urlTemplate\":\"https:\\\/\\\/spaziospadoni.org\\\/fr\\\/?s={search_term_string}\"},\"query-input\":{\"@type\":\"PropertyValueSpecification\",\"valueRequired\":true,\"valueName\":\"search_term_string\"}}],\"inLanguage\":\"fr-FR\"},{\"@type\":\"Organization\",\"@id\":\"https:\\\/\\\/spaziospadoni.org\\\/fr\\\/#organization\",\"name\":\"spazio + spadoni\",\"alternateName\":\"spaziospadoni.org\",\"url\":\"https:\\\/\\\/spaziospadoni.org\\\/fr\\\/\",\"logo\":{\"@type\":\"ImageObject\",\"inLanguage\":\"fr-FR\",\"@id\":\"https:\\\/\\\/spaziospadoni.org\\\/fr\\\/#\\\/schema\\\/logo\\\/image\\\/\",\"url\":\"https:\\\/\\\/spaziospadoni.org\\\/wp-content\\\/uploads\\\/2026\\\/05\\\/spazio-spadoni-logo-100x100-1.webp\",\"contentUrl\":\"https:\\\/\\\/spaziospadoni.org\\\/wp-content\\\/uploads\\\/2026\\\/05\\\/spazio-spadoni-logo-100x100-1.webp\",\"width\":100,\"height\":100,\"caption\":\"spazio + spadoni\"},\"image\":{\"@id\":\"https:\\\/\\\/spaziospadoni.org\\\/fr\\\/#\\\/schema\\\/logo\\\/image\\\/\"},\"sameAs\":[\"https:\\\/\\\/www.facebook.com\\\/SpazioSpadoni\\\/\",\"https:\\\/\\\/www.instagram.com\\\/spaziospadoni\\\/\",\"https:\\\/\\\/www.youtube.com\\\/@spaziospadoni\\\/playlists\"]}]}<\/script>\n<!-- \/ Yoast SEO plugin. -->","yoast_head_json":{"title":"Communaut\u00e9 paroissiale de Saint-Eug\u00e8ne | Spazio Spadoni","description":"La Communaut\u00e9 paroissiale de Saint-Eug\u00e8ne, compos\u00e9e des paroisses de Badia di Cantignano, Coselli, Guamo, Verciano et Vorno, constitue un solide point de","robots":{"index":"index","follow":"follow","max-snippet":"max-snippet:-1","max-image-preview":"max-image-preview:large","max-video-preview":"max-video-preview:-1"},"canonical":"https:\/\/spaziospadoni.org\/fr\/organismes-de-formation\/communaute-paroissiale-de-saint-eugene\/","og_locale":"fr_FR","og_type":"article","og_title":"Communaut\u00e9 paroissiale de Saint-Eug\u00e8ne | Spazio Spadoni","og_description":"La Communaut\u00e9 paroissiale de Saint-Eug\u00e8ne, compos\u00e9e des paroisses de Badia di Cantignano, Coselli, Guamo, Verciano et Vorno, constitue un solide point de","og_url":"https:\/\/spaziospadoni.org\/fr\/organismes-de-formation\/communaute-paroissiale-de-saint-eugene\/","og_site_name":"spazio + spadoni","article_publisher":"https:\/\/www.facebook.com\/SpazioSpadoni\/","article_modified_time":"2026-08-21T14:53:02+00:00","og_image":[{"width":500,"height":500,"url":"https:\/\/spaziospadoni.org\/wp-content\/uploads\/2026\/05\/Comunita-Parrocchiale-di-SantEugenio.jpg","type":"image\/jpeg"}],"twitter_card":"summary_large_image","twitter_misc":{"Est. reading time":"2 minutes"},"schema":{"@context":"https:\/\/schema.org","@graph":[{"@type":"WebPage","@id":"https:\/\/spaziospadoni.org\/fr\/organismes-de-formation\/communaute-paroissiale-de-saint-eugene\/","url":"https:\/\/spaziospadoni.org\/fr\/organismes-de-formation\/communaute-paroissiale-de-saint-eugene\/","name":"Communaut\u00e9 paroissiale de Saint-Eug\u00e8ne | Spazio Spadoni","isPartOf":{"@id":"https:\/\/spaziospadoni.org\/fr\/#website"},"primaryImageOfPage":{"@id":"https:\/\/spaziospadoni.org\/fr\/organismes-de-formation\/communaute-paroissiale-de-saint-eugene\/#primaryimage"},"image":{"@id":"https:\/\/spaziospadoni.org\/fr\/organismes-de-formation\/communaute-paroissiale-de-saint-eugene\/#primaryimage"},"thumbnailUrl":"https:\/\/spaziospadoni.org\/wp-content\/uploads\/2026\/05\/Comunita-Parrocchiale-di-SantEugenio.jpg","datePublished":"2026-05-20T13:23:08+00:00","dateModified":"2026-08-21T14:53:02+00:00","description":"La Communaut\u00e9 paroissiale de Saint-Eug\u00e8ne, compos\u00e9e des paroisses de Badia di Cantignano, Coselli, Guamo, Verciano et Vorno, constitue un solide point de","breadcrumb":{"@id":"https:\/\/spaziospadoni.org\/fr\/organismes-de-formation\/communaute-paroissiale-de-saint-eugene\/#breadcrumb"},"inLanguage":"fr-FR","potentialAction":[{"@type":"ReadAction","target":["https:\/\/spaziospadoni.org\/fr\/organismes-de-formation\/communaute-paroissiale-de-saint-eugene\/"]}]},{"@type":"ImageObject","inLanguage":"fr-FR","@id":"https:\/\/spaziospadoni.org\/fr\/organismes-de-formation\/communaute-paroissiale-de-saint-eugene\/#primaryimage","url":"https:\/\/spaziospadoni.org\/wp-content\/uploads\/2026\/05\/Comunita-Parrocchiale-di-SantEugenio.jpg","contentUrl":"https:\/\/spaziospadoni.org\/wp-content\/uploads\/2026\/05\/Comunita-Parrocchiale-di-SantEugenio.jpg"},{"@type":"BreadcrumbList","@id":"https:\/\/spaziospadoni.org\/fr\/organismes-de-formation\/communaute-paroissiale-de-saint-eugene\/#breadcrumb","itemListElement":[{"@type":"ListItem","position":1,"name":"Home","item":"https:\/\/spaziospadoni.org\/fr\/"},{"@type":"ListItem","position":2,"name":"Organismes de formation","item":"https:\/\/spaziospadoni.org\/fr\/organismes-de-formation\/"},{"@type":"ListItem","position":3,"name":"Communaut\u00e9 paroissiale de Saint-Eug\u00e8ne"}]},{"@type":"WebSite","@id":"https:\/\/spaziospadoni.org\/fr\/#website","url":"https:\/\/spaziospadoni.org\/fr\/","name":"spazio + spadoni","description":"Generazione di misericordia e missione nel mondo","publisher":{"@id":"https:\/\/spaziospadoni.org\/fr\/#organization"},"alternateName":"spaziospadoni.org","potentialAction":[{"@type":"SearchAction","target":{"@type":"EntryPoint","urlTemplate":"https:\/\/spaziospadoni.org\/fr\/?s={search_term_string}"},"query-input":{"@type":"PropertyValueSpecification","valueRequired":true,"valueName":"search_term_string"}}],"inLanguage":"fr-FR"},{"@type":"Organization","@id":"https:\/\/spaziospadoni.org\/fr\/#organization","name":"spazio + spadoni","alternateName":"spaziospadoni.org","url":"https:\/\/spaziospadoni.org\/fr\/","logo":{"@type":"ImageObject","inLanguage":"fr-FR","@id":"https:\/\/spaziospadoni.org\/fr\/#\/schema\/logo\/image\/","url":"https:\/\/spaziospadoni.org\/wp-content\/uploads\/2026\/05\/spazio-spadoni-logo-100x100-1.webp","contentUrl":"https:\/\/spaziospadoni.org\/wp-content\/uploads\/2026\/05\/spazio-spadoni-logo-100x100-1.webp","width":100,"height":100,"caption":"spazio + spadoni"},"image":{"@id":"https:\/\/spaziospadoni.org\/fr\/#\/schema\/logo\/image\/"},"sameAs":["https:\/\/www.facebook.com\/SpazioSpadoni\/","https:\/\/www.instagram.com\/spaziospadoni\/","https:\/\/www.youtube.com\/@spaziospadoni\/playlists"]}]}},"_links":{"self":[{"href":"https:\/\/spaziospadoni.org\/fr\/wp-json\/wp\/v2\/pages\/78175","targetHints":{"allow":["GET"]}}],"collection":[{"href":"https:\/\/spaziospadoni.org\/fr\/wp-json\/wp\/v2\/pages"}],"about":[{"href":"https:\/\/spaziospadoni.org\/fr\/wp-json\/wp\/v2\/types\/page"}],"author":[{"embeddable":true,"href":"https:\/\/spaziospadoni.org\/fr\/wp-json\/wp\/v2\/users\/102"}],"replies":[{"embeddable":true,"href":"https:\/\/spaziospadoni.org\/fr\/wp-json\/wp\/v2\/comments?post=78175"}],"version-history":[{"count":1,"href":"https:\/\/spaziospadoni.org\/fr\/wp-json\/wp\/v2\/pages\/78175\/revisions"}],"predecessor-version":[{"id":91614,"href":"https:\/\/spaziospadoni.org\/fr\/wp-json\/wp\/v2\/pages\/78175\/revisions\/91614"}],"up":[{"embeddable":true,"href":"https:\/\/spaziospadoni.org\/fr\/wp-json\/wp\/v2\/pages\/73245"}],"wp:attachment":[{"href":"https:\/\/spaziospadoni.org\/fr\/wp-json\/wp\/v2\/media?parent=78175"}],"curies":[{"name":"wp","href":"https:\/\/api.w.org\/{rel}","templated":true}]}}