{"id":78201,"date":"2026-05-20T13:50:23","date_gmt":"2026-05-20T12:50:23","guid":{"rendered":"https:\/\/spaziospadoni.org\/organismes-de-formation\/confraternita-di-misericordia-di-anghiari\/"},"modified":"2026-08-21T16:58:06","modified_gmt":"2026-08-21T15:58:06","slug":"confrerie-de-la-misericorde-danghiari","status":"publish","type":"page","link":"https:\/\/spaziospadoni.org\/fr\/organismes-de-formation\/confrerie-de-la-misericorde-danghiari\/","title":{"rendered":"Confr\u00e9rie de la Mis\u00e9ricorde d\u2019Anghiari"},"content":{"rendered":"\n<p class=\"wp-block-paragraph\">La Confr\u00e9rie de la Mis\u00e9ricorde d\u2019Anghiari est une association de b\u00e9n\u00e9voles qui fait partie du Mouvement des Confr\u00e9ries de la Mis\u00e9ricorde, fond\u00e9 \u00e0 Florence en 1244 par Pietro da Verona, qui devint par la suite saint Pierre martyr. Aujourd\u2019hui, les Confr\u00e9ries de la Mis\u00e9ricorde sont pr\u00e9sentes en Italie et \u00e0 l\u2019\u00e9tranger avec plus de 700 confr\u00e9ries.<\/p>\n\n\n<div class=\"wp-block-image\">\n<figure class=\"aligncenter size-full is-resized\"><img decoding=\"async\" width=\"600\" height=\"73\" src=\"https:\/\/spaziospadoni.org\/wp-content\/uploads\/2026\/05\/images.png\" alt=\"Confr\u00e9rie de la Mis\u00e9ricorde d\u2019Anghiari\" class=\"wp-image-45748\" style=\"width:566px;height:auto\" srcset=\"https:\/\/spaziospadoni.org\/wp-content\/uploads\/2026\/05\/images.png 600w, https:\/\/spaziospadoni.org\/wp-content\/uploads\/2026\/05\/images-300x37.png 300w\" sizes=\"(max-width: 600px) 100vw, 600px\" \/><\/figure>\n<\/div>\n\n\n<h2 id=\"histoirenbsp\" class=\"wp-block-heading\"><strong>Histoire<\/strong> <\/h2>\n\n\n\n<p class=\"wp-block-paragraph\">Le mouvement caritatif organis\u00e9 vit le jour \u00e0 Anghiari en 1348, avec la fondation de la \u00ab\u00a0Compagnie de Sainte-Marie de la Mis\u00e9ricorde\u00a0\u00bb, \u00e9galement connue sous le nom de \u00ab\u00a0Compagnie des Noirs\u00a0\u00bb, aux c\u00f4t\u00e9s de la \u00ab\u00a0Fraternit\u00e9 de Sainte-Marie du Borghetto\u00a0\u00bb ou \u00ab\u00a0Fraternit\u00e9 d\u2019Anghiari\u00a0\u00bb. La \u201cCompagnie du Saint-Esprit\u201d naquit en 1564 et devint ensuite la \u201cConfr\u00e9rie de la Mis\u00e9ricorde\u201d. Les Chapitres statutaires de la Confr\u00e9rie, approuv\u00e9s en 1817, constituent le premier recueil organique de r\u00e8gles r\u00e9gissant son action qui soit parvenu jusqu\u2019\u00e0 nous. En 1855 fut approuv\u00e9 le \u00ab R\u00e8glement des \u0153uvres de bienfaisance \u00bb, une \u00e9tape importante pour l\u2019Institution et le pr\u00e9lude \u00e0 un engagement qui deviendrait l\u2019un des piliers de sa future activit\u00e9 d\u2019assistance. Y sont ainsi consign\u00e9s les services accomplis jusque-l\u00e0 par les Confr\u00e8res dans un pur esprit d\u2019assistance, notamment le transport des malades \u00e0 l\u2019h\u00f4pital ; le R\u00e8glement pr\u00e9voit \u00e9galement l\u2019assistance aux malades et des collectes hebdomadaires en faveur des pauvres.&nbsp;<\/p>\n\n\n\n<p class=\"wp-block-paragraph\">Le 24 ao\u00fbt 1856, la Confr\u00e9rie de la Mis\u00e9ricorde d\u2019Anghiari fut affili\u00e9e \u00e0 la v\u00e9n\u00e9rable \u00ab\u00a0Archiconfr\u00e9rie de la Mis\u00e9ricorde de Florence\u00a0\u00bb. Par d\u00e9cret royal du 5 mai 1863, date fondamentale dans l\u2019histoire de l\u2019Institution, la Compagnie fut reconnue comme \u00ab Personne morale \u00bb, sous le titre de \u201cConfr\u00e9rie de la Mis\u00e9ricorde\u201d ; les nouveaux Statuts de 1863, en pr\u00e9paration depuis juillet 1859, t\u00e9moignent de la volont\u00e9 tenace de la Confr\u00e9rie de participer \u00e0 la vie de la communaut\u00e9 urbaine et d\u2019en investir tous les aspects, gr\u00e2ce \u00e0 un engagement constant que les affili\u00e9s sont appel\u00e9s \u00e0 maintenir. Dans la seconde moiti\u00e9 du XIXe si\u00e8cle, la Confr\u00e9rie de la Mis\u00e9ricorde d\u2019Anghiari s\u2019affirma comme une institution en plein essor. Les suppressions des \u00e9poques l\u00e9opoldine et napol\u00e9onienne n\u2019\u00e9taient plus que de lointains souvenirs, vestiges d\u2019une \u00e9poque per\u00e7ue \u00e0 des ann\u00e9es-lumi\u00e8re des progr\u00e8s accomplis par la Compagnie au cours des derni\u00e8res d\u00e9cennies.&nbsp;<\/p>\n\n\n\n<p class=\"wp-block-paragraph\">En 1869, la Confr\u00e9rie de la Mis\u00e9ricorde d\u00e9cr\u00e9ta l\u2019ouverture prochaine d\u2019un nouvel h\u00f4pital, qui accueillit effectivement ses premiers patients l\u2019ann\u00e9e suivante sous le nom de \u00ab\u00a0H\u00f4pital de la Mis\u00e9ricorde\u00a0\u00bb, en souvenir du r\u00f4le fondamental jou\u00e9 par la Confr\u00e9rie dans sa fondation ; durant les cinq premi\u00e8res ann\u00e9es, l\u2019administration de l\u2019h\u00f4pital resta commune \u00e0 celle de l\u2019institution elle-m\u00eame. La loi Crispi n\u00b0 6972 du 17 juillet 1890 et son r\u00e8glement d\u2019application, promulgu\u00e9 par le d\u00e9cret royal n\u00b0 99 du 5 f\u00e9vrier 1891, d\u00e9cr\u00e9t\u00e8rent la transformation de la bienfaisance priv\u00e9e en bienfaisance publique, portant une nouvelle atteinte \u00e0 l\u2019autonomie et \u00e0 l\u2019ind\u00e9pendance de la Confr\u00e9rie, qui fut contrainte de proc\u00e9der \u00e0 une autre importante modification de ses statuts. Le nouveau projet de statuts, approuv\u00e9 par le Magistrat le 24 avril 1899 et par l\u2019Assembl\u00e9e des Confr\u00e8res le 7 mai suivant, fut soumis \u00e0 l\u2019autorit\u00e9 de l\u2019\u00c9tat pour l\u2019approbation n\u00e9cessaire. Commen\u00e7a alors un long et difficile processus entre la Confr\u00e9rie et le Conseil d\u2019\u00c9tat qui, par l\u2019interm\u00e9diaire de la pr\u00e9fecture d\u2019Arezzo, proposa de nouvelles modifications au projet initial. Apr\u00e8s plus de trois ann\u00e9es d\u2019une lutte acharn\u00e9e pour d\u00e9fendre son histoire et les principes qui fondent l\u2019existence de l\u2019Institution, l\u2019Assembl\u00e9e g\u00e9n\u00e9rale des Confr\u00e8res accepta certains amendements au nouveau projet de statuts, officiellement sanctionn\u00e9 et approuv\u00e9 par le d\u00e9cret royal du 21 octobre 1903. Bien que contrainte de composer avec l\u2019autorit\u00e9 sup\u00e9rieure, la Confr\u00e9rie parvint ainsi \u00e0 pr\u00e9server son ind\u00e9pendance.<\/p>\n\n\n\n<p class=\"wp-block-paragraph\">En 1899, \u00e0 Pistoia, 40 confr\u00e9ries cr\u00e9\u00e8rent la \u201cF\u00e9d\u00e9ration des Confr\u00e9ries de la Mis\u00e9ricorde\u201d, qui devint en 1947 la \u201cConf\u00e9d\u00e9ration nationale des Confr\u00e9ries de la Mis\u00e9ricorde d\u2019Italie\u201d, \u00e0 laquelle est affili\u00e9e la Confr\u00e9rie de la Mis\u00e9ricorde d\u2019Anghiari. D\u00e8s le d\u00e9but de 1971, la Compagnie ressentit la n\u00e9cessit\u00e9 de r\u00e9viser les Statuts en vigueur depuis 1903, devenus inadapt\u00e9s aux nouveaux besoins sociaux, qui exigeaient une mise \u00e0 jour des objectifs statutaires des Confr\u00e9ries de la Mis\u00e9ricorde fond\u00e9e sur des formes d\u2019intervention nouvelles et plus modernes.&nbsp;<\/p>\n\n\n\n<p class=\"wp-block-paragraph\">En 1972 commen\u00e7a l\u2019\u00e9laboration de nouveaux Statuts sur la base de ceux propos\u00e9s par la Conf\u00e9d\u00e9ration nationale, soigneusement \u00e9tudi\u00e9s afin de les adapter aux besoins locaux. Le projet fut approuv\u00e9 par l\u2019Assembl\u00e9e g\u00e9n\u00e9rale des Confr\u00e8res, r\u00e9unie le 11 juin 1972, puis envoy\u00e9 \u00e0 la R\u00e9gion Toscane afin d\u2019obtenir l\u2019approbation n\u00e9cessaire, qui n\u2019arriverait que plusieurs ann\u00e9es plus tard.&nbsp;<\/p>\n\n\n\n<p class=\"wp-block-paragraph\">Le champ des activit\u00e9s men\u00e9es par l\u2019Institution d\u00e9passait d\u00e9sormais le seul cadre local. Pr\u00eate \u00e0 intervenir en cas de catastrophe naturelle, la Confr\u00e9rie de la Mis\u00e9ricorde d\u2019Anghiari apporta une aide pr\u00e9cieuse aux populations du Frioul frapp\u00e9es par le s\u00e9isme du 6 mai 1976, donnant l\u2019exemple d\u2019une institution active et participative, pleinement int\u00e9gr\u00e9e et engag\u00e9e dans les \u00e9v\u00e9nements nationaux.&nbsp;<\/p>\n\n\n\n<p class=\"wp-block-paragraph\">Les nouvelles dispositions l\u00e9gislatives risquaient toutefois d\u2019an\u00e9antir des ann\u00e9es d\u2019efforts et de rouvrir le gouffre auquel la Confr\u00e9rie avait \u00e9chapp\u00e9 en 1903.&nbsp;<\/p>\n\n\n\n<p class=\"wp-block-paragraph\">L\u2019article 25 du d\u00e9cret du pr\u00e9sident de la R\u00e9publique n\u00b0 616 du 24 juillet 1977 attribua aux communes toutes les fonctions administratives relatives \u00e0 l\u2019organisation et \u00e0 la prestation des services d\u2019assistance et de bienfaisance ; en cons\u00e9quence, le cinqui\u00e8me alin\u00e9a de cet article \u00e9tablit le transfert aux communes des fonctions, du personnel et des biens des institutions concern\u00e9es actives \u00e0 l\u2019\u00e9chelle r\u00e9gionale. Alfredo Merlini, alors pr\u00e9sident de la Conf\u00e9d\u00e9ration nationale, r\u00e9ussit toutefois \u00e0 obtenir du Parlement l\u2019approbation de l\u2019article 45 de la loi n\u00b0 833 du 23 d\u00e9cembre 1978 sur le Service national de sant\u00e9, en vertu duquel les Confr\u00e9ries de la Mis\u00e9ricorde ayant la nature juridique d\u2019IPAB furent exempt\u00e9es de la suppression pr\u00e9vue par le tristement c\u00e9l\u00e8bre article 25.&nbsp;<\/p>\n\n\n\n<p class=\"wp-block-paragraph\">Ce n\u2019est donc que gr\u00e2ce \u00e0 l\u2019action infatigable de la Conf\u00e9d\u00e9ration nationale des Confr\u00e9ries de la Mis\u00e9ricorde d\u2019Italie que les institutions similaires actives dans la p\u00e9ninsule purent \u00e9chapper \u00e0 l\u2019oubli auquel la loi les aurait condamn\u00e9es.&nbsp;<\/p>\n\n\n\n<p class=\"wp-block-paragraph\">En octobre 1985, la Confr\u00e9rie a finalement \u00e9t\u00e9 d\u00e9clar\u00e9e en possession des exigences \u00e9tablies par la nouvelle loi et incluse parmi les institutions associatives dont les activit\u00e9s sont bas\u00e9es sur les services volontaires et personnels des membres.&nbsp;&nbsp;<\/p>\n\n\n\n<p class=\"wp-block-paragraph\">Aujourd\u2019hui, la Confr\u00e9rie de la Mis\u00e9ricorde d\u2019Anghiari entend faire sien le message que le Souverain Pontife Jean-Paul II adressa aux Confr\u00e9ries de la Mis\u00e9ricorde lors de l\u2019audience du 14 juin 1986 ; cette rencontre marqua un nouveau tournant historique pour les Confr\u00e9ries de la Mis\u00e9ricorde italiennes \u00e0 l\u2019aube du troisi\u00e8me mill\u00e9naire, un parcours qui les voit comme des \u00ab promotrices de la civilisation de l\u2019amour et d\u2019infatigables t\u00e9moins de la culture de la charit\u00e9 \u00bb.&nbsp;<\/p>\n\n\n\n<h2 id=\"activitesnbsp\" class=\"wp-block-heading\"><strong>Activit\u00e9s<\/strong> <\/h2>\n\n\n\n<ul class=\"wp-block-list\">\n<li>AIDE AU PROCHAIN\u00a0<\/li>\n\n\n\n<li>ASSISTANCE AUX PERSONNES HANDICAP\u00c9ES ET \u00c2G\u00c9ES\u00a0<\/li>\n\n\n\n<li>TRANSPORT DES BLESS\u00c9S ET MALADES PAR AMBULANCE\u00a0<\/li>\n\n\n\n<li>INTERVENTIONS EN CAS DE CATASTROPHES (PROTECTION CIVILE)\u00a0<\/li>\n\n\n\n<li>DONATION\u00a0<\/li>\n\n\n\n<li>TRANSPORTS SOCIAUX\u00a0<\/li>\n\n\n\n<li>TRANSPORT M\u00c9DICO-SOCIAL\u00a0<\/li>\n\n\n\n<li>COURS DE FORMATION \u00c0 LA CITOYENNET\u00c9\u00a0<\/li>\n<\/ul>\n\n\n\n<h2 id=\"contacts%25c2%25a0\" class=\"wp-block-heading\"><strong>Contacts<\/strong>\u00a0<\/h2>\n\n\n\n<p class=\"wp-block-paragraph\">Corso Giacomo Matteotti, 129 \u2013 52031 Anghiari (AR)&nbsp;<\/p>\n\n\n\n<p class=\"wp-block-paragraph\">T\u00e9l. +390575789577&nbsp;<\/p>\n\n\n\n<p class=\"wp-block-paragraph\"><a href=\"http:\/\/www.misericordiadianghiari.org\/\" target=\"_blank\" rel=\"noreferrer noopener nofollow\" title=\"http:\/\/www.misericordiadianghiari.org\/\">http:\/\/www.misericordiadianghiari.org\/<\/a>&nbsp;<\/p>\n\n\n\n<p class=\"wp-block-paragraph\"><a href=\"https:\/\/www.facebook.com\/Confraternita-di-Misericordia-di-Anghiari-303840523122761\/\" target=\"_blank\" rel=\"noreferrer noopener nofollow\" title=\"https:\/\/www.facebook.com\/Confraternita-di-Misericordia-di-Anghiari-303840523122761\/\">https:\/\/www.facebook.com\/Confraternita-di-Misericordia-di-Anghiari-303840523122761\/<\/a><\/p>\n","protected":false},"excerpt":{"rendered":"<p>La Confr\u00e9rie de la Mis\u00e9ricorde d\u2019Anghiari est une association de b\u00e9n\u00e9voles qui fait partie du Mouvement des Confr\u00e9ries de la Mis\u00e9ricorde, fond\u00e9 \u00e0 Florence en 1244 par Pietro da Verona, qui devint par la suite saint Pierre martyr. Aujourd\u2019hui, les Confr\u00e9ries de la Mis\u00e9ricorde sont pr\u00e9sentes en Italie et \u00e0 l\u2019\u00e9tranger avec plus de 700 &#8230; <a title=\"Confr\u00e9rie de la Mis\u00e9ricorde d\u2019Anghiari\" class=\"read-more\" href=\"https:\/\/spaziospadoni.org\/fr\/organismes-de-formation\/confrerie-de-la-misericorde-danghiari\/\" aria-label=\"Read more about Confr\u00e9rie de la Mis\u00e9ricorde d\u2019Anghiari\">Lire plus<\/a><\/p>\n","protected":false},"author":102,"featured_media":0,"parent":73245,"menu_order":0,"comment_status":"closed","ping_status":"closed","template":"","meta":{"_sitemap_exclude":false,"_sitemap_priority":"","_sitemap_frequency":"","footnotes":""},"class_list":["post-78201","page","type-page","status-publish","infinite-scroll-item"],"yoast_head":"<!-- This site is optimized with the Yoast SEO plugin v28.4 - https:\/\/yoast.com\/product\/yoast-seo-wordpress\/ -->\n<title>Confr\u00e9rie de la Mis\u00e9ricorde d\u2019Anghiari | Spazio Spadoni<\/title>\n<meta name=\"description\" content=\"La Confr\u00e9rie de la Mis\u00e9ricorde d\u2019Anghiari est une association de b\u00e9n\u00e9voles qui fait partie du Mouvement des Confr\u00e9ries de la Mis\u00e9ricorde, fond\u00e9 \u00e0 Florence\" \/>\n<meta name=\"robots\" content=\"index, follow, max-snippet:-1, max-image-preview:large, max-video-preview:-1\" \/>\n<link rel=\"canonical\" href=\"https:\/\/spaziospadoni.org\/fr\/organismes-de-formation\/confrerie-de-la-misericorde-danghiari\/\" \/>\n<meta property=\"og:locale\" content=\"fr_FR\" \/>\n<meta property=\"og:type\" content=\"article\" \/>\n<meta property=\"og:title\" content=\"Confr\u00e9rie de la Mis\u00e9ricorde d\u2019Anghiari | Spazio Spadoni\" \/>\n<meta property=\"og:description\" content=\"La Confr\u00e9rie de la Mis\u00e9ricorde d\u2019Anghiari est une association de b\u00e9n\u00e9voles qui fait partie du Mouvement des Confr\u00e9ries de la Mis\u00e9ricorde, fond\u00e9 \u00e0 Florence\" \/>\n<meta property=\"og:url\" content=\"https:\/\/spaziospadoni.org\/fr\/organismes-de-formation\/confrerie-de-la-misericorde-danghiari\/\" \/>\n<meta property=\"og:site_name\" content=\"spazio + spadoni\" \/>\n<meta property=\"article:publisher\" content=\"https:\/\/www.facebook.com\/SpazioSpadoni\/\" \/>\n<meta property=\"article:modified_time\" content=\"2026-08-21T15:58:06+00:00\" \/>\n<meta property=\"og:image\" content=\"https:\/\/spaziospadoni.org\/wp-content\/uploads\/2026\/05\/images.png\" \/>\n\t<meta property=\"og:image:width\" content=\"600\" \/>\n\t<meta property=\"og:image:height\" content=\"73\" \/>\n\t<meta property=\"og:image:type\" content=\"image\/png\" \/>\n<meta name=\"twitter:card\" content=\"summary_large_image\" \/>\n<meta name=\"twitter:label1\" content=\"Est. reading time\" \/>\n\t<meta name=\"twitter:data1\" content=\"7 minutes\" \/>\n<script type=\"application\/ld+json\" class=\"yoast-schema-graph\">{\"@context\":\"https:\\\/\\\/schema.org\",\"@graph\":[{\"@type\":\"WebPage\",\"@id\":\"https:\\\/\\\/spaziospadoni.org\\\/fr\\\/organismes-de-formation\\\/confrerie-de-la-misericorde-danghiari\\\/\",\"url\":\"https:\\\/\\\/spaziospadoni.org\\\/fr\\\/organismes-de-formation\\\/confrerie-de-la-misericorde-danghiari\\\/\",\"name\":\"Confr\u00e9rie de la Mis\u00e9ricorde d\u2019Anghiari | Spazio Spadoni\",\"isPartOf\":{\"@id\":\"https:\\\/\\\/spaziospadoni.org\\\/fr\\\/#website\"},\"primaryImageOfPage\":{\"@id\":\"https:\\\/\\\/spaziospadoni.org\\\/fr\\\/organismes-de-formation\\\/confrerie-de-la-misericorde-danghiari\\\/#primaryimage\"},\"image\":{\"@id\":\"https:\\\/\\\/spaziospadoni.org\\\/fr\\\/organismes-de-formation\\\/confrerie-de-la-misericorde-danghiari\\\/#primaryimage\"},\"thumbnailUrl\":\"https:\\\/\\\/spaziospadoni.org\\\/wp-content\\\/uploads\\\/2026\\\/05\\\/images.png\",\"datePublished\":\"2026-05-20T12:50:23+00:00\",\"dateModified\":\"2026-08-21T15:58:06+00:00\",\"description\":\"La Confr\u00e9rie de la Mis\u00e9ricorde d\u2019Anghiari est une association de b\u00e9n\u00e9voles qui fait partie du Mouvement des Confr\u00e9ries de la Mis\u00e9ricorde, fond\u00e9 \u00e0 Florence\",\"breadcrumb\":{\"@id\":\"https:\\\/\\\/spaziospadoni.org\\\/fr\\\/organismes-de-formation\\\/confrerie-de-la-misericorde-danghiari\\\/#breadcrumb\"},\"inLanguage\":\"fr-FR\",\"potentialAction\":[{\"@type\":\"ReadAction\",\"target\":[\"https:\\\/\\\/spaziospadoni.org\\\/fr\\\/organismes-de-formation\\\/confrerie-de-la-misericorde-danghiari\\\/\"]}]},{\"@type\":\"ImageObject\",\"inLanguage\":\"fr-FR\",\"@id\":\"https:\\\/\\\/spaziospadoni.org\\\/fr\\\/organismes-de-formation\\\/confrerie-de-la-misericorde-danghiari\\\/#primaryimage\",\"url\":\"https:\\\/\\\/spaziospadoni.org\\\/wp-content\\\/uploads\\\/2026\\\/05\\\/images.png\",\"contentUrl\":\"https:\\\/\\\/spaziospadoni.org\\\/wp-content\\\/uploads\\\/2026\\\/05\\\/images.png\"},{\"@type\":\"BreadcrumbList\",\"@id\":\"https:\\\/\\\/spaziospadoni.org\\\/fr\\\/organismes-de-formation\\\/confrerie-de-la-misericorde-danghiari\\\/#breadcrumb\",\"itemListElement\":[{\"@type\":\"ListItem\",\"position\":1,\"name\":\"Home\",\"item\":\"https:\\\/\\\/spaziospadoni.org\\\/fr\\\/\"},{\"@type\":\"ListItem\",\"position\":2,\"name\":\"Organismes de formation\",\"item\":\"https:\\\/\\\/spaziospadoni.org\\\/fr\\\/organismes-de-formation\\\/\"},{\"@type\":\"ListItem\",\"position\":3,\"name\":\"Confr\u00e9rie de la Mis\u00e9ricorde d\u2019Anghiari\"}]},{\"@type\":\"WebSite\",\"@id\":\"https:\\\/\\\/spaziospadoni.org\\\/fr\\\/#website\",\"url\":\"https:\\\/\\\/spaziospadoni.org\\\/fr\\\/\",\"name\":\"spazio + spadoni\",\"description\":\"Generazione di misericordia e missione nel mondo\",\"publisher\":{\"@id\":\"https:\\\/\\\/spaziospadoni.org\\\/fr\\\/#organization\"},\"alternateName\":\"spaziospadoni.org\",\"potentialAction\":[{\"@type\":\"SearchAction\",\"target\":{\"@type\":\"EntryPoint\",\"urlTemplate\":\"https:\\\/\\\/spaziospadoni.org\\\/fr\\\/?s={search_term_string}\"},\"query-input\":{\"@type\":\"PropertyValueSpecification\",\"valueRequired\":true,\"valueName\":\"search_term_string\"}}],\"inLanguage\":\"fr-FR\"},{\"@type\":\"Organization\",\"@id\":\"https:\\\/\\\/spaziospadoni.org\\\/fr\\\/#organization\",\"name\":\"spazio + spadoni\",\"alternateName\":\"spaziospadoni.org\",\"url\":\"https:\\\/\\\/spaziospadoni.org\\\/fr\\\/\",\"logo\":{\"@type\":\"ImageObject\",\"inLanguage\":\"fr-FR\",\"@id\":\"https:\\\/\\\/spaziospadoni.org\\\/fr\\\/#\\\/schema\\\/logo\\\/image\\\/\",\"url\":\"https:\\\/\\\/spaziospadoni.org\\\/wp-content\\\/uploads\\\/2026\\\/05\\\/spazio-spadoni-logo-100x100-1.webp\",\"contentUrl\":\"https:\\\/\\\/spaziospadoni.org\\\/wp-content\\\/uploads\\\/2026\\\/05\\\/spazio-spadoni-logo-100x100-1.webp\",\"width\":100,\"height\":100,\"caption\":\"spazio + spadoni\"},\"image\":{\"@id\":\"https:\\\/\\\/spaziospadoni.org\\\/fr\\\/#\\\/schema\\\/logo\\\/image\\\/\"},\"sameAs\":[\"https:\\\/\\\/www.facebook.com\\\/SpazioSpadoni\\\/\",\"https:\\\/\\\/www.instagram.com\\\/spaziospadoni\\\/\",\"https:\\\/\\\/www.youtube.com\\\/@spaziospadoni\\\/playlists\"]}]}<\/script>\n<!-- \/ Yoast SEO plugin. -->","yoast_head_json":{"title":"Confr\u00e9rie de la Mis\u00e9ricorde d\u2019Anghiari | Spazio Spadoni","description":"La Confr\u00e9rie de la Mis\u00e9ricorde d\u2019Anghiari est une association de b\u00e9n\u00e9voles qui fait partie du Mouvement des Confr\u00e9ries de la Mis\u00e9ricorde, fond\u00e9 \u00e0 Florence","robots":{"index":"index","follow":"follow","max-snippet":"max-snippet:-1","max-image-preview":"max-image-preview:large","max-video-preview":"max-video-preview:-1"},"canonical":"https:\/\/spaziospadoni.org\/fr\/organismes-de-formation\/confrerie-de-la-misericorde-danghiari\/","og_locale":"fr_FR","og_type":"article","og_title":"Confr\u00e9rie de la Mis\u00e9ricorde d\u2019Anghiari | Spazio Spadoni","og_description":"La Confr\u00e9rie de la Mis\u00e9ricorde d\u2019Anghiari est une association de b\u00e9n\u00e9voles qui fait partie du Mouvement des Confr\u00e9ries de la Mis\u00e9ricorde, fond\u00e9 \u00e0 Florence","og_url":"https:\/\/spaziospadoni.org\/fr\/organismes-de-formation\/confrerie-de-la-misericorde-danghiari\/","og_site_name":"spazio + spadoni","article_publisher":"https:\/\/www.facebook.com\/SpazioSpadoni\/","article_modified_time":"2026-08-21T15:58:06+00:00","og_image":[{"width":600,"height":73,"url":"https:\/\/spaziospadoni.org\/wp-content\/uploads\/2026\/05\/images.png","type":"image\/png"}],"twitter_card":"summary_large_image","twitter_misc":{"Est. reading time":"7 minutes"},"schema":{"@context":"https:\/\/schema.org","@graph":[{"@type":"WebPage","@id":"https:\/\/spaziospadoni.org\/fr\/organismes-de-formation\/confrerie-de-la-misericorde-danghiari\/","url":"https:\/\/spaziospadoni.org\/fr\/organismes-de-formation\/confrerie-de-la-misericorde-danghiari\/","name":"Confr\u00e9rie de la Mis\u00e9ricorde d\u2019Anghiari | Spazio Spadoni","isPartOf":{"@id":"https:\/\/spaziospadoni.org\/fr\/#website"},"primaryImageOfPage":{"@id":"https:\/\/spaziospadoni.org\/fr\/organismes-de-formation\/confrerie-de-la-misericorde-danghiari\/#primaryimage"},"image":{"@id":"https:\/\/spaziospadoni.org\/fr\/organismes-de-formation\/confrerie-de-la-misericorde-danghiari\/#primaryimage"},"thumbnailUrl":"https:\/\/spaziospadoni.org\/wp-content\/uploads\/2026\/05\/images.png","datePublished":"2026-05-20T12:50:23+00:00","dateModified":"2026-08-21T15:58:06+00:00","description":"La Confr\u00e9rie de la Mis\u00e9ricorde d\u2019Anghiari est une association de b\u00e9n\u00e9voles qui fait partie du Mouvement des Confr\u00e9ries de la Mis\u00e9ricorde, fond\u00e9 \u00e0 Florence","breadcrumb":{"@id":"https:\/\/spaziospadoni.org\/fr\/organismes-de-formation\/confrerie-de-la-misericorde-danghiari\/#breadcrumb"},"inLanguage":"fr-FR","potentialAction":[{"@type":"ReadAction","target":["https:\/\/spaziospadoni.org\/fr\/organismes-de-formation\/confrerie-de-la-misericorde-danghiari\/"]}]},{"@type":"ImageObject","inLanguage":"fr-FR","@id":"https:\/\/spaziospadoni.org\/fr\/organismes-de-formation\/confrerie-de-la-misericorde-danghiari\/#primaryimage","url":"https:\/\/spaziospadoni.org\/wp-content\/uploads\/2026\/05\/images.png","contentUrl":"https:\/\/spaziospadoni.org\/wp-content\/uploads\/2026\/05\/images.png"},{"@type":"BreadcrumbList","@id":"https:\/\/spaziospadoni.org\/fr\/organismes-de-formation\/confrerie-de-la-misericorde-danghiari\/#breadcrumb","itemListElement":[{"@type":"ListItem","position":1,"name":"Home","item":"https:\/\/spaziospadoni.org\/fr\/"},{"@type":"ListItem","position":2,"name":"Organismes de formation","item":"https:\/\/spaziospadoni.org\/fr\/organismes-de-formation\/"},{"@type":"ListItem","position":3,"name":"Confr\u00e9rie de la Mis\u00e9ricorde d\u2019Anghiari"}]},{"@type":"WebSite","@id":"https:\/\/spaziospadoni.org\/fr\/#website","url":"https:\/\/spaziospadoni.org\/fr\/","name":"spazio + spadoni","description":"Generazione di misericordia e missione nel mondo","publisher":{"@id":"https:\/\/spaziospadoni.org\/fr\/#organization"},"alternateName":"spaziospadoni.org","potentialAction":[{"@type":"SearchAction","target":{"@type":"EntryPoint","urlTemplate":"https:\/\/spaziospadoni.org\/fr\/?s={search_term_string}"},"query-input":{"@type":"PropertyValueSpecification","valueRequired":true,"valueName":"search_term_string"}}],"inLanguage":"fr-FR"},{"@type":"Organization","@id":"https:\/\/spaziospadoni.org\/fr\/#organization","name":"spazio + spadoni","alternateName":"spaziospadoni.org","url":"https:\/\/spaziospadoni.org\/fr\/","logo":{"@type":"ImageObject","inLanguage":"fr-FR","@id":"https:\/\/spaziospadoni.org\/fr\/#\/schema\/logo\/image\/","url":"https:\/\/spaziospadoni.org\/wp-content\/uploads\/2026\/05\/spazio-spadoni-logo-100x100-1.webp","contentUrl":"https:\/\/spaziospadoni.org\/wp-content\/uploads\/2026\/05\/spazio-spadoni-logo-100x100-1.webp","width":100,"height":100,"caption":"spazio + spadoni"},"image":{"@id":"https:\/\/spaziospadoni.org\/fr\/#\/schema\/logo\/image\/"},"sameAs":["https:\/\/www.facebook.com\/SpazioSpadoni\/","https:\/\/www.instagram.com\/spaziospadoni\/","https:\/\/www.youtube.com\/@spaziospadoni\/playlists"]}]}},"_links":{"self":[{"href":"https:\/\/spaziospadoni.org\/fr\/wp-json\/wp\/v2\/pages\/78201","targetHints":{"allow":["GET"]}}],"collection":[{"href":"https:\/\/spaziospadoni.org\/fr\/wp-json\/wp\/v2\/pages"}],"about":[{"href":"https:\/\/spaziospadoni.org\/fr\/wp-json\/wp\/v2\/types\/page"}],"author":[{"embeddable":true,"href":"https:\/\/spaziospadoni.org\/fr\/wp-json\/wp\/v2\/users\/102"}],"replies":[{"embeddable":true,"href":"https:\/\/spaziospadoni.org\/fr\/wp-json\/wp\/v2\/comments?post=78201"}],"version-history":[{"count":1,"href":"https:\/\/spaziospadoni.org\/fr\/wp-json\/wp\/v2\/pages\/78201\/revisions"}],"predecessor-version":[{"id":91641,"href":"https:\/\/spaziospadoni.org\/fr\/wp-json\/wp\/v2\/pages\/78201\/revisions\/91641"}],"up":[{"embeddable":true,"href":"https:\/\/spaziospadoni.org\/fr\/wp-json\/wp\/v2\/pages\/73245"}],"wp:attachment":[{"href":"https:\/\/spaziospadoni.org\/fr\/wp-json\/wp\/v2\/media?parent=78201"}],"curies":[{"name":"wp","href":"https:\/\/api.w.org\/{rel}","templated":true}]}}