{"id":78215,"date":"2026-05-20T13:56:03","date_gmt":"2026-05-20T12:56:03","guid":{"rendered":"https:\/\/spaziospadoni.org\/organismes-de-formation\/confraternita-di-misericordia-di-camaiore-e-lido\/"},"modified":"2026-08-21T16:28:13","modified_gmt":"2026-08-21T15:28:13","slug":"confrerie-de-la-misericorde-de-camaiore-et-lido","status":"publish","type":"page","link":"https:\/\/spaziospadoni.org\/fr\/organismes-de-formation\/confrerie-de-la-misericorde-de-camaiore-et-lido\/","title":{"rendered":"Confr\u00e9rie de la Mis\u00e9ricorde de Camaiore et Lido"},"content":{"rendered":"\n<p class=\"wp-block-paragraph\">La Confr\u00e9rie de la Mis\u00e9ricorde de Camaiore et Lido est une association de b\u00e9n\u00e9volat qui fait partie du Mouvement des Confr\u00e9ries de la Mis\u00e9ricorde, n\u00e9 en 1244 \u00e0 Florence gr\u00e2ce \u00e0 Pietro da Verona, devenu ensuite saint Pierre martyr. Aujourd\u2019hui, les Confr\u00e9ries de la Mis\u00e9ricorde sont pr\u00e9sentes en Italie et \u00e0 l\u2019\u00e9tranger avec plus de 700 confr\u00e9ries.<\/p>\n\n\n<div class=\"wp-block-image\">\n<figure class=\"aligncenter size-full is-resized\"><img decoding=\"async\" width=\"664\" height=\"664\" src=\"https:\/\/spaziospadoni.org\/wp-content\/uploads\/2026\/05\/Logo-Miselido.png\" alt=\"Confr\u00e9rie de la Mis\u00e9ricorde de Camaiore et Lido\" class=\"wp-image-45687\" style=\"width:306px;height:auto\" srcset=\"https:\/\/spaziospadoni.org\/wp-content\/uploads\/2026\/05\/Logo-Miselido.png 664w, https:\/\/spaziospadoni.org\/wp-content\/uploads\/2026\/05\/Logo-Miselido-300x300.png 300w, https:\/\/spaziospadoni.org\/wp-content\/uploads\/2026\/05\/Logo-Miselido-150x150.png 150w\" sizes=\"(max-width: 664px) 100vw, 664px\" \/><\/figure>\n<\/div>\n\n\n<h2 id=\"h-storia-nbsp\" class=\"wp-block-heading\"><strong>HISTOIRE<\/strong> <\/h2>\n\n\n\n<p class=\"wp-block-paragraph\">La Confr\u00e9rie de la Mis\u00e9ricorde de Camaiore na\u00eet sous le nom de \u201cConfr\u00e9rie de la Mort de Camaiore\u201d il y a environ 4 si\u00e8cles, exactement en 1632. Dans la publication dirig\u00e9e par le confr\u00e8re et professeur Giuseppe Bertacchi, intitul\u00e9e \u201cLa charit\u00e9 en chemin\u201d, il est fait r\u00e9f\u00e9rence \u00e0 certains \u00e9crits et citations historiques qui situeraient la date de constitution en 1450, en la reliant \u00e0 la pr\u00e9dication de saint Bernardin de Sienne aupr\u00e8s de l\u2019\u00e9glise du Suffrage \u00e0 Camaiore, aujourd\u2019hui si\u00e8ge historique de la Confr\u00e9rie de la Mis\u00e9ricorde. Cette date a \u00e9t\u00e9 retenue par la Conf\u00e9d\u00e9ration nationale des Confr\u00e9ries de la Mis\u00e9ricorde d\u2019Italie (Florence, 1966 p. 21), faisant figurer la Confr\u00e9rie de la Mis\u00e9ricorde de Camaiore parmi les 10 plus anciennes de Toscane.&nbsp;Au XIXe si\u00e8cle, apr\u00e8s l\u2019annexion de la R\u00e9publique de Lucques au Grand-duch\u00e9 de Toscane et apr\u00e8s la proclamation du Royaume d\u2019Italie, la Confr\u00e9rie de la Mort de Camaiore prit le titre actuel de Confr\u00e9rie de la Mis\u00e9ricorde de Camaiore, exactement le 29 juillet 1879, et en 1902 elle entra dans la \u201cF\u00e9d\u00e9ration des Confr\u00e9ries de la Mis\u00e9ricorde de Toscane\u201d.&nbsp;Au fil des si\u00e8cles jusqu\u2019\u00e0 nos jours, cette pr\u00e9sence de \u201cLa charit\u00e9 en chemin\u201d dans la communaut\u00e9 de Camaiore a pris en charge le soin des morts, des malades et, plus g\u00e9n\u00e9ralement, des citoyens les plus faibles, d\u00e9veloppant des \u0153uvres de soutien aux pauvres ayant besoin d\u2019aide et d\u2019assistance au niveau local et national, y compris \u00e0 l\u2019occasion des catastrophes naturelles les plus dramatiques, avec la conscience que \u201cla foi sans les \u0153uvres est morte\u201d.&nbsp;Dans les ann\u00e9es qui suivirent la Premi\u00e8re Guerre mondiale, \u00e0 diff\u00e9rents moments, la Confr\u00e9rie de la Mis\u00e9ricorde de Camaiore activa des services socio-sanitaires en faveur de la population r\u00e9sidant sur le territoire de Lido di Camaiore, mais ce n\u2019est qu\u2019au mois d\u2019octobre 1970 que fut fond\u00e9e la section de la Confr\u00e9rie de la Mis\u00e9ricorde de Lido, gr\u00e2ce \u00e9galement \u00e0 l\u2019engagement extraordinaire de nombreux jeunes confr\u00e8res et cons\u0153urs qui lanc\u00e8rent des initiatives et des services excellents en faveur des nombreux r\u00e9sidents et des tr\u00e8s nombreux touristes, comme le rappelait souvent le regrett\u00e9 Pr\u00e9sident national Merlini. Par la suite, en 1980, fut constitu\u00e9e la section de la Confr\u00e9rie de la Mis\u00e9ricorde de Seimiglia, avec si\u00e8ge \u00e0 Valpromaro. En 1989, \u00e0 la suite de certaines difficult\u00e9s de gestion et d\u2019une expulsion du si\u00e8ge historique de via Trieste, la section du Lido fut r\u00e9accueillie par la \u201cMaison m\u00e8re\u201d de Camaiore, formant la Confr\u00e9rie de la Mis\u00e9ricorde de Camaiore et Lido.&nbsp;Apr\u00e8s 5 ans de gestion unitaire, le nouveau si\u00e8ge \u00e0 Lido di Camaiore ayant \u00e9t\u00e9 achev\u00e9e, commenc\u00e9e \u00e0 la fin des ann\u00e9es 70, le d\u00e9tachement des deux r\u00e9alit\u00e9s et la cr\u00e9ation de la Confr\u00e9rie de la Mis\u00e9ricorde de Lido di Camaiore, mieux connue dans les ann\u00e9es suivantes sous le nom de \u201cMiseLido\u201d, furent d\u00e9cid\u00e9s d\u2019un commun accord.&nbsp;\u00c0 partir de la fin de 2015, \u00e0 la suite de difficult\u00e9s de gestion, de vie associative et \u00e9conomiques, la Confr\u00e9rie de la Mis\u00e9ricorde de Camaiore fut plac\u00e9e sous administration par la Conf\u00e9d\u00e9ration nationale des Confr\u00e9ries de la Mis\u00e9ricorde d\u2019Italie. Le projet qui prit progressivement vie, en faisant travailler ensemble les confr\u00e8res et les cons\u0153urs de Lido et de Camaiore, consistait \u00e0 r\u00e9unir les particularit\u00e9s des deux r\u00e9alit\u00e9s (histoire, territoire plus vaste \u00e0 servir, bassin d\u2019usagers, mod\u00e8le organisationnel consolid\u00e9 \u2026) afin de donner naissance \u00e0 une exp\u00e9rimentation de gestion innovante qui, \u00e0 travers un projet de fusion, puisse servir de mod\u00e8le \u00e9galement pour d\u2019autres territoires o\u00f9 se cr\u00e9ent, de plus en plus fr\u00e9quemment, des situations de criticit\u00e9 fonctionnelle.&nbsp;Les deux Associations Confr\u00e9rie de la Mis\u00e9ricorde de Camaiore et Confr\u00e9rie de la Mis\u00e9ricorde de Lido di Camaiore ont approuv\u00e9 le projet de fusion joint, avec les motivations, les modalit\u00e9s et le parcours proc\u00e9dural mis en \u00e9vidence, ainsi que le pr\u00e9sent Statut, lors de leurs assembl\u00e9es respectives du 26\/10\/2019 et du 25\/10\/2019, \u00e9tablissant que la nouvelle r\u00e9alit\u00e9 associative issue du processus de fusion prendra la d\u00e9nomination de \u201cConfr\u00e9rie de la Mis\u00e9ricorde de Camaiore et Lido\u201d.&nbsp;\u00c0 compter du 11 mars 2020, \u00e0 la suite d\u2019un acte sp\u00e9cifique du notaire Iantaffi, la Confr\u00e9rie de la Mis\u00e9ricorde de Camaiore et Lido est une r\u00e9alit\u00e9.&nbsp;<\/p>\n\n\n\n<h2 id=\"h-attivita-nbsp\" class=\"wp-block-heading\"><strong>ACTIVIT\u00c9S<\/strong> <\/h2>\n\n\n\n<p class=\"wp-block-paragraph\">Les activit\u00e9s exerc\u00e9es par la Confr\u00e9rie de la Mis\u00e9ricorde de Camaiore et Lido sont les suivantes&nbsp;<\/p>\n\n\n\n<ul class=\"wp-block-list\">\n<li>SERVICES SOCIO-SANITAIRES&nbsp;<\/li>\n\n\n\n<li>SERVICES D\u2019URGENCE&nbsp;<\/li>\n\n\n\n<li>CENTRES DE JOUR POUR PERSONNES \u00c2G\u00c9ES&nbsp;<\/li>\n\n\n\n<li>AGENCE MAISON ET VILLAGE&nbsp;<\/li>\n\n\n\n<li>ACCUEIL DES MIGRANTS&nbsp;<\/li>\n\n\n\n<li>PROTECTION CIVILE&nbsp;<\/li>\n\n\n\n<li>POMPES FUN\u00c8BRES&nbsp;<\/li>\n\n\n\n<li>AIDE \u00c0 LA PERSONNE&nbsp;<\/li>\n\n\n\n<li>PROJET SOLELUNA&nbsp;<\/li>\n\n\n\n<li>SOUTIEN AUX BIBLIOTH\u00c8QUES ET AIDE AUX DEVOIRS APR\u00c8S L\u2019\u00c9COLE&nbsp;<\/li>\n\n\n\n<li>MISESPORT ET CSI LIDO&nbsp;<\/li>\n\n\n\n<li>ACCUEIL SERVICE CIVIL&nbsp;<\/li>\n\n\n\n<li>PROJET G.eMMe \u2013 JEUNES DES CONFR\u00c9RIES DE LA MIS\u00c9RICORDE&nbsp;<\/li>\n<\/ul>\n\n\n\n<p class=\"wp-block-paragraph\"><a href=\"https:\/\/www.facebook.com\/misecamaiorelido\" target=\"_blank\" rel=\"noreferrer noopener nofollow\" title=\"https:\/\/www.facebook.com\/misecamaiorelido\">https:\/\/www.facebook.com\/misecamaiorelido<\/a><\/p>\n\n\n\n<p class=\"wp-block-paragraph\"><a href=\"https:\/\/www.misericordiacamaiorelido.org\" target=\"_blank\" rel=\"noreferrer noopener nofollow\" title=\"https:\/\/www.misericordiacamaiorelido.org\">https:\/\/www.misericordiacamaiorelido.org<\/a><\/p>\n","protected":false},"excerpt":{"rendered":"<p>La Confr\u00e9rie de la Mis\u00e9ricorde de Camaiore et Lido est une association de b\u00e9n\u00e9volat qui fait partie du Mouvement des Confr\u00e9ries de la Mis\u00e9ricorde, n\u00e9 en 1244 \u00e0 Florence gr\u00e2ce \u00e0 Pietro da Verona, devenu ensuite saint Pierre martyr. Aujourd\u2019hui, les Confr\u00e9ries de la Mis\u00e9ricorde sont pr\u00e9sentes en Italie et \u00e0 l\u2019\u00e9tranger avec plus de &#8230; <a title=\"Confr\u00e9rie de la Mis\u00e9ricorde de Camaiore et Lido\" class=\"read-more\" href=\"https:\/\/spaziospadoni.org\/fr\/organismes-de-formation\/confrerie-de-la-misericorde-de-camaiore-et-lido\/\" aria-label=\"Read more about Confr\u00e9rie de la Mis\u00e9ricorde de Camaiore et Lido\">Lire plus<\/a><\/p>\n","protected":false},"author":102,"featured_media":0,"parent":73245,"menu_order":0,"comment_status":"closed","ping_status":"closed","template":"","meta":{"_sitemap_exclude":false,"_sitemap_priority":"","_sitemap_frequency":"","footnotes":""},"class_list":["post-78215","page","type-page","status-publish","infinite-scroll-item"],"yoast_head":"<!-- This site is optimized with the Yoast SEO plugin v28.4 - https:\/\/yoast.com\/product\/yoast-seo-wordpress\/ -->\n<title>Confr\u00e9rie de la Mis\u00e9ricorde de Camaiore et Lido | Spazio Spadoni<\/title>\n<meta name=\"description\" content=\"La Confr\u00e9rie de la Mis\u00e9ricorde de Camaiore et Lido est une association de b\u00e9n\u00e9volat qui fait partie du Mouvement des Confr\u00e9ries de la Mis\u00e9ricorde, n\u00e9 en\" \/>\n<meta name=\"robots\" content=\"index, follow, max-snippet:-1, max-image-preview:large, max-video-preview:-1\" \/>\n<link rel=\"canonical\" href=\"https:\/\/spaziospadoni.org\/fr\/organismes-de-formation\/confrerie-de-la-misericorde-de-camaiore-et-lido\/\" \/>\n<meta property=\"og:locale\" content=\"fr_FR\" \/>\n<meta property=\"og:type\" content=\"article\" \/>\n<meta property=\"og:title\" content=\"Confr\u00e9rie de la Mis\u00e9ricorde de Camaiore et Lido | Spazio Spadoni\" \/>\n<meta property=\"og:description\" content=\"La Confr\u00e9rie de la Mis\u00e9ricorde de Camaiore et Lido est une association de b\u00e9n\u00e9volat qui fait partie du Mouvement des Confr\u00e9ries de la Mis\u00e9ricorde, n\u00e9 en\" \/>\n<meta property=\"og:url\" content=\"https:\/\/spaziospadoni.org\/fr\/organismes-de-formation\/confrerie-de-la-misericorde-de-camaiore-et-lido\/\" \/>\n<meta property=\"og:site_name\" content=\"spazio + spadoni\" \/>\n<meta property=\"article:publisher\" content=\"https:\/\/www.facebook.com\/SpazioSpadoni\/\" \/>\n<meta property=\"article:modified_time\" content=\"2026-08-21T15:28:13+00:00\" \/>\n<meta property=\"og:image\" content=\"https:\/\/spaziospadoni.org\/wp-content\/uploads\/2026\/05\/Logo-Miselido.png\" \/>\n\t<meta property=\"og:image:width\" content=\"664\" \/>\n\t<meta property=\"og:image:height\" content=\"664\" \/>\n\t<meta property=\"og:image:type\" content=\"image\/png\" \/>\n<meta name=\"twitter:card\" content=\"summary_large_image\" \/>\n<meta name=\"twitter:label1\" content=\"Est. reading time\" \/>\n\t<meta name=\"twitter:data1\" content=\"5 minutes\" \/>\n<script type=\"application\/ld+json\" class=\"yoast-schema-graph\">{\"@context\":\"https:\\\/\\\/schema.org\",\"@graph\":[{\"@type\":\"WebPage\",\"@id\":\"https:\\\/\\\/spaziospadoni.org\\\/fr\\\/organismes-de-formation\\\/confrerie-de-la-misericorde-de-camaiore-et-lido\\\/\",\"url\":\"https:\\\/\\\/spaziospadoni.org\\\/fr\\\/organismes-de-formation\\\/confrerie-de-la-misericorde-de-camaiore-et-lido\\\/\",\"name\":\"Confr\u00e9rie de la Mis\u00e9ricorde de Camaiore et Lido | Spazio Spadoni\",\"isPartOf\":{\"@id\":\"https:\\\/\\\/spaziospadoni.org\\\/fr\\\/#website\"},\"primaryImageOfPage\":{\"@id\":\"https:\\\/\\\/spaziospadoni.org\\\/fr\\\/organismes-de-formation\\\/confrerie-de-la-misericorde-de-camaiore-et-lido\\\/#primaryimage\"},\"image\":{\"@id\":\"https:\\\/\\\/spaziospadoni.org\\\/fr\\\/organismes-de-formation\\\/confrerie-de-la-misericorde-de-camaiore-et-lido\\\/#primaryimage\"},\"thumbnailUrl\":\"https:\\\/\\\/spaziospadoni.org\\\/wp-content\\\/uploads\\\/2026\\\/05\\\/Logo-Miselido.png\",\"datePublished\":\"2026-05-20T12:56:03+00:00\",\"dateModified\":\"2026-08-21T15:28:13+00:00\",\"description\":\"La Confr\u00e9rie de la Mis\u00e9ricorde de Camaiore et Lido est une association de b\u00e9n\u00e9volat qui fait partie du Mouvement des Confr\u00e9ries de la Mis\u00e9ricorde, n\u00e9 en\",\"breadcrumb\":{\"@id\":\"https:\\\/\\\/spaziospadoni.org\\\/fr\\\/organismes-de-formation\\\/confrerie-de-la-misericorde-de-camaiore-et-lido\\\/#breadcrumb\"},\"inLanguage\":\"fr-FR\",\"potentialAction\":[{\"@type\":\"ReadAction\",\"target\":[\"https:\\\/\\\/spaziospadoni.org\\\/fr\\\/organismes-de-formation\\\/confrerie-de-la-misericorde-de-camaiore-et-lido\\\/\"]}]},{\"@type\":\"ImageObject\",\"inLanguage\":\"fr-FR\",\"@id\":\"https:\\\/\\\/spaziospadoni.org\\\/fr\\\/organismes-de-formation\\\/confrerie-de-la-misericorde-de-camaiore-et-lido\\\/#primaryimage\",\"url\":\"https:\\\/\\\/spaziospadoni.org\\\/wp-content\\\/uploads\\\/2026\\\/05\\\/Logo-Miselido.png\",\"contentUrl\":\"https:\\\/\\\/spaziospadoni.org\\\/wp-content\\\/uploads\\\/2026\\\/05\\\/Logo-Miselido.png\"},{\"@type\":\"BreadcrumbList\",\"@id\":\"https:\\\/\\\/spaziospadoni.org\\\/fr\\\/organismes-de-formation\\\/confrerie-de-la-misericorde-de-camaiore-et-lido\\\/#breadcrumb\",\"itemListElement\":[{\"@type\":\"ListItem\",\"position\":1,\"name\":\"Home\",\"item\":\"https:\\\/\\\/spaziospadoni.org\\\/fr\\\/\"},{\"@type\":\"ListItem\",\"position\":2,\"name\":\"Organismes de formation\",\"item\":\"https:\\\/\\\/spaziospadoni.org\\\/fr\\\/organismes-de-formation\\\/\"},{\"@type\":\"ListItem\",\"position\":3,\"name\":\"Confr\u00e9rie de la Mis\u00e9ricorde de Camaiore et Lido\"}]},{\"@type\":\"WebSite\",\"@id\":\"https:\\\/\\\/spaziospadoni.org\\\/fr\\\/#website\",\"url\":\"https:\\\/\\\/spaziospadoni.org\\\/fr\\\/\",\"name\":\"spazio + spadoni\",\"description\":\"Generazione di misericordia e missione nel mondo\",\"publisher\":{\"@id\":\"https:\\\/\\\/spaziospadoni.org\\\/fr\\\/#organization\"},\"alternateName\":\"spaziospadoni.org\",\"potentialAction\":[{\"@type\":\"SearchAction\",\"target\":{\"@type\":\"EntryPoint\",\"urlTemplate\":\"https:\\\/\\\/spaziospadoni.org\\\/fr\\\/?s={search_term_string}\"},\"query-input\":{\"@type\":\"PropertyValueSpecification\",\"valueRequired\":true,\"valueName\":\"search_term_string\"}}],\"inLanguage\":\"fr-FR\"},{\"@type\":\"Organization\",\"@id\":\"https:\\\/\\\/spaziospadoni.org\\\/fr\\\/#organization\",\"name\":\"spazio + spadoni\",\"alternateName\":\"spaziospadoni.org\",\"url\":\"https:\\\/\\\/spaziospadoni.org\\\/fr\\\/\",\"logo\":{\"@type\":\"ImageObject\",\"inLanguage\":\"fr-FR\",\"@id\":\"https:\\\/\\\/spaziospadoni.org\\\/fr\\\/#\\\/schema\\\/logo\\\/image\\\/\",\"url\":\"https:\\\/\\\/spaziospadoni.org\\\/wp-content\\\/uploads\\\/2026\\\/05\\\/spazio-spadoni-logo-100x100-1.webp\",\"contentUrl\":\"https:\\\/\\\/spaziospadoni.org\\\/wp-content\\\/uploads\\\/2026\\\/05\\\/spazio-spadoni-logo-100x100-1.webp\",\"width\":100,\"height\":100,\"caption\":\"spazio + spadoni\"},\"image\":{\"@id\":\"https:\\\/\\\/spaziospadoni.org\\\/fr\\\/#\\\/schema\\\/logo\\\/image\\\/\"},\"sameAs\":[\"https:\\\/\\\/www.facebook.com\\\/SpazioSpadoni\\\/\",\"https:\\\/\\\/www.instagram.com\\\/spaziospadoni\\\/\",\"https:\\\/\\\/www.youtube.com\\\/@spaziospadoni\\\/playlists\"]}]}<\/script>\n<!-- \/ Yoast SEO plugin. -->","yoast_head_json":{"title":"Confr\u00e9rie de la Mis\u00e9ricorde de Camaiore et Lido | Spazio Spadoni","description":"La Confr\u00e9rie de la Mis\u00e9ricorde de Camaiore et Lido est une association de b\u00e9n\u00e9volat qui fait partie du Mouvement des Confr\u00e9ries de la Mis\u00e9ricorde, n\u00e9 en","robots":{"index":"index","follow":"follow","max-snippet":"max-snippet:-1","max-image-preview":"max-image-preview:large","max-video-preview":"max-video-preview:-1"},"canonical":"https:\/\/spaziospadoni.org\/fr\/organismes-de-formation\/confrerie-de-la-misericorde-de-camaiore-et-lido\/","og_locale":"fr_FR","og_type":"article","og_title":"Confr\u00e9rie de la Mis\u00e9ricorde de Camaiore et Lido | Spazio Spadoni","og_description":"La Confr\u00e9rie de la Mis\u00e9ricorde de Camaiore et Lido est une association de b\u00e9n\u00e9volat qui fait partie du Mouvement des Confr\u00e9ries de la Mis\u00e9ricorde, n\u00e9 en","og_url":"https:\/\/spaziospadoni.org\/fr\/organismes-de-formation\/confrerie-de-la-misericorde-de-camaiore-et-lido\/","og_site_name":"spazio + spadoni","article_publisher":"https:\/\/www.facebook.com\/SpazioSpadoni\/","article_modified_time":"2026-08-21T15:28:13+00:00","og_image":[{"width":664,"height":664,"url":"https:\/\/spaziospadoni.org\/wp-content\/uploads\/2026\/05\/Logo-Miselido.png","type":"image\/png"}],"twitter_card":"summary_large_image","twitter_misc":{"Est. reading time":"5 minutes"},"schema":{"@context":"https:\/\/schema.org","@graph":[{"@type":"WebPage","@id":"https:\/\/spaziospadoni.org\/fr\/organismes-de-formation\/confrerie-de-la-misericorde-de-camaiore-et-lido\/","url":"https:\/\/spaziospadoni.org\/fr\/organismes-de-formation\/confrerie-de-la-misericorde-de-camaiore-et-lido\/","name":"Confr\u00e9rie de la Mis\u00e9ricorde de Camaiore et Lido | Spazio Spadoni","isPartOf":{"@id":"https:\/\/spaziospadoni.org\/fr\/#website"},"primaryImageOfPage":{"@id":"https:\/\/spaziospadoni.org\/fr\/organismes-de-formation\/confrerie-de-la-misericorde-de-camaiore-et-lido\/#primaryimage"},"image":{"@id":"https:\/\/spaziospadoni.org\/fr\/organismes-de-formation\/confrerie-de-la-misericorde-de-camaiore-et-lido\/#primaryimage"},"thumbnailUrl":"https:\/\/spaziospadoni.org\/wp-content\/uploads\/2026\/05\/Logo-Miselido.png","datePublished":"2026-05-20T12:56:03+00:00","dateModified":"2026-08-21T15:28:13+00:00","description":"La Confr\u00e9rie de la Mis\u00e9ricorde de Camaiore et Lido est une association de b\u00e9n\u00e9volat qui fait partie du Mouvement des Confr\u00e9ries de la Mis\u00e9ricorde, n\u00e9 en","breadcrumb":{"@id":"https:\/\/spaziospadoni.org\/fr\/organismes-de-formation\/confrerie-de-la-misericorde-de-camaiore-et-lido\/#breadcrumb"},"inLanguage":"fr-FR","potentialAction":[{"@type":"ReadAction","target":["https:\/\/spaziospadoni.org\/fr\/organismes-de-formation\/confrerie-de-la-misericorde-de-camaiore-et-lido\/"]}]},{"@type":"ImageObject","inLanguage":"fr-FR","@id":"https:\/\/spaziospadoni.org\/fr\/organismes-de-formation\/confrerie-de-la-misericorde-de-camaiore-et-lido\/#primaryimage","url":"https:\/\/spaziospadoni.org\/wp-content\/uploads\/2026\/05\/Logo-Miselido.png","contentUrl":"https:\/\/spaziospadoni.org\/wp-content\/uploads\/2026\/05\/Logo-Miselido.png"},{"@type":"BreadcrumbList","@id":"https:\/\/spaziospadoni.org\/fr\/organismes-de-formation\/confrerie-de-la-misericorde-de-camaiore-et-lido\/#breadcrumb","itemListElement":[{"@type":"ListItem","position":1,"name":"Home","item":"https:\/\/spaziospadoni.org\/fr\/"},{"@type":"ListItem","position":2,"name":"Organismes de formation","item":"https:\/\/spaziospadoni.org\/fr\/organismes-de-formation\/"},{"@type":"ListItem","position":3,"name":"Confr\u00e9rie de la Mis\u00e9ricorde de Camaiore et Lido"}]},{"@type":"WebSite","@id":"https:\/\/spaziospadoni.org\/fr\/#website","url":"https:\/\/spaziospadoni.org\/fr\/","name":"spazio + spadoni","description":"Generazione di misericordia e missione nel mondo","publisher":{"@id":"https:\/\/spaziospadoni.org\/fr\/#organization"},"alternateName":"spaziospadoni.org","potentialAction":[{"@type":"SearchAction","target":{"@type":"EntryPoint","urlTemplate":"https:\/\/spaziospadoni.org\/fr\/?s={search_term_string}"},"query-input":{"@type":"PropertyValueSpecification","valueRequired":true,"valueName":"search_term_string"}}],"inLanguage":"fr-FR"},{"@type":"Organization","@id":"https:\/\/spaziospadoni.org\/fr\/#organization","name":"spazio + spadoni","alternateName":"spaziospadoni.org","url":"https:\/\/spaziospadoni.org\/fr\/","logo":{"@type":"ImageObject","inLanguage":"fr-FR","@id":"https:\/\/spaziospadoni.org\/fr\/#\/schema\/logo\/image\/","url":"https:\/\/spaziospadoni.org\/wp-content\/uploads\/2026\/05\/spazio-spadoni-logo-100x100-1.webp","contentUrl":"https:\/\/spaziospadoni.org\/wp-content\/uploads\/2026\/05\/spazio-spadoni-logo-100x100-1.webp","width":100,"height":100,"caption":"spazio + spadoni"},"image":{"@id":"https:\/\/spaziospadoni.org\/fr\/#\/schema\/logo\/image\/"},"sameAs":["https:\/\/www.facebook.com\/SpazioSpadoni\/","https:\/\/www.instagram.com\/spaziospadoni\/","https:\/\/www.youtube.com\/@spaziospadoni\/playlists"]}]}},"_links":{"self":[{"href":"https:\/\/spaziospadoni.org\/fr\/wp-json\/wp\/v2\/pages\/78215","targetHints":{"allow":["GET"]}}],"collection":[{"href":"https:\/\/spaziospadoni.org\/fr\/wp-json\/wp\/v2\/pages"}],"about":[{"href":"https:\/\/spaziospadoni.org\/fr\/wp-json\/wp\/v2\/types\/page"}],"author":[{"embeddable":true,"href":"https:\/\/spaziospadoni.org\/fr\/wp-json\/wp\/v2\/users\/102"}],"replies":[{"embeddable":true,"href":"https:\/\/spaziospadoni.org\/fr\/wp-json\/wp\/v2\/comments?post=78215"}],"version-history":[{"count":1,"href":"https:\/\/spaziospadoni.org\/fr\/wp-json\/wp\/v2\/pages\/78215\/revisions"}],"predecessor-version":[{"id":91632,"href":"https:\/\/spaziospadoni.org\/fr\/wp-json\/wp\/v2\/pages\/78215\/revisions\/91632"}],"up":[{"embeddable":true,"href":"https:\/\/spaziospadoni.org\/fr\/wp-json\/wp\/v2\/pages\/73245"}],"wp:attachment":[{"href":"https:\/\/spaziospadoni.org\/fr\/wp-json\/wp\/v2\/media?parent=78215"}],"curies":[{"name":"wp","href":"https:\/\/api.w.org\/{rel}","templated":true}]}}