{"id":78399,"date":"2026-05-20T13:29:13","date_gmt":"2026-05-20T12:29:13","guid":{"rendered":"https:\/\/spaziospadoni.org\/organismes-de-formation\/confraternita-di-misericordia-di-monte-san-giovanni-campano\/"},"modified":"2026-08-22T08:39:25","modified_gmt":"2026-08-22T07:39:25","slug":"confrerie-de-la-misericorde-de-monte-san-giovanni-campano","status":"publish","type":"page","link":"https:\/\/spaziospadoni.org\/fr\/organismes-de-formation\/confrerie-de-la-misericorde-de-monte-san-giovanni-campano\/","title":{"rendered":"Confr\u00e9rie de la Mis\u00e9ricorde de Monte San Giovanni Campano"},"content":{"rendered":"\n<p class=\"wp-block-paragraph\">La Confr\u00e9rie de la Mis\u00e9ricorde de Monte San Giovanni Campano est une association de b\u00e9n\u00e9voles qui fait partie du Mouvement des Confr\u00e9ries de la Mis\u00e9ricorde, fond\u00e9 \u00e0 Florence en 1244 par Pietro da Verona, qui devint par la suite saint Pierre martyr. Aujourd\u2019hui, les Confr\u00e9ries de la Mis\u00e9ricorde sont pr\u00e9sentes en Italie et \u00e0 l\u2019\u00e9tranger avec plus de 700 confr\u00e9ries.<\/p>\n\n\n<div class=\"wp-block-image\">\n<figure class=\"aligncenter size-full is-resized\"><img decoding=\"async\" width=\"263\" height=\"207\" src=\"https:\/\/spaziospadoni.org\/wp-content\/uploads\/2026\/05\/campano.png\" alt=\"Confr\u00e9rie de la Mis\u00e9ricorde de Monte San Giovanni Campano\" class=\"wp-image-46347\" style=\"aspect-ratio:1.2705717292178182;width:321px;height:auto\"\/><\/figure>\n<\/div>\n\n\n<h2 id=\"h-storia\" class=\"wp-block-heading\"><strong>Histoire<\/strong><\/h2>\n\n\n\n<p class=\"wp-block-paragraph\">\u00c0 Monte San Giovanni Campano, la \u201cConfr\u00e9rie de la Mis\u00e9ricorde\u201d a \u00e9t\u00e9 fond\u00e9e en 1998 et affili\u00e9e \u00e0 la Conf\u00e9d\u00e9ration nationale des Confr\u00e9ries de la Mis\u00e9ricorde d\u2019Italie le 3 mars 2001 \u00e0 l\u2019initiative d\u2019un petit groupe de personnes, dont certaines poss\u00e9daient d\u00e9j\u00e0 une exp\u00e9rience du b\u00e9n\u00e9volat. Comme toujours, les d\u00e9buts de cette nouvelle exp\u00e9rience furent difficiles, mais le temps leur donna raison. Au fil des ann\u00e9es, l\u2019Association s\u2019est en effet consid\u00e9rablement d\u00e9velopp\u00e9e, tant par le nombre de ses membres que par la quantit\u00e9 et la qualit\u00e9 des services propos\u00e9s. La Confr\u00e9rie de la Mis\u00e9ricorde est une association de b\u00e9n\u00e9voles active dans le secteur sanitaire, notamment, mais pas uniquement, dans le transport des malades. L\u2019Association a port\u00e9 assistance aux voyageurs de l\u2019a\u00e9roport de Fiumicino lors de l\u2019interruption des vols dans toute l\u2019Europe provoqu\u00e9e par l\u2019\u00e9ruption du volcan islandais, ainsi que\u202flors de situations d\u2019urgence telles que le s\u00e9isme de San Giuliano di Puglia, celui de\u202fL\u2019Aquila et l\u2019accident ferroviaire survenu \u00e0 la gare de Roccasecca. Gr\u00e2ce au bon niveau de formation des b\u00e9n\u00e9voles, devenu de plus en plus professionnel au fil des ann\u00e9es, l\u2019offre de services que la Confr\u00e9rie de la Mis\u00e9ricorde propose \u00e0 la population s\u2019est \u00e9largie. Outre le transport sanitaire, la Confr\u00e9rie de la Mis\u00e9ricorde de Monte San Giovanni Campano intervient \u00e9galement lors de manifestations sportives \u2014matches de football, courses \u00e0 pied, comp\u00e9titions automobiles et concours de danse\u2014 et de manifestations populaires, avec deux ambulances \u00e9quip\u00e9es de tout le mat\u00e9riel n\u00e9cessaire \u2014d\u00e9fibrillateur semi-automatique, aspirateur, colliers cervicaux et attelles\u2014 \u00e0 la r\u00e9animation\u202fcardio-pulmonaire et \u00e0 la prise en charge de traumatismes de diff\u00e9rentes natures.&nbsp;<\/p>\n\n\n\n<h2 id=\"h-attivita-nbsp\" class=\"wp-block-heading\"><strong>Activit\u00e9s<\/strong> <\/h2>\n\n\n\n<ul class=\"wp-block-list\">\n<li>SERVICE D\u2019AMBULANCE&nbsp;<\/li>\n\n\n\n<li>ASSISTANCE SANITAIRE LORS D\u2019\u00c9V\u00c9NEMENTS&nbsp;<\/li>\n\n\n\n<li>FORMATION&nbsp;<\/li>\n\n\n\n<li>LIVRAISON DE COURSES \u00c0 DOMICILE&nbsp;<\/li>\n\n\n\n<li>ASSISTANCE AUX PERSONNES \u00c2G\u00c9ES ET HANDICAP\u00c9ES&nbsp;<\/li>\n<\/ul>\n\n\n\n<h2 id=\"h-contatti-nbsp\" class=\"wp-block-heading\"><strong>Contacts<\/strong> <\/h2>\n\n\n\n<p class=\"wp-block-paragraph\">Confr\u00e9rie de la Mis\u00e9ricorde de Monte San Giovanni Campano&nbsp;<\/p>\n\n\n\n<p class=\"wp-block-paragraph\">Via Ararsa 59 \u2013 03025 Monte San Giovanni Campano (FR)&nbsp;<\/p>\n\n\n\n<p class=\"wp-block-paragraph\">T\u00e9l. +390775892045&nbsp;<\/p>\n\n\n\n<p class=\"wp-block-paragraph\"><a href=\"http:\/\/www.misericordiamontesangiovannicampano.it\/\" target=\"_blank\" rel=\"noreferrer noopener nofollow\" title=\"http:\/\/www.misericordiamontesangiovannicampano.it\/&nbsp;\">http:\/\/www.misericordiamontesangiovannicampano.it\/&nbsp;<\/a><\/p>\n","protected":false},"excerpt":{"rendered":"<p>La Confr\u00e9rie de la Mis\u00e9ricorde de Monte San Giovanni Campano est une association de b\u00e9n\u00e9voles qui fait partie du Mouvement des Confr\u00e9ries de la Mis\u00e9ricorde, fond\u00e9 \u00e0 Florence en 1244 par Pietro da Verona, qui devint par la suite saint Pierre martyr. Aujourd\u2019hui, les Confr\u00e9ries de la Mis\u00e9ricorde sont pr\u00e9sentes en Italie et \u00e0 l\u2019\u00e9tranger &#8230; <a title=\"Confr\u00e9rie de la Mis\u00e9ricorde de Monte San Giovanni Campano\" class=\"read-more\" href=\"https:\/\/spaziospadoni.org\/fr\/organismes-de-formation\/confrerie-de-la-misericorde-de-monte-san-giovanni-campano\/\" aria-label=\"Read more about Confr\u00e9rie de la Mis\u00e9ricorde de Monte San Giovanni Campano\">Lire plus<\/a><\/p>\n","protected":false},"author":102,"featured_media":0,"parent":73245,"menu_order":0,"comment_status":"closed","ping_status":"closed","template":"","meta":{"_sitemap_exclude":false,"_sitemap_priority":"","_sitemap_frequency":"","footnotes":""},"class_list":["post-78399","page","type-page","status-publish","infinite-scroll-item"],"yoast_head":"<!-- This site is optimized with the Yoast SEO plugin v28.4 - https:\/\/yoast.com\/product\/yoast-seo-wordpress\/ -->\n<title>Confr\u00e9rie de la Mis\u00e9ricorde de Monte San Giovanni Campano | Spazio Spadoni<\/title>\n<meta name=\"description\" content=\"La Confr\u00e9rie de la Mis\u00e9ricorde de Monte San Giovanni Campano est une association de b\u00e9n\u00e9voles qui fait partie du Mouvement des Confr\u00e9ries de la\" \/>\n<meta name=\"robots\" content=\"index, follow, max-snippet:-1, max-image-preview:large, max-video-preview:-1\" \/>\n<link rel=\"canonical\" href=\"https:\/\/spaziospadoni.org\/fr\/organismes-de-formation\/confrerie-de-la-misericorde-de-monte-san-giovanni-campano\/\" \/>\n<meta property=\"og:locale\" content=\"fr_FR\" \/>\n<meta property=\"og:type\" content=\"article\" \/>\n<meta property=\"og:title\" content=\"Confr\u00e9rie de la Mis\u00e9ricorde de Monte San Giovanni Campano | Spazio Spadoni\" \/>\n<meta property=\"og:description\" content=\"La Confr\u00e9rie de la Mis\u00e9ricorde de Monte San Giovanni Campano est une association de b\u00e9n\u00e9voles qui fait partie du Mouvement des Confr\u00e9ries de la\" \/>\n<meta property=\"og:url\" content=\"https:\/\/spaziospadoni.org\/fr\/organismes-de-formation\/confrerie-de-la-misericorde-de-monte-san-giovanni-campano\/\" \/>\n<meta property=\"og:site_name\" content=\"spazio + spadoni\" \/>\n<meta property=\"article:publisher\" content=\"https:\/\/www.facebook.com\/SpazioSpadoni\/\" \/>\n<meta property=\"article:modified_time\" content=\"2026-08-22T07:39:25+00:00\" \/>\n<meta property=\"og:image\" content=\"https:\/\/spaziospadoni.org\/wp-content\/uploads\/2026\/05\/campano.png\" \/>\n\t<meta property=\"og:image:width\" content=\"263\" \/>\n\t<meta property=\"og:image:height\" content=\"207\" \/>\n\t<meta property=\"og:image:type\" content=\"image\/png\" \/>\n<meta name=\"twitter:card\" content=\"summary_large_image\" \/>\n<meta name=\"twitter:label1\" content=\"Est. reading time\" \/>\n\t<meta name=\"twitter:data1\" content=\"3 minutes\" \/>\n<script type=\"application\/ld+json\" class=\"yoast-schema-graph\">{\"@context\":\"https:\\\/\\\/schema.org\",\"@graph\":[{\"@type\":\"WebPage\",\"@id\":\"https:\\\/\\\/spaziospadoni.org\\\/fr\\\/organismes-de-formation\\\/confrerie-de-la-misericorde-de-monte-san-giovanni-campano\\\/\",\"url\":\"https:\\\/\\\/spaziospadoni.org\\\/fr\\\/organismes-de-formation\\\/confrerie-de-la-misericorde-de-monte-san-giovanni-campano\\\/\",\"name\":\"Confr\u00e9rie de la Mis\u00e9ricorde de Monte San Giovanni Campano | Spazio Spadoni\",\"isPartOf\":{\"@id\":\"https:\\\/\\\/spaziospadoni.org\\\/fr\\\/#website\"},\"primaryImageOfPage\":{\"@id\":\"https:\\\/\\\/spaziospadoni.org\\\/fr\\\/organismes-de-formation\\\/confrerie-de-la-misericorde-de-monte-san-giovanni-campano\\\/#primaryimage\"},\"image\":{\"@id\":\"https:\\\/\\\/spaziospadoni.org\\\/fr\\\/organismes-de-formation\\\/confrerie-de-la-misericorde-de-monte-san-giovanni-campano\\\/#primaryimage\"},\"thumbnailUrl\":\"https:\\\/\\\/spaziospadoni.org\\\/wp-content\\\/uploads\\\/2026\\\/05\\\/campano.png\",\"datePublished\":\"2026-05-20T12:29:13+00:00\",\"dateModified\":\"2026-08-22T07:39:25+00:00\",\"description\":\"La Confr\u00e9rie de la Mis\u00e9ricorde de Monte San Giovanni Campano est une association de b\u00e9n\u00e9voles qui fait partie du Mouvement des Confr\u00e9ries de la\",\"breadcrumb\":{\"@id\":\"https:\\\/\\\/spaziospadoni.org\\\/fr\\\/organismes-de-formation\\\/confrerie-de-la-misericorde-de-monte-san-giovanni-campano\\\/#breadcrumb\"},\"inLanguage\":\"fr-FR\",\"potentialAction\":[{\"@type\":\"ReadAction\",\"target\":[\"https:\\\/\\\/spaziospadoni.org\\\/fr\\\/organismes-de-formation\\\/confrerie-de-la-misericorde-de-monte-san-giovanni-campano\\\/\"]}]},{\"@type\":\"ImageObject\",\"inLanguage\":\"fr-FR\",\"@id\":\"https:\\\/\\\/spaziospadoni.org\\\/fr\\\/organismes-de-formation\\\/confrerie-de-la-misericorde-de-monte-san-giovanni-campano\\\/#primaryimage\",\"url\":\"https:\\\/\\\/spaziospadoni.org\\\/wp-content\\\/uploads\\\/2026\\\/05\\\/campano.png\",\"contentUrl\":\"https:\\\/\\\/spaziospadoni.org\\\/wp-content\\\/uploads\\\/2026\\\/05\\\/campano.png\"},{\"@type\":\"BreadcrumbList\",\"@id\":\"https:\\\/\\\/spaziospadoni.org\\\/fr\\\/organismes-de-formation\\\/confrerie-de-la-misericorde-de-monte-san-giovanni-campano\\\/#breadcrumb\",\"itemListElement\":[{\"@type\":\"ListItem\",\"position\":1,\"name\":\"Home\",\"item\":\"https:\\\/\\\/spaziospadoni.org\\\/fr\\\/\"},{\"@type\":\"ListItem\",\"position\":2,\"name\":\"Organismes de formation\",\"item\":\"https:\\\/\\\/spaziospadoni.org\\\/fr\\\/organismes-de-formation\\\/\"},{\"@type\":\"ListItem\",\"position\":3,\"name\":\"Confr\u00e9rie de la Mis\u00e9ricorde de Monte San Giovanni Campano\"}]},{\"@type\":\"WebSite\",\"@id\":\"https:\\\/\\\/spaziospadoni.org\\\/fr\\\/#website\",\"url\":\"https:\\\/\\\/spaziospadoni.org\\\/fr\\\/\",\"name\":\"spazio + spadoni\",\"description\":\"Generazione di misericordia e missione nel mondo\",\"publisher\":{\"@id\":\"https:\\\/\\\/spaziospadoni.org\\\/fr\\\/#organization\"},\"alternateName\":\"spaziospadoni.org\",\"potentialAction\":[{\"@type\":\"SearchAction\",\"target\":{\"@type\":\"EntryPoint\",\"urlTemplate\":\"https:\\\/\\\/spaziospadoni.org\\\/fr\\\/?s={search_term_string}\"},\"query-input\":{\"@type\":\"PropertyValueSpecification\",\"valueRequired\":true,\"valueName\":\"search_term_string\"}}],\"inLanguage\":\"fr-FR\"},{\"@type\":\"Organization\",\"@id\":\"https:\\\/\\\/spaziospadoni.org\\\/fr\\\/#organization\",\"name\":\"spazio + spadoni\",\"alternateName\":\"spaziospadoni.org\",\"url\":\"https:\\\/\\\/spaziospadoni.org\\\/fr\\\/\",\"logo\":{\"@type\":\"ImageObject\",\"inLanguage\":\"fr-FR\",\"@id\":\"https:\\\/\\\/spaziospadoni.org\\\/fr\\\/#\\\/schema\\\/logo\\\/image\\\/\",\"url\":\"https:\\\/\\\/spaziospadoni.org\\\/wp-content\\\/uploads\\\/2026\\\/05\\\/spazio-spadoni-logo-100x100-1.webp\",\"contentUrl\":\"https:\\\/\\\/spaziospadoni.org\\\/wp-content\\\/uploads\\\/2026\\\/05\\\/spazio-spadoni-logo-100x100-1.webp\",\"width\":100,\"height\":100,\"caption\":\"spazio + spadoni\"},\"image\":{\"@id\":\"https:\\\/\\\/spaziospadoni.org\\\/fr\\\/#\\\/schema\\\/logo\\\/image\\\/\"},\"sameAs\":[\"https:\\\/\\\/www.facebook.com\\\/SpazioSpadoni\\\/\",\"https:\\\/\\\/www.instagram.com\\\/spaziospadoni\\\/\",\"https:\\\/\\\/www.youtube.com\\\/@spaziospadoni\\\/playlists\"]}]}<\/script>\n<!-- \/ Yoast SEO plugin. -->","yoast_head_json":{"title":"Confr\u00e9rie de la Mis\u00e9ricorde de Monte San Giovanni Campano | Spazio Spadoni","description":"La Confr\u00e9rie de la Mis\u00e9ricorde de Monte San Giovanni Campano est une association de b\u00e9n\u00e9voles qui fait partie du Mouvement des Confr\u00e9ries de la","robots":{"index":"index","follow":"follow","max-snippet":"max-snippet:-1","max-image-preview":"max-image-preview:large","max-video-preview":"max-video-preview:-1"},"canonical":"https:\/\/spaziospadoni.org\/fr\/organismes-de-formation\/confrerie-de-la-misericorde-de-monte-san-giovanni-campano\/","og_locale":"fr_FR","og_type":"article","og_title":"Confr\u00e9rie de la Mis\u00e9ricorde de Monte San Giovanni Campano | Spazio Spadoni","og_description":"La Confr\u00e9rie de la Mis\u00e9ricorde de Monte San Giovanni Campano est une association de b\u00e9n\u00e9voles qui fait partie du Mouvement des Confr\u00e9ries de la","og_url":"https:\/\/spaziospadoni.org\/fr\/organismes-de-formation\/confrerie-de-la-misericorde-de-monte-san-giovanni-campano\/","og_site_name":"spazio + spadoni","article_publisher":"https:\/\/www.facebook.com\/SpazioSpadoni\/","article_modified_time":"2026-08-22T07:39:25+00:00","og_image":[{"width":263,"height":207,"url":"https:\/\/spaziospadoni.org\/wp-content\/uploads\/2026\/05\/campano.png","type":"image\/png"}],"twitter_card":"summary_large_image","twitter_misc":{"Est. reading time":"3 minutes"},"schema":{"@context":"https:\/\/schema.org","@graph":[{"@type":"WebPage","@id":"https:\/\/spaziospadoni.org\/fr\/organismes-de-formation\/confrerie-de-la-misericorde-de-monte-san-giovanni-campano\/","url":"https:\/\/spaziospadoni.org\/fr\/organismes-de-formation\/confrerie-de-la-misericorde-de-monte-san-giovanni-campano\/","name":"Confr\u00e9rie de la Mis\u00e9ricorde de Monte San Giovanni Campano | Spazio Spadoni","isPartOf":{"@id":"https:\/\/spaziospadoni.org\/fr\/#website"},"primaryImageOfPage":{"@id":"https:\/\/spaziospadoni.org\/fr\/organismes-de-formation\/confrerie-de-la-misericorde-de-monte-san-giovanni-campano\/#primaryimage"},"image":{"@id":"https:\/\/spaziospadoni.org\/fr\/organismes-de-formation\/confrerie-de-la-misericorde-de-monte-san-giovanni-campano\/#primaryimage"},"thumbnailUrl":"https:\/\/spaziospadoni.org\/wp-content\/uploads\/2026\/05\/campano.png","datePublished":"2026-05-20T12:29:13+00:00","dateModified":"2026-08-22T07:39:25+00:00","description":"La Confr\u00e9rie de la Mis\u00e9ricorde de Monte San Giovanni Campano est une association de b\u00e9n\u00e9voles qui fait partie du Mouvement des Confr\u00e9ries de la","breadcrumb":{"@id":"https:\/\/spaziospadoni.org\/fr\/organismes-de-formation\/confrerie-de-la-misericorde-de-monte-san-giovanni-campano\/#breadcrumb"},"inLanguage":"fr-FR","potentialAction":[{"@type":"ReadAction","target":["https:\/\/spaziospadoni.org\/fr\/organismes-de-formation\/confrerie-de-la-misericorde-de-monte-san-giovanni-campano\/"]}]},{"@type":"ImageObject","inLanguage":"fr-FR","@id":"https:\/\/spaziospadoni.org\/fr\/organismes-de-formation\/confrerie-de-la-misericorde-de-monte-san-giovanni-campano\/#primaryimage","url":"https:\/\/spaziospadoni.org\/wp-content\/uploads\/2026\/05\/campano.png","contentUrl":"https:\/\/spaziospadoni.org\/wp-content\/uploads\/2026\/05\/campano.png"},{"@type":"BreadcrumbList","@id":"https:\/\/spaziospadoni.org\/fr\/organismes-de-formation\/confrerie-de-la-misericorde-de-monte-san-giovanni-campano\/#breadcrumb","itemListElement":[{"@type":"ListItem","position":1,"name":"Home","item":"https:\/\/spaziospadoni.org\/fr\/"},{"@type":"ListItem","position":2,"name":"Organismes de formation","item":"https:\/\/spaziospadoni.org\/fr\/organismes-de-formation\/"},{"@type":"ListItem","position":3,"name":"Confr\u00e9rie de la Mis\u00e9ricorde de Monte San Giovanni Campano"}]},{"@type":"WebSite","@id":"https:\/\/spaziospadoni.org\/fr\/#website","url":"https:\/\/spaziospadoni.org\/fr\/","name":"spazio + spadoni","description":"Generazione di misericordia e missione nel mondo","publisher":{"@id":"https:\/\/spaziospadoni.org\/fr\/#organization"},"alternateName":"spaziospadoni.org","potentialAction":[{"@type":"SearchAction","target":{"@type":"EntryPoint","urlTemplate":"https:\/\/spaziospadoni.org\/fr\/?s={search_term_string}"},"query-input":{"@type":"PropertyValueSpecification","valueRequired":true,"valueName":"search_term_string"}}],"inLanguage":"fr-FR"},{"@type":"Organization","@id":"https:\/\/spaziospadoni.org\/fr\/#organization","name":"spazio + spadoni","alternateName":"spaziospadoni.org","url":"https:\/\/spaziospadoni.org\/fr\/","logo":{"@type":"ImageObject","inLanguage":"fr-FR","@id":"https:\/\/spaziospadoni.org\/fr\/#\/schema\/logo\/image\/","url":"https:\/\/spaziospadoni.org\/wp-content\/uploads\/2026\/05\/spazio-spadoni-logo-100x100-1.webp","contentUrl":"https:\/\/spaziospadoni.org\/wp-content\/uploads\/2026\/05\/spazio-spadoni-logo-100x100-1.webp","width":100,"height":100,"caption":"spazio + spadoni"},"image":{"@id":"https:\/\/spaziospadoni.org\/fr\/#\/schema\/logo\/image\/"},"sameAs":["https:\/\/www.facebook.com\/SpazioSpadoni\/","https:\/\/www.instagram.com\/spaziospadoni\/","https:\/\/www.youtube.com\/@spaziospadoni\/playlists"]}]}},"_links":{"self":[{"href":"https:\/\/spaziospadoni.org\/fr\/wp-json\/wp\/v2\/pages\/78399","targetHints":{"allow":["GET"]}}],"collection":[{"href":"https:\/\/spaziospadoni.org\/fr\/wp-json\/wp\/v2\/pages"}],"about":[{"href":"https:\/\/spaziospadoni.org\/fr\/wp-json\/wp\/v2\/types\/page"}],"author":[{"embeddable":true,"href":"https:\/\/spaziospadoni.org\/fr\/wp-json\/wp\/v2\/users\/102"}],"replies":[{"embeddable":true,"href":"https:\/\/spaziospadoni.org\/fr\/wp-json\/wp\/v2\/comments?post=78399"}],"version-history":[{"count":1,"href":"https:\/\/spaziospadoni.org\/fr\/wp-json\/wp\/v2\/pages\/78399\/revisions"}],"predecessor-version":[{"id":91714,"href":"https:\/\/spaziospadoni.org\/fr\/wp-json\/wp\/v2\/pages\/78399\/revisions\/91714"}],"up":[{"embeddable":true,"href":"https:\/\/spaziospadoni.org\/fr\/wp-json\/wp\/v2\/pages\/73245"}],"wp:attachment":[{"href":"https:\/\/spaziospadoni.org\/fr\/wp-json\/wp\/v2\/media?parent=78399"}],"curies":[{"name":"wp","href":"https:\/\/api.w.org\/{rel}","templated":true}]}}