{"id":78408,"date":"2026-05-20T14:05:31","date_gmt":"2026-05-20T13:05:31","guid":{"rendered":"https:\/\/spaziospadoni.org\/organismes-de-formation\/confraternita-di-misericordia-di-orta-nova\/"},"modified":"2026-08-22T09:04:08","modified_gmt":"2026-08-22T08:04:08","slug":"confrerie-de-la-misericorde-dorta-nova","status":"publish","type":"page","link":"https:\/\/spaziospadoni.org\/fr\/organismes-de-formation\/confrerie-de-la-misericorde-dorta-nova\/","title":{"rendered":"Confr\u00e9rie de la Mis\u00e9ricorde d\u2019Orta Nova"},"content":{"rendered":"\n<p class=\"wp-block-paragraph\">La Confr\u00e9rie de la Mis\u00e9ricorde d\u2019Orta Nova est une association de b\u00e9n\u00e9volat qui fait partie du Mouvement des Confr\u00e9ries de la Mis\u00e9ricorde, n\u00e9 en 1244 \u00e0 Florence gr\u00e2ce \u00e0 Pietro da Verona, devenu ensuite saint Pierre martyr. Aujourd\u2019hui, les Confr\u00e9ries de la Mis\u00e9ricorde sont pr\u00e9sentes en Italie et \u00e0 l\u2019\u00e9tranger avec plus de 700 confr\u00e9ries.<\/p>\n\n\n<div class=\"wp-block-image\">\n<figure class=\"aligncenter size-full is-resized\"><img decoding=\"async\" width=\"1200\" height=\"1200\" src=\"https:\/\/spaziospadoni.org\/wp-content\/uploads\/2026\/05\/Logo-Misericordia-Orta-NOVA.jpg\" alt=\"Logo de la Confr\u00e9rie de la Mis\u00e9ricorde d\u2019Orta Nova\" class=\"wp-image-45157\" style=\"width:344px;height:auto\" srcset=\"https:\/\/spaziospadoni.org\/wp-content\/uploads\/2026\/05\/Logo-Misericordia-Orta-NOVA.jpg 1200w, https:\/\/spaziospadoni.org\/wp-content\/uploads\/2026\/05\/Logo-Misericordia-Orta-NOVA-300x300.jpg 300w, https:\/\/spaziospadoni.org\/wp-content\/uploads\/2026\/05\/Logo-Misericordia-Orta-NOVA-1024x1024.jpg 1024w, https:\/\/spaziospadoni.org\/wp-content\/uploads\/2026\/05\/Logo-Misericordia-Orta-NOVA-150x150.jpg 150w, https:\/\/spaziospadoni.org\/wp-content\/uploads\/2026\/05\/Logo-Misericordia-Orta-NOVA-768x768.jpg 768w\" sizes=\"(max-width: 1200px) 100vw, 1200px\" \/><\/figure>\n<\/div>\n\n\n<h2 id=\"histoirenbsp\" class=\"wp-block-heading\"><strong>Histoire<\/strong> <\/h2>\n\n\n\n<p class=\"wp-block-paragraph\">La Confr\u00e9rie de la Mis\u00e9ricorde d\u2019Orta Nova na\u00eet le 12 d\u00e9cembre 1992, de la volont\u00e9 de certains membres, d\u00e9j\u00e0 acteurs d\u2019une pr\u00e9c\u00e9dente association non religieuse. La Confr\u00e9rie de la Mis\u00e9ricorde d\u2019Orta Nova est reconnue comme Confr\u00e9rie par l\u2019\u00c9v\u00eaque du dioc\u00e8se de Cerignola-Ascoli Satriano, qui d\u00e9signe comme P\u00e8re Correcteur le cur\u00e9 de l\u2019\u00e9glise de la Bienheureuse Vierge Marie de Lourdes d\u2019Orta Nova.&nbsp;<\/p>\n\n\n\n<p class=\"wp-block-paragraph\">Le premier pas concerne la transformation du complexe qui accueille la Confr\u00e9rie de la Mis\u00e9ricorde, d\u2019une ruine abandonn\u00e9e, d\u00e9labr\u00e9e, repaire d\u2019animaux et de mauvaises herbes, en une structure bien organis\u00e9e et efficace, avec une centrale op\u00e9rationnelle et des salles pour la formation et les cours.&nbsp;<\/p>\n\n\n\n<p class=\"wp-block-paragraph\">De 1993 \u00e0 1996, pendant la p\u00e9riode estivale, la Confr\u00e9rie de la Mis\u00e9ricorde accueille plus de 150 ressortissants extra-communautaires par an, auxquels sont offerts un lit, un repas chaud, l\u2019utilisation de sanitaires avec douches et un espace pour prier selon leur religion, leur rendant leur dignit\u00e9 d\u2019\u00eatres humains. Entre-temps, de nombreuses manifestations sont organis\u00e9es afin de recueillir l\u2019adh\u00e9sion des plus jeunes, futurs b\u00e9n\u00e9voles, objecteurs de conscience et membres de la Confr\u00e9rie de la Mis\u00e9ricorde, comme l\u2019organisation de cours de pr\u00e9vention et de premiers secours dans les coll\u00e8ges et lyc\u00e9es et de collectes de fonds destin\u00e9es \u00e0 des \u0153uvres de bienfaisance.&nbsp;<\/p>\n\n\n\n<p class=\"wp-block-paragraph\">En 2001, apr\u00e8s de nombreux efforts, la Confr\u00e9rie parvient \u00e0 la Vestition solennelle.<\/p>\n\n\n<div class=\"wp-block-image\">\n<figure class=\"aligncenter size-large is-resized\"><img decoding=\"async\" width=\"1024\" height=\"768\" src=\"https:\/\/spaziospadoni.org\/wp-content\/uploads\/2026\/05\/mettere-come-foto-a-Miserifcordia-oltre-il-logo-1024x768.jpg\" alt=\"Photographie suppl\u00e9mentaire de la Confr\u00e9rie de la Mis\u00e9ricorde d\u2019Orta Nova\" class=\"wp-image-45158\" style=\"width:325px;height:auto\" srcset=\"https:\/\/spaziospadoni.org\/wp-content\/uploads\/2026\/05\/mettere-come-foto-a-Miserifcordia-oltre-il-logo-1024x768.jpg 1024w, https:\/\/spaziospadoni.org\/wp-content\/uploads\/2026\/05\/mettere-come-foto-a-Miserifcordia-oltre-il-logo-300x225.jpg 300w, https:\/\/spaziospadoni.org\/wp-content\/uploads\/2026\/05\/mettere-come-foto-a-Miserifcordia-oltre-il-logo-768x576.jpg 768w, https:\/\/spaziospadoni.org\/wp-content\/uploads\/2026\/05\/mettere-come-foto-a-Miserifcordia-oltre-il-logo-1536x1152.jpg 1536w, https:\/\/spaziospadoni.org\/wp-content\/uploads\/2026\/05\/mettere-come-foto-a-Miserifcordia-oltre-il-logo.jpg 2048w\" sizes=\"(max-width: 1024px) 100vw, 1024px\" \/><\/figure>\n<\/div>\n\n\n<p class=\"wp-block-paragraph\">Pour la premi\u00e8re fois&nbsp;dans l\u2019histoire de la Confr\u00e9rie de la Mis\u00e9ricorde d\u2019Orta Nova, 21 b\u00e9n\u00e9voles rev\u00eatent l\u2019habit historique et, \u00e0 cette occasion, la statue de la Vierge Marie et sa petite chapelle construite dans le jardin du si\u00e8ge sont consacr\u00e9es et b\u00e9nies. Chaque ann\u00e9e, les b\u00e9n\u00e9voles les plus m\u00e9ritants se voient offrir un p\u00e8lerinage \u00e0 Lourdes et\/ou la participation aux JMJ pour les remercier du travail accompli.&nbsp;<\/p>\n\n\n\n<p class=\"wp-block-paragraph\">Depuis dix ans, la Confr\u00e9rie de la Mis\u00e9ricorde organise un camp-\u00e9cole d\u2019\u00e9t\u00e9 d\u2019une dur\u00e9e de 5 jours, o\u00f9 les enfants et les jeunes retrouvent le contact avec la nature et auxquels sont pr\u00e9sent\u00e9s certains concepts sur les urgences et la Protection civile, \u00e0 travers des rencontres avec les pompiers, la Marine militaire et le D\u00e9tachement a\u00e9ronautique Jacotenente.&nbsp;<\/p>\n\n\n\n<p class=\"wp-block-paragraph\">La Confr\u00e9rie de la Mis\u00e9ricorde d\u2019Orta Nova a la chance d\u2019avoir un de ses concitoyens, don Gaetano Di Pierro, parti comme missionnaire \u00e0 Madagascar il y a d\u00e9sormais 50 ans. Le 24 avril 2001, le pape Jean-Paul II le nomme \u00c9v\u00eaque, en 2006 le pape Beno\u00eet XVI l\u2019appelle comme \u00c9v\u00eaque de Moramanga et en 2018, avec le pape Fran\u00e7ois, il devient \u00c9v\u00eaque de Farafangana. Depuis Madagascar, l\u2019\u00c9v\u00eaque reste en contact \u00e9troit avec la Confr\u00e9rie de la Mis\u00e9ricorde et, lors de ses visites en Italie, ne manque jamais l\u2019occasion de rencontrer la Confr\u00e9rie. La pr\u00e9sence de don Gaetano offre l\u2019occasion d\u2019organiser des cat\u00e9ch\u00e8ses et des formations qui ont aussi li\u00e9 personnellement les b\u00e9n\u00e9voles \u00e0 cette mission, si bien qu\u2019en 2022 beaucoup se sont mobilis\u00e9s \u00e0 la suite des inondations qui ont frapp\u00e9 la population malgache.\u00a0<\/p>\n\n\n\n<h2 id=\"activitesnbsp\" class=\"wp-block-heading\"><strong>Activit\u00e9s<\/strong> <\/h2>\n\n\n\n<ul class=\"wp-block-list\">\n<li>Transports sanitaires en ambulance&nbsp;<\/li>\n\n\n\n<li>Transports sanitaires avec v\u00e9hicule pour personnes handicap\u00e9es&nbsp;<\/li>\n\n\n\n<li>Transport de personnes indigentes&nbsp;<\/li>\n\n\n\n<li>Banque alimentaire&nbsp;&nbsp;<\/li>\n\n\n\n<li>Banque de v\u00eatements&nbsp;<\/li>\n\n\n\n<li>Banque d\u2019aides techniques (lits orthop\u00e9diques, fauteuils roulants, etc.)&nbsp;<\/li>\n\n\n\n<li>Banque pharmaceutique&nbsp;&nbsp;<\/li>\n\n\n\n<li>Secr\u00e9tariat social&nbsp;<\/li>\n\n\n\n<li>Point d\u2019\u00e9coute avec p\u00e9dagogue et psychologue&nbsp;<\/li>\n\n\n\n<li>Protection civile&nbsp;<\/li>\n\n\n\n<li>Clownth\u00e9rapie&nbsp;<\/li>\n\n\n\n<li>Projets socio-\u00e9ducatifs estivaux et hivernaux&nbsp;<\/li>\n\n\n\n<li>Projets d\u2019aide aux devoirs&nbsp;<\/li>\n\n\n\n<li>Assistance aux personnes \u00e2g\u00e9es&nbsp;<\/li>\n\n\n\n<li>Assistance aux malades en phase terminale&nbsp;<\/li>\n\n\n\n<li>Activit\u00e9s ludiques aupr\u00e8s du couvent Saint-Arcisio&nbsp;<\/li>\n\n\n\n<li>Soutien \u00e0 la cantine municipale&nbsp;<\/li>\n\n\n\n<li>Collecte des aliments exc\u00e9dentaires aupr\u00e8s des cantines d\u2019entreprise et des activit\u00e9s gastronomiques&nbsp;<\/li>\n\n\n\n<li>Location de v\u00e9los&nbsp;<\/li>\n\n\n\n<li>Projets sur la l\u00e9galit\u00e9&nbsp;<\/li>\n\n\n\n<li>Soutien \u00e0 Mgr Gaetano Di Pierro, \u00c9v\u00eaque \u00e0 Madagascar&nbsp;<\/li>\n<\/ul>\n\n\n\n<h2 id=\"experiences-missionnairesnbsp\" class=\"wp-block-heading\"><strong>Exp\u00e9riences missionnaires<\/strong> <\/h2>\n\n\n\n<p class=\"wp-block-paragraph\">Depuis plusieurs ann\u00e9es, la Confr\u00e9rie de la Mis\u00e9ricorde d\u2019Orta Nova accueille le t\u00e9moignage et soutient l\u2019\u0153uvre de Mgr Gaetano di Pierro, \u00c9v\u00eaque de Farafangana, \u00e0 Madagascar.&nbsp;<\/p>\n\n\n\n<h2 id=\"contactsnbsp\" class=\"wp-block-heading\"><strong>Contacts<\/strong> <\/h2>\n\n\n\n<p class=\"wp-block-paragraph\">&nbsp;Via Puglie s.n. -71045 Orta Nova (FG)&nbsp;<\/p>\n\n\n\n<p class=\"wp-block-paragraph\">T\u00e9l. +390885783015&nbsp;<\/p>\n\n\n\n<p class=\"wp-block-paragraph\"><a href=\"http:\/\/www.misericordiaon.it\/\" target=\"_blank\" rel=\"noreferrer noopener nofollow\" title=\"http:\/\/www.misericordiaon.it\/\">http:\/\/www.misericordiaon.it\/<\/a>&nbsp;<\/p>\n\n\n\n<p class=\"wp-block-paragraph\"><a href=\"https:\/\/www.facebook.com\/misericordia.ortanova\" target=\"_blank\" rel=\"noreferrer noopener nofollow\" title=\"https:\/\/www.facebook.com\/misericordia.ortanova\">https:\/\/www.facebook.com\/misericordia.ortanova<\/a><\/p>\n","protected":false},"excerpt":{"rendered":"<p>La Confr\u00e9rie de la Mis\u00e9ricorde d\u2019Orta Nova est une association de b\u00e9n\u00e9volat qui fait partie du Mouvement des Confr\u00e9ries de la Mis\u00e9ricorde, n\u00e9 en 1244 \u00e0 Florence gr\u00e2ce \u00e0 Pietro da Verona, devenu ensuite saint Pierre martyr. Aujourd\u2019hui, les Confr\u00e9ries de la Mis\u00e9ricorde sont pr\u00e9sentes en Italie et \u00e0 l\u2019\u00e9tranger avec plus de 700 confr\u00e9ries. &#8230; <a title=\"Confr\u00e9rie de la Mis\u00e9ricorde d\u2019Orta Nova\" class=\"read-more\" href=\"https:\/\/spaziospadoni.org\/fr\/organismes-de-formation\/confrerie-de-la-misericorde-dorta-nova\/\" aria-label=\"Read more about Confr\u00e9rie de la Mis\u00e9ricorde d\u2019Orta Nova\">Lire plus<\/a><\/p>\n","protected":false},"author":102,"featured_media":0,"parent":73245,"menu_order":0,"comment_status":"closed","ping_status":"closed","template":"","meta":{"_sitemap_exclude":false,"_sitemap_priority":"","_sitemap_frequency":"","footnotes":""},"class_list":["post-78408","page","type-page","status-publish","infinite-scroll-item"],"yoast_head":"<!-- This site is optimized with the Yoast SEO plugin v28.4 - https:\/\/yoast.com\/product\/yoast-seo-wordpress\/ -->\n<title>Confr\u00e9rie de la Mis\u00e9ricorde d\u2019Orta Nova | Spazio Spadoni<\/title>\n<meta name=\"description\" content=\"La Confr\u00e9rie de la Mis\u00e9ricorde d\u2019Orta Nova est une association de b\u00e9n\u00e9volat qui fait partie du Mouvement des Confr\u00e9ries de la Mis\u00e9ricorde, n\u00e9 en 1244 \u00e0\" \/>\n<meta name=\"robots\" content=\"index, follow, max-snippet:-1, max-image-preview:large, max-video-preview:-1\" \/>\n<link rel=\"canonical\" href=\"https:\/\/spaziospadoni.org\/fr\/organismes-de-formation\/confrerie-de-la-misericorde-dorta-nova\/\" \/>\n<meta property=\"og:locale\" content=\"fr_FR\" \/>\n<meta property=\"og:type\" content=\"article\" \/>\n<meta property=\"og:title\" content=\"Confr\u00e9rie de la Mis\u00e9ricorde d\u2019Orta Nova | Spazio Spadoni\" \/>\n<meta property=\"og:description\" content=\"La Confr\u00e9rie de la Mis\u00e9ricorde d\u2019Orta Nova est une association de b\u00e9n\u00e9volat qui fait partie du Mouvement des Confr\u00e9ries de la Mis\u00e9ricorde, n\u00e9 en 1244 \u00e0\" \/>\n<meta property=\"og:url\" content=\"https:\/\/spaziospadoni.org\/fr\/organismes-de-formation\/confrerie-de-la-misericorde-dorta-nova\/\" \/>\n<meta property=\"og:site_name\" content=\"spazio + spadoni\" \/>\n<meta property=\"article:publisher\" content=\"https:\/\/www.facebook.com\/SpazioSpadoni\/\" \/>\n<meta property=\"article:modified_time\" content=\"2026-08-22T08:04:08+00:00\" \/>\n<meta property=\"og:image\" content=\"https:\/\/spaziospadoni.org\/wp-content\/uploads\/2026\/05\/Logo-Misericordia-Orta-NOVA.jpg\" \/>\n\t<meta property=\"og:image:width\" content=\"1200\" \/>\n\t<meta property=\"og:image:height\" content=\"1200\" \/>\n\t<meta property=\"og:image:type\" content=\"image\/jpeg\" \/>\n<meta name=\"twitter:card\" content=\"summary_large_image\" \/>\n<meta name=\"twitter:label1\" content=\"Est. reading time\" \/>\n\t<meta name=\"twitter:data1\" content=\"4 minutes\" \/>\n<script type=\"application\/ld+json\" class=\"yoast-schema-graph\">{\"@context\":\"https:\\\/\\\/schema.org\",\"@graph\":[{\"@type\":\"WebPage\",\"@id\":\"https:\\\/\\\/spaziospadoni.org\\\/fr\\\/organismes-de-formation\\\/confrerie-de-la-misericorde-dorta-nova\\\/\",\"url\":\"https:\\\/\\\/spaziospadoni.org\\\/fr\\\/organismes-de-formation\\\/confrerie-de-la-misericorde-dorta-nova\\\/\",\"name\":\"Confr\u00e9rie de la Mis\u00e9ricorde d\u2019Orta Nova | Spazio Spadoni\",\"isPartOf\":{\"@id\":\"https:\\\/\\\/spaziospadoni.org\\\/fr\\\/#website\"},\"primaryImageOfPage\":{\"@id\":\"https:\\\/\\\/spaziospadoni.org\\\/fr\\\/organismes-de-formation\\\/confrerie-de-la-misericorde-dorta-nova\\\/#primaryimage\"},\"image\":{\"@id\":\"https:\\\/\\\/spaziospadoni.org\\\/fr\\\/organismes-de-formation\\\/confrerie-de-la-misericorde-dorta-nova\\\/#primaryimage\"},\"thumbnailUrl\":\"https:\\\/\\\/spaziospadoni.org\\\/wp-content\\\/uploads\\\/2026\\\/05\\\/Logo-Misericordia-Orta-NOVA.jpg\",\"datePublished\":\"2026-05-20T13:05:31+00:00\",\"dateModified\":\"2026-08-22T08:04:08+00:00\",\"description\":\"La Confr\u00e9rie de la Mis\u00e9ricorde d\u2019Orta Nova est une association de b\u00e9n\u00e9volat qui fait partie du Mouvement des Confr\u00e9ries de la Mis\u00e9ricorde, n\u00e9 en 1244 \u00e0\",\"breadcrumb\":{\"@id\":\"https:\\\/\\\/spaziospadoni.org\\\/fr\\\/organismes-de-formation\\\/confrerie-de-la-misericorde-dorta-nova\\\/#breadcrumb\"},\"inLanguage\":\"fr-FR\",\"potentialAction\":[{\"@type\":\"ReadAction\",\"target\":[\"https:\\\/\\\/spaziospadoni.org\\\/fr\\\/organismes-de-formation\\\/confrerie-de-la-misericorde-dorta-nova\\\/\"]}]},{\"@type\":\"ImageObject\",\"inLanguage\":\"fr-FR\",\"@id\":\"https:\\\/\\\/spaziospadoni.org\\\/fr\\\/organismes-de-formation\\\/confrerie-de-la-misericorde-dorta-nova\\\/#primaryimage\",\"url\":\"https:\\\/\\\/spaziospadoni.org\\\/wp-content\\\/uploads\\\/2026\\\/05\\\/Logo-Misericordia-Orta-NOVA.jpg\",\"contentUrl\":\"https:\\\/\\\/spaziospadoni.org\\\/wp-content\\\/uploads\\\/2026\\\/05\\\/Logo-Misericordia-Orta-NOVA.jpg\"},{\"@type\":\"BreadcrumbList\",\"@id\":\"https:\\\/\\\/spaziospadoni.org\\\/fr\\\/organismes-de-formation\\\/confrerie-de-la-misericorde-dorta-nova\\\/#breadcrumb\",\"itemListElement\":[{\"@type\":\"ListItem\",\"position\":1,\"name\":\"Home\",\"item\":\"https:\\\/\\\/spaziospadoni.org\\\/fr\\\/\"},{\"@type\":\"ListItem\",\"position\":2,\"name\":\"Organismes de formation\",\"item\":\"https:\\\/\\\/spaziospadoni.org\\\/fr\\\/organismes-de-formation\\\/\"},{\"@type\":\"ListItem\",\"position\":3,\"name\":\"Confr\u00e9rie de la Mis\u00e9ricorde d\u2019Orta Nova\"}]},{\"@type\":\"WebSite\",\"@id\":\"https:\\\/\\\/spaziospadoni.org\\\/fr\\\/#website\",\"url\":\"https:\\\/\\\/spaziospadoni.org\\\/fr\\\/\",\"name\":\"spazio + spadoni\",\"description\":\"Generazione di misericordia e missione nel mondo\",\"publisher\":{\"@id\":\"https:\\\/\\\/spaziospadoni.org\\\/fr\\\/#organization\"},\"alternateName\":\"spaziospadoni.org\",\"potentialAction\":[{\"@type\":\"SearchAction\",\"target\":{\"@type\":\"EntryPoint\",\"urlTemplate\":\"https:\\\/\\\/spaziospadoni.org\\\/fr\\\/?s={search_term_string}\"},\"query-input\":{\"@type\":\"PropertyValueSpecification\",\"valueRequired\":true,\"valueName\":\"search_term_string\"}}],\"inLanguage\":\"fr-FR\"},{\"@type\":\"Organization\",\"@id\":\"https:\\\/\\\/spaziospadoni.org\\\/fr\\\/#organization\",\"name\":\"spazio + spadoni\",\"alternateName\":\"spaziospadoni.org\",\"url\":\"https:\\\/\\\/spaziospadoni.org\\\/fr\\\/\",\"logo\":{\"@type\":\"ImageObject\",\"inLanguage\":\"fr-FR\",\"@id\":\"https:\\\/\\\/spaziospadoni.org\\\/fr\\\/#\\\/schema\\\/logo\\\/image\\\/\",\"url\":\"https:\\\/\\\/spaziospadoni.org\\\/wp-content\\\/uploads\\\/2026\\\/05\\\/spazio-spadoni-logo-100x100-1.webp\",\"contentUrl\":\"https:\\\/\\\/spaziospadoni.org\\\/wp-content\\\/uploads\\\/2026\\\/05\\\/spazio-spadoni-logo-100x100-1.webp\",\"width\":100,\"height\":100,\"caption\":\"spazio + spadoni\"},\"image\":{\"@id\":\"https:\\\/\\\/spaziospadoni.org\\\/fr\\\/#\\\/schema\\\/logo\\\/image\\\/\"},\"sameAs\":[\"https:\\\/\\\/www.facebook.com\\\/SpazioSpadoni\\\/\",\"https:\\\/\\\/www.instagram.com\\\/spaziospadoni\\\/\",\"https:\\\/\\\/www.youtube.com\\\/@spaziospadoni\\\/playlists\"]}]}<\/script>\n<!-- \/ Yoast SEO plugin. -->","yoast_head_json":{"title":"Confr\u00e9rie de la Mis\u00e9ricorde d\u2019Orta Nova | Spazio Spadoni","description":"La Confr\u00e9rie de la Mis\u00e9ricorde d\u2019Orta Nova est une association de b\u00e9n\u00e9volat qui fait partie du Mouvement des Confr\u00e9ries de la Mis\u00e9ricorde, n\u00e9 en 1244 \u00e0","robots":{"index":"index","follow":"follow","max-snippet":"max-snippet:-1","max-image-preview":"max-image-preview:large","max-video-preview":"max-video-preview:-1"},"canonical":"https:\/\/spaziospadoni.org\/fr\/organismes-de-formation\/confrerie-de-la-misericorde-dorta-nova\/","og_locale":"fr_FR","og_type":"article","og_title":"Confr\u00e9rie de la Mis\u00e9ricorde d\u2019Orta Nova | Spazio Spadoni","og_description":"La Confr\u00e9rie de la Mis\u00e9ricorde d\u2019Orta Nova est une association de b\u00e9n\u00e9volat qui fait partie du Mouvement des Confr\u00e9ries de la Mis\u00e9ricorde, n\u00e9 en 1244 \u00e0","og_url":"https:\/\/spaziospadoni.org\/fr\/organismes-de-formation\/confrerie-de-la-misericorde-dorta-nova\/","og_site_name":"spazio + spadoni","article_publisher":"https:\/\/www.facebook.com\/SpazioSpadoni\/","article_modified_time":"2026-08-22T08:04:08+00:00","og_image":[{"width":1200,"height":1200,"url":"https:\/\/spaziospadoni.org\/wp-content\/uploads\/2026\/05\/Logo-Misericordia-Orta-NOVA.jpg","type":"image\/jpeg"}],"twitter_card":"summary_large_image","twitter_misc":{"Est. reading time":"4 minutes"},"schema":{"@context":"https:\/\/schema.org","@graph":[{"@type":"WebPage","@id":"https:\/\/spaziospadoni.org\/fr\/organismes-de-formation\/confrerie-de-la-misericorde-dorta-nova\/","url":"https:\/\/spaziospadoni.org\/fr\/organismes-de-formation\/confrerie-de-la-misericorde-dorta-nova\/","name":"Confr\u00e9rie de la Mis\u00e9ricorde d\u2019Orta Nova | Spazio Spadoni","isPartOf":{"@id":"https:\/\/spaziospadoni.org\/fr\/#website"},"primaryImageOfPage":{"@id":"https:\/\/spaziospadoni.org\/fr\/organismes-de-formation\/confrerie-de-la-misericorde-dorta-nova\/#primaryimage"},"image":{"@id":"https:\/\/spaziospadoni.org\/fr\/organismes-de-formation\/confrerie-de-la-misericorde-dorta-nova\/#primaryimage"},"thumbnailUrl":"https:\/\/spaziospadoni.org\/wp-content\/uploads\/2026\/05\/Logo-Misericordia-Orta-NOVA.jpg","datePublished":"2026-05-20T13:05:31+00:00","dateModified":"2026-08-22T08:04:08+00:00","description":"La Confr\u00e9rie de la Mis\u00e9ricorde d\u2019Orta Nova est une association de b\u00e9n\u00e9volat qui fait partie du Mouvement des Confr\u00e9ries de la Mis\u00e9ricorde, n\u00e9 en 1244 \u00e0","breadcrumb":{"@id":"https:\/\/spaziospadoni.org\/fr\/organismes-de-formation\/confrerie-de-la-misericorde-dorta-nova\/#breadcrumb"},"inLanguage":"fr-FR","potentialAction":[{"@type":"ReadAction","target":["https:\/\/spaziospadoni.org\/fr\/organismes-de-formation\/confrerie-de-la-misericorde-dorta-nova\/"]}]},{"@type":"ImageObject","inLanguage":"fr-FR","@id":"https:\/\/spaziospadoni.org\/fr\/organismes-de-formation\/confrerie-de-la-misericorde-dorta-nova\/#primaryimage","url":"https:\/\/spaziospadoni.org\/wp-content\/uploads\/2026\/05\/Logo-Misericordia-Orta-NOVA.jpg","contentUrl":"https:\/\/spaziospadoni.org\/wp-content\/uploads\/2026\/05\/Logo-Misericordia-Orta-NOVA.jpg"},{"@type":"BreadcrumbList","@id":"https:\/\/spaziospadoni.org\/fr\/organismes-de-formation\/confrerie-de-la-misericorde-dorta-nova\/#breadcrumb","itemListElement":[{"@type":"ListItem","position":1,"name":"Home","item":"https:\/\/spaziospadoni.org\/fr\/"},{"@type":"ListItem","position":2,"name":"Organismes de formation","item":"https:\/\/spaziospadoni.org\/fr\/organismes-de-formation\/"},{"@type":"ListItem","position":3,"name":"Confr\u00e9rie de la Mis\u00e9ricorde d\u2019Orta Nova"}]},{"@type":"WebSite","@id":"https:\/\/spaziospadoni.org\/fr\/#website","url":"https:\/\/spaziospadoni.org\/fr\/","name":"spazio + spadoni","description":"Generazione di misericordia e missione nel mondo","publisher":{"@id":"https:\/\/spaziospadoni.org\/fr\/#organization"},"alternateName":"spaziospadoni.org","potentialAction":[{"@type":"SearchAction","target":{"@type":"EntryPoint","urlTemplate":"https:\/\/spaziospadoni.org\/fr\/?s={search_term_string}"},"query-input":{"@type":"PropertyValueSpecification","valueRequired":true,"valueName":"search_term_string"}}],"inLanguage":"fr-FR"},{"@type":"Organization","@id":"https:\/\/spaziospadoni.org\/fr\/#organization","name":"spazio + spadoni","alternateName":"spaziospadoni.org","url":"https:\/\/spaziospadoni.org\/fr\/","logo":{"@type":"ImageObject","inLanguage":"fr-FR","@id":"https:\/\/spaziospadoni.org\/fr\/#\/schema\/logo\/image\/","url":"https:\/\/spaziospadoni.org\/wp-content\/uploads\/2026\/05\/spazio-spadoni-logo-100x100-1.webp","contentUrl":"https:\/\/spaziospadoni.org\/wp-content\/uploads\/2026\/05\/spazio-spadoni-logo-100x100-1.webp","width":100,"height":100,"caption":"spazio + spadoni"},"image":{"@id":"https:\/\/spaziospadoni.org\/fr\/#\/schema\/logo\/image\/"},"sameAs":["https:\/\/www.facebook.com\/SpazioSpadoni\/","https:\/\/www.instagram.com\/spaziospadoni\/","https:\/\/www.youtube.com\/@spaziospadoni\/playlists"]}]}},"_links":{"self":[{"href":"https:\/\/spaziospadoni.org\/fr\/wp-json\/wp\/v2\/pages\/78408","targetHints":{"allow":["GET"]}}],"collection":[{"href":"https:\/\/spaziospadoni.org\/fr\/wp-json\/wp\/v2\/pages"}],"about":[{"href":"https:\/\/spaziospadoni.org\/fr\/wp-json\/wp\/v2\/types\/page"}],"author":[{"embeddable":true,"href":"https:\/\/spaziospadoni.org\/fr\/wp-json\/wp\/v2\/users\/102"}],"replies":[{"embeddable":true,"href":"https:\/\/spaziospadoni.org\/fr\/wp-json\/wp\/v2\/comments?post=78408"}],"version-history":[{"count":1,"href":"https:\/\/spaziospadoni.org\/fr\/wp-json\/wp\/v2\/pages\/78408\/revisions"}],"predecessor-version":[{"id":91727,"href":"https:\/\/spaziospadoni.org\/fr\/wp-json\/wp\/v2\/pages\/78408\/revisions\/91727"}],"up":[{"embeddable":true,"href":"https:\/\/spaziospadoni.org\/fr\/wp-json\/wp\/v2\/pages\/73245"}],"wp:attachment":[{"href":"https:\/\/spaziospadoni.org\/fr\/wp-json\/wp\/v2\/media?parent=78408"}],"curies":[{"name":"wp","href":"https:\/\/api.w.org\/{rel}","templated":true}]}}