{"id":78418,"date":"2026-05-20T13:34:18","date_gmt":"2026-05-20T12:34:18","guid":{"rendered":"https:\/\/spaziospadoni.org\/organismes-de-formation\/confraternita-di-misericordia-di-portopalo-di-capo-passero\/"},"modified":"2026-08-22T09:32:47","modified_gmt":"2026-08-22T08:32:47","slug":"confrerie-de-la-misericorde-de-portopalo-di-capo-passero","status":"publish","type":"page","link":"https:\/\/spaziospadoni.org\/fr\/organismes-de-formation\/confrerie-de-la-misericorde-de-portopalo-di-capo-passero\/","title":{"rendered":"Confr\u00e9rie de la Mis\u00e9ricorde de Portopalo di Capo Passero"},"content":{"rendered":"\n<p class=\"wp-block-paragraph\">La Confr\u00e9rie de la Mis\u00e9ricorde de Portopalo di Capo Passero est une association de b\u00e9n\u00e9voles qui fait partie du Mouvement des Confr\u00e9ries de la Mis\u00e9ricorde, fond\u00e9 \u00e0 Florence en 1244 par Pietro da Verona, qui devint par la suite saint Pierre martyr. Aujourd\u2019hui, les Confr\u00e9ries de la Mis\u00e9ricorde sont pr\u00e9sentes en Italie et \u00e0 l\u2019\u00e9tranger avec plus de 700 confr\u00e9ries.<\/p>\n\n\n<div class=\"wp-block-image\">\n<figure class=\"aligncenter size-full is-resized\"><img decoding=\"async\" width=\"237\" height=\"251\" src=\"https:\/\/spaziospadoni.org\/wp-content\/uploads\/2026\/05\/Logo-Misericordia-Portopalo.jpg\" alt=\"Confr\u00e9rie de la Mis\u00e9ricorde de Portopalo di Capo Passero\" class=\"wp-image-48204\" style=\"aspect-ratio:0.9442431509527409;width:262px;height:auto\"\/><\/figure>\n<\/div>\n\n\n<h2 id=\"h-storia-nbsp\" class=\"wp-block-heading\"><strong>Histoire<\/strong> <\/h2>\n\n\n\n<p class=\"wp-block-paragraph\">La Confr\u00e9rie de la Mis\u00e9ricorde de Portopalo a vu le jour en 1996 \u00e0 la suite d\u2019un \u00e9v\u00e9nement tragique au cours duquel le retard des secours transforma une situation critique en drame mortel. Cet \u00e9pisode bouleversa profond\u00e9ment la communaut\u00e9 et fit appara\u00eetre l\u2019urgence de disposer d\u2019un service d\u2019intervention rapide, efficace et permanent.<\/p>\n\n\n\n<p class=\"wp-block-paragraph\">Le cur\u00e9 de l\u2019\u00e9poque, Don Calogero Palacino, profond\u00e9ment marqu\u00e9 par les faits, d\u00e9cida de r\u00e9unir un groupe de b\u00e9n\u00e9voles anim\u00e9s par un esprit de solidarit\u00e9 et de service envers la communaut\u00e9 de Portopalo. C\u2019est ainsi que naquit la Confr\u00e9rie de la Mis\u00e9ricorde et qu\u2019elle commen\u00e7a ses activit\u00e9s. En mai 2001, son adh\u00e9sion aux Confr\u00e9ries de la Mis\u00e9ricorde de Florence fut officialis\u00e9e par l\u2019acte constitutif sign\u00e9 devant le notaire Me Filippo Morello.<\/p>\n\n\n\n<p class=\"wp-block-paragraph\">Une p\u00e9tition populaire fut lanc\u00e9e pour acheter une ambulance et la contribution des habitants de Portopalo permit de r\u00e9aliser cette acquisition.<\/p>\n\n\n\n<p class=\"wp-block-paragraph\">Le premier gouverneur fut Francesco Pappalardo et le si\u00e8ge initial fut \u00e9tabli \u00e0 l\u2019Oratoire Don Bosco.<\/p>\n\n\n\n<p class=\"wp-block-paragraph\">D\u00e8s le d\u00e9but, la Confr\u00e9rie de la Mis\u00e9ricorde proposa des services essentiels tels que :<\/p>\n\n\n\n<p class=\"wp-block-paragraph\">\u2013 service de secours d\u2019urgence 24 heures sur 24<\/p>\n\n\n\n<p class=\"wp-block-paragraph\">\u2013 assistance \u00e0 la communaut\u00e9.<\/p>\n\n\n\n<p class=\"wp-block-paragraph\">Au cours des ann\u00e9es suivantes, les besoins de la population augment\u00e8rent et, pour y r\u00e9pondre, il devint n\u00e9cessaire d\u2019acqu\u00e9rir un v\u00e9hicule sp\u00e9cial Dobl\u00f2 am\u00e9nag\u00e9 pour le transport des personnes handicap\u00e9es.<\/p>\n\n\n\n<p class=\"wp-block-paragraph\">En 2019, l\u2019ambulance alors en service fut mise hors service et remplac\u00e9e par une nouvelle.<\/p>\n\n\n\n<p class=\"wp-block-paragraph\">En 2019, afin de pallier l\u2019absence de transport scolaire vers les \u00e9tablissements secondaires de Pachino, notre Confr\u00e9rie de la Mis\u00e9ricorde mit en place un service de navette.<\/p>\n\n\n\n<p class=\"wp-block-paragraph\">Depuis 2019, le Service civique universel et la Garantie pour la jeunesse ont \u00e9t\u00e9 r\u00e9activ\u00e9s afin de permettre aux jeunes de Portopalo de d\u00e9couvrir et de s\u2019engager concr\u00e8tement dans les activit\u00e9s d\u2019assistance et les services destin\u00e9s aux personnes \u00e2g\u00e9es et aux plus d\u00e9munis.<\/p>\n\n\n\n<p class=\"wp-block-paragraph\">En 2023, la Confr\u00e9rie a adh\u00e9r\u00e9 au projet \u201dHIC SUM\u201d de spazio + spadoni.<\/p>\n\n\n\n<p class=\"wp-block-paragraph\">En 2024, un minibus suppl\u00e9mentaire destin\u00e9 au transport scolaire a \u00e9t\u00e9 achet\u00e9.<\/p>\n\n\n\n<p class=\"wp-block-paragraph\">La Confr\u00e9rie de la Mis\u00e9ricorde de Portopalo collabore avec la Caritas paroissiale et assure avec elle la distribution de colis alimentaires aux personnes dans le besoin.<\/p>\n\n\n\n<p class=\"wp-block-paragraph\">Les personnes qui s\u2019adressent \u00e0 la Confr\u00e9rie sont principalement confront\u00e9es \u00e0 des probl\u00e8mes de sant\u00e9, \u00e0 des difficult\u00e9s de d\u00e9placement, \u00e0 des situations de d\u00e9tresse ou \u00e0 des conditions \u00e9conomiques pr\u00e9caires ; elles trouvent dans la Confr\u00e9rie de la Mis\u00e9ricorde un point de r\u00e9f\u00e9rence constant et fiable.<\/p>\n\n\n\n<p class=\"wp-block-paragraph\">Notre Confr\u00e9rie de la Mis\u00e9ricorde, n\u00e9e de la douleur d\u2019une perte, est devenue un symbole d\u2019espoir et un point de r\u00e9f\u00e9rence pour la population.<\/p>\n\n\n\n<h2 id=\"h-attivita-nbsp\" class=\"wp-block-heading\"><strong>Activit\u00e9s<\/strong> <\/h2>\n\n\n\n<ul class=\"wp-block-list\">\n<li>TRANSPORT SANITAIRE<\/li>\n\n\n\n<li>ASSISTANCE SOCIALE<\/li>\n\n\n\n<li>ASSISTANCE AUX PERSONNES \u00c2G\u00c9ES ET HANDICAP\u00c9ES<\/li>\n\n\n\n<li>ASSISTANCE LORS DU D\u00c9BARQUEMENT DE R\u00c9FUGI\u00c9S<\/li>\n\n\n\n<li>COURS D\u2019HABILITATION AUX PREMIERS SECOURS AVEC FORMATEUR BLSD<\/li>\n\n\n\n<li>COLLECTE DE BIENS DE PREMI\u00c8RE N\u00c9CESSIT\u00c9 POUR LA POPULATION UKRAINIENNE<\/li>\n\n\n\n<li>COLLECTE ET ENVOI D\u2019AIDE HUMANITAIRE DE PREMI\u00c8RE N\u00c9CESSIT\u00c9 AUX ENFANTS HOSPITALIS\u00c9S AU S\u00c9N\u00c9GAL<\/li>\n\n\n\n<li>CAMP D\u2019\u00c9T\u00c9 (\u00c9T\u00c9 \u00c0 MISE 2.0 R\u00caVES DE MIS\u00c9RICORDE)<\/li>\n\n\n\n<li>COLLABORATION AVEC DES \u00c9TABLISSEMENTS HOSPITALIERS DANS LE CADRE DU PROJET ITAMA_CAP POUR ORGANISER DES JOURN\u00c9ES GRATUITES DE PR\u00c9VENTION DESTIN\u00c9ES \u00c0 LA POPULATION<\/li>\n\n\n\n<li>COLLABORATION AVEC L\u2019ASSOCIATION AVO POUR LA DISTRIBUTION DE JOUETS DANS LES SERVICES HOSPITALIERS D\u2019ONCOLOGIE ET DE N\u00c9ONATOLOGIE<\/li>\n\n\n\n<li>PROJET AVEC LA MUNICIPALIT\u00c9 DE PORTOPALO POUR ASSISTER LES PERSONNES HANDICAP\u00c9ES SUR LA PLAGE GR\u00c2CE \u00c0 NOS B\u00c9N\u00c9VOLES ET \u00c0 UN FAUTEUIL JOB<\/li>\n\n\n\n<li>TRANSPORT SCOLAIRE<\/li>\n\n\n\n<li>NAVETTE VERS LE CIMETI\u00c8RE (CHAQUE ANN\u00c9E) \u00c0 L\u2019OCCASION DE LA COMM\u00c9MORATION DES D\u00c9FUNTS AU CIMETI\u00c8RE DE PACHINO<\/li>\n\n\n\n<li>COLLABORATION PENDANT LA PAND\u00c9MIE AVEC LE CENTRE DE VACCINATION DE PORTOPALO DI CAPO PASSERO<\/li>\n\n\n\n<li>RETRAIT ET LIVRAISON \u00c0 DOMICILE DE M\u00c9DICAMENTS\/ALIMENTS PENDANT LA COVID-19<\/li>\n\n\n\n<li>PROTOCOLE D\u2019ACCORD AVEC LA MUNICIPALIT\u00c9 POUR LE RETRAIT DES PLANS TH\u00c9RAPEUTIQUES DANS LES PHARMACIES LOCALES<\/li>\n\n\n\n<li>TRANSPORT DES PERSONNES \u00c2G\u00c9ES VERS LE CENTRE ALZHEIMER DE PACHINO<\/li>\n\n\n\n<li>COLLECTE DE FONDS EN COLLABORATION AVEC TELETHON<\/li>\n\n\n\n<li>PROJET SUR LES D\u00c9CHETS MARINS SenHar Interreg ITALIE-MALTE AVEC LES CHERCHEURS DU DISTeM UNIPA \u2013 UNIVERSIT\u00c9 DE PALERME<\/li>\n\n\n\n<li>PROJET Interreg ITALIE-MALTE UNIPA \u2013 UNIVERSIT\u00c9 DE PALERME \u2013 TERMOBLITZ POUR RECUEILLIR DES DONN\u00c9ES SUR LA BIODIVERSIT\u00c9 MARINE<\/li>\n\n\n\n<li>ASSISTANCE LORS D\u2019\u00c9V\u00c9NEMENTS LITT\u00c9RAIRES \u00c0 L\u2019OCCASION DE LA JOURN\u00c9E CONTRE LES VIOLENCES FAITES AUX FEMMES \u2013 PR\u00c9SENTATION DU LIVRE \u201cVITE RUBATE\u201d, \u00c9CRIT PAR LA DRE MANOLA D\u2019AMATO<\/li>\n\n\n\n<li>ASSISTANCE LORS DE MANIFESTATIONS SPORTIVES<\/li>\n\n\n\n<li>ASSISTANCE LORS D\u2019\u00c9V\u00c9NEMENTS<\/li>\n\n\n\n<li>SERVICE DE PROTECTION CIVILE<br>&nbsp;<\/li>\n<\/ul>\n\n\n\n<h2 id=\"h-contatti-nbsp-nbsp\" class=\"wp-block-heading\"><strong>Contacts <\/strong> <\/h2>\n\n\n\n<p class=\"wp-block-paragraph\">Via G. Garibaldi 53, 96010, Portopalo di Capo Passero (SR)<\/p>\n\n\n\n<p class=\"wp-block-paragraph\">T\u00e9l.&nbsp;+39 0931 843040<\/p>\n\n\n\n<p class=\"wp-block-paragraph\">portopalo@misericordie.org<\/p>\n\n\n\n<p class=\"wp-block-paragraph\"><a href=\"https:\/\/www.facebook.com\/misericordiaportopalo\/?locale=it_IT\" target=\"_blank\" rel=\"noreferrer noopener nofollow\" title=\"https:\/\/www.facebook.com\/misericordiaportopalo\/?locale=it_IT\">https:\/\/www.facebook.com\/misericordiaportopalo\/?locale=it_IT<\/a><\/p>\n","protected":false},"excerpt":{"rendered":"<p>La Confr\u00e9rie de la Mis\u00e9ricorde de Portopalo di Capo Passero est une association de b\u00e9n\u00e9voles qui fait partie du Mouvement des Confr\u00e9ries de la Mis\u00e9ricorde, fond\u00e9 \u00e0 Florence en 1244 par Pietro da Verona, qui devint par la suite saint Pierre martyr. Aujourd\u2019hui, les Confr\u00e9ries de la Mis\u00e9ricorde sont pr\u00e9sentes en Italie et \u00e0 l\u2019\u00e9tranger &#8230; <a title=\"Confr\u00e9rie de la Mis\u00e9ricorde de Portopalo di Capo Passero\" class=\"read-more\" href=\"https:\/\/spaziospadoni.org\/fr\/organismes-de-formation\/confrerie-de-la-misericorde-de-portopalo-di-capo-passero\/\" aria-label=\"Read more about Confr\u00e9rie de la Mis\u00e9ricorde de Portopalo di Capo Passero\">Lire plus<\/a><\/p>\n","protected":false},"author":102,"featured_media":0,"parent":73245,"menu_order":0,"comment_status":"closed","ping_status":"closed","template":"","meta":{"_sitemap_exclude":false,"_sitemap_priority":"","_sitemap_frequency":"","footnotes":""},"class_list":["post-78418","page","type-page","status-publish","infinite-scroll-item"],"yoast_head":"<!-- This site is optimized with the Yoast SEO plugin v28.4 - https:\/\/yoast.com\/product\/yoast-seo-wordpress\/ -->\n<title>Confr\u00e9rie de la Mis\u00e9ricorde de Portopalo di Capo Passero | Spazio Spadoni<\/title>\n<meta name=\"description\" content=\"La Confr\u00e9rie de la Mis\u00e9ricorde de Portopalo di Capo Passero est une association de b\u00e9n\u00e9voles qui fait partie du Mouvement des Confr\u00e9ries de la\" \/>\n<meta name=\"robots\" content=\"index, follow, max-snippet:-1, max-image-preview:large, max-video-preview:-1\" \/>\n<link rel=\"canonical\" href=\"https:\/\/spaziospadoni.org\/fr\/organismes-de-formation\/confrerie-de-la-misericorde-de-portopalo-di-capo-passero\/\" \/>\n<meta property=\"og:locale\" content=\"fr_FR\" \/>\n<meta property=\"og:type\" content=\"article\" \/>\n<meta property=\"og:title\" content=\"Confr\u00e9rie de la Mis\u00e9ricorde de Portopalo di Capo Passero | Spazio Spadoni\" \/>\n<meta property=\"og:description\" content=\"La Confr\u00e9rie de la Mis\u00e9ricorde de Portopalo di Capo Passero est une association de b\u00e9n\u00e9voles qui fait partie du Mouvement des Confr\u00e9ries de la\" \/>\n<meta property=\"og:url\" content=\"https:\/\/spaziospadoni.org\/fr\/organismes-de-formation\/confrerie-de-la-misericorde-de-portopalo-di-capo-passero\/\" \/>\n<meta property=\"og:site_name\" content=\"spazio + spadoni\" \/>\n<meta property=\"article:publisher\" content=\"https:\/\/www.facebook.com\/SpazioSpadoni\/\" \/>\n<meta property=\"article:modified_time\" content=\"2026-08-22T08:32:47+00:00\" \/>\n<meta property=\"og:image\" content=\"https:\/\/spaziospadoni.org\/wp-content\/uploads\/2026\/05\/Logo-Misericordia-Portopalo.jpg\" \/>\n\t<meta property=\"og:image:width\" content=\"237\" \/>\n\t<meta property=\"og:image:height\" content=\"251\" \/>\n\t<meta property=\"og:image:type\" content=\"image\/jpeg\" \/>\n<meta name=\"twitter:card\" content=\"summary_large_image\" \/>\n<meta name=\"twitter:label1\" content=\"Est. reading time\" \/>\n\t<meta name=\"twitter:data1\" content=\"5 minutes\" \/>\n<script type=\"application\/ld+json\" class=\"yoast-schema-graph\">{\"@context\":\"https:\\\/\\\/schema.org\",\"@graph\":[{\"@type\":\"WebPage\",\"@id\":\"https:\\\/\\\/spaziospadoni.org\\\/fr\\\/organismes-de-formation\\\/confrerie-de-la-misericorde-de-portopalo-di-capo-passero\\\/\",\"url\":\"https:\\\/\\\/spaziospadoni.org\\\/fr\\\/organismes-de-formation\\\/confrerie-de-la-misericorde-de-portopalo-di-capo-passero\\\/\",\"name\":\"Confr\u00e9rie de la Mis\u00e9ricorde de Portopalo di Capo Passero | Spazio Spadoni\",\"isPartOf\":{\"@id\":\"https:\\\/\\\/spaziospadoni.org\\\/fr\\\/#website\"},\"primaryImageOfPage\":{\"@id\":\"https:\\\/\\\/spaziospadoni.org\\\/fr\\\/organismes-de-formation\\\/confrerie-de-la-misericorde-de-portopalo-di-capo-passero\\\/#primaryimage\"},\"image\":{\"@id\":\"https:\\\/\\\/spaziospadoni.org\\\/fr\\\/organismes-de-formation\\\/confrerie-de-la-misericorde-de-portopalo-di-capo-passero\\\/#primaryimage\"},\"thumbnailUrl\":\"https:\\\/\\\/spaziospadoni.org\\\/wp-content\\\/uploads\\\/2026\\\/05\\\/Logo-Misericordia-Portopalo.jpg\",\"datePublished\":\"2026-05-20T12:34:18+00:00\",\"dateModified\":\"2026-08-22T08:32:47+00:00\",\"description\":\"La Confr\u00e9rie de la Mis\u00e9ricorde de Portopalo di Capo Passero est une association de b\u00e9n\u00e9voles qui fait partie du Mouvement des Confr\u00e9ries de la\",\"breadcrumb\":{\"@id\":\"https:\\\/\\\/spaziospadoni.org\\\/fr\\\/organismes-de-formation\\\/confrerie-de-la-misericorde-de-portopalo-di-capo-passero\\\/#breadcrumb\"},\"inLanguage\":\"fr-FR\",\"potentialAction\":[{\"@type\":\"ReadAction\",\"target\":[\"https:\\\/\\\/spaziospadoni.org\\\/fr\\\/organismes-de-formation\\\/confrerie-de-la-misericorde-de-portopalo-di-capo-passero\\\/\"]}]},{\"@type\":\"ImageObject\",\"inLanguage\":\"fr-FR\",\"@id\":\"https:\\\/\\\/spaziospadoni.org\\\/fr\\\/organismes-de-formation\\\/confrerie-de-la-misericorde-de-portopalo-di-capo-passero\\\/#primaryimage\",\"url\":\"https:\\\/\\\/spaziospadoni.org\\\/wp-content\\\/uploads\\\/2026\\\/05\\\/Logo-Misericordia-Portopalo.jpg\",\"contentUrl\":\"https:\\\/\\\/spaziospadoni.org\\\/wp-content\\\/uploads\\\/2026\\\/05\\\/Logo-Misericordia-Portopalo.jpg\"},{\"@type\":\"BreadcrumbList\",\"@id\":\"https:\\\/\\\/spaziospadoni.org\\\/fr\\\/organismes-de-formation\\\/confrerie-de-la-misericorde-de-portopalo-di-capo-passero\\\/#breadcrumb\",\"itemListElement\":[{\"@type\":\"ListItem\",\"position\":1,\"name\":\"Home\",\"item\":\"https:\\\/\\\/spaziospadoni.org\\\/fr\\\/\"},{\"@type\":\"ListItem\",\"position\":2,\"name\":\"Organismes de formation\",\"item\":\"https:\\\/\\\/spaziospadoni.org\\\/fr\\\/organismes-de-formation\\\/\"},{\"@type\":\"ListItem\",\"position\":3,\"name\":\"Confr\u00e9rie de la Mis\u00e9ricorde de Portopalo di Capo Passero\"}]},{\"@type\":\"WebSite\",\"@id\":\"https:\\\/\\\/spaziospadoni.org\\\/fr\\\/#website\",\"url\":\"https:\\\/\\\/spaziospadoni.org\\\/fr\\\/\",\"name\":\"spazio + spadoni\",\"description\":\"Generazione di misericordia e missione nel mondo\",\"publisher\":{\"@id\":\"https:\\\/\\\/spaziospadoni.org\\\/fr\\\/#organization\"},\"alternateName\":\"spaziospadoni.org\",\"potentialAction\":[{\"@type\":\"SearchAction\",\"target\":{\"@type\":\"EntryPoint\",\"urlTemplate\":\"https:\\\/\\\/spaziospadoni.org\\\/fr\\\/?s={search_term_string}\"},\"query-input\":{\"@type\":\"PropertyValueSpecification\",\"valueRequired\":true,\"valueName\":\"search_term_string\"}}],\"inLanguage\":\"fr-FR\"},{\"@type\":\"Organization\",\"@id\":\"https:\\\/\\\/spaziospadoni.org\\\/fr\\\/#organization\",\"name\":\"spazio + spadoni\",\"alternateName\":\"spaziospadoni.org\",\"url\":\"https:\\\/\\\/spaziospadoni.org\\\/fr\\\/\",\"logo\":{\"@type\":\"ImageObject\",\"inLanguage\":\"fr-FR\",\"@id\":\"https:\\\/\\\/spaziospadoni.org\\\/fr\\\/#\\\/schema\\\/logo\\\/image\\\/\",\"url\":\"https:\\\/\\\/spaziospadoni.org\\\/wp-content\\\/uploads\\\/2026\\\/05\\\/spazio-spadoni-logo-100x100-1.webp\",\"contentUrl\":\"https:\\\/\\\/spaziospadoni.org\\\/wp-content\\\/uploads\\\/2026\\\/05\\\/spazio-spadoni-logo-100x100-1.webp\",\"width\":100,\"height\":100,\"caption\":\"spazio + spadoni\"},\"image\":{\"@id\":\"https:\\\/\\\/spaziospadoni.org\\\/fr\\\/#\\\/schema\\\/logo\\\/image\\\/\"},\"sameAs\":[\"https:\\\/\\\/www.facebook.com\\\/SpazioSpadoni\\\/\",\"https:\\\/\\\/www.instagram.com\\\/spaziospadoni\\\/\",\"https:\\\/\\\/www.youtube.com\\\/@spaziospadoni\\\/playlists\"]}]}<\/script>\n<!-- \/ Yoast SEO plugin. -->","yoast_head_json":{"title":"Confr\u00e9rie de la Mis\u00e9ricorde de Portopalo di Capo Passero | Spazio Spadoni","description":"La Confr\u00e9rie de la Mis\u00e9ricorde de Portopalo di Capo Passero est une association de b\u00e9n\u00e9voles qui fait partie du Mouvement des Confr\u00e9ries de la","robots":{"index":"index","follow":"follow","max-snippet":"max-snippet:-1","max-image-preview":"max-image-preview:large","max-video-preview":"max-video-preview:-1"},"canonical":"https:\/\/spaziospadoni.org\/fr\/organismes-de-formation\/confrerie-de-la-misericorde-de-portopalo-di-capo-passero\/","og_locale":"fr_FR","og_type":"article","og_title":"Confr\u00e9rie de la Mis\u00e9ricorde de Portopalo di Capo Passero | Spazio Spadoni","og_description":"La Confr\u00e9rie de la Mis\u00e9ricorde de Portopalo di Capo Passero est une association de b\u00e9n\u00e9voles qui fait partie du Mouvement des Confr\u00e9ries de la","og_url":"https:\/\/spaziospadoni.org\/fr\/organismes-de-formation\/confrerie-de-la-misericorde-de-portopalo-di-capo-passero\/","og_site_name":"spazio + spadoni","article_publisher":"https:\/\/www.facebook.com\/SpazioSpadoni\/","article_modified_time":"2026-08-22T08:32:47+00:00","og_image":[{"width":237,"height":251,"url":"https:\/\/spaziospadoni.org\/wp-content\/uploads\/2026\/05\/Logo-Misericordia-Portopalo.jpg","type":"image\/jpeg"}],"twitter_card":"summary_large_image","twitter_misc":{"Est. reading time":"5 minutes"},"schema":{"@context":"https:\/\/schema.org","@graph":[{"@type":"WebPage","@id":"https:\/\/spaziospadoni.org\/fr\/organismes-de-formation\/confrerie-de-la-misericorde-de-portopalo-di-capo-passero\/","url":"https:\/\/spaziospadoni.org\/fr\/organismes-de-formation\/confrerie-de-la-misericorde-de-portopalo-di-capo-passero\/","name":"Confr\u00e9rie de la Mis\u00e9ricorde de Portopalo di Capo Passero | Spazio Spadoni","isPartOf":{"@id":"https:\/\/spaziospadoni.org\/fr\/#website"},"primaryImageOfPage":{"@id":"https:\/\/spaziospadoni.org\/fr\/organismes-de-formation\/confrerie-de-la-misericorde-de-portopalo-di-capo-passero\/#primaryimage"},"image":{"@id":"https:\/\/spaziospadoni.org\/fr\/organismes-de-formation\/confrerie-de-la-misericorde-de-portopalo-di-capo-passero\/#primaryimage"},"thumbnailUrl":"https:\/\/spaziospadoni.org\/wp-content\/uploads\/2026\/05\/Logo-Misericordia-Portopalo.jpg","datePublished":"2026-05-20T12:34:18+00:00","dateModified":"2026-08-22T08:32:47+00:00","description":"La Confr\u00e9rie de la Mis\u00e9ricorde de Portopalo di Capo Passero est une association de b\u00e9n\u00e9voles qui fait partie du Mouvement des Confr\u00e9ries de la","breadcrumb":{"@id":"https:\/\/spaziospadoni.org\/fr\/organismes-de-formation\/confrerie-de-la-misericorde-de-portopalo-di-capo-passero\/#breadcrumb"},"inLanguage":"fr-FR","potentialAction":[{"@type":"ReadAction","target":["https:\/\/spaziospadoni.org\/fr\/organismes-de-formation\/confrerie-de-la-misericorde-de-portopalo-di-capo-passero\/"]}]},{"@type":"ImageObject","inLanguage":"fr-FR","@id":"https:\/\/spaziospadoni.org\/fr\/organismes-de-formation\/confrerie-de-la-misericorde-de-portopalo-di-capo-passero\/#primaryimage","url":"https:\/\/spaziospadoni.org\/wp-content\/uploads\/2026\/05\/Logo-Misericordia-Portopalo.jpg","contentUrl":"https:\/\/spaziospadoni.org\/wp-content\/uploads\/2026\/05\/Logo-Misericordia-Portopalo.jpg"},{"@type":"BreadcrumbList","@id":"https:\/\/spaziospadoni.org\/fr\/organismes-de-formation\/confrerie-de-la-misericorde-de-portopalo-di-capo-passero\/#breadcrumb","itemListElement":[{"@type":"ListItem","position":1,"name":"Home","item":"https:\/\/spaziospadoni.org\/fr\/"},{"@type":"ListItem","position":2,"name":"Organismes de formation","item":"https:\/\/spaziospadoni.org\/fr\/organismes-de-formation\/"},{"@type":"ListItem","position":3,"name":"Confr\u00e9rie de la Mis\u00e9ricorde de Portopalo di Capo Passero"}]},{"@type":"WebSite","@id":"https:\/\/spaziospadoni.org\/fr\/#website","url":"https:\/\/spaziospadoni.org\/fr\/","name":"spazio + spadoni","description":"Generazione di misericordia e missione nel mondo","publisher":{"@id":"https:\/\/spaziospadoni.org\/fr\/#organization"},"alternateName":"spaziospadoni.org","potentialAction":[{"@type":"SearchAction","target":{"@type":"EntryPoint","urlTemplate":"https:\/\/spaziospadoni.org\/fr\/?s={search_term_string}"},"query-input":{"@type":"PropertyValueSpecification","valueRequired":true,"valueName":"search_term_string"}}],"inLanguage":"fr-FR"},{"@type":"Organization","@id":"https:\/\/spaziospadoni.org\/fr\/#organization","name":"spazio + spadoni","alternateName":"spaziospadoni.org","url":"https:\/\/spaziospadoni.org\/fr\/","logo":{"@type":"ImageObject","inLanguage":"fr-FR","@id":"https:\/\/spaziospadoni.org\/fr\/#\/schema\/logo\/image\/","url":"https:\/\/spaziospadoni.org\/wp-content\/uploads\/2026\/05\/spazio-spadoni-logo-100x100-1.webp","contentUrl":"https:\/\/spaziospadoni.org\/wp-content\/uploads\/2026\/05\/spazio-spadoni-logo-100x100-1.webp","width":100,"height":100,"caption":"spazio + spadoni"},"image":{"@id":"https:\/\/spaziospadoni.org\/fr\/#\/schema\/logo\/image\/"},"sameAs":["https:\/\/www.facebook.com\/SpazioSpadoni\/","https:\/\/www.instagram.com\/spaziospadoni\/","https:\/\/www.youtube.com\/@spaziospadoni\/playlists"]}]}},"_links":{"self":[{"href":"https:\/\/spaziospadoni.org\/fr\/wp-json\/wp\/v2\/pages\/78418","targetHints":{"allow":["GET"]}}],"collection":[{"href":"https:\/\/spaziospadoni.org\/fr\/wp-json\/wp\/v2\/pages"}],"about":[{"href":"https:\/\/spaziospadoni.org\/fr\/wp-json\/wp\/v2\/types\/page"}],"author":[{"embeddable":true,"href":"https:\/\/spaziospadoni.org\/fr\/wp-json\/wp\/v2\/users\/102"}],"replies":[{"embeddable":true,"href":"https:\/\/spaziospadoni.org\/fr\/wp-json\/wp\/v2\/comments?post=78418"}],"version-history":[{"count":1,"href":"https:\/\/spaziospadoni.org\/fr\/wp-json\/wp\/v2\/pages\/78418\/revisions"}],"predecessor-version":[{"id":91736,"href":"https:\/\/spaziospadoni.org\/fr\/wp-json\/wp\/v2\/pages\/78418\/revisions\/91736"}],"up":[{"embeddable":true,"href":"https:\/\/spaziospadoni.org\/fr\/wp-json\/wp\/v2\/pages\/73245"}],"wp:attachment":[{"href":"https:\/\/spaziospadoni.org\/fr\/wp-json\/wp\/v2\/media?parent=78418"}],"curies":[{"name":"wp","href":"https:\/\/api.w.org\/{rel}","templated":true}]}}