{"id":78436,"date":"2026-05-20T13:35:56","date_gmt":"2026-05-20T12:35:56","guid":{"rendered":"https:\/\/spaziospadoni.org\/organismes-de-formation\/confraternita-di-misericordia-di-roccasecca\/"},"modified":"2026-08-22T10:11:17","modified_gmt":"2026-08-22T09:11:17","slug":"confrerie-de-la-misericorde-de-roccasecca","status":"publish","type":"page","link":"https:\/\/spaziospadoni.org\/fr\/organismes-de-formation\/confrerie-de-la-misericorde-de-roccasecca\/","title":{"rendered":"Confr\u00e9rie de la Mis\u00e9ricorde de Roccasecca"},"content":{"rendered":"\n<p class=\"wp-block-paragraph\">La Confr\u00e9rie de la Mis\u00e9ricorde de Roccasecca est une association de b\u00e9n\u00e9voles qui fait partie du Mouvement des Confr\u00e9ries de la Mis\u00e9ricorde, fond\u00e9 \u00e0 Florence en 1244 par Pietro da Verona, qui devint par la suite saint Pierre martyr. Aujourd\u2019hui, les Confr\u00e9ries de la Mis\u00e9ricorde sont pr\u00e9sentes en Italie et \u00e0 l\u2019\u00e9tranger avec plus de 700 confr\u00e9ries.<\/p>\n\n\n<div class=\"wp-block-image\">\n<figure class=\"aligncenter size-full is-resized\"><img decoding=\"async\" width=\"1504\" height=\"1504\" src=\"https:\/\/spaziospadoni.org\/wp-content\/uploads\/2026\/05\/Logo-Misericordia.jpg\" alt=\"Confr\u00e9rie de la Mis\u00e9ricorde de Roccasecca\" class=\"wp-image-48699\" style=\"width:270px;height:auto\" srcset=\"https:\/\/spaziospadoni.org\/wp-content\/uploads\/2026\/05\/Logo-Misericordia.jpg 1504w, https:\/\/spaziospadoni.org\/wp-content\/uploads\/2026\/05\/Logo-Misericordia-300x300.jpg 300w, https:\/\/spaziospadoni.org\/wp-content\/uploads\/2026\/05\/Logo-Misericordia-1024x1024.jpg 1024w, https:\/\/spaziospadoni.org\/wp-content\/uploads\/2026\/05\/Logo-Misericordia-150x150.jpg 150w, https:\/\/spaziospadoni.org\/wp-content\/uploads\/2026\/05\/Logo-Misericordia-768x768.jpg 768w\" sizes=\"(max-width: 1504px) 100vw, 1504px\" \/><\/figure>\n<\/div>\n\n\n<h2 id=\"h-storia\" class=\"wp-block-heading\"><strong>Histoire<\/strong><\/h2>\n\n\n\n<p class=\"wp-block-paragraph\">La Confr\u00e9rie de la Mis\u00e9ricorde de Roccasecca a \u00e9t\u00e9 fond\u00e9e en septembre 1993 et m\u00e8ne depuis lors des activit\u00e9s b\u00e9n\u00e9voles dans les domaines socio-sanitaire et de la Protection civile, \u00e0 l\u2019aide de ses v\u00e9hicules, notamment des ambulances et des v\u00e9hicules polyvalents. Elle poss\u00e8de deux si\u00e8ges. Ses principales activit\u00e9s comprennent le transport des malades, les transferts depuis les \u00e9tablissements hospitaliers, les transports pour examens diagnostiques, l\u2019assistance lors de manifestations et de comp\u00e9titions, le soutien sanitaire dans les op\u00e9rations de Protection civile et l\u2019aide aux personnes dans le besoin.&nbsp;<\/p>\n\n\n\n<p class=\"wp-block-paragraph\">Elle m\u00e8ne son action aux c\u00f4t\u00e9s des Institutions, du Dioc\u00e8se, de la communaut\u00e9 paroissiale et des autres ressources pr\u00e9sentes sur le territoire, afin de r\u00e9pondre de mani\u00e8re appropri\u00e9e aux nouveaux besoins. Pour ce faire, elle mobilise ses ressources et ses moyens en cr\u00e9ant des initiatives et des services \u00e0 caract\u00e8re social et socio-sanitaire, convaincue que le b\u00e9n\u00e9volat et le secteur associatif jouent un r\u00f4le primordial face \u00e0 une soci\u00e9t\u00e9 toujours plus complexe et travers\u00e9e par de nouvelles tensions et difficult\u00e9s sociales.&nbsp;<\/p>\n\n\n\n<h2 id=\"h-attivita-nbsp\" class=\"wp-block-heading\"><strong>Activit\u00e9s<\/strong> <\/h2>\n\n\n\n<ul class=\"wp-block-list\">\n<li>TRANSFERT DES MALADES DANS LES SITUATIONS D\u2019URGENCE ET D\u2019EXTR\u00caME URGENCE, AINSI QUE DES PATIENTS DIALYS\u00c9S&nbsp;<\/li>\n\n\n\n<li>ASSISTANCE LORS DE MANIFESTATIONS ET DE COMP\u00c9TITIONS (assistance aux p\u00e8lerins lors des fun\u00e9railles du pape Jean-Paul II et service aux p\u00e8lerins \u00e0 l\u2019occasion de la canonisation de Padre Pio \u00e0 Pietrelcina)&nbsp;<\/li>\n\n\n\n<li>ASSISTANCE AUX PERSONNES \u00c2G\u00c9ES ET HANDICAP\u00c9ES&nbsp;<\/li>\n\n\n\n<li>PROTECTION CIVILE (exercices en collaboration avec les institutions ; assistance lors des s\u00e9ismes en Ombrie et dans les Marches, \u00e0 L\u2019Aquila et \u00e0 Amatrice ; coordination des secours lors de l\u2019accident ferroviaire \u00e0 la gare de Roccasecca. En 2005, la Confr\u00e9rie de la Mis\u00e9ricorde de Roccasecca, en reconnaissance de son abn\u00e9gation et de sa r\u00e9action rapide face \u00e0 la trag\u00e9die ferroviaire, a re\u00e7u du Pr\u00e9sident de la R\u00e9publique Napolitano la M\u00e9daille d\u2019or de la Valeur civile de la R\u00e9publique italienne)&nbsp;<\/li>\n\n\n\n<li>ASSISTANCE AUX PERSONNES DANS LE BESOIN&nbsp;<\/li>\n\n\n\n<li>PROJET I CARE&nbsp;<\/li>\n\n\n\n<li>FORMATION&nbsp;<\/li>\n\n\n\n<li>INITIATIVE \u201cLES JARDINS DE LA MIS\u00c9RICORDE\u201d&nbsp;<\/li>\n\n\n\n<li>ACTIVIT\u00c9S D\u2019ASSISTANCE ET CULTURELLES destin\u00e9es principalement aux enfants, aux jeunes et aux personnes \u00e2g\u00e9es&nbsp;<\/li>\n\n\n\n<li>ORGANISATION D\u2019ATELIERS de c\u00e9ramique, d\u2019anglais et de cuisine&nbsp;<\/li>\n\n\n\n<li>SOUTIEN ET ASSISTANCE \u00c0 LA POPULATION PENDANT LA PAND\u00c9MIE&nbsp;<\/li>\n<\/ul>\n\n\n\n<h2 id=\"h-contatti-nbsp\" class=\"wp-block-heading\"><strong>Contacts<\/strong> <\/h2>\n\n\n\n<p class=\"wp-block-paragraph\">Via Alcide De Gasperi 17 \u2013 Roccasecca (FR)&nbsp;<\/p>\n\n\n\n<p class=\"wp-block-paragraph\">Via Adige 23 \u2013 Roccasecca (FR)&nbsp;<\/p>\n\n\n\n<p class=\"wp-block-paragraph\">+39 0776 566000&nbsp;&nbsp;<\/p>\n\n\n\n<p class=\"wp-block-paragraph\">+39 338 1092196&nbsp;<\/p>\n\n\n\n<p class=\"wp-block-paragraph\"><a href=\"https:\/\/www.misericordiaroccasecca.com\" target=\"_blank\" rel=\"noreferrer noopener nofollow\" title=\"https:\/\/www.misericordiaroccasecca.com\">https:\/\/www.misericordiaroccasecca.com<\/a><\/p>\n\n\n\n<p class=\"wp-block-paragraph\"><a href=\"https:\/\/www.facebook.com\/profile.php?id=100064446469696\" target=\"_blank\" rel=\"noreferrer noopener nofollow\" title=\"https:\/\/www.facebook.com\/profile.php?id=100064446469696\">https:\/\/www.facebook.com\/profile.php?id=100064446469696<\/a><\/p>\n","protected":false},"excerpt":{"rendered":"<p>La Confr\u00e9rie de la Mis\u00e9ricorde de Roccasecca est une association de b\u00e9n\u00e9voles qui fait partie du Mouvement des Confr\u00e9ries de la Mis\u00e9ricorde, fond\u00e9 \u00e0 Florence en 1244 par Pietro da Verona, qui devint par la suite saint Pierre martyr. Aujourd\u2019hui, les Confr\u00e9ries de la Mis\u00e9ricorde sont pr\u00e9sentes en Italie et \u00e0 l\u2019\u00e9tranger avec plus de &#8230; <a title=\"Confr\u00e9rie de la Mis\u00e9ricorde de Roccasecca\" class=\"read-more\" href=\"https:\/\/spaziospadoni.org\/fr\/organismes-de-formation\/confrerie-de-la-misericorde-de-roccasecca\/\" aria-label=\"Read more about Confr\u00e9rie de la Mis\u00e9ricorde de Roccasecca\">Lire plus<\/a><\/p>\n","protected":false},"author":102,"featured_media":0,"parent":73245,"menu_order":0,"comment_status":"closed","ping_status":"closed","template":"","meta":{"_sitemap_exclude":false,"_sitemap_priority":"","_sitemap_frequency":"","footnotes":""},"class_list":["post-78436","page","type-page","status-publish","infinite-scroll-item"],"yoast_head":"<!-- This site is optimized with the Yoast SEO plugin v28.4 - https:\/\/yoast.com\/product\/yoast-seo-wordpress\/ -->\n<title>Confr\u00e9rie de la Mis\u00e9ricorde de Roccasecca | Spazio Spadoni<\/title>\n<meta name=\"description\" content=\"La Confr\u00e9rie de la Mis\u00e9ricorde de Roccasecca est une association de b\u00e9n\u00e9voles qui fait partie du Mouvement des Confr\u00e9ries de la Mis\u00e9ricorde, fond\u00e9 \u00e0\" \/>\n<meta name=\"robots\" content=\"index, follow, max-snippet:-1, max-image-preview:large, max-video-preview:-1\" \/>\n<link rel=\"canonical\" href=\"https:\/\/spaziospadoni.org\/fr\/organismes-de-formation\/confrerie-de-la-misericorde-de-roccasecca\/\" \/>\n<meta property=\"og:locale\" content=\"fr_FR\" \/>\n<meta property=\"og:type\" content=\"article\" \/>\n<meta property=\"og:title\" content=\"Confr\u00e9rie de la Mis\u00e9ricorde de Roccasecca | Spazio Spadoni\" \/>\n<meta property=\"og:description\" content=\"La Confr\u00e9rie de la Mis\u00e9ricorde de Roccasecca est une association de b\u00e9n\u00e9voles qui fait partie du Mouvement des Confr\u00e9ries de la Mis\u00e9ricorde, fond\u00e9 \u00e0\" \/>\n<meta property=\"og:url\" content=\"https:\/\/spaziospadoni.org\/fr\/organismes-de-formation\/confrerie-de-la-misericorde-de-roccasecca\/\" \/>\n<meta property=\"og:site_name\" content=\"spazio + spadoni\" \/>\n<meta property=\"article:publisher\" content=\"https:\/\/www.facebook.com\/SpazioSpadoni\/\" \/>\n<meta property=\"article:modified_time\" content=\"2026-08-22T09:11:17+00:00\" \/>\n<meta property=\"og:image\" content=\"https:\/\/spaziospadoni.org\/wp-content\/uploads\/2026\/05\/Logo-Misericordia.jpg\" \/>\n\t<meta property=\"og:image:width\" content=\"1504\" \/>\n\t<meta property=\"og:image:height\" content=\"1504\" \/>\n\t<meta property=\"og:image:type\" content=\"image\/jpeg\" \/>\n<meta name=\"twitter:card\" content=\"summary_large_image\" \/>\n<meta name=\"twitter:label1\" content=\"Est. reading time\" \/>\n\t<meta name=\"twitter:data1\" content=\"3 minutes\" \/>\n<script type=\"application\/ld+json\" class=\"yoast-schema-graph\">{\"@context\":\"https:\\\/\\\/schema.org\",\"@graph\":[{\"@type\":\"WebPage\",\"@id\":\"https:\\\/\\\/spaziospadoni.org\\\/fr\\\/organismes-de-formation\\\/confrerie-de-la-misericorde-de-roccasecca\\\/\",\"url\":\"https:\\\/\\\/spaziospadoni.org\\\/fr\\\/organismes-de-formation\\\/confrerie-de-la-misericorde-de-roccasecca\\\/\",\"name\":\"Confr\u00e9rie de la Mis\u00e9ricorde de Roccasecca | Spazio Spadoni\",\"isPartOf\":{\"@id\":\"https:\\\/\\\/spaziospadoni.org\\\/fr\\\/#website\"},\"primaryImageOfPage\":{\"@id\":\"https:\\\/\\\/spaziospadoni.org\\\/fr\\\/organismes-de-formation\\\/confrerie-de-la-misericorde-de-roccasecca\\\/#primaryimage\"},\"image\":{\"@id\":\"https:\\\/\\\/spaziospadoni.org\\\/fr\\\/organismes-de-formation\\\/confrerie-de-la-misericorde-de-roccasecca\\\/#primaryimage\"},\"thumbnailUrl\":\"https:\\\/\\\/spaziospadoni.org\\\/wp-content\\\/uploads\\\/2026\\\/05\\\/Logo-Misericordia.jpg\",\"datePublished\":\"2026-05-20T12:35:56+00:00\",\"dateModified\":\"2026-08-22T09:11:17+00:00\",\"description\":\"La Confr\u00e9rie de la Mis\u00e9ricorde de Roccasecca est une association de b\u00e9n\u00e9voles qui fait partie du Mouvement des Confr\u00e9ries de la Mis\u00e9ricorde, fond\u00e9 \u00e0\",\"breadcrumb\":{\"@id\":\"https:\\\/\\\/spaziospadoni.org\\\/fr\\\/organismes-de-formation\\\/confrerie-de-la-misericorde-de-roccasecca\\\/#breadcrumb\"},\"inLanguage\":\"fr-FR\",\"potentialAction\":[{\"@type\":\"ReadAction\",\"target\":[\"https:\\\/\\\/spaziospadoni.org\\\/fr\\\/organismes-de-formation\\\/confrerie-de-la-misericorde-de-roccasecca\\\/\"]}]},{\"@type\":\"ImageObject\",\"inLanguage\":\"fr-FR\",\"@id\":\"https:\\\/\\\/spaziospadoni.org\\\/fr\\\/organismes-de-formation\\\/confrerie-de-la-misericorde-de-roccasecca\\\/#primaryimage\",\"url\":\"https:\\\/\\\/spaziospadoni.org\\\/wp-content\\\/uploads\\\/2026\\\/05\\\/Logo-Misericordia.jpg\",\"contentUrl\":\"https:\\\/\\\/spaziospadoni.org\\\/wp-content\\\/uploads\\\/2026\\\/05\\\/Logo-Misericordia.jpg\"},{\"@type\":\"BreadcrumbList\",\"@id\":\"https:\\\/\\\/spaziospadoni.org\\\/fr\\\/organismes-de-formation\\\/confrerie-de-la-misericorde-de-roccasecca\\\/#breadcrumb\",\"itemListElement\":[{\"@type\":\"ListItem\",\"position\":1,\"name\":\"Home\",\"item\":\"https:\\\/\\\/spaziospadoni.org\\\/fr\\\/\"},{\"@type\":\"ListItem\",\"position\":2,\"name\":\"Organismes de formation\",\"item\":\"https:\\\/\\\/spaziospadoni.org\\\/fr\\\/organismes-de-formation\\\/\"},{\"@type\":\"ListItem\",\"position\":3,\"name\":\"Confr\u00e9rie de la Mis\u00e9ricorde de Roccasecca\"}]},{\"@type\":\"WebSite\",\"@id\":\"https:\\\/\\\/spaziospadoni.org\\\/fr\\\/#website\",\"url\":\"https:\\\/\\\/spaziospadoni.org\\\/fr\\\/\",\"name\":\"spazio + spadoni\",\"description\":\"Generazione di misericordia e missione nel mondo\",\"publisher\":{\"@id\":\"https:\\\/\\\/spaziospadoni.org\\\/fr\\\/#organization\"},\"alternateName\":\"spaziospadoni.org\",\"potentialAction\":[{\"@type\":\"SearchAction\",\"target\":{\"@type\":\"EntryPoint\",\"urlTemplate\":\"https:\\\/\\\/spaziospadoni.org\\\/fr\\\/?s={search_term_string}\"},\"query-input\":{\"@type\":\"PropertyValueSpecification\",\"valueRequired\":true,\"valueName\":\"search_term_string\"}}],\"inLanguage\":\"fr-FR\"},{\"@type\":\"Organization\",\"@id\":\"https:\\\/\\\/spaziospadoni.org\\\/fr\\\/#organization\",\"name\":\"spazio + spadoni\",\"alternateName\":\"spaziospadoni.org\",\"url\":\"https:\\\/\\\/spaziospadoni.org\\\/fr\\\/\",\"logo\":{\"@type\":\"ImageObject\",\"inLanguage\":\"fr-FR\",\"@id\":\"https:\\\/\\\/spaziospadoni.org\\\/fr\\\/#\\\/schema\\\/logo\\\/image\\\/\",\"url\":\"https:\\\/\\\/spaziospadoni.org\\\/wp-content\\\/uploads\\\/2026\\\/05\\\/spazio-spadoni-logo-100x100-1.webp\",\"contentUrl\":\"https:\\\/\\\/spaziospadoni.org\\\/wp-content\\\/uploads\\\/2026\\\/05\\\/spazio-spadoni-logo-100x100-1.webp\",\"width\":100,\"height\":100,\"caption\":\"spazio + spadoni\"},\"image\":{\"@id\":\"https:\\\/\\\/spaziospadoni.org\\\/fr\\\/#\\\/schema\\\/logo\\\/image\\\/\"},\"sameAs\":[\"https:\\\/\\\/www.facebook.com\\\/SpazioSpadoni\\\/\",\"https:\\\/\\\/www.instagram.com\\\/spaziospadoni\\\/\",\"https:\\\/\\\/www.youtube.com\\\/@spaziospadoni\\\/playlists\"]}]}<\/script>\n<!-- \/ Yoast SEO plugin. -->","yoast_head_json":{"title":"Confr\u00e9rie de la Mis\u00e9ricorde de Roccasecca | Spazio Spadoni","description":"La Confr\u00e9rie de la Mis\u00e9ricorde de Roccasecca est une association de b\u00e9n\u00e9voles qui fait partie du Mouvement des Confr\u00e9ries de la Mis\u00e9ricorde, fond\u00e9 \u00e0","robots":{"index":"index","follow":"follow","max-snippet":"max-snippet:-1","max-image-preview":"max-image-preview:large","max-video-preview":"max-video-preview:-1"},"canonical":"https:\/\/spaziospadoni.org\/fr\/organismes-de-formation\/confrerie-de-la-misericorde-de-roccasecca\/","og_locale":"fr_FR","og_type":"article","og_title":"Confr\u00e9rie de la Mis\u00e9ricorde de Roccasecca | Spazio Spadoni","og_description":"La Confr\u00e9rie de la Mis\u00e9ricorde de Roccasecca est une association de b\u00e9n\u00e9voles qui fait partie du Mouvement des Confr\u00e9ries de la Mis\u00e9ricorde, fond\u00e9 \u00e0","og_url":"https:\/\/spaziospadoni.org\/fr\/organismes-de-formation\/confrerie-de-la-misericorde-de-roccasecca\/","og_site_name":"spazio + spadoni","article_publisher":"https:\/\/www.facebook.com\/SpazioSpadoni\/","article_modified_time":"2026-08-22T09:11:17+00:00","og_image":[{"width":1504,"height":1504,"url":"https:\/\/spaziospadoni.org\/wp-content\/uploads\/2026\/05\/Logo-Misericordia.jpg","type":"image\/jpeg"}],"twitter_card":"summary_large_image","twitter_misc":{"Est. reading time":"3 minutes"},"schema":{"@context":"https:\/\/schema.org","@graph":[{"@type":"WebPage","@id":"https:\/\/spaziospadoni.org\/fr\/organismes-de-formation\/confrerie-de-la-misericorde-de-roccasecca\/","url":"https:\/\/spaziospadoni.org\/fr\/organismes-de-formation\/confrerie-de-la-misericorde-de-roccasecca\/","name":"Confr\u00e9rie de la Mis\u00e9ricorde de Roccasecca | Spazio Spadoni","isPartOf":{"@id":"https:\/\/spaziospadoni.org\/fr\/#website"},"primaryImageOfPage":{"@id":"https:\/\/spaziospadoni.org\/fr\/organismes-de-formation\/confrerie-de-la-misericorde-de-roccasecca\/#primaryimage"},"image":{"@id":"https:\/\/spaziospadoni.org\/fr\/organismes-de-formation\/confrerie-de-la-misericorde-de-roccasecca\/#primaryimage"},"thumbnailUrl":"https:\/\/spaziospadoni.org\/wp-content\/uploads\/2026\/05\/Logo-Misericordia.jpg","datePublished":"2026-05-20T12:35:56+00:00","dateModified":"2026-08-22T09:11:17+00:00","description":"La Confr\u00e9rie de la Mis\u00e9ricorde de Roccasecca est une association de b\u00e9n\u00e9voles qui fait partie du Mouvement des Confr\u00e9ries de la Mis\u00e9ricorde, fond\u00e9 \u00e0","breadcrumb":{"@id":"https:\/\/spaziospadoni.org\/fr\/organismes-de-formation\/confrerie-de-la-misericorde-de-roccasecca\/#breadcrumb"},"inLanguage":"fr-FR","potentialAction":[{"@type":"ReadAction","target":["https:\/\/spaziospadoni.org\/fr\/organismes-de-formation\/confrerie-de-la-misericorde-de-roccasecca\/"]}]},{"@type":"ImageObject","inLanguage":"fr-FR","@id":"https:\/\/spaziospadoni.org\/fr\/organismes-de-formation\/confrerie-de-la-misericorde-de-roccasecca\/#primaryimage","url":"https:\/\/spaziospadoni.org\/wp-content\/uploads\/2026\/05\/Logo-Misericordia.jpg","contentUrl":"https:\/\/spaziospadoni.org\/wp-content\/uploads\/2026\/05\/Logo-Misericordia.jpg"},{"@type":"BreadcrumbList","@id":"https:\/\/spaziospadoni.org\/fr\/organismes-de-formation\/confrerie-de-la-misericorde-de-roccasecca\/#breadcrumb","itemListElement":[{"@type":"ListItem","position":1,"name":"Home","item":"https:\/\/spaziospadoni.org\/fr\/"},{"@type":"ListItem","position":2,"name":"Organismes de formation","item":"https:\/\/spaziospadoni.org\/fr\/organismes-de-formation\/"},{"@type":"ListItem","position":3,"name":"Confr\u00e9rie de la Mis\u00e9ricorde de Roccasecca"}]},{"@type":"WebSite","@id":"https:\/\/spaziospadoni.org\/fr\/#website","url":"https:\/\/spaziospadoni.org\/fr\/","name":"spazio + spadoni","description":"Generazione di misericordia e missione nel mondo","publisher":{"@id":"https:\/\/spaziospadoni.org\/fr\/#organization"},"alternateName":"spaziospadoni.org","potentialAction":[{"@type":"SearchAction","target":{"@type":"EntryPoint","urlTemplate":"https:\/\/spaziospadoni.org\/fr\/?s={search_term_string}"},"query-input":{"@type":"PropertyValueSpecification","valueRequired":true,"valueName":"search_term_string"}}],"inLanguage":"fr-FR"},{"@type":"Organization","@id":"https:\/\/spaziospadoni.org\/fr\/#organization","name":"spazio + spadoni","alternateName":"spaziospadoni.org","url":"https:\/\/spaziospadoni.org\/fr\/","logo":{"@type":"ImageObject","inLanguage":"fr-FR","@id":"https:\/\/spaziospadoni.org\/fr\/#\/schema\/logo\/image\/","url":"https:\/\/spaziospadoni.org\/wp-content\/uploads\/2026\/05\/spazio-spadoni-logo-100x100-1.webp","contentUrl":"https:\/\/spaziospadoni.org\/wp-content\/uploads\/2026\/05\/spazio-spadoni-logo-100x100-1.webp","width":100,"height":100,"caption":"spazio + spadoni"},"image":{"@id":"https:\/\/spaziospadoni.org\/fr\/#\/schema\/logo\/image\/"},"sameAs":["https:\/\/www.facebook.com\/SpazioSpadoni\/","https:\/\/www.instagram.com\/spaziospadoni\/","https:\/\/www.youtube.com\/@spaziospadoni\/playlists"]}]}},"_links":{"self":[{"href":"https:\/\/spaziospadoni.org\/fr\/wp-json\/wp\/v2\/pages\/78436","targetHints":{"allow":["GET"]}}],"collection":[{"href":"https:\/\/spaziospadoni.org\/fr\/wp-json\/wp\/v2\/pages"}],"about":[{"href":"https:\/\/spaziospadoni.org\/fr\/wp-json\/wp\/v2\/types\/page"}],"author":[{"embeddable":true,"href":"https:\/\/spaziospadoni.org\/fr\/wp-json\/wp\/v2\/users\/102"}],"replies":[{"embeddable":true,"href":"https:\/\/spaziospadoni.org\/fr\/wp-json\/wp\/v2\/comments?post=78436"}],"version-history":[{"count":1,"href":"https:\/\/spaziospadoni.org\/fr\/wp-json\/wp\/v2\/pages\/78436\/revisions"}],"predecessor-version":[{"id":91746,"href":"https:\/\/spaziospadoni.org\/fr\/wp-json\/wp\/v2\/pages\/78436\/revisions\/91746"}],"up":[{"embeddable":true,"href":"https:\/\/spaziospadoni.org\/fr\/wp-json\/wp\/v2\/pages\/73245"}],"wp:attachment":[{"href":"https:\/\/spaziospadoni.org\/fr\/wp-json\/wp\/v2\/media?parent=78436"}],"curies":[{"name":"wp","href":"https:\/\/api.w.org\/{rel}","templated":true}]}}