{"id":78444,"date":"2026-05-20T14:07:04","date_gmt":"2026-05-20T13:07:04","guid":{"rendered":"https:\/\/spaziospadoni.org\/organismes-de-formation\/confraternita-di-misericordia-di-roma-san-romano\/"},"modified":"2026-08-22T10:28:44","modified_gmt":"2026-08-22T09:28:44","slug":"confrerie-de-la-misericorde-de-rome-saint-romain","status":"publish","type":"page","link":"https:\/\/spaziospadoni.org\/fr\/organismes-de-formation\/confrerie-de-la-misericorde-de-rome-saint-romain\/","title":{"rendered":"Confr\u00e9rie de la Mis\u00e9ricorde de Rome Saint-Romain"},"content":{"rendered":"\n<p class=\"wp-block-paragraph\">La Confr\u00e9rie de la Mis\u00e9ricorde de Rome Saint-Romain est une association de b\u00e9n\u00e9voles qui fait partie du Mouvement des Confr\u00e9ries de la Mis\u00e9ricorde, fond\u00e9 \u00e0 Florence en 1244 par Pietro da Verona, qui devint par la suite saint Pierre martyr. Aujourd\u2019hui, les Confr\u00e9ries de la Mis\u00e9ricorde sont pr\u00e9sentes en Italie et \u00e0 l\u2019\u00e9tranger avec plus de 700 confr\u00e9ries.<\/p>\n\n\n<div class=\"wp-block-image\">\n<figure class=\"aligncenter size-full is-resized\"><img decoding=\"async\" width=\"5953\" height=\"8419\" src=\"https:\/\/spaziospadoni.org\/wp-content\/uploads\/2026\/05\/Logo-SanRomano.jpg\" alt=\"Confr\u00e9rie de la Mis\u00e9ricorde de Rome Saint-Romain\" class=\"wp-image-48756\" style=\"width:344px;height:auto\" srcset=\"https:\/\/spaziospadoni.org\/wp-content\/uploads\/2026\/05\/Logo-SanRomano.jpg 5953w, https:\/\/spaziospadoni.org\/wp-content\/uploads\/2026\/05\/Logo-SanRomano-212x300.jpg 212w, https:\/\/spaziospadoni.org\/wp-content\/uploads\/2026\/05\/Logo-SanRomano-724x1024.jpg 724w, https:\/\/spaziospadoni.org\/wp-content\/uploads\/2026\/05\/Logo-SanRomano-768x1086.jpg 768w\" sizes=\"(max-width: 5953px) 100vw, 5953px\" \/><\/figure>\n<\/div>\n\n\n<h2 id=\"histoire\" class=\"wp-block-heading\"><strong>Histoire<\/strong><\/h2>\n\n\n\n<p class=\"wp-block-paragraph\">En janvier 1997, un petit groupe de personnes, hommes et femmes unis par une m\u00eame conception du bien, convaincus de la n\u00e9cessit\u00e9 de s\u2019engager personnellement pour contribuer \u00e0 l\u2019\u00e9dification de la \u00ab Civilisation de l\u2019Amour \u00bb \u00e0 laquelle nous appellent l\u2019\u00c9vangile et l\u2019\u00c9glise catholique, et rapproch\u00e9s par de pr\u00e9c\u00e9dentes exp\u00e9riences de b\u00e9n\u00e9volat, d\u00e9cid\u00e8rent de s\u2019organiser et de cr\u00e9er une nouvelle Association. C\u2019est ainsi que naquit la \u201cConfr\u00e9rie de la Mis\u00e9ricorde de Rome Saint-Romain\u201d. En adh\u00e9rant \u00e0 la Conf\u00e9d\u00e9ration nationale des Confr\u00e9ries de la Mis\u00e9ricorde d\u2019Italie et en s\u2019inspirant de cette tr\u00e8s ancienne expression du b\u00e9n\u00e9volat, la nouvelle Association allait proposer dans la ville de Rome des services d\u2019assistance socio-sanitaire ainsi qu\u2019un espace d\u2019\u00e9panouissement pour de nombreux b\u00e9n\u00e9voles de confession catholique. Le v\u00e9ritable \u00ab saut qualitatif \u00bb eut lieu peu apr\u00e8s lorsque, gr\u00e2ce \u00e0 l\u2019immense g\u00e9n\u00e9rosit\u00e9 d\u2019un couple, la premi\u00e8re ambulance fut achet\u00e9e. Ce geste d\u2019amour, accompli en m\u00e9moire de leur fille pr\u00e9matur\u00e9ment disparue, donna naissance \u00e0 une histoire d\u2019engagement et de disponibilit\u00e9 qui permit d\u2019\u00eatre proche de la souffrance de nombreuses personnes et de r\u00e9pondre, au fil des ann\u00e9es, aux besoins sanitaires et sociaux, non seulement du quartier et de la paroisse, mais aussi \u00e0 l\u2019\u00e9chelle nationale. Les b\u00e9n\u00e9voles de la Confr\u00e9rie de la Mis\u00e9ricorde de Rome Saint-Romain interviennent dans de multiples domaines : des services sanitaires aux services sociaux, de la formation aux activit\u00e9s de protection civile, ainsi que dans le cadre de collaborations d\u00e9sormais bien \u00e9tablies avec d\u2019autres organismes d\u2019assistance, paroissiaux comme institutionnels. La strat\u00e9gie d\u2019assistance s\u2019appuie sur des conventions avec les principaux organismes nationaux et r\u00e9gionaux, tels que la Pr\u00e9sidence du Conseil des ministres \u2013 D\u00e9partement de la Protection civile, R\u00e9gion du Latium, ARES 118, Rome Capitale, Protection civile de Rome Capitale, plusieurs arrondissements de Rome Capitale, Conf\u00e9d\u00e9ration nationale des Confr\u00e9ries de la Mis\u00e9ricorde d\u2019Italie et son Secteur des urgences. L\u2019engagement des b\u00e9n\u00e9voles a permis d\u2019accro\u00eetre le parc de v\u00e9hicules de l\u2019Association, qui dispose actuellement de deux v\u00e9hicules sociaux, de deux ambulances et d\u2019un fourgon destin\u00e9 au transport du mat\u00e9riel de protection civile. Au fil des ann\u00e9es, les domaines d\u2019intervention et les services propos\u00e9s se sont d\u00e9velopp\u00e9s, mais les b\u00e9n\u00e9voles veillent chaque jour \u00e0 ce que l\u2019esprit qui les anime demeure fid\u00e8le \u00e0 l\u2019inspiration originelle et aux enseignements de l\u2019\u00c9vangile. En outre, en 2019, la Agence r\u00e9gionale des urgences sanitaires 118 a reconnu et agr\u00e9\u00e9, parmi les centres habilit\u00e9s \u00e0 dispenser des formations BLS-D, le Centre de formation de la Confr\u00e9rie de la Mis\u00e9ricorde de Rome Saint-Romain, qui a form\u00e9 depuis sa cr\u00e9ation plus de 1 500 personnes \u00e0 l\u2019utilisation du d\u00e9fibrillateur.<\/p>\n\n\n\n<h2 id=\"nbspactivitesnbsp\" class=\"wp-block-heading\"><strong> <\/strong><strong>Activit\u00e9s<\/strong><strong> <\/strong><\/h2>\n\n\n\n<ul class=\"wp-block-list\">\n<li>TRANSPORT SANITAIRE<\/li>\n\n\n\n<li>TRANSPORT SOCIAL<\/li>\n\n\n\n<li>PANIER SUSPENDU<\/li>\n\n\n\n<li>SERVICE DE RESTAURATION CARITAS<\/li>\n\n\n\n<li>PROTECTION CIVILE<\/li>\n\n\n\n<li>GESTION DES GRANDS \u00c9V\u00c9NEMENTS AVEC ARES 118<\/li>\n\n\n\n<li>SERVICE CIVIQUE<\/li>\n\n\n\n<li>CENTRE DE FORMATION ARES 118<\/li>\n\n\n\n<li>CENTRE DE FORMATION IRC<\/li>\n<\/ul>\n\n\n\n<h2 id=\"contacts\" class=\"wp-block-heading\"><strong>Contacts<\/strong><\/h2>\n\n\n\n<p class=\"wp-block-paragraph\">Largo Antonio Beltramelli 16 \u2013 00157 Roma<\/p>\n\n\n\n<p class=\"wp-block-paragraph\">T\u00e9l. : +39 06 4514139<\/p>\n\n\n\n<p class=\"wp-block-paragraph\"><a href=\"https:\/\/www.misericordia.roma.it\/\" target=\"_blank\" rel=\"noreferrer noopener nofollow\" title=\"https:\/\/www.misericordia.roma.it\/\">https:\/\/www.misericordia.roma.it\/<\/a><\/p>\n\n\n\n<p class=\"wp-block-paragraph\"><a href=\"https:\/\/www.facebook.com\/MisericordiadiRomaSRomano\" target=\"_blank\" rel=\"noreferrer noopener nofollow\" title=\"https:\/\/www.facebook.com\/MisericordiadiRomaSRomano\">https:\/\/www.facebook.com\/MisericordiadiRomaSRomano<\/a><\/p>\n\n\n\n<p class=\"wp-block-paragraph\"><a href=\"mailto:info@misericordia.roma.it\" title=\"info@misericordia.roma.it\">info@misericordia.roma.it<\/a><\/p>\n","protected":false},"excerpt":{"rendered":"<p>La Confr\u00e9rie de la Mis\u00e9ricorde de Rome Saint-Romain est une association de b\u00e9n\u00e9voles qui fait partie du Mouvement des Confr\u00e9ries de la Mis\u00e9ricorde, fond\u00e9 \u00e0 Florence en 1244 par Pietro da Verona, qui devint par la suite saint Pierre martyr. Aujourd\u2019hui, les Confr\u00e9ries de la Mis\u00e9ricorde sont pr\u00e9sentes en Italie et \u00e0 l\u2019\u00e9tranger avec plus &#8230; <a title=\"Confr\u00e9rie de la Mis\u00e9ricorde de Rome Saint-Romain\" class=\"read-more\" href=\"https:\/\/spaziospadoni.org\/fr\/organismes-de-formation\/confrerie-de-la-misericorde-de-rome-saint-romain\/\" aria-label=\"Read more about Confr\u00e9rie de la Mis\u00e9ricorde de Rome Saint-Romain\">Lire plus<\/a><\/p>\n","protected":false},"author":102,"featured_media":0,"parent":73245,"menu_order":0,"comment_status":"closed","ping_status":"closed","template":"","meta":{"_sitemap_exclude":false,"_sitemap_priority":"","_sitemap_frequency":"","footnotes":""},"class_list":["post-78444","page","type-page","status-publish","infinite-scroll-item"],"yoast_head":"<!-- This site is optimized with the Yoast SEO plugin v28.4 - https:\/\/yoast.com\/product\/yoast-seo-wordpress\/ -->\n<title>Confr\u00e9rie de la Mis\u00e9ricorde de Rome Saint-Romain | Spazio Spadoni<\/title>\n<meta name=\"description\" content=\"La Confr\u00e9rie de la Mis\u00e9ricorde de Rome Saint-Romain est une association de b\u00e9n\u00e9voles qui fait partie du Mouvement des Confr\u00e9ries de la Mis\u00e9ricorde, fond\u00e9\" \/>\n<meta name=\"robots\" content=\"index, follow, max-snippet:-1, max-image-preview:large, max-video-preview:-1\" \/>\n<link rel=\"canonical\" href=\"https:\/\/spaziospadoni.org\/fr\/organismes-de-formation\/confrerie-de-la-misericorde-de-rome-saint-romain\/\" \/>\n<meta property=\"og:locale\" content=\"fr_FR\" \/>\n<meta property=\"og:type\" content=\"article\" \/>\n<meta property=\"og:title\" content=\"Confr\u00e9rie de la Mis\u00e9ricorde de Rome Saint-Romain | Spazio Spadoni\" \/>\n<meta property=\"og:description\" content=\"La Confr\u00e9rie de la Mis\u00e9ricorde de Rome Saint-Romain est une association de b\u00e9n\u00e9voles qui fait partie du Mouvement des Confr\u00e9ries de la Mis\u00e9ricorde, fond\u00e9\" \/>\n<meta property=\"og:url\" content=\"https:\/\/spaziospadoni.org\/fr\/organismes-de-formation\/confrerie-de-la-misericorde-de-rome-saint-romain\/\" \/>\n<meta property=\"og:site_name\" content=\"spazio + spadoni\" \/>\n<meta property=\"article:publisher\" content=\"https:\/\/www.facebook.com\/SpazioSpadoni\/\" \/>\n<meta property=\"article:modified_time\" content=\"2026-08-22T09:28:44+00:00\" \/>\n<meta property=\"og:image\" content=\"https:\/\/spaziospadoni.org\/wp-content\/uploads\/2026\/05\/Logo-SanRomano.jpg\" \/>\n\t<meta property=\"og:image:width\" content=\"5953\" \/>\n\t<meta property=\"og:image:height\" content=\"8419\" \/>\n\t<meta property=\"og:image:type\" content=\"image\/jpeg\" \/>\n<meta name=\"twitter:card\" content=\"summary_large_image\" \/>\n<meta name=\"twitter:label1\" content=\"Est. reading time\" \/>\n\t<meta name=\"twitter:data1\" content=\"3 minutes\" \/>\n<script type=\"application\/ld+json\" class=\"yoast-schema-graph\">{\"@context\":\"https:\\\/\\\/schema.org\",\"@graph\":[{\"@type\":\"WebPage\",\"@id\":\"https:\\\/\\\/spaziospadoni.org\\\/fr\\\/organismes-de-formation\\\/confrerie-de-la-misericorde-de-rome-saint-romain\\\/\",\"url\":\"https:\\\/\\\/spaziospadoni.org\\\/fr\\\/organismes-de-formation\\\/confrerie-de-la-misericorde-de-rome-saint-romain\\\/\",\"name\":\"Confr\u00e9rie de la Mis\u00e9ricorde de Rome Saint-Romain | Spazio Spadoni\",\"isPartOf\":{\"@id\":\"https:\\\/\\\/spaziospadoni.org\\\/fr\\\/#website\"},\"primaryImageOfPage\":{\"@id\":\"https:\\\/\\\/spaziospadoni.org\\\/fr\\\/organismes-de-formation\\\/confrerie-de-la-misericorde-de-rome-saint-romain\\\/#primaryimage\"},\"image\":{\"@id\":\"https:\\\/\\\/spaziospadoni.org\\\/fr\\\/organismes-de-formation\\\/confrerie-de-la-misericorde-de-rome-saint-romain\\\/#primaryimage\"},\"thumbnailUrl\":\"https:\\\/\\\/spaziospadoni.org\\\/wp-content\\\/uploads\\\/2026\\\/05\\\/Logo-SanRomano.jpg\",\"datePublished\":\"2026-05-20T13:07:04+00:00\",\"dateModified\":\"2026-08-22T09:28:44+00:00\",\"description\":\"La Confr\u00e9rie de la Mis\u00e9ricorde de Rome Saint-Romain est une association de b\u00e9n\u00e9voles qui fait partie du Mouvement des Confr\u00e9ries de la Mis\u00e9ricorde, fond\u00e9\",\"breadcrumb\":{\"@id\":\"https:\\\/\\\/spaziospadoni.org\\\/fr\\\/organismes-de-formation\\\/confrerie-de-la-misericorde-de-rome-saint-romain\\\/#breadcrumb\"},\"inLanguage\":\"fr-FR\",\"potentialAction\":[{\"@type\":\"ReadAction\",\"target\":[\"https:\\\/\\\/spaziospadoni.org\\\/fr\\\/organismes-de-formation\\\/confrerie-de-la-misericorde-de-rome-saint-romain\\\/\"]}]},{\"@type\":\"ImageObject\",\"inLanguage\":\"fr-FR\",\"@id\":\"https:\\\/\\\/spaziospadoni.org\\\/fr\\\/organismes-de-formation\\\/confrerie-de-la-misericorde-de-rome-saint-romain\\\/#primaryimage\",\"url\":\"https:\\\/\\\/spaziospadoni.org\\\/wp-content\\\/uploads\\\/2026\\\/05\\\/Logo-SanRomano.jpg\",\"contentUrl\":\"https:\\\/\\\/spaziospadoni.org\\\/wp-content\\\/uploads\\\/2026\\\/05\\\/Logo-SanRomano.jpg\"},{\"@type\":\"BreadcrumbList\",\"@id\":\"https:\\\/\\\/spaziospadoni.org\\\/fr\\\/organismes-de-formation\\\/confrerie-de-la-misericorde-de-rome-saint-romain\\\/#breadcrumb\",\"itemListElement\":[{\"@type\":\"ListItem\",\"position\":1,\"name\":\"Home\",\"item\":\"https:\\\/\\\/spaziospadoni.org\\\/fr\\\/\"},{\"@type\":\"ListItem\",\"position\":2,\"name\":\"Organismes de formation\",\"item\":\"https:\\\/\\\/spaziospadoni.org\\\/fr\\\/organismes-de-formation\\\/\"},{\"@type\":\"ListItem\",\"position\":3,\"name\":\"Confr\u00e9rie de la Mis\u00e9ricorde de Rome Saint-Romain\"}]},{\"@type\":\"WebSite\",\"@id\":\"https:\\\/\\\/spaziospadoni.org\\\/fr\\\/#website\",\"url\":\"https:\\\/\\\/spaziospadoni.org\\\/fr\\\/\",\"name\":\"spazio + spadoni\",\"description\":\"Generazione di misericordia e missione nel mondo\",\"publisher\":{\"@id\":\"https:\\\/\\\/spaziospadoni.org\\\/fr\\\/#organization\"},\"alternateName\":\"spaziospadoni.org\",\"potentialAction\":[{\"@type\":\"SearchAction\",\"target\":{\"@type\":\"EntryPoint\",\"urlTemplate\":\"https:\\\/\\\/spaziospadoni.org\\\/fr\\\/?s={search_term_string}\"},\"query-input\":{\"@type\":\"PropertyValueSpecification\",\"valueRequired\":true,\"valueName\":\"search_term_string\"}}],\"inLanguage\":\"fr-FR\"},{\"@type\":\"Organization\",\"@id\":\"https:\\\/\\\/spaziospadoni.org\\\/fr\\\/#organization\",\"name\":\"spazio + spadoni\",\"alternateName\":\"spaziospadoni.org\",\"url\":\"https:\\\/\\\/spaziospadoni.org\\\/fr\\\/\",\"logo\":{\"@type\":\"ImageObject\",\"inLanguage\":\"fr-FR\",\"@id\":\"https:\\\/\\\/spaziospadoni.org\\\/fr\\\/#\\\/schema\\\/logo\\\/image\\\/\",\"url\":\"https:\\\/\\\/spaziospadoni.org\\\/wp-content\\\/uploads\\\/2026\\\/05\\\/spazio-spadoni-logo-100x100-1.webp\",\"contentUrl\":\"https:\\\/\\\/spaziospadoni.org\\\/wp-content\\\/uploads\\\/2026\\\/05\\\/spazio-spadoni-logo-100x100-1.webp\",\"width\":100,\"height\":100,\"caption\":\"spazio + spadoni\"},\"image\":{\"@id\":\"https:\\\/\\\/spaziospadoni.org\\\/fr\\\/#\\\/schema\\\/logo\\\/image\\\/\"},\"sameAs\":[\"https:\\\/\\\/www.facebook.com\\\/SpazioSpadoni\\\/\",\"https:\\\/\\\/www.instagram.com\\\/spaziospadoni\\\/\",\"https:\\\/\\\/www.youtube.com\\\/@spaziospadoni\\\/playlists\"]}]}<\/script>\n<!-- \/ Yoast SEO plugin. -->","yoast_head_json":{"title":"Confr\u00e9rie de la Mis\u00e9ricorde de Rome Saint-Romain | Spazio Spadoni","description":"La Confr\u00e9rie de la Mis\u00e9ricorde de Rome Saint-Romain est une association de b\u00e9n\u00e9voles qui fait partie du Mouvement des Confr\u00e9ries de la Mis\u00e9ricorde, fond\u00e9","robots":{"index":"index","follow":"follow","max-snippet":"max-snippet:-1","max-image-preview":"max-image-preview:large","max-video-preview":"max-video-preview:-1"},"canonical":"https:\/\/spaziospadoni.org\/fr\/organismes-de-formation\/confrerie-de-la-misericorde-de-rome-saint-romain\/","og_locale":"fr_FR","og_type":"article","og_title":"Confr\u00e9rie de la Mis\u00e9ricorde de Rome Saint-Romain | Spazio Spadoni","og_description":"La Confr\u00e9rie de la Mis\u00e9ricorde de Rome Saint-Romain est une association de b\u00e9n\u00e9voles qui fait partie du Mouvement des Confr\u00e9ries de la Mis\u00e9ricorde, fond\u00e9","og_url":"https:\/\/spaziospadoni.org\/fr\/organismes-de-formation\/confrerie-de-la-misericorde-de-rome-saint-romain\/","og_site_name":"spazio + spadoni","article_publisher":"https:\/\/www.facebook.com\/SpazioSpadoni\/","article_modified_time":"2026-08-22T09:28:44+00:00","og_image":[{"width":5953,"height":8419,"url":"https:\/\/spaziospadoni.org\/wp-content\/uploads\/2026\/05\/Logo-SanRomano.jpg","type":"image\/jpeg"}],"twitter_card":"summary_large_image","twitter_misc":{"Est. reading time":"3 minutes"},"schema":{"@context":"https:\/\/schema.org","@graph":[{"@type":"WebPage","@id":"https:\/\/spaziospadoni.org\/fr\/organismes-de-formation\/confrerie-de-la-misericorde-de-rome-saint-romain\/","url":"https:\/\/spaziospadoni.org\/fr\/organismes-de-formation\/confrerie-de-la-misericorde-de-rome-saint-romain\/","name":"Confr\u00e9rie de la Mis\u00e9ricorde de Rome Saint-Romain | Spazio Spadoni","isPartOf":{"@id":"https:\/\/spaziospadoni.org\/fr\/#website"},"primaryImageOfPage":{"@id":"https:\/\/spaziospadoni.org\/fr\/organismes-de-formation\/confrerie-de-la-misericorde-de-rome-saint-romain\/#primaryimage"},"image":{"@id":"https:\/\/spaziospadoni.org\/fr\/organismes-de-formation\/confrerie-de-la-misericorde-de-rome-saint-romain\/#primaryimage"},"thumbnailUrl":"https:\/\/spaziospadoni.org\/wp-content\/uploads\/2026\/05\/Logo-SanRomano.jpg","datePublished":"2026-05-20T13:07:04+00:00","dateModified":"2026-08-22T09:28:44+00:00","description":"La Confr\u00e9rie de la Mis\u00e9ricorde de Rome Saint-Romain est une association de b\u00e9n\u00e9voles qui fait partie du Mouvement des Confr\u00e9ries de la Mis\u00e9ricorde, fond\u00e9","breadcrumb":{"@id":"https:\/\/spaziospadoni.org\/fr\/organismes-de-formation\/confrerie-de-la-misericorde-de-rome-saint-romain\/#breadcrumb"},"inLanguage":"fr-FR","potentialAction":[{"@type":"ReadAction","target":["https:\/\/spaziospadoni.org\/fr\/organismes-de-formation\/confrerie-de-la-misericorde-de-rome-saint-romain\/"]}]},{"@type":"ImageObject","inLanguage":"fr-FR","@id":"https:\/\/spaziospadoni.org\/fr\/organismes-de-formation\/confrerie-de-la-misericorde-de-rome-saint-romain\/#primaryimage","url":"https:\/\/spaziospadoni.org\/wp-content\/uploads\/2026\/05\/Logo-SanRomano.jpg","contentUrl":"https:\/\/spaziospadoni.org\/wp-content\/uploads\/2026\/05\/Logo-SanRomano.jpg"},{"@type":"BreadcrumbList","@id":"https:\/\/spaziospadoni.org\/fr\/organismes-de-formation\/confrerie-de-la-misericorde-de-rome-saint-romain\/#breadcrumb","itemListElement":[{"@type":"ListItem","position":1,"name":"Home","item":"https:\/\/spaziospadoni.org\/fr\/"},{"@type":"ListItem","position":2,"name":"Organismes de formation","item":"https:\/\/spaziospadoni.org\/fr\/organismes-de-formation\/"},{"@type":"ListItem","position":3,"name":"Confr\u00e9rie de la Mis\u00e9ricorde de Rome Saint-Romain"}]},{"@type":"WebSite","@id":"https:\/\/spaziospadoni.org\/fr\/#website","url":"https:\/\/spaziospadoni.org\/fr\/","name":"spazio + spadoni","description":"Generazione di misericordia e missione nel mondo","publisher":{"@id":"https:\/\/spaziospadoni.org\/fr\/#organization"},"alternateName":"spaziospadoni.org","potentialAction":[{"@type":"SearchAction","target":{"@type":"EntryPoint","urlTemplate":"https:\/\/spaziospadoni.org\/fr\/?s={search_term_string}"},"query-input":{"@type":"PropertyValueSpecification","valueRequired":true,"valueName":"search_term_string"}}],"inLanguage":"fr-FR"},{"@type":"Organization","@id":"https:\/\/spaziospadoni.org\/fr\/#organization","name":"spazio + spadoni","alternateName":"spaziospadoni.org","url":"https:\/\/spaziospadoni.org\/fr\/","logo":{"@type":"ImageObject","inLanguage":"fr-FR","@id":"https:\/\/spaziospadoni.org\/fr\/#\/schema\/logo\/image\/","url":"https:\/\/spaziospadoni.org\/wp-content\/uploads\/2026\/05\/spazio-spadoni-logo-100x100-1.webp","contentUrl":"https:\/\/spaziospadoni.org\/wp-content\/uploads\/2026\/05\/spazio-spadoni-logo-100x100-1.webp","width":100,"height":100,"caption":"spazio + spadoni"},"image":{"@id":"https:\/\/spaziospadoni.org\/fr\/#\/schema\/logo\/image\/"},"sameAs":["https:\/\/www.facebook.com\/SpazioSpadoni\/","https:\/\/www.instagram.com\/spaziospadoni\/","https:\/\/www.youtube.com\/@spaziospadoni\/playlists"]}]}},"_links":{"self":[{"href":"https:\/\/spaziospadoni.org\/fr\/wp-json\/wp\/v2\/pages\/78444","targetHints":{"allow":["GET"]}}],"collection":[{"href":"https:\/\/spaziospadoni.org\/fr\/wp-json\/wp\/v2\/pages"}],"about":[{"href":"https:\/\/spaziospadoni.org\/fr\/wp-json\/wp\/v2\/types\/page"}],"author":[{"embeddable":true,"href":"https:\/\/spaziospadoni.org\/fr\/wp-json\/wp\/v2\/users\/102"}],"replies":[{"embeddable":true,"href":"https:\/\/spaziospadoni.org\/fr\/wp-json\/wp\/v2\/comments?post=78444"}],"version-history":[{"count":1,"href":"https:\/\/spaziospadoni.org\/fr\/wp-json\/wp\/v2\/pages\/78444\/revisions"}],"predecessor-version":[{"id":91755,"href":"https:\/\/spaziospadoni.org\/fr\/wp-json\/wp\/v2\/pages\/78444\/revisions\/91755"}],"up":[{"embeddable":true,"href":"https:\/\/spaziospadoni.org\/fr\/wp-json\/wp\/v2\/pages\/73245"}],"wp:attachment":[{"href":"https:\/\/spaziospadoni.org\/fr\/wp-json\/wp\/v2\/media?parent=78444"}],"curies":[{"name":"wp","href":"https:\/\/api.w.org\/{rel}","templated":true}]}}