{"id":78453,"date":"2026-05-20T13:42:48","date_gmt":"2026-05-20T12:42:48","guid":{"rendered":"https:\/\/spaziospadoni.org\/organismes-de-formation\/confraternita-di-misericordia-di-sansepolcro\/"},"modified":"2026-08-22T10:42:30","modified_gmt":"2026-08-22T09:42:30","slug":"confrerie-de-la-misericorde-de-sansepolcro","status":"publish","type":"page","link":"https:\/\/spaziospadoni.org\/fr\/organismes-de-formation\/confrerie-de-la-misericorde-de-sansepolcro\/","title":{"rendered":"Confr\u00e9rie de la Mis\u00e9ricorde de Sansepolcro"},"content":{"rendered":"\n<p class=\"wp-block-paragraph\">La Confr\u00e9rie de la Mis\u00e9ricorde de Sansepolcro est une association de b\u00e9n\u00e9voles qui fait partie du Mouvement des Confr\u00e9ries de la Mis\u00e9ricorde, fond\u00e9 \u00e0 Florence en 1244 par Pietro da Verona, qui devint par la suite saint Pierre martyr. Aujourd\u2019hui, les Confr\u00e9ries de la Mis\u00e9ricorde sont pr\u00e9sentes en Italie et \u00e0 l\u2019\u00e9tranger avec plus de 700 confr\u00e9ries.<\/p>\n\n\n<div class=\"wp-block-image\">\n<figure class=\"aligncenter size-full is-resized\"><img decoding=\"async\" width=\"268\" height=\"252\" src=\"https:\/\/spaziospadoni.org\/wp-content\/uploads\/2026\/05\/Confraternita-di-Misericordia-di-Sansepolcro.png\" alt=\"Confr\u00e9rie de la Mis\u00e9ricorde de Sansepolcro\" class=\"wp-image-52783\" style=\"aspect-ratio:1.0634743548339742;width:332px;height:auto\"\/><\/figure>\n<\/div>\n\n\n<h2 id=\"h-storia-nbsp\" class=\"wp-block-heading\"><strong>Histoire<\/strong> <\/h2>\n\n\n\n<p class=\"wp-block-paragraph\">La Confr\u00e9rie de la Mis\u00e9ricorde de Sansepolcro est la plus ancienne association la\u00efque de la ville et rassemble depuis 1338 des b\u00e9n\u00e9voles qui consacrent gratuitement leur temps au service des personnes dans le besoin, inspir\u00e9s par les \u0153uvres de mis\u00e9ricorde corporelles et spirituelles.&nbsp;&nbsp;&nbsp;<\/p>\n\n\n\n<p class=\"wp-block-paragraph\">Le document le plus ancien mentionnant la Confr\u00e9rie de la Mis\u00e9ricorde de Sansepolcro est un legs testamentaire datant de 1338. En 1445, les confr\u00e8res command\u00e8rent \u00e0 Piero della Francesca le polyptyque de la Vierge de Mis\u00e9ricorde, dont sont inspir\u00e9es les armoiries de la Confr\u00e9rie. Apr\u00e8s la suppression de toutes les Confr\u00e9ries en 1785 par le grand-duc de Toscane Pietro Leopoldo, l\u2019\u00e9v\u00eaque de Sansepolcro Roberto Costaguti r\u00e9tablit officiellement, le 25 novembre 1816, la Confr\u00e9rie de la Mis\u00e9ricorde, qui absorba la Compagnie du Crucifix et r\u00e9installa son si\u00e8ge dans la \u00e9glise Saint-Roch. La premi\u00e8re activit\u00e9 document\u00e9e consista \u00e0 r\u00e9conforter et \u00e0 accompagner \u00e0 l\u2019\u00e9chafaud les condamn\u00e9s \u00e0 mort. Par la suite, au fil des si\u00e8cles, elle intervint aux c\u00f4t\u00e9s de la population lors des nombreuses \u00e9pid\u00e9mies et cr\u00e9a les premiers h\u00f4pitaux destin\u00e9s \u00e0 soigner les malades.&nbsp;<\/p>\n\n\n\n<h2 id=\"h-attivita-nbsp\" class=\"wp-block-heading\"><strong>Activit\u00e9s<\/strong> <\/h2>\n\n\n\n<ul class=\"wp-block-list\">\n<li>SERVICE D\u2019URGENCE\/EXTR\u00caME URGENCE&nbsp;<\/li>\n\n\n\n<li>TRANSPORT SANITAIRE&nbsp;<\/li>\n\n\n\n<li>SERVICES SOCIAUX&nbsp;<\/li>\n\n\n\n<li>PROJET \u201cPAIN ROMPU\u201d \u2013 SERVICE D\u2019AIDE ALIMENTAIRE AUX PERSONNES DANS LE BESOIN&nbsp;<\/li>\n\n\n\n<li>CENTRE DE CONSULTATION M\u00c9DICALE ET INFIRMI\u00c8RE&nbsp;<\/li>\n\n\n\n<li>PROTECTION CIVILE&nbsp;<\/li>\n\n\n\n<li>R\u00c9INSERTION DANS LE CADRE D\u2019UNE MISE \u00c0 L\u2019\u00c9PREUVE AUPR\u00c8S DES SERVICES SOCIAUX&nbsp;<\/li>\n\n\n\n<li>SERVICE CIVIQUE<br>&nbsp;<\/li>\n<\/ul>\n\n\n\n<h2 id=\"h-contatti-nbsp-nbsp\" class=\"wp-block-heading\"><strong>Contacts <\/strong> <\/h2>\n\n\n\n<p class=\"wp-block-paragraph\">Via N. Aggiunti, 73 \u2013 52037 Sansepolcro (AR)&nbsp;<\/p>\n\n\n\n<p class=\"wp-block-paragraph\">T\u00e9l. 0575-742749&nbsp;<\/p>\n\n\n\n<p class=\"wp-block-paragraph\"><a href=\"mailto:misericordiasansepol@libero.it\" title=\"misericordiasansepol@libero.it\">misericordiasansepol@libero.it<\/a><\/p>\n\n\n\n<p class=\"wp-block-paragraph\"><a href=\"https:\/\/www.misericordiasansepolcro.it\/\" target=\"_blank\" rel=\"noreferrer noopener nofollow\" title=\"https:\/\/www.misericordiasansepolcro.it\/\">https:\/\/www.misericordiasansepolcro.it\/<\/a><\/p>\n\n\n\n<p class=\"wp-block-paragraph\"><a href=\"https:\/\/www.facebook.com\/misericordiasansepolcro\/\" target=\"_blank\" rel=\"noreferrer noopener nofollow\" title=\"https:\/\/www.facebook.com\/misericordiasansepolcro\/\">https:\/\/www.facebook.com\/misericordiasansepolcro\/<\/a><\/p>\n","protected":false},"excerpt":{"rendered":"<p>La Confr\u00e9rie de la Mis\u00e9ricorde de Sansepolcro est une association de b\u00e9n\u00e9voles qui fait partie du Mouvement des Confr\u00e9ries de la Mis\u00e9ricorde, fond\u00e9 \u00e0 Florence en 1244 par Pietro da Verona, qui devint par la suite saint Pierre martyr. Aujourd\u2019hui, les Confr\u00e9ries de la Mis\u00e9ricorde sont pr\u00e9sentes en Italie et \u00e0 l\u2019\u00e9tranger avec plus de &#8230; <a title=\"Confr\u00e9rie de la Mis\u00e9ricorde de Sansepolcro\" class=\"read-more\" href=\"https:\/\/spaziospadoni.org\/fr\/organismes-de-formation\/confrerie-de-la-misericorde-de-sansepolcro\/\" aria-label=\"Read more about Confr\u00e9rie de la Mis\u00e9ricorde de Sansepolcro\">Lire plus<\/a><\/p>\n","protected":false},"author":102,"featured_media":0,"parent":73245,"menu_order":0,"comment_status":"closed","ping_status":"closed","template":"","meta":{"_sitemap_exclude":false,"_sitemap_priority":"","_sitemap_frequency":"","footnotes":""},"class_list":["post-78453","page","type-page","status-publish","infinite-scroll-item"],"yoast_head":"<!-- This site is optimized with the Yoast SEO plugin v28.4 - https:\/\/yoast.com\/product\/yoast-seo-wordpress\/ -->\n<title>Confr\u00e9rie de la Mis\u00e9ricorde de Sansepolcro | Spazio Spadoni<\/title>\n<meta name=\"description\" content=\"La Confr\u00e9rie de la Mis\u00e9ricorde de Sansepolcro est une association de b\u00e9n\u00e9voles qui fait partie du Mouvement des Confr\u00e9ries de la Mis\u00e9ricorde, fond\u00e9 \u00e0\" \/>\n<meta name=\"robots\" content=\"index, follow, max-snippet:-1, max-image-preview:large, max-video-preview:-1\" \/>\n<link rel=\"canonical\" href=\"https:\/\/spaziospadoni.org\/fr\/organismes-de-formation\/confrerie-de-la-misericorde-de-sansepolcro\/\" \/>\n<meta property=\"og:locale\" content=\"fr_FR\" \/>\n<meta property=\"og:type\" content=\"article\" \/>\n<meta property=\"og:title\" content=\"Confr\u00e9rie de la Mis\u00e9ricorde de Sansepolcro | Spazio Spadoni\" \/>\n<meta property=\"og:description\" content=\"La Confr\u00e9rie de la Mis\u00e9ricorde de Sansepolcro est une association de b\u00e9n\u00e9voles qui fait partie du Mouvement des Confr\u00e9ries de la Mis\u00e9ricorde, fond\u00e9 \u00e0\" \/>\n<meta property=\"og:url\" content=\"https:\/\/spaziospadoni.org\/fr\/organismes-de-formation\/confrerie-de-la-misericorde-de-sansepolcro\/\" \/>\n<meta property=\"og:site_name\" content=\"spazio + spadoni\" \/>\n<meta property=\"article:publisher\" content=\"https:\/\/www.facebook.com\/SpazioSpadoni\/\" \/>\n<meta property=\"article:modified_time\" content=\"2026-08-22T09:42:30+00:00\" \/>\n<meta property=\"og:image\" content=\"https:\/\/spaziospadoni.org\/wp-content\/uploads\/2026\/05\/Confraternita-di-Misericordia-di-Sansepolcro.png\" \/>\n\t<meta property=\"og:image:width\" content=\"268\" \/>\n\t<meta property=\"og:image:height\" content=\"252\" \/>\n\t<meta property=\"og:image:type\" content=\"image\/png\" \/>\n<meta name=\"twitter:card\" content=\"summary_large_image\" \/>\n<meta name=\"twitter:label1\" content=\"Est. reading time\" \/>\n\t<meta name=\"twitter:data1\" content=\"2 minutes\" \/>\n<script type=\"application\/ld+json\" class=\"yoast-schema-graph\">{\"@context\":\"https:\\\/\\\/schema.org\",\"@graph\":[{\"@type\":\"WebPage\",\"@id\":\"https:\\\/\\\/spaziospadoni.org\\\/fr\\\/organismes-de-formation\\\/confrerie-de-la-misericorde-de-sansepolcro\\\/\",\"url\":\"https:\\\/\\\/spaziospadoni.org\\\/fr\\\/organismes-de-formation\\\/confrerie-de-la-misericorde-de-sansepolcro\\\/\",\"name\":\"Confr\u00e9rie de la Mis\u00e9ricorde de Sansepolcro | Spazio Spadoni\",\"isPartOf\":{\"@id\":\"https:\\\/\\\/spaziospadoni.org\\\/fr\\\/#website\"},\"primaryImageOfPage\":{\"@id\":\"https:\\\/\\\/spaziospadoni.org\\\/fr\\\/organismes-de-formation\\\/confrerie-de-la-misericorde-de-sansepolcro\\\/#primaryimage\"},\"image\":{\"@id\":\"https:\\\/\\\/spaziospadoni.org\\\/fr\\\/organismes-de-formation\\\/confrerie-de-la-misericorde-de-sansepolcro\\\/#primaryimage\"},\"thumbnailUrl\":\"https:\\\/\\\/spaziospadoni.org\\\/wp-content\\\/uploads\\\/2026\\\/05\\\/Confraternita-di-Misericordia-di-Sansepolcro.png\",\"datePublished\":\"2026-05-20T12:42:48+00:00\",\"dateModified\":\"2026-08-22T09:42:30+00:00\",\"description\":\"La Confr\u00e9rie de la Mis\u00e9ricorde de Sansepolcro est une association de b\u00e9n\u00e9voles qui fait partie du Mouvement des Confr\u00e9ries de la Mis\u00e9ricorde, fond\u00e9 \u00e0\",\"breadcrumb\":{\"@id\":\"https:\\\/\\\/spaziospadoni.org\\\/fr\\\/organismes-de-formation\\\/confrerie-de-la-misericorde-de-sansepolcro\\\/#breadcrumb\"},\"inLanguage\":\"fr-FR\",\"potentialAction\":[{\"@type\":\"ReadAction\",\"target\":[\"https:\\\/\\\/spaziospadoni.org\\\/fr\\\/organismes-de-formation\\\/confrerie-de-la-misericorde-de-sansepolcro\\\/\"]}]},{\"@type\":\"ImageObject\",\"inLanguage\":\"fr-FR\",\"@id\":\"https:\\\/\\\/spaziospadoni.org\\\/fr\\\/organismes-de-formation\\\/confrerie-de-la-misericorde-de-sansepolcro\\\/#primaryimage\",\"url\":\"https:\\\/\\\/spaziospadoni.org\\\/wp-content\\\/uploads\\\/2026\\\/05\\\/Confraternita-di-Misericordia-di-Sansepolcro.png\",\"contentUrl\":\"https:\\\/\\\/spaziospadoni.org\\\/wp-content\\\/uploads\\\/2026\\\/05\\\/Confraternita-di-Misericordia-di-Sansepolcro.png\"},{\"@type\":\"BreadcrumbList\",\"@id\":\"https:\\\/\\\/spaziospadoni.org\\\/fr\\\/organismes-de-formation\\\/confrerie-de-la-misericorde-de-sansepolcro\\\/#breadcrumb\",\"itemListElement\":[{\"@type\":\"ListItem\",\"position\":1,\"name\":\"Home\",\"item\":\"https:\\\/\\\/spaziospadoni.org\\\/fr\\\/\"},{\"@type\":\"ListItem\",\"position\":2,\"name\":\"Organismes de formation\",\"item\":\"https:\\\/\\\/spaziospadoni.org\\\/fr\\\/organismes-de-formation\\\/\"},{\"@type\":\"ListItem\",\"position\":3,\"name\":\"Confr\u00e9rie de la Mis\u00e9ricorde de Sansepolcro\"}]},{\"@type\":\"WebSite\",\"@id\":\"https:\\\/\\\/spaziospadoni.org\\\/fr\\\/#website\",\"url\":\"https:\\\/\\\/spaziospadoni.org\\\/fr\\\/\",\"name\":\"spazio + spadoni\",\"description\":\"Generazione di misericordia e missione nel mondo\",\"publisher\":{\"@id\":\"https:\\\/\\\/spaziospadoni.org\\\/fr\\\/#organization\"},\"alternateName\":\"spaziospadoni.org\",\"potentialAction\":[{\"@type\":\"SearchAction\",\"target\":{\"@type\":\"EntryPoint\",\"urlTemplate\":\"https:\\\/\\\/spaziospadoni.org\\\/fr\\\/?s={search_term_string}\"},\"query-input\":{\"@type\":\"PropertyValueSpecification\",\"valueRequired\":true,\"valueName\":\"search_term_string\"}}],\"inLanguage\":\"fr-FR\"},{\"@type\":\"Organization\",\"@id\":\"https:\\\/\\\/spaziospadoni.org\\\/fr\\\/#organization\",\"name\":\"spazio + spadoni\",\"alternateName\":\"spaziospadoni.org\",\"url\":\"https:\\\/\\\/spaziospadoni.org\\\/fr\\\/\",\"logo\":{\"@type\":\"ImageObject\",\"inLanguage\":\"fr-FR\",\"@id\":\"https:\\\/\\\/spaziospadoni.org\\\/fr\\\/#\\\/schema\\\/logo\\\/image\\\/\",\"url\":\"https:\\\/\\\/spaziospadoni.org\\\/wp-content\\\/uploads\\\/2026\\\/05\\\/spazio-spadoni-logo-100x100-1.webp\",\"contentUrl\":\"https:\\\/\\\/spaziospadoni.org\\\/wp-content\\\/uploads\\\/2026\\\/05\\\/spazio-spadoni-logo-100x100-1.webp\",\"width\":100,\"height\":100,\"caption\":\"spazio + spadoni\"},\"image\":{\"@id\":\"https:\\\/\\\/spaziospadoni.org\\\/fr\\\/#\\\/schema\\\/logo\\\/image\\\/\"},\"sameAs\":[\"https:\\\/\\\/www.facebook.com\\\/SpazioSpadoni\\\/\",\"https:\\\/\\\/www.instagram.com\\\/spaziospadoni\\\/\",\"https:\\\/\\\/www.youtube.com\\\/@spaziospadoni\\\/playlists\"]}]}<\/script>\n<!-- \/ Yoast SEO plugin. -->","yoast_head_json":{"title":"Confr\u00e9rie de la Mis\u00e9ricorde de Sansepolcro | Spazio Spadoni","description":"La Confr\u00e9rie de la Mis\u00e9ricorde de Sansepolcro est une association de b\u00e9n\u00e9voles qui fait partie du Mouvement des Confr\u00e9ries de la Mis\u00e9ricorde, fond\u00e9 \u00e0","robots":{"index":"index","follow":"follow","max-snippet":"max-snippet:-1","max-image-preview":"max-image-preview:large","max-video-preview":"max-video-preview:-1"},"canonical":"https:\/\/spaziospadoni.org\/fr\/organismes-de-formation\/confrerie-de-la-misericorde-de-sansepolcro\/","og_locale":"fr_FR","og_type":"article","og_title":"Confr\u00e9rie de la Mis\u00e9ricorde de Sansepolcro | Spazio Spadoni","og_description":"La Confr\u00e9rie de la Mis\u00e9ricorde de Sansepolcro est une association de b\u00e9n\u00e9voles qui fait partie du Mouvement des Confr\u00e9ries de la Mis\u00e9ricorde, fond\u00e9 \u00e0","og_url":"https:\/\/spaziospadoni.org\/fr\/organismes-de-formation\/confrerie-de-la-misericorde-de-sansepolcro\/","og_site_name":"spazio + spadoni","article_publisher":"https:\/\/www.facebook.com\/SpazioSpadoni\/","article_modified_time":"2026-08-22T09:42:30+00:00","og_image":[{"width":268,"height":252,"url":"https:\/\/spaziospadoni.org\/wp-content\/uploads\/2026\/05\/Confraternita-di-Misericordia-di-Sansepolcro.png","type":"image\/png"}],"twitter_card":"summary_large_image","twitter_misc":{"Est. reading time":"2 minutes"},"schema":{"@context":"https:\/\/schema.org","@graph":[{"@type":"WebPage","@id":"https:\/\/spaziospadoni.org\/fr\/organismes-de-formation\/confrerie-de-la-misericorde-de-sansepolcro\/","url":"https:\/\/spaziospadoni.org\/fr\/organismes-de-formation\/confrerie-de-la-misericorde-de-sansepolcro\/","name":"Confr\u00e9rie de la Mis\u00e9ricorde de Sansepolcro | Spazio Spadoni","isPartOf":{"@id":"https:\/\/spaziospadoni.org\/fr\/#website"},"primaryImageOfPage":{"@id":"https:\/\/spaziospadoni.org\/fr\/organismes-de-formation\/confrerie-de-la-misericorde-de-sansepolcro\/#primaryimage"},"image":{"@id":"https:\/\/spaziospadoni.org\/fr\/organismes-de-formation\/confrerie-de-la-misericorde-de-sansepolcro\/#primaryimage"},"thumbnailUrl":"https:\/\/spaziospadoni.org\/wp-content\/uploads\/2026\/05\/Confraternita-di-Misericordia-di-Sansepolcro.png","datePublished":"2026-05-20T12:42:48+00:00","dateModified":"2026-08-22T09:42:30+00:00","description":"La Confr\u00e9rie de la Mis\u00e9ricorde de Sansepolcro est une association de b\u00e9n\u00e9voles qui fait partie du Mouvement des Confr\u00e9ries de la Mis\u00e9ricorde, fond\u00e9 \u00e0","breadcrumb":{"@id":"https:\/\/spaziospadoni.org\/fr\/organismes-de-formation\/confrerie-de-la-misericorde-de-sansepolcro\/#breadcrumb"},"inLanguage":"fr-FR","potentialAction":[{"@type":"ReadAction","target":["https:\/\/spaziospadoni.org\/fr\/organismes-de-formation\/confrerie-de-la-misericorde-de-sansepolcro\/"]}]},{"@type":"ImageObject","inLanguage":"fr-FR","@id":"https:\/\/spaziospadoni.org\/fr\/organismes-de-formation\/confrerie-de-la-misericorde-de-sansepolcro\/#primaryimage","url":"https:\/\/spaziospadoni.org\/wp-content\/uploads\/2026\/05\/Confraternita-di-Misericordia-di-Sansepolcro.png","contentUrl":"https:\/\/spaziospadoni.org\/wp-content\/uploads\/2026\/05\/Confraternita-di-Misericordia-di-Sansepolcro.png"},{"@type":"BreadcrumbList","@id":"https:\/\/spaziospadoni.org\/fr\/organismes-de-formation\/confrerie-de-la-misericorde-de-sansepolcro\/#breadcrumb","itemListElement":[{"@type":"ListItem","position":1,"name":"Home","item":"https:\/\/spaziospadoni.org\/fr\/"},{"@type":"ListItem","position":2,"name":"Organismes de formation","item":"https:\/\/spaziospadoni.org\/fr\/organismes-de-formation\/"},{"@type":"ListItem","position":3,"name":"Confr\u00e9rie de la Mis\u00e9ricorde de Sansepolcro"}]},{"@type":"WebSite","@id":"https:\/\/spaziospadoni.org\/fr\/#website","url":"https:\/\/spaziospadoni.org\/fr\/","name":"spazio + spadoni","description":"Generazione di misericordia e missione nel mondo","publisher":{"@id":"https:\/\/spaziospadoni.org\/fr\/#organization"},"alternateName":"spaziospadoni.org","potentialAction":[{"@type":"SearchAction","target":{"@type":"EntryPoint","urlTemplate":"https:\/\/spaziospadoni.org\/fr\/?s={search_term_string}"},"query-input":{"@type":"PropertyValueSpecification","valueRequired":true,"valueName":"search_term_string"}}],"inLanguage":"fr-FR"},{"@type":"Organization","@id":"https:\/\/spaziospadoni.org\/fr\/#organization","name":"spazio + spadoni","alternateName":"spaziospadoni.org","url":"https:\/\/spaziospadoni.org\/fr\/","logo":{"@type":"ImageObject","inLanguage":"fr-FR","@id":"https:\/\/spaziospadoni.org\/fr\/#\/schema\/logo\/image\/","url":"https:\/\/spaziospadoni.org\/wp-content\/uploads\/2026\/05\/spazio-spadoni-logo-100x100-1.webp","contentUrl":"https:\/\/spaziospadoni.org\/wp-content\/uploads\/2026\/05\/spazio-spadoni-logo-100x100-1.webp","width":100,"height":100,"caption":"spazio + spadoni"},"image":{"@id":"https:\/\/spaziospadoni.org\/fr\/#\/schema\/logo\/image\/"},"sameAs":["https:\/\/www.facebook.com\/SpazioSpadoni\/","https:\/\/www.instagram.com\/spaziospadoni\/","https:\/\/www.youtube.com\/@spaziospadoni\/playlists"]}]}},"_links":{"self":[{"href":"https:\/\/spaziospadoni.org\/fr\/wp-json\/wp\/v2\/pages\/78453","targetHints":{"allow":["GET"]}}],"collection":[{"href":"https:\/\/spaziospadoni.org\/fr\/wp-json\/wp\/v2\/pages"}],"about":[{"href":"https:\/\/spaziospadoni.org\/fr\/wp-json\/wp\/v2\/types\/page"}],"author":[{"embeddable":true,"href":"https:\/\/spaziospadoni.org\/fr\/wp-json\/wp\/v2\/users\/102"}],"replies":[{"embeddable":true,"href":"https:\/\/spaziospadoni.org\/fr\/wp-json\/wp\/v2\/comments?post=78453"}],"version-history":[{"count":1,"href":"https:\/\/spaziospadoni.org\/fr\/wp-json\/wp\/v2\/pages\/78453\/revisions"}],"predecessor-version":[{"id":91764,"href":"https:\/\/spaziospadoni.org\/fr\/wp-json\/wp\/v2\/pages\/78453\/revisions\/91764"}],"up":[{"embeddable":true,"href":"https:\/\/spaziospadoni.org\/fr\/wp-json\/wp\/v2\/pages\/73245"}],"wp:attachment":[{"href":"https:\/\/spaziospadoni.org\/fr\/wp-json\/wp\/v2\/media?parent=78453"}],"curies":[{"name":"wp","href":"https:\/\/api.w.org\/{rel}","templated":true}]}}