{"id":78472,"date":"2026-05-20T13:48:42","date_gmt":"2026-05-20T12:48:42","guid":{"rendered":"https:\/\/spaziospadoni.org\/organismes-de-formation\/confraternita-di-misericordia-di-villa-adriana\/"},"modified":"2026-08-22T11:22:15","modified_gmt":"2026-08-22T10:22:15","slug":"confrerie-de-la-misericorde-de-villa-adriana","status":"publish","type":"page","link":"https:\/\/spaziospadoni.org\/fr\/organismes-de-formation\/confrerie-de-la-misericorde-de-villa-adriana\/","title":{"rendered":"Confr\u00e9rie de la Mis\u00e9ricorde de Villa Adriana"},"content":{"rendered":"\n<p class=\"wp-block-paragraph\">La Confr\u00e9rie de la Mis\u00e9ricorde de Villa Adriana est une association de b\u00e9n\u00e9voles qui fait partie du Mouvement des Confr\u00e9ries de la Mis\u00e9ricorde, fond\u00e9 \u00e0 Florence en 1244 par Pietro da Verona, qui devint par la suite saint Pierre martyr. Aujourd\u2019hui, les Confr\u00e9ries de la Mis\u00e9ricorde sont pr\u00e9sentes en Italie et \u00e0 l\u2019\u00e9tranger avec plus de 700 confr\u00e9ries.<\/p>\n\n\n<div class=\"wp-block-image\">\n<figure class=\"aligncenter size-full is-resized\"><img decoding=\"async\" width=\"293\" height=\"293\" src=\"https:\/\/spaziospadoni.org\/wp-content\/uploads\/2026\/05\/Logo-Misericordia-Villa-Adriana.jpg\" alt=\"Confr\u00e9rie de la Mis\u00e9ricorde de Villa Adriana\" class=\"wp-image-44975\" style=\"width:338px;height:auto\" srcset=\"https:\/\/spaziospadoni.org\/wp-content\/uploads\/2026\/05\/Logo-Misericordia-Villa-Adriana.jpg 293w, https:\/\/spaziospadoni.org\/wp-content\/uploads\/2026\/05\/Logo-Misericordia-Villa-Adriana-150x150.jpg 150w\" sizes=\"(max-width: 293px) 100vw, 293px\" \/><\/figure>\n<\/div>\n\n\n<h2 id=\"h-attivita-nbsp\" class=\"wp-block-heading\"><strong>Activit\u00e9s<\/strong> <\/h2>\n\n\n\n<ul class=\"wp-block-list\">\n<li>AIDE AU PROCHAIN<\/li>\n\n\n\n<li>ASSISTANCE AUX PERSONNES HANDICAP\u00c9ES ET \u00c2G\u00c9ES<\/li>\n\n\n\n<li>TRANSPORT DES BLESS\u00c9S ET DES MALADES<\/li>\n\n\n\n<li>PROTECTION CIVILE<\/li>\n\n\n\n<li>TRANSPORT SOCIO-SANITAIRE<\/li>\n<\/ul>\n\n\n\n<h2 id=\"h-contatti\" class=\"wp-block-heading\"><strong>Contacts<\/strong><\/h2>\n\n\n\n<p class=\"wp-block-paragraph\">Via Umbria,7 Villa Adriana<\/p>\n\n\n\n<p class=\"wp-block-paragraph\">T\u00e9l. +390774-509353<\/p>\n\n\n\n<p class=\"wp-block-paragraph\">+390774-530922<\/p>\n\n\n\n<p class=\"wp-block-paragraph\"><a href=\"https:\/\/www.facebook.com\/misericordia.adriana\" target=\"_blank\" rel=\"noreferrer noopener nofollow\" title=\"https:\/\/www.facebook.com\/misericordia.adriana\">https:\/\/www.facebook.com\/misericordia.adriana<\/a><\/p>\n","protected":false},"excerpt":{"rendered":"<p>La Confr\u00e9rie de la Mis\u00e9ricorde de Villa Adriana est une association de b\u00e9n\u00e9voles qui fait partie du Mouvement des Confr\u00e9ries de la Mis\u00e9ricorde, fond\u00e9 \u00e0 Florence en 1244 par Pietro da Verona, qui devint par la suite saint Pierre martyr. Aujourd\u2019hui, les Confr\u00e9ries de la Mis\u00e9ricorde sont pr\u00e9sentes en Italie et \u00e0 l\u2019\u00e9tranger avec plus &#8230; <a title=\"Confr\u00e9rie de la Mis\u00e9ricorde de Villa Adriana\" class=\"read-more\" href=\"https:\/\/spaziospadoni.org\/fr\/organismes-de-formation\/confrerie-de-la-misericorde-de-villa-adriana\/\" aria-label=\"Read more about Confr\u00e9rie de la Mis\u00e9ricorde de Villa Adriana\">Lire plus<\/a><\/p>\n","protected":false},"author":102,"featured_media":0,"parent":73245,"menu_order":0,"comment_status":"closed","ping_status":"closed","template":"","meta":{"_sitemap_exclude":false,"_sitemap_priority":"","_sitemap_frequency":"","footnotes":""},"class_list":["post-78472","page","type-page","status-publish","infinite-scroll-item"],"yoast_head":"<!-- This site is optimized with the Yoast SEO plugin v28.4 - https:\/\/yoast.com\/product\/yoast-seo-wordpress\/ -->\n<title>Confr\u00e9rie de la Mis\u00e9ricorde de Villa Adriana | Spazio Spadoni<\/title>\n<meta name=\"description\" content=\"La Confr\u00e9rie de la Mis\u00e9ricorde de Villa Adriana est une association de b\u00e9n\u00e9voles qui fait partie du Mouvement des Confr\u00e9ries de la Mis\u00e9ricorde, fond\u00e9 \u00e0\" \/>\n<meta name=\"robots\" content=\"index, follow, max-snippet:-1, max-image-preview:large, max-video-preview:-1\" \/>\n<link rel=\"canonical\" href=\"https:\/\/spaziospadoni.org\/fr\/organismes-de-formation\/confrerie-de-la-misericorde-de-villa-adriana\/\" \/>\n<meta property=\"og:locale\" content=\"fr_FR\" \/>\n<meta property=\"og:type\" content=\"article\" \/>\n<meta property=\"og:title\" content=\"Confr\u00e9rie de la Mis\u00e9ricorde de Villa Adriana | Spazio Spadoni\" \/>\n<meta property=\"og:description\" content=\"La Confr\u00e9rie de la Mis\u00e9ricorde de Villa Adriana est une association de b\u00e9n\u00e9voles qui fait partie du Mouvement des Confr\u00e9ries de la Mis\u00e9ricorde, fond\u00e9 \u00e0\" \/>\n<meta property=\"og:url\" content=\"https:\/\/spaziospadoni.org\/fr\/organismes-de-formation\/confrerie-de-la-misericorde-de-villa-adriana\/\" \/>\n<meta property=\"og:site_name\" content=\"spazio + spadoni\" \/>\n<meta property=\"article:publisher\" content=\"https:\/\/www.facebook.com\/SpazioSpadoni\/\" \/>\n<meta property=\"article:modified_time\" content=\"2026-08-22T10:22:15+00:00\" \/>\n<meta property=\"og:image\" content=\"https:\/\/spaziospadoni.org\/wp-content\/uploads\/2026\/05\/Logo-Misericordia-Villa-Adriana.jpg\" \/>\n\t<meta property=\"og:image:width\" content=\"293\" \/>\n\t<meta property=\"og:image:height\" content=\"293\" \/>\n\t<meta property=\"og:image:type\" content=\"image\/jpeg\" \/>\n<meta name=\"twitter:card\" content=\"summary_large_image\" \/>\n<meta name=\"twitter:label1\" content=\"Est. reading time\" \/>\n\t<meta name=\"twitter:data1\" content=\"1 minute\" \/>\n<script type=\"application\/ld+json\" class=\"yoast-schema-graph\">{\"@context\":\"https:\\\/\\\/schema.org\",\"@graph\":[{\"@type\":\"WebPage\",\"@id\":\"https:\\\/\\\/spaziospadoni.org\\\/fr\\\/organismes-de-formation\\\/confrerie-de-la-misericorde-de-villa-adriana\\\/\",\"url\":\"https:\\\/\\\/spaziospadoni.org\\\/fr\\\/organismes-de-formation\\\/confrerie-de-la-misericorde-de-villa-adriana\\\/\",\"name\":\"Confr\u00e9rie de la Mis\u00e9ricorde de Villa Adriana | Spazio Spadoni\",\"isPartOf\":{\"@id\":\"https:\\\/\\\/spaziospadoni.org\\\/fr\\\/#website\"},\"primaryImageOfPage\":{\"@id\":\"https:\\\/\\\/spaziospadoni.org\\\/fr\\\/organismes-de-formation\\\/confrerie-de-la-misericorde-de-villa-adriana\\\/#primaryimage\"},\"image\":{\"@id\":\"https:\\\/\\\/spaziospadoni.org\\\/fr\\\/organismes-de-formation\\\/confrerie-de-la-misericorde-de-villa-adriana\\\/#primaryimage\"},\"thumbnailUrl\":\"https:\\\/\\\/spaziospadoni.org\\\/wp-content\\\/uploads\\\/2026\\\/05\\\/Logo-Misericordia-Villa-Adriana.jpg\",\"datePublished\":\"2026-05-20T12:48:42+00:00\",\"dateModified\":\"2026-08-22T10:22:15+00:00\",\"description\":\"La Confr\u00e9rie de la Mis\u00e9ricorde de Villa Adriana est une association de b\u00e9n\u00e9voles qui fait partie du Mouvement des Confr\u00e9ries de la Mis\u00e9ricorde, fond\u00e9 \u00e0\",\"breadcrumb\":{\"@id\":\"https:\\\/\\\/spaziospadoni.org\\\/fr\\\/organismes-de-formation\\\/confrerie-de-la-misericorde-de-villa-adriana\\\/#breadcrumb\"},\"inLanguage\":\"fr-FR\",\"potentialAction\":[{\"@type\":\"ReadAction\",\"target\":[\"https:\\\/\\\/spaziospadoni.org\\\/fr\\\/organismes-de-formation\\\/confrerie-de-la-misericorde-de-villa-adriana\\\/\"]}]},{\"@type\":\"ImageObject\",\"inLanguage\":\"fr-FR\",\"@id\":\"https:\\\/\\\/spaziospadoni.org\\\/fr\\\/organismes-de-formation\\\/confrerie-de-la-misericorde-de-villa-adriana\\\/#primaryimage\",\"url\":\"https:\\\/\\\/spaziospadoni.org\\\/wp-content\\\/uploads\\\/2026\\\/05\\\/Logo-Misericordia-Villa-Adriana.jpg\",\"contentUrl\":\"https:\\\/\\\/spaziospadoni.org\\\/wp-content\\\/uploads\\\/2026\\\/05\\\/Logo-Misericordia-Villa-Adriana.jpg\"},{\"@type\":\"BreadcrumbList\",\"@id\":\"https:\\\/\\\/spaziospadoni.org\\\/fr\\\/organismes-de-formation\\\/confrerie-de-la-misericorde-de-villa-adriana\\\/#breadcrumb\",\"itemListElement\":[{\"@type\":\"ListItem\",\"position\":1,\"name\":\"Home\",\"item\":\"https:\\\/\\\/spaziospadoni.org\\\/fr\\\/\"},{\"@type\":\"ListItem\",\"position\":2,\"name\":\"Organismes de formation\",\"item\":\"https:\\\/\\\/spaziospadoni.org\\\/fr\\\/organismes-de-formation\\\/\"},{\"@type\":\"ListItem\",\"position\":3,\"name\":\"Confr\u00e9rie de la Mis\u00e9ricorde de Villa Adriana\"}]},{\"@type\":\"WebSite\",\"@id\":\"https:\\\/\\\/spaziospadoni.org\\\/fr\\\/#website\",\"url\":\"https:\\\/\\\/spaziospadoni.org\\\/fr\\\/\",\"name\":\"spazio + spadoni\",\"description\":\"Generazione di misericordia e missione nel mondo\",\"publisher\":{\"@id\":\"https:\\\/\\\/spaziospadoni.org\\\/fr\\\/#organization\"},\"alternateName\":\"spaziospadoni.org\",\"potentialAction\":[{\"@type\":\"SearchAction\",\"target\":{\"@type\":\"EntryPoint\",\"urlTemplate\":\"https:\\\/\\\/spaziospadoni.org\\\/fr\\\/?s={search_term_string}\"},\"query-input\":{\"@type\":\"PropertyValueSpecification\",\"valueRequired\":true,\"valueName\":\"search_term_string\"}}],\"inLanguage\":\"fr-FR\"},{\"@type\":\"Organization\",\"@id\":\"https:\\\/\\\/spaziospadoni.org\\\/fr\\\/#organization\",\"name\":\"spazio + spadoni\",\"alternateName\":\"spaziospadoni.org\",\"url\":\"https:\\\/\\\/spaziospadoni.org\\\/fr\\\/\",\"logo\":{\"@type\":\"ImageObject\",\"inLanguage\":\"fr-FR\",\"@id\":\"https:\\\/\\\/spaziospadoni.org\\\/fr\\\/#\\\/schema\\\/logo\\\/image\\\/\",\"url\":\"https:\\\/\\\/spaziospadoni.org\\\/wp-content\\\/uploads\\\/2026\\\/05\\\/spazio-spadoni-logo-100x100-1.webp\",\"contentUrl\":\"https:\\\/\\\/spaziospadoni.org\\\/wp-content\\\/uploads\\\/2026\\\/05\\\/spazio-spadoni-logo-100x100-1.webp\",\"width\":100,\"height\":100,\"caption\":\"spazio + spadoni\"},\"image\":{\"@id\":\"https:\\\/\\\/spaziospadoni.org\\\/fr\\\/#\\\/schema\\\/logo\\\/image\\\/\"},\"sameAs\":[\"https:\\\/\\\/www.facebook.com\\\/SpazioSpadoni\\\/\",\"https:\\\/\\\/www.instagram.com\\\/spaziospadoni\\\/\",\"https:\\\/\\\/www.youtube.com\\\/@spaziospadoni\\\/playlists\"]}]}<\/script>\n<!-- \/ Yoast SEO plugin. -->","yoast_head_json":{"title":"Confr\u00e9rie de la Mis\u00e9ricorde de Villa Adriana | Spazio Spadoni","description":"La Confr\u00e9rie de la Mis\u00e9ricorde de Villa Adriana est une association de b\u00e9n\u00e9voles qui fait partie du Mouvement des Confr\u00e9ries de la Mis\u00e9ricorde, fond\u00e9 \u00e0","robots":{"index":"index","follow":"follow","max-snippet":"max-snippet:-1","max-image-preview":"max-image-preview:large","max-video-preview":"max-video-preview:-1"},"canonical":"https:\/\/spaziospadoni.org\/fr\/organismes-de-formation\/confrerie-de-la-misericorde-de-villa-adriana\/","og_locale":"fr_FR","og_type":"article","og_title":"Confr\u00e9rie de la Mis\u00e9ricorde de Villa Adriana | Spazio Spadoni","og_description":"La Confr\u00e9rie de la Mis\u00e9ricorde de Villa Adriana est une association de b\u00e9n\u00e9voles qui fait partie du Mouvement des Confr\u00e9ries de la Mis\u00e9ricorde, fond\u00e9 \u00e0","og_url":"https:\/\/spaziospadoni.org\/fr\/organismes-de-formation\/confrerie-de-la-misericorde-de-villa-adriana\/","og_site_name":"spazio + spadoni","article_publisher":"https:\/\/www.facebook.com\/SpazioSpadoni\/","article_modified_time":"2026-08-22T10:22:15+00:00","og_image":[{"width":293,"height":293,"url":"https:\/\/spaziospadoni.org\/wp-content\/uploads\/2026\/05\/Logo-Misericordia-Villa-Adriana.jpg","type":"image\/jpeg"}],"twitter_card":"summary_large_image","twitter_misc":{"Est. reading time":"1 minute"},"schema":{"@context":"https:\/\/schema.org","@graph":[{"@type":"WebPage","@id":"https:\/\/spaziospadoni.org\/fr\/organismes-de-formation\/confrerie-de-la-misericorde-de-villa-adriana\/","url":"https:\/\/spaziospadoni.org\/fr\/organismes-de-formation\/confrerie-de-la-misericorde-de-villa-adriana\/","name":"Confr\u00e9rie de la Mis\u00e9ricorde de Villa Adriana | Spazio Spadoni","isPartOf":{"@id":"https:\/\/spaziospadoni.org\/fr\/#website"},"primaryImageOfPage":{"@id":"https:\/\/spaziospadoni.org\/fr\/organismes-de-formation\/confrerie-de-la-misericorde-de-villa-adriana\/#primaryimage"},"image":{"@id":"https:\/\/spaziospadoni.org\/fr\/organismes-de-formation\/confrerie-de-la-misericorde-de-villa-adriana\/#primaryimage"},"thumbnailUrl":"https:\/\/spaziospadoni.org\/wp-content\/uploads\/2026\/05\/Logo-Misericordia-Villa-Adriana.jpg","datePublished":"2026-05-20T12:48:42+00:00","dateModified":"2026-08-22T10:22:15+00:00","description":"La Confr\u00e9rie de la Mis\u00e9ricorde de Villa Adriana est une association de b\u00e9n\u00e9voles qui fait partie du Mouvement des Confr\u00e9ries de la Mis\u00e9ricorde, fond\u00e9 \u00e0","breadcrumb":{"@id":"https:\/\/spaziospadoni.org\/fr\/organismes-de-formation\/confrerie-de-la-misericorde-de-villa-adriana\/#breadcrumb"},"inLanguage":"fr-FR","potentialAction":[{"@type":"ReadAction","target":["https:\/\/spaziospadoni.org\/fr\/organismes-de-formation\/confrerie-de-la-misericorde-de-villa-adriana\/"]}]},{"@type":"ImageObject","inLanguage":"fr-FR","@id":"https:\/\/spaziospadoni.org\/fr\/organismes-de-formation\/confrerie-de-la-misericorde-de-villa-adriana\/#primaryimage","url":"https:\/\/spaziospadoni.org\/wp-content\/uploads\/2026\/05\/Logo-Misericordia-Villa-Adriana.jpg","contentUrl":"https:\/\/spaziospadoni.org\/wp-content\/uploads\/2026\/05\/Logo-Misericordia-Villa-Adriana.jpg"},{"@type":"BreadcrumbList","@id":"https:\/\/spaziospadoni.org\/fr\/organismes-de-formation\/confrerie-de-la-misericorde-de-villa-adriana\/#breadcrumb","itemListElement":[{"@type":"ListItem","position":1,"name":"Home","item":"https:\/\/spaziospadoni.org\/fr\/"},{"@type":"ListItem","position":2,"name":"Organismes de formation","item":"https:\/\/spaziospadoni.org\/fr\/organismes-de-formation\/"},{"@type":"ListItem","position":3,"name":"Confr\u00e9rie de la Mis\u00e9ricorde de Villa Adriana"}]},{"@type":"WebSite","@id":"https:\/\/spaziospadoni.org\/fr\/#website","url":"https:\/\/spaziospadoni.org\/fr\/","name":"spazio + spadoni","description":"Generazione di misericordia e missione nel mondo","publisher":{"@id":"https:\/\/spaziospadoni.org\/fr\/#organization"},"alternateName":"spaziospadoni.org","potentialAction":[{"@type":"SearchAction","target":{"@type":"EntryPoint","urlTemplate":"https:\/\/spaziospadoni.org\/fr\/?s={search_term_string}"},"query-input":{"@type":"PropertyValueSpecification","valueRequired":true,"valueName":"search_term_string"}}],"inLanguage":"fr-FR"},{"@type":"Organization","@id":"https:\/\/spaziospadoni.org\/fr\/#organization","name":"spazio + spadoni","alternateName":"spaziospadoni.org","url":"https:\/\/spaziospadoni.org\/fr\/","logo":{"@type":"ImageObject","inLanguage":"fr-FR","@id":"https:\/\/spaziospadoni.org\/fr\/#\/schema\/logo\/image\/","url":"https:\/\/spaziospadoni.org\/wp-content\/uploads\/2026\/05\/spazio-spadoni-logo-100x100-1.webp","contentUrl":"https:\/\/spaziospadoni.org\/wp-content\/uploads\/2026\/05\/spazio-spadoni-logo-100x100-1.webp","width":100,"height":100,"caption":"spazio + spadoni"},"image":{"@id":"https:\/\/spaziospadoni.org\/fr\/#\/schema\/logo\/image\/"},"sameAs":["https:\/\/www.facebook.com\/SpazioSpadoni\/","https:\/\/www.instagram.com\/spaziospadoni\/","https:\/\/www.youtube.com\/@spaziospadoni\/playlists"]}]}},"_links":{"self":[{"href":"https:\/\/spaziospadoni.org\/fr\/wp-json\/wp\/v2\/pages\/78472","targetHints":{"allow":["GET"]}}],"collection":[{"href":"https:\/\/spaziospadoni.org\/fr\/wp-json\/wp\/v2\/pages"}],"about":[{"href":"https:\/\/spaziospadoni.org\/fr\/wp-json\/wp\/v2\/types\/page"}],"author":[{"embeddable":true,"href":"https:\/\/spaziospadoni.org\/fr\/wp-json\/wp\/v2\/users\/102"}],"replies":[{"embeddable":true,"href":"https:\/\/spaziospadoni.org\/fr\/wp-json\/wp\/v2\/comments?post=78472"}],"version-history":[{"count":1,"href":"https:\/\/spaziospadoni.org\/fr\/wp-json\/wp\/v2\/pages\/78472\/revisions"}],"predecessor-version":[{"id":91784,"href":"https:\/\/spaziospadoni.org\/fr\/wp-json\/wp\/v2\/pages\/78472\/revisions\/91784"}],"up":[{"embeddable":true,"href":"https:\/\/spaziospadoni.org\/fr\/wp-json\/wp\/v2\/pages\/73245"}],"wp:attachment":[{"href":"https:\/\/spaziospadoni.org\/fr\/wp-json\/wp\/v2\/media?parent=78472"}],"curies":[{"name":"wp","href":"https:\/\/api.w.org\/{rel}","templated":true}]}}