{"id":91555,"date":"2026-08-05T10:51:42","date_gmt":"2026-08-05T09:51:42","guid":{"rendered":"https:\/\/spaziospadoni.org\/?page_id=91555"},"modified":"2026-08-21T13:23:14","modified_gmt":"2026-08-21T12:23:14","slug":"feuille-de-route","status":"publish","type":"page","link":"https:\/\/spaziospadoni.org\/fr\/feuille-de-route\/","title":{"rendered":"Feuille de route"},"content":{"rendered":"\n<div class=\"timelineSpazioSpadoni\">\n<h2 id=\"les-etapes-de-spazio-spadoni-de-2020-a-aujourdhui\" class=\"gb-text gb-text-697b0451\">Les \u00e9tapes de spazio + spadoni de 2020 \u00e0 aujourd\u2019hui<\/h2>\n\n\n\n<p class=\"wp-block-paragraph\">De 2020 \u00e0 aujourd\u2019hui, nous retra\u00e7ons <strong>les principales \u00e9tapes de spazio + spadoni<\/strong>: projets HIC SUM, rencontres, activit\u00e9s de formation et initiatives consacr\u00e9es aux \u0152uvres de Mis\u00e9ricorde en Italie et dans le monde.<\/p>\n\n\n\n<details class=\"wp-block-details ss-timeline is-layout-flow wp-block-details-is-layout-flow\"><summary><span class=\"ss-timeline-year\">2020<\/span><span class=\"ss-timeline-count\">13 \u00e9tapes<\/span><\/summary>\n\n\n<div class=\"ss-timeline-item ss-cat-evento\">\n<p class=\"gb-text\">15.07 | <span class=\"ss-category-label\">\u00c9v\u00e9nement<\/span> G.eMMe \u2013 Jeunes des Confr\u00e9ries de la Mis\u00e9ricorde de la Versilia \u00e0 Saint Cerbon<\/p>\n<\/div>\n\n\n\n<div class=\"ss-timeline-item ss-cat-hic\">\n<p class=\"gb-text\">04.09 | <span class=\"ss-category-label\">HIC SUM<\/span> <a href=\"https:\/\/spaziospadoni.org\/fr\/hic-sum\/republique-democratique-du-congo-afrique-projet-1-sur-72\/\" title=\"Projet HIC SUM n\u00b0 1 \u2013 R\u00e9publique d\u00e9mocratique du Congo : d\u00e9tails et objectifs\">Lancement du projet HIC SUM n\u00b0 1<\/a><\/p>\n<\/div>\n\n\n\n<div class=\"ss-timeline-item ss-cat-evento\">\n<p class=\"gb-text\">05.09 | <span class=\"ss-category-label\">\u00c9v\u00e9nement<\/span> Jeunes animateurs des Confr\u00e9ries de la Mis\u00e9ricorde \u00e0 Saint Cerbon<\/p>\n<\/div>\n\n\n\n<div class=\"ss-timeline-item ss-cat-evento\">\n<p class=\"gb-text\">11.09 | <span class=\"ss-category-label\">\u00c9v\u00e9nement<\/span> Inauguration de spazio + spadoni<\/p>\n<\/div>\n\n\n\n<div class=\"ss-timeline-item ss-cat-hic\">\n<p class=\"gb-text\">18.09 | <span class=\"ss-category-label\">HIC SUM<\/span> <a href=\"https:\/\/spaziospadoni.org\/fr\/hic-sum\/nigeria-afrique-projet-2-sur-72\/\" title=\"Projet HIC SUM n\u00b0 2 \u2013 Nigeria : d\u00e9tails et objectifs\">Lancement du projet HIC SUM n\u00b0 2<\/a><\/p>\n<\/div>\n\n\n\n<div class=\"ss-timeline-item ss-cat-evento\">\n<p class=\"gb-text\">03\u201304.10 | <span class=\"ss-category-label\">\u00c9v\u00e9nement<\/span> Exercices spirituels de la Confr\u00e9rie de la Mis\u00e9ricorde de Lido di Camaiore \u00e0 Saint Cerbon<\/p>\n<\/div>\n\n\n\n<div class=\"ss-timeline-item ss-cat-hic\">\n<p class=\"gb-text\">07.10 | <span class=\"ss-category-label\">HIC SUM<\/span> <a href=\"https:\/\/spaziospadoni.org\/fr\/hic-sum\/bresil-amerique-projet-3-sur-72\/\" title=\"Projet HIC SUM n\u00b0 3 \u2013 Br\u00e9sil : d\u00e9tails et objectifs\">Lancement du projet HIC SUM n\u00b0 3<\/a><\/p>\n<\/div>\n\n\n\n<div class=\"ss-timeline-item ss-cat-evento\">\n<p class=\"gb-text\">18.10 | <span class=\"ss-category-label\">\u00c9v\u00e9nement<\/span> Veill\u00e9e missionnaire \u00e0 Saint Cerbon<\/p>\n<\/div>\n\n\n\n<div class=\"ss-timeline-item ss-cat-evento\">\n<p class=\"gb-text\">06.11 | <span class=\"ss-category-label\">\u00c9v\u00e9nement<\/span> Formation \u00e0 l\u2019animation de formations en ligne<\/p>\n<\/div>\n\n\n\n<div class=\"ss-timeline-item ss-cat-evento\">\n<p class=\"gb-text\">22.11 | <span class=\"ss-category-label\">\u00c9v\u00e9nement<\/span> Tournage du spot missionnaire avec NoiTv<\/p>\n<\/div>\n\n\n\n<div class=\"ss-timeline-item ss-cat-evento\">\n<p class=\"gb-text\">28.11 | <span class=\"ss-category-label\">\u00c9v\u00e9nement<\/span> Tournage du spot de No\u00ebl avec les Confr\u00e9ries de la Mis\u00e9ricorde et NoiTv<\/p>\n<\/div>\n\n\n\n<div class=\"ss-timeline-item ss-cat-hic\">\n<p class=\"gb-text\">30.11 | <span class=\"ss-category-label\">HIC SUM<\/span> <a href=\"https:\/\/spaziospadoni.org\/fr\/hic-sum\/cote-divoire-afrique-projet-9-sur-72\/\" title=\"Projet HIC SUM n\u00b0 9 \u2013 C\u00f4te d\u2019Ivoire : d\u00e9tails et objectifs\">Lancement du projet HIC SUM n\u00b0 9<\/a><\/p>\n<\/div>\n\n\n\n<div class=\"ss-timeline-item ss-cat-incontro\">\n<p class=\"gb-text\">15.12 | <span class=\"ss-category-label\">Rencontre<\/span> Rencontres missionnaires en ligne \u00ab Les mardis de spazio + spadoni \u00bb \u2013 Marta Avesani<\/p>\n<\/div>\n\n<\/details>\n\n\n\n<details class=\"wp-block-details ss-timeline is-layout-flow wp-block-details-is-layout-flow\"><summary><span class=\"ss-timeline-year\">2021<\/span><span class=\"ss-timeline-count\">28 \u00e9tapes<\/span><\/summary>\n\n\n<div class=\"ss-timeline-item ss-cat-incontro\">\n<p class=\"gb-text\">12.01 | <span class=\"ss-category-label\">Rencontre<\/span> Rencontres missionnaires en ligne \u00ab Les mardis de spazio + spadoni \u00bb \u2013 Fr\u00e8re Francesco D\u2019Aiuto \u2013 Br\u00e9sil<\/p>\n<\/div>\n\n\n\n<div class=\"ss-timeline-item ss-cat-evento\">\n<p class=\"gb-text\">20.01 | <span class=\"ss-category-label\">\u00c9v\u00e9nement<\/span> S\u0153ur Laura Gemignani \u00e0 Saint Cerbon<\/p>\n<\/div>\n\n\n\n<div class=\"ss-timeline-item ss-cat-incontro\">\n<p class=\"gb-text\">02.02 | <span class=\"ss-category-label\">Rencontre<\/span> Rencontres missionnaires en ligne \u00ab Les mardis de spazio + spadoni \u00bb \u2013 Diego Dalle Carbonare \u2013 Soudan<\/p>\n<\/div>\n\n\n\n<div class=\"ss-timeline-item ss-cat-hic\">\n<p class=\"gb-text\">13.02 | <span class=\"ss-category-label\">HIC SUM<\/span> <a href=\"https:\/\/spaziospadoni.org\/fr\/hic-sum\/nigeria-afrique-projet-5-sur-72\/\" title=\"Projet HIC SUM n\u00b0 5 \u2013 Nigeria : d\u00e9tails et objectifs\">Lancement du projet HIC SUM n\u00b0 5<\/a><\/p>\n<\/div>\n\n\n\n<div class=\"ss-timeline-item ss-cat-incontro\">\n<p class=\"gb-text\">23.02 | <span class=\"ss-category-label\">Rencontre<\/span> Rencontres missionnaires en ligne \u00ab Les mardis de spazio + spadoni \u00bb \u2013 S\u0153ur Hyacinthe \u2013 Burundi<\/p>\n<\/div>\n\n\n\n<div class=\"ss-timeline-item ss-cat-hic\">\n<p class=\"gb-text\">27.04 | <span class=\"ss-category-label\">HIC SUM<\/span> <a href=\"https:\/\/spaziospadoni.org\/fr\/hic-sum\/togo-afrique-projet-6-sur-72\/\" title=\"Projet HIC SUM n\u00b0 6 \u2013 Togo : d\u00e9tails et objectifs\">Lancement du projet HIC SUM n\u00b0 6<\/a><\/p>\n<\/div>\n\n\n\n<div class=\"ss-timeline-item ss-cat-hic\">\n<p class=\"gb-text\">10.05 | <span class=\"ss-category-label\">HIC SUM<\/span> <a href=\"https:\/\/spaziospadoni.org\/fr\/hic-sum\/inde-asie-projet-8-sur-72\/\" title=\"Projet HIC SUM n\u00b0 8 \u2013 Inde : d\u00e9tails et objectifs\">Lancement du projet HIC SUM n\u00b0 8<\/a><\/p>\n<\/div>\n\n\n\n<div class=\"ss-timeline-item ss-cat-incontro\">\n<p class=\"gb-text\">25.01 | <span class=\"ss-category-label\">Rencontre<\/span> Rencontres missionnaires en ligne \u00ab Les mardis de spazio + spadoni \u00bb \u2013 S\u0153ur Elisa Schiavo \u2013 Tchad<\/p>\n<\/div>\n\n\n\n<div class=\"ss-timeline-item ss-cat-evento\">\n<p class=\"gb-text\">03\u201304.06 | <span class=\"ss-category-label\">\u00c9v\u00e9nement<\/span> Formation des religieuses \u00e0 Saint Cerbon<\/p>\n<\/div>\n\n\n\n<div class=\"ss-timeline-item ss-cat-evento\">\n<p class=\"gb-text\">12.06 | <span class=\"ss-category-label\">\u00c9v\u00e9nement<\/span> spazio + spadoni \u00e0 la Coordination des Confr\u00e9ries de la Mis\u00e9ricorde d\u2019Ombrie<\/p>\n<\/div>\n\n\n\n<div class=\"ss-timeline-item ss-cat-evento\">\n<p class=\"gb-text\">19.06 | <span class=\"ss-category-label\">\u00c9v\u00e9nement<\/span> Intervention de spazio + spadoni \u00e0 l\u2019Assembl\u00e9e nationale des Confr\u00e9ries de la Mis\u00e9ricorde<\/p>\n<\/div>\n\n\n\n<div class=\"ss-timeline-item ss-cat-evento\">\n<p class=\"gb-text\">22.06 | <span class=\"ss-category-label\">\u00c9v\u00e9nement<\/span> Luigino Bruni \u00e0 Saint Cerbon<\/p>\n<\/div>\n\n\n\n<div class=\"ss-timeline-item ss-cat-hic\">\n<p class=\"gb-text\">18.07 | <span class=\"ss-category-label\">HIC SUM<\/span> Inizio progetti HIC SUM \u2013 n\u00b0<a href=\"https:\/\/spaziospadoni.org\/fr\/hic-sum\/burundi-afrique-projet-10-sur-72\/\" title=\"Projet HIC SUM n\u00b0 10 \u2013 Burundi : d\u00e9tails et objectifs\">10<\/a> \u2013 n\u00b0<a href=\"https:\/\/spaziospadoni.org\/fr\/hic-sum\/burundi-afrique-projet-14-sur-72\/\" title=\"Projet HIC SUM n\u00b0 14 \u2013 Burundi : d\u00e9tails et objectifs\">14<\/a> \u2013 n\u00b0<a href=\"https:\/\/spaziospadoni.org\/fr\/hic-sum\/burundi-afrique-projet-15-sur-72\/\" title=\"Projet HIC SUM n\u00b0 15 \u2013 Burundi : d\u00e9tails et objectifs\">15<\/a><\/p>\n<\/div>\n\n\n\n<div class=\"ss-timeline-item ss-cat-evento\">\n<p class=\"gb-text\">25.07 | <span class=\"ss-category-label\">\u00c9v\u00e9nement<\/span> Les religieuses de spazio + spadoni soulignent l\u2019importance de la F\u00eate des grands-parents par des photos et des activit\u00e9s<\/p>\n<\/div>\n\n\n\n<div class=\"ss-timeline-item ss-cat-hic\">\n<p class=\"gb-text\">02.08 | <span class=\"ss-category-label\">HIC SUM<\/span> Inizio progetti HIC SUM \u2013 n\u00b0<a href=\"https:\/\/spaziospadoni.org\/fr\/hic-sum\/nigeria-afrique-projet-7-sur-72\/\" title=\"Projet HIC SUM n\u00b0 7 \u2013 Nigeria : d\u00e9tails et objectifs\">7<\/a> \u2013 n\u00b0<a href=\"https:\/\/spaziospadoni.org\/fr\/hic-sum\/nigeria-afrique-projet-13-sur-72\/\" title=\"Projet HIC SUM n\u00b0 13 \u2013 Nigeria : d\u00e9tails et objectifs\">13<\/a><\/p>\n<\/div>\n\n\n\n<div class=\"ss-timeline-item ss-cat-evento\">\n<p class=\"gb-text\">06\u201311.09 | <span class=\"ss-category-label\">\u00c9v\u00e9nement<\/span> Convention spazio + spadoni \u00ab Faire place \u00e0 la r\u00e9ciprocit\u00e9 \u00bb \u00e0 Saint Cerbon<\/p>\n<\/div>\n\n\n\n<div class=\"ss-timeline-item ss-cat-hic\">\n<p class=\"gb-text\">13.09 | <span class=\"ss-category-label\">HIC SUM<\/span> <a href=\"https:\/\/spaziospadoni.org\/fr\/hic-sum\/nigeria-afrique-projet-4-sur-72\/\" title=\"Projet HIC SUM n\u00b0 4 \u2013 Nigeria : d\u00e9tails et objectifs\">Lancement du projet HIC SUM n\u00b0 4<\/a><\/p>\n<\/div>\n\n\n\n<div class=\"ss-timeline-item ss-cat-hic\">\n<p class=\"gb-text\">15.09 | <span class=\"ss-category-label\">HIC SUM<\/span> Inizio progetti HIC SUM \u2013 n\u00b0<a href=\"https:\/\/spaziospadoni.org\/fr\/hic-sum\/republique-democratique-du-congo-afrique-projet-16-sur-72\/\" title=\"Projet HIC SUM n\u00b0 16 \u2013 R\u00e9publique d\u00e9mocratique du Congo : d\u00e9tails et objectifs\">16<\/a> \u2013 n\u00b0<a href=\"https:\/\/spaziospadoni.org\/fr\/hic-sum\/republique-democratique-du-congo-afrique-projet-17-sur-72\/\" title=\"Projet HIC SUM n\u00b0 17 \u2013 R\u00e9publique d\u00e9mocratique du Congo : d\u00e9tails et objectifs\">17<\/a><\/p>\n<\/div>\n\n\n\n<div class=\"ss-timeline-item ss-cat-evento\">\n<p class=\"gb-text\">15.09 | <span class=\"ss-category-label\">\u00c9v\u00e9nement<\/span> spazio + spadoni est re\u00e7u par le cardinal Bassetti<\/p>\n<\/div>\n\n\n\n<div class=\"ss-timeline-item ss-cat-hic\">\n<p class=\"gb-text\">02.10 | <span class=\"ss-category-label\">HIC SUM<\/span> <a href=\"https:\/\/spaziospadoni.org\/fr\/hic-sum\/republique-democratique-du-congo-afrique-projet-18-et-19-sur-72\/\" title=\"Projet HIC SUM n\u00b0 18\u201319 \u2013 R\u00e9publique d\u00e9mocratique du Congo : d\u00e9tails et objectifs\">Lancement des projets HIC SUM n\u00b0 18 et 19<\/a><\/p>\n<\/div>\n\n\n\n<div class=\"ss-timeline-item ss-cat-incontro\">\n<p class=\"gb-text\">12\u201313.10 | <span class=\"ss-category-label\">Rencontre<\/span> Le p\u00e8re Jacques Mourad, \u00e9v\u00eaque de Homs depuis 2023, rencontre spazio + spadoni \u00e0 Saint Cerbon<\/p>\n<\/div>\n\n\n\n<div class=\"ss-timeline-item ss-cat-evento\">\n<p class=\"gb-text\">13.10 | <span class=\"ss-category-label\">\u00c9v\u00e9nement<\/span> S\u0153ur Hyacinthe vient \u00e0 Saint Cerbon<\/p>\n<\/div>\n\n\n\n<div class=\"ss-timeline-item ss-cat-hic\">\n<p class=\"gb-text\">27.10 | <span class=\"ss-category-label\">HIC SUM<\/span> <a href=\"https:\/\/spaziospadoni.org\/fr\/hic-sum\/tanzanie-afrique-projet-21-sur-72\/\" title=\"Projet HIC SUM n\u00b0 21 \u2013 Tanzanie : d\u00e9tails et objectifs\">Lancement du projet HIC SUM n\u00b0 21<\/a><\/p>\n<\/div>\n\n\n\n<div class=\"ss-timeline-item ss-cat-hic\">\n<p class=\"gb-text\">17.11 | <span class=\"ss-category-label\">HIC SUM<\/span> Inizio progetti HIC SUM \u2013 n\u00b0<a href=\"https:\/\/spaziospadoni.org\/fr\/hic-sum\/tanzanie-afrique-projet-22-sur-72\/\" title=\"Projet HIC SUM n\u00b0 22 \u2013 Tanzanie : d\u00e9tails et objectifs\">22<\/a> \u2013 n\u00b0<a href=\"https:\/\/spaziospadoni.org\/fr\/hic-sum\/malawi-afrique-projet-23-sur-72\/\" title=\"Projet HIC SUM n\u00b0 23 \u2013 Malawi : d\u00e9tails et objectifs\">23<\/a><\/p>\n<\/div>\n\n\n\n<div class=\"ss-timeline-item ss-cat-incontro\">\n<p class=\"gb-text\">30.11 | <span class=\"ss-category-label\">Rencontre<\/span> Rencontres missionnaires en ligne \u00ab Les mardis de spazio + spadoni \u00bb \u2013 P\u00e8re Jacques Mourad \u2013 Syrie<\/p>\n<\/div>\n\n\n\n<div class=\"ss-timeline-item ss-cat-evento\">\n<p class=\"gb-text\">18.12 | <span class=\"ss-category-label\">\u00c9v\u00e9nement<\/span> Lumi\u00e8re de Bethl\u00e9em \u00e0 Saint Cerbon<\/p>\n<\/div>\n\n\n\n<div class=\"ss-timeline-item ss-cat-evento\">\n<p class=\"gb-text\">21.12 | <span class=\"ss-category-label\">\u00c9v\u00e9nement<\/span> Toast de No\u00ebl<\/p>\n<\/div>\n\n\n\n<div class=\"ss-timeline-item ss-cat-hic\">\n<p class=\"gb-text\">27.12 | <span class=\"ss-category-label\">HIC SUM<\/span> <a href=\"https:\/\/spaziospadoni.org\/fr\/hic-sum\/republique-democratique-du-congo-afrique-projet-24-sur-72\/\" title=\"Projet HIC SUM n\u00b0 24 \u2013 R\u00e9publique d\u00e9mocratique du Congo : d\u00e9tails et objectifs\">Lancement du projet HIC SUM n\u00b0 24<\/a><\/p>\n<\/div>\n\n<\/details>\n\n\n\n<details class=\"wp-block-details ss-timeline is-layout-flow wp-block-details-is-layout-flow\"><summary><span class=\"ss-timeline-year\">2022<\/span><span class=\"ss-timeline-count\">31 \u00e9tapes<\/span><\/summary>\n\n\n<div class=\"ss-timeline-item ss-cat-hic\">\n<p class=\"gb-text\">03.01 | <span class=\"ss-category-label\">HIC SUM<\/span> <a href=\"https:\/\/spaziospadoni.org\/fr\/hic-sum\/burkina-faso-afrique-projet-31-sur-72\/\" title=\"Projet HIC SUM n\u00b0 31 \u2013 Burkina Faso : d\u00e9tails et objectifs\">Lancement du projet HIC SUM n\u00b0 31<\/a><\/p>\n<\/div>\n\n\n\n<div class=\"ss-timeline-item ss-cat-hic\">\n<p class=\"gb-text\">08.01 | <span class=\"ss-category-label\">HIC SUM<\/span> <a href=\"https:\/\/spaziospadoni.org\/fr\/hic-sum\/ouganda-afrique-projet-26-sur-72\/\" title=\"Projet HIC SUM n\u00b0 26 \u2013 Ouganda : d\u00e9tails et objectifs\">Lancement du projet HIC SUM n\u00b0 26<\/a><\/p>\n<\/div>\n\n\n\n<div class=\"ss-timeline-item ss-cat-hic\">\n<p class=\"gb-text\">10.01 | <span class=\"ss-category-label\">HIC SUM<\/span> <a href=\"https:\/\/spaziospadoni.org\/fr\/hic-sum\/kenya-afrique-projet-27-sur-72\/\" title=\"Projet HIC SUM n\u00b0 27 \u2013 Kenya : d\u00e9tails et objectifs\">Lancement du projet HIC SUM n\u00b0 27<\/a><\/p>\n<\/div>\n\n\n\n<div class=\"ss-timeline-item ss-cat-incontro\">\n<p class=\"gb-text\">25.01 | <span class=\"ss-category-label\">Rencontre<\/span> Rencontres missionnaires en ligne \u00ab Les mardis de spazio + spadoni \u00bb \u2013 S\u0153ur Laura Gemignani \u2013 Ouganda<\/p>\n<\/div>\n\n\n\n<div class=\"ss-timeline-item ss-cat-hic\">\n<p class=\"gb-text\">04.02 | <span class=\"ss-category-label\">HIC SUM<\/span> Lancement du projet HIC SUM n\u00b0 25<\/p>\n<\/div>\n\n\n\n<div class=\"ss-timeline-item ss-cat-hic\">\n<p class=\"gb-text\">21.02 | <span class=\"ss-category-label\">HIC SUM<\/span> Inizio progetti HIC SUM \u2013 n\u00b0<a href=\"https:\/\/spaziospadoni.org\/fr\/hic-sum\/rwanda-afrique-projet-28-sur-72\/\" title=\"Projet HIC SUM n\u00b0 28 \u2013 Rwanda : d\u00e9tails et objectifs\">28<\/a> \u2013 n\u00b0<a href=\"https:\/\/spaziospadoni.org\/fr\/hic-sum\/republique-democratique-du-congo-afrique-projet-29-sur-72\/\" title=\"Projet HIC SUM n\u00b0 29 \u2013 R\u00e9publique d\u00e9mocratique du Congo : d\u00e9tails et objectifs\">29<\/a><\/p>\n<\/div>\n\n\n\n<div class=\"ss-timeline-item ss-cat-incontro\">\n<p class=\"gb-text\">22.02 | <span class=\"ss-category-label\">Rencontre<\/span> Rencontres missionnaires en ligne \u00ab Les mardis de spazio + spadoni \u00bb \u2013 S\u0153ur Perpetue \u2013 R\u00e9publique d\u00e9mocratique du Congo<\/p>\n<\/div>\n\n\n\n<div class=\"ss-timeline-item ss-cat-hic\">\n<p class=\"gb-text\">22.03 | <span class=\"ss-category-label\">HIC SUM<\/span> <a href=\"https:\/\/spaziospadoni.org\/fr\/hic-sum\/tanzanie-afrique-projet-30-sur-72\/\" title=\"Projet HIC SUM n\u00b0 30 \u2013 Tanzanie : d\u00e9tails et objectifs\">Lancement du projet HIC SUM n\u00b0 30<\/a><\/p>\n<\/div>\n\n\n\n<div class=\"ss-timeline-item ss-cat-hic\">\n<p class=\"gb-text\">29.03 | <span class=\"ss-category-label\">HIC SUM<\/span> <a href=\"https:\/\/spaziospadoni.org\/fr\/hic-sum\/timor-oriental-asie-projet-33-sur-72\/\" title=\"Projet HIC SUM n\u00b0 33 \u2013 Timor oriental : d\u00e9tails et objectifs\">Lancement du projet HIC SUM n\u00b0 33<\/a><\/p>\n<\/div>\n\n\n\n<div class=\"ss-timeline-item ss-cat-incontro\">\n<p class=\"gb-text\">29.03 | <span class=\"ss-category-label\">Rencontre<\/span> Rencontres missionnaires en ligne \u00ab Les mardis de spazio + spadoni \u00bb \u2013 Luigi Butori \u2013 Tha\u00eflande et Vietnam<\/p>\n<\/div>\n\n\n\n<div class=\"ss-timeline-item ss-cat-hic\">\n<p class=\"gb-text\">19.04 | <span class=\"ss-category-label\">HIC SUM<\/span> <a href=\"https:\/\/spaziospadoni.org\/fr\/hic-sum\/inde-asie-projet-32-sur-72\/\" title=\"Projet HIC SUM n\u00b0 32 \u2013 Inde : d\u00e9tails et objectifs\">Lancement du projet HIC SUM n\u00b0 32<\/a><\/p>\n<\/div>\n\n\n\n<div class=\"ss-timeline-item ss-cat-hic\">\n<p class=\"gb-text\">26.04 | <span class=\"ss-category-label\">HIC SUM<\/span> <a href=\"https:\/\/spaziospadoni.org\/fr\/hic-sum\/perou-amerique-projet-11-sur-72\/\" title=\"Projet HIC SUM n\u00b0 11 \u2013 P\u00e9rou : d\u00e9tails et objectifs\">Lancement du projet HIC SUM n\u00b0 11<\/a><\/p>\n<\/div>\n\n\n\n<div class=\"ss-timeline-item ss-cat-incontro\">\n<p class=\"gb-text\">26.04 | <span class=\"ss-category-label\">Rencontre<\/span> Rencontres missionnaires en ligne \u00ab Les mardis de spazio + spadoni \u00bb \u2013 S\u0153ur Maria Mabel De Luna Melo &amp; S\u0153ur Claudiane Serra Braga \u2013 Br\u00e9sil<\/p>\n<\/div>\n\n\n\n<div class=\"ss-timeline-item ss-cat-hic\">\n<p class=\"gb-text\">28.04 | <span class=\"ss-category-label\">HIC SUM<\/span> <a href=\"https:\/\/spaziospadoni.org\/fr\/hic-sum\/mexique-amerique-projet-20-sur-72\/\" title=\"Projet HIC SUM n\u00b0 20 \u2013 Mexique : d\u00e9tails et objectifs\">Lancement du projet HIC SUM n\u00b0 20<\/a><\/p>\n<\/div>\n\n\n\n<div class=\"ss-timeline-item ss-cat-hic\">\n<p class=\"gb-text\">03.05 | <span class=\"ss-category-label\">HIC SUM<\/span> Inizio progetti HIC SUM \u2013 n\u00b0<a href=\"https:\/\/spaziospadoni.org\/fr\/hic-sum\/republique-democratique-du-congo-afrique-projet-34-sur-72\/\" title=\"Projet HIC SUM n\u00b0 34 \u2013 R\u00e9publique d\u00e9mocratique du Congo : d\u00e9tails et objectifs\">34<\/a> \u2013 n\u00b0<a href=\"https:\/\/spaziospadoni.org\/fr\/hic-sum\/republique-democratique-du-congo-afrique-projet-35-sur-72\/\" title=\"Projet HIC SUM n\u00b0 35 \u2013 R\u00e9publique d\u00e9mocratique du Congo : d\u00e9tails et objectifs\">35<\/a><\/p>\n<\/div>\n\n\n\n<div class=\"ss-timeline-item ss-cat-incontro\">\n<p class=\"gb-text\">16.05 | <span class=\"ss-category-label\">Rencontre<\/span> Les M\u00e8res g\u00e9n\u00e9rales des Petites S\u0153urs de l\u2019\u00c9vang\u00e9lisation et des S\u0153urs de J\u00e9sus \u00c9ducateur, toutes deux congolaises, se rencontrent \u00e0 Saint Cerbon<\/p>\n<\/div>\n\n\n\n<div class=\"ss-timeline-item ss-cat-hic\">\n<p class=\"gb-text\">20\u201322.05 | <span class=\"ss-category-label\">HIC SUM<\/span> Formation missionnaire HIC SUM pour les jeunes et les b\u00e9n\u00e9voles souhaitant partir en mission<\/p>\n<\/div>\n\n\n\n<div class=\"ss-timeline-item ss-cat-incontro\">\n<p class=\"gb-text\">24.05 | <span class=\"ss-category-label\">Rencontre<\/span> Rencontres missionnaires en ligne \u00ab Les mardis de spazio + spadoni \u00bb \u2013 S\u0153ur Odette Maria Kabarere \u2013 Rwanda<\/p>\n<\/div>\n\n\n\n<div class=\"ss-timeline-item ss-cat-incontro\">\n<p class=\"gb-text\">29.04\u201301.05 | <span class=\"ss-category-label\">Rencontre<\/span> spazio + spadoni rencontre \u00e0 Rome plusieurs M\u00e8res g\u00e9n\u00e9rales pr\u00e9sentes \u00e0 l\u2019Assembl\u00e9e pl\u00e9ni\u00e8re de l\u2019UISG<\/p>\n<\/div>\n\n\n\n<div class=\"ss-timeline-item ss-cat-hic\">\n<p class=\"gb-text\">31.05 | <span class=\"ss-category-label\">HIC SUM<\/span> <a href=\"https:\/\/spaziospadoni.org\/fr\/hic-sum\/kenya-afrique-projet-12-sur-72\/\" title=\"Projet HIC SUM n\u00b0 12 \u2013 Kenya : d\u00e9tails et objectifs\">Lancement du projet HIC SUM n\u00b0 12<\/a><\/p>\n<\/div>\n\n\n\n<div class=\"ss-timeline-item ss-cat-evento\">\n<p class=\"gb-text\">06\u201309.06 | <span class=\"ss-category-label\">\u00c9v\u00e9nement<\/span> Formation des religieuses \u00e0 Saint Cerbon<\/p>\n<\/div>\n\n\n\n<div class=\"ss-timeline-item ss-cat-hic\">\n<p class=\"gb-text\">06.06 | <span class=\"ss-category-label\">HIC SUM<\/span> <a href=\"https:\/\/spaziospadoni.org\/fr\/hic-sum\/rwanda-afrique-projet-36-sur-72\/\" title=\"Projet HIC SUM n\u00b0 36 \u2013 Rwanda : d\u00e9tails et objectifs\">Lancement du projet HIC SUM n\u00b0 36<\/a><\/p>\n<\/div>\n\n\n\n<div class=\"ss-timeline-item ss-cat-hic\">\n<p class=\"gb-text\">25.07 | <span class=\"ss-category-label\">HIC SUM<\/span> <a href=\"https:\/\/spaziospadoni.org\/fr\/hic-sum\/philippines-asie-projet-37-sur-72\/\" title=\"Projet HIC SUM n\u00b0 37 \u2013 Philippines : d\u00e9tails et objectifs\">Lancement du projet HIC SUM n\u00b0 37<\/a><\/p>\n<\/div>\n\n\n\n<div class=\"ss-timeline-item ss-cat-hic\">\n<p class=\"gb-text\">04.08 | <span class=\"ss-category-label\">HIC SUM<\/span> <a href=\"https:\/\/spaziospadoni.org\/fr\/hic-sum\/tanzanie-afrique-projet-38-sur-72\/\" title=\"Projet HIC SUM n\u00b0 38 \u2013 Tanzanie : d\u00e9tails et objectifs\">Lancement du projet HIC SUM n\u00b0 38<\/a><\/p>\n<\/div>\n\n\n\n<div class=\"ss-timeline-item ss-cat-hic\">\n<p class=\"gb-text\">10.08 | <span class=\"ss-category-label\">HIC SUM<\/span> <a href=\"https:\/\/spaziospadoni.org\/fr\/hic-sum\/tanzanie-afrique-projet-39-sur-72\/\" title=\"Projet HIC SUM n\u00b0 39 \u2013 Tanzanie : d\u00e9tails et objectifs\">Lancement du projet HIC SUM n\u00b0 39<\/a><\/p>\n<\/div>\n\n\n\n<div class=\"ss-timeline-item ss-cat-evento\">\n<p class=\"gb-text\">07\u201311.09 | <span class=\"ss-category-label\">\u00c9v\u00e9nement<\/span> Convention spazio + spadoni \u00ab Faire place au courage \u00bb \u00e0 Saint Cerbon<\/p>\n<\/div>\n\n\n\n<div class=\"ss-timeline-item ss-cat-evento\">\n<p class=\"gb-text\">22\u201324.09 | <span class=\"ss-category-label\">\u00c9v\u00e9nement<\/span> spazio + spadoni est partenaire et participe \u00e0 l\u2019\u00e9v\u00e9nement mondial organis\u00e9 \u00e0 Assise par Economy of Francesco<\/p>\n<\/div>\n\n\n\n<div class=\"ss-timeline-item ss-cat-evento\">\n<p class=\"gb-text\">29.09\u201302.10 | <span class=\"ss-category-label\">\u00c9v\u00e9nement<\/span> spazio + spadoni est partenaire et participe au Festival della Missione \u00e0 Milan<\/p>\n<\/div>\n\n\n\n<div class=\"ss-timeline-item ss-cat-hic\">\n<p class=\"gb-text\">08.10 | <span class=\"ss-category-label\">HIC SUM<\/span> <a href=\"https:\/\/spaziospadoni.org\/fr\/hic-sum\/republique-democratique-du-congo-afrique-projet-40-41-sur-72\/\" title=\"Projet HIC SUM n\u00b0 40\u201341 \u2013 R\u00e9publique d\u00e9mocratique du Congo : d\u00e9tails et objectifs\">Lancement des projets HIC SUM n\u00b0 40 et 41<\/a><\/p>\n<\/div>\n\n\n\n<div class=\"ss-timeline-item ss-cat-opera\">\n<p class=\"gb-text\">21.11\u201316.12 | <span class=\"ss-category-label\">OPERA M<\/span> Cours sur les \u0152uvres de Mis\u00e9ricorde pour les religieuses francophones \u00e0 Loppiano<\/p>\n<\/div>\n\n\n\n<div class=\"ss-timeline-item ss-cat-evento\">\n<p class=\"gb-text\">15.12 | <span class=\"ss-category-label\">\u00c9v\u00e9nement<\/span> \u00c9change de v\u0153ux de No\u00ebl en ligne<\/p>\n<\/div>\n\n<\/details>\n\n\n\n<details class=\"wp-block-details ss-timeline is-layout-flow wp-block-details-is-layout-flow\"><summary><span class=\"ss-timeline-year\">2023<\/span><span class=\"ss-timeline-count\">12 \u00e9tapes<\/span><\/summary>\n\n\n<div class=\"ss-timeline-item ss-cat-opera\">\n<p class=\"gb-text\">01\u201310.02 | <span class=\"ss-category-label\">OPERA M<\/span> Cours sur les \u0152uvres de Mis\u00e9ricorde pour les religieuses anglophones \u00e0 Saint Cerbon<\/p>\n<\/div>\n\n\n\n<div class=\"ss-timeline-item ss-cat-evento\">\n<p class=\"gb-text\">02.05 | <span class=\"ss-category-label\">\u00c9v\u00e9nement<\/span> La citoyennet\u00e9 d\u2019honneur de Rosolini est attribu\u00e9e \u00e0 Luigi Spadoni<\/p>\n<\/div>\n\n\n\n<div class=\"ss-timeline-item ss-cat-incontro\">\n<p class=\"gb-text\">12.06 | <span class=\"ss-category-label\">Rencontre<\/span> Luigi Spadoni intervient aux rencontres \u00ab Le deuxi\u00e8me lundi du mois \u00bb, organis\u00e9es par le Centre national du volontariat<\/p>\n<\/div>\n\n\n\n<div class=\"ss-timeline-item ss-cat-evento\">\n<p class=\"gb-text\">24.07 | <span class=\"ss-category-label\">\u00c9v\u00e9nement<\/span> Luigi Spadoni re\u00e7oit la Palme d\u2019argent \u00e0 Acireale<\/p>\n<\/div>\n\n\n\n<div class=\"ss-timeline-item ss-cat-opera\">\n<p class=\"gb-text\">17\u201328.07 | <span class=\"ss-category-label\">OPERA M<\/span> Rencontre \u00e0 Lucques intitul\u00e9e \u00ab Faisons conna\u00eetre les \u0152uvres de Mis\u00e9ricorde \u00bb pour les Ambassadeurs et les Linkers<\/p>\n<\/div>\n\n\n\n<div class=\"ss-timeline-item ss-cat-hic\">\n<p class=\"gb-text\">08.09 | <span class=\"ss-category-label\">HIC SUM<\/span> <a href=\"https:\/\/spaziospadoni.org\/fr\/hic-sum\/tanzanie-afrique-projet-43-sur-72\/\" title=\"Projet HIC SUM n\u00b0 43 \u2013 Tanzanie : d\u00e9tails et objectifs\">Lancement du projet HIC SUM n\u00b0 43<\/a><\/p>\n<\/div>\n\n\n\n<div class=\"ss-timeline-item ss-cat-opera\">\n<p class=\"gb-text\">15\u201317.09 | <span class=\"ss-category-label\">OPERA M<\/span> Convention spazio + spadoni \u00ab Faire place \u00e0 la r\u00e9\u00c9volution des \u0152uvres de Mis\u00e9ricorde \u00bb \u00e0 Noto<\/p>\n<\/div>\n\n\n\n<div class=\"ss-timeline-item ss-cat-incontro\">\n<p class=\"gb-text\">29.09 | <span class=\"ss-category-label\">Rencontre<\/span> Mgr \u00c9mile Mushosho Matabaro, \u00e9v\u00eaque de Doruma en R\u00e9publique d\u00e9mocratique du Congo, rencontre spazio + spadoni \u00e0 Saint Cerbon<\/p>\n<\/div>\n\n\n\n<div class=\"ss-timeline-item ss-cat-hic\">\n<p class=\"gb-text\">10.10 | <span class=\"ss-category-label\">HIC SUM<\/span> <a href=\"https:\/\/spaziospadoni.org\/fr\/hic-sum\/tanzanie-afrique-42-sur-72\/\" title=\"Projet HIC SUM n\u00b0 42 \u2013 Tanzanie : d\u00e9tails et objectifs\">Lancement du projet HIC SUM n\u00b0 42<\/a><\/p>\n<\/div>\n\n\n\n<div class=\"ss-timeline-item ss-cat-hic\">\n<p class=\"gb-text\">16.11 | <span class=\"ss-category-label\">HIC SUM<\/span> <a href=\"https:\/\/spaziospadoni.org\/fr\/hic-sum\/republique-democratique-du-congo-afrique-projet-44-sur-72\/\" title=\"Projet HIC SUM n\u00b0 44 \u2013 R\u00e9publique d\u00e9mocratique du Congo : d\u00e9tails et objectifs\">Lancement du projet HIC SUM n\u00b0 44<\/a><\/p>\n<\/div>\n\n\n\n<div class=\"ss-timeline-item ss-cat-forum\">\n<p class=\"gb-text\">25\u201326.11 | <span class=\"ss-category-label\">Forum<\/span> Forum sur la r\u00e9\u00c9volution des \u0152uvres de Mis\u00e9ricorde \u00e0 Cotonou, B\u00e9nin<\/p>\n<\/div>\n\n\n\n<div class=\"ss-timeline-item ss-cat-forum\">\n<p class=\"gb-text\">02\u201303.12 | <span class=\"ss-category-label\">Forum<\/span> Forum sur la r\u00e9\u00c9volution des \u0152uvres de Mis\u00e9ricorde \u00e0 Bobo-Dioulasso, Burkina Faso<\/p>\n<\/div>\n\n<\/details>\n\n\n\n<details class=\"wp-block-details ss-timeline is-layout-flow wp-block-details-is-layout-flow\"><summary><span class=\"ss-timeline-year\">2024<\/span><span class=\"ss-timeline-count\">9 \u00e9tapes<\/span><\/summary>\n\n\n<div class=\"ss-timeline-item ss-cat-incontro\">\n<p class=\"gb-text\">09.03 | <span class=\"ss-category-label\">Rencontre<\/span> spazio + spadoni rencontre les religieuses qui \u00e9tudient \u00e0 Castel Gandolfo<\/p>\n<\/div>\n\n\n\n<div class=\"ss-timeline-item ss-cat-hic\">\n<p class=\"gb-text\">13.03 | <span class=\"ss-category-label\">HIC SUM<\/span> <a href=\"https:\/\/spaziospadoni.org\/fr\/hic-sum\/madagascar-afrique-projet-45-sur-72\/\" title=\"Projet HIC SUM n\u00b0 45 \u2013 Madagascar : d\u00e9tails et objectifs\">Lancement du projet HIC SUM n\u00b0 45<\/a><\/p>\n<\/div>\n\n\n\n<div class=\"ss-timeline-item ss-cat-incontro\">\n<p class=\"gb-text\">28.04 | <span class=\"ss-category-label\">Rencontre<\/span> Luigi Spadoni rencontre \u00e0 Lucques Mgr Fortunatus Nwachukwu, secr\u00e9taire de la Section pour la premi\u00e8re \u00e9vang\u00e9lisation et les nouvelles \u00c9glises particuli\u00e8res du Dicast\u00e8re pour l\u2019\u00e9vang\u00e9lisation<\/p>\n<\/div>\n\n\n\n<div class=\"ss-timeline-item ss-cat-hic\">\n<p class=\"gb-text\">03.05 | <span class=\"ss-category-label\">HIC SUM<\/span> <a href=\"https:\/\/spaziospadoni.org\/fr\/hic-sum\/republique-democratique-du-congo-afrique-projet-46-sur-72\/\" title=\"Projet HIC SUM n\u00b0 46 \u2013 R\u00e9publique d\u00e9mocratique du Congo : d\u00e9tails et objectifs\">Lancement du projet HIC SUM n\u00b0 46<\/a><\/p>\n<\/div>\n\n\n\n<div class=\"ss-timeline-item ss-cat-forum\">\n<p class=\"gb-text\">28\u201329.06 | <span class=\"ss-category-label\">Forum<\/span> Forum sur la r\u00e9\u00c9volution des \u0152uvres de Mis\u00e9ricorde \u00e0 Bafia, Cameroun<\/p>\n<\/div>\n\n\n\n<div class=\"ss-timeline-item ss-cat-opera\">\n<p class=\"gb-text\">06\u201311.07 | <span class=\"ss-category-label\">OPERA M<\/span> Formation sur la r\u00e9\u00c9volution des \u0152uvres de Mis\u00e9ricorde \u00e0 Rome<\/p>\n<\/div>\n\n\n\n<div class=\"ss-timeline-item ss-cat-incontro\">\n<p class=\"gb-text\">11.08 | <span class=\"ss-category-label\">Rencontre<\/span> Luigi Spadoni rencontre le p\u00e8re Francesco Zambotti<\/p>\n<\/div>\n\n\n\n<div class=\"ss-timeline-item ss-cat-forum\">\n<p class=\"gb-text\">31.08\u201301.09 | <span class=\"ss-category-label\">Forum<\/span> Forum sur la r\u00e9\u00c9volution des \u0152uvres de Mis\u00e9ricorde \u00e0 Nairobi, Kenya<\/p>\n<\/div>\n\n\n\n<div class=\"ss-timeline-item ss-cat-forum\">\n<p class=\"gb-text\">18\u201320.09 | <span class=\"ss-category-label\">Forum<\/span> Forum sur la r\u00e9\u00c9volution des \u0152uvres de Mis\u00e9ricorde \u00e0 Kisangani, R\u00e9publique d\u00e9mocratique du Congo<\/p>\n<\/div>\n\n<\/details>\n\n\n\n<details class=\"wp-block-details ss-timeline is-layout-flow wp-block-details-is-layout-flow\"><summary><span class=\"ss-timeline-year\">2025<\/span><span class=\"ss-timeline-count\">16 \u00e9tapes<\/span><\/summary>\n\n\n<div class=\"ss-timeline-item ss-cat-opera\">\n<p class=\"gb-text\">26.02 | <span class=\"ss-category-label\">OPERA M<\/span> L\u2019\u00e9v\u00eaque de Bafia, au Cameroun, Emmanuel Dassi Youfang, nomme S\u0153ur Marie Noelle Messini \u00e0 la t\u00eate du premier Office dioc\u00e9sain des \u0152uvres de Mis\u00e9ricorde au monde<\/p>\n<\/div>\n\n\n\n<div class=\"ss-timeline-item ss-cat-hic\">\n<p class=\"gb-text\">27.02 | <span class=\"ss-category-label\">HIC SUM<\/span> <a href=\"https:\/\/spaziospadoni.org\/fr\/hic-sum\/nigeria-afrique-projet-47-sur-72\/\" title=\"Projet HIC SUM n\u00b0 47 \u2013 Nigeria : d\u00e9tails et objectifs\">Lancement du projet HIC SUM n\u00b0 47<\/a><\/p>\n<\/div>\n\n\n\n<div class=\"ss-timeline-item ss-cat-hic\">\n<p class=\"gb-text\">14\u201330.03 | <span class=\"ss-category-label\">HIC SUM<\/span> Trois b\u00e9n\u00e9voles de la Confr\u00e9rie de la Mis\u00e9ricorde d\u2019Adrano se rendent \u00e0 Madagascar dans les communaut\u00e9s des S\u0153urs du Sacr\u00e9-C\u0153ur de J\u00e9sus de Raguse, dans le cadre du projet HIC SUM<\/p>\n<\/div>\n\n\n\n<div class=\"ss-timeline-item ss-cat-evento\">\n<p class=\"gb-text\">05\u201309.05 | <span class=\"ss-category-label\">\u00c9v\u00e9nement<\/span> spazio + spadoni participe \u00e0 l\u2019Assembl\u00e9e pl\u00e9ni\u00e8re de l\u2019UISG avec un stand et accueille plusieurs M\u00e8res g\u00e9n\u00e9rales \u00e0 la Maison g\u00e9n\u00e9rale des Filles de Marie Missionnaires<\/p>\n<\/div>\n\n\n\n<div class=\"ss-timeline-item ss-cat-forum\">\n<p class=\"gb-text\">19.06 | <span class=\"ss-category-label\">Forum<\/span> Forum sur la r\u00e9\u00c9volution des \u0152uvres de Mis\u00e9ricorde \u00e0 Lom\u00e9, Togo<\/p>\n<\/div>\n\n\n\n<div class=\"ss-timeline-item ss-cat-forum\">\n<p class=\"gb-text\">27\u201328.06 | <span class=\"ss-category-label\">Forum<\/span> Forum sur la r\u00e9\u00c9volution des \u0152uvres de Mis\u00e9ricorde \u00e0 Bangui, R\u00e9publique centrafricaine<\/p>\n<\/div>\n\n\n\n<div class=\"ss-timeline-item ss-cat-forum\">\n<p class=\"gb-text\">19.07 | <span class=\"ss-category-label\">Forum<\/span> Forum sur la r\u00e9\u00c9volution des \u0152uvres de Mis\u00e9ricorde \u00e0 Bossemb\u00e9l\u00e9, R\u00e9publique centrafricaine<\/p>\n<\/div>\n\n\n\n<div class=\"ss-timeline-item ss-cat-hic\">\n<p class=\"gb-text\">23.07 | <span class=\"ss-category-label\">HIC SUM<\/span> <a href=\"https:\/\/spaziospadoni.org\/fr\/hic-sum\/indonesie-asie-projet-49-sur-72\/\" title=\"Projet HIC SUM n\u00b0 49 \u2013 Indon\u00e9sie : d\u00e9tails et objectifs\">Lancement du projet HIC SUM n\u00b0 49<\/a><\/p>\n<\/div>\n\n\n\n<div class=\"ss-timeline-item ss-cat-incontro\">\n<p class=\"gb-text\">30.07 | <span class=\"ss-category-label\">Rencontre<\/span> spazio + spadoni rencontre la Fondation San Gennaro dans le Rione Sanit\u00e0 \u00e0 Naples<\/p>\n<\/div>\n\n\n\n<div class=\"ss-timeline-item ss-cat-hic\">\n<p class=\"gb-text\">25.08 | <span class=\"ss-category-label\">HIC SUM<\/span> <a href=\"https:\/\/spaziospadoni.org\/fr\/hic-sum\/malawi-afrique-projet-48-sur-72\/\" title=\"Projet HIC SUM n\u00b0 48 \u2013 Malawi : d\u00e9tails et objectifs\">Lancement du projet HIC SUM n\u00b0 48<\/a><\/p>\n<\/div>\n\n\n\n<div class=\"ss-timeline-item ss-cat-forum\">\n<p class=\"gb-text\">13\u201314.09 | <span class=\"ss-category-label\">Forum<\/span> Forum sur la r\u00e9\u00c9volution des \u0152uvres de Mis\u00e9ricorde \u00e0 Mbarara, Ouganda<\/p>\n<\/div>\n\n\n\n<div class=\"ss-timeline-item ss-cat-evento\">\n<p class=\"gb-text\">09\u201312.10 | <span class=\"ss-category-label\">\u00c9v\u00e9nement<\/span> spazio + spadoni est partenaire et participe au Festival della Missione \u00e0 Turin<\/p>\n<\/div>\n\n\n\n<div class=\"ss-timeline-item ss-cat-incontro\">\n<p class=\"gb-text\">14.10 | <span class=\"ss-category-label\">Rencontre<\/span> Luigi Spadoni rencontre \u00e0 Rome S\u0153ur M. F\u00e9licit\u00e9 Mbombe, Sup\u00e9rieure g\u00e9n\u00e9rale des S\u0153urs de Sainte Th\u00e9r\u00e8se de Basankusu \u2013 R\u00e9publique d\u00e9mocratique du Congo<\/p>\n<\/div>\n\n\n\n<div class=\"ss-timeline-item ss-cat-incontro\">\n<p class=\"gb-text\">14.10 | <span class=\"ss-category-label\">Rencontre<\/span> Luigi Spadoni rencontre \u00e0 Rome S\u0153ur Fran\u00e7oise Bobile Mulasi, Sup\u00e9rieure g\u00e9n\u00e9rale des Missionnaires de J\u00e9sus Emmanuel \u2013 Kisantu, R\u00e9publique d\u00e9mocratique du Congo<\/p>\n<\/div>\n\n\n\n<div class=\"ss-timeline-item ss-cat-forum\">\n<p class=\"gb-text\">13.12 | <span class=\"ss-category-label\">Forum<\/span> Forum sur la r\u00e9\u00c9volution des \u0152uvres de Mis\u00e9ricorde \u00e0 Bouar, R\u00e9publique centrafricaine<\/p>\n<\/div>\n\n\n\n<div class=\"ss-timeline-item ss-cat-hic\">\n<p class=\"gb-text\">15.12 | <span class=\"ss-category-label\">HIC SUM<\/span> <a href=\"https:\/\/spaziospadoni.org\/it\/hic-sum\/benin-africa-progetto-50-di-72\/\" title=\"Projet HIC SUM n\u00b0 50 \u2013 B\u00e9nin : d\u00e9tails et objectifs\">Lancement du projet HIC SUM n\u00b0 50<\/a><\/p>\n<\/div>\n\n<\/details>\n\n\n\n<details class=\"wp-block-details ss-timeline is-layout-flow wp-block-details-is-layout-flow\"><summary><span class=\"ss-timeline-year\">2026<\/span><span class=\"ss-timeline-count\">4 \u00e9tapes<\/span><\/summary>\n\n\n<div class=\"ss-timeline-item ss-cat-forum\">\n<p class=\"gb-text\">22\u201323.01 | <span class=\"ss-category-label\">Forum<\/span> Forum sur la r\u00e9\u00c9volution des \u0152uvres de Mis\u00e9ricorde \u00e0 Ambatondrazaka, Madagascar<\/p>\n<\/div>\n\n\n\n<div class=\"ss-timeline-item ss-cat-incontro\">\n<p class=\"gb-text\">24.02 | <span class=\"ss-category-label\">Rencontre<\/span> Rafael Baciano Sapato, pr\u00eatre mozambicain et ancien directeur du Secr\u00e9tariat de l\u2019IMBISA (R\u00e9union interr\u00e9gionale des \u00e9v\u00eaques d\u2019Afrique australe), rencontre spazio + spadoni \u00e0 Saint Cerbon<\/p>\n<\/div>\n\n\n\n<div class=\"ss-timeline-item ss-cat-forum\">\n<p class=\"gb-text\">08.04 | <span class=\"ss-category-label\">Forum<\/span> Forum sur la r\u00e9\u00c9volution des \u0152uvres de Mis\u00e9ricorde pour les cat\u00e9chistes \u00e0 Ambatondrazaka, Madagascar<\/p>\n<\/div>\n\n\n\n<div class=\"ss-timeline-item ss-cat-evento\">\n<p class=\"gb-text\">22.05 | <span class=\"ss-category-label\">\u00c9v\u00e9nement<\/span> Luigi Spadoni intervient \u00e0 la table ronde \u00ab La culture du don : un lien qui nous unit \u00bb de l\u2019Assembl\u00e9e nationale de FRATRES<\/p>\n<\/div>\n\n<\/details>\n<\/div>\n\n","protected":false},"excerpt":{"rendered":"<p>Les \u00e9tapes de spazio + spadoni de 2020 \u00e0 aujourd\u2019hui De 2020 \u00e0 aujourd\u2019hui, nous retra\u00e7ons les principales \u00e9tapes de spazio + spadoni: projets HIC SUM, rencontres, activit\u00e9s de formation et initiatives consacr\u00e9es aux \u0152uvres de Mis\u00e9ricorde en Italie et dans le monde.<\/p>\n","protected":false},"author":107,"featured_media":0,"parent":0,"menu_order":0,"comment_status":"closed","ping_status":"closed","template":"","meta":{"_sitemap_exclude":false,"_sitemap_priority":"","_sitemap_frequency":"","footnotes":""},"class_list":["post-91555","page","type-page","status-publish","infinite-scroll-item"],"yoast_head":"<!-- This site is optimized with the Yoast SEO plugin v28.4 - https:\/\/yoast.com\/product\/yoast-seo-wordpress\/ -->\n<title>Feuille de route | Spazio Spadoni<\/title>\n<meta name=\"description\" content=\"Les \u00e9tapes de spazio + spadoni de 2020 \u00e0 aujourd\u2019hui De 2020 \u00e0 aujourd\u2019hui, nous retra\u00e7ons les principales \u00e9tapes de spazio + spadoni: projets HIC SUM,\" \/>\n<meta name=\"robots\" content=\"index, follow, max-snippet:-1, max-image-preview:large, max-video-preview:-1\" \/>\n<link rel=\"canonical\" href=\"https:\/\/spaziospadoni.org\/fr\/feuille-de-route\/\" \/>\n<meta property=\"og:locale\" content=\"fr_FR\" \/>\n<meta property=\"og:type\" content=\"article\" \/>\n<meta property=\"og:title\" content=\"Feuille de route | Spazio Spadoni\" \/>\n<meta property=\"og:description\" content=\"Les \u00e9tapes de spazio + spadoni de 2020 \u00e0 aujourd\u2019hui De 2020 \u00e0 aujourd\u2019hui, nous retra\u00e7ons les principales \u00e9tapes de spazio + spadoni: projets HIC SUM,\" \/>\n<meta property=\"og:url\" content=\"https:\/\/spaziospadoni.org\/fr\/feuille-de-route\/\" \/>\n<meta property=\"og:site_name\" content=\"spazio + spadoni\" \/>\n<meta property=\"article:publisher\" content=\"https:\/\/www.facebook.com\/SpazioSpadoni\/\" \/>\n<meta property=\"article:modified_time\" content=\"2026-08-21T12:23:14+00:00\" \/>\n<meta property=\"og:image\" content=\"https:\/\/spaziospadoni.org\/wp-content\/uploads\/2026\/05\/logo-opera-m-no-sito-scritta-bianca-scaled-1.png\" \/>\n\t<meta property=\"og:image:width\" content=\"2560\" \/>\n\t<meta property=\"og:image:height\" content=\"2555\" \/>\n\t<meta property=\"og:image:type\" content=\"image\/png\" \/>\n<meta name=\"twitter:card\" content=\"summary_large_image\" \/>\n<meta name=\"twitter:label1\" content=\"Est. reading time\" \/>\n\t<meta name=\"twitter:data1\" content=\"9 minutes\" \/>\n<script type=\"application\/ld+json\" class=\"yoast-schema-graph\">{\"@context\":\"https:\\\/\\\/schema.org\",\"@graph\":[{\"@type\":\"WebPage\",\"@id\":\"https:\\\/\\\/spaziospadoni.org\\\/fr\\\/feuille-de-route\\\/\",\"url\":\"https:\\\/\\\/spaziospadoni.org\\\/fr\\\/feuille-de-route\\\/\",\"name\":\"Feuille de route | Spazio Spadoni\",\"isPartOf\":{\"@id\":\"https:\\\/\\\/spaziospadoni.org\\\/fr\\\/#website\"},\"datePublished\":\"2026-08-05T09:51:42+00:00\",\"dateModified\":\"2026-08-21T12:23:14+00:00\",\"description\":\"Les \u00e9tapes de spazio + spadoni de 2020 \u00e0 aujourd\u2019hui De 2020 \u00e0 aujourd\u2019hui, nous retra\u00e7ons les principales \u00e9tapes de spazio + spadoni: projets HIC SUM,\",\"breadcrumb\":{\"@id\":\"https:\\\/\\\/spaziospadoni.org\\\/fr\\\/feuille-de-route\\\/#breadcrumb\"},\"inLanguage\":\"fr-FR\",\"potentialAction\":[{\"@type\":\"ReadAction\",\"target\":[\"https:\\\/\\\/spaziospadoni.org\\\/fr\\\/feuille-de-route\\\/\"]}]},{\"@type\":\"BreadcrumbList\",\"@id\":\"https:\\\/\\\/spaziospadoni.org\\\/fr\\\/feuille-de-route\\\/#breadcrumb\",\"itemListElement\":[{\"@type\":\"ListItem\",\"position\":1,\"name\":\"Home\",\"item\":\"https:\\\/\\\/spaziospadoni.org\\\/fr\\\/\"},{\"@type\":\"ListItem\",\"position\":2,\"name\":\"Feuille de route\"}]},{\"@type\":\"WebSite\",\"@id\":\"https:\\\/\\\/spaziospadoni.org\\\/fr\\\/#website\",\"url\":\"https:\\\/\\\/spaziospadoni.org\\\/fr\\\/\",\"name\":\"spazio + spadoni\",\"description\":\"Generazione di misericordia e missione nel mondo\",\"publisher\":{\"@id\":\"https:\\\/\\\/spaziospadoni.org\\\/fr\\\/#organization\"},\"alternateName\":\"spaziospadoni.org\",\"potentialAction\":[{\"@type\":\"SearchAction\",\"target\":{\"@type\":\"EntryPoint\",\"urlTemplate\":\"https:\\\/\\\/spaziospadoni.org\\\/fr\\\/?s={search_term_string}\"},\"query-input\":{\"@type\":\"PropertyValueSpecification\",\"valueRequired\":true,\"valueName\":\"search_term_string\"}}],\"inLanguage\":\"fr-FR\"},{\"@type\":\"Organization\",\"@id\":\"https:\\\/\\\/spaziospadoni.org\\\/fr\\\/#organization\",\"name\":\"spazio + spadoni\",\"alternateName\":\"spaziospadoni.org\",\"url\":\"https:\\\/\\\/spaziospadoni.org\\\/fr\\\/\",\"logo\":{\"@type\":\"ImageObject\",\"inLanguage\":\"fr-FR\",\"@id\":\"https:\\\/\\\/spaziospadoni.org\\\/fr\\\/#\\\/schema\\\/logo\\\/image\\\/\",\"url\":\"https:\\\/\\\/spaziospadoni.org\\\/wp-content\\\/uploads\\\/2026\\\/05\\\/spazio-spadoni-logo-100x100-1.webp\",\"contentUrl\":\"https:\\\/\\\/spaziospadoni.org\\\/wp-content\\\/uploads\\\/2026\\\/05\\\/spazio-spadoni-logo-100x100-1.webp\",\"width\":100,\"height\":100,\"caption\":\"spazio + spadoni\"},\"image\":{\"@id\":\"https:\\\/\\\/spaziospadoni.org\\\/fr\\\/#\\\/schema\\\/logo\\\/image\\\/\"},\"sameAs\":[\"https:\\\/\\\/www.facebook.com\\\/SpazioSpadoni\\\/\",\"https:\\\/\\\/www.instagram.com\\\/spaziospadoni\\\/\",\"https:\\\/\\\/www.youtube.com\\\/@spaziospadoni\\\/playlists\"]}]}<\/script>\n<!-- \/ Yoast SEO plugin. -->","yoast_head_json":{"title":"Feuille de route | Spazio Spadoni","description":"Les \u00e9tapes de spazio + spadoni de 2020 \u00e0 aujourd\u2019hui De 2020 \u00e0 aujourd\u2019hui, nous retra\u00e7ons les principales \u00e9tapes de spazio + spadoni: projets HIC SUM,","robots":{"index":"index","follow":"follow","max-snippet":"max-snippet:-1","max-image-preview":"max-image-preview:large","max-video-preview":"max-video-preview:-1"},"canonical":"https:\/\/spaziospadoni.org\/fr\/feuille-de-route\/","og_locale":"fr_FR","og_type":"article","og_title":"Feuille de route | Spazio Spadoni","og_description":"Les \u00e9tapes de spazio + spadoni de 2020 \u00e0 aujourd\u2019hui De 2020 \u00e0 aujourd\u2019hui, nous retra\u00e7ons les principales \u00e9tapes de spazio + spadoni: projets HIC SUM,","og_url":"https:\/\/spaziospadoni.org\/fr\/feuille-de-route\/","og_site_name":"spazio + spadoni","article_publisher":"https:\/\/www.facebook.com\/SpazioSpadoni\/","article_modified_time":"2026-08-21T12:23:14+00:00","og_image":[{"width":2560,"height":2555,"url":"https:\/\/spaziospadoni.org\/wp-content\/uploads\/2026\/05\/logo-opera-m-no-sito-scritta-bianca-scaled-1.png","type":"image\/png"}],"twitter_card":"summary_large_image","twitter_misc":{"Est. reading time":"9 minutes"},"schema":{"@context":"https:\/\/schema.org","@graph":[{"@type":"WebPage","@id":"https:\/\/spaziospadoni.org\/fr\/feuille-de-route\/","url":"https:\/\/spaziospadoni.org\/fr\/feuille-de-route\/","name":"Feuille de route | Spazio Spadoni","isPartOf":{"@id":"https:\/\/spaziospadoni.org\/fr\/#website"},"datePublished":"2026-08-05T09:51:42+00:00","dateModified":"2026-08-21T12:23:14+00:00","description":"Les \u00e9tapes de spazio + spadoni de 2020 \u00e0 aujourd\u2019hui De 2020 \u00e0 aujourd\u2019hui, nous retra\u00e7ons les principales \u00e9tapes de spazio + spadoni: projets HIC SUM,","breadcrumb":{"@id":"https:\/\/spaziospadoni.org\/fr\/feuille-de-route\/#breadcrumb"},"inLanguage":"fr-FR","potentialAction":[{"@type":"ReadAction","target":["https:\/\/spaziospadoni.org\/fr\/feuille-de-route\/"]}]},{"@type":"BreadcrumbList","@id":"https:\/\/spaziospadoni.org\/fr\/feuille-de-route\/#breadcrumb","itemListElement":[{"@type":"ListItem","position":1,"name":"Home","item":"https:\/\/spaziospadoni.org\/fr\/"},{"@type":"ListItem","position":2,"name":"Feuille de route"}]},{"@type":"WebSite","@id":"https:\/\/spaziospadoni.org\/fr\/#website","url":"https:\/\/spaziospadoni.org\/fr\/","name":"spazio + spadoni","description":"Generazione di misericordia e missione nel mondo","publisher":{"@id":"https:\/\/spaziospadoni.org\/fr\/#organization"},"alternateName":"spaziospadoni.org","potentialAction":[{"@type":"SearchAction","target":{"@type":"EntryPoint","urlTemplate":"https:\/\/spaziospadoni.org\/fr\/?s={search_term_string}"},"query-input":{"@type":"PropertyValueSpecification","valueRequired":true,"valueName":"search_term_string"}}],"inLanguage":"fr-FR"},{"@type":"Organization","@id":"https:\/\/spaziospadoni.org\/fr\/#organization","name":"spazio + spadoni","alternateName":"spaziospadoni.org","url":"https:\/\/spaziospadoni.org\/fr\/","logo":{"@type":"ImageObject","inLanguage":"fr-FR","@id":"https:\/\/spaziospadoni.org\/fr\/#\/schema\/logo\/image\/","url":"https:\/\/spaziospadoni.org\/wp-content\/uploads\/2026\/05\/spazio-spadoni-logo-100x100-1.webp","contentUrl":"https:\/\/spaziospadoni.org\/wp-content\/uploads\/2026\/05\/spazio-spadoni-logo-100x100-1.webp","width":100,"height":100,"caption":"spazio + spadoni"},"image":{"@id":"https:\/\/spaziospadoni.org\/fr\/#\/schema\/logo\/image\/"},"sameAs":["https:\/\/www.facebook.com\/SpazioSpadoni\/","https:\/\/www.instagram.com\/spaziospadoni\/","https:\/\/www.youtube.com\/@spaziospadoni\/playlists"]}]}},"_links":{"self":[{"href":"https:\/\/spaziospadoni.org\/fr\/wp-json\/wp\/v2\/pages\/91555","targetHints":{"allow":["GET"]}}],"collection":[{"href":"https:\/\/spaziospadoni.org\/fr\/wp-json\/wp\/v2\/pages"}],"about":[{"href":"https:\/\/spaziospadoni.org\/fr\/wp-json\/wp\/v2\/types\/page"}],"author":[{"embeddable":true,"href":"https:\/\/spaziospadoni.org\/fr\/wp-json\/wp\/v2\/users\/107"}],"replies":[{"embeddable":true,"href":"https:\/\/spaziospadoni.org\/fr\/wp-json\/wp\/v2\/comments?post=91555"}],"version-history":[{"count":1,"href":"https:\/\/spaziospadoni.org\/fr\/wp-json\/wp\/v2\/pages\/91555\/revisions"}],"predecessor-version":[{"id":91556,"href":"https:\/\/spaziospadoni.org\/fr\/wp-json\/wp\/v2\/pages\/91555\/revisions\/91556"}],"wp:attachment":[{"href":"https:\/\/spaziospadoni.org\/fr\/wp-json\/wp\/v2\/media?parent=91555"}],"curies":[{"name":"wp","href":"https:\/\/api.w.org\/{rel}","templated":true}]}}