{"id":50771,"date":"2026-05-18T12:15:26","date_gmt":"2026-05-18T11:15:26","guid":{"rendered":"https:\/\/spaziospadoni.org\/?page_id=50771"},"modified":"2026-08-17T12:18:18","modified_gmt":"2026-08-17T11:18:18","slug":"messico-america-progetto-m11","status":"publish","type":"page","link":"https:\/\/spaziospadoni.org\/it\/opera-m\/messico-america-progetto-m11\/","title":{"rendered":"Messico &#8211; America | Progetto M11"},"content":{"rendered":"\n<div class=\"ss-project-hero-card\">\n<h2 id=\"puebla-puebla-messico\" class=\"gb-text gb-text-62a95885\">Puebla | Puebla (Messico)<\/h2>\n\n\n\n<div class=\"gb-element-f60f2409\">\n<div class=\"gb-element-90a85740 ss-project-sidebar\">\n<h2 id=\"opera-m11\" class=\"gb-text ss-project-title\">OPERA M11<\/h2>\n\n\n\n<figure class=\"wp-block-image size-large\"><img decoding=\"async\" src=\"https:\/\/spaziospadoni.org\/wp-content\/uploads\/2026\/05\/hicsum_20_messico-spaziospadoni.png\" alt=\"hicsum 20 messico spaziospadoni\" class=\"wp-image-43007\"\/><\/figure>\n\n\n\n<div class=\"ss-project-table\">\n<div class=\"ss-table-section-title\">\n<h3 id=\"missione\" class=\"gb-text\">MISSIONE<\/h3>\n<\/div>\n\n\n\n<div class=\"ss-table-row\">\n<p class=\"gb-text\">Luogo<\/p>\n\n\n\n<p class=\"gb-text\"><a href=\"https:\/\/www.google.it\/maps\/place\/Puebla,+Messico\/@19.0401912,-98.2745832,12z\/data=!3m1!4b1!4m6!3m5!1s0x85cfc0bd5ebc7a3b:0x48a6461de494ad95!8m2!3d19.0414398!4d-98.2062727!16zL20vMDE4M3pf?entry=ttu&#038;g_ep=EgoyMDI1MDMyNS4xIKXMDSoJLDEwMjExNjM5SAFQAw%3D%3D\" rel=\"noreferrer noopener\" target=\"_blank\" title=\"Puebla\">Puebla<\/a><\/p>\n<\/div>\n\n\n\n<div class=\"ss-table-row\">\n<p class=\"gb-text\">Diocesi<\/p>\n\n\n\n<p class=\"gb-text\">Puebla<\/p>\n<\/div>\n\n\n\n<div class=\"ss-table-row\">\n<p class=\"gb-text\">Nazione<\/p>\n\n\n\n<p class=\"gb-text\"><strong>Messico<\/strong><\/p>\n<\/div>\n\n\n\n<div class=\"ss-table-row\">\n<p class=\"gb-text\">Continente<\/p>\n\n\n\n<p class=\"gb-text\">America<\/p>\n<\/div>\n\n\n\n<div class=\"ss-table-row\">\n<p class=\"gb-text\">Coordinate GPS<\/p>\n\n\n\n<p class=\"gb-text\">18.49349 -98.24490<\/p>\n<\/div>\n\n\n\n<div class=\"ss-table-row\">\n<p class=\"gb-text\">Fuso orario<\/p>\n\n\n\n<p class=\"gb-text\">UTC-6<\/p>\n<\/div>\n<\/div>\n\n\n\n<div class=\"ss-project-table\">\n<div class=\"ss-table-section-title\">\n<h3 id=\"organizzatore\" class=\"gb-text\">ORGANIZZATORE<\/h3>\n<\/div>\n\n\n\n<div class=\"ss-table-row\">\n<p class=\"gb-text\">Congregazione<\/p>\n\n\n\n<p class=\"gb-text\">Misioneras Catequistas de los Sagrados Corazones de Jes\u00f9s y de Mar\u00eca<\/p>\n<\/div>\n\n\n\n<div class=\"ss-table-row\">\n<p class=\"gb-text\">Casa Madre<\/p>\n\n\n\n<p class=\"gb-text\">Citt\u00e0 del Messico<\/p>\n<\/div>\n\n\n\n<div class=\"ss-table-row\">\n<p class=\"gb-text\">Diocesi<\/p>\n\n\n\n<p class=\"gb-text\">Citt\u00e0 del Messico<\/p>\n<\/div>\n\n\n\n<div class=\"ss-table-row\">\n<p class=\"gb-text\">Nazione<\/p>\n\n\n\n<p class=\"gb-text\">Messico<\/p>\n<\/div>\n\n\n\n<div class=\"ss-table-row\">\n<p class=\"gb-text\">Continente<\/p>\n\n\n\n<p class=\"gb-text\">America<\/p>\n<\/div>\n\n\n\n<div class=\"ss-table-row\">\n<p class=\"gb-text\">Festa Congregazione<\/p>\n\n\n\n<p class=\"gb-text\">Sacro Cuore di Ges\u00f9 e Sacro Cuore di Maria<\/p>\n<\/div>\n\n\n\n<div class=\"ss-table-row\">\n<p class=\"gb-text\">Coordinate GPS<\/p>\n\n\n\n<p class=\"gb-text\">19.43211 -99.14912<\/p>\n<\/div>\n\n\n\n<div class=\"ss-table-row\">\n<p class=\"gb-text\">Fuso orario<\/p>\n\n\n\n<p class=\"gb-text\">UTC-6<\/p>\n<\/div>\n\n\n\n<div class=\"ss-table-row\">\n<p class=\"gb-text\">Referente<\/p>\n\n\n\n<p class=\"gb-text\">Suor Perla Helena Hernandez Alvarado<\/p>\n<\/div>\n\n\n\n<div class=\"ss-table-row\">\n<p class=\"gb-text\">Madre Generale<\/p>\n\n\n\n<p class=\"gb-text\">Suor Irene Solano Gonzales<\/p>\n<\/div>\n\n\n\n<div class=\"ss-table-row\">\n<p class=\"gb-text\">Sito Internet<\/p>\n\n\n\n<p class=\"gb-text\"><a href=\"https:\/\/www.suoresantagemma.it\/\" target=\"_blank\" rel=\"noreferrer noopener\" title=\"suoresantagemma.it\">suoresantagemma.it<\/a><\/p>\n<\/div>\n<\/div>\n\n\n\n<div class=\"ss-project-table\">\n<a class=\"gb-element-e1766596 ss-table-section-button\" href=\"#\" title=\"OPERA M &#8211; PROGETTO M11\">\n<span class=\"gb-text\">OPERA M &#8211; PROGETTO M11<\/span>\n<\/a>\n<\/div>\n<\/div>\n<\/div>\n\n\n\n<div class=\"gb-element-6ad95ea8\">\n<div class=\"gb-element-e34063a6 ss-project-intro\">\n<p class=\"wp-block-paragraph\">OPERA M \u00e8 la rivoluzione delle opere di misericordia. \u00c8 lo strumento permanente di sviluppo di un pensiero forte e rinnovato delle opere nel mondo.<\/p>\n\n\n\n<p class=\"wp-block-paragraph\">Nasce da un\u2019urgenza sentita fortemente da spazio + spadoni di ri<strong>E<\/strong>volvere il concetto di opera di misericordia come cammino che \u00e8 sempre contemporaneamente umano e divino insieme, e quindi, sempre spirituale oltre che pratico (o corporale). La riscoperta, anzi, la vera ri<strong>E<\/strong>voluzione delle opere deve essere ritrovata dentro questa sintesi tra aspetto spirituale e atto pratico. L\u2019operare materiale deve sempre essere permeato dallo spirito.<\/p>\n\n\n\n<p class=\"wp-block-paragraph\">OPERA M si fonda su cinque azioni che ne definiscono il metodo: INVOCA, chiama lo Spirito ASCOLTA, fai silenzio per aprirti all&#8217;ascolto INCONTRA, stai in mezzo alla gente OPERIAMO, agire per le opere INONDIAMO, portiamo tutti alle Opere di Misericordia <strong>Opere di Misericordia spirituali<\/strong> Consigliare i dubbiosi Insegnare agli ignoranti Ammonire i peccatori Consolare gli afflitti Perdonare le offese Sopportare pazientemente le persone moleste Pregare Dio per i vivi e per i morti <strong>Opere di Misericordia corporali<\/strong> Dar da mangiare agli affamati Dar da bere agli assetati Vestire gli ignudi Alloggiare i pellegrini Visitare gli infermi Visitare i carcerati Seppellire i morti<\/p>\n\n<\/div>\n<\/div>\n\n\n\n\n<div>\n\n<h2 id=\"timeline\" class=\"gb-text gb-text-8179e40a\">Timeline<\/h2>\n\n\n\n\n\n<div class=\"ss-timeline\">\n\n<h3 id=\"2021\" class=\"gb-text\">2021<\/h3>\n\n\n\n\n\n<div class=\"ss-timeline-item\">\n\n<h4 id=\"05-agosto-inizio-rapporto\" class=\"gb-text\">05 agosto | Inizio rapporto<\/h4>\n\n\n\n\n<p class=\"wp-block-paragraph\">Si svolge la prima call tra spazio + spadoni, le Suore Missionarie Catechiste dei Sacri Cuori di Ges\u00f9 e di Maria e la Misericordia di Rosolini<\/p>\n\n\n<\/div>\n\n\n<\/div>\n\n\n\n\n<div class=\"ss-timeline\">\n\n<h3 id=\"2022\" class=\"gb-text\">2022<\/h3>\n\n\n\n\n\n<div class=\"ss-timeline-item\">\n\n<h4 id=\"28-aprile-arrivo-suore-in-italia\" class=\"gb-text\">28 aprile | Arrivo suore in Italia<\/h4>\n\n\n\n\n<p class=\"wp-block-paragraph\">Suor Perla e Suor Angelica arrivano in Italia e vengono accolte dalla Misericordia di Rosolini<\/p>\n\n\n\n<figure class=\"wp-block-gallery has-nested-images columns-1 is-cropped ss-lightbox wp-block-gallery-1 is-layout-flex wp-block-gallery-is-layout-flex\">\n\n<figure class=\"wp-block-image size-large\"><img decoding=\"async\" src=\"https:\/\/spaziospadoni.org\/wp-content\/uploads\/2026\/05\/Arrivo-300x225.jpeg\" alt=\"Arrivo 300x225\"\/><figcaption class=\"wp-element-caption\">28 aprile | Arrivo suore in Italia<\/figcaption><\/figure>\n\n\n<figure class=\"wp-block-image size-large\"><img decoding=\"async\" src=\"https:\/\/spaziospadoni.org\/wp-content\/uploads\/2026\/05\/nino-e-perla-spilla-copia-300x187.jpg\" alt=\"nino e perla spilla copia 300x187\"\/><figcaption class=\"wp-element-caption\">28 aprile | Arrivo suore in Italia<\/figcaption><\/figure>\n\n<\/figure>\n\n\n<\/div>\n\n\n\n\n<div class=\"ss-timeline-item\">\n\n<h4 id=\"0609-giugno-formazione-san-cerbone\" class=\"gb-text\">06-09 giugno | Formazione San Cerbone<\/h4>\n\n\n\n\n<p class=\"wp-block-paragraph\">Formazione tecnica di spazio + spadoni sul progetto HIC SUM e su OPERA M presso il Convento di San Cerbone (LU)<\/p>\n\n\n\n<figure class=\"wp-block-gallery has-nested-images columns-1 is-cropped ss-lightbox wp-block-gallery-2 is-layout-flex wp-block-gallery-is-layout-flex\">\n\n<figure class=\"wp-block-image size-large\"><img decoding=\"async\" src=\"https:\/\/spaziospadoni.org\/wp-content\/uploads\/2026\/05\/mettere-qualcvhe-spilla-copia-300x122.jpg\" alt=\"mettere qualcvhe spilla copia 300x122\"\/><figcaption class=\"wp-element-caption\">06-09 giugno | Formazione San Cerbone<\/figcaption><\/figure>\n\n\n<figure class=\"wp-block-image size-large\"><img decoding=\"async\" src=\"https:\/\/spaziospadoni.org\/wp-content\/uploads\/2026\/05\/spille-copia-300x225.jpg\" alt=\"spille copia 300x225\"\/><figcaption class=\"wp-element-caption\">06-09 giugno | Formazione San Cerbone<\/figcaption><\/figure>\n\n<\/figure>\n\n\n<\/div>\n\n\n\n\n<div class=\"ss-timeline-item\">\n\n<h4 id=\"15-giugno-formazione\" class=\"gb-text\">15 giugno | Formazione<\/h4>\n\n\n\n\n<p class=\"wp-block-paragraph\">Visita tecnica di spazio + spadoni presso la Misericordia di Rosolini e formazione HIC SUM e OPERA M<\/p>\n\n\n<\/div>\n\n\n\n\n<div class=\"ss-timeline-item\">\n\n<h4 id=\"0711-novembre-convention-fare-spazio-al-coraggio\" class=\"gb-text\">07-11 novembre| Convention Fare Spazio al Coraggio<\/h4>\n\n\n\n\n<p class=\"wp-block-paragraph\">Suor Perla e Suor Angelica partecipano alla Convention ideata e promossa da spazio + spadoni presso il Convento di San Cerbone (LU) <\/p>\n\n\n<\/div>\n\n\n\n\n<div class=\"ss-timeline-item\">\n\n<h4 id=\"10-novembre-formazione\" class=\"gb-text\">10 novembre| Formazione<\/h4>\n\n\n\n\n<p class=\"wp-block-paragraph\">Visita tecnica di spazio + spadoni presso la Misericordia di Rosolini e formazione su HIC SUM e sulle Opere di Misericordia<\/p>\n\n\n\n<figure class=\"wp-block-gallery has-nested-images columns-1 is-cropped ss-lightbox wp-block-gallery-3 is-layout-flex wp-block-gallery-is-layout-flex\">\n\n<figure class=\"wp-block-image size-large\"><img decoding=\"async\" src=\"https:\/\/spaziospadoni.org\/wp-content\/uploads\/2026\/05\/2022_dicembre_12_hicsum_20_rosolini_misericordia_spazio_spadoni_sr_angelica_perla_formazione_paola_amaddio_fabio_figura_luigi_bongiovanni.jpg\" alt=\"2022 dicembre 12 hicsum 20 rosolini misericordia spazio spadoni sr angelica perla formazione paola amaddio fabio figura luigi bongiovanni 300x286\"\/><figcaption class=\"wp-element-caption\">10 novembre| Formazione<\/figcaption><\/figure>\n\n<\/figure>\n\n\n<\/div>\n\n\n<\/div>\n\n\n\n\n<div class=\"ss-timeline\">\n\n<h3 id=\"2023\" class=\"gb-text\">2023<\/h3>\n\n\n\n\n\n<div class=\"ss-timeline-item\">\n\n<h4 id=\"incontro-con-il-vescovo\" class=\"gb-text\">Incontro con il Vescovo<\/h4>\n\n\n\n\n<p class=\"wp-block-paragraph\">S.E.R. Mons. Salvatore Rumeo con spazio + spadoni e i confratelli della Misericordia di Rosolini<\/p>\n\n\n\n<figure class=\"wp-block-gallery has-nested-images columns-1 is-cropped ss-lightbox wp-block-gallery-4 is-layout-flex wp-block-gallery-is-layout-flex\">\n\n<figure class=\"wp-block-image size-large\"><img decoding=\"async\" src=\"https:\/\/spaziospadoni.org\/wp-content\/uploads\/2026\/05\/2023_hicsum_20_rosolini_misericordia_spazio_spadoni_sr_angelica_perla_luigi_spadoni_vescovo_rumeo_sindaco.jpg\" alt=\"2023 hicsum 20 rosolini misericordia spazio spadoni sr angelica perla luigi spadoni vescovo rumeo sindaco 300x244\"\/><figcaption class=\"wp-element-caption\">Incontro con il Vescovo<\/figcaption><\/figure>\n\n\n<figure class=\"wp-block-image size-large\"><img decoding=\"async\" src=\"https:\/\/spaziospadoni.org\/wp-content\/uploads\/2026\/05\/22-aprile-2023hicsum_20_rosolini_misericordia_spazio_spadoni_sr_angelica_perla_volontari_vescovo_rumeo_visita_misericordia_rosolini-300x236.jpg\" alt=\"22 aprile 2023hicsum 20 rosolini misericordia spazio spadoni sr angelica perla volontari vescovo rumeo visita misericordia rosolini 300x236\"\/><figcaption class=\"wp-element-caption\">Incontro con il Vescovo<\/figcaption><\/figure>\n\n\n<figure class=\"wp-block-image size-large\"><img decoding=\"async\" src=\"https:\/\/spaziospadoni.org\/wp-content\/uploads\/2026\/05\/22-aprile-2023-nino-rumeo-carmelo-di-martino-salvatore-magri-spilla-a-destra-copia-300x264.jpg\" alt=\"22 aprile 2023 nino rumeo carmelo di martino salvatore magri spilla a destra copia 300x264\"\/><figcaption class=\"wp-element-caption\">Incontro con il Vescovo<\/figcaption><\/figure>\n\n<\/figure>\n\n\n<\/div>\n\n\n\n\n<div class=\"ss-timeline-item\">\n\n<h4 id=\"07-febbraio-rinnovo-voti\" class=\"gb-text\">07 febbraio | Rinnovo voti<\/h4>\n\n\n\n\n<figure class=\"wp-block-gallery has-nested-images columns-1 is-cropped ss-lightbox wp-block-gallery-5 is-layout-flex wp-block-gallery-is-layout-flex\">\n\n<figure class=\"wp-block-image size-large\"><img decoding=\"async\" src=\"https:\/\/spaziospadoni.org\/wp-content\/uploads\/2026\/05\/F-perla2023_febbraio_7_hicsum_20_rosolini_misericordia_spazio_spadoni_sr_angelica_perla_rinnovo_voti_chiesa_madre-6-copia-300x191.jpg\" alt=\"F perla2023 febbraio 7 hicsum 20 rosolini misericordia spazio spadoni sr angelica perla rinnovo voti chiesa madre 6 copia 300x191\"\/><figcaption class=\"wp-element-caption\">07 febbraio | Rinnovo voti<\/figcaption><\/figure>\n\n<\/figure>\n\n\n<\/div>\n\n\n\n\n<div class=\"ss-timeline-item\">\n\n<h4 id=\"10-marzo-gran-gala\" class=\"gb-text\">10 marzo | Gran Gala<\/h4>\n\n\n\n\n<p class=\"wp-block-paragraph\">La Misericordia di Rosolini organizza una serata di Gala presso i Giardini della Contea di Modica per salutare Suor Perla e Suor Angelica <\/p>\n\n\n<\/div>\n\n\n\n\n<div class=\"ss-timeline-item\">\n\n<h4 id=\"11-marzo-formazione\" class=\"gb-text\">11 marzo | Formazione<\/h4>\n\n\n\n\n<p class=\"wp-block-paragraph\">Visita tecnica di spazio + spadoni presso la Misericordia di Rosolini e formazione sulle Opere di Misericordia<\/p>\n\n\n\n<figure class=\"wp-block-gallery has-nested-images columns-1 is-cropped ss-lightbox wp-block-gallery-6 is-layout-flex wp-block-gallery-is-layout-flex\">\n\n<figure class=\"wp-block-image size-large\"><img decoding=\"async\" src=\"https:\/\/spaziospadoni.org\/wp-content\/uploads\/2026\/05\/spilla-a-tutte-e-due-2022_hicsum_20_rosolini_misericordia_messico_spazio_spadoni_sr_angelica_perla_formazione-2-copia-300x242.jpg\" alt=\"spilla a tutte e due 2022 hicsum 20 rosolini misericordia messico spazio spadoni sr angelica perla formazione 2 copia 300x242\"\/><figcaption class=\"wp-element-caption\">11 marzo | Formazione<\/figcaption><\/figure>\n\n<\/figure>\n\n\n<\/div>\n\n\n\n\n<div class=\"ss-timeline-item\">\n\n<h4 id=\"25-marzo-partenza-suore\" class=\"gb-text\">25 marzo | Partenza suore<\/h4>\n\n\n\n\n<p class=\"wp-block-paragraph\">Suor Perla e Suor Angelica rientrano in Messico<\/p>\n\n\n\n<figure class=\"wp-block-gallery has-nested-images columns-1 is-cropped ss-lightbox wp-block-gallery-7 is-layout-flex wp-block-gallery-is-layout-flex\">\n\n<figure class=\"wp-block-image size-large\"><img decoding=\"async\" src=\"https:\/\/spaziospadoni.org\/wp-content\/uploads\/2026\/05\/hicsum_20_rosolini_misericordia_spazio_spadoni_sr_angelica_perla-1.jpg\" alt=\"hicsum 20 rosolini misericordia spazio spadoni sr angelica perla 280x300\"\/><figcaption class=\"wp-element-caption\">25 marzo | Partenza suore<\/figcaption><\/figure>\n\n\n<figure class=\"wp-block-image size-large\"><img decoding=\"async\" src=\"https:\/\/spaziospadoni.org\/wp-content\/uploads\/2026\/05\/mettere-F-a-una-delle-due2023_marzo_26_hicsum_20_rosolini_misericordia_messico_spazio_spadoni_sr_angelica_perla_arrivo_suore_messico-4-copia-300x166.jpg\" alt=\"mettere F a una delle due2023 marzo 26 hicsum 20 rosolini misericordia messico spazio spadoni sr angelica perla arrivo suore messico 4 copia 300x166\"\/><figcaption class=\"wp-element-caption\">25 marzo | Partenza suore<\/figcaption><\/figure>\n\n<\/figure>\n\n\n<\/div>\n\n\n\n\n<div class=\"ss-timeline-item\">\n\n<h4 id=\"03-maggio-formazione-online\" class=\"gb-text\">03 maggio | Formazione online<\/h4>\n\n\n\n\n<p class=\"wp-block-paragraph\">Le suore Violette, spazio + spadoni e la Misericordia di Rosolini in collegamento per una formazione sulle Opere di Misericordia e per \u201cfare il primo Click\u201d<\/p>\n\n\n\n<figure class=\"wp-block-gallery has-nested-images columns-1 is-cropped ss-lightbox wp-block-gallery-8 is-layout-flex wp-block-gallery-is-layout-flex\">\n\n<figure class=\"wp-block-image size-large\"><img decoding=\"async\" src=\"https:\/\/spaziospadoni.org\/wp-content\/uploads\/2026\/05\/29-aprile-2024-giorno-del-click-spille-msparse-copia-300x143.jpg\" alt=\"29 aprile 2024 giorno del click spille msparse copia 300x143\"\/><figcaption class=\"wp-element-caption\">03 maggio | Formazione online<\/figcaption><\/figure>\n\n<\/figure>\n\n\n<\/div>\n\n\n\n\n<div class=\"ss-timeline-item\">\n\n<h4 id=\"1517-settembre-convention-fare-spazio-alla-rievoluzione-delle-opere-di-misericordia\" class=\"gb-text\">15-17 settembre | Convention Fare Spazio alla riEvoluzione delle Opere di Misericordia<\/h4>\n\n\n\n\n<p class=\"wp-block-paragraph\">Convention ideata e promossa da spazio + spadoni presso il Santuario della Madonna della Scala a Noto (SR)<\/p>\n\n\n\n<figure class=\"wp-block-gallery has-nested-images columns-1 is-cropped ss-lightbox wp-block-gallery-9 is-layout-flex wp-block-gallery-is-layout-flex\">\n\n<figure class=\"wp-block-image size-large\"><img decoding=\"async\" src=\"https:\/\/spaziospadoni.org\/wp-content\/uploads\/2026\/05\/2023_settembre_17_hicsum_20_messico_rosolini_misericordia_spazio_spadoni_sr_angelica_perla_convention_rievoluzione_opere_noto_nino_savarino-6-300x207.jpg\" alt=\"2023 settembre 17 hicsum 20 messico rosolini misericordia spazio spadoni sr angelica perla convention rievoluzione opere noto nino savarino 6 300x207\"\/><figcaption class=\"wp-element-caption\">15-17 settembre | Convention Fare Spazio alla riEvoluzione delle Opere di Misericordia<\/figcaption><\/figure>\n\n\n<figure class=\"wp-block-image size-large\"><img decoding=\"async\" src=\"https:\/\/spaziospadoni.org\/wp-content\/uploads\/2026\/05\/Convention-noto-300x279.jpg\" alt=\"Convention noto 300x279\"\/><figcaption class=\"wp-element-caption\">15-17 settembre | Convention Fare Spazio alla riEvoluzione delle Opere di Misericordia<\/figcaption><\/figure>\n\n<\/figure>\n\n\n<\/div>\n\n\n<\/div>\n\n\n\n\n<div class=\"ss-timeline\">\n\n<h3 id=\"2024\" class=\"gb-text\">2024<\/h3>\n\n\n\n\n\n<div class=\"ss-timeline-item\">\n\n<h4 id=\"incontro-con-il-vescovo\" class=\"gb-text\">Incontro con il Vescovo<\/h4>\n\n\n\n\n<p class=\"wp-block-paragraph\">S.E.R. Mons. Salvatore Rumeo durante la giornata diocesana della giovent\u00f9 a Pozzallo<\/p>\n\n\n\n<figure class=\"wp-block-gallery has-nested-images columns-1 is-cropped ss-lightbox wp-block-gallery-10 is-layout-flex wp-block-gallery-is-layout-flex\">\n\n<figure class=\"wp-block-image size-large\"><img decoding=\"async\" src=\"https:\/\/spaziospadoni.org\/wp-content\/uploads\/2026\/05\/21-aprile-2024-giornata-diocesana-della-gioventu-a-pozzallo-300x122.jpg\" alt=\"21 aprile 2024 giornata diocesana della gioventu a pozzallo 300x122\"\/><figcaption class=\"wp-element-caption\">Incontro con il Vescovo<\/figcaption><\/figure>\n\n\n<figure class=\"wp-block-image size-large\"><img decoding=\"async\" src=\"https:\/\/spaziospadoni.org\/wp-content\/uploads\/2026\/05\/incontro-vescovo-2024-spilla-a-luigi-su-coccodrillo-copia-300x169.jpg\" alt=\"incontro vescovo 2024 spilla a luigi su coccodrillo copia 300x169\"\/><figcaption class=\"wp-element-caption\">Incontro con il Vescovo<\/figcaption><\/figure>\n\n\n<figure class=\"wp-block-image size-large\"><img decoding=\"async\" src=\"https:\/\/spaziospadoni.org\/wp-content\/uploads\/2026\/05\/incontro-vescovo-spilla-a-luigi-su-coccodrillo-copia-300x110.jpg\" alt=\"incontro vescovo spilla a luigi su coccodrillo copia 300x110\"\/><figcaption class=\"wp-element-caption\">Incontro con il Vescovo<\/figcaption><\/figure>\n\n<\/figure>\n\n\n<\/div>\n\n\n<\/div>\n\n\n\n\n<div class=\"ss-timeline\">\n\n<h3 id=\"2025\" class=\"gb-text\">2025<\/h3>\n\n\n\n\n\n<div class=\"ss-timeline-item\">\n\n<h4 id=\"04-aprile-incontro-con-madre-generale\" class=\"gb-text\">04 aprile | Incontro con Madre Generale<\/h4>\n\n\n\n\n<p class=\"wp-block-paragraph\">In occasione dell\u2019Assemblea UISG che si \u00e8 svolta a Roma dal 5 al 9 maggio, spazio + spadoni ha incontrato Madre Irene che ha ospitato per l\u2019intero periodo del Convegno presso la Casa Madre delle suore Figlie di Maria Missionarie<\/p>\n\n\n\n<figure class=\"wp-block-gallery has-nested-images columns-1 is-cropped ss-lightbox wp-block-gallery-11 is-layout-flex wp-block-gallery-is-layout-flex\">\n\n<figure class=\"wp-block-image size-large\"><img decoding=\"async\" src=\"https:\/\/spaziospadoni.org\/wp-content\/uploads\/2026\/05\/2025_maggio_assemblea_uisg_roma_spazio_spadoni_opere_misericordia_superiore_generali_suore-105-225x300.jpg\" alt=\"2025 maggio assemblea uisg roma spazio spadoni opere misericordia superiore generali suore 105 225x300\"\/><figcaption class=\"wp-element-caption\">04 aprile | Incontro con Madre Generale<\/figcaption><\/figure>\n\n\n<figure class=\"wp-block-image size-large\"><img decoding=\"async\" src=\"https:\/\/spaziospadoni.org\/wp-content\/uploads\/2026\/05\/2025_maggio_assemblea_uisg_roma_spazio_spadoni_opere_misericordia_superiore_generali_suore-103-300x225.jpg\" alt=\"2025 maggio assemblea uisg roma spazio spadoni opere misericordia superiore generali suore 103 300x225\"\/><figcaption class=\"wp-element-caption\">04 aprile | Incontro con Madre Generale<\/figcaption><\/figure>\n\n\n<figure class=\"wp-block-image size-large\"><img decoding=\"async\" src=\"https:\/\/spaziospadoni.org\/wp-content\/uploads\/2026\/05\/2025_maggio_assemblea_uisg_roma_spazio_spadoni_opere_misericordia_superiore_generali_suore-114-300x225.jpg\" alt=\"2025 maggio assemblea uisg roma spazio spadoni opere misericordia superiore generali suore 114 300x225\"\/><figcaption class=\"wp-element-caption\">04 aprile | Incontro con Madre Generale<\/figcaption><\/figure>\n\n<\/figure>\n\n\n<\/div>\n\n\n\n\n<div class=\"ss-timeline-item\">\n\n<h4 id=\"03-giugno-suor-perla-e-suor-angelica-tornano-alla-misericordia-di-rosolini\" class=\"gb-text\">03 giugno | Suor Perla e Suor Angelica tornano alla Misericordia di Rosolini<\/h4>\n\n\n\n\n<figure class=\"wp-block-gallery has-nested-images columns-1 is-cropped ss-lightbox wp-block-gallery-12 is-layout-flex wp-block-gallery-is-layout-flex\">\n\n<figure class=\"wp-block-image size-large\"><img decoding=\"async\" src=\"https:\/\/spaziospadoni.org\/wp-content\/uploads\/2026\/05\/2025_giugno_suor_perla_angelica_tornano_misericordia_Rosolini_spazio_spadoni_progetto_hic_sum-7-300x169.jpg\" alt=\"2025 giugno suor perla angelica tornano misericordia Rosolini spazio spadoni progetto hic sum 7 300x169\"\/><figcaption class=\"wp-element-caption\">03 giugno | Suor Perla e Suor Angelica tornano alla Misericordia di Rosolini<\/figcaption><\/figure>\n\n\n<figure class=\"wp-block-image size-large\"><img decoding=\"async\" src=\"https:\/\/spaziospadoni.org\/wp-content\/uploads\/2026\/05\/2025_giugno_suor_perla_angelica_tornano_misericordia_Rosolini_spazio_spadoni_progetto_hic_sum-1-300x169.jpg\" alt=\"2025 giugno suor perla angelica tornano misericordia Rosolini spazio spadoni progetto hic sum 1 300x169\"\/><figcaption class=\"wp-element-caption\">03 giugno | Suor Perla e Suor Angelica tornano alla Misericordia di Rosolini<\/figcaption><\/figure>\n\n\n<figure class=\"wp-block-image size-large\"><img decoding=\"async\" src=\"https:\/\/spaziospadoni.org\/wp-content\/uploads\/2026\/05\/2025_giugno_suor_perla_angelica_tornano_misericordia_Rosolini_spazio_spadoni_progetto_hic_sum-6-300x169.jpg\" alt=\"2025 giugno suor perla angelica tornano misericordia Rosolini spazio spadoni progetto hic sum 6 300x169\"\/><figcaption class=\"wp-element-caption\">03 giugno | Suor Perla e Suor Angelica tornano alla Misericordia di Rosolini<\/figcaption><\/figure>\n\n<\/figure>\n\n\n<\/div>\n\n\n\n\n<div class=\"ss-timeline-item\">\n\n<h4 id=\"07-giugno-spazio-spadoni-a-rosolini\" class=\"gb-text\">07 giugno | spazio + spadoni a Rosolini<\/h4>\n\n\n\n\n<p class=\"wp-block-paragraph\">Luigi Spadoni fa visita a Rosolini in occasione della festa della Misericordia e della presenza di Suor Perla e Suor Angelica<\/p>\n\n\n\n<figure class=\"wp-block-gallery has-nested-images columns-1 is-cropped ss-lightbox wp-block-gallery-13 is-layout-flex wp-block-gallery-is-layout-flex\">\n\n<figure class=\"wp-block-image size-large\"><img decoding=\"async\" src=\"https:\/\/spaziospadoni.org\/wp-content\/uploads\/2026\/05\/2025_giugno_rosolini_sicilia_spazio_spadoni_suor_perla_angelica_progetto_hic_sum_festa-14-300x169.jpg\" alt=\"2025 giugno rosolini sicilia spazio spadoni suor perla angelica progetto hic sum festa 14 300x169\"\/><figcaption class=\"wp-element-caption\">07 giugno | spazio + spadoni a Rosolini<\/figcaption><\/figure>\n\n\n<figure class=\"wp-block-image size-large\"><img decoding=\"async\" src=\"https:\/\/spaziospadoni.org\/wp-content\/uploads\/2026\/05\/2025_giugno_rosolini_sicilia_spazio_spadoni_suor_perla_angelica_progetto_hic_sum_festa-7-300x200.jpg\" alt=\"2025 giugno rosolini sicilia spazio spadoni suor perla angelica progetto hic sum festa 7 300x200\"\/><figcaption class=\"wp-element-caption\">07 giugno | spazio + spadoni a Rosolini<\/figcaption><\/figure>\n\n\n<figure class=\"wp-block-image size-large\"><img decoding=\"async\" src=\"https:\/\/spaziospadoni.org\/wp-content\/uploads\/2026\/05\/2025_giugno_rosolini_sicilia_spazio_spadoni_suor_perla_angelica_progetto_hic_sum_festa-2-300x200.jpg\" alt=\"2025 giugno rosolini sicilia spazio spadoni suor perla angelica progetto hic sum festa 2 300x200\"\/><figcaption class=\"wp-element-caption\">07 giugno | spazio + spadoni a Rosolini<\/figcaption><\/figure>\n\n\n<figure class=\"wp-block-image size-large\"><img decoding=\"async\" src=\"https:\/\/spaziospadoni.org\/wp-content\/uploads\/2026\/05\/2025_giugno_rosolini_sicilia_spazio_spadoni_suor_perla_angelica_progetto_hic_sum_festa-3-300x200.jpg\" alt=\"2025 giugno rosolini sicilia spazio spadoni suor perla angelica progetto hic sum festa 3 300x200\"\/><figcaption class=\"wp-element-caption\">07 giugno | spazio + spadoni a Rosolini<\/figcaption><\/figure>\n\n<\/figure>\n\n\n<\/div>\n\n\n\n\n<div class=\"ss-timeline-item\">\n\n<h4 id=\"23-giugno-gran-gala\" class=\"gb-text\">23 giugno | Gran Gala<\/h4>\n\n\n\n\n<p class=\"wp-block-paragraph\">La Misericordia organizza un altro Gran Gala a cui partecipano anche Suor Perla e Suor Angelica<\/p>\n\n\n\n<figure class=\"wp-block-gallery has-nested-images columns-1 is-cropped ss-lightbox wp-block-gallery-14 is-layout-flex wp-block-gallery-is-layout-flex\">\n\n<figure class=\"wp-block-image size-large\"><img decoding=\"async\" src=\"https:\/\/spaziospadoni.org\/wp-content\/uploads\/2026\/05\/2025_23_giugno_gran-Gala-4-300x169.jpg\" alt=\"2025 23 giugno gran Gala 4 300x169\"\/><figcaption class=\"wp-element-caption\">23 giugno | Gran Gala<\/figcaption><\/figure>\n\n\n<figure class=\"wp-block-image size-large\"><img decoding=\"async\" src=\"https:\/\/spaziospadoni.org\/wp-content\/uploads\/2026\/05\/2025_23_giugno_gran-Gala-6-300x169.jpg\" alt=\"2025 23 giugno gran Gala 6 300x169\"\/><figcaption class=\"wp-element-caption\">23 giugno | Gran Gala<\/figcaption><\/figure>\n\n<\/figure>\n\n\n<\/div>\n\n\n\n\n<div class=\"ss-timeline-item\">\n\n<h4 id=\"2324-luglio-visita-roma-e-assisi\" class=\"gb-text\">23-24 luglio | Visita Roma e Assisi<\/h4>\n\n\n\n\n<p class=\"wp-block-paragraph\">Suor Perla e suor Angelica insieme a Nino Savarino e Nino Armeri, visitano Assisi e Roma nell&#x27;anno del Giubileo della Speranza<\/p>\n\n\n\n<figure class=\"wp-block-gallery has-nested-images columns-1 is-cropped ss-lightbox wp-block-gallery-15 is-layout-flex wp-block-gallery-is-layout-flex\">\n\n<figure class=\"wp-block-image size-large\"><img decoding=\"async\" src=\"https:\/\/spaziospadoni.org\/wp-content\/uploads\/2026\/05\/2025_luglio_23_24_suor_perla_angelica_visita_roma_assisi_misericordia_rosolini_spazio_spadoni_progetto_hic_sum_opere_misericordia-3.jpg\" alt=\"2025 luglio 23 24 suor perla angelica visita roma assisi misericordia rosolini spazio spadoni progetto hic sum opere misericordia 3\"\/><figcaption class=\"wp-element-caption\">23-24 luglio | Visita Roma e Assisi<\/figcaption><\/figure>\n\n\n<figure class=\"wp-block-image size-large\"><img decoding=\"async\" src=\"https:\/\/spaziospadoni.org\/wp-content\/uploads\/2026\/05\/2025_luglio_23_24_suor_perla_angelica_visita_roma_assisi_misericordia_rosolini_spazio_spadoni_progetto_hic_sum_opere_misericordia-1.jpg\" alt=\"2025 luglio 23 24 suor perla angelica visita roma assisi misericordia rosolini spazio spadoni progetto hic sum opere misericordia 1\"\/><figcaption class=\"wp-element-caption\">23-24 luglio | Visita Roma e Assisi<\/figcaption><\/figure>\n\n<\/figure>\n\n\n<\/div>\n\n\n\n\n<div class=\"ss-timeline-item\">\n\n<h4 id=\"05-agosto-suor-perla-e-suor-angelica-tornano-in-messico\" class=\"gb-text\">05 agosto | Suor Perla e suor Angelica tornano in Messico<\/h4>\n\n\n\n\n<p class=\"wp-block-paragraph\">Dopo due mesi di permanenza a Rosolini, suor Perla e suor Angelica hanno fatto ritorno in Messico<\/p>\n\n\n<\/div>\n\n\n\n\n<div class=\"ss-timeline-item\">\n\n<h4 id=\"13-settembre-visita-vescovo-di-puebla\" class=\"gb-text\">13 settembre | Visita Vescovo di Puebla<\/h4>\n\n\n\n\n<p class=\"wp-block-paragraph\">Suor Perla e la Madre Irene fanno visita al Vescovo di Puebla anche per presentare l&#x27;impegno nella diffusione delle Opere di Misericordia<\/p>\n\n\n\n<figure class=\"wp-block-gallery has-nested-images columns-1 is-cropped ss-lightbox wp-block-gallery-16 is-layout-flex wp-block-gallery-is-layout-flex\">\n\n<figure class=\"wp-block-image size-large\"><img decoding=\"async\" src=\"https:\/\/spaziospadoni.org\/wp-content\/uploads\/2026\/05\/2025_settembre_13_suor_perla_madre_irene_visita_vescovo_puebla_messico_opere_misericordia_spazio_spadoni.jpeg\" alt=\"2025 settembre 13 suor perla madre irene visita vescovo puebla messico opere misericordia spazio spadoni\"\/><figcaption class=\"wp-element-caption\">13 settembre | Visita Vescovo di Puebla<\/figcaption><\/figure>\n\n<\/figure>\n\n\n<\/div>\n\n\n\n\n<div class=\"ss-timeline-item\">\n\n<h4 id=\"17-settembre-incontro-misericordia-rosolini-e-volontari-messico\" class=\"gb-text\">17 settembre | Incontro Misericordia Rosolini e volontari Messico<\/h4>\n\n\n\n\n<p class=\"wp-block-paragraph\">Nino Savarino incontra online suor Perla, Enrique Arellano Bravo e No\u00e8 Ortega Hern\u00e0ndez dell&#x27;associazione &quot;Marcial \u00c0guila Gonz\u00e0les&quot; con cui spazio + spadoni inizia una collaborazione per la diffusione delle Opere di Misericordia<\/p>\n\n\n\n<figure class=\"wp-block-gallery has-nested-images columns-1 is-cropped ss-lightbox wp-block-gallery-17 is-layout-flex wp-block-gallery-is-layout-flex\">\n\n<figure class=\"wp-block-image size-large\"><img decoding=\"async\" src=\"https:\/\/spaziospadoni.org\/wp-content\/uploads\/2026\/05\/2025_settembre_17_incontro_misericordia_rosolini_suor_perla_associazione_messico_opere_misericordia_spazio_spadoni.jpeg\" alt=\"2025 settembre 17 incontro misericordia rosolini suor perla associazione messico opere misericordia spazio spadoni\"\/><figcaption class=\"wp-element-caption\">17 settembre | Incontro Misericordia Rosolini e volontari Messico<\/figcaption><\/figure>\n\n<\/figure>\n\n\n<\/div>\n\n\n<\/div>\n\n\n\n\n<div class=\"ss-timeline\">\n\n<h3 id=\"2026\" class=\"gb-text\">2026<\/h3>\n\n\n\n\n\n<div class=\"ss-timeline-item\">\n\n<h4 id=\"25-gennaio-formazione-opera-m\" class=\"gb-text\">25 gennaio | Formazione OPERA M<\/h4>\n\n\n\n\n<p class=\"wp-block-paragraph\">Suor Perla, a Publa, in Messico, tiene una formazione sulle Opere di Misericordia<\/p>\n\n\n\n<figure class=\"wp-block-gallery has-nested-images columns-1 is-cropped ss-lightbox wp-block-gallery-18 is-layout-flex wp-block-gallery-is-layout-flex\">\n\n<figure class=\"wp-block-image size-large\"><img decoding=\"async\" src=\"https:\/\/spaziospadoni.org\/wp-content\/uploads\/2026\/05\/2026_gennaio_25_formazione_opere_misericordia_puebla_messico_suor_perla_progetto_hic_sum_operam_spazio_spadoni-2.jpeg\" alt=\"2026 gennaio 25 formazione opere misericordia puebla messico suor perla progetto hic sum operam spazio spadoni 2\"\/><figcaption class=\"wp-element-caption\">25 gennaio | Formazione OPERA M<\/figcaption><\/figure>\n\n<\/figure>\n\n\n<\/div>\n\n\n\n\n<div class=\"ss-timeline-item\">\n\n<h4 id=\"19-marzo-rievoluzione-opere-di-misericordia\" class=\"gb-text\">19 marzo | RiEvoluzione Opere di Misericordia<\/h4>\n\n\n\n\n<p class=\"wp-block-paragraph\">Gli abitanti di spazio + sspadoni in giro per Puebla a portare aiuti e conforto a coloro che vivono e dormono per strada<\/p>\n\n\n\n<figure class=\"wp-block-gallery has-nested-images columns-1 is-cropped ss-lightbox wp-block-gallery-19 is-layout-flex wp-block-gallery-is-layout-flex\">\n\n<figure class=\"wp-block-image size-large\"><img decoding=\"async\" src=\"https:\/\/spaziospadoni.org\/wp-content\/uploads\/2026\/05\/2026_marzo_19_abitanti_spazio_spadoni_puebla_opere_misericordia_operam-17.jpeg\" alt=\"2026 marzo 19 abitanti spazio spadoni puebla opere misericordia operam 17\"\/><figcaption class=\"wp-element-caption\">19 marzo | RiEvoluzione Opere di Misericordia<\/figcaption><\/figure>\n\n\n<figure class=\"wp-block-image size-large\"><img decoding=\"async\" src=\"https:\/\/spaziospadoni.org\/wp-content\/uploads\/2026\/05\/2026_marzo_19_abitanti_spazio_spadoni_puebla_opere_misericordia_operam-1.jpeg\" alt=\"2026 marzo 19 abitanti spazio spadoni puebla opere misericordia operam 1\"\/><figcaption class=\"wp-element-caption\">19 marzo | RiEvoluzione Opere di Misericordia<\/figcaption><\/figure>\n\n<\/figure>\n\n\n<\/div>\n\n\n<\/div>\n\n\n<\/div>\n\n\n\n<div class=\"ss-project-reports\">\n<h2 id=\"report-opere-di-misericordia\" class=\"gb-text gb-text-75c3218d\">Report Opere di Misericordia<\/h2>\n\n\n<ul class=\"wp-block-list ss-report-list\">\n\n<li><a href=\"https:\/\/spaziospadoni.org\/wp-content\/uploads\/2026\/05\/OperaM_sr-Perla_Messico.pdf\" target=\"_blank\" rel=\"noreferrer noopener\" title=\"OperaM_sr Perla_Messico\">OperaM_sr Perla_Messico<\/a><\/li>\n\n<\/ul>\n\n<\/div>\n\n\n\n<div class=\"ss-project-media\">\n<h2 id=\"foto-e-video\" class=\"gb-text gb-text-d7bd8be8\">Foto e video<\/h2>\n\n\n<div class=\"ss-media-filters\">\n\n<a class=\"gb-text ss-media-filter active\" data-filter=\"*\" title=\"Tutto\">Tutto<\/a>\n\n\n<a class=\"gb-text ss-media-filter\" data-filter=\".formazione\" title=\"Formazione\">Formazione<\/a>\n\n\n<a class=\"gb-text ss-media-filter\" data-filter=\".messico\" title=\"Messico\">Messico<\/a>\n\n\n<a class=\"gb-text ss-media-filter\" data-filter=\".video\" title=\"Video\">Video<\/a>\n\n<\/div>\n\n\n<div class=\"ss-media-grid\">\n<div>\n<figure class=\"wp-block-gallery has-nested-images columns-1 is-cropped ss-lightbox wp-block-gallery-20 is-layout-flex wp-block-gallery-is-layout-flex\">\n\n<figure class=\"wp-block-image size-large formazione\"><img decoding=\"async\" alt=\"hicsum 20 rosolini misericordia spazio spadoni sr angelica perla volontari vescovo 300x225\" src=\"https:\/\/spaziospadoni.org\/wp-content\/uploads\/2026\/05\/hicsum_20_rosolini_misericordia_spazio_spadoni_sr_angelica_perla_volontari_vescovo-300x225.jpg\"\/><\/figure>\n\n\n<figure class=\"wp-block-image size-large formazione\"><img decoding=\"async\" alt=\"2022 settembre hicsum spazio spadoni italia convento san cerbone misericordia convention fare spazio coraggio sr 12 225x300\" src=\"https:\/\/spaziospadoni.org\/wp-content\/uploads\/2026\/05\/2022_settembre_hicsum_spazio_spadoni_italia_convento_san_cerbone_misericordia_convention_fare_spazio_coraggio_sr_-12-225x300.jpg\"\/><\/figure>\n\n\n<figure class=\"wp-block-image size-large formazione\"><img decoding=\"async\" alt=\"F sparsi copia 300x84\" src=\"https:\/\/spaziospadoni.org\/wp-content\/uploads\/2026\/05\/F-sparsi-copia-300x84.jpg\"\/><\/figure>\n\n\n<figure class=\"wp-block-image size-large formazione\"><img decoding=\"async\" alt=\"F perla e odette copia 300x176\" src=\"https:\/\/spaziospadoni.org\/wp-content\/uploads\/2026\/05\/F-perla-e-odette-copia-300x176.jpg\"\/><\/figure>\n\n\n<figure class=\"wp-block-image size-large formazione\"><img decoding=\"async\" alt=\"F perla copia 300x267\" src=\"https:\/\/spaziospadoni.org\/wp-content\/uploads\/2026\/05\/F-perla-copia-300x267.jpg\"\/><\/figure>\n\n\n<figure class=\"wp-block-image size-large formazione\"><img decoding=\"async\" alt=\"spille copia 300x225\" src=\"https:\/\/spaziospadoni.org\/wp-content\/uploads\/2026\/05\/spille-copia-300x225.jpg\"\/><\/figure>\n\n\n<figure class=\"wp-block-image size-large formazione\"><img decoding=\"async\" alt=\"mettere qualcvhe spilla copia 300x122\" src=\"https:\/\/spaziospadoni.org\/wp-content\/uploads\/2026\/05\/mettere-qualcvhe-spilla-copia-300x122.jpg\"\/><\/figure>\n\n\n<figure class=\"wp-block-image size-large formazione\"><img decoding=\"async\" alt=\"2022 settembre hicsum 20 spazio spadoni italia convento san cerbone misericordia convention fare spazio coraggio sr angelica misioneras catequistas de los sagrados corazones de jesus maria 225x300\" src=\"https:\/\/spaziospadoni.org\/wp-content\/uploads\/2026\/05\/2022_settembre_hicsum_20_spazio_spadoni_italia_convento_san_cerbone_misericordia_convention_fare_spazio_coraggio_sr_angelica_misioneras_catequistas_de_los_sagrados_corazones_de_jesus_maria-225x300.jpg\"\/><\/figure>\n\n\n<figure class=\"wp-block-image size-large formazione\"><img decoding=\"async\" alt=\"hicsum 20 rosolini misericordia spazio spadoni sr angelica perla 300x225\" src=\"https:\/\/spaziospadoni.org\/wp-content\/uploads\/2026\/05\/hicsum_20_rosolini_misericordia_spazio_spadoni_sr_angelica_perla-300x225.jpg\"\/><\/figure>\n\n\n<figure class=\"wp-block-image size-large formazione\"><img decoding=\"async\" alt=\"hicsum 20 rosolini misericordia spazio spadoni sr angelica perla formazione click 300x192\" src=\"https:\/\/spaziospadoni.org\/wp-content\/uploads\/2026\/05\/hicsum_20_rosolini_misericordia_spazio_spadoni_sr_angelica_perla_formazione_click-300x192.jpg\"\/><\/figure>\n\n\n<figure class=\"wp-block-image size-large formazione\"><img decoding=\"async\" alt=\"hicsum 20 rosolini misericordia spazio spadoni sr angelica perla nino savarino sede 300x225\" src=\"https:\/\/spaziospadoni.org\/wp-content\/uploads\/2026\/05\/hicsum_20_rosolini_misericordia_spazio_spadoni_sr_angelica_perla_nino_savarino_sede-300x225.jpg\"\/><\/figure>\n\n\n<figure class=\"wp-block-image size-large formazione\"><img decoding=\"async\" alt=\"hicsum 20 rosolini misericordia spazio spadoni sr angelica perla sindaco 300x225\" src=\"https:\/\/spaziospadoni.org\/wp-content\/uploads\/2026\/05\/hicsum_20_rosolini_misericordia_spazio_spadoni_sr_angelica_perla_sindaco-300x225.jpg\"\/><\/figure>\n\n\n<figure class=\"wp-block-image size-large formazione\"><img decoding=\"async\" alt=\"2023 marzo 10 hicsum 20 rosolini misericordia spazio spadoni sr angelica perla gran gala luigi 4 300x200\" src=\"https:\/\/spaziospadoni.org\/wp-content\/uploads\/2026\/05\/2023_marzo_10_hicsum_20_rosolini_misericordia_spazio_spadoni_sr_angelica_perla_gran_gala_luigi-4-300x200.jpeg\"\/><\/figure>\n\n\n<figure class=\"wp-block-image size-large formazione\"><img decoding=\"async\" alt=\"2023 marzo 10 hicsum 20 rosolini misericordia spazio spadoni sr angelica perla gran gala luigi 300x249\" src=\"https:\/\/spaziospadoni.org\/wp-content\/uploads\/2026\/05\/2023_marzo_10_hicsum_20_rosolini_misericordia_spazio_spadoni_sr_angelica_perla_gran_gala_luigi-300x249.jpg\"\/><\/figure>\n\n\n<figure class=\"wp-block-image size-large formazione\"><img decoding=\"async\" alt=\"2023 marzo 10 hicsum 20 rosolini misericordia spazio spadoni sr angelica perla gran gala nino savarino selene pera 300x200\" src=\"https:\/\/spaziospadoni.org\/wp-content\/uploads\/2026\/05\/2023_marzo_10_hicsum_20_rosolini_misericordia_spazio_spadoni_sr_angelica_perla_gran_gala_nino_savarino_selene_pera-300x200.jpg\"\/><\/figure>\n\n\n<figure class=\"wp-block-image size-large formazione\"><img decoding=\"async\" alt=\"2022 aprile 22 hicsum 20 rosolini misericordia messico spazio spadoni sr angelica perla volontari foto gruppo monsignor rumeo 300x125\" src=\"https:\/\/spaziospadoni.org\/wp-content\/uploads\/2026\/05\/2022_aprile_22_hicsum_20_rosolini_misericordia_messico_spazio_spadoni_sr_angelica_perla_volontari_foto_gruppo_monsignor_rumeo-300x125.jpg\"\/><\/figure>\n\n\n<figure class=\"wp-block-image size-large formazione\"><img decoding=\"async\" alt=\"2022 aprile 22 hicsum 20 rosolini misericordia messico spazio spadoni sr angelica perla volontari foto gruppo monsignor rumeo giorgio armenia luigi vizzini nino savarino 300x225\" src=\"https:\/\/spaziospadoni.org\/wp-content\/uploads\/2026\/05\/2022_aprile_22_hicsum_20_rosolini_misericordia_messico_spazio_spadoni_sr_angelica_perla_volontari_foto_gruppo_monsignor_rumeo_giorgio_armenia_luigi_vizzini_nino-savarino-300x225.jpg\"\/><\/figure>\n\n\n<figure class=\"wp-block-image size-large formazione\"><img decoding=\"async\" alt=\"2022 dicembre 6 hicsum 20 messico rosolini misericordia spazio spadoni viaggio governatore nino savarino firenze incontro luigi 300x225\" src=\"https:\/\/spaziospadoni.org\/wp-content\/uploads\/2026\/05\/2022_dicembre_6_hicsum_20_messico_rosolini_misericordia_spazio_spadoni_viaggio_governatore_nino_savarino_firenze_incontro_luigi-300x225.jpeg\"\/><\/figure>\n\n\n<figure class=\"wp-block-image size-large formazione\"><img decoding=\"async\" alt=\"2022 dicembre 12 hicsum 20 rosolini misericordia spazio spadoni sr angelica perla formazione carmelo di martino don matteo buggea cetty giannone nino savarino 300x225\" src=\"https:\/\/spaziospadoni.org\/wp-content\/uploads\/2026\/05\/2022_dicembre_12_hicsum_20_rosolini_misericordia_spazio_spadoni_sr_angelica_perla_formazione_carmelo_di_martino_don_matteo_buggea_cetty_giannone_nino_savarino-300x225.jpg\"\/><\/figure>\n\n\n<figure class=\"wp-block-image size-large formazione\"><img decoding=\"async\" alt=\"2023 marzo 10 hicsum 20 rosolini misericordia spazio spadoni sr angelica perla gran gala luigi 6 225x300\" src=\"https:\/\/spaziospadoni.org\/wp-content\/uploads\/2026\/05\/2023_marzo_10_hicsum_20_rosolini_misericordia_spazio_spadoni_sr_angelica_perla_gran_gala_luigi-6-225x300.jpeg\"\/><\/figure>\n\n\n<figure class=\"wp-block-image size-large formazione\"><img decoding=\"async\" alt=\"Spilla a nino e quello accanto copia 300x151\" src=\"https:\/\/spaziospadoni.org\/wp-content\/uploads\/2026\/05\/Spilla-a-nino-e-quello-accanto-copia-300x151.jpg\"\/><\/figure>\n\n\n<figure class=\"wp-block-image size-large formazione\"><img decoding=\"async\" alt=\"2022 dicembre 12 hicsum 20 rosolini misericordia spazio spadoni sr angelica perla formazione carmelo di martino nino donato matassa sebastiano scala don alessandro matteo buggea 300x225\" src=\"https:\/\/spaziospadoni.org\/wp-content\/uploads\/2026\/05\/2022_dicembre_12_hicsum_20_rosolini_misericordia_spazio_spadoni_sr_angelica_perla_formazione_carmelo_di_martino_nino_donato_matassa_sebastiano_scala_don_alessandro_matteo_buggea-300x225.jpg\"\/><\/figure>\n\n\n<figure class=\"wp-block-image size-large formazione\"><img decoding=\"async\" alt=\"2022 dicembre 12 hicsum 20 rosolini misericordia spazio spadoni sr angelica perla formazione paola amaddio fabio figura luigi bongiovanni 300x225\" src=\"https:\/\/spaziospadoni.org\/wp-content\/uploads\/2026\/05\/2022_dicembre_12_hicsum_20_rosolini_misericordia_spazio_spadoni_sr_angelica_perla_formazione_paola_amaddio_fabio_figura_luigi_bongiovanni-300x225.jpg\"\/><\/figure>\n\n\n<figure class=\"wp-block-image size-large formazione\"><img decoding=\"async\" alt=\"2023 marzo 10 hicsum 20 rosolini misericordia spazio spadoni sr angelica perla gran gala nino savarino luigi 300x200\" src=\"https:\/\/spaziospadoni.org\/wp-content\/uploads\/2026\/05\/2023_marzo_10_hicsum_20_rosolini_misericordia_spazio_spadoni_sr_angelica_perla_gran_gala_nino_savarino_luigi-300x200.jpg\"\/><\/figure>\n\n\n<figure class=\"wp-block-image size-large formazione\"><img decoding=\"async\" alt=\"2022 hicsum 20 rosolini misericordia messico spazio spadoni sr angelica perla formazione 5 300x225\" src=\"https:\/\/spaziospadoni.org\/wp-content\/uploads\/2026\/05\/2022_hicsum_20_rosolini_misericordia_messico_spazio_spadoni_sr_angelica_perla_formazione-5-300x225.jpg\"\/><\/figure>\n\n\n<figure class=\"wp-block-image size-large formazione\"><img decoding=\"async\" alt=\"2022 hicsum 20 rosolini misericordia messico spazio spadoni sr angelica perla formazione 6 300x225\" src=\"https:\/\/spaziospadoni.org\/wp-content\/uploads\/2026\/05\/2022_hicsum_20_rosolini_misericordia_messico_spazio_spadoni_sr_angelica_perla_formazione-6-300x225.jpg\"\/><\/figure>\n\n\n<figure class=\"wp-block-image size-large formazione\"><img decoding=\"async\" alt=\"2023 marzo 10 hicsum 20 rosolini misericordia spazio spadoni sr angelica perla gran gala 2 300x200\" src=\"https:\/\/spaziospadoni.org\/wp-content\/uploads\/2026\/05\/2023_marzo_10_hicsum_20_rosolini_misericordia_spazio_spadoni_sr_angelica_perla_gran_gala-2-300x200.jpg\"\/><\/figure>\n\n\n<figure class=\"wp-block-image size-large formazione\"><img decoding=\"async\" alt=\"2022 hicsum 20 rosolini misericordia messico spazio spadoni sr angelica perla formazione 8 225x300\" src=\"https:\/\/spaziospadoni.org\/wp-content\/uploads\/2026\/05\/2022_hicsum_20_rosolini_misericordia_messico_spazio_spadoni_sr_angelica_perla_formazione-8-225x300.jpg\"\/><\/figure>\n\n\n<figure class=\"wp-block-image size-large formazione\"><img decoding=\"async\" alt=\"2023 marzo 10 hicsum 20 rosolini misericordia spazio spadoni sr angelica perla gran gala luigi 5 300x200\" src=\"https:\/\/spaziospadoni.org\/wp-content\/uploads\/2026\/05\/2023_marzo_10_hicsum_20_rosolini_misericordia_spazio_spadoni_sr_angelica_perla_gran_gala_luigi-5-300x200.jpeg\"\/><\/figure>\n\n\n<figure class=\"wp-block-image size-large formazione\"><img decoding=\"async\" alt=\"2023 maggio hicsum 20 rosolini misericordia spazio spadoni sr angelica perla cittadinanza onoraria luigi 2 300x225\" src=\"https:\/\/spaziospadoni.org\/wp-content\/uploads\/2026\/05\/2023_maggio_hicsum_20_rosolini_misericordia_spazio_spadoni_sr_angelica_perla_cittadinanza_onoraria_luigi-2-300x225.jpg\"\/><\/figure>\n\n\n<figure class=\"wp-block-image size-large formazione\"><img decoding=\"async\" alt=\"2022 hicsum 20 rosolini misericordia messico spazio spadoni sr angelica perla formazione 10 300x225\" src=\"https:\/\/spaziospadoni.org\/wp-content\/uploads\/2026\/05\/2022_hicsum_20_rosolini_misericordia_messico_spazio_spadoni_sr_angelica_perla_formazione-10-300x225.jpg\"\/><\/figure>\n\n\n<figure class=\"wp-block-image size-large formazione\"><img decoding=\"async\" alt=\"2022 hicsum 20 rosolini misericordia messico spazio spadoni sr angelica perla formazione 12 300x225\" src=\"https:\/\/spaziospadoni.org\/wp-content\/uploads\/2026\/05\/2022_hicsum_20_rosolini_misericordia_messico_spazio_spadoni_sr_angelica_perla_formazione-12-300x225.jpg\"\/><\/figure>\n\n\n<figure class=\"wp-block-image size-large formazione\"><img decoding=\"async\" alt=\"2022 hicsum 20 rosolini misericordia messico spazio spadoni sr angelica perla formazione 13 300x225\" src=\"https:\/\/spaziospadoni.org\/wp-content\/uploads\/2026\/05\/2022_hicsum_20_rosolini_misericordia_messico_spazio_spadoni_sr_angelica_perla_formazione-13-300x225.jpg\"\/><\/figure>\n\n\n<figure class=\"wp-block-image size-large formazione\"><img decoding=\"async\" alt=\"2022 hicsum 20 rosolini misericordia messico spazio spadoni sr angelica perla formazione 17 300x225\" src=\"https:\/\/spaziospadoni.org\/wp-content\/uploads\/2026\/05\/2022_hicsum_20_rosolini_misericordia_messico_spazio_spadoni_sr_angelica_perla_formazione-17-300x225.jpg\"\/><\/figure>\n\n\n<figure class=\"wp-block-image size-large formazione\"><img decoding=\"async\" alt=\"2023 maggio hicsum 20 rosolini misericordia spazio spadoni sr angelica perla cittadinanza onoraria luigi 4 300x225\" src=\"https:\/\/spaziospadoni.org\/wp-content\/uploads\/2026\/05\/2023_maggio_hicsum_20_rosolini_misericordia_spazio_spadoni_sr_angelica_perla_cittadinanza_onoraria_luigi-4-300x225.jpg\"\/><\/figure>\n\n\n<figure class=\"wp-block-image size-large formazione\"><img decoding=\"async\" alt=\"2023 marzo 10 hicsum 20 rosolini misericordia spazio spadoni sr angelica perla gran gala 3 300x200\" src=\"https:\/\/spaziospadoni.org\/wp-content\/uploads\/2026\/05\/2023_marzo_10_hicsum_20_rosolini_misericordia_spazio_spadoni_sr_angelica_perla_gran_gala-3-300x200.jpg\"\/><\/figure>\n\n\n<figure class=\"wp-block-image size-large formazione\"><img decoding=\"async\" alt=\"2023 marzo 10 hicsum 20 rosolini misericordia spazio spadoni sr angelica perla gran gala luigi 8 300x200\" src=\"https:\/\/spaziospadoni.org\/wp-content\/uploads\/2026\/05\/2023_marzo_10_hicsum_20_rosolini_misericordia_spazio_spadoni_sr_angelica_perla_gran_gala_luigi-8-300x200.jpeg\"\/><\/figure>\n\n\n<figure class=\"wp-block-image size-large formazione\"><img decoding=\"async\" alt=\"2023 marzo 10 hicsum 20 rosolini misericordia spazio spadoni sr angelica perla gran gala 300x200\" src=\"https:\/\/spaziospadoni.org\/wp-content\/uploads\/2026\/05\/2023_marzo_10_hicsum_20_rosolini_misericordia_spazio_spadoni_sr_angelica_perla_gran_gala-300x200.jpg\"\/><\/figure>\n\n\n<figure class=\"wp-block-image size-large formazione\"><img decoding=\"async\" alt=\"2022 ottobre hicsum 20 rosolini misericordia messico spazio spadoni sr angelica perla madre irene 300x225\" src=\"https:\/\/spaziospadoni.org\/wp-content\/uploads\/2026\/05\/2022_ottobre_hicsum_20_rosolini_misericordia_messico_spazio_spadoni_sr_angelica_perla_madre_irene-300x225.jpg\"\/><\/figure>\n\n\n<figure class=\"wp-block-image size-large formazione\"><img decoding=\"async\" alt=\"2022 ottobre hicsum 20 rosolini misericordia messico spazio spadoni sr angelica perla nino armeri madre irene arrivo aeroporto 169x300\" src=\"https:\/\/spaziospadoni.org\/wp-content\/uploads\/2026\/05\/2022_ottobre_hicsum_20_rosolini_misericordia_messico_spazio_spadoni_sr_angelica_perla_nino_armeri_madre_irene_arrivo_aeroporto-169x300.jpg\"\/><\/figure>\n\n\n<figure class=\"wp-block-image size-large formazione\"><img decoding=\"async\" alt=\"2022 ottobre hicsum 20 rosolini misericordia messico spazio spadoni sr angelica perla nino savarino incontro 300x225\" src=\"https:\/\/spaziospadoni.org\/wp-content\/uploads\/2026\/05\/2022_ottobre_hicsum_20_rosolini_misericordia_messico_spazio_spadoni_sr_angelica_perla_nino_savarino_incontro-300x225.jpeg\"\/><\/figure>\n\n\n<figure class=\"wp-block-image size-large formazione\"><img decoding=\"async\" alt=\"2023 marzo 10 hicsum 20 rosolini misericordia spazio spadoni sr angelica perla gran gala luigi nino savarino 300x200\" src=\"https:\/\/spaziospadoni.org\/wp-content\/uploads\/2026\/05\/2023_marzo_10_hicsum_20_rosolini_misericordia_spazio_spadoni_sr_angelica_perla_gran_gala_luigi_nino_savarino-300x200.jpeg\"\/><\/figure>\n\n\n<figure class=\"wp-block-image size-large formazione\"><img decoding=\"async\" alt=\"F perla2023 febbraio 7 hicsum 20 rosolini misericordia spazio spadoni sr angelica perla rinnovo voti chiesa madre 6 copia 300x191\" src=\"https:\/\/spaziospadoni.org\/wp-content\/uploads\/2026\/05\/F-perla2023_febbraio_7_hicsum_20_rosolini_misericordia_spazio_spadoni_sr_angelica_perla_rinnovo_voti_chiesa_madre-6-copia-300x191.jpg\"\/><\/figure>\n\n\n<figure class=\"wp-block-image size-large formazione\"><img decoding=\"async\" alt=\"nino e perla spilla copia 300x187\" src=\"https:\/\/spaziospadoni.org\/wp-content\/uploads\/2026\/05\/nino-e-perla-spilla-copia-300x187.jpg\"\/><\/figure>\n\n\n<figure class=\"wp-block-image size-large formazione\"><img decoding=\"async\" alt=\"2023 febbraio 7 hicsum 20 rosolini misericordia spazio spadoni sr angelica perla rinnovo voti chiesa madre 9 300x225\" src=\"https:\/\/spaziospadoni.org\/wp-content\/uploads\/2026\/05\/2023_febbraio_7_hicsum_20_rosolini_misericordia_spazio_spadoni_sr_angelica_perla_rinnovo_voti_chiesa_madre-9-300x225.jpeg\"\/><\/figure>\n\n\n<figure class=\"wp-block-image size-large formazione\"><img decoding=\"async\" alt=\"2023 febbraio 7 hicsum 20 rosolini misericordia spazio spadoni sr angelica perla rinnovo voti chiesa madre 300x225\" src=\"https:\/\/spaziospadoni.org\/wp-content\/uploads\/2026\/05\/2023_febbraio_7_hicsum_20_rosolini_misericordia_spazio_spadoni_sr_angelica_perla_rinnovo_voti_chiesa_madre-300x225.jpeg\"\/><\/figure>\n\n\n<figure class=\"wp-block-image size-large formazione\"><img decoding=\"async\" alt=\"2023 febbraio hicsum 20 rosolini misericordia messico spazio spadoni sr angelica perla visita roma 3 300x225\" src=\"https:\/\/spaziospadoni.org\/wp-content\/uploads\/2026\/05\/2023_febbraio_hicsum_20_rosolini_misericordia_messico_spazio_spadoni_sr_angelica_perla_visita_roma-3-300x225.jpeg\"\/><\/figure>\n\n\n<figure class=\"wp-block-image size-large formazione\"><img decoding=\"async\" alt=\"2023 febbraio hicsum 20 rosolini misericordia messico spazio spadoni sr angelica perla visita roma 4 300x225\" src=\"https:\/\/spaziospadoni.org\/wp-content\/uploads\/2026\/05\/2023_febbraio_hicsum_20_rosolini_misericordia_messico_spazio_spadoni_sr_angelica_perla_visita_roma-4-300x225.jpeg\"\/><\/figure>\n\n\n<figure class=\"wp-block-image size-large formazione\"><img decoding=\"async\" alt=\"2023 febbraio hicsum 20 rosolini misericordia messico spazio spadoni sr angelica perla visita roma 5 225x300\" src=\"https:\/\/spaziospadoni.org\/wp-content\/uploads\/2026\/05\/2023_febbraio_hicsum_20_rosolini_misericordia_messico_spazio_spadoni_sr_angelica_perla_visita_roma-5-225x300.jpeg\"\/><\/figure>\n\n\n<figure class=\"wp-block-image size-large formazione\"><img decoding=\"async\" alt=\"2023 marzo 24 hicsum 20 rosolini misericordia messico spazio spadoni sr angelica perla partenza 300x225\" src=\"https:\/\/spaziospadoni.org\/wp-content\/uploads\/2026\/05\/2023_marzo_24_hicsum_20_rosolini_misericordia_messico_spazio_spadoni_sr_angelica_perla_partenza-300x225.jpeg\"\/><\/figure>\n\n\n<figure class=\"wp-block-image size-large messico\"><img decoding=\"async\" alt=\"2023 maggio 3 hicsum 20 messico rosolini misericordia spazio spadoni sr angelica perla festa santa croce 5 300x225\" src=\"https:\/\/spaziospadoni.org\/wp-content\/uploads\/2026\/05\/2023_maggio_3_hicsum_20_messico_rosolini_misericordia_spazio_spadoni_sr_angelica_perla_festa_santa_croce-5-300x225.jpeg\"\/><\/figure>\n\n\n<figure class=\"wp-block-image size-large messico\"><img decoding=\"async\" alt=\"2023 maggio 3 hicsum 20 messico rosolini misericordia spazio spadoni sr angelica perla festa santa croce 7 300x225\" src=\"https:\/\/spaziospadoni.org\/wp-content\/uploads\/2026\/05\/2023_maggio_3_hicsum_20_messico_rosolini_misericordia_spazio_spadoni_sr_angelica_perla_festa_santa_croce-7-300x225.jpeg\"\/><\/figure>\n\n\n<figure class=\"wp-block-image size-large messico\"><img decoding=\"async\" alt=\"2023 maggio 3 hicsum 20 messico rosolini misericordia spazio spadoni sr angelica perla festa santa croce 8 300x225\" src=\"https:\/\/spaziospadoni.org\/wp-content\/uploads\/2026\/05\/2023_maggio_3_hicsum_20_messico_rosolini_misericordia_spazio_spadoni_sr_angelica_perla_festa_santa_croce-8-300x225.jpeg\"\/><\/figure>\n\n\n<figure class=\"wp-block-image size-large messico\"><img decoding=\"async\" alt=\"2023 marzo 26 hicsum 20 rosolini misericordia messico spazio spadoni sr angelica perla arrivo suore messico 2 300x225\" src=\"https:\/\/spaziospadoni.org\/wp-content\/uploads\/2026\/05\/2023_marzo_26_hicsum_20_rosolini_misericordia_messico_spazio_spadoni_sr_angelica_perla_arrivo_suore_messico-2-300x225.jpeg\"\/><\/figure>\n\n\n<figure class=\"wp-block-image size-large messico\"><img decoding=\"async\" alt=\"mettere F a una delle due2023 marzo 26 hicsum 20 rosolini misericordia messico spazio spadoni sr angelica perla arrivo suore messico 4 copia 300x166\" src=\"https:\/\/spaziospadoni.org\/wp-content\/uploads\/2026\/05\/mettere-F-a-una-delle-due2023_marzo_26_hicsum_20_rosolini_misericordia_messico_spazio_spadoni_sr_angelica_perla_arrivo_suore_messico-4-copia-300x166.jpg\"\/><\/figure>\n\n\n<figure class=\"wp-block-image size-large messico\"><img decoding=\"async\" alt=\"2023 marzo 27 hicsum 20 rosolini misericordia messico spazio spadoni sr angelica perla benvenuto suore rientro casa 5 225x300\" src=\"https:\/\/spaziospadoni.org\/wp-content\/uploads\/2026\/05\/2023_marzo_27_hicsum_20_rosolini_misericordia_messico_spazio_spadoni_sr_angelica_perla_benvenuto_suore_rientro_casa-5-225x300.jpeg\"\/><\/figure>\n\n\n<figure class=\"wp-block-image size-large messico\"><img decoding=\"async\" alt=\"2023 marzo 27 hicsum 20 rosolini misericordia messico spazio spadoni sr angelica perla benvenuto suore rientro casa 6 225x300\" src=\"https:\/\/spaziospadoni.org\/wp-content\/uploads\/2026\/05\/2023_marzo_27_hicsum_20_rosolini_misericordia_messico_spazio_spadoni_sr_angelica_perla_benvenuto_suore_rientro_casa-6-225x300.jpeg\"\/><\/figure>\n\n\n<figure class=\"wp-block-image size-large messico\"><img decoding=\"async\" alt=\"2023 marzo 27 hicsum 20 rosolini misericordia messico spazio spadoni sr angelica perla benvenuto suore rientro casa 7 300x225\" src=\"https:\/\/spaziospadoni.org\/wp-content\/uploads\/2026\/05\/2023_marzo_27_hicsum_20_rosolini_misericordia_messico_spazio_spadoni_sr_angelica_perla_benvenuto_suore_rientro_casa-7-300x225.jpeg\"\/><\/figure>\n\n\n<figure class=\"wp-block-image size-large messico\"><img decoding=\"async\" alt=\"2023 marzo 27 hicsum 20 rosolini misericordia messico spazio spadoni sr angelica perla benvenuto suore rientro casa 300x225\" src=\"https:\/\/spaziospadoni.org\/wp-content\/uploads\/2026\/05\/2023_marzo_27_hicsum_20_rosolini_misericordia_messico_spazio_spadoni_sr_angelica_perla_benvenuto_suore_rientro_casa-300x225.jpeg\"\/><\/figure>\n\n\n<figure class=\"wp-block-image size-large messico\"><img decoding=\"async\" alt=\"2023 marzo 27 hicsum 20 rosolini misericordia messico spazio spadoni sr angelica perla benvenuto suore rientro casa 8 225x300\" src=\"https:\/\/spaziospadoni.org\/wp-content\/uploads\/2026\/05\/2023_marzo_27_hicsum_20_rosolini_misericordia_messico_spazio_spadoni_sr_angelica_perla_benvenuto_suore_rientro_casa-8-225x300.jpeg\"\/><\/figure>\n\n\n<figure class=\"wp-block-image size-large messico\"><img decoding=\"async\" alt=\"29 aprile 2024 giorno del click spille msparse copia 300x143\" src=\"https:\/\/spaziospadoni.org\/wp-content\/uploads\/2026\/05\/29-aprile-2024-giorno-del-click-spille-msparse-copia-300x143.jpg\"\/><\/figure>\n\n\n<figure class=\"wp-block-image size-large messico\"><img decoding=\"async\" alt=\"2024 aprile messico suor perla angelica assemblea congregazione festa 9 300x169\" src=\"https:\/\/spaziospadoni.org\/wp-content\/uploads\/2026\/05\/2024_aprile_messico_suor_perla_angelica_assemblea_congregazione_festa-9-300x169.jpg\"\/><\/figure>\n\n\n<figure class=\"wp-block-image size-large messico\"><img decoding=\"async\" alt=\"2024 aprile messico suor perla angelica assemblea congregazione festa 8 169x300\" src=\"https:\/\/spaziospadoni.org\/wp-content\/uploads\/2026\/05\/2024_aprile_messico_suor_perla_angelica_assemblea_congregazione_festa-8-169x300.jpg\"\/><\/figure>\n\n\n<figure class=\"wp-block-image size-large messico\"><img decoding=\"async\" alt=\"2024 aprile messico suor perla angelica assemblea congregazione festa 7 300x169\" src=\"https:\/\/spaziospadoni.org\/wp-content\/uploads\/2026\/05\/2024_aprile_messico_suor_perla_angelica_assemblea_congregazione_festa-7-300x169.jpg\"\/><\/figure>\n\n\n<figure class=\"wp-block-image size-large messico\"><img decoding=\"async\" alt=\"2024 aprile messico suor perla angelica assemblea congregazione festa 6 300x169\" src=\"https:\/\/spaziospadoni.org\/wp-content\/uploads\/2026\/05\/2024_aprile_messico_suor_perla_angelica_assemblea_congregazione_festa-6-300x169.jpg\"\/><\/figure>\n\n\n<figure class=\"wp-block-image size-large messico\"><img decoding=\"async\" alt=\"2024 aprile messico suor perla angelica assemblea congregazione festa 4 300x169\" src=\"https:\/\/spaziospadoni.org\/wp-content\/uploads\/2026\/05\/2024_aprile_messico_suor_perla_angelica_assemblea_congregazione_festa-4-300x169.jpg\"\/><\/figure>\n\n\n<figure class=\"wp-block-image size-large messico\"><img decoding=\"async\" alt=\"2024 aprile messico suor perla angelica assemblea congregazione festa 3 169x300\" src=\"https:\/\/spaziospadoni.org\/wp-content\/uploads\/2026\/05\/2024_aprile_messico_suor_perla_angelica_assemblea_congregazione_festa-3-169x300.jpg\"\/><\/figure>\n\n\n<figure class=\"wp-block-image size-large messico\"><img decoding=\"async\" alt=\"2024 aprile messico suor perla angelica assemblea congregazione festa 2 169x300\" src=\"https:\/\/spaziospadoni.org\/wp-content\/uploads\/2026\/05\/2024_aprile_messico_suor_perla_angelica_assemblea_congregazione_festa-2-169x300.jpg\"\/><\/figure>\n\n\n<figure class=\"wp-block-image size-large messico\"><img decoding=\"async\" alt=\"2024 aprile messico suor perla angelica assemblea congregazione festa 1 300x169\" src=\"https:\/\/spaziospadoni.org\/wp-content\/uploads\/2026\/05\/2024_aprile_messico_suor_perla_angelica_assemblea_congregazione_festa-1-300x169.jpg\"\/><\/figure>\n\n\n<figure class=\"wp-block-image size-large messico\"><img decoding=\"async\" alt=\"2024 aprile messico suor perla angelica assemblea congregazione festa 10 300x169\" src=\"https:\/\/spaziospadoni.org\/wp-content\/uploads\/2026\/05\/2024_aprile_messico_suor_perla_angelica_assemblea_congregazione_festa-10-300x169.jpg\"\/><\/figure>\n\n\n<figure class=\"wp-block-image size-large formazione\"><img decoding=\"async\" alt=\"2023 settembre 17 hicsum 20 messico rosolini misericordia spazio spadoni sr angelica perla convention rievoluzione opere noto nino armeri 3 225x300\" src=\"https:\/\/spaziospadoni.org\/wp-content\/uploads\/2026\/05\/2023_settembre_17_hicsum_20_messico_rosolini_misericordia_spazio_spadoni_sr_angelica_perla_convention_rievoluzione_opere_noto_nino_armeri-3-225x300.jpg\"\/><\/figure>\n\n\n<figure class=\"wp-block-image size-large formazione\"><img decoding=\"async\" alt=\"2023 settembre 17 hicsum 20 messico rosolini misericordia spazio spadoni sr angelica perla convention rievoluzione opere noto nino armeri 4 225x300\" src=\"https:\/\/spaziospadoni.org\/wp-content\/uploads\/2026\/05\/2023_settembre_17_hicsum_20_messico_rosolini_misericordia_spazio_spadoni_sr_angelica_perla_convention_rievoluzione_opere_noto_nino_armeri-4-225x300.jpg\"\/><\/figure>\n\n\n<figure class=\"wp-block-image size-large formazione\"><img decoding=\"async\" alt=\"2023 settembre 17 hicsum 20 messico rosolini misericordia spazio spadoni sr angelica perla convention rievoluzione opere noto nino savarino 4 225x300\" src=\"https:\/\/spaziospadoni.org\/wp-content\/uploads\/2026\/05\/2023_settembre_17_hicsum_20_messico_rosolini_misericordia_spazio_spadoni_sr_angelica_perla_convention_rievoluzione_opere_noto_nino_savarino-4-225x300.jpg\"\/><\/figure>\n\n\n<figure class=\"wp-block-image size-large formazione\"><img decoding=\"async\" alt=\"2023 maggio hicsum 20 rosolini misericordia spazio spadoni sr angelica perla cittadinanza onoraria luigi 3 300x225\" src=\"https:\/\/spaziospadoni.org\/wp-content\/uploads\/2026\/05\/2023_maggio_hicsum_20_rosolini_misericordia_spazio_spadoni_sr_angelica_perla_cittadinanza_onoraria_luigi-3-300x225.jpg\"\/><\/figure>\n\n\n<figure class=\"wp-block-image size-large formazione\"><img decoding=\"async\" alt=\"2023 hicsum 20 rosolini misericordia spazio spadoni sr angelica perla luigi spadoni vescovo rumeo sindaco 300x169\" src=\"https:\/\/spaziospadoni.org\/wp-content\/uploads\/2026\/05\/2023_hicsum_20_rosolini_misericordia_spazio_spadoni_sr_angelica_perla_luigi_spadoni_vescovo_rumeo_sindaco-300x169.jpg\"\/><\/figure>\n\n\n<figure class=\"wp-block-image size-large formazione\"><img decoding=\"async\" alt=\"2023 hicsum 20 rosolini misericordia spazio spadoni sr angelica perla luigi spadoni umberto banchi sergio mura selene pera andrea del bianco nino savarino armeni 300x169\" src=\"https:\/\/spaziospadoni.org\/wp-content\/uploads\/2026\/05\/2023_hicsum_20_rosolini_misericordia_spazio_spadoni_sr_angelica_perla_luigi_spadoni_umberto_banchi_sergio_mura_selene_pera_andrea_del_bianco_nino_savarino_armeni-300x169.jpg\"\/><\/figure>\n\n\n<figure class=\"wp-block-image size-large formazione\"><img decoding=\"async\" alt=\"gennaio 2025 targa operam messico opere misericordia spazio spadoni 2 169x300\" src=\"https:\/\/spaziospadoni.org\/wp-content\/uploads\/2026\/05\/gennaio_2025_targa_operam_messico_opere_misericordia_spazio_spadoni-2-169x300.jpg\"\/><\/figure>\n\n\n<figure class=\"wp-block-image size-large formazione\"><img decoding=\"async\" alt=\"gennaio 2025 targa operam messico opere misericordia spazio spadoni 3 169x300\" src=\"https:\/\/spaziospadoni.org\/wp-content\/uploads\/2026\/05\/gennaio_2025_targa_operam_messico_opere_misericordia_spazio_spadoni-3-169x300.jpg\"\/><\/figure>\n\n\n<figure class=\"wp-block-image size-large formazione\"><img decoding=\"async\" alt=\"gennaio 2025 targa operam messico opere misericordia spazio spadoni 1 225x300\" src=\"https:\/\/spaziospadoni.org\/wp-content\/uploads\/2026\/05\/gennaio_2025_targa_operam_messico_opere_misericordia_spazio_spadoni-1-225x300.jpg\"\/><\/figure>\n\n\n<figure class=\"wp-block-image size-large formazione\"><img decoding=\"async\" alt=\"incontro vescovo 2024 spilla a luigi su coccodrillo copia 300x169\" src=\"https:\/\/spaziospadoni.org\/wp-content\/uploads\/2026\/05\/incontro-vescovo-2024-spilla-a-luigi-su-coccodrillo-copia-300x169.jpg\"\/><\/figure>\n\n\n<figure class=\"wp-block-image size-large formazione\"><img decoding=\"async\" alt=\"2025 maggio assemblea uisg roma spazio spadoni opere misericordia superiore generali suore 102 225x300\" src=\"https:\/\/spaziospadoni.org\/wp-content\/uploads\/2026\/05\/2025_maggio_assemblea_uisg_roma_spazio_spadoni_opere_misericordia_superiore_generali_suore-102-225x300.jpg\"\/><\/figure>\n\n\n<figure class=\"wp-block-image size-large formazione\"><img decoding=\"async\" alt=\"2025 maggio assemblea uisg roma spazio spadoni opere misericordia superiore generali suore 103 300x225\" src=\"https:\/\/spaziospadoni.org\/wp-content\/uploads\/2026\/05\/2025_maggio_assemblea_uisg_roma_spazio_spadoni_opere_misericordia_superiore_generali_suore-103-300x225.jpg\"\/><\/figure>\n\n\n<figure class=\"wp-block-image size-large formazione\"><img decoding=\"async\" alt=\"2025 maggio assemblea uisg roma spazio spadoni opere misericordia superiore generali suore 105 225x300\" src=\"https:\/\/spaziospadoni.org\/wp-content\/uploads\/2026\/05\/2025_maggio_assemblea_uisg_roma_spazio_spadoni_opere_misericordia_superiore_generali_suore-105-225x300.jpg\"\/><\/figure>\n\n\n<figure class=\"wp-block-image size-large formazione\"><img decoding=\"async\" alt=\"2025 maggio assemblea uisg roma spazio spadoni opere misericordia superiore generali suore 104 300x225\" src=\"https:\/\/spaziospadoni.org\/wp-content\/uploads\/2026\/05\/2025_maggio_assemblea_uisg_roma_spazio_spadoni_opere_misericordia_superiore_generali_suore-104-300x225.jpg\"\/><\/figure>\n\n\n<figure class=\"wp-block-image size-large formazione\"><img decoding=\"async\" alt=\"2025 maggio assemblea uisg roma spazio spadoni opere misericordia superiore generali suore 107 225x300\" src=\"https:\/\/spaziospadoni.org\/wp-content\/uploads\/2026\/05\/2025_maggio_assemblea_uisg_roma_spazio_spadoni_opere_misericordia_superiore_generali_suore-107-225x300.jpg\"\/><\/figure>\n\n\n<figure class=\"wp-block-image size-large formazione\"><img decoding=\"async\" alt=\"2025 maggio assemblea uisg roma spazio spadoni opere misericordia superiore generali suore 114 300x225\" src=\"https:\/\/spaziospadoni.org\/wp-content\/uploads\/2026\/05\/2025_maggio_assemblea_uisg_roma_spazio_spadoni_opere_misericordia_superiore_generali_suore-114-300x225.jpg\"\/><\/figure>\n\n\n<figure class=\"wp-block-image size-large formazione\"><img decoding=\"async\" alt=\"2025 giugno suor perla angelica tornano misericordia Rosolini spazio spadoni progetto hic sum 7 300x169\" src=\"https:\/\/spaziospadoni.org\/wp-content\/uploads\/2026\/05\/2025_giugno_suor_perla_angelica_tornano_misericordia_Rosolini_spazio_spadoni_progetto_hic_sum-7-300x169.jpg\"\/><\/figure>\n\n\n<figure class=\"wp-block-image size-large formazione\"><img decoding=\"async\" alt=\"2025 giugno suor perla angelica tornano misericordia Rosolini spazio spadoni progetto hic sum 1 300x169\" src=\"https:\/\/spaziospadoni.org\/wp-content\/uploads\/2026\/05\/2025_giugno_suor_perla_angelica_tornano_misericordia_Rosolini_spazio_spadoni_progetto_hic_sum-1-300x169.jpg\"\/><\/figure>\n\n\n<figure class=\"wp-block-image size-large formazione\"><img decoding=\"async\" alt=\"2025 giugno suor perla angelica tornano misericordia Rosolini spazio spadoni progetto hic sum 26 300x169\" src=\"https:\/\/spaziospadoni.org\/wp-content\/uploads\/2026\/05\/2025_giugno_suor_perla_angelica_tornano_misericordia_Rosolini_spazio_spadoni_progetto_hic_sum-26-300x169.jpg\"\/><\/figure>\n\n\n<figure class=\"wp-block-image size-large formazione\"><img decoding=\"async\" alt=\"Giugno 2025 festa trentennale misericodia rosolini suor perla angelica spazio spadoni italia 1 269x300\" src=\"https:\/\/spaziospadoni.org\/wp-content\/uploads\/2026\/05\/Giugno-2025_festa_trentennale_misericodia_rosolini_suor_perla_angelica_spazio_spadoni_italia-1-269x300.jpg\"\/><\/figure>\n\n\n<figure class=\"wp-block-image size-large formazione\"><img decoding=\"async\" alt=\"Giugno 2025 festa trentennale misericodia rosolini suor perla angelica spazio spadoni italia 8 225x300\" src=\"https:\/\/spaziospadoni.org\/wp-content\/uploads\/2026\/05\/Giugno-2025_festa_trentennale_misericodia_rosolini_suor_perla_angelica_spazio_spadoni_italia-8-225x300.jpg\"\/><\/figure>\n\n\n<figure class=\"wp-block-image size-large formazione\"><img decoding=\"async\" alt=\"Giugno 2025 festa trentennale misericodia rosolini suor perla angelica spazio spadoni italia 9 300x226\" src=\"https:\/\/spaziospadoni.org\/wp-content\/uploads\/2026\/05\/Giugno-2025_festa_trentennale_misericodia_rosolini_suor_perla_angelica_spazio_spadoni_italia-9-300x226.jpg\"\/><\/figure>\n\n\n<figure class=\"wp-block-image size-large formazione\"><img decoding=\"async\" alt=\"Giugno 2025 festa trentennale misericodia rosolini suor perla angelica spazio spadoni italia 10 300x225\" src=\"https:\/\/spaziospadoni.org\/wp-content\/uploads\/2026\/05\/Giugno-2025_festa_trentennale_misericodia_rosolini_suor_perla_angelica_spazio_spadoni_italia-10-300x225.jpg\"\/><\/figure>\n\n\n<figure class=\"wp-block-image size-large formazione\"><img decoding=\"async\" alt=\"Giugno 2025 festa trentennale misericodia rosolini suor perla angelica spazio spadoni italia 11 300x225\" src=\"https:\/\/spaziospadoni.org\/wp-content\/uploads\/2026\/05\/Giugno-2025_festa_trentennale_misericodia_rosolini_suor_perla_angelica_spazio_spadoni_italia-11-300x225.jpg\"\/><\/figure>\n\n\n<figure class=\"wp-block-image size-large formazione\"><img decoding=\"async\" alt=\"Giugno 2025 festa trentennale misericodia rosolini suor perla angelica spazio spadoni italia 12 300x169\" src=\"https:\/\/spaziospadoni.org\/wp-content\/uploads\/2026\/05\/Giugno-2025_festa_trentennale_misericodia_rosolini_suor_perla_angelica_spazio_spadoni_italia-12-300x169.jpg\"\/><\/figure>\n\n\n<figure class=\"wp-block-image size-large formazione\"><img decoding=\"async\" alt=\"Giugno 2025 festa trentennale misericodia rosolini suor perla angelica spazio spadoni italia 15 300x225\" src=\"https:\/\/spaziospadoni.org\/wp-content\/uploads\/2026\/05\/Giugno-2025_festa_trentennale_misericodia_rosolini_suor_perla_angelica_spazio_spadoni_italia-15-300x225.jpg\"\/><\/figure>\n\n\n<figure class=\"wp-block-image size-large formazione\"><img decoding=\"async\" alt=\"Giugno 2025 festa trentennale misericodia rosolini suor perla angelica spazio spadoni italia 16 300x200\" src=\"https:\/\/spaziospadoni.org\/wp-content\/uploads\/2026\/05\/Giugno-2025_festa_trentennale_misericodia_rosolini_suor_perla_angelica_spazio_spadoni_italia-16-300x200.jpg\"\/><\/figure>\n\n\n<figure class=\"wp-block-image size-large formazione\"><img decoding=\"async\" alt=\"Giugno 2025 festa trentennale misericodia rosolini suor perla angelica spazio spadoni italia 18 300x169\" src=\"https:\/\/spaziospadoni.org\/wp-content\/uploads\/2026\/05\/Giugno-2025_festa_trentennale_misericodia_rosolini_suor_perla_angelica_spazio_spadoni_italia-18-300x169.jpg\"\/><\/figure>\n\n\n<figure class=\"wp-block-image size-large formazione\"><img decoding=\"async\" alt=\"Giugno 2025 festa trentennale misericodia rosolini suor perla angelica spazio spadoni italia 23 300x169\" src=\"https:\/\/spaziospadoni.org\/wp-content\/uploads\/2026\/05\/Giugno-2025_festa_trentennale_misericodia_rosolini_suor_perla_angelica_spazio_spadoni_italia-23-300x169.jpg\"\/><\/figure>\n\n\n<figure class=\"wp-block-image size-large formazione\"><img decoding=\"async\" alt=\"Giugno 2025 festa trentennale misericodia rosolini suor perla angelica spazio spadoni italia 26 300x225\" src=\"https:\/\/spaziospadoni.org\/wp-content\/uploads\/2026\/05\/Giugno-2025_festa_trentennale_misericodia_rosolini_suor_perla_angelica_spazio_spadoni_italia-26-300x225.jpg\"\/><\/figure>\n\n\n<figure class=\"wp-block-image size-large formazione\"><img decoding=\"async\" alt=\"Giugno 2025 festa trentennale misericodia rosolini suor perla angelica spazio spadoni italia 28 225x300\" src=\"https:\/\/spaziospadoni.org\/wp-content\/uploads\/2026\/05\/Giugno-2025_festa_trentennale_misericodia_rosolini_suor_perla_angelica_spazio_spadoni_italia-28-225x300.jpg\"\/><\/figure>\n\n\n<figure class=\"wp-block-image size-large formazione\"><img decoding=\"async\" alt=\"Giugno 2025 festa trentennale misericodia rosolini suor perla angelica spazio spadoni italia 34 300x169\" src=\"https:\/\/spaziospadoni.org\/wp-content\/uploads\/2026\/05\/Giugno-2025_festa_trentennale_misericodia_rosolini_suor_perla_angelica_spazio_spadoni_italia-34-300x169.jpg\"\/><\/figure>\n\n\n<figure class=\"wp-block-image size-large formazione\"><img decoding=\"async\" alt=\"Giugno 2025 festa trentennale misericodia rosolini suor perla angelica spazio spadoni italia 35 300x200\" src=\"https:\/\/spaziospadoni.org\/wp-content\/uploads\/2026\/05\/Giugno-2025_festa_trentennale_misericodia_rosolini_suor_perla_angelica_spazio_spadoni_italia-35-300x200.jpg\"\/><\/figure>\n\n\n<figure class=\"wp-block-image size-large formazione\"><img decoding=\"async\" alt=\"2025 giugno rosolini sicilia spazio spadoni suor perla angelica progetto hic sum festa 24 300x200\" src=\"https:\/\/spaziospadoni.org\/wp-content\/uploads\/2026\/05\/2025_giugno_rosolini_sicilia_spazio_spadoni_suor_perla_angelica_progetto_hic_sum_festa-24-300x200.jpg\"\/><\/figure>\n\n\n<figure class=\"wp-block-image size-large formazione\"><img decoding=\"async\" alt=\"2025 giugno rosolini sicilia spazio spadoni suor perla angelica progetto hic sum festa 1 300x200\" src=\"https:\/\/spaziospadoni.org\/wp-content\/uploads\/2026\/05\/2025_giugno_rosolini_sicilia_spazio_spadoni_suor_perla_angelica_progetto_hic_sum_festa-1-300x200.jpg\"\/><\/figure>\n\n\n<figure class=\"wp-block-image size-large formazione\"><img decoding=\"async\" alt=\"2025 giugno rosolini sicilia spazio spadoni suor perla angelica progetto hic sum festa 2 300x200\" src=\"https:\/\/spaziospadoni.org\/wp-content\/uploads\/2026\/05\/2025_giugno_rosolini_sicilia_spazio_spadoni_suor_perla_angelica_progetto_hic_sum_festa-2-300x200.jpg\"\/><\/figure>\n\n\n<figure class=\"wp-block-image size-large formazione\"><img decoding=\"async\" alt=\"2025 giugno rosolini sicilia spazio spadoni suor perla angelica progetto hic sum festa 10 300x200\" src=\"https:\/\/spaziospadoni.org\/wp-content\/uploads\/2026\/05\/2025_giugno_rosolini_sicilia_spazio_spadoni_suor_perla_angelica_progetto_hic_sum_festa-10-300x200.jpg\"\/><\/figure>\n\n\n<figure class=\"wp-block-image size-large formazione\"><img decoding=\"async\" alt=\"2025 giugno rosolini sicilia spazio spadoni suor perla angelica progetto hic sum festa 11 300x200\" src=\"https:\/\/spaziospadoni.org\/wp-content\/uploads\/2026\/05\/2025_giugno_rosolini_sicilia_spazio_spadoni_suor_perla_angelica_progetto_hic_sum_festa-11-300x200.jpg\"\/><\/figure>\n\n\n<figure class=\"wp-block-image size-large formazione\"><img decoding=\"async\" alt=\"2025 giugno rosolini sicilia spazio spadoni suor perla angelica progetto hic sum festa 12 300x200\" src=\"https:\/\/spaziospadoni.org\/wp-content\/uploads\/2026\/05\/2025_giugno_rosolini_sicilia_spazio_spadoni_suor_perla_angelica_progetto_hic_sum_festa-12-300x200.jpg\"\/><\/figure>\n\n\n<figure class=\"wp-block-image size-large formazione\"><img decoding=\"async\" alt=\"2025 giugno rosolini sicilia spazio spadoni suor perla angelica progetto hic sum festa 13 300x200\" src=\"https:\/\/spaziospadoni.org\/wp-content\/uploads\/2026\/05\/2025_giugno_rosolini_sicilia_spazio_spadoni_suor_perla_angelica_progetto_hic_sum_festa-13-300x200.jpg\"\/><\/figure>\n\n\n<figure class=\"wp-block-image size-large formazione\"><img decoding=\"async\" alt=\"2025 giugno rosolini sicilia spazio spadoni suor perla angelica progetto hic sum festa 14 300x169\" src=\"https:\/\/spaziospadoni.org\/wp-content\/uploads\/2026\/05\/2025_giugno_rosolini_sicilia_spazio_spadoni_suor_perla_angelica_progetto_hic_sum_festa-14-300x169.jpg\"\/><\/figure>\n\n\n<figure class=\"wp-block-image size-large formazione\"><img decoding=\"async\" alt=\"2025 giugno rosolini sicilia spazio spadoni suor perla angelica progetto hic sum festa 15 300x200\" src=\"https:\/\/spaziospadoni.org\/wp-content\/uploads\/2026\/05\/2025_giugno_rosolini_sicilia_spazio_spadoni_suor_perla_angelica_progetto_hic_sum_festa-15-300x200.jpg\"\/><\/figure>\n\n\n<figure class=\"wp-block-image size-large formazione\"><img decoding=\"async\" alt=\"2025 giugno rosolini sicilia spazio spadoni suor perla angelica progetto hic sum festa 16 200x300\" src=\"https:\/\/spaziospadoni.org\/wp-content\/uploads\/2026\/05\/2025_giugno_rosolini_sicilia_spazio_spadoni_suor_perla_angelica_progetto_hic_sum_festa-16-200x300.jpg\"\/><\/figure>\n\n\n<figure class=\"wp-block-image size-large formazione\"><img decoding=\"async\" alt=\"2025 giugno rosolini sicilia spazio spadoni suor perla angelica progetto hic sum festa 17 300x200\" src=\"https:\/\/spaziospadoni.org\/wp-content\/uploads\/2026\/05\/2025_giugno_rosolini_sicilia_spazio_spadoni_suor_perla_angelica_progetto_hic_sum_festa-17-300x200.jpg\"\/><\/figure>\n\n\n<figure class=\"wp-block-image size-large formazione\"><img decoding=\"async\" alt=\"2025 giugno rosolini sicilia spazio spadoni suor perla angelica progetto hic sum festa 18 300x200\" src=\"https:\/\/spaziospadoni.org\/wp-content\/uploads\/2026\/05\/2025_giugno_rosolini_sicilia_spazio_spadoni_suor_perla_angelica_progetto_hic_sum_festa-18-300x200.jpg\"\/><\/figure>\n\n\n<figure class=\"wp-block-image size-large formazione\"><img decoding=\"async\" alt=\"2025 giugno rosolini sicilia spazio spadoni suor perla angelica progetto hic sum festa 19 300x200\" src=\"https:\/\/spaziospadoni.org\/wp-content\/uploads\/2026\/05\/2025_giugno_rosolini_sicilia_spazio_spadoni_suor_perla_angelica_progetto_hic_sum_festa-19-300x200.jpg\"\/><\/figure>\n\n\n<figure class=\"wp-block-image size-large formazione\"><img decoding=\"async\" alt=\"2025 giugno rosolini sicilia spazio spadoni suor perla angelica progetto hic sum festa 20 300x200\" src=\"https:\/\/spaziospadoni.org\/wp-content\/uploads\/2026\/05\/2025_giugno_rosolini_sicilia_spazio_spadoni_suor_perla_angelica_progetto_hic_sum_festa-20-300x200.jpg\"\/><\/figure>\n\n\n<figure class=\"wp-block-image size-large formazione\"><img decoding=\"async\" alt=\"2025 giugno rosolini sicilia spazio spadoni suor perla angelica progetto hic sum festa 21 300x200\" src=\"https:\/\/spaziospadoni.org\/wp-content\/uploads\/2026\/05\/2025_giugno_rosolini_sicilia_spazio_spadoni_suor_perla_angelica_progetto_hic_sum_festa-21-300x200.jpg\"\/><\/figure>\n\n\n<figure class=\"wp-block-image size-large formazione\"><img decoding=\"async\" alt=\"2025 giugno rosolini sicilia spazio spadoni suor perla angelica progetto hic sum festa 22 200x300\" src=\"https:\/\/spaziospadoni.org\/wp-content\/uploads\/2026\/05\/2025_giugno_rosolini_sicilia_spazio_spadoni_suor_perla_angelica_progetto_hic_sum_festa-22-200x300.jpg\"\/><\/figure>\n\n\n<figure class=\"wp-block-image size-large formazione\"><img decoding=\"async\" alt=\"2025 giugno rosolini sicilia spazio spadoni suor perla angelica progetto hic sum festa 23 300x200\" src=\"https:\/\/spaziospadoni.org\/wp-content\/uploads\/2026\/05\/2025_giugno_rosolini_sicilia_spazio_spadoni_suor_perla_angelica_progetto_hic_sum_festa-23-300x200.jpg\"\/><\/figure>\n\n\n<figure class=\"wp-block-image size-large formazione\"><img decoding=\"async\" alt=\"2025 luglio 23 24 suor perla angelica visita roma assisi misericordia rosolini spazio spadoni progetto hic sum opere misericordia 3\" src=\"https:\/\/spaziospadoni.org\/wp-content\/uploads\/2026\/05\/2025_luglio_23_24_suor_perla_angelica_visita_roma_assisi_misericordia_rosolini_spazio_spadoni_progetto_hic_sum_opere_misericordia-3.jpg\"\/><\/figure>\n\n\n<figure class=\"wp-block-image size-large formazione\"><img decoding=\"async\" alt=\"2025 luglio 23 24 suor perla angelica visita roma assisi misericordia rosolini spazio spadoni progetto hic sum opere misericordia 1\" src=\"https:\/\/spaziospadoni.org\/wp-content\/uploads\/2026\/05\/2025_luglio_23_24_suor_perla_angelica_visita_roma_assisi_misericordia_rosolini_spazio_spadoni_progetto_hic_sum_opere_misericordia-1.jpg\"\/><\/figure>\n\n\n<figure class=\"wp-block-image size-large messico\"><img decoding=\"async\" alt=\"2025 settembre 13 suor perla madre irene visita vescovo puebla messico opere misericordia spazio spadoni\" src=\"https:\/\/spaziospadoni.org\/wp-content\/uploads\/2026\/05\/2025_settembre_13_suor_perla_madre_irene_visita_vescovo_puebla_messico_opere_misericordia_spazio_spadoni.jpeg\"\/><\/figure>\n\n\n<figure class=\"wp-block-image size-large messico\"><img decoding=\"async\" alt=\"2025 settembre 17 incontro misericordia rosolini suor perla associazione messico opere misericordia spazio spadoni\" src=\"https:\/\/spaziospadoni.org\/wp-content\/uploads\/2026\/05\/2025_settembre_17_incontro_misericordia_rosolini_suor_perla_associazione_messico_opere_misericordia_spazio_spadoni.jpeg\"\/><\/figure>\n\n\n<figure class=\"wp-block-image size-large messico\"><img decoding=\"async\" alt=\"2025 settembre 27 74 anniversario congregazione suor perla suor angelica messico spazio spadoni 1 400x300\" src=\"https:\/\/spaziospadoni.org\/wp-content\/uploads\/2026\/05\/2025_settembre_27_74_anniversario_congregazione_suor_perla_suor_angelica_messico_spazio_spadoni-1.jpeg\"\/><\/figure>\n\n\n<figure class=\"wp-block-image size-large messico\"><img decoding=\"async\" alt=\"2025 settembre 27 74 anniversario congregazione suor perla suor angelica messico spazio spadoni 31 300x225\" src=\"https:\/\/spaziospadoni.org\/wp-content\/uploads\/2026\/05\/2025_settembre_27_74_anniversario_congregazione_suor_perla_suor_angelica_messico_spazio_spadoni-31-300x225.jpeg\"\/><\/figure>\n\n\n<figure class=\"wp-block-image size-large messico\"><img decoding=\"async\" alt=\"2026 gennaio 13 opere misericordia spazio spadoni messico suor perla angelica misericordia rosolini 3 225x300\" src=\"https:\/\/spaziospadoni.org\/wp-content\/uploads\/2026\/05\/2026_gennaio_13_opere_misericordia_spazio_spadoni_messico_suor_perla_angelica_misericordia_rosolini-3-225x300.jpeg\"\/><\/figure>\n\n\n<figure class=\"wp-block-image size-large messico\"><img decoding=\"async\" alt=\"2026 gennaio 13 opere misericordia spazio spadoni messico suor perla angelica misericordia rosolini 2 300x225\" src=\"https:\/\/spaziospadoni.org\/wp-content\/uploads\/2026\/05\/2026_gennaio_13_opere_misericordia_spazio_spadoni_messico_suor_perla_angelica_misericordia_rosolini-2-300x225.jpeg\"\/><\/figure>\n\n\n<figure class=\"wp-block-image size-large messico\"><img decoding=\"async\" alt=\"2026 gennaio 13 opere misericordia spazio spadoni messico suor perla angelica misericordia rosolini 1 300x225\" src=\"https:\/\/spaziospadoni.org\/wp-content\/uploads\/2026\/05\/2026_gennaio_13_opere_misericordia_spazio_spadoni_messico_suor_perla_angelica_misericordia_rosolini-1-300x225.jpeg\"\/><\/figure>\n\n\n<figure class=\"wp-block-image size-large messico\"><img decoding=\"async\" alt=\"2026 gennaio 13 opere misericordia spazio spadoni messico suor perla angelica misericordia rosolini 6 300x225\" src=\"https:\/\/spaziospadoni.org\/wp-content\/uploads\/2026\/05\/2026_gennaio_13_opere_misericordia_spazio_spadoni_messico_suor_perla_angelica_misericordia_rosolini-6-300x225.jpeg\"\/><\/figure>\n\n\n<figure class=\"wp-block-image size-large messico\"><img decoding=\"async\" alt=\"2026 gennaio 25 formazione opere misericordia puebla messico suor perla progetto hic sum operam spazio spadoni 2\" src=\"https:\/\/spaziospadoni.org\/wp-content\/uploads\/2026\/05\/2026_gennaio_25_formazione_opere_misericordia_puebla_messico_suor_perla_progetto_hic_sum_operam_spazio_spadoni-2.jpeg\"\/><\/figure>\n\n\n<figure class=\"wp-block-image size-large messico\"><img decoding=\"async\" alt=\"2026 gennaio 25 formazione opere misericordia puebla messico suor perla progetto hic sum operam spazio spadoni 5\" src=\"https:\/\/spaziospadoni.org\/wp-content\/uploads\/2026\/05\/2026_gennaio_25_formazione_opere_misericordia_puebla_messico_suor_perla_progetto_hic_sum_operam_spazio_spadoni-5.jpeg\"\/><\/figure>\n\n\n<figure class=\"wp-block-image size-large messico\"><img decoding=\"async\" alt=\"2026 gennaio 25 formazione opere misericordia puebla messico suor perla progetto hic sum operam spazio spadoni 4\" src=\"https:\/\/spaziospadoni.org\/wp-content\/uploads\/2026\/05\/2026_gennaio_25_formazione_opere_misericordia_puebla_messico_suor_perla_progetto_hic_sum_operam_spazio_spadoni-4.jpeg\"\/><\/figure>\n\n\n<figure class=\"wp-block-image size-large messico\"><img decoding=\"async\" alt=\"2026 marzo 19 abitanti spazio spadoni puebla opere misericordia operam 14\" src=\"https:\/\/spaziospadoni.org\/wp-content\/uploads\/2026\/05\/2026_marzo_19_abitanti_spazio_spadoni_puebla_opere_misericordia_operam-14.jpeg\"\/><\/figure>\n\n\n<figure class=\"wp-block-image size-large messico\"><img decoding=\"async\" alt=\"2026 marzo 19 abitanti spazio spadoni puebla opere misericordia operam 12\" src=\"https:\/\/spaziospadoni.org\/wp-content\/uploads\/2026\/05\/2026_marzo_19_abitanti_spazio_spadoni_puebla_opere_misericordia_operam-12.jpeg\"\/><\/figure>\n\n\n<figure class=\"wp-block-image size-large messico\"><img decoding=\"async\" alt=\"2026 marzo 19 abitanti spazio spadoni puebla opere misericordia operam 13\" src=\"https:\/\/spaziospadoni.org\/wp-content\/uploads\/2026\/05\/2026_marzo_19_abitanti_spazio_spadoni_puebla_opere_misericordia_operam-13.jpeg\"\/><\/figure>\n\n\n<figure class=\"wp-block-image size-large messico\"><img decoding=\"async\" alt=\"2026 marzo 19 abitanti spazio spadoni puebla opere misericordia operam 16\" src=\"https:\/\/spaziospadoni.org\/wp-content\/uploads\/2026\/05\/2026_marzo_19_abitanti_spazio_spadoni_puebla_opere_misericordia_operam-16.jpeg\"\/><\/figure>\n\n\n<figure class=\"wp-block-image size-large messico\"><img decoding=\"async\" alt=\"2026 marzo 19 abitanti spazio spadoni puebla opere misericordia operam 17\" src=\"https:\/\/spaziospadoni.org\/wp-content\/uploads\/2026\/05\/2026_marzo_19_abitanti_spazio_spadoni_puebla_opere_misericordia_operam-17.jpeg\"\/><\/figure>\n\n\n<figure class=\"wp-block-image size-large messico\"><img decoding=\"async\" alt=\"2026 marzo 19 abitanti spazio spadoni puebla opere misericordia operam 18\" src=\"https:\/\/spaziospadoni.org\/wp-content\/uploads\/2026\/05\/2026_marzo_19_abitanti_spazio_spadoni_puebla_opere_misericordia_operam-18.jpeg\"\/><\/figure>\n\n\n<figure class=\"wp-block-image size-large messico\"><img decoding=\"async\" alt=\"2026 marzo 19 abitanti spazio spadoni puebla opere misericordia operam 20\" src=\"https:\/\/spaziospadoni.org\/wp-content\/uploads\/2026\/05\/2026_marzo_19_abitanti_spazio_spadoni_puebla_opere_misericordia_operam-20.jpeg\"\/><\/figure>\n\n\n<figure class=\"wp-block-image size-large messico\"><img decoding=\"async\" alt=\"2026 marzo 19 abitanti spazio spadoni puebla opere misericordia operam 22\" src=\"https:\/\/spaziospadoni.org\/wp-content\/uploads\/2026\/05\/2026_marzo_19_abitanti_spazio_spadoni_puebla_opere_misericordia_operam-22.jpeg\"\/><\/figure>\n\n\n<figure class=\"wp-block-image size-large messico\"><img decoding=\"async\" alt=\"2026 marzo 19 abitanti spazio spadoni puebla opere misericordia operam 23\" src=\"https:\/\/spaziospadoni.org\/wp-content\/uploads\/2026\/05\/2026_marzo_19_abitanti_spazio_spadoni_puebla_opere_misericordia_operam-23.jpeg\"\/><\/figure>\n\n\n<figure class=\"wp-block-image size-large messico\"><img decoding=\"async\" alt=\"2026 marzo 19 abitanti spazio spadoni puebla opere misericordia operam 1\" src=\"https:\/\/spaziospadoni.org\/wp-content\/uploads\/2026\/05\/2026_marzo_19_abitanti_spazio_spadoni_puebla_opere_misericordia_operam-1.jpeg\"\/><\/figure>\n\n\n<figure class=\"wp-block-image size-large messico\"><img decoding=\"async\" alt=\"2026 marzo 19 abitanti spazio spadoni puebla opere misericordia operam 2\" src=\"https:\/\/spaziospadoni.org\/wp-content\/uploads\/2026\/05\/2026_marzo_19_abitanti_spazio_spadoni_puebla_opere_misericordia_operam-2.jpeg\"\/><\/figure>\n\n\n<figure class=\"wp-block-image size-large messico\"><img decoding=\"async\" alt=\"2026 marzo 19 abitanti spazio spadoni puebla opere misericordia operam 3\" src=\"https:\/\/spaziospadoni.org\/wp-content\/uploads\/2026\/05\/2026_marzo_19_abitanti_spazio_spadoni_puebla_opere_misericordia_operam-3.jpeg\"\/><\/figure>\n\n\n<figure class=\"wp-block-image size-large messico\"><img decoding=\"async\" alt=\"2026 marzo 19 abitanti spazio spadoni puebla opere misericordia operam 4\" src=\"https:\/\/spaziospadoni.org\/wp-content\/uploads\/2026\/05\/2026_marzo_19_abitanti_spazio_spadoni_puebla_opere_misericordia_operam-4.jpeg\"\/><\/figure>\n\n\n<figure class=\"wp-block-image size-large messico\"><img decoding=\"async\" alt=\"2026 marzo 19 abitanti spazio spadoni puebla opere misericordia operam 5\" src=\"https:\/\/spaziospadoni.org\/wp-content\/uploads\/2026\/05\/2026_marzo_19_abitanti_spazio_spadoni_puebla_opere_misericordia_operam-5.jpeg\"\/><\/figure>\n\n\n<figure class=\"wp-block-image size-large messico\"><img decoding=\"async\" alt=\"2026 marzo 19 abitanti spazio spadoni puebla opere misericordia operam 6\" src=\"https:\/\/spaziospadoni.org\/wp-content\/uploads\/2026\/05\/2026_marzo_19_abitanti_spazio_spadoni_puebla_opere_misericordia_operam-6.jpeg\"\/><\/figure>\n\n\n<figure class=\"wp-block-image size-large messico\"><img decoding=\"async\" alt=\"2026 marzo 19 abitanti spazio spadoni puebla opere misericordia operam 7\" src=\"https:\/\/spaziospadoni.org\/wp-content\/uploads\/2026\/05\/2026_marzo_19_abitanti_spazio_spadoni_puebla_opere_misericordia_operam-7.jpeg\"\/><\/figure>\n\n\n<figure class=\"wp-block-image size-large messico\"><img decoding=\"async\" alt=\"2026 marzo 19 abitanti spazio spadoni puebla opere misericordia operam 8\" src=\"https:\/\/spaziospadoni.org\/wp-content\/uploads\/2026\/05\/2026_marzo_19_abitanti_spazio_spadoni_puebla_opere_misericordia_operam-8.jpeg\"\/><\/figure>\n\n\n<figure class=\"wp-block-image size-large messico\"><img decoding=\"async\" alt=\"2026 marzo 19 abitanti spazio spadoni puebla opere misericordia operam 9\" src=\"https:\/\/spaziospadoni.org\/wp-content\/uploads\/2026\/05\/2026_marzo_19_abitanti_spazio_spadoni_puebla_opere_misericordia_operam-9.jpeg\"\/><\/figure>\n\n\n<figure class=\"wp-block-image size-large messico\"><img decoding=\"async\" alt=\"2026 marzo 19 abitanti spazio spadoni puebla opere misericordia operam 10\" src=\"https:\/\/spaziospadoni.org\/wp-content\/uploads\/2026\/05\/2026_marzo_19_abitanti_spazio_spadoni_puebla_opere_misericordia_operam-10.jpeg\"\/><\/figure>\n\n\n<figure class=\"wp-block-image size-large messico\"><img decoding=\"async\" alt=\"2026 marzo 19 abitanti spazio spadoni puebla opere misericordia operam 11\" src=\"https:\/\/spaziospadoni.org\/wp-content\/uploads\/2026\/05\/2026_marzo_19_abitanti_spazio_spadoni_puebla_opere_misericordia_operam-11.jpeg\"\/><\/figure>\n\n\n<figure class=\"wp-block-image size-large messico\"><img decoding=\"async\" alt=\"2026 aprile 1 messico puebla negozio articoli religiosi spazio spadoni opere misericordia operam 2\" src=\"https:\/\/spaziospadoni.org\/wp-content\/uploads\/2026\/05\/2026_aprile_1_messico_puebla_negozio_articoli_religiosi_spazio_spadoni_opere_misericordia_operam-2.jpeg\"\/><\/figure>\n\n\n<figure class=\"wp-block-image size-large messico\"><img decoding=\"async\" alt=\"2026 aprile 1 messico puebla negozio articoli religiosi spazio spadoni opere misericordia operam 9\" src=\"https:\/\/spaziospadoni.org\/wp-content\/uploads\/2026\/05\/2026_aprile_1_messico_puebla_negozio_articoli_religiosi_spazio_spadoni_opere_misericordia_operam-9.jpeg\"\/><\/figure>\n\n\n<figure class=\"wp-block-image size-large messico\"><img decoding=\"async\" alt=\"2026 aprile 1 messico puebla negozio articoli religiosi spazio spadoni opere misericordia operam 11\" src=\"https:\/\/spaziospadoni.org\/wp-content\/uploads\/2026\/05\/2026_aprile_1_messico_puebla_negozio_articoli_religiosi_spazio_spadoni_opere_misericordia_operam-11.jpeg\"\/><\/figure>\n\n\n<figure class=\"wp-block-image size-large messico\"><img decoding=\"async\" alt=\"2026 aprile 1 messico puebla negozio articoli religiosi spazio spadoni opere misericordia operam 15\" src=\"https:\/\/spaziospadoni.org\/wp-content\/uploads\/2026\/05\/2026_aprile_1_messico_puebla_negozio_articoli_religiosi_spazio_spadoni_opere_misericordia_operam-15.jpeg\"\/><\/figure>\n\n<\/figure>\n\n\n<div class=\"gb-element-b24bbf5e ss-media-videos\">\n\n<figure class=\"wp-block-video video\"><video controls=\"\" src=\"https:\/\/spaziospadoni.org\/wp-content\/uploads\/2026\/05\/novembre_2022_compleanno_suor_angelica.mp4\"><\/video><figcaption class=\"wp-element-caption\">novembre 2022 compleanno suor angelica<\/figcaption><\/figure>\n\n\n<figure class=\"wp-block-video video\"><video controls=\"\" src=\"https:\/\/spaziospadoni.org\/wp-content\/uploads\/2026\/05\/avvento-2022.mp4\"><\/video><figcaption class=\"wp-element-caption\">avvento 2022<\/figcaption><\/figure>\n\n\n<figure class=\"wp-block-video video\"><video controls=\"\" src=\"https:\/\/spaziospadoni.org\/wp-content\/uploads\/2026\/05\/dicembre_2022_suor_perla_angelica-2.mp4\"><\/video><figcaption class=\"wp-element-caption\">dicembre 2022 suor perla angelica 2<\/figcaption><\/figure>\n\n\n<figure class=\"wp-block-video video\"><video controls=\"\" src=\"https:\/\/spaziospadoni.org\/wp-content\/uploads\/2026\/05\/gennaio_2023_suor_perla_angelica_misericordia_rosolini.mp4\"><\/video><figcaption class=\"wp-element-caption\">gennaio 2023 suor perla angelica misericordia rosolini<\/figcaption><\/figure>\n\n\n<figure class=\"wp-block-video video\"><video controls=\"\" src=\"https:\/\/spaziospadoni.org\/wp-content\/uploads\/2026\/05\/Formazione_Rosolin_canznone.mp4\"><\/video><figcaption class=\"wp-element-caption\">Formazione Rosolin canznone<\/figcaption><\/figure>\n\n\n<figure class=\"wp-block-video video\"><video controls=\"\" src=\"https:\/\/spaziospadoni.org\/wp-content\/uploads\/2026\/05\/febbraio_2023_rinnovo_voti_suor_perla_angelica_rosolini.mp4\"><\/video><figcaption class=\"wp-element-caption\">febbraio 2023 rinnovo voti suor perla angelica rosolini<\/figcaption><\/figure>\n\n\n<figure class=\"wp-block-video video\"><video controls=\"\" src=\"https:\/\/spaziospadoni.org\/wp-content\/uploads\/2026\/05\/2022_dicembre_suor_perla_angelica_rosolini_italia_misericordia_spazio_spadoni-2.mp4\"><\/video><figcaption class=\"wp-element-caption\">2022 dicembre suor perla angelica rosolini italia misericordia spazio spadoni 2<\/figcaption><\/figure>\n\n\n<figure class=\"wp-block-video video\"><video controls=\"\" src=\"https:\/\/spaziospadoni.org\/wp-content\/uploads\/2026\/05\/2022_dicembre_suor_perla_angelica_rosolini_italia_misericordia_spazio_spadoni-1.mp4\"><\/video><figcaption class=\"wp-element-caption\">2022 dicembre suor perla angelica rosolini italia misericordia spazio spadoni 1<\/figcaption><\/figure>\n\n\n<figure class=\"wp-block-video video\"><video controls=\"\" src=\"https:\/\/spaziospadoni.org\/wp-content\/uploads\/2026\/05\/marzo_2023_gran_gala_suor_perla_angelica_misericordia_rosolini.mp4\"><\/video><figcaption class=\"wp-element-caption\">marzo 2023 gran gala suor perla angelica misericordia rosolini<\/figcaption><\/figure>\n\n\n<figure class=\"wp-block-video video\"><video controls=\"\" src=\"https:\/\/spaziospadoni.org\/wp-content\/uploads\/2026\/05\/marzo_2023_rosolini.mp4\"><\/video><figcaption class=\"wp-element-caption\">marzo 2023 rosolini<\/figcaption><\/figure>\n\n\n<figure class=\"wp-block-video video\"><video controls=\"\" src=\"https:\/\/spaziospadoni.org\/wp-content\/uploads\/2026\/05\/marzo_2023_anziani_saluto.mp4\"><\/video><figcaption class=\"wp-element-caption\">marzo 2023 anziani saluto<\/figcaption><\/figure>\n\n\n<figure class=\"wp-block-video video\"><video controls=\"\" src=\"https:\/\/spaziospadoni.org\/wp-content\/uploads\/2026\/05\/Video-WhatsApp-2023-07-02-ore-21.56.17.mp4\"><\/video><figcaption class=\"wp-element-caption\">Video WhatsApp 2023 07 02 ore 21.56.17<\/figcaption><\/figure>\n\n\n<figure class=\"wp-block-video video\"><video controls=\"\" src=\"https:\/\/spaziospadoni.org\/wp-content\/uploads\/2026\/05\/2024_aprile_messico_suor_perla_angelica_assemblea_congregazione_festa-2.mp4\"><\/video><figcaption class=\"wp-element-caption\">2024 aprile messico suor perla angelica assemblea congregazione festa 2<\/figcaption><\/figure>\n\n\n<figure class=\"wp-block-video video\"><video controls=\"\" src=\"https:\/\/spaziospadoni.org\/wp-content\/uploads\/2026\/05\/2024_aprile_messico_suor_perla_angelica_assemblea_congregazione_festa-3.mp4\"><\/video><figcaption class=\"wp-element-caption\">2024 aprile messico suor perla angelica assemblea congregazione festa 3<\/figcaption><\/figure>\n\n\n<figure class=\"wp-block-video video\"><video controls=\"\" src=\"https:\/\/spaziospadoni.org\/wp-content\/uploads\/2026\/05\/2024_aprile_messico_suor_perla_angelica_assemblea_congregazione_festa-1.mp4\"><\/video><figcaption class=\"wp-element-caption\">2024 aprile messico suor perla angelica assemblea congregazione festa 1<\/figcaption><\/figure>\n\n\n<figure class=\"wp-block-video video\"><video controls=\"\" src=\"https:\/\/spaziospadoni.org\/wp-content\/uploads\/2026\/05\/2025_settembre_27_74_anniversario_congregazione_suor_perla_suor_angelica_messico_spazio_spadoni-31.mp4\"><\/video><figcaption class=\"wp-element-caption\">2025 settembre 27 74 anniversario congregazione suor perla suor angelica messico spazio spadoni 31<\/figcaption><\/figure>\n\n\n<figure class=\"wp-block-video video\"><video controls=\"\" src=\"https:\/\/spaziospadoni.org\/wp-content\/uploads\/2026\/05\/2026_gennaio_25_formazione_opere_misericordia_puebla_messico_suor_perla_progetto_hic_sum_operam_spazio_spadoni-1.mp4\"><\/video><figcaption class=\"wp-element-caption\">2026 gennaio 25 formazione opere misericordia puebla messico suor perla progetto hic sum operam spazio spadoni 1<\/figcaption><\/figure>\n\n<\/div>\n\n<\/div>\n\n<\/div>\n\n<\/div>\n\n","protected":false},"excerpt":{"rendered":"<p>Puebla | Puebla (Messico) OPERA M11 MISSIONE Luogo Puebla Diocesi Puebla Nazione Messico Continente America Coordinate GPS 18.49349 -98.24490 Fuso orario UTC-6 ORGANIZZATORE Congregazione Misioneras Catequistas de los Sagrados Corazones de Jes\u00f9s y de Mar\u00eca Casa Madre Citt\u00e0 del Messico Diocesi Citt\u00e0 del Messico Nazione Messico Continente America Festa Congregazione Sacro Cuore di Ges\u00f9 e &#8230; <a title=\"Messico &#8211; America | Progetto M11\" class=\"read-more\" href=\"https:\/\/spaziospadoni.org\/it\/opera-m\/messico-america-progetto-m11\/\" aria-label=\"Per saperne di pi\u00f9 su Messico &#8211; America | Progetto M11\">Leggi tutto<\/a><\/p>\n","protected":false},"author":102,"featured_media":0,"parent":89578,"menu_order":0,"comment_status":"closed","ping_status":"closed","template":"","meta":{"_sitemap_exclude":false,"_sitemap_priority":"","_sitemap_frequency":"","footnotes":""},"class_list":["post-50771","page","type-page","status-publish","infinite-scroll-item"],"yoast_head":"<!-- This site is optimized with the Yoast SEO plugin v28.4 - https:\/\/yoast.com\/product\/yoast-seo-wordpress\/ -->\n<title>Messico - America | Progetto M11 | Spazio Spadoni<\/title>\n<meta name=\"description\" content=\"Puebla | Puebla (Messico) OPERA M11 MISSIONE Luogo Puebla Diocesi Puebla Nazione Messico Continente America Coordinate GPS 18.49349 -98.24490 Fuso orario\" \/>\n<meta name=\"robots\" content=\"index, follow, max-snippet:-1, max-image-preview:large, max-video-preview:-1\" \/>\n<link rel=\"canonical\" href=\"https:\/\/spaziospadoni.org\/it\/opera-m\/messico-america-progetto-m11\/\" \/>\n<meta property=\"og:locale\" content=\"it_IT\" \/>\n<meta property=\"og:type\" content=\"article\" \/>\n<meta property=\"og:title\" content=\"Messico - America | Progetto M11 | Spazio Spadoni\" \/>\n<meta property=\"og:description\" content=\"Puebla | Puebla (Messico) OPERA M11 MISSIONE Luogo Puebla Diocesi Puebla Nazione Messico Continente America Coordinate GPS 18.49349 -98.24490 Fuso orario\" \/>\n<meta property=\"og:url\" content=\"https:\/\/spaziospadoni.org\/it\/opera-m\/messico-america-progetto-m11\/\" \/>\n<meta property=\"og:site_name\" content=\"spazio + spadoni\" \/>\n<meta property=\"article:publisher\" content=\"https:\/\/www.facebook.com\/SpazioSpadoni\/\" \/>\n<meta property=\"article:modified_time\" content=\"2026-08-17T11:18:18+00:00\" \/>\n<meta property=\"og:image\" content=\"https:\/\/spaziospadoni.org\/wp-content\/uploads\/2026\/05\/hicsum_1_congo-spaziospadoni-scaled.png\" \/>\n\t<meta property=\"og:image:width\" content=\"2560\" \/>\n\t<meta property=\"og:image:height\" content=\"1771\" \/>\n\t<meta property=\"og:image:type\" content=\"image\/png\" \/>\n<meta name=\"twitter:card\" content=\"summary_large_image\" \/>\n<meta name=\"twitter:label1\" content=\"Tempo di lettura stimato\" \/>\n\t<meta name=\"twitter:data1\" content=\"46 minuti\" \/>\n<script type=\"application\/ld+json\" class=\"yoast-schema-graph\">{\"@context\":\"https:\\\/\\\/schema.org\",\"@graph\":[{\"@type\":\"WebPage\",\"@id\":\"https:\\\/\\\/spaziospadoni.org\\\/it\\\/opera-m\\\/messico-america-progetto-m11\\\/\",\"url\":\"https:\\\/\\\/spaziospadoni.org\\\/it\\\/opera-m\\\/messico-america-progetto-m11\\\/\",\"name\":\"Messico - America | Progetto M11 | Spazio Spadoni\",\"isPartOf\":{\"@id\":\"https:\\\/\\\/spaziospadoni.org\\\/it\\\/#website\"},\"primaryImageOfPage\":{\"@id\":\"https:\\\/\\\/spaziospadoni.org\\\/it\\\/opera-m\\\/messico-america-progetto-m11\\\/#primaryimage\"},\"image\":{\"@id\":\"https:\\\/\\\/spaziospadoni.org\\\/it\\\/opera-m\\\/messico-america-progetto-m11\\\/#primaryimage\"},\"thumbnailUrl\":\"https:\\\/\\\/spaziospadoni.org\\\/wp-content\\\/uploads\\\/2026\\\/05\\\/hicsum_20_messico-spaziospadoni.png\",\"datePublished\":\"2026-05-18T11:15:26+00:00\",\"dateModified\":\"2026-08-17T11:18:18+00:00\",\"description\":\"Puebla | Puebla (Messico) OPERA M11 MISSIONE Luogo Puebla Diocesi Puebla Nazione Messico Continente America Coordinate GPS 18.49349 -98.24490 Fuso orario\",\"breadcrumb\":{\"@id\":\"https:\\\/\\\/spaziospadoni.org\\\/it\\\/opera-m\\\/messico-america-progetto-m11\\\/#breadcrumb\"},\"inLanguage\":\"it-IT\",\"potentialAction\":[{\"@type\":\"ReadAction\",\"target\":[\"https:\\\/\\\/spaziospadoni.org\\\/it\\\/opera-m\\\/messico-america-progetto-m11\\\/\"]}]},{\"@type\":\"ImageObject\",\"inLanguage\":\"it-IT\",\"@id\":\"https:\\\/\\\/spaziospadoni.org\\\/it\\\/opera-m\\\/messico-america-progetto-m11\\\/#primaryimage\",\"url\":\"https:\\\/\\\/spaziospadoni.org\\\/wp-content\\\/uploads\\\/2026\\\/05\\\/hicsum_20_messico-spaziospadoni.png\",\"contentUrl\":\"https:\\\/\\\/spaziospadoni.org\\\/wp-content\\\/uploads\\\/2026\\\/05\\\/hicsum_20_messico-spaziospadoni.png\"},{\"@type\":\"BreadcrumbList\",\"@id\":\"https:\\\/\\\/spaziospadoni.org\\\/it\\\/opera-m\\\/messico-america-progetto-m11\\\/#breadcrumb\",\"itemListElement\":[{\"@type\":\"ListItem\",\"position\":1,\"name\":\"Home\",\"item\":\"https:\\\/\\\/spaziospadoni.org\\\/it\\\/\"},{\"@type\":\"ListItem\",\"position\":2,\"name\":\"Opera M\",\"item\":\"https:\\\/\\\/spaziospadoni.org\\\/it\\\/opera-m\\\/\"},{\"@type\":\"ListItem\",\"position\":3,\"name\":\"Messico &#8211; America | Progetto M11\"}]},{\"@type\":\"WebSite\",\"@id\":\"https:\\\/\\\/spaziospadoni.org\\\/it\\\/#website\",\"url\":\"https:\\\/\\\/spaziospadoni.org\\\/it\\\/\",\"name\":\"spazio + spadoni\",\"description\":\"Generazione di misericordia e missione nel mondo\",\"publisher\":{\"@id\":\"https:\\\/\\\/spaziospadoni.org\\\/it\\\/#organization\"},\"alternateName\":\"spaziospadoni.org\",\"potentialAction\":[{\"@type\":\"SearchAction\",\"target\":{\"@type\":\"EntryPoint\",\"urlTemplate\":\"https:\\\/\\\/spaziospadoni.org\\\/it\\\/?s={search_term_string}\"},\"query-input\":{\"@type\":\"PropertyValueSpecification\",\"valueRequired\":true,\"valueName\":\"search_term_string\"}}],\"inLanguage\":\"it-IT\"},{\"@type\":\"Organization\",\"@id\":\"https:\\\/\\\/spaziospadoni.org\\\/it\\\/#organization\",\"name\":\"spazio + spadoni\",\"alternateName\":\"spaziospadoni.org\",\"url\":\"https:\\\/\\\/spaziospadoni.org\\\/it\\\/\",\"logo\":{\"@type\":\"ImageObject\",\"inLanguage\":\"it-IT\",\"@id\":\"https:\\\/\\\/spaziospadoni.org\\\/it\\\/#\\\/schema\\\/logo\\\/image\\\/\",\"url\":\"https:\\\/\\\/spaziospadoni.org\\\/wp-content\\\/uploads\\\/2026\\\/05\\\/spazio-spadoni-logo-100x100-1.webp\",\"contentUrl\":\"https:\\\/\\\/spaziospadoni.org\\\/wp-content\\\/uploads\\\/2026\\\/05\\\/spazio-spadoni-logo-100x100-1.webp\",\"width\":100,\"height\":100,\"caption\":\"spazio + spadoni\"},\"image\":{\"@id\":\"https:\\\/\\\/spaziospadoni.org\\\/it\\\/#\\\/schema\\\/logo\\\/image\\\/\"},\"sameAs\":[\"https:\\\/\\\/www.facebook.com\\\/SpazioSpadoni\\\/\",\"https:\\\/\\\/www.instagram.com\\\/spaziospadoni\\\/\",\"https:\\\/\\\/www.youtube.com\\\/@spaziospadoni\\\/playlists\"]}]}<\/script>\n<!-- \/ Yoast SEO plugin. -->","yoast_head_json":{"title":"Messico - America | Progetto M11 | Spazio Spadoni","description":"Puebla | Puebla (Messico) OPERA M11 MISSIONE Luogo Puebla Diocesi Puebla Nazione Messico Continente America Coordinate GPS 18.49349 -98.24490 Fuso orario","robots":{"index":"index","follow":"follow","max-snippet":"max-snippet:-1","max-image-preview":"max-image-preview:large","max-video-preview":"max-video-preview:-1"},"canonical":"https:\/\/spaziospadoni.org\/it\/opera-m\/messico-america-progetto-m11\/","og_locale":"it_IT","og_type":"article","og_title":"Messico - America | Progetto M11 | Spazio Spadoni","og_description":"Puebla | Puebla (Messico) OPERA M11 MISSIONE Luogo Puebla Diocesi Puebla Nazione Messico Continente America Coordinate GPS 18.49349 -98.24490 Fuso orario","og_url":"https:\/\/spaziospadoni.org\/it\/opera-m\/messico-america-progetto-m11\/","og_site_name":"spazio + spadoni","article_publisher":"https:\/\/www.facebook.com\/SpazioSpadoni\/","article_modified_time":"2026-08-17T11:18:18+00:00","og_image":[{"width":2560,"height":1771,"url":"https:\/\/spaziospadoni.org\/wp-content\/uploads\/2026\/05\/hicsum_1_congo-spaziospadoni-scaled.png","type":"image\/png"}],"twitter_card":"summary_large_image","twitter_misc":{"Tempo di lettura stimato":"46 minuti"},"schema":{"@context":"https:\/\/schema.org","@graph":[{"@type":"WebPage","@id":"https:\/\/spaziospadoni.org\/it\/opera-m\/messico-america-progetto-m11\/","url":"https:\/\/spaziospadoni.org\/it\/opera-m\/messico-america-progetto-m11\/","name":"Messico - America | Progetto M11 | Spazio Spadoni","isPartOf":{"@id":"https:\/\/spaziospadoni.org\/it\/#website"},"primaryImageOfPage":{"@id":"https:\/\/spaziospadoni.org\/it\/opera-m\/messico-america-progetto-m11\/#primaryimage"},"image":{"@id":"https:\/\/spaziospadoni.org\/it\/opera-m\/messico-america-progetto-m11\/#primaryimage"},"thumbnailUrl":"https:\/\/spaziospadoni.org\/wp-content\/uploads\/2026\/05\/hicsum_20_messico-spaziospadoni.png","datePublished":"2026-05-18T11:15:26+00:00","dateModified":"2026-08-17T11:18:18+00:00","description":"Puebla | Puebla (Messico) OPERA M11 MISSIONE Luogo Puebla Diocesi Puebla Nazione Messico Continente America Coordinate GPS 18.49349 -98.24490 Fuso orario","breadcrumb":{"@id":"https:\/\/spaziospadoni.org\/it\/opera-m\/messico-america-progetto-m11\/#breadcrumb"},"inLanguage":"it-IT","potentialAction":[{"@type":"ReadAction","target":["https:\/\/spaziospadoni.org\/it\/opera-m\/messico-america-progetto-m11\/"]}]},{"@type":"ImageObject","inLanguage":"it-IT","@id":"https:\/\/spaziospadoni.org\/it\/opera-m\/messico-america-progetto-m11\/#primaryimage","url":"https:\/\/spaziospadoni.org\/wp-content\/uploads\/2026\/05\/hicsum_20_messico-spaziospadoni.png","contentUrl":"https:\/\/spaziospadoni.org\/wp-content\/uploads\/2026\/05\/hicsum_20_messico-spaziospadoni.png"},{"@type":"BreadcrumbList","@id":"https:\/\/spaziospadoni.org\/it\/opera-m\/messico-america-progetto-m11\/#breadcrumb","itemListElement":[{"@type":"ListItem","position":1,"name":"Home","item":"https:\/\/spaziospadoni.org\/it\/"},{"@type":"ListItem","position":2,"name":"Opera M","item":"https:\/\/spaziospadoni.org\/it\/opera-m\/"},{"@type":"ListItem","position":3,"name":"Messico &#8211; America | Progetto M11"}]},{"@type":"WebSite","@id":"https:\/\/spaziospadoni.org\/it\/#website","url":"https:\/\/spaziospadoni.org\/it\/","name":"spazio + spadoni","description":"Generazione di misericordia e missione nel mondo","publisher":{"@id":"https:\/\/spaziospadoni.org\/it\/#organization"},"alternateName":"spaziospadoni.org","potentialAction":[{"@type":"SearchAction","target":{"@type":"EntryPoint","urlTemplate":"https:\/\/spaziospadoni.org\/it\/?s={search_term_string}"},"query-input":{"@type":"PropertyValueSpecification","valueRequired":true,"valueName":"search_term_string"}}],"inLanguage":"it-IT"},{"@type":"Organization","@id":"https:\/\/spaziospadoni.org\/it\/#organization","name":"spazio + spadoni","alternateName":"spaziospadoni.org","url":"https:\/\/spaziospadoni.org\/it\/","logo":{"@type":"ImageObject","inLanguage":"it-IT","@id":"https:\/\/spaziospadoni.org\/it\/#\/schema\/logo\/image\/","url":"https:\/\/spaziospadoni.org\/wp-content\/uploads\/2026\/05\/spazio-spadoni-logo-100x100-1.webp","contentUrl":"https:\/\/spaziospadoni.org\/wp-content\/uploads\/2026\/05\/spazio-spadoni-logo-100x100-1.webp","width":100,"height":100,"caption":"spazio + spadoni"},"image":{"@id":"https:\/\/spaziospadoni.org\/it\/#\/schema\/logo\/image\/"},"sameAs":["https:\/\/www.facebook.com\/SpazioSpadoni\/","https:\/\/www.instagram.com\/spaziospadoni\/","https:\/\/www.youtube.com\/@spaziospadoni\/playlists"]}]}},"_links":{"self":[{"href":"https:\/\/spaziospadoni.org\/it\/wp-json\/wp\/v2\/pages\/50771","targetHints":{"allow":["GET"]}}],"collection":[{"href":"https:\/\/spaziospadoni.org\/it\/wp-json\/wp\/v2\/pages"}],"about":[{"href":"https:\/\/spaziospadoni.org\/it\/wp-json\/wp\/v2\/types\/page"}],"author":[{"embeddable":true,"href":"https:\/\/spaziospadoni.org\/it\/wp-json\/wp\/v2\/users\/102"}],"replies":[{"embeddable":true,"href":"https:\/\/spaziospadoni.org\/it\/wp-json\/wp\/v2\/comments?post=50771"}],"version-history":[{"count":1,"href":"https:\/\/spaziospadoni.org\/it\/wp-json\/wp\/v2\/pages\/50771\/revisions"}],"predecessor-version":[{"id":90294,"href":"https:\/\/spaziospadoni.org\/it\/wp-json\/wp\/v2\/pages\/50771\/revisions\/90294"}],"up":[{"embeddable":true,"href":"https:\/\/spaziospadoni.org\/it\/wp-json\/wp\/v2\/pages\/89578"}],"wp:attachment":[{"href":"https:\/\/spaziospadoni.org\/it\/wp-json\/wp\/v2\/media?parent=50771"}],"curies":[{"name":"wp","href":"https:\/\/api.w.org\/{rel}","templated":true}]}}