{"id":51401,"date":"2026-05-18T14:17:39","date_gmt":"2026-05-18T13:17:39","guid":{"rendered":"https:\/\/spaziospadoni.org\/?page_id=51401"},"modified":"2026-08-17T12:21:15","modified_gmt":"2026-08-17T11:21:15","slug":"repubblica-democratica-del-congo-africa-progetto-m35","status":"publish","type":"page","link":"https:\/\/spaziospadoni.org\/it\/opera-m\/repubblica-democratica-del-congo-africa-progetto-m35\/","title":{"rendered":"Repubblica Democratica del Congo &#8211; Africa | Progetto M35"},"content":{"rendered":"\n<div class=\"ss-project-hero-card\">\n<h2 id=\"goma-goma-repubblica-democratica-del-congo\" class=\"gb-text gb-text-62a95885\">Goma | Goma (Repubblica Democratica del Congo)<\/h2>\n\n\n\n<div class=\"gb-element-f60f2409\">\n<div class=\"gb-element-90a85740 ss-project-sidebar\">\n<h2 id=\"opera-m35\" class=\"gb-text ss-project-title\">OPERA M35<\/h2>\n\n\n\n<figure class=\"wp-block-image size-large\"><img decoding=\"async\" src=\"https:\/\/spaziospadoni.org\/wp-content\/uploads\/2026\/05\/hicsum_1_congo-spaziospadoni.png\" alt=\"hicsum 1 congo spaziospadoni\" class=\"wp-image-43007\"\/><\/figure>\n\n\n\n<div class=\"ss-project-table\">\n<div class=\"ss-table-section-title\">\n<h3 id=\"missione\" class=\"gb-text\">MISSIONE<\/h3>\n<\/div>\n\n\n\n<div class=\"ss-table-row\">\n<p class=\"gb-text\">Luogo<\/p>\n\n\n\n<p class=\"gb-text\"><a href=\"https:\/\/www.google.com\/maps\/place\/Goma,+Repubblica+Democratica+del+Congo\/@-1.6587692,29.1669085,13z\/data=!3m1!4b1!4m6!3m5!1s0x19dd0f5ff03ccf71:0x8702d152f9f905e7!8m2!3d-1.658501!4d29.2204548!16zL20vMDRoa255?entry=ttu&#038;g_ep=EgoyMDI2MDMyMy4xIKXMDSoASAFQAw%3D%3D\" rel=\"noreferrer noopener\" target=\"_blank\" title=\"Goma\">Goma<\/a><\/p>\n<\/div>\n\n\n\n<div class=\"ss-table-row\">\n<p class=\"gb-text\">Diocesi<\/p>\n\n\n\n<p class=\"gb-text\">Goma<\/p>\n<\/div>\n\n\n\n<div class=\"ss-table-row\">\n<p class=\"gb-text\">Nazione<\/p>\n\n\n\n<p class=\"gb-text\"><strong>Repubblica Democratica del Congo<\/strong><\/p>\n<\/div>\n\n\n\n<div class=\"ss-table-row\">\n<p class=\"gb-text\">Continente<\/p>\n\n\n\n<p class=\"gb-text\">Africa<\/p>\n<\/div>\n\n\n\n<div class=\"ss-table-row\">\n<p class=\"gb-text\">Coordinate GPS<\/p>\n\n\n\n<p class=\"gb-text\">-1.65843 29.2223<\/p>\n<\/div>\n\n\n\n<div class=\"ss-table-row\">\n<p class=\"gb-text\">Fuso orario<\/p>\n\n\n\n<p class=\"gb-text\">UTC+2<\/p>\n<\/div>\n<\/div>\n\n\n\n<div class=\"ss-project-table\">\n<div class=\"ss-table-section-title\">\n<h3 id=\"organizzatore\" class=\"gb-text\">ORGANIZZATORE<\/h3>\n<\/div>\n\n\n\n<div class=\"ss-table-row\">\n<p class=\"gb-text\">Congregazione<\/p>\n\n\n\n<p class=\"gb-text\">Religieuses de l\u2019Instruction Chr\u00e9tienne<\/p>\n<\/div>\n\n\n\n<div class=\"ss-table-row\">\n<p class=\"gb-text\">Casa Madre<\/p>\n\n\n\n<p class=\"gb-text\">Li\u00e8ge, Belgio<\/p>\n<\/div>\n\n\n\n<div class=\"ss-table-row\">\n<p class=\"gb-text\">Diocesi<\/p>\n\n\n\n<p class=\"gb-text\">Li\u00e8ge<\/p>\n<\/div>\n\n\n\n<div class=\"ss-table-row\">\n<p class=\"gb-text\">Nazione<\/p>\n\n\n\n<p class=\"gb-text\">Belgio<\/p>\n<\/div>\n\n\n\n<div class=\"ss-table-row\">\n<p class=\"gb-text\">Continente<\/p>\n\n\n\n<p class=\"gb-text\">Europa<\/p>\n<\/div>\n\n\n\n<div class=\"ss-table-row\">\n<p class=\"gb-text\">Festa Congregazione<\/p>\n\n\n\n<p class=\"gb-text\">25 marzo<\/p>\n<\/div>\n\n\n\n<div class=\"ss-table-row\">\n<p class=\"gb-text\">Coordinate GPS<\/p>\n\n\n\n<p class=\"gb-text\">50.63960 5.57009<\/p>\n<\/div>\n\n\n\n<div class=\"ss-table-row\">\n<p class=\"gb-text\">Fuso orario<\/p>\n\n\n\n<p class=\"gb-text\">UTC+1<\/p>\n<\/div>\n\n\n\n<div class=\"ss-table-row\">\n<p class=\"gb-text\">Referente<\/p>\n\n\n\n<p class=\"gb-text\">Suor Francine Mave Ditsove<\/p>\n<\/div>\n\n\n\n<div class=\"ss-table-row\">\n<p class=\"gb-text\">Madre Generale<\/p>\n\n\n\n<p class=\"gb-text\">Suor Anuarite Mandesi Bodha<\/p>\n<\/div>\n\n\n\n<div class=\"ss-table-row\">\n<p class=\"gb-text\">Sito Internet<\/p>\n\n\n\n<p class=\"gb-text\"><a href=\"https:\/\/www.suoresantagemma.it\/\" target=\"_blank\" rel=\"noreferrer noopener\" title=\"suoresantagemma.it\">suoresantagemma.it<\/a><\/p>\n<\/div>\n<\/div>\n\n\n\n<div class=\"ss-project-table\">\n<a class=\"gb-element-e1766596 ss-table-section-button\" href=\"#\" title=\"OPERA M &#8211; PROGETTO M35\">\n<span class=\"gb-text\">OPERA M &#8211; PROGETTO M35<\/span>\n<\/a>\n<\/div>\n<\/div>\n<\/div>\n\n\n\n<div class=\"gb-element-6ad95ea8\">\n<div class=\"gb-element-e34063a6 ss-project-intro\">\n<p class=\"wp-block-paragraph\">OPERA M \u00e8 la rivoluzione delle opere di misericordia. \u00c8 lo strumento permanente di sviluppo di un pensiero forte e rinnovato delle opere nel mondo.<\/p>\n\n\n\n<p class=\"wp-block-paragraph\">Nasce da un\u2019urgenza sentita fortemente da spazio + spadoni di ri<strong>E<\/strong>volvere il concetto di opera di misericordia come cammino che \u00e8 sempre contemporaneamente umano e divino insieme, e quindi, sempre spirituale oltre che pratico (o corporale). La riscoperta, anzi, la vera ri<strong>E<\/strong>voluzione delle opere deve essere ritrovata dentro questa sintesi tra aspetto spirituale e atto pratico. L\u2019operare materiale deve sempre essere permeato dallo spirito.<\/p>\n\n\n\n<p class=\"wp-block-paragraph\">OPERA M si fonda su cinque azioni che ne definiscono il metodo: INVOCA, chiama lo Spirito ASCOLTA, fai silenzio per aprirti all&#8217;ascolto INCONTRA, stai in mezzo alla gente OPERIAMO, agire per le opere INONDIAMO, portiamo tutti alle Opere di Misericordia <strong>Opere di Misericordia spirituali<\/strong> Consigliare i dubbiosi Insegnare agli ignoranti Ammonire i peccatori Consolare gli afflitti Perdonare le offese Sopportare pazientemente le persone moleste Pregare Dio per i vivi e per i morti <strong>Opere di Misericordia corporali<\/strong> Dar da mangiare agli affamati Dar da bere agli assetati Vestire gli ignudi Alloggiare i pellegrini Visitare gli infermi Visitare i carcerati Seppellire i morti<\/p>\n\n<\/div>\n<\/div>\n\n\n\n\n<div>\n\n<h2 id=\"timeline\" class=\"gb-text gb-text-8179e40a\">Timeline<\/h2>\n\n\n\n\n\n<div class=\"ss-timeline\">\n\n<h3 id=\"2023\" class=\"gb-text\">2023<\/h3>\n\n\n\n\n\n<div class=\"ss-timeline-item\">\n\n<h4 id=\"21-febbraio-inizio-rapporto-congregazione\" class=\"gb-text\">21 febbraio | Inizio rapporto Congregazione<\/h4>\n\n\n\n\n<p class=\"wp-block-paragraph\">Si instaura il primo contatto con la Congregazione che segna l&#x27;inizio della collaborazione con spazio + spadoni<\/p>\n\n\n<\/div>\n\n\n\n\n<div class=\"ss-timeline-item\">\n\n<h4 id=\"1728-luglio-formazione-opere-misericordia\" class=\"gb-text\">17-28 luglio | Formazione Opere Misericordia<\/h4>\n\n\n\n\n<p class=\"wp-block-paragraph\">Suor Anuarite, Superiora Provinciale della Congregazione, viene in Italia per partecipare ad una formazione dedicata agli Ambasciatori e ai Linker delle Opere di Misericordia promossa da spazio + spadoni nell&#x27;ambito della riEvoluzione delle Opere di Misericordia &#8211; OPERA M<\/p>\n\n\n\n<figure class=\"wp-block-gallery has-nested-images columns-1 is-cropped ss-lightbox wp-block-gallery-1 is-layout-flex wp-block-gallery-is-layout-flex\">\n\n<figure class=\"wp-block-image size-large\"><img decoding=\"async\" src=\"https:\/\/spaziospadoni.org\/wp-content\/uploads\/2026\/05\/IMG_9654-scaled-1.jpg\" alt=\"IMG 9654 scaled\"\/><figcaption class=\"wp-element-caption\">17-28 luglio | Formazione Opere Misericordia<\/figcaption><\/figure>\n\n<\/figure>\n\n\n<\/div>\n\n\n\n\n<div class=\"ss-timeline-item\">\n\n<h4 id=\"16-novembre-arrivo-suora\" class=\"gb-text\">16 novembre | Arrivo suora<\/h4>\n\n\n\n\n<p class=\"wp-block-paragraph\">Suor Francine arriva in Italia accolta dalla Congregazione Missionaria Santa Gemma e dalla Comunit\u00e0 Parrocchiale Santa Gemma per svolgere il progetto HIC SUM e approfondire la conoscenza delle Opere di Misericordia secondo il carisma OPERA M promosso da spazio + spadoni<\/p>\n\n\n\n<figure class=\"wp-block-gallery has-nested-images columns-1 is-cropped ss-lightbox wp-block-gallery-2 is-layout-flex wp-block-gallery-is-layout-flex\">\n\n<figure class=\"wp-block-image size-large\"><img decoding=\"async\" src=\"https:\/\/spaziospadoni.org\/wp-content\/uploads\/2026\/05\/2023_novembre_19_hicsum_44_suor_francine_spazio_spadoni_sorelle_santa_gemma_presentazione_comunita-3-225x300.jpg\" alt=\"2023 novembre 19 hicsum 44 suor francine spazio spadoni sorelle santa gemma presentazione comunita 3 225x300\"\/><figcaption class=\"wp-element-caption\">16 novembre | Arrivo suora<\/figcaption><\/figure>\n\n<\/figure>\n\n\n<\/div>\n\n\n\n\n<div class=\"ss-timeline-item\">\n\n<h4 id=\"07-dicembre-formazione-opera-m\" class=\"gb-text\">07 dicembre | Formazione OPERA M<\/h4>\n\n\n\n\n<p class=\"wp-block-paragraph\">Luigi Spadoni incontra suor Francine per una giornata di formazione sull&#x27;importanza della diffusione delle Opere di Misericoria e sulla strutturazione di OPERA M una volta che sar\u00e0 rientrata in Congo<\/p>\n\n\n\n<figure class=\"wp-block-gallery has-nested-images columns-1 is-cropped ss-lightbox wp-block-gallery-3 is-layout-flex wp-block-gallery-is-layout-flex\">\n\n<figure class=\"wp-block-image size-large\"><img decoding=\"async\" src=\"https:\/\/spaziospadoni.org\/wp-content\/uploads\/2026\/05\/2024_marzo_hicsum_44_italia_suor_francine_religieuses_instruction_chretienne_spazio_spadoni_sorelle_santa_gemma_misericordia_comunita_pastorale_san_cerbone_luigi-225x300.jpg\" alt=\"2024 marzo hicsum 44 italia suor francine religieuses instruction chretienne spazio spadoni sorelle santa gemma misericordia comunita pastorale san cerbone luigi 225x300\"\/><figcaption class=\"wp-element-caption\">07 dicembre | Formazione OPERA M<\/figcaption><\/figure>\n\n<\/figure>\n\n\n<\/div>\n\n\n\n\n<div class=\"ss-timeline-item\">\n\n<h4 id=\"dicembre-spazio-spadoni-incontra-la-comunita-di-goma\" class=\"gb-text\">Dicembre | spazio + spadoni incontra la comunit\u00e0 di Goma<\/h4>\n\n\n\n\n<p class=\"wp-block-paragraph\">In occasione di un viaggio missionario nella Repubblica Democratica del Congo, Selene si reca a Goma e alloggia nella comunit\u00e0 di suor Anuarite e di suor Francine, che nel frattempo si trova in Italia. Viene accolta dalla Provinciale suor Anuarite<\/p>\n\n\n\n<figure class=\"wp-block-gallery has-nested-images columns-1 is-cropped ss-lightbox wp-block-gallery-4 is-layout-flex wp-block-gallery-is-layout-flex\">\n\n<figure class=\"wp-block-image size-large\"><img decoding=\"async\" src=\"https:\/\/spaziospadoni.org\/wp-content\/uploads\/2026\/05\/2023_dicembre_6_hicsum_44_suor_francine_spazio_spadoni_sorelle_santa_gemma_selene_pera_goma_superiora_provinciale-225x300.jpg\" alt=\"2023 dicembre 6 hicsum 44 suor francine spazio spadoni sorelle santa gemma selene pera goma superiora provinciale 225x300\"\/><figcaption class=\"wp-element-caption\">Dicembre | spazio + spadoni incontra la comunit\u00e0 di Goma<\/figcaption><\/figure>\n\n<\/figure>\n\n\n<\/div>\n\n\n\n\n<div class=\"ss-timeline-item\">\n\n<h4 id=\"novembre-dicembre-formazione\" class=\"gb-text\">Novembre &#8211; Dicembre | Formazione<\/h4>\n\n\n\n\n<p class=\"wp-block-paragraph\">In novembre e dicembre la formazione di suor Francine in Italia si centra soprattutto sul tema delle Opere di Misericordia<\/p>\n\n\n<\/div>\n\n\n<\/div>\n\n\n\n\n<div class=\"ss-timeline\">\n\n<h3 id=\"2024\" class=\"gb-text\">2024<\/h3>\n\n\n\n\n\n<div class=\"ss-timeline-item\">\n\n<h4 id=\"gennaio-marzo-attivita-parrocchiali-e-comunitarie\" class=\"gb-text\">Gennaio &#8211; Marzo | Attivit\u00e0 parrocchiali e comunitarie<\/h4>\n\n\n\n\n<p class=\"wp-block-paragraph\">Formazione di suor Francine: doposcuola, oratorio creativo, formazione sulle Opere di Misericordia, mensa caritativa<\/p>\n\n\n\n<figure class=\"wp-block-gallery has-nested-images columns-1 is-cropped ss-lightbox wp-block-gallery-5 is-layout-flex wp-block-gallery-is-layout-flex\">\n\n<figure class=\"wp-block-image size-large\"><img decoding=\"async\" src=\"https:\/\/spaziospadoni.org\/wp-content\/uploads\/2026\/05\/2024_marzo_3_hicsum_44_suor_francine_religieuses_instruction_chretienne_spazio_spadoni_sorelle_santa_gemma_misericordia_comunita_pastorale_formazione.jpg\" alt=\"2024 marzo 3 hicsum 44 suor francine religieuses instruction chretienne spazio spadoni sorelle santa gemma misericordia comunita pastorale formazione\"\/><figcaption class=\"wp-element-caption\">Gennaio &#8211; Marzo | Attivit\u00e0 parrocchiali e comunitarie<\/figcaption><\/figure>\n\n<\/figure>\n\n\n<\/div>\n\n\n\n\n<div class=\"ss-timeline-item\">\n\n<h4 id=\"15-febbraio-formazione-opera-m\" class=\"gb-text\">15 febbraio | Formazione OPERA M<\/h4>\n\n\n\n\n<p class=\"wp-block-paragraph\">Luigi Spadoni incontra suor Francine per svolgere una formazione sulla riEvoluzione delle Opere di Misericordia<\/p>\n\n\n\n<figure class=\"wp-block-gallery has-nested-images columns-1 is-cropped ss-lightbox wp-block-gallery-6 is-layout-flex wp-block-gallery-is-layout-flex\">\n\n<figure class=\"wp-block-image size-large\"><img decoding=\"async\" src=\"https:\/\/spaziospadoni.org\/wp-content\/uploads\/2026\/05\/2024_febbraio_15_suorfrancine_italia_luigi_spadoni_formazione_progetto_hic_sum-2.jpg\" alt=\"2024 febbraio 15 suorfrancine italia luigi spadoni formazione progetto hic sum 2\"\/><figcaption class=\"wp-element-caption\">15 febbraio | Formazione OPERA M<\/figcaption><\/figure>\n\n<\/figure>\n\n\n<\/div>\n\n\n\n\n<div class=\"ss-timeline-item\">\n\n<h4 id=\"03-marzo-formazione-opere-misericordia\" class=\"gb-text\">03 marzo | Formazione Opere Misericordia<\/h4>\n\n\n\n\n<p class=\"wp-block-paragraph\">Formazione Opere di Misericordia con suor Gloriose e visita Pistoia<\/p>\n\n\n\n<figure class=\"wp-block-gallery has-nested-images columns-1 is-cropped ss-lightbox wp-block-gallery-7 is-layout-flex wp-block-gallery-is-layout-flex\">\n\n<figure class=\"wp-block-image size-large\"><img decoding=\"async\" src=\"https:\/\/spaziospadoni.org\/wp-content\/uploads\/2026\/05\/2024_marzo_hicsum_44_italia_suor_francine_religieuses_instruction_chretienne_spazio_spadoni_sorelle_santa_gemma_misericordia_comunita_pastorale_visita_pistoia-4-300x225.jpg\" alt=\"2024 marzo hicsum 44 italia suor francine religieuses instruction chretienne spazio spadoni sorelle santa gemma misericordia comunita pastorale visita pistoia 4 300x225\"\/><figcaption class=\"wp-element-caption\">03 marzo | Formazione Opere Misericordia<\/figcaption><\/figure>\n\n<\/figure>\n\n\n<\/div>\n\n\n\n\n<div class=\"ss-timeline-item\">\n\n<h4 id=\"24marzo-partenza-suora\" class=\"gb-text\">24marzo | Partenza suora<\/h4>\n\n\n\n\n<p class=\"wp-block-paragraph\">Suor Francine anticipa il rientro in Congo per alcuni impegni con l\u2019Universit\u00e0 con cui lavora<\/p>\n\n\n\n<figure class=\"wp-block-gallery has-nested-images columns-1 is-cropped ss-lightbox wp-block-gallery-8 is-layout-flex wp-block-gallery-is-layout-flex\">\n\n<figure class=\"wp-block-image size-large\"><img decoding=\"async\" src=\"https:\/\/spaziospadoni.org\/wp-content\/uploads\/2026\/05\/2024_marzo_24_hicsum_44_suor_francine_religieuses_instruction_chretienne_spazio_spadoni_sorelle_santa_gemma_misericordia_comunita_pastorale_partenza_congo-225x300.jpg\" alt=\"2024 marzo 24 hicsum 44 suor francine religieuses instruction chretienne spazio spadoni sorelle santa gemma misericordia comunita pastorale partenza congo 225x300\"\/><figcaption class=\"wp-element-caption\">24marzo | Partenza suora<\/figcaption><\/figure>\n\n<\/figure>\n\n\n<\/div>\n\n\n<\/div>\n\n\n\n\n<div class=\"ss-timeline\">\n\n<h3 id=\"2025\" class=\"gb-text\">2025<\/h3>\n\n\n\n\n\n<div class=\"ss-timeline-item\">\n\n<h4 id=\"febbraio-dicembre-opere-misericordia-con-rifugiati\" class=\"gb-text\">Febbraio &#8211; Dicembre | Opere Misericordia con rifugiati<\/h4>\n\n\n\n\n<p class=\"wp-block-paragraph\">A causa dell&#x27;inasprirsi della guerra nella Repubblica Democratica del Congo le suore della Congregazione si trovano costrette a rivedere il programma sulla diffusione delle Opere di Misericordia che avevano preparato. A Goma, suor Francine, suor Anuarite e la comunit\u00e0 fanno formazione con le consorelle e aiutano i concittadini nell&#x27;emergenza della guerra. A Bunia, dove si trova un&#x27;altra comunit\u00e0, le suore formano e praticano le Opere di Misericordia nei campi dei rifugiati.<\/p>\n\n\n<\/div>\n\n\n\n\n<div class=\"ss-timeline-item\">\n\n<h4 id=\"1213-ottobre-incontro-con-spazio-spadoni\" class=\"gb-text\">12-13 ottobre | Incontro con spazio + spadoni<\/h4>\n\n\n\n\n<p class=\"wp-block-paragraph\">Incontro a Roma tra spazio + spadoni, suor Francine, suor Anuarite e la Congregazione. Le sorelle si trovavano in Italia sia per una riunione generale della Congregazione che per partecipare al Giubileo; \u00e8 stata l&#x27;occasione giusta per un incontro e per un confronto sulle attivit\u00e0 sostenute da spazio + spadoni<\/p>\n\n\n\n<figure class=\"wp-block-gallery has-nested-images columns-1 is-cropped ss-lightbox wp-block-gallery-9 is-layout-flex wp-block-gallery-is-layout-flex\">\n\n<figure class=\"wp-block-image size-large\"><img decoding=\"async\" src=\"https:\/\/spaziospadoni.org\/wp-content\/uploads\/2026\/05\/2025_ottobre_13_suor_francine_anuarite_roma_italia_incontro_luigi_spadoni_opere_misericordia_hic_sum-2.jpg\" alt=\"2025 ottobre 13 suor francine anuarite roma italia incontro luigi spadoni opere misericordia hic sum 2\"\/><figcaption class=\"wp-element-caption\">12-13 ottobre | Incontro con spazio + spadoni<\/figcaption><\/figure>\n\n\n<figure class=\"wp-block-image size-large\"><img decoding=\"async\" src=\"https:\/\/spaziospadoni.org\/wp-content\/uploads\/2026\/05\/2025_ottobre_12_incontro_suor_gloriose_francine_anuarite_selene_roma_incontro_spazio_spadoni-1.jpeg\" alt=\"2025 ottobre 12 incontro suor gloriose francine anuarite selene roma incontro spazio spadoni 1\"\/><figcaption class=\"wp-element-caption\">12-13 ottobre | Incontro con spazio + spadoni<\/figcaption><\/figure>\n\n<\/figure>\n\n\n<\/div>\n\n\n<\/div>\n\n\n<\/div>\n\n\n\n<div class=\"ss-project-reports\">\n<h2 id=\"report-opere-di-misericordia\" class=\"gb-text gb-text-75c3218d\">Report Opere di Misericordia<\/h2>\n\n\n<ul class=\"wp-block-list ss-report-list\">\n\n<li><a href=\"https:\/\/spaziospadoni.org\/wp-content\/uploads\/2026\/05\/Febbraio-2026_Opere-di-Misericordia.pdf\" target=\"_blank\" rel=\"noreferrer noopener\" title=\"Febbraio 2026_Opere di Misericordia\">Febbraio 2026_Opere di Misericordia<\/a><\/li>\n\n<\/ul>\n\n<\/div>\n\n\n\n<div class=\"ss-project-media\">\n<h2 id=\"foto-e-video\" class=\"gb-text gb-text-d7bd8be8\">Foto e video<\/h2>\n\n\n<div class=\"ss-media-filters\">\n\n<a class=\"gb-text ss-media-filter active\" data-filter=\"*\" title=\"Tutto\">Tutto<\/a>\n\n\n<a class=\"gb-text ss-media-filter\" data-filter=\".formazione-opera-m\" title=\"Formazione OPERA M\">Formazione OPERA M<\/a>\n\n\n<a class=\"gb-text ss-media-filter\" data-filter=\".italia\" title=\"Italia\">Italia<\/a>\n\n\n<a class=\"gb-text ss-media-filter\" data-filter=\".repubblica-democratica-del-congo\" title=\"Repubblica Democratica del Congo\">Repubblica Democratica del Congo<\/a>\n\n\n<a class=\"gb-text ss-media-filter\" data-filter=\".formazione\" title=\"Formazione\">Formazione<\/a>\n\n\n<a class=\"gb-text ss-media-filter\" data-filter=\".video\" title=\"Video\">Video<\/a>\n\n<\/div>\n\n\n<div class=\"ss-media-grid\">\n<div>\n<figure class=\"wp-block-gallery has-nested-images columns-1 is-cropped ss-lightbox wp-block-gallery-10 is-layout-flex wp-block-gallery-is-layout-flex\">\n\n<figure class=\"wp-block-image size-large formazione-opera-m\"><img decoding=\"async\" alt=\"IMG 9654 scaled\" src=\"https:\/\/spaziospadoni.org\/wp-content\/uploads\/2026\/05\/IMG_9654-scaled-1.jpg\"\/><\/figure>\n\n\n<figure class=\"wp-block-image size-large formazione-opera-m\"><img decoding=\"async\" alt=\"2023 lulgio formazione spazio spadoni opere misericordia italia lucca operam suor anuarite 1 scaled\" src=\"https:\/\/spaziospadoni.org\/wp-content\/uploads\/2026\/05\/2023_lulgio_formazione_spazio_spadoni_opere_misericordia_italia_lucca_operam_suor_anuarite-1-scaled-1.jpg\"\/><\/figure>\n\n\n<figure class=\"wp-block-image size-large formazione-opera-m\"><img decoding=\"async\" alt=\"2023 lulgio formazione spazio spadoni opere misericordia italia lucca operam suor anuarite 5 scaled\" src=\"https:\/\/spaziospadoni.org\/wp-content\/uploads\/2026\/05\/2023_lulgio_formazione_spazio_spadoni_opere_misericordia_italia_lucca_operam_suor_anuarite-5-scaled-1.jpg\"\/><\/figure>\n\n\n<figure class=\"wp-block-image size-large formazione-opera-m\"><img decoding=\"async\" alt=\"2023 lulgio formazione spazio spadoni opere misericordia italia lucca operam suor anuarite 4 scaled\" src=\"https:\/\/spaziospadoni.org\/wp-content\/uploads\/2026\/05\/2023_lulgio_formazione_spazio_spadoni_opere_misericordia_italia_lucca_operam_suor_anuarite-4-scaled-1.jpg\"\/><\/figure>\n\n\n<figure class=\"wp-block-image size-large formazione-opera-m\"><img decoding=\"async\" alt=\"2023 lulgio formazione spazio spadoni opere misericordia italia lucca operam suor anuarite 6 scaled\" src=\"https:\/\/spaziospadoni.org\/wp-content\/uploads\/2026\/05\/2023_lulgio_formazione_spazio_spadoni_opere_misericordia_italia_lucca_operam_suor_anuarite-6-scaled-1.jpg\"\/><\/figure>\n\n\n<figure class=\"wp-block-image size-large formazione-opera-m\"><img decoding=\"async\" alt=\"2023 lulgio formazione spazio spadoni opere misericordia italia lucca operam suor anuarite 2 scaled\" src=\"https:\/\/spaziospadoni.org\/wp-content\/uploads\/2026\/05\/2023_lulgio_formazione_spazio_spadoni_opere_misericordia_italia_lucca_operam_suor_anuarite-2-scaled-1.jpg\"\/><\/figure>\n\n\n<figure class=\"wp-block-image size-large formazione-opera-m\"><img decoding=\"async\" alt=\"2023 lulgio formazione spazio spadoni opere misericordia italia lucca operam suor anuarite 3 scaled\" src=\"https:\/\/spaziospadoni.org\/wp-content\/uploads\/2026\/05\/2023_lulgio_formazione_spazio_spadoni_opere_misericordia_italia_lucca_operam_suor_anuarite-3-scaled-1.jpg\"\/><\/figure>\n\n\n<figure class=\"wp-block-image size-large formazione-opera-m\"><img decoding=\"async\" alt=\"2023 lulgio formazione spazio spadoni opere misericordia italia lucca operam suor anuarite 7 scaled\" src=\"https:\/\/spaziospadoni.org\/wp-content\/uploads\/2026\/05\/2023_lulgio_formazione_spazio_spadoni_opere_misericordia_italia_lucca_operam_suor_anuarite-7-scaled-1.jpg\"\/><\/figure>\n\n\n<figure class=\"wp-block-image size-large italia\"><img decoding=\"async\" alt=\"2023 novembre 19 hicsum 44 suor francine spazio spadoni sorelle santa gemma presentazione comunita 3 225x300\" src=\"https:\/\/spaziospadoni.org\/wp-content\/uploads\/2026\/05\/2023_novembre_19_hicsum_44_suor_francine_spazio_spadoni_sorelle_santa_gemma_presentazione_comunita-3-225x300.jpg\"\/><\/figure>\n\n\n<figure class=\"wp-block-image size-large italia\"><img decoding=\"async\" alt=\"2023 natale suor francine milia sorelle santa gemma formazione hic sum spazio spadoni 5 169x300\" src=\"https:\/\/spaziospadoni.org\/wp-content\/uploads\/2026\/05\/2023_natale_suor_francine_milia_sorelle_santa_gemma_formazione_hic_sum_spazio_spadoni-5-169x300.jpg\"\/><\/figure>\n\n\n<figure class=\"wp-block-image size-large italia\"><img decoding=\"async\" alt=\"2023 natale suor francine milia sorelle santa gemma formazione hic sum spazio spadoni 2 225x300\" src=\"https:\/\/spaziospadoni.org\/wp-content\/uploads\/2026\/05\/2023_natale_suor_francine_milia_sorelle_santa_gemma_formazione_hic_sum_spazio_spadoni-2-225x300.jpg\"\/><\/figure>\n\n\n<figure class=\"wp-block-image size-large italia\"><img decoding=\"async\" alt=\"2023 natale suor francine milia sorelle santa gemma formazione hic sum spazio spadoni 12 169x300\" src=\"https:\/\/spaziospadoni.org\/wp-content\/uploads\/2026\/05\/2023_natale_suor_francine_milia_sorelle_santa_gemma_formazione_hic_sum_spazio_spadoni-12-169x300.jpg\"\/><\/figure>\n\n\n<figure class=\"wp-block-image size-large italia\"><img decoding=\"async\" alt=\"2023 natale suor francine milia sorelle santa gemma formazione hic sum spazio spadoni 10 169x300\" src=\"https:\/\/spaziospadoni.org\/wp-content\/uploads\/2026\/05\/2023_natale_suor_francine_milia_sorelle_santa_gemma_formazione_hic_sum_spazio_spadoni-10-169x300.jpg\"\/><\/figure>\n\n\n<figure class=\"wp-block-image size-large italia\"><img decoding=\"async\" alt=\"2023 natale suor francine milia sorelle santa gemma formazione hic sum spazio spadoni 8 225x300\" src=\"https:\/\/spaziospadoni.org\/wp-content\/uploads\/2026\/05\/2023_natale_suor_francine_milia_sorelle_santa_gemma_formazione_hic_sum_spazio_spadoni-8-225x300.jpg\"\/><\/figure>\n\n\n<figure class=\"wp-block-image size-large repubblica-democratica-del-congo\"><img decoding=\"async\" alt=\"2023 agosto suor francine opere misericordia spazio spadoni 4 300x135\" src=\"https:\/\/spaziospadoni.org\/wp-content\/uploads\/2026\/05\/2023_agosto_suor_francine_opere_misericordia_spazio_spadoni_-4-300x135.jpg\"\/><\/figure>\n\n\n<figure class=\"wp-block-image size-large repubblica-democratica-del-congo\"><img decoding=\"async\" alt=\"2023 agosto suor francine opere misericordia spazio spadoni 3 300x135\" src=\"https:\/\/spaziospadoni.org\/wp-content\/uploads\/2026\/05\/2023_agosto_suor_francine_opere_misericordia_spazio_spadoni_-3-300x135.jpg\"\/><\/figure>\n\n\n<figure class=\"wp-block-image size-large repubblica-democratica-del-congo\"><img decoding=\"async\" alt=\"2023 agosto suor francine opere misericordia spazio spadoni 2 300x135\" src=\"https:\/\/spaziospadoni.org\/wp-content\/uploads\/2026\/05\/2023_agosto_suor_francine_opere_misericordia_spazio_spadoni_-2-300x135.jpg\"\/><\/figure>\n\n\n<figure class=\"wp-block-image size-large repubblica-democratica-del-congo\"><img decoding=\"async\" alt=\"2023 agosto suor francine opere misericordia spazio spadoni 1 135x300\" src=\"https:\/\/spaziospadoni.org\/wp-content\/uploads\/2026\/05\/2023_agosto_suor_francine_opere_misericordia_spazio_spadoni_-1-135x300.jpg\"\/><\/figure>\n\n\n<figure class=\"wp-block-image size-large formazione-opera-m\"><img decoding=\"async\" alt=\"2024 febbraio 15 suorfrancine italia luigi spadoni formazione progetto hic sum 2 225x300\" src=\"https:\/\/spaziospadoni.org\/wp-content\/uploads\/2026\/05\/2024_febbraio_15_suorfrancine_italia_luigi_spadoni_formazione_progetto_hic_sum-2-225x300.jpg\"\/><\/figure>\n\n\n<figure class=\"wp-block-image size-large formazione-opera-m\"><img decoding=\"async\" alt=\"2024 febbraio 15 suorfrancine italia luigi spadoni formazione progetto hic sum 1 225x300\" src=\"https:\/\/spaziospadoni.org\/wp-content\/uploads\/2026\/05\/2024_febbraio_15_suorfrancine_italia_luigi_spadoni_formazione_progetto_hic_sum-1-225x300.jpg\"\/><\/figure>\n\n\n<figure class=\"wp-block-image size-large formazione-opera-m\"><img decoding=\"async\" alt=\"2024 marzo formazione opere misericordia progetto hic sum suor francibe spazio spadoni 5 169x300\" src=\"https:\/\/spaziospadoni.org\/wp-content\/uploads\/2026\/05\/2024_marzo_formazione_opere_misericordia_progetto_hic_sum_suor_francibe_spazio_spadoni-5-169x300.jpg\"\/><\/figure>\n\n\n<figure class=\"wp-block-image size-large formazione-opera-m\"><img decoding=\"async\" alt=\"2024 marzo formazione opere misericordia progetto hic sum suor francibe spazio spadoni 13 225x300\" src=\"https:\/\/spaziospadoni.org\/wp-content\/uploads\/2026\/05\/2024_marzo_formazione_opere_misericordia_progetto_hic_sum_suor_francibe_spazio_spadoni-13-225x300.jpg\"\/><\/figure>\n\n\n<figure class=\"wp-block-image size-large formazione-opera-m\"><img decoding=\"async\" alt=\"2024 marzo formazione opere misericordia progetto hic sum suor francibe spazio spadoni 15 225x300\" src=\"https:\/\/spaziospadoni.org\/wp-content\/uploads\/2026\/05\/2024_marzo_formazione_opere_misericordia_progetto_hic_sum_suor_francibe_spazio_spadoni-15-225x300.jpg\"\/><\/figure>\n\n\n<figure class=\"wp-block-image size-large formazione-opera-m\"><img decoding=\"async\" alt=\"2024 marzo formazione opere misericordia progetto hic sum suor francibe spazio spadoni 17 225x300\" src=\"https:\/\/spaziospadoni.org\/wp-content\/uploads\/2026\/05\/2024_marzo_formazione_opere_misericordia_progetto_hic_sum_suor_francibe_spazio_spadoni-17-225x300.jpg\"\/><\/figure>\n\n\n<figure class=\"wp-block-image size-large formazione-opera-m\"><img decoding=\"async\" alt=\"2024 marzo formazione opere misericordia progetto hic sum suor francibe spazio spadoni 29 225x300\" src=\"https:\/\/spaziospadoni.org\/wp-content\/uploads\/2026\/05\/2024_marzo_formazione_opere_misericordia_progetto_hic_sum_suor_francibe_spazio_spadoni-29-225x300.jpg\"\/><\/figure>\n\n\n<figure class=\"wp-block-image size-large formazione-opera-m\"><img decoding=\"async\" alt=\"2024 marzo formazione opere misericordia progetto hic sum suor francibe spazio spadoni 31 300x225\" src=\"https:\/\/spaziospadoni.org\/wp-content\/uploads\/2026\/05\/2024_marzo_formazione_opere_misericordia_progetto_hic_sum_suor_francibe_spazio_spadoni-31-300x225.jpg\"\/><\/figure>\n\n\n<figure class=\"wp-block-image size-large formazione\"><img decoding=\"async\" alt=\"2024 marzo formazione opere misericordia progetto hic sum suor francibe spazio spadoni 35 225x300\" src=\"https:\/\/spaziospadoni.org\/wp-content\/uploads\/2026\/05\/2024_marzo_formazione_opere_misericordia_progetto_hic_sum_suor_francibe_spazio_spadoni-35-225x300.jpg\"\/><\/figure>\n\n\n<figure class=\"wp-block-image size-large formazione-opera-m\"><img decoding=\"async\" alt=\"2024 marzo formazione opere misericordia progetto hic sum suor francibe spazio spadoni 37 225x300\" src=\"https:\/\/spaziospadoni.org\/wp-content\/uploads\/2026\/05\/2024_marzo_formazione_opere_misericordia_progetto_hic_sum_suor_francibe_spazio_spadoni-37-225x300.jpg\"\/><\/figure>\n\n\n<figure class=\"wp-block-image size-large formazione-opera-m\"><img decoding=\"async\" alt=\"2024 marzo formazione opere misericordia progetto hic sum suor francibe spazio spadoni 41 225x300\" src=\"https:\/\/spaziospadoni.org\/wp-content\/uploads\/2026\/05\/2024_marzo_formazione_opere_misericordia_progetto_hic_sum_suor_francibe_spazio_spadoni-41-225x300.jpg\"\/><\/figure>\n\n\n<figure class=\"wp-block-image size-large italia\"><img decoding=\"async\" alt=\"2024 marzo formazione opere misericordia progetto hic sum suor francibe spazio spadoni 42 169x300\" src=\"https:\/\/spaziospadoni.org\/wp-content\/uploads\/2026\/05\/2024_marzo_formazione_opere_misericordia_progetto_hic_sum_suor_francibe_spazio_spadoni-42-169x300.jpg\"\/><\/figure>\n\n\n<figure class=\"wp-block-image size-large italia\"><img decoding=\"async\" alt=\"2024 marzo formazione opere misericordia progetto hic sum suor francibe spazio spadoni 44 300x169\" src=\"https:\/\/spaziospadoni.org\/wp-content\/uploads\/2026\/05\/2024_marzo_formazione_opere_misericordia_progetto_hic_sum_suor_francibe_spazio_spadoni-44-300x169.jpg\"\/><\/figure>\n\n\n<figure class=\"wp-block-image size-large italia\"><img decoding=\"async\" alt=\"2024 febbraio 5 suor francine progetto hic sum spazio spadoni visita pisa 1 225x300\" src=\"https:\/\/spaziospadoni.org\/wp-content\/uploads\/2026\/05\/2024_febbraio_5_suor_francine_progetto_hic_sum_spazio_spadoni_visita_pisa-1-225x300.jpg\"\/><\/figure>\n\n\n<figure class=\"wp-block-image size-large italia\"><img decoding=\"async\" alt=\"2024 febbraio 5 suor francine progetto hic sum spazio spadoni visita pisa 2 225x300\" src=\"https:\/\/spaziospadoni.org\/wp-content\/uploads\/2026\/05\/2024_febbraio_5_suor_francine_progetto_hic_sum_spazio_spadoni_visita_pisa-2-225x300.jpg\"\/><\/figure>\n\n\n<figure class=\"wp-block-image size-large italia\"><img decoding=\"async\" alt=\"2024 febbraio 5 suor francine progetto hic sum spazio spadoni visita pisa 4 300x225\" src=\"https:\/\/spaziospadoni.org\/wp-content\/uploads\/2026\/05\/2024_febbraio_5_suor_francine_progetto_hic_sum_spazio_spadoni_visita_pisa-4-300x225.jpg\"\/><\/figure>\n\n\n<figure class=\"wp-block-image size-large italia\"><img decoding=\"async\" alt=\"francine 5 1 225x300\" src=\"https:\/\/spaziospadoni.org\/wp-content\/uploads\/2026\/05\/francine-5-1-225x300.jpg\"\/><\/figure>\n\n\n<figure class=\"wp-block-image size-large italia\"><img decoding=\"async\" alt=\"francine 1 1 300x225\" src=\"https:\/\/spaziospadoni.org\/wp-content\/uploads\/2026\/05\/francine-1-1-300x225.jpg\"\/><\/figure>\n\n\n<figure class=\"wp-block-image size-large italia\"><img decoding=\"async\" alt=\"1 300x273\" src=\"https:\/\/spaziospadoni.org\/wp-content\/uploads\/2026\/05\/1-1.jpg\"\/><\/figure>\n\n\n<figure class=\"wp-block-image size-large italia\"><img decoding=\"async\" alt=\"4 e1708506872593 300x244\" src=\"https:\/\/spaziospadoni.org\/wp-content\/uploads\/2026\/05\/4-e1708506872593-300x244.jpg\"\/><\/figure>\n\n\n<figure class=\"wp-block-image size-large repubblica-democratica-del-congo\"><img decoding=\"async\" alt=\"2023 dicembre 6 hicsum 44 suor francine spazio spadoni sorelle santa gemma selene pera goma superiora provinciale 225x300\" src=\"https:\/\/spaziospadoni.org\/wp-content\/uploads\/2026\/05\/2023_dicembre_6_hicsum_44_suor_francine_spazio_spadoni_sorelle_santa_gemma_selene_pera_goma_superiora_provinciale-225x300.jpg\"\/><\/figure>\n\n\n<figure class=\"wp-block-image size-large italia\"><img decoding=\"async\" alt=\"2023 dicembre 25 hicsum 44 suor francine spazio spadoni sorelle santa gemma misericordia festeggiamenti natale 2 300x135\" src=\"https:\/\/spaziospadoni.org\/wp-content\/uploads\/2026\/05\/2023_dicembre_25_hicsum_44_suor_francine_spazio_spadoni_sorelle_santa_gemma_misericordia_festeggiamenti_natale-2-300x135.jpg\"\/><\/figure>\n\n\n<figure class=\"wp-block-image size-large italia\"><img decoding=\"async\" alt=\"2023 novembre 19 hicsum 44 suor francine spazio spadoni sorelle santa gemma presentazione comunita 225x300\" src=\"https:\/\/spaziospadoni.org\/wp-content\/uploads\/2026\/05\/2023_novembre_19_hicsum_44_suor_francine_spazio_spadoni_sorelle_santa_gemma_presentazione_comunita-225x300.jpg\"\/><\/figure>\n\n\n<figure class=\"wp-block-image size-large italia\"><img decoding=\"async\" alt=\"2024 febbraio 22 hicsum 44 suor francine religieuses instruction chretienne spazio spadoni sorelle santa gemma misericordia comunita pastorale consegna divisa 2 225x300\" src=\"https:\/\/spaziospadoni.org\/wp-content\/uploads\/2026\/05\/2024_febbraio_22_hicsum_44_suor_francine_religieuses_instruction_chretienne_spazio_spadoni_sorelle_santa_gemma_misericordia_comunita_pastorale_consegna_divisa-2-225x300.jpg\"\/><\/figure>\n\n\n<figure class=\"wp-block-image size-large italia\"><img decoding=\"async\" alt=\"2024 febbraio 22 hicsum 44 suor francine religieuses instruction chretienne spazio spadoni sorelle santa gemma misericordia comunita pastorale consegna divisa 225x300\" src=\"https:\/\/spaziospadoni.org\/wp-content\/uploads\/2026\/05\/2024_febbraio_22_hicsum_44_suor_francine_religieuses_instruction_chretienne_spazio_spadoni_sorelle_santa_gemma_misericordia_comunita_pastorale_consegna_divisa-225x300.jpg\"\/><\/figure>\n\n\n<figure class=\"wp-block-image size-large italia\"><img decoding=\"async\" alt=\"2024 marzo 3 hicsum 44 suor francine religieuses instruction chretienne spazio spadoni sorelle santa gemma misericordia comunita pastorale formazione 169x300\" src=\"https:\/\/spaziospadoni.org\/wp-content\/uploads\/2026\/05\/2024_marzo_3_hicsum_44_suor_francine_religieuses_instruction_chretienne_spazio_spadoni_sorelle_santa_gemma_misericordia_comunita_pastorale_formazione-169x300.jpg\"\/><\/figure>\n\n\n<figure class=\"wp-block-image size-large italia\"><img decoding=\"async\" alt=\"2024 marzo 15 hicsum 44 suor francine religieuses instruction chretienne spazio spadoni sorelle santa gemma misericordia comunita pastorale incontro vescovo giulietti 225x300\" src=\"https:\/\/spaziospadoni.org\/wp-content\/uploads\/2026\/05\/2024_marzo_15_hicsum_44_suor_francine_religieuses_instruction_chretienne_spazio_spadoni_sorelle_santa_gemma_misericordia_comunita_pastorale_incontro_vescovo_giulietti-225x300.jpg\"\/><\/figure>\n\n\n<figure class=\"wp-block-image size-large italia\"><img decoding=\"async\" alt=\"2024 marzo 24 hicsum 44 italia suor francine religieuses instruction chretienne spazio spadoni sorelle santa gemma misericordia comunita pastorale saluto partenza 4 300x225\" src=\"https:\/\/spaziospadoni.org\/wp-content\/uploads\/2026\/05\/2024_marzo_24_hicsum_44_italia_suor_francine_religieuses_instruction_chretienne_spazio_spadoni_sorelle_santa_gemma_misericordia_comunita_pastorale_saluto_partenza-4-300x225.jpg\"\/><\/figure>\n\n\n<figure class=\"wp-block-image size-large italia\"><img decoding=\"async\" alt=\"2024 marzo 24 hicsum 44 italia suor francine religieuses instruction chretienne spazio spadoni sorelle santa gemma misericordia comunita pastorale saluto partenza 6 135x300\" src=\"https:\/\/spaziospadoni.org\/wp-content\/uploads\/2026\/05\/2024_marzo_24_hicsum_44_italia_suor_francine_religieuses_instruction_chretienne_spazio_spadoni_sorelle_santa_gemma_misericordia_comunita_pastorale_saluto_partenza-6-135x300.jpg\"\/><\/figure>\n\n\n<figure class=\"wp-block-image size-large italia\"><img decoding=\"async\" alt=\"2024 marzo 24 hicsum 44 italia suor francine religieuses instruction chretienne spazio spadoni sorelle santa gemma misericordia comunita pastorale saluto partenza 225x300\" src=\"https:\/\/spaziospadoni.org\/wp-content\/uploads\/2026\/05\/2024_marzo_24_hicsum_44_italia_suor_francine_religieuses_instruction_chretienne_spazio_spadoni_sorelle_santa_gemma_misericordia_comunita_pastorale_saluto_partenza-225x300.jpg\"\/><\/figure>\n\n\n<figure class=\"wp-block-image size-large formazione\"><img decoding=\"async\" alt=\"2024 marzo 24 hicsum 44 suor francine religieuses instruction chretienne spazio spadoni sorelle santa gemma misericordia comunita pastorale partenza congo 225x300\" src=\"https:\/\/spaziospadoni.org\/wp-content\/uploads\/2026\/05\/2024_marzo_24_hicsum_44_suor_francine_religieuses_instruction_chretienne_spazio_spadoni_sorelle_santa_gemma_misericordia_comunita_pastorale_partenza_congo-225x300.jpg\"\/><\/figure>\n\n\n<figure class=\"wp-block-image size-large italia\"><img decoding=\"async\" alt=\"2024 marzo hicsum 44 italia suor francine religieuses instruction chretienne spazio spadoni sorelle santa gemma misericordia comunita pastorale san cerbone luigi 225x300\" src=\"https:\/\/spaziospadoni.org\/wp-content\/uploads\/2026\/05\/2024_marzo_hicsum_44_italia_suor_francine_religieuses_instruction_chretienne_spazio_spadoni_sorelle_santa_gemma_misericordia_comunita_pastorale_san_cerbone_luigi-225x300.jpg\"\/><\/figure>\n\n\n<figure class=\"wp-block-image size-large formazione-opera-m\"><img decoding=\"async\" alt=\"2024 marzo hicsum 44 italia suor francine religieuses instruction chretienne spazio spadoni sorelle santa gemma misericordia comunita pastorale visita pistoia 2 225x300\" src=\"https:\/\/spaziospadoni.org\/wp-content\/uploads\/2026\/05\/2024_marzo_hicsum_44_italia_suor_francine_religieuses_instruction_chretienne_spazio_spadoni_sorelle_santa_gemma_misericordia_comunita_pastorale_visita_pistoia-2-225x300.jpg\"\/><\/figure>\n\n\n<figure class=\"wp-block-image size-large repubblica-democratica-del-congo\"><img decoding=\"async\" alt=\"Religiose Istruzione Cristiana Goma e1715152664668 300x192\" src=\"https:\/\/spaziospadoni.org\/wp-content\/uploads\/2026\/05\/Religiose-Istruzione-Cristiana-Goma-e1715152664668-300x192.jpg\"\/><\/figure>\n\n\n<figure class=\"wp-block-image size-large italia\"><img decoding=\"async\" alt=\"2025 ottobre 13 suor francine anuarite roma italia incontro luigi spadoni opere misericordia hic sum 2\" src=\"https:\/\/spaziospadoni.org\/wp-content\/uploads\/2026\/05\/2025_ottobre_13_suor_francine_anuarite_roma_italia_incontro_luigi_spadoni_opere_misericordia_hic_sum-2.jpg\"\/><\/figure>\n\n\n<figure class=\"wp-block-image size-large italia\"><img decoding=\"async\" alt=\"2025 ottobre 12 incontro suor gloriose francine anuarite selene roma incontro spazio spadoni 1\" src=\"https:\/\/spaziospadoni.org\/wp-content\/uploads\/2026\/05\/2025_ottobre_12_incontro_suor_gloriose_francine_anuarite_selene_roma_incontro_spazio_spadoni-1.jpeg\"\/><\/figure>\n\n\n<figure class=\"wp-block-image size-large italia\"><img decoding=\"async\" alt=\"2025 ottobre 12 incontro suor gloriose francine anuarite selene roma incontro spazio spadoni 2\" src=\"https:\/\/spaziospadoni.org\/wp-content\/uploads\/2026\/05\/2025_ottobre_12_incontro_suor_gloriose_francine_anuarite_selene_roma_incontro_spazio_spadoni-2.jpeg\"\/><\/figure>\n\n<\/figure>\n\n\n<div class=\"gb-element-b24bbf5e ss-media-videos\">\n\n<figure class=\"wp-block-video video\"><video controls=\"\" src=\"https:\/\/spaziospadoni.org\/wp-content\/uploads\/2026\/05\/Suor-Francine_marzo_2024.mp4\"><\/video><figcaption class=\"wp-element-caption\">Suor Francine marzo 2024<\/figcaption><\/figure>\n\n<\/div>\n\n<\/div>\n\n<\/div>\n\n<\/div>\n\n","protected":false},"excerpt":{"rendered":"<p>Goma | Goma (Repubblica Democratica del Congo) OPERA M35 MISSIONE Luogo Goma Diocesi Goma Nazione Repubblica Democratica del Congo Continente Africa Coordinate GPS -1.65843 29.2223 Fuso orario UTC+2 ORGANIZZATORE Congregazione Religieuses de l\u2019Instruction Chr\u00e9tienne Casa Madre Li\u00e8ge, Belgio Diocesi Li\u00e8ge Nazione Belgio Continente Europa Festa Congregazione 25 marzo Coordinate GPS 50.63960 5.57009 Fuso orario UTC+1 &#8230; <a title=\"Repubblica Democratica del Congo &#8211; Africa | Progetto M35\" class=\"read-more\" href=\"https:\/\/spaziospadoni.org\/it\/opera-m\/repubblica-democratica-del-congo-africa-progetto-m35\/\" aria-label=\"Per saperne di pi\u00f9 su Repubblica Democratica del Congo &#8211; Africa | Progetto M35\">Leggi tutto<\/a><\/p>\n","protected":false},"author":102,"featured_media":0,"parent":89578,"menu_order":0,"comment_status":"closed","ping_status":"closed","template":"","meta":{"_sitemap_exclude":false,"_sitemap_priority":"","_sitemap_frequency":"","footnotes":""},"class_list":["post-51401","page","type-page","status-publish","infinite-scroll-item"],"yoast_head":"<!-- This site is optimized with the Yoast SEO plugin v28.4 - https:\/\/yoast.com\/product\/yoast-seo-wordpress\/ -->\n<title>Repubblica Democratica del Congo - Africa | Progetto M35 | Spazio Spadoni<\/title>\n<meta name=\"description\" content=\"Goma | Goma (Repubblica Democratica del Congo) OPERA M35 MISSIONE Luogo Goma Diocesi Goma Nazione Repubblica Democratica del Congo Continente Africa\" \/>\n<meta name=\"robots\" content=\"index, follow, max-snippet:-1, max-image-preview:large, max-video-preview:-1\" \/>\n<link rel=\"canonical\" href=\"https:\/\/spaziospadoni.org\/it\/opera-m\/repubblica-democratica-del-congo-africa-progetto-m35\/\" \/>\n<meta property=\"og:locale\" content=\"it_IT\" \/>\n<meta property=\"og:type\" content=\"article\" \/>\n<meta property=\"og:title\" content=\"Repubblica Democratica del Congo - Africa | Progetto M35 | Spazio Spadoni\" \/>\n<meta property=\"og:description\" content=\"Goma | Goma (Repubblica Democratica del Congo) OPERA M35 MISSIONE Luogo Goma Diocesi Goma Nazione Repubblica Democratica del Congo Continente Africa\" \/>\n<meta property=\"og:url\" content=\"https:\/\/spaziospadoni.org\/it\/opera-m\/repubblica-democratica-del-congo-africa-progetto-m35\/\" \/>\n<meta property=\"og:site_name\" content=\"spazio + spadoni\" \/>\n<meta property=\"article:publisher\" content=\"https:\/\/www.facebook.com\/SpazioSpadoni\/\" \/>\n<meta property=\"article:modified_time\" content=\"2026-08-17T11:21:15+00:00\" \/>\n<meta property=\"og:image\" content=\"https:\/\/spaziospadoni.org\/wp-content\/uploads\/2026\/05\/hicsum_1_congo-spaziospadoni-scaled.png\" \/>\n\t<meta property=\"og:image:width\" content=\"2560\" \/>\n\t<meta property=\"og:image:height\" content=\"1771\" \/>\n\t<meta property=\"og:image:type\" content=\"image\/png\" \/>\n<meta name=\"twitter:card\" content=\"summary_large_image\" \/>\n<meta name=\"twitter:label1\" content=\"Tempo di lettura stimato\" \/>\n\t<meta name=\"twitter:data1\" content=\"18 minuti\" \/>\n<script type=\"application\/ld+json\" class=\"yoast-schema-graph\">{\"@context\":\"https:\\\/\\\/schema.org\",\"@graph\":[{\"@type\":\"WebPage\",\"@id\":\"https:\\\/\\\/spaziospadoni.org\\\/it\\\/opera-m\\\/repubblica-democratica-del-congo-africa-progetto-m35\\\/\",\"url\":\"https:\\\/\\\/spaziospadoni.org\\\/it\\\/opera-m\\\/repubblica-democratica-del-congo-africa-progetto-m35\\\/\",\"name\":\"Repubblica Democratica del Congo - Africa | Progetto M35 | Spazio Spadoni\",\"isPartOf\":{\"@id\":\"https:\\\/\\\/spaziospadoni.org\\\/it\\\/#website\"},\"primaryImageOfPage\":{\"@id\":\"https:\\\/\\\/spaziospadoni.org\\\/it\\\/opera-m\\\/repubblica-democratica-del-congo-africa-progetto-m35\\\/#primaryimage\"},\"image\":{\"@id\":\"https:\\\/\\\/spaziospadoni.org\\\/it\\\/opera-m\\\/repubblica-democratica-del-congo-africa-progetto-m35\\\/#primaryimage\"},\"thumbnailUrl\":\"https:\\\/\\\/spaziospadoni.org\\\/wp-content\\\/uploads\\\/2026\\\/05\\\/hicsum_1_congo-spaziospadoni.png\",\"datePublished\":\"2026-05-18T13:17:39+00:00\",\"dateModified\":\"2026-08-17T11:21:15+00:00\",\"description\":\"Goma | Goma (Repubblica Democratica del Congo) OPERA M35 MISSIONE Luogo Goma Diocesi Goma Nazione Repubblica Democratica del Congo Continente Africa\",\"breadcrumb\":{\"@id\":\"https:\\\/\\\/spaziospadoni.org\\\/it\\\/opera-m\\\/repubblica-democratica-del-congo-africa-progetto-m35\\\/#breadcrumb\"},\"inLanguage\":\"it-IT\",\"potentialAction\":[{\"@type\":\"ReadAction\",\"target\":[\"https:\\\/\\\/spaziospadoni.org\\\/it\\\/opera-m\\\/repubblica-democratica-del-congo-africa-progetto-m35\\\/\"]}]},{\"@type\":\"ImageObject\",\"inLanguage\":\"it-IT\",\"@id\":\"https:\\\/\\\/spaziospadoni.org\\\/it\\\/opera-m\\\/repubblica-democratica-del-congo-africa-progetto-m35\\\/#primaryimage\",\"url\":\"https:\\\/\\\/spaziospadoni.org\\\/wp-content\\\/uploads\\\/2026\\\/05\\\/hicsum_1_congo-spaziospadoni.png\",\"contentUrl\":\"https:\\\/\\\/spaziospadoni.org\\\/wp-content\\\/uploads\\\/2026\\\/05\\\/hicsum_1_congo-spaziospadoni.png\"},{\"@type\":\"BreadcrumbList\",\"@id\":\"https:\\\/\\\/spaziospadoni.org\\\/it\\\/opera-m\\\/repubblica-democratica-del-congo-africa-progetto-m35\\\/#breadcrumb\",\"itemListElement\":[{\"@type\":\"ListItem\",\"position\":1,\"name\":\"Home\",\"item\":\"https:\\\/\\\/spaziospadoni.org\\\/it\\\/\"},{\"@type\":\"ListItem\",\"position\":2,\"name\":\"Opera M\",\"item\":\"https:\\\/\\\/spaziospadoni.org\\\/it\\\/opera-m\\\/\"},{\"@type\":\"ListItem\",\"position\":3,\"name\":\"Repubblica Democratica del Congo &#8211; Africa | Progetto M35\"}]},{\"@type\":\"WebSite\",\"@id\":\"https:\\\/\\\/spaziospadoni.org\\\/it\\\/#website\",\"url\":\"https:\\\/\\\/spaziospadoni.org\\\/it\\\/\",\"name\":\"spazio + spadoni\",\"description\":\"Generazione di misericordia e missione nel mondo\",\"publisher\":{\"@id\":\"https:\\\/\\\/spaziospadoni.org\\\/it\\\/#organization\"},\"alternateName\":\"spaziospadoni.org\",\"potentialAction\":[{\"@type\":\"SearchAction\",\"target\":{\"@type\":\"EntryPoint\",\"urlTemplate\":\"https:\\\/\\\/spaziospadoni.org\\\/it\\\/?s={search_term_string}\"},\"query-input\":{\"@type\":\"PropertyValueSpecification\",\"valueRequired\":true,\"valueName\":\"search_term_string\"}}],\"inLanguage\":\"it-IT\"},{\"@type\":\"Organization\",\"@id\":\"https:\\\/\\\/spaziospadoni.org\\\/it\\\/#organization\",\"name\":\"spazio + spadoni\",\"alternateName\":\"spaziospadoni.org\",\"url\":\"https:\\\/\\\/spaziospadoni.org\\\/it\\\/\",\"logo\":{\"@type\":\"ImageObject\",\"inLanguage\":\"it-IT\",\"@id\":\"https:\\\/\\\/spaziospadoni.org\\\/it\\\/#\\\/schema\\\/logo\\\/image\\\/\",\"url\":\"https:\\\/\\\/spaziospadoni.org\\\/wp-content\\\/uploads\\\/2026\\\/05\\\/spazio-spadoni-logo-100x100-1.webp\",\"contentUrl\":\"https:\\\/\\\/spaziospadoni.org\\\/wp-content\\\/uploads\\\/2026\\\/05\\\/spazio-spadoni-logo-100x100-1.webp\",\"width\":100,\"height\":100,\"caption\":\"spazio + spadoni\"},\"image\":{\"@id\":\"https:\\\/\\\/spaziospadoni.org\\\/it\\\/#\\\/schema\\\/logo\\\/image\\\/\"},\"sameAs\":[\"https:\\\/\\\/www.facebook.com\\\/SpazioSpadoni\\\/\",\"https:\\\/\\\/www.instagram.com\\\/spaziospadoni\\\/\",\"https:\\\/\\\/www.youtube.com\\\/@spaziospadoni\\\/playlists\"]}]}<\/script>\n<!-- \/ Yoast SEO plugin. -->","yoast_head_json":{"title":"Repubblica Democratica del Congo - Africa | Progetto M35 | Spazio Spadoni","description":"Goma | Goma (Repubblica Democratica del Congo) OPERA M35 MISSIONE Luogo Goma Diocesi Goma Nazione Repubblica Democratica del Congo Continente Africa","robots":{"index":"index","follow":"follow","max-snippet":"max-snippet:-1","max-image-preview":"max-image-preview:large","max-video-preview":"max-video-preview:-1"},"canonical":"https:\/\/spaziospadoni.org\/it\/opera-m\/repubblica-democratica-del-congo-africa-progetto-m35\/","og_locale":"it_IT","og_type":"article","og_title":"Repubblica Democratica del Congo - Africa | Progetto M35 | Spazio Spadoni","og_description":"Goma | Goma (Repubblica Democratica del Congo) OPERA M35 MISSIONE Luogo Goma Diocesi Goma Nazione Repubblica Democratica del Congo Continente Africa","og_url":"https:\/\/spaziospadoni.org\/it\/opera-m\/repubblica-democratica-del-congo-africa-progetto-m35\/","og_site_name":"spazio + spadoni","article_publisher":"https:\/\/www.facebook.com\/SpazioSpadoni\/","article_modified_time":"2026-08-17T11:21:15+00:00","og_image":[{"width":2560,"height":1771,"url":"https:\/\/spaziospadoni.org\/wp-content\/uploads\/2026\/05\/hicsum_1_congo-spaziospadoni-scaled.png","type":"image\/png"}],"twitter_card":"summary_large_image","twitter_misc":{"Tempo di lettura stimato":"18 minuti"},"schema":{"@context":"https:\/\/schema.org","@graph":[{"@type":"WebPage","@id":"https:\/\/spaziospadoni.org\/it\/opera-m\/repubblica-democratica-del-congo-africa-progetto-m35\/","url":"https:\/\/spaziospadoni.org\/it\/opera-m\/repubblica-democratica-del-congo-africa-progetto-m35\/","name":"Repubblica Democratica del Congo - Africa | Progetto M35 | Spazio Spadoni","isPartOf":{"@id":"https:\/\/spaziospadoni.org\/it\/#website"},"primaryImageOfPage":{"@id":"https:\/\/spaziospadoni.org\/it\/opera-m\/repubblica-democratica-del-congo-africa-progetto-m35\/#primaryimage"},"image":{"@id":"https:\/\/spaziospadoni.org\/it\/opera-m\/repubblica-democratica-del-congo-africa-progetto-m35\/#primaryimage"},"thumbnailUrl":"https:\/\/spaziospadoni.org\/wp-content\/uploads\/2026\/05\/hicsum_1_congo-spaziospadoni.png","datePublished":"2026-05-18T13:17:39+00:00","dateModified":"2026-08-17T11:21:15+00:00","description":"Goma | Goma (Repubblica Democratica del Congo) OPERA M35 MISSIONE Luogo Goma Diocesi Goma Nazione Repubblica Democratica del Congo Continente Africa","breadcrumb":{"@id":"https:\/\/spaziospadoni.org\/it\/opera-m\/repubblica-democratica-del-congo-africa-progetto-m35\/#breadcrumb"},"inLanguage":"it-IT","potentialAction":[{"@type":"ReadAction","target":["https:\/\/spaziospadoni.org\/it\/opera-m\/repubblica-democratica-del-congo-africa-progetto-m35\/"]}]},{"@type":"ImageObject","inLanguage":"it-IT","@id":"https:\/\/spaziospadoni.org\/it\/opera-m\/repubblica-democratica-del-congo-africa-progetto-m35\/#primaryimage","url":"https:\/\/spaziospadoni.org\/wp-content\/uploads\/2026\/05\/hicsum_1_congo-spaziospadoni.png","contentUrl":"https:\/\/spaziospadoni.org\/wp-content\/uploads\/2026\/05\/hicsum_1_congo-spaziospadoni.png"},{"@type":"BreadcrumbList","@id":"https:\/\/spaziospadoni.org\/it\/opera-m\/repubblica-democratica-del-congo-africa-progetto-m35\/#breadcrumb","itemListElement":[{"@type":"ListItem","position":1,"name":"Home","item":"https:\/\/spaziospadoni.org\/it\/"},{"@type":"ListItem","position":2,"name":"Opera M","item":"https:\/\/spaziospadoni.org\/it\/opera-m\/"},{"@type":"ListItem","position":3,"name":"Repubblica Democratica del Congo &#8211; Africa | Progetto M35"}]},{"@type":"WebSite","@id":"https:\/\/spaziospadoni.org\/it\/#website","url":"https:\/\/spaziospadoni.org\/it\/","name":"spazio + spadoni","description":"Generazione di misericordia e missione nel mondo","publisher":{"@id":"https:\/\/spaziospadoni.org\/it\/#organization"},"alternateName":"spaziospadoni.org","potentialAction":[{"@type":"SearchAction","target":{"@type":"EntryPoint","urlTemplate":"https:\/\/spaziospadoni.org\/it\/?s={search_term_string}"},"query-input":{"@type":"PropertyValueSpecification","valueRequired":true,"valueName":"search_term_string"}}],"inLanguage":"it-IT"},{"@type":"Organization","@id":"https:\/\/spaziospadoni.org\/it\/#organization","name":"spazio + spadoni","alternateName":"spaziospadoni.org","url":"https:\/\/spaziospadoni.org\/it\/","logo":{"@type":"ImageObject","inLanguage":"it-IT","@id":"https:\/\/spaziospadoni.org\/it\/#\/schema\/logo\/image\/","url":"https:\/\/spaziospadoni.org\/wp-content\/uploads\/2026\/05\/spazio-spadoni-logo-100x100-1.webp","contentUrl":"https:\/\/spaziospadoni.org\/wp-content\/uploads\/2026\/05\/spazio-spadoni-logo-100x100-1.webp","width":100,"height":100,"caption":"spazio + spadoni"},"image":{"@id":"https:\/\/spaziospadoni.org\/it\/#\/schema\/logo\/image\/"},"sameAs":["https:\/\/www.facebook.com\/SpazioSpadoni\/","https:\/\/www.instagram.com\/spaziospadoni\/","https:\/\/www.youtube.com\/@spaziospadoni\/playlists"]}]}},"_links":{"self":[{"href":"https:\/\/spaziospadoni.org\/it\/wp-json\/wp\/v2\/pages\/51401","targetHints":{"allow":["GET"]}}],"collection":[{"href":"https:\/\/spaziospadoni.org\/it\/wp-json\/wp\/v2\/pages"}],"about":[{"href":"https:\/\/spaziospadoni.org\/it\/wp-json\/wp\/v2\/types\/page"}],"author":[{"embeddable":true,"href":"https:\/\/spaziospadoni.org\/it\/wp-json\/wp\/v2\/users\/102"}],"replies":[{"embeddable":true,"href":"https:\/\/spaziospadoni.org\/it\/wp-json\/wp\/v2\/comments?post=51401"}],"version-history":[{"count":1,"href":"https:\/\/spaziospadoni.org\/it\/wp-json\/wp\/v2\/pages\/51401\/revisions"}],"predecessor-version":[{"id":90314,"href":"https:\/\/spaziospadoni.org\/it\/wp-json\/wp\/v2\/pages\/51401\/revisions\/90314"}],"up":[{"embeddable":true,"href":"https:\/\/spaziospadoni.org\/it\/wp-json\/wp\/v2\/pages\/89578"}],"wp:attachment":[{"href":"https:\/\/spaziospadoni.org\/it\/wp-json\/wp\/v2\/media?parent=51401"}],"curies":[{"name":"wp","href":"https:\/\/api.w.org\/{rel}","templated":true}]}}