{"id":51463,"date":"2026-05-18T14:20:26","date_gmt":"2026-05-18T13:20:26","guid":{"rendered":"https:\/\/spaziospadoni.org\/?page_id=51463"},"modified":"2026-08-17T12:21:31","modified_gmt":"2026-08-17T11:21:31","slug":"repubblica-democratica-del-congo-africa-progetto-m44","status":"publish","type":"page","link":"https:\/\/spaziospadoni.org\/it\/opera-m\/repubblica-democratica-del-congo-africa-progetto-m44\/","title":{"rendered":"Repubblica Democratica del Congo &#8211; Africa | Progetto M44"},"content":{"rendered":"\n<div class=\"ss-project-hero-card\">\n<h2 id=\"basankusu-basankusu-repubblica-democratica-del-congo\" class=\"gb-text gb-text-62a95885\">Basankusu | Basankusu (Repubblica Democratica del Congo)<\/h2>\n\n\n\n<div class=\"gb-element-f60f2409\">\n<div class=\"gb-element-90a85740 ss-project-sidebar\">\n<h2 id=\"opera-m44\" class=\"gb-text ss-project-title\">OPERA M44<\/h2>\n\n\n\n<figure class=\"wp-block-image size-large\"><img decoding=\"async\" src=\"https:\/\/spaziospadoni.org\/wp-content\/uploads\/2026\/05\/hicsum_1_congo-spaziospadoni.png\" alt=\"hicsum 1 congo spaziospadoni\" class=\"wp-image-43007\"\/><\/figure>\n\n\n\n<div class=\"ss-project-table\">\n<div class=\"ss-table-section-title\">\n<h3 id=\"missione\" class=\"gb-text\">MISSIONE<\/h3>\n<\/div>\n\n\n\n<div class=\"ss-table-row\">\n<p class=\"gb-text\">Luogo<\/p>\n\n\n\n<p class=\"gb-text\"><a href=\"https:\/\/www.google.com\/maps\/place\/Basankusu,+Repubblica+Democratica+del+Congo\/@1.2185751,19.7896385,15z\/data=!3m1!4b1!4m6!3m5!1s0x10af4e65a005ae71:0x1b1ee0f328e43495!8m2!3d1.2174408!4d19.8008384!16zL20vMGNiaGhk?entry=ttu&#038;g_ep=EgoyMDI2MDQwOC4wIKXMDSoASAFQAw%3D%3D\" rel=\"noreferrer noopener\" target=\"_blank\" title=\"Basankusu\">Basankusu<\/a><\/p>\n<\/div>\n\n\n\n<div class=\"ss-table-row\">\n<p class=\"gb-text\">Diocesi<\/p>\n\n\n\n<p class=\"gb-text\">Basankusu<\/p>\n<\/div>\n\n\n\n<div class=\"ss-table-row\">\n<p class=\"gb-text\">Nazione<\/p>\n\n\n\n<p class=\"gb-text\"><strong>Repubblica Democratica del Congo<\/strong><\/p>\n<\/div>\n\n\n\n<div class=\"ss-table-row\">\n<p class=\"gb-text\">Continente<\/p>\n\n\n\n<p class=\"gb-text\">Africa<\/p>\n<\/div>\n\n\n\n<div class=\"ss-table-row\">\n<p class=\"gb-text\">Coordinate GPS<\/p>\n\n\n\n<p class=\"gb-text\">1.21725 19.80178<\/p>\n<\/div>\n\n\n\n<div class=\"ss-table-row\">\n<p class=\"gb-text\">Fuso orario<\/p>\n\n\n\n<p class=\"gb-text\">UTC+1<\/p>\n<\/div>\n<\/div>\n\n\n\n<div class=\"ss-project-table\">\n<div class=\"ss-table-section-title\">\n<h3 id=\"organizzatore\" class=\"gb-text\">ORGANIZZATORE<\/h3>\n<\/div>\n\n\n\n<div class=\"ss-table-row\">\n<p class=\"gb-text\">Congregazione<\/p>\n\n\n\n<p class=\"gb-text\">S\u0153urs de Sainte Th\u00e9r\u00e8se de l&#8217;Enfant J\u00e9sus de Basankusu<\/p>\n<\/div>\n\n\n\n<div class=\"ss-table-row\">\n<p class=\"gb-text\">Casa Madre<\/p>\n\n\n\n<p class=\"gb-text\">Basankusu<\/p>\n<\/div>\n\n\n\n<div class=\"ss-table-row\">\n<p class=\"gb-text\">Diocesi<\/p>\n\n\n\n<p class=\"gb-text\">Basankusu<\/p>\n<\/div>\n\n\n\n<div class=\"ss-table-row\">\n<p class=\"gb-text\">Nazione<\/p>\n\n\n\n<p class=\"gb-text\">Repubblica Democratica del Congo<\/p>\n<\/div>\n\n\n\n<div class=\"ss-table-row\">\n<p class=\"gb-text\">Continente<\/p>\n\n\n\n<p class=\"gb-text\">Africa<\/p>\n<\/div>\n\n\n\n<div class=\"ss-table-row\">\n<p class=\"gb-text\">Festa Congregazione<\/p>\n\n\n\n<p class=\"gb-text\">15 agosto<\/p>\n<\/div>\n\n\n\n<div class=\"ss-table-row\">\n<p class=\"gb-text\">Coordinate GPS<\/p>\n\n\n\n<p class=\"gb-text\">1.21725 19.80178<\/p>\n<\/div>\n\n\n\n<div class=\"ss-table-row\">\n<p class=\"gb-text\">Fuso orario<\/p>\n\n\n\n<p class=\"gb-text\">UTC+1<\/p>\n<\/div>\n\n\n\n<div class=\"ss-table-row\">\n<p class=\"gb-text\">Referente<\/p>\n\n\n\n<p class=\"gb-text\">Suor F\u00e9licit\u00e9 Mbombe<\/p>\n<\/div>\n\n\n\n<div class=\"ss-table-row\">\n<p class=\"gb-text\">Madre Generale<\/p>\n\n\n\n<p class=\"gb-text\">Suor F\u00e9licit\u00e9 Mbombe<\/p>\n<\/div>\n\n\n\n<div class=\"ss-table-row\">\n<p class=\"gb-text\">Sito Internet<\/p>\n\n\n\n<p class=\"gb-text\"><a href=\"https:\/\/www.suoresantagemma.it\/\" target=\"_blank\" rel=\"noreferrer noopener\" title=\"suoresantagemma.it\">suoresantagemma.it<\/a><\/p>\n<\/div>\n<\/div>\n\n\n\n<div class=\"ss-project-table\">\n<div class=\"ss-table-section-title\">\n<h3 id=\"spazio-reale\" class=\"gb-text\">SPAZIO REALE<\/h3>\n<\/div>\n\n\n\n<div class=\"ss-table-row\">\n<p class=\"gb-text\">Responsabile progetto<\/p>\n\n\n\n<p class=\"gb-text\">Suor F\u00e9licit\u00e9 Mbombe<\/p>\n<\/div>\n\n\n\n<div class=\"ss-table-row\">\n<p class=\"gb-text\">Data inizio<\/p>\n\n\n\n<p class=\"gb-text\"><\/p>\n<\/div>\n\n\n\n<div class=\"ss-table-row\">\n<p class=\"gb-text\">Tipologia<\/p>\n\n\n\n<p class=\"gb-text\"><strong>Taglio e cucito<\/strong><\/p>\n<\/div>\n<\/div>\n\n\n\n<div class=\"ss-project-table\">\n<a class=\"gb-element-e1766596 ss-table-section-button\" href=\"#\" title=\"OPERA M &#8211; PROGETTO M44\">\n<span class=\"gb-text\">OPERA M &#8211; PROGETTO M44<\/span>\n<\/a>\n<\/div>\n<\/div>\n<\/div>\n\n\n\n<div class=\"gb-element-6ad95ea8\">\n<div class=\"gb-element-e34063a6 ss-project-intro\">\n<p class=\"wp-block-paragraph\">OPERA M \u00e8 la rivoluzione delle opere di misericordia. \u00c8 lo strumento permanente di sviluppo di un pensiero forte e rinnovato delle opere nel mondo.<\/p>\n\n\n\n<p class=\"wp-block-paragraph\">Nasce da un\u2019urgenza sentita fortemente da spazio + spadoni di ri<strong>E<\/strong>volvere il concetto di opera di misericordia come cammino che \u00e8 sempre contemporaneamente umano e divino insieme, e quindi, sempre spirituale oltre che pratico (o corporale). La riscoperta, anzi, la vera ri<strong>E<\/strong>voluzione delle opere deve essere ritrovata dentro questa sintesi tra aspetto spirituale e atto pratico. L\u2019operare materiale deve sempre essere permeato dallo spirito.<\/p>\n\n\n\n<p class=\"wp-block-paragraph\">OPERA M si fonda su cinque azioni che ne definiscono il metodo: INVOCA, chiama lo Spirito ASCOLTA, fai silenzio per aprirti all&#8217;ascolto INCONTRA, stai in mezzo alla gente OPERIAMO, agire per le opere INONDIAMO, portiamo tutti alle Opere di Misericordia <strong>Opere di Misericordia spirituali<\/strong> Consigliare i dubbiosi Insegnare agli ignoranti Ammonire i peccatori Consolare gli afflitti Perdonare le offese Sopportare pazientemente le persone moleste Pregare Dio per i vivi e per i morti <strong>Opere di Misericordia corporali<\/strong> Dar da mangiare agli affamati Dar da bere agli assetati Vestire gli ignudi Alloggiare i pellegrini Visitare gli infermi Visitare i carcerati Seppellire i morti<\/p>\n\n<\/div>\n<\/div>\n\n\n\n\n<div>\n\n<h2 id=\"timeline\" class=\"gb-text gb-text-8179e40a\">Timeline<\/h2>\n\n\n\n\n\n<div class=\"ss-timeline\">\n\n<h3 id=\"2025\" class=\"gb-text\">2025<\/h3>\n\n\n\n\n\n<div class=\"ss-timeline-item\">\n\n<h4 id=\"maggio-incontro-a-roma\" class=\"gb-text\">Maggio | Incontro a Roma<\/h4>\n\n\n\n\n<p class=\"wp-block-paragraph\">Nel maggio 2025 suor F\u00e9licit\u00e8 che si trovava a Roma in occasione dell&#x27;Assemblea UISG, conosce spazio + spadoni. La Madre ha modo di parlare con Luigi Spadoni e da quel giorno inizia la collaborazione interamente centrata sull&#x27;impegno nella diffusione delle Opere di Misericordia &#8211; OPERA M.<\/p>\n\n\n<\/div>\n\n\n\n\n<div class=\"ss-timeline-item\">\n\n<h4 id=\"9-giugno-rievoluzione-opere-misericordia\" class=\"gb-text\">9 giugno | RiEvoluzione Opere Misericordia<\/h4>\n\n\n\n\n<p class=\"wp-block-paragraph\">Madre F\u00e9licit\u00e8 comunica che la Congregazione intende impegnarsi nel far conoscere la riEvoluzione delle Opere di Misericordia promossa da spazio + spadoni<\/p>\n\n\n<\/div>\n\n\n\n\n<div class=\"ss-timeline-item\">\n\n<h4 id=\"8-agosto-invio-progetto\" class=\"gb-text\">8 agosto | Invio progetto<\/h4>\n\n\n\n\n<p class=\"wp-block-paragraph\">La Congregazione presenta un progetto per il sostegno dell&#x27;attivit\u00e0 di taglio e cucito<\/p>\n\n\n<\/div>\n\n\n\n\n<div class=\"ss-timeline-item\">\n\n<h4 id=\"19-settembre-ambasciatrice-delle-opere-di-misericordia\" class=\"gb-text\">19 settembre | Ambasciatrice delle Opere di Misericordia<\/h4>\n\n\n\n\n<p class=\"wp-block-paragraph\">Durante un incontro online, suor F\u00e9licit\u00e8 comunica che la suora scelta per essere Ambasciatrice delle Opere di Misericordia \u00e8 suor Baudouine<\/p>\n\n\n<\/div>\n\n\n\n\n<div class=\"ss-timeline-item\">\n\n<h4 id=\"14-ottobre-incontro-a-roma\" class=\"gb-text\">14 ottobre | Incontro a Roma<\/h4>\n\n\n\n\n<p class=\"wp-block-paragraph\">Suor F\u00e9licit\u00e8 che si trova a Roma in occasione del Giubileo, incontra Luigi Spadoni e insieme gettano le basi concrete per lo sviluppo della collaborazione sia per quanto riguarda OPERA M che per l&#x27;impresa sociale<\/p>\n\n\n\n<figure class=\"wp-block-gallery has-nested-images columns-1 is-cropped ss-lightbox wp-block-gallery-1 is-layout-flex wp-block-gallery-is-layout-flex\">\n\n<figure class=\"wp-block-image size-large\"><img decoding=\"async\" src=\"https:\/\/spaziospadoni.org\/wp-content\/uploads\/2026\/05\/2025_ottobre_suor_felicite_luigi_spadoni_roma_incontro_formazione_opere_misericordia_operam-4.jpg\" alt=\"2025 ottobre suor felicite luigi spadoni roma incontro formazione opere misericordia operam 4\"\/><figcaption class=\"wp-element-caption\">14 ottobre | Incontro a Roma<\/figcaption><\/figure>\n\n<\/figure>\n\n\n<\/div>\n\n\n\n\n<div class=\"ss-timeline-item\">\n\n<h4 id=\"11-dicembre-rivalutazione-del-progetto\" class=\"gb-text\">11 dicembre | Rivalutazione del progetto<\/h4>\n\n\n\n\n<p class=\"wp-block-paragraph\">Dopo il confronto con Luigi, la Congregazione sceglie di cambiare progetto e di sostituire quello precedentemente presentato sul taglio e cucito con uno che riguarda l&#x27;allevamento di pollame<\/p>\n\n\n<\/div>\n\n\n<\/div>\n\n\n\n\n<div class=\"ss-timeline\">\n\n<h3 id=\"2026\" class=\"gb-text\">2026<\/h3>\n\n\n\n\n\n<div class=\"ss-timeline-item\">\n\n<h4 id=\"14-gennaio-incontro-opera-m-diocesi\" class=\"gb-text\">14 gennaio | Incontro OPERA M Diocesi<\/h4>\n\n\n\n\n<p class=\"wp-block-paragraph\">L&#x27;incontro \u00e8 stato organizzato da Padre Corneille Bolenga, rettore della Cattedrale, per i responsabili delle piccole comunit\u00e0 locali nei quattro settori pastorali della citt\u00e0 di Basankusu. \u00c9 stata offerta una formazione sulle Opere di Misericordia (corporali e spirituali) a pi\u00f9 di 100 persone. Nell&#x27;occasione \u00e8 stato distribuito il foulard di spazio + spadoni. I partecipanti hanno mostrato grande interesse per la formazione.<\/p>\n\n\n\n<figure class=\"wp-block-gallery has-nested-images columns-1 is-cropped ss-lightbox wp-block-gallery-2 is-layout-flex wp-block-gallery-is-layout-flex\">\n\n<figure class=\"wp-block-image size-large\"><img decoding=\"async\" src=\"https:\/\/spaziospadoni.org\/wp-content\/uploads\/2026\/05\/2026_gennaio_suor_felicita_congo_incontro_diocesi_basankuso_opere_misericordia_operam_spazio_spadoni.jpeg\" alt=\"2026 gennaio suor felicita congo incontro diocesi basankuso opere misericordia operam spazio spadoni\"\/><figcaption class=\"wp-element-caption\">14 gennaio | Incontro OPERA M Diocesi<\/figcaption><\/figure>\n\n<\/figure>\n\n\n<\/div>\n\n\n\n\n<div class=\"ss-timeline-item\">\n\n<h4 id=\"2-marzo-congregazione-in-opera-m\" class=\"gb-text\">2 marzo | Congregazione in OPERA M<\/h4>\n\n\n\n\n<p class=\"wp-block-paragraph\">Suor F\u00e9licit\u00e8 invia un elenco di suore che, per ogni loro comunit\u00e0, si occuper\u00e0 di diffondere le Opere di Misericordia. Elenco delle Consoli.<\/p>\n\n\n<\/div>\n\n\n\n\n<div class=\"ss-timeline-item\">\n\n<h4 id=\"25-marzo-comitato-forum\" class=\"gb-text\">25 marzo | Comitato Forum<\/h4>\n\n\n\n\n<p class=\"wp-block-paragraph\">Suor F\u00e9licit\u00e8 presenta il comitato che si occuper\u00e0 di organizzare il Forum delle Opere di Misericordia nella diocesi di Basankusu<\/p>\n\n\n<\/div>\n\n\n\n\n<div class=\"ss-timeline-item\">\n\n<h4 id=\"12-aprile-realizzazione-foulard\" class=\"gb-text\">12 aprile | Realizzazione foulard<\/h4>\n\n\n\n\n<p class=\"wp-block-paragraph\">Sono stati realizzati i foulard da distribuire agli abitanti di spazio + spadoni<\/p>\n\n\n\n<figure class=\"wp-block-gallery has-nested-images columns-1 is-cropped ss-lightbox wp-block-gallery-3 is-layout-flex wp-block-gallery-is-layout-flex\">\n\n<figure class=\"wp-block-image size-large\"><img decoding=\"async\" src=\"https:\/\/spaziospadoni.org\/wp-content\/uploads\/2026\/05\/2026_12_aprile_foulard_spazio_spadoni_abitanti_basankusu_congo_suor_felicite_opere_misericordia_operam-1.jpeg\" alt=\"2026 12 aprile foulard spazio spadoni abitanti basankusu congo suor felicite opere misericordia operam 1\"\/><figcaption class=\"wp-element-caption\">12 aprile | Realizzazione foulard<\/figcaption><\/figure>\n\n<\/figure>\n\n\n<\/div>\n\n\n\n\n<div class=\"ss-timeline-item\">\n\n<h4 id=\"13-maggio-formazione-novizie\" class=\"gb-text\">13 maggio | Formazione novizie<\/h4>\n\n\n\n\n<p class=\"wp-block-paragraph\">Suor Baudouine Ekomba, Ambasciatrice della Misericordia, tiene una formazione alle novizie vsulla riEvoluzione delle Opere di Misericordia. Presto partiranno per i loro tirocini nelle diverse comunit\u00e0, dove condivideranno la formazione ricevuta.<\/p>\n\n\n\n<figure class=\"wp-block-gallery has-nested-images columns-1 is-cropped ss-lightbox wp-block-gallery-4 is-layout-flex wp-block-gallery-is-layout-flex\">\n\n<figure class=\"wp-block-image size-large\"><img decoding=\"async\" src=\"https:\/\/spaziospadoni.org\/wp-content\/uploads\/2026\/05\/2026_maggio_13_suor_felicite_ambasciatrice_opere_misericordia_formazione_novizie_congo_spazio_spadoni_operam-3.jpeg\" alt=\"2026 maggio 13 suor felicite ambasciatrice opere misericordia formazione novizie congo spazio spadoni operam 3\"\/><figcaption class=\"wp-element-caption\">13 maggio | Formazione novizie<\/figcaption><\/figure>\n\n<\/figure>\n\n\n<\/div>\n\n\n<\/div>\n\n\n<\/div>\n\n\n\n<div class=\"ss-project-reports\">\n<h2 id=\"report-opere-di-misericordia\" class=\"gb-text gb-text-75c3218d\">Report Opere di Misericordia<\/h2>\n\n\n<ul class=\"wp-block-list ss-report-list\">\n\n<li><a href=\"https:\/\/spaziospadoni.org\/wp-content\/uploads\/2026\/05\/Progetto-Impresa-Sociale-Soeurs-de-Sainte-Therese-de-lEnfant-Jesus-de-Basankusu.pdf\" target=\"_blank\" rel=\"noreferrer noopener\" title=\"Progetto Impresa Sociale &#8211; S\u0153urs de Sainte Th\u00e9r\u00e8se de l\u2019Enfant J\u00e9sus de Basankusu\">Progetto Impresa Sociale &#8211; S\u0153urs de Sainte Th\u00e9r\u00e8se de l\u2019Enfant J\u00e9sus de Basankusu<\/a><\/li>\n\n<\/ul>\n\n<\/div>\n\n\n\n<div class=\"ss-project-media\">\n<h2 id=\"foto-e-video\" class=\"gb-text gb-text-d7bd8be8\">Foto e video<\/h2>\n\n\n<div class=\"ss-media-filters\">\n\n<a class=\"gb-text ss-media-filter active\" data-filter=\"*\" title=\"Tutto\">Tutto<\/a>\n\n\n<a class=\"gb-text ss-media-filter\" data-filter=\".italia\" title=\"Italia\">Italia<\/a>\n\n\n<a class=\"gb-text ss-media-filter\" data-filter=\".basankusu\" title=\"Basankusu\">Basankusu<\/a>\n\n<\/div>\n\n\n<div class=\"ss-media-grid\">\n<div>\n<figure class=\"wp-block-gallery has-nested-images columns-1 is-cropped ss-lightbox wp-block-gallery-5 is-layout-flex wp-block-gallery-is-layout-flex\">\n\n<figure class=\"wp-block-image size-large italia\"><img decoding=\"async\" alt=\"2025 ottobre suor felicite luigi spadoni roma incontro formazione opere misericordia operam 4\" src=\"https:\/\/spaziospadoni.org\/wp-content\/uploads\/2026\/05\/2025_ottobre_suor_felicite_luigi_spadoni_roma_incontro_formazione_opere_misericordia_operam-4.jpg\"\/><\/figure>\n\n\n<figure class=\"wp-block-image size-large italia\"><img decoding=\"async\" alt=\"2025 ottobre suor felicite luigi spadoni roma incontro formazione opere misericordia operam 3\" src=\"https:\/\/spaziospadoni.org\/wp-content\/uploads\/2026\/05\/2025_ottobre_suor_felicite_luigi_spadoni_roma_incontro_formazione_opere_misericordia_operam-3.jpg\"\/><\/figure>\n\n\n<figure class=\"wp-block-image size-large basankusu\"><img decoding=\"async\" alt=\"2026 gennaio suor felicita congo incontro diocesi basankuso opere misericordia operam spazio spadoni\" src=\"https:\/\/spaziospadoni.org\/wp-content\/uploads\/2026\/05\/2026_gennaio_suor_felicita_congo_incontro_diocesi_basankuso_opere_misericordia_operam_spazio_spadoni.jpeg\"\/><\/figure>\n\n\n<figure class=\"wp-block-image size-large basankusu\"><img decoding=\"async\" alt=\"2026 12 aprile foulard spazio spadoni abitanti basankusu congo suor felicite opere misericordia operam 5\" src=\"https:\/\/spaziospadoni.org\/wp-content\/uploads\/2026\/05\/2026_12_aprile_foulard_spazio_spadoni_abitanti_basankusu_congo_suor_felicite_opere_misericordia_operam-5.jpeg\"\/><\/figure>\n\n\n<figure class=\"wp-block-image size-large basankusu\"><img decoding=\"async\" alt=\"2026 12 aprile foulard spazio spadoni abitanti basankusu congo suor felicite opere misericordia operam 1\" src=\"https:\/\/spaziospadoni.org\/wp-content\/uploads\/2026\/05\/2026_12_aprile_foulard_spazio_spadoni_abitanti_basankusu_congo_suor_felicite_opere_misericordia_operam-1.jpeg\"\/><\/figure>\n\n\n<figure class=\"wp-block-image size-large basankusu\"><img decoding=\"async\" alt=\"2026 12 aprile foulard spazio spadoni abitanti basankusu congo suor felicite opere misericordia operam 4\" src=\"https:\/\/spaziospadoni.org\/wp-content\/uploads\/2026\/05\/2026_12_aprile_foulard_spazio_spadoni_abitanti_basankusu_congo_suor_felicite_opere_misericordia_operam-4.jpeg\"\/><\/figure>\n\n\n<figure class=\"wp-block-image size-large basankusu\"><img decoding=\"async\" alt=\"2026 12 aprile foulard spazio spadoni abitanti basankusu congo suor felicite opere misericordia operam 3\" src=\"https:\/\/spaziospadoni.org\/wp-content\/uploads\/2026\/05\/2026_12_aprile_foulard_spazio_spadoni_abitanti_basankusu_congo_suor_felicite_opere_misericordia_operam-3.jpeg\"\/><\/figure>\n\n\n<figure class=\"wp-block-image size-large basankusu\"><img decoding=\"async\" alt=\"2026 12 aprile foulard spazio spadoni abitanti basankusu congo suor felicite opere misericordia operam 6\" src=\"https:\/\/spaziospadoni.org\/wp-content\/uploads\/2026\/05\/2026_12_aprile_foulard_spazio_spadoni_abitanti_basankusu_congo_suor_felicite_opere_misericordia_operam-6.jpeg\"\/><\/figure>\n\n\n<figure class=\"wp-block-image size-large basankusu\"><img decoding=\"async\" alt=\"2026 12 aprile foulard spazio spadoni abitanti basankusu congo suor felicite opere misericordia operam 7\" src=\"https:\/\/spaziospadoni.org\/wp-content\/uploads\/2026\/05\/2026_12_aprile_foulard_spazio_spadoni_abitanti_basankusu_congo_suor_felicite_opere_misericordia_operam-7.jpeg\"\/><\/figure>\n\n\n<figure class=\"wp-block-image size-large basankusu\"><img decoding=\"async\" alt=\"2026 maggio 13 suor felicite ambasciatrice opere misericordia formazione novizie congo spazio spadoni operam 1\" src=\"https:\/\/spaziospadoni.org\/wp-content\/uploads\/2026\/05\/2026_maggio_13_suor_felicite_ambasciatrice_opere_misericordia_formazione_novizie_congo_spazio_spadoni_operam-1.jpeg\"\/><\/figure>\n\n\n<figure class=\"wp-block-image size-large basankusu\"><img decoding=\"async\" alt=\"2026 maggio 13 suor felicite ambasciatrice opere misericordia formazione novizie congo spazio spadoni operam 2\" src=\"https:\/\/spaziospadoni.org\/wp-content\/uploads\/2026\/05\/2026_maggio_13_suor_felicite_ambasciatrice_opere_misericordia_formazione_novizie_congo_spazio_spadoni_operam-2.jpeg\"\/><\/figure>\n\n\n<figure class=\"wp-block-image size-large basankusu\"><img decoding=\"async\" alt=\"2026 maggio 13 suor felicite ambasciatrice opere misericordia formazione novizie congo spazio spadoni operam 3\" src=\"https:\/\/spaziospadoni.org\/wp-content\/uploads\/2026\/05\/2026_maggio_13_suor_felicite_ambasciatrice_opere_misericordia_formazione_novizie_congo_spazio_spadoni_operam-3.jpeg\"\/><\/figure>\n\n\n<figure class=\"wp-block-image size-large basankusu\"><img decoding=\"async\" alt=\"2026 maggio 13 suor felicite ambasciatrice opere misericordia formazione novizie congo spazio spadoni operam 4\" src=\"https:\/\/spaziospadoni.org\/wp-content\/uploads\/2026\/05\/2026_maggio_13_suor_felicite_ambasciatrice_opere_misericordia_formazione_novizie_congo_spazio_spadoni_operam-4.jpeg\"\/><\/figure>\n\n<\/figure>\n\n<\/div>\n\n<\/div>\n\n<\/div>\n\n","protected":false},"excerpt":{"rendered":"<p>Basankusu | Basankusu (Repubblica Democratica del Congo) OPERA M44 MISSIONE Luogo Basankusu Diocesi Basankusu Nazione Repubblica Democratica del Congo Continente Africa Coordinate GPS 1.21725 19.80178 Fuso orario UTC+1 ORGANIZZATORE Congregazione S\u0153urs de Sainte Th\u00e9r\u00e8se de l&#8217;Enfant J\u00e9sus de Basankusu Casa Madre Basankusu Diocesi Basankusu Nazione Repubblica Democratica del Congo Continente Africa Festa Congregazione 15 agosto &#8230; <a title=\"Repubblica Democratica del Congo &#8211; Africa | Progetto M44\" class=\"read-more\" href=\"https:\/\/spaziospadoni.org\/it\/opera-m\/repubblica-democratica-del-congo-africa-progetto-m44\/\" aria-label=\"Per saperne di pi\u00f9 su Repubblica Democratica del Congo &#8211; Africa | Progetto M44\">Leggi tutto<\/a><\/p>\n","protected":false},"author":102,"featured_media":0,"parent":89578,"menu_order":0,"comment_status":"closed","ping_status":"closed","template":"","meta":{"_sitemap_exclude":false,"_sitemap_priority":"","_sitemap_frequency":"","footnotes":""},"class_list":["post-51463","page","type-page","status-publish","infinite-scroll-item"],"yoast_head":"<!-- This site is optimized with the Yoast SEO plugin v28.4 - https:\/\/yoast.com\/product\/yoast-seo-wordpress\/ -->\n<title>Repubblica Democratica del Congo - Africa | Progetto M44 | Spazio Spadoni<\/title>\n<meta name=\"description\" content=\"Basankusu | Basankusu (Repubblica Democratica del Congo) OPERA M44 MISSIONE Luogo Basankusu Diocesi Basankusu Nazione Repubblica Democratica del Congo\" \/>\n<meta name=\"robots\" content=\"index, follow, max-snippet:-1, max-image-preview:large, max-video-preview:-1\" \/>\n<link rel=\"canonical\" href=\"https:\/\/spaziospadoni.org\/it\/opera-m\/repubblica-democratica-del-congo-africa-progetto-m44\/\" \/>\n<meta property=\"og:locale\" content=\"it_IT\" \/>\n<meta property=\"og:type\" content=\"article\" \/>\n<meta property=\"og:title\" content=\"Repubblica Democratica del Congo - Africa | Progetto M44 | Spazio Spadoni\" \/>\n<meta property=\"og:description\" content=\"Basankusu | Basankusu (Repubblica Democratica del Congo) OPERA M44 MISSIONE Luogo Basankusu Diocesi Basankusu Nazione Repubblica Democratica del Congo\" \/>\n<meta property=\"og:url\" content=\"https:\/\/spaziospadoni.org\/it\/opera-m\/repubblica-democratica-del-congo-africa-progetto-m44\/\" \/>\n<meta property=\"og:site_name\" content=\"spazio + spadoni\" \/>\n<meta property=\"article:publisher\" content=\"https:\/\/www.facebook.com\/SpazioSpadoni\/\" \/>\n<meta property=\"article:modified_time\" content=\"2026-08-17T11:21:31+00:00\" \/>\n<meta property=\"og:image\" content=\"https:\/\/spaziospadoni.org\/wp-content\/uploads\/2026\/05\/hicsum_1_congo-spaziospadoni-scaled.png\" \/>\n\t<meta property=\"og:image:width\" content=\"2560\" \/>\n\t<meta property=\"og:image:height\" content=\"1771\" \/>\n\t<meta property=\"og:image:type\" content=\"image\/png\" \/>\n<meta name=\"twitter:card\" content=\"summary_large_image\" \/>\n<meta name=\"twitter:label1\" content=\"Tempo di lettura stimato\" \/>\n\t<meta name=\"twitter:data1\" content=\"8 minuti\" \/>\n<script type=\"application\/ld+json\" class=\"yoast-schema-graph\">{\"@context\":\"https:\\\/\\\/schema.org\",\"@graph\":[{\"@type\":\"WebPage\",\"@id\":\"https:\\\/\\\/spaziospadoni.org\\\/it\\\/opera-m\\\/repubblica-democratica-del-congo-africa-progetto-m44\\\/\",\"url\":\"https:\\\/\\\/spaziospadoni.org\\\/it\\\/opera-m\\\/repubblica-democratica-del-congo-africa-progetto-m44\\\/\",\"name\":\"Repubblica Democratica del Congo - Africa | Progetto M44 | Spazio Spadoni\",\"isPartOf\":{\"@id\":\"https:\\\/\\\/spaziospadoni.org\\\/it\\\/#website\"},\"primaryImageOfPage\":{\"@id\":\"https:\\\/\\\/spaziospadoni.org\\\/it\\\/opera-m\\\/repubblica-democratica-del-congo-africa-progetto-m44\\\/#primaryimage\"},\"image\":{\"@id\":\"https:\\\/\\\/spaziospadoni.org\\\/it\\\/opera-m\\\/repubblica-democratica-del-congo-africa-progetto-m44\\\/#primaryimage\"},\"thumbnailUrl\":\"https:\\\/\\\/spaziospadoni.org\\\/wp-content\\\/uploads\\\/2026\\\/05\\\/hicsum_1_congo-spaziospadoni.png\",\"datePublished\":\"2026-05-18T13:20:26+00:00\",\"dateModified\":\"2026-08-17T11:21:31+00:00\",\"description\":\"Basankusu | Basankusu (Repubblica Democratica del Congo) OPERA M44 MISSIONE Luogo Basankusu Diocesi Basankusu Nazione Repubblica Democratica del Congo\",\"breadcrumb\":{\"@id\":\"https:\\\/\\\/spaziospadoni.org\\\/it\\\/opera-m\\\/repubblica-democratica-del-congo-africa-progetto-m44\\\/#breadcrumb\"},\"inLanguage\":\"it-IT\",\"potentialAction\":[{\"@type\":\"ReadAction\",\"target\":[\"https:\\\/\\\/spaziospadoni.org\\\/it\\\/opera-m\\\/repubblica-democratica-del-congo-africa-progetto-m44\\\/\"]}]},{\"@type\":\"ImageObject\",\"inLanguage\":\"it-IT\",\"@id\":\"https:\\\/\\\/spaziospadoni.org\\\/it\\\/opera-m\\\/repubblica-democratica-del-congo-africa-progetto-m44\\\/#primaryimage\",\"url\":\"https:\\\/\\\/spaziospadoni.org\\\/wp-content\\\/uploads\\\/2026\\\/05\\\/hicsum_1_congo-spaziospadoni.png\",\"contentUrl\":\"https:\\\/\\\/spaziospadoni.org\\\/wp-content\\\/uploads\\\/2026\\\/05\\\/hicsum_1_congo-spaziospadoni.png\"},{\"@type\":\"BreadcrumbList\",\"@id\":\"https:\\\/\\\/spaziospadoni.org\\\/it\\\/opera-m\\\/repubblica-democratica-del-congo-africa-progetto-m44\\\/#breadcrumb\",\"itemListElement\":[{\"@type\":\"ListItem\",\"position\":1,\"name\":\"Home\",\"item\":\"https:\\\/\\\/spaziospadoni.org\\\/it\\\/\"},{\"@type\":\"ListItem\",\"position\":2,\"name\":\"Opera M\",\"item\":\"https:\\\/\\\/spaziospadoni.org\\\/it\\\/opera-m\\\/\"},{\"@type\":\"ListItem\",\"position\":3,\"name\":\"Repubblica Democratica del Congo &#8211; Africa | Progetto M44\"}]},{\"@type\":\"WebSite\",\"@id\":\"https:\\\/\\\/spaziospadoni.org\\\/it\\\/#website\",\"url\":\"https:\\\/\\\/spaziospadoni.org\\\/it\\\/\",\"name\":\"spazio + spadoni\",\"description\":\"Generazione di misericordia e missione nel mondo\",\"publisher\":{\"@id\":\"https:\\\/\\\/spaziospadoni.org\\\/it\\\/#organization\"},\"alternateName\":\"spaziospadoni.org\",\"potentialAction\":[{\"@type\":\"SearchAction\",\"target\":{\"@type\":\"EntryPoint\",\"urlTemplate\":\"https:\\\/\\\/spaziospadoni.org\\\/it\\\/?s={search_term_string}\"},\"query-input\":{\"@type\":\"PropertyValueSpecification\",\"valueRequired\":true,\"valueName\":\"search_term_string\"}}],\"inLanguage\":\"it-IT\"},{\"@type\":\"Organization\",\"@id\":\"https:\\\/\\\/spaziospadoni.org\\\/it\\\/#organization\",\"name\":\"spazio + spadoni\",\"alternateName\":\"spaziospadoni.org\",\"url\":\"https:\\\/\\\/spaziospadoni.org\\\/it\\\/\",\"logo\":{\"@type\":\"ImageObject\",\"inLanguage\":\"it-IT\",\"@id\":\"https:\\\/\\\/spaziospadoni.org\\\/it\\\/#\\\/schema\\\/logo\\\/image\\\/\",\"url\":\"https:\\\/\\\/spaziospadoni.org\\\/wp-content\\\/uploads\\\/2026\\\/05\\\/spazio-spadoni-logo-100x100-1.webp\",\"contentUrl\":\"https:\\\/\\\/spaziospadoni.org\\\/wp-content\\\/uploads\\\/2026\\\/05\\\/spazio-spadoni-logo-100x100-1.webp\",\"width\":100,\"height\":100,\"caption\":\"spazio + spadoni\"},\"image\":{\"@id\":\"https:\\\/\\\/spaziospadoni.org\\\/it\\\/#\\\/schema\\\/logo\\\/image\\\/\"},\"sameAs\":[\"https:\\\/\\\/www.facebook.com\\\/SpazioSpadoni\\\/\",\"https:\\\/\\\/www.instagram.com\\\/spaziospadoni\\\/\",\"https:\\\/\\\/www.youtube.com\\\/@spaziospadoni\\\/playlists\"]}]}<\/script>\n<!-- \/ Yoast SEO plugin. -->","yoast_head_json":{"title":"Repubblica Democratica del Congo - Africa | Progetto M44 | Spazio Spadoni","description":"Basankusu | Basankusu (Repubblica Democratica del Congo) OPERA M44 MISSIONE Luogo Basankusu Diocesi Basankusu Nazione Repubblica Democratica del Congo","robots":{"index":"index","follow":"follow","max-snippet":"max-snippet:-1","max-image-preview":"max-image-preview:large","max-video-preview":"max-video-preview:-1"},"canonical":"https:\/\/spaziospadoni.org\/it\/opera-m\/repubblica-democratica-del-congo-africa-progetto-m44\/","og_locale":"it_IT","og_type":"article","og_title":"Repubblica Democratica del Congo - Africa | Progetto M44 | Spazio Spadoni","og_description":"Basankusu | Basankusu (Repubblica Democratica del Congo) OPERA M44 MISSIONE Luogo Basankusu Diocesi Basankusu Nazione Repubblica Democratica del Congo","og_url":"https:\/\/spaziospadoni.org\/it\/opera-m\/repubblica-democratica-del-congo-africa-progetto-m44\/","og_site_name":"spazio + spadoni","article_publisher":"https:\/\/www.facebook.com\/SpazioSpadoni\/","article_modified_time":"2026-08-17T11:21:31+00:00","og_image":[{"width":2560,"height":1771,"url":"https:\/\/spaziospadoni.org\/wp-content\/uploads\/2026\/05\/hicsum_1_congo-spaziospadoni-scaled.png","type":"image\/png"}],"twitter_card":"summary_large_image","twitter_misc":{"Tempo di lettura stimato":"8 minuti"},"schema":{"@context":"https:\/\/schema.org","@graph":[{"@type":"WebPage","@id":"https:\/\/spaziospadoni.org\/it\/opera-m\/repubblica-democratica-del-congo-africa-progetto-m44\/","url":"https:\/\/spaziospadoni.org\/it\/opera-m\/repubblica-democratica-del-congo-africa-progetto-m44\/","name":"Repubblica Democratica del Congo - Africa | Progetto M44 | Spazio Spadoni","isPartOf":{"@id":"https:\/\/spaziospadoni.org\/it\/#website"},"primaryImageOfPage":{"@id":"https:\/\/spaziospadoni.org\/it\/opera-m\/repubblica-democratica-del-congo-africa-progetto-m44\/#primaryimage"},"image":{"@id":"https:\/\/spaziospadoni.org\/it\/opera-m\/repubblica-democratica-del-congo-africa-progetto-m44\/#primaryimage"},"thumbnailUrl":"https:\/\/spaziospadoni.org\/wp-content\/uploads\/2026\/05\/hicsum_1_congo-spaziospadoni.png","datePublished":"2026-05-18T13:20:26+00:00","dateModified":"2026-08-17T11:21:31+00:00","description":"Basankusu | Basankusu (Repubblica Democratica del Congo) OPERA M44 MISSIONE Luogo Basankusu Diocesi Basankusu Nazione Repubblica Democratica del Congo","breadcrumb":{"@id":"https:\/\/spaziospadoni.org\/it\/opera-m\/repubblica-democratica-del-congo-africa-progetto-m44\/#breadcrumb"},"inLanguage":"it-IT","potentialAction":[{"@type":"ReadAction","target":["https:\/\/spaziospadoni.org\/it\/opera-m\/repubblica-democratica-del-congo-africa-progetto-m44\/"]}]},{"@type":"ImageObject","inLanguage":"it-IT","@id":"https:\/\/spaziospadoni.org\/it\/opera-m\/repubblica-democratica-del-congo-africa-progetto-m44\/#primaryimage","url":"https:\/\/spaziospadoni.org\/wp-content\/uploads\/2026\/05\/hicsum_1_congo-spaziospadoni.png","contentUrl":"https:\/\/spaziospadoni.org\/wp-content\/uploads\/2026\/05\/hicsum_1_congo-spaziospadoni.png"},{"@type":"BreadcrumbList","@id":"https:\/\/spaziospadoni.org\/it\/opera-m\/repubblica-democratica-del-congo-africa-progetto-m44\/#breadcrumb","itemListElement":[{"@type":"ListItem","position":1,"name":"Home","item":"https:\/\/spaziospadoni.org\/it\/"},{"@type":"ListItem","position":2,"name":"Opera M","item":"https:\/\/spaziospadoni.org\/it\/opera-m\/"},{"@type":"ListItem","position":3,"name":"Repubblica Democratica del Congo &#8211; Africa | Progetto M44"}]},{"@type":"WebSite","@id":"https:\/\/spaziospadoni.org\/it\/#website","url":"https:\/\/spaziospadoni.org\/it\/","name":"spazio + spadoni","description":"Generazione di misericordia e missione nel mondo","publisher":{"@id":"https:\/\/spaziospadoni.org\/it\/#organization"},"alternateName":"spaziospadoni.org","potentialAction":[{"@type":"SearchAction","target":{"@type":"EntryPoint","urlTemplate":"https:\/\/spaziospadoni.org\/it\/?s={search_term_string}"},"query-input":{"@type":"PropertyValueSpecification","valueRequired":true,"valueName":"search_term_string"}}],"inLanguage":"it-IT"},{"@type":"Organization","@id":"https:\/\/spaziospadoni.org\/it\/#organization","name":"spazio + spadoni","alternateName":"spaziospadoni.org","url":"https:\/\/spaziospadoni.org\/it\/","logo":{"@type":"ImageObject","inLanguage":"it-IT","@id":"https:\/\/spaziospadoni.org\/it\/#\/schema\/logo\/image\/","url":"https:\/\/spaziospadoni.org\/wp-content\/uploads\/2026\/05\/spazio-spadoni-logo-100x100-1.webp","contentUrl":"https:\/\/spaziospadoni.org\/wp-content\/uploads\/2026\/05\/spazio-spadoni-logo-100x100-1.webp","width":100,"height":100,"caption":"spazio + spadoni"},"image":{"@id":"https:\/\/spaziospadoni.org\/it\/#\/schema\/logo\/image\/"},"sameAs":["https:\/\/www.facebook.com\/SpazioSpadoni\/","https:\/\/www.instagram.com\/spaziospadoni\/","https:\/\/www.youtube.com\/@spaziospadoni\/playlists"]}]}},"_links":{"self":[{"href":"https:\/\/spaziospadoni.org\/it\/wp-json\/wp\/v2\/pages\/51463","targetHints":{"allow":["GET"]}}],"collection":[{"href":"https:\/\/spaziospadoni.org\/it\/wp-json\/wp\/v2\/pages"}],"about":[{"href":"https:\/\/spaziospadoni.org\/it\/wp-json\/wp\/v2\/types\/page"}],"author":[{"embeddable":true,"href":"https:\/\/spaziospadoni.org\/it\/wp-json\/wp\/v2\/users\/102"}],"replies":[{"embeddable":true,"href":"https:\/\/spaziospadoni.org\/it\/wp-json\/wp\/v2\/comments?post=51463"}],"version-history":[{"count":1,"href":"https:\/\/spaziospadoni.org\/it\/wp-json\/wp\/v2\/pages\/51463\/revisions"}],"predecessor-version":[{"id":90317,"href":"https:\/\/spaziospadoni.org\/it\/wp-json\/wp\/v2\/pages\/51463\/revisions\/90317"}],"up":[{"embeddable":true,"href":"https:\/\/spaziospadoni.org\/it\/wp-json\/wp\/v2\/pages\/89578"}],"wp:attachment":[{"href":"https:\/\/spaziospadoni.org\/it\/wp-json\/wp\/v2\/media?parent=51463"}],"curies":[{"name":"wp","href":"https:\/\/api.w.org\/{rel}","templated":true}]}}