{"id":51560,"date":"2026-05-18T14:32:57","date_gmt":"2026-05-18T13:32:57","guid":{"rendered":"https:\/\/spaziospadoni.org\/?page_id=51560"},"modified":"2026-08-19T13:32:39","modified_gmt":"2026-08-19T12:32:39","slug":"rwanda-africa-progetto-m15","status":"publish","type":"page","link":"https:\/\/spaziospadoni.org\/it\/opera-m\/rwanda-africa-progetto-m15\/","title":{"rendered":"Rwanda &#8211; Africa | Progetto M15"},"content":{"rendered":"\n<div class=\"ss-project-hero-card\">\n<h2 id=\"huye-butare-butare-rwanda\" class=\"gb-text gb-text-62a95885\">Huye &#8211; Butare | Butare (Rwanda)<\/h2>\n\n\n\n<div class=\"gb-element-f60f2409\">\n<div class=\"gb-element-90a85740 ss-project-sidebar\">\n<h2 id=\"opera-m15\" class=\"gb-text ss-project-title\">OPERA M15<\/h2>\n\n\n\n<figure class=\"wp-block-image size-large\"><img decoding=\"async\" src=\"https:\/\/spaziospadoni.org\/wp-content\/uploads\/2026\/05\/hicsum_28_rwanda-spaziospadoni-scaled.png\" alt=\"hicsum 28 rwanda spaziospadoni 150x150\" class=\"wp-image-43007\"\/><\/figure>\n\n\n\n<div class=\"ss-project-table\">\n<div class=\"ss-table-section-title\">\n<h3 id=\"missione\" class=\"gb-text\">MISSIONE<\/h3>\n<\/div>\n\n\n\n<div class=\"ss-table-row\">\n<p class=\"gb-text\">Luogo<\/p>\n\n\n\n<p class=\"gb-text\"><a href=\"https:\/\/www.google.it\/maps\/place\/Butare,+Ruanda\/@-2.6274613,29.6869256,13z\/data=!3m1!4b1!4m6!3m5!1s0x19c30e87584c8b97:0x71fbfafce20bdc47!8m2!3d-2.6005173!4d29.7419201!16zL20vMDk3eHZs?hl=it&#038;entry=ttu&#038;g_ep=EgoyMDI1MTAyOS4yIKXMDSoASAFQAw%3D%3D\" rel=\"noreferrer noopener\" target=\"_blank\" title=\"Huye &#8211; Butare\">Huye &#8211; Butare<\/a><\/p>\n<\/div>\n\n\n\n<div class=\"ss-table-row\">\n<p class=\"gb-text\">Diocesi<\/p>\n\n\n\n<p class=\"gb-text\">Butare<\/p>\n<\/div>\n\n\n\n<div class=\"ss-table-row\">\n<p class=\"gb-text\">Nazione<\/p>\n\n\n\n<p class=\"gb-text\"><strong>Rwanda<\/strong><\/p>\n<\/div>\n\n\n\n<div class=\"ss-table-row\">\n<p class=\"gb-text\">Continente<\/p>\n\n\n\n<p class=\"gb-text\">Africa<\/p>\n<\/div>\n\n\n\n<div class=\"ss-table-row\">\n<p class=\"gb-text\">Coordinate GPS<\/p>\n\n\n\n<p class=\"gb-text\">-2.60697 29.74359<\/p>\n<\/div>\n\n\n\n<div class=\"ss-table-row\">\n<p class=\"gb-text\">Fuso orario<\/p>\n\n\n\n<p class=\"gb-text\">UTC+2<\/p>\n<\/div>\n<\/div>\n\n\n\n<div class=\"ss-project-table\">\n<div class=\"ss-table-section-title\">\n<h3 id=\"organizzatore\" class=\"gb-text\">ORGANIZZATORE<\/h3>\n<\/div>\n\n\n\n<div class=\"ss-table-row\">\n<p class=\"gb-text\">Congregazione<\/p>\n\n\n\n<p class=\"gb-text\">Fraternit\u00e9 des Consacres de la Communaut\u00e9 Ingoro Y&#8217;Urukundo (Demeure de la Charit\u00e9)<\/p>\n<\/div>\n\n\n\n<div class=\"ss-table-row\">\n<p class=\"gb-text\">Casa Madre<\/p>\n\n\n\n<p class=\"gb-text\">Huye &#8211; Butare<\/p>\n<\/div>\n\n\n\n<div class=\"ss-table-row\">\n<p class=\"gb-text\">Diocesi<\/p>\n\n\n\n<p class=\"gb-text\">Butare<\/p>\n<\/div>\n\n\n\n<div class=\"ss-table-row\">\n<p class=\"gb-text\">Nazione<\/p>\n\n\n\n<p class=\"gb-text\">Rwanda<\/p>\n<\/div>\n\n\n\n<div class=\"ss-table-row\">\n<p class=\"gb-text\">Continente<\/p>\n\n\n\n<p class=\"gb-text\">Africa<\/p>\n<\/div>\n\n\n\n<div class=\"ss-table-row\">\n<p class=\"gb-text\">Festa Congregazione<\/p>\n\n\n\n<p class=\"gb-text\">Festa di Pentecoste<\/p>\n<\/div>\n\n\n\n<div class=\"ss-table-row\">\n<p class=\"gb-text\">Coordinate GPS<\/p>\n\n\n\n<p class=\"gb-text\">-2.60697, 29.74359<\/p>\n<\/div>\n\n\n\n<div class=\"ss-table-row\">\n<p class=\"gb-text\">Fuso orario<\/p>\n\n\n\n<p class=\"gb-text\">UTC+2<\/p>\n<\/div>\n\n\n\n<div class=\"ss-table-row\">\n<p class=\"gb-text\">Referente<\/p>\n\n\n\n<p class=\"gb-text\">Suor Esperance Nyirasafari<\/p>\n<\/div>\n\n\n\n<div class=\"ss-table-row\">\n<p class=\"gb-text\">Madre Generale<\/p>\n\n\n\n<p class=\"gb-text\">Suor Germaine Mukamugema<\/p>\n<\/div>\n<\/div>\n\n\n\n<div class=\"ss-project-table\">\n<a class=\"gb-element-e1766596 ss-table-section-button\" href=\"#\" title=\"OPERA M &#8211; PROGETTO M15\">\n<span class=\"gb-text\">OPERA M &#8211; PROGETTO M15<\/span>\n<\/a>\n<\/div>\n<\/div>\n<\/div>\n\n\n\n<div class=\"gb-element-6ad95ea8\">\n<div class=\"gb-element-e34063a6 ss-project-intro\">\n<p class=\"wp-block-paragraph\">OPERA M \u00e8 la rivoluzione delle opere di misericordia. \u00c8 lo strumento permanente di sviluppo di un pensiero forte e rinnovato delle opere nel mondo.<\/p>\n\n\n\n<p class=\"wp-block-paragraph\">Nasce da un\u2019urgenza sentita fortemente da spazio + spadoni di ri<strong>E<\/strong>volvere il concetto di opera di misericordia come cammino che \u00e8 sempre contemporaneamente umano e divino insieme, e quindi, sempre spirituale oltre che pratico (o corporale). La riscoperta, anzi, la vera ri<strong>E<\/strong>voluzione delle opere deve essere ritrovata dentro questa sintesi tra aspetto spirituale e atto pratico. L\u2019operare materiale deve sempre essere permeato dallo spirito.<\/p>\n\n\n\n<p class=\"wp-block-paragraph\">OPERA M si fonda su cinque azioni che ne definiscono il metodo: INVOCA, chiama lo Spirito ASCOLTA, fai silenzio per aprirti all&#8217;ascolto INCONTRA, stai in mezzo alla gente OPERIAMO, agire per le opere INONDIAMO, portiamo tutti alle Opere di Misericordia <strong>Opere di Misericordia spirituali<\/strong> Consigliare i dubbiosi Insegnare agli ignoranti Ammonire i peccatori Consolare gli afflitti Perdonare le offese Sopportare pazientemente le persone moleste Pregare Dio per i vivi e per i morti <strong>Opere di Misericordia corporali<\/strong> Dar da mangiare agli affamati Dar da bere agli assetati Vestire gli ignudi Alloggiare i pellegrini Visitare gli infermi Visitare i carcerati Seppellire i morti<\/p>\n\n<\/div>\n<\/div>\n\n\n\n\n<div>\n\n<h2 id=\"timeline\" class=\"gb-text gb-text-8179e40a\">Timeline<\/h2>\n\n\n\n\n\n<div class=\"ss-timeline\">\n\n<h3 id=\"2023\" class=\"gb-text\">2023<\/h3>\n\n\n\n\n\n<div class=\"ss-timeline-item\">\n\n<h4 id=\"12-febbraio-creazione-gruppo\" class=\"gb-text\">12 febbraio | Creazione gruppo<\/h4>\n\n\n\n\n<p class=\"wp-block-paragraph\">Creazione del gruppo di volontari che si riunisce per la prima volta<\/p>\n\n\n<\/div>\n\n\n\n\n<div class=\"ss-timeline-item\">\n\n<h4 id=\"22-febbraio-odm-in-ospedale\" class=\"gb-text\">22 febbraio | OdM in ospedale<\/h4>\n\n\n\n\n<p class=\"wp-block-paragraph\">Opere di Misericordia con i carcerati ricoverati in ospedale<\/p>\n\n\n<\/div>\n\n\n\n\n<div class=\"ss-timeline-item\">\n\n<h4 id=\"18-marzo-rievoluzione\" class=\"gb-text\">18 marzo | RiEvoluzione<\/h4>\n\n\n\n\n<p class=\"wp-block-paragraph\">In occasione delle celebrazioni di San Giuseppe, suor Agnes presenta la riEvoluzione delle Opere di Misericordia a tutta la Congregazione<\/p>\n\n\n<\/div>\n\n\n\n\n<div class=\"ss-timeline-item\">\n\n<h4 id=\"6-ottobre-odm-in-ospedale\" class=\"gb-text\">6 ottobre | OdM in ospedale<\/h4>\n\n\n\n\n<p class=\"wp-block-paragraph\">Opere di Misericordia in ospedale<\/p>\n\n\n<\/div>\n\n\n<\/div>\n\n\n\n\n<div class=\"ss-timeline\">\n\n<h3 id=\"2024\" class=\"gb-text\">2024<\/h3>\n\n\n\n\n\n<div class=\"ss-timeline-item\">\n\n<h4 id=\"03-gennaio-odm-con-anziani\" class=\"gb-text\">03 gennaio | OdM con anziani<\/h4>\n\n\n\n\n<p class=\"wp-block-paragraph\">Opere di Misericordia con anziani malati<\/p>\n\n\n<\/div>\n\n\n\n\n<div class=\"ss-timeline-item\">\n\n<h4 id=\"24-febbraio-odm-con-anziani\" class=\"gb-text\">24 febbraio | OdM con anziani<\/h4>\n\n\n\n\n<p class=\"wp-block-paragraph\">Opere di Misericordia con anziani malati<\/p>\n\n\n<\/div>\n\n\n\n\n<div class=\"ss-timeline-item\">\n\n<h4 id=\"23-marzo-rievoluzione\" class=\"gb-text\">23 marzo | RiEvoluzione<\/h4>\n\n\n\n\n<p class=\"wp-block-paragraph\">Incontro formativo guidato da suor Agnes<\/p>\n\n\n<\/div>\n\n\n\n\n<div class=\"ss-timeline-item\">\n\n<h4 id=\"28-aprile-odm-con-ammalati\" class=\"gb-text\">28 aprile | OdM con ammalati<\/h4>\n\n\n\n\n<p class=\"wp-block-paragraph\">Opere di Misericordia tra gli anziani e gli ammalati<\/p>\n\n\n<\/div>\n\n\n\n\n<div class=\"ss-timeline-item\">\n\n<h4 id=\"25-maggio-volontari\" class=\"gb-text\">25 maggio | Volontari<\/h4>\n\n\n\n\n<p class=\"wp-block-paragraph\">Opere di Misericordia con i volontari<\/p>\n\n\n<\/div>\n\n\n\n\n<div class=\"ss-timeline-item\">\n\n<h4 id=\"28-giugno-volontari\" class=\"gb-text\">28 giugno | Volontari<\/h4>\n\n\n\n\n<p class=\"wp-block-paragraph\">Opere di Misericordia con i volontari<\/p>\n\n\n<\/div>\n\n\n\n\n<div class=\"ss-timeline-item\">\n\n<h4 id=\"27-luglio-odm\" class=\"gb-text\">27 luglio | OdM<\/h4>\n\n\n\n\n<p class=\"wp-block-paragraph\">Opere di Misericordia con i volontari<\/p>\n\n\n<\/div>\n\n\n\n\n<div class=\"ss-timeline-item\">\n\n<h4 id=\"05-agosto-odm\" class=\"gb-text\">05 agosto | OdM<\/h4>\n\n\n\n\n<p class=\"wp-block-paragraph\">Opere di Misericordia con i volontari<\/p>\n\n\n<\/div>\n\n\n\n\n<div class=\"ss-timeline-item\">\n\n<h4 id=\"24-agosto-odm-pregare\" class=\"gb-text\">24 agosto | OdM pregare<\/h4>\n\n\n\n\n<p class=\"wp-block-paragraph\">Opere di Misericordia con i volontari, pregare con gli ammalati<\/p>\n\n\n<\/div>\n\n\n\n\n<div class=\"ss-timeline-item\">\n\n<h4 id=\"28-settembre-odm\" class=\"gb-text\">28 settembre | OdM<\/h4>\n\n\n\n\n<p class=\"wp-block-paragraph\">Opere di Misericordia con i volontari<\/p>\n\n\n<\/div>\n\n\n\n\n<div class=\"ss-timeline-item\">\n\n<h4 id=\"26-ottobre-volontari\" class=\"gb-text\">26 ottobre | Volontari<\/h4>\n\n\n\n\n<p class=\"wp-block-paragraph\">Opere di Misericordia con i volontari<\/p>\n\n\n<\/div>\n\n\n\n\n<div class=\"ss-timeline-item\">\n\n<h4 id=\"30-novembre-odm\" class=\"gb-text\">30 novembre | OdM<\/h4>\n\n\n\n\n<p class=\"wp-block-paragraph\">Opere di Misericordia con i volontari<\/p>\n\n\n<\/div>\n\n\n\n\n<div class=\"ss-timeline-item\">\n\n<h4 id=\"28-dicembre-volontari\" class=\"gb-text\">28 dicembre | Volontari<\/h4>\n\n\n\n\n<p class=\"wp-block-paragraph\">Opere di Misericordia con i volontari<\/p>\n\n\n<\/div>\n\n\n<\/div>\n\n\n\n\n<div class=\"ss-timeline\">\n\n<h3 id=\"2025\" class=\"gb-text\">2025<\/h3>\n\n\n\n\n\n<div class=\"ss-timeline-item\">\n\n<h4 id=\"26-gennaio-odm-con-anziani\" class=\"gb-text\">26 gennaio | OdM con anziani<\/h4>\n\n\n\n\n<p class=\"wp-block-paragraph\">Opere di Misericordia con i volontari nelle case degli anziani e degli ammalati<\/p>\n\n\n<\/div>\n\n\n\n\n<div class=\"ss-timeline-item\">\n\n<h4 id=\"23-febbraio-odm-studi-medici\" class=\"gb-text\">23 febbraio | OdM studi medici<\/h4>\n\n\n\n\n<p class=\"wp-block-paragraph\">Opere di Misericordia con i volontari negli studi medici<\/p>\n\n\n<\/div>\n\n\n\n\n<div class=\"ss-timeline-item\">\n\n<h4 id=\"4-maggio-odm-in-ospedale\" class=\"gb-text\">4 maggio | OdM in ospedale<\/h4>\n\n\n\n\n<p class=\"wp-block-paragraph\">Opere di Misericordia in ospedale<\/p>\n\n\n<\/div>\n\n\n\n\n<div class=\"ss-timeline-item\">\n\n<h4 id=\"10-giugno-odm-in-ospedale\" class=\"gb-text\">10 giugno | OdM in ospedale<\/h4>\n\n\n\n\n<p class=\"wp-block-paragraph\">Opere di Misericordia in ospedale<\/p>\n\n\n<\/div>\n\n\n\n\n<div class=\"ss-timeline-item\">\n\n<h4 id=\"18-ottobre-odm\" class=\"gb-text\">18 ottobre | OdM<\/h4>\n\n\n\n\n<p class=\"wp-block-paragraph\">Opere di Misericordia in ospedale<\/p>\n\n\n<\/div>\n\n\n<\/div>\n\n\n<\/div>\n\n\n\n<div class=\"ss-project-reports\">\n<h2 id=\"report-opere-di-misericordia\" class=\"gb-text gb-text-75c3218d\">Report Opere di Misericordia<\/h2>\n\n\n<ul class=\"wp-block-list ss-report-list\">\n\n<li><a href=\"https:\/\/spaziospadoni.org\/wp-content\/uploads\/2026\/05\/2023-Luglio_Report-OPERA-M_sr-Agnes_Suore-Dimora-della-Carita.pdf\" target=\"_blank\" rel=\"noreferrer noopener\" title=\"2023 Luglio_Report OPERA M_sr Agnes_Suore Dimora della Carit\u00e0\">2023 Luglio_Report OPERA M_sr Agnes_Suore Dimora della Carit\u00e0<\/a><\/li>\n\n\n<li><a href=\"https:\/\/spaziospadoni.org\/wp-content\/uploads\/2026\/05\/2025-Marzo_Report-OPERA-M_sr-Agnes_Suore-Dimora-della-Carita.pdf\" target=\"_blank\" rel=\"noreferrer noopener\" title=\"2025 Marzo_Report OPERA M_sr Agnes_Suore Dimora della Carit\u00e0\">2025 Marzo_Report OPERA M_sr Agnes_Suore Dimora della Carit\u00e0<\/a><\/li>\n\n\n<li><a href=\"https:\/\/spaziospadoni.org\/wp-content\/uploads\/2026\/05\/Elenco-volontari_gruppi_sr.-Agnes.pdf\" target=\"_blank\" rel=\"noreferrer noopener\" title=\"Elenco volontari_gruppi_sr. Agnes\">Elenco volontari_gruppi_sr. Agnes<\/a><\/li>\n\n<\/ul>\n\n<\/div>\n\n\n\n<div class=\"ss-project-media\">\n<h2 id=\"foto-e-video\" class=\"gb-text gb-text-d7bd8be8\">Foto e video<\/h2>\n\n\n<div class=\"ss-media-filters\">\n\n<a class=\"gb-text ss-media-filter active\" data-filter=\"*\" title=\"Tutto\">Tutto<\/a>\n\n\n<a class=\"gb-text ss-media-filter\" data-filter=\".volontari\" title=\"Volontari\">Volontari<\/a>\n\n\n<a class=\"gb-text ss-media-filter\" data-filter=\".video\" title=\"Video\">Video<\/a>\n\n<\/div>\n\n\n<div class=\"ss-media-grid\">\n<div>\n<figure class=\"wp-block-gallery has-nested-images columns-1 is-cropped ss-lightbox wp-block-gallery-1 is-layout-flex wp-block-gallery-is-layout-flex\">\n\n<figure class=\"wp-block-image size-large volontari\"><img decoding=\"async\" alt=\"2023 novembre 19 hicsum 28 italia rwanda spazio spadoni misericordia stiava sr agnes selene pera visita 2\" src=\"https:\/\/spaziospadoni.org\/wp-content\/uploads\/2026\/05\/2023_novembre_19_hicsum_28_italia_rwanda_spazio_spadoni_misericordia_stiava_sr_agnes_selene_pera_visita-2.jpg\"\/><\/figure>\n\n\n<figure class=\"wp-block-image size-large volontari\"><img decoding=\"async\" alt=\"2023 novembre 19 hicsum 28 italia rwanda spazio spadoni misericordia stiava sr agnes selene pera visita 3\" src=\"https:\/\/spaziospadoni.org\/wp-content\/uploads\/2026\/05\/2023_novembre_19_hicsum_28_italia_rwanda_spazio_spadoni_misericordia_stiava_sr_agnes_selene_pera_visita-3.jpg\"\/><\/figure>\n\n\n<figure class=\"wp-block-image size-large volontari\"><img decoding=\"async\" alt=\"giugno 2025 suor Agnes hicsum rwanda spaziospadoni opere di misericordia volontari volontariato operam 1\" src=\"https:\/\/spaziospadoni.org\/wp-content\/uploads\/2026\/05\/giugno-2025_suor-Agnes_hicsum_rwanda_spaziospadoni_opere_di_misericordia_volontari_volontariato_operam-1.jpg\"\/><\/figure>\n\n\n<figure class=\"wp-block-image size-large volontari\"><img decoding=\"async\" alt=\"2024 agosto 5 spazio spadoni suor agnes opere misericordia volontari operam\" src=\"https:\/\/spaziospadoni.org\/wp-content\/uploads\/2026\/05\/2024_agosto_5_spazio_spadoni_suor_agnes_opere_misericordia_volontari_operam.jpg\"\/><\/figure>\n\n\n<figure class=\"wp-block-image size-large volontari\"><img decoding=\"async\" alt=\"giugno 2025 suor Agnes hicsum rwanda spaziospadoni opere di misericordia volontari volontariato operam 2\" src=\"https:\/\/spaziospadoni.org\/wp-content\/uploads\/2026\/05\/giugno-2025_suor-Agnes_hicsum_rwanda_spaziospadoni_opere_di_misericordia_volontari_volontariato_operam-2.jpg\"\/><\/figure>\n\n\n<figure class=\"wp-block-image size-large volontari\"><img decoding=\"async\" alt=\"2025 ottobre 18 suor agnes esperance rwanda opere misericordia volontari ospedale 8\" src=\"https:\/\/spaziospadoni.org\/wp-content\/uploads\/2026\/05\/2025_ottobre_18_suor_agnes_esperance_rwanda_opere_misericordia_volontari_ospedale-8.jpg\"\/><\/figure>\n\n\n<figure class=\"wp-block-image size-large volontari\"><img decoding=\"async\" alt=\"2025 ottobre 18 suor agnes esperance rwanda opere misericordia volontari ospedale 9\" src=\"https:\/\/spaziospadoni.org\/wp-content\/uploads\/2026\/05\/2025_ottobre_18_suor_agnes_esperance_rwanda_opere_misericordia_volontari_ospedale-9.jpg\"\/><\/figure>\n\n\n<figure class=\"wp-block-image size-large volontari\"><img decoding=\"async\" alt=\"2025 ottobre 18 suor agnes esperance rwanda opere misericordia volontari ospedale 10\" src=\"https:\/\/spaziospadoni.org\/wp-content\/uploads\/2026\/05\/2025_ottobre_18_suor_agnes_esperance_rwanda_opere_misericordia_volontari_ospedale-10.jpg\"\/><\/figure>\n\n\n<figure class=\"wp-block-image size-large volontari\"><img decoding=\"async\" alt=\"2025 ottobre 18 suor agnes esperance rwanda opere misericordia volontari ospedale 1\" src=\"https:\/\/spaziospadoni.org\/wp-content\/uploads\/2026\/05\/2025_ottobre_18_suor_agnes_esperance_rwanda_opere_misericordia_volontari_ospedale-1.jpg\"\/><\/figure>\n\n\n<figure class=\"wp-block-image size-large volontari\"><img decoding=\"async\" alt=\"2025 ottobre 18 suor agnes esperance rwanda opere misericordia volontari ospedale 3\" src=\"https:\/\/spaziospadoni.org\/wp-content\/uploads\/2026\/05\/2025_ottobre_18_suor_agnes_esperance_rwanda_opere_misericordia_volontari_ospedale-3.jpg\"\/><\/figure>\n\n\n<figure class=\"wp-block-image size-large volontari\"><img decoding=\"async\" alt=\"2025 ottobre 18 suor agnes esperance rwanda opere misericordia volontari ospedale 4\" src=\"https:\/\/spaziospadoni.org\/wp-content\/uploads\/2026\/05\/2025_ottobre_18_suor_agnes_esperance_rwanda_opere_misericordia_volontari_ospedale-4.jpg\"\/><\/figure>\n\n\n<figure class=\"wp-block-image size-large volontari\"><img decoding=\"async\" alt=\"2025 ottobre 18 suor agnes esperance rwanda opere misericordia volontari ospedale 5\" src=\"https:\/\/spaziospadoni.org\/wp-content\/uploads\/2026\/05\/2025_ottobre_18_suor_agnes_esperance_rwanda_opere_misericordia_volontari_ospedale-5.jpg\"\/><\/figure>\n\n\n<figure class=\"wp-block-image size-large volontari\"><img decoding=\"async\" alt=\"2025 ottobre 18 suor agnes esperance rwanda opere misericordia volontari ospedale 6\" src=\"https:\/\/spaziospadoni.org\/wp-content\/uploads\/2026\/05\/2025_ottobre_18_suor_agnes_esperance_rwanda_opere_misericordia_volontari_ospedale-6.jpg\"\/><\/figure>\n\n\n<figure class=\"wp-block-image size-large volontari\"><img decoding=\"async\" alt=\"2025 ottobre 18 suor agnes esperance rwanda opere misericordia volontari ospedale 6\" src=\"https:\/\/spaziospadoni.org\/wp-content\/uploads\/2026\/05\/2025_ottobre_18_suor_agnes_esperance_rwanda_opere_misericordia_volontari_ospedale-6.jpg\"\/><\/figure>\n\n\n<figure class=\"wp-block-image size-large volontari\"><img decoding=\"async\" alt=\"2024 agosto 5 spazio spadoni suor agnes opere misericordia volontari operam\" src=\"https:\/\/spaziospadoni.org\/wp-content\/uploads\/2026\/05\/2024_agosto_5_spazio_spadoni_suor_agnes_opere_misericordia_volontari_operam.jpg\"\/><\/figure>\n\n<\/figure>\n\n\n<div class=\"gb-element-b24bbf5e ss-media-videos\">\n\n<figure class=\"wp-block-video video\"><video controls=\"\" src=\"https:\/\/spaziospadoni.org\/wp-content\/uploads\/2026\/05\/2023_marzo_san_giuseppe_suor_agnes_spiega_opere_misericordia.mp4\"><\/video><figcaption class=\"wp-element-caption\">2023 marzo san giuseppe suor agnes spiega opere misericordia<\/figcaption><\/figure>\n\n\n<figure class=\"wp-block-video video\"><video controls=\"\" src=\"https:\/\/spaziospadoni.org\/wp-content\/uploads\/2026\/05\/ottobre_2023_apostolato_ospedale_rwanda_opere_misericordia_operam_spazio_spadoni_suor_agnes.mp4\"><\/video><figcaption class=\"wp-element-caption\">ottobre 2023 apostolato ospedale rwanda opere misericordia operam spazio spadoni suor agnes<\/figcaption><\/figure>\n\n\n<figure class=\"wp-block-video video\"><video controls=\"\" src=\"https:\/\/spaziospadoni.org\/wp-content\/uploads\/2026\/05\/maggio_2025_apostolato_ospedale_operam_opere_misericordia_rwanda_suor_agnes_spazio_spadoni-2.mp4\"><\/video><figcaption class=\"wp-element-caption\">maggio 2025 apostolato ospedale operam opere misericordia rwanda suor agnes spazio spadoni 2<\/figcaption><\/figure>\n\n\n<figure class=\"wp-block-video video\"><video controls=\"\" src=\"https:\/\/spaziospadoni.org\/wp-content\/uploads\/2026\/05\/maggio_2025_apostolato_ospedale_operam_opere_misericordia_rwanda_suor_agnes_spazio_spadoni-1.mp4\"><\/video><figcaption class=\"wp-element-caption\">maggio 2025 apostolato ospedale operam opere misericordia rwanda suor agnes spazio spadoni 1<\/figcaption><\/figure>\n\n\n<figure class=\"wp-block-video video\"><video controls=\"\" src=\"https:\/\/spaziospadoni.org\/wp-content\/uploads\/2026\/05\/13.09.2025.mp4\"><\/video><figcaption class=\"wp-element-caption\">13.09.2025<\/figcaption><\/figure>\n\n\n<figure class=\"wp-block-video video\"><video controls=\"\" src=\"https:\/\/spaziospadoni.org\/wp-content\/uploads\/2026\/05\/2025_aprile_operam_opere_misericordia_spazio_spadoni_butare_ruanda_volontari.mp4\"><\/video><figcaption class=\"wp-element-caption\">2025 aprile operam opere misericordia spazio spadoni butare ruanda volontari<\/figcaption><\/figure>\n\n\n<figure class=\"wp-block-video video\"><video controls=\"\" src=\"https:\/\/spaziospadoni.org\/wp-content\/uploads\/2026\/05\/2025_ottobre_18_suor_agnes_esperance_rwanda_opere_misericordia_volontari_ospedale-1.mp4\"><\/video><figcaption class=\"wp-element-caption\">2025 ottobre 18 suor agnes esperance rwanda opere misericordia volontari ospedale 1<\/figcaption><\/figure>\n\n<\/div>\n\n<\/div>\n\n<\/div>\n\n<\/div>\n\n","protected":false},"excerpt":{"rendered":"<p>Huye &#8211; Butare | Butare (Rwanda) OPERA M15 MISSIONE Luogo Huye &#8211; Butare Diocesi Butare Nazione Rwanda Continente Africa Coordinate GPS -2.60697 29.74359 Fuso orario UTC+2 ORGANIZZATORE Congregazione Fraternit\u00e9 des Consacres de la Communaut\u00e9 Ingoro Y&#8217;Urukundo (Demeure de la Charit\u00e9) Casa Madre Huye &#8211; Butare Diocesi Butare Nazione Rwanda Continente Africa Festa Congregazione Festa di &#8230; <a title=\"Rwanda &#8211; Africa | Progetto M15\" class=\"read-more\" href=\"https:\/\/spaziospadoni.org\/it\/opera-m\/rwanda-africa-progetto-m15\/\" aria-label=\"Per saperne di pi\u00f9 su Rwanda &#8211; Africa | Progetto M15\">Leggi tutto<\/a><\/p>\n","protected":false},"author":102,"featured_media":0,"parent":89578,"menu_order":0,"comment_status":"closed","ping_status":"closed","template":"","meta":{"_sitemap_exclude":false,"_sitemap_priority":"","_sitemap_frequency":"","footnotes":""},"class_list":["post-51560","page","type-page","status-publish","infinite-scroll-item"],"yoast_head":"<!-- This site is optimized with the Yoast SEO plugin v28.4 - https:\/\/yoast.com\/product\/yoast-seo-wordpress\/ -->\n<title>Rwanda - Africa | Progetto M15 | Spazio Spadoni<\/title>\n<meta name=\"description\" content=\"Huye - Butare | Butare (Rwanda) OPERA M15 MISSIONE Luogo Huye - Butare Diocesi Butare Nazione Rwanda Continente Africa Coordinate GPS -2.60697 29.74359\" \/>\n<meta name=\"robots\" content=\"index, follow, max-snippet:-1, max-image-preview:large, max-video-preview:-1\" \/>\n<link rel=\"canonical\" href=\"https:\/\/spaziospadoni.org\/it\/opera-m\/rwanda-africa-progetto-m15\/\" \/>\n<meta property=\"og:locale\" content=\"it_IT\" \/>\n<meta property=\"og:type\" content=\"article\" \/>\n<meta property=\"og:title\" content=\"Rwanda - Africa | Progetto M15 | Spazio Spadoni\" \/>\n<meta property=\"og:description\" content=\"Huye - Butare | Butare (Rwanda) OPERA M15 MISSIONE Luogo Huye - Butare Diocesi Butare Nazione Rwanda Continente Africa Coordinate GPS -2.60697 29.74359\" \/>\n<meta property=\"og:url\" content=\"https:\/\/spaziospadoni.org\/it\/opera-m\/rwanda-africa-progetto-m15\/\" \/>\n<meta property=\"og:site_name\" content=\"spazio + spadoni\" \/>\n<meta property=\"article:publisher\" content=\"https:\/\/www.facebook.com\/SpazioSpadoni\/\" \/>\n<meta property=\"article:modified_time\" content=\"2026-08-19T12:32:39+00:00\" \/>\n<meta property=\"og:image\" content=\"https:\/\/spaziospadoni.org\/wp-content\/uploads\/2026\/05\/hicsum_1_congo-spaziospadoni-scaled.png\" \/>\n\t<meta property=\"og:image:width\" content=\"2560\" \/>\n\t<meta property=\"og:image:height\" content=\"1771\" \/>\n\t<meta property=\"og:image:type\" content=\"image\/png\" \/>\n<meta name=\"twitter:card\" content=\"summary_large_image\" \/>\n<meta name=\"twitter:label1\" content=\"Tempo di lettura stimato\" \/>\n\t<meta name=\"twitter:data1\" content=\"7 minuti\" \/>\n<script type=\"application\/ld+json\" class=\"yoast-schema-graph\">{\"@context\":\"https:\\\/\\\/schema.org\",\"@graph\":[{\"@type\":\"WebPage\",\"@id\":\"https:\\\/\\\/spaziospadoni.org\\\/it\\\/opera-m\\\/rwanda-africa-progetto-m15\\\/\",\"url\":\"https:\\\/\\\/spaziospadoni.org\\\/it\\\/opera-m\\\/rwanda-africa-progetto-m15\\\/\",\"name\":\"Rwanda - Africa | Progetto M15 | Spazio Spadoni\",\"isPartOf\":{\"@id\":\"https:\\\/\\\/spaziospadoni.org\\\/it\\\/#website\"},\"primaryImageOfPage\":{\"@id\":\"https:\\\/\\\/spaziospadoni.org\\\/it\\\/opera-m\\\/rwanda-africa-progetto-m15\\\/#primaryimage\"},\"image\":{\"@id\":\"https:\\\/\\\/spaziospadoni.org\\\/it\\\/opera-m\\\/rwanda-africa-progetto-m15\\\/#primaryimage\"},\"thumbnailUrl\":\"https:\\\/\\\/spaziospadoni.org\\\/wp-content\\\/uploads\\\/2026\\\/05\\\/hicsum_28_rwanda-spaziospadoni-scaled.png\",\"datePublished\":\"2026-05-18T13:32:57+00:00\",\"dateModified\":\"2026-08-19T12:32:39+00:00\",\"description\":\"Huye - Butare | Butare (Rwanda) OPERA M15 MISSIONE Luogo Huye - Butare Diocesi Butare Nazione Rwanda Continente Africa Coordinate GPS -2.60697 29.74359\",\"breadcrumb\":{\"@id\":\"https:\\\/\\\/spaziospadoni.org\\\/it\\\/opera-m\\\/rwanda-africa-progetto-m15\\\/#breadcrumb\"},\"inLanguage\":\"it-IT\",\"potentialAction\":[{\"@type\":\"ReadAction\",\"target\":[\"https:\\\/\\\/spaziospadoni.org\\\/it\\\/opera-m\\\/rwanda-africa-progetto-m15\\\/\"]}]},{\"@type\":\"ImageObject\",\"inLanguage\":\"it-IT\",\"@id\":\"https:\\\/\\\/spaziospadoni.org\\\/it\\\/opera-m\\\/rwanda-africa-progetto-m15\\\/#primaryimage\",\"url\":\"https:\\\/\\\/spaziospadoni.org\\\/wp-content\\\/uploads\\\/2026\\\/05\\\/hicsum_28_rwanda-spaziospadoni-scaled.png\",\"contentUrl\":\"https:\\\/\\\/spaziospadoni.org\\\/wp-content\\\/uploads\\\/2026\\\/05\\\/hicsum_28_rwanda-spaziospadoni-scaled.png\"},{\"@type\":\"BreadcrumbList\",\"@id\":\"https:\\\/\\\/spaziospadoni.org\\\/it\\\/opera-m\\\/rwanda-africa-progetto-m15\\\/#breadcrumb\",\"itemListElement\":[{\"@type\":\"ListItem\",\"position\":1,\"name\":\"Home\",\"item\":\"https:\\\/\\\/spaziospadoni.org\\\/it\\\/\"},{\"@type\":\"ListItem\",\"position\":2,\"name\":\"Opera M\",\"item\":\"https:\\\/\\\/spaziospadoni.org\\\/it\\\/opera-m\\\/\"},{\"@type\":\"ListItem\",\"position\":3,\"name\":\"Rwanda &#8211; Africa | Progetto M15\"}]},{\"@type\":\"WebSite\",\"@id\":\"https:\\\/\\\/spaziospadoni.org\\\/it\\\/#website\",\"url\":\"https:\\\/\\\/spaziospadoni.org\\\/it\\\/\",\"name\":\"spazio + spadoni\",\"description\":\"Generazione di misericordia e missione nel mondo\",\"publisher\":{\"@id\":\"https:\\\/\\\/spaziospadoni.org\\\/it\\\/#organization\"},\"alternateName\":\"spaziospadoni.org\",\"potentialAction\":[{\"@type\":\"SearchAction\",\"target\":{\"@type\":\"EntryPoint\",\"urlTemplate\":\"https:\\\/\\\/spaziospadoni.org\\\/it\\\/?s={search_term_string}\"},\"query-input\":{\"@type\":\"PropertyValueSpecification\",\"valueRequired\":true,\"valueName\":\"search_term_string\"}}],\"inLanguage\":\"it-IT\"},{\"@type\":\"Organization\",\"@id\":\"https:\\\/\\\/spaziospadoni.org\\\/it\\\/#organization\",\"name\":\"spazio + spadoni\",\"alternateName\":\"spaziospadoni.org\",\"url\":\"https:\\\/\\\/spaziospadoni.org\\\/it\\\/\",\"logo\":{\"@type\":\"ImageObject\",\"inLanguage\":\"it-IT\",\"@id\":\"https:\\\/\\\/spaziospadoni.org\\\/it\\\/#\\\/schema\\\/logo\\\/image\\\/\",\"url\":\"https:\\\/\\\/spaziospadoni.org\\\/wp-content\\\/uploads\\\/2026\\\/05\\\/spazio-spadoni-logo-100x100-1.webp\",\"contentUrl\":\"https:\\\/\\\/spaziospadoni.org\\\/wp-content\\\/uploads\\\/2026\\\/05\\\/spazio-spadoni-logo-100x100-1.webp\",\"width\":100,\"height\":100,\"caption\":\"spazio + spadoni\"},\"image\":{\"@id\":\"https:\\\/\\\/spaziospadoni.org\\\/it\\\/#\\\/schema\\\/logo\\\/image\\\/\"},\"sameAs\":[\"https:\\\/\\\/www.facebook.com\\\/SpazioSpadoni\\\/\",\"https:\\\/\\\/www.instagram.com\\\/spaziospadoni\\\/\",\"https:\\\/\\\/www.youtube.com\\\/@spaziospadoni\\\/playlists\"]}]}<\/script>\n<!-- \/ Yoast SEO plugin. -->","yoast_head_json":{"title":"Rwanda - Africa | Progetto M15 | Spazio Spadoni","description":"Huye - Butare | Butare (Rwanda) OPERA M15 MISSIONE Luogo Huye - Butare Diocesi Butare Nazione Rwanda Continente Africa Coordinate GPS -2.60697 29.74359","robots":{"index":"index","follow":"follow","max-snippet":"max-snippet:-1","max-image-preview":"max-image-preview:large","max-video-preview":"max-video-preview:-1"},"canonical":"https:\/\/spaziospadoni.org\/it\/opera-m\/rwanda-africa-progetto-m15\/","og_locale":"it_IT","og_type":"article","og_title":"Rwanda - Africa | Progetto M15 | Spazio Spadoni","og_description":"Huye - Butare | Butare (Rwanda) OPERA M15 MISSIONE Luogo Huye - Butare Diocesi Butare Nazione Rwanda Continente Africa Coordinate GPS -2.60697 29.74359","og_url":"https:\/\/spaziospadoni.org\/it\/opera-m\/rwanda-africa-progetto-m15\/","og_site_name":"spazio + spadoni","article_publisher":"https:\/\/www.facebook.com\/SpazioSpadoni\/","article_modified_time":"2026-08-19T12:32:39+00:00","og_image":[{"width":2560,"height":1771,"url":"https:\/\/spaziospadoni.org\/wp-content\/uploads\/2026\/05\/hicsum_1_congo-spaziospadoni-scaled.png","type":"image\/png"}],"twitter_card":"summary_large_image","twitter_misc":{"Tempo di lettura stimato":"7 minuti"},"schema":{"@context":"https:\/\/schema.org","@graph":[{"@type":"WebPage","@id":"https:\/\/spaziospadoni.org\/it\/opera-m\/rwanda-africa-progetto-m15\/","url":"https:\/\/spaziospadoni.org\/it\/opera-m\/rwanda-africa-progetto-m15\/","name":"Rwanda - Africa | Progetto M15 | Spazio Spadoni","isPartOf":{"@id":"https:\/\/spaziospadoni.org\/it\/#website"},"primaryImageOfPage":{"@id":"https:\/\/spaziospadoni.org\/it\/opera-m\/rwanda-africa-progetto-m15\/#primaryimage"},"image":{"@id":"https:\/\/spaziospadoni.org\/it\/opera-m\/rwanda-africa-progetto-m15\/#primaryimage"},"thumbnailUrl":"https:\/\/spaziospadoni.org\/wp-content\/uploads\/2026\/05\/hicsum_28_rwanda-spaziospadoni-scaled.png","datePublished":"2026-05-18T13:32:57+00:00","dateModified":"2026-08-19T12:32:39+00:00","description":"Huye - Butare | Butare (Rwanda) OPERA M15 MISSIONE Luogo Huye - Butare Diocesi Butare Nazione Rwanda Continente Africa Coordinate GPS -2.60697 29.74359","breadcrumb":{"@id":"https:\/\/spaziospadoni.org\/it\/opera-m\/rwanda-africa-progetto-m15\/#breadcrumb"},"inLanguage":"it-IT","potentialAction":[{"@type":"ReadAction","target":["https:\/\/spaziospadoni.org\/it\/opera-m\/rwanda-africa-progetto-m15\/"]}]},{"@type":"ImageObject","inLanguage":"it-IT","@id":"https:\/\/spaziospadoni.org\/it\/opera-m\/rwanda-africa-progetto-m15\/#primaryimage","url":"https:\/\/spaziospadoni.org\/wp-content\/uploads\/2026\/05\/hicsum_28_rwanda-spaziospadoni-scaled.png","contentUrl":"https:\/\/spaziospadoni.org\/wp-content\/uploads\/2026\/05\/hicsum_28_rwanda-spaziospadoni-scaled.png"},{"@type":"BreadcrumbList","@id":"https:\/\/spaziospadoni.org\/it\/opera-m\/rwanda-africa-progetto-m15\/#breadcrumb","itemListElement":[{"@type":"ListItem","position":1,"name":"Home","item":"https:\/\/spaziospadoni.org\/it\/"},{"@type":"ListItem","position":2,"name":"Opera M","item":"https:\/\/spaziospadoni.org\/it\/opera-m\/"},{"@type":"ListItem","position":3,"name":"Rwanda &#8211; Africa | Progetto M15"}]},{"@type":"WebSite","@id":"https:\/\/spaziospadoni.org\/it\/#website","url":"https:\/\/spaziospadoni.org\/it\/","name":"spazio + spadoni","description":"Generazione di misericordia e missione nel mondo","publisher":{"@id":"https:\/\/spaziospadoni.org\/it\/#organization"},"alternateName":"spaziospadoni.org","potentialAction":[{"@type":"SearchAction","target":{"@type":"EntryPoint","urlTemplate":"https:\/\/spaziospadoni.org\/it\/?s={search_term_string}"},"query-input":{"@type":"PropertyValueSpecification","valueRequired":true,"valueName":"search_term_string"}}],"inLanguage":"it-IT"},{"@type":"Organization","@id":"https:\/\/spaziospadoni.org\/it\/#organization","name":"spazio + spadoni","alternateName":"spaziospadoni.org","url":"https:\/\/spaziospadoni.org\/it\/","logo":{"@type":"ImageObject","inLanguage":"it-IT","@id":"https:\/\/spaziospadoni.org\/it\/#\/schema\/logo\/image\/","url":"https:\/\/spaziospadoni.org\/wp-content\/uploads\/2026\/05\/spazio-spadoni-logo-100x100-1.webp","contentUrl":"https:\/\/spaziospadoni.org\/wp-content\/uploads\/2026\/05\/spazio-spadoni-logo-100x100-1.webp","width":100,"height":100,"caption":"spazio + spadoni"},"image":{"@id":"https:\/\/spaziospadoni.org\/it\/#\/schema\/logo\/image\/"},"sameAs":["https:\/\/www.facebook.com\/SpazioSpadoni\/","https:\/\/www.instagram.com\/spaziospadoni\/","https:\/\/www.youtube.com\/@spaziospadoni\/playlists"]}]}},"_links":{"self":[{"href":"https:\/\/spaziospadoni.org\/it\/wp-json\/wp\/v2\/pages\/51560","targetHints":{"allow":["GET"]}}],"collection":[{"href":"https:\/\/spaziospadoni.org\/it\/wp-json\/wp\/v2\/pages"}],"about":[{"href":"https:\/\/spaziospadoni.org\/it\/wp-json\/wp\/v2\/types\/page"}],"author":[{"embeddable":true,"href":"https:\/\/spaziospadoni.org\/it\/wp-json\/wp\/v2\/users\/102"}],"replies":[{"embeddable":true,"href":"https:\/\/spaziospadoni.org\/it\/wp-json\/wp\/v2\/comments?post=51560"}],"version-history":[{"count":2,"href":"https:\/\/spaziospadoni.org\/it\/wp-json\/wp\/v2\/pages\/51560\/revisions"}],"predecessor-version":[{"id":90853,"href":"https:\/\/spaziospadoni.org\/it\/wp-json\/wp\/v2\/pages\/51560\/revisions\/90853"}],"up":[{"embeddable":true,"href":"https:\/\/spaziospadoni.org\/it\/wp-json\/wp\/v2\/pages\/89578"}],"wp:attachment":[{"href":"https:\/\/spaziospadoni.org\/it\/wp-json\/wp\/v2\/media?parent=51560"}],"curies":[{"name":"wp","href":"https:\/\/api.w.org\/{rel}","templated":true}]}}