{"id":88892,"date":"2026-08-05T10:51:42","date_gmt":"2026-08-05T09:51:42","guid":{"rendered":"https:\/\/spaziospadoni.org\/?page_id=88892"},"modified":"2026-08-21T13:28:46","modified_gmt":"2026-08-21T12:28:46","slug":"tabella-di-marcia","status":"publish","type":"page","link":"https:\/\/spaziospadoni.org\/it\/tabella-di-marcia\/","title":{"rendered":"Tabella di marcia"},"content":{"rendered":"\n<div class=\"timelineSpazioSpadoni\">\n<h2 id=\"le-tappe-di-spazio-spadoni-dal-2020-a-oggi\" class=\"gb-text gb-text-697b0451\">Le tappe di spazio + spadoni dal 2020 a oggi<\/h2>\n\n\n\n<p class=\"wp-block-paragraph\">Dal 2020 a oggi, ripercorriamo <strong>le principali tappe di spazio + spadoni<\/strong>: progetti HIC SUM, incontri, attivit\u00e0 formative e iniziative dedicate alle Opere di Misericordia in Italia e nel mondo.<\/p>\n\n\n\n<details class=\"wp-block-details ss-timeline is-layout-flow wp-block-details-is-layout-flow\"><summary><span class=\"ss-timeline-year\">2020<\/span><span class=\"ss-timeline-count\">13 tappe<\/span><\/summary>\n\n\n<div class=\"ss-timeline-item ss-cat-evento\">\n<p class=\"gb-text\">15.07 | <span class=\"ss-category-label\">Evento<\/span> G.eMMe \u2013 Giovani Misericordie Versilia a San Cerbone<\/p>\n<\/div>\n\n\n\n<div class=\"ss-timeline-item ss-cat-hic\">\n<p class=\"gb-text\">04.09 | <span class=\"ss-category-label\">HIC SUM<\/span> <a href=\"https:\/\/spaziospadoni.org\/it\/hic-sum\/repubblica-democratica-del-congo-africa-progetto-1-di-72\/\" title=\"Progetto HIC SUM n. 1 \u2013 Repubblica Democratica del Congo: dettagli e obiettivi\">Inizio progetto HIC SUM \u2013 n\u00b01<\/a><\/p>\n<\/div>\n\n\n\n<div class=\"ss-timeline-item ss-cat-evento\">\n<p class=\"gb-text\">05.09 | <span class=\"ss-category-label\">Evento<\/span> Giovani Animatori delle Misericordie a San Cerbone<\/p>\n<\/div>\n\n\n\n<div class=\"ss-timeline-item ss-cat-evento\">\n<p class=\"gb-text\">11.09 | <span class=\"ss-category-label\">Evento<\/span> Inaugurazione spazio + spadoni<\/p>\n<\/div>\n\n\n\n<div class=\"ss-timeline-item ss-cat-hic\">\n<p class=\"gb-text\">18.09 | <span class=\"ss-category-label\">HIC SUM<\/span> <a href=\"https:\/\/spaziospadoni.org\/it\/hic-sum\/nigeria-africa-progetto-2-di-72\/\" title=\"Progetto HIC SUM n. 2 \u2013 Nigeria: dettagli e obiettivi\">Inizio progetto HIC SUM \u2013 n\u00b02<\/a><\/p>\n<\/div>\n\n\n\n<div class=\"ss-timeline-item ss-cat-evento\">\n<p class=\"gb-text\">03\u201304.10 | <span class=\"ss-category-label\">Evento<\/span> Esercizi spirituali Misericordia Lido di Camaiore a S. Cerbone<\/p>\n<\/div>\n\n\n\n<div class=\"ss-timeline-item ss-cat-hic\">\n<p class=\"gb-text\">07.10 | <span class=\"ss-category-label\">HIC SUM<\/span> <a href=\"https:\/\/spaziospadoni.org\/it\/hic-sum\/brasile-america-progetto-3-di-72\/\" title=\"Progetto HIC SUM n. 3 \u2013 Brasile: dettagli e obiettivi\">Inizio progetto HIC SUM \u2013 n\u00b03<\/a><\/p>\n<\/div>\n\n\n\n<div class=\"ss-timeline-item ss-cat-evento\">\n<p class=\"gb-text\">18.10 | <span class=\"ss-category-label\">Evento<\/span> Veglia Missionaria a San Cerbone<\/p>\n<\/div>\n\n\n\n<div class=\"ss-timeline-item ss-cat-evento\">\n<p class=\"gb-text\">06.11 | <span class=\"ss-category-label\">Evento<\/span> Formazione per fare formazione online<\/p>\n<\/div>\n\n\n\n<div class=\"ss-timeline-item ss-cat-evento\">\n<p class=\"gb-text\">22.11 | <span class=\"ss-category-label\">Evento<\/span> Riprese spot missionario con NoiTv<\/p>\n<\/div>\n\n\n\n<div class=\"ss-timeline-item ss-cat-evento\">\n<p class=\"gb-text\">28.11 | <span class=\"ss-category-label\">Evento<\/span> Riprese spot Natale con Misericordie e NoiTv<\/p>\n<\/div>\n\n\n\n<div class=\"ss-timeline-item ss-cat-hic\">\n<p class=\"gb-text\">30.11 | <span class=\"ss-category-label\">HIC SUM<\/span> <a href=\"https:\/\/spaziospadoni.org\/it\/hic-sum\/costa-davorio-africa-progetto-9-di-72\/\" title=\"Progetto HIC SUM n. 9 \u2013 Costa d\u2019Avorio: dettagli e obiettivi\">Inizio progetto HIC SUM \u2013 n\u00b09<\/a><\/p>\n<\/div>\n\n\n\n<div class=\"ss-timeline-item ss-cat-incontro\">\n<p class=\"gb-text\">15.12 | <span class=\"ss-category-label\">Incontro<\/span> Incontri missionari online \u201cI marted\u00ec di spazio + spadoni\u201d \u2013Marta Avesani<\/p>\n<\/div>\n\n<\/details>\n\n\n\n<details class=\"wp-block-details ss-timeline is-layout-flow wp-block-details-is-layout-flow\"><summary><span class=\"ss-timeline-year\">2021<\/span><span class=\"ss-timeline-count\">28 tappe<\/span><\/summary>\n\n\n<div class=\"ss-timeline-item ss-cat-incontro\">\n<p class=\"gb-text\">12.01 | <span class=\"ss-category-label\">Incontro<\/span> Incontri missionari online \u201cI marted\u00ec di spazio + spadoni\u201d \u2013 Fratel Francesco D\u2019Aiuto &#8211; Brasile<\/p>\n<\/div>\n\n\n\n<div class=\"ss-timeline-item ss-cat-evento\">\n<p class=\"gb-text\">20.01 | <span class=\"ss-category-label\">Evento<\/span> Suor Laura Gemignani a San Cerbone<\/p>\n<\/div>\n\n\n\n<div class=\"ss-timeline-item ss-cat-incontro\">\n<p class=\"gb-text\">02.02 | <span class=\"ss-category-label\">Incontro<\/span> Incontri missionari online \u201cI marted\u00ec di spazio + spadoni\u201d \u2013 Diego Dalle Carbonare &#8211; Sudan<\/p>\n<\/div>\n\n\n\n<div class=\"ss-timeline-item ss-cat-hic\">\n<p class=\"gb-text\">13.02 | <span class=\"ss-category-label\">HIC SUM<\/span> <a href=\"https:\/\/spaziospadoni.org\/it\/hic-sum\/nigeria-africa-progetto-5-di-72\/\" title=\"Progetto HIC SUM n. 5 \u2013 Nigeria: dettagli e obiettivi\">Inizio progetto HIC SUM \u2013 n\u00b05<\/a><\/p>\n<\/div>\n\n\n\n<div class=\"ss-timeline-item ss-cat-incontro\">\n<p class=\"gb-text\">23.02 | <span class=\"ss-category-label\">Incontro<\/span> Incontri missionari online \u201cI marted\u00ec di spazio + spadoni\u201d \u2013 Suor Hyacinthe \u2013 Burundi<\/p>\n<\/div>\n\n\n\n<div class=\"ss-timeline-item ss-cat-hic\">\n<p class=\"gb-text\">27.04 | <span class=\"ss-category-label\">HIC SUM<\/span> <a href=\"https:\/\/spaziospadoni.org\/it\/hic-sum\/togo-africa-progetto-6-di-72\/\" title=\"Progetto HIC SUM n. 6 \u2013 Togo: dettagli e obiettivi\">Inizio progetto HIC SUM \u2013 n\u00b06<\/a><\/p>\n<\/div>\n\n\n\n<div class=\"ss-timeline-item ss-cat-hic\">\n<p class=\"gb-text\">10.05 | <span class=\"ss-category-label\">HIC SUM<\/span> <a href=\"https:\/\/spaziospadoni.org\/it\/hic-sum\/india-asia-progetto-8-di-72\/\" title=\"Progetto HIC SUM n. 8 \u2013 India: dettagli e obiettivi\">Inizio progetto HIC SUM \u2013 n\u00b08<\/a><\/p>\n<\/div>\n\n\n\n<div class=\"ss-timeline-item ss-cat-incontro\">\n<p class=\"gb-text\">25.01 | <span class=\"ss-category-label\">Incontro<\/span> Incontri missionari online \u201cI marted\u00ec di spazio + spadoni\u201d \u2013 Suor Elisa Schiavo \u2013 Ciad<\/p>\n<\/div>\n\n\n\n<div class=\"ss-timeline-item ss-cat-evento\">\n<p class=\"gb-text\">03\u201304.06 | <span class=\"ss-category-label\">Evento<\/span> Formazione suore a San Cerbone<\/p>\n<\/div>\n\n\n\n<div class=\"ss-timeline-item ss-cat-evento\">\n<p class=\"gb-text\">12.06 | <span class=\"ss-category-label\">Evento<\/span> spazio + spadoni al Coordinamento delle Misericordie dell\u2019Umbria<\/p>\n<\/div>\n\n\n\n<div class=\"ss-timeline-item ss-cat-evento\">\n<p class=\"gb-text\">19.06 | <span class=\"ss-category-label\">Evento<\/span> Intervento di spazio + spadoni all\u2019Assemblea Nazionale delle Misericordie<\/p>\n<\/div>\n\n\n\n<div class=\"ss-timeline-item ss-cat-evento\">\n<p class=\"gb-text\">22.06 | <span class=\"ss-category-label\">Evento<\/span> Luigino Bruni a San Cerbone<\/p>\n<\/div>\n\n\n\n<div class=\"ss-timeline-item ss-cat-hic\">\n<p class=\"gb-text\">18.07 | <span class=\"ss-category-label\">HIC SUM<\/span> Inizio progetti HIC SUM \u2013 n\u00b0<a href=\"https:\/\/spaziospadoni.org\/it\/hic-sum\/burundi-africa-progetto-10-di-72\/\" title=\"Progetto HIC SUM n. 10 \u2013 Burundi: dettagli e obiettivi\">10<\/a> \u2013 n\u00b0<a href=\"https:\/\/spaziospadoni.org\/it\/hic-sum\/burundi-africa-progetto-14-di-72\/\" title=\"Progetto HIC SUM n. 14 \u2013 Burundi: dettagli e obiettivi\">14<\/a> \u2013 n\u00b0<a href=\"https:\/\/spaziospadoni.org\/it\/hic-sum\/burundi-africa-progetto-15-di-72\/\" title=\"Progetto HIC SUM n. 15 \u2013 Burundi: dettagli e obiettivi\">15<\/a><\/p>\n<\/div>\n\n\n\n<div class=\"ss-timeline-item ss-cat-evento\">\n<p class=\"gb-text\">25.07 | <span class=\"ss-category-label\">Evento<\/span> Le suore di spazio + spadoni sottolineano l\u2019importanza della Festa dei Nonni con varie foto e attivit\u00e0<\/p>\n<\/div>\n\n\n\n<div class=\"ss-timeline-item ss-cat-hic\">\n<p class=\"gb-text\">02.08 | <span class=\"ss-category-label\">HIC SUM<\/span> Inizio progetti HIC SUM \u2013 n\u00b0<a href=\"https:\/\/spaziospadoni.org\/it\/hic-sum\/nigeria-africa-progetto-7-di-72\/\" title=\"Progetto HIC SUM n. 7 \u2013 Nigeria: dettagli e obiettivi\">7<\/a> \u2013 n\u00b0<a href=\"https:\/\/spaziospadoni.org\/it\/hic-sum\/nigeria-africa-progetto-13-di-72\/\" title=\"Progetto HIC SUM n. 13 \u2013 Nigeria: dettagli e obiettivi\">13<\/a><\/p>\n<\/div>\n\n\n\n<div class=\"ss-timeline-item ss-cat-evento\">\n<p class=\"gb-text\">06\u201311.09 | <span class=\"ss-category-label\">Evento<\/span> Convention spazio + spadoni \u201cFare Spazio alla Reciprocit\u00e0\u201d presso San Cerbone<\/p>\n<\/div>\n\n\n\n<div class=\"ss-timeline-item ss-cat-hic\">\n<p class=\"gb-text\">13.09 | <span class=\"ss-category-label\">HIC SUM<\/span> <a href=\"https:\/\/spaziospadoni.org\/it\/hic-sum\/nigeria-africa-progetto-4-di-72\/\" title=\"Progetto HIC SUM n. 4 \u2013 Nigeria: dettagli e obiettivi\">Inizio progetto HIC SUM \u2013 n\u00b04<\/a><\/p>\n<\/div>\n\n\n\n<div class=\"ss-timeline-item ss-cat-hic\">\n<p class=\"gb-text\">15.09 | <span class=\"ss-category-label\">HIC SUM<\/span> Inizio progetti HIC SUM \u2013 n\u00b0<a href=\"https:\/\/spaziospadoni.org\/it\/hic-sum\/repubblica-democratica-del-congo-africa-progetto-16-di-72\/\" title=\"Progetto HIC SUM n. 16 \u2013 Repubblica Democratica del Congo: dettagli e obiettivi\">16<\/a> \u2013 n\u00b0<a href=\"https:\/\/spaziospadoni.org\/it\/hic-sum\/repubblica-democratica-del-congo-africa-progetto-17-di-72\/\" title=\"Progetto HIC SUM n. 17 \u2013 Repubblica Democratica del Congo: dettagli e obiettivi\">17<\/a><\/p>\n<\/div>\n\n\n\n<div class=\"ss-timeline-item ss-cat-evento\">\n<p class=\"gb-text\">15.09 | <span class=\"ss-category-label\">Evento<\/span> spazio + spadoni viene ricevuto dal Cardinal Bassetti<\/p>\n<\/div>\n\n\n\n<div class=\"ss-timeline-item ss-cat-hic\">\n<p class=\"gb-text\">02.10 | <span class=\"ss-category-label\">HIC SUM<\/span> <a href=\"https:\/\/spaziospadoni.org\/it\/hic-sum\/repubblica-democratica-del-congo-africa-progetto-18-19-di-72\/\" title=\"Progetto HIC SUM n. 18\u201319 \u2013 Repubblica Democratica del Congo: dettagli e obiettivi\">Inizio progetti HIC SUM \u2013 n\u00b018 \u2013 n\u00b019<\/a><\/p>\n<\/div>\n\n\n\n<div class=\"ss-timeline-item ss-cat-incontro\">\n<p class=\"gb-text\">12\u201313.10 | <span class=\"ss-category-label\">Incontro<\/span> Padre Jacque Mourad, dal 2023 Vescovo di Homs, incontra spazio + spadoni a San Cerbone<\/p>\n<\/div>\n\n\n\n<div class=\"ss-timeline-item ss-cat-evento\">\n<p class=\"gb-text\">13.10 | <span class=\"ss-category-label\">Evento<\/span> Suor Hyacinthe viene a San Cerbone<\/p>\n<\/div>\n\n\n\n<div class=\"ss-timeline-item ss-cat-hic\">\n<p class=\"gb-text\">27.10 | <span class=\"ss-category-label\">HIC SUM<\/span> <a href=\"https:\/\/spaziospadoni.org\/it\/hic-sum\/tanzania-africa-progetto-21-di-72\/\" title=\"Progetto HIC SUM n. 21 \u2013 Tanzania: dettagli e obiettivi\">Inizio progetto HIC SUM \u2013 n\u00b021<\/a><\/p>\n<\/div>\n\n\n\n<div class=\"ss-timeline-item ss-cat-hic\">\n<p class=\"gb-text\">17.11 | <span class=\"ss-category-label\">HIC SUM<\/span> Inizio progetti HIC SUM \u2013 n\u00b0<a href=\"https:\/\/spaziospadoni.org\/it\/hic-sum\/tanzania-africa-progetto-22-di-72\/\" title=\"Progetto HIC SUM n. 22 \u2013 Tanzania: dettagli e obiettivi\">22<\/a> \u2013 n\u00b0<a href=\"https:\/\/spaziospadoni.org\/it\/hic-sum\/malawi-africa-progetto-23-di-72\/\" title=\"Progetto HIC SUM n. 23 \u2013 Malawi: dettagli e obiettivi\">23<\/a><\/p>\n<\/div>\n\n\n\n<div class=\"ss-timeline-item ss-cat-incontro\">\n<p class=\"gb-text\">30.11 | <span class=\"ss-category-label\">Incontro<\/span> Incontri missionari online \u201cI marted\u00ec di spazio + spadoni\u201d \u2013 Padre Jacques Mourad &#8211; Siria<\/p>\n<\/div>\n\n\n\n<div class=\"ss-timeline-item ss-cat-evento\">\n<p class=\"gb-text\">18.12 | <span class=\"ss-category-label\">Evento<\/span> Luce di Betlemme a San Cerbone<\/p>\n<\/div>\n\n\n\n<div class=\"ss-timeline-item ss-cat-evento\">\n<p class=\"gb-text\">21.12 | <span class=\"ss-category-label\">Evento<\/span> Brindisi di Natale<\/p>\n<\/div>\n\n\n\n<div class=\"ss-timeline-item ss-cat-hic\">\n<p class=\"gb-text\">27.12 | <span class=\"ss-category-label\">HIC SUM<\/span> <a href=\"https:\/\/spaziospadoni.org\/it\/hic-sum\/repubblica-democratica-del-congo-africa-progetto-24-di-72\/\" title=\"Progetto HIC SUM n. 24 \u2013 Repubblica Democratica del Congo: dettagli e obiettivi\">Inizio progetto HIC SUM \u2013 n\u00b024<\/a><\/p>\n<\/div>\n\n<\/details>\n\n\n\n<details class=\"wp-block-details ss-timeline is-layout-flow wp-block-details-is-layout-flow\"><summary><span class=\"ss-timeline-year\">2022<\/span><span class=\"ss-timeline-count\">31 tappe<\/span><\/summary>\n\n\n<div class=\"ss-timeline-item ss-cat-hic\">\n<p class=\"gb-text\">03.01 | <span class=\"ss-category-label\">HIC SUM<\/span> <a href=\"https:\/\/spaziospadoni.org\/it\/hic-sum\/burkina-faso-africa-progetto-31-di-72\/\" title=\"Progetto HIC SUM n. 31 \u2013 Burkina Faso: dettagli e obiettivi\">Inizio progetto HIC SUM \u2013 n\u00b031<\/a><\/p>\n<\/div>\n\n\n\n<div class=\"ss-timeline-item ss-cat-hic\">\n<p class=\"gb-text\">08.01 | <span class=\"ss-category-label\">HIC SUM<\/span> <a href=\"https:\/\/spaziospadoni.org\/it\/hic-sum\/uganda-africa-progetto-26-di-72\/\" title=\"Progetto HIC SUM n. 26 \u2013 Uganda: dettagli e obiettivi\">Inizio progetto HIC SUM \u2013 n\u00b026<\/a><\/p>\n<\/div>\n\n\n\n<div class=\"ss-timeline-item ss-cat-hic\">\n<p class=\"gb-text\">10.01 | <span class=\"ss-category-label\">HIC SUM<\/span> <a href=\"https:\/\/spaziospadoni.org\/it\/hic-sum\/kenya-africa-progetto-27-di-72\/\" title=\"Progetto HIC SUM n. 27 \u2013 Kenya: dettagli e obiettivi\">Inizio progetto HIC SUM \u2013 n\u00b027<\/a><\/p>\n<\/div>\n\n\n\n<div class=\"ss-timeline-item ss-cat-incontro\">\n<p class=\"gb-text\">25.01 | <span class=\"ss-category-label\">Incontro<\/span> Incontri missionari online \u201cI marted\u00ec di spazio + spadoni\u201d \u2013 Suor Laura Gemignani \u2013 Uganda<\/p>\n<\/div>\n\n\n\n<div class=\"ss-timeline-item ss-cat-hic\">\n<p class=\"gb-text\">04.02 | <span class=\"ss-category-label\">HIC SUM<\/span> Inizio progetto HIC SUM \u2013 n\u00b025<\/p>\n<\/div>\n\n\n\n<div class=\"ss-timeline-item ss-cat-hic\">\n<p class=\"gb-text\">21.02 | <span class=\"ss-category-label\">HIC SUM<\/span> Inizio progetti HIC SUM \u2013 n\u00b0<a href=\"https:\/\/spaziospadoni.org\/it\/hic-sum\/rwanda-africa-progetto-28-di-72\/\" title=\"Progetto HIC SUM n. 28 \u2013 Ruanda: dettagli e obiettivi\">28<\/a> \u2013 n\u00b0<a href=\"https:\/\/spaziospadoni.org\/it\/hic-sum\/repubblica-democratica-del-congo-africa-progetto-29-di-72\/\" title=\"Progetto HIC SUM n. 29 \u2013 Repubblica Democratica del Congo: dettagli e obiettivi\">29<\/a><\/p>\n<\/div>\n\n\n\n<div class=\"ss-timeline-item ss-cat-incontro\">\n<p class=\"gb-text\">22.02 | <span class=\"ss-category-label\">Incontro<\/span> Incontri missionari online \u201cI marted\u00ec di spazio + spadoni\u201d \u2013 Suor Perpetue \u2013 Repubblica Democratica del Congo<\/p>\n<\/div>\n\n\n\n<div class=\"ss-timeline-item ss-cat-hic\">\n<p class=\"gb-text\">22.03 | <span class=\"ss-category-label\">HIC SUM<\/span> <a href=\"https:\/\/spaziospadoni.org\/it\/hic-sum\/tanzania-africa-progetto-30-di-72\/\" title=\"Progetto HIC SUM n. 30 \u2013 Tanzania: dettagli e obiettivi\">Inizio progetto HIC SUM \u2013 n\u00b030<\/a><\/p>\n<\/div>\n\n\n\n<div class=\"ss-timeline-item ss-cat-hic\">\n<p class=\"gb-text\">29.03 | <span class=\"ss-category-label\">HIC SUM<\/span> <a href=\"https:\/\/spaziospadoni.org\/it\/hic-sum\/timor-est-asia-progetto-33-di-72\/\" title=\"Progetto HIC SUM n. 33 \u2013 Timor Est: dettagli e obiettivi\">Inizio progetto HIC SUM \u2013 n\u00b033<\/a><\/p>\n<\/div>\n\n\n\n<div class=\"ss-timeline-item ss-cat-incontro\">\n<p class=\"gb-text\">29.03 | <span class=\"ss-category-label\">Incontro<\/span> Incontri missionari online \u201cI marted\u00ec di spazio + spadoni\u201d \u2013 Luigi Butori \u2013 Thailandia e Vietnam<\/p>\n<\/div>\n\n\n\n<div class=\"ss-timeline-item ss-cat-hic\">\n<p class=\"gb-text\">19.04 | <span class=\"ss-category-label\">HIC SUM<\/span> <a href=\"https:\/\/spaziospadoni.org\/it\/hic-sum\/india-asia-progetto-32-di-72\/\" title=\"Progetto HIC SUM n. 32 \u2013 India: dettagli e obiettivi\">Inizio progetto HIC SUM \u2013 n\u00b032<\/a><\/p>\n<\/div>\n\n\n\n<div class=\"ss-timeline-item ss-cat-hic\">\n<p class=\"gb-text\">26.04 | <span class=\"ss-category-label\">HIC SUM<\/span> <a href=\"https:\/\/spaziospadoni.org\/it\/hic-sum\/peru-america-progetto-11-di-72\/\" title=\"Progetto HIC SUM n. 11 \u2013 Per\u00f9: dettagli e obiettivi\">Inizio progetto HIC SUM \u2013 n\u00b011<\/a><\/p>\n<\/div>\n\n\n\n<div class=\"ss-timeline-item ss-cat-incontro\">\n<p class=\"gb-text\">26.04 | <span class=\"ss-category-label\">Incontro<\/span> Incontri missionari online \u201cI marted\u00ec di spazio + spadoni\u201d \u2013 Suor Maria Mabel De Luna Melo &amp; Suor Claudiane Serra Braga &#8211; Brasile<\/p>\n<\/div>\n\n\n\n<div class=\"ss-timeline-item ss-cat-hic\">\n<p class=\"gb-text\">28.04 | <span class=\"ss-category-label\">HIC SUM<\/span> <a href=\"https:\/\/spaziospadoni.org\/it\/hic-sum\/messico-america-progetto-20-di-72\/\" title=\"Progetto HIC SUM n. 20 \u2013 Messico: dettagli e obiettivi\">Inizio progetto HIC SUM \u2013 n\u00b020<\/a><\/p>\n<\/div>\n\n\n\n<div class=\"ss-timeline-item ss-cat-hic\">\n<p class=\"gb-text\">03.05 | <span class=\"ss-category-label\">HIC SUM<\/span> Inizio progetti HIC SUM \u2013 n\u00b0<a href=\"https:\/\/spaziospadoni.org\/it\/hic-sum\/repubblica-democratica-del-congo-africa-progetto-34-di-72\/\" title=\"Progetto HIC SUM n. 34 \u2013 Repubblica Democratica del Congo: dettagli e obiettivi\">34<\/a> \u2013 n\u00b0<a href=\"https:\/\/spaziospadoni.org\/it\/hic-sum\/repubblica-democratica-del-congo-africa-progetto-35-di-72\/\" title=\"Progetto HIC SUM n. 35 \u2013 Repubblica Democratica del Congo: dettagli e obiettivi\">35<\/a><\/p>\n<\/div>\n\n\n\n<div class=\"ss-timeline-item ss-cat-incontro\">\n<p class=\"gb-text\">16.05 | <span class=\"ss-category-label\">Incontro<\/span> La Madre Generale delle Petit Soeurs de l\u2019Evangelisation e quella delle Soeurs de Jesus Educateur, entrambe congolesi si incontrano a San Cerbone<\/p>\n<\/div>\n\n\n\n<div class=\"ss-timeline-item ss-cat-hic\">\n<p class=\"gb-text\">20\u201322.05 | <span class=\"ss-category-label\">HIC SUM<\/span> Formazione missionaria HIC SUM per giovani e volontari che vorrebbero partire per le missioni<\/p>\n<\/div>\n\n\n\n<div class=\"ss-timeline-item ss-cat-incontro\">\n<p class=\"gb-text\">24.05 | <span class=\"ss-category-label\">Incontro<\/span> Incontri missionari online \u201cI marted\u00ec di spazio + spadoni\u201d \u2013 Suor Odette Maria Kabarere &#8211; Ruanda<\/p>\n<\/div>\n\n\n\n<div class=\"ss-timeline-item ss-cat-incontro\">\n<p class=\"gb-text\">29.04\u201301.05 | <span class=\"ss-category-label\">Incontro<\/span> spazio + spadoni incontra a Roma diverse Madri Generali che si trovano per l\u2019Assemblea Plenaria UISG<\/p>\n<\/div>\n\n\n\n<div class=\"ss-timeline-item ss-cat-hic\">\n<p class=\"gb-text\">31.05 | <span class=\"ss-category-label\">HIC SUM<\/span> <a href=\"https:\/\/spaziospadoni.org\/it\/hic-sum\/kenya-africa-progetto-12-di-72\/\" title=\"Progetto HIC SUM n. 12 \u2013 Kenya: dettagli e obiettivi\">Inizio progetto HIC SUM \u2013 n\u00b012<\/a><\/p>\n<\/div>\n\n\n\n<div class=\"ss-timeline-item ss-cat-evento\">\n<p class=\"gb-text\">06\u201309.06 | <span class=\"ss-category-label\">Evento<\/span> Formazione suore a San Cerbone<\/p>\n<\/div>\n\n\n\n<div class=\"ss-timeline-item ss-cat-hic\">\n<p class=\"gb-text\">06.06 | <span class=\"ss-category-label\">HIC SUM<\/span> <a href=\"https:\/\/spaziospadoni.org\/it\/hic-sum\/rwanda-africa-progetto-36-di-72\/\" title=\"Progetto HIC SUM n. 36 \u2013 Ruanda: dettagli e obiettivi\">Inizio progetto HIC SUM \u2013 n\u00b036<\/a><\/p>\n<\/div>\n\n\n\n<div class=\"ss-timeline-item ss-cat-hic\">\n<p class=\"gb-text\">25.07 | <span class=\"ss-category-label\">HIC SUM<\/span> <a href=\"https:\/\/spaziospadoni.org\/it\/hic-sum\/filippine-asia-progetto-37-di-72\/\" title=\"Progetto HIC SUM n. 37 \u2013 Filippine: dettagli e obiettivi\">Inizio progetto HIC SUM \u2013 n\u00b037<\/a><\/p>\n<\/div>\n\n\n\n<div class=\"ss-timeline-item ss-cat-hic\">\n<p class=\"gb-text\">04.08 | <span class=\"ss-category-label\">HIC SUM<\/span> <a href=\"https:\/\/spaziospadoni.org\/it\/hic-sum\/tanzania-africa-progetto-38-di-72\/\" title=\"Progetto HIC SUM n. 38 \u2013 Tanzania: dettagli e obiettivi\">Inizio progetto HIC SUM \u2013 n\u00b038<\/a><\/p>\n<\/div>\n\n\n\n<div class=\"ss-timeline-item ss-cat-hic\">\n<p class=\"gb-text\">10.08 | <span class=\"ss-category-label\">HIC SUM<\/span> <a href=\"https:\/\/spaziospadoni.org\/it\/hic-sum\/tanzania-africa-progetto-39-di-72\/\" title=\"Progetto HIC SUM n. 39 \u2013 Tanzania: dettagli e obiettivi\">Inizio progetto HIC SUM \u2013 n\u00b039<\/a><\/p>\n<\/div>\n\n\n\n<div class=\"ss-timeline-item ss-cat-evento\">\n<p class=\"gb-text\">07\u201311.09 | <span class=\"ss-category-label\">Evento<\/span> Convention spazio + spadoni \u201cFare Spazio al Coraggio\u201d presso San Cerbone<\/p>\n<\/div>\n\n\n\n<div class=\"ss-timeline-item ss-cat-evento\">\n<p class=\"gb-text\">22\u201324.09 | <span class=\"ss-category-label\">Evento<\/span> spazio + spadoni \u00e8 partner e partecipa all\u2019evento globale organizzato ad Assisi da Economy of Francesco<\/p>\n<\/div>\n\n\n\n<div class=\"ss-timeline-item ss-cat-evento\">\n<p class=\"gb-text\">29.09\u201302.10 | <span class=\"ss-category-label\">Evento<\/span> spazio + spadoni \u00e8 partner e partecipa al Festival della Missione a Milano<\/p>\n<\/div>\n\n\n\n<div class=\"ss-timeline-item ss-cat-hic\">\n<p class=\"gb-text\">08.10 | <span class=\"ss-category-label\">HIC SUM<\/span> <a href=\"https:\/\/spaziospadoni.org\/it\/hic-sum\/repubblica-democratica-del-congo-africa-progetto-40-41-di-72\/\" title=\"Progetto HIC SUM n. 40\u201341 \u2013 Repubblica Democratica del Congo: dettagli e obiettivi\">Inizio progetti HIC SUM \u2013 n\u00b040 \u2013 n\u00b041<\/a><\/p>\n<\/div>\n\n\n\n<div class=\"ss-timeline-item ss-cat-opera\">\n<p class=\"gb-text\">21.11\u201316.12 | <span class=\"ss-category-label\">OPERA M<\/span> Corso Opere di Misericordia per suore di lingua francofona a Loppiano<\/p>\n<\/div>\n\n\n\n<div class=\"ss-timeline-item ss-cat-evento\">\n<p class=\"gb-text\">15.12 | <span class=\"ss-category-label\">Evento<\/span> Scambio auguri di Natale online<\/p>\n<\/div>\n\n<\/details>\n\n\n\n<details class=\"wp-block-details ss-timeline is-layout-flow wp-block-details-is-layout-flow\"><summary><span class=\"ss-timeline-year\">2023<\/span><span class=\"ss-timeline-count\">12 tappe<\/span><\/summary>\n\n\n<div class=\"ss-timeline-item ss-cat-opera\">\n<p class=\"gb-text\">01\u201310.02 | <span class=\"ss-category-label\">OPERA M<\/span> Corso Opere di Misericordia per suore di lingua anglofona a San Cerbone<\/p>\n<\/div>\n\n\n\n<div class=\"ss-timeline-item ss-cat-evento\">\n<p class=\"gb-text\">02.05 | <span class=\"ss-category-label\">Evento<\/span> Cittadinanza onoraria di Rosolini a Luigi Spadoni<\/p>\n<\/div>\n\n\n\n<div class=\"ss-timeline-item ss-cat-incontro\">\n<p class=\"gb-text\">12.06 | <span class=\"ss-category-label\">Incontro<\/span> Luigi Spadoni interviene a \u201cdi luned\u00ec il secondo del mese\u201d, incontri promossi dal Centro Nazionale del Volontariato<\/p>\n<\/div>\n\n\n\n<div class=\"ss-timeline-item ss-cat-evento\">\n<p class=\"gb-text\">24.07 | <span class=\"ss-category-label\">Evento<\/span> Luigi Spadoni premiato ad Acireale con la Palma d\u2019Argento<\/p>\n<\/div>\n\n\n\n<div class=\"ss-timeline-item ss-cat-opera\">\n<p class=\"gb-text\">17\u201328.07 | <span class=\"ss-category-label\">OPERA M<\/span> Incontro svolto a Lucca intitolato \u201cDivulghiamo le Opere di Misericordia\u201d per Ambasciatori e Linker<\/p>\n<\/div>\n\n\n\n<div class=\"ss-timeline-item ss-cat-hic\">\n<p class=\"gb-text\">08.09 | <span class=\"ss-category-label\">HIC SUM<\/span> <a href=\"https:\/\/spaziospadoni.org\/it\/hic-sum\/tanzania-africa-progetto-43-di-72\/\" title=\"Progetto HIC SUM n. 43 \u2013 Tanzania: dettagli e obiettivi\">Inizio progetto HIC SUM \u2013 n\u00b043<\/a><\/p>\n<\/div>\n\n\n\n<div class=\"ss-timeline-item ss-cat-opera\">\n<p class=\"gb-text\">15\u201317.09 | <span class=\"ss-category-label\">OPERA M<\/span> Convention spazio + spadoni \u201cFare Spazio alla riEvoluzione delle Opere di Misericordia\u201d a Noto<\/p>\n<\/div>\n\n\n\n<div class=\"ss-timeline-item ss-cat-incontro\">\n<p class=\"gb-text\">29.09 | <span class=\"ss-category-label\">Incontro<\/span> Mons. Emile Mushosho Matabaro Vescovo di Doruma nella Repubblica Democratica del Congo incontra spazio + spadoni a San Cerbone<\/p>\n<\/div>\n\n\n\n<div class=\"ss-timeline-item ss-cat-hic\">\n<p class=\"gb-text\">10.10 | <span class=\"ss-category-label\">HIC SUM<\/span> <a href=\"https:\/\/spaziospadoni.org\/it\/hic-sum\/tanzania-africa-42-di-72\/\" title=\"Progetto HIC SUM n. 42 \u2013 Tanzania: dettagli e obiettivi\">Inizio progetto HIC SUM \u2013 n\u00b042<\/a><\/p>\n<\/div>\n\n\n\n<div class=\"ss-timeline-item ss-cat-hic\">\n<p class=\"gb-text\">16.11 | <span class=\"ss-category-label\">HIC SUM<\/span> <a href=\"https:\/\/spaziospadoni.org\/it\/hic-sum\/repubblica-democratica-del-congo-africa-progetto-44-di-72\/\" title=\"Progetto HIC SUM n. 44 \u2013 Repubblica Democratica del Congo: dettagli e obiettivi\">Inizio progetto HIC SUM \u2013 n\u00b044<\/a><\/p>\n<\/div>\n\n\n\n<div class=\"ss-timeline-item ss-cat-forum\">\n<p class=\"gb-text\">25\u201326.11 | <span class=\"ss-category-label\">Forum<\/span> Forum sulla riEvoluzione delle Opere di Misericordia a Cotonou, Benin<\/p>\n<\/div>\n\n\n\n<div class=\"ss-timeline-item ss-cat-forum\">\n<p class=\"gb-text\">02\u201303.12 | <span class=\"ss-category-label\">Forum<\/span> Forum sulla riEvoluzione delle Opere di Misericordia a Bobo Dioulasso, Burkina Faso<\/p>\n<\/div>\n\n<\/details>\n\n\n\n<details class=\"wp-block-details ss-timeline is-layout-flow wp-block-details-is-layout-flow\"><summary><span class=\"ss-timeline-year\">2024<\/span><span class=\"ss-timeline-count\">9 tappe<\/span><\/summary>\n\n\n<div class=\"ss-timeline-item ss-cat-incontro\">\n<p class=\"gb-text\">09.03 | <span class=\"ss-category-label\">Incontro<\/span> spazio + spadoni incontra le suore che studiano a Castelgandolfo<\/p>\n<\/div>\n\n\n\n<div class=\"ss-timeline-item ss-cat-hic\">\n<p class=\"gb-text\">13.03 | <span class=\"ss-category-label\">HIC SUM<\/span> <a href=\"https:\/\/spaziospadoni.org\/it\/hic-sum\/madagascar-africa-progetto-45-di-72\/\" title=\"Progetto HIC SUM n. 45 \u2013 Madagascar: dettagli e obiettivi\">Inizio progetto HIC SUM \u2013 n\u00b045<\/a><\/p>\n<\/div>\n\n\n\n<div class=\"ss-timeline-item ss-cat-incontro\">\n<p class=\"gb-text\">28.04 | <span class=\"ss-category-label\">Incontro<\/span> Luigi Spadoni incontra a Lucca mons. Fortunatus Nwachukwu, segretario della sezione per la prima evangelizzazione e le nuove Chiese particolari del Dicastero per l\u2019evangelizzazione<\/p>\n<\/div>\n\n\n\n<div class=\"ss-timeline-item ss-cat-hic\">\n<p class=\"gb-text\">03.05 | <span class=\"ss-category-label\">HIC SUM<\/span> <a href=\"https:\/\/spaziospadoni.org\/it\/hic-sum\/repubblica-democratica-del-congo-africa-progetto-46-di-72\/\" title=\"Progetto HIC SUM n. 46 \u2013 Repubblica Democratica del Congo: dettagli e obiettivi\">Inizio progetto HIC SUM \u2013 n\u00b046<\/a><\/p>\n<\/div>\n\n\n\n<div class=\"ss-timeline-item ss-cat-forum\">\n<p class=\"gb-text\">28\u201329.06 | <span class=\"ss-category-label\">Forum<\/span> Forum sulla riEvoluzione delle Opere di Misericordia a Bafia, Camerun<\/p>\n<\/div>\n\n\n\n<div class=\"ss-timeline-item ss-cat-opera\">\n<p class=\"gb-text\">06\u201311.07 | <span class=\"ss-category-label\">OPERA M<\/span> Formazione sulla riEvoluzione delle Opere di Misericordia a Roma<\/p>\n<\/div>\n\n\n\n<div class=\"ss-timeline-item ss-cat-incontro\">\n<p class=\"gb-text\">11.08 | <span class=\"ss-category-label\">Incontro<\/span> Luigi Spadoni incontra padre Francesco Zambotti<\/p>\n<\/div>\n\n\n\n<div class=\"ss-timeline-item ss-cat-forum\">\n<p class=\"gb-text\">31.08\u201301.09 | <span class=\"ss-category-label\">Forum<\/span> Forum sulla riEvoluzione delle Opere di Misericordia a Nairobi, Kenya<\/p>\n<\/div>\n\n\n\n<div class=\"ss-timeline-item ss-cat-forum\">\n<p class=\"gb-text\">18\u201320.09 | <span class=\"ss-category-label\">Forum<\/span> Forum sulla riEvoluzione delle Opere di Misericordia a Kisangani, Repubblica Democratica del Congo<\/p>\n<\/div>\n\n<\/details>\n\n\n\n<details class=\"wp-block-details ss-timeline is-layout-flow wp-block-details-is-layout-flow\"><summary><span class=\"ss-timeline-year\">2025<\/span><span class=\"ss-timeline-count\">16 tappe<\/span><\/summary>\n\n\n<div class=\"ss-timeline-item ss-cat-opera\">\n<p class=\"gb-text\">26.02 | <span class=\"ss-category-label\">OPERA M<\/span> Il vescovo di Bafia (Camerun) Emmanuel Dassi Youfang nomina suor Marie Noelle Messini alla guida del primo ufficio diocesano delle Opere di Misericordia al mondo<\/p>\n<\/div>\n\n\n\n<div class=\"ss-timeline-item ss-cat-hic\">\n<p class=\"gb-text\">27.02 | <span class=\"ss-category-label\">HIC SUM<\/span> <a href=\"https:\/\/spaziospadoni.org\/it\/hic-sum\/nigeria-africa-progetto-47-di-72\/\" title=\"Progetto HIC SUM n. 47 \u2013 Nigeria: dettagli e obiettivi\">Inizio progetto HIC SUM \u2013 n\u00b047<\/a><\/p>\n<\/div>\n\n\n\n<div class=\"ss-timeline-item ss-cat-hic\">\n<p class=\"gb-text\">14\u201330.03 | <span class=\"ss-category-label\">HIC SUM<\/span> Viaggio di 3 volontari della Misericordia di Adrano in Madagascar nelle comunit\u00e0 delle Suore del Sacro Cuore di Ges\u00f9 di Ragusa nell\u2019ambito del progetto HIC SUM<\/p>\n<\/div>\n\n\n\n<div class=\"ss-timeline-item ss-cat-evento\">\n<p class=\"gb-text\">05\u201309.05 | <span class=\"ss-category-label\">Evento<\/span> spazio + spadoni partecipa con uno stand espositivo all\u2019Assemblea plenaria UISG e accoglie alcune Madri Generali presso la Casa Generale delle Figlie di Maria Missionarie<\/p>\n<\/div>\n\n\n\n<div class=\"ss-timeline-item ss-cat-forum\">\n<p class=\"gb-text\">19.06 | <span class=\"ss-category-label\">Forum<\/span> Forum sulla riEvoluzione delle Opere di Misericordia a Lom\u00e9, Togo<\/p>\n<\/div>\n\n\n\n<div class=\"ss-timeline-item ss-cat-forum\">\n<p class=\"gb-text\">27\u201328.06 | <span class=\"ss-category-label\">Forum<\/span> Forum sulla riEvoluzione delle Opere di Misericordia a Bangui, Repubblica Centrafricana<\/p>\n<\/div>\n\n\n\n<div class=\"ss-timeline-item ss-cat-forum\">\n<p class=\"gb-text\">19.07 | <span class=\"ss-category-label\">Forum<\/span> Forum sulla riEvoluzione delle Opere di Misericordia a Bossemb\u00e9l\u00e9, Repubblica Centrafricana<\/p>\n<\/div>\n\n\n\n<div class=\"ss-timeline-item ss-cat-hic\">\n<p class=\"gb-text\">23.07 | <span class=\"ss-category-label\">HIC SUM<\/span> <a href=\"https:\/\/spaziospadoni.org\/it\/hic-sum\/indonesia-asia-progetto-49-di-72\/\" title=\"Progetto HIC SUM n. 49 \u2013 Indonesia: dettagli e obiettivi\">Inizio progetto HIC SUM \u2013 n\u00b049<\/a><\/p>\n<\/div>\n\n\n\n<div class=\"ss-timeline-item ss-cat-incontro\">\n<p class=\"gb-text\">30.07 | <span class=\"ss-category-label\">Incontro<\/span> spazio + spadoni incontra la Fondazione San Gennaro al Rione Sanit\u00e0 a Napoli<\/p>\n<\/div>\n\n\n\n<div class=\"ss-timeline-item ss-cat-hic\">\n<p class=\"gb-text\">25.08 | <span class=\"ss-category-label\">HIC SUM<\/span> <a href=\"https:\/\/spaziospadoni.org\/it\/hic-sum\/malawi-africa-progetto-48-di-72\/\" title=\"Progetto HIC SUM n. 48 \u2013 Malawi: dettagli e obiettivi\">Inizio progetto HIC SUM \u2013 n\u00b048<\/a><\/p>\n<\/div>\n\n\n\n<div class=\"ss-timeline-item ss-cat-forum\">\n<p class=\"gb-text\">13\u201314.09 | <span class=\"ss-category-label\">Forum<\/span> Forum sulla riEvoluzione delle Opere di Misericordia a Mbarara, Uganda<\/p>\n<\/div>\n\n\n\n<div class=\"ss-timeline-item ss-cat-evento\">\n<p class=\"gb-text\">09\u201312.10 | <span class=\"ss-category-label\">Evento<\/span> spazio + spadoni \u00e8 partner e partecipa al Festival della Missione a Torino<\/p>\n<\/div>\n\n\n\n<div class=\"ss-timeline-item ss-cat-incontro\">\n<p class=\"gb-text\">14.10 | <span class=\"ss-category-label\">Incontro<\/span> Luigi Spadoni incontra a Roma Suor M. F\u00e9licit\u00e9 Mbombe, Superiora Generale delle Soeurs de Sainte Th\u00e9r\u00e8se de Basankusu \u2013 Repubblica Democratica del Congo<\/p>\n<\/div>\n\n\n\n<div class=\"ss-timeline-item ss-cat-incontro\">\n<p class=\"gb-text\">14.10 | <span class=\"ss-category-label\">Incontro<\/span> Luigi Spadoni incontra a Roma Suor Francoise Bobile Mulasi, Superiora Generale delle Missionnaires de Jesus Emmanuel \u2013 Kisantu, Repubblica Democratica del Congo<\/p>\n<\/div>\n\n\n\n<div class=\"ss-timeline-item ss-cat-forum\">\n<p class=\"gb-text\">13.12 | <span class=\"ss-category-label\">Forum<\/span> Forum sulla riEvoluzione delle Opere di Misericordia a Bouar, Repubblica Centrafricana<\/p>\n<\/div>\n\n\n\n<div class=\"ss-timeline-item ss-cat-hic\">\n<p class=\"gb-text\">15.12 | <span class=\"ss-category-label\">HIC SUM<\/span> <a href=\"https:\/\/spaziospadoni.org\/it\/hic-sum\/benin-africa-progetto-50-di-72\/\" title=\"Progetto HIC SUM n. 50 \u2013 Benin: dettagli e obiettivi\">Inizio progetto HIC SUM \u2013 n\u00b050<\/a><\/p>\n<\/div>\n\n<\/details>\n\n\n\n<details class=\"wp-block-details ss-timeline is-layout-flow wp-block-details-is-layout-flow\"><summary><span class=\"ss-timeline-year\">2026<\/span><span class=\"ss-timeline-count\">4 tappe<\/span><\/summary>\n\n\n<div class=\"ss-timeline-item ss-cat-forum\">\n<p class=\"gb-text\">22\u201323.01 | <span class=\"ss-category-label\">Forum<\/span> Forum sulla riEvoluzione delle Opere di Misericordia a Ambatondrazaka, Madagascar<\/p>\n<\/div>\n\n\n\n<div class=\"ss-timeline-item ss-cat-incontro\">\n<p class=\"gb-text\">24.02 | <span class=\"ss-category-label\">Incontro<\/span> Rafael Baciano Sapato sacerdote del Mozambico, ex direttore del Segretariato IMBISA (Riunione Interregionale dei Vescovi dell\u2019Africa Meridionale), incontra spazio + spadoni a San Cerbone<\/p>\n<\/div>\n\n\n\n<div class=\"ss-timeline-item ss-cat-forum\">\n<p class=\"gb-text\">08.04 | <span class=\"ss-category-label\">Forum<\/span> Forum sulla riEvoluzione delle Opere di Misericordia per catechisti a Ambatondrazaka, Madagascar<\/p>\n<\/div>\n\n\n\n<div class=\"ss-timeline-item ss-cat-evento\">\n<p class=\"gb-text\">22.05 | <span class=\"ss-category-label\">Evento<\/span> Luigi Spadoni interviene alla Tavola Rotonda \u201cLa cultura del Dono: un legame che ci unisce\u201d dell\u2019Assemblea Nazionale FRATRES<\/p>\n<\/div>\n\n<\/details>\n<\/div>\n\n","protected":false},"excerpt":{"rendered":"<p>Le tappe di spazio + spadoni dal 2020 a oggi Dal 2020 a oggi, ripercorriamo le principali tappe di spazio + spadoni: progetti HIC SUM, incontri, attivit\u00e0 formative e iniziative dedicate alle Opere di Misericordia in Italia e nel mondo.<\/p>\n","protected":false},"author":107,"featured_media":0,"parent":0,"menu_order":0,"comment_status":"closed","ping_status":"closed","template":"","meta":{"_sitemap_exclude":false,"_sitemap_priority":"","_sitemap_frequency":"","footnotes":""},"class_list":["post-88892","page","type-page","status-publish","infinite-scroll-item"],"yoast_head":"<!-- This site is optimized with the Yoast SEO plugin v28.4 - https:\/\/yoast.com\/product\/yoast-seo-wordpress\/ -->\n<title>Tabella di marcia | Spazio Spadoni<\/title>\n<meta name=\"description\" content=\"Le tappe di spazio + spadoni dal 2020 a oggi Dal 2020 a oggi, ripercorriamo le principali tappe di spazio + spadoni: progetti HIC SUM, incontri, attivit\u00e0\" \/>\n<meta name=\"robots\" content=\"index, follow, max-snippet:-1, max-image-preview:large, max-video-preview:-1\" \/>\n<link rel=\"canonical\" href=\"https:\/\/spaziospadoni.org\/it\/tabella-di-marcia\/\" \/>\n<meta property=\"og:locale\" content=\"it_IT\" \/>\n<meta property=\"og:type\" content=\"article\" \/>\n<meta property=\"og:title\" content=\"Tabella di marcia | Spazio Spadoni\" \/>\n<meta property=\"og:description\" content=\"Le tappe di spazio + spadoni dal 2020 a oggi Dal 2020 a oggi, ripercorriamo le principali tappe di spazio + spadoni: progetti HIC SUM, incontri, attivit\u00e0\" \/>\n<meta property=\"og:url\" content=\"https:\/\/spaziospadoni.org\/it\/tabella-di-marcia\/\" \/>\n<meta property=\"og:site_name\" content=\"spazio + spadoni\" \/>\n<meta property=\"article:publisher\" content=\"https:\/\/www.facebook.com\/SpazioSpadoni\/\" \/>\n<meta property=\"article:modified_time\" content=\"2026-08-21T12:28:46+00:00\" \/>\n<meta property=\"og:image\" content=\"https:\/\/spaziospadoni.org\/wp-content\/uploads\/2026\/05\/logo-opera-m-no-sito-scritta-bianca-scaled-1.png\" \/>\n\t<meta property=\"og:image:width\" content=\"2560\" \/>\n\t<meta property=\"og:image:height\" content=\"2555\" \/>\n\t<meta property=\"og:image:type\" content=\"image\/png\" \/>\n<meta name=\"twitter:card\" content=\"summary_large_image\" \/>\n<meta name=\"twitter:label1\" content=\"Tempo di lettura stimato\" \/>\n\t<meta name=\"twitter:data1\" content=\"9 minuti\" \/>\n<script type=\"application\/ld+json\" class=\"yoast-schema-graph\">{\"@context\":\"https:\\\/\\\/schema.org\",\"@graph\":[{\"@type\":\"WebPage\",\"@id\":\"https:\\\/\\\/spaziospadoni.org\\\/it\\\/tabella-di-marcia\\\/\",\"url\":\"https:\\\/\\\/spaziospadoni.org\\\/it\\\/tabella-di-marcia\\\/\",\"name\":\"Tabella di marcia | Spazio Spadoni\",\"isPartOf\":{\"@id\":\"https:\\\/\\\/spaziospadoni.org\\\/it\\\/#website\"},\"datePublished\":\"2026-08-05T09:51:42+00:00\",\"dateModified\":\"2026-08-21T12:28:46+00:00\",\"description\":\"Le tappe di spazio + spadoni dal 2020 a oggi Dal 2020 a oggi, ripercorriamo le principali tappe di spazio + spadoni: progetti HIC SUM, incontri, attivit\u00e0\",\"breadcrumb\":{\"@id\":\"https:\\\/\\\/spaziospadoni.org\\\/it\\\/tabella-di-marcia\\\/#breadcrumb\"},\"inLanguage\":\"it-IT\",\"potentialAction\":[{\"@type\":\"ReadAction\",\"target\":[\"https:\\\/\\\/spaziospadoni.org\\\/it\\\/tabella-di-marcia\\\/\"]}]},{\"@type\":\"BreadcrumbList\",\"@id\":\"https:\\\/\\\/spaziospadoni.org\\\/it\\\/tabella-di-marcia\\\/#breadcrumb\",\"itemListElement\":[{\"@type\":\"ListItem\",\"position\":1,\"name\":\"Home\",\"item\":\"https:\\\/\\\/spaziospadoni.org\\\/it\\\/\"},{\"@type\":\"ListItem\",\"position\":2,\"name\":\"Tabella di marcia\"}]},{\"@type\":\"WebSite\",\"@id\":\"https:\\\/\\\/spaziospadoni.org\\\/it\\\/#website\",\"url\":\"https:\\\/\\\/spaziospadoni.org\\\/it\\\/\",\"name\":\"spazio + spadoni\",\"description\":\"Generazione di misericordia e missione nel mondo\",\"publisher\":{\"@id\":\"https:\\\/\\\/spaziospadoni.org\\\/it\\\/#organization\"},\"alternateName\":\"spaziospadoni.org\",\"potentialAction\":[{\"@type\":\"SearchAction\",\"target\":{\"@type\":\"EntryPoint\",\"urlTemplate\":\"https:\\\/\\\/spaziospadoni.org\\\/it\\\/?s={search_term_string}\"},\"query-input\":{\"@type\":\"PropertyValueSpecification\",\"valueRequired\":true,\"valueName\":\"search_term_string\"}}],\"inLanguage\":\"it-IT\"},{\"@type\":\"Organization\",\"@id\":\"https:\\\/\\\/spaziospadoni.org\\\/it\\\/#organization\",\"name\":\"spazio + spadoni\",\"alternateName\":\"spaziospadoni.org\",\"url\":\"https:\\\/\\\/spaziospadoni.org\\\/it\\\/\",\"logo\":{\"@type\":\"ImageObject\",\"inLanguage\":\"it-IT\",\"@id\":\"https:\\\/\\\/spaziospadoni.org\\\/it\\\/#\\\/schema\\\/logo\\\/image\\\/\",\"url\":\"https:\\\/\\\/spaziospadoni.org\\\/wp-content\\\/uploads\\\/2026\\\/05\\\/spazio-spadoni-logo-100x100-1.webp\",\"contentUrl\":\"https:\\\/\\\/spaziospadoni.org\\\/wp-content\\\/uploads\\\/2026\\\/05\\\/spazio-spadoni-logo-100x100-1.webp\",\"width\":100,\"height\":100,\"caption\":\"spazio + spadoni\"},\"image\":{\"@id\":\"https:\\\/\\\/spaziospadoni.org\\\/it\\\/#\\\/schema\\\/logo\\\/image\\\/\"},\"sameAs\":[\"https:\\\/\\\/www.facebook.com\\\/SpazioSpadoni\\\/\",\"https:\\\/\\\/www.instagram.com\\\/spaziospadoni\\\/\",\"https:\\\/\\\/www.youtube.com\\\/@spaziospadoni\\\/playlists\"]}]}<\/script>\n<!-- \/ Yoast SEO plugin. -->","yoast_head_json":{"title":"Tabella di marcia | Spazio Spadoni","description":"Le tappe di spazio + spadoni dal 2020 a oggi Dal 2020 a oggi, ripercorriamo le principali tappe di spazio + spadoni: progetti HIC SUM, incontri, attivit\u00e0","robots":{"index":"index","follow":"follow","max-snippet":"max-snippet:-1","max-image-preview":"max-image-preview:large","max-video-preview":"max-video-preview:-1"},"canonical":"https:\/\/spaziospadoni.org\/it\/tabella-di-marcia\/","og_locale":"it_IT","og_type":"article","og_title":"Tabella di marcia | Spazio Spadoni","og_description":"Le tappe di spazio + spadoni dal 2020 a oggi Dal 2020 a oggi, ripercorriamo le principali tappe di spazio + spadoni: progetti HIC SUM, incontri, attivit\u00e0","og_url":"https:\/\/spaziospadoni.org\/it\/tabella-di-marcia\/","og_site_name":"spazio + spadoni","article_publisher":"https:\/\/www.facebook.com\/SpazioSpadoni\/","article_modified_time":"2026-08-21T12:28:46+00:00","og_image":[{"width":2560,"height":2555,"url":"https:\/\/spaziospadoni.org\/wp-content\/uploads\/2026\/05\/logo-opera-m-no-sito-scritta-bianca-scaled-1.png","type":"image\/png"}],"twitter_card":"summary_large_image","twitter_misc":{"Tempo di lettura stimato":"9 minuti"},"schema":{"@context":"https:\/\/schema.org","@graph":[{"@type":"WebPage","@id":"https:\/\/spaziospadoni.org\/it\/tabella-di-marcia\/","url":"https:\/\/spaziospadoni.org\/it\/tabella-di-marcia\/","name":"Tabella di marcia | Spazio Spadoni","isPartOf":{"@id":"https:\/\/spaziospadoni.org\/it\/#website"},"datePublished":"2026-08-05T09:51:42+00:00","dateModified":"2026-08-21T12:28:46+00:00","description":"Le tappe di spazio + spadoni dal 2020 a oggi Dal 2020 a oggi, ripercorriamo le principali tappe di spazio + spadoni: progetti HIC SUM, incontri, attivit\u00e0","breadcrumb":{"@id":"https:\/\/spaziospadoni.org\/it\/tabella-di-marcia\/#breadcrumb"},"inLanguage":"it-IT","potentialAction":[{"@type":"ReadAction","target":["https:\/\/spaziospadoni.org\/it\/tabella-di-marcia\/"]}]},{"@type":"BreadcrumbList","@id":"https:\/\/spaziospadoni.org\/it\/tabella-di-marcia\/#breadcrumb","itemListElement":[{"@type":"ListItem","position":1,"name":"Home","item":"https:\/\/spaziospadoni.org\/it\/"},{"@type":"ListItem","position":2,"name":"Tabella di marcia"}]},{"@type":"WebSite","@id":"https:\/\/spaziospadoni.org\/it\/#website","url":"https:\/\/spaziospadoni.org\/it\/","name":"spazio + spadoni","description":"Generazione di misericordia e missione nel mondo","publisher":{"@id":"https:\/\/spaziospadoni.org\/it\/#organization"},"alternateName":"spaziospadoni.org","potentialAction":[{"@type":"SearchAction","target":{"@type":"EntryPoint","urlTemplate":"https:\/\/spaziospadoni.org\/it\/?s={search_term_string}"},"query-input":{"@type":"PropertyValueSpecification","valueRequired":true,"valueName":"search_term_string"}}],"inLanguage":"it-IT"},{"@type":"Organization","@id":"https:\/\/spaziospadoni.org\/it\/#organization","name":"spazio + spadoni","alternateName":"spaziospadoni.org","url":"https:\/\/spaziospadoni.org\/it\/","logo":{"@type":"ImageObject","inLanguage":"it-IT","@id":"https:\/\/spaziospadoni.org\/it\/#\/schema\/logo\/image\/","url":"https:\/\/spaziospadoni.org\/wp-content\/uploads\/2026\/05\/spazio-spadoni-logo-100x100-1.webp","contentUrl":"https:\/\/spaziospadoni.org\/wp-content\/uploads\/2026\/05\/spazio-spadoni-logo-100x100-1.webp","width":100,"height":100,"caption":"spazio + spadoni"},"image":{"@id":"https:\/\/spaziospadoni.org\/it\/#\/schema\/logo\/image\/"},"sameAs":["https:\/\/www.facebook.com\/SpazioSpadoni\/","https:\/\/www.instagram.com\/spaziospadoni\/","https:\/\/www.youtube.com\/@spaziospadoni\/playlists"]}]}},"_links":{"self":[{"href":"https:\/\/spaziospadoni.org\/it\/wp-json\/wp\/v2\/pages\/88892","targetHints":{"allow":["GET"]}}],"collection":[{"href":"https:\/\/spaziospadoni.org\/it\/wp-json\/wp\/v2\/pages"}],"about":[{"href":"https:\/\/spaziospadoni.org\/it\/wp-json\/wp\/v2\/types\/page"}],"author":[{"embeddable":true,"href":"https:\/\/spaziospadoni.org\/it\/wp-json\/wp\/v2\/users\/107"}],"replies":[{"embeddable":true,"href":"https:\/\/spaziospadoni.org\/it\/wp-json\/wp\/v2\/comments?post=88892"}],"version-history":[{"count":1,"href":"https:\/\/spaziospadoni.org\/it\/wp-json\/wp\/v2\/pages\/88892\/revisions"}],"predecessor-version":[{"id":91561,"href":"https:\/\/spaziospadoni.org\/it\/wp-json\/wp\/v2\/pages\/88892\/revisions\/91561"}],"wp:attachment":[{"href":"https:\/\/spaziospadoni.org\/it\/wp-json\/wp\/v2\/media?parent=88892"}],"curies":[{"name":"wp","href":"https:\/\/api.w.org\/{rel}","templated":true}]}}