{"id":59971,"date":"2026-05-20T10:42:08","date_gmt":"2026-05-20T09:42:08","guid":{"rendered":"https:\/\/spaziospadoni.org\/congregazione-figlie-di-san-francesco-di-sales\/"},"modified":"2026-08-17T11:41:41","modified_gmt":"2026-08-17T10:41:41","slug":"congregacao-das-filhas-de-sao-francisco-de-sales","status":"publish","type":"page","link":"https:\/\/spaziospadoni.org\/pt-pt\/congregacoes\/congregacao-das-filhas-de-sao-francisco-de-sales\/","title":{"rendered":"Congrega\u00e7\u00e3o das Filhas de S\u00e3o Francisco de Sales"},"content":{"rendered":"\n<p class=\"wp-block-paragraph\">A Congrega\u00e7\u00e3o das Filhas de S\u00e3o Francisco de Sales nasceu em Lugo (RA) em <strong>23 de agosto de 1872<\/strong>, por iniciativa do C\u00f3nego <strong>Carlo Cavina<\/strong>, ent\u00e3o P\u00e1roco da Colegiada dos Santos Francisco e Hil\u00e1rio. Colaboraram com ele a Madre M. Teresa Fantoni e a Madre M. Luigia Montanari.<\/p>\n\n\n<div class=\"wp-block-image\">\n<figure class=\"aligncenter size-full\"><img decoding=\"async\" width=\"176\" height=\"211\" src=\"https:\/\/spaziospadoni.org\/wp-content\/uploads\/2026\/05\/Suore-Figlie-di-San-Francesco-di-Sales.png\" alt=\"Irm\u00e3s-Filhas-de-S\u00e3o-Francisco-de-Sales\" class=\"wp-image-45053\"\/><\/figure>\n<\/div>\n\n\n<p class=\"wp-block-paragraph\">Em 1871, ano em que o ensino religioso foi abolido nas escolas, o padre Carlo sentiu a forte necessidade de se opor \u00e0 ofensiva anticlerical que se alastrava pela cidade. <\/p>\n\n\n\n<p class=\"wp-block-paragraph\">Fascinado pelo trabalho que os religiosos salesianos do padre Giovanni Bosco realizavam em favor dos rapazes, decidiu criar algo semelhante para as raparigas. <\/p>\n\n\n\n<p class=\"wp-block-paragraph\">Em 1872, o Padre Carlo convidou e acolheu na sua \u201ccasa\u201d duas jovens, Rosa Nenci e Amalia Manzoni, que aspiravam \u00e0 vida religiosa, sem, contudo, as fazer entrar na comunidade das Irm\u00e3s da Caridade de Santa Antida Thouret (com a qual colaborava). <\/p>\n\n\n\n<p class=\"wp-block-paragraph\">No entanto, na sequ\u00eancia de alguns desentendimentos, a madre geral do Instituto de Caridade, irm\u00e3 Carolina Chambr\u00f2, temendo que as suas religiosas abandonassem a regra para iniciar uma nova congrega\u00e7\u00e3o, excluiu da obra educativa que dirigia juntamente com o padre Carlo tanto a irm\u00e3 Ippolita, futura madre Teresa, como a irm\u00e3 Maria Elisabetta. <\/p>\n\n\n\n<p class=\"wp-block-paragraph\">\u00c0 luz do que aconteceu, o Padre Carlo, coadjuvado pela Madre Teresa Fantoni, decidiu fundar, ainda no mesmo ano, em 1872, uma nova congrega\u00e7\u00e3o: as Filhas de S\u00e3o Francisco de Sales. <\/p>\n\n\n\n<p class=\"wp-block-paragraph\">O fundador quis que a sua Congrega\u00e7\u00e3o Religiosa fosse inscrita com \u201cdiploma coletivo\u201d na Pia Uni\u00e3o do Apostolado da Ora\u00e7\u00e3o, porque, para o padre Carlo, o exerc\u00edcio desse apostolado era fundamental para o sucesso da miss\u00e3o educativa das suas religiosas. <\/p>\n\n\n\n<p class=\"wp-block-paragraph\">Antes de morrer, em 1880, o padre Carlo Cavina conseguiu concretizar tamb\u00e9m o seu \u00faltimo projeto. De facto, em 1873, junto da colegiada, conseguiu abrir as \u201cEscolas da Sant\u00edssima Trindade \u201d, diurnas e noturnas, para a juventude masculina.  <\/p>\n\n\n\n<p class=\"wp-block-paragraph\">A Congrega\u00e7\u00e3o das Filhas de S\u00e3o Francisco de Sales \u00e9 um Instituto Religioso de <strong>Direito Pontif\u00edcio<\/strong>, aprovado por Decreto da Sagrada Congrega\u00e7\u00e3o dos Religiosos em 31 de janeiro de 1931.<\/p>\n\n\n\n<h2 id=\"h-carisma\" class=\"wp-block-heading\"><strong>Carisma<\/strong> <\/h2>\n\n\n\n<p class=\"wp-block-paragraph\">O Carisma da Congrega\u00e7\u00e3o \u00e9: <\/p>\n\n\n\n<p class=\"wp-block-paragraph\">apostolado da ora\u00e7\u00e3o; educa\u00e7\u00e3o crist\u00e3 da juventude; a\u00e7\u00e3o caritativa ao servi\u00e7o dos pobres, doentes e idosos. <\/p>\n\n\n\n<p class=\"wp-block-paragraph\">Nos seus prim\u00f3rdios, a Congrega\u00e7\u00e3o dedicava-se sobretudo \u00e0 educa\u00e7\u00e3o e \u00e0 assist\u00eancia das jovens, com escolas diurnas e noturnas para as trabalhadoras. Hoje, o carisma concretiza-se em institui\u00e7\u00f5es escolares de v\u00e1rios n\u00edveis de ensino e num amplo servi\u00e7o pastoral. A a\u00e7\u00e3o caritativa manifesta-se no \u00e2mbito hospitalar e assistencial.   <\/p>\n\n\n\n<p class=\"wp-block-paragraph\">Atenta aos sinais dos tempos, a Congrega\u00e7\u00e3o empenha-se em responder \u00e0s novas formas de pobreza t\u00edpicas da nossa sociedade: m\u00e3es solteiras, jovens em dificuldade, crian\u00e7as e adolescentes v\u00edtimas de situa\u00e7\u00f5es dif\u00edceis ou em estado de abandono. Tudo isso, naturalmente, dando continuidade e fortalecendo as tradicionais obras de car\u00e1ter pastoral, educativo e caritativo, como escolas, catequese, assist\u00eancia a crian\u00e7as e jovens nos v\u00e1rios grupos paroquiais, casas de assist\u00eancia, hospitais e lares de idosos.  <\/p>\n\n\n\n<p class=\"wp-block-paragraph\">Desde 1970, a Congrega\u00e7\u00e3o est\u00e1 presente na It\u00e1lia, \u00c1frica do Sul, \u00cdndia, Brasil, Filipinas, Inglaterra, Alemanha, Qu\u00e9nia, Tanz\u00e2nia, Uganda e Indon\u00e9sia, com obras de car\u00e1ter educativo, assistencial e pastoral. <\/p>\n\n\n\n<p class=\"wp-block-paragraph\">Atualmente, as irm\u00e3s da Congrega\u00e7\u00e3o s\u00e3o cerca de <strong>340<\/strong>.\u202fA <strong>Casa Geral <\/strong>fica em <strong>Roma<\/strong>. <\/p>\n\n\n\n<h2 id=\"h-contacte-nos\" class=\"wp-block-heading\"><strong>Contacte-nos<\/strong> <\/h2>\n\n\n\n<p class=\"wp-block-paragraph\">Via Portuense, 514 \u2013 00149 Roma It\u00e1lia<br>Tel: +39 06-65745353, Fax: +39 06-55045207<br><a href=\"mailto:c%2Egener%61li%7Aias%61les%40vi%72gilio.i%74\" title=\"c.generaliziasales@virgilio.it\">c.generaliziasales@virgilio.it<\/a> <\/p>\n\n\n\n<p class=\"wp-block-paragraph\"><a href=\"https:\/\/www.suorefigliedisanfrancescodisales.org\" title=\"https:\/\/www.suorefigliedisanfrancescodisales.org\">https:\/\/www.suorefigliedisanfrancescodisales.org<\/a><\/p>\n","protected":false},"excerpt":{"rendered":"<p>A Congrega\u00e7\u00e3o das Filhas de S\u00e3o Francisco de Sales nasceu em Lugo (RA) em 23 de agosto de 1872, por iniciativa do C\u00f3nego Carlo Cavina, ent\u00e3o P\u00e1roco da Colegiada dos Santos Francisco e Hil\u00e1rio. Colaboraram com ele a Madre M. Teresa Fantoni e a Madre M. Luigia Montanari. Em 1871, ano em que o ensino &#8230; <a title=\"Congrega\u00e7\u00e3o das Filhas de S\u00e3o Francisco de Sales\" class=\"read-more\" href=\"https:\/\/spaziospadoni.org\/pt-pt\/congregacoes\/congregacao-das-filhas-de-sao-francisco-de-sales\/\" aria-label=\"Read more about Congrega\u00e7\u00e3o das Filhas de S\u00e3o Francisco de Sales\">Ler mais<\/a><\/p>\n","protected":false},"author":102,"featured_media":0,"parent":60100,"menu_order":0,"comment_status":"closed","ping_status":"closed","template":"","meta":{"_sitemap_exclude":false,"_sitemap_priority":"","_sitemap_frequency":"","footnotes":""},"class_list":["post-59971","page","type-page","status-publish","infinite-scroll-item"],"yoast_head":"<!-- This site is optimized with the Yoast SEO plugin v28.4 - https:\/\/yoast.com\/product\/yoast-seo-wordpress\/ -->\n<title>Congrega\u00e7\u00e3o das Filhas de S\u00e3o Francisco de Sales | Spazio Spadoni<\/title>\n<meta name=\"description\" content=\"A Congrega\u00e7\u00e3o das Filhas de S\u00e3o Francisco de Sales nasceu em Lugo (RA) em 23 de agosto de 1872, por iniciativa do C\u00f3nego Carlo Cavina, ent\u00e3o P\u00e1roco da\" \/>\n<meta name=\"robots\" content=\"index, follow, max-snippet:-1, max-image-preview:large, max-video-preview:-1\" \/>\n<link rel=\"canonical\" href=\"https:\/\/spaziospadoni.org\/pt-pt\/congregacoes\/congregacao-das-filhas-de-sao-francisco-de-sales\/\" \/>\n<meta property=\"og:locale\" content=\"pt_PT\" \/>\n<meta property=\"og:type\" content=\"article\" \/>\n<meta property=\"og:title\" content=\"Congrega\u00e7\u00e3o das Filhas de S\u00e3o Francisco de Sales | Spazio Spadoni\" \/>\n<meta property=\"og:description\" content=\"A Congrega\u00e7\u00e3o das Filhas de S\u00e3o Francisco de Sales nasceu em Lugo (RA) em 23 de agosto de 1872, por iniciativa do C\u00f3nego Carlo Cavina, ent\u00e3o P\u00e1roco da\" \/>\n<meta property=\"og:url\" content=\"https:\/\/spaziospadoni.org\/pt-pt\/congregacoes\/congregacao-das-filhas-de-sao-francisco-de-sales\/\" \/>\n<meta property=\"og:site_name\" content=\"spazio + spadoni\" \/>\n<meta property=\"article:publisher\" content=\"https:\/\/www.facebook.com\/SpazioSpadoni\/\" \/>\n<meta property=\"article:modified_time\" content=\"2026-08-17T10:41:41+00:00\" \/>\n<meta property=\"og:image\" content=\"https:\/\/spaziospadoni.org\/wp-content\/uploads\/2026\/05\/Suore-Figlie-di-San-Francesco-di-Sales.png\" \/>\n\t<meta property=\"og:image:width\" content=\"176\" \/>\n\t<meta property=\"og:image:height\" content=\"211\" \/>\n\t<meta property=\"og:image:type\" content=\"image\/png\" \/>\n<meta name=\"twitter:card\" content=\"summary_large_image\" \/>\n<meta name=\"twitter:label1\" content=\"Est. reading time\" \/>\n\t<meta name=\"twitter:data1\" content=\"4 minutes\" \/>\n<script type=\"application\/ld+json\" class=\"yoast-schema-graph\">{\"@context\":\"https:\\\/\\\/schema.org\",\"@graph\":[{\"@type\":\"WebPage\",\"@id\":\"https:\\\/\\\/spaziospadoni.org\\\/pt-pt\\\/congregacoes\\\/congregacao-das-filhas-de-sao-francisco-de-sales\\\/\",\"url\":\"https:\\\/\\\/spaziospadoni.org\\\/pt-pt\\\/congregacoes\\\/congregacao-das-filhas-de-sao-francisco-de-sales\\\/\",\"name\":\"Congrega\u00e7\u00e3o das Filhas de S\u00e3o Francisco de Sales | Spazio Spadoni\",\"isPartOf\":{\"@id\":\"https:\\\/\\\/spaziospadoni.org\\\/pt-pt\\\/#website\"},\"primaryImageOfPage\":{\"@id\":\"https:\\\/\\\/spaziospadoni.org\\\/pt-pt\\\/congregacoes\\\/congregacao-das-filhas-de-sao-francisco-de-sales\\\/#primaryimage\"},\"image\":{\"@id\":\"https:\\\/\\\/spaziospadoni.org\\\/pt-pt\\\/congregacoes\\\/congregacao-das-filhas-de-sao-francisco-de-sales\\\/#primaryimage\"},\"thumbnailUrl\":\"https:\\\/\\\/spaziospadoni.org\\\/wp-content\\\/uploads\\\/2026\\\/05\\\/Suore-Figlie-di-San-Francesco-di-Sales.png\",\"datePublished\":\"2026-05-20T09:42:08+00:00\",\"dateModified\":\"2026-08-17T10:41:41+00:00\",\"description\":\"A Congrega\u00e7\u00e3o das Filhas de S\u00e3o Francisco de Sales nasceu em Lugo (RA) em 23 de agosto de 1872, por iniciativa do C\u00f3nego Carlo Cavina, ent\u00e3o P\u00e1roco da\",\"breadcrumb\":{\"@id\":\"https:\\\/\\\/spaziospadoni.org\\\/pt-pt\\\/congregacoes\\\/congregacao-das-filhas-de-sao-francisco-de-sales\\\/#breadcrumb\"},\"inLanguage\":\"pt-PT\",\"potentialAction\":[{\"@type\":\"ReadAction\",\"target\":[\"https:\\\/\\\/spaziospadoni.org\\\/pt-pt\\\/congregacoes\\\/congregacao-das-filhas-de-sao-francisco-de-sales\\\/\"]}]},{\"@type\":\"ImageObject\",\"inLanguage\":\"pt-PT\",\"@id\":\"https:\\\/\\\/spaziospadoni.org\\\/pt-pt\\\/congregacoes\\\/congregacao-das-filhas-de-sao-francisco-de-sales\\\/#primaryimage\",\"url\":\"https:\\\/\\\/spaziospadoni.org\\\/wp-content\\\/uploads\\\/2026\\\/05\\\/Suore-Figlie-di-San-Francesco-di-Sales.png\",\"contentUrl\":\"https:\\\/\\\/spaziospadoni.org\\\/wp-content\\\/uploads\\\/2026\\\/05\\\/Suore-Figlie-di-San-Francesco-di-Sales.png\"},{\"@type\":\"BreadcrumbList\",\"@id\":\"https:\\\/\\\/spaziospadoni.org\\\/pt-pt\\\/congregacoes\\\/congregacao-das-filhas-de-sao-francisco-de-sales\\\/#breadcrumb\",\"itemListElement\":[{\"@type\":\"ListItem\",\"position\":1,\"name\":\"Home\",\"item\":\"https:\\\/\\\/spaziospadoni.org\\\/pt-pt\\\/\"},{\"@type\":\"ListItem\",\"position\":2,\"name\":\"Congrega\u00e7\u00f5es\",\"item\":\"https:\\\/\\\/spaziospadoni.org\\\/pt-pt\\\/congregacoes\\\/\"},{\"@type\":\"ListItem\",\"position\":3,\"name\":\"Congrega\u00e7\u00e3o das Filhas de S\u00e3o Francisco de Sales\"}]},{\"@type\":\"WebSite\",\"@id\":\"https:\\\/\\\/spaziospadoni.org\\\/pt-pt\\\/#website\",\"url\":\"https:\\\/\\\/spaziospadoni.org\\\/pt-pt\\\/\",\"name\":\"spazio + spadoni\",\"description\":\"Generazione di misericordia e missione nel mondo\",\"publisher\":{\"@id\":\"https:\\\/\\\/spaziospadoni.org\\\/pt-pt\\\/#organization\"},\"alternateName\":\"spaziospadoni.org\",\"potentialAction\":[{\"@type\":\"SearchAction\",\"target\":{\"@type\":\"EntryPoint\",\"urlTemplate\":\"https:\\\/\\\/spaziospadoni.org\\\/pt-pt\\\/?s={search_term_string}\"},\"query-input\":{\"@type\":\"PropertyValueSpecification\",\"valueRequired\":true,\"valueName\":\"search_term_string\"}}],\"inLanguage\":\"pt-PT\"},{\"@type\":\"Organization\",\"@id\":\"https:\\\/\\\/spaziospadoni.org\\\/pt-pt\\\/#organization\",\"name\":\"spazio + spadoni\",\"alternateName\":\"spaziospadoni.org\",\"url\":\"https:\\\/\\\/spaziospadoni.org\\\/pt-pt\\\/\",\"logo\":{\"@type\":\"ImageObject\",\"inLanguage\":\"pt-PT\",\"@id\":\"https:\\\/\\\/spaziospadoni.org\\\/pt-pt\\\/#\\\/schema\\\/logo\\\/image\\\/\",\"url\":\"https:\\\/\\\/spaziospadoni.org\\\/wp-content\\\/uploads\\\/2026\\\/05\\\/spazio-spadoni-logo-100x100-1.webp\",\"contentUrl\":\"https:\\\/\\\/spaziospadoni.org\\\/wp-content\\\/uploads\\\/2026\\\/05\\\/spazio-spadoni-logo-100x100-1.webp\",\"width\":100,\"height\":100,\"caption\":\"spazio + spadoni\"},\"image\":{\"@id\":\"https:\\\/\\\/spaziospadoni.org\\\/pt-pt\\\/#\\\/schema\\\/logo\\\/image\\\/\"},\"sameAs\":[\"https:\\\/\\\/www.facebook.com\\\/SpazioSpadoni\\\/\",\"https:\\\/\\\/www.instagram.com\\\/spaziospadoni\\\/\",\"https:\\\/\\\/www.youtube.com\\\/@spaziospadoni\\\/playlists\"]}]}<\/script>\n<!-- \/ Yoast SEO plugin. -->","yoast_head_json":{"title":"Congrega\u00e7\u00e3o das Filhas de S\u00e3o Francisco de Sales | Spazio Spadoni","description":"A Congrega\u00e7\u00e3o das Filhas de S\u00e3o Francisco de Sales nasceu em Lugo (RA) em 23 de agosto de 1872, por iniciativa do C\u00f3nego Carlo Cavina, ent\u00e3o P\u00e1roco da","robots":{"index":"index","follow":"follow","max-snippet":"max-snippet:-1","max-image-preview":"max-image-preview:large","max-video-preview":"max-video-preview:-1"},"canonical":"https:\/\/spaziospadoni.org\/pt-pt\/congregacoes\/congregacao-das-filhas-de-sao-francisco-de-sales\/","og_locale":"pt_PT","og_type":"article","og_title":"Congrega\u00e7\u00e3o das Filhas de S\u00e3o Francisco de Sales | Spazio Spadoni","og_description":"A Congrega\u00e7\u00e3o das Filhas de S\u00e3o Francisco de Sales nasceu em Lugo (RA) em 23 de agosto de 1872, por iniciativa do C\u00f3nego Carlo Cavina, ent\u00e3o P\u00e1roco da","og_url":"https:\/\/spaziospadoni.org\/pt-pt\/congregacoes\/congregacao-das-filhas-de-sao-francisco-de-sales\/","og_site_name":"spazio + spadoni","article_publisher":"https:\/\/www.facebook.com\/SpazioSpadoni\/","article_modified_time":"2026-08-17T10:41:41+00:00","og_image":[{"width":176,"height":211,"url":"https:\/\/spaziospadoni.org\/wp-content\/uploads\/2026\/05\/Suore-Figlie-di-San-Francesco-di-Sales.png","type":"image\/png"}],"twitter_card":"summary_large_image","twitter_misc":{"Est. reading time":"4 minutes"},"schema":{"@context":"https:\/\/schema.org","@graph":[{"@type":"WebPage","@id":"https:\/\/spaziospadoni.org\/pt-pt\/congregacoes\/congregacao-das-filhas-de-sao-francisco-de-sales\/","url":"https:\/\/spaziospadoni.org\/pt-pt\/congregacoes\/congregacao-das-filhas-de-sao-francisco-de-sales\/","name":"Congrega\u00e7\u00e3o das Filhas de S\u00e3o Francisco de Sales | Spazio Spadoni","isPartOf":{"@id":"https:\/\/spaziospadoni.org\/pt-pt\/#website"},"primaryImageOfPage":{"@id":"https:\/\/spaziospadoni.org\/pt-pt\/congregacoes\/congregacao-das-filhas-de-sao-francisco-de-sales\/#primaryimage"},"image":{"@id":"https:\/\/spaziospadoni.org\/pt-pt\/congregacoes\/congregacao-das-filhas-de-sao-francisco-de-sales\/#primaryimage"},"thumbnailUrl":"https:\/\/spaziospadoni.org\/wp-content\/uploads\/2026\/05\/Suore-Figlie-di-San-Francesco-di-Sales.png","datePublished":"2026-05-20T09:42:08+00:00","dateModified":"2026-08-17T10:41:41+00:00","description":"A Congrega\u00e7\u00e3o das Filhas de S\u00e3o Francisco de Sales nasceu em Lugo (RA) em 23 de agosto de 1872, por iniciativa do C\u00f3nego Carlo Cavina, ent\u00e3o P\u00e1roco da","breadcrumb":{"@id":"https:\/\/spaziospadoni.org\/pt-pt\/congregacoes\/congregacao-das-filhas-de-sao-francisco-de-sales\/#breadcrumb"},"inLanguage":"pt-PT","potentialAction":[{"@type":"ReadAction","target":["https:\/\/spaziospadoni.org\/pt-pt\/congregacoes\/congregacao-das-filhas-de-sao-francisco-de-sales\/"]}]},{"@type":"ImageObject","inLanguage":"pt-PT","@id":"https:\/\/spaziospadoni.org\/pt-pt\/congregacoes\/congregacao-das-filhas-de-sao-francisco-de-sales\/#primaryimage","url":"https:\/\/spaziospadoni.org\/wp-content\/uploads\/2026\/05\/Suore-Figlie-di-San-Francesco-di-Sales.png","contentUrl":"https:\/\/spaziospadoni.org\/wp-content\/uploads\/2026\/05\/Suore-Figlie-di-San-Francesco-di-Sales.png"},{"@type":"BreadcrumbList","@id":"https:\/\/spaziospadoni.org\/pt-pt\/congregacoes\/congregacao-das-filhas-de-sao-francisco-de-sales\/#breadcrumb","itemListElement":[{"@type":"ListItem","position":1,"name":"Home","item":"https:\/\/spaziospadoni.org\/pt-pt\/"},{"@type":"ListItem","position":2,"name":"Congrega\u00e7\u00f5es","item":"https:\/\/spaziospadoni.org\/pt-pt\/congregacoes\/"},{"@type":"ListItem","position":3,"name":"Congrega\u00e7\u00e3o das Filhas de S\u00e3o Francisco de Sales"}]},{"@type":"WebSite","@id":"https:\/\/spaziospadoni.org\/pt-pt\/#website","url":"https:\/\/spaziospadoni.org\/pt-pt\/","name":"spazio + spadoni","description":"Generazione di misericordia e missione nel mondo","publisher":{"@id":"https:\/\/spaziospadoni.org\/pt-pt\/#organization"},"alternateName":"spaziospadoni.org","potentialAction":[{"@type":"SearchAction","target":{"@type":"EntryPoint","urlTemplate":"https:\/\/spaziospadoni.org\/pt-pt\/?s={search_term_string}"},"query-input":{"@type":"PropertyValueSpecification","valueRequired":true,"valueName":"search_term_string"}}],"inLanguage":"pt-PT"},{"@type":"Organization","@id":"https:\/\/spaziospadoni.org\/pt-pt\/#organization","name":"spazio + spadoni","alternateName":"spaziospadoni.org","url":"https:\/\/spaziospadoni.org\/pt-pt\/","logo":{"@type":"ImageObject","inLanguage":"pt-PT","@id":"https:\/\/spaziospadoni.org\/pt-pt\/#\/schema\/logo\/image\/","url":"https:\/\/spaziospadoni.org\/wp-content\/uploads\/2026\/05\/spazio-spadoni-logo-100x100-1.webp","contentUrl":"https:\/\/spaziospadoni.org\/wp-content\/uploads\/2026\/05\/spazio-spadoni-logo-100x100-1.webp","width":100,"height":100,"caption":"spazio + spadoni"},"image":{"@id":"https:\/\/spaziospadoni.org\/pt-pt\/#\/schema\/logo\/image\/"},"sameAs":["https:\/\/www.facebook.com\/SpazioSpadoni\/","https:\/\/www.instagram.com\/spaziospadoni\/","https:\/\/www.youtube.com\/@spaziospadoni\/playlists"]}]}},"_links":{"self":[{"href":"https:\/\/spaziospadoni.org\/pt-pt\/wp-json\/wp\/v2\/pages\/59971","targetHints":{"allow":["GET"]}}],"collection":[{"href":"https:\/\/spaziospadoni.org\/pt-pt\/wp-json\/wp\/v2\/pages"}],"about":[{"href":"https:\/\/spaziospadoni.org\/pt-pt\/wp-json\/wp\/v2\/types\/page"}],"author":[{"embeddable":true,"href":"https:\/\/spaziospadoni.org\/pt-pt\/wp-json\/wp\/v2\/users\/102"}],"replies":[{"embeddable":true,"href":"https:\/\/spaziospadoni.org\/pt-pt\/wp-json\/wp\/v2\/comments?post=59971"}],"version-history":[{"count":1,"href":"https:\/\/spaziospadoni.org\/pt-pt\/wp-json\/wp\/v2\/pages\/59971\/revisions"}],"predecessor-version":[{"id":90200,"href":"https:\/\/spaziospadoni.org\/pt-pt\/wp-json\/wp\/v2\/pages\/59971\/revisions\/90200"}],"up":[{"embeddable":true,"href":"https:\/\/spaziospadoni.org\/pt-pt\/wp-json\/wp\/v2\/pages\/60100"}],"wp:attachment":[{"href":"https:\/\/spaziospadoni.org\/pt-pt\/wp-json\/wp\/v2\/media?parent=59971"}],"curies":[{"name":"wp","href":"https:\/\/api.w.org\/{rel}","templated":true}]}}