{"id":60263,"date":"2026-05-03T10:26:13","date_gmt":"2026-05-03T09:26:13","guid":{"rendered":"https:\/\/spaziospadoni.org\/congregacoes\/congregazione-sorelle-di-santa-gemma\/"},"modified":"2026-07-18T09:34:46","modified_gmt":"2026-07-18T08:34:46","slug":"congregacao-das-irmas-de-santa-gemma","status":"publish","type":"page","link":"https:\/\/spaziospadoni.org\/pt-pt\/congregacoes\/congregacao-das-irmas-de-santa-gemma\/","title":{"rendered":"Congrega\u00e7\u00e3o das Irm\u00e3s de Santa Gemma"},"content":{"rendered":"\n<p class=\"wp-block-paragraph\">A Congrega\u00e7\u00e3o Mission\u00e1ria das Irm\u00e3s de Santa Gemma nasceu em <strong>4 de maio de 1939<\/strong>, em Camigliano Santa Gemma, Lucca. A fundadora \u00e9 a <strong>Vener\u00e1vel Madre Gemma Eufemia Giannini<\/strong>.  <\/p>\n<div class=\"wp-block-image\">\n<figure class=\"aligncenter size-full\"><img decoding=\"async\" width=\"207\" height=\"300\" src=\"https:\/\/spaziospadoni.org\/wp-content\/uploads\/2026\/05\/Congregazione-Missionaria-Sorelle-di-Santa-Gemma.jpg\" alt=\"\" class=\"wp-image-43744\" \/><\/figure>\n<\/div>\n<p class=\"wp-block-paragraph\">Chamam-se Irm\u00e3s de Santa Gemma por causa do parentesco, certamente n\u00e3o de sangue, mas indubitavelmente de esp\u00edrito, que uniu <strong>Santa Gemma<\/strong> \u00e0 jovem Eufemia, a come\u00e7ar pelos anos em que Galgani foi acolhida pela fam\u00edlia Giannini como \u201cd\u00e9cima segunda filha\u201d, e que continuou misticamente nas escolhas vocacionais de Giannini, primeiro como monja passionista e depois como fundadora. A adolescente Eufemia esteve muito pr\u00f3xima de Santa Gemma, tanto como amiga e confidente quanto como testemunha ocular da profunda espiritualidade e dos acontecimentos m\u00edsticos vividos pela jovem. Ficou profundamente marcada por ela e tornou-se sua herdeira espiritual. Esta nobre e elevada heran\u00e7a foi-lhes confiada para que a vivam e a levem \u00e0 Igreja e ao mundo \u201cat\u00e9 aos confins da terra!\u201d. A Congrega\u00e7\u00e3o \u00e9 de <strong>Direito Pontif\u00edcio<\/strong>.     <\/p>\n\n<h2 id=\"carisma\" class=\"wp-block-heading\"><strong>Carisma <\/strong> <\/h2>\n\n<p class=\"wp-block-paragraph\">A espiritualidade das Irm\u00e3s de Santa Gemma fundamenta-se em Cristo Crucificado como <strong>revela\u00e7\u00e3o do Amor infinito de Deus pela pessoa humana<\/strong>. Concretamente, esta espiritualidade exprime-se nas caracter\u00edsticas da <strong>simplicidade, caridade, humildade e sacrif\u00edcio<\/strong>, que j\u00e1 eram pr\u00f3prias de Galgani. Num estilo de alegria fraterna, vivem o esp\u00edrito de fam\u00edlia, procurando fazer das suas comunidades cen\u00e1culos de caridade e acolhimento. Vivem do fruto do seu trabalho e do apoio da divina Provid\u00eancia. A Congrega\u00e7\u00e3o das Irm\u00e3s de Santa Gemma est\u00e1 inserida na fam\u00edlia passionista, cujo iniciador foi Paolo della Croce. A sua miss\u00e3o na Igreja e no mundo nasce naturalmente do seu carisma e tem tr\u00eas dimens\u00f5es: a ora\u00e7\u00e3o, a intercess\u00e3o e a oferta. De facto, o apostolado come\u00e7a todos os dias diante da cruz e a partir da Eucaristia.       <\/p>\n<div class=\"wp-block-image\">\n<figure class=\"alignright size-full\"><img decoding=\"async\" width=\"378\" height=\"408\" src=\"https:\/\/spaziospadoni.org\/wp-content\/uploads\/2026\/05\/Da-mettere-nella-parte-Congregzione.jpg\" alt=\"\" class=\"wp-image-43745\" srcset=\"https:\/\/spaziospadoni.org\/wp-content\/uploads\/2026\/05\/Da-mettere-nella-parte-Congregzione.jpg 378w, https:\/\/spaziospadoni.org\/wp-content\/uploads\/2026\/05\/Da-mettere-nella-parte-Congregzione-278x300.jpg 278w\" sizes=\"(max-width: 378px) 100vw, 378px\" \/><\/figure>\n<\/div>\n<h2 id=\"missoes\" class=\"wp-block-heading\"><strong>Miss\u00f5es<\/strong> <\/h2>\n\n<p class=\"wp-block-paragraph\">As Irm\u00e3s de Santa Gemma est\u00e3o presentes em <\/p>\n\n<h3 id=\"europa-italia\" class=\"wp-block-heading\"><strong>Europa<\/strong> \u2013 <strong>It\u00e1lia<\/strong> <\/h3>\n\n<p class=\"wp-block-paragraph\">Casa-M\u00e3e \u2013 Camigliano Santa Gemma (LU) <\/p>\n\n<p class=\"wp-block-paragraph\">Casa Natal \u2013 Borgonuvo Santa Gemma (LU) <\/p>\n\n<p class=\"wp-block-paragraph\">Casa Giannini \u2013 centro hist\u00f3rico de Lucca (LU) <\/p>\n\n<p class=\"wp-block-paragraph\">Casa Familiar \u2013 Segromigno Piano (LU) <\/p>\n\n<p class=\"wp-block-paragraph\">Centro Mission\u00e1rio \u2013 Cariati (CS) <\/p>\n\n<h3 id=\"africa-republica-democratica-do-congo-e-costa-do-marfim\" class=\"wp-block-heading\"><strong>\u00c1frica \u2013 Rep\u00fablica Democr\u00e1tica do Congo e Costa do Marfim<\/strong> <\/h3>\n\n<p class=\"wp-block-paragraph\">Bukavu \u2013 Rep\u00fablica Democr\u00e1tica do Congo <\/p>\n\n<p class=\"wp-block-paragraph\">Kavimvira \u2013 Rep\u00fablica Democr\u00e1tica do Congo <\/p>\n\n<p class=\"wp-block-paragraph\">Sago \u2013 Costa do Marfim <\/p>\n\n<p class=\"wp-block-paragraph\">Sassandra \u2013 Costa do Marfim <\/p>\n\n<p class=\"wp-block-paragraph\">Contacte-nos <\/p>\n\n<p class=\"wp-block-paragraph\">Casa-M\u00e3e \u2013 Via Madre Gemma Giannini, n.1 \u2013 55010 \u2013 Camigliano (LU) <\/p>\n\n<p class=\"wp-block-paragraph\">Tel. +390583927165 <\/p>\n\n<p class=\"wp-block-paragraph\"><a href=\"mailto:msgemma@iol.it\" target=\"_blank\" rel=\"noreferrer noopener\" title=\"msgemma@iol.it\">msgemma@iol.it<\/a> <\/p>\n\n<p class=\"wp-block-paragraph\"><a href=\"http:\/\/www.suoresantagemma.it\/\" target=\"_blank\" rel=\"noreferrer noopener\" title=\"http:\/\/www.suoresantagemma.it\/\">http:\/\/www.suoresantagemma.it\/<\/a> <\/p>\n\n<p class=\"wp-block-paragraph\"><a href=\"https:\/\/www.facebook.com\/groups\/901713240668850\" target=\"_blank\" rel=\"noreferrer noopener\" title=\"https:\/\/www.facebook.com\/groups\/901713240668850\">https:\/\/www.facebook.com\/groups\/901713240668850<\/a> (Congrega\u00e7\u00e3o Mission\u00e1ria Irm\u00e3s de Santa Gemma) <\/p>\n","protected":false},"excerpt":{"rendered":"<p>A Congrega\u00e7\u00e3o Mission\u00e1ria das Irm\u00e3s de Santa Gemma nasceu em 4 de maio de 1939, em Camigliano Santa Gemma, Lucca. A fundadora \u00e9 a Vener\u00e1vel Madre Gemma Eufemia Giannini. Chamam-se Irm\u00e3s de Santa Gemma por causa do parentesco, certamente n\u00e3o de sangue, mas indubitavelmente de esp\u00edrito, que uniu Santa Gemma \u00e0 jovem Eufemia, a come\u00e7ar &#8230; <a title=\"Congrega\u00e7\u00e3o das Irm\u00e3s de Santa Gemma\" class=\"read-more\" href=\"https:\/\/spaziospadoni.org\/pt-pt\/congregacoes\/congregacao-das-irmas-de-santa-gemma\/\" aria-label=\"Read more about Congrega\u00e7\u00e3o das Irm\u00e3s de Santa Gemma\">Ler mais<\/a><\/p>\n","protected":false},"author":102,"featured_media":0,"parent":60100,"menu_order":0,"comment_status":"closed","ping_status":"closed","template":"","meta":{"_sitemap_exclude":false,"_sitemap_priority":"","_sitemap_frequency":"","footnotes":""},"class_list":["post-60263","page","type-page","status-publish","infinite-scroll-item"],"yoast_head":"<!-- This site is optimized with the Yoast SEO plugin v28.4 - https:\/\/yoast.com\/product\/yoast-seo-wordpress\/ -->\n<title>Congrega\u00e7\u00e3o das Irm\u00e3s de Santa Gemma | Spazio Spadoni<\/title>\n<meta name=\"description\" content=\"A Congrega\u00e7\u00e3o Mission\u00e1ria das Irm\u00e3s de Santa Gemma nasceu em 4 de maio de 1939, em Camigliano Santa Gemma, Lucca. A fundadora \u00e9 a Vener\u00e1vel Madre Gemma\" \/>\n<meta name=\"robots\" content=\"index, follow, max-snippet:-1, max-image-preview:large, max-video-preview:-1\" \/>\n<link rel=\"canonical\" href=\"https:\/\/spaziospadoni.org\/pt-pt\/congregacoes\/congregacao-das-irmas-de-santa-gemma\/\" \/>\n<meta property=\"og:locale\" content=\"pt_PT\" \/>\n<meta property=\"og:type\" content=\"article\" \/>\n<meta property=\"og:title\" content=\"Congrega\u00e7\u00e3o das Irm\u00e3s de Santa Gemma | Spazio Spadoni\" \/>\n<meta property=\"og:description\" content=\"A Congrega\u00e7\u00e3o Mission\u00e1ria das Irm\u00e3s de Santa Gemma nasceu em 4 de maio de 1939, em Camigliano Santa Gemma, Lucca. A fundadora \u00e9 a Vener\u00e1vel Madre Gemma\" \/>\n<meta property=\"og:url\" content=\"https:\/\/spaziospadoni.org\/pt-pt\/congregacoes\/congregacao-das-irmas-de-santa-gemma\/\" \/>\n<meta property=\"og:site_name\" content=\"spazio + spadoni\" \/>\n<meta property=\"article:publisher\" content=\"https:\/\/www.facebook.com\/SpazioSpadoni\/\" \/>\n<meta property=\"article:modified_time\" content=\"2026-07-18T08:34:46+00:00\" \/>\n<meta property=\"og:image\" content=\"https:\/\/spaziospadoni.org\/wp-content\/uploads\/2026\/05\/Congregazione-Missionaria-Sorelle-di-Santa-Gemma.jpg\" \/>\n\t<meta property=\"og:image:width\" content=\"207\" \/>\n\t<meta property=\"og:image:height\" content=\"300\" \/>\n\t<meta property=\"og:image:type\" content=\"image\/jpeg\" \/>\n<meta name=\"twitter:card\" content=\"summary_large_image\" \/>\n<meta name=\"twitter:label1\" content=\"Est. reading time\" \/>\n\t<meta name=\"twitter:data1\" content=\"3 minutes\" \/>\n<script type=\"application\/ld+json\" class=\"yoast-schema-graph\">{\"@context\":\"https:\\\/\\\/schema.org\",\"@graph\":[{\"@type\":\"WebPage\",\"@id\":\"https:\\\/\\\/spaziospadoni.org\\\/pt-pt\\\/congregacoes\\\/congregacao-das-irmas-de-santa-gemma\\\/\",\"url\":\"https:\\\/\\\/spaziospadoni.org\\\/pt-pt\\\/congregacoes\\\/congregacao-das-irmas-de-santa-gemma\\\/\",\"name\":\"Congrega\u00e7\u00e3o das Irm\u00e3s de Santa Gemma | Spazio Spadoni\",\"isPartOf\":{\"@id\":\"https:\\\/\\\/spaziospadoni.org\\\/pt-pt\\\/#website\"},\"primaryImageOfPage\":{\"@id\":\"https:\\\/\\\/spaziospadoni.org\\\/pt-pt\\\/congregacoes\\\/congregacao-das-irmas-de-santa-gemma\\\/#primaryimage\"},\"image\":{\"@id\":\"https:\\\/\\\/spaziospadoni.org\\\/pt-pt\\\/congregacoes\\\/congregacao-das-irmas-de-santa-gemma\\\/#primaryimage\"},\"thumbnailUrl\":\"https:\\\/\\\/spaziospadoni.org\\\/wp-content\\\/uploads\\\/2026\\\/05\\\/Congregazione-Missionaria-Sorelle-di-Santa-Gemma.jpg\",\"datePublished\":\"2026-05-03T09:26:13+00:00\",\"dateModified\":\"2026-07-18T08:34:46+00:00\",\"description\":\"A Congrega\u00e7\u00e3o Mission\u00e1ria das Irm\u00e3s de Santa Gemma nasceu em 4 de maio de 1939, em Camigliano Santa Gemma, Lucca. A fundadora \u00e9 a Vener\u00e1vel Madre Gemma\",\"breadcrumb\":{\"@id\":\"https:\\\/\\\/spaziospadoni.org\\\/pt-pt\\\/congregacoes\\\/congregacao-das-irmas-de-santa-gemma\\\/#breadcrumb\"},\"inLanguage\":\"pt-PT\",\"potentialAction\":[{\"@type\":\"ReadAction\",\"target\":[\"https:\\\/\\\/spaziospadoni.org\\\/pt-pt\\\/congregacoes\\\/congregacao-das-irmas-de-santa-gemma\\\/\"]}]},{\"@type\":\"ImageObject\",\"inLanguage\":\"pt-PT\",\"@id\":\"https:\\\/\\\/spaziospadoni.org\\\/pt-pt\\\/congregacoes\\\/congregacao-das-irmas-de-santa-gemma\\\/#primaryimage\",\"url\":\"https:\\\/\\\/spaziospadoni.org\\\/wp-content\\\/uploads\\\/2026\\\/05\\\/Congregazione-Missionaria-Sorelle-di-Santa-Gemma.jpg\",\"contentUrl\":\"https:\\\/\\\/spaziospadoni.org\\\/wp-content\\\/uploads\\\/2026\\\/05\\\/Congregazione-Missionaria-Sorelle-di-Santa-Gemma.jpg\"},{\"@type\":\"BreadcrumbList\",\"@id\":\"https:\\\/\\\/spaziospadoni.org\\\/pt-pt\\\/congregacoes\\\/congregacao-das-irmas-de-santa-gemma\\\/#breadcrumb\",\"itemListElement\":[{\"@type\":\"ListItem\",\"position\":1,\"name\":\"Home\",\"item\":\"https:\\\/\\\/spaziospadoni.org\\\/pt-pt\\\/\"},{\"@type\":\"ListItem\",\"position\":2,\"name\":\"Congrega\u00e7\u00f5es\",\"item\":\"https:\\\/\\\/spaziospadoni.org\\\/pt-pt\\\/congregacoes\\\/\"},{\"@type\":\"ListItem\",\"position\":3,\"name\":\"Congrega\u00e7\u00e3o das Irm\u00e3s de Santa Gemma\"}]},{\"@type\":\"WebSite\",\"@id\":\"https:\\\/\\\/spaziospadoni.org\\\/pt-pt\\\/#website\",\"url\":\"https:\\\/\\\/spaziospadoni.org\\\/pt-pt\\\/\",\"name\":\"spazio + spadoni\",\"description\":\"Generazione di misericordia e missione nel mondo\",\"publisher\":{\"@id\":\"https:\\\/\\\/spaziospadoni.org\\\/pt-pt\\\/#organization\"},\"alternateName\":\"spaziospadoni.org\",\"potentialAction\":[{\"@type\":\"SearchAction\",\"target\":{\"@type\":\"EntryPoint\",\"urlTemplate\":\"https:\\\/\\\/spaziospadoni.org\\\/pt-pt\\\/?s={search_term_string}\"},\"query-input\":{\"@type\":\"PropertyValueSpecification\",\"valueRequired\":true,\"valueName\":\"search_term_string\"}}],\"inLanguage\":\"pt-PT\"},{\"@type\":\"Organization\",\"@id\":\"https:\\\/\\\/spaziospadoni.org\\\/pt-pt\\\/#organization\",\"name\":\"spazio + spadoni\",\"alternateName\":\"spaziospadoni.org\",\"url\":\"https:\\\/\\\/spaziospadoni.org\\\/pt-pt\\\/\",\"logo\":{\"@type\":\"ImageObject\",\"inLanguage\":\"pt-PT\",\"@id\":\"https:\\\/\\\/spaziospadoni.org\\\/pt-pt\\\/#\\\/schema\\\/logo\\\/image\\\/\",\"url\":\"https:\\\/\\\/spaziospadoni.org\\\/wp-content\\\/uploads\\\/2026\\\/05\\\/spazio-spadoni-logo-100x100-1.webp\",\"contentUrl\":\"https:\\\/\\\/spaziospadoni.org\\\/wp-content\\\/uploads\\\/2026\\\/05\\\/spazio-spadoni-logo-100x100-1.webp\",\"width\":100,\"height\":100,\"caption\":\"spazio + spadoni\"},\"image\":{\"@id\":\"https:\\\/\\\/spaziospadoni.org\\\/pt-pt\\\/#\\\/schema\\\/logo\\\/image\\\/\"},\"sameAs\":[\"https:\\\/\\\/www.facebook.com\\\/SpazioSpadoni\\\/\",\"https:\\\/\\\/www.instagram.com\\\/spaziospadoni\\\/\",\"https:\\\/\\\/www.youtube.com\\\/@spaziospadoni\\\/playlists\"]}]}<\/script>\n<!-- \/ Yoast SEO plugin. -->","yoast_head_json":{"title":"Congrega\u00e7\u00e3o das Irm\u00e3s de Santa Gemma | Spazio Spadoni","description":"A Congrega\u00e7\u00e3o Mission\u00e1ria das Irm\u00e3s de Santa Gemma nasceu em 4 de maio de 1939, em Camigliano Santa Gemma, Lucca. A fundadora \u00e9 a Vener\u00e1vel Madre Gemma","robots":{"index":"index","follow":"follow","max-snippet":"max-snippet:-1","max-image-preview":"max-image-preview:large","max-video-preview":"max-video-preview:-1"},"canonical":"https:\/\/spaziospadoni.org\/pt-pt\/congregacoes\/congregacao-das-irmas-de-santa-gemma\/","og_locale":"pt_PT","og_type":"article","og_title":"Congrega\u00e7\u00e3o das Irm\u00e3s de Santa Gemma | Spazio Spadoni","og_description":"A Congrega\u00e7\u00e3o Mission\u00e1ria das Irm\u00e3s de Santa Gemma nasceu em 4 de maio de 1939, em Camigliano Santa Gemma, Lucca. A fundadora \u00e9 a Vener\u00e1vel Madre Gemma","og_url":"https:\/\/spaziospadoni.org\/pt-pt\/congregacoes\/congregacao-das-irmas-de-santa-gemma\/","og_site_name":"spazio + spadoni","article_publisher":"https:\/\/www.facebook.com\/SpazioSpadoni\/","article_modified_time":"2026-07-18T08:34:46+00:00","og_image":[{"width":207,"height":300,"url":"https:\/\/spaziospadoni.org\/wp-content\/uploads\/2026\/05\/Congregazione-Missionaria-Sorelle-di-Santa-Gemma.jpg","type":"image\/jpeg"}],"twitter_card":"summary_large_image","twitter_misc":{"Est. reading time":"3 minutes"},"schema":{"@context":"https:\/\/schema.org","@graph":[{"@type":"WebPage","@id":"https:\/\/spaziospadoni.org\/pt-pt\/congregacoes\/congregacao-das-irmas-de-santa-gemma\/","url":"https:\/\/spaziospadoni.org\/pt-pt\/congregacoes\/congregacao-das-irmas-de-santa-gemma\/","name":"Congrega\u00e7\u00e3o das Irm\u00e3s de Santa Gemma | Spazio Spadoni","isPartOf":{"@id":"https:\/\/spaziospadoni.org\/pt-pt\/#website"},"primaryImageOfPage":{"@id":"https:\/\/spaziospadoni.org\/pt-pt\/congregacoes\/congregacao-das-irmas-de-santa-gemma\/#primaryimage"},"image":{"@id":"https:\/\/spaziospadoni.org\/pt-pt\/congregacoes\/congregacao-das-irmas-de-santa-gemma\/#primaryimage"},"thumbnailUrl":"https:\/\/spaziospadoni.org\/wp-content\/uploads\/2026\/05\/Congregazione-Missionaria-Sorelle-di-Santa-Gemma.jpg","datePublished":"2026-05-03T09:26:13+00:00","dateModified":"2026-07-18T08:34:46+00:00","description":"A Congrega\u00e7\u00e3o Mission\u00e1ria das Irm\u00e3s de Santa Gemma nasceu em 4 de maio de 1939, em Camigliano Santa Gemma, Lucca. A fundadora \u00e9 a Vener\u00e1vel Madre Gemma","breadcrumb":{"@id":"https:\/\/spaziospadoni.org\/pt-pt\/congregacoes\/congregacao-das-irmas-de-santa-gemma\/#breadcrumb"},"inLanguage":"pt-PT","potentialAction":[{"@type":"ReadAction","target":["https:\/\/spaziospadoni.org\/pt-pt\/congregacoes\/congregacao-das-irmas-de-santa-gemma\/"]}]},{"@type":"ImageObject","inLanguage":"pt-PT","@id":"https:\/\/spaziospadoni.org\/pt-pt\/congregacoes\/congregacao-das-irmas-de-santa-gemma\/#primaryimage","url":"https:\/\/spaziospadoni.org\/wp-content\/uploads\/2026\/05\/Congregazione-Missionaria-Sorelle-di-Santa-Gemma.jpg","contentUrl":"https:\/\/spaziospadoni.org\/wp-content\/uploads\/2026\/05\/Congregazione-Missionaria-Sorelle-di-Santa-Gemma.jpg"},{"@type":"BreadcrumbList","@id":"https:\/\/spaziospadoni.org\/pt-pt\/congregacoes\/congregacao-das-irmas-de-santa-gemma\/#breadcrumb","itemListElement":[{"@type":"ListItem","position":1,"name":"Home","item":"https:\/\/spaziospadoni.org\/pt-pt\/"},{"@type":"ListItem","position":2,"name":"Congrega\u00e7\u00f5es","item":"https:\/\/spaziospadoni.org\/pt-pt\/congregacoes\/"},{"@type":"ListItem","position":3,"name":"Congrega\u00e7\u00e3o das Irm\u00e3s de Santa Gemma"}]},{"@type":"WebSite","@id":"https:\/\/spaziospadoni.org\/pt-pt\/#website","url":"https:\/\/spaziospadoni.org\/pt-pt\/","name":"spazio + spadoni","description":"Generazione di misericordia e missione nel mondo","publisher":{"@id":"https:\/\/spaziospadoni.org\/pt-pt\/#organization"},"alternateName":"spaziospadoni.org","potentialAction":[{"@type":"SearchAction","target":{"@type":"EntryPoint","urlTemplate":"https:\/\/spaziospadoni.org\/pt-pt\/?s={search_term_string}"},"query-input":{"@type":"PropertyValueSpecification","valueRequired":true,"valueName":"search_term_string"}}],"inLanguage":"pt-PT"},{"@type":"Organization","@id":"https:\/\/spaziospadoni.org\/pt-pt\/#organization","name":"spazio + spadoni","alternateName":"spaziospadoni.org","url":"https:\/\/spaziospadoni.org\/pt-pt\/","logo":{"@type":"ImageObject","inLanguage":"pt-PT","@id":"https:\/\/spaziospadoni.org\/pt-pt\/#\/schema\/logo\/image\/","url":"https:\/\/spaziospadoni.org\/wp-content\/uploads\/2026\/05\/spazio-spadoni-logo-100x100-1.webp","contentUrl":"https:\/\/spaziospadoni.org\/wp-content\/uploads\/2026\/05\/spazio-spadoni-logo-100x100-1.webp","width":100,"height":100,"caption":"spazio + spadoni"},"image":{"@id":"https:\/\/spaziospadoni.org\/pt-pt\/#\/schema\/logo\/image\/"},"sameAs":["https:\/\/www.facebook.com\/SpazioSpadoni\/","https:\/\/www.instagram.com\/spaziospadoni\/","https:\/\/www.youtube.com\/@spaziospadoni\/playlists"]}]}},"_links":{"self":[{"href":"https:\/\/spaziospadoni.org\/pt-pt\/wp-json\/wp\/v2\/pages\/60263","targetHints":{"allow":["GET"]}}],"collection":[{"href":"https:\/\/spaziospadoni.org\/pt-pt\/wp-json\/wp\/v2\/pages"}],"about":[{"href":"https:\/\/spaziospadoni.org\/pt-pt\/wp-json\/wp\/v2\/types\/page"}],"author":[{"embeddable":true,"href":"https:\/\/spaziospadoni.org\/pt-pt\/wp-json\/wp\/v2\/users\/102"}],"replies":[{"embeddable":true,"href":"https:\/\/spaziospadoni.org\/pt-pt\/wp-json\/wp\/v2\/comments?post=60263"}],"version-history":[{"count":0,"href":"https:\/\/spaziospadoni.org\/pt-pt\/wp-json\/wp\/v2\/pages\/60263\/revisions"}],"up":[{"embeddable":true,"href":"https:\/\/spaziospadoni.org\/pt-pt\/wp-json\/wp\/v2\/pages\/60100"}],"wp:attachment":[{"href":"https:\/\/spaziospadoni.org\/pt-pt\/wp-json\/wp\/v2\/media?parent=60263"}],"curies":[{"name":"wp","href":"https:\/\/api.w.org\/{rel}","templated":true}]}}