{"id":60373,"date":"2026-05-20T10:00:43","date_gmt":"2026-05-20T09:00:43","guid":{"rendered":"https:\/\/spaziospadoni.org\/congregacoes\/congregazione-immaculate-heart-of-mary-sisters-of-morogoro\/"},"modified":"2026-08-21T10:57:03","modified_gmt":"2026-08-21T09:57:03","slug":"congregacao-das-irmas-do-imaculado-coracao-de-maria-de-morogoro","status":"publish","type":"page","link":"https:\/\/spaziospadoni.org\/pt-pt\/congregacoes\/congregacao-das-irmas-do-imaculado-coracao-de-maria-de-morogoro\/","title":{"rendered":"Congrega\u00e7\u00e3o das Irm\u00e3s do Imaculado Cora\u00e7\u00e3o de Maria de Morogoro"},"content":{"rendered":"\n<p class=\"wp-block-paragraph\">A Congrega\u00e7\u00e3o das Irm\u00e3s do Imaculado Cora\u00e7\u00e3o de Maria de Morogoro Mgolole \u00e9 uma Congrega\u00e7\u00e3o Diocesana fundada em 1937 pelo Rev. Mons. Bernard Hilhorst, da Congrega\u00e7\u00e3o do Esp\u00edrito Santo da Holanda. A primeira Madre Geral foi a irm\u00e3 Amabilis.<\/p>\n\n\n<div class=\"wp-block-image\">\n<figure class=\"aligncenter size-full\"><img decoding=\"async\" width=\"181\" height=\"223\" src=\"https:\/\/spaziospadoni.org\/wp-content\/uploads\/2026\/05\/2.png\" alt=\"Congrega\u00e7\u00e3o Immaculate Heart of Mary Sisters of Morogoro\" class=\"wp-image-48648\"\/><\/figure>\n<\/div>\n\n\n<p class=\"wp-block-paragraph\">A Congrega\u00e7\u00e3o conta com 452 irm\u00e3s distribu\u00eddas por 56 comunidades nas dioceses tanzanianas de Morogoro, Dar es Salam, Mahenge, Arusha e Lindi. H\u00e1 tamb\u00e9m uma comunidade em It\u00e1lia.  <\/p>\n\n\n\n<p class=\"wp-block-paragraph\">A Casa-M\u00e3e encontra-se em Mgolole\/Morogoro Municipal. <\/p>\n\n\n\n<p class=\"wp-block-paragraph\">O log\u00f3tipo da Congrega\u00e7\u00e3o \u00e9 composto por um cora\u00e7\u00e3o, uma B\u00edblia e um ros\u00e1rio. O cora\u00e7\u00e3o representa o de Maria, sua padroeira e modelo de vida religiosa; um exemplo a seguir com amor e caridade. A Palavra de Deus e a Eucaristia s\u00e3o fonte eterna de for\u00e7a quotidiana para a sua miss\u00e3o.   <\/p>\n\n\n\n<h2 id=\"carisma\" class=\"wp-block-heading\"><strong>Carisma<\/strong> <\/h2>\n\n\n\n<p class=\"wp-block-paragraph\">O Carisma da Congrega\u00e7\u00e3o \u00e9 \u201cOra et Labora\u201d. Al\u00e9m do apostolado, as irm\u00e3s prestam servi\u00e7o nos setores da educa\u00e7\u00e3o, sa\u00fade e assist\u00eancia social. T\u00eam um orfanato e um centro de cuidados para idosos. Al\u00e9m disso, nas aldeias de Mgolole e Ilonga, t\u00eam um centro de forma\u00e7\u00e3o profissional para rapazes e raparigas, onde ensinam costura, carpintaria e culin\u00e1ria.    <\/p>\n\n\n\n<h2 id=\"contactenos\" class=\"wp-block-heading\"><strong>Contacte-nos<\/strong> <\/h2>\n\n\n\n<p class=\"wp-block-paragraph\">P.O. Box 1049<\/p>\n\n\n\n<p class=\"wp-block-paragraph\">Morogoro \u2013 Tanzania <\/p>\n\n\n\n<p class=\"wp-block-paragraph\">Tel. +2550754384719<\/p>\n","protected":false},"excerpt":{"rendered":"<p>A Congrega\u00e7\u00e3o das Irm\u00e3s do Imaculado Cora\u00e7\u00e3o de Maria de Morogoro Mgolole \u00e9 uma Congrega\u00e7\u00e3o Diocesana fundada em 1937 pelo Rev. Mons. Bernard Hilhorst, da Congrega\u00e7\u00e3o do Esp\u00edrito Santo da Holanda. A primeira Madre Geral foi a irm\u00e3 Amabilis. A Congrega\u00e7\u00e3o conta com 452 irm\u00e3s distribu\u00eddas por 56 comunidades nas dioceses tanzanianas de Morogoro, Dar &#8230; <a title=\"Congrega\u00e7\u00e3o das Irm\u00e3s do Imaculado Cora\u00e7\u00e3o de Maria de Morogoro\" class=\"read-more\" href=\"https:\/\/spaziospadoni.org\/pt-pt\/congregacoes\/congregacao-das-irmas-do-imaculado-coracao-de-maria-de-morogoro\/\" aria-label=\"Read more about Congrega\u00e7\u00e3o das Irm\u00e3s do Imaculado Cora\u00e7\u00e3o de Maria de Morogoro\">Ler mais<\/a><\/p>\n","protected":false},"author":102,"featured_media":0,"parent":60100,"menu_order":0,"comment_status":"closed","ping_status":"closed","template":"","meta":{"_sitemap_exclude":false,"_sitemap_priority":"","_sitemap_frequency":"","footnotes":""},"class_list":["post-60373","page","type-page","status-publish","infinite-scroll-item"],"yoast_head":"<!-- This site is optimized with the Yoast SEO plugin v28.4 - https:\/\/yoast.com\/product\/yoast-seo-wordpress\/ -->\n<title>Congrega\u00e7\u00e3o das Irm\u00e3s do Imaculado Cora\u00e7\u00e3o de Maria de Morogoro | Spazio Spadoni<\/title>\n<meta name=\"description\" content=\"A Congrega\u00e7\u00e3o das Irm\u00e3s do Imaculado Cora\u00e7\u00e3o de Maria de Morogoro Mgolole \u00e9 uma Congrega\u00e7\u00e3o Diocesana fundada em 1937 pelo Rev. Mons. Bernard Hilhorst, da\" \/>\n<meta name=\"robots\" content=\"index, follow, max-snippet:-1, max-image-preview:large, max-video-preview:-1\" \/>\n<link rel=\"canonical\" href=\"https:\/\/spaziospadoni.org\/pt-pt\/congregacoes\/congregacao-das-irmas-do-imaculado-coracao-de-maria-de-morogoro\/\" \/>\n<meta property=\"og:locale\" content=\"pt_PT\" \/>\n<meta property=\"og:type\" content=\"article\" \/>\n<meta property=\"og:title\" content=\"Congrega\u00e7\u00e3o das Irm\u00e3s do Imaculado Cora\u00e7\u00e3o de Maria de Morogoro | Spazio Spadoni\" \/>\n<meta property=\"og:description\" content=\"A Congrega\u00e7\u00e3o das Irm\u00e3s do Imaculado Cora\u00e7\u00e3o de Maria de Morogoro Mgolole \u00e9 uma Congrega\u00e7\u00e3o Diocesana fundada em 1937 pelo Rev. Mons. Bernard Hilhorst, da\" \/>\n<meta property=\"og:url\" content=\"https:\/\/spaziospadoni.org\/pt-pt\/congregacoes\/congregacao-das-irmas-do-imaculado-coracao-de-maria-de-morogoro\/\" \/>\n<meta property=\"og:site_name\" content=\"spazio + spadoni\" \/>\n<meta property=\"article:publisher\" content=\"https:\/\/www.facebook.com\/SpazioSpadoni\/\" \/>\n<meta property=\"article:modified_time\" content=\"2026-08-21T09:57:03+00:00\" \/>\n<meta property=\"og:image\" content=\"https:\/\/spaziospadoni.org\/wp-content\/uploads\/2026\/05\/2.png\" \/>\n\t<meta property=\"og:image:width\" content=\"181\" \/>\n\t<meta property=\"og:image:height\" content=\"223\" \/>\n\t<meta property=\"og:image:type\" content=\"image\/png\" \/>\n<meta name=\"twitter:card\" content=\"summary_large_image\" \/>\n<meta name=\"twitter:label1\" content=\"Est. reading time\" \/>\n\t<meta name=\"twitter:data1\" content=\"2 minutes\" \/>\n<script type=\"application\/ld+json\" class=\"yoast-schema-graph\">{\"@context\":\"https:\\\/\\\/schema.org\",\"@graph\":[{\"@type\":\"WebPage\",\"@id\":\"https:\\\/\\\/spaziospadoni.org\\\/pt-pt\\\/congregacoes\\\/congregacao-das-irmas-do-imaculado-coracao-de-maria-de-morogoro\\\/\",\"url\":\"https:\\\/\\\/spaziospadoni.org\\\/pt-pt\\\/congregacoes\\\/congregacao-das-irmas-do-imaculado-coracao-de-maria-de-morogoro\\\/\",\"name\":\"Congrega\u00e7\u00e3o das Irm\u00e3s do Imaculado Cora\u00e7\u00e3o de Maria de Morogoro | Spazio Spadoni\",\"isPartOf\":{\"@id\":\"https:\\\/\\\/spaziospadoni.org\\\/pt-pt\\\/#website\"},\"primaryImageOfPage\":{\"@id\":\"https:\\\/\\\/spaziospadoni.org\\\/pt-pt\\\/congregacoes\\\/congregacao-das-irmas-do-imaculado-coracao-de-maria-de-morogoro\\\/#primaryimage\"},\"image\":{\"@id\":\"https:\\\/\\\/spaziospadoni.org\\\/pt-pt\\\/congregacoes\\\/congregacao-das-irmas-do-imaculado-coracao-de-maria-de-morogoro\\\/#primaryimage\"},\"thumbnailUrl\":\"https:\\\/\\\/spaziospadoni.org\\\/wp-content\\\/uploads\\\/2026\\\/05\\\/2.png\",\"datePublished\":\"2026-05-20T09:00:43+00:00\",\"dateModified\":\"2026-08-21T09:57:03+00:00\",\"description\":\"A Congrega\u00e7\u00e3o das Irm\u00e3s do Imaculado Cora\u00e7\u00e3o de Maria de Morogoro Mgolole \u00e9 uma Congrega\u00e7\u00e3o Diocesana fundada em 1937 pelo Rev. Mons. Bernard Hilhorst, da\",\"breadcrumb\":{\"@id\":\"https:\\\/\\\/spaziospadoni.org\\\/pt-pt\\\/congregacoes\\\/congregacao-das-irmas-do-imaculado-coracao-de-maria-de-morogoro\\\/#breadcrumb\"},\"inLanguage\":\"pt-PT\",\"potentialAction\":[{\"@type\":\"ReadAction\",\"target\":[\"https:\\\/\\\/spaziospadoni.org\\\/pt-pt\\\/congregacoes\\\/congregacao-das-irmas-do-imaculado-coracao-de-maria-de-morogoro\\\/\"]}]},{\"@type\":\"ImageObject\",\"inLanguage\":\"pt-PT\",\"@id\":\"https:\\\/\\\/spaziospadoni.org\\\/pt-pt\\\/congregacoes\\\/congregacao-das-irmas-do-imaculado-coracao-de-maria-de-morogoro\\\/#primaryimage\",\"url\":\"https:\\\/\\\/spaziospadoni.org\\\/wp-content\\\/uploads\\\/2026\\\/05\\\/2.png\",\"contentUrl\":\"https:\\\/\\\/spaziospadoni.org\\\/wp-content\\\/uploads\\\/2026\\\/05\\\/2.png\"},{\"@type\":\"BreadcrumbList\",\"@id\":\"https:\\\/\\\/spaziospadoni.org\\\/pt-pt\\\/congregacoes\\\/congregacao-das-irmas-do-imaculado-coracao-de-maria-de-morogoro\\\/#breadcrumb\",\"itemListElement\":[{\"@type\":\"ListItem\",\"position\":1,\"name\":\"Home\",\"item\":\"https:\\\/\\\/spaziospadoni.org\\\/pt-pt\\\/\"},{\"@type\":\"ListItem\",\"position\":2,\"name\":\"Congrega\u00e7\u00f5es\",\"item\":\"https:\\\/\\\/spaziospadoni.org\\\/pt-pt\\\/congregacoes\\\/\"},{\"@type\":\"ListItem\",\"position\":3,\"name\":\"Congrega\u00e7\u00e3o das Irm\u00e3s do Imaculado Cora\u00e7\u00e3o de Maria de Morogoro\"}]},{\"@type\":\"WebSite\",\"@id\":\"https:\\\/\\\/spaziospadoni.org\\\/pt-pt\\\/#website\",\"url\":\"https:\\\/\\\/spaziospadoni.org\\\/pt-pt\\\/\",\"name\":\"spazio + spadoni\",\"description\":\"Generazione di misericordia e missione nel mondo\",\"publisher\":{\"@id\":\"https:\\\/\\\/spaziospadoni.org\\\/pt-pt\\\/#organization\"},\"alternateName\":\"spaziospadoni.org\",\"potentialAction\":[{\"@type\":\"SearchAction\",\"target\":{\"@type\":\"EntryPoint\",\"urlTemplate\":\"https:\\\/\\\/spaziospadoni.org\\\/pt-pt\\\/?s={search_term_string}\"},\"query-input\":{\"@type\":\"PropertyValueSpecification\",\"valueRequired\":true,\"valueName\":\"search_term_string\"}}],\"inLanguage\":\"pt-PT\"},{\"@type\":\"Organization\",\"@id\":\"https:\\\/\\\/spaziospadoni.org\\\/pt-pt\\\/#organization\",\"name\":\"spazio + spadoni\",\"alternateName\":\"spaziospadoni.org\",\"url\":\"https:\\\/\\\/spaziospadoni.org\\\/pt-pt\\\/\",\"logo\":{\"@type\":\"ImageObject\",\"inLanguage\":\"pt-PT\",\"@id\":\"https:\\\/\\\/spaziospadoni.org\\\/pt-pt\\\/#\\\/schema\\\/logo\\\/image\\\/\",\"url\":\"https:\\\/\\\/spaziospadoni.org\\\/wp-content\\\/uploads\\\/2026\\\/05\\\/spazio-spadoni-logo-100x100-1.webp\",\"contentUrl\":\"https:\\\/\\\/spaziospadoni.org\\\/wp-content\\\/uploads\\\/2026\\\/05\\\/spazio-spadoni-logo-100x100-1.webp\",\"width\":100,\"height\":100,\"caption\":\"spazio + spadoni\"},\"image\":{\"@id\":\"https:\\\/\\\/spaziospadoni.org\\\/pt-pt\\\/#\\\/schema\\\/logo\\\/image\\\/\"},\"sameAs\":[\"https:\\\/\\\/www.facebook.com\\\/SpazioSpadoni\\\/\",\"https:\\\/\\\/www.instagram.com\\\/spaziospadoni\\\/\",\"https:\\\/\\\/www.youtube.com\\\/@spaziospadoni\\\/playlists\"]}]}<\/script>\n<!-- \/ Yoast SEO plugin. -->","yoast_head_json":{"title":"Congrega\u00e7\u00e3o das Irm\u00e3s do Imaculado Cora\u00e7\u00e3o de Maria de Morogoro | Spazio Spadoni","description":"A Congrega\u00e7\u00e3o das Irm\u00e3s do Imaculado Cora\u00e7\u00e3o de Maria de Morogoro Mgolole \u00e9 uma Congrega\u00e7\u00e3o Diocesana fundada em 1937 pelo Rev. Mons. Bernard Hilhorst, da","robots":{"index":"index","follow":"follow","max-snippet":"max-snippet:-1","max-image-preview":"max-image-preview:large","max-video-preview":"max-video-preview:-1"},"canonical":"https:\/\/spaziospadoni.org\/pt-pt\/congregacoes\/congregacao-das-irmas-do-imaculado-coracao-de-maria-de-morogoro\/","og_locale":"pt_PT","og_type":"article","og_title":"Congrega\u00e7\u00e3o das Irm\u00e3s do Imaculado Cora\u00e7\u00e3o de Maria de Morogoro | Spazio Spadoni","og_description":"A Congrega\u00e7\u00e3o das Irm\u00e3s do Imaculado Cora\u00e7\u00e3o de Maria de Morogoro Mgolole \u00e9 uma Congrega\u00e7\u00e3o Diocesana fundada em 1937 pelo Rev. Mons. Bernard Hilhorst, da","og_url":"https:\/\/spaziospadoni.org\/pt-pt\/congregacoes\/congregacao-das-irmas-do-imaculado-coracao-de-maria-de-morogoro\/","og_site_name":"spazio + spadoni","article_publisher":"https:\/\/www.facebook.com\/SpazioSpadoni\/","article_modified_time":"2026-08-21T09:57:03+00:00","og_image":[{"width":181,"height":223,"url":"https:\/\/spaziospadoni.org\/wp-content\/uploads\/2026\/05\/2.png","type":"image\/png"}],"twitter_card":"summary_large_image","twitter_misc":{"Est. reading time":"2 minutes"},"schema":{"@context":"https:\/\/schema.org","@graph":[{"@type":"WebPage","@id":"https:\/\/spaziospadoni.org\/pt-pt\/congregacoes\/congregacao-das-irmas-do-imaculado-coracao-de-maria-de-morogoro\/","url":"https:\/\/spaziospadoni.org\/pt-pt\/congregacoes\/congregacao-das-irmas-do-imaculado-coracao-de-maria-de-morogoro\/","name":"Congrega\u00e7\u00e3o das Irm\u00e3s do Imaculado Cora\u00e7\u00e3o de Maria de Morogoro | Spazio Spadoni","isPartOf":{"@id":"https:\/\/spaziospadoni.org\/pt-pt\/#website"},"primaryImageOfPage":{"@id":"https:\/\/spaziospadoni.org\/pt-pt\/congregacoes\/congregacao-das-irmas-do-imaculado-coracao-de-maria-de-morogoro\/#primaryimage"},"image":{"@id":"https:\/\/spaziospadoni.org\/pt-pt\/congregacoes\/congregacao-das-irmas-do-imaculado-coracao-de-maria-de-morogoro\/#primaryimage"},"thumbnailUrl":"https:\/\/spaziospadoni.org\/wp-content\/uploads\/2026\/05\/2.png","datePublished":"2026-05-20T09:00:43+00:00","dateModified":"2026-08-21T09:57:03+00:00","description":"A Congrega\u00e7\u00e3o das Irm\u00e3s do Imaculado Cora\u00e7\u00e3o de Maria de Morogoro Mgolole \u00e9 uma Congrega\u00e7\u00e3o Diocesana fundada em 1937 pelo Rev. Mons. Bernard Hilhorst, da","breadcrumb":{"@id":"https:\/\/spaziospadoni.org\/pt-pt\/congregacoes\/congregacao-das-irmas-do-imaculado-coracao-de-maria-de-morogoro\/#breadcrumb"},"inLanguage":"pt-PT","potentialAction":[{"@type":"ReadAction","target":["https:\/\/spaziospadoni.org\/pt-pt\/congregacoes\/congregacao-das-irmas-do-imaculado-coracao-de-maria-de-morogoro\/"]}]},{"@type":"ImageObject","inLanguage":"pt-PT","@id":"https:\/\/spaziospadoni.org\/pt-pt\/congregacoes\/congregacao-das-irmas-do-imaculado-coracao-de-maria-de-morogoro\/#primaryimage","url":"https:\/\/spaziospadoni.org\/wp-content\/uploads\/2026\/05\/2.png","contentUrl":"https:\/\/spaziospadoni.org\/wp-content\/uploads\/2026\/05\/2.png"},{"@type":"BreadcrumbList","@id":"https:\/\/spaziospadoni.org\/pt-pt\/congregacoes\/congregacao-das-irmas-do-imaculado-coracao-de-maria-de-morogoro\/#breadcrumb","itemListElement":[{"@type":"ListItem","position":1,"name":"Home","item":"https:\/\/spaziospadoni.org\/pt-pt\/"},{"@type":"ListItem","position":2,"name":"Congrega\u00e7\u00f5es","item":"https:\/\/spaziospadoni.org\/pt-pt\/congregacoes\/"},{"@type":"ListItem","position":3,"name":"Congrega\u00e7\u00e3o das Irm\u00e3s do Imaculado Cora\u00e7\u00e3o de Maria de Morogoro"}]},{"@type":"WebSite","@id":"https:\/\/spaziospadoni.org\/pt-pt\/#website","url":"https:\/\/spaziospadoni.org\/pt-pt\/","name":"spazio + spadoni","description":"Generazione di misericordia e missione nel mondo","publisher":{"@id":"https:\/\/spaziospadoni.org\/pt-pt\/#organization"},"alternateName":"spaziospadoni.org","potentialAction":[{"@type":"SearchAction","target":{"@type":"EntryPoint","urlTemplate":"https:\/\/spaziospadoni.org\/pt-pt\/?s={search_term_string}"},"query-input":{"@type":"PropertyValueSpecification","valueRequired":true,"valueName":"search_term_string"}}],"inLanguage":"pt-PT"},{"@type":"Organization","@id":"https:\/\/spaziospadoni.org\/pt-pt\/#organization","name":"spazio + spadoni","alternateName":"spaziospadoni.org","url":"https:\/\/spaziospadoni.org\/pt-pt\/","logo":{"@type":"ImageObject","inLanguage":"pt-PT","@id":"https:\/\/spaziospadoni.org\/pt-pt\/#\/schema\/logo\/image\/","url":"https:\/\/spaziospadoni.org\/wp-content\/uploads\/2026\/05\/spazio-spadoni-logo-100x100-1.webp","contentUrl":"https:\/\/spaziospadoni.org\/wp-content\/uploads\/2026\/05\/spazio-spadoni-logo-100x100-1.webp","width":100,"height":100,"caption":"spazio + spadoni"},"image":{"@id":"https:\/\/spaziospadoni.org\/pt-pt\/#\/schema\/logo\/image\/"},"sameAs":["https:\/\/www.facebook.com\/SpazioSpadoni\/","https:\/\/www.instagram.com\/spaziospadoni\/","https:\/\/www.youtube.com\/@spaziospadoni\/playlists"]}]}},"_links":{"self":[{"href":"https:\/\/spaziospadoni.org\/pt-pt\/wp-json\/wp\/v2\/pages\/60373","targetHints":{"allow":["GET"]}}],"collection":[{"href":"https:\/\/spaziospadoni.org\/pt-pt\/wp-json\/wp\/v2\/pages"}],"about":[{"href":"https:\/\/spaziospadoni.org\/pt-pt\/wp-json\/wp\/v2\/types\/page"}],"author":[{"embeddable":true,"href":"https:\/\/spaziospadoni.org\/pt-pt\/wp-json\/wp\/v2\/users\/102"}],"replies":[{"embeddable":true,"href":"https:\/\/spaziospadoni.org\/pt-pt\/wp-json\/wp\/v2\/comments?post=60373"}],"version-history":[{"count":1,"href":"https:\/\/spaziospadoni.org\/pt-pt\/wp-json\/wp\/v2\/pages\/60373\/revisions"}],"predecessor-version":[{"id":91486,"href":"https:\/\/spaziospadoni.org\/pt-pt\/wp-json\/wp\/v2\/pages\/60373\/revisions\/91486"}],"up":[{"embeddable":true,"href":"https:\/\/spaziospadoni.org\/pt-pt\/wp-json\/wp\/v2\/pages\/60100"}],"wp:attachment":[{"href":"https:\/\/spaziospadoni.org\/pt-pt\/wp-json\/wp\/v2\/media?parent=60373"}],"curies":[{"name":"wp","href":"https:\/\/api.w.org\/{rel}","templated":true}]}}