{"id":60416,"date":"2026-05-20T10:29:21","date_gmt":"2026-05-20T09:29:21","guid":{"rendered":"https:\/\/spaziospadoni.org\/congregacoes\/congregazione-religieuses-de-linstruction-chretienne\/"},"modified":"2026-08-21T11:19:57","modified_gmt":"2026-08-21T10:19:57","slug":"congregacao-das-religiosas-da-instrucao-crista","status":"publish","type":"page","link":"https:\/\/spaziospadoni.org\/pt-pt\/congregacoes\/congregacao-das-religiosas-da-instrucao-crista\/","title":{"rendered":"Congrega\u00e7\u00e3o das Religiosas da Instru\u00e7\u00e3o Crist\u00e3"},"content":{"rendered":"\n<p class=\"wp-block-paragraph\">A Congrega\u00e7\u00e3o das Religiosas da Instru\u00e7\u00e3o Crist\u00e3, antigamente chamadas Damas da Instru\u00e7\u00e3o Crist\u00e3, foi fundada por Madre Agathe Verhelle em 25 de mar\u00e7o de 1823, na B\u00e9lgica. De direito pontif\u00edcio, foi aprovada pela Santa S\u00e9 em 10 de agosto de 1827. \u00c9 um Instituto de vida consagrada; as irm\u00e3s consagraram-se com os votos de castidade, pobreza e obedi\u00eancia. O Instituto das Religiosas da Instru\u00e7\u00e3o Crist\u00e3 \u00e9 uma obra do Esp\u00edrito Santo; desde a sua funda\u00e7\u00e3o at\u00e9 hoje passaram mais de duzentos anos. O Instituto, antigamente denominado \u201cDamas da Instru\u00e7\u00e3o Crist\u00e3\u201d, desenvolveu-se em fidelidade \u00e0 Igreja de ontem e de hoje, enraizando-se no passado e atualizando a intui\u00e7\u00e3o da fundadora.<\/p>\n\n\n<div class=\"wp-block-image\">\n<figure class=\"aligncenter size-full\"><img decoding=\"async\" width=\"658\" height=\"205\" src=\"https:\/\/spaziospadoni.org\/wp-content\/uploads\/2026\/05\/Logo-Congregazione-Francine.jpg\" alt=\"Congregazione Religieuses de l\u2019Instruction Chr\u00e9tienne\" class=\"wp-image-48039\" srcset=\"https:\/\/spaziospadoni.org\/wp-content\/uploads\/2026\/05\/Logo-Congregazione-Francine.jpg 658w, https:\/\/spaziospadoni.org\/wp-content\/uploads\/2026\/05\/Logo-Congregazione-Francine-300x93.jpg 300w\" sizes=\"(max-width: 658px) 100vw, 658px\" \/><\/figure>\n<\/div>\n\n\n<h2 id=\"carisma\" class=\"wp-block-heading\"><strong>CARISMA<\/strong><\/h2>\n\n\n\n<p class=\"wp-block-paragraph\">O carisma das Religiosas da Instru\u00e7\u00e3o Crist\u00e3 \u00e9 \u201cconsagrar-se a Deus e sacrificar-se inteiramente pela juventude, onde quer que se possa cooperar na propaga\u00e7\u00e3o da gl\u00f3ria de Deus\u201d. Portanto, nada do que contribui para o bem ou prejudica a pr\u00f3pria juventude, a sua vitalidade crist\u00e3 e a sua dignidade humana em Jesus Cristo lhes pode ser alheio.<\/p>\n\n\n\n<h2 id=\"espiritualidade-do-instituto\" class=\"wp-block-heading\"><strong>ESPIRITUALIDADE DO INSTITUTO<\/strong><\/h2>\n\n\n\n<p class=\"wp-block-paragraph\">A Reverenda Madre Agathe inspirou-se na espiritualidade inaciana para fundar o nosso instituto: \u201ctudo para a maior gl\u00f3ria de Deus\u201d. Portanto, o esp\u00edrito da nossa voca\u00e7\u00e3o \u00e9 um esp\u00edrito de f\u00e9 e obedi\u00eancia, de caridade e zelo, de abnega\u00e7\u00e3o e simplicidade. <\/p>\n\n\n\n<h2 id=\"o-lema-do-instituto\" class=\"wp-block-heading\"><strong>O LEMA DO INSTITUTO<\/strong><\/h2>\n\n\n\n<p class=\"wp-block-paragraph\">Alegra-te e faz o bem.<\/p>\n\n\n\n<h2 id=\"difusao\" class=\"wp-block-heading\"><strong>DIFUS\u00c3O<\/strong><\/h2>\n\n\n\n<p class=\"wp-block-paragraph\">Em 17 de janeiro de 1958, Madre Giovanna recebeu a miss\u00e3o de dirigir a Congrega\u00e7\u00e3o: tinha 63 anos e tornou-se a s\u00e9tima Superiora Geral (1958-1968). Imediatamente deu livre curso ao seu impulso mission\u00e1rio: n\u00e3o s\u00f3 prosseguiu a difus\u00e3o da Congrega\u00e7\u00e3o no Brasil, como tamb\u00e9m inaugurou a presen\u00e7a num novo continente, \u00c1frica. Assim, em julho de 1959, partiu para o Congo (atual RDC) para instalar sete valorosas mission\u00e1rias no nordeste da Prov\u00edncia, nas minas de Kilo; apoiada na sua miss\u00e3o por monsenhor Mattyssen.  <\/p>\n\n\n\n<p class=\"wp-block-paragraph\">Est\u00e3o presentes em 3 continentes: Europa, Am\u00e9rica e \u00c1frica.<\/p>\n\n\n\n<p class=\"wp-block-paragraph\"><strong>EUROPA<\/strong><\/p>\n\n\n\n<ul class=\"wp-block-list\">\n<li>B\u00e9lgica<\/li>\n\n\n\n<li>Inglaterra<\/li>\n<\/ul>\n\n\n\n<p class=\"wp-block-paragraph\"><strong>AM\u00c9RICA<\/strong><\/p>\n\n\n\n<ul class=\"wp-block-list\">\n<li>Brasil<\/li>\n<\/ul>\n\n\n\n<p class=\"wp-block-paragraph\"><strong>\u00c1FRICA<\/strong><\/p>\n\n\n\n<ul class=\"wp-block-list\">\n<li>REP\u00daBLICA DEMOCR\u00c1TICA DO CONGO<\/li>\n\n\n\n<li>RWANDA<\/li>\n\n\n\n<li>TOGO<\/li>\n\n\n\n<li>UGANDA<\/li>\n<\/ul>\n\n\n\n<p class=\"wp-block-paragraph\">Na <strong>Rep\u00fablica Democr\u00e1tica do Congo<\/strong><\/p>\n\n\n\n<ul class=\"wp-block-list\">\n<li>Diocese de Bunia,<\/li>\n\n\n\n<li>Diocese de Goma,<\/li>\n\n\n\n<li>Arquidiocese de Bukavu<\/li>\n\n\n\n<li>Arquidiocese de Kinshasa<\/li>\n<\/ul>\n\n\n\n<p class=\"wp-block-paragraph\"><strong>No Rwanda<\/strong><\/p>\n\n\n\n<ul class=\"wp-block-list\">\n<li>Diocese de Kiagale<\/li>\n\n\n\n<li>Diocese de Kibungo (Zaza)<\/li>\n<\/ul>\n\n\n\n<p class=\"wp-block-paragraph\"><strong>No Togo<\/strong><\/p>\n\n\n\n<ul class=\"wp-block-list\">\n<li>Diocese de Dapaong<\/li>\n<\/ul>\n\n\n\n<p class=\"wp-block-paragraph\"><strong>No Uganda<\/strong><\/p>\n\n\n\n<p class=\"wp-block-paragraph\">Arquidiocese de Kampala<\/p>\n","protected":false},"excerpt":{"rendered":"<p>A Congrega\u00e7\u00e3o das Religiosas da Instru\u00e7\u00e3o Crist\u00e3, antigamente chamadas Damas da Instru\u00e7\u00e3o Crist\u00e3, foi fundada por Madre Agathe Verhelle em 25 de mar\u00e7o de 1823, na B\u00e9lgica. De direito pontif\u00edcio, foi aprovada pela Santa S\u00e9 em 10 de agosto de 1827. \u00c9 um Instituto de vida consagrada; as irm\u00e3s consagraram-se com os votos de castidade, &#8230; <a title=\"Congrega\u00e7\u00e3o das Religiosas da Instru\u00e7\u00e3o Crist\u00e3\" class=\"read-more\" href=\"https:\/\/spaziospadoni.org\/pt-pt\/congregacoes\/congregacao-das-religiosas-da-instrucao-crista\/\" aria-label=\"Read more about Congrega\u00e7\u00e3o das Religiosas da Instru\u00e7\u00e3o Crist\u00e3\">Ler mais<\/a><\/p>\n","protected":false},"author":102,"featured_media":0,"parent":60100,"menu_order":0,"comment_status":"closed","ping_status":"closed","template":"","meta":{"_sitemap_exclude":false,"_sitemap_priority":"","_sitemap_frequency":"","footnotes":""},"class_list":["post-60416","page","type-page","status-publish","infinite-scroll-item"],"yoast_head":"<!-- This site is optimized with the Yoast SEO plugin v28.4 - https:\/\/yoast.com\/product\/yoast-seo-wordpress\/ -->\n<title>Congrega\u00e7\u00e3o das Religiosas da Instru\u00e7\u00e3o Crist\u00e3 | Spazio Spadoni<\/title>\n<meta name=\"description\" content=\"A Congrega\u00e7\u00e3o das Religiosas da Instru\u00e7\u00e3o Crist\u00e3, antigamente chamadas Damas da Instru\u00e7\u00e3o Crist\u00e3, foi fundada por Madre Agathe Verhelle em 25 de mar\u00e7o de\" \/>\n<meta name=\"robots\" content=\"index, follow, max-snippet:-1, max-image-preview:large, max-video-preview:-1\" \/>\n<link rel=\"canonical\" href=\"https:\/\/spaziospadoni.org\/pt-pt\/congregacoes\/congregacao-das-religiosas-da-instrucao-crista\/\" \/>\n<meta property=\"og:locale\" content=\"pt_PT\" \/>\n<meta property=\"og:type\" content=\"article\" \/>\n<meta property=\"og:title\" content=\"Congrega\u00e7\u00e3o das Religiosas da Instru\u00e7\u00e3o Crist\u00e3 | Spazio Spadoni\" \/>\n<meta property=\"og:description\" content=\"A Congrega\u00e7\u00e3o das Religiosas da Instru\u00e7\u00e3o Crist\u00e3, antigamente chamadas Damas da Instru\u00e7\u00e3o Crist\u00e3, foi fundada por Madre Agathe Verhelle em 25 de mar\u00e7o de\" \/>\n<meta property=\"og:url\" content=\"https:\/\/spaziospadoni.org\/pt-pt\/congregacoes\/congregacao-das-religiosas-da-instrucao-crista\/\" \/>\n<meta property=\"og:site_name\" content=\"spazio + spadoni\" \/>\n<meta property=\"article:publisher\" content=\"https:\/\/www.facebook.com\/SpazioSpadoni\/\" \/>\n<meta property=\"article:modified_time\" content=\"2026-08-21T10:19:57+00:00\" \/>\n<meta property=\"og:image\" content=\"https:\/\/spaziospadoni.org\/wp-content\/uploads\/2026\/05\/Logo-Congregazione-Francine.jpg\" \/>\n\t<meta property=\"og:image:width\" content=\"658\" \/>\n\t<meta property=\"og:image:height\" content=\"205\" \/>\n\t<meta property=\"og:image:type\" content=\"image\/jpeg\" \/>\n<meta name=\"twitter:card\" content=\"summary_large_image\" \/>\n<meta name=\"twitter:label1\" content=\"Est. reading time\" \/>\n\t<meta name=\"twitter:data1\" content=\"3 minutes\" \/>\n<script type=\"application\/ld+json\" class=\"yoast-schema-graph\">{\"@context\":\"https:\\\/\\\/schema.org\",\"@graph\":[{\"@type\":\"WebPage\",\"@id\":\"https:\\\/\\\/spaziospadoni.org\\\/pt-pt\\\/congregacoes\\\/congregacao-das-religiosas-da-instrucao-crista\\\/\",\"url\":\"https:\\\/\\\/spaziospadoni.org\\\/pt-pt\\\/congregacoes\\\/congregacao-das-religiosas-da-instrucao-crista\\\/\",\"name\":\"Congrega\u00e7\u00e3o das Religiosas da Instru\u00e7\u00e3o Crist\u00e3 | Spazio Spadoni\",\"isPartOf\":{\"@id\":\"https:\\\/\\\/spaziospadoni.org\\\/pt-pt\\\/#website\"},\"primaryImageOfPage\":{\"@id\":\"https:\\\/\\\/spaziospadoni.org\\\/pt-pt\\\/congregacoes\\\/congregacao-das-religiosas-da-instrucao-crista\\\/#primaryimage\"},\"image\":{\"@id\":\"https:\\\/\\\/spaziospadoni.org\\\/pt-pt\\\/congregacoes\\\/congregacao-das-religiosas-da-instrucao-crista\\\/#primaryimage\"},\"thumbnailUrl\":\"https:\\\/\\\/spaziospadoni.org\\\/wp-content\\\/uploads\\\/2026\\\/05\\\/Logo-Congregazione-Francine.jpg\",\"datePublished\":\"2026-05-20T09:29:21+00:00\",\"dateModified\":\"2026-08-21T10:19:57+00:00\",\"description\":\"A Congrega\u00e7\u00e3o das Religiosas da Instru\u00e7\u00e3o Crist\u00e3, antigamente chamadas Damas da Instru\u00e7\u00e3o Crist\u00e3, foi fundada por Madre Agathe Verhelle em 25 de mar\u00e7o de\",\"breadcrumb\":{\"@id\":\"https:\\\/\\\/spaziospadoni.org\\\/pt-pt\\\/congregacoes\\\/congregacao-das-religiosas-da-instrucao-crista\\\/#breadcrumb\"},\"inLanguage\":\"pt-PT\",\"potentialAction\":[{\"@type\":\"ReadAction\",\"target\":[\"https:\\\/\\\/spaziospadoni.org\\\/pt-pt\\\/congregacoes\\\/congregacao-das-religiosas-da-instrucao-crista\\\/\"]}]},{\"@type\":\"ImageObject\",\"inLanguage\":\"pt-PT\",\"@id\":\"https:\\\/\\\/spaziospadoni.org\\\/pt-pt\\\/congregacoes\\\/congregacao-das-religiosas-da-instrucao-crista\\\/#primaryimage\",\"url\":\"https:\\\/\\\/spaziospadoni.org\\\/wp-content\\\/uploads\\\/2026\\\/05\\\/Logo-Congregazione-Francine.jpg\",\"contentUrl\":\"https:\\\/\\\/spaziospadoni.org\\\/wp-content\\\/uploads\\\/2026\\\/05\\\/Logo-Congregazione-Francine.jpg\"},{\"@type\":\"BreadcrumbList\",\"@id\":\"https:\\\/\\\/spaziospadoni.org\\\/pt-pt\\\/congregacoes\\\/congregacao-das-religiosas-da-instrucao-crista\\\/#breadcrumb\",\"itemListElement\":[{\"@type\":\"ListItem\",\"position\":1,\"name\":\"Home\",\"item\":\"https:\\\/\\\/spaziospadoni.org\\\/pt-pt\\\/\"},{\"@type\":\"ListItem\",\"position\":2,\"name\":\"Congrega\u00e7\u00f5es\",\"item\":\"https:\\\/\\\/spaziospadoni.org\\\/pt-pt\\\/congregacoes\\\/\"},{\"@type\":\"ListItem\",\"position\":3,\"name\":\"Congrega\u00e7\u00e3o das Religiosas da Instru\u00e7\u00e3o Crist\u00e3\"}]},{\"@type\":\"WebSite\",\"@id\":\"https:\\\/\\\/spaziospadoni.org\\\/pt-pt\\\/#website\",\"url\":\"https:\\\/\\\/spaziospadoni.org\\\/pt-pt\\\/\",\"name\":\"spazio + spadoni\",\"description\":\"Generazione di misericordia e missione nel mondo\",\"publisher\":{\"@id\":\"https:\\\/\\\/spaziospadoni.org\\\/pt-pt\\\/#organization\"},\"alternateName\":\"spaziospadoni.org\",\"potentialAction\":[{\"@type\":\"SearchAction\",\"target\":{\"@type\":\"EntryPoint\",\"urlTemplate\":\"https:\\\/\\\/spaziospadoni.org\\\/pt-pt\\\/?s={search_term_string}\"},\"query-input\":{\"@type\":\"PropertyValueSpecification\",\"valueRequired\":true,\"valueName\":\"search_term_string\"}}],\"inLanguage\":\"pt-PT\"},{\"@type\":\"Organization\",\"@id\":\"https:\\\/\\\/spaziospadoni.org\\\/pt-pt\\\/#organization\",\"name\":\"spazio + spadoni\",\"alternateName\":\"spaziospadoni.org\",\"url\":\"https:\\\/\\\/spaziospadoni.org\\\/pt-pt\\\/\",\"logo\":{\"@type\":\"ImageObject\",\"inLanguage\":\"pt-PT\",\"@id\":\"https:\\\/\\\/spaziospadoni.org\\\/pt-pt\\\/#\\\/schema\\\/logo\\\/image\\\/\",\"url\":\"https:\\\/\\\/spaziospadoni.org\\\/wp-content\\\/uploads\\\/2026\\\/05\\\/spazio-spadoni-logo-100x100-1.webp\",\"contentUrl\":\"https:\\\/\\\/spaziospadoni.org\\\/wp-content\\\/uploads\\\/2026\\\/05\\\/spazio-spadoni-logo-100x100-1.webp\",\"width\":100,\"height\":100,\"caption\":\"spazio + spadoni\"},\"image\":{\"@id\":\"https:\\\/\\\/spaziospadoni.org\\\/pt-pt\\\/#\\\/schema\\\/logo\\\/image\\\/\"},\"sameAs\":[\"https:\\\/\\\/www.facebook.com\\\/SpazioSpadoni\\\/\",\"https:\\\/\\\/www.instagram.com\\\/spaziospadoni\\\/\",\"https:\\\/\\\/www.youtube.com\\\/@spaziospadoni\\\/playlists\"]}]}<\/script>\n<!-- \/ Yoast SEO plugin. -->","yoast_head_json":{"title":"Congrega\u00e7\u00e3o das Religiosas da Instru\u00e7\u00e3o Crist\u00e3 | Spazio Spadoni","description":"A Congrega\u00e7\u00e3o das Religiosas da Instru\u00e7\u00e3o Crist\u00e3, antigamente chamadas Damas da Instru\u00e7\u00e3o Crist\u00e3, foi fundada por Madre Agathe Verhelle em 25 de mar\u00e7o de","robots":{"index":"index","follow":"follow","max-snippet":"max-snippet:-1","max-image-preview":"max-image-preview:large","max-video-preview":"max-video-preview:-1"},"canonical":"https:\/\/spaziospadoni.org\/pt-pt\/congregacoes\/congregacao-das-religiosas-da-instrucao-crista\/","og_locale":"pt_PT","og_type":"article","og_title":"Congrega\u00e7\u00e3o das Religiosas da Instru\u00e7\u00e3o Crist\u00e3 | Spazio Spadoni","og_description":"A Congrega\u00e7\u00e3o das Religiosas da Instru\u00e7\u00e3o Crist\u00e3, antigamente chamadas Damas da Instru\u00e7\u00e3o Crist\u00e3, foi fundada por Madre Agathe Verhelle em 25 de mar\u00e7o de","og_url":"https:\/\/spaziospadoni.org\/pt-pt\/congregacoes\/congregacao-das-religiosas-da-instrucao-crista\/","og_site_name":"spazio + spadoni","article_publisher":"https:\/\/www.facebook.com\/SpazioSpadoni\/","article_modified_time":"2026-08-21T10:19:57+00:00","og_image":[{"width":658,"height":205,"url":"https:\/\/spaziospadoni.org\/wp-content\/uploads\/2026\/05\/Logo-Congregazione-Francine.jpg","type":"image\/jpeg"}],"twitter_card":"summary_large_image","twitter_misc":{"Est. reading time":"3 minutes"},"schema":{"@context":"https:\/\/schema.org","@graph":[{"@type":"WebPage","@id":"https:\/\/spaziospadoni.org\/pt-pt\/congregacoes\/congregacao-das-religiosas-da-instrucao-crista\/","url":"https:\/\/spaziospadoni.org\/pt-pt\/congregacoes\/congregacao-das-religiosas-da-instrucao-crista\/","name":"Congrega\u00e7\u00e3o das Religiosas da Instru\u00e7\u00e3o Crist\u00e3 | Spazio Spadoni","isPartOf":{"@id":"https:\/\/spaziospadoni.org\/pt-pt\/#website"},"primaryImageOfPage":{"@id":"https:\/\/spaziospadoni.org\/pt-pt\/congregacoes\/congregacao-das-religiosas-da-instrucao-crista\/#primaryimage"},"image":{"@id":"https:\/\/spaziospadoni.org\/pt-pt\/congregacoes\/congregacao-das-religiosas-da-instrucao-crista\/#primaryimage"},"thumbnailUrl":"https:\/\/spaziospadoni.org\/wp-content\/uploads\/2026\/05\/Logo-Congregazione-Francine.jpg","datePublished":"2026-05-20T09:29:21+00:00","dateModified":"2026-08-21T10:19:57+00:00","description":"A Congrega\u00e7\u00e3o das Religiosas da Instru\u00e7\u00e3o Crist\u00e3, antigamente chamadas Damas da Instru\u00e7\u00e3o Crist\u00e3, foi fundada por Madre Agathe Verhelle em 25 de mar\u00e7o de","breadcrumb":{"@id":"https:\/\/spaziospadoni.org\/pt-pt\/congregacoes\/congregacao-das-religiosas-da-instrucao-crista\/#breadcrumb"},"inLanguage":"pt-PT","potentialAction":[{"@type":"ReadAction","target":["https:\/\/spaziospadoni.org\/pt-pt\/congregacoes\/congregacao-das-religiosas-da-instrucao-crista\/"]}]},{"@type":"ImageObject","inLanguage":"pt-PT","@id":"https:\/\/spaziospadoni.org\/pt-pt\/congregacoes\/congregacao-das-religiosas-da-instrucao-crista\/#primaryimage","url":"https:\/\/spaziospadoni.org\/wp-content\/uploads\/2026\/05\/Logo-Congregazione-Francine.jpg","contentUrl":"https:\/\/spaziospadoni.org\/wp-content\/uploads\/2026\/05\/Logo-Congregazione-Francine.jpg"},{"@type":"BreadcrumbList","@id":"https:\/\/spaziospadoni.org\/pt-pt\/congregacoes\/congregacao-das-religiosas-da-instrucao-crista\/#breadcrumb","itemListElement":[{"@type":"ListItem","position":1,"name":"Home","item":"https:\/\/spaziospadoni.org\/pt-pt\/"},{"@type":"ListItem","position":2,"name":"Congrega\u00e7\u00f5es","item":"https:\/\/spaziospadoni.org\/pt-pt\/congregacoes\/"},{"@type":"ListItem","position":3,"name":"Congrega\u00e7\u00e3o das Religiosas da Instru\u00e7\u00e3o Crist\u00e3"}]},{"@type":"WebSite","@id":"https:\/\/spaziospadoni.org\/pt-pt\/#website","url":"https:\/\/spaziospadoni.org\/pt-pt\/","name":"spazio + spadoni","description":"Generazione di misericordia e missione nel mondo","publisher":{"@id":"https:\/\/spaziospadoni.org\/pt-pt\/#organization"},"alternateName":"spaziospadoni.org","potentialAction":[{"@type":"SearchAction","target":{"@type":"EntryPoint","urlTemplate":"https:\/\/spaziospadoni.org\/pt-pt\/?s={search_term_string}"},"query-input":{"@type":"PropertyValueSpecification","valueRequired":true,"valueName":"search_term_string"}}],"inLanguage":"pt-PT"},{"@type":"Organization","@id":"https:\/\/spaziospadoni.org\/pt-pt\/#organization","name":"spazio + spadoni","alternateName":"spaziospadoni.org","url":"https:\/\/spaziospadoni.org\/pt-pt\/","logo":{"@type":"ImageObject","inLanguage":"pt-PT","@id":"https:\/\/spaziospadoni.org\/pt-pt\/#\/schema\/logo\/image\/","url":"https:\/\/spaziospadoni.org\/wp-content\/uploads\/2026\/05\/spazio-spadoni-logo-100x100-1.webp","contentUrl":"https:\/\/spaziospadoni.org\/wp-content\/uploads\/2026\/05\/spazio-spadoni-logo-100x100-1.webp","width":100,"height":100,"caption":"spazio + spadoni"},"image":{"@id":"https:\/\/spaziospadoni.org\/pt-pt\/#\/schema\/logo\/image\/"},"sameAs":["https:\/\/www.facebook.com\/SpazioSpadoni\/","https:\/\/www.instagram.com\/spaziospadoni\/","https:\/\/www.youtube.com\/@spaziospadoni\/playlists"]}]}},"_links":{"self":[{"href":"https:\/\/spaziospadoni.org\/pt-pt\/wp-json\/wp\/v2\/pages\/60416","targetHints":{"allow":["GET"]}}],"collection":[{"href":"https:\/\/spaziospadoni.org\/pt-pt\/wp-json\/wp\/v2\/pages"}],"about":[{"href":"https:\/\/spaziospadoni.org\/pt-pt\/wp-json\/wp\/v2\/types\/page"}],"author":[{"embeddable":true,"href":"https:\/\/spaziospadoni.org\/pt-pt\/wp-json\/wp\/v2\/users\/102"}],"replies":[{"embeddable":true,"href":"https:\/\/spaziospadoni.org\/pt-pt\/wp-json\/wp\/v2\/comments?post=60416"}],"version-history":[{"count":1,"href":"https:\/\/spaziospadoni.org\/pt-pt\/wp-json\/wp\/v2\/pages\/60416\/revisions"}],"predecessor-version":[{"id":91517,"href":"https:\/\/spaziospadoni.org\/pt-pt\/wp-json\/wp\/v2\/pages\/60416\/revisions\/91517"}],"up":[{"embeddable":true,"href":"https:\/\/spaziospadoni.org\/pt-pt\/wp-json\/wp\/v2\/pages\/60100"}],"wp:attachment":[{"href":"https:\/\/spaziospadoni.org\/pt-pt\/wp-json\/wp\/v2\/media?parent=60416"}],"curies":[{"name":"wp","href":"https:\/\/api.w.org\/{rel}","templated":true}]}}