{"id":65402,"date":"2026-05-20T10:34:05","date_gmt":"2026-05-20T09:34:05","guid":{"rendered":"https:\/\/spaziospadoni.org\/congregacoes\/congregazione-sisters-of-st-joseph-of-mombasa\/"},"modified":"2026-08-19T09:55:58","modified_gmt":"2026-08-19T08:55:58","slug":"congregacao-das-irmas-de-sao-jose-de-mombasa","status":"publish","type":"page","link":"https:\/\/spaziospadoni.org\/pt-pt\/congregacoes\/congregacao-das-irmas-de-sao-jose-de-mombasa\/","title":{"rendered":"Congrega\u00e7\u00e3o das Irm\u00e3s de S\u00e3o Jos\u00e9 de Mombasa"},"content":{"rendered":"\n<p class=\"wp-block-paragraph\">A Congrega\u00e7\u00e3o das Irm\u00e3s de S\u00e3o Jos\u00e9 da Arquidiocese Cat\u00f3lica de Mombasa,\u00a0<strong>fundada em Bura em 1929<\/strong>\u00a0e erigida apostolicamente em 1938 pelo\u00a0<strong>Bispo John Hefferman Cssp<\/strong>, \u00e9 um\u00a0<strong>Instituto Religioso Diocesano<\/strong>.<\/p>\n\n\n<div class=\"wp-block-image\">\n<figure class=\"aligncenter size-full\"><img decoding=\"async\" width=\"600\" height=\"177\" src=\"https:\/\/spaziospadoni.org\/wp-content\/uploads\/2026\/05\/Sisters-of-St.-Joseph-logo.jpg\" alt=\"Sisters-of-St.-Joseph-logo\" class=\"wp-image-46126\" srcset=\"https:\/\/spaziospadoni.org\/wp-content\/uploads\/2026\/05\/Sisters-of-St.-Joseph-logo.jpg 600w, https:\/\/spaziospadoni.org\/wp-content\/uploads\/2026\/05\/Sisters-of-St.-Joseph-logo-300x89.jpg 300w\" sizes=\"(max-width: 600px) 100vw, 600px\" \/><\/figure>\n<\/div>\n\n\n<p class=\"wp-block-paragraph\">Mons. Hefferman pretendia que as Sisters of St. Joseph fossem uma congrega\u00e7\u00e3o religiosa apost\u00f3lica muito envolvida em todas as atividades relativas ao desenvolvimento da Igreja local atrav\u00e9s da evangeliza\u00e7\u00e3o no Qu\u00eania e especialmente em Mombasa. Mombasa fazia parte do Vicariato de Zanzibar, que posteriormente se desenvolveu em uma diocese pr\u00f3pria; da\u00ed o nome da Congrega\u00e7\u00e3o tornou-se Sisters of St. Joseph of Mombasa.&nbsp;<\/p>\n\n\n\n<p class=\"wp-block-paragraph\">As quatro irm\u00e3s fundadoras da Congrega\u00e7\u00e3o emitiram os primeiros votos em 8 de dezembro de 1941. Tratava-se de Sr. Mary Njeri, Sr. Theresa Nyambura, Sr. Joseph Nyambura e Sr. Martha Tatu. As quatro viveram uma longa espera para se consagrar a Deus. Estavam determinadas a tornar-se irm\u00e3s precisamente \u201ccomo as irm\u00e3s europeias\u201d da Congrega\u00e7\u00e3o do Precios\u00edssimo Sangue, que sustentava que as jovens africanas tivessem uma base s\u00f3lida no cristianismo e na vida religiosa.&nbsp;<\/p>\n\n\n\n<p class=\"wp-block-paragraph\">Como Congrega\u00e7\u00e3o de mulheres consagradas, vivem e trabalham entre as pessoas comuns, guiadas pelo esp\u00edrito de simplicidade, servi\u00e7o e ora\u00e7\u00e3o.&nbsp;&nbsp;<\/p>\n\n\n\n<p class=\"wp-block-paragraph\">Esfor\u00e7am-se por dar um testemunho aut\u00eantico no mundo enquanto vivem a sua espiritualidade, que est\u00e1 enraizada na humilde obedi\u00eancia \u00e0 vontade de Deus. A uni\u00e3o com Cristo atrav\u00e9s da ora\u00e7\u00e3o e da contempla\u00e7\u00e3o cotidiana da mensagem evang\u00e9lica d\u00e1 aquela disposi\u00e7\u00e3o de simplicidade que governa todo o seu servi\u00e7o. A simplicidade, tal como foi testemunhada na vida de S\u00e3o Jos\u00e9, \u00e9 o que caracteriza a vida das irm\u00e3s desta Congrega\u00e7\u00e3o. \u00c9 atrav\u00e9s da ora\u00e7\u00e3o e do trabalho que se unem, louvam e glorificam o Deus Todo-Poderoso. S\u00e3o Jos\u00e9 \u00e9 o modelo e a inspira\u00e7\u00e3o que, na sua obra, escutava humildemente a voz de Deus e seguia a sua vontade. Seguindo o seu exemplo, as irm\u00e3s s\u00e3o obedientes a Deus enquanto o servem atrav\u00e9s dos irm\u00e3os e irm\u00e3s necessitados nas comunidades religiosas, nas par\u00f3quias, na sociedade e na comunidade global.&nbsp;<\/p>\n\n\n\n<p class=\"wp-block-paragraph\">Ao longo dos anos, a Congrega\u00e7\u00e3o, composta hoje por cerca de&nbsp;<strong>310 irm\u00e3s<\/strong>, cresceu e se difundiu tamb\u00e9m al\u00e9m da Arquidiocese de Mombasa. As irm\u00e3s encontram-se em v\u00e1rias dioceses do&nbsp;<strong>Qu\u00eania<\/strong>&nbsp;(Mombasa, Malindi, Machakos, Murang\u2019a, Kitui, Kitale, Nakuru e Nairobi) e da&nbsp;<strong>Tanz\u00e2nia<\/strong>&nbsp;(Arusha, Moshi e Dar es Salaam). As suas comunidades est\u00e3o tamb\u00e9m em&nbsp;<strong>Malawi, It\u00e1lia, Estados Unidos da Am\u00e9rica, \u00c1ustria<\/strong>.&nbsp;<\/p>\n\n\n\n<h2 id=\"carismanbsp\" class=\"wp-block-heading\"><strong>Carisma<\/strong> <\/h2>\n\n\n\n<p class=\"wp-block-paragraph\">O seu carisma \u00e9\u00a0<strong>testemunhar com simplicidade entre as pessoas a\u00a0<a href=\"https:\/\/spaziospadoni.org\/pt-pt\/hic-sum\/\" title=\"miss\">miss<\/a>\u00e3<a href=\"https:\/\/spaziospadoni.org\/pt-pt\/hic-sum\/\" title=\"o\">o<\/a>\u00a0salv\u00edfica e evangelizadora de Jesus Ressuscitado<\/strong>. Isto atrav\u00e9s do conhecimento dos muitos rostos de Jesus: Mestre, Curador, Profeta, Senhor Misericordioso, Mission\u00e1rio, Pregador. Trabalham onde o povo de Deus mais necessita, elevando-o na sua busca espiritual e social. Assim, os doentes, as crian\u00e7as, as mulheres, os jovens, os \u00f3rf\u00e3os, os infectados e afetados pelo HIV\/AIDS, os oprimidos e os marginalizados encontram todos um lugar especial nas suas obras apost\u00f3licas.\u00a0Quer se trate de assistir os doentes no hospital, de ensinar em sala de aula, de colher nas fazendas, de aconselhar uma crian\u00e7a de rua ou de se envolver em trabalhos administrativos, fazem isso por amor a Deus e ao pr\u00f3ximo.\u00a0<\/p>\n\n\n\n<h2 id=\"contatosnbsp\" class=\"wp-block-heading\"><strong>Contatos<\/strong> <\/h2>\n\n\n\n<p class=\"wp-block-paragraph\"><a href=\"https:\/\/www.ssjmombasa.org\" target=\"_blank\" rel=\"noreferrer noopener nofollow\" title=\"https:\/\/www.ssjmombasa.org\">https:\/\/www.ssjmombasa.org<\/a><\/p>\n\n\n\n<p class=\"wp-block-paragraph\"><a href=\"https:\/\/www.facebook.com\/people\/Sisters-of-St-Joseph-Mombasa\/100067319566029\" target=\"_blank\" rel=\"noreferrer noopener nofollow\" title=\"https:\/\/www.facebook.com\/people\/Sisters-of-St-Joseph-Mombasa\/100067319566029\">https:\/\/www.facebook.com\/people\/Sisters-of-St-Joseph-Mombasa\/100067319566029<\/a><\/p>\n\n\n\n<p class=\"wp-block-paragraph\">P.O. Box 97285&nbsp;Mombasa, Coast Province,&nbsp;80112, Makupa \u2013 Kenya&nbsp;&nbsp;<\/p>\n\n\n\n<p class=\"wp-block-paragraph\"><a href=\"mailto:info@ssjmombasa.org\" title=\"info@ssjmombasa.org\">info@ssjmombasa.org<\/a>&nbsp;&nbsp;<\/p>\n\n\n\n<p class=\"wp-block-paragraph\">Telefone +254700393430&nbsp;&nbsp;<\/p>\n\n\n\n<p class=\"wp-block-paragraph\">Celular +254726798451&nbsp;<\/p>\n","protected":false},"excerpt":{"rendered":"<p>A Congrega\u00e7\u00e3o das Irm\u00e3s de S\u00e3o Jos\u00e9 da Arquidiocese Cat\u00f3lica de Mombasa,\u00a0fundada em Bura em 1929\u00a0e erigida apostolicamente em 1938 pelo\u00a0Bispo John Hefferman Cssp, \u00e9 um\u00a0Instituto Religioso Diocesano. Mons. Hefferman pretendia que as Sisters of St. Joseph fossem uma congrega\u00e7\u00e3o religiosa apost\u00f3lica muito envolvida em todas as atividades relativas ao desenvolvimento da Igreja local atrav\u00e9s &#8230; <a title=\"Congrega\u00e7\u00e3o das Irm\u00e3s de S\u00e3o Jos\u00e9 de Mombasa\" class=\"read-more\" href=\"https:\/\/spaziospadoni.org\/pt-pt\/congregacoes\/congregacao-das-irmas-de-sao-jose-de-mombasa\/\" aria-label=\"Read more about Congrega\u00e7\u00e3o das Irm\u00e3s de S\u00e3o Jos\u00e9 de Mombasa\">Ler mais<\/a><\/p>\n","protected":false},"author":102,"featured_media":0,"parent":60100,"menu_order":0,"comment_status":"closed","ping_status":"closed","template":"","meta":{"_sitemap_exclude":false,"_sitemap_priority":"","_sitemap_frequency":"","footnotes":""},"class_list":["post-65402","page","type-page","status-publish","infinite-scroll-item"],"yoast_head":"<!-- This site is optimized with the Yoast SEO plugin v28.4 - https:\/\/yoast.com\/product\/yoast-seo-wordpress\/ -->\n<title>Congrega\u00e7\u00e3o das Irm\u00e3s de S\u00e3o Jos\u00e9 de Mombasa | Spazio Spadoni<\/title>\n<meta name=\"description\" content=\"A Congrega\u00e7\u00e3o das Irm\u00e3s de S\u00e3o Jos\u00e9 da Arquidiocese Cat\u00f3lica de Mombasa,\u00a0fundada em Bura em 1929\u00a0e erigida apostolicamente em 1938 pelo\u00a0Bispo John\" \/>\n<meta name=\"robots\" content=\"index, follow, max-snippet:-1, max-image-preview:large, max-video-preview:-1\" \/>\n<link rel=\"canonical\" href=\"https:\/\/spaziospadoni.org\/pt-pt\/congregacoes\/congregacao-das-irmas-de-sao-jose-de-mombasa\/\" \/>\n<meta property=\"og:locale\" content=\"pt_PT\" \/>\n<meta property=\"og:type\" content=\"article\" \/>\n<meta property=\"og:title\" content=\"Congrega\u00e7\u00e3o das Irm\u00e3s de S\u00e3o Jos\u00e9 de Mombasa | Spazio Spadoni\" \/>\n<meta property=\"og:description\" content=\"A Congrega\u00e7\u00e3o das Irm\u00e3s de S\u00e3o Jos\u00e9 da Arquidiocese Cat\u00f3lica de Mombasa,\u00a0fundada em Bura em 1929\u00a0e erigida apostolicamente em 1938 pelo\u00a0Bispo John\" \/>\n<meta property=\"og:url\" content=\"https:\/\/spaziospadoni.org\/pt-pt\/congregacoes\/congregacao-das-irmas-de-sao-jose-de-mombasa\/\" \/>\n<meta property=\"og:site_name\" content=\"spazio + spadoni\" \/>\n<meta property=\"article:publisher\" content=\"https:\/\/www.facebook.com\/SpazioSpadoni\/\" \/>\n<meta property=\"article:modified_time\" content=\"2026-08-19T08:55:58+00:00\" \/>\n<meta property=\"og:image\" content=\"https:\/\/spaziospadoni.org\/wp-content\/uploads\/2026\/05\/Sisters-of-St.-Joseph-logo.jpg\" \/>\n\t<meta property=\"og:image:width\" content=\"600\" \/>\n\t<meta property=\"og:image:height\" content=\"177\" \/>\n\t<meta property=\"og:image:type\" content=\"image\/jpeg\" \/>\n<meta name=\"twitter:card\" content=\"summary_large_image\" \/>\n<meta name=\"twitter:label1\" content=\"Est. reading time\" \/>\n\t<meta name=\"twitter:data1\" content=\"4 minutes\" \/>\n<script type=\"application\/ld+json\" class=\"yoast-schema-graph\">{\"@context\":\"https:\\\/\\\/schema.org\",\"@graph\":[{\"@type\":\"WebPage\",\"@id\":\"https:\\\/\\\/spaziospadoni.org\\\/pt-pt\\\/congregacoes\\\/congregacao-das-irmas-de-sao-jose-de-mombasa\\\/\",\"url\":\"https:\\\/\\\/spaziospadoni.org\\\/pt-pt\\\/congregacoes\\\/congregacao-das-irmas-de-sao-jose-de-mombasa\\\/\",\"name\":\"Congrega\u00e7\u00e3o das Irm\u00e3s de S\u00e3o Jos\u00e9 de Mombasa | Spazio Spadoni\",\"isPartOf\":{\"@id\":\"https:\\\/\\\/spaziospadoni.org\\\/pt-pt\\\/#website\"},\"primaryImageOfPage\":{\"@id\":\"https:\\\/\\\/spaziospadoni.org\\\/pt-pt\\\/congregacoes\\\/congregacao-das-irmas-de-sao-jose-de-mombasa\\\/#primaryimage\"},\"image\":{\"@id\":\"https:\\\/\\\/spaziospadoni.org\\\/pt-pt\\\/congregacoes\\\/congregacao-das-irmas-de-sao-jose-de-mombasa\\\/#primaryimage\"},\"thumbnailUrl\":\"https:\\\/\\\/spaziospadoni.org\\\/wp-content\\\/uploads\\\/2026\\\/05\\\/Sisters-of-St.-Joseph-logo.jpg\",\"datePublished\":\"2026-05-20T09:34:05+00:00\",\"dateModified\":\"2026-08-19T08:55:58+00:00\",\"description\":\"A Congrega\u00e7\u00e3o das Irm\u00e3s de S\u00e3o Jos\u00e9 da Arquidiocese Cat\u00f3lica de Mombasa,\u00a0fundada em Bura em 1929\u00a0e erigida apostolicamente em 1938 pelo\u00a0Bispo John\",\"breadcrumb\":{\"@id\":\"https:\\\/\\\/spaziospadoni.org\\\/pt-pt\\\/congregacoes\\\/congregacao-das-irmas-de-sao-jose-de-mombasa\\\/#breadcrumb\"},\"inLanguage\":\"pt-PT\",\"potentialAction\":[{\"@type\":\"ReadAction\",\"target\":[\"https:\\\/\\\/spaziospadoni.org\\\/pt-pt\\\/congregacoes\\\/congregacao-das-irmas-de-sao-jose-de-mombasa\\\/\"]}]},{\"@type\":\"ImageObject\",\"inLanguage\":\"pt-PT\",\"@id\":\"https:\\\/\\\/spaziospadoni.org\\\/pt-pt\\\/congregacoes\\\/congregacao-das-irmas-de-sao-jose-de-mombasa\\\/#primaryimage\",\"url\":\"https:\\\/\\\/spaziospadoni.org\\\/wp-content\\\/uploads\\\/2026\\\/05\\\/Sisters-of-St.-Joseph-logo.jpg\",\"contentUrl\":\"https:\\\/\\\/spaziospadoni.org\\\/wp-content\\\/uploads\\\/2026\\\/05\\\/Sisters-of-St.-Joseph-logo.jpg\"},{\"@type\":\"BreadcrumbList\",\"@id\":\"https:\\\/\\\/spaziospadoni.org\\\/pt-pt\\\/congregacoes\\\/congregacao-das-irmas-de-sao-jose-de-mombasa\\\/#breadcrumb\",\"itemListElement\":[{\"@type\":\"ListItem\",\"position\":1,\"name\":\"Home\",\"item\":\"https:\\\/\\\/spaziospadoni.org\\\/pt-pt\\\/\"},{\"@type\":\"ListItem\",\"position\":2,\"name\":\"Congrega\u00e7\u00f5es\",\"item\":\"https:\\\/\\\/spaziospadoni.org\\\/pt-pt\\\/congregacoes\\\/\"},{\"@type\":\"ListItem\",\"position\":3,\"name\":\"Congrega\u00e7\u00e3o das Irm\u00e3s de S\u00e3o Jos\u00e9 de Mombasa\"}]},{\"@type\":\"WebSite\",\"@id\":\"https:\\\/\\\/spaziospadoni.org\\\/pt-pt\\\/#website\",\"url\":\"https:\\\/\\\/spaziospadoni.org\\\/pt-pt\\\/\",\"name\":\"spazio + spadoni\",\"description\":\"Generazione di misericordia e missione nel mondo\",\"publisher\":{\"@id\":\"https:\\\/\\\/spaziospadoni.org\\\/pt-pt\\\/#organization\"},\"alternateName\":\"spaziospadoni.org\",\"potentialAction\":[{\"@type\":\"SearchAction\",\"target\":{\"@type\":\"EntryPoint\",\"urlTemplate\":\"https:\\\/\\\/spaziospadoni.org\\\/pt-pt\\\/?s={search_term_string}\"},\"query-input\":{\"@type\":\"PropertyValueSpecification\",\"valueRequired\":true,\"valueName\":\"search_term_string\"}}],\"inLanguage\":\"pt-PT\"},{\"@type\":\"Organization\",\"@id\":\"https:\\\/\\\/spaziospadoni.org\\\/pt-pt\\\/#organization\",\"name\":\"spazio + spadoni\",\"alternateName\":\"spaziospadoni.org\",\"url\":\"https:\\\/\\\/spaziospadoni.org\\\/pt-pt\\\/\",\"logo\":{\"@type\":\"ImageObject\",\"inLanguage\":\"pt-PT\",\"@id\":\"https:\\\/\\\/spaziospadoni.org\\\/pt-pt\\\/#\\\/schema\\\/logo\\\/image\\\/\",\"url\":\"https:\\\/\\\/spaziospadoni.org\\\/wp-content\\\/uploads\\\/2026\\\/05\\\/spazio-spadoni-logo-100x100-1.webp\",\"contentUrl\":\"https:\\\/\\\/spaziospadoni.org\\\/wp-content\\\/uploads\\\/2026\\\/05\\\/spazio-spadoni-logo-100x100-1.webp\",\"width\":100,\"height\":100,\"caption\":\"spazio + spadoni\"},\"image\":{\"@id\":\"https:\\\/\\\/spaziospadoni.org\\\/pt-pt\\\/#\\\/schema\\\/logo\\\/image\\\/\"},\"sameAs\":[\"https:\\\/\\\/www.facebook.com\\\/SpazioSpadoni\\\/\",\"https:\\\/\\\/www.instagram.com\\\/spaziospadoni\\\/\",\"https:\\\/\\\/www.youtube.com\\\/@spaziospadoni\\\/playlists\"]}]}<\/script>\n<!-- \/ Yoast SEO plugin. -->","yoast_head_json":{"title":"Congrega\u00e7\u00e3o das Irm\u00e3s de S\u00e3o Jos\u00e9 de Mombasa | Spazio Spadoni","description":"A Congrega\u00e7\u00e3o das Irm\u00e3s de S\u00e3o Jos\u00e9 da Arquidiocese Cat\u00f3lica de Mombasa,\u00a0fundada em Bura em 1929\u00a0e erigida apostolicamente em 1938 pelo\u00a0Bispo John","robots":{"index":"index","follow":"follow","max-snippet":"max-snippet:-1","max-image-preview":"max-image-preview:large","max-video-preview":"max-video-preview:-1"},"canonical":"https:\/\/spaziospadoni.org\/pt-pt\/congregacoes\/congregacao-das-irmas-de-sao-jose-de-mombasa\/","og_locale":"pt_PT","og_type":"article","og_title":"Congrega\u00e7\u00e3o das Irm\u00e3s de S\u00e3o Jos\u00e9 de Mombasa | Spazio Spadoni","og_description":"A Congrega\u00e7\u00e3o das Irm\u00e3s de S\u00e3o Jos\u00e9 da Arquidiocese Cat\u00f3lica de Mombasa,\u00a0fundada em Bura em 1929\u00a0e erigida apostolicamente em 1938 pelo\u00a0Bispo John","og_url":"https:\/\/spaziospadoni.org\/pt-pt\/congregacoes\/congregacao-das-irmas-de-sao-jose-de-mombasa\/","og_site_name":"spazio + spadoni","article_publisher":"https:\/\/www.facebook.com\/SpazioSpadoni\/","article_modified_time":"2026-08-19T08:55:58+00:00","og_image":[{"width":600,"height":177,"url":"https:\/\/spaziospadoni.org\/wp-content\/uploads\/2026\/05\/Sisters-of-St.-Joseph-logo.jpg","type":"image\/jpeg"}],"twitter_card":"summary_large_image","twitter_misc":{"Est. reading time":"4 minutes"},"schema":{"@context":"https:\/\/schema.org","@graph":[{"@type":"WebPage","@id":"https:\/\/spaziospadoni.org\/pt-pt\/congregacoes\/congregacao-das-irmas-de-sao-jose-de-mombasa\/","url":"https:\/\/spaziospadoni.org\/pt-pt\/congregacoes\/congregacao-das-irmas-de-sao-jose-de-mombasa\/","name":"Congrega\u00e7\u00e3o das Irm\u00e3s de S\u00e3o Jos\u00e9 de Mombasa | Spazio Spadoni","isPartOf":{"@id":"https:\/\/spaziospadoni.org\/pt-pt\/#website"},"primaryImageOfPage":{"@id":"https:\/\/spaziospadoni.org\/pt-pt\/congregacoes\/congregacao-das-irmas-de-sao-jose-de-mombasa\/#primaryimage"},"image":{"@id":"https:\/\/spaziospadoni.org\/pt-pt\/congregacoes\/congregacao-das-irmas-de-sao-jose-de-mombasa\/#primaryimage"},"thumbnailUrl":"https:\/\/spaziospadoni.org\/wp-content\/uploads\/2026\/05\/Sisters-of-St.-Joseph-logo.jpg","datePublished":"2026-05-20T09:34:05+00:00","dateModified":"2026-08-19T08:55:58+00:00","description":"A Congrega\u00e7\u00e3o das Irm\u00e3s de S\u00e3o Jos\u00e9 da Arquidiocese Cat\u00f3lica de Mombasa,\u00a0fundada em Bura em 1929\u00a0e erigida apostolicamente em 1938 pelo\u00a0Bispo John","breadcrumb":{"@id":"https:\/\/spaziospadoni.org\/pt-pt\/congregacoes\/congregacao-das-irmas-de-sao-jose-de-mombasa\/#breadcrumb"},"inLanguage":"pt-PT","potentialAction":[{"@type":"ReadAction","target":["https:\/\/spaziospadoni.org\/pt-pt\/congregacoes\/congregacao-das-irmas-de-sao-jose-de-mombasa\/"]}]},{"@type":"ImageObject","inLanguage":"pt-PT","@id":"https:\/\/spaziospadoni.org\/pt-pt\/congregacoes\/congregacao-das-irmas-de-sao-jose-de-mombasa\/#primaryimage","url":"https:\/\/spaziospadoni.org\/wp-content\/uploads\/2026\/05\/Sisters-of-St.-Joseph-logo.jpg","contentUrl":"https:\/\/spaziospadoni.org\/wp-content\/uploads\/2026\/05\/Sisters-of-St.-Joseph-logo.jpg"},{"@type":"BreadcrumbList","@id":"https:\/\/spaziospadoni.org\/pt-pt\/congregacoes\/congregacao-das-irmas-de-sao-jose-de-mombasa\/#breadcrumb","itemListElement":[{"@type":"ListItem","position":1,"name":"Home","item":"https:\/\/spaziospadoni.org\/pt-pt\/"},{"@type":"ListItem","position":2,"name":"Congrega\u00e7\u00f5es","item":"https:\/\/spaziospadoni.org\/pt-pt\/congregacoes\/"},{"@type":"ListItem","position":3,"name":"Congrega\u00e7\u00e3o das Irm\u00e3s de S\u00e3o Jos\u00e9 de Mombasa"}]},{"@type":"WebSite","@id":"https:\/\/spaziospadoni.org\/pt-pt\/#website","url":"https:\/\/spaziospadoni.org\/pt-pt\/","name":"spazio + spadoni","description":"Generazione di misericordia e missione nel mondo","publisher":{"@id":"https:\/\/spaziospadoni.org\/pt-pt\/#organization"},"alternateName":"spaziospadoni.org","potentialAction":[{"@type":"SearchAction","target":{"@type":"EntryPoint","urlTemplate":"https:\/\/spaziospadoni.org\/pt-pt\/?s={search_term_string}"},"query-input":{"@type":"PropertyValueSpecification","valueRequired":true,"valueName":"search_term_string"}}],"inLanguage":"pt-PT"},{"@type":"Organization","@id":"https:\/\/spaziospadoni.org\/pt-pt\/#organization","name":"spazio + spadoni","alternateName":"spaziospadoni.org","url":"https:\/\/spaziospadoni.org\/pt-pt\/","logo":{"@type":"ImageObject","inLanguage":"pt-PT","@id":"https:\/\/spaziospadoni.org\/pt-pt\/#\/schema\/logo\/image\/","url":"https:\/\/spaziospadoni.org\/wp-content\/uploads\/2026\/05\/spazio-spadoni-logo-100x100-1.webp","contentUrl":"https:\/\/spaziospadoni.org\/wp-content\/uploads\/2026\/05\/spazio-spadoni-logo-100x100-1.webp","width":100,"height":100,"caption":"spazio + spadoni"},"image":{"@id":"https:\/\/spaziospadoni.org\/pt-pt\/#\/schema\/logo\/image\/"},"sameAs":["https:\/\/www.facebook.com\/SpazioSpadoni\/","https:\/\/www.instagram.com\/spaziospadoni\/","https:\/\/www.youtube.com\/@spaziospadoni\/playlists"]}]}},"_links":{"self":[{"href":"https:\/\/spaziospadoni.org\/pt-pt\/wp-json\/wp\/v2\/pages\/65402","targetHints":{"allow":["GET"]}}],"collection":[{"href":"https:\/\/spaziospadoni.org\/pt-pt\/wp-json\/wp\/v2\/pages"}],"about":[{"href":"https:\/\/spaziospadoni.org\/pt-pt\/wp-json\/wp\/v2\/types\/page"}],"author":[{"embeddable":true,"href":"https:\/\/spaziospadoni.org\/pt-pt\/wp-json\/wp\/v2\/users\/102"}],"replies":[{"embeddable":true,"href":"https:\/\/spaziospadoni.org\/pt-pt\/wp-json\/wp\/v2\/comments?post=65402"}],"version-history":[{"count":1,"href":"https:\/\/spaziospadoni.org\/pt-pt\/wp-json\/wp\/v2\/pages\/65402\/revisions"}],"predecessor-version":[{"id":90543,"href":"https:\/\/spaziospadoni.org\/pt-pt\/wp-json\/wp\/v2\/pages\/65402\/revisions\/90543"}],"up":[{"embeddable":true,"href":"https:\/\/spaziospadoni.org\/pt-pt\/wp-json\/wp\/v2\/pages\/60100"}],"wp:attachment":[{"href":"https:\/\/spaziospadoni.org\/pt-pt\/wp-json\/wp\/v2\/media?parent=65402"}],"curies":[{"name":"wp","href":"https:\/\/api.w.org\/{rel}","templated":true}]}}