{"id":65414,"date":"2026-05-20T10:36:39","date_gmt":"2026-05-20T09:36:39","guid":{"rendered":"https:\/\/spaziospadoni.org\/congregacoes\/congregazione-soeurs-dominicaines-missionnaires-des-familles\/"},"modified":"2026-08-19T10:09:35","modified_gmt":"2026-08-19T09:09:35","slug":"congregacao-das-irmas-dominicanas-missionarias-das-familias","status":"publish","type":"page","link":"https:\/\/spaziospadoni.org\/pt-pt\/congregacoes\/congregacao-das-irmas-dominicanas-missionarias-das-familias\/","title":{"rendered":"Congrega\u00e7\u00e3o das Irm\u00e3s Dominicanas Mission\u00e1rias das Fam\u00edlias"},"content":{"rendered":"\n<p class=\"wp-block-paragraph\">As Irm\u00e3s Dominicanas Mission\u00e1rias das Fam\u00edlias s\u00e3o um instituto de\u00a0<strong>direito diocesano.<\/strong><\/p>\n\n\n<div class=\"wp-block-image\">\n<figure class=\"aligncenter size-medium\"><img decoding=\"async\" width=\"300\" height=\"268\" src=\"https:\/\/spaziospadoni.org\/wp-content\/uploads\/2026\/05\/Logo-Domenicane-della-Famiglia-300x268.jpg\" alt=\"Congrega\u00e7\u00e3o Soeurs Dominicaines Missionnaires des Familles\" class=\"wp-image-47539\" srcset=\"https:\/\/spaziospadoni.org\/wp-content\/uploads\/2026\/05\/Logo-Domenicane-della-Famiglia-300x268.jpg 300w, https:\/\/spaziospadoni.org\/wp-content\/uploads\/2026\/05\/Logo-Domenicane-della-Famiglia-1024x914.jpg 1024w, https:\/\/spaziospadoni.org\/wp-content\/uploads\/2026\/05\/Logo-Domenicane-della-Famiglia-768x686.jpg 768w, https:\/\/spaziospadoni.org\/wp-content\/uploads\/2026\/05\/Logo-Domenicane-della-Famiglia-1536x1372.jpg 1536w, https:\/\/spaziospadoni.org\/wp-content\/uploads\/2026\/05\/Logo-Domenicane-della-Famiglia.jpg 1720w\" sizes=\"(max-width: 300px) 100vw, 300px\" \/><\/figure>\n<\/div>\n\n\n<p class=\"wp-block-paragraph\">Os in\u00edcios do Instituto remontam a&nbsp;<strong>1979&nbsp;<\/strong>quando duas irm\u00e3s g\u00eameas,&nbsp;<strong>Emma Abuada<\/strong>&nbsp;e&nbsp;<strong>Lucie Ideyi<\/strong>, juntamente com&nbsp;<strong>irm\u00e3 Beatrice Mizeledi<\/strong>&nbsp;e&nbsp;<strong>irm\u00e3 Bernadette Manbgo<\/strong>, monjas da Congrega\u00e7\u00e3o Dominicana Santo Domingo de Granada, tomaram a iniciativa de dar vida a uma nova experi\u00eancia. Em 2 de abril de&nbsp;<strong>1991<\/strong>,&nbsp;<strong>Monsenhor Emile Aiti<\/strong>, ent\u00e3o Bispo de Isiro-Niangara, erigiu a Pia Uni\u00e3o das Filhas de S\u00e3o Domingos como \u201cCongrega\u00e7\u00e3o das Filhas de S\u00e3o Domingos\u201d, com sede em Magambe na Rep\u00fablica Democr\u00e1tica do Congo. As Irm\u00e3s Dominicanas \u201cFilhas de Santa Catarina de Sena\u201d de Isiro-Niangara foram respons\u00e1veis pela forma\u00e7\u00e3o dos membros da jovem Congrega\u00e7\u00e3o.<\/p>\n\n\n\n<p class=\"wp-block-paragraph\">Hoje, desde 30 de setembro de 2012, por decis\u00e3o de Monsenhor Julien Andavo, a Congrega\u00e7\u00e3o \u00e9 nomeada&nbsp;<strong>Soeurs Dominicaines Missionnaires des Familles<\/strong>. De 12 a 19 de julho de 2013, uma sess\u00e3o especial realizada com a ajuda de um jurista permitiu \u00e0 Congrega\u00e7\u00e3o dar a si mesma, de modo elaborado, as suas Constitui\u00e7\u00f5es.<\/p>\n\n\n<div class=\"wp-block-image\">\n<figure class=\"aligncenter size-full is-resized\"><img decoding=\"async\" width=\"1024\" height=\"768\" src=\"https:\/\/spaziospadoni.org\/wp-content\/uploads\/2026\/05\/mettere-sotto-congregazione.jpg\" alt=\"\" class=\"wp-image-47545\" style=\"width:445px;height:auto\" srcset=\"https:\/\/spaziospadoni.org\/wp-content\/uploads\/2026\/05\/mettere-sotto-congregazione.jpg 1024w, https:\/\/spaziospadoni.org\/wp-content\/uploads\/2026\/05\/mettere-sotto-congregazione-300x225.jpg 300w, https:\/\/spaziospadoni.org\/wp-content\/uploads\/2026\/05\/mettere-sotto-congregazione-768x576.jpg 768w\" sizes=\"(max-width: 1024px) 100vw, 1024px\" \/><\/figure>\n<\/div>\n\n\n<p class=\"wp-block-paragraph\">O seu&nbsp;<strong>carisma<\/strong>&nbsp;\u00e9 o apostolado \u00e0s fam\u00edlias atrav\u00e9s da pastoral familiar. Atrav\u00e9s da forma\u00e7\u00e3o, da educa\u00e7\u00e3o aos valores humanos e crist\u00e3os e da promo\u00e7\u00e3o do desenvolvimento no interior das fam\u00edlias<strong>.&nbsp;<\/strong>A Congrega\u00e7\u00e3o, composta por cerca de&nbsp;<strong>30 irm\u00e3s<\/strong>, tem v\u00e1rias comunidades no interior da Rep\u00fablica Democr\u00e1tica do Congo e precisamente em&nbsp;<strong>Isiro, Medje, Durba, Dingila, Dungu<\/strong>.<\/p>\n","protected":false},"excerpt":{"rendered":"<p>As Irm\u00e3s Dominicanas Mission\u00e1rias das Fam\u00edlias s\u00e3o um instituto de\u00a0direito diocesano. Os in\u00edcios do Instituto remontam a&nbsp;1979&nbsp;quando duas irm\u00e3s g\u00eameas,&nbsp;Emma Abuada&nbsp;e&nbsp;Lucie Ideyi, juntamente com&nbsp;irm\u00e3 Beatrice Mizeledi&nbsp;e&nbsp;irm\u00e3 Bernadette Manbgo, monjas da Congrega\u00e7\u00e3o Dominicana Santo Domingo de Granada, tomaram a iniciativa de dar vida a uma nova experi\u00eancia. Em 2 de abril de&nbsp;1991,&nbsp;Monsenhor Emile Aiti, ent\u00e3o Bispo &#8230; <a title=\"Congrega\u00e7\u00e3o das Irm\u00e3s Dominicanas Mission\u00e1rias das Fam\u00edlias\" class=\"read-more\" href=\"https:\/\/spaziospadoni.org\/pt-pt\/congregacoes\/congregacao-das-irmas-dominicanas-missionarias-das-familias\/\" aria-label=\"Read more about Congrega\u00e7\u00e3o das Irm\u00e3s Dominicanas Mission\u00e1rias das Fam\u00edlias\">Ler mais<\/a><\/p>\n","protected":false},"author":102,"featured_media":0,"parent":60100,"menu_order":0,"comment_status":"closed","ping_status":"closed","template":"","meta":{"_sitemap_exclude":false,"_sitemap_priority":"","_sitemap_frequency":"","footnotes":""},"class_list":["post-65414","page","type-page","status-publish","infinite-scroll-item"],"yoast_head":"<!-- This site is optimized with the Yoast SEO plugin v28.4 - https:\/\/yoast.com\/product\/yoast-seo-wordpress\/ -->\n<title>Congrega\u00e7\u00e3o das Irm\u00e3s Dominicanas Mission\u00e1rias das Fam\u00edlias | Spazio Spadoni<\/title>\n<meta name=\"description\" content=\"As Irm\u00e3s Dominicanas Mission\u00e1rias das Fam\u00edlias s\u00e3o um instituto de\u00a0direito diocesano. Os in\u00edcios do Instituto remontam a&nbsp;1979&nbsp;quando duas irm\u00e3s\" \/>\n<meta name=\"robots\" content=\"index, follow, max-snippet:-1, max-image-preview:large, max-video-preview:-1\" \/>\n<link rel=\"canonical\" href=\"https:\/\/spaziospadoni.org\/pt-pt\/congregacoes\/congregacao-das-irmas-dominicanas-missionarias-das-familias\/\" \/>\n<meta property=\"og:locale\" content=\"pt_PT\" \/>\n<meta property=\"og:type\" content=\"article\" \/>\n<meta property=\"og:title\" content=\"Congrega\u00e7\u00e3o das Irm\u00e3s Dominicanas Mission\u00e1rias das Fam\u00edlias | Spazio Spadoni\" \/>\n<meta property=\"og:description\" content=\"As Irm\u00e3s Dominicanas Mission\u00e1rias das Fam\u00edlias s\u00e3o um instituto de\u00a0direito diocesano. Os in\u00edcios do Instituto remontam a&nbsp;1979&nbsp;quando duas irm\u00e3s\" \/>\n<meta property=\"og:url\" content=\"https:\/\/spaziospadoni.org\/pt-pt\/congregacoes\/congregacao-das-irmas-dominicanas-missionarias-das-familias\/\" \/>\n<meta property=\"og:site_name\" content=\"spazio + spadoni\" \/>\n<meta property=\"article:publisher\" content=\"https:\/\/www.facebook.com\/SpazioSpadoni\/\" \/>\n<meta property=\"article:modified_time\" content=\"2026-08-19T09:09:35+00:00\" \/>\n<meta property=\"og:image\" content=\"https:\/\/spaziospadoni.org\/wp-content\/uploads\/2026\/05\/Logo-Domenicane-della-Famiglia.jpg\" \/>\n\t<meta property=\"og:image:width\" content=\"1720\" \/>\n\t<meta property=\"og:image:height\" content=\"1536\" \/>\n\t<meta property=\"og:image:type\" content=\"image\/jpeg\" \/>\n<meta name=\"twitter:card\" content=\"summary_large_image\" \/>\n<meta name=\"twitter:label1\" content=\"Est. reading time\" \/>\n\t<meta name=\"twitter:data1\" content=\"2 minutes\" \/>\n<script type=\"application\/ld+json\" class=\"yoast-schema-graph\">{\"@context\":\"https:\\\/\\\/schema.org\",\"@graph\":[{\"@type\":\"WebPage\",\"@id\":\"https:\\\/\\\/spaziospadoni.org\\\/pt-pt\\\/congregacoes\\\/congregacao-das-irmas-dominicanas-missionarias-das-familias\\\/\",\"url\":\"https:\\\/\\\/spaziospadoni.org\\\/pt-pt\\\/congregacoes\\\/congregacao-das-irmas-dominicanas-missionarias-das-familias\\\/\",\"name\":\"Congrega\u00e7\u00e3o das Irm\u00e3s Dominicanas Mission\u00e1rias das Fam\u00edlias | Spazio Spadoni\",\"isPartOf\":{\"@id\":\"https:\\\/\\\/spaziospadoni.org\\\/pt-pt\\\/#website\"},\"primaryImageOfPage\":{\"@id\":\"https:\\\/\\\/spaziospadoni.org\\\/pt-pt\\\/congregacoes\\\/congregacao-das-irmas-dominicanas-missionarias-das-familias\\\/#primaryimage\"},\"image\":{\"@id\":\"https:\\\/\\\/spaziospadoni.org\\\/pt-pt\\\/congregacoes\\\/congregacao-das-irmas-dominicanas-missionarias-das-familias\\\/#primaryimage\"},\"thumbnailUrl\":\"https:\\\/\\\/spaziospadoni.org\\\/wp-content\\\/uploads\\\/2026\\\/05\\\/Logo-Domenicane-della-Famiglia-300x268.jpg\",\"datePublished\":\"2026-05-20T09:36:39+00:00\",\"dateModified\":\"2026-08-19T09:09:35+00:00\",\"description\":\"As Irm\u00e3s Dominicanas Mission\u00e1rias das Fam\u00edlias s\u00e3o um instituto de\u00a0direito diocesano. Os in\u00edcios do Instituto remontam a&nbsp;1979&nbsp;quando duas irm\u00e3s\",\"breadcrumb\":{\"@id\":\"https:\\\/\\\/spaziospadoni.org\\\/pt-pt\\\/congregacoes\\\/congregacao-das-irmas-dominicanas-missionarias-das-familias\\\/#breadcrumb\"},\"inLanguage\":\"pt-PT\",\"potentialAction\":[{\"@type\":\"ReadAction\",\"target\":[\"https:\\\/\\\/spaziospadoni.org\\\/pt-pt\\\/congregacoes\\\/congregacao-das-irmas-dominicanas-missionarias-das-familias\\\/\"]}]},{\"@type\":\"ImageObject\",\"inLanguage\":\"pt-PT\",\"@id\":\"https:\\\/\\\/spaziospadoni.org\\\/pt-pt\\\/congregacoes\\\/congregacao-das-irmas-dominicanas-missionarias-das-familias\\\/#primaryimage\",\"url\":\"https:\\\/\\\/spaziospadoni.org\\\/wp-content\\\/uploads\\\/2026\\\/05\\\/Logo-Domenicane-della-Famiglia-300x268.jpg\",\"contentUrl\":\"https:\\\/\\\/spaziospadoni.org\\\/wp-content\\\/uploads\\\/2026\\\/05\\\/Logo-Domenicane-della-Famiglia-300x268.jpg\"},{\"@type\":\"BreadcrumbList\",\"@id\":\"https:\\\/\\\/spaziospadoni.org\\\/pt-pt\\\/congregacoes\\\/congregacao-das-irmas-dominicanas-missionarias-das-familias\\\/#breadcrumb\",\"itemListElement\":[{\"@type\":\"ListItem\",\"position\":1,\"name\":\"Home\",\"item\":\"https:\\\/\\\/spaziospadoni.org\\\/pt-pt\\\/\"},{\"@type\":\"ListItem\",\"position\":2,\"name\":\"Congrega\u00e7\u00f5es\",\"item\":\"https:\\\/\\\/spaziospadoni.org\\\/pt-pt\\\/congregacoes\\\/\"},{\"@type\":\"ListItem\",\"position\":3,\"name\":\"Congrega\u00e7\u00e3o das Irm\u00e3s Dominicanas Mission\u00e1rias das Fam\u00edlias\"}]},{\"@type\":\"WebSite\",\"@id\":\"https:\\\/\\\/spaziospadoni.org\\\/pt-pt\\\/#website\",\"url\":\"https:\\\/\\\/spaziospadoni.org\\\/pt-pt\\\/\",\"name\":\"spazio + spadoni\",\"description\":\"Generazione di misericordia e missione nel mondo\",\"publisher\":{\"@id\":\"https:\\\/\\\/spaziospadoni.org\\\/pt-pt\\\/#organization\"},\"alternateName\":\"spaziospadoni.org\",\"potentialAction\":[{\"@type\":\"SearchAction\",\"target\":{\"@type\":\"EntryPoint\",\"urlTemplate\":\"https:\\\/\\\/spaziospadoni.org\\\/pt-pt\\\/?s={search_term_string}\"},\"query-input\":{\"@type\":\"PropertyValueSpecification\",\"valueRequired\":true,\"valueName\":\"search_term_string\"}}],\"inLanguage\":\"pt-PT\"},{\"@type\":\"Organization\",\"@id\":\"https:\\\/\\\/spaziospadoni.org\\\/pt-pt\\\/#organization\",\"name\":\"spazio + spadoni\",\"alternateName\":\"spaziospadoni.org\",\"url\":\"https:\\\/\\\/spaziospadoni.org\\\/pt-pt\\\/\",\"logo\":{\"@type\":\"ImageObject\",\"inLanguage\":\"pt-PT\",\"@id\":\"https:\\\/\\\/spaziospadoni.org\\\/pt-pt\\\/#\\\/schema\\\/logo\\\/image\\\/\",\"url\":\"https:\\\/\\\/spaziospadoni.org\\\/wp-content\\\/uploads\\\/2026\\\/05\\\/spazio-spadoni-logo-100x100-1.webp\",\"contentUrl\":\"https:\\\/\\\/spaziospadoni.org\\\/wp-content\\\/uploads\\\/2026\\\/05\\\/spazio-spadoni-logo-100x100-1.webp\",\"width\":100,\"height\":100,\"caption\":\"spazio + spadoni\"},\"image\":{\"@id\":\"https:\\\/\\\/spaziospadoni.org\\\/pt-pt\\\/#\\\/schema\\\/logo\\\/image\\\/\"},\"sameAs\":[\"https:\\\/\\\/www.facebook.com\\\/SpazioSpadoni\\\/\",\"https:\\\/\\\/www.instagram.com\\\/spaziospadoni\\\/\",\"https:\\\/\\\/www.youtube.com\\\/@spaziospadoni\\\/playlists\"]}]}<\/script>\n<!-- \/ Yoast SEO plugin. -->","yoast_head_json":{"title":"Congrega\u00e7\u00e3o das Irm\u00e3s Dominicanas Mission\u00e1rias das Fam\u00edlias | Spazio Spadoni","description":"As Irm\u00e3s Dominicanas Mission\u00e1rias das Fam\u00edlias s\u00e3o um instituto de\u00a0direito diocesano. Os in\u00edcios do Instituto remontam a&nbsp;1979&nbsp;quando duas irm\u00e3s","robots":{"index":"index","follow":"follow","max-snippet":"max-snippet:-1","max-image-preview":"max-image-preview:large","max-video-preview":"max-video-preview:-1"},"canonical":"https:\/\/spaziospadoni.org\/pt-pt\/congregacoes\/congregacao-das-irmas-dominicanas-missionarias-das-familias\/","og_locale":"pt_PT","og_type":"article","og_title":"Congrega\u00e7\u00e3o das Irm\u00e3s Dominicanas Mission\u00e1rias das Fam\u00edlias | Spazio Spadoni","og_description":"As Irm\u00e3s Dominicanas Mission\u00e1rias das Fam\u00edlias s\u00e3o um instituto de\u00a0direito diocesano. Os in\u00edcios do Instituto remontam a&nbsp;1979&nbsp;quando duas irm\u00e3s","og_url":"https:\/\/spaziospadoni.org\/pt-pt\/congregacoes\/congregacao-das-irmas-dominicanas-missionarias-das-familias\/","og_site_name":"spazio + spadoni","article_publisher":"https:\/\/www.facebook.com\/SpazioSpadoni\/","article_modified_time":"2026-08-19T09:09:35+00:00","og_image":[{"width":1720,"height":1536,"url":"https:\/\/spaziospadoni.org\/wp-content\/uploads\/2026\/05\/Logo-Domenicane-della-Famiglia.jpg","type":"image\/jpeg"}],"twitter_card":"summary_large_image","twitter_misc":{"Est. reading time":"2 minutes"},"schema":{"@context":"https:\/\/schema.org","@graph":[{"@type":"WebPage","@id":"https:\/\/spaziospadoni.org\/pt-pt\/congregacoes\/congregacao-das-irmas-dominicanas-missionarias-das-familias\/","url":"https:\/\/spaziospadoni.org\/pt-pt\/congregacoes\/congregacao-das-irmas-dominicanas-missionarias-das-familias\/","name":"Congrega\u00e7\u00e3o das Irm\u00e3s Dominicanas Mission\u00e1rias das Fam\u00edlias | Spazio Spadoni","isPartOf":{"@id":"https:\/\/spaziospadoni.org\/pt-pt\/#website"},"primaryImageOfPage":{"@id":"https:\/\/spaziospadoni.org\/pt-pt\/congregacoes\/congregacao-das-irmas-dominicanas-missionarias-das-familias\/#primaryimage"},"image":{"@id":"https:\/\/spaziospadoni.org\/pt-pt\/congregacoes\/congregacao-das-irmas-dominicanas-missionarias-das-familias\/#primaryimage"},"thumbnailUrl":"https:\/\/spaziospadoni.org\/wp-content\/uploads\/2026\/05\/Logo-Domenicane-della-Famiglia-300x268.jpg","datePublished":"2026-05-20T09:36:39+00:00","dateModified":"2026-08-19T09:09:35+00:00","description":"As Irm\u00e3s Dominicanas Mission\u00e1rias das Fam\u00edlias s\u00e3o um instituto de\u00a0direito diocesano. Os in\u00edcios do Instituto remontam a&nbsp;1979&nbsp;quando duas irm\u00e3s","breadcrumb":{"@id":"https:\/\/spaziospadoni.org\/pt-pt\/congregacoes\/congregacao-das-irmas-dominicanas-missionarias-das-familias\/#breadcrumb"},"inLanguage":"pt-PT","potentialAction":[{"@type":"ReadAction","target":["https:\/\/spaziospadoni.org\/pt-pt\/congregacoes\/congregacao-das-irmas-dominicanas-missionarias-das-familias\/"]}]},{"@type":"ImageObject","inLanguage":"pt-PT","@id":"https:\/\/spaziospadoni.org\/pt-pt\/congregacoes\/congregacao-das-irmas-dominicanas-missionarias-das-familias\/#primaryimage","url":"https:\/\/spaziospadoni.org\/wp-content\/uploads\/2026\/05\/Logo-Domenicane-della-Famiglia-300x268.jpg","contentUrl":"https:\/\/spaziospadoni.org\/wp-content\/uploads\/2026\/05\/Logo-Domenicane-della-Famiglia-300x268.jpg"},{"@type":"BreadcrumbList","@id":"https:\/\/spaziospadoni.org\/pt-pt\/congregacoes\/congregacao-das-irmas-dominicanas-missionarias-das-familias\/#breadcrumb","itemListElement":[{"@type":"ListItem","position":1,"name":"Home","item":"https:\/\/spaziospadoni.org\/pt-pt\/"},{"@type":"ListItem","position":2,"name":"Congrega\u00e7\u00f5es","item":"https:\/\/spaziospadoni.org\/pt-pt\/congregacoes\/"},{"@type":"ListItem","position":3,"name":"Congrega\u00e7\u00e3o das Irm\u00e3s Dominicanas Mission\u00e1rias das Fam\u00edlias"}]},{"@type":"WebSite","@id":"https:\/\/spaziospadoni.org\/pt-pt\/#website","url":"https:\/\/spaziospadoni.org\/pt-pt\/","name":"spazio + spadoni","description":"Generazione di misericordia e missione nel mondo","publisher":{"@id":"https:\/\/spaziospadoni.org\/pt-pt\/#organization"},"alternateName":"spaziospadoni.org","potentialAction":[{"@type":"SearchAction","target":{"@type":"EntryPoint","urlTemplate":"https:\/\/spaziospadoni.org\/pt-pt\/?s={search_term_string}"},"query-input":{"@type":"PropertyValueSpecification","valueRequired":true,"valueName":"search_term_string"}}],"inLanguage":"pt-PT"},{"@type":"Organization","@id":"https:\/\/spaziospadoni.org\/pt-pt\/#organization","name":"spazio + spadoni","alternateName":"spaziospadoni.org","url":"https:\/\/spaziospadoni.org\/pt-pt\/","logo":{"@type":"ImageObject","inLanguage":"pt-PT","@id":"https:\/\/spaziospadoni.org\/pt-pt\/#\/schema\/logo\/image\/","url":"https:\/\/spaziospadoni.org\/wp-content\/uploads\/2026\/05\/spazio-spadoni-logo-100x100-1.webp","contentUrl":"https:\/\/spaziospadoni.org\/wp-content\/uploads\/2026\/05\/spazio-spadoni-logo-100x100-1.webp","width":100,"height":100,"caption":"spazio + spadoni"},"image":{"@id":"https:\/\/spaziospadoni.org\/pt-pt\/#\/schema\/logo\/image\/"},"sameAs":["https:\/\/www.facebook.com\/SpazioSpadoni\/","https:\/\/www.instagram.com\/spaziospadoni\/","https:\/\/www.youtube.com\/@spaziospadoni\/playlists"]}]}},"_links":{"self":[{"href":"https:\/\/spaziospadoni.org\/pt-pt\/wp-json\/wp\/v2\/pages\/65414","targetHints":{"allow":["GET"]}}],"collection":[{"href":"https:\/\/spaziospadoni.org\/pt-pt\/wp-json\/wp\/v2\/pages"}],"about":[{"href":"https:\/\/spaziospadoni.org\/pt-pt\/wp-json\/wp\/v2\/types\/page"}],"author":[{"embeddable":true,"href":"https:\/\/spaziospadoni.org\/pt-pt\/wp-json\/wp\/v2\/users\/102"}],"replies":[{"embeddable":true,"href":"https:\/\/spaziospadoni.org\/pt-pt\/wp-json\/wp\/v2\/comments?post=65414"}],"version-history":[{"count":1,"href":"https:\/\/spaziospadoni.org\/pt-pt\/wp-json\/wp\/v2\/pages\/65414\/revisions"}],"predecessor-version":[{"id":90558,"href":"https:\/\/spaziospadoni.org\/pt-pt\/wp-json\/wp\/v2\/pages\/65414\/revisions\/90558"}],"up":[{"embeddable":true,"href":"https:\/\/spaziospadoni.org\/pt-pt\/wp-json\/wp\/v2\/pages\/60100"}],"wp:attachment":[{"href":"https:\/\/spaziospadoni.org\/pt-pt\/wp-json\/wp\/v2\/media?parent=65414"}],"curies":[{"name":"wp","href":"https:\/\/api.w.org\/{rel}","templated":true}]}}