{"id":75111,"date":"2026-05-20T13:11:09","date_gmt":"2026-05-20T12:11:09","guid":{"rendered":"https:\/\/spaziospadoni.org\/entidades-de-formacao\/arciconfraternita-di-misericordia-di-alfero\/"},"modified":"2026-08-19T10:36:26","modified_gmt":"2026-08-19T09:36:26","slug":"arquiconfraria-da-misericordia-de-alfero","status":"publish","type":"page","link":"https:\/\/spaziospadoni.org\/pt-pt\/entidades-de-formacao\/arquiconfraria-da-misericordia-de-alfero\/","title":{"rendered":"Arquiconfraria da Miseric\u00f3rdia de Alfero"},"content":{"rendered":"\n<p class=\"wp-block-paragraph\">A Miseric\u00f3rdia de Alfero \u00e9 uma associa\u00e7\u00e3o de voluntariado que faz parte do Movimento das Misericordie, nascido em 1244 em Floren\u00e7a por Pietro da Verona, depois S\u00e3o Pedro M\u00e1rtir. At\u00e9 hoje, as Misericordie est\u00e3o presentes na It\u00e1lia e no exterior com mais de 700 Confrarias.<\/p>\n\n\n<div class=\"wp-block-image\">\n<figure class=\"aligncenter size-full is-resized\"><img decoding=\"async\" width=\"225\" height=\"225\" src=\"https:\/\/spaziospadoni.org\/wp-content\/uploads\/2026\/05\/Unknown-2.jpeg\" alt=\"Arciconfraternita di Misericordia di Alfero\" class=\"wp-image-47406\" style=\"width:336px;height:auto\" srcset=\"https:\/\/spaziospadoni.org\/wp-content\/uploads\/2026\/05\/Unknown-2.jpeg 225w, https:\/\/spaziospadoni.org\/wp-content\/uploads\/2026\/05\/Unknown-2-150x150.jpeg 150w\" sizes=\"(max-width: 225px) 100vw, 225px\" \/><\/figure>\n<\/div>\n\n\n<h2 id=\"h-storia\" class=\"wp-block-heading\"><strong>Hist\u00f3ria<\/strong><\/h2>\n\n\n\n<p class=\"wp-block-paragraph\">A Miseric\u00f3rdia de Alfero nasceu em 1975 em mem\u00f3ria de um querido amigo morto em um acidente de trabalho. Um ano depois, adquirem a primeira ambul\u00e2ncia, doada pela Miseric\u00f3rdia de Galeata.\u00a0<\/p>\n\n\n\n<p class=\"wp-block-paragraph\">A Miseric\u00f3rdia ocupa-se de servi\u00e7os sociais e de sa\u00fade e, em 2010, foi-lhes confiada uma pequena casa de repouso de propriedade do munic\u00edpio de Verghereto, cuja gest\u00e3o foi recusada por muitos por ser pequena demais e nada lucrativa.\u00a0<\/p>\n\n\n\n<p class=\"wp-block-paragraph\">Assim, aos servi\u00e7os di\u00e1rios que os volunt\u00e1rios fazem com as ambul\u00e2ncias (t\u00eam uma conven\u00e7\u00e3o com a AUSL para os transportes inter-hospitalares) somou-se outro servi\u00e7o para aqueles que, neste momento hist\u00f3rico, representam os verdadeiros pobres, isto \u00e9, as pessoas idosas e sozinhas.&nbsp;&nbsp;<\/p>\n\n\n\n<p class=\"wp-block-paragraph\">A zona em que se encontra a Miseric\u00f3rdia de Alfero \u00e9 uma zona de montanha do Apenino Tosco-Romagnolo; um territ\u00f3rio que est\u00e1 se despovoando e no qual, dentro de pouco tempo, o tecido social n\u00e3o se sustentar\u00e1 mais. A maior parte dos jovens abandona estes lugares para buscar trabalho e, cada vez com mais frequ\u00eancia, passa a viver a pr\u00f3pria vida longe do lugar de origem, deixando os povoados habitados apenas por pessoas idosas.\u00a0\u00a0<\/p>\n\n\n\n<p class=\"wp-block-paragraph\">A Miseric\u00f3rdia de Alfero, terceira realidade de trabalho do Munic\u00edpio (18 funcion\u00e1rios que prestam servi\u00e7o nas ambul\u00e2ncias e na casa para idosos), empenha-se em oferecer tamb\u00e9m trabalho e, portanto, a possibilidade, para alguns jovens, de permanecer no territ\u00f3rio de origem.\u00a0<\/p>\n\n\n\n<p class=\"wp-block-paragraph\">Outro servi\u00e7o importante \u00e9 o transporte das pessoas para consultas, que s\u00e3o realizadas especialmente em Cesena, a cerca de 60 km de Alfero. Muitos idosos n\u00e3o poderiam usufruir dos cuidados m\u00e9dicos porque n\u00e3o t\u00eam carteira de motorista ou porque n\u00e3o saberiam para onde ir uma vez chegados ao grande hospital de Cesena.&nbsp;<\/p>\n\n\n\n<p class=\"wp-block-paragraph\">De algum modo, o problema do despovoamento atinge tamb\u00e9m a Miseric\u00f3rdia, que v\u00ea diminuir o n\u00famero de volunt\u00e1rios e aumentar a idade daqueles que permanecem.\u00a0\u00a0<\/p>\n\n\n\n<h2 id=\"h-nbsp-attivita-nbsp\" class=\"wp-block-heading\"> <strong>Atividades<\/strong> <\/h2>\n\n\n\n<ul class=\"wp-block-list\">\n<li>SERVI\u00c7O DE AMBUL\u00c2NCIA&nbsp;<\/li>\n\n\n\n<li>CASA DE REPOUSO&nbsp;<\/li>\n\n\n\n<li>SERVI\u00c7O DE TRANSPORTES DE SA\u00daDE&nbsp;<\/li>\n<\/ul>\n\n\n\n<h2 id=\"h-contatti\" class=\"wp-block-heading\"><strong>Contatos<\/strong><\/h2>\n\n\n\n<p class=\"wp-block-paragraph\">Via G. Leopardi 1 \u2013 47028 Alfero (FC)&nbsp;<\/p>\n\n\n\n<p class=\"wp-block-paragraph\">Tel. +39 0543 910466&nbsp;<\/p>\n\n\n\n<p class=\"wp-block-paragraph\"><a href=\"https:\/\/www.facebook.com\/MisericordiaDiAlfero\/\" target=\"_blank\" rel=\"noreferrer noopener\" title=\"https:\/\/www.facebook.com\/MisericordiaDiAlfero\/\">https:\/\/www.facebook.com\/MisericordiaDiAlfero\/<\/a><\/p>\n","protected":false},"excerpt":{"rendered":"<p>A Miseric\u00f3rdia de Alfero \u00e9 uma associa\u00e7\u00e3o de voluntariado que faz parte do Movimento das Misericordie, nascido em 1244 em Floren\u00e7a por Pietro da Verona, depois S\u00e3o Pedro M\u00e1rtir. At\u00e9 hoje, as Misericordie est\u00e3o presentes na It\u00e1lia e no exterior com mais de 700 Confrarias. Hist\u00f3ria A Miseric\u00f3rdia de Alfero nasceu em 1975 em mem\u00f3ria &#8230; <a title=\"Arquiconfraria da Miseric\u00f3rdia de Alfero\" class=\"read-more\" href=\"https:\/\/spaziospadoni.org\/pt-pt\/entidades-de-formacao\/arquiconfraria-da-misericordia-de-alfero\/\" aria-label=\"Read more about Arquiconfraria da Miseric\u00f3rdia de Alfero\">Ler mais<\/a><\/p>\n","protected":false},"author":102,"featured_media":0,"parent":73246,"menu_order":0,"comment_status":"closed","ping_status":"closed","template":"","meta":{"_sitemap_exclude":false,"_sitemap_priority":"","_sitemap_frequency":"","footnotes":""},"class_list":["post-75111","page","type-page","status-publish","infinite-scroll-item"],"yoast_head":"<!-- This site is optimized with the Yoast SEO plugin v28.4 - https:\/\/yoast.com\/product\/yoast-seo-wordpress\/ -->\n<title>Arquiconfraria da Miseric\u00f3rdia de Alfero | Spazio Spadoni<\/title>\n<meta name=\"description\" content=\"A Miseric\u00f3rdia de Alfero \u00e9 uma associa\u00e7\u00e3o de voluntariado que faz parte do Movimento das Misericordie, nascido em 1244 em Floren\u00e7a por Pietro da Verona,\" \/>\n<meta name=\"robots\" content=\"index, follow, max-snippet:-1, max-image-preview:large, max-video-preview:-1\" \/>\n<link rel=\"canonical\" href=\"https:\/\/spaziospadoni.org\/pt-pt\/entidades-de-formacao\/arquiconfraria-da-misericordia-de-alfero\/\" \/>\n<meta property=\"og:locale\" content=\"pt_PT\" \/>\n<meta property=\"og:type\" content=\"article\" \/>\n<meta property=\"og:title\" content=\"Arquiconfraria da Miseric\u00f3rdia de Alfero | Spazio Spadoni\" \/>\n<meta property=\"og:description\" content=\"A Miseric\u00f3rdia de Alfero \u00e9 uma associa\u00e7\u00e3o de voluntariado que faz parte do Movimento das Misericordie, nascido em 1244 em Floren\u00e7a por Pietro da Verona,\" \/>\n<meta property=\"og:url\" content=\"https:\/\/spaziospadoni.org\/pt-pt\/entidades-de-formacao\/arquiconfraria-da-misericordia-de-alfero\/\" \/>\n<meta property=\"og:site_name\" content=\"spazio + spadoni\" \/>\n<meta property=\"article:publisher\" content=\"https:\/\/www.facebook.com\/SpazioSpadoni\/\" \/>\n<meta property=\"article:modified_time\" content=\"2026-08-19T09:36:26+00:00\" \/>\n<meta property=\"og:image\" content=\"https:\/\/spaziospadoni.org\/wp-content\/uploads\/2026\/05\/Unknown-2.jpeg\" \/>\n\t<meta property=\"og:image:width\" content=\"225\" \/>\n\t<meta property=\"og:image:height\" content=\"225\" \/>\n\t<meta property=\"og:image:type\" content=\"image\/jpeg\" \/>\n<meta name=\"twitter:card\" content=\"summary_large_image\" \/>\n<meta name=\"twitter:label1\" content=\"Est. reading time\" \/>\n\t<meta name=\"twitter:data1\" content=\"3 minutes\" \/>\n<script type=\"application\/ld+json\" class=\"yoast-schema-graph\">{\"@context\":\"https:\\\/\\\/schema.org\",\"@graph\":[{\"@type\":\"WebPage\",\"@id\":\"https:\\\/\\\/spaziospadoni.org\\\/pt-pt\\\/entidades-de-formacao\\\/arquiconfraria-da-misericordia-de-alfero\\\/\",\"url\":\"https:\\\/\\\/spaziospadoni.org\\\/pt-pt\\\/entidades-de-formacao\\\/arquiconfraria-da-misericordia-de-alfero\\\/\",\"name\":\"Arquiconfraria da Miseric\u00f3rdia de Alfero | Spazio Spadoni\",\"isPartOf\":{\"@id\":\"https:\\\/\\\/spaziospadoni.org\\\/pt-pt\\\/#website\"},\"primaryImageOfPage\":{\"@id\":\"https:\\\/\\\/spaziospadoni.org\\\/pt-pt\\\/entidades-de-formacao\\\/arquiconfraria-da-misericordia-de-alfero\\\/#primaryimage\"},\"image\":{\"@id\":\"https:\\\/\\\/spaziospadoni.org\\\/pt-pt\\\/entidades-de-formacao\\\/arquiconfraria-da-misericordia-de-alfero\\\/#primaryimage\"},\"thumbnailUrl\":\"https:\\\/\\\/spaziospadoni.org\\\/wp-content\\\/uploads\\\/2026\\\/05\\\/Unknown-2.jpeg\",\"datePublished\":\"2026-05-20T12:11:09+00:00\",\"dateModified\":\"2026-08-19T09:36:26+00:00\",\"description\":\"A Miseric\u00f3rdia de Alfero \u00e9 uma associa\u00e7\u00e3o de voluntariado que faz parte do Movimento das Misericordie, nascido em 1244 em Floren\u00e7a por Pietro da Verona,\",\"breadcrumb\":{\"@id\":\"https:\\\/\\\/spaziospadoni.org\\\/pt-pt\\\/entidades-de-formacao\\\/arquiconfraria-da-misericordia-de-alfero\\\/#breadcrumb\"},\"inLanguage\":\"pt-PT\",\"potentialAction\":[{\"@type\":\"ReadAction\",\"target\":[\"https:\\\/\\\/spaziospadoni.org\\\/pt-pt\\\/entidades-de-formacao\\\/arquiconfraria-da-misericordia-de-alfero\\\/\"]}]},{\"@type\":\"ImageObject\",\"inLanguage\":\"pt-PT\",\"@id\":\"https:\\\/\\\/spaziospadoni.org\\\/pt-pt\\\/entidades-de-formacao\\\/arquiconfraria-da-misericordia-de-alfero\\\/#primaryimage\",\"url\":\"https:\\\/\\\/spaziospadoni.org\\\/wp-content\\\/uploads\\\/2026\\\/05\\\/Unknown-2.jpeg\",\"contentUrl\":\"https:\\\/\\\/spaziospadoni.org\\\/wp-content\\\/uploads\\\/2026\\\/05\\\/Unknown-2.jpeg\"},{\"@type\":\"BreadcrumbList\",\"@id\":\"https:\\\/\\\/spaziospadoni.org\\\/pt-pt\\\/entidades-de-formacao\\\/arquiconfraria-da-misericordia-de-alfero\\\/#breadcrumb\",\"itemListElement\":[{\"@type\":\"ListItem\",\"position\":1,\"name\":\"Home\",\"item\":\"https:\\\/\\\/spaziospadoni.org\\\/pt-pt\\\/\"},{\"@type\":\"ListItem\",\"position\":2,\"name\":\"Entidades de forma\u00e7\u00e3o\",\"item\":\"https:\\\/\\\/spaziospadoni.org\\\/pt-pt\\\/entidades-de-formacao\\\/\"},{\"@type\":\"ListItem\",\"position\":3,\"name\":\"Arquiconfraria da Miseric\u00f3rdia de Alfero\"}]},{\"@type\":\"WebSite\",\"@id\":\"https:\\\/\\\/spaziospadoni.org\\\/pt-pt\\\/#website\",\"url\":\"https:\\\/\\\/spaziospadoni.org\\\/pt-pt\\\/\",\"name\":\"spazio + spadoni\",\"description\":\"Generazione di misericordia e missione nel mondo\",\"publisher\":{\"@id\":\"https:\\\/\\\/spaziospadoni.org\\\/pt-pt\\\/#organization\"},\"alternateName\":\"spaziospadoni.org\",\"potentialAction\":[{\"@type\":\"SearchAction\",\"target\":{\"@type\":\"EntryPoint\",\"urlTemplate\":\"https:\\\/\\\/spaziospadoni.org\\\/pt-pt\\\/?s={search_term_string}\"},\"query-input\":{\"@type\":\"PropertyValueSpecification\",\"valueRequired\":true,\"valueName\":\"search_term_string\"}}],\"inLanguage\":\"pt-PT\"},{\"@type\":\"Organization\",\"@id\":\"https:\\\/\\\/spaziospadoni.org\\\/pt-pt\\\/#organization\",\"name\":\"spazio + spadoni\",\"alternateName\":\"spaziospadoni.org\",\"url\":\"https:\\\/\\\/spaziospadoni.org\\\/pt-pt\\\/\",\"logo\":{\"@type\":\"ImageObject\",\"inLanguage\":\"pt-PT\",\"@id\":\"https:\\\/\\\/spaziospadoni.org\\\/pt-pt\\\/#\\\/schema\\\/logo\\\/image\\\/\",\"url\":\"https:\\\/\\\/spaziospadoni.org\\\/wp-content\\\/uploads\\\/2026\\\/05\\\/spazio-spadoni-logo-100x100-1.webp\",\"contentUrl\":\"https:\\\/\\\/spaziospadoni.org\\\/wp-content\\\/uploads\\\/2026\\\/05\\\/spazio-spadoni-logo-100x100-1.webp\",\"width\":100,\"height\":100,\"caption\":\"spazio + spadoni\"},\"image\":{\"@id\":\"https:\\\/\\\/spaziospadoni.org\\\/pt-pt\\\/#\\\/schema\\\/logo\\\/image\\\/\"},\"sameAs\":[\"https:\\\/\\\/www.facebook.com\\\/SpazioSpadoni\\\/\",\"https:\\\/\\\/www.instagram.com\\\/spaziospadoni\\\/\",\"https:\\\/\\\/www.youtube.com\\\/@spaziospadoni\\\/playlists\"]}]}<\/script>\n<!-- \/ Yoast SEO plugin. -->","yoast_head_json":{"title":"Arquiconfraria da Miseric\u00f3rdia de Alfero | Spazio Spadoni","description":"A Miseric\u00f3rdia de Alfero \u00e9 uma associa\u00e7\u00e3o de voluntariado que faz parte do Movimento das Misericordie, nascido em 1244 em Floren\u00e7a por Pietro da Verona,","robots":{"index":"index","follow":"follow","max-snippet":"max-snippet:-1","max-image-preview":"max-image-preview:large","max-video-preview":"max-video-preview:-1"},"canonical":"https:\/\/spaziospadoni.org\/pt-pt\/entidades-de-formacao\/arquiconfraria-da-misericordia-de-alfero\/","og_locale":"pt_PT","og_type":"article","og_title":"Arquiconfraria da Miseric\u00f3rdia de Alfero | Spazio Spadoni","og_description":"A Miseric\u00f3rdia de Alfero \u00e9 uma associa\u00e7\u00e3o de voluntariado que faz parte do Movimento das Misericordie, nascido em 1244 em Floren\u00e7a por Pietro da Verona,","og_url":"https:\/\/spaziospadoni.org\/pt-pt\/entidades-de-formacao\/arquiconfraria-da-misericordia-de-alfero\/","og_site_name":"spazio + spadoni","article_publisher":"https:\/\/www.facebook.com\/SpazioSpadoni\/","article_modified_time":"2026-08-19T09:36:26+00:00","og_image":[{"width":225,"height":225,"url":"https:\/\/spaziospadoni.org\/wp-content\/uploads\/2026\/05\/Unknown-2.jpeg","type":"image\/jpeg"}],"twitter_card":"summary_large_image","twitter_misc":{"Est. reading time":"3 minutes"},"schema":{"@context":"https:\/\/schema.org","@graph":[{"@type":"WebPage","@id":"https:\/\/spaziospadoni.org\/pt-pt\/entidades-de-formacao\/arquiconfraria-da-misericordia-de-alfero\/","url":"https:\/\/spaziospadoni.org\/pt-pt\/entidades-de-formacao\/arquiconfraria-da-misericordia-de-alfero\/","name":"Arquiconfraria da Miseric\u00f3rdia de Alfero | Spazio Spadoni","isPartOf":{"@id":"https:\/\/spaziospadoni.org\/pt-pt\/#website"},"primaryImageOfPage":{"@id":"https:\/\/spaziospadoni.org\/pt-pt\/entidades-de-formacao\/arquiconfraria-da-misericordia-de-alfero\/#primaryimage"},"image":{"@id":"https:\/\/spaziospadoni.org\/pt-pt\/entidades-de-formacao\/arquiconfraria-da-misericordia-de-alfero\/#primaryimage"},"thumbnailUrl":"https:\/\/spaziospadoni.org\/wp-content\/uploads\/2026\/05\/Unknown-2.jpeg","datePublished":"2026-05-20T12:11:09+00:00","dateModified":"2026-08-19T09:36:26+00:00","description":"A Miseric\u00f3rdia de Alfero \u00e9 uma associa\u00e7\u00e3o de voluntariado que faz parte do Movimento das Misericordie, nascido em 1244 em Floren\u00e7a por Pietro da Verona,","breadcrumb":{"@id":"https:\/\/spaziospadoni.org\/pt-pt\/entidades-de-formacao\/arquiconfraria-da-misericordia-de-alfero\/#breadcrumb"},"inLanguage":"pt-PT","potentialAction":[{"@type":"ReadAction","target":["https:\/\/spaziospadoni.org\/pt-pt\/entidades-de-formacao\/arquiconfraria-da-misericordia-de-alfero\/"]}]},{"@type":"ImageObject","inLanguage":"pt-PT","@id":"https:\/\/spaziospadoni.org\/pt-pt\/entidades-de-formacao\/arquiconfraria-da-misericordia-de-alfero\/#primaryimage","url":"https:\/\/spaziospadoni.org\/wp-content\/uploads\/2026\/05\/Unknown-2.jpeg","contentUrl":"https:\/\/spaziospadoni.org\/wp-content\/uploads\/2026\/05\/Unknown-2.jpeg"},{"@type":"BreadcrumbList","@id":"https:\/\/spaziospadoni.org\/pt-pt\/entidades-de-formacao\/arquiconfraria-da-misericordia-de-alfero\/#breadcrumb","itemListElement":[{"@type":"ListItem","position":1,"name":"Home","item":"https:\/\/spaziospadoni.org\/pt-pt\/"},{"@type":"ListItem","position":2,"name":"Entidades de forma\u00e7\u00e3o","item":"https:\/\/spaziospadoni.org\/pt-pt\/entidades-de-formacao\/"},{"@type":"ListItem","position":3,"name":"Arquiconfraria da Miseric\u00f3rdia de Alfero"}]},{"@type":"WebSite","@id":"https:\/\/spaziospadoni.org\/pt-pt\/#website","url":"https:\/\/spaziospadoni.org\/pt-pt\/","name":"spazio + spadoni","description":"Generazione di misericordia e missione nel mondo","publisher":{"@id":"https:\/\/spaziospadoni.org\/pt-pt\/#organization"},"alternateName":"spaziospadoni.org","potentialAction":[{"@type":"SearchAction","target":{"@type":"EntryPoint","urlTemplate":"https:\/\/spaziospadoni.org\/pt-pt\/?s={search_term_string}"},"query-input":{"@type":"PropertyValueSpecification","valueRequired":true,"valueName":"search_term_string"}}],"inLanguage":"pt-PT"},{"@type":"Organization","@id":"https:\/\/spaziospadoni.org\/pt-pt\/#organization","name":"spazio + spadoni","alternateName":"spaziospadoni.org","url":"https:\/\/spaziospadoni.org\/pt-pt\/","logo":{"@type":"ImageObject","inLanguage":"pt-PT","@id":"https:\/\/spaziospadoni.org\/pt-pt\/#\/schema\/logo\/image\/","url":"https:\/\/spaziospadoni.org\/wp-content\/uploads\/2026\/05\/spazio-spadoni-logo-100x100-1.webp","contentUrl":"https:\/\/spaziospadoni.org\/wp-content\/uploads\/2026\/05\/spazio-spadoni-logo-100x100-1.webp","width":100,"height":100,"caption":"spazio + spadoni"},"image":{"@id":"https:\/\/spaziospadoni.org\/pt-pt\/#\/schema\/logo\/image\/"},"sameAs":["https:\/\/www.facebook.com\/SpazioSpadoni\/","https:\/\/www.instagram.com\/spaziospadoni\/","https:\/\/www.youtube.com\/@spaziospadoni\/playlists"]}]}},"_links":{"self":[{"href":"https:\/\/spaziospadoni.org\/pt-pt\/wp-json\/wp\/v2\/pages\/75111","targetHints":{"allow":["GET"]}}],"collection":[{"href":"https:\/\/spaziospadoni.org\/pt-pt\/wp-json\/wp\/v2\/pages"}],"about":[{"href":"https:\/\/spaziospadoni.org\/pt-pt\/wp-json\/wp\/v2\/types\/page"}],"author":[{"embeddable":true,"href":"https:\/\/spaziospadoni.org\/pt-pt\/wp-json\/wp\/v2\/users\/102"}],"replies":[{"embeddable":true,"href":"https:\/\/spaziospadoni.org\/pt-pt\/wp-json\/wp\/v2\/comments?post=75111"}],"version-history":[{"count":1,"href":"https:\/\/spaziospadoni.org\/pt-pt\/wp-json\/wp\/v2\/pages\/75111\/revisions"}],"predecessor-version":[{"id":90596,"href":"https:\/\/spaziospadoni.org\/pt-pt\/wp-json\/wp\/v2\/pages\/75111\/revisions\/90596"}],"up":[{"embeddable":true,"href":"https:\/\/spaziospadoni.org\/pt-pt\/wp-json\/wp\/v2\/pages\/73246"}],"wp:attachment":[{"href":"https:\/\/spaziospadoni.org\/pt-pt\/wp-json\/wp\/v2\/media?parent=75111"}],"curies":[{"name":"wp","href":"https:\/\/api.w.org\/{rel}","templated":true}]}}