{"id":77866,"date":"2026-05-20T13:12:46","date_gmt":"2026-05-20T12:12:46","guid":{"rendered":"https:\/\/spaziospadoni.org\/entidades-de-formacao\/arciconfraternita-di-misericordia-di-arezzo\/"},"modified":"2026-08-21T14:46:24","modified_gmt":"2026-08-21T13:46:24","slug":"arquiconfraria-da-misericordia-de-arezzo","status":"publish","type":"page","link":"https:\/\/spaziospadoni.org\/pt-pt\/entidades-de-formacao\/arquiconfraria-da-misericordia-de-arezzo\/","title":{"rendered":"Arquiconfraria da Miseric\u00f3rdia de Arezzo"},"content":{"rendered":"\n<p class=\"wp-block-paragraph\">A Arquiconfraria da Miseric\u00f3rdia de Arezzo \u00e9 uma associa\u00e7\u00e3o de voluntariado que faz parte do Movimento das Confrarias da Miseric\u00f3rdia, fundado em Floren\u00e7a em 1244 por Pietro da Verona, mais tarde S\u00e3o Pedro M\u00e1rtir. Atualmente, as Confrarias da Miseric\u00f3rdia est\u00e3o presentes em It\u00e1lia e no estrangeiro, com mais de 700 confrarias.<\/p>\n\n\n<div class=\"wp-block-image\">\n<figure class=\"aligncenter size-full is-resized\"><img decoding=\"async\" width=\"184\" height=\"184\" src=\"https:\/\/spaziospadoni.org\/wp-content\/uploads\/2026\/05\/Misericordia-di-Arezzo-Logo.jpg\" alt=\"Log\u00f3tipo da Arquiconfraria da Miseric\u00f3rdia de Arezzo\" class=\"wp-image-45510\" style=\"width:274px;height:auto\" srcset=\"https:\/\/spaziospadoni.org\/wp-content\/uploads\/2026\/05\/Misericordia-di-Arezzo-Logo.jpg 184w, https:\/\/spaziospadoni.org\/wp-content\/uploads\/2026\/05\/Misericordia-di-Arezzo-Logo-150x150.jpg 150w\" sizes=\"(max-width: 184px) 100vw, 184px\" \/><\/figure>\n<\/div>\n\n\n<h2 id=\"h-storia\" class=\"wp-block-heading\"><strong>Hist\u00f3ria<\/strong><\/h2>\n\n\n\n<p class=\"wp-block-paragraph\">A atividade da Arquiconfraria da Miseric\u00f3rdia de Arezzo remonta a 25 de agosto de 1315, quando Guido Tarlati, bispo de Arezzo, autorizou a institui\u00e7\u00e3o da \u00abCompanhia da Sant\u00edssima Trindade\u00bb, decretando a sua supremacia sobre todas as outras companhias existentes. Em 1348, a \u00abSocietas SS. Trinitatis \u00bb tinha adquirido casas e terrenos para estabelecer a sua sede definitiva, que continua a ser<br>a sua sede atual.<\/p>\n\n\n\n<p class=\"wp-block-paragraph\">A Companhia da Sant\u00edssima Trindade continuou a funcionar como tal at\u00e9 1785, ano em que o gr\u00e3o-duque da Toscana Pietro Leopoldo decretou a supress\u00e3o de todas as confrarias e companhias.<\/p>\n\n\n\n<p class=\"wp-block-paragraph\">No entanto, uma vez que, nos termos do rescrito gr\u00e3o-ducal, as companhias suprimidas deviam ser substitu\u00eddas em cada par\u00f3quia<br>por uma \u00abCompanhia de Caridade\u00bb, cuja finalidade era \u00abal\u00e9m das pr\u00e1ticas religiosas e do ensino da Doutrina Crist\u00e3, assistir os doentes e transport\u00e1-los para o hospital, transportar os mortos para a sepultura e providenciar e distribuir aux\u00edlios caritativos aos necessitados\u00bb, a extinta Companhia da<br>Trindade reconstituiu-se junto da Catedral como \u00abCompanhia de Caridade da Catedral\u00bb. Perante a inexist\u00eancia de outras Companhias de Caridade em Arezzo, em 1792 foi pedida autoriza\u00e7\u00e3o ao \u00abTrono Real\u00bb<br>para que a \u00abCompanhia de Caridade da Catedral\u00bb, com o novo nome de \u00abCompanhia da Miseric\u00f3rdia e da Morte\u00bb, se transferisse para a vizinha Igreja de S\u00e3o Sebasti\u00e3o e pudesse admitir tamb\u00e9m Irm\u00e3os alheios \u00e0 Par\u00f3quia da Catedral. O pedido, que sancionava de facto o renascimento da antiga Companhia, embora com outro nome, foi aprovado por<br>\u00abrescritos da Secretaria do Direito Real de 30 de junho e 27 de julho de 1792\u00bb. A Confraria tem como padroeira Nossa Senhora Auxiliadora e, no que diz respeito aos valores morais, \u00e9ticos e religiosos, depende da Autoridade Diocesana, representada por um Corretor, Assistente Eclesi\u00e1stico nomeado pelo Ordin\u00e1rio Diocesano competente no territ\u00f3rio.<\/p>\n\n\n\n<h2 id=\"h-attivita\" class=\"wp-block-heading\"><strong>Atividades<\/strong><\/h2>\n\n\n\n<ul class=\"wp-block-list\">\n<li>TRANSPORTE SANIT\u00c1RIO NORMAL<\/li>\n\n\n\n<li>TRANSPORTE SANIT\u00c1RIO DE EMERG\u00caNCIA<\/li>\n\n\n\n<li>TRANSPORTE SOCIAL<\/li>\n\n\n\n<li>TRANSPORTE FUNER\u00c1RIO<\/li>\n\n\n\n<li>ASSIST\u00caNCIA A IDOSOS E PESSOAS COM DEFICI\u00caNCIA<\/li>\n\n\n\n<li>SERVI\u00c7OS DESPORTIVOS PARA EVENTOS<\/li>\n\n\n\n<li>CENTRO DE ESCUTA ANTI-USURA<\/li>\n\n\n\n<li>RECOLHA E POSTERIOR ENTREGA DE ROUPA A PESSOAS NECESSITADAS<\/li>\n\n\n\n<li>PROTE\u00c7\u00c3O CIVIL<\/li>\n\n\n\n<li>TELEASSIST\u00caNCIA<\/li>\n\n\n\n<li>GRUPO DE DADORES DE SANGUE FRATRES<\/li>\n\n\n\n<li>GRUPO DE DADORES DE \u00d3RG\u00c3OS AIDO<\/li>\n<\/ul>\n\n\n\n<h2 id=\"h-contatti\" class=\"wp-block-heading\"><strong>Contactos<\/strong><\/h2>\n\n\n\n<p class=\"wp-block-paragraph\">Via Garibaldi, 143 \u2013 52100 Arezzo (AR)<\/p>\n\n\n\n<p class=\"wp-block-paragraph\">Tel. +39 0575 24242<\/p>\n\n\n\n<p class=\"wp-block-paragraph\"><a href=\"https:\/\/www.misericordiadiarezzo.it\/wp\" target=\"_blank\" rel=\"noreferrer noopener nofollow\" title=\"https:\/\/www.misericordiadiarezzo.it\/wp\">https:\/\/www.misericordiadiarezzo.it\/wp<\/a><\/p>\n\n\n\n<p class=\"wp-block-paragraph\"><a href=\"mailto:info@misericordiaarezzo.it\" target=\"_blank\" rel=\"noreferrer noopener\" title=\"info@misericordiaarezzo.it\">info@misericordiaarezzo.it<\/a><\/p>\n","protected":false},"excerpt":{"rendered":"<p>A Arquiconfraria da Miseric\u00f3rdia de Arezzo \u00e9 uma associa\u00e7\u00e3o de voluntariado que faz parte do Movimento das Confrarias da Miseric\u00f3rdia, fundado em Floren\u00e7a em 1244 por Pietro da Verona, mais tarde S\u00e3o Pedro M\u00e1rtir. Atualmente, as Confrarias da Miseric\u00f3rdia est\u00e3o presentes em It\u00e1lia e no estrangeiro, com mais de 700 confrarias. Hist\u00f3ria A atividade da &#8230; <a title=\"Arquiconfraria da Miseric\u00f3rdia de Arezzo\" class=\"read-more\" href=\"https:\/\/spaziospadoni.org\/pt-pt\/entidades-de-formacao\/arquiconfraria-da-misericordia-de-arezzo\/\" aria-label=\"Read more about Arquiconfraria da Miseric\u00f3rdia de Arezzo\">Ler mais<\/a><\/p>\n","protected":false},"author":102,"featured_media":0,"parent":73246,"menu_order":0,"comment_status":"closed","ping_status":"closed","template":"","meta":{"_sitemap_exclude":false,"_sitemap_priority":"","_sitemap_frequency":"","footnotes":""},"class_list":["post-77866","page","type-page","status-publish","infinite-scroll-item"],"yoast_head":"<!-- This site is optimized with the Yoast SEO plugin v28.4 - https:\/\/yoast.com\/product\/yoast-seo-wordpress\/ -->\n<title>Arquiconfraria da Miseric\u00f3rdia de Arezzo | Spazio Spadoni<\/title>\n<meta name=\"description\" content=\"A Arquiconfraria da Miseric\u00f3rdia de Arezzo \u00e9 uma associa\u00e7\u00e3o de voluntariado que faz parte do Movimento das Confrarias da Miseric\u00f3rdia, fundado em Floren\u00e7a\" \/>\n<meta name=\"robots\" content=\"index, follow, max-snippet:-1, max-image-preview:large, max-video-preview:-1\" \/>\n<link rel=\"canonical\" href=\"https:\/\/spaziospadoni.org\/pt-pt\/entidades-de-formacao\/arquiconfraria-da-misericordia-de-arezzo\/\" \/>\n<meta property=\"og:locale\" content=\"pt_PT\" \/>\n<meta property=\"og:type\" content=\"article\" \/>\n<meta property=\"og:title\" content=\"Arquiconfraria da Miseric\u00f3rdia de Arezzo | Spazio Spadoni\" \/>\n<meta property=\"og:description\" content=\"A Arquiconfraria da Miseric\u00f3rdia de Arezzo \u00e9 uma associa\u00e7\u00e3o de voluntariado que faz parte do Movimento das Confrarias da Miseric\u00f3rdia, fundado em Floren\u00e7a\" \/>\n<meta property=\"og:url\" content=\"https:\/\/spaziospadoni.org\/pt-pt\/entidades-de-formacao\/arquiconfraria-da-misericordia-de-arezzo\/\" \/>\n<meta property=\"og:site_name\" content=\"spazio + spadoni\" \/>\n<meta property=\"article:publisher\" content=\"https:\/\/www.facebook.com\/SpazioSpadoni\/\" \/>\n<meta property=\"article:modified_time\" content=\"2026-08-21T13:46:24+00:00\" \/>\n<meta property=\"og:image\" content=\"https:\/\/spaziospadoni.org\/wp-content\/uploads\/2026\/05\/Misericordia-di-Arezzo-Logo.jpg\" \/>\n\t<meta property=\"og:image:width\" content=\"184\" \/>\n\t<meta property=\"og:image:height\" content=\"184\" \/>\n\t<meta property=\"og:image:type\" content=\"image\/jpeg\" \/>\n<meta name=\"twitter:card\" content=\"summary_large_image\" \/>\n<meta name=\"twitter:label1\" content=\"Est. reading time\" \/>\n\t<meta name=\"twitter:data1\" content=\"3 minutes\" \/>\n<script type=\"application\/ld+json\" class=\"yoast-schema-graph\">{\"@context\":\"https:\\\/\\\/schema.org\",\"@graph\":[{\"@type\":\"WebPage\",\"@id\":\"https:\\\/\\\/spaziospadoni.org\\\/pt-pt\\\/entidades-de-formacao\\\/arquiconfraria-da-misericordia-de-arezzo\\\/\",\"url\":\"https:\\\/\\\/spaziospadoni.org\\\/pt-pt\\\/entidades-de-formacao\\\/arquiconfraria-da-misericordia-de-arezzo\\\/\",\"name\":\"Arquiconfraria da Miseric\u00f3rdia de Arezzo | Spazio Spadoni\",\"isPartOf\":{\"@id\":\"https:\\\/\\\/spaziospadoni.org\\\/pt-pt\\\/#website\"},\"primaryImageOfPage\":{\"@id\":\"https:\\\/\\\/spaziospadoni.org\\\/pt-pt\\\/entidades-de-formacao\\\/arquiconfraria-da-misericordia-de-arezzo\\\/#primaryimage\"},\"image\":{\"@id\":\"https:\\\/\\\/spaziospadoni.org\\\/pt-pt\\\/entidades-de-formacao\\\/arquiconfraria-da-misericordia-de-arezzo\\\/#primaryimage\"},\"thumbnailUrl\":\"https:\\\/\\\/spaziospadoni.org\\\/wp-content\\\/uploads\\\/2026\\\/05\\\/Misericordia-di-Arezzo-Logo.jpg\",\"datePublished\":\"2026-05-20T12:12:46+00:00\",\"dateModified\":\"2026-08-21T13:46:24+00:00\",\"description\":\"A Arquiconfraria da Miseric\u00f3rdia de Arezzo \u00e9 uma associa\u00e7\u00e3o de voluntariado que faz parte do Movimento das Confrarias da Miseric\u00f3rdia, fundado em Floren\u00e7a\",\"breadcrumb\":{\"@id\":\"https:\\\/\\\/spaziospadoni.org\\\/pt-pt\\\/entidades-de-formacao\\\/arquiconfraria-da-misericordia-de-arezzo\\\/#breadcrumb\"},\"inLanguage\":\"pt-PT\",\"potentialAction\":[{\"@type\":\"ReadAction\",\"target\":[\"https:\\\/\\\/spaziospadoni.org\\\/pt-pt\\\/entidades-de-formacao\\\/arquiconfraria-da-misericordia-de-arezzo\\\/\"]}]},{\"@type\":\"ImageObject\",\"inLanguage\":\"pt-PT\",\"@id\":\"https:\\\/\\\/spaziospadoni.org\\\/pt-pt\\\/entidades-de-formacao\\\/arquiconfraria-da-misericordia-de-arezzo\\\/#primaryimage\",\"url\":\"https:\\\/\\\/spaziospadoni.org\\\/wp-content\\\/uploads\\\/2026\\\/05\\\/Misericordia-di-Arezzo-Logo.jpg\",\"contentUrl\":\"https:\\\/\\\/spaziospadoni.org\\\/wp-content\\\/uploads\\\/2026\\\/05\\\/Misericordia-di-Arezzo-Logo.jpg\"},{\"@type\":\"BreadcrumbList\",\"@id\":\"https:\\\/\\\/spaziospadoni.org\\\/pt-pt\\\/entidades-de-formacao\\\/arquiconfraria-da-misericordia-de-arezzo\\\/#breadcrumb\",\"itemListElement\":[{\"@type\":\"ListItem\",\"position\":1,\"name\":\"Home\",\"item\":\"https:\\\/\\\/spaziospadoni.org\\\/pt-pt\\\/\"},{\"@type\":\"ListItem\",\"position\":2,\"name\":\"Entidades de forma\u00e7\u00e3o\",\"item\":\"https:\\\/\\\/spaziospadoni.org\\\/pt-pt\\\/entidades-de-formacao\\\/\"},{\"@type\":\"ListItem\",\"position\":3,\"name\":\"Arquiconfraria da Miseric\u00f3rdia de Arezzo\"}]},{\"@type\":\"WebSite\",\"@id\":\"https:\\\/\\\/spaziospadoni.org\\\/pt-pt\\\/#website\",\"url\":\"https:\\\/\\\/spaziospadoni.org\\\/pt-pt\\\/\",\"name\":\"spazio + spadoni\",\"description\":\"Generazione di misericordia e missione nel mondo\",\"publisher\":{\"@id\":\"https:\\\/\\\/spaziospadoni.org\\\/pt-pt\\\/#organization\"},\"alternateName\":\"spaziospadoni.org\",\"potentialAction\":[{\"@type\":\"SearchAction\",\"target\":{\"@type\":\"EntryPoint\",\"urlTemplate\":\"https:\\\/\\\/spaziospadoni.org\\\/pt-pt\\\/?s={search_term_string}\"},\"query-input\":{\"@type\":\"PropertyValueSpecification\",\"valueRequired\":true,\"valueName\":\"search_term_string\"}}],\"inLanguage\":\"pt-PT\"},{\"@type\":\"Organization\",\"@id\":\"https:\\\/\\\/spaziospadoni.org\\\/pt-pt\\\/#organization\",\"name\":\"spazio + spadoni\",\"alternateName\":\"spaziospadoni.org\",\"url\":\"https:\\\/\\\/spaziospadoni.org\\\/pt-pt\\\/\",\"logo\":{\"@type\":\"ImageObject\",\"inLanguage\":\"pt-PT\",\"@id\":\"https:\\\/\\\/spaziospadoni.org\\\/pt-pt\\\/#\\\/schema\\\/logo\\\/image\\\/\",\"url\":\"https:\\\/\\\/spaziospadoni.org\\\/wp-content\\\/uploads\\\/2026\\\/05\\\/spazio-spadoni-logo-100x100-1.webp\",\"contentUrl\":\"https:\\\/\\\/spaziospadoni.org\\\/wp-content\\\/uploads\\\/2026\\\/05\\\/spazio-spadoni-logo-100x100-1.webp\",\"width\":100,\"height\":100,\"caption\":\"spazio + spadoni\"},\"image\":{\"@id\":\"https:\\\/\\\/spaziospadoni.org\\\/pt-pt\\\/#\\\/schema\\\/logo\\\/image\\\/\"},\"sameAs\":[\"https:\\\/\\\/www.facebook.com\\\/SpazioSpadoni\\\/\",\"https:\\\/\\\/www.instagram.com\\\/spaziospadoni\\\/\",\"https:\\\/\\\/www.youtube.com\\\/@spaziospadoni\\\/playlists\"]}]}<\/script>\n<!-- \/ Yoast SEO plugin. -->","yoast_head_json":{"title":"Arquiconfraria da Miseric\u00f3rdia de Arezzo | Spazio Spadoni","description":"A Arquiconfraria da Miseric\u00f3rdia de Arezzo \u00e9 uma associa\u00e7\u00e3o de voluntariado que faz parte do Movimento das Confrarias da Miseric\u00f3rdia, fundado em Floren\u00e7a","robots":{"index":"index","follow":"follow","max-snippet":"max-snippet:-1","max-image-preview":"max-image-preview:large","max-video-preview":"max-video-preview:-1"},"canonical":"https:\/\/spaziospadoni.org\/pt-pt\/entidades-de-formacao\/arquiconfraria-da-misericordia-de-arezzo\/","og_locale":"pt_PT","og_type":"article","og_title":"Arquiconfraria da Miseric\u00f3rdia de Arezzo | Spazio Spadoni","og_description":"A Arquiconfraria da Miseric\u00f3rdia de Arezzo \u00e9 uma associa\u00e7\u00e3o de voluntariado que faz parte do Movimento das Confrarias da Miseric\u00f3rdia, fundado em Floren\u00e7a","og_url":"https:\/\/spaziospadoni.org\/pt-pt\/entidades-de-formacao\/arquiconfraria-da-misericordia-de-arezzo\/","og_site_name":"spazio + spadoni","article_publisher":"https:\/\/www.facebook.com\/SpazioSpadoni\/","article_modified_time":"2026-08-21T13:46:24+00:00","og_image":[{"width":184,"height":184,"url":"https:\/\/spaziospadoni.org\/wp-content\/uploads\/2026\/05\/Misericordia-di-Arezzo-Logo.jpg","type":"image\/jpeg"}],"twitter_card":"summary_large_image","twitter_misc":{"Est. reading time":"3 minutes"},"schema":{"@context":"https:\/\/schema.org","@graph":[{"@type":"WebPage","@id":"https:\/\/spaziospadoni.org\/pt-pt\/entidades-de-formacao\/arquiconfraria-da-misericordia-de-arezzo\/","url":"https:\/\/spaziospadoni.org\/pt-pt\/entidades-de-formacao\/arquiconfraria-da-misericordia-de-arezzo\/","name":"Arquiconfraria da Miseric\u00f3rdia de Arezzo | Spazio Spadoni","isPartOf":{"@id":"https:\/\/spaziospadoni.org\/pt-pt\/#website"},"primaryImageOfPage":{"@id":"https:\/\/spaziospadoni.org\/pt-pt\/entidades-de-formacao\/arquiconfraria-da-misericordia-de-arezzo\/#primaryimage"},"image":{"@id":"https:\/\/spaziospadoni.org\/pt-pt\/entidades-de-formacao\/arquiconfraria-da-misericordia-de-arezzo\/#primaryimage"},"thumbnailUrl":"https:\/\/spaziospadoni.org\/wp-content\/uploads\/2026\/05\/Misericordia-di-Arezzo-Logo.jpg","datePublished":"2026-05-20T12:12:46+00:00","dateModified":"2026-08-21T13:46:24+00:00","description":"A Arquiconfraria da Miseric\u00f3rdia de Arezzo \u00e9 uma associa\u00e7\u00e3o de voluntariado que faz parte do Movimento das Confrarias da Miseric\u00f3rdia, fundado em Floren\u00e7a","breadcrumb":{"@id":"https:\/\/spaziospadoni.org\/pt-pt\/entidades-de-formacao\/arquiconfraria-da-misericordia-de-arezzo\/#breadcrumb"},"inLanguage":"pt-PT","potentialAction":[{"@type":"ReadAction","target":["https:\/\/spaziospadoni.org\/pt-pt\/entidades-de-formacao\/arquiconfraria-da-misericordia-de-arezzo\/"]}]},{"@type":"ImageObject","inLanguage":"pt-PT","@id":"https:\/\/spaziospadoni.org\/pt-pt\/entidades-de-formacao\/arquiconfraria-da-misericordia-de-arezzo\/#primaryimage","url":"https:\/\/spaziospadoni.org\/wp-content\/uploads\/2026\/05\/Misericordia-di-Arezzo-Logo.jpg","contentUrl":"https:\/\/spaziospadoni.org\/wp-content\/uploads\/2026\/05\/Misericordia-di-Arezzo-Logo.jpg"},{"@type":"BreadcrumbList","@id":"https:\/\/spaziospadoni.org\/pt-pt\/entidades-de-formacao\/arquiconfraria-da-misericordia-de-arezzo\/#breadcrumb","itemListElement":[{"@type":"ListItem","position":1,"name":"Home","item":"https:\/\/spaziospadoni.org\/pt-pt\/"},{"@type":"ListItem","position":2,"name":"Entidades de forma\u00e7\u00e3o","item":"https:\/\/spaziospadoni.org\/pt-pt\/entidades-de-formacao\/"},{"@type":"ListItem","position":3,"name":"Arquiconfraria da Miseric\u00f3rdia de Arezzo"}]},{"@type":"WebSite","@id":"https:\/\/spaziospadoni.org\/pt-pt\/#website","url":"https:\/\/spaziospadoni.org\/pt-pt\/","name":"spazio + spadoni","description":"Generazione di misericordia e missione nel mondo","publisher":{"@id":"https:\/\/spaziospadoni.org\/pt-pt\/#organization"},"alternateName":"spaziospadoni.org","potentialAction":[{"@type":"SearchAction","target":{"@type":"EntryPoint","urlTemplate":"https:\/\/spaziospadoni.org\/pt-pt\/?s={search_term_string}"},"query-input":{"@type":"PropertyValueSpecification","valueRequired":true,"valueName":"search_term_string"}}],"inLanguage":"pt-PT"},{"@type":"Organization","@id":"https:\/\/spaziospadoni.org\/pt-pt\/#organization","name":"spazio + spadoni","alternateName":"spaziospadoni.org","url":"https:\/\/spaziospadoni.org\/pt-pt\/","logo":{"@type":"ImageObject","inLanguage":"pt-PT","@id":"https:\/\/spaziospadoni.org\/pt-pt\/#\/schema\/logo\/image\/","url":"https:\/\/spaziospadoni.org\/wp-content\/uploads\/2026\/05\/spazio-spadoni-logo-100x100-1.webp","contentUrl":"https:\/\/spaziospadoni.org\/wp-content\/uploads\/2026\/05\/spazio-spadoni-logo-100x100-1.webp","width":100,"height":100,"caption":"spazio + spadoni"},"image":{"@id":"https:\/\/spaziospadoni.org\/pt-pt\/#\/schema\/logo\/image\/"},"sameAs":["https:\/\/www.facebook.com\/SpazioSpadoni\/","https:\/\/www.instagram.com\/spaziospadoni\/","https:\/\/www.youtube.com\/@spaziospadoni\/playlists"]}]}},"_links":{"self":[{"href":"https:\/\/spaziospadoni.org\/pt-pt\/wp-json\/wp\/v2\/pages\/77866","targetHints":{"allow":["GET"]}}],"collection":[{"href":"https:\/\/spaziospadoni.org\/pt-pt\/wp-json\/wp\/v2\/pages"}],"about":[{"href":"https:\/\/spaziospadoni.org\/pt-pt\/wp-json\/wp\/v2\/types\/page"}],"author":[{"embeddable":true,"href":"https:\/\/spaziospadoni.org\/pt-pt\/wp-json\/wp\/v2\/users\/102"}],"replies":[{"embeddable":true,"href":"https:\/\/spaziospadoni.org\/pt-pt\/wp-json\/wp\/v2\/comments?post=77866"}],"version-history":[{"count":1,"href":"https:\/\/spaziospadoni.org\/pt-pt\/wp-json\/wp\/v2\/pages\/77866\/revisions"}],"predecessor-version":[{"id":91576,"href":"https:\/\/spaziospadoni.org\/pt-pt\/wp-json\/wp\/v2\/pages\/77866\/revisions\/91576"}],"up":[{"embeddable":true,"href":"https:\/\/spaziospadoni.org\/pt-pt\/wp-json\/wp\/v2\/pages\/73246"}],"wp:attachment":[{"href":"https:\/\/spaziospadoni.org\/pt-pt\/wp-json\/wp\/v2\/media?parent=77866"}],"curies":[{"name":"wp","href":"https:\/\/api.w.org\/{rel}","templated":true}]}}