{"id":78134,"date":"2026-05-20T13:21:22","date_gmt":"2026-05-20T12:21:22","guid":{"rendered":"https:\/\/spaziospadoni.org\/entidades-de-formacao\/arciconfraternita-di-misericordia-di-castelnuovo-garfagnana\/"},"modified":"2026-08-21T15:01:00","modified_gmt":"2026-08-21T14:01:00","slug":"arquiconfraria-da-misericordia-de-castelnuovo-garfagnana","status":"publish","type":"page","link":"https:\/\/spaziospadoni.org\/pt-pt\/entidades-de-formacao\/arquiconfraria-da-misericordia-de-castelnuovo-garfagnana\/","title":{"rendered":"Arquiconfraria da Miseric\u00f3rdia de Castelnuovo Garfagnana"},"content":{"rendered":"\n<p class=\"wp-block-paragraph\">A Confraria da Miseric\u00f3rdia de Castelnuovo Garfagnana \u00e9 uma associa\u00e7\u00e3o de voluntariado que faz parte do Movimento das Confrarias da Miseric\u00f3rdia, nascido em 1244 em Floren\u00e7a por iniciativa de Pietro da Verona, mais tarde S\u00e3o Pedro M\u00e1rtir. Atualmente, as Confrarias da Miseric\u00f3rdia est\u00e3o presentes em It\u00e1lia e no estrangeiro com mais de 700 confrarias.<\/p>\n\n\n<div class=\"wp-block-image\">\n<figure class=\"aligncenter size-full is-resized\"><img decoding=\"async\" width=\"243\" height=\"270\" src=\"https:\/\/spaziospadoni.org\/wp-content\/uploads\/2026\/05\/logo-misericordia-castelnuovo-1.jpg\" alt=\"Log\u00f3tipo da Confraria da Miseric\u00f3rdia de Castelnuovo Garfagnana\" class=\"wp-image-47048\" style=\"aspect-ratio:0.9000198767640628;width:248px;height:auto\"\/><\/figure>\n<\/div>\n\n\n<h2 id=\"h-storia-nbsp\" class=\"wp-block-heading\"><strong>Hist\u00f3ria<\/strong> <\/h2>\n\n\n\n<p class=\"wp-block-paragraph\">Em 22 de abril de 1451, por inspira\u00e7\u00e3o de Frei Francesco Corso, foi institu\u00edda a Companhia da Santa Cruz em Castelnuovo. Os motivos que levaram \u00e0 institui\u00e7\u00e3o da Santa Cruz foram de car\u00e1ter religioso, filos\u00f3fico e social. Naquela \u00e9poca, um forte sentimento religioso levava muitos a seguir o ensinamento de frei Ercolano, cujo tema dominante era a paix\u00e3o e a morte de Jesus. No plano social, a Santa Cruz foi institu\u00edda para prestar assist\u00eancia m\u00fatua entre os associados e socorrer os viajantes, os pobres e os doentes. Desde os primeiros anos ap\u00f3s a funda\u00e7\u00e3o, o munic\u00edpio de Castelnuovo confiou \u00e0 Santa Cruz a responsabilidade pelo Hospital de Santa Maria. Durante a Segunda Guerra Mundial, o antigo Hospital e a Igreja da Santa Cruz foram reduzidos pela guerra a um monte de escombros. A partir desse per\u00edodo, entre dificuldades e sacrif\u00edcios de toda a esp\u00e9cie, a Confraria reergueu-se dos escombros materiais e espirituais deixados pela guerra e retomou o servi\u00e7o de transporte dos doentes. Em 1951, apesar da mis\u00e9ria e das priva\u00e7\u00f5es da \u00e9poca, foi celebrado o quinto centen\u00e1rio da funda\u00e7\u00e3o. Em 1991, a vida multissecular da Confraria da Miseric\u00f3rdia ganhou um novo impulso que conduziu ao que ela \u00e9 hoje.\u202f&nbsp;<\/p>\n\n\n\n<h2 id=\"h-attivita-nbsp\" class=\"wp-block-heading\"><strong>Atividades<\/strong> <\/h2>\n\n\n\n<ul class=\"wp-block-list\">\n<li>TRANSPORTE SOCIAL&nbsp;<\/li>\n\n\n\n<li>ASSIST\u00caNCIA DOMICILI\u00c1RIA&nbsp;<\/li>\n\n\n\n<li>ASSIST\u00caNCIA A IDOSOS E PESSOAS COM DEFICI\u00caNCIA&nbsp;<\/li>\n\n\n\n<li>TELEASSIST\u00caNCIA&nbsp;<\/li>\n\n\n\n<li>EMERG\u00caNCIA TERRITORIAL 118&nbsp;<\/li>\n\n\n\n<li>SERVI\u00c7O DE AMBUL\u00c2NCIAS&nbsp;<\/li>\n\n\n\n<li>PROTE\u00c7\u00c3O CIVIL&nbsp;<\/li>\n\n\n\n<li>COLHEITAS DOMICILI\u00c1RIAS&nbsp;<\/li>\n\n\n\n<li>CANTINA SOCIAL&nbsp;<\/li>\n\n\n\n<li>CENTRO DE ALZHEIMER DOMUS AUREA<br>&nbsp;<\/li>\n<\/ul>\n\n\n\n<h2 id=\"h-contatti\" class=\"wp-block-heading\"><strong>Contactos<\/strong><\/h2>\n\n\n\n<p class=\"wp-block-paragraph\">Via Giovanni Pascoli 10, 55032 \u2013 Castelnuovo Garfagnana (LU)&nbsp;<\/p>\n\n\n\n<p class=\"wp-block-paragraph\">Tel. 0583 644414<\/p>\n\n\n\n<p class=\"wp-block-paragraph\"><a href=\"http:\/\/www.misericordiadicastelnuovo.com\/\" target=\"_blank\" rel=\"noreferrer noopener nofollow\" title=\"http:\/\/www.misericordiadicastelnuovo.com\/\">http:\/\/www.misericordiadicastelnuovo.com\/<\/a>&nbsp;<\/p>\n\n\n\n<p class=\"wp-block-paragraph\"><a href=\"https:\/\/www.facebook.com\/misericordia.castelnuovodigarfagnana\" target=\"_blank\" rel=\"noreferrer noopener nofollow\" title=\"https:\/\/www.facebook.com\/misericordia.castelnuovodigarfagnana\">https:\/\/www.facebook.com\/misericordia.castelnuovodigarfagnana<\/a><\/p>\n","protected":false},"excerpt":{"rendered":"<p>A Confraria da Miseric\u00f3rdia de Castelnuovo Garfagnana \u00e9 uma associa\u00e7\u00e3o de voluntariado que faz parte do Movimento das Confrarias da Miseric\u00f3rdia, nascido em 1244 em Floren\u00e7a por iniciativa de Pietro da Verona, mais tarde S\u00e3o Pedro M\u00e1rtir. Atualmente, as Confrarias da Miseric\u00f3rdia est\u00e3o presentes em It\u00e1lia e no estrangeiro com mais de 700 confrarias. Hist\u00f3ria&nbsp; &#8230; <a title=\"Arquiconfraria da Miseric\u00f3rdia de Castelnuovo Garfagnana\" class=\"read-more\" href=\"https:\/\/spaziospadoni.org\/pt-pt\/entidades-de-formacao\/arquiconfraria-da-misericordia-de-castelnuovo-garfagnana\/\" aria-label=\"Read more about Arquiconfraria da Miseric\u00f3rdia de Castelnuovo Garfagnana\">Ler mais<\/a><\/p>\n","protected":false},"author":102,"featured_media":0,"parent":73246,"menu_order":0,"comment_status":"closed","ping_status":"closed","template":"","meta":{"_sitemap_exclude":false,"_sitemap_priority":"","_sitemap_frequency":"","footnotes":""},"class_list":["post-78134","page","type-page","status-publish","infinite-scroll-item"],"yoast_head":"<!-- This site is optimized with the Yoast SEO plugin v28.4 - https:\/\/yoast.com\/product\/yoast-seo-wordpress\/ -->\n<title>Arquiconfraria da Miseric\u00f3rdia de Castelnuovo Garfagnana | Spazio Spadoni<\/title>\n<meta name=\"description\" content=\"A Confraria da Miseric\u00f3rdia de Castelnuovo Garfagnana \u00e9 uma associa\u00e7\u00e3o de voluntariado que faz parte do Movimento das Confrarias da Miseric\u00f3rdia, nascido\" \/>\n<meta name=\"robots\" content=\"index, follow, max-snippet:-1, max-image-preview:large, max-video-preview:-1\" \/>\n<link rel=\"canonical\" href=\"https:\/\/spaziospadoni.org\/pt-pt\/entidades-de-formacao\/arquiconfraria-da-misericordia-de-castelnuovo-garfagnana\/\" \/>\n<meta property=\"og:locale\" content=\"pt_PT\" \/>\n<meta property=\"og:type\" content=\"article\" \/>\n<meta property=\"og:title\" content=\"Arquiconfraria da Miseric\u00f3rdia de Castelnuovo Garfagnana | Spazio Spadoni\" \/>\n<meta property=\"og:description\" content=\"A Confraria da Miseric\u00f3rdia de Castelnuovo Garfagnana \u00e9 uma associa\u00e7\u00e3o de voluntariado que faz parte do Movimento das Confrarias da Miseric\u00f3rdia, nascido\" \/>\n<meta property=\"og:url\" content=\"https:\/\/spaziospadoni.org\/pt-pt\/entidades-de-formacao\/arquiconfraria-da-misericordia-de-castelnuovo-garfagnana\/\" \/>\n<meta property=\"og:site_name\" content=\"spazio + spadoni\" \/>\n<meta property=\"article:publisher\" content=\"https:\/\/www.facebook.com\/SpazioSpadoni\/\" \/>\n<meta property=\"article:modified_time\" content=\"2026-08-21T14:01:00+00:00\" \/>\n<meta property=\"og:image\" content=\"https:\/\/spaziospadoni.org\/wp-content\/uploads\/2026\/05\/logo-misericordia-castelnuovo-1.jpg\" \/>\n\t<meta property=\"og:image:width\" content=\"243\" \/>\n\t<meta property=\"og:image:height\" content=\"270\" \/>\n\t<meta property=\"og:image:type\" content=\"image\/jpeg\" \/>\n<meta name=\"twitter:card\" content=\"summary_large_image\" \/>\n<meta name=\"twitter:label1\" content=\"Est. reading time\" \/>\n\t<meta name=\"twitter:data1\" content=\"2 minutes\" \/>\n<script type=\"application\/ld+json\" class=\"yoast-schema-graph\">{\"@context\":\"https:\\\/\\\/schema.org\",\"@graph\":[{\"@type\":\"WebPage\",\"@id\":\"https:\\\/\\\/spaziospadoni.org\\\/pt-pt\\\/entidades-de-formacao\\\/arquiconfraria-da-misericordia-de-castelnuovo-garfagnana\\\/\",\"url\":\"https:\\\/\\\/spaziospadoni.org\\\/pt-pt\\\/entidades-de-formacao\\\/arquiconfraria-da-misericordia-de-castelnuovo-garfagnana\\\/\",\"name\":\"Arquiconfraria da Miseric\u00f3rdia de Castelnuovo Garfagnana | Spazio Spadoni\",\"isPartOf\":{\"@id\":\"https:\\\/\\\/spaziospadoni.org\\\/pt-pt\\\/#website\"},\"primaryImageOfPage\":{\"@id\":\"https:\\\/\\\/spaziospadoni.org\\\/pt-pt\\\/entidades-de-formacao\\\/arquiconfraria-da-misericordia-de-castelnuovo-garfagnana\\\/#primaryimage\"},\"image\":{\"@id\":\"https:\\\/\\\/spaziospadoni.org\\\/pt-pt\\\/entidades-de-formacao\\\/arquiconfraria-da-misericordia-de-castelnuovo-garfagnana\\\/#primaryimage\"},\"thumbnailUrl\":\"https:\\\/\\\/spaziospadoni.org\\\/wp-content\\\/uploads\\\/2026\\\/05\\\/logo-misericordia-castelnuovo-1.jpg\",\"datePublished\":\"2026-05-20T12:21:22+00:00\",\"dateModified\":\"2026-08-21T14:01:00+00:00\",\"description\":\"A Confraria da Miseric\u00f3rdia de Castelnuovo Garfagnana \u00e9 uma associa\u00e7\u00e3o de voluntariado que faz parte do Movimento das Confrarias da Miseric\u00f3rdia, nascido\",\"breadcrumb\":{\"@id\":\"https:\\\/\\\/spaziospadoni.org\\\/pt-pt\\\/entidades-de-formacao\\\/arquiconfraria-da-misericordia-de-castelnuovo-garfagnana\\\/#breadcrumb\"},\"inLanguage\":\"pt-PT\",\"potentialAction\":[{\"@type\":\"ReadAction\",\"target\":[\"https:\\\/\\\/spaziospadoni.org\\\/pt-pt\\\/entidades-de-formacao\\\/arquiconfraria-da-misericordia-de-castelnuovo-garfagnana\\\/\"]}]},{\"@type\":\"ImageObject\",\"inLanguage\":\"pt-PT\",\"@id\":\"https:\\\/\\\/spaziospadoni.org\\\/pt-pt\\\/entidades-de-formacao\\\/arquiconfraria-da-misericordia-de-castelnuovo-garfagnana\\\/#primaryimage\",\"url\":\"https:\\\/\\\/spaziospadoni.org\\\/wp-content\\\/uploads\\\/2026\\\/05\\\/logo-misericordia-castelnuovo-1.jpg\",\"contentUrl\":\"https:\\\/\\\/spaziospadoni.org\\\/wp-content\\\/uploads\\\/2026\\\/05\\\/logo-misericordia-castelnuovo-1.jpg\"},{\"@type\":\"BreadcrumbList\",\"@id\":\"https:\\\/\\\/spaziospadoni.org\\\/pt-pt\\\/entidades-de-formacao\\\/arquiconfraria-da-misericordia-de-castelnuovo-garfagnana\\\/#breadcrumb\",\"itemListElement\":[{\"@type\":\"ListItem\",\"position\":1,\"name\":\"Home\",\"item\":\"https:\\\/\\\/spaziospadoni.org\\\/pt-pt\\\/\"},{\"@type\":\"ListItem\",\"position\":2,\"name\":\"Entidades de forma\u00e7\u00e3o\",\"item\":\"https:\\\/\\\/spaziospadoni.org\\\/pt-pt\\\/entidades-de-formacao\\\/\"},{\"@type\":\"ListItem\",\"position\":3,\"name\":\"Arquiconfraria da Miseric\u00f3rdia de Castelnuovo Garfagnana\"}]},{\"@type\":\"WebSite\",\"@id\":\"https:\\\/\\\/spaziospadoni.org\\\/pt-pt\\\/#website\",\"url\":\"https:\\\/\\\/spaziospadoni.org\\\/pt-pt\\\/\",\"name\":\"spazio + spadoni\",\"description\":\"Generazione di misericordia e missione nel mondo\",\"publisher\":{\"@id\":\"https:\\\/\\\/spaziospadoni.org\\\/pt-pt\\\/#organization\"},\"alternateName\":\"spaziospadoni.org\",\"potentialAction\":[{\"@type\":\"SearchAction\",\"target\":{\"@type\":\"EntryPoint\",\"urlTemplate\":\"https:\\\/\\\/spaziospadoni.org\\\/pt-pt\\\/?s={search_term_string}\"},\"query-input\":{\"@type\":\"PropertyValueSpecification\",\"valueRequired\":true,\"valueName\":\"search_term_string\"}}],\"inLanguage\":\"pt-PT\"},{\"@type\":\"Organization\",\"@id\":\"https:\\\/\\\/spaziospadoni.org\\\/pt-pt\\\/#organization\",\"name\":\"spazio + spadoni\",\"alternateName\":\"spaziospadoni.org\",\"url\":\"https:\\\/\\\/spaziospadoni.org\\\/pt-pt\\\/\",\"logo\":{\"@type\":\"ImageObject\",\"inLanguage\":\"pt-PT\",\"@id\":\"https:\\\/\\\/spaziospadoni.org\\\/pt-pt\\\/#\\\/schema\\\/logo\\\/image\\\/\",\"url\":\"https:\\\/\\\/spaziospadoni.org\\\/wp-content\\\/uploads\\\/2026\\\/05\\\/spazio-spadoni-logo-100x100-1.webp\",\"contentUrl\":\"https:\\\/\\\/spaziospadoni.org\\\/wp-content\\\/uploads\\\/2026\\\/05\\\/spazio-spadoni-logo-100x100-1.webp\",\"width\":100,\"height\":100,\"caption\":\"spazio + spadoni\"},\"image\":{\"@id\":\"https:\\\/\\\/spaziospadoni.org\\\/pt-pt\\\/#\\\/schema\\\/logo\\\/image\\\/\"},\"sameAs\":[\"https:\\\/\\\/www.facebook.com\\\/SpazioSpadoni\\\/\",\"https:\\\/\\\/www.instagram.com\\\/spaziospadoni\\\/\",\"https:\\\/\\\/www.youtube.com\\\/@spaziospadoni\\\/playlists\"]}]}<\/script>\n<!-- \/ Yoast SEO plugin. -->","yoast_head_json":{"title":"Arquiconfraria da Miseric\u00f3rdia de Castelnuovo Garfagnana | Spazio Spadoni","description":"A Confraria da Miseric\u00f3rdia de Castelnuovo Garfagnana \u00e9 uma associa\u00e7\u00e3o de voluntariado que faz parte do Movimento das Confrarias da Miseric\u00f3rdia, nascido","robots":{"index":"index","follow":"follow","max-snippet":"max-snippet:-1","max-image-preview":"max-image-preview:large","max-video-preview":"max-video-preview:-1"},"canonical":"https:\/\/spaziospadoni.org\/pt-pt\/entidades-de-formacao\/arquiconfraria-da-misericordia-de-castelnuovo-garfagnana\/","og_locale":"pt_PT","og_type":"article","og_title":"Arquiconfraria da Miseric\u00f3rdia de Castelnuovo Garfagnana | Spazio Spadoni","og_description":"A Confraria da Miseric\u00f3rdia de Castelnuovo Garfagnana \u00e9 uma associa\u00e7\u00e3o de voluntariado que faz parte do Movimento das Confrarias da Miseric\u00f3rdia, nascido","og_url":"https:\/\/spaziospadoni.org\/pt-pt\/entidades-de-formacao\/arquiconfraria-da-misericordia-de-castelnuovo-garfagnana\/","og_site_name":"spazio + spadoni","article_publisher":"https:\/\/www.facebook.com\/SpazioSpadoni\/","article_modified_time":"2026-08-21T14:01:00+00:00","og_image":[{"width":243,"height":270,"url":"https:\/\/spaziospadoni.org\/wp-content\/uploads\/2026\/05\/logo-misericordia-castelnuovo-1.jpg","type":"image\/jpeg"}],"twitter_card":"summary_large_image","twitter_misc":{"Est. reading time":"2 minutes"},"schema":{"@context":"https:\/\/schema.org","@graph":[{"@type":"WebPage","@id":"https:\/\/spaziospadoni.org\/pt-pt\/entidades-de-formacao\/arquiconfraria-da-misericordia-de-castelnuovo-garfagnana\/","url":"https:\/\/spaziospadoni.org\/pt-pt\/entidades-de-formacao\/arquiconfraria-da-misericordia-de-castelnuovo-garfagnana\/","name":"Arquiconfraria da Miseric\u00f3rdia de Castelnuovo Garfagnana | Spazio Spadoni","isPartOf":{"@id":"https:\/\/spaziospadoni.org\/pt-pt\/#website"},"primaryImageOfPage":{"@id":"https:\/\/spaziospadoni.org\/pt-pt\/entidades-de-formacao\/arquiconfraria-da-misericordia-de-castelnuovo-garfagnana\/#primaryimage"},"image":{"@id":"https:\/\/spaziospadoni.org\/pt-pt\/entidades-de-formacao\/arquiconfraria-da-misericordia-de-castelnuovo-garfagnana\/#primaryimage"},"thumbnailUrl":"https:\/\/spaziospadoni.org\/wp-content\/uploads\/2026\/05\/logo-misericordia-castelnuovo-1.jpg","datePublished":"2026-05-20T12:21:22+00:00","dateModified":"2026-08-21T14:01:00+00:00","description":"A Confraria da Miseric\u00f3rdia de Castelnuovo Garfagnana \u00e9 uma associa\u00e7\u00e3o de voluntariado que faz parte do Movimento das Confrarias da Miseric\u00f3rdia, nascido","breadcrumb":{"@id":"https:\/\/spaziospadoni.org\/pt-pt\/entidades-de-formacao\/arquiconfraria-da-misericordia-de-castelnuovo-garfagnana\/#breadcrumb"},"inLanguage":"pt-PT","potentialAction":[{"@type":"ReadAction","target":["https:\/\/spaziospadoni.org\/pt-pt\/entidades-de-formacao\/arquiconfraria-da-misericordia-de-castelnuovo-garfagnana\/"]}]},{"@type":"ImageObject","inLanguage":"pt-PT","@id":"https:\/\/spaziospadoni.org\/pt-pt\/entidades-de-formacao\/arquiconfraria-da-misericordia-de-castelnuovo-garfagnana\/#primaryimage","url":"https:\/\/spaziospadoni.org\/wp-content\/uploads\/2026\/05\/logo-misericordia-castelnuovo-1.jpg","contentUrl":"https:\/\/spaziospadoni.org\/wp-content\/uploads\/2026\/05\/logo-misericordia-castelnuovo-1.jpg"},{"@type":"BreadcrumbList","@id":"https:\/\/spaziospadoni.org\/pt-pt\/entidades-de-formacao\/arquiconfraria-da-misericordia-de-castelnuovo-garfagnana\/#breadcrumb","itemListElement":[{"@type":"ListItem","position":1,"name":"Home","item":"https:\/\/spaziospadoni.org\/pt-pt\/"},{"@type":"ListItem","position":2,"name":"Entidades de forma\u00e7\u00e3o","item":"https:\/\/spaziospadoni.org\/pt-pt\/entidades-de-formacao\/"},{"@type":"ListItem","position":3,"name":"Arquiconfraria da Miseric\u00f3rdia de Castelnuovo Garfagnana"}]},{"@type":"WebSite","@id":"https:\/\/spaziospadoni.org\/pt-pt\/#website","url":"https:\/\/spaziospadoni.org\/pt-pt\/","name":"spazio + spadoni","description":"Generazione di misericordia e missione nel mondo","publisher":{"@id":"https:\/\/spaziospadoni.org\/pt-pt\/#organization"},"alternateName":"spaziospadoni.org","potentialAction":[{"@type":"SearchAction","target":{"@type":"EntryPoint","urlTemplate":"https:\/\/spaziospadoni.org\/pt-pt\/?s={search_term_string}"},"query-input":{"@type":"PropertyValueSpecification","valueRequired":true,"valueName":"search_term_string"}}],"inLanguage":"pt-PT"},{"@type":"Organization","@id":"https:\/\/spaziospadoni.org\/pt-pt\/#organization","name":"spazio + spadoni","alternateName":"spaziospadoni.org","url":"https:\/\/spaziospadoni.org\/pt-pt\/","logo":{"@type":"ImageObject","inLanguage":"pt-PT","@id":"https:\/\/spaziospadoni.org\/pt-pt\/#\/schema\/logo\/image\/","url":"https:\/\/spaziospadoni.org\/wp-content\/uploads\/2026\/05\/spazio-spadoni-logo-100x100-1.webp","contentUrl":"https:\/\/spaziospadoni.org\/wp-content\/uploads\/2026\/05\/spazio-spadoni-logo-100x100-1.webp","width":100,"height":100,"caption":"spazio + spadoni"},"image":{"@id":"https:\/\/spaziospadoni.org\/pt-pt\/#\/schema\/logo\/image\/"},"sameAs":["https:\/\/www.facebook.com\/SpazioSpadoni\/","https:\/\/www.instagram.com\/spaziospadoni\/","https:\/\/www.youtube.com\/@spaziospadoni\/playlists"]}]}},"_links":{"self":[{"href":"https:\/\/spaziospadoni.org\/pt-pt\/wp-json\/wp\/v2\/pages\/78134","targetHints":{"allow":["GET"]}}],"collection":[{"href":"https:\/\/spaziospadoni.org\/pt-pt\/wp-json\/wp\/v2\/pages"}],"about":[{"href":"https:\/\/spaziospadoni.org\/pt-pt\/wp-json\/wp\/v2\/types\/page"}],"author":[{"embeddable":true,"href":"https:\/\/spaziospadoni.org\/pt-pt\/wp-json\/wp\/v2\/users\/102"}],"replies":[{"embeddable":true,"href":"https:\/\/spaziospadoni.org\/pt-pt\/wp-json\/wp\/v2\/comments?post=78134"}],"version-history":[{"count":1,"href":"https:\/\/spaziospadoni.org\/pt-pt\/wp-json\/wp\/v2\/pages\/78134\/revisions"}],"predecessor-version":[{"id":91583,"href":"https:\/\/spaziospadoni.org\/pt-pt\/wp-json\/wp\/v2\/pages\/78134\/revisions\/91583"}],"up":[{"embeddable":true,"href":"https:\/\/spaziospadoni.org\/pt-pt\/wp-json\/wp\/v2\/pages\/73246"}],"wp:attachment":[{"href":"https:\/\/spaziospadoni.org\/pt-pt\/wp-json\/wp\/v2\/media?parent=78134"}],"curies":[{"name":"wp","href":"https:\/\/api.w.org\/{rel}","templated":true}]}}