{"id":78139,"date":"2026-05-20T13:27:39","date_gmt":"2026-05-20T12:27:39","guid":{"rendered":"https:\/\/spaziospadoni.org\/entidades-de-formacao\/arciconfraternita-di-misericordia-di-lucca\/"},"modified":"2026-08-21T15:15:51","modified_gmt":"2026-08-21T14:15:51","slug":"arquiconfraria-da-misericordia-de-lucca","status":"publish","type":"page","link":"https:\/\/spaziospadoni.org\/pt-pt\/entidades-de-formacao\/arquiconfraria-da-misericordia-de-lucca\/","title":{"rendered":"Arquiconfraria da Miseric\u00f3rdia de Lucca"},"content":{"rendered":"\n<p class=\"wp-block-paragraph\">A Arquiconfraria da Miseric\u00f3rdia de Lucca \u00e9 uma associa\u00e7\u00e3o de voluntariado que faz parte do Movimento das Confrarias da Miseric\u00f3rdia, fundado em Floren\u00e7a em 1244 por Pietro da Verona, mais tarde S\u00e3o Pedro M\u00e1rtir. Atualmente, as Confrarias da Miseric\u00f3rdia est\u00e3o presentes em It\u00e1lia e no estrangeiro com mais de 700 confrarias.<\/p>\n\n\n<div class=\"wp-block-image\">\n<figure class=\"aligncenter size-full is-resized\"><img decoding=\"async\" width=\"298\" height=\"449\" src=\"https:\/\/spaziospadoni.org\/wp-content\/uploads\/2026\/05\/Logo-Misericordia-di-Lucca.jpg\" alt=\"Log\u00f3tipo da Arquiconfraria da Miseric\u00f3rdia de Lucca\" class=\"wp-image-45046\" style=\"aspect-ratio:0.6636984920940289;width:205px;height:auto\" srcset=\"https:\/\/spaziospadoni.org\/wp-content\/uploads\/2026\/05\/Logo-Misericordia-di-Lucca.jpg 298w, https:\/\/spaziospadoni.org\/wp-content\/uploads\/2026\/05\/Logo-Misericordia-di-Lucca-199x300.jpg 199w\" sizes=\"(max-width: 298px) 100vw, 298px\" \/><\/figure>\n<\/div>\n\n\n<h2 id=\"h-storia-nbsp\" class=\"wp-block-heading\"><strong>Hist\u00f3ria<\/strong> <\/h2>\n\n\n\n<p class=\"wp-block-paragraph\">A Arquiconfraria da Miseric\u00f3rdia de Lucca, fundada segundo o modelo da Confraria da Miseric\u00f3rdia de Floren\u00e7a, que j\u00e1 atuava no s\u00e9culo XIII, \u00e9 a associa\u00e7\u00e3o de voluntariado mais antiga da cidade. J\u00e1 na Antiguidade, as confrarias eram associa\u00e7\u00f5es de fi\u00e9is constitu\u00eddas para a realiza\u00e7\u00e3o de obras de piedade e caridade. Na origem da Arquiconfraria da Miseric\u00f3rdia de Lucca encontram-se duas confrarias: a mais antiga, denominada Companhia do Sant\u00edssimo Nome de Jesus, assegurava o transporte dos corpos dos pobres para o local de sepultura e a assist\u00eancia aos doentes. Mais recente, a Companhia do Sant\u00edssimo Crucifixo, posteriormente denominada Companhia da Caridade Crist\u00e3, remonta a 1664 e nasceu por iniciativa de alguns jovens que se reuniam para rezar diante do nicho de um pequeno crucifixo. Desde 1819, depois de ter peregrinado em Lucca de um orat\u00f3rio para outro, esta Companhia est\u00e1 sediada na Igreja de S\u00e3o Salvador e alargou as suas atividades ao socorro e aos cuidados dos doentes, que tamb\u00e9m recebem assist\u00eancia domicili\u00e1ria.&nbsp;<\/p>\n\n\n\n<p class=\"wp-block-paragraph\">As duas Companhias s\u00e3o as \u00fanicas associa\u00e7\u00f5es religiosas de Lucca que, gra\u00e7as \u00e0 sua insubstitu\u00edvel obra de caridade, sobrevivem aos confiscos e aos \u00e9ditos anticlericais de Napole\u00e3o e dos Baciocchi, at\u00e9 que, por decreto de 20 de janeiro de 1860, o Governo Provis\u00f3rio da Toscana institui a Arquiconfraria da Miseric\u00f3rdia de Lucca, altera o nome da Companhia da Caridade Crist\u00e3 e incorpora nela a Companhia do Sant\u00edssimo Nome de Jesus.&nbsp;<\/p>\n\n\n\n<p class=\"wp-block-paragraph\">A atividade da Arquiconfraria da Miseric\u00f3rdia foi particularmente importante durante o per\u00edodo de guerra, apesar da escassez de meios e de pessoal; nos momentos mais dif\u00edceis, quando faltavam pneus e combust\u00edvel para os ve\u00edculos, voltaram a ser utilizadas as macas transportadas \u00e0 m\u00e3o. A hist\u00f3ria da Arquiconfraria da Miseric\u00f3rdia mostra-nos como esta sempre atuou em nome da caridade crist\u00e3 e da solidariedade; h\u00e1 quase cinco s\u00e9culos, os confrades come\u00e7aram por sepultar os pobres e assistir os doentes.&nbsp;<\/p>\n\n\n\n<p class=\"wp-block-paragraph\">Hoje, este gesto repete-se junto das novas pessoas necessitadas: n\u00e3o s\u00f3 os pobres, os doentes e os feridos, mas tamb\u00e9m os idosos que vivem sozinhos, as pessoas com defici\u00eancia, os imigrantes extracomunit\u00e1rios e as potenciais v\u00edtimas de usura.&nbsp;<\/p>\n\n\n\n<p class=\"wp-block-paragraph\">Nesta perspetiva, a Arquiconfraria da Miseric\u00f3rdia constitui n\u00e3o s\u00f3 um servi\u00e7o de volunt\u00e1rios que, de algum modo, colmata as lacunas do servi\u00e7o p\u00fablico ou que acorre com as suas ambul\u00e2ncias para socorrer acidentados, feridos e v\u00edtimas de enfarte, mas sobretudo um compromisso cont\u00ednuo de dar com alegria, agir em favor dos outros e testemunhar a f\u00e9 atrav\u00e9s das obras.&nbsp;<\/p>\n\n\n\n<p class=\"wp-block-paragraph\">Os compromissos atuais d\u00e3o continuidade \u00e0 hist\u00f3ria secular da associa\u00e7\u00e3o. Mas hoje a Arquiconfraria da Miseric\u00f3rdia \u00e9 chamada a aliar \u00e0 tradicional a\u00e7\u00e3o de socorro \u00e0s pessoas necessitadas uma interven\u00e7\u00e3o mais incisiva para eliminar pela raiz as pr\u00f3prias causas da necessidade; por isso, a associa\u00e7\u00e3o compromete-se a afirmar e promover, em todos os \u00e2mbitos sociais, a civiliza\u00e7\u00e3o do amor e da solidariedade para com os pobres, os mais fr\u00e1geis e os marginalizados.&nbsp;<\/p>\n\n\n\n<h2 id=\"h-attivita-nbsp\" class=\"wp-block-heading\"><strong>Atividades<\/strong> <\/h2>\n\n\n\n<ul class=\"wp-block-list\">\n<li>SERVI\u00c7O DE EMERG\u00caNCIA M\u00c9DICA 118&nbsp;<\/li>\n\n\n\n<li>ASSIST\u00caNCIA A PESSOAS COM DEFICI\u00caNCIA E IDOSOS&nbsp;<\/li>\n\n\n\n<li>TRANSPORTE DE FERIDOS E DOENTES&nbsp;<\/li>\n\n\n\n<li>PROTE\u00c7\u00c3O CIVIL&nbsp;<\/li>\n\n\n\n<li>TRANSPORTE SOCIOSSANIT\u00c1RIO&nbsp;<\/li>\n\n\n\n<li>SERVI\u00c7O MORTU\u00c1RIO&nbsp;<\/li>\n\n\n\n<li>SERVI\u00c7O AMBULAT\u00d3RIO&nbsp;<\/li>\n\n\n\n<li>GRUPO DE FORMA\u00c7\u00c3O&nbsp;<\/li>\n\n\n\n<li>DISPOSITIVOS M\u00c9DICOS&nbsp;<\/li>\n\n\n\n<li>DADORES DE SANGUE&nbsp;<\/li>\n<\/ul>\n\n\n\n<h2 id=\"h-contatti-nbsp\" class=\"wp-block-heading\"><strong>Contactos<\/strong> <\/h2>\n\n\n\n<p class=\"wp-block-paragraph\">Via Cesare Battisti, 2 -\u202f55100 Lucca (LU)&nbsp;<\/p>\n\n\n\n<p class=\"wp-block-paragraph\">Tel. +39 0583 494902&nbsp;<\/p>\n\n\n\n<p class=\"wp-block-paragraph\"><a href=\"mailto:info@misericordialucca.org\" title=\"info@misericordialucca.org\">info@misericordialucca.org<\/a><\/p>\n\n\n\n<p class=\"wp-block-paragraph\"><a href=\"https:\/\/www.facebook.com\/misericordialucca\" target=\"_blank\" rel=\"noreferrer noopener nofollow\" title=\"https:\/\/www.facebook.com\/misericordialucca\">https:\/\/www.facebook.com\/misericordialucca<\/a><\/p>\n\n\n\n<p class=\"wp-block-paragraph\"><a href=\"https:\/\/www.misericordialucca.org\/\" target=\"_blank\" rel=\"noreferrer noopener nofollow\" title=\"https:\/\/www.misericordialucca.org\/\">https:\/\/www.misericordialucca.org\/<\/a><\/p>\n","protected":false},"excerpt":{"rendered":"<p>A Arquiconfraria da Miseric\u00f3rdia de Lucca \u00e9 uma associa\u00e7\u00e3o de voluntariado que faz parte do Movimento das Confrarias da Miseric\u00f3rdia, fundado em Floren\u00e7a em 1244 por Pietro da Verona, mais tarde S\u00e3o Pedro M\u00e1rtir. Atualmente, as Confrarias da Miseric\u00f3rdia est\u00e3o presentes em It\u00e1lia e no estrangeiro com mais de 700 confrarias. Hist\u00f3ria&nbsp; A Arquiconfraria da &#8230; <a title=\"Arquiconfraria da Miseric\u00f3rdia de Lucca\" class=\"read-more\" href=\"https:\/\/spaziospadoni.org\/pt-pt\/entidades-de-formacao\/arquiconfraria-da-misericordia-de-lucca\/\" aria-label=\"Read more about Arquiconfraria da Miseric\u00f3rdia de Lucca\">Ler mais<\/a><\/p>\n","protected":false},"author":102,"featured_media":0,"parent":73246,"menu_order":0,"comment_status":"closed","ping_status":"closed","template":"","meta":{"_sitemap_exclude":false,"_sitemap_priority":"","_sitemap_frequency":"","footnotes":""},"class_list":["post-78139","page","type-page","status-publish","infinite-scroll-item"],"yoast_head":"<!-- This site is optimized with the Yoast SEO plugin v28.4 - https:\/\/yoast.com\/product\/yoast-seo-wordpress\/ -->\n<title>Arquiconfraria da Miseric\u00f3rdia de Lucca | Spazio Spadoni<\/title>\n<meta name=\"description\" content=\"A Arquiconfraria da Miseric\u00f3rdia de Lucca \u00e9 uma associa\u00e7\u00e3o de voluntariado que faz parte do Movimento das Confrarias da Miseric\u00f3rdia, fundado em Floren\u00e7a\" \/>\n<meta name=\"robots\" content=\"index, follow, max-snippet:-1, max-image-preview:large, max-video-preview:-1\" \/>\n<link rel=\"canonical\" href=\"https:\/\/spaziospadoni.org\/pt-pt\/entidades-de-formacao\/arquiconfraria-da-misericordia-de-lucca\/\" \/>\n<meta property=\"og:locale\" content=\"pt_PT\" \/>\n<meta property=\"og:type\" content=\"article\" \/>\n<meta property=\"og:title\" content=\"Arquiconfraria da Miseric\u00f3rdia de Lucca | Spazio Spadoni\" \/>\n<meta property=\"og:description\" content=\"A Arquiconfraria da Miseric\u00f3rdia de Lucca \u00e9 uma associa\u00e7\u00e3o de voluntariado que faz parte do Movimento das Confrarias da Miseric\u00f3rdia, fundado em Floren\u00e7a\" \/>\n<meta property=\"og:url\" content=\"https:\/\/spaziospadoni.org\/pt-pt\/entidades-de-formacao\/arquiconfraria-da-misericordia-de-lucca\/\" \/>\n<meta property=\"og:site_name\" content=\"spazio + spadoni\" \/>\n<meta property=\"article:publisher\" content=\"https:\/\/www.facebook.com\/SpazioSpadoni\/\" \/>\n<meta property=\"article:modified_time\" content=\"2026-08-21T14:15:51+00:00\" \/>\n<meta property=\"og:image\" content=\"https:\/\/spaziospadoni.org\/wp-content\/uploads\/2026\/05\/Logo-Misericordia-di-Lucca.jpg\" \/>\n\t<meta property=\"og:image:width\" content=\"298\" \/>\n\t<meta property=\"og:image:height\" content=\"449\" \/>\n\t<meta property=\"og:image:type\" content=\"image\/jpeg\" \/>\n<meta name=\"twitter:card\" content=\"summary_large_image\" \/>\n<meta name=\"twitter:label1\" content=\"Est. reading time\" \/>\n\t<meta name=\"twitter:data1\" content=\"4 minutes\" \/>\n<script type=\"application\/ld+json\" class=\"yoast-schema-graph\">{\"@context\":\"https:\\\/\\\/schema.org\",\"@graph\":[{\"@type\":\"WebPage\",\"@id\":\"https:\\\/\\\/spaziospadoni.org\\\/pt-pt\\\/entidades-de-formacao\\\/arquiconfraria-da-misericordia-de-lucca\\\/\",\"url\":\"https:\\\/\\\/spaziospadoni.org\\\/pt-pt\\\/entidades-de-formacao\\\/arquiconfraria-da-misericordia-de-lucca\\\/\",\"name\":\"Arquiconfraria da Miseric\u00f3rdia de Lucca | Spazio Spadoni\",\"isPartOf\":{\"@id\":\"https:\\\/\\\/spaziospadoni.org\\\/pt-pt\\\/#website\"},\"primaryImageOfPage\":{\"@id\":\"https:\\\/\\\/spaziospadoni.org\\\/pt-pt\\\/entidades-de-formacao\\\/arquiconfraria-da-misericordia-de-lucca\\\/#primaryimage\"},\"image\":{\"@id\":\"https:\\\/\\\/spaziospadoni.org\\\/pt-pt\\\/entidades-de-formacao\\\/arquiconfraria-da-misericordia-de-lucca\\\/#primaryimage\"},\"thumbnailUrl\":\"https:\\\/\\\/spaziospadoni.org\\\/wp-content\\\/uploads\\\/2026\\\/05\\\/Logo-Misericordia-di-Lucca.jpg\",\"datePublished\":\"2026-05-20T12:27:39+00:00\",\"dateModified\":\"2026-08-21T14:15:51+00:00\",\"description\":\"A Arquiconfraria da Miseric\u00f3rdia de Lucca \u00e9 uma associa\u00e7\u00e3o de voluntariado que faz parte do Movimento das Confrarias da Miseric\u00f3rdia, fundado em Floren\u00e7a\",\"breadcrumb\":{\"@id\":\"https:\\\/\\\/spaziospadoni.org\\\/pt-pt\\\/entidades-de-formacao\\\/arquiconfraria-da-misericordia-de-lucca\\\/#breadcrumb\"},\"inLanguage\":\"pt-PT\",\"potentialAction\":[{\"@type\":\"ReadAction\",\"target\":[\"https:\\\/\\\/spaziospadoni.org\\\/pt-pt\\\/entidades-de-formacao\\\/arquiconfraria-da-misericordia-de-lucca\\\/\"]}]},{\"@type\":\"ImageObject\",\"inLanguage\":\"pt-PT\",\"@id\":\"https:\\\/\\\/spaziospadoni.org\\\/pt-pt\\\/entidades-de-formacao\\\/arquiconfraria-da-misericordia-de-lucca\\\/#primaryimage\",\"url\":\"https:\\\/\\\/spaziospadoni.org\\\/wp-content\\\/uploads\\\/2026\\\/05\\\/Logo-Misericordia-di-Lucca.jpg\",\"contentUrl\":\"https:\\\/\\\/spaziospadoni.org\\\/wp-content\\\/uploads\\\/2026\\\/05\\\/Logo-Misericordia-di-Lucca.jpg\"},{\"@type\":\"BreadcrumbList\",\"@id\":\"https:\\\/\\\/spaziospadoni.org\\\/pt-pt\\\/entidades-de-formacao\\\/arquiconfraria-da-misericordia-de-lucca\\\/#breadcrumb\",\"itemListElement\":[{\"@type\":\"ListItem\",\"position\":1,\"name\":\"Home\",\"item\":\"https:\\\/\\\/spaziospadoni.org\\\/pt-pt\\\/\"},{\"@type\":\"ListItem\",\"position\":2,\"name\":\"Entidades de forma\u00e7\u00e3o\",\"item\":\"https:\\\/\\\/spaziospadoni.org\\\/pt-pt\\\/entidades-de-formacao\\\/\"},{\"@type\":\"ListItem\",\"position\":3,\"name\":\"Arquiconfraria da Miseric\u00f3rdia de Lucca\"}]},{\"@type\":\"WebSite\",\"@id\":\"https:\\\/\\\/spaziospadoni.org\\\/pt-pt\\\/#website\",\"url\":\"https:\\\/\\\/spaziospadoni.org\\\/pt-pt\\\/\",\"name\":\"spazio + spadoni\",\"description\":\"Generazione di misericordia e missione nel mondo\",\"publisher\":{\"@id\":\"https:\\\/\\\/spaziospadoni.org\\\/pt-pt\\\/#organization\"},\"alternateName\":\"spaziospadoni.org\",\"potentialAction\":[{\"@type\":\"SearchAction\",\"target\":{\"@type\":\"EntryPoint\",\"urlTemplate\":\"https:\\\/\\\/spaziospadoni.org\\\/pt-pt\\\/?s={search_term_string}\"},\"query-input\":{\"@type\":\"PropertyValueSpecification\",\"valueRequired\":true,\"valueName\":\"search_term_string\"}}],\"inLanguage\":\"pt-PT\"},{\"@type\":\"Organization\",\"@id\":\"https:\\\/\\\/spaziospadoni.org\\\/pt-pt\\\/#organization\",\"name\":\"spazio + spadoni\",\"alternateName\":\"spaziospadoni.org\",\"url\":\"https:\\\/\\\/spaziospadoni.org\\\/pt-pt\\\/\",\"logo\":{\"@type\":\"ImageObject\",\"inLanguage\":\"pt-PT\",\"@id\":\"https:\\\/\\\/spaziospadoni.org\\\/pt-pt\\\/#\\\/schema\\\/logo\\\/image\\\/\",\"url\":\"https:\\\/\\\/spaziospadoni.org\\\/wp-content\\\/uploads\\\/2026\\\/05\\\/spazio-spadoni-logo-100x100-1.webp\",\"contentUrl\":\"https:\\\/\\\/spaziospadoni.org\\\/wp-content\\\/uploads\\\/2026\\\/05\\\/spazio-spadoni-logo-100x100-1.webp\",\"width\":100,\"height\":100,\"caption\":\"spazio + spadoni\"},\"image\":{\"@id\":\"https:\\\/\\\/spaziospadoni.org\\\/pt-pt\\\/#\\\/schema\\\/logo\\\/image\\\/\"},\"sameAs\":[\"https:\\\/\\\/www.facebook.com\\\/SpazioSpadoni\\\/\",\"https:\\\/\\\/www.instagram.com\\\/spaziospadoni\\\/\",\"https:\\\/\\\/www.youtube.com\\\/@spaziospadoni\\\/playlists\"]}]}<\/script>\n<!-- \/ Yoast SEO plugin. -->","yoast_head_json":{"title":"Arquiconfraria da Miseric\u00f3rdia de Lucca | Spazio Spadoni","description":"A Arquiconfraria da Miseric\u00f3rdia de Lucca \u00e9 uma associa\u00e7\u00e3o de voluntariado que faz parte do Movimento das Confrarias da Miseric\u00f3rdia, fundado em Floren\u00e7a","robots":{"index":"index","follow":"follow","max-snippet":"max-snippet:-1","max-image-preview":"max-image-preview:large","max-video-preview":"max-video-preview:-1"},"canonical":"https:\/\/spaziospadoni.org\/pt-pt\/entidades-de-formacao\/arquiconfraria-da-misericordia-de-lucca\/","og_locale":"pt_PT","og_type":"article","og_title":"Arquiconfraria da Miseric\u00f3rdia de Lucca | Spazio Spadoni","og_description":"A Arquiconfraria da Miseric\u00f3rdia de Lucca \u00e9 uma associa\u00e7\u00e3o de voluntariado que faz parte do Movimento das Confrarias da Miseric\u00f3rdia, fundado em Floren\u00e7a","og_url":"https:\/\/spaziospadoni.org\/pt-pt\/entidades-de-formacao\/arquiconfraria-da-misericordia-de-lucca\/","og_site_name":"spazio + spadoni","article_publisher":"https:\/\/www.facebook.com\/SpazioSpadoni\/","article_modified_time":"2026-08-21T14:15:51+00:00","og_image":[{"width":298,"height":449,"url":"https:\/\/spaziospadoni.org\/wp-content\/uploads\/2026\/05\/Logo-Misericordia-di-Lucca.jpg","type":"image\/jpeg"}],"twitter_card":"summary_large_image","twitter_misc":{"Est. reading time":"4 minutes"},"schema":{"@context":"https:\/\/schema.org","@graph":[{"@type":"WebPage","@id":"https:\/\/spaziospadoni.org\/pt-pt\/entidades-de-formacao\/arquiconfraria-da-misericordia-de-lucca\/","url":"https:\/\/spaziospadoni.org\/pt-pt\/entidades-de-formacao\/arquiconfraria-da-misericordia-de-lucca\/","name":"Arquiconfraria da Miseric\u00f3rdia de Lucca | Spazio Spadoni","isPartOf":{"@id":"https:\/\/spaziospadoni.org\/pt-pt\/#website"},"primaryImageOfPage":{"@id":"https:\/\/spaziospadoni.org\/pt-pt\/entidades-de-formacao\/arquiconfraria-da-misericordia-de-lucca\/#primaryimage"},"image":{"@id":"https:\/\/spaziospadoni.org\/pt-pt\/entidades-de-formacao\/arquiconfraria-da-misericordia-de-lucca\/#primaryimage"},"thumbnailUrl":"https:\/\/spaziospadoni.org\/wp-content\/uploads\/2026\/05\/Logo-Misericordia-di-Lucca.jpg","datePublished":"2026-05-20T12:27:39+00:00","dateModified":"2026-08-21T14:15:51+00:00","description":"A Arquiconfraria da Miseric\u00f3rdia de Lucca \u00e9 uma associa\u00e7\u00e3o de voluntariado que faz parte do Movimento das Confrarias da Miseric\u00f3rdia, fundado em Floren\u00e7a","breadcrumb":{"@id":"https:\/\/spaziospadoni.org\/pt-pt\/entidades-de-formacao\/arquiconfraria-da-misericordia-de-lucca\/#breadcrumb"},"inLanguage":"pt-PT","potentialAction":[{"@type":"ReadAction","target":["https:\/\/spaziospadoni.org\/pt-pt\/entidades-de-formacao\/arquiconfraria-da-misericordia-de-lucca\/"]}]},{"@type":"ImageObject","inLanguage":"pt-PT","@id":"https:\/\/spaziospadoni.org\/pt-pt\/entidades-de-formacao\/arquiconfraria-da-misericordia-de-lucca\/#primaryimage","url":"https:\/\/spaziospadoni.org\/wp-content\/uploads\/2026\/05\/Logo-Misericordia-di-Lucca.jpg","contentUrl":"https:\/\/spaziospadoni.org\/wp-content\/uploads\/2026\/05\/Logo-Misericordia-di-Lucca.jpg"},{"@type":"BreadcrumbList","@id":"https:\/\/spaziospadoni.org\/pt-pt\/entidades-de-formacao\/arquiconfraria-da-misericordia-de-lucca\/#breadcrumb","itemListElement":[{"@type":"ListItem","position":1,"name":"Home","item":"https:\/\/spaziospadoni.org\/pt-pt\/"},{"@type":"ListItem","position":2,"name":"Entidades de forma\u00e7\u00e3o","item":"https:\/\/spaziospadoni.org\/pt-pt\/entidades-de-formacao\/"},{"@type":"ListItem","position":3,"name":"Arquiconfraria da Miseric\u00f3rdia de Lucca"}]},{"@type":"WebSite","@id":"https:\/\/spaziospadoni.org\/pt-pt\/#website","url":"https:\/\/spaziospadoni.org\/pt-pt\/","name":"spazio + spadoni","description":"Generazione di misericordia e missione nel mondo","publisher":{"@id":"https:\/\/spaziospadoni.org\/pt-pt\/#organization"},"alternateName":"spaziospadoni.org","potentialAction":[{"@type":"SearchAction","target":{"@type":"EntryPoint","urlTemplate":"https:\/\/spaziospadoni.org\/pt-pt\/?s={search_term_string}"},"query-input":{"@type":"PropertyValueSpecification","valueRequired":true,"valueName":"search_term_string"}}],"inLanguage":"pt-PT"},{"@type":"Organization","@id":"https:\/\/spaziospadoni.org\/pt-pt\/#organization","name":"spazio + spadoni","alternateName":"spaziospadoni.org","url":"https:\/\/spaziospadoni.org\/pt-pt\/","logo":{"@type":"ImageObject","inLanguage":"pt-PT","@id":"https:\/\/spaziospadoni.org\/pt-pt\/#\/schema\/logo\/image\/","url":"https:\/\/spaziospadoni.org\/wp-content\/uploads\/2026\/05\/spazio-spadoni-logo-100x100-1.webp","contentUrl":"https:\/\/spaziospadoni.org\/wp-content\/uploads\/2026\/05\/spazio-spadoni-logo-100x100-1.webp","width":100,"height":100,"caption":"spazio + spadoni"},"image":{"@id":"https:\/\/spaziospadoni.org\/pt-pt\/#\/schema\/logo\/image\/"},"sameAs":["https:\/\/www.facebook.com\/SpazioSpadoni\/","https:\/\/www.instagram.com\/spaziospadoni\/","https:\/\/www.youtube.com\/@spaziospadoni\/playlists"]}]}},"_links":{"self":[{"href":"https:\/\/spaziospadoni.org\/pt-pt\/wp-json\/wp\/v2\/pages\/78139","targetHints":{"allow":["GET"]}}],"collection":[{"href":"https:\/\/spaziospadoni.org\/pt-pt\/wp-json\/wp\/v2\/pages"}],"about":[{"href":"https:\/\/spaziospadoni.org\/pt-pt\/wp-json\/wp\/v2\/types\/page"}],"author":[{"embeddable":true,"href":"https:\/\/spaziospadoni.org\/pt-pt\/wp-json\/wp\/v2\/users\/102"}],"replies":[{"embeddable":true,"href":"https:\/\/spaziospadoni.org\/pt-pt\/wp-json\/wp\/v2\/comments?post=78139"}],"version-history":[{"count":1,"href":"https:\/\/spaziospadoni.org\/pt-pt\/wp-json\/wp\/v2\/pages\/78139\/revisions"}],"predecessor-version":[{"id":91593,"href":"https:\/\/spaziospadoni.org\/pt-pt\/wp-json\/wp\/v2\/pages\/78139\/revisions\/91593"}],"up":[{"embeddable":true,"href":"https:\/\/spaziospadoni.org\/pt-pt\/wp-json\/wp\/v2\/pages\/73246"}],"wp:attachment":[{"href":"https:\/\/spaziospadoni.org\/pt-pt\/wp-json\/wp\/v2\/media?parent=78139"}],"curies":[{"name":"wp","href":"https:\/\/api.w.org\/{rel}","templated":true}]}}