{"id":78153,"date":"2026-05-20T13:39:44","date_gmt":"2026-05-20T12:39:44","guid":{"rendered":"https:\/\/spaziospadoni.org\/entidades-de-formacao\/arciconfraternita-di-misericordia-san-francesco-di-massa\/"},"modified":"2026-08-21T15:38:51","modified_gmt":"2026-08-21T14:38:51","slug":"arquiconfraria-da-misericordia-sao-francisco-de-massa","status":"publish","type":"page","link":"https:\/\/spaziospadoni.org\/pt-pt\/entidades-de-formacao\/arquiconfraria-da-misericordia-sao-francisco-de-massa\/","title":{"rendered":"Arquiconfraria da Miseric\u00f3rdia S\u00e3o Francisco de Massa"},"content":{"rendered":"\n<p class=\"wp-block-paragraph\">A Fraternidade da Miseric\u00f3rdia S\u00e3o Francisco de Massa \u00e9 uma associa\u00e7\u00e3o de voluntariado que faz parte do Movimento das Confrarias da Miseric\u00f3rdia, nascido em 1244 em Floren\u00e7a por iniciativa de Pietro da Verona, mais tarde S\u00e3o Pedro M\u00e1rtir. Atualmente, as Confrarias da Miseric\u00f3rdia est\u00e3o presentes em It\u00e1lia e no estrangeiro com mais de 700 confrarias.<\/p>\n\n\n<div class=\"wp-block-image\">\n<figure class=\"aligncenter size-full is-resized\"><img decoding=\"async\" width=\"225\" height=\"225\" src=\"https:\/\/spaziospadoni.org\/wp-content\/uploads\/2026\/05\/Logo-Misericordia-di-Massa.jpg\" alt=\"Arquiconfraria da Miseric\u00f3rdia S\u00e3o Francisco de Massa\" class=\"wp-image-46891\" style=\"width:228px;height:auto\" srcset=\"https:\/\/spaziospadoni.org\/wp-content\/uploads\/2026\/05\/Logo-Misericordia-di-Massa.jpg 225w, https:\/\/spaziospadoni.org\/wp-content\/uploads\/2026\/05\/Logo-Misericordia-di-Massa-150x150.jpg 150w\" sizes=\"(max-width: 225px) 100vw, 225px\" \/><\/figure>\n<\/div>\n\n\n<h2 id=\"h-storia\" class=\"wp-block-heading\"><strong>Hist\u00f3ria<\/strong><\/h2>\n\n\n\n<p class=\"wp-block-paragraph\">Das palavras \u201cO Senhor \u00e9 um s\u00f3, o Senhor \u00e9 o nosso Deus; quem acredita n\u2019Ele n\u00e3o s\u00f3 tem a vida eterna, mas far\u00e1 grandes coisas em Seu nome\u201d, renasceu a Confraria da Miseric\u00f3rdia de Massa que, fundada em 1834, se extinguiu por raz\u00f5es desconhecidas durante a Segunda Guerra Mundial. O seu promotor e dinamizador foi o Reverend\u00edssimo Dom Attilio Bertelloni que, gra\u00e7as \u00e0 sua grande f\u00e9 no Pai bom e misericordioso, conseguiu envolver um grande n\u00famero de irm\u00e3os na sua miss\u00e3o. Havia anos que Dom Bertelloni desejava ardentemente a realiza\u00e7\u00e3o desta importante obra e procurava ansiosamente a ajuda de colaboradores competentes, mas a sua busca permaneceu infrut\u00edfera.<\/p>\n\n\n\n<p class=\"wp-block-paragraph\">O Esp\u00edrito Santo fez nascer o mesmo desejo em tr\u00eas pessoas que, em 1984, se encontraram por acaso no hospital devido \u00e0 doen\u00e7a grave de uma delas. O doente era Renato Ciuffi, e os amigos que o socorreram foram Ilvo Ricci e Desiderio Antonioli. Naquele lugar de sofrimento, sentiram a necessidade de criar uma institui\u00e7\u00e3o que levasse al\u00edvio a quem se encontrava na tribula\u00e7\u00e3o e come\u00e7aram assim a falar da realiza\u00e7\u00e3o desta obra. Renato Ciuffi foi em breve chamado \u00e0 casa do Pai, mas os amigos continuaram a cultivar a semente que tinha sido plantada naqueles dias dolorosos.<\/p>\n\n\n\n<p class=\"wp-block-paragraph\">Em setembro do mesmo ano, o Esp\u00edrito de Deus fez com que os dois amigos e Dom Bertelloni se encontrassem diante da Igreja de S\u00e3o Sebasti\u00e3o em Massa. Os tr\u00eas desceram \u00e0 livraria das Irm\u00e3s Paulinas e, naquele lugar, Dom Attilio lan\u00e7ou aos outros dois interlocutores a sua mensagem perent\u00f3ria: \u201cRapazes, \u00e9 preciso fazer nascer a Confraria da Miseric\u00f3rdia de Massa\u201d. A resposta deles foi: \u201c\u00c9 isso que queremos\u201d.<\/p>\n\n\n\n<p class=\"wp-block-paragraph\">A partir desse momento, os tr\u00eas come\u00e7aram a trabalhar e em breve passaram a ser sete, depois, em pouco tempo, dez, vinte, quarenta e sessenta, at\u00e9 formarem um grupo coeso em torno de um objetivo comum e partilhado. O Bispo da Diocese, Dom Aldo Forzoni, acolheu com benevol\u00eancia o pequeno grupo de irm\u00e3os e dirigiu-lhes estas palavras: \u201cSede cautelosos, meus filhos, mas continuai em frente; eu estou convosco\u201d.<\/p>\n\n\n\n<p class=\"wp-block-paragraph\">A primeira reuni\u00e3o do grupo foi convocada atrav\u00e9s de um folheto mimeografado assinado \u201cum grupo de amigos\u201d. Foram estabelecidos contactos com os respons\u00e1veis da Confraria da Miseric\u00f3rdia de Floren\u00e7a e de outras Confrarias irm\u00e3s da Miseric\u00f3rdia, a fim de conhecer o seu percurso, a sua experi\u00eancia e a sua organiza\u00e7\u00e3o, para os transferir para a Associa\u00e7\u00e3o nascente. Foi elaborada a primeira vers\u00e3o datilografada dos Estatutos, que foi entregue a todos os amigos aderentes. A Assembleia Constituinte da Fraternidade reuniu-se em 3 de fevereiro de 1985 na Sal\u00e3o Nobre do Semin\u00e1rio Episcopal, com a participa\u00e7\u00e3o de 68 aderentes, na presen\u00e7a do Vice-Presidente Nacional das Confrarias da Miseric\u00f3rdia, Dr. Francesco Giannelli.<\/p>\n\n\n\n<p class=\"wp-block-paragraph\">Dom Tommasi, Bispo de Massa, apoiou a iniciativa com estas palavras: \u201cAplaudo a iniciativa de constituir formalmente tamb\u00e9m na cidade de Massa a Vener\u00e1vel Associa\u00e7\u00e3o Fraternidade da Miseric\u00f3rdia; \u00e9 significativo que para a sua constitui\u00e7\u00e3o tenha sido escolhido este domingo, 3 de fevereiro, que a Igreja italiana consagra \u00e0 vida. Que o compromisso da Confraria da Miseric\u00f3rdia seja um servi\u00e7o \u00e0 vida, em apoio dos valores de fraternidade, caridade e servi\u00e7o. Que o Senhor aben\u00e7oe esta vossa iniciativa\u201d.<\/p>\n\n\n\n<p class=\"wp-block-paragraph\">Depois da discuss\u00e3o, foi decidido atribuir \u00e0 Associa\u00e7\u00e3o a denomina\u00e7\u00e3o \u201cFraternidade da Miseric\u00f3rdia S\u00e3o Francisco de Massa\u201d.<br>Em 6 de fevereiro, durante a primeira reuni\u00e3o do Conselho Diretivo, Bruno Paolini foi nomeado presidente. Faltava ent\u00e3o um espa\u00e7o para as reuni\u00f5es e para poder iniciar o trabalho. Para este primeiro per\u00edodo, Dom Giorgetti ofereceu generosamente metade do seu escrit\u00f3rio situado no Audit\u00f3rio de S\u00e3o Sebasti\u00e3o.<\/p>\n\n\n\n<p class=\"wp-block-paragraph\">O Conselho, j\u00e1 constitu\u00eddo, apresentou a Fraternidade \u00e0s autoridades religiosas e civis e iniciou com entusiasmo o seu percurso com cursos de prepara\u00e7\u00e3o para a assist\u00eancia aos doentes no hospital e ao domic\u00edlio, para os primeiros socorros (m\u00e9dicos, maqueiros e motoristas), para a assist\u00eancia aos reclusos, \u00e0s pessoas com defici\u00eancia e aos idosos, bem como cursos de prote\u00e7\u00e3o civil.&nbsp;&nbsp;<\/p>\n\n\n\n<h2 id=\"h-attivita-nbsp\" class=\"wp-block-heading\"><strong>Atividades<\/strong> <\/h2>\n\n\n\n<ul class=\"wp-block-list\">\n<li>SERVI\u00c7O DE SA\u00daDE 118&nbsp;<\/li>\n\n\n\n<li>ASSIST\u00caNCIA A RECLUSOS&nbsp;<\/li>\n\n\n\n<li>ASSIST\u00caNCIA A PESSOAS COM DEFICI\u00caNCIA E IDOSOS&nbsp;<\/li>\n\n\n\n<li>TRANSPORTE DE FERIDOS E DOENTES&nbsp;<\/li>\n\n\n\n<li>PROTE\u00c7\u00c3O CIVIL&nbsp;<\/li>\n\n\n\n<li>TRANSPORTE SOCIAL E DE SA\u00daDE&nbsp;<\/li>\n\n\n\n<li>SERVI\u00c7OS FUNER\u00c1RIOS&nbsp;<\/li>\n<\/ul>\n\n\n\n<h2 id=\"h-contatti-nbsp\" class=\"wp-block-heading\"><strong>Contactos<\/strong> <\/h2>\n\n\n\n<p class=\"wp-block-paragraph\">Viale Roma 33 -\u202f54100 Massa (MS)&nbsp;<\/p>\n\n\n\n<p class=\"wp-block-paragraph\">Tel. +39058543742&nbsp;<\/p>\n\n\n\n<p class=\"wp-block-paragraph\"><a href=\"https:\/\/www.facebook.com\/misericordiamassa\/about\/?ref=page_internal\" target=\"_blank\" rel=\"noreferrer noopener nofollow\" title=\"https:\/\/www.facebook.com\/misericordiamassa\/about\/?ref=page_internal\">https:\/\/www.facebook.com\/misericordiamassa\/about\/?ref=page_internal<\/a><\/p>\n\n\n\n<p class=\"wp-block-paragraph\"><a href=\"https:\/\/www.misericordiamassa.it\" target=\"_blank\" rel=\"noreferrer noopener nofollow\" title=\"https:\/\/www.misericordiamassa.it\">https:\/\/www.misericordiamassa.it<\/a><\/p>\n\n\n\n<p class=\"wp-block-paragraph\"><a href=\"mailto:info@misericordiamassa.it\" title=\"info@misericordiamassa.it\">info@misericordiamassa.it<\/a><\/p>\n","protected":false},"excerpt":{"rendered":"<p>A Fraternidade da Miseric\u00f3rdia S\u00e3o Francisco de Massa \u00e9 uma associa\u00e7\u00e3o de voluntariado que faz parte do Movimento das Confrarias da Miseric\u00f3rdia, nascido em 1244 em Floren\u00e7a por iniciativa de Pietro da Verona, mais tarde S\u00e3o Pedro M\u00e1rtir. Atualmente, as Confrarias da Miseric\u00f3rdia est\u00e3o presentes em It\u00e1lia e no estrangeiro com mais de 700 confrarias. &#8230; <a title=\"Arquiconfraria da Miseric\u00f3rdia S\u00e3o Francisco de Massa\" class=\"read-more\" href=\"https:\/\/spaziospadoni.org\/pt-pt\/entidades-de-formacao\/arquiconfraria-da-misericordia-sao-francisco-de-massa\/\" aria-label=\"Read more about Arquiconfraria da Miseric\u00f3rdia S\u00e3o Francisco de Massa\">Ler mais<\/a><\/p>\n","protected":false},"author":102,"featured_media":0,"parent":73246,"menu_order":0,"comment_status":"closed","ping_status":"closed","template":"","meta":{"_sitemap_exclude":false,"_sitemap_priority":"","_sitemap_frequency":"","footnotes":""},"class_list":["post-78153","page","type-page","status-publish","infinite-scroll-item"],"yoast_head":"<!-- This site is optimized with the Yoast SEO plugin v28.4 - https:\/\/yoast.com\/product\/yoast-seo-wordpress\/ -->\n<title>Arquiconfraria da Miseric\u00f3rdia S\u00e3o Francisco de Massa | Spazio Spadoni<\/title>\n<meta name=\"description\" content=\"A Fraternidade da Miseric\u00f3rdia S\u00e3o Francisco de Massa \u00e9 uma associa\u00e7\u00e3o de voluntariado que faz parte do Movimento das Confrarias da Miseric\u00f3rdia, nascido\" \/>\n<meta name=\"robots\" content=\"index, follow, max-snippet:-1, max-image-preview:large, max-video-preview:-1\" \/>\n<link rel=\"canonical\" href=\"https:\/\/spaziospadoni.org\/pt-pt\/entidades-de-formacao\/arquiconfraria-da-misericordia-sao-francisco-de-massa\/\" \/>\n<meta property=\"og:locale\" content=\"pt_PT\" \/>\n<meta property=\"og:type\" content=\"article\" \/>\n<meta property=\"og:title\" content=\"Arquiconfraria da Miseric\u00f3rdia S\u00e3o Francisco de Massa | Spazio Spadoni\" \/>\n<meta property=\"og:description\" content=\"A Fraternidade da Miseric\u00f3rdia S\u00e3o Francisco de Massa \u00e9 uma associa\u00e7\u00e3o de voluntariado que faz parte do Movimento das Confrarias da Miseric\u00f3rdia, nascido\" \/>\n<meta property=\"og:url\" content=\"https:\/\/spaziospadoni.org\/pt-pt\/entidades-de-formacao\/arquiconfraria-da-misericordia-sao-francisco-de-massa\/\" \/>\n<meta property=\"og:site_name\" content=\"spazio + spadoni\" \/>\n<meta property=\"article:publisher\" content=\"https:\/\/www.facebook.com\/SpazioSpadoni\/\" \/>\n<meta property=\"article:modified_time\" content=\"2026-08-21T14:38:51+00:00\" \/>\n<meta property=\"og:image\" content=\"https:\/\/spaziospadoni.org\/wp-content\/uploads\/2026\/05\/Logo-Misericordia-di-Massa.jpg\" \/>\n\t<meta property=\"og:image:width\" content=\"225\" \/>\n\t<meta property=\"og:image:height\" content=\"225\" \/>\n\t<meta property=\"og:image:type\" content=\"image\/jpeg\" \/>\n<meta name=\"twitter:card\" content=\"summary_large_image\" \/>\n<meta name=\"twitter:label1\" content=\"Est. reading time\" \/>\n\t<meta name=\"twitter:data1\" content=\"5 minutes\" \/>\n<script type=\"application\/ld+json\" class=\"yoast-schema-graph\">{\"@context\":\"https:\\\/\\\/schema.org\",\"@graph\":[{\"@type\":\"WebPage\",\"@id\":\"https:\\\/\\\/spaziospadoni.org\\\/pt-pt\\\/entidades-de-formacao\\\/arquiconfraria-da-misericordia-sao-francisco-de-massa\\\/\",\"url\":\"https:\\\/\\\/spaziospadoni.org\\\/pt-pt\\\/entidades-de-formacao\\\/arquiconfraria-da-misericordia-sao-francisco-de-massa\\\/\",\"name\":\"Arquiconfraria da Miseric\u00f3rdia S\u00e3o Francisco de Massa | Spazio Spadoni\",\"isPartOf\":{\"@id\":\"https:\\\/\\\/spaziospadoni.org\\\/pt-pt\\\/#website\"},\"primaryImageOfPage\":{\"@id\":\"https:\\\/\\\/spaziospadoni.org\\\/pt-pt\\\/entidades-de-formacao\\\/arquiconfraria-da-misericordia-sao-francisco-de-massa\\\/#primaryimage\"},\"image\":{\"@id\":\"https:\\\/\\\/spaziospadoni.org\\\/pt-pt\\\/entidades-de-formacao\\\/arquiconfraria-da-misericordia-sao-francisco-de-massa\\\/#primaryimage\"},\"thumbnailUrl\":\"https:\\\/\\\/spaziospadoni.org\\\/wp-content\\\/uploads\\\/2026\\\/05\\\/Logo-Misericordia-di-Massa.jpg\",\"datePublished\":\"2026-05-20T12:39:44+00:00\",\"dateModified\":\"2026-08-21T14:38:51+00:00\",\"description\":\"A Fraternidade da Miseric\u00f3rdia S\u00e3o Francisco de Massa \u00e9 uma associa\u00e7\u00e3o de voluntariado que faz parte do Movimento das Confrarias da Miseric\u00f3rdia, nascido\",\"breadcrumb\":{\"@id\":\"https:\\\/\\\/spaziospadoni.org\\\/pt-pt\\\/entidades-de-formacao\\\/arquiconfraria-da-misericordia-sao-francisco-de-massa\\\/#breadcrumb\"},\"inLanguage\":\"pt-PT\",\"potentialAction\":[{\"@type\":\"ReadAction\",\"target\":[\"https:\\\/\\\/spaziospadoni.org\\\/pt-pt\\\/entidades-de-formacao\\\/arquiconfraria-da-misericordia-sao-francisco-de-massa\\\/\"]}]},{\"@type\":\"ImageObject\",\"inLanguage\":\"pt-PT\",\"@id\":\"https:\\\/\\\/spaziospadoni.org\\\/pt-pt\\\/entidades-de-formacao\\\/arquiconfraria-da-misericordia-sao-francisco-de-massa\\\/#primaryimage\",\"url\":\"https:\\\/\\\/spaziospadoni.org\\\/wp-content\\\/uploads\\\/2026\\\/05\\\/Logo-Misericordia-di-Massa.jpg\",\"contentUrl\":\"https:\\\/\\\/spaziospadoni.org\\\/wp-content\\\/uploads\\\/2026\\\/05\\\/Logo-Misericordia-di-Massa.jpg\"},{\"@type\":\"BreadcrumbList\",\"@id\":\"https:\\\/\\\/spaziospadoni.org\\\/pt-pt\\\/entidades-de-formacao\\\/arquiconfraria-da-misericordia-sao-francisco-de-massa\\\/#breadcrumb\",\"itemListElement\":[{\"@type\":\"ListItem\",\"position\":1,\"name\":\"Home\",\"item\":\"https:\\\/\\\/spaziospadoni.org\\\/pt-pt\\\/\"},{\"@type\":\"ListItem\",\"position\":2,\"name\":\"Entidades de forma\u00e7\u00e3o\",\"item\":\"https:\\\/\\\/spaziospadoni.org\\\/pt-pt\\\/entidades-de-formacao\\\/\"},{\"@type\":\"ListItem\",\"position\":3,\"name\":\"Arquiconfraria da Miseric\u00f3rdia S\u00e3o Francisco de Massa\"}]},{\"@type\":\"WebSite\",\"@id\":\"https:\\\/\\\/spaziospadoni.org\\\/pt-pt\\\/#website\",\"url\":\"https:\\\/\\\/spaziospadoni.org\\\/pt-pt\\\/\",\"name\":\"spazio + spadoni\",\"description\":\"Generazione di misericordia e missione nel mondo\",\"publisher\":{\"@id\":\"https:\\\/\\\/spaziospadoni.org\\\/pt-pt\\\/#organization\"},\"alternateName\":\"spaziospadoni.org\",\"potentialAction\":[{\"@type\":\"SearchAction\",\"target\":{\"@type\":\"EntryPoint\",\"urlTemplate\":\"https:\\\/\\\/spaziospadoni.org\\\/pt-pt\\\/?s={search_term_string}\"},\"query-input\":{\"@type\":\"PropertyValueSpecification\",\"valueRequired\":true,\"valueName\":\"search_term_string\"}}],\"inLanguage\":\"pt-PT\"},{\"@type\":\"Organization\",\"@id\":\"https:\\\/\\\/spaziospadoni.org\\\/pt-pt\\\/#organization\",\"name\":\"spazio + spadoni\",\"alternateName\":\"spaziospadoni.org\",\"url\":\"https:\\\/\\\/spaziospadoni.org\\\/pt-pt\\\/\",\"logo\":{\"@type\":\"ImageObject\",\"inLanguage\":\"pt-PT\",\"@id\":\"https:\\\/\\\/spaziospadoni.org\\\/pt-pt\\\/#\\\/schema\\\/logo\\\/image\\\/\",\"url\":\"https:\\\/\\\/spaziospadoni.org\\\/wp-content\\\/uploads\\\/2026\\\/05\\\/spazio-spadoni-logo-100x100-1.webp\",\"contentUrl\":\"https:\\\/\\\/spaziospadoni.org\\\/wp-content\\\/uploads\\\/2026\\\/05\\\/spazio-spadoni-logo-100x100-1.webp\",\"width\":100,\"height\":100,\"caption\":\"spazio + spadoni\"},\"image\":{\"@id\":\"https:\\\/\\\/spaziospadoni.org\\\/pt-pt\\\/#\\\/schema\\\/logo\\\/image\\\/\"},\"sameAs\":[\"https:\\\/\\\/www.facebook.com\\\/SpazioSpadoni\\\/\",\"https:\\\/\\\/www.instagram.com\\\/spaziospadoni\\\/\",\"https:\\\/\\\/www.youtube.com\\\/@spaziospadoni\\\/playlists\"]}]}<\/script>\n<!-- \/ Yoast SEO plugin. -->","yoast_head_json":{"title":"Arquiconfraria da Miseric\u00f3rdia S\u00e3o Francisco de Massa | Spazio Spadoni","description":"A Fraternidade da Miseric\u00f3rdia S\u00e3o Francisco de Massa \u00e9 uma associa\u00e7\u00e3o de voluntariado que faz parte do Movimento das Confrarias da Miseric\u00f3rdia, nascido","robots":{"index":"index","follow":"follow","max-snippet":"max-snippet:-1","max-image-preview":"max-image-preview:large","max-video-preview":"max-video-preview:-1"},"canonical":"https:\/\/spaziospadoni.org\/pt-pt\/entidades-de-formacao\/arquiconfraria-da-misericordia-sao-francisco-de-massa\/","og_locale":"pt_PT","og_type":"article","og_title":"Arquiconfraria da Miseric\u00f3rdia S\u00e3o Francisco de Massa | Spazio Spadoni","og_description":"A Fraternidade da Miseric\u00f3rdia S\u00e3o Francisco de Massa \u00e9 uma associa\u00e7\u00e3o de voluntariado que faz parte do Movimento das Confrarias da Miseric\u00f3rdia, nascido","og_url":"https:\/\/spaziospadoni.org\/pt-pt\/entidades-de-formacao\/arquiconfraria-da-misericordia-sao-francisco-de-massa\/","og_site_name":"spazio + spadoni","article_publisher":"https:\/\/www.facebook.com\/SpazioSpadoni\/","article_modified_time":"2026-08-21T14:38:51+00:00","og_image":[{"width":225,"height":225,"url":"https:\/\/spaziospadoni.org\/wp-content\/uploads\/2026\/05\/Logo-Misericordia-di-Massa.jpg","type":"image\/jpeg"}],"twitter_card":"summary_large_image","twitter_misc":{"Est. reading time":"5 minutes"},"schema":{"@context":"https:\/\/schema.org","@graph":[{"@type":"WebPage","@id":"https:\/\/spaziospadoni.org\/pt-pt\/entidades-de-formacao\/arquiconfraria-da-misericordia-sao-francisco-de-massa\/","url":"https:\/\/spaziospadoni.org\/pt-pt\/entidades-de-formacao\/arquiconfraria-da-misericordia-sao-francisco-de-massa\/","name":"Arquiconfraria da Miseric\u00f3rdia S\u00e3o Francisco de Massa | Spazio Spadoni","isPartOf":{"@id":"https:\/\/spaziospadoni.org\/pt-pt\/#website"},"primaryImageOfPage":{"@id":"https:\/\/spaziospadoni.org\/pt-pt\/entidades-de-formacao\/arquiconfraria-da-misericordia-sao-francisco-de-massa\/#primaryimage"},"image":{"@id":"https:\/\/spaziospadoni.org\/pt-pt\/entidades-de-formacao\/arquiconfraria-da-misericordia-sao-francisco-de-massa\/#primaryimage"},"thumbnailUrl":"https:\/\/spaziospadoni.org\/wp-content\/uploads\/2026\/05\/Logo-Misericordia-di-Massa.jpg","datePublished":"2026-05-20T12:39:44+00:00","dateModified":"2026-08-21T14:38:51+00:00","description":"A Fraternidade da Miseric\u00f3rdia S\u00e3o Francisco de Massa \u00e9 uma associa\u00e7\u00e3o de voluntariado que faz parte do Movimento das Confrarias da Miseric\u00f3rdia, nascido","breadcrumb":{"@id":"https:\/\/spaziospadoni.org\/pt-pt\/entidades-de-formacao\/arquiconfraria-da-misericordia-sao-francisco-de-massa\/#breadcrumb"},"inLanguage":"pt-PT","potentialAction":[{"@type":"ReadAction","target":["https:\/\/spaziospadoni.org\/pt-pt\/entidades-de-formacao\/arquiconfraria-da-misericordia-sao-francisco-de-massa\/"]}]},{"@type":"ImageObject","inLanguage":"pt-PT","@id":"https:\/\/spaziospadoni.org\/pt-pt\/entidades-de-formacao\/arquiconfraria-da-misericordia-sao-francisco-de-massa\/#primaryimage","url":"https:\/\/spaziospadoni.org\/wp-content\/uploads\/2026\/05\/Logo-Misericordia-di-Massa.jpg","contentUrl":"https:\/\/spaziospadoni.org\/wp-content\/uploads\/2026\/05\/Logo-Misericordia-di-Massa.jpg"},{"@type":"BreadcrumbList","@id":"https:\/\/spaziospadoni.org\/pt-pt\/entidades-de-formacao\/arquiconfraria-da-misericordia-sao-francisco-de-massa\/#breadcrumb","itemListElement":[{"@type":"ListItem","position":1,"name":"Home","item":"https:\/\/spaziospadoni.org\/pt-pt\/"},{"@type":"ListItem","position":2,"name":"Entidades de forma\u00e7\u00e3o","item":"https:\/\/spaziospadoni.org\/pt-pt\/entidades-de-formacao\/"},{"@type":"ListItem","position":3,"name":"Arquiconfraria da Miseric\u00f3rdia S\u00e3o Francisco de Massa"}]},{"@type":"WebSite","@id":"https:\/\/spaziospadoni.org\/pt-pt\/#website","url":"https:\/\/spaziospadoni.org\/pt-pt\/","name":"spazio + spadoni","description":"Generazione di misericordia e missione nel mondo","publisher":{"@id":"https:\/\/spaziospadoni.org\/pt-pt\/#organization"},"alternateName":"spaziospadoni.org","potentialAction":[{"@type":"SearchAction","target":{"@type":"EntryPoint","urlTemplate":"https:\/\/spaziospadoni.org\/pt-pt\/?s={search_term_string}"},"query-input":{"@type":"PropertyValueSpecification","valueRequired":true,"valueName":"search_term_string"}}],"inLanguage":"pt-PT"},{"@type":"Organization","@id":"https:\/\/spaziospadoni.org\/pt-pt\/#organization","name":"spazio + spadoni","alternateName":"spaziospadoni.org","url":"https:\/\/spaziospadoni.org\/pt-pt\/","logo":{"@type":"ImageObject","inLanguage":"pt-PT","@id":"https:\/\/spaziospadoni.org\/pt-pt\/#\/schema\/logo\/image\/","url":"https:\/\/spaziospadoni.org\/wp-content\/uploads\/2026\/05\/spazio-spadoni-logo-100x100-1.webp","contentUrl":"https:\/\/spaziospadoni.org\/wp-content\/uploads\/2026\/05\/spazio-spadoni-logo-100x100-1.webp","width":100,"height":100,"caption":"spazio + spadoni"},"image":{"@id":"https:\/\/spaziospadoni.org\/pt-pt\/#\/schema\/logo\/image\/"},"sameAs":["https:\/\/www.facebook.com\/SpazioSpadoni\/","https:\/\/www.instagram.com\/spaziospadoni\/","https:\/\/www.youtube.com\/@spaziospadoni\/playlists"]}]}},"_links":{"self":[{"href":"https:\/\/spaziospadoni.org\/pt-pt\/wp-json\/wp\/v2\/pages\/78153","targetHints":{"allow":["GET"]}}],"collection":[{"href":"https:\/\/spaziospadoni.org\/pt-pt\/wp-json\/wp\/v2\/pages"}],"about":[{"href":"https:\/\/spaziospadoni.org\/pt-pt\/wp-json\/wp\/v2\/types\/page"}],"author":[{"embeddable":true,"href":"https:\/\/spaziospadoni.org\/pt-pt\/wp-json\/wp\/v2\/users\/102"}],"replies":[{"embeddable":true,"href":"https:\/\/spaziospadoni.org\/pt-pt\/wp-json\/wp\/v2\/comments?post=78153"}],"version-history":[{"count":1,"href":"https:\/\/spaziospadoni.org\/pt-pt\/wp-json\/wp\/v2\/pages\/78153\/revisions"}],"predecessor-version":[{"id":91603,"href":"https:\/\/spaziospadoni.org\/pt-pt\/wp-json\/wp\/v2\/pages\/78153\/revisions\/91603"}],"up":[{"embeddable":true,"href":"https:\/\/spaziospadoni.org\/pt-pt\/wp-json\/wp\/v2\/pages\/73246"}],"wp:attachment":[{"href":"https:\/\/spaziospadoni.org\/pt-pt\/wp-json\/wp\/v2\/media?parent=78153"}],"curies":[{"name":"wp","href":"https:\/\/api.w.org\/{rel}","templated":true}]}}