{"id":78177,"date":"2026-05-20T14:23:08","date_gmt":"2026-05-20T13:23:08","guid":{"rendered":"https:\/\/spaziospadoni.org\/entidades-de-formacao\/comunita-parrocchiale-di-santeugenio\/"},"modified":"2026-08-21T15:51:59","modified_gmt":"2026-08-21T14:51:59","slug":"comunidade-paroquial-de-santo-eugenio","status":"publish","type":"page","link":"https:\/\/spaziospadoni.org\/pt-pt\/entidades-de-formacao\/comunidade-paroquial-de-santo-eugenio\/","title":{"rendered":"Comunidade Paroquial de Santo Eug\u00e9nio"},"content":{"rendered":"\n<p class=\"wp-block-paragraph\">A Comunidade Paroquial de Santo Eug\u00e9nio, constitu\u00edda pelas par\u00f3quias de Badia di Cantignano, Coselli, Guamo, Verciano e Vorno, \u00e9 um s\u00f3lido ponto de refer\u00eancia na Diocese de Lucca e caracteriza-se por uma hist\u00f3ria de empenho e consolida\u00e7\u00e3o ao longo dos anos.<\/p>\n\n\n<div class=\"wp-block-image\">\n<figure class=\"aligncenter size-full is-resized\"><img decoding=\"async\" width=\"500\" height=\"500\" src=\"https:\/\/spaziospadoni.org\/wp-content\/uploads\/2026\/05\/Comunita-Parrocchiale-di-SantEugenio.jpg\" alt=\"Comunidade Paroquial de Santo Eug\u00e9nio\" class=\"wp-image-52818\" style=\"width:344px;height:auto\" srcset=\"https:\/\/spaziospadoni.org\/wp-content\/uploads\/2026\/05\/Comunita-Parrocchiale-di-SantEugenio.jpg 500w, https:\/\/spaziospadoni.org\/wp-content\/uploads\/2026\/05\/Comunita-Parrocchiale-di-SantEugenio-300x300.jpg 300w, https:\/\/spaziospadoni.org\/wp-content\/uploads\/2026\/05\/Comunita-Parrocchiale-di-SantEugenio-150x150.jpg 150w\" sizes=\"(max-width: 500px) 100vw, 500px\" \/><\/figure>\n<\/div>\n\n\n<p class=\"wp-block-paragraph\">O que distingue esta comunidade \u00e9 a sua grande vitalidade, que se manifesta atrav\u00e9s de uma participa\u00e7\u00e3o ativa no voluntariado e na pastoral, envolvendo pessoas de todas as idades e grupos sociais por meio de um vasto leque de iniciativas. As iniciativas abrangem desde a forma\u00e7\u00e3o catequ\u00e9tica dos jovens ao apoio e \u00e0 dinamiza\u00e7\u00e3o dos idosos, al\u00e9m da promo\u00e7\u00e3o de iniciativas educativas de ver\u00e3o e do apoio \u00e0s fam\u00edlias.&nbsp; A Comunidade Paroquial de Santo Eug\u00e9nio empenha-se em alimentar uma f\u00e9 viva e din\u00e2mica, enraizada na solidariedade e no compromisso social.<\/p>\n\n\n\n<p class=\"wp-block-paragraph\">Al\u00e9m disso, esta realidade diocesana participa ativamente numa rede de rela\u00e7\u00f5es com v\u00e1rias associa\u00e7\u00f5es laicas e institui\u00e7\u00f5es locais, colaborando para promover o di\u00e1logo inter-religioso, a paz social e a justi\u00e7a.<\/p>\n\n\n\n<p class=\"wp-block-paragraph\">Com uma abordagem aberta e inclusiva, a Comunidade acolhe com alegria aqueles que desejam partilhar o seu caminho de f\u00e9 e servi\u00e7o, para enfrentar com um esp\u00edrito diferente o nosso tempo, demasiadas vezes marcado pelo individualismo, pela indiferen\u00e7a e pela solid\u00e3o.<\/p>\n","protected":false},"excerpt":{"rendered":"<p>A Comunidade Paroquial de Santo Eug\u00e9nio, constitu\u00edda pelas par\u00f3quias de Badia di Cantignano, Coselli, Guamo, Verciano e Vorno, \u00e9 um s\u00f3lido ponto de refer\u00eancia na Diocese de Lucca e caracteriza-se por uma hist\u00f3ria de empenho e consolida\u00e7\u00e3o ao longo dos anos. O que distingue esta comunidade \u00e9 a sua grande vitalidade, que se manifesta atrav\u00e9s &#8230; <a title=\"Comunidade Paroquial de Santo Eug\u00e9nio\" class=\"read-more\" href=\"https:\/\/spaziospadoni.org\/pt-pt\/entidades-de-formacao\/comunidade-paroquial-de-santo-eugenio\/\" aria-label=\"Read more about Comunidade Paroquial de Santo Eug\u00e9nio\">Ler mais<\/a><\/p>\n","protected":false},"author":102,"featured_media":0,"parent":73246,"menu_order":0,"comment_status":"closed","ping_status":"closed","template":"","meta":{"_sitemap_exclude":false,"_sitemap_priority":"","_sitemap_frequency":"","footnotes":""},"class_list":["post-78177","page","type-page","status-publish","infinite-scroll-item"],"yoast_head":"<!-- This site is optimized with the Yoast SEO plugin v28.4 - https:\/\/yoast.com\/product\/yoast-seo-wordpress\/ -->\n<title>Comunidade Paroquial de Santo Eug\u00e9nio | Spazio Spadoni<\/title>\n<meta name=\"description\" content=\"A Comunidade Paroquial de Santo Eug\u00e9nio, constitu\u00edda pelas par\u00f3quias de Badia di Cantignano, Coselli, Guamo, Verciano e Vorno, \u00e9 um s\u00f3lido ponto de\" \/>\n<meta name=\"robots\" content=\"index, follow, max-snippet:-1, max-image-preview:large, max-video-preview:-1\" \/>\n<link rel=\"canonical\" href=\"https:\/\/spaziospadoni.org\/pt-pt\/entidades-de-formacao\/comunidade-paroquial-de-santo-eugenio\/\" \/>\n<meta property=\"og:locale\" content=\"pt_PT\" \/>\n<meta property=\"og:type\" content=\"article\" \/>\n<meta property=\"og:title\" content=\"Comunidade Paroquial de Santo Eug\u00e9nio | Spazio Spadoni\" \/>\n<meta property=\"og:description\" content=\"A Comunidade Paroquial de Santo Eug\u00e9nio, constitu\u00edda pelas par\u00f3quias de Badia di Cantignano, Coselli, Guamo, Verciano e Vorno, \u00e9 um s\u00f3lido ponto de\" \/>\n<meta property=\"og:url\" content=\"https:\/\/spaziospadoni.org\/pt-pt\/entidades-de-formacao\/comunidade-paroquial-de-santo-eugenio\/\" \/>\n<meta property=\"og:site_name\" content=\"spazio + spadoni\" \/>\n<meta property=\"article:publisher\" content=\"https:\/\/www.facebook.com\/SpazioSpadoni\/\" \/>\n<meta property=\"article:modified_time\" content=\"2026-08-21T14:51:59+00:00\" \/>\n<meta property=\"og:image\" content=\"https:\/\/spaziospadoni.org\/wp-content\/uploads\/2026\/05\/Comunita-Parrocchiale-di-SantEugenio.jpg\" \/>\n\t<meta property=\"og:image:width\" content=\"500\" \/>\n\t<meta property=\"og:image:height\" content=\"500\" \/>\n\t<meta property=\"og:image:type\" content=\"image\/jpeg\" \/>\n<meta name=\"twitter:card\" content=\"summary_large_image\" \/>\n<meta name=\"twitter:label1\" content=\"Est. reading time\" \/>\n\t<meta name=\"twitter:data1\" content=\"2 minutes\" \/>\n<script type=\"application\/ld+json\" class=\"yoast-schema-graph\">{\"@context\":\"https:\\\/\\\/schema.org\",\"@graph\":[{\"@type\":\"WebPage\",\"@id\":\"https:\\\/\\\/spaziospadoni.org\\\/pt-pt\\\/entidades-de-formacao\\\/comunidade-paroquial-de-santo-eugenio\\\/\",\"url\":\"https:\\\/\\\/spaziospadoni.org\\\/pt-pt\\\/entidades-de-formacao\\\/comunidade-paroquial-de-santo-eugenio\\\/\",\"name\":\"Comunidade Paroquial de Santo Eug\u00e9nio | Spazio Spadoni\",\"isPartOf\":{\"@id\":\"https:\\\/\\\/spaziospadoni.org\\\/pt-pt\\\/#website\"},\"primaryImageOfPage\":{\"@id\":\"https:\\\/\\\/spaziospadoni.org\\\/pt-pt\\\/entidades-de-formacao\\\/comunidade-paroquial-de-santo-eugenio\\\/#primaryimage\"},\"image\":{\"@id\":\"https:\\\/\\\/spaziospadoni.org\\\/pt-pt\\\/entidades-de-formacao\\\/comunidade-paroquial-de-santo-eugenio\\\/#primaryimage\"},\"thumbnailUrl\":\"https:\\\/\\\/spaziospadoni.org\\\/wp-content\\\/uploads\\\/2026\\\/05\\\/Comunita-Parrocchiale-di-SantEugenio.jpg\",\"datePublished\":\"2026-05-20T13:23:08+00:00\",\"dateModified\":\"2026-08-21T14:51:59+00:00\",\"description\":\"A Comunidade Paroquial de Santo Eug\u00e9nio, constitu\u00edda pelas par\u00f3quias de Badia di Cantignano, Coselli, Guamo, Verciano e Vorno, \u00e9 um s\u00f3lido ponto de\",\"breadcrumb\":{\"@id\":\"https:\\\/\\\/spaziospadoni.org\\\/pt-pt\\\/entidades-de-formacao\\\/comunidade-paroquial-de-santo-eugenio\\\/#breadcrumb\"},\"inLanguage\":\"pt-PT\",\"potentialAction\":[{\"@type\":\"ReadAction\",\"target\":[\"https:\\\/\\\/spaziospadoni.org\\\/pt-pt\\\/entidades-de-formacao\\\/comunidade-paroquial-de-santo-eugenio\\\/\"]}]},{\"@type\":\"ImageObject\",\"inLanguage\":\"pt-PT\",\"@id\":\"https:\\\/\\\/spaziospadoni.org\\\/pt-pt\\\/entidades-de-formacao\\\/comunidade-paroquial-de-santo-eugenio\\\/#primaryimage\",\"url\":\"https:\\\/\\\/spaziospadoni.org\\\/wp-content\\\/uploads\\\/2026\\\/05\\\/Comunita-Parrocchiale-di-SantEugenio.jpg\",\"contentUrl\":\"https:\\\/\\\/spaziospadoni.org\\\/wp-content\\\/uploads\\\/2026\\\/05\\\/Comunita-Parrocchiale-di-SantEugenio.jpg\"},{\"@type\":\"BreadcrumbList\",\"@id\":\"https:\\\/\\\/spaziospadoni.org\\\/pt-pt\\\/entidades-de-formacao\\\/comunidade-paroquial-de-santo-eugenio\\\/#breadcrumb\",\"itemListElement\":[{\"@type\":\"ListItem\",\"position\":1,\"name\":\"Home\",\"item\":\"https:\\\/\\\/spaziospadoni.org\\\/pt-pt\\\/\"},{\"@type\":\"ListItem\",\"position\":2,\"name\":\"Entidades de forma\u00e7\u00e3o\",\"item\":\"https:\\\/\\\/spaziospadoni.org\\\/pt-pt\\\/entidades-de-formacao\\\/\"},{\"@type\":\"ListItem\",\"position\":3,\"name\":\"Comunidade Paroquial de Santo Eug\u00e9nio\"}]},{\"@type\":\"WebSite\",\"@id\":\"https:\\\/\\\/spaziospadoni.org\\\/pt-pt\\\/#website\",\"url\":\"https:\\\/\\\/spaziospadoni.org\\\/pt-pt\\\/\",\"name\":\"spazio + spadoni\",\"description\":\"Generazione di misericordia e missione nel mondo\",\"publisher\":{\"@id\":\"https:\\\/\\\/spaziospadoni.org\\\/pt-pt\\\/#organization\"},\"alternateName\":\"spaziospadoni.org\",\"potentialAction\":[{\"@type\":\"SearchAction\",\"target\":{\"@type\":\"EntryPoint\",\"urlTemplate\":\"https:\\\/\\\/spaziospadoni.org\\\/pt-pt\\\/?s={search_term_string}\"},\"query-input\":{\"@type\":\"PropertyValueSpecification\",\"valueRequired\":true,\"valueName\":\"search_term_string\"}}],\"inLanguage\":\"pt-PT\"},{\"@type\":\"Organization\",\"@id\":\"https:\\\/\\\/spaziospadoni.org\\\/pt-pt\\\/#organization\",\"name\":\"spazio + spadoni\",\"alternateName\":\"spaziospadoni.org\",\"url\":\"https:\\\/\\\/spaziospadoni.org\\\/pt-pt\\\/\",\"logo\":{\"@type\":\"ImageObject\",\"inLanguage\":\"pt-PT\",\"@id\":\"https:\\\/\\\/spaziospadoni.org\\\/pt-pt\\\/#\\\/schema\\\/logo\\\/image\\\/\",\"url\":\"https:\\\/\\\/spaziospadoni.org\\\/wp-content\\\/uploads\\\/2026\\\/05\\\/spazio-spadoni-logo-100x100-1.webp\",\"contentUrl\":\"https:\\\/\\\/spaziospadoni.org\\\/wp-content\\\/uploads\\\/2026\\\/05\\\/spazio-spadoni-logo-100x100-1.webp\",\"width\":100,\"height\":100,\"caption\":\"spazio + spadoni\"},\"image\":{\"@id\":\"https:\\\/\\\/spaziospadoni.org\\\/pt-pt\\\/#\\\/schema\\\/logo\\\/image\\\/\"},\"sameAs\":[\"https:\\\/\\\/www.facebook.com\\\/SpazioSpadoni\\\/\",\"https:\\\/\\\/www.instagram.com\\\/spaziospadoni\\\/\",\"https:\\\/\\\/www.youtube.com\\\/@spaziospadoni\\\/playlists\"]}]}<\/script>\n<!-- \/ Yoast SEO plugin. -->","yoast_head_json":{"title":"Comunidade Paroquial de Santo Eug\u00e9nio | Spazio Spadoni","description":"A Comunidade Paroquial de Santo Eug\u00e9nio, constitu\u00edda pelas par\u00f3quias de Badia di Cantignano, Coselli, Guamo, Verciano e Vorno, \u00e9 um s\u00f3lido ponto de","robots":{"index":"index","follow":"follow","max-snippet":"max-snippet:-1","max-image-preview":"max-image-preview:large","max-video-preview":"max-video-preview:-1"},"canonical":"https:\/\/spaziospadoni.org\/pt-pt\/entidades-de-formacao\/comunidade-paroquial-de-santo-eugenio\/","og_locale":"pt_PT","og_type":"article","og_title":"Comunidade Paroquial de Santo Eug\u00e9nio | Spazio Spadoni","og_description":"A Comunidade Paroquial de Santo Eug\u00e9nio, constitu\u00edda pelas par\u00f3quias de Badia di Cantignano, Coselli, Guamo, Verciano e Vorno, \u00e9 um s\u00f3lido ponto de","og_url":"https:\/\/spaziospadoni.org\/pt-pt\/entidades-de-formacao\/comunidade-paroquial-de-santo-eugenio\/","og_site_name":"spazio + spadoni","article_publisher":"https:\/\/www.facebook.com\/SpazioSpadoni\/","article_modified_time":"2026-08-21T14:51:59+00:00","og_image":[{"width":500,"height":500,"url":"https:\/\/spaziospadoni.org\/wp-content\/uploads\/2026\/05\/Comunita-Parrocchiale-di-SantEugenio.jpg","type":"image\/jpeg"}],"twitter_card":"summary_large_image","twitter_misc":{"Est. reading time":"2 minutes"},"schema":{"@context":"https:\/\/schema.org","@graph":[{"@type":"WebPage","@id":"https:\/\/spaziospadoni.org\/pt-pt\/entidades-de-formacao\/comunidade-paroquial-de-santo-eugenio\/","url":"https:\/\/spaziospadoni.org\/pt-pt\/entidades-de-formacao\/comunidade-paroquial-de-santo-eugenio\/","name":"Comunidade Paroquial de Santo Eug\u00e9nio | Spazio Spadoni","isPartOf":{"@id":"https:\/\/spaziospadoni.org\/pt-pt\/#website"},"primaryImageOfPage":{"@id":"https:\/\/spaziospadoni.org\/pt-pt\/entidades-de-formacao\/comunidade-paroquial-de-santo-eugenio\/#primaryimage"},"image":{"@id":"https:\/\/spaziospadoni.org\/pt-pt\/entidades-de-formacao\/comunidade-paroquial-de-santo-eugenio\/#primaryimage"},"thumbnailUrl":"https:\/\/spaziospadoni.org\/wp-content\/uploads\/2026\/05\/Comunita-Parrocchiale-di-SantEugenio.jpg","datePublished":"2026-05-20T13:23:08+00:00","dateModified":"2026-08-21T14:51:59+00:00","description":"A Comunidade Paroquial de Santo Eug\u00e9nio, constitu\u00edda pelas par\u00f3quias de Badia di Cantignano, Coselli, Guamo, Verciano e Vorno, \u00e9 um s\u00f3lido ponto de","breadcrumb":{"@id":"https:\/\/spaziospadoni.org\/pt-pt\/entidades-de-formacao\/comunidade-paroquial-de-santo-eugenio\/#breadcrumb"},"inLanguage":"pt-PT","potentialAction":[{"@type":"ReadAction","target":["https:\/\/spaziospadoni.org\/pt-pt\/entidades-de-formacao\/comunidade-paroquial-de-santo-eugenio\/"]}]},{"@type":"ImageObject","inLanguage":"pt-PT","@id":"https:\/\/spaziospadoni.org\/pt-pt\/entidades-de-formacao\/comunidade-paroquial-de-santo-eugenio\/#primaryimage","url":"https:\/\/spaziospadoni.org\/wp-content\/uploads\/2026\/05\/Comunita-Parrocchiale-di-SantEugenio.jpg","contentUrl":"https:\/\/spaziospadoni.org\/wp-content\/uploads\/2026\/05\/Comunita-Parrocchiale-di-SantEugenio.jpg"},{"@type":"BreadcrumbList","@id":"https:\/\/spaziospadoni.org\/pt-pt\/entidades-de-formacao\/comunidade-paroquial-de-santo-eugenio\/#breadcrumb","itemListElement":[{"@type":"ListItem","position":1,"name":"Home","item":"https:\/\/spaziospadoni.org\/pt-pt\/"},{"@type":"ListItem","position":2,"name":"Entidades de forma\u00e7\u00e3o","item":"https:\/\/spaziospadoni.org\/pt-pt\/entidades-de-formacao\/"},{"@type":"ListItem","position":3,"name":"Comunidade Paroquial de Santo Eug\u00e9nio"}]},{"@type":"WebSite","@id":"https:\/\/spaziospadoni.org\/pt-pt\/#website","url":"https:\/\/spaziospadoni.org\/pt-pt\/","name":"spazio + spadoni","description":"Generazione di misericordia e missione nel mondo","publisher":{"@id":"https:\/\/spaziospadoni.org\/pt-pt\/#organization"},"alternateName":"spaziospadoni.org","potentialAction":[{"@type":"SearchAction","target":{"@type":"EntryPoint","urlTemplate":"https:\/\/spaziospadoni.org\/pt-pt\/?s={search_term_string}"},"query-input":{"@type":"PropertyValueSpecification","valueRequired":true,"valueName":"search_term_string"}}],"inLanguage":"pt-PT"},{"@type":"Organization","@id":"https:\/\/spaziospadoni.org\/pt-pt\/#organization","name":"spazio + spadoni","alternateName":"spaziospadoni.org","url":"https:\/\/spaziospadoni.org\/pt-pt\/","logo":{"@type":"ImageObject","inLanguage":"pt-PT","@id":"https:\/\/spaziospadoni.org\/pt-pt\/#\/schema\/logo\/image\/","url":"https:\/\/spaziospadoni.org\/wp-content\/uploads\/2026\/05\/spazio-spadoni-logo-100x100-1.webp","contentUrl":"https:\/\/spaziospadoni.org\/wp-content\/uploads\/2026\/05\/spazio-spadoni-logo-100x100-1.webp","width":100,"height":100,"caption":"spazio + spadoni"},"image":{"@id":"https:\/\/spaziospadoni.org\/pt-pt\/#\/schema\/logo\/image\/"},"sameAs":["https:\/\/www.facebook.com\/SpazioSpadoni\/","https:\/\/www.instagram.com\/spaziospadoni\/","https:\/\/www.youtube.com\/@spaziospadoni\/playlists"]}]}},"_links":{"self":[{"href":"https:\/\/spaziospadoni.org\/pt-pt\/wp-json\/wp\/v2\/pages\/78177","targetHints":{"allow":["GET"]}}],"collection":[{"href":"https:\/\/spaziospadoni.org\/pt-pt\/wp-json\/wp\/v2\/pages"}],"about":[{"href":"https:\/\/spaziospadoni.org\/pt-pt\/wp-json\/wp\/v2\/types\/page"}],"author":[{"embeddable":true,"href":"https:\/\/spaziospadoni.org\/pt-pt\/wp-json\/wp\/v2\/users\/102"}],"replies":[{"embeddable":true,"href":"https:\/\/spaziospadoni.org\/pt-pt\/wp-json\/wp\/v2\/comments?post=78177"}],"version-history":[{"count":1,"href":"https:\/\/spaziospadoni.org\/pt-pt\/wp-json\/wp\/v2\/pages\/78177\/revisions"}],"predecessor-version":[{"id":91612,"href":"https:\/\/spaziospadoni.org\/pt-pt\/wp-json\/wp\/v2\/pages\/78177\/revisions\/91612"}],"up":[{"embeddable":true,"href":"https:\/\/spaziospadoni.org\/pt-pt\/wp-json\/wp\/v2\/pages\/73246"}],"wp:attachment":[{"href":"https:\/\/spaziospadoni.org\/pt-pt\/wp-json\/wp\/v2\/media?parent=78177"}],"curies":[{"name":"wp","href":"https:\/\/api.w.org\/{rel}","templated":true}]}}