{"id":78202,"date":"2026-05-20T13:50:23","date_gmt":"2026-05-20T12:50:23","guid":{"rendered":"https:\/\/spaziospadoni.org\/entidades-de-formacao\/confraternita-di-misericordia-di-anghiari\/"},"modified":"2026-08-21T17:00:54","modified_gmt":"2026-08-21T16:00:54","slug":"confraria-da-misericordia-de-anghiari","status":"publish","type":"page","link":"https:\/\/spaziospadoni.org\/pt-pt\/entidades-de-formacao\/confraria-da-misericordia-de-anghiari\/","title":{"rendered":"Confraria da Miseric\u00f3rdia de Anghiari"},"content":{"rendered":"\n<p class=\"wp-block-paragraph\">A Confraria da Miseric\u00f3rdia de Anghiari \u00e9 uma associa\u00e7\u00e3o de voluntariado que faz parte do Movimento das Confrarias da Miseric\u00f3rdia, fundado em Floren\u00e7a em 1244 por Pietro da Verona, mais tarde S\u00e3o Pedro M\u00e1rtir. Atualmente, as Confrarias da Miseric\u00f3rdia est\u00e3o presentes em It\u00e1lia e no estrangeiro com mais de 700 confrarias.<\/p>\n\n\n<div class=\"wp-block-image\">\n<figure class=\"aligncenter size-full is-resized\"><img decoding=\"async\" width=\"600\" height=\"73\" src=\"https:\/\/spaziospadoni.org\/wp-content\/uploads\/2026\/05\/images.png\" alt=\"Confraria da Miseric\u00f3rdia de Anghiari\" class=\"wp-image-45748\" style=\"width:566px;height:auto\" srcset=\"https:\/\/spaziospadoni.org\/wp-content\/uploads\/2026\/05\/images.png 600w, https:\/\/spaziospadoni.org\/wp-content\/uploads\/2026\/05\/images-300x37.png 300w\" sizes=\"(max-width: 600px) 100vw, 600px\" \/><\/figure>\n<\/div>\n\n\n<h2 id=\"historianbsp\" class=\"wp-block-heading\"><strong>Hist\u00f3ria<\/strong> <\/h2>\n\n\n\n<p class=\"wp-block-paragraph\">O movimento caritativo organizado surgiu em Anghiari em 1348, com a funda\u00e7\u00e3o da &#8220;Companhia de Santa Maria da Miseric\u00f3rdia&#8221;, tamb\u00e9m conhecida como &#8220;Companhia dos Negros&#8221;, acompanhada pela &#8220;Irmandade de Santa Maria do Borghetto&#8221; ou &#8220;Irmandade de Anghiari&#8221;. A \u201cCompanhia do Esp\u00edrito Santo\u201d nasceu em 1564 e transformou-se posteriormente na \u201cConfraria da Miseric\u00f3rdia\u201d. Os Cap\u00edtulos Estatut\u00e1rios da Confraria, aprovados em 1817, constituem a primeira compila\u00e7\u00e3o org\u00e2nica que chegou at\u00e9 n\u00f3s de normas destinadas a regulamentar a sua a\u00e7\u00e3o. Em 1855 foi aprovado o \u00abRegulamento das Obras de Benefic\u00eancia\u00bb, um passo importante para a Institui\u00e7\u00e3o e o prel\u00fadio de um compromisso que se tornaria um dos pilares da futura atividade assistencial. Ficaram assim registados os servi\u00e7os prestados at\u00e9 ent\u00e3o pelos Irm\u00e3os com puro esp\u00edrito assistencial, incluindo o transporte dos doentes para o hospital; al\u00e9m disso, o Regulamento prev\u00ea servi\u00e7os como a assist\u00eancia aos doentes e recolhas semanais para ajudar os pobres.&nbsp;<\/p>\n\n\n\n<p class=\"wp-block-paragraph\">Em 24 de agosto de 1856, a Confraria da Miseric\u00f3rdia de Anghiari foi filiada na vener\u00e1vel &#8220;Arquiconfraria da Miseric\u00f3rdia de Floren\u00e7a&#8221;. Por decreto real de 5 de maio de 1863, marco fundamental na hist\u00f3ria da Institui\u00e7\u00e3o, a Companhia foi reconhecida como \u00abPessoa Coletiva\u00bb, com o t\u00edtulo de \u201cConfraria da Miseric\u00f3rdia\u201d; os novos Estatutos de 1863, em prepara\u00e7\u00e3o desde julho de 1859, documentam o desejo tenaz da Confraria de participar na vida da comunidade urbana, abrangendo todos os seus aspetos atrav\u00e9s de um compromisso constante que os filiados s\u00e3o chamados a manter. Na segunda metade do s\u00e9culo XIX, a Confraria da Miseric\u00f3rdia de Anghiari afirmou-se como uma institui\u00e7\u00e3o em r\u00e1pido crescimento. As supress\u00f5es das \u00e9pocas leopoldina e napole\u00f3nica eram j\u00e1 recorda\u00e7\u00f5es distantes, fruto de uma \u00e9poca considerada a anos-luz dos progressos alcan\u00e7ados pela Companhia nas \u00faltimas d\u00e9cadas.&nbsp;<\/p>\n\n\n\n<p class=\"wp-block-paragraph\">Em 1869, a Confraria da Miseric\u00f3rdia decretou a pr\u00f3xima abertura de um novo hospital, que no ano seguinte abriu efetivamente as portas aos primeiros doentes com o nome de &#8220;Hospital da Miseric\u00f3rdia&#8221;, em mem\u00f3ria permanente do papel fundamental desempenhado pela Confraria na sua funda\u00e7\u00e3o; durante os primeiros cinco anos, a administra\u00e7\u00e3o do hospital permaneceu ligada \u00e0 da pr\u00f3pria institui\u00e7\u00e3o. A Lei Crispi n.\u00ba 6972, de 17 de julho de 1890, e o regulamento posterior, promulgado pelo Decreto Real n.\u00ba 99, de 5 de fevereiro de 1891, decretaram a transforma\u00e7\u00e3o da benefic\u00eancia privada em benefic\u00eancia p\u00fablica, comprometendo uma vez mais a autonomia e a independ\u00eancia da Confraria, que foi obrigada a proceder a uma nova e importante altera\u00e7\u00e3o estatut\u00e1ria. O novo projeto de estatutos, aprovado pelo Magistrado em 24 de abril de 1899 e pela Assembleia dos Irm\u00e3os em 7 de maio seguinte, foi apresentado \u00e0 autoridade estatal para a necess\u00e1ria aprova\u00e7\u00e3o. Come\u00e7ou assim um longo e dif\u00edcil processo entre a Confraria e o Conselho de Estado, que, atrav\u00e9s da Prefeitura de Arezzo, prop\u00f4s novas altera\u00e7\u00f5es ao projeto inicial. Ap\u00f3s uma \u00e1rdua batalha de mais de tr\u00eas anos em defesa da sua hist\u00f3ria e dos princ\u00edpios que sustentam a exist\u00eancia da Institui\u00e7\u00e3o, a Assembleia Geral dos Irm\u00e3os aceitou algumas altera\u00e7\u00f5es ao novo projeto de estatutos, formalmente sancionado e aprovado pelo Decreto Real de 21 de outubro de 1903. Embora obrigada a chegar a acordo com a autoridade superior, a Confraria conseguiu assim preservar a sua independ\u00eancia.&nbsp;<\/p>\n\n\n\n<p class=\"wp-block-paragraph\">Em 1899, em Pistoia, 40 confrarias criaram a \u201cFedera\u00e7\u00e3o das Confrarias da Miseric\u00f3rdia\u201d, que em 1947 se tornou a \u201cConfedera\u00e7\u00e3o Nacional das Confrarias da Miseric\u00f3rdia de It\u00e1lia\u201d, \u00e0 qual est\u00e1 filiada a Confraria da Miseric\u00f3rdia de Anghiari. J\u00e1 no in\u00edcio de 1971 se sentiu, no seio da Companhia, a necessidade de rever os Estatutos em vigor desde 1903, inadequados perante as novas necessidades sociais, que exigiam uma atualiza\u00e7\u00e3o dos objetivos estatut\u00e1rios das Confrarias da Miseric\u00f3rdia com base em formas de interven\u00e7\u00e3o novas e mais modernas.&nbsp;<\/p>\n\n\n\n<p class=\"wp-block-paragraph\">Em 1972 come\u00e7ou a elabora\u00e7\u00e3o de novos Estatutos com base nos propostos pela Confedera\u00e7\u00e3o Nacional, cuidadosamente estudados para os adaptar \u00e0s necessidades locais. O projeto foi aprovado pela Assembleia Geral dos Irm\u00e3os, reunida em 11 de junho de 1972, e enviado \u00e0 Regi\u00e3o da Toscana para obter a necess\u00e1ria aprova\u00e7\u00e3o, que demoraria anos a chegar.&nbsp;<\/p>\n\n\n\n<p class=\"wp-block-paragraph\">O \u00e2mbito das atividades desenvolvidas pela Institui\u00e7\u00e3o ultrapassava j\u00e1 o n\u00edvel meramente local. Preparada para intervir em caso de cat\u00e1strofes naturais, a Confraria da Miseric\u00f3rdia de Anghiari prestou um contributo valioso \u00e0s popula\u00e7\u00f5es do Friul atingidas pelo terramoto de 6 de maio de 1976, dando o exemplo de uma institui\u00e7\u00e3o ativa e participativa, plenamente integrada e envolvida nos acontecimentos nacionais.&nbsp;<\/p>\n\n\n\n<p class=\"wp-block-paragraph\">As novas disposi\u00e7\u00f5es legislativas, contudo, corriam o risco de anular anos de esfor\u00e7os, reabrindo o abismo a que a Confraria escapara em 1903.&nbsp;<\/p>\n\n\n\n<p class=\"wp-block-paragraph\">O artigo 25 do Decreto do Presidente da Rep\u00fablica n.\u00ba 616, de 24 de julho de 1977, atribuiu aos munic\u00edpios todas as fun\u00e7\u00f5es administrativas relativas \u00e0 organiza\u00e7\u00e3o e presta\u00e7\u00e3o de servi\u00e7os de assist\u00eancia e benefic\u00eancia; consequentemente, o n.\u00ba 5 do referido artigo estabeleceu a transfer\u00eancia para os munic\u00edpios das fun\u00e7\u00f5es, do pessoal e dos bens das institui\u00e7\u00f5es mencionadas que operavam no \u00e2mbito regional. Contudo, Alfredo Merlini, ent\u00e3o presidente da Confedera\u00e7\u00e3o Nacional, conseguiu que o Parlamento aprovasse o artigo 45 da Lei n.\u00ba 833, de 23 de dezembro de 1978, sobre o Servi\u00e7o Nacional de Sa\u00fade, pelo qual as Confrarias da Miseric\u00f3rdia com natureza jur\u00eddica de IPAB ficaram isentas da supress\u00e3o prevista pelo tristemente c\u00e9lebre artigo 25.&nbsp;<\/p>\n\n\n\n<p class=\"wp-block-paragraph\">Foi, portanto, apenas gra\u00e7as ao trabalho incans\u00e1vel da Confedera\u00e7\u00e3o Nacional das Confrarias da Miseric\u00f3rdia de It\u00e1lia que institui\u00e7\u00f5es semelhantes ativas na pen\u00ednsula conseguiram escapar ao esquecimento a que a lei as teria condenado.&nbsp;<\/p>\n\n\n\n<p class=\"wp-block-paragraph\">Em outubro de 1985, a Irmandade foi finalmente declarada detentora dos requisitos estabelecidos pela nova lei, e inclu\u00edda entre as institui\u00e7\u00f5es associativas cujas actividades se baseiam nos servi\u00e7os volunt\u00e1rios e pessoais dos associados.&nbsp;&nbsp;<\/p>\n\n\n\n<p class=\"wp-block-paragraph\">Hoje, a Confraria da Miseric\u00f3rdia de Anghiari pretende assumir como pr\u00f3pria a mensagem que o Sumo Pont\u00edfice Jo\u00e3o Paulo II dirigiu \u00e0s Confrarias da Miseric\u00f3rdia durante a audi\u00eancia de 14 de junho de 1986; esse encontro marcou um novo percurso hist\u00f3rico para as Confrarias da Miseric\u00f3rdia italianas nas v\u00e9speras do terceiro mil\u00e9nio, um percurso que as considera \u00abpromotoras da civiliza\u00e7\u00e3o do amor e testemunhas incans\u00e1veis da cultura da caridade\u00bb.&nbsp;<\/p>\n\n\n\n<h2 id=\"atividadesnbsp\" class=\"wp-block-heading\"><strong>Atividades<\/strong> <\/h2>\n\n\n\n<ul class=\"wp-block-list\">\n<li>ASSIST\u00caNCIA AO PR\u00d3XIMO\u00a0<\/li>\n\n\n\n<li>ASSIST\u00caNCIA A PESSOAS COM DEFICI\u00caNCIA E IDOSOS\u00a0<\/li>\n\n\n\n<li>TRANSPORTE DE FERIDOS E DOENTES POR AMBUL\u00c2NCIA\u00a0<\/li>\n\n\n\n<li>INTERVEN\u00c7\u00d5ES EM CASO DE DESASTRES (PROTE\u00c7\u00c3O CIVIL)\u00a0<\/li>\n\n\n\n<li>DOA\u00c7\u00c3O\u00a0<\/li>\n\n\n\n<li>TRANSPORTE SOCIAL\u00a0<\/li>\n\n\n\n<li>TRANSPORTE SOCIAL E DE SA\u00daDE\u00a0<\/li>\n\n\n\n<li>CURSOS DE FORMA\u00c7\u00c3O DE CIDADANIA\u00a0<\/li>\n<\/ul>\n\n\n\n<h2 id=\"contactos%25c2%25a0\" class=\"wp-block-heading\"><strong>Contactos<\/strong>\u00a0<\/h2>\n\n\n\n<p class=\"wp-block-paragraph\">Corso Giacomo Matteotti, 129 \u2013 52031 Anghiari (AR)&nbsp;<\/p>\n\n\n\n<p class=\"wp-block-paragraph\">Tel. +390575789577&nbsp;<\/p>\n\n\n\n<p class=\"wp-block-paragraph\"><a href=\"http:\/\/www.misericordiadianghiari.org\/\" target=\"_blank\" rel=\"noreferrer noopener nofollow\" title=\"http:\/\/www.misericordiadianghiari.org\/\">http:\/\/www.misericordiadianghiari.org\/<\/a>&nbsp;<\/p>\n\n\n\n<p class=\"wp-block-paragraph\"><a href=\"https:\/\/www.facebook.com\/Confraternita-di-Misericordia-di-Anghiari-303840523122761\/\" target=\"_blank\" rel=\"noreferrer noopener nofollow\" title=\"https:\/\/www.facebook.com\/Confraternita-di-Misericordia-di-Anghiari-303840523122761\/\">https:\/\/www.facebook.com\/Confraternita-di-Misericordia-di-Anghiari-303840523122761\/<\/a><\/p>\n","protected":false},"excerpt":{"rendered":"<p>A Confraria da Miseric\u00f3rdia de Anghiari \u00e9 uma associa\u00e7\u00e3o de voluntariado que faz parte do Movimento das Confrarias da Miseric\u00f3rdia, fundado em Floren\u00e7a em 1244 por Pietro da Verona, mais tarde S\u00e3o Pedro M\u00e1rtir. Atualmente, as Confrarias da Miseric\u00f3rdia est\u00e3o presentes em It\u00e1lia e no estrangeiro com mais de 700 confrarias. Hist\u00f3ria&nbsp; O movimento caritativo &#8230; <a title=\"Confraria da Miseric\u00f3rdia de Anghiari\" class=\"read-more\" href=\"https:\/\/spaziospadoni.org\/pt-pt\/entidades-de-formacao\/confraria-da-misericordia-de-anghiari\/\" aria-label=\"Read more about Confraria da Miseric\u00f3rdia de Anghiari\">Ler mais<\/a><\/p>\n","protected":false},"author":102,"featured_media":0,"parent":73246,"menu_order":0,"comment_status":"closed","ping_status":"closed","template":"","meta":{"_sitemap_exclude":false,"_sitemap_priority":"","_sitemap_frequency":"","footnotes":""},"class_list":["post-78202","page","type-page","status-publish","infinite-scroll-item"],"yoast_head":"<!-- This site is optimized with the Yoast SEO plugin v28.4 - https:\/\/yoast.com\/product\/yoast-seo-wordpress\/ -->\n<title>Confraria da Miseric\u00f3rdia de Anghiari | Spazio Spadoni<\/title>\n<meta name=\"description\" content=\"A Confraria da Miseric\u00f3rdia de Anghiari \u00e9 uma associa\u00e7\u00e3o de voluntariado que faz parte do Movimento das Confrarias da Miseric\u00f3rdia, fundado em Floren\u00e7a em\" \/>\n<meta name=\"robots\" content=\"index, follow, max-snippet:-1, max-image-preview:large, max-video-preview:-1\" \/>\n<link rel=\"canonical\" href=\"https:\/\/spaziospadoni.org\/pt-pt\/entidades-de-formacao\/confraria-da-misericordia-de-anghiari\/\" \/>\n<meta property=\"og:locale\" content=\"pt_PT\" \/>\n<meta property=\"og:type\" content=\"article\" \/>\n<meta property=\"og:title\" content=\"Confraria da Miseric\u00f3rdia de Anghiari | Spazio Spadoni\" \/>\n<meta property=\"og:description\" content=\"A Confraria da Miseric\u00f3rdia de Anghiari \u00e9 uma associa\u00e7\u00e3o de voluntariado que faz parte do Movimento das Confrarias da Miseric\u00f3rdia, fundado em Floren\u00e7a em\" \/>\n<meta property=\"og:url\" content=\"https:\/\/spaziospadoni.org\/pt-pt\/entidades-de-formacao\/confraria-da-misericordia-de-anghiari\/\" \/>\n<meta property=\"og:site_name\" content=\"spazio + spadoni\" \/>\n<meta property=\"article:publisher\" content=\"https:\/\/www.facebook.com\/SpazioSpadoni\/\" \/>\n<meta property=\"article:modified_time\" content=\"2026-08-21T16:00:54+00:00\" \/>\n<meta property=\"og:image\" content=\"https:\/\/spaziospadoni.org\/wp-content\/uploads\/2026\/05\/images.png\" \/>\n\t<meta property=\"og:image:width\" content=\"600\" \/>\n\t<meta property=\"og:image:height\" content=\"73\" \/>\n\t<meta property=\"og:image:type\" content=\"image\/png\" \/>\n<meta name=\"twitter:card\" content=\"summary_large_image\" \/>\n<meta name=\"twitter:label1\" content=\"Est. reading time\" \/>\n\t<meta name=\"twitter:data1\" content=\"7 minutes\" \/>\n<script type=\"application\/ld+json\" class=\"yoast-schema-graph\">{\"@context\":\"https:\\\/\\\/schema.org\",\"@graph\":[{\"@type\":\"WebPage\",\"@id\":\"https:\\\/\\\/spaziospadoni.org\\\/pt-pt\\\/entidades-de-formacao\\\/confraria-da-misericordia-de-anghiari\\\/\",\"url\":\"https:\\\/\\\/spaziospadoni.org\\\/pt-pt\\\/entidades-de-formacao\\\/confraria-da-misericordia-de-anghiari\\\/\",\"name\":\"Confraria da Miseric\u00f3rdia de Anghiari | Spazio Spadoni\",\"isPartOf\":{\"@id\":\"https:\\\/\\\/spaziospadoni.org\\\/pt-pt\\\/#website\"},\"primaryImageOfPage\":{\"@id\":\"https:\\\/\\\/spaziospadoni.org\\\/pt-pt\\\/entidades-de-formacao\\\/confraria-da-misericordia-de-anghiari\\\/#primaryimage\"},\"image\":{\"@id\":\"https:\\\/\\\/spaziospadoni.org\\\/pt-pt\\\/entidades-de-formacao\\\/confraria-da-misericordia-de-anghiari\\\/#primaryimage\"},\"thumbnailUrl\":\"https:\\\/\\\/spaziospadoni.org\\\/wp-content\\\/uploads\\\/2026\\\/05\\\/images.png\",\"datePublished\":\"2026-05-20T12:50:23+00:00\",\"dateModified\":\"2026-08-21T16:00:54+00:00\",\"description\":\"A Confraria da Miseric\u00f3rdia de Anghiari \u00e9 uma associa\u00e7\u00e3o de voluntariado que faz parte do Movimento das Confrarias da Miseric\u00f3rdia, fundado em Floren\u00e7a em\",\"breadcrumb\":{\"@id\":\"https:\\\/\\\/spaziospadoni.org\\\/pt-pt\\\/entidades-de-formacao\\\/confraria-da-misericordia-de-anghiari\\\/#breadcrumb\"},\"inLanguage\":\"pt-PT\",\"potentialAction\":[{\"@type\":\"ReadAction\",\"target\":[\"https:\\\/\\\/spaziospadoni.org\\\/pt-pt\\\/entidades-de-formacao\\\/confraria-da-misericordia-de-anghiari\\\/\"]}]},{\"@type\":\"ImageObject\",\"inLanguage\":\"pt-PT\",\"@id\":\"https:\\\/\\\/spaziospadoni.org\\\/pt-pt\\\/entidades-de-formacao\\\/confraria-da-misericordia-de-anghiari\\\/#primaryimage\",\"url\":\"https:\\\/\\\/spaziospadoni.org\\\/wp-content\\\/uploads\\\/2026\\\/05\\\/images.png\",\"contentUrl\":\"https:\\\/\\\/spaziospadoni.org\\\/wp-content\\\/uploads\\\/2026\\\/05\\\/images.png\"},{\"@type\":\"BreadcrumbList\",\"@id\":\"https:\\\/\\\/spaziospadoni.org\\\/pt-pt\\\/entidades-de-formacao\\\/confraria-da-misericordia-de-anghiari\\\/#breadcrumb\",\"itemListElement\":[{\"@type\":\"ListItem\",\"position\":1,\"name\":\"Home\",\"item\":\"https:\\\/\\\/spaziospadoni.org\\\/pt-pt\\\/\"},{\"@type\":\"ListItem\",\"position\":2,\"name\":\"Entidades de forma\u00e7\u00e3o\",\"item\":\"https:\\\/\\\/spaziospadoni.org\\\/pt-pt\\\/entidades-de-formacao\\\/\"},{\"@type\":\"ListItem\",\"position\":3,\"name\":\"Confraria da Miseric\u00f3rdia de Anghiari\"}]},{\"@type\":\"WebSite\",\"@id\":\"https:\\\/\\\/spaziospadoni.org\\\/pt-pt\\\/#website\",\"url\":\"https:\\\/\\\/spaziospadoni.org\\\/pt-pt\\\/\",\"name\":\"spazio + spadoni\",\"description\":\"Generazione di misericordia e missione nel mondo\",\"publisher\":{\"@id\":\"https:\\\/\\\/spaziospadoni.org\\\/pt-pt\\\/#organization\"},\"alternateName\":\"spaziospadoni.org\",\"potentialAction\":[{\"@type\":\"SearchAction\",\"target\":{\"@type\":\"EntryPoint\",\"urlTemplate\":\"https:\\\/\\\/spaziospadoni.org\\\/pt-pt\\\/?s={search_term_string}\"},\"query-input\":{\"@type\":\"PropertyValueSpecification\",\"valueRequired\":true,\"valueName\":\"search_term_string\"}}],\"inLanguage\":\"pt-PT\"},{\"@type\":\"Organization\",\"@id\":\"https:\\\/\\\/spaziospadoni.org\\\/pt-pt\\\/#organization\",\"name\":\"spazio + spadoni\",\"alternateName\":\"spaziospadoni.org\",\"url\":\"https:\\\/\\\/spaziospadoni.org\\\/pt-pt\\\/\",\"logo\":{\"@type\":\"ImageObject\",\"inLanguage\":\"pt-PT\",\"@id\":\"https:\\\/\\\/spaziospadoni.org\\\/pt-pt\\\/#\\\/schema\\\/logo\\\/image\\\/\",\"url\":\"https:\\\/\\\/spaziospadoni.org\\\/wp-content\\\/uploads\\\/2026\\\/05\\\/spazio-spadoni-logo-100x100-1.webp\",\"contentUrl\":\"https:\\\/\\\/spaziospadoni.org\\\/wp-content\\\/uploads\\\/2026\\\/05\\\/spazio-spadoni-logo-100x100-1.webp\",\"width\":100,\"height\":100,\"caption\":\"spazio + spadoni\"},\"image\":{\"@id\":\"https:\\\/\\\/spaziospadoni.org\\\/pt-pt\\\/#\\\/schema\\\/logo\\\/image\\\/\"},\"sameAs\":[\"https:\\\/\\\/www.facebook.com\\\/SpazioSpadoni\\\/\",\"https:\\\/\\\/www.instagram.com\\\/spaziospadoni\\\/\",\"https:\\\/\\\/www.youtube.com\\\/@spaziospadoni\\\/playlists\"]}]}<\/script>\n<!-- \/ Yoast SEO plugin. -->","yoast_head_json":{"title":"Confraria da Miseric\u00f3rdia de Anghiari | Spazio Spadoni","description":"A Confraria da Miseric\u00f3rdia de Anghiari \u00e9 uma associa\u00e7\u00e3o de voluntariado que faz parte do Movimento das Confrarias da Miseric\u00f3rdia, fundado em Floren\u00e7a em","robots":{"index":"index","follow":"follow","max-snippet":"max-snippet:-1","max-image-preview":"max-image-preview:large","max-video-preview":"max-video-preview:-1"},"canonical":"https:\/\/spaziospadoni.org\/pt-pt\/entidades-de-formacao\/confraria-da-misericordia-de-anghiari\/","og_locale":"pt_PT","og_type":"article","og_title":"Confraria da Miseric\u00f3rdia de Anghiari | Spazio Spadoni","og_description":"A Confraria da Miseric\u00f3rdia de Anghiari \u00e9 uma associa\u00e7\u00e3o de voluntariado que faz parte do Movimento das Confrarias da Miseric\u00f3rdia, fundado em Floren\u00e7a em","og_url":"https:\/\/spaziospadoni.org\/pt-pt\/entidades-de-formacao\/confraria-da-misericordia-de-anghiari\/","og_site_name":"spazio + spadoni","article_publisher":"https:\/\/www.facebook.com\/SpazioSpadoni\/","article_modified_time":"2026-08-21T16:00:54+00:00","og_image":[{"width":600,"height":73,"url":"https:\/\/spaziospadoni.org\/wp-content\/uploads\/2026\/05\/images.png","type":"image\/png"}],"twitter_card":"summary_large_image","twitter_misc":{"Est. reading time":"7 minutes"},"schema":{"@context":"https:\/\/schema.org","@graph":[{"@type":"WebPage","@id":"https:\/\/spaziospadoni.org\/pt-pt\/entidades-de-formacao\/confraria-da-misericordia-de-anghiari\/","url":"https:\/\/spaziospadoni.org\/pt-pt\/entidades-de-formacao\/confraria-da-misericordia-de-anghiari\/","name":"Confraria da Miseric\u00f3rdia de Anghiari | Spazio Spadoni","isPartOf":{"@id":"https:\/\/spaziospadoni.org\/pt-pt\/#website"},"primaryImageOfPage":{"@id":"https:\/\/spaziospadoni.org\/pt-pt\/entidades-de-formacao\/confraria-da-misericordia-de-anghiari\/#primaryimage"},"image":{"@id":"https:\/\/spaziospadoni.org\/pt-pt\/entidades-de-formacao\/confraria-da-misericordia-de-anghiari\/#primaryimage"},"thumbnailUrl":"https:\/\/spaziospadoni.org\/wp-content\/uploads\/2026\/05\/images.png","datePublished":"2026-05-20T12:50:23+00:00","dateModified":"2026-08-21T16:00:54+00:00","description":"A Confraria da Miseric\u00f3rdia de Anghiari \u00e9 uma associa\u00e7\u00e3o de voluntariado que faz parte do Movimento das Confrarias da Miseric\u00f3rdia, fundado em Floren\u00e7a em","breadcrumb":{"@id":"https:\/\/spaziospadoni.org\/pt-pt\/entidades-de-formacao\/confraria-da-misericordia-de-anghiari\/#breadcrumb"},"inLanguage":"pt-PT","potentialAction":[{"@type":"ReadAction","target":["https:\/\/spaziospadoni.org\/pt-pt\/entidades-de-formacao\/confraria-da-misericordia-de-anghiari\/"]}]},{"@type":"ImageObject","inLanguage":"pt-PT","@id":"https:\/\/spaziospadoni.org\/pt-pt\/entidades-de-formacao\/confraria-da-misericordia-de-anghiari\/#primaryimage","url":"https:\/\/spaziospadoni.org\/wp-content\/uploads\/2026\/05\/images.png","contentUrl":"https:\/\/spaziospadoni.org\/wp-content\/uploads\/2026\/05\/images.png"},{"@type":"BreadcrumbList","@id":"https:\/\/spaziospadoni.org\/pt-pt\/entidades-de-formacao\/confraria-da-misericordia-de-anghiari\/#breadcrumb","itemListElement":[{"@type":"ListItem","position":1,"name":"Home","item":"https:\/\/spaziospadoni.org\/pt-pt\/"},{"@type":"ListItem","position":2,"name":"Entidades de forma\u00e7\u00e3o","item":"https:\/\/spaziospadoni.org\/pt-pt\/entidades-de-formacao\/"},{"@type":"ListItem","position":3,"name":"Confraria da Miseric\u00f3rdia de Anghiari"}]},{"@type":"WebSite","@id":"https:\/\/spaziospadoni.org\/pt-pt\/#website","url":"https:\/\/spaziospadoni.org\/pt-pt\/","name":"spazio + spadoni","description":"Generazione di misericordia e missione nel mondo","publisher":{"@id":"https:\/\/spaziospadoni.org\/pt-pt\/#organization"},"alternateName":"spaziospadoni.org","potentialAction":[{"@type":"SearchAction","target":{"@type":"EntryPoint","urlTemplate":"https:\/\/spaziospadoni.org\/pt-pt\/?s={search_term_string}"},"query-input":{"@type":"PropertyValueSpecification","valueRequired":true,"valueName":"search_term_string"}}],"inLanguage":"pt-PT"},{"@type":"Organization","@id":"https:\/\/spaziospadoni.org\/pt-pt\/#organization","name":"spazio + spadoni","alternateName":"spaziospadoni.org","url":"https:\/\/spaziospadoni.org\/pt-pt\/","logo":{"@type":"ImageObject","inLanguage":"pt-PT","@id":"https:\/\/spaziospadoni.org\/pt-pt\/#\/schema\/logo\/image\/","url":"https:\/\/spaziospadoni.org\/wp-content\/uploads\/2026\/05\/spazio-spadoni-logo-100x100-1.webp","contentUrl":"https:\/\/spaziospadoni.org\/wp-content\/uploads\/2026\/05\/spazio-spadoni-logo-100x100-1.webp","width":100,"height":100,"caption":"spazio + spadoni"},"image":{"@id":"https:\/\/spaziospadoni.org\/pt-pt\/#\/schema\/logo\/image\/"},"sameAs":["https:\/\/www.facebook.com\/SpazioSpadoni\/","https:\/\/www.instagram.com\/spaziospadoni\/","https:\/\/www.youtube.com\/@spaziospadoni\/playlists"]}]}},"_links":{"self":[{"href":"https:\/\/spaziospadoni.org\/pt-pt\/wp-json\/wp\/v2\/pages\/78202","targetHints":{"allow":["GET"]}}],"collection":[{"href":"https:\/\/spaziospadoni.org\/pt-pt\/wp-json\/wp\/v2\/pages"}],"about":[{"href":"https:\/\/spaziospadoni.org\/pt-pt\/wp-json\/wp\/v2\/types\/page"}],"author":[{"embeddable":true,"href":"https:\/\/spaziospadoni.org\/pt-pt\/wp-json\/wp\/v2\/users\/102"}],"replies":[{"embeddable":true,"href":"https:\/\/spaziospadoni.org\/pt-pt\/wp-json\/wp\/v2\/comments?post=78202"}],"version-history":[{"count":1,"href":"https:\/\/spaziospadoni.org\/pt-pt\/wp-json\/wp\/v2\/pages\/78202\/revisions"}],"predecessor-version":[{"id":91643,"href":"https:\/\/spaziospadoni.org\/pt-pt\/wp-json\/wp\/v2\/pages\/78202\/revisions\/91643"}],"up":[{"embeddable":true,"href":"https:\/\/spaziospadoni.org\/pt-pt\/wp-json\/wp\/v2\/pages\/73246"}],"wp:attachment":[{"href":"https:\/\/spaziospadoni.org\/pt-pt\/wp-json\/wp\/v2\/media?parent=78202"}],"curies":[{"name":"wp","href":"https:\/\/api.w.org\/{rel}","templated":true}]}}