{"id":78216,"date":"2026-05-20T13:56:03","date_gmt":"2026-05-20T12:56:03","guid":{"rendered":"https:\/\/spaziospadoni.org\/entidades-de-formacao\/confraternita-di-misericordia-di-camaiore-e-lido\/"},"modified":"2026-08-21T16:29:24","modified_gmt":"2026-08-21T15:29:24","slug":"confraria-da-misericordia-de-camaiore-e-lido","status":"publish","type":"page","link":"https:\/\/spaziospadoni.org\/pt-pt\/entidades-de-formacao\/confraria-da-misericordia-de-camaiore-e-lido\/","title":{"rendered":"Confraria da Miseric\u00f3rdia de Camaiore e Lido"},"content":{"rendered":"\n<p class=\"wp-block-paragraph\">A Confraria da Miseric\u00f3rdia de Camaiore e Lido \u00e9 uma associa\u00e7\u00e3o de voluntariado que faz parte do Movimento das Confrarias da Miseric\u00f3rdia, nascido em 1244 em Floren\u00e7a por iniciativa de Pietro da Verona, depois S\u00e3o Pedro M\u00e1rtir. Atualmente as Confrarias da Miseric\u00f3rdia est\u00e3o presentes na It\u00e1lia e no exterior com mais de 700 confrarias.<\/p>\n\n\n<div class=\"wp-block-image\">\n<figure class=\"aligncenter size-full is-resized\"><img decoding=\"async\" width=\"664\" height=\"664\" src=\"https:\/\/spaziospadoni.org\/wp-content\/uploads\/2026\/05\/Logo-Miselido.png\" alt=\"Confraria da Miseric\u00f3rdia de Camaiore e Lido\" class=\"wp-image-45687\" style=\"width:306px;height:auto\" srcset=\"https:\/\/spaziospadoni.org\/wp-content\/uploads\/2026\/05\/Logo-Miselido.png 664w, https:\/\/spaziospadoni.org\/wp-content\/uploads\/2026\/05\/Logo-Miselido-300x300.png 300w, https:\/\/spaziospadoni.org\/wp-content\/uploads\/2026\/05\/Logo-Miselido-150x150.png 150w\" sizes=\"(max-width: 664px) 100vw, 664px\" \/><\/figure>\n<\/div>\n\n\n<h2 id=\"h-storia-nbsp\" class=\"wp-block-heading\"><strong>HIST\u00d3RIA<\/strong> <\/h2>\n\n\n\n<p class=\"wp-block-paragraph\">A Confraria da Miseric\u00f3rdia de Camaiore nasce como \u201cConfraria da Morte de Camaiore\u201d h\u00e1 cerca de 4 s\u00e9culos, exatamente em 1632. Na publica\u00e7\u00e3o organizada pelo confrade e professor Giuseppe Bertacchi, intitulada \u201cCaridade em caminho\u201d, faz-se refer\u00eancia a alguns escritos e cita\u00e7\u00f5es hist\u00f3ricas que identificariam a data de constitui\u00e7\u00e3o em 1450, ligando-a \u00e0 prega\u00e7\u00e3o de S\u00e3o Bernardino de Siena junto \u00e0 Igreja do Sufr\u00e1gio em Camaiore, hoje sede hist\u00f3rica da Confraria da Miseric\u00f3rdia. Essa data foi acolhida pela Confedera\u00e7\u00e3o Nacional das Confrarias da Miseric\u00f3rdia de It\u00e1lia (Floren\u00e7a, 1966 p. 21), fazendo com que a Confraria da Miseric\u00f3rdia de Camaiore figure entre as 10 mais antigas da Toscana.&nbsp;No s\u00e9culo XIX, ap\u00f3s a anexa\u00e7\u00e3o da Rep\u00fablica de Lucca ao Gr\u00e3o-Ducado da Toscana e ap\u00f3s a proclama\u00e7\u00e3o do Reino da It\u00e1lia, a Confraria da Morte de Camaiore assumiu o t\u00edtulo atual de Confraria da Miseric\u00f3rdia de Camaiore, exatamente em 29 de julho de 1879, e em 1902 passou a fazer parte da \u201cFedera\u00e7\u00e3o das Confrarias da Miseric\u00f3rdia da Toscana\u201d.&nbsp;Ao longo dos s\u00e9culos at\u00e9 os dias de hoje, essa presen\u00e7a de \u201cCaridade em caminho\u201d na comunidade de Camaiore assumiu o cuidado dos mortos, dos doentes e, em geral, dos cidad\u00e3os mais fr\u00e1geis, desenvolvendo obras de apoio \u00e0s pessoas pobres necessitadas de ajuda e assist\u00eancia em n\u00edvel local e nacional, tamb\u00e9m por ocasi\u00e3o das mais dram\u00e1ticas calamidades naturais, na consci\u00eancia de que \u201ca f\u00e9 sem as obras \u00e9 morta\u201d.&nbsp;Nos anos posteriores \u00e0 Primeira Guerra Mundial, em momentos diferentes, a Confraria da Miseric\u00f3rdia de Camaiore ativou servi\u00e7os sociossanit\u00e1rios em favor da popula\u00e7\u00e3o residente no territ\u00f3rio de Lido di Camaiore, mas somente no m\u00eas de outubro de 1970 foi fundada a se\u00e7\u00e3o da Confraria da Miseric\u00f3rdia de Lido, tamb\u00e9m gra\u00e7as ao extraordin\u00e1rio empenho de muitos jovens confrades e consororas que ativaram iniciativas e servi\u00e7os excelentes em favor dos muitos residentes e dos numeros\u00edssimos turistas, como recordava frequentemente o saudoso Presidente Nacional Merlini. Em seguida, em 1980, foi constitu\u00edda a se\u00e7\u00e3o da Confraria da Miseric\u00f3rdia de Seimiglia, com sede em Valpromaro. Em 1989, em consequ\u00eancia de algumas dificuldades de gest\u00e3o e de um despejo da sede hist\u00f3rica de via Trieste, a se\u00e7\u00e3o do Lido foi readmitida pela \u201cCasa-M\u00e3e\u201d de Camaiore, formando a Confraria da Miseric\u00f3rdia de Camaiore e Lido.&nbsp;Ap\u00f3s 5 anos de gest\u00e3o unit\u00e1ria, tendo sido conclu\u00edda a nova sede em Lido di Camaiore, iniciada no fim dos anos 70, foi determinado de comum acordo o desmembramento das duas realidades e a cria\u00e7\u00e3o da Confraria da Miseric\u00f3rdia de Lido di Camaiore, mais conhecida nos anos seguintes como \u201cMiseLido\u201d.&nbsp;A partir do fim de 2015, em consequ\u00eancia de dificuldades de gest\u00e3o, de vida associativa e econ\u00f4micas, a Confraria da Miseric\u00f3rdia de Camaiore foi colocada sob administra\u00e7\u00e3o pela Confedera\u00e7\u00e3o Nacional das Confrarias da Miseric\u00f3rdia de It\u00e1lia. O projeto que com o tempo ganha vida, fazendo trabalhar juntos os confrades e as consororas de Lido e Camaiore, \u00e9 o de reunir as peculiaridades das duas realidades (hist\u00f3ria, territ\u00f3rio mais amplo a servir, bacia de usu\u00e1rios, modelo organizacional consolidado \u2026) para que se possa dar vida a uma experimenta\u00e7\u00e3o de gest\u00e3o inovadora que, por meio de um projeto de fus\u00e3o, possa servir de modelo tamb\u00e9m para outros territ\u00f3rios em que se est\u00e3o criando, cada vez mais frequentemente, situa\u00e7\u00f5es de criticidade funcional.&nbsp;As duas Associa\u00e7\u00f5es Confraria da Miseric\u00f3rdia de Camaiore e Confraria da Miseric\u00f3rdia de Lido di Camaiore aprovaram o projeto de fus\u00e3o anexo, com as motiva\u00e7\u00f5es, a modalidade e o percurso processual evidenciados, bem como o presente Estatuto, nas respectivas assembleias de 26\/10\/2019 e de 25\/10\/2019, determinando que a nova realidade associativa fruto do processo de fus\u00e3o tomar\u00e1 a denomina\u00e7\u00e3o de \u201cConfraria da Miseric\u00f3rdia de Camaiore e Lido\u201d.&nbsp;A partir de 11 de mar\u00e7o de 2020, em consequ\u00eancia de ato espec\u00edfico do Not\u00e1rio Iantaffi, a Confraria da Miseric\u00f3rdia de Camaiore e Lido \u00e9 uma realidade.&nbsp;<\/p>\n\n\n\n<h2 id=\"h-attivita-nbsp\" class=\"wp-block-heading\"><strong>ATIVIDADES<\/strong> <\/h2>\n\n\n\n<p class=\"wp-block-paragraph\">As atividades realizadas pela Confraria da Miseric\u00f3rdia de Camaiore e Lido s\u00e3o as seguintes&nbsp;<\/p>\n\n\n\n<ul class=\"wp-block-list\">\n<li>SERVI\u00c7OS SOCIOSSANIT\u00c1RIOS&nbsp;<\/li>\n\n\n\n<li>SERVI\u00c7OS DE EMERG\u00caNCIA&nbsp;<\/li>\n\n\n\n<li>CENTROS DIURNOS PARA IDOSOS&nbsp;<\/li>\n\n\n\n<li>AG\u00caNCIA CASA E VILA&nbsp;<\/li>\n\n\n\n<li>ACOLHIMENTO DE MIGRANTES&nbsp;<\/li>\n\n\n\n<li>PROTE\u00c7\u00c3O CIVIL&nbsp;<\/li>\n\n\n\n<li>SERVI\u00c7OS FUNER\u00c1RIOS&nbsp;<\/li>\n\n\n\n<li>AJUDA \u00c0 PESSOA&nbsp;<\/li>\n\n\n\n<li>PROJETO SOLELUNA&nbsp;<\/li>\n\n\n\n<li>APOIO \u00c0S BIBLIOTECAS E AO REFOR\u00c7O ESCOLAR&nbsp;<\/li>\n\n\n\n<li>MISESPORT E CSI LIDO&nbsp;<\/li>\n\n\n\n<li>ACOLHIMENTO SERVI\u00c7O CIVIL&nbsp;<\/li>\n\n\n\n<li>PROJETO G.eMMe \u2013 JOVENS DAS CONFRARIAS DA MISERIC\u00d3RDIA&nbsp;<\/li>\n<\/ul>\n\n\n\n<p class=\"wp-block-paragraph\"><a href=\"https:\/\/www.facebook.com\/misecamaiorelido\" target=\"_blank\" rel=\"noreferrer noopener nofollow\" title=\"https:\/\/www.facebook.com\/misecamaiorelido\">https:\/\/www.facebook.com\/misecamaiorelido<\/a><\/p>\n\n\n\n<p class=\"wp-block-paragraph\"><a href=\"https:\/\/www.misericordiacamaiorelido.org\" target=\"_blank\" rel=\"noreferrer noopener nofollow\" title=\"https:\/\/www.misericordiacamaiorelido.org\">https:\/\/www.misericordiacamaiorelido.org<\/a><\/p>\n","protected":false},"excerpt":{"rendered":"<p>A Confraria da Miseric\u00f3rdia de Camaiore e Lido \u00e9 uma associa\u00e7\u00e3o de voluntariado que faz parte do Movimento das Confrarias da Miseric\u00f3rdia, nascido em 1244 em Floren\u00e7a por iniciativa de Pietro da Verona, depois S\u00e3o Pedro M\u00e1rtir. Atualmente as Confrarias da Miseric\u00f3rdia est\u00e3o presentes na It\u00e1lia e no exterior com mais de 700 confrarias. HIST\u00d3RIA&nbsp; &#8230; <a title=\"Confraria da Miseric\u00f3rdia de Camaiore e Lido\" class=\"read-more\" href=\"https:\/\/spaziospadoni.org\/pt-pt\/entidades-de-formacao\/confraria-da-misericordia-de-camaiore-e-lido\/\" aria-label=\"Read more about Confraria da Miseric\u00f3rdia de Camaiore e Lido\">Ler mais<\/a><\/p>\n","protected":false},"author":102,"featured_media":0,"parent":73246,"menu_order":0,"comment_status":"closed","ping_status":"closed","template":"","meta":{"_sitemap_exclude":false,"_sitemap_priority":"","_sitemap_frequency":"","footnotes":""},"class_list":["post-78216","page","type-page","status-publish","infinite-scroll-item"],"yoast_head":"<!-- This site is optimized with the Yoast SEO plugin v28.4 - https:\/\/yoast.com\/product\/yoast-seo-wordpress\/ -->\n<title>Confraria da Miseric\u00f3rdia de Camaiore e Lido | Spazio Spadoni<\/title>\n<meta name=\"description\" content=\"A Confraria da Miseric\u00f3rdia de Camaiore e Lido \u00e9 uma associa\u00e7\u00e3o de voluntariado que faz parte do Movimento das Confrarias da Miseric\u00f3rdia, nascido em 1244\" \/>\n<meta name=\"robots\" content=\"index, follow, max-snippet:-1, max-image-preview:large, max-video-preview:-1\" \/>\n<link rel=\"canonical\" href=\"https:\/\/spaziospadoni.org\/pt-pt\/entidades-de-formacao\/confraria-da-misericordia-de-camaiore-e-lido\/\" \/>\n<meta property=\"og:locale\" content=\"pt_PT\" \/>\n<meta property=\"og:type\" content=\"article\" \/>\n<meta property=\"og:title\" content=\"Confraria da Miseric\u00f3rdia de Camaiore e Lido | Spazio Spadoni\" \/>\n<meta property=\"og:description\" content=\"A Confraria da Miseric\u00f3rdia de Camaiore e Lido \u00e9 uma associa\u00e7\u00e3o de voluntariado que faz parte do Movimento das Confrarias da Miseric\u00f3rdia, nascido em 1244\" \/>\n<meta property=\"og:url\" content=\"https:\/\/spaziospadoni.org\/pt-pt\/entidades-de-formacao\/confraria-da-misericordia-de-camaiore-e-lido\/\" \/>\n<meta property=\"og:site_name\" content=\"spazio + spadoni\" \/>\n<meta property=\"article:publisher\" content=\"https:\/\/www.facebook.com\/SpazioSpadoni\/\" \/>\n<meta property=\"article:modified_time\" content=\"2026-08-21T15:29:24+00:00\" \/>\n<meta property=\"og:image\" content=\"https:\/\/spaziospadoni.org\/wp-content\/uploads\/2026\/05\/Logo-Miselido.png\" \/>\n\t<meta property=\"og:image:width\" content=\"664\" \/>\n\t<meta property=\"og:image:height\" content=\"664\" \/>\n\t<meta property=\"og:image:type\" content=\"image\/png\" \/>\n<meta name=\"twitter:card\" content=\"summary_large_image\" \/>\n<meta name=\"twitter:label1\" content=\"Est. reading time\" \/>\n\t<meta name=\"twitter:data1\" content=\"5 minutes\" \/>\n<script type=\"application\/ld+json\" class=\"yoast-schema-graph\">{\"@context\":\"https:\\\/\\\/schema.org\",\"@graph\":[{\"@type\":\"WebPage\",\"@id\":\"https:\\\/\\\/spaziospadoni.org\\\/pt-pt\\\/entidades-de-formacao\\\/confraria-da-misericordia-de-camaiore-e-lido\\\/\",\"url\":\"https:\\\/\\\/spaziospadoni.org\\\/pt-pt\\\/entidades-de-formacao\\\/confraria-da-misericordia-de-camaiore-e-lido\\\/\",\"name\":\"Confraria da Miseric\u00f3rdia de Camaiore e Lido | Spazio Spadoni\",\"isPartOf\":{\"@id\":\"https:\\\/\\\/spaziospadoni.org\\\/pt-pt\\\/#website\"},\"primaryImageOfPage\":{\"@id\":\"https:\\\/\\\/spaziospadoni.org\\\/pt-pt\\\/entidades-de-formacao\\\/confraria-da-misericordia-de-camaiore-e-lido\\\/#primaryimage\"},\"image\":{\"@id\":\"https:\\\/\\\/spaziospadoni.org\\\/pt-pt\\\/entidades-de-formacao\\\/confraria-da-misericordia-de-camaiore-e-lido\\\/#primaryimage\"},\"thumbnailUrl\":\"https:\\\/\\\/spaziospadoni.org\\\/wp-content\\\/uploads\\\/2026\\\/05\\\/Logo-Miselido.png\",\"datePublished\":\"2026-05-20T12:56:03+00:00\",\"dateModified\":\"2026-08-21T15:29:24+00:00\",\"description\":\"A Confraria da Miseric\u00f3rdia de Camaiore e Lido \u00e9 uma associa\u00e7\u00e3o de voluntariado que faz parte do Movimento das Confrarias da Miseric\u00f3rdia, nascido em 1244\",\"breadcrumb\":{\"@id\":\"https:\\\/\\\/spaziospadoni.org\\\/pt-pt\\\/entidades-de-formacao\\\/confraria-da-misericordia-de-camaiore-e-lido\\\/#breadcrumb\"},\"inLanguage\":\"pt-PT\",\"potentialAction\":[{\"@type\":\"ReadAction\",\"target\":[\"https:\\\/\\\/spaziospadoni.org\\\/pt-pt\\\/entidades-de-formacao\\\/confraria-da-misericordia-de-camaiore-e-lido\\\/\"]}]},{\"@type\":\"ImageObject\",\"inLanguage\":\"pt-PT\",\"@id\":\"https:\\\/\\\/spaziospadoni.org\\\/pt-pt\\\/entidades-de-formacao\\\/confraria-da-misericordia-de-camaiore-e-lido\\\/#primaryimage\",\"url\":\"https:\\\/\\\/spaziospadoni.org\\\/wp-content\\\/uploads\\\/2026\\\/05\\\/Logo-Miselido.png\",\"contentUrl\":\"https:\\\/\\\/spaziospadoni.org\\\/wp-content\\\/uploads\\\/2026\\\/05\\\/Logo-Miselido.png\"},{\"@type\":\"BreadcrumbList\",\"@id\":\"https:\\\/\\\/spaziospadoni.org\\\/pt-pt\\\/entidades-de-formacao\\\/confraria-da-misericordia-de-camaiore-e-lido\\\/#breadcrumb\",\"itemListElement\":[{\"@type\":\"ListItem\",\"position\":1,\"name\":\"Home\",\"item\":\"https:\\\/\\\/spaziospadoni.org\\\/pt-pt\\\/\"},{\"@type\":\"ListItem\",\"position\":2,\"name\":\"Entidades de forma\u00e7\u00e3o\",\"item\":\"https:\\\/\\\/spaziospadoni.org\\\/pt-pt\\\/entidades-de-formacao\\\/\"},{\"@type\":\"ListItem\",\"position\":3,\"name\":\"Confraria da Miseric\u00f3rdia de Camaiore e Lido\"}]},{\"@type\":\"WebSite\",\"@id\":\"https:\\\/\\\/spaziospadoni.org\\\/pt-pt\\\/#website\",\"url\":\"https:\\\/\\\/spaziospadoni.org\\\/pt-pt\\\/\",\"name\":\"spazio + spadoni\",\"description\":\"Generazione di misericordia e missione nel mondo\",\"publisher\":{\"@id\":\"https:\\\/\\\/spaziospadoni.org\\\/pt-pt\\\/#organization\"},\"alternateName\":\"spaziospadoni.org\",\"potentialAction\":[{\"@type\":\"SearchAction\",\"target\":{\"@type\":\"EntryPoint\",\"urlTemplate\":\"https:\\\/\\\/spaziospadoni.org\\\/pt-pt\\\/?s={search_term_string}\"},\"query-input\":{\"@type\":\"PropertyValueSpecification\",\"valueRequired\":true,\"valueName\":\"search_term_string\"}}],\"inLanguage\":\"pt-PT\"},{\"@type\":\"Organization\",\"@id\":\"https:\\\/\\\/spaziospadoni.org\\\/pt-pt\\\/#organization\",\"name\":\"spazio + spadoni\",\"alternateName\":\"spaziospadoni.org\",\"url\":\"https:\\\/\\\/spaziospadoni.org\\\/pt-pt\\\/\",\"logo\":{\"@type\":\"ImageObject\",\"inLanguage\":\"pt-PT\",\"@id\":\"https:\\\/\\\/spaziospadoni.org\\\/pt-pt\\\/#\\\/schema\\\/logo\\\/image\\\/\",\"url\":\"https:\\\/\\\/spaziospadoni.org\\\/wp-content\\\/uploads\\\/2026\\\/05\\\/spazio-spadoni-logo-100x100-1.webp\",\"contentUrl\":\"https:\\\/\\\/spaziospadoni.org\\\/wp-content\\\/uploads\\\/2026\\\/05\\\/spazio-spadoni-logo-100x100-1.webp\",\"width\":100,\"height\":100,\"caption\":\"spazio + spadoni\"},\"image\":{\"@id\":\"https:\\\/\\\/spaziospadoni.org\\\/pt-pt\\\/#\\\/schema\\\/logo\\\/image\\\/\"},\"sameAs\":[\"https:\\\/\\\/www.facebook.com\\\/SpazioSpadoni\\\/\",\"https:\\\/\\\/www.instagram.com\\\/spaziospadoni\\\/\",\"https:\\\/\\\/www.youtube.com\\\/@spaziospadoni\\\/playlists\"]}]}<\/script>\n<!-- \/ Yoast SEO plugin. -->","yoast_head_json":{"title":"Confraria da Miseric\u00f3rdia de Camaiore e Lido | Spazio Spadoni","description":"A Confraria da Miseric\u00f3rdia de Camaiore e Lido \u00e9 uma associa\u00e7\u00e3o de voluntariado que faz parte do Movimento das Confrarias da Miseric\u00f3rdia, nascido em 1244","robots":{"index":"index","follow":"follow","max-snippet":"max-snippet:-1","max-image-preview":"max-image-preview:large","max-video-preview":"max-video-preview:-1"},"canonical":"https:\/\/spaziospadoni.org\/pt-pt\/entidades-de-formacao\/confraria-da-misericordia-de-camaiore-e-lido\/","og_locale":"pt_PT","og_type":"article","og_title":"Confraria da Miseric\u00f3rdia de Camaiore e Lido | Spazio Spadoni","og_description":"A Confraria da Miseric\u00f3rdia de Camaiore e Lido \u00e9 uma associa\u00e7\u00e3o de voluntariado que faz parte do Movimento das Confrarias da Miseric\u00f3rdia, nascido em 1244","og_url":"https:\/\/spaziospadoni.org\/pt-pt\/entidades-de-formacao\/confraria-da-misericordia-de-camaiore-e-lido\/","og_site_name":"spazio + spadoni","article_publisher":"https:\/\/www.facebook.com\/SpazioSpadoni\/","article_modified_time":"2026-08-21T15:29:24+00:00","og_image":[{"width":664,"height":664,"url":"https:\/\/spaziospadoni.org\/wp-content\/uploads\/2026\/05\/Logo-Miselido.png","type":"image\/png"}],"twitter_card":"summary_large_image","twitter_misc":{"Est. reading time":"5 minutes"},"schema":{"@context":"https:\/\/schema.org","@graph":[{"@type":"WebPage","@id":"https:\/\/spaziospadoni.org\/pt-pt\/entidades-de-formacao\/confraria-da-misericordia-de-camaiore-e-lido\/","url":"https:\/\/spaziospadoni.org\/pt-pt\/entidades-de-formacao\/confraria-da-misericordia-de-camaiore-e-lido\/","name":"Confraria da Miseric\u00f3rdia de Camaiore e Lido | Spazio Spadoni","isPartOf":{"@id":"https:\/\/spaziospadoni.org\/pt-pt\/#website"},"primaryImageOfPage":{"@id":"https:\/\/spaziospadoni.org\/pt-pt\/entidades-de-formacao\/confraria-da-misericordia-de-camaiore-e-lido\/#primaryimage"},"image":{"@id":"https:\/\/spaziospadoni.org\/pt-pt\/entidades-de-formacao\/confraria-da-misericordia-de-camaiore-e-lido\/#primaryimage"},"thumbnailUrl":"https:\/\/spaziospadoni.org\/wp-content\/uploads\/2026\/05\/Logo-Miselido.png","datePublished":"2026-05-20T12:56:03+00:00","dateModified":"2026-08-21T15:29:24+00:00","description":"A Confraria da Miseric\u00f3rdia de Camaiore e Lido \u00e9 uma associa\u00e7\u00e3o de voluntariado que faz parte do Movimento das Confrarias da Miseric\u00f3rdia, nascido em 1244","breadcrumb":{"@id":"https:\/\/spaziospadoni.org\/pt-pt\/entidades-de-formacao\/confraria-da-misericordia-de-camaiore-e-lido\/#breadcrumb"},"inLanguage":"pt-PT","potentialAction":[{"@type":"ReadAction","target":["https:\/\/spaziospadoni.org\/pt-pt\/entidades-de-formacao\/confraria-da-misericordia-de-camaiore-e-lido\/"]}]},{"@type":"ImageObject","inLanguage":"pt-PT","@id":"https:\/\/spaziospadoni.org\/pt-pt\/entidades-de-formacao\/confraria-da-misericordia-de-camaiore-e-lido\/#primaryimage","url":"https:\/\/spaziospadoni.org\/wp-content\/uploads\/2026\/05\/Logo-Miselido.png","contentUrl":"https:\/\/spaziospadoni.org\/wp-content\/uploads\/2026\/05\/Logo-Miselido.png"},{"@type":"BreadcrumbList","@id":"https:\/\/spaziospadoni.org\/pt-pt\/entidades-de-formacao\/confraria-da-misericordia-de-camaiore-e-lido\/#breadcrumb","itemListElement":[{"@type":"ListItem","position":1,"name":"Home","item":"https:\/\/spaziospadoni.org\/pt-pt\/"},{"@type":"ListItem","position":2,"name":"Entidades de forma\u00e7\u00e3o","item":"https:\/\/spaziospadoni.org\/pt-pt\/entidades-de-formacao\/"},{"@type":"ListItem","position":3,"name":"Confraria da Miseric\u00f3rdia de Camaiore e Lido"}]},{"@type":"WebSite","@id":"https:\/\/spaziospadoni.org\/pt-pt\/#website","url":"https:\/\/spaziospadoni.org\/pt-pt\/","name":"spazio + spadoni","description":"Generazione di misericordia e missione nel mondo","publisher":{"@id":"https:\/\/spaziospadoni.org\/pt-pt\/#organization"},"alternateName":"spaziospadoni.org","potentialAction":[{"@type":"SearchAction","target":{"@type":"EntryPoint","urlTemplate":"https:\/\/spaziospadoni.org\/pt-pt\/?s={search_term_string}"},"query-input":{"@type":"PropertyValueSpecification","valueRequired":true,"valueName":"search_term_string"}}],"inLanguage":"pt-PT"},{"@type":"Organization","@id":"https:\/\/spaziospadoni.org\/pt-pt\/#organization","name":"spazio + spadoni","alternateName":"spaziospadoni.org","url":"https:\/\/spaziospadoni.org\/pt-pt\/","logo":{"@type":"ImageObject","inLanguage":"pt-PT","@id":"https:\/\/spaziospadoni.org\/pt-pt\/#\/schema\/logo\/image\/","url":"https:\/\/spaziospadoni.org\/wp-content\/uploads\/2026\/05\/spazio-spadoni-logo-100x100-1.webp","contentUrl":"https:\/\/spaziospadoni.org\/wp-content\/uploads\/2026\/05\/spazio-spadoni-logo-100x100-1.webp","width":100,"height":100,"caption":"spazio + spadoni"},"image":{"@id":"https:\/\/spaziospadoni.org\/pt-pt\/#\/schema\/logo\/image\/"},"sameAs":["https:\/\/www.facebook.com\/SpazioSpadoni\/","https:\/\/www.instagram.com\/spaziospadoni\/","https:\/\/www.youtube.com\/@spaziospadoni\/playlists"]}]}},"_links":{"self":[{"href":"https:\/\/spaziospadoni.org\/pt-pt\/wp-json\/wp\/v2\/pages\/78216","targetHints":{"allow":["GET"]}}],"collection":[{"href":"https:\/\/spaziospadoni.org\/pt-pt\/wp-json\/wp\/v2\/pages"}],"about":[{"href":"https:\/\/spaziospadoni.org\/pt-pt\/wp-json\/wp\/v2\/types\/page"}],"author":[{"embeddable":true,"href":"https:\/\/spaziospadoni.org\/pt-pt\/wp-json\/wp\/v2\/users\/102"}],"replies":[{"embeddable":true,"href":"https:\/\/spaziospadoni.org\/pt-pt\/wp-json\/wp\/v2\/comments?post=78216"}],"version-history":[{"count":1,"href":"https:\/\/spaziospadoni.org\/pt-pt\/wp-json\/wp\/v2\/pages\/78216\/revisions"}],"predecessor-version":[{"id":91634,"href":"https:\/\/spaziospadoni.org\/pt-pt\/wp-json\/wp\/v2\/pages\/78216\/revisions\/91634"}],"up":[{"embeddable":true,"href":"https:\/\/spaziospadoni.org\/pt-pt\/wp-json\/wp\/v2\/pages\/73246"}],"wp:attachment":[{"href":"https:\/\/spaziospadoni.org\/pt-pt\/wp-json\/wp\/v2\/media?parent=78216"}],"curies":[{"name":"wp","href":"https:\/\/api.w.org\/{rel}","templated":true}]}}