{"id":78409,"date":"2026-05-20T14:05:31","date_gmt":"2026-05-20T13:05:31","guid":{"rendered":"https:\/\/spaziospadoni.org\/entidades-de-formacao\/confraternita-di-misericordia-di-orta-nova\/"},"modified":"2026-08-22T09:04:47","modified_gmt":"2026-08-22T08:04:47","slug":"confraria-da-misericordia-de-orta-nova","status":"publish","type":"page","link":"https:\/\/spaziospadoni.org\/pt-pt\/entidades-de-formacao\/confraria-da-misericordia-de-orta-nova\/","title":{"rendered":"Confraria da Miseric\u00f3rdia de Orta Nova"},"content":{"rendered":"\n<p class=\"wp-block-paragraph\">A Confraria da Miseric\u00f3rdia de Orta Nova \u00e9 uma associa\u00e7\u00e3o de voluntariado que faz parte do Movimento das Confrarias da Miseric\u00f3rdia, nascido em 1244 em Floren\u00e7a por Pietro da Verona, depois S\u00e3o Pedro M\u00e1rtir. Atualmente as Confrarias da Miseric\u00f3rdia est\u00e3o presentes na It\u00e1lia e no exterior com mais de 700 confrarias.<\/p>\n\n\n<div class=\"wp-block-image\">\n<figure class=\"aligncenter size-full is-resized\"><img decoding=\"async\" width=\"1200\" height=\"1200\" src=\"https:\/\/spaziospadoni.org\/wp-content\/uploads\/2026\/05\/Logo-Misericordia-Orta-NOVA.jpg\" alt=\"Log\u00f3tipo da Confraria da Miseric\u00f3rdia de Orta Nova\" class=\"wp-image-45157\" style=\"width:344px;height:auto\" srcset=\"https:\/\/spaziospadoni.org\/wp-content\/uploads\/2026\/05\/Logo-Misericordia-Orta-NOVA.jpg 1200w, https:\/\/spaziospadoni.org\/wp-content\/uploads\/2026\/05\/Logo-Misericordia-Orta-NOVA-300x300.jpg 300w, https:\/\/spaziospadoni.org\/wp-content\/uploads\/2026\/05\/Logo-Misericordia-Orta-NOVA-1024x1024.jpg 1024w, https:\/\/spaziospadoni.org\/wp-content\/uploads\/2026\/05\/Logo-Misericordia-Orta-NOVA-150x150.jpg 150w, https:\/\/spaziospadoni.org\/wp-content\/uploads\/2026\/05\/Logo-Misericordia-Orta-NOVA-768x768.jpg 768w\" sizes=\"(max-width: 1200px) 100vw, 1200px\" \/><\/figure>\n<\/div>\n\n\n<h2 id=\"historianbsp\" class=\"wp-block-heading\"><strong>Hist\u00f3ria<\/strong> <\/h2>\n\n\n\n<p class=\"wp-block-paragraph\">A Confraria da Miseric\u00f3rdia de Orta Nova nasceu em 12 de dezembro de 1992, pela vontade de alguns s\u00f3cios, j\u00e1 protagonistas de uma associa\u00e7\u00e3o n\u00e3o religiosa anterior. A Confraria da Miseric\u00f3rdia de Orta Nova \u00e9 reconhecida como Confraria pelo Bispo da Diocese de Cerignola-Ascoli Satriano, que designa como Padre Corretor o p\u00e1roco da igreja da Bem-Aventurada Virgem Maria de Lourdes de Orta Nova.&nbsp;<\/p>\n\n\n\n<p class=\"wp-block-paragraph\">O primeiro passo diz respeito \u00e0 transforma\u00e7\u00e3o do complexo que acolhe a Confraria da Miseric\u00f3rdia, de uma ru\u00edna abandonada, decadente, covil de animais e ervas daninhas, numa estrutura bem organizada e eficiente, com uma central operacional e salas para forma\u00e7\u00e3o e cursos.&nbsp;<\/p>\n\n\n\n<p class=\"wp-block-paragraph\">De 1993 a 1996, durante o per\u00edodo de ver\u00e3o, a Confraria da Miseric\u00f3rdia acolhe mais de 150 extracomunit\u00e1rios por ano, aos quais s\u00e3o oferecidos uma cama, uma refei\u00e7\u00e3o quente, o uso de banheiros com chuveiros e um espa\u00e7o para rezar segundo a sua religi\u00e3o, devolvendo-lhes a dignidade de seres humanos. Enquanto isso, muitas s\u00e3o as manifesta\u00e7\u00f5es destinadas a reunir apoios entre os mais jovens, futuros volunt\u00e1rios, objetores de consci\u00eancia e s\u00f3cios da Confraria da Miseric\u00f3rdia, como a organiza\u00e7\u00e3o de cursos de preven\u00e7\u00e3o e de primeiros socorros nas escolas secund\u00e1rias de primeiro e segundo grau e arrecada\u00e7\u00f5es de fundos a destinar a obras de benefic\u00eancia.&nbsp;<\/p>\n\n\n\n<p class=\"wp-block-paragraph\">Em 2001, ap\u00f3s numerosos esfor\u00e7os, a Confraria chega \u00e0 vesti\u00e7\u00e3o solene.<\/p>\n\n\n<div class=\"wp-block-image\">\n<figure class=\"aligncenter size-large is-resized\"><img decoding=\"async\" width=\"1024\" height=\"768\" src=\"https:\/\/spaziospadoni.org\/wp-content\/uploads\/2026\/05\/mettere-come-foto-a-Miserifcordia-oltre-il-logo-1024x768.jpg\" alt=\"Fotografia adicional da Confraria da Miseric\u00f3rdia de Orta Nova\" class=\"wp-image-45158\" style=\"width:325px;height:auto\" srcset=\"https:\/\/spaziospadoni.org\/wp-content\/uploads\/2026\/05\/mettere-come-foto-a-Miserifcordia-oltre-il-logo-1024x768.jpg 1024w, https:\/\/spaziospadoni.org\/wp-content\/uploads\/2026\/05\/mettere-come-foto-a-Miserifcordia-oltre-il-logo-300x225.jpg 300w, https:\/\/spaziospadoni.org\/wp-content\/uploads\/2026\/05\/mettere-come-foto-a-Miserifcordia-oltre-il-logo-768x576.jpg 768w, https:\/\/spaziospadoni.org\/wp-content\/uploads\/2026\/05\/mettere-come-foto-a-Miserifcordia-oltre-il-logo-1536x1152.jpg 1536w, https:\/\/spaziospadoni.org\/wp-content\/uploads\/2026\/05\/mettere-come-foto-a-Miserifcordia-oltre-il-logo.jpg 2048w\" sizes=\"(max-width: 1024px) 100vw, 1024px\" \/><\/figure>\n<\/div>\n\n\n<p class=\"wp-block-paragraph\">Pela primeira vez&nbsp;na hist\u00f3ria da Confraria da Miseric\u00f3rdia de Orta Nova, 21 volunt\u00e1rios vestem a veste hist\u00f3rica e, naquela ocasi\u00e3o, a est\u00e1tua da Virgem Maria e a sua capelinha constru\u00edda no jardim da sede s\u00e3o consagradas e aben\u00e7oadas. Todos os anos, aos volunt\u00e1rios mais merecedores \u00e9 oferecida uma viagem a Lourdes e\/ou a participa\u00e7\u00e3o na JMJ para agradec\u00ea-los pelo trabalho realizado.&nbsp;<\/p>\n\n\n\n<p class=\"wp-block-paragraph\">H\u00e1 dez anos, a Confraria da Miseric\u00f3rdia organiza um campo-escola de ver\u00e3o com dura\u00e7\u00e3o de 5 dias, onde as crian\u00e7as e os jovens reencontram o contato com a natureza e aos quais s\u00e3o apresentados alguns conceitos sobre emerg\u00eancias e Prote\u00e7\u00e3o Civil, atrav\u00e9s de encontros com os Bombeiros, a Marinha Militar e o Destacamento Aeron\u00e1utico Jacotenente.&nbsp;<\/p>\n\n\n\n<p class=\"wp-block-paragraph\">A Confraria da Miseric\u00f3rdia de Orta Nova tem a sorte de ter um conterr\u00e2neo, dom Gaetano Di Pierro, que partiu como mission\u00e1rio para Madagascar h\u00e1 j\u00e1 50 anos. Em 24 de abril de 2001, o Papa Jo\u00e3o Paulo II o nomeia Bispo; em 2006, o Papa Bento XVI o chama como Bispo de Moramanga e, em 2018, com o Papa Francisco, torna-se Bispo de Farafangana. De Madagascar, o Bispo permanece em estreito contato com a Confraria da Miseric\u00f3rdia e, durante as suas visitas \u00e0 It\u00e1lia, n\u00e3o perde ocasi\u00e3o de encontrar a Confraria. A presen\u00e7a de dom Gaetano oferece a oportunidade de organizar catequeses e forma\u00e7\u00f5es que tamb\u00e9m ligaram pessoalmente os volunt\u00e1rios a esta miss\u00e3o, tanto que em 2022 muitos se mobilizaram ap\u00f3s as enchentes que atingiram a popula\u00e7\u00e3o malgaxe.\u00a0<\/p>\n\n\n\n<h2 id=\"atividadesnbsp\" class=\"wp-block-heading\"><strong>Atividades<\/strong> <\/h2>\n\n\n\n<ul class=\"wp-block-list\">\n<li>Transportes sanit\u00e1rios com ambul\u00e2ncia&nbsp;<\/li>\n\n\n\n<li>Transportes sanit\u00e1rios com ve\u00edculo para pessoas com defici\u00eancia&nbsp;<\/li>\n\n\n\n<li>Transporte de pessoas carentes&nbsp;<\/li>\n\n\n\n<li>Banco Alimentar&nbsp;&nbsp;<\/li>\n\n\n\n<li>Banco de vestu\u00e1rio&nbsp;<\/li>\n\n\n\n<li>Banco de ajudas t\u00e9cnicas (camas ortop\u00e9dicas, cadeiras de rodas, etc.)&nbsp;<\/li>\n\n\n\n<li>Banco farmac\u00eautico&nbsp;&nbsp;<\/li>\n\n\n\n<li>Secretariado social&nbsp;<\/li>\n\n\n\n<li>Ponto de escuta com pedagoga e psic\u00f3loga&nbsp;<\/li>\n\n\n\n<li>Prote\u00e7\u00e3o Civil&nbsp;<\/li>\n\n\n\n<li>Clownterapia&nbsp;<\/li>\n\n\n\n<li>Projetos socioeducativos de ver\u00e3o e inverno&nbsp;<\/li>\n\n\n\n<li>Projetos de refor\u00e7o escolar&nbsp;<\/li>\n\n\n\n<li>Assist\u00eancia a idosos&nbsp;<\/li>\n\n\n\n<li>Assist\u00eancia a doentes terminais&nbsp;<\/li>\n\n\n\n<li>Atividades l\u00fadicas no Convento de Santo Arcisio&nbsp;<\/li>\n\n\n\n<li>Apoio \u00e0 cantina municipal&nbsp;<\/li>\n\n\n\n<li>Coleta de alimentos excedentes de cantinas empresariais e atividades gastron\u00f4micas&nbsp;<\/li>\n\n\n\n<li>Aluguel de bicicletas&nbsp;<\/li>\n\n\n\n<li>Projetos sobre legalidade&nbsp;<\/li>\n\n\n\n<li>Apoio a Mons. Gaetano Di Pierro, Bispo em Madagascar&nbsp;<\/li>\n<\/ul>\n\n\n\n<h2 id=\"experiencias-missionariasnbsp\" class=\"wp-block-heading\"><strong>Experi\u00eancias mission\u00e1rias<\/strong> <\/h2>\n\n\n\n<p class=\"wp-block-paragraph\">H\u00e1 v\u00e1rios anos, a Confraria da Miseric\u00f3rdia de Orta Nova acolhe o testemunho e apoia a obra de Mons. Gaetano di Pierro, Bispo de Farafangana, em Madagascar.&nbsp;<\/p>\n\n\n\n<h2 id=\"contatosnbsp\" class=\"wp-block-heading\"><strong>Contatos<\/strong> <\/h2>\n\n\n\n<p class=\"wp-block-paragraph\">&nbsp;Via Puglie s.n. -71045 Orta Nova (FG)&nbsp;<\/p>\n\n\n\n<p class=\"wp-block-paragraph\">Tel. +390885783015&nbsp;<\/p>\n\n\n\n<p class=\"wp-block-paragraph\"><a href=\"http:\/\/www.misericordiaon.it\/\" target=\"_blank\" rel=\"noreferrer noopener nofollow\" title=\"http:\/\/www.misericordiaon.it\/\">http:\/\/www.misericordiaon.it\/<\/a>&nbsp;<\/p>\n\n\n\n<p class=\"wp-block-paragraph\"><a href=\"https:\/\/www.facebook.com\/misericordia.ortanova\" target=\"_blank\" rel=\"noreferrer noopener nofollow\" title=\"https:\/\/www.facebook.com\/misericordia.ortanova\">https:\/\/www.facebook.com\/misericordia.ortanova<\/a><\/p>\n","protected":false},"excerpt":{"rendered":"<p>A Confraria da Miseric\u00f3rdia de Orta Nova \u00e9 uma associa\u00e7\u00e3o de voluntariado que faz parte do Movimento das Confrarias da Miseric\u00f3rdia, nascido em 1244 em Floren\u00e7a por Pietro da Verona, depois S\u00e3o Pedro M\u00e1rtir. Atualmente as Confrarias da Miseric\u00f3rdia est\u00e3o presentes na It\u00e1lia e no exterior com mais de 700 confrarias. Hist\u00f3ria&nbsp; A Confraria da &#8230; <a title=\"Confraria da Miseric\u00f3rdia de Orta Nova\" class=\"read-more\" href=\"https:\/\/spaziospadoni.org\/pt-pt\/entidades-de-formacao\/confraria-da-misericordia-de-orta-nova\/\" aria-label=\"Read more about Confraria da Miseric\u00f3rdia de Orta Nova\">Ler mais<\/a><\/p>\n","protected":false},"author":102,"featured_media":0,"parent":73246,"menu_order":0,"comment_status":"closed","ping_status":"closed","template":"","meta":{"_sitemap_exclude":false,"_sitemap_priority":"","_sitemap_frequency":"","footnotes":""},"class_list":["post-78409","page","type-page","status-publish","infinite-scroll-item"],"yoast_head":"<!-- This site is optimized with the Yoast SEO plugin v28.4 - https:\/\/yoast.com\/product\/yoast-seo-wordpress\/ -->\n<title>Confraria da Miseric\u00f3rdia de Orta Nova | Spazio Spadoni<\/title>\n<meta name=\"description\" content=\"A Confraria da Miseric\u00f3rdia de Orta Nova \u00e9 uma associa\u00e7\u00e3o de voluntariado que faz parte do Movimento das Confrarias da Miseric\u00f3rdia, nascido em 1244 em\" \/>\n<meta name=\"robots\" content=\"index, follow, max-snippet:-1, max-image-preview:large, max-video-preview:-1\" \/>\n<link rel=\"canonical\" href=\"https:\/\/spaziospadoni.org\/pt-pt\/entidades-de-formacao\/confraria-da-misericordia-de-orta-nova\/\" \/>\n<meta property=\"og:locale\" content=\"pt_PT\" \/>\n<meta property=\"og:type\" content=\"article\" \/>\n<meta property=\"og:title\" content=\"Confraria da Miseric\u00f3rdia de Orta Nova | Spazio Spadoni\" \/>\n<meta property=\"og:description\" content=\"A Confraria da Miseric\u00f3rdia de Orta Nova \u00e9 uma associa\u00e7\u00e3o de voluntariado que faz parte do Movimento das Confrarias da Miseric\u00f3rdia, nascido em 1244 em\" \/>\n<meta property=\"og:url\" content=\"https:\/\/spaziospadoni.org\/pt-pt\/entidades-de-formacao\/confraria-da-misericordia-de-orta-nova\/\" \/>\n<meta property=\"og:site_name\" content=\"spazio + spadoni\" \/>\n<meta property=\"article:publisher\" content=\"https:\/\/www.facebook.com\/SpazioSpadoni\/\" \/>\n<meta property=\"article:modified_time\" content=\"2026-08-22T08:04:47+00:00\" \/>\n<meta property=\"og:image\" content=\"https:\/\/spaziospadoni.org\/wp-content\/uploads\/2026\/05\/Logo-Misericordia-Orta-NOVA.jpg\" \/>\n\t<meta property=\"og:image:width\" content=\"1200\" \/>\n\t<meta property=\"og:image:height\" content=\"1200\" \/>\n\t<meta property=\"og:image:type\" content=\"image\/jpeg\" \/>\n<meta name=\"twitter:card\" content=\"summary_large_image\" \/>\n<meta name=\"twitter:label1\" content=\"Est. reading time\" \/>\n\t<meta name=\"twitter:data1\" content=\"4 minutes\" \/>\n<script type=\"application\/ld+json\" class=\"yoast-schema-graph\">{\"@context\":\"https:\\\/\\\/schema.org\",\"@graph\":[{\"@type\":\"WebPage\",\"@id\":\"https:\\\/\\\/spaziospadoni.org\\\/pt-pt\\\/entidades-de-formacao\\\/confraria-da-misericordia-de-orta-nova\\\/\",\"url\":\"https:\\\/\\\/spaziospadoni.org\\\/pt-pt\\\/entidades-de-formacao\\\/confraria-da-misericordia-de-orta-nova\\\/\",\"name\":\"Confraria da Miseric\u00f3rdia de Orta Nova | Spazio Spadoni\",\"isPartOf\":{\"@id\":\"https:\\\/\\\/spaziospadoni.org\\\/pt-pt\\\/#website\"},\"primaryImageOfPage\":{\"@id\":\"https:\\\/\\\/spaziospadoni.org\\\/pt-pt\\\/entidades-de-formacao\\\/confraria-da-misericordia-de-orta-nova\\\/#primaryimage\"},\"image\":{\"@id\":\"https:\\\/\\\/spaziospadoni.org\\\/pt-pt\\\/entidades-de-formacao\\\/confraria-da-misericordia-de-orta-nova\\\/#primaryimage\"},\"thumbnailUrl\":\"https:\\\/\\\/spaziospadoni.org\\\/wp-content\\\/uploads\\\/2026\\\/05\\\/Logo-Misericordia-Orta-NOVA.jpg\",\"datePublished\":\"2026-05-20T13:05:31+00:00\",\"dateModified\":\"2026-08-22T08:04:47+00:00\",\"description\":\"A Confraria da Miseric\u00f3rdia de Orta Nova \u00e9 uma associa\u00e7\u00e3o de voluntariado que faz parte do Movimento das Confrarias da Miseric\u00f3rdia, nascido em 1244 em\",\"breadcrumb\":{\"@id\":\"https:\\\/\\\/spaziospadoni.org\\\/pt-pt\\\/entidades-de-formacao\\\/confraria-da-misericordia-de-orta-nova\\\/#breadcrumb\"},\"inLanguage\":\"pt-PT\",\"potentialAction\":[{\"@type\":\"ReadAction\",\"target\":[\"https:\\\/\\\/spaziospadoni.org\\\/pt-pt\\\/entidades-de-formacao\\\/confraria-da-misericordia-de-orta-nova\\\/\"]}]},{\"@type\":\"ImageObject\",\"inLanguage\":\"pt-PT\",\"@id\":\"https:\\\/\\\/spaziospadoni.org\\\/pt-pt\\\/entidades-de-formacao\\\/confraria-da-misericordia-de-orta-nova\\\/#primaryimage\",\"url\":\"https:\\\/\\\/spaziospadoni.org\\\/wp-content\\\/uploads\\\/2026\\\/05\\\/Logo-Misericordia-Orta-NOVA.jpg\",\"contentUrl\":\"https:\\\/\\\/spaziospadoni.org\\\/wp-content\\\/uploads\\\/2026\\\/05\\\/Logo-Misericordia-Orta-NOVA.jpg\"},{\"@type\":\"BreadcrumbList\",\"@id\":\"https:\\\/\\\/spaziospadoni.org\\\/pt-pt\\\/entidades-de-formacao\\\/confraria-da-misericordia-de-orta-nova\\\/#breadcrumb\",\"itemListElement\":[{\"@type\":\"ListItem\",\"position\":1,\"name\":\"Home\",\"item\":\"https:\\\/\\\/spaziospadoni.org\\\/pt-pt\\\/\"},{\"@type\":\"ListItem\",\"position\":2,\"name\":\"Entidades de forma\u00e7\u00e3o\",\"item\":\"https:\\\/\\\/spaziospadoni.org\\\/pt-pt\\\/entidades-de-formacao\\\/\"},{\"@type\":\"ListItem\",\"position\":3,\"name\":\"Confraria da Miseric\u00f3rdia de Orta Nova\"}]},{\"@type\":\"WebSite\",\"@id\":\"https:\\\/\\\/spaziospadoni.org\\\/pt-pt\\\/#website\",\"url\":\"https:\\\/\\\/spaziospadoni.org\\\/pt-pt\\\/\",\"name\":\"spazio + spadoni\",\"description\":\"Generazione di misericordia e missione nel mondo\",\"publisher\":{\"@id\":\"https:\\\/\\\/spaziospadoni.org\\\/pt-pt\\\/#organization\"},\"alternateName\":\"spaziospadoni.org\",\"potentialAction\":[{\"@type\":\"SearchAction\",\"target\":{\"@type\":\"EntryPoint\",\"urlTemplate\":\"https:\\\/\\\/spaziospadoni.org\\\/pt-pt\\\/?s={search_term_string}\"},\"query-input\":{\"@type\":\"PropertyValueSpecification\",\"valueRequired\":true,\"valueName\":\"search_term_string\"}}],\"inLanguage\":\"pt-PT\"},{\"@type\":\"Organization\",\"@id\":\"https:\\\/\\\/spaziospadoni.org\\\/pt-pt\\\/#organization\",\"name\":\"spazio + spadoni\",\"alternateName\":\"spaziospadoni.org\",\"url\":\"https:\\\/\\\/spaziospadoni.org\\\/pt-pt\\\/\",\"logo\":{\"@type\":\"ImageObject\",\"inLanguage\":\"pt-PT\",\"@id\":\"https:\\\/\\\/spaziospadoni.org\\\/pt-pt\\\/#\\\/schema\\\/logo\\\/image\\\/\",\"url\":\"https:\\\/\\\/spaziospadoni.org\\\/wp-content\\\/uploads\\\/2026\\\/05\\\/spazio-spadoni-logo-100x100-1.webp\",\"contentUrl\":\"https:\\\/\\\/spaziospadoni.org\\\/wp-content\\\/uploads\\\/2026\\\/05\\\/spazio-spadoni-logo-100x100-1.webp\",\"width\":100,\"height\":100,\"caption\":\"spazio + spadoni\"},\"image\":{\"@id\":\"https:\\\/\\\/spaziospadoni.org\\\/pt-pt\\\/#\\\/schema\\\/logo\\\/image\\\/\"},\"sameAs\":[\"https:\\\/\\\/www.facebook.com\\\/SpazioSpadoni\\\/\",\"https:\\\/\\\/www.instagram.com\\\/spaziospadoni\\\/\",\"https:\\\/\\\/www.youtube.com\\\/@spaziospadoni\\\/playlists\"]}]}<\/script>\n<!-- \/ Yoast SEO plugin. -->","yoast_head_json":{"title":"Confraria da Miseric\u00f3rdia de Orta Nova | Spazio Spadoni","description":"A Confraria da Miseric\u00f3rdia de Orta Nova \u00e9 uma associa\u00e7\u00e3o de voluntariado que faz parte do Movimento das Confrarias da Miseric\u00f3rdia, nascido em 1244 em","robots":{"index":"index","follow":"follow","max-snippet":"max-snippet:-1","max-image-preview":"max-image-preview:large","max-video-preview":"max-video-preview:-1"},"canonical":"https:\/\/spaziospadoni.org\/pt-pt\/entidades-de-formacao\/confraria-da-misericordia-de-orta-nova\/","og_locale":"pt_PT","og_type":"article","og_title":"Confraria da Miseric\u00f3rdia de Orta Nova | Spazio Spadoni","og_description":"A Confraria da Miseric\u00f3rdia de Orta Nova \u00e9 uma associa\u00e7\u00e3o de voluntariado que faz parte do Movimento das Confrarias da Miseric\u00f3rdia, nascido em 1244 em","og_url":"https:\/\/spaziospadoni.org\/pt-pt\/entidades-de-formacao\/confraria-da-misericordia-de-orta-nova\/","og_site_name":"spazio + spadoni","article_publisher":"https:\/\/www.facebook.com\/SpazioSpadoni\/","article_modified_time":"2026-08-22T08:04:47+00:00","og_image":[{"width":1200,"height":1200,"url":"https:\/\/spaziospadoni.org\/wp-content\/uploads\/2026\/05\/Logo-Misericordia-Orta-NOVA.jpg","type":"image\/jpeg"}],"twitter_card":"summary_large_image","twitter_misc":{"Est. reading time":"4 minutes"},"schema":{"@context":"https:\/\/schema.org","@graph":[{"@type":"WebPage","@id":"https:\/\/spaziospadoni.org\/pt-pt\/entidades-de-formacao\/confraria-da-misericordia-de-orta-nova\/","url":"https:\/\/spaziospadoni.org\/pt-pt\/entidades-de-formacao\/confraria-da-misericordia-de-orta-nova\/","name":"Confraria da Miseric\u00f3rdia de Orta Nova | Spazio Spadoni","isPartOf":{"@id":"https:\/\/spaziospadoni.org\/pt-pt\/#website"},"primaryImageOfPage":{"@id":"https:\/\/spaziospadoni.org\/pt-pt\/entidades-de-formacao\/confraria-da-misericordia-de-orta-nova\/#primaryimage"},"image":{"@id":"https:\/\/spaziospadoni.org\/pt-pt\/entidades-de-formacao\/confraria-da-misericordia-de-orta-nova\/#primaryimage"},"thumbnailUrl":"https:\/\/spaziospadoni.org\/wp-content\/uploads\/2026\/05\/Logo-Misericordia-Orta-NOVA.jpg","datePublished":"2026-05-20T13:05:31+00:00","dateModified":"2026-08-22T08:04:47+00:00","description":"A Confraria da Miseric\u00f3rdia de Orta Nova \u00e9 uma associa\u00e7\u00e3o de voluntariado que faz parte do Movimento das Confrarias da Miseric\u00f3rdia, nascido em 1244 em","breadcrumb":{"@id":"https:\/\/spaziospadoni.org\/pt-pt\/entidades-de-formacao\/confraria-da-misericordia-de-orta-nova\/#breadcrumb"},"inLanguage":"pt-PT","potentialAction":[{"@type":"ReadAction","target":["https:\/\/spaziospadoni.org\/pt-pt\/entidades-de-formacao\/confraria-da-misericordia-de-orta-nova\/"]}]},{"@type":"ImageObject","inLanguage":"pt-PT","@id":"https:\/\/spaziospadoni.org\/pt-pt\/entidades-de-formacao\/confraria-da-misericordia-de-orta-nova\/#primaryimage","url":"https:\/\/spaziospadoni.org\/wp-content\/uploads\/2026\/05\/Logo-Misericordia-Orta-NOVA.jpg","contentUrl":"https:\/\/spaziospadoni.org\/wp-content\/uploads\/2026\/05\/Logo-Misericordia-Orta-NOVA.jpg"},{"@type":"BreadcrumbList","@id":"https:\/\/spaziospadoni.org\/pt-pt\/entidades-de-formacao\/confraria-da-misericordia-de-orta-nova\/#breadcrumb","itemListElement":[{"@type":"ListItem","position":1,"name":"Home","item":"https:\/\/spaziospadoni.org\/pt-pt\/"},{"@type":"ListItem","position":2,"name":"Entidades de forma\u00e7\u00e3o","item":"https:\/\/spaziospadoni.org\/pt-pt\/entidades-de-formacao\/"},{"@type":"ListItem","position":3,"name":"Confraria da Miseric\u00f3rdia de Orta Nova"}]},{"@type":"WebSite","@id":"https:\/\/spaziospadoni.org\/pt-pt\/#website","url":"https:\/\/spaziospadoni.org\/pt-pt\/","name":"spazio + spadoni","description":"Generazione di misericordia e missione nel mondo","publisher":{"@id":"https:\/\/spaziospadoni.org\/pt-pt\/#organization"},"alternateName":"spaziospadoni.org","potentialAction":[{"@type":"SearchAction","target":{"@type":"EntryPoint","urlTemplate":"https:\/\/spaziospadoni.org\/pt-pt\/?s={search_term_string}"},"query-input":{"@type":"PropertyValueSpecification","valueRequired":true,"valueName":"search_term_string"}}],"inLanguage":"pt-PT"},{"@type":"Organization","@id":"https:\/\/spaziospadoni.org\/pt-pt\/#organization","name":"spazio + spadoni","alternateName":"spaziospadoni.org","url":"https:\/\/spaziospadoni.org\/pt-pt\/","logo":{"@type":"ImageObject","inLanguage":"pt-PT","@id":"https:\/\/spaziospadoni.org\/pt-pt\/#\/schema\/logo\/image\/","url":"https:\/\/spaziospadoni.org\/wp-content\/uploads\/2026\/05\/spazio-spadoni-logo-100x100-1.webp","contentUrl":"https:\/\/spaziospadoni.org\/wp-content\/uploads\/2026\/05\/spazio-spadoni-logo-100x100-1.webp","width":100,"height":100,"caption":"spazio + spadoni"},"image":{"@id":"https:\/\/spaziospadoni.org\/pt-pt\/#\/schema\/logo\/image\/"},"sameAs":["https:\/\/www.facebook.com\/SpazioSpadoni\/","https:\/\/www.instagram.com\/spaziospadoni\/","https:\/\/www.youtube.com\/@spaziospadoni\/playlists"]}]}},"_links":{"self":[{"href":"https:\/\/spaziospadoni.org\/pt-pt\/wp-json\/wp\/v2\/pages\/78409","targetHints":{"allow":["GET"]}}],"collection":[{"href":"https:\/\/spaziospadoni.org\/pt-pt\/wp-json\/wp\/v2\/pages"}],"about":[{"href":"https:\/\/spaziospadoni.org\/pt-pt\/wp-json\/wp\/v2\/types\/page"}],"author":[{"embeddable":true,"href":"https:\/\/spaziospadoni.org\/pt-pt\/wp-json\/wp\/v2\/users\/102"}],"replies":[{"embeddable":true,"href":"https:\/\/spaziospadoni.org\/pt-pt\/wp-json\/wp\/v2\/comments?post=78409"}],"version-history":[{"count":1,"href":"https:\/\/spaziospadoni.org\/pt-pt\/wp-json\/wp\/v2\/pages\/78409\/revisions"}],"predecessor-version":[{"id":91728,"href":"https:\/\/spaziospadoni.org\/pt-pt\/wp-json\/wp\/v2\/pages\/78409\/revisions\/91728"}],"up":[{"embeddable":true,"href":"https:\/\/spaziospadoni.org\/pt-pt\/wp-json\/wp\/v2\/pages\/73246"}],"wp:attachment":[{"href":"https:\/\/spaziospadoni.org\/pt-pt\/wp-json\/wp\/v2\/media?parent=78409"}],"curies":[{"name":"wp","href":"https:\/\/api.w.org\/{rel}","templated":true}]}}