{"id":78419,"date":"2026-05-20T13:34:18","date_gmt":"2026-05-20T12:34:18","guid":{"rendered":"https:\/\/spaziospadoni.org\/entidades-de-formacao\/confraternita-di-misericordia-di-portopalo-di-capo-passero\/"},"modified":"2026-08-22T09:34:19","modified_gmt":"2026-08-22T08:34:19","slug":"confraria-da-misericordia-de-portopalo-di-capo-passero","status":"publish","type":"page","link":"https:\/\/spaziospadoni.org\/pt-pt\/entidades-de-formacao\/confraria-da-misericordia-de-portopalo-di-capo-passero\/","title":{"rendered":"Confraria da Miseric\u00f3rdia de Portopalo di Capo Passero"},"content":{"rendered":"\n<p class=\"wp-block-paragraph\">A Confraria da Miseric\u00f3rdia de Portopalo di Capo Passero \u00e9 uma associa\u00e7\u00e3o de voluntariado que faz parte do Movimento das Confrarias da Miseric\u00f3rdia, fundado em Floren\u00e7a em 1244 por Pietro da Verona, mais tarde S\u00e3o Pedro M\u00e1rtir. Atualmente, as Confrarias da Miseric\u00f3rdia est\u00e3o presentes em It\u00e1lia e no estrangeiro com mais de 700 confrarias.<\/p>\n\n\n<div class=\"wp-block-image\">\n<figure class=\"aligncenter size-full is-resized\"><img decoding=\"async\" width=\"237\" height=\"251\" src=\"https:\/\/spaziospadoni.org\/wp-content\/uploads\/2026\/05\/Logo-Misericordia-Portopalo.jpg\" alt=\"Confraria da Miseric\u00f3rdia de Portopalo di Capo Passero\" class=\"wp-image-48204\" style=\"aspect-ratio:0.9442431509527409;width:262px;height:auto\"\/><\/figure>\n<\/div>\n\n\n<h2 id=\"h-storia-nbsp\" class=\"wp-block-heading\"><strong>Hist\u00f3ria<\/strong> <\/h2>\n\n\n\n<p class=\"wp-block-paragraph\">A Confraria da Miseric\u00f3rdia de Portopalo nasceu em 1996 na sequ\u00eancia de um acontecimento tr\u00e1gico em que o atraso do socorro transformou uma situa\u00e7\u00e3o cr\u00edtica num drama fatal. Este epis\u00f3dio abalou profundamente a comunidade e revelou a necessidade urgente de um servi\u00e7o de interven\u00e7\u00e3o r\u00e1pida, eficiente e permanente.<\/p>\n\n\n\n<p class=\"wp-block-paragraph\">O p\u00e1roco da \u00e9poca, Don Calogero Palacino, profundamente afetado pelo sucedido, decidiu reunir um grupo de volunt\u00e1rios movidos por um esp\u00edrito de solidariedade e servi\u00e7o \u00e0 comunidade de Portopalo. Assim nasceu a Confraria da Miseric\u00f3rdia e iniciou a sua atividade. Em maio de 2001, a sua ades\u00e3o \u00e0s Confrarias da Miseric\u00f3rdia de Floren\u00e7a foi formalizada atrav\u00e9s da escritura de constitui\u00e7\u00e3o celebrada perante o not\u00e1rio Dr. Filippo Morello.<\/p>\n\n\n\n<p class=\"wp-block-paragraph\">Para adquirir uma ambul\u00e2ncia foi organizada uma peti\u00e7\u00e3o popular, e o contributo dos habitantes de Portopalo tornou poss\u00edvel a sua compra.<\/p>\n\n\n\n<p class=\"wp-block-paragraph\">O primeiro governador foi Francesco Pappalardo e a sede inicial foi estabelecida no Orat\u00f3rio Dom Bosco.<\/p>\n\n\n\n<p class=\"wp-block-paragraph\">Desde o in\u00edcio, a Confraria da Miseric\u00f3rdia prestou servi\u00e7os essenciais, tais como:<\/p>\n\n\n\n<p class=\"wp-block-paragraph\">\u2013 servi\u00e7o de emerg\u00eancia 24 horas por dia<\/p>\n\n\n\n<p class=\"wp-block-paragraph\">\u2013 assist\u00eancia \u00e0 comunidade.<\/p>\n\n\n\n<p class=\"wp-block-paragraph\">Nos anos seguintes, as necessidades da popula\u00e7\u00e3o aumentaram e, para lhes dar resposta, tornou-se necess\u00e1rio adquirir um ve\u00edculo especial Dobl\u00f2 adaptado ao transporte de pessoas com defici\u00eancia.<\/p>\n\n\n\n<p class=\"wp-block-paragraph\">Em 2019, a ambul\u00e2ncia ent\u00e3o em servi\u00e7o foi retirada e foi adquirida uma nova.<\/p>\n\n\n\n<p class=\"wp-block-paragraph\">Em 2019, para suprir a falta de transporte escolar para as escolas secund\u00e1rias de Pachino, a nossa Confraria da Miseric\u00f3rdia criou um servi\u00e7o de autocarro de liga\u00e7\u00e3o.<\/p>\n\n\n\n<p class=\"wp-block-paragraph\">Desde 2019, o Servi\u00e7o Civil Universal e a Garantia Jovem foram reativados para dar aos jovens de Portopalo a oportunidade de conhecer e participar ativamente na realidade da assist\u00eancia e dos servi\u00e7os destinados \u00e0s pessoas idosas e a quem mais necessita de ajuda.<\/p>\n\n\n\n<p class=\"wp-block-paragraph\">Em 2023, a Confraria aderiu ao projeto \u201dHIC SUM\u201d de spazio + spadoni.<\/p>\n\n\n\n<p class=\"wp-block-paragraph\">Em 2024, foi adquirido outro miniautocarro para transporte escolar.<\/p>\n\n\n\n<p class=\"wp-block-paragraph\">A Confraria da Miseric\u00f3rdia de Portopalo colabora com a Caritas paroquial e, em coordena\u00e7\u00e3o com esta, distribui cabazes de alimentos \u00e0s pessoas necessitadas.<\/p>\n\n\n\n<p class=\"wp-block-paragraph\">Quem recorre \u00e0 Confraria \u00e9 sobretudo constitu\u00eddo por pessoas com problemas de sa\u00fade, dificuldades de locomo\u00e7\u00e3o, situa\u00e7\u00f5es de vulnerabilidade e condi\u00e7\u00f5es econ\u00f3micas prec\u00e1rias, que encontram na Confraria da Miseric\u00f3rdia um ponto de refer\u00eancia constante e fi\u00e1vel.<\/p>\n\n\n\n<p class=\"wp-block-paragraph\">A nossa Confraria da Miseric\u00f3rdia, nascida da dor de uma perda, tornou-se um s\u00edmbolo de esperan\u00e7a e um ponto de refer\u00eancia para a comunidade.<\/p>\n\n\n\n<h2 id=\"h-attivita-nbsp\" class=\"wp-block-heading\"><strong>Atividades<\/strong> <\/h2>\n\n\n\n<ul class=\"wp-block-list\">\n<li>TRANSPORTE DE DOENTES<\/li>\n\n\n\n<li>ASSIST\u00caNCIA SOCIAL<\/li>\n\n\n\n<li>ASSIST\u00caNCIA A PESSOAS IDOSAS E COM DEFICI\u00caNCIA<\/li>\n\n\n\n<li>ASSIST\u00caNCIA DURANTE O DESEMBARQUE DE REFUGIADOS<\/li>\n\n\n\n<li>CURSOS DE HABILITA\u00c7\u00c3O EM PRIMEIROS SOCORROS COM FORMADOR BLSD<\/li>\n\n\n\n<li>RECOLHA DE BENS DE PRIMEIRA NECESSIDADE PARA A POPULA\u00c7\u00c3O UCRANIANA<\/li>\n\n\n\n<li>RECOLHA E ENVIO DE AJUDA HUMANIT\u00c1RIA DE PRIMEIRA NECESSIDADE PARA CRIAN\u00c7AS HOSPITALIZADAS NO SENEGAL<\/li>\n\n\n\n<li>CAMPO DE F\u00c9RIAS (VER\u00c3O NA MISE 2.0 SONHOS DE MISERIC\u00d3RDIA)<\/li>\n\n\n\n<li>COLABORA\u00c7\u00c3O COM UNIDADES HOSPITALARES NO PROJETO ITAMA_CAP PARA REALIZAR DIAS GRATUITOS DE PREVEN\u00c7\u00c3O DESTINADOS \u00c0 POPULA\u00c7\u00c3O<\/li>\n\n\n\n<li>COLABORA\u00c7\u00c3O COM A ASSOCIA\u00c7\u00c3O AVO PARA ENTREGAR BRINQUEDOS NOS SERVI\u00c7OS HOSPITALARES DE ONCOLOGIA E NEONATOLOGIA<\/li>\n\n\n\n<li>PROJETO COM O MUNIC\u00cdPIO DE PORTOPALO PARA PRESTAR ASSIST\u00caNCIA NA PRAIA A PESSOAS COM DEFICI\u00caNCIA ATRAV\u00c9S DOS NOSSOS VOLUNT\u00c1RIOS E DE UMA CADEIRA JOB<\/li>\n\n\n\n<li>TRANSPORTE ESCOLAR<\/li>\n\n\n\n<li>AUTOCARRO DE LIGA\u00c7\u00c3O AO CEMIT\u00c9RIO (ANUALMENTE) POR OCASI\u00c3O DA COMEMORA\u00c7\u00c3O DOS DEFUNTOS NO CEMIT\u00c9RIO DE PACHINO<\/li>\n\n\n\n<li>COLABORA\u00c7\u00c3O DURANTE A PANDEMIA COM O CENTRO DE VACINA\u00c7\u00c3O DE PORTOPALO DI CAPO PASSERO<\/li>\n\n\n\n<li>RECOLHA E ENTREGA AO DOMIC\u00cdLIO DE MEDICAMENTOS\/ALIMENTOS DURANTE A COVID-19<\/li>\n\n\n\n<li>PROTOCOLO DE COLABORA\u00c7\u00c3O COM O MUNIC\u00cdPIO PARA RECOLHA DE PLANOS TERAP\u00caUTICOS NAS FARM\u00c1CIAS LOCAIS<\/li>\n\n\n\n<li>TRANSPORTE DE PESSOAS IDOSAS PARA O CENTRO DE ALZHEIMER DE PACHINO<\/li>\n\n\n\n<li>ANGARIA\u00c7\u00c3O DE FUNDOS EM COLABORA\u00c7\u00c3O COM TELETHON<\/li>\n\n\n\n<li>PROJETO SOBRE RES\u00cdDUOS MARINHOS SenHar Interreg IT\u00c1LIA-MALTA COM INVESTIGADORES DO DISTeM UNIPA \u2013 UNIVERSIDADE DE PALERMO<\/li>\n\n\n\n<li>PROJETO Interreg IT\u00c1LIA-MALTA UNIPA \u2013 UNIVERSIDADE DE PALERMO \u2013 TERMOBLITZ PARA RECOLHER DADOS SOBRE A BIODIVERSIDADE MARINHA<\/li>\n\n\n\n<li>ASSIST\u00caNCIA EM EVENTOS LITER\u00c1RIOS POR OCASI\u00c3O DO DIA CONTRA A VIOL\u00caNCIA DE G\u00c9NERO \u2013 APRESENTA\u00c7\u00c3O DO LIVRO \u201cVITE RUBATE\u201d, ESCRITO PELA DRA. MANOLA D\u2019AMATO<\/li>\n\n\n\n<li>ASSIST\u00caNCIA EM EVENTOS DESPORTIVOS<\/li>\n\n\n\n<li>ASSIST\u00caNCIA EM EVENTOS<\/li>\n\n\n\n<li>SERVI\u00c7O DE PROTE\u00c7\u00c3O CIVIL<br>&nbsp;<\/li>\n<\/ul>\n\n\n\n<h2 id=\"h-contatti-nbsp-nbsp\" class=\"wp-block-heading\"><strong>Contactos <\/strong> <\/h2>\n\n\n\n<p class=\"wp-block-paragraph\">Via G. Garibaldi 53, 96010, Portopalo di Capo Passero (SR)<\/p>\n\n\n\n<p class=\"wp-block-paragraph\">Tel.&nbsp;+39 0931 843040<\/p>\n\n\n\n<p class=\"wp-block-paragraph\">portopalo@misericordie.org<\/p>\n\n\n\n<p class=\"wp-block-paragraph\"><a href=\"https:\/\/www.facebook.com\/misericordiaportopalo\/?locale=it_IT\" target=\"_blank\" rel=\"noreferrer noopener nofollow\" title=\"https:\/\/www.facebook.com\/misericordiaportopalo\/?locale=it_IT\">https:\/\/www.facebook.com\/misericordiaportopalo\/?locale=it_IT<\/a><\/p>\n","protected":false},"excerpt":{"rendered":"<p>A Confraria da Miseric\u00f3rdia de Portopalo di Capo Passero \u00e9 uma associa\u00e7\u00e3o de voluntariado que faz parte do Movimento das Confrarias da Miseric\u00f3rdia, fundado em Floren\u00e7a em 1244 por Pietro da Verona, mais tarde S\u00e3o Pedro M\u00e1rtir. Atualmente, as Confrarias da Miseric\u00f3rdia est\u00e3o presentes em It\u00e1lia e no estrangeiro com mais de 700 confrarias. Hist\u00f3ria&nbsp; &#8230; <a title=\"Confraria da Miseric\u00f3rdia de Portopalo di Capo Passero\" class=\"read-more\" href=\"https:\/\/spaziospadoni.org\/pt-pt\/entidades-de-formacao\/confraria-da-misericordia-de-portopalo-di-capo-passero\/\" aria-label=\"Read more about Confraria da Miseric\u00f3rdia de Portopalo di Capo Passero\">Ler mais<\/a><\/p>\n","protected":false},"author":102,"featured_media":0,"parent":73246,"menu_order":0,"comment_status":"closed","ping_status":"closed","template":"","meta":{"_sitemap_exclude":false,"_sitemap_priority":"","_sitemap_frequency":"","footnotes":""},"class_list":["post-78419","page","type-page","status-publish","infinite-scroll-item"],"yoast_head":"<!-- This site is optimized with the Yoast SEO plugin v28.4 - https:\/\/yoast.com\/product\/yoast-seo-wordpress\/ -->\n<title>Confraria da Miseric\u00f3rdia de Portopalo di Capo Passero | Spazio Spadoni<\/title>\n<meta name=\"description\" content=\"A Confraria da Miseric\u00f3rdia de Portopalo di Capo Passero \u00e9 uma associa\u00e7\u00e3o de voluntariado que faz parte do Movimento das Confrarias da Miseric\u00f3rdia,\" \/>\n<meta name=\"robots\" content=\"index, follow, max-snippet:-1, max-image-preview:large, max-video-preview:-1\" \/>\n<link rel=\"canonical\" href=\"https:\/\/spaziospadoni.org\/pt-pt\/entidades-de-formacao\/confraria-da-misericordia-de-portopalo-di-capo-passero\/\" \/>\n<meta property=\"og:locale\" content=\"pt_PT\" \/>\n<meta property=\"og:type\" content=\"article\" \/>\n<meta property=\"og:title\" content=\"Confraria da Miseric\u00f3rdia de Portopalo di Capo Passero | Spazio Spadoni\" \/>\n<meta property=\"og:description\" content=\"A Confraria da Miseric\u00f3rdia de Portopalo di Capo Passero \u00e9 uma associa\u00e7\u00e3o de voluntariado que faz parte do Movimento das Confrarias da Miseric\u00f3rdia,\" \/>\n<meta property=\"og:url\" content=\"https:\/\/spaziospadoni.org\/pt-pt\/entidades-de-formacao\/confraria-da-misericordia-de-portopalo-di-capo-passero\/\" \/>\n<meta property=\"og:site_name\" content=\"spazio + spadoni\" \/>\n<meta property=\"article:publisher\" content=\"https:\/\/www.facebook.com\/SpazioSpadoni\/\" \/>\n<meta property=\"article:modified_time\" content=\"2026-08-22T08:34:19+00:00\" \/>\n<meta property=\"og:image\" content=\"https:\/\/spaziospadoni.org\/wp-content\/uploads\/2026\/05\/Logo-Misericordia-Portopalo.jpg\" \/>\n\t<meta property=\"og:image:width\" content=\"237\" \/>\n\t<meta property=\"og:image:height\" content=\"251\" \/>\n\t<meta property=\"og:image:type\" content=\"image\/jpeg\" \/>\n<meta name=\"twitter:card\" content=\"summary_large_image\" \/>\n<meta name=\"twitter:label1\" content=\"Est. reading time\" \/>\n\t<meta name=\"twitter:data1\" content=\"5 minutes\" \/>\n<script type=\"application\/ld+json\" class=\"yoast-schema-graph\">{\"@context\":\"https:\\\/\\\/schema.org\",\"@graph\":[{\"@type\":\"WebPage\",\"@id\":\"https:\\\/\\\/spaziospadoni.org\\\/pt-pt\\\/entidades-de-formacao\\\/confraria-da-misericordia-de-portopalo-di-capo-passero\\\/\",\"url\":\"https:\\\/\\\/spaziospadoni.org\\\/pt-pt\\\/entidades-de-formacao\\\/confraria-da-misericordia-de-portopalo-di-capo-passero\\\/\",\"name\":\"Confraria da Miseric\u00f3rdia de Portopalo di Capo Passero | Spazio Spadoni\",\"isPartOf\":{\"@id\":\"https:\\\/\\\/spaziospadoni.org\\\/pt-pt\\\/#website\"},\"primaryImageOfPage\":{\"@id\":\"https:\\\/\\\/spaziospadoni.org\\\/pt-pt\\\/entidades-de-formacao\\\/confraria-da-misericordia-de-portopalo-di-capo-passero\\\/#primaryimage\"},\"image\":{\"@id\":\"https:\\\/\\\/spaziospadoni.org\\\/pt-pt\\\/entidades-de-formacao\\\/confraria-da-misericordia-de-portopalo-di-capo-passero\\\/#primaryimage\"},\"thumbnailUrl\":\"https:\\\/\\\/spaziospadoni.org\\\/wp-content\\\/uploads\\\/2026\\\/05\\\/Logo-Misericordia-Portopalo.jpg\",\"datePublished\":\"2026-05-20T12:34:18+00:00\",\"dateModified\":\"2026-08-22T08:34:19+00:00\",\"description\":\"A Confraria da Miseric\u00f3rdia de Portopalo di Capo Passero \u00e9 uma associa\u00e7\u00e3o de voluntariado que faz parte do Movimento das Confrarias da Miseric\u00f3rdia,\",\"breadcrumb\":{\"@id\":\"https:\\\/\\\/spaziospadoni.org\\\/pt-pt\\\/entidades-de-formacao\\\/confraria-da-misericordia-de-portopalo-di-capo-passero\\\/#breadcrumb\"},\"inLanguage\":\"pt-PT\",\"potentialAction\":[{\"@type\":\"ReadAction\",\"target\":[\"https:\\\/\\\/spaziospadoni.org\\\/pt-pt\\\/entidades-de-formacao\\\/confraria-da-misericordia-de-portopalo-di-capo-passero\\\/\"]}]},{\"@type\":\"ImageObject\",\"inLanguage\":\"pt-PT\",\"@id\":\"https:\\\/\\\/spaziospadoni.org\\\/pt-pt\\\/entidades-de-formacao\\\/confraria-da-misericordia-de-portopalo-di-capo-passero\\\/#primaryimage\",\"url\":\"https:\\\/\\\/spaziospadoni.org\\\/wp-content\\\/uploads\\\/2026\\\/05\\\/Logo-Misericordia-Portopalo.jpg\",\"contentUrl\":\"https:\\\/\\\/spaziospadoni.org\\\/wp-content\\\/uploads\\\/2026\\\/05\\\/Logo-Misericordia-Portopalo.jpg\"},{\"@type\":\"BreadcrumbList\",\"@id\":\"https:\\\/\\\/spaziospadoni.org\\\/pt-pt\\\/entidades-de-formacao\\\/confraria-da-misericordia-de-portopalo-di-capo-passero\\\/#breadcrumb\",\"itemListElement\":[{\"@type\":\"ListItem\",\"position\":1,\"name\":\"Home\",\"item\":\"https:\\\/\\\/spaziospadoni.org\\\/pt-pt\\\/\"},{\"@type\":\"ListItem\",\"position\":2,\"name\":\"Entidades de forma\u00e7\u00e3o\",\"item\":\"https:\\\/\\\/spaziospadoni.org\\\/pt-pt\\\/entidades-de-formacao\\\/\"},{\"@type\":\"ListItem\",\"position\":3,\"name\":\"Confraria da Miseric\u00f3rdia de Portopalo di Capo Passero\"}]},{\"@type\":\"WebSite\",\"@id\":\"https:\\\/\\\/spaziospadoni.org\\\/pt-pt\\\/#website\",\"url\":\"https:\\\/\\\/spaziospadoni.org\\\/pt-pt\\\/\",\"name\":\"spazio + spadoni\",\"description\":\"Generazione di misericordia e missione nel mondo\",\"publisher\":{\"@id\":\"https:\\\/\\\/spaziospadoni.org\\\/pt-pt\\\/#organization\"},\"alternateName\":\"spaziospadoni.org\",\"potentialAction\":[{\"@type\":\"SearchAction\",\"target\":{\"@type\":\"EntryPoint\",\"urlTemplate\":\"https:\\\/\\\/spaziospadoni.org\\\/pt-pt\\\/?s={search_term_string}\"},\"query-input\":{\"@type\":\"PropertyValueSpecification\",\"valueRequired\":true,\"valueName\":\"search_term_string\"}}],\"inLanguage\":\"pt-PT\"},{\"@type\":\"Organization\",\"@id\":\"https:\\\/\\\/spaziospadoni.org\\\/pt-pt\\\/#organization\",\"name\":\"spazio + spadoni\",\"alternateName\":\"spaziospadoni.org\",\"url\":\"https:\\\/\\\/spaziospadoni.org\\\/pt-pt\\\/\",\"logo\":{\"@type\":\"ImageObject\",\"inLanguage\":\"pt-PT\",\"@id\":\"https:\\\/\\\/spaziospadoni.org\\\/pt-pt\\\/#\\\/schema\\\/logo\\\/image\\\/\",\"url\":\"https:\\\/\\\/spaziospadoni.org\\\/wp-content\\\/uploads\\\/2026\\\/05\\\/spazio-spadoni-logo-100x100-1.webp\",\"contentUrl\":\"https:\\\/\\\/spaziospadoni.org\\\/wp-content\\\/uploads\\\/2026\\\/05\\\/spazio-spadoni-logo-100x100-1.webp\",\"width\":100,\"height\":100,\"caption\":\"spazio + spadoni\"},\"image\":{\"@id\":\"https:\\\/\\\/spaziospadoni.org\\\/pt-pt\\\/#\\\/schema\\\/logo\\\/image\\\/\"},\"sameAs\":[\"https:\\\/\\\/www.facebook.com\\\/SpazioSpadoni\\\/\",\"https:\\\/\\\/www.instagram.com\\\/spaziospadoni\\\/\",\"https:\\\/\\\/www.youtube.com\\\/@spaziospadoni\\\/playlists\"]}]}<\/script>\n<!-- \/ Yoast SEO plugin. -->","yoast_head_json":{"title":"Confraria da Miseric\u00f3rdia de Portopalo di Capo Passero | Spazio Spadoni","description":"A Confraria da Miseric\u00f3rdia de Portopalo di Capo Passero \u00e9 uma associa\u00e7\u00e3o de voluntariado que faz parte do Movimento das Confrarias da Miseric\u00f3rdia,","robots":{"index":"index","follow":"follow","max-snippet":"max-snippet:-1","max-image-preview":"max-image-preview:large","max-video-preview":"max-video-preview:-1"},"canonical":"https:\/\/spaziospadoni.org\/pt-pt\/entidades-de-formacao\/confraria-da-misericordia-de-portopalo-di-capo-passero\/","og_locale":"pt_PT","og_type":"article","og_title":"Confraria da Miseric\u00f3rdia de Portopalo di Capo Passero | Spazio Spadoni","og_description":"A Confraria da Miseric\u00f3rdia de Portopalo di Capo Passero \u00e9 uma associa\u00e7\u00e3o de voluntariado que faz parte do Movimento das Confrarias da Miseric\u00f3rdia,","og_url":"https:\/\/spaziospadoni.org\/pt-pt\/entidades-de-formacao\/confraria-da-misericordia-de-portopalo-di-capo-passero\/","og_site_name":"spazio + spadoni","article_publisher":"https:\/\/www.facebook.com\/SpazioSpadoni\/","article_modified_time":"2026-08-22T08:34:19+00:00","og_image":[{"width":237,"height":251,"url":"https:\/\/spaziospadoni.org\/wp-content\/uploads\/2026\/05\/Logo-Misericordia-Portopalo.jpg","type":"image\/jpeg"}],"twitter_card":"summary_large_image","twitter_misc":{"Est. reading time":"5 minutes"},"schema":{"@context":"https:\/\/schema.org","@graph":[{"@type":"WebPage","@id":"https:\/\/spaziospadoni.org\/pt-pt\/entidades-de-formacao\/confraria-da-misericordia-de-portopalo-di-capo-passero\/","url":"https:\/\/spaziospadoni.org\/pt-pt\/entidades-de-formacao\/confraria-da-misericordia-de-portopalo-di-capo-passero\/","name":"Confraria da Miseric\u00f3rdia de Portopalo di Capo Passero | Spazio Spadoni","isPartOf":{"@id":"https:\/\/spaziospadoni.org\/pt-pt\/#website"},"primaryImageOfPage":{"@id":"https:\/\/spaziospadoni.org\/pt-pt\/entidades-de-formacao\/confraria-da-misericordia-de-portopalo-di-capo-passero\/#primaryimage"},"image":{"@id":"https:\/\/spaziospadoni.org\/pt-pt\/entidades-de-formacao\/confraria-da-misericordia-de-portopalo-di-capo-passero\/#primaryimage"},"thumbnailUrl":"https:\/\/spaziospadoni.org\/wp-content\/uploads\/2026\/05\/Logo-Misericordia-Portopalo.jpg","datePublished":"2026-05-20T12:34:18+00:00","dateModified":"2026-08-22T08:34:19+00:00","description":"A Confraria da Miseric\u00f3rdia de Portopalo di Capo Passero \u00e9 uma associa\u00e7\u00e3o de voluntariado que faz parte do Movimento das Confrarias da Miseric\u00f3rdia,","breadcrumb":{"@id":"https:\/\/spaziospadoni.org\/pt-pt\/entidades-de-formacao\/confraria-da-misericordia-de-portopalo-di-capo-passero\/#breadcrumb"},"inLanguage":"pt-PT","potentialAction":[{"@type":"ReadAction","target":["https:\/\/spaziospadoni.org\/pt-pt\/entidades-de-formacao\/confraria-da-misericordia-de-portopalo-di-capo-passero\/"]}]},{"@type":"ImageObject","inLanguage":"pt-PT","@id":"https:\/\/spaziospadoni.org\/pt-pt\/entidades-de-formacao\/confraria-da-misericordia-de-portopalo-di-capo-passero\/#primaryimage","url":"https:\/\/spaziospadoni.org\/wp-content\/uploads\/2026\/05\/Logo-Misericordia-Portopalo.jpg","contentUrl":"https:\/\/spaziospadoni.org\/wp-content\/uploads\/2026\/05\/Logo-Misericordia-Portopalo.jpg"},{"@type":"BreadcrumbList","@id":"https:\/\/spaziospadoni.org\/pt-pt\/entidades-de-formacao\/confraria-da-misericordia-de-portopalo-di-capo-passero\/#breadcrumb","itemListElement":[{"@type":"ListItem","position":1,"name":"Home","item":"https:\/\/spaziospadoni.org\/pt-pt\/"},{"@type":"ListItem","position":2,"name":"Entidades de forma\u00e7\u00e3o","item":"https:\/\/spaziospadoni.org\/pt-pt\/entidades-de-formacao\/"},{"@type":"ListItem","position":3,"name":"Confraria da Miseric\u00f3rdia de Portopalo di Capo Passero"}]},{"@type":"WebSite","@id":"https:\/\/spaziospadoni.org\/pt-pt\/#website","url":"https:\/\/spaziospadoni.org\/pt-pt\/","name":"spazio + spadoni","description":"Generazione di misericordia e missione nel mondo","publisher":{"@id":"https:\/\/spaziospadoni.org\/pt-pt\/#organization"},"alternateName":"spaziospadoni.org","potentialAction":[{"@type":"SearchAction","target":{"@type":"EntryPoint","urlTemplate":"https:\/\/spaziospadoni.org\/pt-pt\/?s={search_term_string}"},"query-input":{"@type":"PropertyValueSpecification","valueRequired":true,"valueName":"search_term_string"}}],"inLanguage":"pt-PT"},{"@type":"Organization","@id":"https:\/\/spaziospadoni.org\/pt-pt\/#organization","name":"spazio + spadoni","alternateName":"spaziospadoni.org","url":"https:\/\/spaziospadoni.org\/pt-pt\/","logo":{"@type":"ImageObject","inLanguage":"pt-PT","@id":"https:\/\/spaziospadoni.org\/pt-pt\/#\/schema\/logo\/image\/","url":"https:\/\/spaziospadoni.org\/wp-content\/uploads\/2026\/05\/spazio-spadoni-logo-100x100-1.webp","contentUrl":"https:\/\/spaziospadoni.org\/wp-content\/uploads\/2026\/05\/spazio-spadoni-logo-100x100-1.webp","width":100,"height":100,"caption":"spazio + spadoni"},"image":{"@id":"https:\/\/spaziospadoni.org\/pt-pt\/#\/schema\/logo\/image\/"},"sameAs":["https:\/\/www.facebook.com\/SpazioSpadoni\/","https:\/\/www.instagram.com\/spaziospadoni\/","https:\/\/www.youtube.com\/@spaziospadoni\/playlists"]}]}},"_links":{"self":[{"href":"https:\/\/spaziospadoni.org\/pt-pt\/wp-json\/wp\/v2\/pages\/78419","targetHints":{"allow":["GET"]}}],"collection":[{"href":"https:\/\/spaziospadoni.org\/pt-pt\/wp-json\/wp\/v2\/pages"}],"about":[{"href":"https:\/\/spaziospadoni.org\/pt-pt\/wp-json\/wp\/v2\/types\/page"}],"author":[{"embeddable":true,"href":"https:\/\/spaziospadoni.org\/pt-pt\/wp-json\/wp\/v2\/users\/102"}],"replies":[{"embeddable":true,"href":"https:\/\/spaziospadoni.org\/pt-pt\/wp-json\/wp\/v2\/comments?post=78419"}],"version-history":[{"count":1,"href":"https:\/\/spaziospadoni.org\/pt-pt\/wp-json\/wp\/v2\/pages\/78419\/revisions"}],"predecessor-version":[{"id":91738,"href":"https:\/\/spaziospadoni.org\/pt-pt\/wp-json\/wp\/v2\/pages\/78419\/revisions\/91738"}],"up":[{"embeddable":true,"href":"https:\/\/spaziospadoni.org\/pt-pt\/wp-json\/wp\/v2\/pages\/73246"}],"wp:attachment":[{"href":"https:\/\/spaziospadoni.org\/pt-pt\/wp-json\/wp\/v2\/media?parent=78419"}],"curies":[{"name":"wp","href":"https:\/\/api.w.org\/{rel}","templated":true}]}}