{"id":78437,"date":"2026-05-20T13:35:56","date_gmt":"2026-05-20T12:35:56","guid":{"rendered":"https:\/\/spaziospadoni.org\/entidades-de-formacao\/confraternita-di-misericordia-di-roccasecca\/"},"modified":"2026-08-22T10:12:34","modified_gmt":"2026-08-22T09:12:34","slug":"confraria-da-misericordia-de-roccasecca","status":"publish","type":"page","link":"https:\/\/spaziospadoni.org\/pt-pt\/entidades-de-formacao\/confraria-da-misericordia-de-roccasecca\/","title":{"rendered":"Confraria da Miseric\u00f3rdia de Roccasecca"},"content":{"rendered":"\n<p class=\"wp-block-paragraph\">A Confraria da Miseric\u00f3rdia de Roccasecca \u00e9 uma associa\u00e7\u00e3o de voluntariado que faz parte do Movimento das Confrarias da Miseric\u00f3rdia, fundado em Floren\u00e7a em 1244 por Pietro da Verona, mais tarde S\u00e3o Pedro M\u00e1rtir. Atualmente, as Confrarias da Miseric\u00f3rdia est\u00e3o presentes em It\u00e1lia e no estrangeiro com mais de 700 confrarias.<\/p>\n\n\n<div class=\"wp-block-image\">\n<figure class=\"aligncenter size-full is-resized\"><img decoding=\"async\" width=\"1504\" height=\"1504\" src=\"https:\/\/spaziospadoni.org\/wp-content\/uploads\/2026\/05\/Logo-Misericordia.jpg\" alt=\"Confraria da Miseric\u00f3rdia de Roccasecca\" class=\"wp-image-48699\" style=\"width:270px;height:auto\" srcset=\"https:\/\/spaziospadoni.org\/wp-content\/uploads\/2026\/05\/Logo-Misericordia.jpg 1504w, https:\/\/spaziospadoni.org\/wp-content\/uploads\/2026\/05\/Logo-Misericordia-300x300.jpg 300w, https:\/\/spaziospadoni.org\/wp-content\/uploads\/2026\/05\/Logo-Misericordia-1024x1024.jpg 1024w, https:\/\/spaziospadoni.org\/wp-content\/uploads\/2026\/05\/Logo-Misericordia-150x150.jpg 150w, https:\/\/spaziospadoni.org\/wp-content\/uploads\/2026\/05\/Logo-Misericordia-768x768.jpg 768w\" sizes=\"(max-width: 1504px) 100vw, 1504px\" \/><\/figure>\n<\/div>\n\n\n<h2 id=\"h-storia\" class=\"wp-block-heading\"><strong>Hist\u00f3ria<\/strong><\/h2>\n\n\n\n<p class=\"wp-block-paragraph\">A Confraria da Miseric\u00f3rdia de Roccasecca foi fundada em setembro de 1993 e, desde ent\u00e3o, desenvolve atividades de voluntariado nas \u00e1reas social, de sa\u00fade e de Prote\u00e7\u00e3o Civil, utilizando os ve\u00edculos de que disp\u00f5e, como ambul\u00e2ncias e ve\u00edculos multifuncionais. Possui duas sedes pr\u00f3prias. As suas principais atividades incluem o transporte de doentes, transfer\u00eancias a partir de unidades hospitalares, transporte para exames de diagn\u00f3stico, assist\u00eancia em eventos e competi\u00e7\u00f5es, apoio de sa\u00fade em opera\u00e7\u00f5es de Prote\u00e7\u00e3o Civil e assist\u00eancia a pessoas necessitadas.&nbsp;<\/p>\n\n\n\n<p class=\"wp-block-paragraph\">Desenvolve a sua atividade em colabora\u00e7\u00e3o com as Institui\u00e7\u00f5es, a Diocese, a comunidade paroquial e os outros recursos presentes no territ\u00f3rio, com o objetivo de responder adequadamente \u00e0s necessidades emergentes. Para tal, mobiliza os seus recursos e meios, criando iniciativas e servi\u00e7os de car\u00e1ter social e de sa\u00fade, na convic\u00e7\u00e3o de que o voluntariado e o terceiro setor desempenham um papel de import\u00e2ncia primordial perante uma sociedade cada vez mais complexa e marcada por novas tens\u00f5es e dificuldades sociais.&nbsp;<\/p>\n\n\n\n<h2 id=\"h-attivita-nbsp\" class=\"wp-block-heading\"><strong>Atividades<\/strong> <\/h2>\n\n\n\n<ul class=\"wp-block-list\">\n<li>TRANSFER\u00caNCIA DE DOENTES EM SITUA\u00c7\u00d5ES DE EMERG\u00caNCIA E URG\u00caNCIA, INCLUINDO DOENTES EM DI\u00c1LISE&nbsp;<\/li>\n\n\n\n<li>ASSIST\u00caNCIA EM EVENTOS E COMPETI\u00c7\u00d5ES (assist\u00eancia aos peregrinos durante o funeral do papa Jo\u00e3o Paulo II e servi\u00e7o aos peregrinos por ocasi\u00e3o da canoniza\u00e7\u00e3o de Padre Pio em Pietrelcina)&nbsp;<\/li>\n\n\n\n<li>ASSIST\u00caNCIA A PESSOAS IDOSAS E COM DEFICI\u00caNCIA&nbsp;<\/li>\n\n\n\n<li>PROTE\u00c7\u00c3O CIVIL (exerc\u00edcios em colabora\u00e7\u00e3o com as institui\u00e7\u00f5es; assist\u00eancia durante os sismos na \u00dambria e nas Marcas, em L\u2019Aquila e Amatrice; coordena\u00e7\u00e3o das opera\u00e7\u00f5es de socorro ap\u00f3s o acidente ferrovi\u00e1rio na esta\u00e7\u00e3o de Roccasecca. Em 2005, em reconhecimento da sua abnega\u00e7\u00e3o e pronta resposta \u00e0 trag\u00e9dia ferrovi\u00e1ria, a Confraria da Miseric\u00f3rdia de Roccasecca recebeu do Presidente da Rep\u00fablica Napolitano a Medalha de Ouro de Valor Civil da Rep\u00fablica Italiana)&nbsp;<\/li>\n\n\n\n<li>ASSIST\u00caNCIA A PESSOAS NECESSITADAS&nbsp;<\/li>\n\n\n\n<li>PROJETO I CARE&nbsp;<\/li>\n\n\n\n<li>FORMA\u00c7\u00c3O&nbsp;<\/li>\n\n\n\n<li>INICIATIVA \u201cOS JARDINS DA MISERIC\u00d3RDIA\u201d&nbsp;<\/li>\n\n\n\n<li>ATIVIDADES ASSISTENCIAIS E CULTURAIS destinadas principalmente a crian\u00e7as, jovens e pessoas idosas&nbsp;<\/li>\n\n\n\n<li>ORGANIZA\u00c7\u00c3O DE ATELI\u00caS de cer\u00e2mica, ingl\u00eas e cozinha&nbsp;<\/li>\n\n\n\n<li>APOIO E ASSIST\u00caNCIA \u00c0 POPULA\u00c7\u00c3O DURANTE A PANDEMIA&nbsp;<\/li>\n<\/ul>\n\n\n\n<h2 id=\"h-contatti-nbsp\" class=\"wp-block-heading\"><strong>Contactos<\/strong> <\/h2>\n\n\n\n<p class=\"wp-block-paragraph\">Via Alcide De Gasperi 17 \u2013 Roccasecca (FR)&nbsp;<\/p>\n\n\n\n<p class=\"wp-block-paragraph\">Via Adige 23 \u2013 Roccasecca (FR)&nbsp;<\/p>\n\n\n\n<p class=\"wp-block-paragraph\">+39 0776 566000&nbsp;&nbsp;<\/p>\n\n\n\n<p class=\"wp-block-paragraph\">+39 338 1092196&nbsp;<\/p>\n\n\n\n<p class=\"wp-block-paragraph\"><a href=\"https:\/\/www.misericordiaroccasecca.com\" target=\"_blank\" rel=\"noreferrer noopener nofollow\" title=\"https:\/\/www.misericordiaroccasecca.com\">https:\/\/www.misericordiaroccasecca.com<\/a><\/p>\n\n\n\n<p class=\"wp-block-paragraph\"><a href=\"https:\/\/www.facebook.com\/profile.php?id=100064446469696\" target=\"_blank\" rel=\"noreferrer noopener nofollow\" title=\"https:\/\/www.facebook.com\/profile.php?id=100064446469696\">https:\/\/www.facebook.com\/profile.php?id=100064446469696<\/a><\/p>\n","protected":false},"excerpt":{"rendered":"<p>A Confraria da Miseric\u00f3rdia de Roccasecca \u00e9 uma associa\u00e7\u00e3o de voluntariado que faz parte do Movimento das Confrarias da Miseric\u00f3rdia, fundado em Floren\u00e7a em 1244 por Pietro da Verona, mais tarde S\u00e3o Pedro M\u00e1rtir. Atualmente, as Confrarias da Miseric\u00f3rdia est\u00e3o presentes em It\u00e1lia e no estrangeiro com mais de 700 confrarias. Hist\u00f3ria A Confraria da &#8230; <a title=\"Confraria da Miseric\u00f3rdia de Roccasecca\" class=\"read-more\" href=\"https:\/\/spaziospadoni.org\/pt-pt\/entidades-de-formacao\/confraria-da-misericordia-de-roccasecca\/\" aria-label=\"Read more about Confraria da Miseric\u00f3rdia de Roccasecca\">Ler mais<\/a><\/p>\n","protected":false},"author":102,"featured_media":0,"parent":73246,"menu_order":0,"comment_status":"closed","ping_status":"closed","template":"","meta":{"_sitemap_exclude":false,"_sitemap_priority":"","_sitemap_frequency":"","footnotes":""},"class_list":["post-78437","page","type-page","status-publish","infinite-scroll-item"],"yoast_head":"<!-- This site is optimized with the Yoast SEO plugin v28.4 - https:\/\/yoast.com\/product\/yoast-seo-wordpress\/ -->\n<title>Confraria da Miseric\u00f3rdia de Roccasecca | Spazio Spadoni<\/title>\n<meta name=\"description\" content=\"A Confraria da Miseric\u00f3rdia de Roccasecca \u00e9 uma associa\u00e7\u00e3o de voluntariado que faz parte do Movimento das Confrarias da Miseric\u00f3rdia, fundado em Floren\u00e7a\" \/>\n<meta name=\"robots\" content=\"index, follow, max-snippet:-1, max-image-preview:large, max-video-preview:-1\" \/>\n<link rel=\"canonical\" href=\"https:\/\/spaziospadoni.org\/pt-pt\/entidades-de-formacao\/confraria-da-misericordia-de-roccasecca\/\" \/>\n<meta property=\"og:locale\" content=\"pt_PT\" \/>\n<meta property=\"og:type\" content=\"article\" \/>\n<meta property=\"og:title\" content=\"Confraria da Miseric\u00f3rdia de Roccasecca | Spazio Spadoni\" \/>\n<meta property=\"og:description\" content=\"A Confraria da Miseric\u00f3rdia de Roccasecca \u00e9 uma associa\u00e7\u00e3o de voluntariado que faz parte do Movimento das Confrarias da Miseric\u00f3rdia, fundado em Floren\u00e7a\" \/>\n<meta property=\"og:url\" content=\"https:\/\/spaziospadoni.org\/pt-pt\/entidades-de-formacao\/confraria-da-misericordia-de-roccasecca\/\" \/>\n<meta property=\"og:site_name\" content=\"spazio + spadoni\" \/>\n<meta property=\"article:publisher\" content=\"https:\/\/www.facebook.com\/SpazioSpadoni\/\" \/>\n<meta property=\"article:modified_time\" content=\"2026-08-22T09:12:34+00:00\" \/>\n<meta property=\"og:image\" content=\"https:\/\/spaziospadoni.org\/wp-content\/uploads\/2026\/05\/Logo-Misericordia.jpg\" \/>\n\t<meta property=\"og:image:width\" content=\"1504\" \/>\n\t<meta property=\"og:image:height\" content=\"1504\" \/>\n\t<meta property=\"og:image:type\" content=\"image\/jpeg\" \/>\n<meta name=\"twitter:card\" content=\"summary_large_image\" \/>\n<meta name=\"twitter:label1\" content=\"Est. reading time\" \/>\n\t<meta name=\"twitter:data1\" content=\"3 minutes\" \/>\n<script type=\"application\/ld+json\" class=\"yoast-schema-graph\">{\"@context\":\"https:\\\/\\\/schema.org\",\"@graph\":[{\"@type\":\"WebPage\",\"@id\":\"https:\\\/\\\/spaziospadoni.org\\\/pt-pt\\\/entidades-de-formacao\\\/confraria-da-misericordia-de-roccasecca\\\/\",\"url\":\"https:\\\/\\\/spaziospadoni.org\\\/pt-pt\\\/entidades-de-formacao\\\/confraria-da-misericordia-de-roccasecca\\\/\",\"name\":\"Confraria da Miseric\u00f3rdia de Roccasecca | Spazio Spadoni\",\"isPartOf\":{\"@id\":\"https:\\\/\\\/spaziospadoni.org\\\/pt-pt\\\/#website\"},\"primaryImageOfPage\":{\"@id\":\"https:\\\/\\\/spaziospadoni.org\\\/pt-pt\\\/entidades-de-formacao\\\/confraria-da-misericordia-de-roccasecca\\\/#primaryimage\"},\"image\":{\"@id\":\"https:\\\/\\\/spaziospadoni.org\\\/pt-pt\\\/entidades-de-formacao\\\/confraria-da-misericordia-de-roccasecca\\\/#primaryimage\"},\"thumbnailUrl\":\"https:\\\/\\\/spaziospadoni.org\\\/wp-content\\\/uploads\\\/2026\\\/05\\\/Logo-Misericordia.jpg\",\"datePublished\":\"2026-05-20T12:35:56+00:00\",\"dateModified\":\"2026-08-22T09:12:34+00:00\",\"description\":\"A Confraria da Miseric\u00f3rdia de Roccasecca \u00e9 uma associa\u00e7\u00e3o de voluntariado que faz parte do Movimento das Confrarias da Miseric\u00f3rdia, fundado em Floren\u00e7a\",\"breadcrumb\":{\"@id\":\"https:\\\/\\\/spaziospadoni.org\\\/pt-pt\\\/entidades-de-formacao\\\/confraria-da-misericordia-de-roccasecca\\\/#breadcrumb\"},\"inLanguage\":\"pt-PT\",\"potentialAction\":[{\"@type\":\"ReadAction\",\"target\":[\"https:\\\/\\\/spaziospadoni.org\\\/pt-pt\\\/entidades-de-formacao\\\/confraria-da-misericordia-de-roccasecca\\\/\"]}]},{\"@type\":\"ImageObject\",\"inLanguage\":\"pt-PT\",\"@id\":\"https:\\\/\\\/spaziospadoni.org\\\/pt-pt\\\/entidades-de-formacao\\\/confraria-da-misericordia-de-roccasecca\\\/#primaryimage\",\"url\":\"https:\\\/\\\/spaziospadoni.org\\\/wp-content\\\/uploads\\\/2026\\\/05\\\/Logo-Misericordia.jpg\",\"contentUrl\":\"https:\\\/\\\/spaziospadoni.org\\\/wp-content\\\/uploads\\\/2026\\\/05\\\/Logo-Misericordia.jpg\"},{\"@type\":\"BreadcrumbList\",\"@id\":\"https:\\\/\\\/spaziospadoni.org\\\/pt-pt\\\/entidades-de-formacao\\\/confraria-da-misericordia-de-roccasecca\\\/#breadcrumb\",\"itemListElement\":[{\"@type\":\"ListItem\",\"position\":1,\"name\":\"Home\",\"item\":\"https:\\\/\\\/spaziospadoni.org\\\/pt-pt\\\/\"},{\"@type\":\"ListItem\",\"position\":2,\"name\":\"Entidades de forma\u00e7\u00e3o\",\"item\":\"https:\\\/\\\/spaziospadoni.org\\\/pt-pt\\\/entidades-de-formacao\\\/\"},{\"@type\":\"ListItem\",\"position\":3,\"name\":\"Confraria da Miseric\u00f3rdia de Roccasecca\"}]},{\"@type\":\"WebSite\",\"@id\":\"https:\\\/\\\/spaziospadoni.org\\\/pt-pt\\\/#website\",\"url\":\"https:\\\/\\\/spaziospadoni.org\\\/pt-pt\\\/\",\"name\":\"spazio + spadoni\",\"description\":\"Generazione di misericordia e missione nel mondo\",\"publisher\":{\"@id\":\"https:\\\/\\\/spaziospadoni.org\\\/pt-pt\\\/#organization\"},\"alternateName\":\"spaziospadoni.org\",\"potentialAction\":[{\"@type\":\"SearchAction\",\"target\":{\"@type\":\"EntryPoint\",\"urlTemplate\":\"https:\\\/\\\/spaziospadoni.org\\\/pt-pt\\\/?s={search_term_string}\"},\"query-input\":{\"@type\":\"PropertyValueSpecification\",\"valueRequired\":true,\"valueName\":\"search_term_string\"}}],\"inLanguage\":\"pt-PT\"},{\"@type\":\"Organization\",\"@id\":\"https:\\\/\\\/spaziospadoni.org\\\/pt-pt\\\/#organization\",\"name\":\"spazio + spadoni\",\"alternateName\":\"spaziospadoni.org\",\"url\":\"https:\\\/\\\/spaziospadoni.org\\\/pt-pt\\\/\",\"logo\":{\"@type\":\"ImageObject\",\"inLanguage\":\"pt-PT\",\"@id\":\"https:\\\/\\\/spaziospadoni.org\\\/pt-pt\\\/#\\\/schema\\\/logo\\\/image\\\/\",\"url\":\"https:\\\/\\\/spaziospadoni.org\\\/wp-content\\\/uploads\\\/2026\\\/05\\\/spazio-spadoni-logo-100x100-1.webp\",\"contentUrl\":\"https:\\\/\\\/spaziospadoni.org\\\/wp-content\\\/uploads\\\/2026\\\/05\\\/spazio-spadoni-logo-100x100-1.webp\",\"width\":100,\"height\":100,\"caption\":\"spazio + spadoni\"},\"image\":{\"@id\":\"https:\\\/\\\/spaziospadoni.org\\\/pt-pt\\\/#\\\/schema\\\/logo\\\/image\\\/\"},\"sameAs\":[\"https:\\\/\\\/www.facebook.com\\\/SpazioSpadoni\\\/\",\"https:\\\/\\\/www.instagram.com\\\/spaziospadoni\\\/\",\"https:\\\/\\\/www.youtube.com\\\/@spaziospadoni\\\/playlists\"]}]}<\/script>\n<!-- \/ Yoast SEO plugin. -->","yoast_head_json":{"title":"Confraria da Miseric\u00f3rdia de Roccasecca | Spazio Spadoni","description":"A Confraria da Miseric\u00f3rdia de Roccasecca \u00e9 uma associa\u00e7\u00e3o de voluntariado que faz parte do Movimento das Confrarias da Miseric\u00f3rdia, fundado em Floren\u00e7a","robots":{"index":"index","follow":"follow","max-snippet":"max-snippet:-1","max-image-preview":"max-image-preview:large","max-video-preview":"max-video-preview:-1"},"canonical":"https:\/\/spaziospadoni.org\/pt-pt\/entidades-de-formacao\/confraria-da-misericordia-de-roccasecca\/","og_locale":"pt_PT","og_type":"article","og_title":"Confraria da Miseric\u00f3rdia de Roccasecca | Spazio Spadoni","og_description":"A Confraria da Miseric\u00f3rdia de Roccasecca \u00e9 uma associa\u00e7\u00e3o de voluntariado que faz parte do Movimento das Confrarias da Miseric\u00f3rdia, fundado em Floren\u00e7a","og_url":"https:\/\/spaziospadoni.org\/pt-pt\/entidades-de-formacao\/confraria-da-misericordia-de-roccasecca\/","og_site_name":"spazio + spadoni","article_publisher":"https:\/\/www.facebook.com\/SpazioSpadoni\/","article_modified_time":"2026-08-22T09:12:34+00:00","og_image":[{"width":1504,"height":1504,"url":"https:\/\/spaziospadoni.org\/wp-content\/uploads\/2026\/05\/Logo-Misericordia.jpg","type":"image\/jpeg"}],"twitter_card":"summary_large_image","twitter_misc":{"Est. reading time":"3 minutes"},"schema":{"@context":"https:\/\/schema.org","@graph":[{"@type":"WebPage","@id":"https:\/\/spaziospadoni.org\/pt-pt\/entidades-de-formacao\/confraria-da-misericordia-de-roccasecca\/","url":"https:\/\/spaziospadoni.org\/pt-pt\/entidades-de-formacao\/confraria-da-misericordia-de-roccasecca\/","name":"Confraria da Miseric\u00f3rdia de Roccasecca | Spazio Spadoni","isPartOf":{"@id":"https:\/\/spaziospadoni.org\/pt-pt\/#website"},"primaryImageOfPage":{"@id":"https:\/\/spaziospadoni.org\/pt-pt\/entidades-de-formacao\/confraria-da-misericordia-de-roccasecca\/#primaryimage"},"image":{"@id":"https:\/\/spaziospadoni.org\/pt-pt\/entidades-de-formacao\/confraria-da-misericordia-de-roccasecca\/#primaryimage"},"thumbnailUrl":"https:\/\/spaziospadoni.org\/wp-content\/uploads\/2026\/05\/Logo-Misericordia.jpg","datePublished":"2026-05-20T12:35:56+00:00","dateModified":"2026-08-22T09:12:34+00:00","description":"A Confraria da Miseric\u00f3rdia de Roccasecca \u00e9 uma associa\u00e7\u00e3o de voluntariado que faz parte do Movimento das Confrarias da Miseric\u00f3rdia, fundado em Floren\u00e7a","breadcrumb":{"@id":"https:\/\/spaziospadoni.org\/pt-pt\/entidades-de-formacao\/confraria-da-misericordia-de-roccasecca\/#breadcrumb"},"inLanguage":"pt-PT","potentialAction":[{"@type":"ReadAction","target":["https:\/\/spaziospadoni.org\/pt-pt\/entidades-de-formacao\/confraria-da-misericordia-de-roccasecca\/"]}]},{"@type":"ImageObject","inLanguage":"pt-PT","@id":"https:\/\/spaziospadoni.org\/pt-pt\/entidades-de-formacao\/confraria-da-misericordia-de-roccasecca\/#primaryimage","url":"https:\/\/spaziospadoni.org\/wp-content\/uploads\/2026\/05\/Logo-Misericordia.jpg","contentUrl":"https:\/\/spaziospadoni.org\/wp-content\/uploads\/2026\/05\/Logo-Misericordia.jpg"},{"@type":"BreadcrumbList","@id":"https:\/\/spaziospadoni.org\/pt-pt\/entidades-de-formacao\/confraria-da-misericordia-de-roccasecca\/#breadcrumb","itemListElement":[{"@type":"ListItem","position":1,"name":"Home","item":"https:\/\/spaziospadoni.org\/pt-pt\/"},{"@type":"ListItem","position":2,"name":"Entidades de forma\u00e7\u00e3o","item":"https:\/\/spaziospadoni.org\/pt-pt\/entidades-de-formacao\/"},{"@type":"ListItem","position":3,"name":"Confraria da Miseric\u00f3rdia de Roccasecca"}]},{"@type":"WebSite","@id":"https:\/\/spaziospadoni.org\/pt-pt\/#website","url":"https:\/\/spaziospadoni.org\/pt-pt\/","name":"spazio + spadoni","description":"Generazione di misericordia e missione nel mondo","publisher":{"@id":"https:\/\/spaziospadoni.org\/pt-pt\/#organization"},"alternateName":"spaziospadoni.org","potentialAction":[{"@type":"SearchAction","target":{"@type":"EntryPoint","urlTemplate":"https:\/\/spaziospadoni.org\/pt-pt\/?s={search_term_string}"},"query-input":{"@type":"PropertyValueSpecification","valueRequired":true,"valueName":"search_term_string"}}],"inLanguage":"pt-PT"},{"@type":"Organization","@id":"https:\/\/spaziospadoni.org\/pt-pt\/#organization","name":"spazio + spadoni","alternateName":"spaziospadoni.org","url":"https:\/\/spaziospadoni.org\/pt-pt\/","logo":{"@type":"ImageObject","inLanguage":"pt-PT","@id":"https:\/\/spaziospadoni.org\/pt-pt\/#\/schema\/logo\/image\/","url":"https:\/\/spaziospadoni.org\/wp-content\/uploads\/2026\/05\/spazio-spadoni-logo-100x100-1.webp","contentUrl":"https:\/\/spaziospadoni.org\/wp-content\/uploads\/2026\/05\/spazio-spadoni-logo-100x100-1.webp","width":100,"height":100,"caption":"spazio + spadoni"},"image":{"@id":"https:\/\/spaziospadoni.org\/pt-pt\/#\/schema\/logo\/image\/"},"sameAs":["https:\/\/www.facebook.com\/SpazioSpadoni\/","https:\/\/www.instagram.com\/spaziospadoni\/","https:\/\/www.youtube.com\/@spaziospadoni\/playlists"]}]}},"_links":{"self":[{"href":"https:\/\/spaziospadoni.org\/pt-pt\/wp-json\/wp\/v2\/pages\/78437","targetHints":{"allow":["GET"]}}],"collection":[{"href":"https:\/\/spaziospadoni.org\/pt-pt\/wp-json\/wp\/v2\/pages"}],"about":[{"href":"https:\/\/spaziospadoni.org\/pt-pt\/wp-json\/wp\/v2\/types\/page"}],"author":[{"embeddable":true,"href":"https:\/\/spaziospadoni.org\/pt-pt\/wp-json\/wp\/v2\/users\/102"}],"replies":[{"embeddable":true,"href":"https:\/\/spaziospadoni.org\/pt-pt\/wp-json\/wp\/v2\/comments?post=78437"}],"version-history":[{"count":1,"href":"https:\/\/spaziospadoni.org\/pt-pt\/wp-json\/wp\/v2\/pages\/78437\/revisions"}],"predecessor-version":[{"id":91748,"href":"https:\/\/spaziospadoni.org\/pt-pt\/wp-json\/wp\/v2\/pages\/78437\/revisions\/91748"}],"up":[{"embeddable":true,"href":"https:\/\/spaziospadoni.org\/pt-pt\/wp-json\/wp\/v2\/pages\/73246"}],"wp:attachment":[{"href":"https:\/\/spaziospadoni.org\/pt-pt\/wp-json\/wp\/v2\/media?parent=78437"}],"curies":[{"name":"wp","href":"https:\/\/api.w.org\/{rel}","templated":true}]}}