{"id":78445,"date":"2026-05-20T14:07:04","date_gmt":"2026-05-20T13:07:04","guid":{"rendered":"https:\/\/spaziospadoni.org\/entidades-de-formacao\/confraternita-di-misericordia-di-roma-san-romano\/"},"modified":"2026-08-22T10:29:42","modified_gmt":"2026-08-22T09:29:42","slug":"confraria-da-misericordia-de-roma-sao-romano","status":"publish","type":"page","link":"https:\/\/spaziospadoni.org\/pt-pt\/entidades-de-formacao\/confraria-da-misericordia-de-roma-sao-romano\/","title":{"rendered":"Confraria da Miseric\u00f3rdia de Roma S\u00e3o Romano"},"content":{"rendered":"\n<p class=\"wp-block-paragraph\">A Confraria da Miseric\u00f3rdia de Roma S\u00e3o Romano \u00e9 uma associa\u00e7\u00e3o de voluntariado que faz parte do Movimento das Confrarias da Miseric\u00f3rdia, fundado em Floren\u00e7a em 1244 por Pietro da Verona, mais tarde S\u00e3o Pedro M\u00e1rtir. Atualmente, as Confrarias da Miseric\u00f3rdia est\u00e3o presentes em It\u00e1lia e no estrangeiro com mais de 700 confrarias.<\/p>\n\n\n<div class=\"wp-block-image\">\n<figure class=\"aligncenter size-full is-resized\"><img decoding=\"async\" width=\"5953\" height=\"8419\" src=\"https:\/\/spaziospadoni.org\/wp-content\/uploads\/2026\/05\/Logo-SanRomano.jpg\" alt=\"Confraria da Miseric\u00f3rdia de Roma S\u00e3o Romano\" class=\"wp-image-48756\" style=\"width:344px;height:auto\" srcset=\"https:\/\/spaziospadoni.org\/wp-content\/uploads\/2026\/05\/Logo-SanRomano.jpg 5953w, https:\/\/spaziospadoni.org\/wp-content\/uploads\/2026\/05\/Logo-SanRomano-212x300.jpg 212w, https:\/\/spaziospadoni.org\/wp-content\/uploads\/2026\/05\/Logo-SanRomano-724x1024.jpg 724w, https:\/\/spaziospadoni.org\/wp-content\/uploads\/2026\/05\/Logo-SanRomano-768x1086.jpg 768w\" sizes=\"(max-width: 5953px) 100vw, 5953px\" \/><\/figure>\n<\/div>\n\n\n<h2 id=\"historia\" class=\"wp-block-heading\"><strong>Hist\u00f3ria<\/strong><\/h2>\n\n\n\n<p class=\"wp-block-paragraph\">Em janeiro de 1997, um pequeno grupo de pessoas, homens e mulheres unidos por uma vis\u00e3o comum do bem, convictos da necessidade de se empenharem pessoalmente para contribuir para a constru\u00e7\u00e3o da \u00abCiviliza\u00e7\u00e3o do Amor\u00bb a que nos chamam o Evangelho e a Igreja Cat\u00f3lica, e ligados por experi\u00eancias anteriores de voluntariado, decidiram organizar-se e constituir uma nova Associa\u00e7\u00e3o. Assim nasceu a \u201cConfraria da Miseric\u00f3rdia de Roma S\u00e3o Romano\u201d. Ao aderir \u00e0 Confedera\u00e7\u00e3o Nacional das Confrarias da Miseric\u00f3rdia de It\u00e1lia e inspirar-se nesta antiqu\u00edssima express\u00e3o do voluntariado, a nova Associa\u00e7\u00e3o passaria a disponibilizar na cidade de Roma servi\u00e7os de assist\u00eancia social e de sa\u00fade, bem como um espa\u00e7o de realiza\u00e7\u00e3o para muitos volunt\u00e1rios de f\u00e9 cat\u00f3lica. O verdadeiro \u00absalto qualitativo\u00bb ocorreu pouco depois quando, gra\u00e7as \u00e0 imensa generosidade de um casal, foi adquirida a primeira ambul\u00e2ncia. Aquele gesto de amor, realizado em mem\u00f3ria da filha que falecera prematuramente, deu in\u00edcio a uma hist\u00f3ria de empenho e disponibilidade que permitiu estar pr\u00f3ximo do sofrimento de muitas pessoas e prestar, ao longo dos anos, apoio \u00e0s necessidades de sa\u00fade e sociais, n\u00e3o apenas no bairro e na par\u00f3quia, mas tamb\u00e9m a n\u00edvel nacional. Os volunt\u00e1rios da Confraria da Miseric\u00f3rdia de Roma S\u00e3o Romano interv\u00eam em m\u00faltiplas \u00e1reas: dos servi\u00e7os de sa\u00fade aos servi\u00e7os sociais, da forma\u00e7\u00e3o \u00e0s atividades de prote\u00e7\u00e3o civil, para al\u00e9m de colabora\u00e7\u00f5es j\u00e1 consolidadas com outras organiza\u00e7\u00f5es assistenciais, tanto paroquiais como institucionais. A estrat\u00e9gia de assist\u00eancia \u00e9 apoiada por protocolos com os principais organismos nacionais e regionais, como a Presid\u00eancia do Conselho de Ministros \u2013 Departamento de Prote\u00e7\u00e3o Civil, Regi\u00e3o do L\u00e1cio, ARES 118, Roma Capital, Prote\u00e7\u00e3o Civil de Roma Capital, v\u00e1rios distritos municipais de Roma Capital, Confedera\u00e7\u00e3o Nacional das Confrarias da Miseric\u00f3rdia de It\u00e1lia e a respetiva \u00c1rea de Emerg\u00eancias. O empenho dos volunt\u00e1rios permitiu aumentar a frota da Associa\u00e7\u00e3o, que disp\u00f5e atualmente de dois ve\u00edculos sociais, duas ambul\u00e2ncias e uma carrinha destinada ao transporte de material de prote\u00e7\u00e3o civil. Ao longo dos anos, as \u00e1reas de interven\u00e7\u00e3o e os servi\u00e7os prestados foram alargados, mas os volunt\u00e1rios trabalham diariamente para assegurar que o esp\u00edrito que os anima permane\u00e7a fiel \u00e0 inspira\u00e7\u00e3o original e aos ensinamentos do Evangelho. Al\u00e9m disso, em 2019, a Ag\u00eancia Regional de Emerg\u00eancia de Sa\u00fade 118 reconheceu e acreditou, entre os centros habilitados a ministrar cursos BLS-D, o Centro de Forma\u00e7\u00e3o da Confraria da Miseric\u00f3rdia de Roma S\u00e3o Romano, que desde a sua cria\u00e7\u00e3o formou mais de 1 500 pessoas na utiliza\u00e7\u00e3o do desfibrilhador.<\/p>\n\n\n\n<h2 id=\"nbspatividadesnbsp\" class=\"wp-block-heading\"><strong> <\/strong><strong>Atividades<\/strong><strong> <\/strong><\/h2>\n\n\n\n<ul class=\"wp-block-list\">\n<li>TRANSPORTE DE DOENTES<\/li>\n\n\n\n<li>TRANSPORTE SOCIAL<\/li>\n\n\n\n<li>COMPRAS SUSPENSAS<\/li>\n\n\n\n<li>SERVI\u00c7O DE REFEIT\u00d3RIO CARITAS<\/li>\n\n\n\n<li>PROTE\u00c7\u00c3O CIVIL<\/li>\n\n\n\n<li>GEST\u00c3O DE GRANDES EVENTOS COM ARES 118<\/li>\n\n\n\n<li>SERVI\u00c7O CIVIL<\/li>\n\n\n\n<li>CENTRO DE FORMA\u00c7\u00c3O ARES 118<\/li>\n\n\n\n<li>CENTRO DE FORMA\u00c7\u00c3O IRC<\/li>\n<\/ul>\n\n\n\n<h2 id=\"contactos\" class=\"wp-block-heading\"><strong>Contactos<\/strong><\/h2>\n\n\n\n<p class=\"wp-block-paragraph\">Largo Antonio Beltramelli 16 \u2013 00157 Roma<\/p>\n\n\n\n<p class=\"wp-block-paragraph\">Tel.: +39 06 4514139<\/p>\n\n\n\n<p class=\"wp-block-paragraph\"><a href=\"https:\/\/www.misericordia.roma.it\/\" target=\"_blank\" rel=\"noreferrer noopener nofollow\" title=\"https:\/\/www.misericordia.roma.it\/\">https:\/\/www.misericordia.roma.it\/<\/a><\/p>\n\n\n\n<p class=\"wp-block-paragraph\"><a href=\"https:\/\/www.facebook.com\/MisericordiadiRomaSRomano\" target=\"_blank\" rel=\"noreferrer noopener nofollow\" title=\"https:\/\/www.facebook.com\/MisericordiadiRomaSRomano\">https:\/\/www.facebook.com\/MisericordiadiRomaSRomano<\/a><\/p>\n\n\n\n<p class=\"wp-block-paragraph\"><a href=\"mailto:info@misericordia.roma.it\" title=\"info@misericordia.roma.it\">info@misericordia.roma.it<\/a><\/p>\n","protected":false},"excerpt":{"rendered":"<p>A Confraria da Miseric\u00f3rdia de Roma S\u00e3o Romano \u00e9 uma associa\u00e7\u00e3o de voluntariado que faz parte do Movimento das Confrarias da Miseric\u00f3rdia, fundado em Floren\u00e7a em 1244 por Pietro da Verona, mais tarde S\u00e3o Pedro M\u00e1rtir. Atualmente, as Confrarias da Miseric\u00f3rdia est\u00e3o presentes em It\u00e1lia e no estrangeiro com mais de 700 confrarias. Hist\u00f3ria Em &#8230; <a title=\"Confraria da Miseric\u00f3rdia de Roma S\u00e3o Romano\" class=\"read-more\" href=\"https:\/\/spaziospadoni.org\/pt-pt\/entidades-de-formacao\/confraria-da-misericordia-de-roma-sao-romano\/\" aria-label=\"Read more about Confraria da Miseric\u00f3rdia de Roma S\u00e3o Romano\">Ler mais<\/a><\/p>\n","protected":false},"author":102,"featured_media":0,"parent":73246,"menu_order":0,"comment_status":"closed","ping_status":"closed","template":"","meta":{"_sitemap_exclude":false,"_sitemap_priority":"","_sitemap_frequency":"","footnotes":""},"class_list":["post-78445","page","type-page","status-publish","infinite-scroll-item"],"yoast_head":"<!-- This site is optimized with the Yoast SEO plugin v28.4 - https:\/\/yoast.com\/product\/yoast-seo-wordpress\/ -->\n<title>Confraria da Miseric\u00f3rdia de Roma S\u00e3o Romano | Spazio Spadoni<\/title>\n<meta name=\"description\" content=\"A Confraria da Miseric\u00f3rdia de Roma S\u00e3o Romano \u00e9 uma associa\u00e7\u00e3o de voluntariado que faz parte do Movimento das Confrarias da Miseric\u00f3rdia, fundado em\" \/>\n<meta name=\"robots\" content=\"index, follow, max-snippet:-1, max-image-preview:large, max-video-preview:-1\" \/>\n<link rel=\"canonical\" href=\"https:\/\/spaziospadoni.org\/pt-pt\/entidades-de-formacao\/confraria-da-misericordia-de-roma-sao-romano\/\" \/>\n<meta property=\"og:locale\" content=\"pt_PT\" \/>\n<meta property=\"og:type\" content=\"article\" \/>\n<meta property=\"og:title\" content=\"Confraria da Miseric\u00f3rdia de Roma S\u00e3o Romano | Spazio Spadoni\" \/>\n<meta property=\"og:description\" content=\"A Confraria da Miseric\u00f3rdia de Roma S\u00e3o Romano \u00e9 uma associa\u00e7\u00e3o de voluntariado que faz parte do Movimento das Confrarias da Miseric\u00f3rdia, fundado em\" \/>\n<meta property=\"og:url\" content=\"https:\/\/spaziospadoni.org\/pt-pt\/entidades-de-formacao\/confraria-da-misericordia-de-roma-sao-romano\/\" \/>\n<meta property=\"og:site_name\" content=\"spazio + spadoni\" \/>\n<meta property=\"article:publisher\" content=\"https:\/\/www.facebook.com\/SpazioSpadoni\/\" \/>\n<meta property=\"article:modified_time\" content=\"2026-08-22T09:29:42+00:00\" \/>\n<meta property=\"og:image\" content=\"https:\/\/spaziospadoni.org\/wp-content\/uploads\/2026\/05\/Logo-SanRomano.jpg\" \/>\n\t<meta property=\"og:image:width\" content=\"5953\" \/>\n\t<meta property=\"og:image:height\" content=\"8419\" \/>\n\t<meta property=\"og:image:type\" content=\"image\/jpeg\" \/>\n<meta name=\"twitter:card\" content=\"summary_large_image\" \/>\n<meta name=\"twitter:label1\" content=\"Est. reading time\" \/>\n\t<meta name=\"twitter:data1\" content=\"3 minutes\" \/>\n<script type=\"application\/ld+json\" class=\"yoast-schema-graph\">{\"@context\":\"https:\\\/\\\/schema.org\",\"@graph\":[{\"@type\":\"WebPage\",\"@id\":\"https:\\\/\\\/spaziospadoni.org\\\/pt-pt\\\/entidades-de-formacao\\\/confraria-da-misericordia-de-roma-sao-romano\\\/\",\"url\":\"https:\\\/\\\/spaziospadoni.org\\\/pt-pt\\\/entidades-de-formacao\\\/confraria-da-misericordia-de-roma-sao-romano\\\/\",\"name\":\"Confraria da Miseric\u00f3rdia de Roma S\u00e3o Romano | Spazio Spadoni\",\"isPartOf\":{\"@id\":\"https:\\\/\\\/spaziospadoni.org\\\/pt-pt\\\/#website\"},\"primaryImageOfPage\":{\"@id\":\"https:\\\/\\\/spaziospadoni.org\\\/pt-pt\\\/entidades-de-formacao\\\/confraria-da-misericordia-de-roma-sao-romano\\\/#primaryimage\"},\"image\":{\"@id\":\"https:\\\/\\\/spaziospadoni.org\\\/pt-pt\\\/entidades-de-formacao\\\/confraria-da-misericordia-de-roma-sao-romano\\\/#primaryimage\"},\"thumbnailUrl\":\"https:\\\/\\\/spaziospadoni.org\\\/wp-content\\\/uploads\\\/2026\\\/05\\\/Logo-SanRomano.jpg\",\"datePublished\":\"2026-05-20T13:07:04+00:00\",\"dateModified\":\"2026-08-22T09:29:42+00:00\",\"description\":\"A Confraria da Miseric\u00f3rdia de Roma S\u00e3o Romano \u00e9 uma associa\u00e7\u00e3o de voluntariado que faz parte do Movimento das Confrarias da Miseric\u00f3rdia, fundado em\",\"breadcrumb\":{\"@id\":\"https:\\\/\\\/spaziospadoni.org\\\/pt-pt\\\/entidades-de-formacao\\\/confraria-da-misericordia-de-roma-sao-romano\\\/#breadcrumb\"},\"inLanguage\":\"pt-PT\",\"potentialAction\":[{\"@type\":\"ReadAction\",\"target\":[\"https:\\\/\\\/spaziospadoni.org\\\/pt-pt\\\/entidades-de-formacao\\\/confraria-da-misericordia-de-roma-sao-romano\\\/\"]}]},{\"@type\":\"ImageObject\",\"inLanguage\":\"pt-PT\",\"@id\":\"https:\\\/\\\/spaziospadoni.org\\\/pt-pt\\\/entidades-de-formacao\\\/confraria-da-misericordia-de-roma-sao-romano\\\/#primaryimage\",\"url\":\"https:\\\/\\\/spaziospadoni.org\\\/wp-content\\\/uploads\\\/2026\\\/05\\\/Logo-SanRomano.jpg\",\"contentUrl\":\"https:\\\/\\\/spaziospadoni.org\\\/wp-content\\\/uploads\\\/2026\\\/05\\\/Logo-SanRomano.jpg\"},{\"@type\":\"BreadcrumbList\",\"@id\":\"https:\\\/\\\/spaziospadoni.org\\\/pt-pt\\\/entidades-de-formacao\\\/confraria-da-misericordia-de-roma-sao-romano\\\/#breadcrumb\",\"itemListElement\":[{\"@type\":\"ListItem\",\"position\":1,\"name\":\"Home\",\"item\":\"https:\\\/\\\/spaziospadoni.org\\\/pt-pt\\\/\"},{\"@type\":\"ListItem\",\"position\":2,\"name\":\"Entidades de forma\u00e7\u00e3o\",\"item\":\"https:\\\/\\\/spaziospadoni.org\\\/pt-pt\\\/entidades-de-formacao\\\/\"},{\"@type\":\"ListItem\",\"position\":3,\"name\":\"Confraria da Miseric\u00f3rdia de Roma S\u00e3o Romano\"}]},{\"@type\":\"WebSite\",\"@id\":\"https:\\\/\\\/spaziospadoni.org\\\/pt-pt\\\/#website\",\"url\":\"https:\\\/\\\/spaziospadoni.org\\\/pt-pt\\\/\",\"name\":\"spazio + spadoni\",\"description\":\"Generazione di misericordia e missione nel mondo\",\"publisher\":{\"@id\":\"https:\\\/\\\/spaziospadoni.org\\\/pt-pt\\\/#organization\"},\"alternateName\":\"spaziospadoni.org\",\"potentialAction\":[{\"@type\":\"SearchAction\",\"target\":{\"@type\":\"EntryPoint\",\"urlTemplate\":\"https:\\\/\\\/spaziospadoni.org\\\/pt-pt\\\/?s={search_term_string}\"},\"query-input\":{\"@type\":\"PropertyValueSpecification\",\"valueRequired\":true,\"valueName\":\"search_term_string\"}}],\"inLanguage\":\"pt-PT\"},{\"@type\":\"Organization\",\"@id\":\"https:\\\/\\\/spaziospadoni.org\\\/pt-pt\\\/#organization\",\"name\":\"spazio + spadoni\",\"alternateName\":\"spaziospadoni.org\",\"url\":\"https:\\\/\\\/spaziospadoni.org\\\/pt-pt\\\/\",\"logo\":{\"@type\":\"ImageObject\",\"inLanguage\":\"pt-PT\",\"@id\":\"https:\\\/\\\/spaziospadoni.org\\\/pt-pt\\\/#\\\/schema\\\/logo\\\/image\\\/\",\"url\":\"https:\\\/\\\/spaziospadoni.org\\\/wp-content\\\/uploads\\\/2026\\\/05\\\/spazio-spadoni-logo-100x100-1.webp\",\"contentUrl\":\"https:\\\/\\\/spaziospadoni.org\\\/wp-content\\\/uploads\\\/2026\\\/05\\\/spazio-spadoni-logo-100x100-1.webp\",\"width\":100,\"height\":100,\"caption\":\"spazio + spadoni\"},\"image\":{\"@id\":\"https:\\\/\\\/spaziospadoni.org\\\/pt-pt\\\/#\\\/schema\\\/logo\\\/image\\\/\"},\"sameAs\":[\"https:\\\/\\\/www.facebook.com\\\/SpazioSpadoni\\\/\",\"https:\\\/\\\/www.instagram.com\\\/spaziospadoni\\\/\",\"https:\\\/\\\/www.youtube.com\\\/@spaziospadoni\\\/playlists\"]}]}<\/script>\n<!-- \/ Yoast SEO plugin. -->","yoast_head_json":{"title":"Confraria da Miseric\u00f3rdia de Roma S\u00e3o Romano | Spazio Spadoni","description":"A Confraria da Miseric\u00f3rdia de Roma S\u00e3o Romano \u00e9 uma associa\u00e7\u00e3o de voluntariado que faz parte do Movimento das Confrarias da Miseric\u00f3rdia, fundado em","robots":{"index":"index","follow":"follow","max-snippet":"max-snippet:-1","max-image-preview":"max-image-preview:large","max-video-preview":"max-video-preview:-1"},"canonical":"https:\/\/spaziospadoni.org\/pt-pt\/entidades-de-formacao\/confraria-da-misericordia-de-roma-sao-romano\/","og_locale":"pt_PT","og_type":"article","og_title":"Confraria da Miseric\u00f3rdia de Roma S\u00e3o Romano | Spazio Spadoni","og_description":"A Confraria da Miseric\u00f3rdia de Roma S\u00e3o Romano \u00e9 uma associa\u00e7\u00e3o de voluntariado que faz parte do Movimento das Confrarias da Miseric\u00f3rdia, fundado em","og_url":"https:\/\/spaziospadoni.org\/pt-pt\/entidades-de-formacao\/confraria-da-misericordia-de-roma-sao-romano\/","og_site_name":"spazio + spadoni","article_publisher":"https:\/\/www.facebook.com\/SpazioSpadoni\/","article_modified_time":"2026-08-22T09:29:42+00:00","og_image":[{"width":5953,"height":8419,"url":"https:\/\/spaziospadoni.org\/wp-content\/uploads\/2026\/05\/Logo-SanRomano.jpg","type":"image\/jpeg"}],"twitter_card":"summary_large_image","twitter_misc":{"Est. reading time":"3 minutes"},"schema":{"@context":"https:\/\/schema.org","@graph":[{"@type":"WebPage","@id":"https:\/\/spaziospadoni.org\/pt-pt\/entidades-de-formacao\/confraria-da-misericordia-de-roma-sao-romano\/","url":"https:\/\/spaziospadoni.org\/pt-pt\/entidades-de-formacao\/confraria-da-misericordia-de-roma-sao-romano\/","name":"Confraria da Miseric\u00f3rdia de Roma S\u00e3o Romano | Spazio Spadoni","isPartOf":{"@id":"https:\/\/spaziospadoni.org\/pt-pt\/#website"},"primaryImageOfPage":{"@id":"https:\/\/spaziospadoni.org\/pt-pt\/entidades-de-formacao\/confraria-da-misericordia-de-roma-sao-romano\/#primaryimage"},"image":{"@id":"https:\/\/spaziospadoni.org\/pt-pt\/entidades-de-formacao\/confraria-da-misericordia-de-roma-sao-romano\/#primaryimage"},"thumbnailUrl":"https:\/\/spaziospadoni.org\/wp-content\/uploads\/2026\/05\/Logo-SanRomano.jpg","datePublished":"2026-05-20T13:07:04+00:00","dateModified":"2026-08-22T09:29:42+00:00","description":"A Confraria da Miseric\u00f3rdia de Roma S\u00e3o Romano \u00e9 uma associa\u00e7\u00e3o de voluntariado que faz parte do Movimento das Confrarias da Miseric\u00f3rdia, fundado em","breadcrumb":{"@id":"https:\/\/spaziospadoni.org\/pt-pt\/entidades-de-formacao\/confraria-da-misericordia-de-roma-sao-romano\/#breadcrumb"},"inLanguage":"pt-PT","potentialAction":[{"@type":"ReadAction","target":["https:\/\/spaziospadoni.org\/pt-pt\/entidades-de-formacao\/confraria-da-misericordia-de-roma-sao-romano\/"]}]},{"@type":"ImageObject","inLanguage":"pt-PT","@id":"https:\/\/spaziospadoni.org\/pt-pt\/entidades-de-formacao\/confraria-da-misericordia-de-roma-sao-romano\/#primaryimage","url":"https:\/\/spaziospadoni.org\/wp-content\/uploads\/2026\/05\/Logo-SanRomano.jpg","contentUrl":"https:\/\/spaziospadoni.org\/wp-content\/uploads\/2026\/05\/Logo-SanRomano.jpg"},{"@type":"BreadcrumbList","@id":"https:\/\/spaziospadoni.org\/pt-pt\/entidades-de-formacao\/confraria-da-misericordia-de-roma-sao-romano\/#breadcrumb","itemListElement":[{"@type":"ListItem","position":1,"name":"Home","item":"https:\/\/spaziospadoni.org\/pt-pt\/"},{"@type":"ListItem","position":2,"name":"Entidades de forma\u00e7\u00e3o","item":"https:\/\/spaziospadoni.org\/pt-pt\/entidades-de-formacao\/"},{"@type":"ListItem","position":3,"name":"Confraria da Miseric\u00f3rdia de Roma S\u00e3o Romano"}]},{"@type":"WebSite","@id":"https:\/\/spaziospadoni.org\/pt-pt\/#website","url":"https:\/\/spaziospadoni.org\/pt-pt\/","name":"spazio + spadoni","description":"Generazione di misericordia e missione nel mondo","publisher":{"@id":"https:\/\/spaziospadoni.org\/pt-pt\/#organization"},"alternateName":"spaziospadoni.org","potentialAction":[{"@type":"SearchAction","target":{"@type":"EntryPoint","urlTemplate":"https:\/\/spaziospadoni.org\/pt-pt\/?s={search_term_string}"},"query-input":{"@type":"PropertyValueSpecification","valueRequired":true,"valueName":"search_term_string"}}],"inLanguage":"pt-PT"},{"@type":"Organization","@id":"https:\/\/spaziospadoni.org\/pt-pt\/#organization","name":"spazio + spadoni","alternateName":"spaziospadoni.org","url":"https:\/\/spaziospadoni.org\/pt-pt\/","logo":{"@type":"ImageObject","inLanguage":"pt-PT","@id":"https:\/\/spaziospadoni.org\/pt-pt\/#\/schema\/logo\/image\/","url":"https:\/\/spaziospadoni.org\/wp-content\/uploads\/2026\/05\/spazio-spadoni-logo-100x100-1.webp","contentUrl":"https:\/\/spaziospadoni.org\/wp-content\/uploads\/2026\/05\/spazio-spadoni-logo-100x100-1.webp","width":100,"height":100,"caption":"spazio + spadoni"},"image":{"@id":"https:\/\/spaziospadoni.org\/pt-pt\/#\/schema\/logo\/image\/"},"sameAs":["https:\/\/www.facebook.com\/SpazioSpadoni\/","https:\/\/www.instagram.com\/spaziospadoni\/","https:\/\/www.youtube.com\/@spaziospadoni\/playlists"]}]}},"_links":{"self":[{"href":"https:\/\/spaziospadoni.org\/pt-pt\/wp-json\/wp\/v2\/pages\/78445","targetHints":{"allow":["GET"]}}],"collection":[{"href":"https:\/\/spaziospadoni.org\/pt-pt\/wp-json\/wp\/v2\/pages"}],"about":[{"href":"https:\/\/spaziospadoni.org\/pt-pt\/wp-json\/wp\/v2\/types\/page"}],"author":[{"embeddable":true,"href":"https:\/\/spaziospadoni.org\/pt-pt\/wp-json\/wp\/v2\/users\/102"}],"replies":[{"embeddable":true,"href":"https:\/\/spaziospadoni.org\/pt-pt\/wp-json\/wp\/v2\/comments?post=78445"}],"version-history":[{"count":1,"href":"https:\/\/spaziospadoni.org\/pt-pt\/wp-json\/wp\/v2\/pages\/78445\/revisions"}],"predecessor-version":[{"id":91757,"href":"https:\/\/spaziospadoni.org\/pt-pt\/wp-json\/wp\/v2\/pages\/78445\/revisions\/91757"}],"up":[{"embeddable":true,"href":"https:\/\/spaziospadoni.org\/pt-pt\/wp-json\/wp\/v2\/pages\/73246"}],"wp:attachment":[{"href":"https:\/\/spaziospadoni.org\/pt-pt\/wp-json\/wp\/v2\/media?parent=78445"}],"curies":[{"name":"wp","href":"https:\/\/api.w.org\/{rel}","templated":true}]}}