{"id":78473,"date":"2026-05-20T13:48:42","date_gmt":"2026-05-20T12:48:42","guid":{"rendered":"https:\/\/spaziospadoni.org\/entidades-de-formacao\/confraternita-di-misericordia-di-villa-adriana\/"},"modified":"2026-08-22T11:23:34","modified_gmt":"2026-08-22T10:23:34","slug":"confraria-da-misericordia-de-villa-adriana","status":"publish","type":"page","link":"https:\/\/spaziospadoni.org\/pt-pt\/entidades-de-formacao\/confraria-da-misericordia-de-villa-adriana\/","title":{"rendered":"Confraria da Miseric\u00f3rdia de Villa Adriana"},"content":{"rendered":"\n<p class=\"wp-block-paragraph\">A Confraria da Miseric\u00f3rdia de Villa Adriana \u00e9 uma associa\u00e7\u00e3o de voluntariado que faz parte do Movimento das Confrarias da Miseric\u00f3rdia, fundado em Floren\u00e7a em 1244 por Pietro da Verona, mais tarde S\u00e3o Pedro M\u00e1rtir. Atualmente, as Confrarias da Miseric\u00f3rdia est\u00e3o presentes em It\u00e1lia e no estrangeiro com mais de 700 confrarias.<\/p>\n\n\n<div class=\"wp-block-image\">\n<figure class=\"aligncenter size-full is-resized\"><img decoding=\"async\" width=\"293\" height=\"293\" src=\"https:\/\/spaziospadoni.org\/wp-content\/uploads\/2026\/05\/Logo-Misericordia-Villa-Adriana.jpg\" alt=\"Confraria da Miseric\u00f3rdia de Villa Adriana\" class=\"wp-image-44975\" style=\"width:338px;height:auto\" srcset=\"https:\/\/spaziospadoni.org\/wp-content\/uploads\/2026\/05\/Logo-Misericordia-Villa-Adriana.jpg 293w, https:\/\/spaziospadoni.org\/wp-content\/uploads\/2026\/05\/Logo-Misericordia-Villa-Adriana-150x150.jpg 150w\" sizes=\"(max-width: 293px) 100vw, 293px\" \/><\/figure>\n<\/div>\n\n\n<h2 id=\"h-attivita-nbsp\" class=\"wp-block-heading\"><strong>Atividades<\/strong> <\/h2>\n\n\n\n<ul class=\"wp-block-list\">\n<li>ASSIST\u00caNCIA AO PR\u00d3XIMO<\/li>\n\n\n\n<li>ASSIST\u00caNCIA A PESSOAS COM DEFICI\u00caNCIA E IDOSAS<\/li>\n\n\n\n<li>TRANSPORTE DE FERIDOS E DOENTES<\/li>\n\n\n\n<li>PROTE\u00c7\u00c3O CIVIL<\/li>\n\n\n\n<li>TRANSPORTE SOCIAL E DE SA\u00daDE<\/li>\n<\/ul>\n\n\n\n<h2 id=\"h-contatti\" class=\"wp-block-heading\"><strong>Contactos<\/strong><\/h2>\n\n\n\n<p class=\"wp-block-paragraph\">Via Umbria,7 Villa Adriana<\/p>\n\n\n\n<p class=\"wp-block-paragraph\">Tel. +390774-509353<\/p>\n\n\n\n<p class=\"wp-block-paragraph\">+390774-530922<\/p>\n\n\n\n<p class=\"wp-block-paragraph\"><a href=\"https:\/\/www.facebook.com\/misericordia.adriana\" target=\"_blank\" rel=\"noreferrer noopener nofollow\" title=\"https:\/\/www.facebook.com\/misericordia.adriana\">https:\/\/www.facebook.com\/misericordia.adriana<\/a><\/p>\n","protected":false},"excerpt":{"rendered":"<p>A Confraria da Miseric\u00f3rdia de Villa Adriana \u00e9 uma associa\u00e7\u00e3o de voluntariado que faz parte do Movimento das Confrarias da Miseric\u00f3rdia, fundado em Floren\u00e7a em 1244 por Pietro da Verona, mais tarde S\u00e3o Pedro M\u00e1rtir. Atualmente, as Confrarias da Miseric\u00f3rdia est\u00e3o presentes em It\u00e1lia e no estrangeiro com mais de 700 confrarias. Atividades&nbsp; Contactos Via &#8230; <a title=\"Confraria da Miseric\u00f3rdia de Villa Adriana\" class=\"read-more\" href=\"https:\/\/spaziospadoni.org\/pt-pt\/entidades-de-formacao\/confraria-da-misericordia-de-villa-adriana\/\" aria-label=\"Read more about Confraria da Miseric\u00f3rdia de Villa Adriana\">Ler mais<\/a><\/p>\n","protected":false},"author":102,"featured_media":0,"parent":73246,"menu_order":0,"comment_status":"closed","ping_status":"closed","template":"","meta":{"_sitemap_exclude":false,"_sitemap_priority":"","_sitemap_frequency":"","footnotes":""},"class_list":["post-78473","page","type-page","status-publish","infinite-scroll-item"],"yoast_head":"<!-- This site is optimized with the Yoast SEO plugin v28.4 - https:\/\/yoast.com\/product\/yoast-seo-wordpress\/ -->\n<title>Confraria da Miseric\u00f3rdia de Villa Adriana | Spazio Spadoni<\/title>\n<meta name=\"description\" content=\"A Confraria da Miseric\u00f3rdia de Villa Adriana \u00e9 uma associa\u00e7\u00e3o de voluntariado que faz parte do Movimento das Confrarias da Miseric\u00f3rdia, fundado em\" \/>\n<meta name=\"robots\" content=\"index, follow, max-snippet:-1, max-image-preview:large, max-video-preview:-1\" \/>\n<link rel=\"canonical\" href=\"https:\/\/spaziospadoni.org\/pt-pt\/entidades-de-formacao\/confraria-da-misericordia-de-villa-adriana\/\" \/>\n<meta property=\"og:locale\" content=\"pt_PT\" \/>\n<meta property=\"og:type\" content=\"article\" \/>\n<meta property=\"og:title\" content=\"Confraria da Miseric\u00f3rdia de Villa Adriana | Spazio Spadoni\" \/>\n<meta property=\"og:description\" content=\"A Confraria da Miseric\u00f3rdia de Villa Adriana \u00e9 uma associa\u00e7\u00e3o de voluntariado que faz parte do Movimento das Confrarias da Miseric\u00f3rdia, fundado em\" \/>\n<meta property=\"og:url\" content=\"https:\/\/spaziospadoni.org\/pt-pt\/entidades-de-formacao\/confraria-da-misericordia-de-villa-adriana\/\" \/>\n<meta property=\"og:site_name\" content=\"spazio + spadoni\" \/>\n<meta property=\"article:publisher\" content=\"https:\/\/www.facebook.com\/SpazioSpadoni\/\" \/>\n<meta property=\"article:modified_time\" content=\"2026-08-22T10:23:34+00:00\" \/>\n<meta property=\"og:image\" content=\"https:\/\/spaziospadoni.org\/wp-content\/uploads\/2026\/05\/Logo-Misericordia-Villa-Adriana.jpg\" \/>\n\t<meta property=\"og:image:width\" content=\"293\" \/>\n\t<meta property=\"og:image:height\" content=\"293\" \/>\n\t<meta property=\"og:image:type\" content=\"image\/jpeg\" \/>\n<meta name=\"twitter:card\" content=\"summary_large_image\" \/>\n<meta name=\"twitter:label1\" content=\"Est. reading time\" \/>\n\t<meta name=\"twitter:data1\" content=\"1 minute\" \/>\n<script type=\"application\/ld+json\" class=\"yoast-schema-graph\">{\"@context\":\"https:\\\/\\\/schema.org\",\"@graph\":[{\"@type\":\"WebPage\",\"@id\":\"https:\\\/\\\/spaziospadoni.org\\\/pt-pt\\\/entidades-de-formacao\\\/confraria-da-misericordia-de-villa-adriana\\\/\",\"url\":\"https:\\\/\\\/spaziospadoni.org\\\/pt-pt\\\/entidades-de-formacao\\\/confraria-da-misericordia-de-villa-adriana\\\/\",\"name\":\"Confraria da Miseric\u00f3rdia de Villa Adriana | Spazio Spadoni\",\"isPartOf\":{\"@id\":\"https:\\\/\\\/spaziospadoni.org\\\/pt-pt\\\/#website\"},\"primaryImageOfPage\":{\"@id\":\"https:\\\/\\\/spaziospadoni.org\\\/pt-pt\\\/entidades-de-formacao\\\/confraria-da-misericordia-de-villa-adriana\\\/#primaryimage\"},\"image\":{\"@id\":\"https:\\\/\\\/spaziospadoni.org\\\/pt-pt\\\/entidades-de-formacao\\\/confraria-da-misericordia-de-villa-adriana\\\/#primaryimage\"},\"thumbnailUrl\":\"https:\\\/\\\/spaziospadoni.org\\\/wp-content\\\/uploads\\\/2026\\\/05\\\/Logo-Misericordia-Villa-Adriana.jpg\",\"datePublished\":\"2026-05-20T12:48:42+00:00\",\"dateModified\":\"2026-08-22T10:23:34+00:00\",\"description\":\"A Confraria da Miseric\u00f3rdia de Villa Adriana \u00e9 uma associa\u00e7\u00e3o de voluntariado que faz parte do Movimento das Confrarias da Miseric\u00f3rdia, fundado em\",\"breadcrumb\":{\"@id\":\"https:\\\/\\\/spaziospadoni.org\\\/pt-pt\\\/entidades-de-formacao\\\/confraria-da-misericordia-de-villa-adriana\\\/#breadcrumb\"},\"inLanguage\":\"pt-PT\",\"potentialAction\":[{\"@type\":\"ReadAction\",\"target\":[\"https:\\\/\\\/spaziospadoni.org\\\/pt-pt\\\/entidades-de-formacao\\\/confraria-da-misericordia-de-villa-adriana\\\/\"]}]},{\"@type\":\"ImageObject\",\"inLanguage\":\"pt-PT\",\"@id\":\"https:\\\/\\\/spaziospadoni.org\\\/pt-pt\\\/entidades-de-formacao\\\/confraria-da-misericordia-de-villa-adriana\\\/#primaryimage\",\"url\":\"https:\\\/\\\/spaziospadoni.org\\\/wp-content\\\/uploads\\\/2026\\\/05\\\/Logo-Misericordia-Villa-Adriana.jpg\",\"contentUrl\":\"https:\\\/\\\/spaziospadoni.org\\\/wp-content\\\/uploads\\\/2026\\\/05\\\/Logo-Misericordia-Villa-Adriana.jpg\"},{\"@type\":\"BreadcrumbList\",\"@id\":\"https:\\\/\\\/spaziospadoni.org\\\/pt-pt\\\/entidades-de-formacao\\\/confraria-da-misericordia-de-villa-adriana\\\/#breadcrumb\",\"itemListElement\":[{\"@type\":\"ListItem\",\"position\":1,\"name\":\"Home\",\"item\":\"https:\\\/\\\/spaziospadoni.org\\\/pt-pt\\\/\"},{\"@type\":\"ListItem\",\"position\":2,\"name\":\"Entidades de forma\u00e7\u00e3o\",\"item\":\"https:\\\/\\\/spaziospadoni.org\\\/pt-pt\\\/entidades-de-formacao\\\/\"},{\"@type\":\"ListItem\",\"position\":3,\"name\":\"Confraria da Miseric\u00f3rdia de Villa Adriana\"}]},{\"@type\":\"WebSite\",\"@id\":\"https:\\\/\\\/spaziospadoni.org\\\/pt-pt\\\/#website\",\"url\":\"https:\\\/\\\/spaziospadoni.org\\\/pt-pt\\\/\",\"name\":\"spazio + spadoni\",\"description\":\"Generazione di misericordia e missione nel mondo\",\"publisher\":{\"@id\":\"https:\\\/\\\/spaziospadoni.org\\\/pt-pt\\\/#organization\"},\"alternateName\":\"spaziospadoni.org\",\"potentialAction\":[{\"@type\":\"SearchAction\",\"target\":{\"@type\":\"EntryPoint\",\"urlTemplate\":\"https:\\\/\\\/spaziospadoni.org\\\/pt-pt\\\/?s={search_term_string}\"},\"query-input\":{\"@type\":\"PropertyValueSpecification\",\"valueRequired\":true,\"valueName\":\"search_term_string\"}}],\"inLanguage\":\"pt-PT\"},{\"@type\":\"Organization\",\"@id\":\"https:\\\/\\\/spaziospadoni.org\\\/pt-pt\\\/#organization\",\"name\":\"spazio + spadoni\",\"alternateName\":\"spaziospadoni.org\",\"url\":\"https:\\\/\\\/spaziospadoni.org\\\/pt-pt\\\/\",\"logo\":{\"@type\":\"ImageObject\",\"inLanguage\":\"pt-PT\",\"@id\":\"https:\\\/\\\/spaziospadoni.org\\\/pt-pt\\\/#\\\/schema\\\/logo\\\/image\\\/\",\"url\":\"https:\\\/\\\/spaziospadoni.org\\\/wp-content\\\/uploads\\\/2026\\\/05\\\/spazio-spadoni-logo-100x100-1.webp\",\"contentUrl\":\"https:\\\/\\\/spaziospadoni.org\\\/wp-content\\\/uploads\\\/2026\\\/05\\\/spazio-spadoni-logo-100x100-1.webp\",\"width\":100,\"height\":100,\"caption\":\"spazio + spadoni\"},\"image\":{\"@id\":\"https:\\\/\\\/spaziospadoni.org\\\/pt-pt\\\/#\\\/schema\\\/logo\\\/image\\\/\"},\"sameAs\":[\"https:\\\/\\\/www.facebook.com\\\/SpazioSpadoni\\\/\",\"https:\\\/\\\/www.instagram.com\\\/spaziospadoni\\\/\",\"https:\\\/\\\/www.youtube.com\\\/@spaziospadoni\\\/playlists\"]}]}<\/script>\n<!-- \/ Yoast SEO plugin. -->","yoast_head_json":{"title":"Confraria da Miseric\u00f3rdia de Villa Adriana | Spazio Spadoni","description":"A Confraria da Miseric\u00f3rdia de Villa Adriana \u00e9 uma associa\u00e7\u00e3o de voluntariado que faz parte do Movimento das Confrarias da Miseric\u00f3rdia, fundado em","robots":{"index":"index","follow":"follow","max-snippet":"max-snippet:-1","max-image-preview":"max-image-preview:large","max-video-preview":"max-video-preview:-1"},"canonical":"https:\/\/spaziospadoni.org\/pt-pt\/entidades-de-formacao\/confraria-da-misericordia-de-villa-adriana\/","og_locale":"pt_PT","og_type":"article","og_title":"Confraria da Miseric\u00f3rdia de Villa Adriana | Spazio Spadoni","og_description":"A Confraria da Miseric\u00f3rdia de Villa Adriana \u00e9 uma associa\u00e7\u00e3o de voluntariado que faz parte do Movimento das Confrarias da Miseric\u00f3rdia, fundado em","og_url":"https:\/\/spaziospadoni.org\/pt-pt\/entidades-de-formacao\/confraria-da-misericordia-de-villa-adriana\/","og_site_name":"spazio + spadoni","article_publisher":"https:\/\/www.facebook.com\/SpazioSpadoni\/","article_modified_time":"2026-08-22T10:23:34+00:00","og_image":[{"width":293,"height":293,"url":"https:\/\/spaziospadoni.org\/wp-content\/uploads\/2026\/05\/Logo-Misericordia-Villa-Adriana.jpg","type":"image\/jpeg"}],"twitter_card":"summary_large_image","twitter_misc":{"Est. reading time":"1 minute"},"schema":{"@context":"https:\/\/schema.org","@graph":[{"@type":"WebPage","@id":"https:\/\/spaziospadoni.org\/pt-pt\/entidades-de-formacao\/confraria-da-misericordia-de-villa-adriana\/","url":"https:\/\/spaziospadoni.org\/pt-pt\/entidades-de-formacao\/confraria-da-misericordia-de-villa-adriana\/","name":"Confraria da Miseric\u00f3rdia de Villa Adriana | Spazio Spadoni","isPartOf":{"@id":"https:\/\/spaziospadoni.org\/pt-pt\/#website"},"primaryImageOfPage":{"@id":"https:\/\/spaziospadoni.org\/pt-pt\/entidades-de-formacao\/confraria-da-misericordia-de-villa-adriana\/#primaryimage"},"image":{"@id":"https:\/\/spaziospadoni.org\/pt-pt\/entidades-de-formacao\/confraria-da-misericordia-de-villa-adriana\/#primaryimage"},"thumbnailUrl":"https:\/\/spaziospadoni.org\/wp-content\/uploads\/2026\/05\/Logo-Misericordia-Villa-Adriana.jpg","datePublished":"2026-05-20T12:48:42+00:00","dateModified":"2026-08-22T10:23:34+00:00","description":"A Confraria da Miseric\u00f3rdia de Villa Adriana \u00e9 uma associa\u00e7\u00e3o de voluntariado que faz parte do Movimento das Confrarias da Miseric\u00f3rdia, fundado em","breadcrumb":{"@id":"https:\/\/spaziospadoni.org\/pt-pt\/entidades-de-formacao\/confraria-da-misericordia-de-villa-adriana\/#breadcrumb"},"inLanguage":"pt-PT","potentialAction":[{"@type":"ReadAction","target":["https:\/\/spaziospadoni.org\/pt-pt\/entidades-de-formacao\/confraria-da-misericordia-de-villa-adriana\/"]}]},{"@type":"ImageObject","inLanguage":"pt-PT","@id":"https:\/\/spaziospadoni.org\/pt-pt\/entidades-de-formacao\/confraria-da-misericordia-de-villa-adriana\/#primaryimage","url":"https:\/\/spaziospadoni.org\/wp-content\/uploads\/2026\/05\/Logo-Misericordia-Villa-Adriana.jpg","contentUrl":"https:\/\/spaziospadoni.org\/wp-content\/uploads\/2026\/05\/Logo-Misericordia-Villa-Adriana.jpg"},{"@type":"BreadcrumbList","@id":"https:\/\/spaziospadoni.org\/pt-pt\/entidades-de-formacao\/confraria-da-misericordia-de-villa-adriana\/#breadcrumb","itemListElement":[{"@type":"ListItem","position":1,"name":"Home","item":"https:\/\/spaziospadoni.org\/pt-pt\/"},{"@type":"ListItem","position":2,"name":"Entidades de forma\u00e7\u00e3o","item":"https:\/\/spaziospadoni.org\/pt-pt\/entidades-de-formacao\/"},{"@type":"ListItem","position":3,"name":"Confraria da Miseric\u00f3rdia de Villa Adriana"}]},{"@type":"WebSite","@id":"https:\/\/spaziospadoni.org\/pt-pt\/#website","url":"https:\/\/spaziospadoni.org\/pt-pt\/","name":"spazio + spadoni","description":"Generazione di misericordia e missione nel mondo","publisher":{"@id":"https:\/\/spaziospadoni.org\/pt-pt\/#organization"},"alternateName":"spaziospadoni.org","potentialAction":[{"@type":"SearchAction","target":{"@type":"EntryPoint","urlTemplate":"https:\/\/spaziospadoni.org\/pt-pt\/?s={search_term_string}"},"query-input":{"@type":"PropertyValueSpecification","valueRequired":true,"valueName":"search_term_string"}}],"inLanguage":"pt-PT"},{"@type":"Organization","@id":"https:\/\/spaziospadoni.org\/pt-pt\/#organization","name":"spazio + spadoni","alternateName":"spaziospadoni.org","url":"https:\/\/spaziospadoni.org\/pt-pt\/","logo":{"@type":"ImageObject","inLanguage":"pt-PT","@id":"https:\/\/spaziospadoni.org\/pt-pt\/#\/schema\/logo\/image\/","url":"https:\/\/spaziospadoni.org\/wp-content\/uploads\/2026\/05\/spazio-spadoni-logo-100x100-1.webp","contentUrl":"https:\/\/spaziospadoni.org\/wp-content\/uploads\/2026\/05\/spazio-spadoni-logo-100x100-1.webp","width":100,"height":100,"caption":"spazio + spadoni"},"image":{"@id":"https:\/\/spaziospadoni.org\/pt-pt\/#\/schema\/logo\/image\/"},"sameAs":["https:\/\/www.facebook.com\/SpazioSpadoni\/","https:\/\/www.instagram.com\/spaziospadoni\/","https:\/\/www.youtube.com\/@spaziospadoni\/playlists"]}]}},"_links":{"self":[{"href":"https:\/\/spaziospadoni.org\/pt-pt\/wp-json\/wp\/v2\/pages\/78473","targetHints":{"allow":["GET"]}}],"collection":[{"href":"https:\/\/spaziospadoni.org\/pt-pt\/wp-json\/wp\/v2\/pages"}],"about":[{"href":"https:\/\/spaziospadoni.org\/pt-pt\/wp-json\/wp\/v2\/types\/page"}],"author":[{"embeddable":true,"href":"https:\/\/spaziospadoni.org\/pt-pt\/wp-json\/wp\/v2\/users\/102"}],"replies":[{"embeddable":true,"href":"https:\/\/spaziospadoni.org\/pt-pt\/wp-json\/wp\/v2\/comments?post=78473"}],"version-history":[{"count":1,"href":"https:\/\/spaziospadoni.org\/pt-pt\/wp-json\/wp\/v2\/pages\/78473\/revisions"}],"predecessor-version":[{"id":91786,"href":"https:\/\/spaziospadoni.org\/pt-pt\/wp-json\/wp\/v2\/pages\/78473\/revisions\/91786"}],"up":[{"embeddable":true,"href":"https:\/\/spaziospadoni.org\/pt-pt\/wp-json\/wp\/v2\/pages\/73246"}],"wp:attachment":[{"href":"https:\/\/spaziospadoni.org\/pt-pt\/wp-json\/wp\/v2\/media?parent=78473"}],"curies":[{"name":"wp","href":"https:\/\/api.w.org\/{rel}","templated":true}]}}