{"id":79783,"date":"2026-05-18T11:24:52","date_gmt":"2026-05-18T10:24:52","guid":{"rendered":"https:\/\/spaziospadoni.org\/obras-de-misericordia\/camerun-africa-progetto-m29\/"},"modified":"2026-07-29T13:45:17","modified_gmt":"2026-07-29T12:45:17","slug":"camaroes-africa-projeto-m29","status":"publish","type":"page","link":"https:\/\/spaziospadoni.org\/pt-pt\/opera-m\/camaroes-africa-projeto-m29\/","title":{"rendered":"Camar\u00f5es &#8211; \u00c1frica | Projeto M29"},"content":{"rendered":"\n<div class=\"ss-project-hero-card\">\n<h2 id=\"bafia-bafia-camaroes\" class=\"gb-text gb-text-62a95885\">Bafia | Bafia (Camar\u00f5es)<\/h2>\n\n\n\n<div class=\"gb-element-f60f2409\">\n<div class=\"gb-element-90a85740 ss-project-sidebar\">\n<h2 id=\"opera-m29\" class=\"gb-text ss-project-title\">OPERA M29<\/h2>\n\n\n\n<figure class=\"wp-block-image size-large\"><img decoding=\"async\" src=\"https:\/\/spaziospadoni.org\/wp-content\/uploads\/2026\/05\/hicsum_28_rwanda-spaziospadoni-scaled.png\" alt=\"hicsum 28 rwanda spaziospadoni 150x150\" class=\"wp-image-43007\"\/><\/figure>\n\n\n\n<div class=\"ss-project-table\">\n<div class=\"ss-table-section-title\">\n<h3 id=\"missao\" class=\"gb-text\">MISS\u00c3O<\/h3>\n<\/div>\n\n\n\n<div class=\"ss-table-row\">\n<p class=\"gb-text\">Local<\/p>\n\n\n\n<p class=\"gb-text\"><a href=\"https:\/\/www.google.com\/maps\/place\/Bafia,+Camerun\/@4.7506824,11.2091443,14z\/data=!3m1!4b1!4m6!3m5!1s0x108adbc81ff9a7e5:0x8df0f92b13e044c8!8m2!3d4.7546039!4d11.2240441!16zL20vMGIycWx0?entry=ttu&#038;g_ep=EgoyMDI2MDUwMi4wIKXMDSoASAFQAw%3D%3D\" rel=\"noreferrer noopener\" target=\"_blank\" title=\"Bafia\">Bafia<\/a><\/p>\n<\/div>\n\n\n\n<div class=\"ss-table-row\">\n<p class=\"gb-text\">Diocese<\/p>\n\n\n\n<p class=\"gb-text\">Bafia<\/p>\n<\/div>\n\n\n\n<div class=\"ss-table-row\">\n<p class=\"gb-text\">Pa\u00eds<\/p>\n\n\n\n<p class=\"gb-text\"><strong>Camar\u00f5es<\/strong><\/p>\n<\/div>\n\n\n\n<div class=\"ss-table-row\">\n<p class=\"gb-text\">Continente<\/p>\n\n\n\n<p class=\"gb-text\">\u00c1frica<\/p>\n<\/div>\n\n\n\n<div class=\"ss-table-row\">\n<p class=\"gb-text\">Coordenadas GPS<\/p>\n\n\n\n<p class=\"gb-text\">4.75463 11.22425<\/p>\n<\/div>\n\n\n\n<div class=\"ss-table-row\">\n<p class=\"gb-text\">Fuso hor\u00e1rio<\/p>\n\n\n\n<p class=\"gb-text\">UTC+1<\/p>\n<\/div>\n<\/div>\n\n\n\n<div class=\"ss-project-table\">\n<div class=\"ss-table-section-title\">\n<h3 id=\"organizador\" class=\"gb-text\">ORGANIZADOR<\/h3>\n<\/div>\n\n\n\n<div class=\"ss-table-row\">\n<p class=\"gb-text\">Congrega\u00e7\u00e3o<\/p>\n\n\n\n<p class=\"gb-text\"><a href=\"https:\/\/spaziospadoni.org\/pt-pt\/congregacoes\/congregacao-das-irmas-de-santa-gemma\/\" title=\"Congregazione Missionaria Sorelle di Santa Gemma\">Congregazione Missionaria Sorelle di Santa Gemma<\/a><\/p>\n<\/div>\n\n\n\n<div class=\"ss-table-row\">\n<p class=\"gb-text\">Casa-m\u00e3e<\/p>\n\n\n\n<p class=\"gb-text\">Camigliano Santa Gemma (LU)<\/p>\n<\/div>\n\n\n\n<div class=\"ss-table-row\">\n<p class=\"gb-text\">Diocese<\/p>\n\n\n\n<p class=\"gb-text\">Diocese de Bafia<\/p>\n<\/div>\n\n\n\n<div class=\"ss-table-row\">\n<p class=\"gb-text\">Pa\u00eds<\/p>\n\n\n\n<p class=\"gb-text\">Camar\u00f5es<\/p>\n<\/div>\n\n\n\n<div class=\"ss-table-row\">\n<p class=\"gb-text\">Continente<\/p>\n\n\n\n<p class=\"gb-text\">\u00c1frica<\/p>\n<\/div>\n\n\n\n<div class=\"ss-table-row\">\n<p class=\"gb-text\">Festa da Congrega\u00e7\u00e3o<\/p>\n\n\n\n<p class=\"gb-text\">26 de agosto<\/p>\n<\/div>\n\n\n\n<div class=\"ss-table-row\">\n<p class=\"gb-text\">Coordenadas GPS<\/p>\n\n\n\n<p class=\"gb-text\">43.86272 10.61067<\/p>\n<\/div>\n\n\n\n<div class=\"ss-table-row\">\n<p class=\"gb-text\">Fuso hor\u00e1rio<\/p>\n\n\n\n<p class=\"gb-text\">UTC+1<\/p>\n<\/div>\n\n\n\n<div class=\"ss-table-row\">\n<p class=\"gb-text\">Pessoa de contacto<\/p>\n\n\n\n<p class=\"gb-text\">Irm\u00e3 Marie Noelle Messini<\/p>\n<\/div>\n\n\n\n<div class=\"ss-table-row\">\n<p class=\"gb-text\">Superiora-Geral<\/p>\n\n\n\n<p class=\"gb-text\">Irm\u00e3 Elisabetta Giussani<\/p>\n<\/div>\n\n\n\n<div class=\"ss-table-row\">\n<p class=\"gb-text\">Site<\/p>\n\n\n\n<p class=\"gb-text\"><a href=\"https:\/\/www.suoresantagemma.it\/\" target=\"_blank\" rel=\"noreferrer noopener\" title=\"suoresantagemma.it\">suoresantagemma.it<\/a><\/p>\n<\/div>\n<\/div>\n\n\n\n<div class=\"ss-project-table\">\n<a class=\"gb-element-e1766596 ss-table-section-button\" href=\"#\" title=\"OPERA M &#8211; PROJETO M29\">\n<span class=\"gb-text\">OPERA M &#8211; PROJETO M29<\/span>\n<\/a>\n<\/div>\n<\/div>\n<\/div>\n\n\n\n<div class=\"gb-element-6ad95ea8\">\n<div class=\"gb-element-e34063a6 ss-project-intro\">\n<p class=\"wp-block-paragraph\">OPERA M \u00e9 a revolu\u00e7\u00e3o das obras de miseric\u00f3rdia. \u00c9 o instrumento permanente para desenvolver um pensamento forte e renovado sobre as obras no mundo.<\/p>\n\n\n\n<p class=\"wp-block-paragraph\">Nasce de uma necessidade urgente, profundamente sentida por spazio + spadoni, de r<strong>E<\/strong>volucionar o conceito de obra de miseric\u00f3rdia como um caminho que \u00e9 sempre simultaneamente humano e divino e, por conseguinte, sempre espiritual, al\u00e9m de pr\u00e1tico (ou corporal). A redescoberta, ou melhor, a verdadeira r<strong>E<\/strong>volu\u00e7\u00e3o das obras, deve ser reencontrada nesta s\u00edntese entre a dimens\u00e3o espiritual e o ato pr\u00e1tico. A a\u00e7\u00e3o material deve ser sempre permeada pelo esp\u00edrito.<\/p>\n\n\n\n<p class=\"wp-block-paragraph\">OPERA M baseia-se em cinco a\u00e7\u00f5es que definem o seu m\u00e9todo: INVOCA, chama o Esp\u00edrito ESCUTA, faz sil\u00eancio para te abrires \u00e0 escuta ENCONTRA, permanece no meio das pessoas ATUEMOS, agir pelas obras INUNDEMOS, levemos todos \u00e0s Obras de Miseric\u00f3rdia <strong>Obras de Miseric\u00f3rdia espirituais<\/strong> Aconselhar os que duvidam Ensinar os ignorantes Admoestar os pecadores Consolar os aflitos Perdoar as ofensas Suportar pacientemente as pessoas inc\u00f3modas Rogar a Deus pelos vivos e pelos mortos <strong>Obras de Miseric\u00f3rdia corporais<\/strong> Dar de comer a quem tem fome Dar de beber a quem tem sede Vestir os nus Acolher os peregrinos Visitar os doentes Visitar os presos Sepultar os mortos<\/p>\n\n<\/div>\n<\/div>\n\n\n\n\n<div>\n\n<h2 id=\"cronologia\" class=\"gb-text gb-text-8179e40a\">Cronologia<\/h2>\n\n\n\n\n\n<div class=\"ss-timeline\">\n\n<h3 id=\"2023\" class=\"gb-text\">2023<\/h3>\n\n\n\n\n\n<div class=\"ss-timeline-item\">\n\n<h4 id=\"25-de-outubro-primeiro-contacto\" class=\"gb-text\">25 de outubro | Primeiro contacto<\/h4>\n\n\n\n\n<p class=\"wp-block-paragraph\">A irm\u00e3 Marie Noelle, ent\u00e3o em It\u00e1lia, e Luigi Spadoni conhecem-se e come\u00e7am a pensar num poss\u00edvel desenvolvimento das Obras de Miseric\u00f3rdia quando a irm\u00e3 regressar aos Camar\u00f5es<\/p>\n\n\n<\/div>\n\n\n<\/div>\n\n\n\n\n<div class=\"ss-timeline\">\n\n<h3 id=\"2024\" class=\"gb-text\">2024<\/h3>\n\n\n\n\n\n<div class=\"ss-timeline-item\">\n\n<h4 id=\"16-de-abril-planeamento-do-forum\" class=\"gb-text\">16 de abril | Planeamento do F\u00f3rum<\/h4>\n\n\n\n\n<p class=\"wp-block-paragraph\">Em conjunto com o Bispo D. Emmanuel Dassi Youfang, \u00e9 planeado o F\u00f3rum sobre a rEvolu\u00e7\u00e3o das Obras de Miseric\u00f3rdia na Diocese de Bafia<\/p>\n\n\n<\/div>\n\n\n\n\n<div class=\"ss-timeline-item\">\n\n<h4 id=\"2829-de-junho-forum-sobre-as-obras-de-misericordia\" class=\"gb-text\">28-29 de junho | F\u00f3rum sobre as Obras de Miseric\u00f3rdia<\/h4>\n\n\n\n\n<p class=\"wp-block-paragraph\">Realiza-se o F\u00f3rum sobre a rEvolu\u00e7\u00e3o das Obras de Miseric\u00f3rdia para a Diocese de Bafia<\/p>\n\n\n\n<figure class=\"wp-block-gallery has-nested-images columns-1 is-cropped ss-lightbox wp-block-gallery-1 is-layout-flex wp-block-gallery-is-layout-flex\">\n\n<figure class=\"wp-block-image size-large\"><img decoding=\"async\" src=\"https:\/\/spaziospadoni.org\/wp-content\/uploads\/2026\/05\/2024_giugno_forum_camerun_opere_misericordia_diocesi_bafia_spazio_spadoni_operam-7.jpg\" alt=\"2024 giugno forum camerun opere misericordia diocesi bafia spazio spadoni operam 7\"\/><figcaption class=\"wp-element-caption\">28-29 de junho | F\u00f3rum sobre as Obras de Miseric\u00f3rdia<\/figcaption><\/figure>\n\n<\/figure>\n\n\n<\/div>\n\n\n<\/div>\n\n\n\n\n<div class=\"ss-timeline\">\n\n<h3 id=\"2025\" class=\"gb-text\">2025<\/h3>\n\n\n\n\n\n<div class=\"ss-timeline-item\">\n\n<h4 id=\"26-de-fevereiro-nomeacao-da-embaixadora-das-obras-de-misericordia\" class=\"gb-text\">26 de fevereiro | Nomea\u00e7\u00e3o da Embaixadora das Obras de Miseric\u00f3rdia<\/h4>\n\n\n\n\n<p class=\"wp-block-paragraph\">O Bispo D. Emmanuel Dassi Youfang nomeia a irm\u00e3 Marie Noelle Messini Embaixadora das Obras de Miseric\u00f3rdia para a Diocese de Bafia<\/p>\n\n\n<\/div>\n\n\n\n\n<div class=\"ss-timeline-item\">\n\n<h4 id=\"marco-gabinete-diocesano-das-obras-de-misericordia\" class=\"gb-text\">Mar\u00e7o | Gabinete Diocesano das Obras de Miseric\u00f3rdia<\/h4>\n\n\n\n\n<p class=\"wp-block-paragraph\">O Bispo de Bafia cria o primeiro Gabinete Diocesano das Obras de Miseric\u00f3rdia do mundo. O gabinete \u00e9 dirigido por &#x27;a irm\u00e3 Marie Noelle&#8217;<\/p>\n\n\n\n<figure class=\"wp-block-gallery has-nested-images columns-1 is-cropped ss-lightbox wp-block-gallery-2 is-layout-flex wp-block-gallery-is-layout-flex\">\n\n<figure class=\"wp-block-image size-large\"><img decoding=\"async\" src=\"https:\/\/spaziospadoni.org\/wp-content\/uploads\/2026\/05\/image-e1778055798235.png\" alt=\"image e1778055798235\"\/><figcaption class=\"wp-element-caption\">Mar\u00e7o | Gabinete Diocesano das Obras de Miseric\u00f3rdia<\/figcaption><\/figure>\n\n<\/figure>\n\n\n<\/div>\n\n\n\n\n<div class=\"ss-timeline-item\">\n\n<h4 id=\"18-de-marco-envio-do-projeto\" class=\"gb-text\">18 de mar\u00e7o | Envio do projeto<\/h4>\n\n\n\n\n<p class=\"wp-block-paragraph\">A Diocese de Bafia apresenta tr\u00eas pequenos projetos de empresa social, sendo selecionado o relativo \u00e0 produ\u00e7\u00e3o de milho<\/p>\n\n\n<\/div>\n\n\n\n\n<div class=\"ss-timeline-item\">\n\n<h4 id=\"23-de-marco-sensibilizacao-para-as-obras-de-misericordia\" class=\"gb-text\">23 de mar\u00e7o | Sensibiliza\u00e7\u00e3o para as Obras de Miseric\u00f3rdia<\/h4>\n\n\n\n\n<p class=\"wp-block-paragraph\">A irm\u00e3 Marie Noelle foi convidada pelos p\u00e1rocos padre Valerye e padre Sergenella para a Parrocchia di San Benoit da Diocese de Bafia, para uma a\u00e7\u00e3o de sensibiliza\u00e7\u00e3o sobre as Obras de Miseric\u00f3rdia<\/p>\n\n\n\n<figure class=\"wp-block-gallery has-nested-images columns-1 is-cropped ss-lightbox wp-block-gallery-3 is-layout-flex wp-block-gallery-is-layout-flex\">\n\n<figure class=\"wp-block-image size-large\"><img decoding=\"async\" src=\"https:\/\/spaziospadoni.org\/wp-content\/uploads\/2026\/05\/2025_suor_marie_noelle_diocesi_bafia_sensibilizzazione_opere_misericordia_spazio_spadoni_operam-8.jpg\" alt=\"2025 suor marie noelle diocesi bafia sensibilizzazione opere misericordia spazio spadoni operam 8\"\/><figcaption class=\"wp-element-caption\">23 de mar\u00e7o | Sensibiliza\u00e7\u00e3o para as Obras de Miseric\u00f3rdia<\/figcaption><\/figure>\n\n<\/figure>\n\n\n<\/div>\n\n\n\n\n<div class=\"ss-timeline-item\">\n\n<h4 id=\"30-de-marco-catequese-sobre-as-obras-de-misericordia\" class=\"gb-text\">30 de mar\u00e7o | Catequese sobre as Obras de Miseric\u00f3rdia<\/h4>\n\n\n\n\n<p class=\"wp-block-paragraph\">A irm\u00e3 Marie Noelle d\u00e1 uma catequese sobre as Obras de Miseric\u00f3rdia na Parrocchia Saint S\u00e9bastien da Diocese de Bafia<\/p>\n\n\n<\/div>\n\n\n\n\n<div class=\"ss-timeline-item\">\n\n<h4 id=\"31-de-outubro-sensibilizacao-para-as-obras-de-misericordia\" class=\"gb-text\">31 de outubro | Sensibiliza\u00e7\u00e3o para as Obras de Miseric\u00f3rdia<\/h4>\n\n\n\n\n<p class=\"wp-block-paragraph\">Campanha de sensibiliza\u00e7\u00e3o para as Obras de Miseric\u00f3rdia com os catequistas e os agentes da Caritas da Parrocchia Santa Teresa di Nikoutou<\/p>\n\n\n\n<figure class=\"wp-block-gallery has-nested-images columns-1 is-cropped ss-lightbox wp-block-gallery-4 is-layout-flex wp-block-gallery-is-layout-flex\">\n\n<figure class=\"wp-block-image size-large\"><img decoding=\"async\" src=\"https:\/\/spaziospadoni.org\/wp-content\/uploads\/2026\/05\/2025_31_ottobre_suor_marie_noelle_sensibilizzazione_opere_misericordia_diocesi_bafia_spazio_spadoni_operam-1.jpg\" alt=\"2025 31 ottobre suor marie noelle sensibilizzazione opere misericordia diocesi bafia spazio spadoni operam 1\"\/><figcaption class=\"wp-element-caption\">31 de outubro | Sensibiliza\u00e7\u00e3o para as Obras de Miseric\u00f3rdia<\/figcaption><\/figure>\n\n<\/figure>\n\n\n<\/div>\n\n\n<\/div>\n\n\n\n\n<div class=\"ss-timeline\">\n\n<h3 id=\"2026\" class=\"gb-text\">2026<\/h3>\n\n\n\n\n\n<div class=\"ss-timeline-item\">\n\n<h4 id=\"23-de-fevereiro-visitar-os-presos\" class=\"gb-text\">23 de fevereiro | Visitar os presos<\/h4>\n\n\n\n\n<p class=\"wp-block-paragraph\">A irm\u00e3 Marie Noelle visita a pris\u00e3o de Bafia<\/p>\n\n\n\n<figure class=\"wp-block-gallery has-nested-images columns-1 is-cropped ss-lightbox wp-block-gallery-5 is-layout-flex wp-block-gallery-is-layout-flex\">\n\n<figure class=\"wp-block-image size-large\"><img decoding=\"async\" src=\"https:\/\/spaziospadoni.org\/wp-content\/uploads\/2026\/05\/2026_febbraio_23_suor_marie_noelle_incontra_prigione_bafia_visitare_opera_misericordia_spazio_spadoni-1.jpeg\" alt=\"2026 febbraio 23 suor marie noelle incontra prigione bafia visitare opera misericordia spazio spadoni 1\"\/><figcaption class=\"wp-element-caption\">23 de fevereiro | Visitar os presos<\/figcaption><\/figure>\n\n<\/figure>\n\n\n<\/div>\n\n\n\n\n<div class=\"ss-timeline-item\">\n\n<h4 id=\"9-de-abril-formacao-opera-m\" class=\"gb-text\">9 de abril | Forma\u00e7\u00e3o OPERA M<\/h4>\n\n\n\n\n<p class=\"wp-block-paragraph\">Encontro e forma\u00e7\u00e3o com os conselheiros pastorais da Parrocchia di Sant&#x27;Attanasio na Diocese de Bafia<\/p>\n\n\n<\/div>\n\n\n\n\n<div class=\"ss-timeline-item\">\n\n<h4 id=\"2-de-maio-formacao-opera-m\" class=\"gb-text\">2 de maio | Forma\u00e7\u00e3o OPERA M<\/h4>\n\n\n\n\n<p class=\"wp-block-paragraph\">A irm\u00e3 Marie Noelle encontra-se com os paroquianos de Doum\u00e9 e d\u00e1 uma forma\u00e7\u00e3o sobre as Obras de Miseric\u00f3rdia<\/p>\n\n\n\n<figure class=\"wp-block-gallery has-nested-images columns-1 is-cropped ss-lightbox wp-block-gallery-6 is-layout-flex wp-block-gallery-is-layout-flex\">\n\n<figure class=\"wp-block-image size-large\"><img decoding=\"async\" src=\"https:\/\/spaziospadoni.org\/wp-content\/uploads\/2026\/05\/2026_maggio_2_suor_marie_noelle_opere_misericordia_camerun_doume_spazio_spadoni_operam-4.jpeg\" alt=\"2026 maggio 2 suor marie noelle opere misericordia camerun doume spazio spadoni operam 4\"\/><figcaption class=\"wp-element-caption\">2 de maio | Forma\u00e7\u00e3o OPERA M<\/figcaption><\/figure>\n\n<\/figure>\n\n\n<\/div>\n\n\n<\/div>\n\n\n<\/div>\n\n\n\n<div class=\"ss-project-reports\">\n<h2 id=\"relatorios-sobre-as-obras-de-misericordia\" class=\"gb-text gb-text-75c3218d\">Relat\u00f3rios sobre as Obras de Miseric\u00f3rdia<\/h2>\n\n\n<ul class=\"wp-block-list ss-report-list\">\n\n<li><a href=\"https:\/\/spaziospadoni.org\/wp-content\/uploads\/2026\/05\/Osservatore-Romano_Ufficio-Diocesano-Opere-Misericordia_Camerun.pdf\" target=\"_blank\" rel=\"noreferrer noopener\" title=\"Osservatore Romano_Ufficio Diocesano Opere Misericordia_Camerun\">Osservatore Romano_Ufficio Diocesano Opere Misericordia_Camerun<\/a><\/li>\n\n\n<li><a href=\"https:\/\/spaziospadoni.org\/wp-content\/uploads\/2026\/05\/Progetto-mais.pdf\" target=\"_blank\" rel=\"noreferrer noopener\" title=\"Projeto de produ\u00e7\u00e3o de milho\">Projeto de produ\u00e7\u00e3o de milho<\/a><\/li>\n\n<\/ul>\n\n<\/div>\n\n\n\n<div class=\"ss-project-media\">\n<h2 id=\"fotografias-e-videos\" class=\"gb-text gb-text-d7bd8be8\">Fotografias e v\u00eddeos<\/h2>\n\n\n<div class=\"ss-media-filters\">\n\n<a class=\"gb-text ss-media-filter active\" data-filter=\"*\" title=\"Tudo\">Tudo<\/a>\n\n\n<a class=\"gb-text ss-media-filter\" data-filter=\".forum-bafia\" title=\"F\u00f3rum de Bafia\">F\u00f3rum de Bafia<\/a>\n\n\n<a class=\"gb-text ss-media-filter\" data-filter=\".formazione\" title=\"Forma\u00e7\u00e3o\">Forma\u00e7\u00e3o<\/a>\n\n\n<a class=\"gb-text ss-media-filter\" data-filter=\".video\" title=\"V\u00eddeo\">V\u00eddeo<\/a>\n\n<\/div>\n\n\n<div class=\"ss-media-grid\">\n<div>\n<figure class=\"wp-block-gallery has-nested-images columns-1 is-cropped ss-lightbox wp-block-gallery-7 is-layout-flex wp-block-gallery-is-layout-flex\">\n\n<figure class=\"wp-block-image size-large forum-bafia\"><img decoding=\"async\" alt=\"2024 11 giugno forum bafia camerun comitato spazio spadoni opere misericordia 1\" src=\"https:\/\/spaziospadoni.org\/wp-content\/uploads\/2026\/05\/2024_11_giugno_forum_bafia_camerun_comitato_spazio_spadoni_opere_misericordia-1.jpg\"\/><\/figure>\n\n\n<figure class=\"wp-block-image size-large forum-bafia\"><img decoding=\"async\" alt=\"2024 giugno forum camerun opere misericordia diocesi bafia spazio spadoni operam 1\" src=\"https:\/\/spaziospadoni.org\/wp-content\/uploads\/2026\/05\/2024_giugno_forum_camerun_opere_misericordia_diocesi_bafia_spazio_spadoni_operam-1.jpg\"\/><\/figure>\n\n\n<figure class=\"wp-block-image size-large forum-bafia\"><img decoding=\"async\" alt=\"2024 giugno forum camerun opere misericordia diocesi bafia spazio spadoni operam 7\" src=\"https:\/\/spaziospadoni.org\/wp-content\/uploads\/2026\/05\/2024_giugno_forum_camerun_opere_misericordia_diocesi_bafia_spazio_spadoni_operam-7.jpg\"\/><\/figure>\n\n\n<figure class=\"wp-block-image size-large forum-bafia\"><img decoding=\"async\" alt=\"2024 giugno forum camerun opere misericordia diocesi bafia spazio spadoni operam 3\" src=\"https:\/\/spaziospadoni.org\/wp-content\/uploads\/2026\/05\/2024_giugno_forum_camerun_opere_misericordia_diocesi_bafia_spazio_spadoni_operam-3.jpg\"\/><\/figure>\n\n\n<figure class=\"wp-block-image size-large forum-bafia\"><img decoding=\"async\" alt=\"2024 giugno forum camerun opere misericordia diocesi bafia spazio spadoni operam 2\" src=\"https:\/\/spaziospadoni.org\/wp-content\/uploads\/2026\/05\/2024_giugno_forum_camerun_opere_misericordia_diocesi_bafia_spazio_spadoni_operam-2.jpg\"\/><\/figure>\n\n\n<figure class=\"wp-block-image size-large forum-bafia\"><img decoding=\"async\" alt=\"2024 giugno forum camerun opere misericordia diocesi bafia spazio spadoni operam 4\" src=\"https:\/\/spaziospadoni.org\/wp-content\/uploads\/2026\/05\/2024_giugno_forum_camerun_opere_misericordia_diocesi_bafia_spazio_spadoni_operam-4.jpg\"\/><\/figure>\n\n\n<figure class=\"wp-block-image size-large forum-bafia\"><img decoding=\"async\" alt=\"2024 giugno forum camerun opere misericordia diocesi bafia spazio spadoni operam 5\" src=\"https:\/\/spaziospadoni.org\/wp-content\/uploads\/2026\/05\/2024_giugno_forum_camerun_opere_misericordia_diocesi_bafia_spazio_spadoni_operam-5.jpg\"\/><\/figure>\n\n\n<figure class=\"wp-block-image size-large forum-bafia\"><img decoding=\"async\" alt=\"2024 giugno forum camerun opere misericordia diocesi bafia spazio spadoni operam 6\" src=\"https:\/\/spaziospadoni.org\/wp-content\/uploads\/2026\/05\/2024_giugno_forum_camerun_opere_misericordia_diocesi_bafia_spazio_spadoni_operam-6.jpg\"\/><\/figure>\n\n\n<figure class=\"wp-block-image size-large forum-bafia\"><img decoding=\"async\" alt=\"2024 giugno forum camerun opere misericordia diocesi bafia spazio spadoni operam 6\" src=\"https:\/\/spaziospadoni.org\/wp-content\/uploads\/2026\/05\/2024_giugno_forum_camerun_opere_misericordia_diocesi_bafia_spazio_spadoni_operam-6.jpg\"\/><\/figure>\n\n\n<figure class=\"wp-block-image size-large forum-bafia\"><img decoding=\"async\" alt=\"2024 forum opere misericordia bafia camerun spazio spadoni 1\" src=\"https:\/\/spaziospadoni.org\/wp-content\/uploads\/2026\/05\/2024_forum_opere_misericordia_bafia_camerun_spazio_spadoni-1.jpg\"\/><\/figure>\n\n\n<figure class=\"wp-block-image size-large forum-bafia\"><img decoding=\"async\" alt=\"2024 forum opere misericordia bafia camerun spazio spadoni 2\" src=\"https:\/\/spaziospadoni.org\/wp-content\/uploads\/2026\/05\/2024_forum_opere_misericordia_bafia_camerun_spazio_spadoni-2.jpg\"\/><\/figure>\n\n\n<figure class=\"wp-block-image size-large forum-bafia\"><img decoding=\"async\" alt=\"2024 forum opere misericordia bafia camerun spazio spadoni 3\" src=\"https:\/\/spaziospadoni.org\/wp-content\/uploads\/2026\/05\/2024_forum_opere_misericordia_bafia_camerun_spazio_spadoni-3.jpg\"\/><\/figure>\n\n\n<figure class=\"wp-block-image size-large forum-bafia\"><img decoding=\"async\" alt=\"2024 forum opere misericordia bafia camerun spazio spadoni 4\" src=\"https:\/\/spaziospadoni.org\/wp-content\/uploads\/2026\/05\/2024_forum_opere_misericordia_bafia_camerun_spazio_spadoni-4.jpg\"\/><\/figure>\n\n\n<figure class=\"wp-block-image size-large forum-bafia\"><img decoding=\"async\" alt=\"2024 forum opere misericordia bafia camerun spazio spadoni 5\" src=\"https:\/\/spaziospadoni.org\/wp-content\/uploads\/2026\/05\/2024_forum_opere_misericordia_bafia_camerun_spazio_spadoni-5.jpg\"\/><\/figure>\n\n\n<figure class=\"wp-block-image size-large forum-bafia\"><img decoding=\"async\" alt=\"2024 forum opere misericordia bafia camerun spazio spadoni 7\" src=\"https:\/\/spaziospadoni.org\/wp-content\/uploads\/2026\/05\/2024_forum_opere_misericordia_bafia_camerun_spazio_spadoni-7.jpg\"\/><\/figure>\n\n\n<figure class=\"wp-block-image size-large forum-bafia\"><img decoding=\"async\" alt=\"image e1778055798235\" src=\"https:\/\/spaziospadoni.org\/wp-content\/uploads\/2026\/05\/image-e1778055798235.png\"\/><\/figure>\n\n\n<figure class=\"wp-block-image size-large formazione\"><img decoding=\"async\" alt=\"2025 suor marie noelle diocesi bafia sensibilizzazione opere misericordia spazio spadoni operam 8\" src=\"https:\/\/spaziospadoni.org\/wp-content\/uploads\/2026\/05\/2025_suor_marie_noelle_diocesi_bafia_sensibilizzazione_opere_misericordia_spazio_spadoni_operam-8.jpg\"\/><\/figure>\n\n\n<figure class=\"wp-block-image size-large formazione\"><img decoding=\"async\" alt=\"2025 suor marie noelle diocesi bafia sensibilizzazione opere misericordia spazio spadoni operam 6\" src=\"https:\/\/spaziospadoni.org\/wp-content\/uploads\/2026\/05\/2025_suor_marie_noelle_diocesi_bafia_sensibilizzazione_opere_misericordia_spazio_spadoni_operam-6.jpg\"\/><\/figure>\n\n\n<figure class=\"wp-block-image size-large formazione\"><img decoding=\"async\" alt=\"2025 suor marie noelle diocesi bafia sensibilizzazione opere misericordia spazio spadoni operam 7\" src=\"https:\/\/spaziospadoni.org\/wp-content\/uploads\/2026\/05\/2025_suor_marie_noelle_diocesi_bafia_sensibilizzazione_opere_misericordia_spazio_spadoni_operam-7.jpg\"\/><\/figure>\n\n\n<figure class=\"wp-block-image size-large formazione\"><img decoding=\"async\" alt=\"2025 suor marie noelle diocesi bafia sensibilizzazione opere misericordia spazio spadoni operam 5\" src=\"https:\/\/spaziospadoni.org\/wp-content\/uploads\/2026\/05\/2025_suor_marie_noelle_diocesi_bafia_sensibilizzazione_opere_misericordia_spazio_spadoni_operam-5.jpg\"\/><\/figure>\n\n\n<figure class=\"wp-block-image size-large formazione\"><img decoding=\"async\" alt=\"2025 suor marie noelle diocesi bafia sensibilizzazione opere misericordia spazio spadoni operam 3\" src=\"https:\/\/spaziospadoni.org\/wp-content\/uploads\/2026\/05\/2025_suor_marie_noelle_diocesi_bafia_sensibilizzazione_opere_misericordia_spazio_spadoni_operam-3.jpg\"\/><\/figure>\n\n\n<figure class=\"wp-block-image size-large formazione\"><img decoding=\"async\" alt=\"2025 suor marie noelle diocesi bafia sensibilizzazione opere misericordia spazio spadoni operam 1\" src=\"https:\/\/spaziospadoni.org\/wp-content\/uploads\/2026\/05\/2025_suor_marie_noelle_diocesi_bafia_sensibilizzazione_opere_misericordia_spazio_spadoni_operam-1.jpg\"\/><\/figure>\n\n\n<figure class=\"wp-block-image size-large formazione\"><img decoding=\"async\" alt=\"2025 suor marie noelle diocesi bafia sensibilizzazione opere misericordia spazio spadoni operam 2\" src=\"https:\/\/spaziospadoni.org\/wp-content\/uploads\/2026\/05\/2025_suor_marie_noelle_diocesi_bafia_sensibilizzazione_opere_misericordia_spazio_spadoni_operam-2.jpg\"\/><\/figure>\n\n\n<figure class=\"wp-block-image size-large formazione\"><img decoding=\"async\" alt=\"2025 capo vocazionale opere misericordia spazio spadoni suor marie nielle operam camerunmp4 2\" src=\"https:\/\/spaziospadoni.org\/wp-content\/uploads\/2026\/05\/2025_capo_vocazionale_opere_misericordia_spazio_spadoni_suor_marie_nielle_operam_camerunmp4-2.jpg\"\/><\/figure>\n\n\n<figure class=\"wp-block-image size-large formazione\"><img decoding=\"async\" alt=\"2025 capo vocazionale opere misericordia spazio spadoni suor marie nielle operam camerunmp4 3\" src=\"https:\/\/spaziospadoni.org\/wp-content\/uploads\/2026\/05\/2025_capo_vocazionale_opere_misericordia_spazio_spadoni_suor_marie_nielle_operam_camerunmp4-3.jpg\"\/><\/figure>\n\n\n<figure class=\"wp-block-image size-large formazione\"><img decoding=\"async\" alt=\"2025 marzo 30 suor marie noelle pastorale parrocchia Saint Sebastien diocesi Bafia spaziospadoni opere misericordia\" src=\"https:\/\/spaziospadoni.org\/wp-content\/uploads\/2026\/05\/2025_marzo_30_suor_marie_noelle_pastorale_parrocchia_Saint-Sebastien-diocesi-Bafia_spaziospadoni_opere_misericordia.jpg\"\/><\/figure>\n\n\n<figure class=\"wp-block-image size-large formazione\"><img decoding=\"async\" alt=\"2025 31 ottobre suor marie noelle sensibilizzazione opere misericordia diocesi bafia spazio spadoni operam 2\" src=\"https:\/\/spaziospadoni.org\/wp-content\/uploads\/2026\/05\/2025_31_ottobre_suor_marie_noelle_sensibilizzazione_opere_misericordia_diocesi_bafia_spazio_spadoni_operam-2.jpg\"\/><\/figure>\n\n\n<figure class=\"wp-block-image size-large formazione\"><img decoding=\"async\" alt=\"2025 31 ottobre suor marie noelle sensibilizzazione opere misericordia diocesi bafia spazio spadoni operam 1\" src=\"https:\/\/spaziospadoni.org\/wp-content\/uploads\/2026\/05\/2025_31_ottobre_suor_marie_noelle_sensibilizzazione_opere_misericordia_diocesi_bafia_spazio_spadoni_operam-1.jpg\"\/><\/figure>\n\n\n<figure class=\"wp-block-image size-large formazione\"><img decoding=\"async\" alt=\"2025 31 ottobre suor marie noelle sensibilizzazione opere misericordia diocesi bafia spazio spadoni operam 3\" src=\"https:\/\/spaziospadoni.org\/wp-content\/uploads\/2026\/05\/2025_31_ottobre_suor_marie_noelle_sensibilizzazione_opere_misericordia_diocesi_bafia_spazio_spadoni_operam-3.jpg\"\/><\/figure>\n\n\n<figure class=\"wp-block-image size-large formazione\"><img decoding=\"async\" alt=\"2026 febbraio 23 suor marie noelle incontra prigione bafia visitare opera misericordia spazio spadoni 1\" src=\"https:\/\/spaziospadoni.org\/wp-content\/uploads\/2026\/05\/2026_febbraio_23_suor_marie_noelle_incontra_prigione_bafia_visitare_opera_misericordia_spazio_spadoni-1.jpeg\"\/><\/figure>\n\n\n<figure class=\"wp-block-image size-large formazione\"><img decoding=\"async\" alt=\"2026 A2\" src=\"https:\/\/spaziospadoni.org\/wp-content\/uploads\/2026\/05\/2026_A2.jpe\"\/><\/figure>\n\n\n<figure class=\"wp-block-image size-large formazione\"><img decoding=\"async\" alt=\"2026 A1\" src=\"https:\/\/spaziospadoni.org\/wp-content\/uploads\/2026\/05\/2026_A1.jpe\"\/><\/figure>\n\n\n<figure class=\"wp-block-image size-large formazione\"><img decoding=\"async\" alt=\"2026 maggio 2 suor marie noelle opere misericordia camerun doume spazio spadoni operam 7\" src=\"https:\/\/spaziospadoni.org\/wp-content\/uploads\/2026\/05\/2026_maggio_2_suor_marie_noelle_opere_misericordia_camerun_doume_spazio_spadoni_operam-7.jpeg\"\/><\/figure>\n\n\n<figure class=\"wp-block-image size-large formazione\"><img decoding=\"async\" alt=\"2026 maggio 2 suor marie noelle opere misericordia camerun doume spazio spadoni operam 6\" src=\"https:\/\/spaziospadoni.org\/wp-content\/uploads\/2026\/05\/2026_maggio_2_suor_marie_noelle_opere_misericordia_camerun_doume_spazio_spadoni_operam-6.jpeg\"\/><\/figure>\n\n\n<figure class=\"wp-block-image size-large formazione\"><img decoding=\"async\" alt=\"2026 maggio 2 suor marie noelle opere misericordia camerun doume spazio spadoni operam 5\" src=\"https:\/\/spaziospadoni.org\/wp-content\/uploads\/2026\/05\/2026_maggio_2_suor_marie_noelle_opere_misericordia_camerun_doume_spazio_spadoni_operam-5.jpeg\"\/><\/figure>\n\n\n<figure class=\"wp-block-image size-large formazione\"><img decoding=\"async\" alt=\"2026 maggio 2 suor marie noelle opere misericordia camerun doume spazio spadoni operam 4\" src=\"https:\/\/spaziospadoni.org\/wp-content\/uploads\/2026\/05\/2026_maggio_2_suor_marie_noelle_opere_misericordia_camerun_doume_spazio_spadoni_operam-4.jpeg\"\/><\/figure>\n\n\n<figure class=\"wp-block-image size-large formazione\"><img decoding=\"async\" alt=\"2026 maggio 2 suor marie noelle opere misericordia camerun doume spazio spadoni operam 3\" src=\"https:\/\/spaziospadoni.org\/wp-content\/uploads\/2026\/05\/2026_maggio_2_suor_marie_noelle_opere_misericordia_camerun_doume_spazio_spadoni_operam-3.jpeg\"\/><\/figure>\n\n\n<figure class=\"wp-block-image size-large formazione\"><img decoding=\"async\" alt=\"2026 maggio 2 suor marie noelle opere misericordia camerun doume spazio spadoni operam 2\" src=\"https:\/\/spaziospadoni.org\/wp-content\/uploads\/2026\/05\/2026_maggio_2_suor_marie_noelle_opere_misericordia_camerun_doume_spazio_spadoni_operam-2.jpeg\"\/><\/figure>\n\n\n<figure class=\"wp-block-image size-large formazione\"><img decoding=\"async\" alt=\"2026 maggio 2 suor marie noelle opere misericordia camerun doume spazio spadoni operam 1\" src=\"https:\/\/spaziospadoni.org\/wp-content\/uploads\/2026\/05\/2026_maggio_2_suor_marie_noelle_opere_misericordia_camerun_doume_spazio_spadoni_operam-1.jpeg\"\/><\/figure>\n\n<\/figure>\n\n\n<div class=\"gb-element-b24bbf5e ss-media-videos\">\n\n<figure class=\"wp-block-video video\"><video controls=\"\" src=\"https:\/\/spaziospadoni.org\/wp-content\/uploads\/2026\/05\/2025_capo_vocazionale_opere_misericordia_spazio_spadoni_suor_marie_nielle_operam_camerunmp4-1.mp4\"><\/video><figcaption class=\"wp-element-caption\">2025 capo vocazionale opere misericordia spazio spadoni suor marie nielle operam camerunmp4 1<\/figcaption><\/figure>\n\n\n<figure class=\"wp-block-video video\"><video controls=\"\" src=\"https:\/\/spaziospadoni.org\/wp-content\/uploads\/2026\/05\/2025_suor_marie_noelle_diocesi_bafia_sensibilizzazione_opere_misericordia_spazio_spadoni_operam-1.mp4\"><\/video><figcaption class=\"wp-element-caption\">2025 suor marie noelle diocesi bafia sensibilizzazione opere misericordia spazio spadoni operam 1<\/figcaption><\/figure>\n\n\n<figure class=\"wp-block-video video\"><video controls=\"\" src=\"https:\/\/spaziospadoni.org\/wp-content\/uploads\/2026\/05\/2026_febbraio_23_suor_marie_noelle_incontra_prigione_bafia_visitare_opera_misericordia_spazio_spadoni-2.mp4\"><\/video><figcaption class=\"wp-element-caption\">2026 febbraio 23 suor marie noelle incontra prigione bafia visitare opera misericordia spazio spadoni 2<\/figcaption><\/figure>\n\n\n<figure class=\"wp-block-video video\"><video controls=\"\" src=\"https:\/\/spaziospadoni.org\/wp-content\/uploads\/2026\/05\/2026_febbraio_23_suor_marie_noelle_incontra_prigione_bafia_visitare_opera_misericordia_spazio_spadoni-1.mp4\"><\/video><figcaption class=\"wp-element-caption\">2026 febbraio 23 suor marie noelle incontra prigione bafia visitare opera misericordia spazio spadoni 1<\/figcaption><\/figure>\n\n\n<figure class=\"wp-block-video video\"><video controls=\"\" src=\"https:\/\/spaziospadoni.org\/wp-content\/uploads\/2026\/05\/2026_A1.mp4\"><\/video><figcaption class=\"wp-element-caption\">2026 A1<\/figcaption><\/figure>\n\n\n<figure class=\"wp-block-video video\"><video controls=\"\" src=\"https:\/\/spaziospadoni.org\/wp-content\/uploads\/2026\/05\/2026_A2.mp4\"><\/video><figcaption class=\"wp-element-caption\">2026 A2<\/figcaption><\/figure>\n\n<\/div>\n\n<\/div>\n\n<\/div>\n\n<\/div>\n\n","protected":false},"excerpt":{"rendered":"<p>Bafia | Bafia (Camar\u00f5es) OPERA M29 MISS\u00c3O Local Bafia Diocese Bafia Pa\u00eds Camar\u00f5es Continente \u00c1frica Coordenadas GPS 4.75463 11.22425 Fuso hor\u00e1rio UTC+1 ORGANIZADOR Congrega\u00e7\u00e3o Congregazione Missionaria Sorelle di Santa Gemma Casa-m\u00e3e Camigliano Santa Gemma (LU) Diocese Diocese de Bafia Pa\u00eds Camar\u00f5es Continente \u00c1frica Festa da Congrega\u00e7\u00e3o 26 de agosto Coordenadas GPS 43.86272 10.61067 Fuso hor\u00e1rio &#8230; <a title=\"Camar\u00f5es &#8211; \u00c1frica | Projeto M29\" class=\"read-more\" href=\"https:\/\/spaziospadoni.org\/pt-pt\/opera-m\/camaroes-africa-projeto-m29\/\" aria-label=\"Read more about Camar\u00f5es &#8211; \u00c1frica | Projeto M29\">Ler mais<\/a><\/p>\n","protected":false},"author":102,"featured_media":0,"parent":89582,"menu_order":0,"comment_status":"closed","ping_status":"closed","template":"","meta":{"_sitemap_exclude":false,"_sitemap_priority":"","_sitemap_frequency":"","footnotes":""},"class_list":["post-79783","page","type-page","status-publish","infinite-scroll-item"],"yoast_head":"<!-- This site is optimized with the Yoast SEO plugin v28.4 - https:\/\/yoast.com\/product\/yoast-seo-wordpress\/ -->\n<title>Camar\u00f5es - \u00c1frica | Projeto M29 | Spazio Spadoni<\/title>\n<meta name=\"description\" content=\"Bafia | Bafia (Camar\u00f5es) OPERA M29 MISS\u00c3O Local Bafia Diocese Bafia Pa\u00eds Camar\u00f5es Continente \u00c1frica Coordenadas GPS 4.75463 11.22425 Fuso hor\u00e1rio UTC+1\" \/>\n<meta name=\"robots\" content=\"index, follow, max-snippet:-1, max-image-preview:large, max-video-preview:-1\" \/>\n<link rel=\"canonical\" href=\"https:\/\/spaziospadoni.org\/pt-pt\/opera-m\/camaroes-africa-projeto-m29\/\" \/>\n<meta property=\"og:locale\" content=\"pt_PT\" \/>\n<meta property=\"og:type\" content=\"article\" \/>\n<meta property=\"og:title\" content=\"Camar\u00f5es - \u00c1frica | Projeto M29 | Spazio Spadoni\" \/>\n<meta property=\"og:description\" content=\"Bafia | Bafia (Camar\u00f5es) OPERA M29 MISS\u00c3O Local Bafia Diocese Bafia Pa\u00eds Camar\u00f5es Continente \u00c1frica Coordenadas GPS 4.75463 11.22425 Fuso hor\u00e1rio UTC+1\" \/>\n<meta property=\"og:url\" content=\"https:\/\/spaziospadoni.org\/pt-pt\/opera-m\/camaroes-africa-projeto-m29\/\" \/>\n<meta property=\"og:site_name\" content=\"spazio + spadoni\" \/>\n<meta property=\"article:publisher\" content=\"https:\/\/www.facebook.com\/SpazioSpadoni\/\" \/>\n<meta property=\"article:modified_time\" content=\"2026-07-29T12:45:17+00:00\" \/>\n<meta property=\"og:image\" content=\"https:\/\/spaziospadoni.org\/wp-content\/uploads\/2026\/05\/hicsum_1_congo-spaziospadoni-scaled.png\" \/>\n\t<meta property=\"og:image:width\" content=\"2560\" \/>\n\t<meta property=\"og:image:height\" content=\"1771\" \/>\n\t<meta property=\"og:image:type\" content=\"image\/png\" \/>\n<meta name=\"twitter:card\" content=\"summary_large_image\" \/>\n<meta name=\"twitter:label1\" content=\"Est. reading time\" \/>\n\t<meta name=\"twitter:data1\" content=\"14 minutes\" \/>\n<script type=\"application\/ld+json\" class=\"yoast-schema-graph\">{\"@context\":\"https:\\\/\\\/schema.org\",\"@graph\":[{\"@type\":\"WebPage\",\"@id\":\"https:\\\/\\\/spaziospadoni.org\\\/pt-pt\\\/opera-m\\\/camaroes-africa-projeto-m29\\\/\",\"url\":\"https:\\\/\\\/spaziospadoni.org\\\/pt-pt\\\/opera-m\\\/camaroes-africa-projeto-m29\\\/\",\"name\":\"Camar\u00f5es - \u00c1frica | Projeto M29 | Spazio Spadoni\",\"isPartOf\":{\"@id\":\"https:\\\/\\\/spaziospadoni.org\\\/pt-pt\\\/#website\"},\"primaryImageOfPage\":{\"@id\":\"https:\\\/\\\/spaziospadoni.org\\\/pt-pt\\\/opera-m\\\/camaroes-africa-projeto-m29\\\/#primaryimage\"},\"image\":{\"@id\":\"https:\\\/\\\/spaziospadoni.org\\\/pt-pt\\\/opera-m\\\/camaroes-africa-projeto-m29\\\/#primaryimage\"},\"thumbnailUrl\":\"https:\\\/\\\/spaziospadoni.org\\\/wp-content\\\/uploads\\\/2026\\\/05\\\/hicsum_28_rwanda-spaziospadoni-scaled.png\",\"datePublished\":\"2026-05-18T10:24:52+00:00\",\"dateModified\":\"2026-07-29T12:45:17+00:00\",\"description\":\"Bafia | Bafia (Camar\u00f5es) OPERA M29 MISS\u00c3O Local Bafia Diocese Bafia Pa\u00eds Camar\u00f5es Continente \u00c1frica Coordenadas GPS 4.75463 11.22425 Fuso hor\u00e1rio UTC+1\",\"breadcrumb\":{\"@id\":\"https:\\\/\\\/spaziospadoni.org\\\/pt-pt\\\/opera-m\\\/camaroes-africa-projeto-m29\\\/#breadcrumb\"},\"inLanguage\":\"pt-PT\",\"potentialAction\":[{\"@type\":\"ReadAction\",\"target\":[\"https:\\\/\\\/spaziospadoni.org\\\/pt-pt\\\/opera-m\\\/camaroes-africa-projeto-m29\\\/\"]}]},{\"@type\":\"ImageObject\",\"inLanguage\":\"pt-PT\",\"@id\":\"https:\\\/\\\/spaziospadoni.org\\\/pt-pt\\\/opera-m\\\/camaroes-africa-projeto-m29\\\/#primaryimage\",\"url\":\"https:\\\/\\\/spaziospadoni.org\\\/wp-content\\\/uploads\\\/2026\\\/05\\\/hicsum_28_rwanda-spaziospadoni-scaled.png\",\"contentUrl\":\"https:\\\/\\\/spaziospadoni.org\\\/wp-content\\\/uploads\\\/2026\\\/05\\\/hicsum_28_rwanda-spaziospadoni-scaled.png\"},{\"@type\":\"BreadcrumbList\",\"@id\":\"https:\\\/\\\/spaziospadoni.org\\\/pt-pt\\\/opera-m\\\/camaroes-africa-projeto-m29\\\/#breadcrumb\",\"itemListElement\":[{\"@type\":\"ListItem\",\"position\":1,\"name\":\"Home\",\"item\":\"https:\\\/\\\/spaziospadoni.org\\\/pt-pt\\\/\"},{\"@type\":\"ListItem\",\"position\":2,\"name\":\"Obras de Miseric\u00f3rdia\",\"item\":\"https:\\\/\\\/spaziospadoni.org\\\/pt-pt\\\/obras-de-misericordia\\\/\"},{\"@type\":\"ListItem\",\"position\":3,\"name\":\"Camar\u00f5es &#8211; \u00c1frica | Projeto M29\"}]},{\"@type\":\"WebSite\",\"@id\":\"https:\\\/\\\/spaziospadoni.org\\\/pt-pt\\\/#website\",\"url\":\"https:\\\/\\\/spaziospadoni.org\\\/pt-pt\\\/\",\"name\":\"spazio + spadoni\",\"description\":\"Generazione di misericordia e missione nel mondo\",\"publisher\":{\"@id\":\"https:\\\/\\\/spaziospadoni.org\\\/pt-pt\\\/#organization\"},\"alternateName\":\"spaziospadoni.org\",\"potentialAction\":[{\"@type\":\"SearchAction\",\"target\":{\"@type\":\"EntryPoint\",\"urlTemplate\":\"https:\\\/\\\/spaziospadoni.org\\\/pt-pt\\\/?s={search_term_string}\"},\"query-input\":{\"@type\":\"PropertyValueSpecification\",\"valueRequired\":true,\"valueName\":\"search_term_string\"}}],\"inLanguage\":\"pt-PT\"},{\"@type\":\"Organization\",\"@id\":\"https:\\\/\\\/spaziospadoni.org\\\/pt-pt\\\/#organization\",\"name\":\"spazio + spadoni\",\"alternateName\":\"spaziospadoni.org\",\"url\":\"https:\\\/\\\/spaziospadoni.org\\\/pt-pt\\\/\",\"logo\":{\"@type\":\"ImageObject\",\"inLanguage\":\"pt-PT\",\"@id\":\"https:\\\/\\\/spaziospadoni.org\\\/pt-pt\\\/#\\\/schema\\\/logo\\\/image\\\/\",\"url\":\"https:\\\/\\\/spaziospadoni.org\\\/wp-content\\\/uploads\\\/2026\\\/05\\\/spazio-spadoni-logo-100x100-1.webp\",\"contentUrl\":\"https:\\\/\\\/spaziospadoni.org\\\/wp-content\\\/uploads\\\/2026\\\/05\\\/spazio-spadoni-logo-100x100-1.webp\",\"width\":100,\"height\":100,\"caption\":\"spazio + spadoni\"},\"image\":{\"@id\":\"https:\\\/\\\/spaziospadoni.org\\\/pt-pt\\\/#\\\/schema\\\/logo\\\/image\\\/\"},\"sameAs\":[\"https:\\\/\\\/www.facebook.com\\\/SpazioSpadoni\\\/\",\"https:\\\/\\\/www.instagram.com\\\/spaziospadoni\\\/\",\"https:\\\/\\\/www.youtube.com\\\/@spaziospadoni\\\/playlists\"]}]}<\/script>\n<!-- \/ Yoast SEO plugin. -->","yoast_head_json":{"title":"Camar\u00f5es - \u00c1frica | Projeto M29 | Spazio Spadoni","description":"Bafia | Bafia (Camar\u00f5es) OPERA M29 MISS\u00c3O Local Bafia Diocese Bafia Pa\u00eds Camar\u00f5es Continente \u00c1frica Coordenadas GPS 4.75463 11.22425 Fuso hor\u00e1rio UTC+1","robots":{"index":"index","follow":"follow","max-snippet":"max-snippet:-1","max-image-preview":"max-image-preview:large","max-video-preview":"max-video-preview:-1"},"canonical":"https:\/\/spaziospadoni.org\/pt-pt\/opera-m\/camaroes-africa-projeto-m29\/","og_locale":"pt_PT","og_type":"article","og_title":"Camar\u00f5es - \u00c1frica | Projeto M29 | Spazio Spadoni","og_description":"Bafia | Bafia (Camar\u00f5es) OPERA M29 MISS\u00c3O Local Bafia Diocese Bafia Pa\u00eds Camar\u00f5es Continente \u00c1frica Coordenadas GPS 4.75463 11.22425 Fuso hor\u00e1rio UTC+1","og_url":"https:\/\/spaziospadoni.org\/pt-pt\/opera-m\/camaroes-africa-projeto-m29\/","og_site_name":"spazio + spadoni","article_publisher":"https:\/\/www.facebook.com\/SpazioSpadoni\/","article_modified_time":"2026-07-29T12:45:17+00:00","og_image":[{"width":2560,"height":1771,"url":"https:\/\/spaziospadoni.org\/wp-content\/uploads\/2026\/05\/hicsum_1_congo-spaziospadoni-scaled.png","type":"image\/png"}],"twitter_card":"summary_large_image","twitter_misc":{"Est. reading time":"14 minutes"},"schema":{"@context":"https:\/\/schema.org","@graph":[{"@type":"WebPage","@id":"https:\/\/spaziospadoni.org\/pt-pt\/opera-m\/camaroes-africa-projeto-m29\/","url":"https:\/\/spaziospadoni.org\/pt-pt\/opera-m\/camaroes-africa-projeto-m29\/","name":"Camar\u00f5es - \u00c1frica | Projeto M29 | Spazio Spadoni","isPartOf":{"@id":"https:\/\/spaziospadoni.org\/pt-pt\/#website"},"primaryImageOfPage":{"@id":"https:\/\/spaziospadoni.org\/pt-pt\/opera-m\/camaroes-africa-projeto-m29\/#primaryimage"},"image":{"@id":"https:\/\/spaziospadoni.org\/pt-pt\/opera-m\/camaroes-africa-projeto-m29\/#primaryimage"},"thumbnailUrl":"https:\/\/spaziospadoni.org\/wp-content\/uploads\/2026\/05\/hicsum_28_rwanda-spaziospadoni-scaled.png","datePublished":"2026-05-18T10:24:52+00:00","dateModified":"2026-07-29T12:45:17+00:00","description":"Bafia | Bafia (Camar\u00f5es) OPERA M29 MISS\u00c3O Local Bafia Diocese Bafia Pa\u00eds Camar\u00f5es Continente \u00c1frica Coordenadas GPS 4.75463 11.22425 Fuso hor\u00e1rio UTC+1","breadcrumb":{"@id":"https:\/\/spaziospadoni.org\/pt-pt\/opera-m\/camaroes-africa-projeto-m29\/#breadcrumb"},"inLanguage":"pt-PT","potentialAction":[{"@type":"ReadAction","target":["https:\/\/spaziospadoni.org\/pt-pt\/opera-m\/camaroes-africa-projeto-m29\/"]}]},{"@type":"ImageObject","inLanguage":"pt-PT","@id":"https:\/\/spaziospadoni.org\/pt-pt\/opera-m\/camaroes-africa-projeto-m29\/#primaryimage","url":"https:\/\/spaziospadoni.org\/wp-content\/uploads\/2026\/05\/hicsum_28_rwanda-spaziospadoni-scaled.png","contentUrl":"https:\/\/spaziospadoni.org\/wp-content\/uploads\/2026\/05\/hicsum_28_rwanda-spaziospadoni-scaled.png"},{"@type":"BreadcrumbList","@id":"https:\/\/spaziospadoni.org\/pt-pt\/opera-m\/camaroes-africa-projeto-m29\/#breadcrumb","itemListElement":[{"@type":"ListItem","position":1,"name":"Home","item":"https:\/\/spaziospadoni.org\/pt-pt\/"},{"@type":"ListItem","position":2,"name":"Obras de Miseric\u00f3rdia","item":"https:\/\/spaziospadoni.org\/pt-pt\/obras-de-misericordia\/"},{"@type":"ListItem","position":3,"name":"Camar\u00f5es &#8211; \u00c1frica | Projeto M29"}]},{"@type":"WebSite","@id":"https:\/\/spaziospadoni.org\/pt-pt\/#website","url":"https:\/\/spaziospadoni.org\/pt-pt\/","name":"spazio + spadoni","description":"Generazione di misericordia e missione nel mondo","publisher":{"@id":"https:\/\/spaziospadoni.org\/pt-pt\/#organization"},"alternateName":"spaziospadoni.org","potentialAction":[{"@type":"SearchAction","target":{"@type":"EntryPoint","urlTemplate":"https:\/\/spaziospadoni.org\/pt-pt\/?s={search_term_string}"},"query-input":{"@type":"PropertyValueSpecification","valueRequired":true,"valueName":"search_term_string"}}],"inLanguage":"pt-PT"},{"@type":"Organization","@id":"https:\/\/spaziospadoni.org\/pt-pt\/#organization","name":"spazio + spadoni","alternateName":"spaziospadoni.org","url":"https:\/\/spaziospadoni.org\/pt-pt\/","logo":{"@type":"ImageObject","inLanguage":"pt-PT","@id":"https:\/\/spaziospadoni.org\/pt-pt\/#\/schema\/logo\/image\/","url":"https:\/\/spaziospadoni.org\/wp-content\/uploads\/2026\/05\/spazio-spadoni-logo-100x100-1.webp","contentUrl":"https:\/\/spaziospadoni.org\/wp-content\/uploads\/2026\/05\/spazio-spadoni-logo-100x100-1.webp","width":100,"height":100,"caption":"spazio + spadoni"},"image":{"@id":"https:\/\/spaziospadoni.org\/pt-pt\/#\/schema\/logo\/image\/"},"sameAs":["https:\/\/www.facebook.com\/SpazioSpadoni\/","https:\/\/www.instagram.com\/spaziospadoni\/","https:\/\/www.youtube.com\/@spaziospadoni\/playlists"]}]}},"_links":{"self":[{"href":"https:\/\/spaziospadoni.org\/pt-pt\/wp-json\/wp\/v2\/pages\/79783","targetHints":{"allow":["GET"]}}],"collection":[{"href":"https:\/\/spaziospadoni.org\/pt-pt\/wp-json\/wp\/v2\/pages"}],"about":[{"href":"https:\/\/spaziospadoni.org\/pt-pt\/wp-json\/wp\/v2\/types\/page"}],"author":[{"embeddable":true,"href":"https:\/\/spaziospadoni.org\/pt-pt\/wp-json\/wp\/v2\/users\/102"}],"replies":[{"embeddable":true,"href":"https:\/\/spaziospadoni.org\/pt-pt\/wp-json\/wp\/v2\/comments?post=79783"}],"version-history":[{"count":0,"href":"https:\/\/spaziospadoni.org\/pt-pt\/wp-json\/wp\/v2\/pages\/79783\/revisions"}],"up":[{"embeddable":true,"href":"https:\/\/spaziospadoni.org\/pt-pt\/wp-json\/wp\/v2\/pages\/89582"}],"wp:attachment":[{"href":"https:\/\/spaziospadoni.org\/pt-pt\/wp-json\/wp\/v2\/media?parent=79783"}],"curies":[{"name":"wp","href":"https:\/\/api.w.org\/{rel}","templated":true}]}}