{"id":80167,"date":"2026-05-18T11:30:38","date_gmt":"2026-05-18T10:30:38","guid":{"rendered":"https:\/\/spaziospadoni.org\/obras-de-misericordia\/costa-davorio-africa-progetto-m5\/"},"modified":"2026-07-30T10:47:44","modified_gmt":"2026-07-30T09:47:44","slug":"costa-do-marfim-africa-projeto-m5","status":"publish","type":"page","link":"https:\/\/spaziospadoni.org\/pt-pt\/opera-m\/costa-do-marfim-africa-projeto-m5\/","title":{"rendered":"Costa do Marfim &#8211; \u00c1frica | Projeto M5"},"content":{"rendered":"\n<div class=\"ss-project-hero-card\">\n<h2 id=\"sago-san-pedro-cote-dx27ivoire\" class=\"gb-text gb-text-62a95885\">Sago | San P\u00e9dro (C\u00f4te d&#x27;Ivoire)<\/h2>\n\n\n\n<div class=\"gb-element-f60f2409\">\n<div class=\"gb-element-90a85740 ss-project-sidebar\">\n<h2 id=\"opera-m5\" class=\"gb-text ss-project-title\">OPERA M5<\/h2>\n\n\n\n<figure class=\"wp-block-image size-large\"><img decoding=\"async\" src=\"https:\/\/spaziospadoni.org\/wp-content\/uploads\/2026\/05\/hicsum_9_costa_davorio-spaziospadoni-scaled.png\" alt=\"hicsum 9 costa davorio spaziospadoni 400x277\" class=\"wp-image-43007\"\/><\/figure>\n\n\n\n<div class=\"ss-project-table\">\n<div class=\"ss-table-section-title\">\n<h3 id=\"missao\" class=\"gb-text\">MISS\u00c3O<\/h3>\n<\/div>\n\n\n\n<div class=\"ss-table-row\">\n<p class=\"gb-text\">Local<\/p>\n\n\n\n<p class=\"gb-text\"><a href=\"https:\/\/www.google.it\/maps\/place\/San+P%C3%A9dro,+Costa+d'Avorio\/@4.7588968,-6.6958886,13z\/data=!3m1!4b1!4m6!3m5!1s0xf9613979c0479b5:0xb818c2a383cc2f8f!8m2!3d4.7483699!4d-6.6357778!16zL20vMDU2a3Jk?entry=ttu&#038;g_ep=EgoyMDI1MDMyNS4xIKXMDSoJLDEwMjExNjM5SAFQAw%3D%3D\" rel=\"noreferrer noopener\" target=\"_blank\" title=\"Sago\">Sago<\/a><\/p>\n<\/div>\n\n\n\n<div class=\"ss-table-row\">\n<p class=\"gb-text\">Diocese<\/p>\n\n\n\n<p class=\"gb-text\">San P\u00e9dro<\/p>\n<\/div>\n\n\n\n<div class=\"ss-table-row\">\n<p class=\"gb-text\">Pa\u00eds<\/p>\n\n\n\n<p class=\"gb-text\"><strong>Costa do Marfim<\/strong><\/p>\n<\/div>\n\n\n\n<div class=\"ss-table-row\">\n<p class=\"gb-text\">Continente<\/p>\n\n\n\n<p class=\"gb-text\">Africa<\/p>\n<\/div>\n\n\n\n<div class=\"ss-table-row\">\n<p class=\"gb-text\">Coordenadas GPS<\/p>\n\n\n\n<p class=\"gb-text\">4.94709 -6.08767<\/p>\n<\/div>\n\n\n\n<div class=\"ss-table-row\">\n<p class=\"gb-text\">Fuso hor\u00e1rio<\/p>\n\n\n\n<p class=\"gb-text\">UTC+0<\/p>\n<\/div>\n<\/div>\n\n\n\n<div class=\"ss-project-table\">\n<div class=\"ss-table-section-title\">\n<h3 id=\"organizador\" class=\"gb-text\">ORGANIZADOR<\/h3>\n<\/div>\n\n\n\n<div class=\"ss-table-row\">\n<p class=\"gb-text\">Congrega\u00e7\u00e3o<\/p>\n\n\n\n<p class=\"gb-text\">Congregazione Missionaria Sorelle di Santa Gemma<\/p>\n<\/div>\n\n\n\n<div class=\"ss-table-row\">\n<p class=\"gb-text\">Casa-M\u00e3e<\/p>\n\n\n\n<p class=\"gb-text\">Camigliano Santa Gemma (LU)<\/p>\n<\/div>\n\n\n\n<div class=\"ss-table-row\">\n<p class=\"gb-text\">Diocese<\/p>\n\n\n\n<p class=\"gb-text\">Lucca<\/p>\n<\/div>\n\n\n\n<div class=\"ss-table-row\">\n<p class=\"gb-text\">Pa\u00eds<\/p>\n\n\n\n<p class=\"gb-text\">It\u00e1lia<\/p>\n<\/div>\n\n\n\n<div class=\"ss-table-row\">\n<p class=\"gb-text\">Continente<\/p>\n\n\n\n<p class=\"gb-text\">Europa<\/p>\n<\/div>\n\n\n\n<div class=\"ss-table-row\">\n<p class=\"gb-text\">Festa da Congrega\u00e7\u00e3o<\/p>\n\n\n\n<p class=\"gb-text\">26 de agosto<\/p>\n<\/div>\n\n\n\n<div class=\"ss-table-row\">\n<p class=\"gb-text\">Coordenadas GPS<\/p>\n\n\n\n<p class=\"gb-text\">43.86272 10.61067<\/p>\n<\/div>\n\n\n\n<div class=\"ss-table-row\">\n<p class=\"gb-text\">Fuso hor\u00e1rio<\/p>\n\n\n\n<p class=\"gb-text\">UTC+1<\/p>\n<\/div>\n\n\n\n<div class=\"ss-table-row\">\n<p class=\"gb-text\">Pessoa de refer\u00eancia<\/p>\n\n\n\n<p class=\"gb-text\">Irm\u00e3 Bernadette Wasso<\/p>\n<\/div>\n\n\n\n<div class=\"ss-table-row\">\n<p class=\"gb-text\">Madre-Geral<\/p>\n\n\n\n<p class=\"gb-text\">Irm\u00e3 Elisabetta Giussani<\/p>\n<\/div>\n\n\n\n<div class=\"ss-table-row\">\n<p class=\"gb-text\">Site<\/p>\n\n\n\n<p class=\"gb-text\"><a href=\"https:\/\/www.suoresantagemma.it\/\" target=\"_blank\" rel=\"noreferrer noopener\" title=\"suoresantagemma.it\">suoresantagemma.it<\/a><\/p>\n<\/div>\n<\/div>\n\n\n\n<div class=\"ss-project-table\">\n<a class=\"gb-element-e1766596 ss-table-section-button\" href=\"#\" title=\"OPERA M &#8211; PROJETO M5\">\n<span class=\"gb-text\">OPERA M &#8211; PROJETO M5<\/span>\n<\/a>\n<\/div>\n<\/div>\n<\/div>\n\n\n\n<div class=\"gb-element-6ad95ea8\">\n<div class=\"gb-element-e34063a6 ss-project-intro\">\n<p class=\"wp-block-paragraph\">OPERA M \u00e9 a revolu\u00e7\u00e3o das obras de miseric\u00f3rdia. \u00c9 o instrumento permanente para desenvolver um pensamento forte e renovado sobre as obras no mundo.<\/p>\n\n\n\n<p class=\"wp-block-paragraph\">Nasce de uma necessidade profundamente sentida por spazio + spadoni de r<strong>E<\/strong>volucionar o conceito de obra de miseric\u00f3rdia como um caminho que \u00e9 sempre simultaneamente humano e divino e, portanto, sempre espiritual al\u00e9m de pr\u00e1tico (ou corporal). A redescoberta, ou melhor, a verdadeira r<strong>E<\/strong>volu\u00e7\u00e3o das obras deve ser reencontrada dentro desta s\u00edntese entre dimens\u00e3o espiritual e ato pr\u00e1tico. A a\u00e7\u00e3o material deve estar sempre permeada pelo esp\u00edrito.<\/p>\n\n\n\n<p class=\"wp-block-paragraph\">OPERA M baseia-se em cinco a\u00e7\u00f5es que definem o seu m\u00e9todo: INVOCA, chama o Esp\u00edrito ESCUTA, faz sil\u00eancio para te abrires \u00e0 escuta ENCONTRA, permanece no meio das pessoas ATUEMOS, agir pelas obras INUNDEMOS, levemos todos \u00e0s Obras de Miseric\u00f3rdia <strong>Obras de Miseric\u00f3rdia espirituais<\/strong> Dar bons conselhos Ensinar os ignorantes Corrigir os que erram Consolar os tristes Perdoar as inj\u00farias Suportar com paci\u00eancia as fraquezas do pr\u00f3ximo Rogar a Deus pelos vivos e pelos mortos <strong>Obras de Miseric\u00f3rdia corporais<\/strong> Dar de comer a quem tem fome Dar de beber a quem tem sede Vestir os nus Dar pousada aos peregrinos Visitar os enfermos Visitar os presos Enterrar os mortos<\/p>\n\n<\/div>\n<\/div>\n\n\n\n\n<div>\n\n<h2 id=\"timeline\" class=\"gb-text gb-text-8179e40a\">Timeline<\/h2>\n\n\n\n\n\n<div class=\"ss-timeline\">\n\n<h3 id=\"2020\" class=\"gb-text\">2020<\/h3>\n\n\n\n\n\n<div class=\"ss-timeline-item\">\n\n<h4 id=\"30-de-novembro-inicio-da-formacao\" class=\"gb-text\">30 de novembro | In\u00edcio da forma\u00e7\u00e3o<\/h4>\n\n\n\n\n<p class=\"wp-block-paragraph\">Lazzarino, o mission\u00e1rio leigo, inicia o per\u00edodo de forma\u00e7\u00e3o na Misericordia di Pian di Coreglia, na prov\u00edncia de Lucca. Devido aos problemas relacionados com a pandemia, continuar\u00e1 a forma\u00e7\u00e3o na Misericordia di Marlia<\/p>\n\n\n\n<figure class=\"wp-block-gallery has-nested-images columns-1 is-cropped ss-lightbox wp-block-gallery-1 is-layout-flex wp-block-gallery-is-layout-flex\">\n\n<figure class=\"wp-block-image size-large\"><img decoding=\"async\" src=\"https:\/\/spaziospadoni.org\/wp-content\/uploads\/2026\/05\/2020_novembre_hic_sum_9_lazzarino_sorelle_santa_gemma_misericordia_marlia_formazione_pronto_soccorso_spazio_spadoni-3-300x225.jpg\" alt=\"2020 novembre hic sum 9 lazzarino sorelle santa gemma misericordia marlia formazione pronto soccorso spazio spadoni 3 300x225\"\/><figcaption class=\"wp-element-caption\">30 de novembro | In\u00edcio da forma\u00e7\u00e3o<\/figcaption><\/figure>\n\n<\/figure>\n\n\n<\/div>\n\n\n\n\n<div class=\"ss-timeline-item\">\n\n<h4 id=\"novembro-e-dezembro-formacao\" class=\"gb-text\">Novembro e dezembro | Forma\u00e7\u00e3o<\/h4>\n\n\n\n\n<p class=\"wp-block-paragraph\">De novembro de 2020 a abril de 2021, Lazzarino concentrou toda a sua forma\u00e7\u00e3o na aprendizagem do carisma do voluntariado pr\u00f3prio das Misericordie italianas, das Obras de Miseric\u00f3rdia e da miss\u00e3o de spazio + spadoni e de OPERA M. Al\u00e9m disso, aprofundou alguns aspetos t\u00e9cnicos do projeto HIC SUM e as t\u00e9cnicas de primeiros socorros.<\/p>\n\n\n<\/div>\n\n\n<\/div>\n\n\n\n\n<div class=\"ss-timeline\">\n\n<h3 id=\"2021\" class=\"gb-text\">2021<\/h3>\n\n\n\n\n\n<div class=\"ss-timeline-item\">\n\n<h4 id=\"15-de-julho-partida-do-missionario-leigo\" class=\"gb-text\">15 de julho | Partida do mission\u00e1rio leigo<\/h4>\n\n\n\n\n<p class=\"wp-block-paragraph\">Lazzarino chega a Sago, na Costa do Marfim, \u00e0 comunidade das Sorelle di Santa Gemma<\/p>\n\n\n<\/div>\n\n\n\n\n<div class=\"ss-timeline-item\">\n\n<h4 id=\"07-de-outubro-regresso-do-missionario-leigo\" class=\"gb-text\">07 de outubro | Regresso do mission\u00e1rio leigo<\/h4>\n\n\n\n\n<p class=\"wp-block-paragraph\">Lazzarino regressa a It\u00e1lia<\/p>\n\n\n<\/div>\n\n\n<\/div>\n\n\n\n\n<div class=\"ss-timeline\">\n\n<h3 id=\"2024\" class=\"gb-text\">2024<\/h3>\n\n\n\n\n\n<div class=\"ss-timeline-item\">\n\n<h4 id=\"junho-lema-de-spazio-spadoni\" class=\"gb-text\">Junho | Lema de spazio + spadoni<\/h4>\n\n\n\n\n<p class=\"wp-block-paragraph\">A presen\u00e7a da Madre-Geral em Sago \u00e9 uma oportunidade d&#x27;apresentar aos membros de spazio + spadoni o lema do Movimento &quot;A miseric\u00f3rdia de Deus manifesta-se n&#x27;a\u00e7\u00e3o&#8230; Sempre!&quot;<\/p>\n\n\n<\/div>\n\n\n\n\n<div class=\"ss-timeline-item\">\n\n<h4 id=\"novembro-membros-de-spazio-spadoni\" class=\"gb-text\">Novembro | Membros de spazio + spadoni<\/h4>\n\n\n\n\n<p class=\"wp-block-paragraph\">Os membros de spazio + spadoni, juntamente com Selene, que se encontra em Sago durante um m\u00eas, re\u00fanem-se como todas as semanas e vivem as Obras de Miseric\u00f3rdia na aldeia atrav\u00e9s d&#x27;a\u00e7\u00f5es apost\u00f3licas<\/p>\n\n\n\n<figure class=\"wp-block-gallery has-nested-images columns-1 is-cropped ss-lightbox wp-block-gallery-2 is-layout-flex wp-block-gallery-is-layout-flex\">\n\n<figure class=\"wp-block-image size-large\"><img decoding=\"async\" src=\"https:\/\/spaziospadoni.org\/wp-content\/uploads\/2026\/05\/novembre_2024_costa_avorio_sago_apostolato_volontari_volontariato_opere_misericordia_suore_santa_gemma_spazio_spadoni-2-scaled.jpg\" alt=\"novembre 2024 costa avorio sago apostolato volontari volontariato opere misericordia suore santa gemma spazio spadoni 2 scaled\"\/><figcaption class=\"wp-element-caption\">Novembro | Membros de spazio + spadoni<\/figcaption><\/figure>\n\n<\/figure>\n\n\n<\/div>\n\n\n<\/div>\n\n\n\n\n<div class=\"ss-timeline\">\n\n<h3 id=\"2025\" class=\"gb-text\">2025<\/h3>\n\n\n\n\n\n<div class=\"ss-timeline-item\">\n\n<h4 id=\"07-de-janeiro-placa-de-spazio-spadoni\" class=\"gb-text\">07 de janeiro | Placa de spazio + spadoni<\/h4>\n\n\n\n\n<p class=\"wp-block-paragraph\">A coloca\u00e7\u00e3o da placa de OPERA M \u00e9 um sinal distintivo d&#x27;um compromisso da Congrega\u00e7\u00e3o e de todos os membros de spazio + spadoni em Sago de difundir as Obras de Miseric\u00f3rdia, dando-as a conhecer e praticando-as atrav\u00e9s d&#x27;a\u00e7\u00f5es apost\u00f3licas<\/p>\n\n\n\n<figure class=\"wp-block-gallery has-nested-images columns-1 is-cropped ss-lightbox wp-block-gallery-3 is-layout-flex wp-block-gallery-is-layout-flex\">\n\n<figure class=\"wp-block-image size-large\"><img decoding=\"async\" src=\"https:\/\/spaziospadoni.org\/wp-content\/uploads\/2026\/05\/2025_opere_misericordia_operam_spazio_spadoni_costa_avorio_targa.jpg\" alt=\"2025 opere misericordia operam spazio spadoni costa avorio targa\"\/><figcaption class=\"wp-element-caption\">07 de janeiro | Placa de spazio + spadoni<\/figcaption><\/figure>\n\n<\/figure>\n\n\n<\/div>\n\n\n<\/div>\n\n\n<\/div>\n\n\n\n<div class=\"ss-project-reports\">\n<h2 id=\"relatorios-sobre-as-obras-de-misericordia\" class=\"gb-text gb-text-75c3218d\">Relat\u00f3rios sobre as Obras de Miseric\u00f3rdia<\/h2>\n\n\n<ul class=\"wp-block-list ss-report-list\">\n\n<li><a href=\"https:\/\/spaziospadoni.org\/wp-content\/uploads\/2026\/05\/Spazio-Reale_suor-Hyacinthe_1.pdf\" target=\"_blank\" rel=\"noreferrer noopener\" title=\"Spazio Reale_suor Hyacinthe_1\">Spazio Reale_suor Hyacinthe_1<\/a><\/li>\n\n\n<li><a href=\"https:\/\/spaziospadoni.org\/wp-content\/uploads\/2026\/05\/Spazio-Reale_sr-Hyacinthe_OPERA-M-1.pdf\" target=\"_blank\" rel=\"noreferrer noopener\" title=\"Spazio Reale_sr Hyacinthe_OPERA M\">Spazio Reale_sr Hyacinthe_OPERA M<\/a><\/li>\n\n<\/ul>\n\n<\/div>\n\n\n\n<div class=\"ss-project-media\">\n<h2 id=\"fotos-e-videos\" class=\"gb-text gb-text-d7bd8be8\">Fotos e v\u00eddeos<\/h2>\n\n\n<div class=\"ss-media-filters\">\n\n<a class=\"gb-text ss-media-filter active\" data-filter=\"*\" title=\"Tudo\">Tudo<\/a>\n\n\n<a class=\"gb-text ss-media-filter\" data-filter=\".formazione\" title=\"Forma\u00e7\u00e3o\">Forma\u00e7\u00e3o<\/a>\n\n\n<a class=\"gb-text ss-media-filter\" data-filter=\".sago-costa-d-avorio\" title=\"Sago C\u00f4te d&#x27;Ivoire\">Sago C\u00f4te d&#x27;Ivoire<\/a>\n\n\n<a class=\"gb-text ss-media-filter\" data-filter=\".video\" title=\"V\u00eddeos\">V\u00eddeos<\/a>\n\n<\/div>\n\n\n<div class=\"ss-media-grid\">\n<div>\n<figure class=\"wp-block-gallery has-nested-images columns-1 is-cropped ss-lightbox wp-block-gallery-4 is-layout-flex wp-block-gallery-is-layout-flex\">\n\n<figure class=\"wp-block-image size-large formazione\"><img decoding=\"async\" alt=\"2020 novembre hic sum 9 lazzarino sorelle santa gemma misericordia marlia formazione pronto soccorso spazio spadoni 2 300x225\" src=\"https:\/\/spaziospadoni.org\/wp-content\/uploads\/2026\/05\/2020_novembre_hic_sum_9_lazzarino_sorelle_santa_gemma_misericordia_marlia_formazione_pronto_soccorso_spazio_spadoni-2-300x225.jpg\"\/><\/figure>\n\n\n<figure class=\"wp-block-image size-large formazione\"><img decoding=\"async\" alt=\"2020 novembre hic sum 9 lazzarino sorelle santa gemma misericordia marlia formazione pronto soccorso spazio spadoni 3 300x225\" src=\"https:\/\/spaziospadoni.org\/wp-content\/uploads\/2026\/05\/2020_novembre_hic_sum_9_lazzarino_sorelle_santa_gemma_misericordia_marlia_formazione_pronto_soccorso_spazio_spadoni-3-300x225.jpg\"\/><\/figure>\n\n\n<figure class=\"wp-block-image size-large formazione\"><img decoding=\"async\" alt=\"2020 novembre hic sum 9 lazzarino sorelle santa gemma misericordia marlia formazione pronto soccorso spazio spadoni 4 225x300\" src=\"https:\/\/spaziospadoni.org\/wp-content\/uploads\/2026\/05\/2020_novembre_hic_sum_9_lazzarino_sorelle_santa_gemma_misericordia_marlia_formazione_pronto_soccorso_spazio_spadoni-4-225x300.jpg\"\/><\/figure>\n\n\n<figure class=\"wp-block-image size-large formazione\"><img decoding=\"async\" alt=\"2020 novembre hic sum 9 lazzarino sorelle santa gemma misericordia pian coreglia formazione spazio spadoni 3 169x300\" src=\"https:\/\/spaziospadoni.org\/wp-content\/uploads\/2026\/05\/2020_novembre_hic_sum_9_lazzarino_sorelle_santa_gemma_misericordia_pian_coreglia_formazione_spazio_spadoni-3-169x300.jpg\"\/><\/figure>\n\n\n<figure class=\"wp-block-image size-large formazione\"><img decoding=\"async\" alt=\"2020 novembre hic sum 9 lazzarino sorelle santa gemma misericordia pian coreglia formazione spazio spadoni 4 300x169\" src=\"https:\/\/spaziospadoni.org\/wp-content\/uploads\/2026\/05\/2020_novembre_hic_sum_9_lazzarino_sorelle_santa_gemma_misericordia_pian_coreglia_formazione_spazio_spadoni-4-300x169.jpg\"\/><\/figure>\n\n\n<figure class=\"wp-block-image size-large formazione\"><img decoding=\"async\" alt=\"2020 novembre hic sum 9 lazzarino sorelle santa gemma misericordia pian coreglia formazione spazio spadoni 6 300x225\" src=\"https:\/\/spaziospadoni.org\/wp-content\/uploads\/2026\/05\/2020_novembre_hic_sum_9_lazzarino_sorelle_santa_gemma_misericordia_pian_coreglia_formazione_spazio_spadoni-6-300x225.jpg\"\/><\/figure>\n\n\n<figure class=\"wp-block-image size-large formazione\"><img decoding=\"async\" alt=\"2020 novembre hic sum 9 lazzarino sorelle santa gemma misericordia pian coreglia formazione spazio spadoni 7 300x225\" src=\"https:\/\/spaziospadoni.org\/wp-content\/uploads\/2026\/05\/2020_novembre_hic_sum_9_lazzarino_sorelle_santa_gemma_misericordia_pian_coreglia_formazione_spazio_spadoni-7-300x225.jpg\"\/><\/figure>\n\n\n<figure class=\"wp-block-image size-large formazione\"><img decoding=\"async\" alt=\"2021 italia sorelle santa gemma hic sum lazzarino spazio spadoni formazione 300x225\" src=\"https:\/\/spaziospadoni.org\/wp-content\/uploads\/2026\/05\/2021_italia_sorelle_santa_gemma_hic_sum_lazzarino_spazio_spadoni_formazione-300x225.jpg\"\/><\/figure>\n\n\n<figure class=\"wp-block-image size-large formazione\"><img decoding=\"async\" alt=\"2021 luglio hic sum 9 lazzarino sorelle santa gemma mandato missionario italia costa avorio spazio spadoni 1 300x225\" src=\"https:\/\/spaziospadoni.org\/wp-content\/uploads\/2026\/05\/2021_luglio_hic_sum_9_lazzarino_sorelle_santa_gemma_mandato_missionario_italia_costa_avorio_spazio_spadoni-1-300x225.jpg\"\/><\/figure>\n\n\n<figure class=\"wp-block-image size-large formazione\"><img decoding=\"async\" alt=\"2021 luglio hic sum 9 lazzarino sorelle santa gemma mandato missionario italia costa avorio spazio spadoni 2 225x300\" src=\"https:\/\/spaziospadoni.org\/wp-content\/uploads\/2026\/05\/2021_luglio_hic_sum_9_lazzarino_sorelle_santa_gemma_mandato_missionario_italia_costa_avorio_spazio_spadoni-2-225x300.jpg\"\/><\/figure>\n\n\n<figure class=\"wp-block-image size-large sago-costa-d-avorio\"><img decoding=\"async\" alt=\"formazione cioccolato costa avorio spazio spadoni 1 300x225\" src=\"https:\/\/spaziospadoni.org\/wp-content\/uploads\/2026\/05\/formazione_cioccolato_costa_avorio_spazio_spadoni-1-300x225.jpg\"\/><\/figure>\n\n\n<figure class=\"wp-block-image size-large sago-costa-d-avorio\"><img decoding=\"async\" alt=\"novembre 2024 costa avorio sago apostolato volontari volontariato opere misericordia suore santa gemma spazio spadoni 1 225x300\" src=\"https:\/\/spaziospadoni.org\/wp-content\/uploads\/2026\/05\/novembre_2024_costa_avorio_sago_apostolato_volontari_volontariato_opere_misericordia_suore_santa_gemma_spazio_spadoni-1-225x300.jpg\"\/><\/figure>\n\n\n<figure class=\"wp-block-image size-large sago-costa-d-avorio\"><img decoding=\"async\" alt=\"novembre 2024 costa avorio sago apostolato volontari volontariato opere misericordia suore santa gemma spazio spadoni 2 300x225\" src=\"https:\/\/spaziospadoni.org\/wp-content\/uploads\/2026\/05\/novembre_2024_costa_avorio_sago_apostolato_volontari_volontariato_opere_misericordia_suore_santa_gemma_spazio_spadoni-2-300x225.jpg\"\/><\/figure>\n\n\n<figure class=\"wp-block-image size-large sago-costa-d-avorio\"><img decoding=\"async\" alt=\"novembre 2024 costa avorio sago apostolato volontari volontariato opere misericordia suore santa gemma spazio spadoni 3 225x300\" src=\"https:\/\/spaziospadoni.org\/wp-content\/uploads\/2026\/05\/novembre_2024_costa_avorio_sago_apostolato_volontari_volontariato_opere_misericordia_suore_santa_gemma_spazio_spadoni-3-225x300.jpg\"\/><\/figure>\n\n\n<figure class=\"wp-block-image size-large sago-costa-d-avorio\"><img decoding=\"async\" alt=\"novembre 2024 costa avorio sago apostolato volontari volontariato opere misericordia suore santa gemma spazio spadoni 4 300x225\" src=\"https:\/\/spaziospadoni.org\/wp-content\/uploads\/2026\/05\/novembre_2024_costa_avorio_sago_apostolato_volontari_volontariato_opere_misericordia_suore_santa_gemma_spazio_spadoni-4-300x225.jpg\"\/><\/figure>\n\n\n<figure class=\"wp-block-image size-large sago-costa-d-avorio\"><img decoding=\"async\" alt=\"2025 opere misericordia operam spazio spadoni costa avorio targa 225x300\" src=\"https:\/\/spaziospadoni.org\/wp-content\/uploads\/2026\/05\/2025_opere_misericordia_operam_spazio_spadoni_costa_avorio_targa-225x300.jpg\"\/><\/figure>\n\n<\/figure>\n\n\n<div class=\"gb-element-b24bbf5e ss-media-videos\">\n\n<figure class=\"wp-block-video video\"><video controls=\"\" src=\"https:\/\/spaziospadoni.org\/wp-content\/uploads\/2026\/05\/giugno_2024_costa_avorio_sago_africa_operam_volontari_volontariato_spazio_spadoni_opere_misericordia.mp4\"><\/video><figcaption class=\"wp-element-caption\">giugno 2024 costa avorio sago africa operam volontari volontariato spazio spadoni opere misericordia<\/figcaption><\/figure>\n\n<\/div>\n\n<\/div>\n\n<\/div>\n\n<\/div>\n\n","protected":false},"excerpt":{"rendered":"<p>Sago | San P\u00e9dro (C\u00f4te d&#x27;Ivoire) OPERA M5 MISS\u00c3O Local Sago Diocese San P\u00e9dro Pa\u00eds Costa do Marfim Continente Africa Coordenadas GPS 4.94709 -6.08767 Fuso hor\u00e1rio UTC+0 ORGANIZADOR Congrega\u00e7\u00e3o Congregazione Missionaria Sorelle di Santa Gemma Casa-M\u00e3e Camigliano Santa Gemma (LU) Diocese Lucca Pa\u00eds It\u00e1lia Continente Europa Festa da Congrega\u00e7\u00e3o 26 de agosto Coordenadas GPS 43.86272 &#8230; <a title=\"Costa do Marfim &#8211; \u00c1frica | Projeto M5\" class=\"read-more\" href=\"https:\/\/spaziospadoni.org\/pt-pt\/opera-m\/costa-do-marfim-africa-projeto-m5\/\" aria-label=\"Read more about Costa do Marfim &#8211; \u00c1frica | Projeto M5\">Ler mais<\/a><\/p>\n","protected":false},"author":102,"featured_media":0,"parent":89582,"menu_order":0,"comment_status":"closed","ping_status":"closed","template":"","meta":{"_sitemap_exclude":false,"_sitemap_priority":"","_sitemap_frequency":"","footnotes":""},"class_list":["post-80167","page","type-page","status-publish","infinite-scroll-item"],"yoast_head":"<!-- This site is optimized with the Yoast SEO plugin v28.4 - https:\/\/yoast.com\/product\/yoast-seo-wordpress\/ -->\n<title>Costa do Marfim - \u00c1frica | Projeto M5 | Spazio Spadoni<\/title>\n<meta name=\"description\" content=\"Sago | San P\u00e9dro (C\u00f4te d&#x27;Ivoire) OPERA M5 MISS\u00c3O Local Sago Diocese San P\u00e9dro Pa\u00eds Costa do Marfim Continente Africa Coordenadas GPS 4.94709 -6.08767\" \/>\n<meta name=\"robots\" content=\"index, follow, max-snippet:-1, max-image-preview:large, max-video-preview:-1\" \/>\n<link rel=\"canonical\" href=\"https:\/\/spaziospadoni.org\/pt-pt\/opera-m\/costa-do-marfim-africa-projeto-m5\/\" \/>\n<meta property=\"og:locale\" content=\"pt_PT\" \/>\n<meta property=\"og:type\" content=\"article\" \/>\n<meta property=\"og:title\" content=\"Costa do Marfim - \u00c1frica | Projeto M5 | Spazio Spadoni\" \/>\n<meta property=\"og:description\" content=\"Sago | San P\u00e9dro (C\u00f4te d&#x27;Ivoire) OPERA M5 MISS\u00c3O Local Sago Diocese San P\u00e9dro Pa\u00eds Costa do Marfim Continente Africa Coordenadas GPS 4.94709 -6.08767\" \/>\n<meta property=\"og:url\" content=\"https:\/\/spaziospadoni.org\/pt-pt\/opera-m\/costa-do-marfim-africa-projeto-m5\/\" \/>\n<meta property=\"og:site_name\" content=\"spazio + spadoni\" \/>\n<meta property=\"article:publisher\" content=\"https:\/\/www.facebook.com\/SpazioSpadoni\/\" \/>\n<meta property=\"article:modified_time\" content=\"2026-07-30T09:47:44+00:00\" \/>\n<meta property=\"og:image\" content=\"https:\/\/spaziospadoni.org\/wp-content\/uploads\/2026\/05\/hicsum_1_congo-spaziospadoni-scaled.png\" \/>\n\t<meta property=\"og:image:width\" content=\"2560\" \/>\n\t<meta property=\"og:image:height\" content=\"1771\" \/>\n\t<meta property=\"og:image:type\" content=\"image\/png\" \/>\n<meta name=\"twitter:card\" content=\"summary_large_image\" \/>\n<meta name=\"twitter:label1\" content=\"Est. reading time\" \/>\n\t<meta name=\"twitter:data1\" content=\"8 minutes\" \/>\n<script type=\"application\/ld+json\" class=\"yoast-schema-graph\">{\"@context\":\"https:\\\/\\\/schema.org\",\"@graph\":[{\"@type\":\"WebPage\",\"@id\":\"https:\\\/\\\/spaziospadoni.org\\\/pt-pt\\\/opera-m\\\/costa-do-marfim-africa-projeto-m5\\\/\",\"url\":\"https:\\\/\\\/spaziospadoni.org\\\/pt-pt\\\/opera-m\\\/costa-do-marfim-africa-projeto-m5\\\/\",\"name\":\"Costa do Marfim - \u00c1frica | Projeto M5 | Spazio Spadoni\",\"isPartOf\":{\"@id\":\"https:\\\/\\\/spaziospadoni.org\\\/pt-pt\\\/#website\"},\"primaryImageOfPage\":{\"@id\":\"https:\\\/\\\/spaziospadoni.org\\\/pt-pt\\\/opera-m\\\/costa-do-marfim-africa-projeto-m5\\\/#primaryimage\"},\"image\":{\"@id\":\"https:\\\/\\\/spaziospadoni.org\\\/pt-pt\\\/opera-m\\\/costa-do-marfim-africa-projeto-m5\\\/#primaryimage\"},\"thumbnailUrl\":\"https:\\\/\\\/spaziospadoni.org\\\/wp-content\\\/uploads\\\/2026\\\/05\\\/hicsum_9_costa_davorio-spaziospadoni-scaled.png\",\"datePublished\":\"2026-05-18T10:30:38+00:00\",\"dateModified\":\"2026-07-30T09:47:44+00:00\",\"description\":\"Sago | San P\u00e9dro (C\u00f4te d&#x27;Ivoire) OPERA M5 MISS\u00c3O Local Sago Diocese San P\u00e9dro Pa\u00eds Costa do Marfim Continente Africa Coordenadas GPS 4.94709 -6.08767\",\"breadcrumb\":{\"@id\":\"https:\\\/\\\/spaziospadoni.org\\\/pt-pt\\\/opera-m\\\/costa-do-marfim-africa-projeto-m5\\\/#breadcrumb\"},\"inLanguage\":\"pt-PT\",\"potentialAction\":[{\"@type\":\"ReadAction\",\"target\":[\"https:\\\/\\\/spaziospadoni.org\\\/pt-pt\\\/opera-m\\\/costa-do-marfim-africa-projeto-m5\\\/\"]}]},{\"@type\":\"ImageObject\",\"inLanguage\":\"pt-PT\",\"@id\":\"https:\\\/\\\/spaziospadoni.org\\\/pt-pt\\\/opera-m\\\/costa-do-marfim-africa-projeto-m5\\\/#primaryimage\",\"url\":\"https:\\\/\\\/spaziospadoni.org\\\/wp-content\\\/uploads\\\/2026\\\/05\\\/hicsum_9_costa_davorio-spaziospadoni-scaled.png\",\"contentUrl\":\"https:\\\/\\\/spaziospadoni.org\\\/wp-content\\\/uploads\\\/2026\\\/05\\\/hicsum_9_costa_davorio-spaziospadoni-scaled.png\"},{\"@type\":\"BreadcrumbList\",\"@id\":\"https:\\\/\\\/spaziospadoni.org\\\/pt-pt\\\/opera-m\\\/costa-do-marfim-africa-projeto-m5\\\/#breadcrumb\",\"itemListElement\":[{\"@type\":\"ListItem\",\"position\":1,\"name\":\"Home\",\"item\":\"https:\\\/\\\/spaziospadoni.org\\\/pt-pt\\\/\"},{\"@type\":\"ListItem\",\"position\":2,\"name\":\"Obras de Miseric\u00f3rdia\",\"item\":\"https:\\\/\\\/spaziospadoni.org\\\/pt-pt\\\/obras-de-misericordia\\\/\"},{\"@type\":\"ListItem\",\"position\":3,\"name\":\"Costa do Marfim &#8211; \u00c1frica | Projeto M5\"}]},{\"@type\":\"WebSite\",\"@id\":\"https:\\\/\\\/spaziospadoni.org\\\/pt-pt\\\/#website\",\"url\":\"https:\\\/\\\/spaziospadoni.org\\\/pt-pt\\\/\",\"name\":\"spazio + spadoni\",\"description\":\"Generazione di misericordia e missione nel mondo\",\"publisher\":{\"@id\":\"https:\\\/\\\/spaziospadoni.org\\\/pt-pt\\\/#organization\"},\"alternateName\":\"spaziospadoni.org\",\"potentialAction\":[{\"@type\":\"SearchAction\",\"target\":{\"@type\":\"EntryPoint\",\"urlTemplate\":\"https:\\\/\\\/spaziospadoni.org\\\/pt-pt\\\/?s={search_term_string}\"},\"query-input\":{\"@type\":\"PropertyValueSpecification\",\"valueRequired\":true,\"valueName\":\"search_term_string\"}}],\"inLanguage\":\"pt-PT\"},{\"@type\":\"Organization\",\"@id\":\"https:\\\/\\\/spaziospadoni.org\\\/pt-pt\\\/#organization\",\"name\":\"spazio + spadoni\",\"alternateName\":\"spaziospadoni.org\",\"url\":\"https:\\\/\\\/spaziospadoni.org\\\/pt-pt\\\/\",\"logo\":{\"@type\":\"ImageObject\",\"inLanguage\":\"pt-PT\",\"@id\":\"https:\\\/\\\/spaziospadoni.org\\\/pt-pt\\\/#\\\/schema\\\/logo\\\/image\\\/\",\"url\":\"https:\\\/\\\/spaziospadoni.org\\\/wp-content\\\/uploads\\\/2026\\\/05\\\/spazio-spadoni-logo-100x100-1.webp\",\"contentUrl\":\"https:\\\/\\\/spaziospadoni.org\\\/wp-content\\\/uploads\\\/2026\\\/05\\\/spazio-spadoni-logo-100x100-1.webp\",\"width\":100,\"height\":100,\"caption\":\"spazio + spadoni\"},\"image\":{\"@id\":\"https:\\\/\\\/spaziospadoni.org\\\/pt-pt\\\/#\\\/schema\\\/logo\\\/image\\\/\"},\"sameAs\":[\"https:\\\/\\\/www.facebook.com\\\/SpazioSpadoni\\\/\",\"https:\\\/\\\/www.instagram.com\\\/spaziospadoni\\\/\",\"https:\\\/\\\/www.youtube.com\\\/@spaziospadoni\\\/playlists\"]}]}<\/script>\n<!-- \/ Yoast SEO plugin. -->","yoast_head_json":{"title":"Costa do Marfim - \u00c1frica | Projeto M5 | Spazio Spadoni","description":"Sago | San P\u00e9dro (C\u00f4te d&#x27;Ivoire) OPERA M5 MISS\u00c3O Local Sago Diocese San P\u00e9dro Pa\u00eds Costa do Marfim Continente Africa Coordenadas GPS 4.94709 -6.08767","robots":{"index":"index","follow":"follow","max-snippet":"max-snippet:-1","max-image-preview":"max-image-preview:large","max-video-preview":"max-video-preview:-1"},"canonical":"https:\/\/spaziospadoni.org\/pt-pt\/opera-m\/costa-do-marfim-africa-projeto-m5\/","og_locale":"pt_PT","og_type":"article","og_title":"Costa do Marfim - \u00c1frica | Projeto M5 | Spazio Spadoni","og_description":"Sago | San P\u00e9dro (C\u00f4te d&#x27;Ivoire) OPERA M5 MISS\u00c3O Local Sago Diocese San P\u00e9dro Pa\u00eds Costa do Marfim Continente Africa Coordenadas GPS 4.94709 -6.08767","og_url":"https:\/\/spaziospadoni.org\/pt-pt\/opera-m\/costa-do-marfim-africa-projeto-m5\/","og_site_name":"spazio + spadoni","article_publisher":"https:\/\/www.facebook.com\/SpazioSpadoni\/","article_modified_time":"2026-07-30T09:47:44+00:00","og_image":[{"width":2560,"height":1771,"url":"https:\/\/spaziospadoni.org\/wp-content\/uploads\/2026\/05\/hicsum_1_congo-spaziospadoni-scaled.png","type":"image\/png"}],"twitter_card":"summary_large_image","twitter_misc":{"Est. reading time":"8 minutes"},"schema":{"@context":"https:\/\/schema.org","@graph":[{"@type":"WebPage","@id":"https:\/\/spaziospadoni.org\/pt-pt\/opera-m\/costa-do-marfim-africa-projeto-m5\/","url":"https:\/\/spaziospadoni.org\/pt-pt\/opera-m\/costa-do-marfim-africa-projeto-m5\/","name":"Costa do Marfim - \u00c1frica | Projeto M5 | Spazio Spadoni","isPartOf":{"@id":"https:\/\/spaziospadoni.org\/pt-pt\/#website"},"primaryImageOfPage":{"@id":"https:\/\/spaziospadoni.org\/pt-pt\/opera-m\/costa-do-marfim-africa-projeto-m5\/#primaryimage"},"image":{"@id":"https:\/\/spaziospadoni.org\/pt-pt\/opera-m\/costa-do-marfim-africa-projeto-m5\/#primaryimage"},"thumbnailUrl":"https:\/\/spaziospadoni.org\/wp-content\/uploads\/2026\/05\/hicsum_9_costa_davorio-spaziospadoni-scaled.png","datePublished":"2026-05-18T10:30:38+00:00","dateModified":"2026-07-30T09:47:44+00:00","description":"Sago | San P\u00e9dro (C\u00f4te d&#x27;Ivoire) OPERA M5 MISS\u00c3O Local Sago Diocese San P\u00e9dro Pa\u00eds Costa do Marfim Continente Africa Coordenadas GPS 4.94709 -6.08767","breadcrumb":{"@id":"https:\/\/spaziospadoni.org\/pt-pt\/opera-m\/costa-do-marfim-africa-projeto-m5\/#breadcrumb"},"inLanguage":"pt-PT","potentialAction":[{"@type":"ReadAction","target":["https:\/\/spaziospadoni.org\/pt-pt\/opera-m\/costa-do-marfim-africa-projeto-m5\/"]}]},{"@type":"ImageObject","inLanguage":"pt-PT","@id":"https:\/\/spaziospadoni.org\/pt-pt\/opera-m\/costa-do-marfim-africa-projeto-m5\/#primaryimage","url":"https:\/\/spaziospadoni.org\/wp-content\/uploads\/2026\/05\/hicsum_9_costa_davorio-spaziospadoni-scaled.png","contentUrl":"https:\/\/spaziospadoni.org\/wp-content\/uploads\/2026\/05\/hicsum_9_costa_davorio-spaziospadoni-scaled.png"},{"@type":"BreadcrumbList","@id":"https:\/\/spaziospadoni.org\/pt-pt\/opera-m\/costa-do-marfim-africa-projeto-m5\/#breadcrumb","itemListElement":[{"@type":"ListItem","position":1,"name":"Home","item":"https:\/\/spaziospadoni.org\/pt-pt\/"},{"@type":"ListItem","position":2,"name":"Obras de Miseric\u00f3rdia","item":"https:\/\/spaziospadoni.org\/pt-pt\/obras-de-misericordia\/"},{"@type":"ListItem","position":3,"name":"Costa do Marfim &#8211; \u00c1frica | Projeto M5"}]},{"@type":"WebSite","@id":"https:\/\/spaziospadoni.org\/pt-pt\/#website","url":"https:\/\/spaziospadoni.org\/pt-pt\/","name":"spazio + spadoni","description":"Generazione di misericordia e missione nel mondo","publisher":{"@id":"https:\/\/spaziospadoni.org\/pt-pt\/#organization"},"alternateName":"spaziospadoni.org","potentialAction":[{"@type":"SearchAction","target":{"@type":"EntryPoint","urlTemplate":"https:\/\/spaziospadoni.org\/pt-pt\/?s={search_term_string}"},"query-input":{"@type":"PropertyValueSpecification","valueRequired":true,"valueName":"search_term_string"}}],"inLanguage":"pt-PT"},{"@type":"Organization","@id":"https:\/\/spaziospadoni.org\/pt-pt\/#organization","name":"spazio + spadoni","alternateName":"spaziospadoni.org","url":"https:\/\/spaziospadoni.org\/pt-pt\/","logo":{"@type":"ImageObject","inLanguage":"pt-PT","@id":"https:\/\/spaziospadoni.org\/pt-pt\/#\/schema\/logo\/image\/","url":"https:\/\/spaziospadoni.org\/wp-content\/uploads\/2026\/05\/spazio-spadoni-logo-100x100-1.webp","contentUrl":"https:\/\/spaziospadoni.org\/wp-content\/uploads\/2026\/05\/spazio-spadoni-logo-100x100-1.webp","width":100,"height":100,"caption":"spazio + spadoni"},"image":{"@id":"https:\/\/spaziospadoni.org\/pt-pt\/#\/schema\/logo\/image\/"},"sameAs":["https:\/\/www.facebook.com\/SpazioSpadoni\/","https:\/\/www.instagram.com\/spaziospadoni\/","https:\/\/www.youtube.com\/@spaziospadoni\/playlists"]}]}},"_links":{"self":[{"href":"https:\/\/spaziospadoni.org\/pt-pt\/wp-json\/wp\/v2\/pages\/80167","targetHints":{"allow":["GET"]}}],"collection":[{"href":"https:\/\/spaziospadoni.org\/pt-pt\/wp-json\/wp\/v2\/pages"}],"about":[{"href":"https:\/\/spaziospadoni.org\/pt-pt\/wp-json\/wp\/v2\/types\/page"}],"author":[{"embeddable":true,"href":"https:\/\/spaziospadoni.org\/pt-pt\/wp-json\/wp\/v2\/users\/102"}],"replies":[{"embeddable":true,"href":"https:\/\/spaziospadoni.org\/pt-pt\/wp-json\/wp\/v2\/comments?post=80167"}],"version-history":[{"count":0,"href":"https:\/\/spaziospadoni.org\/pt-pt\/wp-json\/wp\/v2\/pages\/80167\/revisions"}],"up":[{"embeddable":true,"href":"https:\/\/spaziospadoni.org\/pt-pt\/wp-json\/wp\/v2\/pages\/89582"}],"wp:attachment":[{"href":"https:\/\/spaziospadoni.org\/pt-pt\/wp-json\/wp\/v2\/media?parent=80167"}],"curies":[{"name":"wp","href":"https:\/\/api.w.org\/{rel}","templated":true}]}}