{"id":81111,"date":"2026-05-18T12:03:38","date_gmt":"2026-05-18T11:03:38","guid":{"rendered":"https:\/\/spaziospadoni.org\/obras-de-misericordia\/malawi-africa-progetto-m26\/"},"modified":"2026-07-30T14:04:33","modified_gmt":"2026-07-30T13:04:33","slug":"malaui-africa-projeto-m26","status":"publish","type":"page","link":"https:\/\/spaziospadoni.org\/pt-pt\/opera-m\/malaui-africa-projeto-m26\/","title":{"rendered":"Mal\u00e1ui &#8211; \u00c1frica | Projeto M26"},"content":{"rendered":"\n<div class=\"ss-project-hero-card\">\n<h2 id=\"dedza-dedza-malaui\" class=\"gb-text gb-text-62a95885\">Dedza | Dedza (Mal\u00e1ui)<\/h2>\n\n\n\n<div class=\"gb-element-f60f2409\">\n<div class=\"gb-element-90a85740 ss-project-sidebar\">\n<h2 id=\"opera-m26\" class=\"gb-text ss-project-title\">OPERA M26<\/h2>\n\n\n\n<figure class=\"wp-block-image size-large\"><img decoding=\"async\" src=\"https:\/\/spaziospadoni.org\/wp-content\/uploads\/2026\/05\/hicsum_23_malawi-spaziospadoni-2-scaled.png\" alt=\"HIC SUM 23 Mal\u00e1ui spaziospadoni 2 150x150\" class=\"wp-image-43007\"\/><\/figure>\n\n\n\n<div class=\"ss-project-table\">\n<div class=\"ss-table-section-title\">\n<h3 id=\"missao\" class=\"gb-text\">MISS\u00c3O<\/h3>\n<\/div>\n\n\n\n<div class=\"ss-table-row\">\n<p class=\"gb-text\">Local<\/p>\n\n\n\n<p class=\"gb-text\"><a href=\"https:\/\/www.google.com\/maps\/place\/Dedza,+Malawi\/@-14.38505,34.3037793,14z\/data=!3m1!4b1!4m6!3m5!1s0x19207d2b1f698a41:0x4f78b7eadb893ef!8m2!3d-14.3816618!4d34.3254842!16zL20vMDJ6djdu?entry=ttu&#038;g_ep=EgoyMDI2MDExOS4wIKXMDSoASAFQAw%3D%3D\" rel=\"noreferrer noopener\" target=\"_blank\" title=\"Dedza\">Dedza<\/a><\/p>\n<\/div>\n\n\n\n<div class=\"ss-table-row\">\n<p class=\"gb-text\">Diocese<\/p>\n\n\n\n<p class=\"gb-text\">Dedza<\/p>\n<\/div>\n\n\n\n<div class=\"ss-table-row\">\n<p class=\"gb-text\">Pa\u00eds<\/p>\n\n\n\n<p class=\"gb-text\"><strong>Mal\u00e1ui<\/strong><\/p>\n<\/div>\n\n\n\n<div class=\"ss-table-row\">\n<p class=\"gb-text\">Continente<\/p>\n\n\n\n<p class=\"gb-text\">\u00c1frica<\/p>\n<\/div>\n\n\n\n<div class=\"ss-table-row\">\n<p class=\"gb-text\">Coordenadas GPS<\/p>\n\n\n\n<p class=\"gb-text\">-14.38197 34.32502<\/p>\n<\/div>\n\n\n\n<div class=\"ss-table-row\">\n<p class=\"gb-text\">Fuso hor\u00e1rio<\/p>\n\n\n\n<p class=\"gb-text\">UTC+2<\/p>\n<\/div>\n<\/div>\n\n\n\n<div class=\"ss-project-table\">\n<div class=\"ss-table-section-title\">\n<h3 id=\"organizador\" class=\"gb-text\">ORGANIZADOR<\/h3>\n<\/div>\n\n\n\n<div class=\"ss-table-row\">\n<p class=\"gb-text\">Congrega\u00e7\u00e3o<\/p>\n\n\n\n<p class=\"gb-text\">Presentation of the Virgin Mary Sisters<\/p>\n<\/div>\n\n\n\n<div class=\"ss-table-row\">\n<p class=\"gb-text\">Casa-M\u00e3e<\/p>\n\n\n\n<p class=\"gb-text\">Dedza, Mal\u00e1ui<\/p>\n<\/div>\n\n\n\n<div class=\"ss-table-row\">\n<p class=\"gb-text\">Diocese<\/p>\n\n\n\n<p class=\"gb-text\">Dedza<\/p>\n<\/div>\n\n\n\n<div class=\"ss-table-row\">\n<p class=\"gb-text\">Pa\u00eds<\/p>\n\n\n\n<p class=\"gb-text\">Mal\u00e1ui<\/p>\n<\/div>\n\n\n\n<div class=\"ss-table-row\">\n<p class=\"gb-text\">Continente<\/p>\n\n\n\n<p class=\"gb-text\">\u00c1frica<\/p>\n<\/div>\n\n\n\n<div class=\"ss-table-row\">\n<p class=\"gb-text\">Festa da Congrega\u00e7\u00e3o<\/p>\n\n\n\n<p class=\"gb-text\">21 de novembro<\/p>\n<\/div>\n\n\n\n<div class=\"ss-table-row\">\n<p class=\"gb-text\">Coordenadas GPS<\/p>\n\n\n\n<p class=\"gb-text\">-14.37888 34.33407<\/p>\n<\/div>\n\n\n\n<div class=\"ss-table-row\">\n<p class=\"gb-text\">Fuso hor\u00e1rio<\/p>\n\n\n\n<p class=\"gb-text\">UTC+2<\/p>\n<\/div>\n\n\n\n<div class=\"ss-table-row\">\n<p class=\"gb-text\">Referente<\/p>\n\n\n\n<p class=\"gb-text\">Irm\u00e3 M. Blandina Kamba<\/p>\n<\/div>\n\n\n\n<div class=\"ss-table-row\">\n<p class=\"gb-text\">Superiora-Geral<\/p>\n\n\n\n<p class=\"gb-text\">Irm\u00e3 Florence Bande<\/p>\n<\/div>\n\n\n\n<div class=\"ss-table-row\">\n<p class=\"gb-text\">Site<\/p>\n\n\n\n<p class=\"gb-text\"><a href=\"https:\/\/www.suoresantagemma.it\/\" target=\"_blank\" rel=\"noreferrer noopener\" title=\"suoresantagemma.it\">suoresantagemma.it<\/a><\/p>\n<\/div>\n<\/div>\n\n\n\n<div class=\"ss-project-table\">\n<a class=\"gb-element-e1766596 ss-table-section-button\" href=\"#\" title=\"OPERA M &#8211; PROJETO M26\">\n<span class=\"gb-text\">OPERA M &#8211; PROJETO M26<\/span>\n<\/a>\n<\/div>\n<\/div>\n<\/div>\n\n\n\n<div class=\"gb-element-6ad95ea8\">\n<div class=\"gb-element-e34063a6 ss-project-intro\">\n<p class=\"wp-block-paragraph\">OPERA M \u00e9 a revolu\u00e7\u00e3o das obras de miseric\u00f3rdia. \u00c9 o instrumento permanente para desenvolver uma vis\u00e3o forte e renovada das obras no mundo.<\/p>\n\n\n\n<p class=\"wp-block-paragraph\">Nasce de uma necessidade urgente, fortemente sentida por spazio + spadoni, de re<strong>E<\/strong>volucionar o conceito de obra de miseric\u00f3rdia como um caminho que \u00e9 sempre simultaneamente humano e divino e, por isso, sempre espiritual, al\u00e9m de pr\u00e1tico (ou corporal). A redescoberta, ou melhor, a verdadeira re<strong>E<\/strong>volu\u00e7\u00e3o das obras deve ser reencontrada nesta s\u00edntese entre o aspeto espiritual e o ato pr\u00e1tico. A a\u00e7\u00e3o material deve ser sempre permeada pelo esp\u00edrito.<\/p>\n\n\n\n<p class=\"wp-block-paragraph\">OPERA M baseia-se em cinco a\u00e7\u00f5es que definem o seu m\u00e9todo: INVOCA, chama o Esp\u00edrito ESCUTA, faz sil\u00eancio para te abrires \u00e0 escuta ENCONTRA, permanece no meio das pessoas ATUEMOS, atuemos pelas obras INUNDEMOS, levemos todos \u00e0s Obras de Miseric\u00f3rdia <strong>Obras de Miseric\u00f3rdia espirituais<\/strong> Aconselhar os que duvidam Ensinar os ignorantes Advertir os pecadores Consolar os aflitos Perdoar as ofensas Suportar pacientemente as pessoas inc\u00f3modas Rezar a Deus pelos vivos e pelos mortos <strong>Obras de Miseric\u00f3rdia corporais<\/strong> Dar de comer a quem tem fome Dar de beber a quem tem sede Vestir os nus Acolher os peregrinos Visitar os doentes Visitar os presos Sepultar os mortos<\/p>\n\n<\/div>\n<\/div>\n\n\n\n\n<div>\n\n<h2 id=\"cronologia\" class=\"gb-text gb-text-8179e40a\">Cronologia<\/h2>\n\n\n\n\n\n<div class=\"ss-timeline\">\n\n<h3 id=\"2025\" class=\"gb-text\">2025<\/h3>\n\n\n\n\n\n<div class=\"ss-timeline-item\">\n\n<h4 id=\"10-de-fevereiro-inicio-da-relacao\" class=\"gb-text\">10 de fevereiro | In\u00edcio da rela\u00e7\u00e3o<\/h4>\n\n\n\n\n<p class=\"wp-block-paragraph\">A Congrega\u00e7\u00e3o apresenta um projeto para criar uma empresa social agroalimentar. A partir daqui, desenvolve-se o di\u00e1logo entre a Congrega\u00e7\u00e3o e spazio + spadoni.<\/p>\n\n\n<\/div>\n\n\n\n\n<div class=\"ss-timeline-item\">\n\n<h4 id=\"25-de-agosto-chegada-da-irma\" class=\"gb-text\">25 de agosto| Chegada da irm\u00e3<\/h4>\n\n\n\n\n<p class=\"wp-block-paragraph\">A irm\u00e3 Blandina chega a It\u00e1lia, acolhida por toda a equipa da Fondazione RSA Firenzuola, pelas Suore Stabilite nella Carit\u00e0 e por Claudio Corbatti, s\u00e9nior de spazio + spadoni<\/p>\n\n\n\n<figure class=\"wp-block-gallery has-nested-images columns-1 is-cropped ss-lightbox wp-block-gallery-1 is-layout-flex wp-block-gallery-is-layout-flex\">\n\n<figure class=\"wp-block-image size-large\"><img decoding=\"async\" src=\"https:\/\/spaziospadoni.org\/wp-content\/uploads\/2026\/05\/2025-agosto_25_suorBlandina_Malawi_arrivo_firenzuola_rsa_progetto_hic_sum_spazio_spadoni-3.jpeg\" alt=\"2025 agosto 25 Irm\u00e3 Blandina Mal\u00e1ui chegada firenzuola rsa projeto HIC SUM spazio spadoni 3\"\/><figcaption class=\"wp-element-caption\">25 de agosto| Chegada da irm\u00e3<\/figcaption><\/figure>\n\n\n<figure class=\"wp-block-image size-large\"><img decoding=\"async\" src=\"https:\/\/spaziospadoni.org\/wp-content\/uploads\/2026\/05\/2025-agosto_25_suorBlandina_Malawi_arrivo_firenzuola_rsa_progetto_hic_sum_spazio_spadoni-1.jpeg\" alt=\"2025 agosto 25 Irm\u00e3 Blandina Mal\u00e1ui chegada firenzuola rsa projeto HIC SUM spazio spadoni 1\"\/><figcaption class=\"wp-element-caption\">25 de agosto| Chegada da irm\u00e3<\/figcaption><\/figure>\n\n<\/figure>\n\n\n<\/div>\n\n\n\n\n<div class=\"ss-timeline-item\">\n\n<h4 id=\"04-de-setembro-visita-de-spazio-spadoni\" class=\"gb-text\">04 de setembro | Visita de spazio + spadoni<\/h4>\n\n\n\n\n<p class=\"wp-block-paragraph\">Luigi Spadoni visita a irm\u00e3 Blandina na comunidade de Firenzuola<\/p>\n\n\n\n<figure class=\"wp-block-gallery has-nested-images columns-1 is-cropped ss-lightbox wp-block-gallery-2 is-layout-flex wp-block-gallery-is-layout-flex\">\n\n<figure class=\"wp-block-image size-large\"><img decoding=\"async\" src=\"https:\/\/spaziospadoni.org\/wp-content\/uploads\/2026\/05\/2025_settembre_4_suor_Blandina_rsa_firenzuola_incontro_luigi_spadonispazio_opere_misericordia-6.jpg\" alt=\"2025 setembro 4 Irm\u00e3 Blandina rsa firenzuola encontro luigi Spadoni spazio Obras de Miseric\u00f3rdia 6\"\/><figcaption class=\"wp-element-caption\">04 de setembro | Visita de spazio + spadoni<\/figcaption><\/figure>\n\n<\/figure>\n\n\n<\/div>\n\n\n\n\n<div class=\"ss-timeline-item\">\n\n<h4 id=\"20-de-setembro-visita-de-spazio-spadoni\" class=\"gb-text\">20 de setembro | Visita de spazio + spadoni<\/h4>\n\n\n\n\n<p class=\"wp-block-paragraph\">Luigi Spadoni visita a irm\u00e3 Blandina na comunidade de Firenzuola<\/p>\n\n\n<\/div>\n\n\n\n\n<div class=\"ss-timeline-item\">\n\n<h4 id=\"2223-de-outubro-formacao-em-san-cerbone\" class=\"gb-text\">22-23 de outubro | Forma\u00e7\u00e3o em San Cerbone<\/h4>\n\n\n\n\n<p class=\"wp-block-paragraph\">Forma\u00e7\u00e3o t\u00e9cnica de spazio + spadoni sobre o projeto HIC SUM e o desenvolvimento das Obras de Miseric\u00f3rdia no Mal\u00e1ui, no Convento di San Cerbone (LU)<\/p>\n\n\n\n<figure class=\"wp-block-gallery has-nested-images columns-1 is-cropped ss-lightbox wp-block-gallery-3 is-layout-flex wp-block-gallery-is-layout-flex\">\n\n<figure class=\"wp-block-image size-large\"><img decoding=\"async\" src=\"https:\/\/spaziospadoni.org\/wp-content\/uploads\/2026\/05\/2025_ottobre_21_24_suor_blandina_san_cerbone_spazio_spadoni_progetto_hic_sum_formazione-6-scaled-1.jpg\" alt=\"2025 outubro 21 24 Irm\u00e3 Blandina san cerbone spazio spadoni projeto HIC SUM forma\u00e7\u00e3o 6 scaled\"\/><figcaption class=\"wp-element-caption\">22-23 de outubro | Forma\u00e7\u00e3o em San Cerbone<\/figcaption><\/figure>\n\n<\/figure>\n\n\n<\/div>\n\n\n\n\n<div class=\"ss-timeline-item\">\n\n<h4 id=\"26-de-outubro-jubileu-da-esperanca\" class=\"gb-text\">26 de outubro | Jubileu da Esperan\u00e7a<\/h4>\n\n\n\n\n<p class=\"wp-block-paragraph\">A irm\u00e3 Blandina atravessa a Porta Santa da Bas\u00edlica de S\u00e3o Pedro no ano do Jubileu da Esperan\u00e7a<\/p>\n\n\n\n<figure class=\"wp-block-gallery has-nested-images columns-1 is-cropped ss-lightbox wp-block-gallery-4 is-layout-flex wp-block-gallery-is-layout-flex\">\n\n<figure class=\"wp-block-image size-large\"><img decoding=\"async\" src=\"https:\/\/spaziospadoni.org\/wp-content\/uploads\/2026\/05\/2025_ottobre_25_26_suor_blandina_roma_porta_santa_giubileo_speranza-2.jpeg\" alt=\"2025 outubro 25 26 Irm\u00e3 Blandina roma Porta Santa Jubileu Esperan\u00e7a 2\"\/><figcaption class=\"wp-element-caption\">26 de outubro | Jubileu da Esperan\u00e7a<\/figcaption><\/figure>\n\n<\/figure>\n\n\n<\/div>\n\n\n\n\n<div class=\"ss-timeline-item\">\n\n<h4 id=\"08-de-novembro-partida-da-irma\" class=\"gb-text\">08 de novembro | Partida da irm\u00e3<\/h4>\n\n\n\n\n<p class=\"wp-block-paragraph\">A irm\u00e3 Blandina parte para regressar ao Mal\u00e1ui<\/p>\n\n\n\n<figure class=\"wp-block-gallery has-nested-images columns-1 is-cropped ss-lightbox wp-block-gallery-5 is-layout-flex wp-block-gallery-is-layout-flex\">\n\n<figure class=\"wp-block-image size-large\"><img decoding=\"async\" src=\"https:\/\/spaziospadoni.org\/wp-content\/uploads\/2026\/05\/2025_movembre_8_partenza_suor_blandina_spazio_spadoni_progetto_hic_sum_operam-3.jpeg\" alt=\"2025 novembro 8 partida Irm\u00e3 Blandina spazio spadoni projeto HIC SUM OPERA M 3\"\/><figcaption class=\"wp-element-caption\">08 de novembro | Partida da irm\u00e3<\/figcaption><\/figure>\n\n<\/figure>\n\n\n<\/div>\n\n\n\n\n<div class=\"ss-timeline-item\">\n\n<h4 id=\"31-de-dezembro-formacao-sobre-as-obras-de-misericordia\" class=\"gb-text\">31 de dezembro | Forma\u00e7\u00e3o sobre as Obras de Miseric\u00f3rdia<\/h4>\n\n\n\n\n<p class=\"wp-block-paragraph\">A irm\u00e3 Blandina encontra-se com as comunidades no Mal\u00e1ui para falar das Obras de Miseric\u00f3rdia<\/p>\n\n\n<\/div>\n\n\n<\/div>\n\n\n<\/div>\n\n\n\n<div class=\"ss-project-media\">\n<h2 id=\"fotos-e-videos\" class=\"gb-text gb-text-d7bd8be8\">Fotos e v\u00eddeos<\/h2>\n\n\n<div class=\"ss-media-filters\">\n\n<a class=\"gb-text ss-media-filter active\" data-filter=\"*\" title=\"Tudo\">Tudo<\/a>\n\n\n<a class=\"gb-text ss-media-filter\" data-filter=\".malawi\" title=\"Mal\u00e1ui\">Mal\u00e1ui<\/a>\n\n\n<a class=\"gb-text ss-media-filter\" data-filter=\".formazione\" title=\"Forma\u00e7\u00e3o\">Forma\u00e7\u00e3o<\/a>\n\n\n<a class=\"gb-text ss-media-filter\" data-filter=\".video\" title=\"V\u00eddeo\">V\u00eddeo<\/a>\n\n<\/div>\n\n\n<div class=\"ss-media-grid\">\n<div>\n<figure class=\"wp-block-gallery has-nested-images columns-1 is-cropped ss-lightbox wp-block-gallery-6 is-layout-flex wp-block-gallery-is-layout-flex\">\n\n<figure class=\"wp-block-image size-large malawi\"><img decoding=\"async\" alt=\"2025 fevereiro Irm\u00e3 Blandina Mal\u00e1ui projeto HIC SUM spazio spadoni 9 300x300\" src=\"https:\/\/spaziospadoni.org\/wp-content\/uploads\/2026\/05\/2025_febbraio_suor_blandina_malawi_progetto_hic_sum_spazio_spadoni-9-300x300.jpg\"\/><\/figure>\n\n\n<figure class=\"wp-block-image size-large malawi\"><img decoding=\"async\" alt=\"2025 fevereiro Irm\u00e3 Blandina Mal\u00e1ui projeto HIC SUM spazio spadoni 6 225x300\" src=\"https:\/\/spaziospadoni.org\/wp-content\/uploads\/2026\/05\/2025_febbraio_suor_blandina_malawi_progetto_hic_sum_spazio_spadoni-6-225x300.jpg\"\/><\/figure>\n\n\n<figure class=\"wp-block-image size-large malawi\"><img decoding=\"async\" alt=\"2025 fevereiro Irm\u00e3 Blandina Mal\u00e1ui projeto HIC SUM spazio spadoni 7 225x300\" src=\"https:\/\/spaziospadoni.org\/wp-content\/uploads\/2026\/05\/2025_febbraio_suor_blandina_malawi_progetto_hic_sum_spazio_spadoni-7-225x300.jpg\"\/><\/figure>\n\n\n<figure class=\"wp-block-image size-large malawi\"><img decoding=\"async\" alt=\"2025 fevereiro Irm\u00e3 Blandina Mal\u00e1ui projeto HIC SUM spazio spadoni 3 226x300\" src=\"https:\/\/spaziospadoni.org\/wp-content\/uploads\/2026\/05\/2025_febbraio_suor_blandina_malawi_progetto_hic_sum_spazio_spadoni-3-226x300.jpg\"\/><\/figure>\n\n\n<figure class=\"wp-block-image size-large malawi\"><img decoding=\"async\" alt=\"2025 agosto 25 Irm\u00e3 Blandina Mal\u00e1ui chegada firenzuola rsa projeto HIC SUM spazio spadoni 3\" src=\"https:\/\/spaziospadoni.org\/wp-content\/uploads\/2026\/05\/2025-agosto_25_suorBlandina_Malawi_arrivo_firenzuola_rsa_progetto_hic_sum_spazio_spadoni-3.jpeg\"\/><\/figure>\n\n\n<figure class=\"wp-block-image size-large malawi\"><img decoding=\"async\" alt=\"2025 agosto 25 Irm\u00e3 Blandina Mal\u00e1ui chegada firenzuola rsa projeto HIC SUM spazio spadoni 2\" src=\"https:\/\/spaziospadoni.org\/wp-content\/uploads\/2026\/05\/2025-agosto_25_suorBlandina_Malawi_arrivo_firenzuola_rsa_progetto_hic_sum_spazio_spadoni-2.jpeg\"\/><\/figure>\n\n\n<figure class=\"wp-block-image size-large malawi\"><img decoding=\"async\" alt=\"2025 agosto 25 Irm\u00e3 Blandina Mal\u00e1ui chegada firenzuola rsa projeto HIC SUM spazio spadoni 1\" src=\"https:\/\/spaziospadoni.org\/wp-content\/uploads\/2026\/05\/2025-agosto_25_suorBlandina_Malawi_arrivo_firenzuola_rsa_progetto_hic_sum_spazio_spadoni-1.jpeg\"\/><\/figure>\n\n\n<figure class=\"wp-block-image size-large formazione\"><img decoding=\"async\" alt=\"2025 setembro 4 Irm\u00e3 Blandina rsa firenzuola encontro luigi Spadoni spazio Obras de Miseric\u00f3rdia 6\" src=\"https:\/\/spaziospadoni.org\/wp-content\/uploads\/2026\/05\/2025_settembre_4_suor_Blandina_rsa_firenzuola_incontro_luigi_spadonispazio_opere_misericordia-6.jpg\"\/><\/figure>\n\n\n<figure class=\"wp-block-image size-large formazione\"><img decoding=\"async\" alt=\"2025 setembro 4 Irm\u00e3 Blandina rsa firenzuola encontro luigi Spadoni spazio Obras de Miseric\u00f3rdia 3\" src=\"https:\/\/spaziospadoni.org\/wp-content\/uploads\/2026\/05\/2025_settembre_4_suor_Blandina_rsa_firenzuola_incontro_luigi_spadonispazio_opere_misericordia-3.jpg\"\/><\/figure>\n\n\n<figure class=\"wp-block-image size-large formazione\"><img decoding=\"async\" alt=\"2025 setembro 4 Irm\u00e3 Blandina rsa firenzuola encontro luigi Spadoni spazio Obras de Miseric\u00f3rdia 7\" src=\"https:\/\/spaziospadoni.org\/wp-content\/uploads\/2026\/05\/2025_settembre_4_suor_Blandina_rsa_firenzuola_incontro_luigi_spadonispazio_opere_misericordia-7.jpg\"\/><\/figure>\n\n\n<figure class=\"wp-block-image size-large formazione\"><img decoding=\"async\" alt=\"2025 setembro 4 Irm\u00e3 Blandina rsa firenzuola encontro luigi Spadoni spazio Obras de Miseric\u00f3rdia 8\" src=\"https:\/\/spaziospadoni.org\/wp-content\/uploads\/2026\/05\/2025_settembre_4_suor_Blandina_rsa_firenzuola_incontro_luigi_spadonispazio_opere_misericordia-8.jpg\"\/><\/figure>\n\n\n<figure class=\"wp-block-image size-large formazione\"><img decoding=\"async\" alt=\"2025 outubro 14 Irm\u00e3 Blandina projeto HIC SUM spazio spadoni firenzuola 3\" src=\"https:\/\/spaziospadoni.org\/wp-content\/uploads\/2026\/05\/2025_ottobre_14_suor_blandina_progetto_huc_sum_spazio_spadoni_firenzuola-3.jpeg\"\/><\/figure>\n\n\n<figure class=\"wp-block-image size-large formazione\"><img decoding=\"async\" alt=\"2025 outubro 21 24 Irm\u00e3 Blandina san cerbone spazio spadoni projeto HIC SUM forma\u00e7\u00e3o 4 scaled\" src=\"https:\/\/spaziospadoni.org\/wp-content\/uploads\/2026\/05\/2025_ottobre_21_24_suor_blandina_san_cerbone_spazio_spadoni_progetto_hic_sum_formazione-4-scaled-1.jpg\"\/><\/figure>\n\n\n<figure class=\"wp-block-image size-large formazione\"><img decoding=\"async\" alt=\"2025 outubro 21 24 Irm\u00e3 Blandina san cerbone spazio spadoni projeto HIC SUM forma\u00e7\u00e3o 6 scaled\" src=\"https:\/\/spaziospadoni.org\/wp-content\/uploads\/2026\/05\/2025_ottobre_21_24_suor_blandina_san_cerbone_spazio_spadoni_progetto_hic_sum_formazione-6-scaled-1.jpg\"\/><\/figure>\n\n\n<figure class=\"wp-block-image size-large formazione\"><img decoding=\"async\" alt=\"2025 outubro 21 24 Irm\u00e3 Blandina san cerbone spazio spadoni projeto HIC SUM forma\u00e7\u00e3o 9 scaled\" src=\"https:\/\/spaziospadoni.org\/wp-content\/uploads\/2026\/05\/2025_ottobre_21_24_suor_blandina_san_cerbone_spazio_spadoni_progetto_hic_sum_formazione-9-scaled-1.jpg\"\/><\/figure>\n\n\n<figure class=\"wp-block-image size-large formazione\"><img decoding=\"async\" alt=\"2025 outubro 21 24 Irm\u00e3 Blandina san cerbone spazio spadoni projeto HIC SUM forma\u00e7\u00e3o 14 scaled\" src=\"https:\/\/spaziospadoni.org\/wp-content\/uploads\/2026\/05\/2025_ottobre_21_24_suor_blandina_san_cerbone_spazio_spadoni_progetto_hic_sum_formazione-14-scaled-1.jpg\"\/><\/figure>\n\n\n<figure class=\"wp-block-image size-large formazione\"><img decoding=\"async\" alt=\"2025 outubro 21 24 Irm\u00e3 Blandina san cerbone spazio spadoni projeto HIC SUM forma\u00e7\u00e3o 11 scaled\" src=\"https:\/\/spaziospadoni.org\/wp-content\/uploads\/2026\/05\/2025_ottobre_21_24_suor_blandina_san_cerbone_spazio_spadoni_progetto_hic_sum_formazione-11-scaled-1.jpg\"\/><\/figure>\n\n\n<figure class=\"wp-block-image size-large formazione\"><img decoding=\"async\" alt=\"2025 outubro 21 24 Irm\u00e3 Blandina san cerbone spazio spadoni projeto HIC SUM forma\u00e7\u00e3o 16 scaled\" src=\"https:\/\/spaziospadoni.org\/wp-content\/uploads\/2026\/05\/2025_ottobre_21_24_suor_blandina_san_cerbone_spazio_spadoni_progetto_hic_sum_formazione-16-scaled-1.jpg\"\/><\/figure>\n\n\n<figure class=\"wp-block-image size-large formazione\"><img decoding=\"async\" alt=\"2025 outubro 21 24 Irm\u00e3 Blandina san cerbone spazio spadoni projeto HIC SUM forma\u00e7\u00e3o 20 scaled\" src=\"https:\/\/spaziospadoni.org\/wp-content\/uploads\/2026\/05\/2025_ottobre_21_24_suor_blandina_san_cerbone_spazio_spadoni_progetto_hic_sum_formazione-20-scaled-1.jpg\"\/><\/figure>\n\n\n<figure class=\"wp-block-image size-large formazione\"><img decoding=\"async\" alt=\"2025 outubro 21 24 Irm\u00e3 Blandina san cerbone spazio spadoni projeto HIC SUM forma\u00e7\u00e3o 21 scaled\" src=\"https:\/\/spaziospadoni.org\/wp-content\/uploads\/2026\/05\/2025_ottobre_21_24_suor_blandina_san_cerbone_spazio_spadoni_progetto_hic_sum_formazione-21-scaled-1.jpg\"\/><\/figure>\n\n\n<figure class=\"wp-block-image size-large formazione\"><img decoding=\"async\" alt=\"2025 outubro 21 24 Irm\u00e3 Blandina san cerbone spazio spadoni projeto HIC SUM forma\u00e7\u00e3o 1 scaled\" src=\"https:\/\/spaziospadoni.org\/wp-content\/uploads\/2026\/05\/2025_ottobre_21_24_suor_blandina_san_cerbone_spazio_spadoni_progetto_hic_sum_formazione-1-scaled-1.jpg\"\/><\/figure>\n\n\n<figure class=\"wp-block-image size-large formazione\"><img decoding=\"async\" alt=\"2025 outubro 21 24 Irm\u00e3 Blandina san cerbone spazio spadoni projeto HIC SUM forma\u00e7\u00e3o 25 scaled\" src=\"https:\/\/spaziospadoni.org\/wp-content\/uploads\/2026\/05\/2025_ottobre_21_24_suor_blandina_san_cerbone_spazio_spadoni_progetto_hic_sum_formazione-25-scaled-1.jpg\"\/><\/figure>\n\n\n<figure class=\"wp-block-image size-large formazione\"><img decoding=\"async\" alt=\"2025 outubro 21 24 Irm\u00e3 Blandina san cerbone spazio spadoni projeto HIC SUM forma\u00e7\u00e3o 24 scaled\" src=\"https:\/\/spaziospadoni.org\/wp-content\/uploads\/2026\/05\/2025_ottobre_21_24_suor_blandina_san_cerbone_spazio_spadoni_progetto_hic_sum_formazione-24-scaled-1.jpg\"\/><\/figure>\n\n\n<figure class=\"wp-block-image size-large formazione\"><img decoding=\"async\" alt=\"2025 outubro 21 24 Irm\u00e3 Blandina san cerbone spazio spadoni projeto HIC SUM forma\u00e7\u00e3o 23 scaled\" src=\"https:\/\/spaziospadoni.org\/wp-content\/uploads\/2026\/05\/2025_ottobre_21_24_suor_blandina_san_cerbone_spazio_spadoni_progetto_hic_sum_formazione-23-scaled-1.jpg\"\/><\/figure>\n\n\n<figure class=\"wp-block-image size-large formazione\"><img decoding=\"async\" alt=\"2025 outubro 21 24 Irm\u00e3 Blandina san cerbone spazio spadoni projeto HIC SUM forma\u00e7\u00e3o 26 scaled\" src=\"https:\/\/spaziospadoni.org\/wp-content\/uploads\/2026\/05\/2025_ottobre_21_24_suor_blandina_san_cerbone_spazio_spadoni_progetto_hic_sum_formazione-26-scaled-1.jpg\"\/><\/figure>\n\n\n<figure class=\"wp-block-image size-large formazione\"><img decoding=\"async\" alt=\"2025 outubro 21 24 Irm\u00e3 Blandina san cerbone spazio spadoni projeto HIC SUM forma\u00e7\u00e3o 27 scaled\" src=\"https:\/\/spaziospadoni.org\/wp-content\/uploads\/2026\/05\/2025_ottobre_21_24_suor_blandina_san_cerbone_spazio_spadoni_progetto_hic_sum_formazione-27-scaled-1.jpg\"\/><\/figure>\n\n\n<figure class=\"wp-block-image size-large formazione\"><img decoding=\"async\" alt=\"2025 outubro 21 24 Irm\u00e3 Blandina san cerbone spazio spadoni projeto HIC SUM forma\u00e7\u00e3o 30 scaled\" src=\"https:\/\/spaziospadoni.org\/wp-content\/uploads\/2026\/05\/2025_ottobre_21_24_suor_blandina_san_cerbone_spazio_spadoni_progetto_hic_sum_formazione-30-scaled-1.jpg\"\/><\/figure>\n\n\n<figure class=\"wp-block-image size-large formazione\"><img decoding=\"async\" alt=\"2025 setembro 4 Irm\u00e3 Blandina rsa firenzuola encontro luigi Spadoni spazio Obras de Miseric\u00f3rdia 10\" src=\"https:\/\/spaziospadoni.org\/wp-content\/uploads\/2026\/05\/2025_settembre_4_suor_Blandina_rsa_firenzuola_incontro_luigi_spadonispazio_opere_misericordia-10.jpg\"\/><\/figure>\n\n\n<figure class=\"wp-block-image size-large formazione\"><img decoding=\"async\" alt=\"2025 setembro 4 Irm\u00e3 Blandina rsa firenzuola encontro luigi Spadoni spazio Obras de Miseric\u00f3rdia 11\" src=\"https:\/\/spaziospadoni.org\/wp-content\/uploads\/2026\/05\/2025_settembre_4_suor_Blandina_rsa_firenzuola_incontro_luigi_spadonispazio_opere_misericordia-11.jpg\"\/><\/figure>\n\n\n<figure class=\"wp-block-image size-large formazione\"><img decoding=\"async\" alt=\"2025 outubro 25 26 Irm\u00e3 Blandina roma Porta Santa Jubileu Esperan\u00e7a 8\" src=\"https:\/\/spaziospadoni.org\/wp-content\/uploads\/2026\/05\/2025_ottobre_25_26_suor_blandina_roma_porta_santa_giubileo_speranza-8.jpeg\"\/><\/figure>\n\n\n<figure class=\"wp-block-image size-large formazione\"><img decoding=\"async\" alt=\"2025 outubro 25 26 Irm\u00e3 Blandina roma Porta Santa Jubileu Esperan\u00e7a 2\" src=\"https:\/\/spaziospadoni.org\/wp-content\/uploads\/2026\/05\/2025_ottobre_25_26_suor_blandina_roma_porta_santa_giubileo_speranza-2.jpeg\"\/><\/figure>\n\n\n<figure class=\"wp-block-image size-large formazione\"><img decoding=\"async\" alt=\"2025 outubro 25 26 Irm\u00e3 Blandina roma Porta Santa Jubileu Esperan\u00e7a 9\" src=\"https:\/\/spaziospadoni.org\/wp-content\/uploads\/2026\/05\/2025_ottobre_25_26_suor_blandina_roma_porta_santa_giubileo_speranza-9.jpeg\"\/><\/figure>\n\n\n<figure class=\"wp-block-image size-large formazione\"><img decoding=\"async\" alt=\"2025 outubro 25 26 Irm\u00e3 Blandina roma Porta Santa Jubileu Esperan\u00e7a 4\" src=\"https:\/\/spaziospadoni.org\/wp-content\/uploads\/2026\/05\/2025_ottobre_25_26_suor_blandina_roma_porta_santa_giubileo_speranza-4.jpeg\"\/><\/figure>\n\n\n<figure class=\"wp-block-image size-large formazione\"><img decoding=\"async\" alt=\"2025 outubro 25 26 Irm\u00e3 Blandina roma Porta Santa Jubileu Esperan\u00e7a 3\" src=\"https:\/\/spaziospadoni.org\/wp-content\/uploads\/2026\/05\/2025_ottobre_25_26_suor_blandina_roma_porta_santa_giubileo_speranza-3.jpeg\"\/><\/figure>\n\n\n<figure class=\"wp-block-image size-large formazione\"><img decoding=\"async\" alt=\"2025 novembro 7 despedida Irm\u00e3 Blandina rsa firenzuola spazio spadoni projeto HIC SUM OPERA M len\u00e7o 3\" src=\"https:\/\/spaziospadoni.org\/wp-content\/uploads\/2026\/05\/2025_novembre_7_saluto_suor_blandina_rsa_firenzuola_spazio_spadoni_progetto_huic_sum_operam_foulard-3.jpeg\"\/><\/figure>\n\n\n<figure class=\"wp-block-image size-large formazione\"><img decoding=\"async\" alt=\"2025 novembro 7 despedida Irm\u00e3 Blandina rsa firenzuola spazio spadoni projeto HIC SUM OPERA M 2\" src=\"https:\/\/spaziospadoni.org\/wp-content\/uploads\/2026\/05\/2025_novembre_7_saluto_suor_blandina_rsa_firenzuola_spazio_spadoni_progetto_huic_sum_operam-2.jpeg\"\/><\/figure>\n\n\n<figure class=\"wp-block-image size-large malawi\"><img decoding=\"async\" alt=\"2025 novembro 8 partida Irm\u00e3 Blandina spazio spadoni projeto HIC SUM OPERA M 2\" src=\"https:\/\/spaziospadoni.org\/wp-content\/uploads\/2026\/05\/2025_movembre_8_partenza_suor_blandina_spazio_spadoni_progetto_hic_sum_operam-2.jpeg\"\/><\/figure>\n\n\n<figure class=\"wp-block-image size-large malawi\"><img decoding=\"async\" alt=\"2025 novembro 8 partida Irm\u00e3 Blandina spazio spadoni projeto HIC SUM OPERA M 1\" src=\"https:\/\/spaziospadoni.org\/wp-content\/uploads\/2026\/05\/2025_movembre_8_partenza_suor_blandina_spazio_spadoni_progetto_hic_sum_operam-1.jpeg\"\/><\/figure>\n\n\n<figure class=\"wp-block-image size-large malawi\"><img decoding=\"async\" alt=\"2025 dezembro Irm\u00e3 Blandina Mal\u00e1ui forma\u00e7\u00e3o Obras de Miseric\u00f3rdia spazio spadoni OPERA M 1\" src=\"https:\/\/spaziospadoni.org\/wp-content\/uploads\/2026\/05\/2025_dicembre_suor_blandina_malawi_formazione_opere_misericordia_spazio_spadoni_operam-1.jpeg\"\/><\/figure>\n\n\n<figure class=\"wp-block-image size-large malawi\"><img decoding=\"async\" alt=\"2025 dezembro Irm\u00e3 Blandina Mal\u00e1ui forma\u00e7\u00e3o Obras de Miseric\u00f3rdia spazio spadoni OPERA M 2\" src=\"https:\/\/spaziospadoni.org\/wp-content\/uploads\/2026\/05\/2025_dicembre_suor_blandina_malawi_formazione_opere_misericordia_spazio_spadoni_operam-2.jpeg\"\/><\/figure>\n\n\n<figure class=\"wp-block-image size-large malawi\"><img decoding=\"async\" alt=\"2025 dezembro Irm\u00e3 Blandina Mal\u00e1ui forma\u00e7\u00e3o Obras de Miseric\u00f3rdia spazio spadoni OPERA M 3\" src=\"https:\/\/spaziospadoni.org\/wp-content\/uploads\/2026\/05\/2025_dicembre_suor_blandina_malawi_formazione_opere_misericordia_spazio_spadoni_operam-3.jpeg\"\/><\/figure>\n\n\n<figure class=\"wp-block-image size-large malawi\"><img decoding=\"async\" alt=\"2025 dezembro Irm\u00e3 Blandina Mal\u00e1ui forma\u00e7\u00e3o Obras de Miseric\u00f3rdia spazio spadoni OPERA M 5\" src=\"https:\/\/spaziospadoni.org\/wp-content\/uploads\/2026\/05\/2025_dicembre_suor_blandina_malawi_formazione_opere_misericordia_spazio_spadoni_operam-5.jpeg\"\/><\/figure>\n\n<\/figure>\n\n\n<div class=\"gb-element-b24bbf5e ss-media-videos\">\n\n<figure class=\"wp-block-video video\"><video controls=\"\" src=\"https:\/\/spaziospadoni.org\/wp-content\/uploads\/2026\/05\/2023_marzo_san_giuseppe_suor_agnes_spiega_opere_misericordia.mp4\"><\/video><figcaption class=\"wp-element-caption\">2023 mar\u00e7o san giuseppe Irm\u00e3 Agnes explica Obras de Miseric\u00f3rdia<\/figcaption><\/figure>\n\n\n<figure class=\"wp-block-video video\"><video controls=\"\" src=\"https:\/\/spaziospadoni.org\/wp-content\/uploads\/2026\/05\/ottobre_2023_apostolato_ospedale_rwanda_opere_misericordia_operam_spazio_spadoni_suor_agnes.mp4\"><\/video><figcaption class=\"wp-element-caption\">outubro 2023 apostolado hospitalar Ruanda Obras de Miseric\u00f3rdia OPERA M spazio spadoni Irm\u00e3 Agnes<\/figcaption><\/figure>\n\n\n<figure class=\"wp-block-video video\"><video controls=\"\" src=\"https:\/\/spaziospadoni.org\/wp-content\/uploads\/2026\/05\/maggio_2025_apostolato_ospedale_operam_opere_misericordia_rwanda_suor_agnes_spazio_spadoni-2.mp4\"><\/video><figcaption class=\"wp-element-caption\">maio 2025 apostolado hospitalar OPERA M Obras de Miseric\u00f3rdia Ruanda Irm\u00e3 Agnes spazio spadoni 2<\/figcaption><\/figure>\n\n\n<figure class=\"wp-block-video video\"><video controls=\"\" src=\"https:\/\/spaziospadoni.org\/wp-content\/uploads\/2026\/05\/maggio_2025_apostolato_ospedale_operam_opere_misericordia_rwanda_suor_agnes_spazio_spadoni-1.mp4\"><\/video><figcaption class=\"wp-element-caption\">maio 2025 apostolado hospitalar OPERA M Obras de Miseric\u00f3rdia Ruanda Irm\u00e3 Agnes spazio spadoni 1<\/figcaption><\/figure>\n\n\n<figure class=\"wp-block-video video\"><video controls=\"\" src=\"https:\/\/spaziospadoni.org\/wp-content\/uploads\/2026\/05\/13.09.2025.mp4\"><\/video><figcaption class=\"wp-element-caption\">13.09.2025<\/figcaption><\/figure>\n\n\n<figure class=\"wp-block-video video\"><video controls=\"\" src=\"https:\/\/spaziospadoni.org\/wp-content\/uploads\/2026\/05\/2025_aprile_operam_opere_misericordia_spazio_spadoni_butare_ruanda_volontari.mp4\"><\/video><figcaption class=\"wp-element-caption\">2025 abril OPERA M Obras de Miseric\u00f3rdia spazio spadoni butare Ruanda volunt\u00e1rios<\/figcaption><\/figure>\n\n\n<figure class=\"wp-block-video video\"><video controls=\"\" src=\"https:\/\/spaziospadoni.org\/wp-content\/uploads\/2026\/05\/2025_ottobre_18_suor_agnes_esperance_rwanda_opere_misericordia_volontari_ospedale-1.mp4\"><\/video><figcaption class=\"wp-element-caption\">2025 outubro 18 Irm\u00e3 Agnes esperance Ruanda Obras de Miseric\u00f3rdia volunt\u00e1rios ospedale 1<\/figcaption><\/figure>\n\n<\/div>\n\n<\/div>\n\n<\/div>\n\n<\/div>\n\n","protected":false},"excerpt":{"rendered":"<p>Dedza | Dedza (Mal\u00e1ui) OPERA M26 MISS\u00c3O Local Dedza Diocese Dedza Pa\u00eds Mal\u00e1ui Continente \u00c1frica Coordenadas GPS -14.38197 34.32502 Fuso hor\u00e1rio UTC+2 ORGANIZADOR Congrega\u00e7\u00e3o Presentation of the Virgin Mary Sisters Casa-M\u00e3e Dedza, Mal\u00e1ui Diocese Dedza Pa\u00eds Mal\u00e1ui Continente \u00c1frica Festa da Congrega\u00e7\u00e3o 21 de novembro Coordenadas GPS -14.37888 34.33407 Fuso hor\u00e1rio UTC+2 Referente Irm\u00e3 M. &#8230; <a title=\"Mal\u00e1ui &#8211; \u00c1frica | Projeto M26\" class=\"read-more\" href=\"https:\/\/spaziospadoni.org\/pt-pt\/opera-m\/malaui-africa-projeto-m26\/\" aria-label=\"Read more about Mal\u00e1ui &#8211; \u00c1frica | Projeto M26\">Ler mais<\/a><\/p>\n","protected":false},"author":102,"featured_media":0,"parent":89582,"menu_order":0,"comment_status":"closed","ping_status":"closed","template":"","meta":{"_sitemap_exclude":false,"_sitemap_priority":"","_sitemap_frequency":"","footnotes":""},"class_list":["post-81111","page","type-page","status-publish","infinite-scroll-item"],"yoast_head":"<!-- This site is optimized with the Yoast SEO plugin v28.4 - https:\/\/yoast.com\/product\/yoast-seo-wordpress\/ -->\n<title>Mal\u00e1ui - \u00c1frica | Projeto M26 | Spazio Spadoni<\/title>\n<meta name=\"description\" content=\"Dedza | Dedza (Mal\u00e1ui) OPERA M26 MISS\u00c3O Local Dedza Diocese Dedza Pa\u00eds Mal\u00e1ui Continente \u00c1frica Coordenadas GPS -14.38197 34.32502 Fuso hor\u00e1rio UTC+2\" \/>\n<meta name=\"robots\" content=\"index, follow, max-snippet:-1, max-image-preview:large, max-video-preview:-1\" \/>\n<link rel=\"canonical\" href=\"https:\/\/spaziospadoni.org\/pt-pt\/opera-m\/malaui-africa-projeto-m26\/\" \/>\n<meta property=\"og:locale\" content=\"pt_PT\" \/>\n<meta property=\"og:type\" content=\"article\" \/>\n<meta property=\"og:title\" content=\"Mal\u00e1ui - \u00c1frica | Projeto M26 | Spazio Spadoni\" \/>\n<meta property=\"og:description\" content=\"Dedza | Dedza (Mal\u00e1ui) OPERA M26 MISS\u00c3O Local Dedza Diocese Dedza Pa\u00eds Mal\u00e1ui Continente \u00c1frica Coordenadas GPS -14.38197 34.32502 Fuso hor\u00e1rio UTC+2\" \/>\n<meta property=\"og:url\" content=\"https:\/\/spaziospadoni.org\/pt-pt\/opera-m\/malaui-africa-projeto-m26\/\" \/>\n<meta property=\"og:site_name\" content=\"spazio + spadoni\" \/>\n<meta property=\"article:publisher\" content=\"https:\/\/www.facebook.com\/SpazioSpadoni\/\" \/>\n<meta property=\"article:modified_time\" content=\"2026-07-30T13:04:33+00:00\" \/>\n<meta property=\"og:image\" content=\"https:\/\/spaziospadoni.org\/wp-content\/uploads\/2026\/05\/hicsum_1_congo-spaziospadoni-scaled.png\" \/>\n\t<meta property=\"og:image:width\" content=\"2560\" \/>\n\t<meta property=\"og:image:height\" content=\"1771\" \/>\n\t<meta property=\"og:image:type\" content=\"image\/png\" \/>\n<meta name=\"twitter:card\" content=\"summary_large_image\" \/>\n<meta name=\"twitter:label1\" content=\"Est. reading time\" \/>\n\t<meta name=\"twitter:data1\" content=\"13 minutes\" \/>\n<script type=\"application\/ld+json\" class=\"yoast-schema-graph\">{\"@context\":\"https:\\\/\\\/schema.org\",\"@graph\":[{\"@type\":\"WebPage\",\"@id\":\"https:\\\/\\\/spaziospadoni.org\\\/pt-pt\\\/opera-m\\\/malaui-africa-projeto-m26\\\/\",\"url\":\"https:\\\/\\\/spaziospadoni.org\\\/pt-pt\\\/opera-m\\\/malaui-africa-projeto-m26\\\/\",\"name\":\"Mal\u00e1ui - \u00c1frica | Projeto M26 | Spazio Spadoni\",\"isPartOf\":{\"@id\":\"https:\\\/\\\/spaziospadoni.org\\\/pt-pt\\\/#website\"},\"primaryImageOfPage\":{\"@id\":\"https:\\\/\\\/spaziospadoni.org\\\/pt-pt\\\/opera-m\\\/malaui-africa-projeto-m26\\\/#primaryimage\"},\"image\":{\"@id\":\"https:\\\/\\\/spaziospadoni.org\\\/pt-pt\\\/opera-m\\\/malaui-africa-projeto-m26\\\/#primaryimage\"},\"thumbnailUrl\":\"https:\\\/\\\/spaziospadoni.org\\\/wp-content\\\/uploads\\\/2026\\\/05\\\/hicsum_23_malawi-spaziospadoni-2-scaled.png\",\"datePublished\":\"2026-05-18T11:03:38+00:00\",\"dateModified\":\"2026-07-30T13:04:33+00:00\",\"description\":\"Dedza | Dedza (Mal\u00e1ui) OPERA M26 MISS\u00c3O Local Dedza Diocese Dedza Pa\u00eds Mal\u00e1ui Continente \u00c1frica Coordenadas GPS -14.38197 34.32502 Fuso hor\u00e1rio UTC+2\",\"breadcrumb\":{\"@id\":\"https:\\\/\\\/spaziospadoni.org\\\/pt-pt\\\/opera-m\\\/malaui-africa-projeto-m26\\\/#breadcrumb\"},\"inLanguage\":\"pt-PT\",\"potentialAction\":[{\"@type\":\"ReadAction\",\"target\":[\"https:\\\/\\\/spaziospadoni.org\\\/pt-pt\\\/opera-m\\\/malaui-africa-projeto-m26\\\/\"]}]},{\"@type\":\"ImageObject\",\"inLanguage\":\"pt-PT\",\"@id\":\"https:\\\/\\\/spaziospadoni.org\\\/pt-pt\\\/opera-m\\\/malaui-africa-projeto-m26\\\/#primaryimage\",\"url\":\"https:\\\/\\\/spaziospadoni.org\\\/wp-content\\\/uploads\\\/2026\\\/05\\\/hicsum_23_malawi-spaziospadoni-2-scaled.png\",\"contentUrl\":\"https:\\\/\\\/spaziospadoni.org\\\/wp-content\\\/uploads\\\/2026\\\/05\\\/hicsum_23_malawi-spaziospadoni-2-scaled.png\"},{\"@type\":\"BreadcrumbList\",\"@id\":\"https:\\\/\\\/spaziospadoni.org\\\/pt-pt\\\/opera-m\\\/malaui-africa-projeto-m26\\\/#breadcrumb\",\"itemListElement\":[{\"@type\":\"ListItem\",\"position\":1,\"name\":\"Home\",\"item\":\"https:\\\/\\\/spaziospadoni.org\\\/pt-pt\\\/\"},{\"@type\":\"ListItem\",\"position\":2,\"name\":\"Obras de Miseric\u00f3rdia\",\"item\":\"https:\\\/\\\/spaziospadoni.org\\\/pt-pt\\\/obras-de-misericordia\\\/\"},{\"@type\":\"ListItem\",\"position\":3,\"name\":\"Mal\u00e1ui &#8211; \u00c1frica | Projeto M26\"}]},{\"@type\":\"WebSite\",\"@id\":\"https:\\\/\\\/spaziospadoni.org\\\/pt-pt\\\/#website\",\"url\":\"https:\\\/\\\/spaziospadoni.org\\\/pt-pt\\\/\",\"name\":\"spazio + spadoni\",\"description\":\"Generazione di misericordia e missione nel mondo\",\"publisher\":{\"@id\":\"https:\\\/\\\/spaziospadoni.org\\\/pt-pt\\\/#organization\"},\"alternateName\":\"spaziospadoni.org\",\"potentialAction\":[{\"@type\":\"SearchAction\",\"target\":{\"@type\":\"EntryPoint\",\"urlTemplate\":\"https:\\\/\\\/spaziospadoni.org\\\/pt-pt\\\/?s={search_term_string}\"},\"query-input\":{\"@type\":\"PropertyValueSpecification\",\"valueRequired\":true,\"valueName\":\"search_term_string\"}}],\"inLanguage\":\"pt-PT\"},{\"@type\":\"Organization\",\"@id\":\"https:\\\/\\\/spaziospadoni.org\\\/pt-pt\\\/#organization\",\"name\":\"spazio + spadoni\",\"alternateName\":\"spaziospadoni.org\",\"url\":\"https:\\\/\\\/spaziospadoni.org\\\/pt-pt\\\/\",\"logo\":{\"@type\":\"ImageObject\",\"inLanguage\":\"pt-PT\",\"@id\":\"https:\\\/\\\/spaziospadoni.org\\\/pt-pt\\\/#\\\/schema\\\/logo\\\/image\\\/\",\"url\":\"https:\\\/\\\/spaziospadoni.org\\\/wp-content\\\/uploads\\\/2026\\\/05\\\/spazio-spadoni-logo-100x100-1.webp\",\"contentUrl\":\"https:\\\/\\\/spaziospadoni.org\\\/wp-content\\\/uploads\\\/2026\\\/05\\\/spazio-spadoni-logo-100x100-1.webp\",\"width\":100,\"height\":100,\"caption\":\"spazio + spadoni\"},\"image\":{\"@id\":\"https:\\\/\\\/spaziospadoni.org\\\/pt-pt\\\/#\\\/schema\\\/logo\\\/image\\\/\"},\"sameAs\":[\"https:\\\/\\\/www.facebook.com\\\/SpazioSpadoni\\\/\",\"https:\\\/\\\/www.instagram.com\\\/spaziospadoni\\\/\",\"https:\\\/\\\/www.youtube.com\\\/@spaziospadoni\\\/playlists\"]}]}<\/script>\n<!-- \/ Yoast SEO plugin. -->","yoast_head_json":{"title":"Mal\u00e1ui - \u00c1frica | Projeto M26 | Spazio Spadoni","description":"Dedza | Dedza (Mal\u00e1ui) OPERA M26 MISS\u00c3O Local Dedza Diocese Dedza Pa\u00eds Mal\u00e1ui Continente \u00c1frica Coordenadas GPS -14.38197 34.32502 Fuso hor\u00e1rio UTC+2","robots":{"index":"index","follow":"follow","max-snippet":"max-snippet:-1","max-image-preview":"max-image-preview:large","max-video-preview":"max-video-preview:-1"},"canonical":"https:\/\/spaziospadoni.org\/pt-pt\/opera-m\/malaui-africa-projeto-m26\/","og_locale":"pt_PT","og_type":"article","og_title":"Mal\u00e1ui - \u00c1frica | Projeto M26 | Spazio Spadoni","og_description":"Dedza | Dedza (Mal\u00e1ui) OPERA M26 MISS\u00c3O Local Dedza Diocese Dedza Pa\u00eds Mal\u00e1ui Continente \u00c1frica Coordenadas GPS -14.38197 34.32502 Fuso hor\u00e1rio UTC+2","og_url":"https:\/\/spaziospadoni.org\/pt-pt\/opera-m\/malaui-africa-projeto-m26\/","og_site_name":"spazio + spadoni","article_publisher":"https:\/\/www.facebook.com\/SpazioSpadoni\/","article_modified_time":"2026-07-30T13:04:33+00:00","og_image":[{"width":2560,"height":1771,"url":"https:\/\/spaziospadoni.org\/wp-content\/uploads\/2026\/05\/hicsum_1_congo-spaziospadoni-scaled.png","type":"image\/png"}],"twitter_card":"summary_large_image","twitter_misc":{"Est. reading time":"13 minutes"},"schema":{"@context":"https:\/\/schema.org","@graph":[{"@type":"WebPage","@id":"https:\/\/spaziospadoni.org\/pt-pt\/opera-m\/malaui-africa-projeto-m26\/","url":"https:\/\/spaziospadoni.org\/pt-pt\/opera-m\/malaui-africa-projeto-m26\/","name":"Mal\u00e1ui - \u00c1frica | Projeto M26 | Spazio Spadoni","isPartOf":{"@id":"https:\/\/spaziospadoni.org\/pt-pt\/#website"},"primaryImageOfPage":{"@id":"https:\/\/spaziospadoni.org\/pt-pt\/opera-m\/malaui-africa-projeto-m26\/#primaryimage"},"image":{"@id":"https:\/\/spaziospadoni.org\/pt-pt\/opera-m\/malaui-africa-projeto-m26\/#primaryimage"},"thumbnailUrl":"https:\/\/spaziospadoni.org\/wp-content\/uploads\/2026\/05\/hicsum_23_malawi-spaziospadoni-2-scaled.png","datePublished":"2026-05-18T11:03:38+00:00","dateModified":"2026-07-30T13:04:33+00:00","description":"Dedza | Dedza (Mal\u00e1ui) OPERA M26 MISS\u00c3O Local Dedza Diocese Dedza Pa\u00eds Mal\u00e1ui Continente \u00c1frica Coordenadas GPS -14.38197 34.32502 Fuso hor\u00e1rio UTC+2","breadcrumb":{"@id":"https:\/\/spaziospadoni.org\/pt-pt\/opera-m\/malaui-africa-projeto-m26\/#breadcrumb"},"inLanguage":"pt-PT","potentialAction":[{"@type":"ReadAction","target":["https:\/\/spaziospadoni.org\/pt-pt\/opera-m\/malaui-africa-projeto-m26\/"]}]},{"@type":"ImageObject","inLanguage":"pt-PT","@id":"https:\/\/spaziospadoni.org\/pt-pt\/opera-m\/malaui-africa-projeto-m26\/#primaryimage","url":"https:\/\/spaziospadoni.org\/wp-content\/uploads\/2026\/05\/hicsum_23_malawi-spaziospadoni-2-scaled.png","contentUrl":"https:\/\/spaziospadoni.org\/wp-content\/uploads\/2026\/05\/hicsum_23_malawi-spaziospadoni-2-scaled.png"},{"@type":"BreadcrumbList","@id":"https:\/\/spaziospadoni.org\/pt-pt\/opera-m\/malaui-africa-projeto-m26\/#breadcrumb","itemListElement":[{"@type":"ListItem","position":1,"name":"Home","item":"https:\/\/spaziospadoni.org\/pt-pt\/"},{"@type":"ListItem","position":2,"name":"Obras de Miseric\u00f3rdia","item":"https:\/\/spaziospadoni.org\/pt-pt\/obras-de-misericordia\/"},{"@type":"ListItem","position":3,"name":"Mal\u00e1ui &#8211; \u00c1frica | Projeto M26"}]},{"@type":"WebSite","@id":"https:\/\/spaziospadoni.org\/pt-pt\/#website","url":"https:\/\/spaziospadoni.org\/pt-pt\/","name":"spazio + spadoni","description":"Generazione di misericordia e missione nel mondo","publisher":{"@id":"https:\/\/spaziospadoni.org\/pt-pt\/#organization"},"alternateName":"spaziospadoni.org","potentialAction":[{"@type":"SearchAction","target":{"@type":"EntryPoint","urlTemplate":"https:\/\/spaziospadoni.org\/pt-pt\/?s={search_term_string}"},"query-input":{"@type":"PropertyValueSpecification","valueRequired":true,"valueName":"search_term_string"}}],"inLanguage":"pt-PT"},{"@type":"Organization","@id":"https:\/\/spaziospadoni.org\/pt-pt\/#organization","name":"spazio + spadoni","alternateName":"spaziospadoni.org","url":"https:\/\/spaziospadoni.org\/pt-pt\/","logo":{"@type":"ImageObject","inLanguage":"pt-PT","@id":"https:\/\/spaziospadoni.org\/pt-pt\/#\/schema\/logo\/image\/","url":"https:\/\/spaziospadoni.org\/wp-content\/uploads\/2026\/05\/spazio-spadoni-logo-100x100-1.webp","contentUrl":"https:\/\/spaziospadoni.org\/wp-content\/uploads\/2026\/05\/spazio-spadoni-logo-100x100-1.webp","width":100,"height":100,"caption":"spazio + spadoni"},"image":{"@id":"https:\/\/spaziospadoni.org\/pt-pt\/#\/schema\/logo\/image\/"},"sameAs":["https:\/\/www.facebook.com\/SpazioSpadoni\/","https:\/\/www.instagram.com\/spaziospadoni\/","https:\/\/www.youtube.com\/@spaziospadoni\/playlists"]}]}},"_links":{"self":[{"href":"https:\/\/spaziospadoni.org\/pt-pt\/wp-json\/wp\/v2\/pages\/81111","targetHints":{"allow":["GET"]}}],"collection":[{"href":"https:\/\/spaziospadoni.org\/pt-pt\/wp-json\/wp\/v2\/pages"}],"about":[{"href":"https:\/\/spaziospadoni.org\/pt-pt\/wp-json\/wp\/v2\/types\/page"}],"author":[{"embeddable":true,"href":"https:\/\/spaziospadoni.org\/pt-pt\/wp-json\/wp\/v2\/users\/102"}],"replies":[{"embeddable":true,"href":"https:\/\/spaziospadoni.org\/pt-pt\/wp-json\/wp\/v2\/comments?post=81111"}],"version-history":[{"count":0,"href":"https:\/\/spaziospadoni.org\/pt-pt\/wp-json\/wp\/v2\/pages\/81111\/revisions"}],"up":[{"embeddable":true,"href":"https:\/\/spaziospadoni.org\/pt-pt\/wp-json\/wp\/v2\/pages\/89582"}],"wp:attachment":[{"href":"https:\/\/spaziospadoni.org\/pt-pt\/wp-json\/wp\/v2\/media?parent=81111"}],"curies":[{"name":"wp","href":"https:\/\/api.w.org\/{rel}","templated":true}]}}