{"id":81370,"date":"2026-05-18T12:15:26","date_gmt":"2026-05-18T11:15:26","guid":{"rendered":"https:\/\/spaziospadoni.org\/obras-de-misericordia\/messico-america-progetto-m11\/"},"modified":"2026-07-30T14:36:47","modified_gmt":"2026-07-30T13:36:47","slug":"mexico-america-projeto-m11","status":"publish","type":"page","link":"https:\/\/spaziospadoni.org\/pt-pt\/opera-m\/mexico-america-projeto-m11\/","title":{"rendered":"M\u00e9xico &#8211; Am\u00e9rica | Projeto M11"},"content":{"rendered":"\n<div class=\"ss-project-hero-card\">\n<h2 id=\"puebla-puebla-mexico\" class=\"gb-text gb-text-62a95885\">Puebla | Puebla (M\u00e9xico)<\/h2>\n\n\n\n<div class=\"gb-element-f60f2409\">\n<div class=\"gb-element-90a85740 ss-project-sidebar\">\n<h2 id=\"opera-m11\" class=\"gb-text ss-project-title\">OPERA M11<\/h2>\n\n\n\n<figure class=\"wp-block-image size-large\"><img decoding=\"async\" src=\"https:\/\/spaziospadoni.org\/wp-content\/uploads\/2026\/05\/hicsum_20_messico-spaziospadoni.png\" alt=\"HIC SUM 20 M\u00e9xico spaziospadoni\" class=\"wp-image-43007\"\/><\/figure>\n\n\n\n<div class=\"ss-project-table\">\n<div class=\"ss-table-section-title\">\n<h3 id=\"missao\" class=\"gb-text\">MISS\u00c3O<\/h3>\n<\/div>\n\n\n\n<div class=\"ss-table-row\">\n<p class=\"gb-text\">Local<\/p>\n\n\n\n<p class=\"gb-text\"><a href=\"https:\/\/www.google.it\/maps\/place\/Puebla,+Messico\/@19.0401912,-98.2745832,12z\/data=!3m1!4b1!4m6!3m5!1s0x85cfc0bd5ebc7a3b:0x48a6461de494ad95!8m2!3d19.0414398!4d-98.2062727!16zL20vMDE4M3pf?entry=ttu&#038;g_ep=EgoyMDI1MDMyNS4xIKXMDSoJLDEwMjExNjM5SAFQAw%3D%3D\" rel=\"noreferrer noopener\" target=\"_blank\" title=\"Puebla\">Puebla<\/a><\/p>\n<\/div>\n\n\n\n<div class=\"ss-table-row\">\n<p class=\"gb-text\">Diocese<\/p>\n\n\n\n<p class=\"gb-text\">Puebla<\/p>\n<\/div>\n\n\n\n<div class=\"ss-table-row\">\n<p class=\"gb-text\">Pa\u00eds<\/p>\n\n\n\n<p class=\"gb-text\"><strong>M\u00e9xico<\/strong><\/p>\n<\/div>\n\n\n\n<div class=\"ss-table-row\">\n<p class=\"gb-text\">Continente<\/p>\n\n\n\n<p class=\"gb-text\">Am\u00e9rica<\/p>\n<\/div>\n\n\n\n<div class=\"ss-table-row\">\n<p class=\"gb-text\">Coordenadas GPS<\/p>\n\n\n\n<p class=\"gb-text\">18.49349 -98.24490<\/p>\n<\/div>\n\n\n\n<div class=\"ss-table-row\">\n<p class=\"gb-text\">Fuso hor\u00e1rio<\/p>\n\n\n\n<p class=\"gb-text\">UTC-6<\/p>\n<\/div>\n<\/div>\n\n\n\n<div class=\"ss-project-table\">\n<div class=\"ss-table-section-title\">\n<h3 id=\"organizador\" class=\"gb-text\">ORGANIZADOR<\/h3>\n<\/div>\n\n\n\n<div class=\"ss-table-row\">\n<p class=\"gb-text\">Congrega\u00e7\u00e3o<\/p>\n\n\n\n<p class=\"gb-text\">Misioneras Catequistas de los Sagrados Corazones de Jes\u00fas y de Mar\u00eda<\/p>\n<\/div>\n\n\n\n<div class=\"ss-table-row\">\n<p class=\"gb-text\">Casa-M\u00e3e<\/p>\n\n\n\n<p class=\"gb-text\">Cidade do M\u00e9xico<\/p>\n<\/div>\n\n\n\n<div class=\"ss-table-row\">\n<p class=\"gb-text\">Diocese<\/p>\n\n\n\n<p class=\"gb-text\">Cidade do M\u00e9xico<\/p>\n<\/div>\n\n\n\n<div class=\"ss-table-row\">\n<p class=\"gb-text\">Pa\u00eds<\/p>\n\n\n\n<p class=\"gb-text\">M\u00e9xico<\/p>\n<\/div>\n\n\n\n<div class=\"ss-table-row\">\n<p class=\"gb-text\">Continente<\/p>\n\n\n\n<p class=\"gb-text\">Am\u00e9rica<\/p>\n<\/div>\n\n\n\n<div class=\"ss-table-row\">\n<p class=\"gb-text\">Festa da Congrega\u00e7\u00e3o<\/p>\n\n\n\n<p class=\"gb-text\">Sagrado Cora\u00e7\u00e3o de Jesus e Sagrado Cora\u00e7\u00e3o de Maria<\/p>\n<\/div>\n\n\n\n<div class=\"ss-table-row\">\n<p class=\"gb-text\">Coordenadas GPS<\/p>\n\n\n\n<p class=\"gb-text\">19.43211 -99.14912<\/p>\n<\/div>\n\n\n\n<div class=\"ss-table-row\">\n<p class=\"gb-text\">Fuso hor\u00e1rio<\/p>\n\n\n\n<p class=\"gb-text\">UTC-6<\/p>\n<\/div>\n\n\n\n<div class=\"ss-table-row\">\n<p class=\"gb-text\">Referente<\/p>\n\n\n\n<p class=\"gb-text\">Irm\u00e3 Perla Helena Hernandez Alvarado<\/p>\n<\/div>\n\n\n\n<div class=\"ss-table-row\">\n<p class=\"gb-text\">Superiora-Geral<\/p>\n\n\n\n<p class=\"gb-text\">Irm\u00e3 Irene Solano Gonzales<\/p>\n<\/div>\n\n\n\n<div class=\"ss-table-row\">\n<p class=\"gb-text\">Site<\/p>\n\n\n\n<p class=\"gb-text\"><a href=\"https:\/\/www.suoresantagemma.it\/\" target=\"_blank\" rel=\"noreferrer noopener\" title=\"suoresantagemma.it\">suoresantagemma.it<\/a><\/p>\n<\/div>\n<\/div>\n\n\n\n<div class=\"ss-project-table\">\n<a class=\"gb-element-e1766596 ss-table-section-button\" href=\"#\" title=\"OPERA M &#8211; PROJETO M11\">\n<span class=\"gb-text\">OPERA M &#8211; PROJETO M11<\/span>\n<\/a>\n<\/div>\n<\/div>\n<\/div>\n\n\n\n<div class=\"gb-element-6ad95ea8\">\n<div class=\"gb-element-e34063a6 ss-project-intro\">\n<p class=\"wp-block-paragraph\">OPERA M \u00e9 a revolu\u00e7\u00e3o das obras de miseric\u00f3rdia. \u00c9 o instrumento permanente para desenvolver uma vis\u00e3o forte e renovada das obras no mundo.<\/p>\n\n\n\n<p class=\"wp-block-paragraph\">Nasce de uma necessidade urgente, fortemente sentida por spazio + spadoni, de re<strong>E<\/strong>volucionar o conceito de obra de miseric\u00f3rdia como um caminho que \u00e9 sempre simultaneamente humano e divino e, por isso, sempre espiritual, al\u00e9m de pr\u00e1tico (ou corporal). A redescoberta, ou melhor, a verdadeira re<strong>E<\/strong>volu\u00e7\u00e3o das obras deve ser reencontrada nesta s\u00edntese entre o aspeto espiritual e o ato pr\u00e1tico. A a\u00e7\u00e3o material deve ser sempre permeada pelo esp\u00edrito.<\/p>\n\n\n\n<p class=\"wp-block-paragraph\">OPERA M baseia-se em cinco a\u00e7\u00f5es que definem o seu m\u00e9todo: INVOCA, chama o Esp\u00edrito ESCUTA, faz sil\u00eancio para te abrires \u00e0 escuta ENCONTRA, permanece no meio das pessoas ATUEMOS, atuemos pelas obras INUNDEMOS, levemos todos \u00e0s Obras de Miseric\u00f3rdia <strong>Obras de Miseric\u00f3rdia espirituais<\/strong> Aconselhar os que duvidam Ensinar os ignorantes Advertir os pecadores Consolar os aflitos Perdoar as ofensas Suportar pacientemente as pessoas inc\u00f3modas Rezar a Deus pelos vivos e pelos mortos <strong>Obras de Miseric\u00f3rdia corporais<\/strong> Dar de comer a quem tem fome Dar de beber a quem tem sede Vestir os nus Acolher os peregrinos Visitar os doentes Visitar os presos Sepultar os mortos<\/p>\n\n<\/div>\n<\/div>\n\n\n\n\n<div>\n\n<h2 id=\"cronologia\" class=\"gb-text gb-text-8179e40a\">Cronologia<\/h2>\n\n\n\n\n\n<div class=\"ss-timeline\">\n\n<h3 id=\"2021\" class=\"gb-text\">2021<\/h3>\n\n\n\n\n\n<div class=\"ss-timeline-item\">\n\n<h4 id=\"05-de-agosto-inicio-da-relacao\" class=\"gb-text\">05 de agosto | In\u00edcio da rela\u00e7\u00e3o<\/h4>\n\n\n\n\n<p class=\"wp-block-paragraph\">Realiza-se a primeira chamada entre spazio + spadoni, as Misioneras Catequistas de los Sagrados Corazones de Jes\u00fas y de Mar\u00eda e a Misericordia di Rosolini<\/p>\n\n\n<\/div>\n\n\n<\/div>\n\n\n\n\n<div class=\"ss-timeline\">\n\n<h3 id=\"2022\" class=\"gb-text\">2022<\/h3>\n\n\n\n\n\n<div class=\"ss-timeline-item\">\n\n<h4 id=\"28-de-abril-chegada-das-irmas-a-italia\" class=\"gb-text\">28 de abril | Chegada das irm\u00e3s a It\u00e1lia<\/h4>\n\n\n\n\n<p class=\"wp-block-paragraph\">A irm\u00e3 Perla e a irm\u00e3 Angelica chegam a It\u00e1lia e s\u00e3o acolhidas pela Misericordia di Rosolini<\/p>\n\n\n\n<figure class=\"wp-block-gallery has-nested-images columns-1 is-cropped ss-lightbox wp-block-gallery-1 is-layout-flex wp-block-gallery-is-layout-flex\">\n\n<figure class=\"wp-block-image size-large\"><img decoding=\"async\" src=\"https:\/\/spaziospadoni.org\/wp-content\/uploads\/2026\/05\/Arrivo-300x225.jpeg\" alt=\"Chegada 300x225\"\/><figcaption class=\"wp-element-caption\">28 de abril | Chegada das irm\u00e3s a It\u00e1lia<\/figcaption><\/figure>\n\n\n<figure class=\"wp-block-image size-large\"><img decoding=\"async\" src=\"https:\/\/spaziospadoni.org\/wp-content\/uploads\/2026\/05\/nino-e-perla-spilla-copia-300x187.jpg\" alt=\"nino e perla distintivo c\u00f3pia 300x187\"\/><figcaption class=\"wp-element-caption\">28 de abril | Chegada das irm\u00e3s a It\u00e1lia<\/figcaption><\/figure>\n\n<\/figure>\n\n\n<\/div>\n\n\n\n\n<div class=\"ss-timeline-item\">\n\n<h4 id=\"0609-de-junho-formacao-em-san-cerbone\" class=\"gb-text\">06-09 de junho | Forma\u00e7\u00e3o em San Cerbone<\/h4>\n\n\n\n\n<p class=\"wp-block-paragraph\">Forma\u00e7\u00e3o t\u00e9cnica de spazio + spadoni sobre o projeto HIC SUM e OPERA M no Convento di San Cerbone (LU)<\/p>\n\n\n\n<figure class=\"wp-block-gallery has-nested-images columns-1 is-cropped ss-lightbox wp-block-gallery-2 is-layout-flex wp-block-gallery-is-layout-flex\">\n\n<figure class=\"wp-block-image size-large\"><img decoding=\"async\" src=\"https:\/\/spaziospadoni.org\/wp-content\/uploads\/2026\/05\/mettere-qualcvhe-spilla-copia-300x122.jpg\" alt=\"colocar qualche distintivo c\u00f3pia 300x122\"\/><figcaption class=\"wp-element-caption\">06-09 de junho | Forma\u00e7\u00e3o em San Cerbone<\/figcaption><\/figure>\n\n\n<figure class=\"wp-block-image size-large\"><img decoding=\"async\" src=\"https:\/\/spaziospadoni.org\/wp-content\/uploads\/2026\/05\/spille-copia-300x225.jpg\" alt=\"distintivos c\u00f3pia 300x225\"\/><figcaption class=\"wp-element-caption\">06-09 de junho | Forma\u00e7\u00e3o em San Cerbone<\/figcaption><\/figure>\n\n<\/figure>\n\n\n<\/div>\n\n\n\n\n<div class=\"ss-timeline-item\">\n\n<h4 id=\"15-de-junho-formacao\" class=\"gb-text\">15 de junho | Forma\u00e7\u00e3o<\/h4>\n\n\n\n\n<p class=\"wp-block-paragraph\">Visita t\u00e9cnica de spazio + spadoni \u00e0 Misericordia di Rosolini e forma\u00e7\u00e3o HIC SUM e OPERA M<\/p>\n\n\n<\/div>\n\n\n\n\n<div class=\"ss-timeline-item\">\n\n<h4 id=\"0711-de-novembro-convencao-fare-spazio-al-coraggio\" class=\"gb-text\">07-11 de novembro| Conven\u00e7\u00e3o Fare Spazio al Coraggio<\/h4>\n\n\n\n\n<p class=\"wp-block-paragraph\">A irm\u00e3 Perla e a irm\u00e3 Angelica participam na Conven\u00e7\u00e3o idealizada e promovida por spazio + spadoni no Convento di San Cerbone (LU) <\/p>\n\n\n<\/div>\n\n\n\n\n<div class=\"ss-timeline-item\">\n\n<h4 id=\"10-de-novembro-formacao\" class=\"gb-text\">10 de novembro| Forma\u00e7\u00e3o<\/h4>\n\n\n\n\n<p class=\"wp-block-paragraph\">Visita t\u00e9cnica de spazio + spadoni \u00e0 Misericordia di Rosolini e forma\u00e7\u00e3o sobre HIC SUM e as Obras de Miseric\u00f3rdia<\/p>\n\n\n\n<figure class=\"wp-block-gallery has-nested-images columns-1 is-cropped ss-lightbox wp-block-gallery-3 is-layout-flex wp-block-gallery-is-layout-flex\">\n\n<figure class=\"wp-block-image size-large\"><img decoding=\"async\" src=\"https:\/\/spaziospadoni.org\/wp-content\/uploads\/2026\/05\/2022_dicembre_12_hicsum_20_rosolini_misericordia_spazio_spadoni_sr_angelica_perla_formazione_paola_amaddio_fabio_figura_luigi_bongiovanni.jpg\" alt=\"2022 dezembro 12 HIC SUM 20 rosolini misericordia spazio spadoni sr angelica perla forma\u00e7\u00e3o paola amaddio fabio figura luigi bongiovanni 300x286\"\/><figcaption class=\"wp-element-caption\">10 de novembro| Forma\u00e7\u00e3o<\/figcaption><\/figure>\n\n<\/figure>\n\n\n<\/div>\n\n\n<\/div>\n\n\n\n\n<div class=\"ss-timeline\">\n\n<h3 id=\"2023\" class=\"gb-text\">2023<\/h3>\n\n\n\n\n\n<div class=\"ss-timeline-item\">\n\n<h4 id=\"encontro-com-o-bispo\" class=\"gb-text\">Encontro com o bispo<\/h4>\n\n\n\n\n<p class=\"wp-block-paragraph\">S.E. D. Salvatore Rumeo com spazio + spadoni e os membros da Misericordia di Rosolini<\/p>\n\n\n\n<figure class=\"wp-block-gallery has-nested-images columns-1 is-cropped ss-lightbox wp-block-gallery-4 is-layout-flex wp-block-gallery-is-layout-flex\">\n\n<figure class=\"wp-block-image size-large\"><img decoding=\"async\" src=\"https:\/\/spaziospadoni.org\/wp-content\/uploads\/2026\/05\/2023_hicsum_20_rosolini_misericordia_spazio_spadoni_sr_angelica_perla_luigi_spadoni_vescovo_rumeo_sindaco.jpg\" alt=\"2023 HIC SUM 20 rosolini misericordia spazio spadoni sr angelica perla luigi spadoni vescovo rumeo sindaco 300x244\"\/><figcaption class=\"wp-element-caption\">Encontro com o bispo<\/figcaption><\/figure>\n\n\n<figure class=\"wp-block-image size-large\"><img decoding=\"async\" src=\"https:\/\/spaziospadoni.org\/wp-content\/uploads\/2026\/05\/22-aprile-2023hicsum_20_rosolini_misericordia_spazio_spadoni_sr_angelica_perla_volontari_vescovo_rumeo_visita_misericordia_rosolini-300x236.jpg\" alt=\"22 abril 2023hicsum 20 rosolini misericordia spazio spadoni sr angelica perla volunt\u00e1rios vescovo rumeo visita misericordia rosolini 300x236\"\/><figcaption class=\"wp-element-caption\">Encontro com o bispo<\/figcaption><\/figure>\n\n\n<figure class=\"wp-block-image size-large\"><img decoding=\"async\" src=\"https:\/\/spaziospadoni.org\/wp-content\/uploads\/2026\/05\/22-aprile-2023-nino-rumeo-carmelo-di-martino-salvatore-magri-spilla-a-destra-copia-300x264.jpg\" alt=\"22 abril 2023 nino rumeo carmelo di martino salvatore magri distintivo \u00e0 direita c\u00f3pia 300x264\"\/><figcaption class=\"wp-element-caption\">Encontro com o bispo<\/figcaption><\/figure>\n\n<\/figure>\n\n\n<\/div>\n\n\n\n\n<div class=\"ss-timeline-item\">\n\n<h4 id=\"07-de-fevereiro-renovacao-dos-votos\" class=\"gb-text\">07 de fevereiro | Renova\u00e7\u00e3o dos votos<\/h4>\n\n\n\n\n<figure class=\"wp-block-gallery has-nested-images columns-1 is-cropped ss-lightbox wp-block-gallery-5 is-layout-flex wp-block-gallery-is-layout-flex\">\n\n<figure class=\"wp-block-image size-large\"><img decoding=\"async\" src=\"https:\/\/spaziospadoni.org\/wp-content\/uploads\/2026\/05\/F-perla2023_febbraio_7_hicsum_20_rosolini_misericordia_spazio_spadoni_sr_angelica_perla_rinnovo_voti_chiesa_madre-6-copia-300x191.jpg\" alt=\"F perla2023 fevereiro 7 HIC SUM 20 rosolini misericordia spazio spadoni sr angelica perla renova\u00e7\u00e3o dos votos igreja m\u00e3e 6 c\u00f3pia 300x191\"\/><figcaption class=\"wp-element-caption\">07 de fevereiro | Renova\u00e7\u00e3o dos votos<\/figcaption><\/figure>\n\n<\/figure>\n\n\n<\/div>\n\n\n\n\n<div class=\"ss-timeline-item\">\n\n<h4 id=\"10-de-marco-grande-gala\" class=\"gb-text\">10 de mar\u00e7o | Grande Gala<\/h4>\n\n\n\n\n<p class=\"wp-block-paragraph\">A Misericordia di Rosolini organiza uma noite de gala nos Giardini della Contea em Modica para se despedir da irm\u00e3 Perla e da irm\u00e3 Angelica <\/p>\n\n\n<\/div>\n\n\n\n\n<div class=\"ss-timeline-item\">\n\n<h4 id=\"11-de-marco-formacao\" class=\"gb-text\">11 de mar\u00e7o | Forma\u00e7\u00e3o<\/h4>\n\n\n\n\n<p class=\"wp-block-paragraph\">visita tecnica di spazio + spadoni presso la Misericordia di Rosolini e forma\u00e7\u00e3o sulle Opere di Misericordia<\/p>\n\n\n\n<figure class=\"wp-block-gallery has-nested-images columns-1 is-cropped ss-lightbox wp-block-gallery-6 is-layout-flex wp-block-gallery-is-layout-flex\">\n\n<figure class=\"wp-block-image size-large\"><img decoding=\"async\" src=\"https:\/\/spaziospadoni.org\/wp-content\/uploads\/2026\/05\/spilla-a-tutte-e-due-2022_hicsum_20_rosolini_misericordia_messico_spazio_spadoni_sr_angelica_perla_formazione-2-copia-300x242.jpg\" alt=\"distintivo a ambas 2022 HIC SUM 20 rosolini misericordia M\u00e9xico spazio spadoni sr angelica perla forma\u00e7\u00e3o 2 c\u00f3pia 300x242\"\/><figcaption class=\"wp-element-caption\">11 de mar\u00e7o | Forma\u00e7\u00e3o<\/figcaption><\/figure>\n\n<\/figure>\n\n\n<\/div>\n\n\n\n\n<div class=\"ss-timeline-item\">\n\n<h4 id=\"25-de-marco-partida-das-irmas\" class=\"gb-text\">25 de mar\u00e7o | Partida das irm\u00e3s<\/h4>\n\n\n\n\n<p class=\"wp-block-paragraph\">A irm\u00e3 Perla e a irm\u00e3 Angelica regressam ao M\u00e9xico<\/p>\n\n\n\n<figure class=\"wp-block-gallery has-nested-images columns-1 is-cropped ss-lightbox wp-block-gallery-7 is-layout-flex wp-block-gallery-is-layout-flex\">\n\n<figure class=\"wp-block-image size-large\"><img decoding=\"async\" src=\"https:\/\/spaziospadoni.org\/wp-content\/uploads\/2026\/05\/hicsum_20_rosolini_misericordia_spazio_spadoni_sr_angelica_perla-1.jpg\" alt=\"HIC SUM 20 rosolini misericordia spazio spadoni sr angelica perla 280x300\"\/><figcaption class=\"wp-element-caption\">25 de mar\u00e7o | Partida das irm\u00e3s<\/figcaption><\/figure>\n\n\n<figure class=\"wp-block-image size-large\"><img decoding=\"async\" src=\"https:\/\/spaziospadoni.org\/wp-content\/uploads\/2026\/05\/mettere-F-a-una-delle-due2023_marzo_26_hicsum_20_rosolini_misericordia_messico_spazio_spadoni_sr_angelica_perla_arrivo_suore_messico-4-copia-300x166.jpg\" alt=\"colocar F a una delle due2023 mar\u00e7o 26 HIC SUM 20 rosolini misericordia M\u00e9xico spazio spadoni sr angelica perla chegada das irm\u00e3s M\u00e9xico 4 c\u00f3pia 300x166\"\/><figcaption class=\"wp-element-caption\">25 de mar\u00e7o | Partida das irm\u00e3s<\/figcaption><\/figure>\n\n<\/figure>\n\n\n<\/div>\n\n\n\n\n<div class=\"ss-timeline-item\">\n\n<h4 id=\"03-de-maio-formacao-online\" class=\"gb-text\">03 de maio | Forma\u00e7\u00e3o online<\/h4>\n\n\n\n\n<p class=\"wp-block-paragraph\">As irm\u00e3s Violette, spazio + spadoni e a Misericordia di Rosolini ligam-se para uma forma\u00e7\u00e3o sobre as Obras de Miseric\u00f3rdia e para \u201cdar o primeiro Click\u201d<\/p>\n\n\n\n<figure class=\"wp-block-gallery has-nested-images columns-1 is-cropped ss-lightbox wp-block-gallery-8 is-layout-flex wp-block-gallery-is-layout-flex\">\n\n<figure class=\"wp-block-image size-large\"><img decoding=\"async\" src=\"https:\/\/spaziospadoni.org\/wp-content\/uploads\/2026\/05\/29-aprile-2024-giorno-del-click-spille-msparse-copia-300x143.jpg\" alt=\"29 abril 2024 dia do Click distintivos msparse c\u00f3pia 300x143\"\/><figcaption class=\"wp-element-caption\">03 de maio | Forma\u00e7\u00e3o online<\/figcaption><\/figure>\n\n<\/figure>\n\n\n<\/div>\n\n\n\n\n<div class=\"ss-timeline-item\">\n\n<h4 id=\"1517-de-setembro-convencao-fare-spazio-alla-rievoluzione-delle-opere-di-misericordia\" class=\"gb-text\">15-17 de setembro | Conven\u00e7\u00e3o Fare Spazio alla riEvoluzione delle Opere di Misericordia<\/h4>\n\n\n\n\n<p class=\"wp-block-paragraph\">Conven\u00e7\u00e3o idealizada e promovida por spazio + spadoni no Santuario della Madonna della Scala em Noto (SR)<\/p>\n\n\n\n<figure class=\"wp-block-gallery has-nested-images columns-1 is-cropped ss-lightbox wp-block-gallery-9 is-layout-flex wp-block-gallery-is-layout-flex\">\n\n<figure class=\"wp-block-image size-large\"><img decoding=\"async\" src=\"https:\/\/spaziospadoni.org\/wp-content\/uploads\/2026\/05\/2023_settembre_17_hicsum_20_messico_rosolini_misericordia_spazio_spadoni_sr_angelica_perla_convention_rievoluzione_opere_noto_nino_savarino-6-300x207.jpg\" alt=\"2023 setembro 17 HIC SUM 20 M\u00e9xico rosolini misericordia spazio spadoni sr angelica perla convention rievoluzione opere noto nino savarino 6 300x207\"\/><figcaption class=\"wp-element-caption\">15-17 de setembro | Conven\u00e7\u00e3o Fare Spazio alla riEvoluzione delle Opere di Misericordia<\/figcaption><\/figure>\n\n\n<figure class=\"wp-block-image size-large\"><img decoding=\"async\" src=\"https:\/\/spaziospadoni.org\/wp-content\/uploads\/2026\/05\/Convention-noto-300x279.jpg\" alt=\"Conven\u00e7\u00e3o de Noto 300x279\"\/><figcaption class=\"wp-element-caption\">15-17 de setembro | Conven\u00e7\u00e3o Fare Spazio alla riEvoluzione delle Opere di Misericordia<\/figcaption><\/figure>\n\n<\/figure>\n\n\n<\/div>\n\n\n<\/div>\n\n\n\n\n<div class=\"ss-timeline\">\n\n<h3 id=\"2024\" class=\"gb-text\">2024<\/h3>\n\n\n\n\n\n<div class=\"ss-timeline-item\">\n\n<h4 id=\"encontro-com-o-bispo\" class=\"gb-text\">Encontro com o bispo<\/h4>\n\n\n\n\n<p class=\"wp-block-paragraph\">S.E. D. Salvatore Rumeo durante a jornada diocesana da juventude em Pozzallo<\/p>\n\n\n\n<figure class=\"wp-block-gallery has-nested-images columns-1 is-cropped ss-lightbox wp-block-gallery-10 is-layout-flex wp-block-gallery-is-layout-flex\">\n\n<figure class=\"wp-block-image size-large\"><img decoding=\"async\" src=\"https:\/\/spaziospadoni.org\/wp-content\/uploads\/2026\/05\/21-aprile-2024-giornata-diocesana-della-gioventu-a-pozzallo-300x122.jpg\" alt=\"21 abril 2024 jornada diocesana da juventude a pozzallo 300x122\"\/><figcaption class=\"wp-element-caption\">Encontro com o bispo<\/figcaption><\/figure>\n\n\n<figure class=\"wp-block-image size-large\"><img decoding=\"async\" src=\"https:\/\/spaziospadoni.org\/wp-content\/uploads\/2026\/05\/incontro-vescovo-2024-spilla-a-luigi-su-coccodrillo-copia-300x169.jpg\" alt=\"encontro com o bispo 2024 distintivo a luigi sobre crocodilo c\u00f3pia 300x169\"\/><figcaption class=\"wp-element-caption\">Encontro com o bispo<\/figcaption><\/figure>\n\n\n<figure class=\"wp-block-image size-large\"><img decoding=\"async\" src=\"https:\/\/spaziospadoni.org\/wp-content\/uploads\/2026\/05\/incontro-vescovo-spilla-a-luigi-su-coccodrillo-copia-300x110.jpg\" alt=\"encontro com o bispo distintivo a luigi sobre crocodilo c\u00f3pia 300x110\"\/><figcaption class=\"wp-element-caption\">Encontro com o bispo<\/figcaption><\/figure>\n\n<\/figure>\n\n\n<\/div>\n\n\n<\/div>\n\n\n\n\n<div class=\"ss-timeline\">\n\n<h3 id=\"2025\" class=\"gb-text\">2025<\/h3>\n\n\n\n\n\n<div class=\"ss-timeline-item\">\n\n<h4 id=\"04-de-maio-encontro-com-a-superiorageral\" class=\"gb-text\">04 de maio | Encontro com a Superiora-Geral<\/h4>\n\n\n\n\n<p class=\"wp-block-paragraph\">Por ocasi\u00e3o da Assembleia da UISG, realizada em Roma de 5 a 9 de maio, spazio + spadoni encontrou-se com a Madre Irene, que os acolheu durante todo o congresso na Casa-M\u00e3e das Suore Figlie di Maria Missionarie<\/p>\n\n\n\n<figure class=\"wp-block-gallery has-nested-images columns-1 is-cropped ss-lightbox wp-block-gallery-11 is-layout-flex wp-block-gallery-is-layout-flex\">\n\n<figure class=\"wp-block-image size-large\"><img decoding=\"async\" src=\"https:\/\/spaziospadoni.org\/wp-content\/uploads\/2026\/05\/2025_maggio_assemblea_uisg_roma_spazio_spadoni_opere_misericordia_superiore_generali_suore-105-225x300.jpg\" alt=\"2025 maio assemblea uisg roma spazio spadoni Obras de Miseric\u00f3rdia superiore generali irm\u00e3s 105 225x300\"\/><figcaption class=\"wp-element-caption\">04 de maio | Encontro com a Superiora-Geral<\/figcaption><\/figure>\n\n\n<figure class=\"wp-block-image size-large\"><img decoding=\"async\" src=\"https:\/\/spaziospadoni.org\/wp-content\/uploads\/2026\/05\/2025_maggio_assemblea_uisg_roma_spazio_spadoni_opere_misericordia_superiore_generali_suore-103-300x225.jpg\" alt=\"2025 maio assemblea uisg roma spazio spadoni Obras de Miseric\u00f3rdia superiore generali irm\u00e3s 103 300x225\"\/><figcaption class=\"wp-element-caption\">04 de maio | Encontro com a Superiora-Geral<\/figcaption><\/figure>\n\n\n<figure class=\"wp-block-image size-large\"><img decoding=\"async\" src=\"https:\/\/spaziospadoni.org\/wp-content\/uploads\/2026\/05\/2025_maggio_assemblea_uisg_roma_spazio_spadoni_opere_misericordia_superiore_generali_suore-114-300x225.jpg\" alt=\"2025 maio assemblea uisg roma spazio spadoni Obras de Miseric\u00f3rdia superiore generali irm\u00e3s 114 300x225\"\/><figcaption class=\"wp-element-caption\">04 de maio | Encontro com a Superiora-Geral<\/figcaption><\/figure>\n\n<\/figure>\n\n\n<\/div>\n\n\n\n\n<div class=\"ss-timeline-item\">\n\n<h4 id=\"03-de-junho-a-irma-perla-e-a-irma-angelica-regressam-a-misericordia-di-rosolini\" class=\"gb-text\">03 de junho | A irm\u00e3 Perla e a irm\u00e3 Angelica regressam \u00e0 Misericordia di Rosolini<\/h4>\n\n\n\n\n<figure class=\"wp-block-gallery has-nested-images columns-1 is-cropped ss-lightbox wp-block-gallery-12 is-layout-flex wp-block-gallery-is-layout-flex\">\n\n<figure class=\"wp-block-image size-large\"><img decoding=\"async\" src=\"https:\/\/spaziospadoni.org\/wp-content\/uploads\/2026\/05\/2025_giugno_suor_perla_angelica_tornano_misericordia_Rosolini_spazio_spadoni_progetto_hic_sum-7-300x169.jpg\" alt=\"2025 junho Irm\u00e3 Perla angelica tornano misericordia Rosolini spazio spadoni projeto HIC SUM 7 300x169\"\/><figcaption class=\"wp-element-caption\">03 de junho | A irm\u00e3 Perla e a irm\u00e3 Angelica regressam \u00e0 Misericordia di Rosolini<\/figcaption><\/figure>\n\n\n<figure class=\"wp-block-image size-large\"><img decoding=\"async\" src=\"https:\/\/spaziospadoni.org\/wp-content\/uploads\/2026\/05\/2025_giugno_suor_perla_angelica_tornano_misericordia_Rosolini_spazio_spadoni_progetto_hic_sum-1-300x169.jpg\" alt=\"2025 junho Irm\u00e3 Perla angelica tornano misericordia Rosolini spazio spadoni projeto HIC SUM 1 300x169\"\/><figcaption class=\"wp-element-caption\">03 de junho | A irm\u00e3 Perla e a irm\u00e3 Angelica regressam \u00e0 Misericordia di Rosolini<\/figcaption><\/figure>\n\n\n<figure class=\"wp-block-image size-large\"><img decoding=\"async\" src=\"https:\/\/spaziospadoni.org\/wp-content\/uploads\/2026\/05\/2025_giugno_suor_perla_angelica_tornano_misericordia_Rosolini_spazio_spadoni_progetto_hic_sum-6-300x169.jpg\" alt=\"2025 junho Irm\u00e3 Perla angelica tornano misericordia Rosolini spazio spadoni projeto HIC SUM 6 300x169\"\/><figcaption class=\"wp-element-caption\">03 de junho | A irm\u00e3 Perla e a irm\u00e3 Angelica regressam \u00e0 Misericordia di Rosolini<\/figcaption><\/figure>\n\n<\/figure>\n\n\n<\/div>\n\n\n\n\n<div class=\"ss-timeline-item\">\n\n<h4 id=\"07-de-junho-spazio-spadoni-em-rosolini\" class=\"gb-text\">07 de junho | spazio + spadoni em Rosolini<\/h4>\n\n\n\n\n<p class=\"wp-block-paragraph\">Luigi Spadoni visita Rosolini por ocasi\u00e3o da festa da Misericordia e da presen\u00e7a da irm\u00e3 Perla e da irm\u00e3 Angelica<\/p>\n\n\n\n<figure class=\"wp-block-gallery has-nested-images columns-1 is-cropped ss-lightbox wp-block-gallery-13 is-layout-flex wp-block-gallery-is-layout-flex\">\n\n<figure class=\"wp-block-image size-large\"><img decoding=\"async\" src=\"https:\/\/spaziospadoni.org\/wp-content\/uploads\/2026\/05\/2025_giugno_rosolini_sicilia_spazio_spadoni_suor_perla_angelica_progetto_hic_sum_festa-14-300x169.jpg\" alt=\"2025 junho rosolini Sic\u00edlia spazio spadoni Irm\u00e3 Perla angelica projeto HIC SUM festa 14 300x169\"\/><figcaption class=\"wp-element-caption\">07 de junho | spazio + spadoni em Rosolini<\/figcaption><\/figure>\n\n\n<figure class=\"wp-block-image size-large\"><img decoding=\"async\" src=\"https:\/\/spaziospadoni.org\/wp-content\/uploads\/2026\/05\/2025_giugno_rosolini_sicilia_spazio_spadoni_suor_perla_angelica_progetto_hic_sum_festa-7-300x200.jpg\" alt=\"2025 junho rosolini Sic\u00edlia spazio spadoni Irm\u00e3 Perla angelica projeto HIC SUM festa 7 300x200\"\/><figcaption class=\"wp-element-caption\">07 de junho | spazio + spadoni em Rosolini<\/figcaption><\/figure>\n\n\n<figure class=\"wp-block-image size-large\"><img decoding=\"async\" src=\"https:\/\/spaziospadoni.org\/wp-content\/uploads\/2026\/05\/2025_giugno_rosolini_sicilia_spazio_spadoni_suor_perla_angelica_progetto_hic_sum_festa-2-300x200.jpg\" alt=\"2025 junho rosolini Sic\u00edlia spazio spadoni Irm\u00e3 Perla angelica projeto HIC SUM festa 2 300x200\"\/><figcaption class=\"wp-element-caption\">07 de junho | spazio + spadoni em Rosolini<\/figcaption><\/figure>\n\n\n<figure class=\"wp-block-image size-large\"><img decoding=\"async\" src=\"https:\/\/spaziospadoni.org\/wp-content\/uploads\/2026\/05\/2025_giugno_rosolini_sicilia_spazio_spadoni_suor_perla_angelica_progetto_hic_sum_festa-3-300x200.jpg\" alt=\"2025 junho rosolini Sic\u00edlia spazio spadoni Irm\u00e3 Perla angelica projeto HIC SUM festa 3 300x200\"\/><figcaption class=\"wp-element-caption\">07 de junho | spazio + spadoni em Rosolini<\/figcaption><\/figure>\n\n<\/figure>\n\n\n<\/div>\n\n\n\n\n<div class=\"ss-timeline-item\">\n\n<h4 id=\"23-de-junho-grande-gala\" class=\"gb-text\">23 de junho | Grande Gala<\/h4>\n\n\n\n\n<p class=\"wp-block-paragraph\">A Misericordia organiza outra Grande Gala, na qual tamb\u00e9m participam a irm\u00e3 Perla e a irm\u00e3 Angelica<\/p>\n\n\n\n<figure class=\"wp-block-gallery has-nested-images columns-1 is-cropped ss-lightbox wp-block-gallery-14 is-layout-flex wp-block-gallery-is-layout-flex\">\n\n<figure class=\"wp-block-image size-large\"><img decoding=\"async\" src=\"https:\/\/spaziospadoni.org\/wp-content\/uploads\/2026\/05\/2025_23_giugno_gran-Gala-4-300x169.jpg\" alt=\"2025 23 junho gran Gala 4 300x169\"\/><figcaption class=\"wp-element-caption\">23 de junho | Grande Gala<\/figcaption><\/figure>\n\n\n<figure class=\"wp-block-image size-large\"><img decoding=\"async\" src=\"https:\/\/spaziospadoni.org\/wp-content\/uploads\/2026\/05\/2025_23_giugno_gran-Gala-6-300x169.jpg\" alt=\"2025 23 junho gran Gala 6 300x169\"\/><figcaption class=\"wp-element-caption\">23 de junho | Grande Gala<\/figcaption><\/figure>\n\n<\/figure>\n\n\n<\/div>\n\n\n\n\n<div class=\"ss-timeline-item\">\n\n<h4 id=\"2324-de-julho-visita-a-roma-e-assis\" class=\"gb-text\">23-24 de julho | Visita a Roma e Assis<\/h4>\n\n\n\n\n<p class=\"wp-block-paragraph\">A irm\u00e3 Perla e a irm\u00e3 Angelica, juntamente com Nino Savarino e Nino Armeri, visitam Assis e Roma no ano do Jubileu da Esperan\u00e7a<\/p>\n\n\n\n<figure class=\"wp-block-gallery has-nested-images columns-1 is-cropped ss-lightbox wp-block-gallery-15 is-layout-flex wp-block-gallery-is-layout-flex\">\n\n<figure class=\"wp-block-image size-large\"><img decoding=\"async\" src=\"https:\/\/spaziospadoni.org\/wp-content\/uploads\/2026\/05\/2025_luglio_23_24_suor_perla_angelica_visita_roma_assisi_misericordia_rosolini_spazio_spadoni_progetto_hic_sum_opere_misericordia-3.jpg\" alt=\"2025 julho 23 24 Irm\u00e3 Perla angelica visita roma assisi misericordia rosolini spazio spadoni projeto HIC SUM Obras de Miseric\u00f3rdia 3\"\/><figcaption class=\"wp-element-caption\">23-24 de julho | Visita a Roma e Assis<\/figcaption><\/figure>\n\n\n<figure class=\"wp-block-image size-large\"><img decoding=\"async\" src=\"https:\/\/spaziospadoni.org\/wp-content\/uploads\/2026\/05\/2025_luglio_23_24_suor_perla_angelica_visita_roma_assisi_misericordia_rosolini_spazio_spadoni_progetto_hic_sum_opere_misericordia-1.jpg\" alt=\"2025 julho 23 24 Irm\u00e3 Perla angelica visita roma assisi misericordia rosolini spazio spadoni projeto HIC SUM Obras de Miseric\u00f3rdia 1\"\/><figcaption class=\"wp-element-caption\">23-24 de julho | Visita a Roma e Assis<\/figcaption><\/figure>\n\n<\/figure>\n\n\n<\/div>\n\n\n\n\n<div class=\"ss-timeline-item\">\n\n<h4 id=\"05-de-agosto-a-irma-perla-e-a-irma-angelica-regressam-ao-mexico\" class=\"gb-text\">05 de agosto | A irm\u00e3 Perla e a irm\u00e3 Angelica regressam ao M\u00e9xico<\/h4>\n\n\n\n\n<p class=\"wp-block-paragraph\">Depois de dois meses em Rosolini, a irm\u00e3 Perla e a irm\u00e3 Angelica regressaram ao M\u00e9xico<\/p>\n\n\n<\/div>\n\n\n\n\n<div class=\"ss-timeline-item\">\n\n<h4 id=\"13-de-setembro-visita-ao-bispo-de-puebla\" class=\"gb-text\">13 de setembro | Visita ao bispo de Puebla<\/h4>\n\n\n\n\n<p class=\"wp-block-paragraph\">A irm\u00e3 Perla e a Madre Irene visitam o bispo de Puebla para apresentar tamb\u00e9m o seu compromisso com a difus\u00e3o das Obras de Miseric\u00f3rdia<\/p>\n\n\n\n<figure class=\"wp-block-gallery has-nested-images columns-1 is-cropped ss-lightbox wp-block-gallery-16 is-layout-flex wp-block-gallery-is-layout-flex\">\n\n<figure class=\"wp-block-image size-large\"><img decoding=\"async\" src=\"https:\/\/spaziospadoni.org\/wp-content\/uploads\/2026\/05\/2025_settembre_13_suor_perla_madre_irene_visita_vescovo_puebla_messico_opere_misericordia_spazio_spadoni.jpeg\" alt=\"2025 setembro 13 Irm\u00e3 Perla Madre irene visita vescovo puebla M\u00e9xico Obras de Miseric\u00f3rdia spazio spadoni\"\/><figcaption class=\"wp-element-caption\">13 de setembro | Visita ao bispo de Puebla<\/figcaption><\/figure>\n\n<\/figure>\n\n\n<\/div>\n\n\n\n\n<div class=\"ss-timeline-item\">\n\n<h4 id=\"17-de-setembro-encontro-entre-misericordia-rosolini-e-os-voluntarios-do-mexico\" class=\"gb-text\">17 de setembro | Encontro entre Misericordia Rosolini e os volunt\u00e1rios do M\u00e9xico<\/h4>\n\n\n\n\n<p class=\"wp-block-paragraph\">Nino Savarino encontra-se online com a irm\u00e3 Perla, Enrique Arellano Bravo e No\u00e9 Ortega Hern\u00e1ndez da associa\u00e7\u00e3o &quot;Marcial \u00c1guila Gonz\u00e1lez&quot;, com a qual spazio + spadoni inicia uma colabora\u00e7\u00e3o para difundir as Obras de Miseric\u00f3rdia<\/p>\n\n\n\n<figure class=\"wp-block-gallery has-nested-images columns-1 is-cropped ss-lightbox wp-block-gallery-17 is-layout-flex wp-block-gallery-is-layout-flex\">\n\n<figure class=\"wp-block-image size-large\"><img decoding=\"async\" src=\"https:\/\/spaziospadoni.org\/wp-content\/uploads\/2026\/05\/2025_settembre_17_incontro_misericordia_rosolini_suor_perla_associazione_messico_opere_misericordia_spazio_spadoni.jpeg\" alt=\"2025 setembro 17 encontro misericordia rosolini Irm\u00e3 Perla associazione M\u00e9xico Obras de Miseric\u00f3rdia spazio spadoni\"\/><figcaption class=\"wp-element-caption\">17 de setembro | Encontro entre Misericordia Rosolini e os volunt\u00e1rios do M\u00e9xico<\/figcaption><\/figure>\n\n<\/figure>\n\n\n<\/div>\n\n\n<\/div>\n\n\n\n\n<div class=\"ss-timeline\">\n\n<h3 id=\"2026\" class=\"gb-text\">2026<\/h3>\n\n\n\n\n\n<div class=\"ss-timeline-item\">\n\n<h4 id=\"25-de-janeiro-formacao-opera-m\" class=\"gb-text\">25 de janeiro | Forma\u00e7\u00e3o OPERA M<\/h4>\n\n\n\n\n<p class=\"wp-block-paragraph\">A irm\u00e3 Perla, em Puebla, no M\u00e9xico, d\u00e1 uma forma\u00e7\u00e3o sobre as Obras de Miseric\u00f3rdia<\/p>\n\n\n\n<figure class=\"wp-block-gallery has-nested-images columns-1 is-cropped ss-lightbox wp-block-gallery-18 is-layout-flex wp-block-gallery-is-layout-flex\">\n\n<figure class=\"wp-block-image size-large\"><img decoding=\"async\" src=\"https:\/\/spaziospadoni.org\/wp-content\/uploads\/2026\/05\/2026_gennaio_25_formazione_opere_misericordia_puebla_messico_suor_perla_progetto_hic_sum_operam_spazio_spadoni-2.jpeg\" alt=\"2026 janeiro 25 forma\u00e7\u00e3o Obras de Miseric\u00f3rdia puebla M\u00e9xico Irm\u00e3 Perla projeto HIC SUM OPERA M spazio spadoni 2\"\/><figcaption class=\"wp-element-caption\">25 de janeiro | Forma\u00e7\u00e3o OPERA M<\/figcaption><\/figure>\n\n<\/figure>\n\n\n<\/div>\n\n\n\n\n<div class=\"ss-timeline-item\">\n\n<h4 id=\"19-de-marco-rievoluzione-das-obras-de-misericordia\" class=\"gb-text\">19 de mar\u00e7o | RiEvoluzione das Obras de Miseric\u00f3rdia<\/h4>\n\n\n\n\n<p class=\"wp-block-paragraph\">Os membros de spazio + spadoni percorrem Puebla para levar ajuda e conforto \u00e0s pessoas que vivem e dormem na rua<\/p>\n\n\n\n<figure class=\"wp-block-gallery has-nested-images columns-1 is-cropped ss-lightbox wp-block-gallery-19 is-layout-flex wp-block-gallery-is-layout-flex\">\n\n<figure class=\"wp-block-image size-large\"><img decoding=\"async\" src=\"https:\/\/spaziospadoni.org\/wp-content\/uploads\/2026\/05\/2026_marzo_19_abitanti_spazio_spadoni_puebla_opere_misericordia_operam-17.jpeg\" alt=\"2026 mar\u00e7o 19 habitantes spazio spadoni puebla Obras de Miseric\u00f3rdia OPERA M 17\"\/><figcaption class=\"wp-element-caption\">19 de mar\u00e7o | RiEvoluzione das Obras de Miseric\u00f3rdia<\/figcaption><\/figure>\n\n\n<figure class=\"wp-block-image size-large\"><img decoding=\"async\" src=\"https:\/\/spaziospadoni.org\/wp-content\/uploads\/2026\/05\/2026_marzo_19_abitanti_spazio_spadoni_puebla_opere_misericordia_operam-1.jpeg\" alt=\"2026 mar\u00e7o 19 habitantes spazio spadoni puebla Obras de Miseric\u00f3rdia OPERA M 1\"\/><figcaption class=\"wp-element-caption\">19 de mar\u00e7o | RiEvoluzione das Obras de Miseric\u00f3rdia<\/figcaption><\/figure>\n\n<\/figure>\n\n\n<\/div>\n\n\n<\/div>\n\n\n<\/div>\n\n\n\n<div class=\"ss-project-reports\">\n<h2 id=\"relatorio-sobre-as-obras-de-misericordia\" class=\"gb-text gb-text-75c3218d\">Relat\u00f3rio sobre as Obras de Miseric\u00f3rdia<\/h2>\n\n\n<ul class=\"wp-block-list ss-report-list\">\n\n<li><a href=\"https:\/\/spaziospadoni.org\/wp-content\/uploads\/2026\/05\/OperaM_sr-Perla_Messico.pdf\" target=\"_blank\" rel=\"noreferrer noopener\" title=\"OPERA M_Irm\u00e3 Perla_M\u00e9xico\">OPERA M_Irm\u00e3 Perla_M\u00e9xico<\/a><\/li>\n\n<\/ul>\n\n<\/div>\n\n\n\n<div class=\"ss-project-media\">\n<h2 id=\"fotos-e-videos\" class=\"gb-text gb-text-d7bd8be8\">Fotos e v\u00eddeos<\/h2>\n\n\n<div class=\"ss-media-filters\">\n\n<a class=\"gb-text ss-media-filter active\" data-filter=\"*\" title=\"Tudo\">Tudo<\/a>\n\n\n<a class=\"gb-text ss-media-filter\" data-filter=\".formazione\" title=\"Forma\u00e7\u00e3o\">Forma\u00e7\u00e3o<\/a>\n\n\n<a class=\"gb-text ss-media-filter\" data-filter=\".messico\" title=\"M\u00e9xico\">M\u00e9xico<\/a>\n\n\n<a class=\"gb-text ss-media-filter\" data-filter=\".video\" title=\"V\u00eddeo\">V\u00eddeo<\/a>\n\n<\/div>\n\n\n<div class=\"ss-media-grid\">\n<div>\n<figure class=\"wp-block-gallery has-nested-images columns-1 is-cropped ss-lightbox wp-block-gallery-20 is-layout-flex wp-block-gallery-is-layout-flex\">\n\n<figure class=\"wp-block-image size-large formazione\"><img decoding=\"async\" alt=\"HIC SUM 20 rosolini misericordia spazio spadoni sr angelica perla volunt\u00e1rios vescovo 300x225\" src=\"https:\/\/spaziospadoni.org\/wp-content\/uploads\/2026\/05\/hicsum_20_rosolini_misericordia_spazio_spadoni_sr_angelica_perla_volontari_vescovo-300x225.jpg\"\/><\/figure>\n\n\n<figure class=\"wp-block-image size-large formazione\"><img decoding=\"async\" alt=\"2022 setembro HIC SUM spazio spadoni It\u00e1lia convento san cerbone misericordia convention fare spazio coraggio sr 12 225x300\" src=\"https:\/\/spaziospadoni.org\/wp-content\/uploads\/2026\/05\/2022_settembre_hicsum_spazio_spadoni_italia_convento_san_cerbone_misericordia_convention_fare_spazio_coraggio_sr_-12-225x300.jpg\"\/><\/figure>\n\n\n<figure class=\"wp-block-image size-large formazione\"><img decoding=\"async\" alt=\"F dispersos c\u00f3pia 300x84\" src=\"https:\/\/spaziospadoni.org\/wp-content\/uploads\/2026\/05\/F-sparsi-copia-300x84.jpg\"\/><\/figure>\n\n\n<figure class=\"wp-block-image size-large formazione\"><img decoding=\"async\" alt=\"F perla e odette c\u00f3pia 300x176\" src=\"https:\/\/spaziospadoni.org\/wp-content\/uploads\/2026\/05\/F-perla-e-odette-copia-300x176.jpg\"\/><\/figure>\n\n\n<figure class=\"wp-block-image size-large formazione\"><img decoding=\"async\" alt=\"F perla c\u00f3pia 300x267\" src=\"https:\/\/spaziospadoni.org\/wp-content\/uploads\/2026\/05\/F-perla-copia-300x267.jpg\"\/><\/figure>\n\n\n<figure class=\"wp-block-image size-large formazione\"><img decoding=\"async\" alt=\"distintivos c\u00f3pia 300x225\" src=\"https:\/\/spaziospadoni.org\/wp-content\/uploads\/2026\/05\/spille-copia-300x225.jpg\"\/><\/figure>\n\n\n<figure class=\"wp-block-image size-large formazione\"><img decoding=\"async\" alt=\"colocar qualche distintivo c\u00f3pia 300x122\" src=\"https:\/\/spaziospadoni.org\/wp-content\/uploads\/2026\/05\/mettere-qualcvhe-spilla-copia-300x122.jpg\"\/><\/figure>\n\n\n<figure class=\"wp-block-image size-large formazione\"><img decoding=\"async\" alt=\"2022 setembro HIC SUM 20 spazio spadoni It\u00e1lia convento san cerbone misericordia convention fare spazio coraggio sr angelica misioneras catequistas de los sagrados corazones de jesus maria 225x300\" src=\"https:\/\/spaziospadoni.org\/wp-content\/uploads\/2026\/05\/2022_settembre_hicsum_20_spazio_spadoni_italia_convento_san_cerbone_misericordia_convention_fare_spazio_coraggio_sr_angelica_misioneras_catequistas_de_los_sagrados_corazones_de_jesus_maria-225x300.jpg\"\/><\/figure>\n\n\n<figure class=\"wp-block-image size-large formazione\"><img decoding=\"async\" alt=\"HIC SUM 20 rosolini misericordia spazio spadoni sr angelica perla 300x225\" src=\"https:\/\/spaziospadoni.org\/wp-content\/uploads\/2026\/05\/hicsum_20_rosolini_misericordia_spazio_spadoni_sr_angelica_perla-300x225.jpg\"\/><\/figure>\n\n\n<figure class=\"wp-block-image size-large formazione\"><img decoding=\"async\" alt=\"HIC SUM 20 rosolini misericordia spazio spadoni sr angelica perla forma\u00e7\u00e3o click 300x192\" src=\"https:\/\/spaziospadoni.org\/wp-content\/uploads\/2026\/05\/hicsum_20_rosolini_misericordia_spazio_spadoni_sr_angelica_perla_formazione_click-300x192.jpg\"\/><\/figure>\n\n\n<figure class=\"wp-block-image size-large formazione\"><img decoding=\"async\" alt=\"HIC SUM 20 rosolini misericordia spazio spadoni sr angelica perla nino savarino sede 300x225\" src=\"https:\/\/spaziospadoni.org\/wp-content\/uploads\/2026\/05\/hicsum_20_rosolini_misericordia_spazio_spadoni_sr_angelica_perla_nino_savarino_sede-300x225.jpg\"\/><\/figure>\n\n\n<figure class=\"wp-block-image size-large formazione\"><img decoding=\"async\" alt=\"HIC SUM 20 rosolini misericordia spazio spadoni sr angelica perla sindaco 300x225\" src=\"https:\/\/spaziospadoni.org\/wp-content\/uploads\/2026\/05\/hicsum_20_rosolini_misericordia_spazio_spadoni_sr_angelica_perla_sindaco-300x225.jpg\"\/><\/figure>\n\n\n<figure class=\"wp-block-image size-large formazione\"><img decoding=\"async\" alt=\"2023 mar\u00e7o 10 HIC SUM 20 rosolini misericordia spazio spadoni sr angelica perla gran gala luigi 4 300x200\" src=\"https:\/\/spaziospadoni.org\/wp-content\/uploads\/2026\/05\/2023_marzo_10_hicsum_20_rosolini_misericordia_spazio_spadoni_sr_angelica_perla_gran_gala_luigi-4-300x200.jpeg\"\/><\/figure>\n\n\n<figure class=\"wp-block-image size-large formazione\"><img decoding=\"async\" alt=\"2023 mar\u00e7o 10 HIC SUM 20 rosolini misericordia spazio spadoni sr angelica perla gran gala luigi 300x249\" src=\"https:\/\/spaziospadoni.org\/wp-content\/uploads\/2026\/05\/2023_marzo_10_hicsum_20_rosolini_misericordia_spazio_spadoni_sr_angelica_perla_gran_gala_luigi-300x249.jpg\"\/><\/figure>\n\n\n<figure class=\"wp-block-image size-large formazione\"><img decoding=\"async\" alt=\"2023 mar\u00e7o 10 HIC SUM 20 rosolini misericordia spazio spadoni sr angelica perla gran gala nino savarino selene pera 300x200\" src=\"https:\/\/spaziospadoni.org\/wp-content\/uploads\/2026\/05\/2023_marzo_10_hicsum_20_rosolini_misericordia_spazio_spadoni_sr_angelica_perla_gran_gala_nino_savarino_selene_pera-300x200.jpg\"\/><\/figure>\n\n\n<figure class=\"wp-block-image size-large formazione\"><img decoding=\"async\" alt=\"2022 abril 22 HIC SUM 20 rosolini misericordia M\u00e9xico spazio spadoni sr angelica perla volunt\u00e1rios foto de grupo monsignor rumeo 300x125\" src=\"https:\/\/spaziospadoni.org\/wp-content\/uploads\/2026\/05\/2022_aprile_22_hicsum_20_rosolini_misericordia_messico_spazio_spadoni_sr_angelica_perla_volontari_foto_gruppo_monsignor_rumeo-300x125.jpg\"\/><\/figure>\n\n\n<figure class=\"wp-block-image size-large formazione\"><img decoding=\"async\" alt=\"2022 abril 22 HIC SUM 20 rosolini misericordia M\u00e9xico spazio spadoni sr angelica perla volunt\u00e1rios foto de grupo monsignor rumeo giorgio armenia luigi vizzini nino savarino 300x225\" src=\"https:\/\/spaziospadoni.org\/wp-content\/uploads\/2026\/05\/2022_aprile_22_hicsum_20_rosolini_misericordia_messico_spazio_spadoni_sr_angelica_perla_volontari_foto_gruppo_monsignor_rumeo_giorgio_armenia_luigi_vizzini_nino-savarino-300x225.jpg\"\/><\/figure>\n\n\n<figure class=\"wp-block-image size-large formazione\"><img decoding=\"async\" alt=\"2022 dezembro 6 HIC SUM 20 M\u00e9xico rosolini misericordia spazio spadoni viaggio governatore nino savarino firenze encontro luigi 300x225\" src=\"https:\/\/spaziospadoni.org\/wp-content\/uploads\/2026\/05\/2022_dicembre_6_hicsum_20_messico_rosolini_misericordia_spazio_spadoni_viaggio_governatore_nino_savarino_firenze_incontro_luigi-300x225.jpeg\"\/><\/figure>\n\n\n<figure class=\"wp-block-image size-large formazione\"><img decoding=\"async\" alt=\"2022 dezembro 12 HIC SUM 20 rosolini misericordia spazio spadoni sr angelica perla forma\u00e7\u00e3o carmelo di martino don matteo buggea cetty giannone nino savarino 300x225\" src=\"https:\/\/spaziospadoni.org\/wp-content\/uploads\/2026\/05\/2022_dicembre_12_hicsum_20_rosolini_misericordia_spazio_spadoni_sr_angelica_perla_formazione_carmelo_di_martino_don_matteo_buggea_cetty_giannone_nino_savarino-300x225.jpg\"\/><\/figure>\n\n\n<figure class=\"wp-block-image size-large formazione\"><img decoding=\"async\" alt=\"2023 mar\u00e7o 10 HIC SUM 20 rosolini misericordia spazio spadoni sr angelica perla gran gala luigi 6 225x300\" src=\"https:\/\/spaziospadoni.org\/wp-content\/uploads\/2026\/05\/2023_marzo_10_hicsum_20_rosolini_misericordia_spazio_spadoni_sr_angelica_perla_gran_gala_luigi-6-225x300.jpeg\"\/><\/figure>\n\n\n<figure class=\"wp-block-image size-large formazione\"><img decoding=\"async\" alt=\"distintivo a nino e a pessoa ao lado dele c\u00f3pia 300x151\" src=\"https:\/\/spaziospadoni.org\/wp-content\/uploads\/2026\/05\/Spilla-a-nino-e-quello-accanto-copia-300x151.jpg\"\/><\/figure>\n\n\n<figure class=\"wp-block-image size-large formazione\"><img decoding=\"async\" alt=\"2022 dezembro 12 HIC SUM 20 rosolini misericordia spazio spadoni sr angelica perla forma\u00e7\u00e3o carmelo di martino nino donato matassa sebastiano scala don alessandro matteo buggea 300x225\" src=\"https:\/\/spaziospadoni.org\/wp-content\/uploads\/2026\/05\/2022_dicembre_12_hicsum_20_rosolini_misericordia_spazio_spadoni_sr_angelica_perla_formazione_carmelo_di_martino_nino_donato_matassa_sebastiano_scala_don_alessandro_matteo_buggea-300x225.jpg\"\/><\/figure>\n\n\n<figure class=\"wp-block-image size-large formazione\"><img decoding=\"async\" alt=\"2022 dezembro 12 HIC SUM 20 rosolini misericordia spazio spadoni sr angelica perla forma\u00e7\u00e3o paola amaddio fabio figura luigi bongiovanni 300x225\" src=\"https:\/\/spaziospadoni.org\/wp-content\/uploads\/2026\/05\/2022_dicembre_12_hicsum_20_rosolini_misericordia_spazio_spadoni_sr_angelica_perla_formazione_paola_amaddio_fabio_figura_luigi_bongiovanni-300x225.jpg\"\/><\/figure>\n\n\n<figure class=\"wp-block-image size-large formazione\"><img decoding=\"async\" alt=\"2023 mar\u00e7o 10 HIC SUM 20 rosolini misericordia spazio spadoni sr angelica perla gran gala nino savarino luigi 300x200\" src=\"https:\/\/spaziospadoni.org\/wp-content\/uploads\/2026\/05\/2023_marzo_10_hicsum_20_rosolini_misericordia_spazio_spadoni_sr_angelica_perla_gran_gala_nino_savarino_luigi-300x200.jpg\"\/><\/figure>\n\n\n<figure class=\"wp-block-image size-large formazione\"><img decoding=\"async\" alt=\"2022 HIC SUM 20 rosolini misericordia M\u00e9xico spazio spadoni sr angelica perla forma\u00e7\u00e3o 5 300x225\" src=\"https:\/\/spaziospadoni.org\/wp-content\/uploads\/2026\/05\/2022_hicsum_20_rosolini_misericordia_messico_spazio_spadoni_sr_angelica_perla_formazione-5-300x225.jpg\"\/><\/figure>\n\n\n<figure class=\"wp-block-image size-large formazione\"><img decoding=\"async\" alt=\"2022 HIC SUM 20 rosolini misericordia M\u00e9xico spazio spadoni sr angelica perla forma\u00e7\u00e3o 6 300x225\" src=\"https:\/\/spaziospadoni.org\/wp-content\/uploads\/2026\/05\/2022_hicsum_20_rosolini_misericordia_messico_spazio_spadoni_sr_angelica_perla_formazione-6-300x225.jpg\"\/><\/figure>\n\n\n<figure class=\"wp-block-image size-large formazione\"><img decoding=\"async\" alt=\"2023 mar\u00e7o 10 HIC SUM 20 rosolini misericordia spazio spadoni sr angelica perla gran gala 2 300x200\" src=\"https:\/\/spaziospadoni.org\/wp-content\/uploads\/2026\/05\/2023_marzo_10_hicsum_20_rosolini_misericordia_spazio_spadoni_sr_angelica_perla_gran_gala-2-300x200.jpg\"\/><\/figure>\n\n\n<figure class=\"wp-block-image size-large formazione\"><img decoding=\"async\" alt=\"2022 HIC SUM 20 rosolini misericordia M\u00e9xico spazio spadoni sr angelica perla forma\u00e7\u00e3o 8 225x300\" src=\"https:\/\/spaziospadoni.org\/wp-content\/uploads\/2026\/05\/2022_hicsum_20_rosolini_misericordia_messico_spazio_spadoni_sr_angelica_perla_formazione-8-225x300.jpg\"\/><\/figure>\n\n\n<figure class=\"wp-block-image size-large formazione\"><img decoding=\"async\" alt=\"2023 mar\u00e7o 10 HIC SUM 20 rosolini misericordia spazio spadoni sr angelica perla gran gala luigi 5 300x200\" src=\"https:\/\/spaziospadoni.org\/wp-content\/uploads\/2026\/05\/2023_marzo_10_hicsum_20_rosolini_misericordia_spazio_spadoni_sr_angelica_perla_gran_gala_luigi-5-300x200.jpeg\"\/><\/figure>\n\n\n<figure class=\"wp-block-image size-large formazione\"><img decoding=\"async\" alt=\"2023 maio HIC SUM 20 rosolini misericordia spazio spadoni sr angelica perla cidadania honor\u00e1ria luigi 2 300x225\" src=\"https:\/\/spaziospadoni.org\/wp-content\/uploads\/2026\/05\/2023_maggio_hicsum_20_rosolini_misericordia_spazio_spadoni_sr_angelica_perla_cittadinanza_onoraria_luigi-2-300x225.jpg\"\/><\/figure>\n\n\n<figure class=\"wp-block-image size-large formazione\"><img decoding=\"async\" alt=\"2022 HIC SUM 20 rosolini misericordia M\u00e9xico spazio spadoni sr angelica perla forma\u00e7\u00e3o 10 300x225\" src=\"https:\/\/spaziospadoni.org\/wp-content\/uploads\/2026\/05\/2022_hicsum_20_rosolini_misericordia_messico_spazio_spadoni_sr_angelica_perla_formazione-10-300x225.jpg\"\/><\/figure>\n\n\n<figure class=\"wp-block-image size-large formazione\"><img decoding=\"async\" alt=\"2022 HIC SUM 20 rosolini misericordia M\u00e9xico spazio spadoni sr angelica perla forma\u00e7\u00e3o 12 300x225\" src=\"https:\/\/spaziospadoni.org\/wp-content\/uploads\/2026\/05\/2022_hicsum_20_rosolini_misericordia_messico_spazio_spadoni_sr_angelica_perla_formazione-12-300x225.jpg\"\/><\/figure>\n\n\n<figure class=\"wp-block-image size-large formazione\"><img decoding=\"async\" alt=\"2022 HIC SUM 20 rosolini misericordia M\u00e9xico spazio spadoni sr angelica perla forma\u00e7\u00e3o 13 300x225\" src=\"https:\/\/spaziospadoni.org\/wp-content\/uploads\/2026\/05\/2022_hicsum_20_rosolini_misericordia_messico_spazio_spadoni_sr_angelica_perla_formazione-13-300x225.jpg\"\/><\/figure>\n\n\n<figure class=\"wp-block-image size-large formazione\"><img decoding=\"async\" alt=\"2022 HIC SUM 20 rosolini misericordia M\u00e9xico spazio spadoni sr angelica perla forma\u00e7\u00e3o 17 300x225\" src=\"https:\/\/spaziospadoni.org\/wp-content\/uploads\/2026\/05\/2022_hicsum_20_rosolini_misericordia_messico_spazio_spadoni_sr_angelica_perla_formazione-17-300x225.jpg\"\/><\/figure>\n\n\n<figure class=\"wp-block-image size-large formazione\"><img decoding=\"async\" alt=\"2023 maio HIC SUM 20 rosolini misericordia spazio spadoni sr angelica perla cidadania honor\u00e1ria luigi 4 300x225\" src=\"https:\/\/spaziospadoni.org\/wp-content\/uploads\/2026\/05\/2023_maggio_hicsum_20_rosolini_misericordia_spazio_spadoni_sr_angelica_perla_cittadinanza_onoraria_luigi-4-300x225.jpg\"\/><\/figure>\n\n\n<figure class=\"wp-block-image size-large formazione\"><img decoding=\"async\" alt=\"2023 mar\u00e7o 10 HIC SUM 20 rosolini misericordia spazio spadoni sr angelica perla gran gala 3 300x200\" src=\"https:\/\/spaziospadoni.org\/wp-content\/uploads\/2026\/05\/2023_marzo_10_hicsum_20_rosolini_misericordia_spazio_spadoni_sr_angelica_perla_gran_gala-3-300x200.jpg\"\/><\/figure>\n\n\n<figure class=\"wp-block-image size-large formazione\"><img decoding=\"async\" alt=\"2023 mar\u00e7o 10 HIC SUM 20 rosolini misericordia spazio spadoni sr angelica perla gran gala luigi 8 300x200\" src=\"https:\/\/spaziospadoni.org\/wp-content\/uploads\/2026\/05\/2023_marzo_10_hicsum_20_rosolini_misericordia_spazio_spadoni_sr_angelica_perla_gran_gala_luigi-8-300x200.jpeg\"\/><\/figure>\n\n\n<figure class=\"wp-block-image size-large formazione\"><img decoding=\"async\" alt=\"2023 mar\u00e7o 10 HIC SUM 20 rosolini misericordia spazio spadoni sr angelica perla gran gala 300x200\" src=\"https:\/\/spaziospadoni.org\/wp-content\/uploads\/2026\/05\/2023_marzo_10_hicsum_20_rosolini_misericordia_spazio_spadoni_sr_angelica_perla_gran_gala-300x200.jpg\"\/><\/figure>\n\n\n<figure class=\"wp-block-image size-large formazione\"><img decoding=\"async\" alt=\"2022 outubro HIC SUM 20 rosolini misericordia M\u00e9xico spazio spadoni sr angelica perla Madre irene 300x225\" src=\"https:\/\/spaziospadoni.org\/wp-content\/uploads\/2026\/05\/2022_ottobre_hicsum_20_rosolini_misericordia_messico_spazio_spadoni_sr_angelica_perla_madre_irene-300x225.jpg\"\/><\/figure>\n\n\n<figure class=\"wp-block-image size-large formazione\"><img decoding=\"async\" alt=\"2022 outubro HIC SUM 20 rosolini misericordia M\u00e9xico spazio spadoni sr angelica perla nino armeri Madre irene arrivo aeroporto 169x300\" src=\"https:\/\/spaziospadoni.org\/wp-content\/uploads\/2026\/05\/2022_ottobre_hicsum_20_rosolini_misericordia_messico_spazio_spadoni_sr_angelica_perla_nino_armeri_madre_irene_arrivo_aeroporto-169x300.jpg\"\/><\/figure>\n\n\n<figure class=\"wp-block-image size-large formazione\"><img decoding=\"async\" alt=\"2022 outubro HIC SUM 20 rosolini misericordia M\u00e9xico spazio spadoni sr angelica perla nino savarino encontro 300x225\" src=\"https:\/\/spaziospadoni.org\/wp-content\/uploads\/2026\/05\/2022_ottobre_hicsum_20_rosolini_misericordia_messico_spazio_spadoni_sr_angelica_perla_nino_savarino_incontro-300x225.jpeg\"\/><\/figure>\n\n\n<figure class=\"wp-block-image size-large formazione\"><img decoding=\"async\" alt=\"2023 mar\u00e7o 10 HIC SUM 20 rosolini misericordia spazio spadoni sr angelica perla gran gala luigi nino savarino 300x200\" src=\"https:\/\/spaziospadoni.org\/wp-content\/uploads\/2026\/05\/2023_marzo_10_hicsum_20_rosolini_misericordia_spazio_spadoni_sr_angelica_perla_gran_gala_luigi_nino_savarino-300x200.jpeg\"\/><\/figure>\n\n\n<figure class=\"wp-block-image size-large formazione\"><img decoding=\"async\" alt=\"F perla2023 fevereiro 7 HIC SUM 20 rosolini misericordia spazio spadoni sr angelica perla renova\u00e7\u00e3o dos votos igreja m\u00e3e 6 c\u00f3pia 300x191\" src=\"https:\/\/spaziospadoni.org\/wp-content\/uploads\/2026\/05\/F-perla2023_febbraio_7_hicsum_20_rosolini_misericordia_spazio_spadoni_sr_angelica_perla_rinnovo_voti_chiesa_madre-6-copia-300x191.jpg\"\/><\/figure>\n\n\n<figure class=\"wp-block-image size-large formazione\"><img decoding=\"async\" alt=\"nino e perla distintivo c\u00f3pia 300x187\" src=\"https:\/\/spaziospadoni.org\/wp-content\/uploads\/2026\/05\/nino-e-perla-spilla-copia-300x187.jpg\"\/><\/figure>\n\n\n<figure class=\"wp-block-image size-large formazione\"><img decoding=\"async\" alt=\"2023 fevereiro 7 HIC SUM 20 rosolini misericordia spazio spadoni sr angelica perla renova\u00e7\u00e3o dos votos igreja m\u00e3e 9 300x225\" src=\"https:\/\/spaziospadoni.org\/wp-content\/uploads\/2026\/05\/2023_febbraio_7_hicsum_20_rosolini_misericordia_spazio_spadoni_sr_angelica_perla_rinnovo_voti_chiesa_madre-9-300x225.jpeg\"\/><\/figure>\n\n\n<figure class=\"wp-block-image size-large formazione\"><img decoding=\"async\" alt=\"2023 fevereiro 7 HIC SUM 20 rosolini misericordia spazio spadoni sr angelica perla renova\u00e7\u00e3o dos votos igreja m\u00e3e 300x225\" src=\"https:\/\/spaziospadoni.org\/wp-content\/uploads\/2026\/05\/2023_febbraio_7_hicsum_20_rosolini_misericordia_spazio_spadoni_sr_angelica_perla_rinnovo_voti_chiesa_madre-300x225.jpeg\"\/><\/figure>\n\n\n<figure class=\"wp-block-image size-large formazione\"><img decoding=\"async\" alt=\"2023 fevereiro HIC SUM 20 rosolini misericordia M\u00e9xico spazio spadoni sr angelica perla visita roma 3 300x225\" src=\"https:\/\/spaziospadoni.org\/wp-content\/uploads\/2026\/05\/2023_febbraio_hicsum_20_rosolini_misericordia_messico_spazio_spadoni_sr_angelica_perla_visita_roma-3-300x225.jpeg\"\/><\/figure>\n\n\n<figure class=\"wp-block-image size-large formazione\"><img decoding=\"async\" alt=\"2023 fevereiro HIC SUM 20 rosolini misericordia M\u00e9xico spazio spadoni sr angelica perla visita roma 4 300x225\" src=\"https:\/\/spaziospadoni.org\/wp-content\/uploads\/2026\/05\/2023_febbraio_hicsum_20_rosolini_misericordia_messico_spazio_spadoni_sr_angelica_perla_visita_roma-4-300x225.jpeg\"\/><\/figure>\n\n\n<figure class=\"wp-block-image size-large formazione\"><img decoding=\"async\" alt=\"2023 fevereiro HIC SUM 20 rosolini misericordia M\u00e9xico spazio spadoni sr angelica perla visita roma 5 225x300\" src=\"https:\/\/spaziospadoni.org\/wp-content\/uploads\/2026\/05\/2023_febbraio_hicsum_20_rosolini_misericordia_messico_spazio_spadoni_sr_angelica_perla_visita_roma-5-225x300.jpeg\"\/><\/figure>\n\n\n<figure class=\"wp-block-image size-large formazione\"><img decoding=\"async\" alt=\"2023 mar\u00e7o 24 HIC SUM 20 rosolini misericordia M\u00e9xico spazio spadoni sr angelica perla partida 300x225\" src=\"https:\/\/spaziospadoni.org\/wp-content\/uploads\/2026\/05\/2023_marzo_24_hicsum_20_rosolini_misericordia_messico_spazio_spadoni_sr_angelica_perla_partenza-300x225.jpeg\"\/><\/figure>\n\n\n<figure class=\"wp-block-image size-large messico\"><img decoding=\"async\" alt=\"2023 maio 3 HIC SUM 20 M\u00e9xico rosolini misericordia spazio spadoni sr angelica perla festa da Santa Cruz 5 300x225\" src=\"https:\/\/spaziospadoni.org\/wp-content\/uploads\/2026\/05\/2023_maggio_3_hicsum_20_messico_rosolini_misericordia_spazio_spadoni_sr_angelica_perla_festa_santa_croce-5-300x225.jpeg\"\/><\/figure>\n\n\n<figure class=\"wp-block-image size-large messico\"><img decoding=\"async\" alt=\"2023 maio 3 HIC SUM 20 M\u00e9xico rosolini misericordia spazio spadoni sr angelica perla festa da Santa Cruz 7 300x225\" src=\"https:\/\/spaziospadoni.org\/wp-content\/uploads\/2026\/05\/2023_maggio_3_hicsum_20_messico_rosolini_misericordia_spazio_spadoni_sr_angelica_perla_festa_santa_croce-7-300x225.jpeg\"\/><\/figure>\n\n\n<figure class=\"wp-block-image size-large messico\"><img decoding=\"async\" alt=\"2023 maio 3 HIC SUM 20 M\u00e9xico rosolini misericordia spazio spadoni sr angelica perla festa da Santa Cruz 8 300x225\" src=\"https:\/\/spaziospadoni.org\/wp-content\/uploads\/2026\/05\/2023_maggio_3_hicsum_20_messico_rosolini_misericordia_spazio_spadoni_sr_angelica_perla_festa_santa_croce-8-300x225.jpeg\"\/><\/figure>\n\n\n<figure class=\"wp-block-image size-large messico\"><img decoding=\"async\" alt=\"2023 mar\u00e7o 26 HIC SUM 20 rosolini misericordia M\u00e9xico spazio spadoni sr angelica perla chegada das irm\u00e3s M\u00e9xico 2 300x225\" src=\"https:\/\/spaziospadoni.org\/wp-content\/uploads\/2026\/05\/2023_marzo_26_hicsum_20_rosolini_misericordia_messico_spazio_spadoni_sr_angelica_perla_arrivo_suore_messico-2-300x225.jpeg\"\/><\/figure>\n\n\n<figure class=\"wp-block-image size-large messico\"><img decoding=\"async\" alt=\"colocar F a una delle due2023 mar\u00e7o 26 HIC SUM 20 rosolini misericordia M\u00e9xico spazio spadoni sr angelica perla chegada das irm\u00e3s M\u00e9xico 4 c\u00f3pia 300x166\" src=\"https:\/\/spaziospadoni.org\/wp-content\/uploads\/2026\/05\/mettere-F-a-una-delle-due2023_marzo_26_hicsum_20_rosolini_misericordia_messico_spazio_spadoni_sr_angelica_perla_arrivo_suore_messico-4-copia-300x166.jpg\"\/><\/figure>\n\n\n<figure class=\"wp-block-image size-large messico\"><img decoding=\"async\" alt=\"2023 mar\u00e7o 27 HIC SUM 20 rosolini misericordia M\u00e9xico spazio spadoni sr angelica perla boas-vindas \u00e0s irm\u00e3s regresso a casa 5 225x300\" src=\"https:\/\/spaziospadoni.org\/wp-content\/uploads\/2026\/05\/2023_marzo_27_hicsum_20_rosolini_misericordia_messico_spazio_spadoni_sr_angelica_perla_benvenuto_suore_rientro_casa-5-225x300.jpeg\"\/><\/figure>\n\n\n<figure class=\"wp-block-image size-large messico\"><img decoding=\"async\" alt=\"2023 mar\u00e7o 27 HIC SUM 20 rosolini misericordia M\u00e9xico spazio spadoni sr angelica perla boas-vindas \u00e0s irm\u00e3s regresso a casa 6 225x300\" src=\"https:\/\/spaziospadoni.org\/wp-content\/uploads\/2026\/05\/2023_marzo_27_hicsum_20_rosolini_misericordia_messico_spazio_spadoni_sr_angelica_perla_benvenuto_suore_rientro_casa-6-225x300.jpeg\"\/><\/figure>\n\n\n<figure class=\"wp-block-image size-large messico\"><img decoding=\"async\" alt=\"2023 mar\u00e7o 27 HIC SUM 20 rosolini misericordia M\u00e9xico spazio spadoni sr angelica perla boas-vindas \u00e0s irm\u00e3s regresso a casa 7 300x225\" src=\"https:\/\/spaziospadoni.org\/wp-content\/uploads\/2026\/05\/2023_marzo_27_hicsum_20_rosolini_misericordia_messico_spazio_spadoni_sr_angelica_perla_benvenuto_suore_rientro_casa-7-300x225.jpeg\"\/><\/figure>\n\n\n<figure class=\"wp-block-image size-large messico\"><img decoding=\"async\" alt=\"2023 mar\u00e7o 27 HIC SUM 20 rosolini misericordia M\u00e9xico spazio spadoni sr angelica perla boas-vindas \u00e0s irm\u00e3s regresso a casa 300x225\" src=\"https:\/\/spaziospadoni.org\/wp-content\/uploads\/2026\/05\/2023_marzo_27_hicsum_20_rosolini_misericordia_messico_spazio_spadoni_sr_angelica_perla_benvenuto_suore_rientro_casa-300x225.jpeg\"\/><\/figure>\n\n\n<figure class=\"wp-block-image size-large messico\"><img decoding=\"async\" alt=\"2023 mar\u00e7o 27 HIC SUM 20 rosolini misericordia M\u00e9xico spazio spadoni sr angelica perla boas-vindas \u00e0s irm\u00e3s regresso a casa 8 225x300\" src=\"https:\/\/spaziospadoni.org\/wp-content\/uploads\/2026\/05\/2023_marzo_27_hicsum_20_rosolini_misericordia_messico_spazio_spadoni_sr_angelica_perla_benvenuto_suore_rientro_casa-8-225x300.jpeg\"\/><\/figure>\n\n\n<figure class=\"wp-block-image size-large messico\"><img decoding=\"async\" alt=\"29 abril 2024 dia do Click distintivos msparse c\u00f3pia 300x143\" src=\"https:\/\/spaziospadoni.org\/wp-content\/uploads\/2026\/05\/29-aprile-2024-giorno-del-click-spille-msparse-copia-300x143.jpg\"\/><\/figure>\n\n\n<figure class=\"wp-block-image size-large messico\"><img decoding=\"async\" alt=\"2024 abril M\u00e9xico Irm\u00e3 Perla angelica assembleia da Congrega\u00e7\u00e3o festa 9 300x169\" src=\"https:\/\/spaziospadoni.org\/wp-content\/uploads\/2026\/05\/2024_aprile_messico_suor_perla_angelica_assemblea_congregazione_festa-9-300x169.jpg\"\/><\/figure>\n\n\n<figure class=\"wp-block-image size-large messico\"><img decoding=\"async\" alt=\"2024 abril M\u00e9xico Irm\u00e3 Perla angelica assembleia da Congrega\u00e7\u00e3o festa 8 169x300\" src=\"https:\/\/spaziospadoni.org\/wp-content\/uploads\/2026\/05\/2024_aprile_messico_suor_perla_angelica_assemblea_congregazione_festa-8-169x300.jpg\"\/><\/figure>\n\n\n<figure class=\"wp-block-image size-large messico\"><img decoding=\"async\" alt=\"2024 abril M\u00e9xico Irm\u00e3 Perla angelica assembleia da Congrega\u00e7\u00e3o festa 7 300x169\" src=\"https:\/\/spaziospadoni.org\/wp-content\/uploads\/2026\/05\/2024_aprile_messico_suor_perla_angelica_assemblea_congregazione_festa-7-300x169.jpg\"\/><\/figure>\n\n\n<figure class=\"wp-block-image size-large messico\"><img decoding=\"async\" alt=\"2024 abril M\u00e9xico Irm\u00e3 Perla angelica assembleia da Congrega\u00e7\u00e3o festa 6 300x169\" src=\"https:\/\/spaziospadoni.org\/wp-content\/uploads\/2026\/05\/2024_aprile_messico_suor_perla_angelica_assemblea_congregazione_festa-6-300x169.jpg\"\/><\/figure>\n\n\n<figure class=\"wp-block-image size-large messico\"><img decoding=\"async\" alt=\"2024 abril M\u00e9xico Irm\u00e3 Perla angelica assembleia da Congrega\u00e7\u00e3o festa 4 300x169\" src=\"https:\/\/spaziospadoni.org\/wp-content\/uploads\/2026\/05\/2024_aprile_messico_suor_perla_angelica_assemblea_congregazione_festa-4-300x169.jpg\"\/><\/figure>\n\n\n<figure class=\"wp-block-image size-large messico\"><img decoding=\"async\" alt=\"2024 abril M\u00e9xico Irm\u00e3 Perla angelica assembleia da Congrega\u00e7\u00e3o festa 3 169x300\" src=\"https:\/\/spaziospadoni.org\/wp-content\/uploads\/2026\/05\/2024_aprile_messico_suor_perla_angelica_assemblea_congregazione_festa-3-169x300.jpg\"\/><\/figure>\n\n\n<figure class=\"wp-block-image size-large messico\"><img decoding=\"async\" alt=\"2024 abril M\u00e9xico Irm\u00e3 Perla angelica assembleia da Congrega\u00e7\u00e3o festa 2 169x300\" src=\"https:\/\/spaziospadoni.org\/wp-content\/uploads\/2026\/05\/2024_aprile_messico_suor_perla_angelica_assemblea_congregazione_festa-2-169x300.jpg\"\/><\/figure>\n\n\n<figure class=\"wp-block-image size-large messico\"><img decoding=\"async\" alt=\"2024 abril M\u00e9xico Irm\u00e3 Perla angelica assembleia da Congrega\u00e7\u00e3o festa 1 300x169\" src=\"https:\/\/spaziospadoni.org\/wp-content\/uploads\/2026\/05\/2024_aprile_messico_suor_perla_angelica_assemblea_congregazione_festa-1-300x169.jpg\"\/><\/figure>\n\n\n<figure class=\"wp-block-image size-large messico\"><img decoding=\"async\" alt=\"2024 abril M\u00e9xico Irm\u00e3 Perla angelica assembleia da Congrega\u00e7\u00e3o festa 10 300x169\" src=\"https:\/\/spaziospadoni.org\/wp-content\/uploads\/2026\/05\/2024_aprile_messico_suor_perla_angelica_assemblea_congregazione_festa-10-300x169.jpg\"\/><\/figure>\n\n\n<figure class=\"wp-block-image size-large formazione\"><img decoding=\"async\" alt=\"2023 setembro 17 HIC SUM 20 M\u00e9xico rosolini misericordia spazio spadoni sr angelica perla convention rievoluzione opere noto nino armeri 3 225x300\" src=\"https:\/\/spaziospadoni.org\/wp-content\/uploads\/2026\/05\/2023_settembre_17_hicsum_20_messico_rosolini_misericordia_spazio_spadoni_sr_angelica_perla_convention_rievoluzione_opere_noto_nino_armeri-3-225x300.jpg\"\/><\/figure>\n\n\n<figure class=\"wp-block-image size-large formazione\"><img decoding=\"async\" alt=\"2023 setembro 17 HIC SUM 20 M\u00e9xico rosolini misericordia spazio spadoni sr angelica perla convention rievoluzione opere noto nino armeri 4 225x300\" src=\"https:\/\/spaziospadoni.org\/wp-content\/uploads\/2026\/05\/2023_settembre_17_hicsum_20_messico_rosolini_misericordia_spazio_spadoni_sr_angelica_perla_convention_rievoluzione_opere_noto_nino_armeri-4-225x300.jpg\"\/><\/figure>\n\n\n<figure class=\"wp-block-image size-large formazione\"><img decoding=\"async\" alt=\"2023 setembro 17 HIC SUM 20 M\u00e9xico rosolini misericordia spazio spadoni sr angelica perla convention rievoluzione opere noto nino savarino 4 225x300\" src=\"https:\/\/spaziospadoni.org\/wp-content\/uploads\/2026\/05\/2023_settembre_17_hicsum_20_messico_rosolini_misericordia_spazio_spadoni_sr_angelica_perla_convention_rievoluzione_opere_noto_nino_savarino-4-225x300.jpg\"\/><\/figure>\n\n\n<figure class=\"wp-block-image size-large formazione\"><img decoding=\"async\" alt=\"2023 maio HIC SUM 20 rosolini misericordia spazio spadoni sr angelica perla cidadania honor\u00e1ria luigi 3 300x225\" src=\"https:\/\/spaziospadoni.org\/wp-content\/uploads\/2026\/05\/2023_maggio_hicsum_20_rosolini_misericordia_spazio_spadoni_sr_angelica_perla_cittadinanza_onoraria_luigi-3-300x225.jpg\"\/><\/figure>\n\n\n<figure class=\"wp-block-image size-large formazione\"><img decoding=\"async\" alt=\"2023 HIC SUM 20 rosolini misericordia spazio spadoni sr angelica perla luigi spadoni vescovo rumeo sindaco 300x169\" src=\"https:\/\/spaziospadoni.org\/wp-content\/uploads\/2026\/05\/2023_hicsum_20_rosolini_misericordia_spazio_spadoni_sr_angelica_perla_luigi_spadoni_vescovo_rumeo_sindaco-300x169.jpg\"\/><\/figure>\n\n\n<figure class=\"wp-block-image size-large formazione\"><img decoding=\"async\" alt=\"2023 HIC SUM 20 rosolini misericordia spazio spadoni sr angelica perla luigi spadoni umberto banchi sergio mura selene pera andrea del bianco nino savarino armeni 300x169\" src=\"https:\/\/spaziospadoni.org\/wp-content\/uploads\/2026\/05\/2023_hicsum_20_rosolini_misericordia_spazio_spadoni_sr_angelica_perla_luigi_spadoni_umberto_banchi_sergio_mura_selene_pera_andrea_del_bianco_nino_savarino_armeni-300x169.jpg\"\/><\/figure>\n\n\n<figure class=\"wp-block-image size-large formazione\"><img decoding=\"async\" alt=\"janeiro 2025 targa OPERA M M\u00e9xico Obras de Miseric\u00f3rdia spazio spadoni 2 169x300\" src=\"https:\/\/spaziospadoni.org\/wp-content\/uploads\/2026\/05\/gennaio_2025_targa_operam_messico_opere_misericordia_spazio_spadoni-2-169x300.jpg\"\/><\/figure>\n\n\n<figure class=\"wp-block-image size-large formazione\"><img decoding=\"async\" alt=\"janeiro 2025 targa OPERA M M\u00e9xico Obras de Miseric\u00f3rdia spazio spadoni 3 169x300\" src=\"https:\/\/spaziospadoni.org\/wp-content\/uploads\/2026\/05\/gennaio_2025_targa_operam_messico_opere_misericordia_spazio_spadoni-3-169x300.jpg\"\/><\/figure>\n\n\n<figure class=\"wp-block-image size-large formazione\"><img decoding=\"async\" alt=\"janeiro 2025 targa OPERA M M\u00e9xico Obras de Miseric\u00f3rdia spazio spadoni 1 225x300\" src=\"https:\/\/spaziospadoni.org\/wp-content\/uploads\/2026\/05\/gennaio_2025_targa_operam_messico_opere_misericordia_spazio_spadoni-1-225x300.jpg\"\/><\/figure>\n\n\n<figure class=\"wp-block-image size-large formazione\"><img decoding=\"async\" alt=\"encontro com o bispo 2024 distintivo a luigi sobre crocodilo c\u00f3pia 300x169\" src=\"https:\/\/spaziospadoni.org\/wp-content\/uploads\/2026\/05\/incontro-vescovo-2024-spilla-a-luigi-su-coccodrillo-copia-300x169.jpg\"\/><\/figure>\n\n\n<figure class=\"wp-block-image size-large formazione\"><img decoding=\"async\" alt=\"2025 maio assemblea uisg roma spazio spadoni Obras de Miseric\u00f3rdia superiore generali irm\u00e3s 102 225x300\" src=\"https:\/\/spaziospadoni.org\/wp-content\/uploads\/2026\/05\/2025_maggio_assemblea_uisg_roma_spazio_spadoni_opere_misericordia_superiore_generali_suore-102-225x300.jpg\"\/><\/figure>\n\n\n<figure class=\"wp-block-image size-large formazione\"><img decoding=\"async\" alt=\"2025 maio assemblea uisg roma spazio spadoni Obras de Miseric\u00f3rdia superiore generali irm\u00e3s 103 300x225\" src=\"https:\/\/spaziospadoni.org\/wp-content\/uploads\/2026\/05\/2025_maggio_assemblea_uisg_roma_spazio_spadoni_opere_misericordia_superiore_generali_suore-103-300x225.jpg\"\/><\/figure>\n\n\n<figure class=\"wp-block-image size-large formazione\"><img decoding=\"async\" alt=\"2025 maio assemblea uisg roma spazio spadoni Obras de Miseric\u00f3rdia superiore generali irm\u00e3s 105 225x300\" src=\"https:\/\/spaziospadoni.org\/wp-content\/uploads\/2026\/05\/2025_maggio_assemblea_uisg_roma_spazio_spadoni_opere_misericordia_superiore_generali_suore-105-225x300.jpg\"\/><\/figure>\n\n\n<figure class=\"wp-block-image size-large formazione\"><img decoding=\"async\" alt=\"2025 maio assemblea uisg roma spazio spadoni Obras de Miseric\u00f3rdia superiore generali irm\u00e3s 104 300x225\" src=\"https:\/\/spaziospadoni.org\/wp-content\/uploads\/2026\/05\/2025_maggio_assemblea_uisg_roma_spazio_spadoni_opere_misericordia_superiore_generali_suore-104-300x225.jpg\"\/><\/figure>\n\n\n<figure class=\"wp-block-image size-large formazione\"><img decoding=\"async\" alt=\"2025 maio assemblea uisg roma spazio spadoni Obras de Miseric\u00f3rdia superiore generali irm\u00e3s 107 225x300\" src=\"https:\/\/spaziospadoni.org\/wp-content\/uploads\/2026\/05\/2025_maggio_assemblea_uisg_roma_spazio_spadoni_opere_misericordia_superiore_generali_suore-107-225x300.jpg\"\/><\/figure>\n\n\n<figure class=\"wp-block-image size-large formazione\"><img decoding=\"async\" alt=\"2025 maio assemblea uisg roma spazio spadoni Obras de Miseric\u00f3rdia superiore generali irm\u00e3s 114 300x225\" src=\"https:\/\/spaziospadoni.org\/wp-content\/uploads\/2026\/05\/2025_maggio_assemblea_uisg_roma_spazio_spadoni_opere_misericordia_superiore_generali_suore-114-300x225.jpg\"\/><\/figure>\n\n\n<figure class=\"wp-block-image size-large formazione\"><img decoding=\"async\" alt=\"2025 junho Irm\u00e3 Perla angelica tornano misericordia Rosolini spazio spadoni projeto HIC SUM 7 300x169\" src=\"https:\/\/spaziospadoni.org\/wp-content\/uploads\/2026\/05\/2025_giugno_suor_perla_angelica_tornano_misericordia_Rosolini_spazio_spadoni_progetto_hic_sum-7-300x169.jpg\"\/><\/figure>\n\n\n<figure class=\"wp-block-image size-large formazione\"><img decoding=\"async\" alt=\"2025 junho Irm\u00e3 Perla angelica tornano misericordia Rosolini spazio spadoni projeto HIC SUM 1 300x169\" src=\"https:\/\/spaziospadoni.org\/wp-content\/uploads\/2026\/05\/2025_giugno_suor_perla_angelica_tornano_misericordia_Rosolini_spazio_spadoni_progetto_hic_sum-1-300x169.jpg\"\/><\/figure>\n\n\n<figure class=\"wp-block-image size-large formazione\"><img decoding=\"async\" alt=\"2025 junho Irm\u00e3 Perla angelica tornano misericordia Rosolini spazio spadoni projeto HIC SUM 26 300x169\" src=\"https:\/\/spaziospadoni.org\/wp-content\/uploads\/2026\/05\/2025_giugno_suor_perla_angelica_tornano_misericordia_Rosolini_spazio_spadoni_progetto_hic_sum-26-300x169.jpg\"\/><\/figure>\n\n\n<figure class=\"wp-block-image size-large formazione\"><img decoding=\"async\" alt=\"junho 2025 festa 30.\u00ba anivers\u00e1rio Misericordia rosolini Irm\u00e3 Perla angelica spazio spadoni It\u00e1lia 1 269x300\" src=\"https:\/\/spaziospadoni.org\/wp-content\/uploads\/2026\/05\/Giugno-2025_festa_trentennale_misericodia_rosolini_suor_perla_angelica_spazio_spadoni_italia-1-269x300.jpg\"\/><\/figure>\n\n\n<figure class=\"wp-block-image size-large formazione\"><img decoding=\"async\" alt=\"junho 2025 festa 30.\u00ba anivers\u00e1rio Misericordia rosolini Irm\u00e3 Perla angelica spazio spadoni It\u00e1lia 8 225x300\" src=\"https:\/\/spaziospadoni.org\/wp-content\/uploads\/2026\/05\/Giugno-2025_festa_trentennale_misericodia_rosolini_suor_perla_angelica_spazio_spadoni_italia-8-225x300.jpg\"\/><\/figure>\n\n\n<figure class=\"wp-block-image size-large formazione\"><img decoding=\"async\" alt=\"junho 2025 festa 30.\u00ba anivers\u00e1rio Misericordia rosolini Irm\u00e3 Perla angelica spazio spadoni It\u00e1lia 9 300x226\" src=\"https:\/\/spaziospadoni.org\/wp-content\/uploads\/2026\/05\/Giugno-2025_festa_trentennale_misericodia_rosolini_suor_perla_angelica_spazio_spadoni_italia-9-300x226.jpg\"\/><\/figure>\n\n\n<figure class=\"wp-block-image size-large formazione\"><img decoding=\"async\" alt=\"junho 2025 festa 30.\u00ba anivers\u00e1rio Misericordia rosolini Irm\u00e3 Perla angelica spazio spadoni It\u00e1lia 10 300x225\" src=\"https:\/\/spaziospadoni.org\/wp-content\/uploads\/2026\/05\/Giugno-2025_festa_trentennale_misericodia_rosolini_suor_perla_angelica_spazio_spadoni_italia-10-300x225.jpg\"\/><\/figure>\n\n\n<figure class=\"wp-block-image size-large formazione\"><img decoding=\"async\" alt=\"junho 2025 festa 30.\u00ba anivers\u00e1rio Misericordia rosolini Irm\u00e3 Perla angelica spazio spadoni It\u00e1lia 11 300x225\" src=\"https:\/\/spaziospadoni.org\/wp-content\/uploads\/2026\/05\/Giugno-2025_festa_trentennale_misericodia_rosolini_suor_perla_angelica_spazio_spadoni_italia-11-300x225.jpg\"\/><\/figure>\n\n\n<figure class=\"wp-block-image size-large formazione\"><img decoding=\"async\" alt=\"junho 2025 festa 30.\u00ba anivers\u00e1rio Misericordia rosolini Irm\u00e3 Perla angelica spazio spadoni It\u00e1lia 12 300x169\" src=\"https:\/\/spaziospadoni.org\/wp-content\/uploads\/2026\/05\/Giugno-2025_festa_trentennale_misericodia_rosolini_suor_perla_angelica_spazio_spadoni_italia-12-300x169.jpg\"\/><\/figure>\n\n\n<figure class=\"wp-block-image size-large formazione\"><img decoding=\"async\" alt=\"junho 2025 festa 30.\u00ba anivers\u00e1rio Misericordia rosolini Irm\u00e3 Perla angelica spazio spadoni It\u00e1lia 15 300x225\" src=\"https:\/\/spaziospadoni.org\/wp-content\/uploads\/2026\/05\/Giugno-2025_festa_trentennale_misericodia_rosolini_suor_perla_angelica_spazio_spadoni_italia-15-300x225.jpg\"\/><\/figure>\n\n\n<figure class=\"wp-block-image size-large formazione\"><img decoding=\"async\" alt=\"junho 2025 festa 30.\u00ba anivers\u00e1rio Misericordia rosolini Irm\u00e3 Perla angelica spazio spadoni It\u00e1lia 16 300x200\" src=\"https:\/\/spaziospadoni.org\/wp-content\/uploads\/2026\/05\/Giugno-2025_festa_trentennale_misericodia_rosolini_suor_perla_angelica_spazio_spadoni_italia-16-300x200.jpg\"\/><\/figure>\n\n\n<figure class=\"wp-block-image size-large formazione\"><img decoding=\"async\" alt=\"junho 2025 festa 30.\u00ba anivers\u00e1rio Misericordia rosolini Irm\u00e3 Perla angelica spazio spadoni It\u00e1lia 18 300x169\" src=\"https:\/\/spaziospadoni.org\/wp-content\/uploads\/2026\/05\/Giugno-2025_festa_trentennale_misericodia_rosolini_suor_perla_angelica_spazio_spadoni_italia-18-300x169.jpg\"\/><\/figure>\n\n\n<figure class=\"wp-block-image size-large formazione\"><img decoding=\"async\" alt=\"junho 2025 festa 30.\u00ba anivers\u00e1rio Misericordia rosolini Irm\u00e3 Perla angelica spazio spadoni It\u00e1lia 23 300x169\" src=\"https:\/\/spaziospadoni.org\/wp-content\/uploads\/2026\/05\/Giugno-2025_festa_trentennale_misericodia_rosolini_suor_perla_angelica_spazio_spadoni_italia-23-300x169.jpg\"\/><\/figure>\n\n\n<figure class=\"wp-block-image size-large formazione\"><img decoding=\"async\" alt=\"junho 2025 festa 30.\u00ba anivers\u00e1rio Misericordia rosolini Irm\u00e3 Perla angelica spazio spadoni It\u00e1lia 26 300x225\" src=\"https:\/\/spaziospadoni.org\/wp-content\/uploads\/2026\/05\/Giugno-2025_festa_trentennale_misericodia_rosolini_suor_perla_angelica_spazio_spadoni_italia-26-300x225.jpg\"\/><\/figure>\n\n\n<figure class=\"wp-block-image size-large formazione\"><img decoding=\"async\" alt=\"junho 2025 festa 30.\u00ba anivers\u00e1rio Misericordia rosolini Irm\u00e3 Perla angelica spazio spadoni It\u00e1lia 28 225x300\" src=\"https:\/\/spaziospadoni.org\/wp-content\/uploads\/2026\/05\/Giugno-2025_festa_trentennale_misericodia_rosolini_suor_perla_angelica_spazio_spadoni_italia-28-225x300.jpg\"\/><\/figure>\n\n\n<figure class=\"wp-block-image size-large formazione\"><img decoding=\"async\" alt=\"junho 2025 festa 30.\u00ba anivers\u00e1rio Misericordia rosolini Irm\u00e3 Perla angelica spazio spadoni It\u00e1lia 34 300x169\" src=\"https:\/\/spaziospadoni.org\/wp-content\/uploads\/2026\/05\/Giugno-2025_festa_trentennale_misericodia_rosolini_suor_perla_angelica_spazio_spadoni_italia-34-300x169.jpg\"\/><\/figure>\n\n\n<figure class=\"wp-block-image size-large formazione\"><img decoding=\"async\" alt=\"junho 2025 festa 30.\u00ba anivers\u00e1rio Misericordia rosolini Irm\u00e3 Perla angelica spazio spadoni It\u00e1lia 35 300x200\" src=\"https:\/\/spaziospadoni.org\/wp-content\/uploads\/2026\/05\/Giugno-2025_festa_trentennale_misericodia_rosolini_suor_perla_angelica_spazio_spadoni_italia-35-300x200.jpg\"\/><\/figure>\n\n\n<figure class=\"wp-block-image size-large formazione\"><img decoding=\"async\" alt=\"2025 junho rosolini Sic\u00edlia spazio spadoni Irm\u00e3 Perla angelica projeto HIC SUM festa 24 300x200\" src=\"https:\/\/spaziospadoni.org\/wp-content\/uploads\/2026\/05\/2025_giugno_rosolini_sicilia_spazio_spadoni_suor_perla_angelica_progetto_hic_sum_festa-24-300x200.jpg\"\/><\/figure>\n\n\n<figure class=\"wp-block-image size-large formazione\"><img decoding=\"async\" alt=\"2025 junho rosolini Sic\u00edlia spazio spadoni Irm\u00e3 Perla angelica projeto HIC SUM festa 1 300x200\" src=\"https:\/\/spaziospadoni.org\/wp-content\/uploads\/2026\/05\/2025_giugno_rosolini_sicilia_spazio_spadoni_suor_perla_angelica_progetto_hic_sum_festa-1-300x200.jpg\"\/><\/figure>\n\n\n<figure class=\"wp-block-image size-large formazione\"><img decoding=\"async\" alt=\"2025 junho rosolini Sic\u00edlia spazio spadoni Irm\u00e3 Perla angelica projeto HIC SUM festa 2 300x200\" src=\"https:\/\/spaziospadoni.org\/wp-content\/uploads\/2026\/05\/2025_giugno_rosolini_sicilia_spazio_spadoni_suor_perla_angelica_progetto_hic_sum_festa-2-300x200.jpg\"\/><\/figure>\n\n\n<figure class=\"wp-block-image size-large formazione\"><img decoding=\"async\" alt=\"2025 junho rosolini Sic\u00edlia spazio spadoni Irm\u00e3 Perla angelica projeto HIC SUM festa 10 300x200\" src=\"https:\/\/spaziospadoni.org\/wp-content\/uploads\/2026\/05\/2025_giugno_rosolini_sicilia_spazio_spadoni_suor_perla_angelica_progetto_hic_sum_festa-10-300x200.jpg\"\/><\/figure>\n\n\n<figure class=\"wp-block-image size-large formazione\"><img decoding=\"async\" alt=\"2025 junho rosolini Sic\u00edlia spazio spadoni Irm\u00e3 Perla angelica projeto HIC SUM festa 11 300x200\" src=\"https:\/\/spaziospadoni.org\/wp-content\/uploads\/2026\/05\/2025_giugno_rosolini_sicilia_spazio_spadoni_suor_perla_angelica_progetto_hic_sum_festa-11-300x200.jpg\"\/><\/figure>\n\n\n<figure class=\"wp-block-image size-large formazione\"><img decoding=\"async\" alt=\"2025 junho rosolini Sic\u00edlia spazio spadoni Irm\u00e3 Perla angelica projeto HIC SUM festa 12 300x200\" src=\"https:\/\/spaziospadoni.org\/wp-content\/uploads\/2026\/05\/2025_giugno_rosolini_sicilia_spazio_spadoni_suor_perla_angelica_progetto_hic_sum_festa-12-300x200.jpg\"\/><\/figure>\n\n\n<figure class=\"wp-block-image size-large formazione\"><img decoding=\"async\" alt=\"2025 junho rosolini Sic\u00edlia spazio spadoni Irm\u00e3 Perla angelica projeto HIC SUM festa 13 300x200\" src=\"https:\/\/spaziospadoni.org\/wp-content\/uploads\/2026\/05\/2025_giugno_rosolini_sicilia_spazio_spadoni_suor_perla_angelica_progetto_hic_sum_festa-13-300x200.jpg\"\/><\/figure>\n\n\n<figure class=\"wp-block-image size-large formazione\"><img decoding=\"async\" alt=\"2025 junho rosolini Sic\u00edlia spazio spadoni Irm\u00e3 Perla angelica projeto HIC SUM festa 14 300x169\" src=\"https:\/\/spaziospadoni.org\/wp-content\/uploads\/2026\/05\/2025_giugno_rosolini_sicilia_spazio_spadoni_suor_perla_angelica_progetto_hic_sum_festa-14-300x169.jpg\"\/><\/figure>\n\n\n<figure class=\"wp-block-image size-large formazione\"><img decoding=\"async\" alt=\"2025 junho rosolini Sic\u00edlia spazio spadoni Irm\u00e3 Perla angelica projeto HIC SUM festa 15 300x200\" src=\"https:\/\/spaziospadoni.org\/wp-content\/uploads\/2026\/05\/2025_giugno_rosolini_sicilia_spazio_spadoni_suor_perla_angelica_progetto_hic_sum_festa-15-300x200.jpg\"\/><\/figure>\n\n\n<figure class=\"wp-block-image size-large formazione\"><img decoding=\"async\" alt=\"2025 junho rosolini Sic\u00edlia spazio spadoni Irm\u00e3 Perla angelica projeto HIC SUM festa 16 200x300\" src=\"https:\/\/spaziospadoni.org\/wp-content\/uploads\/2026\/05\/2025_giugno_rosolini_sicilia_spazio_spadoni_suor_perla_angelica_progetto_hic_sum_festa-16-200x300.jpg\"\/><\/figure>\n\n\n<figure class=\"wp-block-image size-large formazione\"><img decoding=\"async\" alt=\"2025 junho rosolini Sic\u00edlia spazio spadoni Irm\u00e3 Perla angelica projeto HIC SUM festa 17 300x200\" src=\"https:\/\/spaziospadoni.org\/wp-content\/uploads\/2026\/05\/2025_giugno_rosolini_sicilia_spazio_spadoni_suor_perla_angelica_progetto_hic_sum_festa-17-300x200.jpg\"\/><\/figure>\n\n\n<figure class=\"wp-block-image size-large formazione\"><img decoding=\"async\" alt=\"2025 junho rosolini Sic\u00edlia spazio spadoni Irm\u00e3 Perla angelica projeto HIC SUM festa 18 300x200\" src=\"https:\/\/spaziospadoni.org\/wp-content\/uploads\/2026\/05\/2025_giugno_rosolini_sicilia_spazio_spadoni_suor_perla_angelica_progetto_hic_sum_festa-18-300x200.jpg\"\/><\/figure>\n\n\n<figure class=\"wp-block-image size-large formazione\"><img decoding=\"async\" alt=\"2025 junho rosolini Sic\u00edlia spazio spadoni Irm\u00e3 Perla angelica projeto HIC SUM festa 19 300x200\" src=\"https:\/\/spaziospadoni.org\/wp-content\/uploads\/2026\/05\/2025_giugno_rosolini_sicilia_spazio_spadoni_suor_perla_angelica_progetto_hic_sum_festa-19-300x200.jpg\"\/><\/figure>\n\n\n<figure class=\"wp-block-image size-large formazione\"><img decoding=\"async\" alt=\"2025 junho rosolini Sic\u00edlia spazio spadoni Irm\u00e3 Perla angelica projeto HIC SUM festa 20 300x200\" src=\"https:\/\/spaziospadoni.org\/wp-content\/uploads\/2026\/05\/2025_giugno_rosolini_sicilia_spazio_spadoni_suor_perla_angelica_progetto_hic_sum_festa-20-300x200.jpg\"\/><\/figure>\n\n\n<figure class=\"wp-block-image size-large formazione\"><img decoding=\"async\" alt=\"2025 junho rosolini Sic\u00edlia spazio spadoni Irm\u00e3 Perla angelica projeto HIC SUM festa 21 300x200\" src=\"https:\/\/spaziospadoni.org\/wp-content\/uploads\/2026\/05\/2025_giugno_rosolini_sicilia_spazio_spadoni_suor_perla_angelica_progetto_hic_sum_festa-21-300x200.jpg\"\/><\/figure>\n\n\n<figure class=\"wp-block-image size-large formazione\"><img decoding=\"async\" alt=\"2025 junho rosolini Sic\u00edlia spazio spadoni Irm\u00e3 Perla angelica projeto HIC SUM festa 22 200x300\" src=\"https:\/\/spaziospadoni.org\/wp-content\/uploads\/2026\/05\/2025_giugno_rosolini_sicilia_spazio_spadoni_suor_perla_angelica_progetto_hic_sum_festa-22-200x300.jpg\"\/><\/figure>\n\n\n<figure class=\"wp-block-image size-large formazione\"><img decoding=\"async\" alt=\"2025 junho rosolini Sic\u00edlia spazio spadoni Irm\u00e3 Perla angelica projeto HIC SUM festa 23 300x200\" src=\"https:\/\/spaziospadoni.org\/wp-content\/uploads\/2026\/05\/2025_giugno_rosolini_sicilia_spazio_spadoni_suor_perla_angelica_progetto_hic_sum_festa-23-300x200.jpg\"\/><\/figure>\n\n\n<figure class=\"wp-block-image size-large formazione\"><img decoding=\"async\" alt=\"2025 julho 23 24 Irm\u00e3 Perla angelica visita roma assisi misericordia rosolini spazio spadoni projeto HIC SUM Obras de Miseric\u00f3rdia 3\" src=\"https:\/\/spaziospadoni.org\/wp-content\/uploads\/2026\/05\/2025_luglio_23_24_suor_perla_angelica_visita_roma_assisi_misericordia_rosolini_spazio_spadoni_progetto_hic_sum_opere_misericordia-3.jpg\"\/><\/figure>\n\n\n<figure class=\"wp-block-image size-large formazione\"><img decoding=\"async\" alt=\"2025 julho 23 24 Irm\u00e3 Perla angelica visita roma assisi misericordia rosolini spazio spadoni projeto HIC SUM Obras de Miseric\u00f3rdia 1\" src=\"https:\/\/spaziospadoni.org\/wp-content\/uploads\/2026\/05\/2025_luglio_23_24_suor_perla_angelica_visita_roma_assisi_misericordia_rosolini_spazio_spadoni_progetto_hic_sum_opere_misericordia-1.jpg\"\/><\/figure>\n\n\n<figure class=\"wp-block-image size-large messico\"><img decoding=\"async\" alt=\"2025 setembro 13 Irm\u00e3 Perla Madre irene visita vescovo puebla M\u00e9xico Obras de Miseric\u00f3rdia spazio spadoni\" src=\"https:\/\/spaziospadoni.org\/wp-content\/uploads\/2026\/05\/2025_settembre_13_suor_perla_madre_irene_visita_vescovo_puebla_messico_opere_misericordia_spazio_spadoni.jpeg\"\/><\/figure>\n\n\n<figure class=\"wp-block-image size-large messico\"><img decoding=\"async\" alt=\"2025 setembro 17 encontro misericordia rosolini Irm\u00e3 Perla associazione M\u00e9xico Obras de Miseric\u00f3rdia spazio spadoni\" src=\"https:\/\/spaziospadoni.org\/wp-content\/uploads\/2026\/05\/2025_settembre_17_incontro_misericordia_rosolini_suor_perla_associazione_messico_opere_misericordia_spazio_spadoni.jpeg\"\/><\/figure>\n\n\n<figure class=\"wp-block-image size-large messico\"><img decoding=\"async\" alt=\"2025 setembro 27 74 anniversario congregazione Irm\u00e3 Perla Irm\u00e3 Angelica M\u00e9xico spazio spadoni 1 400x300\" src=\"https:\/\/spaziospadoni.org\/wp-content\/uploads\/2026\/05\/2025_settembre_27_74_anniversario_congregazione_suor_perla_suor_angelica_messico_spazio_spadoni-1.jpeg\"\/><\/figure>\n\n\n<figure class=\"wp-block-image size-large messico\"><img decoding=\"async\" alt=\"2025 setembro 27 74 anniversario congregazione Irm\u00e3 Perla Irm\u00e3 Angelica M\u00e9xico spazio spadoni 31 300x225\" src=\"https:\/\/spaziospadoni.org\/wp-content\/uploads\/2026\/05\/2025_settembre_27_74_anniversario_congregazione_suor_perla_suor_angelica_messico_spazio_spadoni-31-300x225.jpeg\"\/><\/figure>\n\n\n<figure class=\"wp-block-image size-large messico\"><img decoding=\"async\" alt=\"2026 janeiro 13 Obras de Miseric\u00f3rdia spazio spadoni M\u00e9xico Irm\u00e3 Perla angelica misericordia rosolini 3 225x300\" src=\"https:\/\/spaziospadoni.org\/wp-content\/uploads\/2026\/05\/2026_gennaio_13_opere_misericordia_spazio_spadoni_messico_suor_perla_angelica_misericordia_rosolini-3-225x300.jpeg\"\/><\/figure>\n\n\n<figure class=\"wp-block-image size-large messico\"><img decoding=\"async\" alt=\"2026 janeiro 13 Obras de Miseric\u00f3rdia spazio spadoni M\u00e9xico Irm\u00e3 Perla angelica misericordia rosolini 2 300x225\" src=\"https:\/\/spaziospadoni.org\/wp-content\/uploads\/2026\/05\/2026_gennaio_13_opere_misericordia_spazio_spadoni_messico_suor_perla_angelica_misericordia_rosolini-2-300x225.jpeg\"\/><\/figure>\n\n\n<figure class=\"wp-block-image size-large messico\"><img decoding=\"async\" alt=\"2026 janeiro 13 Obras de Miseric\u00f3rdia spazio spadoni M\u00e9xico Irm\u00e3 Perla angelica misericordia rosolini 1 300x225\" src=\"https:\/\/spaziospadoni.org\/wp-content\/uploads\/2026\/05\/2026_gennaio_13_opere_misericordia_spazio_spadoni_messico_suor_perla_angelica_misericordia_rosolini-1-300x225.jpeg\"\/><\/figure>\n\n\n<figure class=\"wp-block-image size-large messico\"><img decoding=\"async\" alt=\"2026 janeiro 13 Obras de Miseric\u00f3rdia spazio spadoni M\u00e9xico Irm\u00e3 Perla angelica misericordia rosolini 6 300x225\" src=\"https:\/\/spaziospadoni.org\/wp-content\/uploads\/2026\/05\/2026_gennaio_13_opere_misericordia_spazio_spadoni_messico_suor_perla_angelica_misericordia_rosolini-6-300x225.jpeg\"\/><\/figure>\n\n\n<figure class=\"wp-block-image size-large messico\"><img decoding=\"async\" alt=\"2026 janeiro 25 forma\u00e7\u00e3o Obras de Miseric\u00f3rdia puebla M\u00e9xico Irm\u00e3 Perla projeto HIC SUM OPERA M spazio spadoni 2\" src=\"https:\/\/spaziospadoni.org\/wp-content\/uploads\/2026\/05\/2026_gennaio_25_formazione_opere_misericordia_puebla_messico_suor_perla_progetto_hic_sum_operam_spazio_spadoni-2.jpeg\"\/><\/figure>\n\n\n<figure class=\"wp-block-image size-large messico\"><img decoding=\"async\" alt=\"2026 janeiro 25 forma\u00e7\u00e3o Obras de Miseric\u00f3rdia puebla M\u00e9xico Irm\u00e3 Perla projeto HIC SUM OPERA M spazio spadoni 5\" src=\"https:\/\/spaziospadoni.org\/wp-content\/uploads\/2026\/05\/2026_gennaio_25_formazione_opere_misericordia_puebla_messico_suor_perla_progetto_hic_sum_operam_spazio_spadoni-5.jpeg\"\/><\/figure>\n\n\n<figure class=\"wp-block-image size-large messico\"><img decoding=\"async\" alt=\"2026 janeiro 25 forma\u00e7\u00e3o Obras de Miseric\u00f3rdia puebla M\u00e9xico Irm\u00e3 Perla projeto HIC SUM OPERA M spazio spadoni 4\" src=\"https:\/\/spaziospadoni.org\/wp-content\/uploads\/2026\/05\/2026_gennaio_25_formazione_opere_misericordia_puebla_messico_suor_perla_progetto_hic_sum_operam_spazio_spadoni-4.jpeg\"\/><\/figure>\n\n\n<figure class=\"wp-block-image size-large messico\"><img decoding=\"async\" alt=\"2026 mar\u00e7o 19 habitantes spazio spadoni puebla Obras de Miseric\u00f3rdia OPERA M 14\" src=\"https:\/\/spaziospadoni.org\/wp-content\/uploads\/2026\/05\/2026_marzo_19_abitanti_spazio_spadoni_puebla_opere_misericordia_operam-14.jpeg\"\/><\/figure>\n\n\n<figure class=\"wp-block-image size-large messico\"><img decoding=\"async\" alt=\"2026 mar\u00e7o 19 habitantes spazio spadoni puebla Obras de Miseric\u00f3rdia OPERA M 12\" src=\"https:\/\/spaziospadoni.org\/wp-content\/uploads\/2026\/05\/2026_marzo_19_abitanti_spazio_spadoni_puebla_opere_misericordia_operam-12.jpeg\"\/><\/figure>\n\n\n<figure class=\"wp-block-image size-large messico\"><img decoding=\"async\" alt=\"2026 mar\u00e7o 19 habitantes spazio spadoni puebla Obras de Miseric\u00f3rdia OPERA M 13\" src=\"https:\/\/spaziospadoni.org\/wp-content\/uploads\/2026\/05\/2026_marzo_19_abitanti_spazio_spadoni_puebla_opere_misericordia_operam-13.jpeg\"\/><\/figure>\n\n\n<figure class=\"wp-block-image size-large messico\"><img decoding=\"async\" alt=\"2026 mar\u00e7o 19 habitantes spazio spadoni puebla Obras de Miseric\u00f3rdia OPERA M 16\" src=\"https:\/\/spaziospadoni.org\/wp-content\/uploads\/2026\/05\/2026_marzo_19_abitanti_spazio_spadoni_puebla_opere_misericordia_operam-16.jpeg\"\/><\/figure>\n\n\n<figure class=\"wp-block-image size-large messico\"><img decoding=\"async\" alt=\"2026 mar\u00e7o 19 habitantes spazio spadoni puebla Obras de Miseric\u00f3rdia OPERA M 17\" src=\"https:\/\/spaziospadoni.org\/wp-content\/uploads\/2026\/05\/2026_marzo_19_abitanti_spazio_spadoni_puebla_opere_misericordia_operam-17.jpeg\"\/><\/figure>\n\n\n<figure class=\"wp-block-image size-large messico\"><img decoding=\"async\" alt=\"2026 mar\u00e7o 19 habitantes spazio spadoni puebla Obras de Miseric\u00f3rdia OPERA M 18\" src=\"https:\/\/spaziospadoni.org\/wp-content\/uploads\/2026\/05\/2026_marzo_19_abitanti_spazio_spadoni_puebla_opere_misericordia_operam-18.jpeg\"\/><\/figure>\n\n\n<figure class=\"wp-block-image size-large messico\"><img decoding=\"async\" alt=\"2026 mar\u00e7o 19 habitantes spazio spadoni puebla Obras de Miseric\u00f3rdia OPERA M 20\" src=\"https:\/\/spaziospadoni.org\/wp-content\/uploads\/2026\/05\/2026_marzo_19_abitanti_spazio_spadoni_puebla_opere_misericordia_operam-20.jpeg\"\/><\/figure>\n\n\n<figure class=\"wp-block-image size-large messico\"><img decoding=\"async\" alt=\"2026 mar\u00e7o 19 habitantes spazio spadoni puebla Obras de Miseric\u00f3rdia OPERA M 22\" src=\"https:\/\/spaziospadoni.org\/wp-content\/uploads\/2026\/05\/2026_marzo_19_abitanti_spazio_spadoni_puebla_opere_misericordia_operam-22.jpeg\"\/><\/figure>\n\n\n<figure class=\"wp-block-image size-large messico\"><img decoding=\"async\" alt=\"2026 mar\u00e7o 19 habitantes spazio spadoni puebla Obras de Miseric\u00f3rdia OPERA M 23\" src=\"https:\/\/spaziospadoni.org\/wp-content\/uploads\/2026\/05\/2026_marzo_19_abitanti_spazio_spadoni_puebla_opere_misericordia_operam-23.jpeg\"\/><\/figure>\n\n\n<figure class=\"wp-block-image size-large messico\"><img decoding=\"async\" alt=\"2026 mar\u00e7o 19 habitantes spazio spadoni puebla Obras de Miseric\u00f3rdia OPERA M 1\" src=\"https:\/\/spaziospadoni.org\/wp-content\/uploads\/2026\/05\/2026_marzo_19_abitanti_spazio_spadoni_puebla_opere_misericordia_operam-1.jpeg\"\/><\/figure>\n\n\n<figure class=\"wp-block-image size-large messico\"><img decoding=\"async\" alt=\"2026 mar\u00e7o 19 habitantes spazio spadoni puebla Obras de Miseric\u00f3rdia OPERA M 2\" src=\"https:\/\/spaziospadoni.org\/wp-content\/uploads\/2026\/05\/2026_marzo_19_abitanti_spazio_spadoni_puebla_opere_misericordia_operam-2.jpeg\"\/><\/figure>\n\n\n<figure class=\"wp-block-image size-large messico\"><img decoding=\"async\" alt=\"2026 mar\u00e7o 19 habitantes spazio spadoni puebla Obras de Miseric\u00f3rdia OPERA M 3\" src=\"https:\/\/spaziospadoni.org\/wp-content\/uploads\/2026\/05\/2026_marzo_19_abitanti_spazio_spadoni_puebla_opere_misericordia_operam-3.jpeg\"\/><\/figure>\n\n\n<figure class=\"wp-block-image size-large messico\"><img decoding=\"async\" alt=\"2026 mar\u00e7o 19 habitantes spazio spadoni puebla Obras de Miseric\u00f3rdia OPERA M 4\" src=\"https:\/\/spaziospadoni.org\/wp-content\/uploads\/2026\/05\/2026_marzo_19_abitanti_spazio_spadoni_puebla_opere_misericordia_operam-4.jpeg\"\/><\/figure>\n\n\n<figure class=\"wp-block-image size-large messico\"><img decoding=\"async\" alt=\"2026 mar\u00e7o 19 habitantes spazio spadoni puebla Obras de Miseric\u00f3rdia OPERA M 5\" src=\"https:\/\/spaziospadoni.org\/wp-content\/uploads\/2026\/05\/2026_marzo_19_abitanti_spazio_spadoni_puebla_opere_misericordia_operam-5.jpeg\"\/><\/figure>\n\n\n<figure class=\"wp-block-image size-large messico\"><img decoding=\"async\" alt=\"2026 mar\u00e7o 19 habitantes spazio spadoni puebla Obras de Miseric\u00f3rdia OPERA M 6\" src=\"https:\/\/spaziospadoni.org\/wp-content\/uploads\/2026\/05\/2026_marzo_19_abitanti_spazio_spadoni_puebla_opere_misericordia_operam-6.jpeg\"\/><\/figure>\n\n\n<figure class=\"wp-block-image size-large messico\"><img decoding=\"async\" alt=\"2026 mar\u00e7o 19 habitantes spazio spadoni puebla Obras de Miseric\u00f3rdia OPERA M 7\" src=\"https:\/\/spaziospadoni.org\/wp-content\/uploads\/2026\/05\/2026_marzo_19_abitanti_spazio_spadoni_puebla_opere_misericordia_operam-7.jpeg\"\/><\/figure>\n\n\n<figure class=\"wp-block-image size-large messico\"><img decoding=\"async\" alt=\"2026 mar\u00e7o 19 habitantes spazio spadoni puebla Obras de Miseric\u00f3rdia OPERA M 8\" src=\"https:\/\/spaziospadoni.org\/wp-content\/uploads\/2026\/05\/2026_marzo_19_abitanti_spazio_spadoni_puebla_opere_misericordia_operam-8.jpeg\"\/><\/figure>\n\n\n<figure class=\"wp-block-image size-large messico\"><img decoding=\"async\" alt=\"2026 mar\u00e7o 19 habitantes spazio spadoni puebla Obras de Miseric\u00f3rdia OPERA M 9\" src=\"https:\/\/spaziospadoni.org\/wp-content\/uploads\/2026\/05\/2026_marzo_19_abitanti_spazio_spadoni_puebla_opere_misericordia_operam-9.jpeg\"\/><\/figure>\n\n\n<figure class=\"wp-block-image size-large messico\"><img decoding=\"async\" alt=\"2026 mar\u00e7o 19 habitantes spazio spadoni puebla Obras de Miseric\u00f3rdia OPERA M 10\" src=\"https:\/\/spaziospadoni.org\/wp-content\/uploads\/2026\/05\/2026_marzo_19_abitanti_spazio_spadoni_puebla_opere_misericordia_operam-10.jpeg\"\/><\/figure>\n\n\n<figure class=\"wp-block-image size-large messico\"><img decoding=\"async\" alt=\"2026 mar\u00e7o 19 habitantes spazio spadoni puebla Obras de Miseric\u00f3rdia OPERA M 11\" src=\"https:\/\/spaziospadoni.org\/wp-content\/uploads\/2026\/05\/2026_marzo_19_abitanti_spazio_spadoni_puebla_opere_misericordia_operam-11.jpeg\"\/><\/figure>\n\n\n<figure class=\"wp-block-image size-large messico\"><img decoding=\"async\" alt=\"2026 abril 1 M\u00e9xico puebla loja de artigos religiosos spazio spadoni Obras de Miseric\u00f3rdia OPERA M 2\" src=\"https:\/\/spaziospadoni.org\/wp-content\/uploads\/2026\/05\/2026_aprile_1_messico_puebla_negozio_articoli_religiosi_spazio_spadoni_opere_misericordia_operam-2.jpeg\"\/><\/figure>\n\n\n<figure class=\"wp-block-image size-large messico\"><img decoding=\"async\" alt=\"2026 abril 1 M\u00e9xico puebla loja de artigos religiosos spazio spadoni Obras de Miseric\u00f3rdia OPERA M 9\" src=\"https:\/\/spaziospadoni.org\/wp-content\/uploads\/2026\/05\/2026_aprile_1_messico_puebla_negozio_articoli_religiosi_spazio_spadoni_opere_misericordia_operam-9.jpeg\"\/><\/figure>\n\n\n<figure class=\"wp-block-image size-large messico\"><img decoding=\"async\" alt=\"2026 abril 1 M\u00e9xico puebla loja de artigos religiosos spazio spadoni Obras de Miseric\u00f3rdia OPERA M 11\" src=\"https:\/\/spaziospadoni.org\/wp-content\/uploads\/2026\/05\/2026_aprile_1_messico_puebla_negozio_articoli_religiosi_spazio_spadoni_opere_misericordia_operam-11.jpeg\"\/><\/figure>\n\n\n<figure class=\"wp-block-image size-large messico\"><img decoding=\"async\" alt=\"2026 abril 1 M\u00e9xico puebla loja de artigos religiosos spazio spadoni Obras de Miseric\u00f3rdia OPERA M 15\" src=\"https:\/\/spaziospadoni.org\/wp-content\/uploads\/2026\/05\/2026_aprile_1_messico_puebla_negozio_articoli_religiosi_spazio_spadoni_opere_misericordia_operam-15.jpeg\"\/><\/figure>\n\n<\/figure>\n\n\n<div class=\"gb-element-b24bbf5e ss-media-videos\">\n\n<figure class=\"wp-block-video video\"><video controls=\"\" src=\"https:\/\/spaziospadoni.org\/wp-content\/uploads\/2026\/05\/novembre_2022_compleanno_suor_angelica.mp4\"><\/video><figcaption class=\"wp-element-caption\">novembro 2022 anivers\u00e1rio Irm\u00e3 Angelica<\/figcaption><\/figure>\n\n\n<figure class=\"wp-block-video video\"><video controls=\"\" src=\"https:\/\/spaziospadoni.org\/wp-content\/uploads\/2026\/05\/avvento-2022.mp4\"><\/video><figcaption class=\"wp-element-caption\">Advento 2022<\/figcaption><\/figure>\n\n\n<figure class=\"wp-block-video video\"><video controls=\"\" src=\"https:\/\/spaziospadoni.org\/wp-content\/uploads\/2026\/05\/dicembre_2022_suor_perla_angelica-2.mp4\"><\/video><figcaption class=\"wp-element-caption\">dezembro 2022 Irm\u00e3 Perla angelica 2<\/figcaption><\/figure>\n\n\n<figure class=\"wp-block-video video\"><video controls=\"\" src=\"https:\/\/spaziospadoni.org\/wp-content\/uploads\/2026\/05\/gennaio_2023_suor_perla_angelica_misericordia_rosolini.mp4\"><\/video><figcaption class=\"wp-element-caption\">janeiro 2023 Irm\u00e3 Perla angelica misericordia rosolini<\/figcaption><\/figure>\n\n\n<figure class=\"wp-block-video video\"><video controls=\"\" src=\"https:\/\/spaziospadoni.org\/wp-content\/uploads\/2026\/05\/Formazione_Rosolin_canznone.mp4\"><\/video><figcaption class=\"wp-element-caption\">forma\u00e7\u00e3o Rosolin can\u00e7\u00e3o<\/figcaption><\/figure>\n\n\n<figure class=\"wp-block-video video\"><video controls=\"\" src=\"https:\/\/spaziospadoni.org\/wp-content\/uploads\/2026\/05\/febbraio_2023_rinnovo_voti_suor_perla_angelica_rosolini.mp4\"><\/video><figcaption class=\"wp-element-caption\">fevereiro 2023 renova\u00e7\u00e3o dos votos Irm\u00e3 Perla angelica rosolini<\/figcaption><\/figure>\n\n\n<figure class=\"wp-block-video video\"><video controls=\"\" src=\"https:\/\/spaziospadoni.org\/wp-content\/uploads\/2026\/05\/2022_dicembre_suor_perla_angelica_rosolini_italia_misericordia_spazio_spadoni-2.mp4\"><\/video><figcaption class=\"wp-element-caption\">2022 dezembro Irm\u00e3 Perla angelica rosolini It\u00e1lia misericordia spazio spadoni 2<\/figcaption><\/figure>\n\n\n<figure class=\"wp-block-video video\"><video controls=\"\" src=\"https:\/\/spaziospadoni.org\/wp-content\/uploads\/2026\/05\/2022_dicembre_suor_perla_angelica_rosolini_italia_misericordia_spazio_spadoni-1.mp4\"><\/video><figcaption class=\"wp-element-caption\">2022 dezembro Irm\u00e3 Perla angelica rosolini It\u00e1lia misericordia spazio spadoni 1<\/figcaption><\/figure>\n\n\n<figure class=\"wp-block-video video\"><video controls=\"\" src=\"https:\/\/spaziospadoni.org\/wp-content\/uploads\/2026\/05\/marzo_2023_gran_gala_suor_perla_angelica_misericordia_rosolini.mp4\"><\/video><figcaption class=\"wp-element-caption\">mar\u00e7o 2023 gran gala Irm\u00e3 Perla angelica misericordia rosolini<\/figcaption><\/figure>\n\n\n<figure class=\"wp-block-video video\"><video controls=\"\" src=\"https:\/\/spaziospadoni.org\/wp-content\/uploads\/2026\/05\/marzo_2023_rosolini.mp4\"><\/video><figcaption class=\"wp-element-caption\">mar\u00e7o 2023 rosolini<\/figcaption><\/figure>\n\n\n<figure class=\"wp-block-video video\"><video controls=\"\" src=\"https:\/\/spaziospadoni.org\/wp-content\/uploads\/2026\/05\/marzo_2023_anziani_saluto.mp4\"><\/video><figcaption class=\"wp-element-caption\">mar\u00e7o 2023 idosos despedida<\/figcaption><\/figure>\n\n\n<figure class=\"wp-block-video video\"><video controls=\"\" src=\"https:\/\/spaziospadoni.org\/wp-content\/uploads\/2026\/05\/Video-WhatsApp-2023-07-02-ore-21.56.17.mp4\"><\/video><figcaption class=\"wp-element-caption\">V\u00eddeo do WhatsApp 2023 07 02 \u00e0s 21.56.17<\/figcaption><\/figure>\n\n\n<figure class=\"wp-block-video video\"><video controls=\"\" src=\"https:\/\/spaziospadoni.org\/wp-content\/uploads\/2026\/05\/2024_aprile_messico_suor_perla_angelica_assemblea_congregazione_festa-2.mp4\"><\/video><figcaption class=\"wp-element-caption\">2024 abril M\u00e9xico Irm\u00e3 Perla angelica assembleia da Congrega\u00e7\u00e3o festa 2<\/figcaption><\/figure>\n\n\n<figure class=\"wp-block-video video\"><video controls=\"\" src=\"https:\/\/spaziospadoni.org\/wp-content\/uploads\/2026\/05\/2024_aprile_messico_suor_perla_angelica_assemblea_congregazione_festa-3.mp4\"><\/video><figcaption class=\"wp-element-caption\">2024 abril M\u00e9xico Irm\u00e3 Perla angelica assembleia da Congrega\u00e7\u00e3o festa 3<\/figcaption><\/figure>\n\n\n<figure class=\"wp-block-video video\"><video controls=\"\" src=\"https:\/\/spaziospadoni.org\/wp-content\/uploads\/2026\/05\/2024_aprile_messico_suor_perla_angelica_assemblea_congregazione_festa-1.mp4\"><\/video><figcaption class=\"wp-element-caption\">2024 abril M\u00e9xico Irm\u00e3 Perla angelica assembleia da Congrega\u00e7\u00e3o festa 1<\/figcaption><\/figure>\n\n\n<figure class=\"wp-block-video video\"><video controls=\"\" src=\"https:\/\/spaziospadoni.org\/wp-content\/uploads\/2026\/05\/2025_settembre_27_74_anniversario_congregazione_suor_perla_suor_angelica_messico_spazio_spadoni-31.mp4\"><\/video><figcaption class=\"wp-element-caption\">2025 setembro 27 74 anniversario congregazione Irm\u00e3 Perla Irm\u00e3 Angelica M\u00e9xico spazio spadoni 31<\/figcaption><\/figure>\n\n\n<figure class=\"wp-block-video video\"><video controls=\"\" src=\"https:\/\/spaziospadoni.org\/wp-content\/uploads\/2026\/05\/2026_gennaio_25_formazione_opere_misericordia_puebla_messico_suor_perla_progetto_hic_sum_operam_spazio_spadoni-1.mp4\"><\/video><figcaption class=\"wp-element-caption\">2026 janeiro 25 forma\u00e7\u00e3o Obras de Miseric\u00f3rdia puebla M\u00e9xico Irm\u00e3 Perla projeto HIC SUM OPERA M spazio spadoni 1<\/figcaption><\/figure>\n\n<\/div>\n\n<\/div>\n\n<\/div>\n\n<\/div>\n\n","protected":false},"excerpt":{"rendered":"<p>Puebla | Puebla (M\u00e9xico) OPERA M11 MISS\u00c3O Local Puebla Diocese Puebla Pa\u00eds M\u00e9xico Continente Am\u00e9rica Coordenadas GPS 18.49349 -98.24490 Fuso hor\u00e1rio UTC-6 ORGANIZADOR Congrega\u00e7\u00e3o Misioneras Catequistas de los Sagrados Corazones de Jes\u00fas y de Mar\u00eda Casa-M\u00e3e Cidade do M\u00e9xico Diocese Cidade do M\u00e9xico Pa\u00eds M\u00e9xico Continente Am\u00e9rica Festa da Congrega\u00e7\u00e3o Sagrado Cora\u00e7\u00e3o de Jesus e &#8230; <a title=\"M\u00e9xico &#8211; Am\u00e9rica | Projeto M11\" class=\"read-more\" href=\"https:\/\/spaziospadoni.org\/pt-pt\/opera-m\/mexico-america-projeto-m11\/\" aria-label=\"Read more about M\u00e9xico &#8211; Am\u00e9rica | Projeto M11\">Ler mais<\/a><\/p>\n","protected":false},"author":102,"featured_media":0,"parent":89582,"menu_order":0,"comment_status":"closed","ping_status":"closed","template":"","meta":{"_sitemap_exclude":false,"_sitemap_priority":"","_sitemap_frequency":"","footnotes":""},"class_list":["post-81370","page","type-page","status-publish","infinite-scroll-item"],"yoast_head":"<!-- This site is optimized with the Yoast SEO plugin v28.4 - https:\/\/yoast.com\/product\/yoast-seo-wordpress\/ -->\n<title>M\u00e9xico - Am\u00e9rica | Projeto M11 | Spazio Spadoni<\/title>\n<meta name=\"description\" content=\"Puebla | Puebla (M\u00e9xico) OPERA M11 MISS\u00c3O Local Puebla Diocese Puebla Pa\u00eds M\u00e9xico Continente Am\u00e9rica Coordenadas GPS 18.49349 -98.24490 Fuso hor\u00e1rio UTC-6\" \/>\n<meta name=\"robots\" content=\"index, follow, max-snippet:-1, max-image-preview:large, max-video-preview:-1\" \/>\n<link rel=\"canonical\" href=\"https:\/\/spaziospadoni.org\/pt-pt\/opera-m\/mexico-america-projeto-m11\/\" \/>\n<meta property=\"og:locale\" content=\"pt_PT\" \/>\n<meta property=\"og:type\" content=\"article\" \/>\n<meta property=\"og:title\" content=\"M\u00e9xico - Am\u00e9rica | Projeto M11 | Spazio Spadoni\" \/>\n<meta property=\"og:description\" content=\"Puebla | Puebla (M\u00e9xico) OPERA M11 MISS\u00c3O Local Puebla Diocese Puebla Pa\u00eds M\u00e9xico Continente Am\u00e9rica Coordenadas GPS 18.49349 -98.24490 Fuso hor\u00e1rio UTC-6\" \/>\n<meta property=\"og:url\" content=\"https:\/\/spaziospadoni.org\/pt-pt\/opera-m\/mexico-america-projeto-m11\/\" \/>\n<meta property=\"og:site_name\" content=\"spazio + spadoni\" \/>\n<meta property=\"article:publisher\" content=\"https:\/\/www.facebook.com\/SpazioSpadoni\/\" \/>\n<meta property=\"article:modified_time\" content=\"2026-07-30T13:36:47+00:00\" \/>\n<meta property=\"og:image\" content=\"https:\/\/spaziospadoni.org\/wp-content\/uploads\/2026\/05\/hicsum_1_congo-spaziospadoni-scaled.png\" \/>\n\t<meta property=\"og:image:width\" content=\"2560\" \/>\n\t<meta property=\"og:image:height\" content=\"1771\" \/>\n\t<meta property=\"og:image:type\" content=\"image\/png\" \/>\n<meta name=\"twitter:card\" content=\"summary_large_image\" \/>\n<meta name=\"twitter:label1\" content=\"Est. reading time\" \/>\n\t<meta name=\"twitter:data1\" content=\"47 minutes\" \/>\n<script type=\"application\/ld+json\" class=\"yoast-schema-graph\">{\"@context\":\"https:\\\/\\\/schema.org\",\"@graph\":[{\"@type\":\"WebPage\",\"@id\":\"https:\\\/\\\/spaziospadoni.org\\\/pt-pt\\\/opera-m\\\/mexico-america-projeto-m11\\\/\",\"url\":\"https:\\\/\\\/spaziospadoni.org\\\/pt-pt\\\/opera-m\\\/mexico-america-projeto-m11\\\/\",\"name\":\"M\u00e9xico - Am\u00e9rica | Projeto M11 | Spazio Spadoni\",\"isPartOf\":{\"@id\":\"https:\\\/\\\/spaziospadoni.org\\\/pt-pt\\\/#website\"},\"primaryImageOfPage\":{\"@id\":\"https:\\\/\\\/spaziospadoni.org\\\/pt-pt\\\/opera-m\\\/mexico-america-projeto-m11\\\/#primaryimage\"},\"image\":{\"@id\":\"https:\\\/\\\/spaziospadoni.org\\\/pt-pt\\\/opera-m\\\/mexico-america-projeto-m11\\\/#primaryimage\"},\"thumbnailUrl\":\"https:\\\/\\\/spaziospadoni.org\\\/wp-content\\\/uploads\\\/2026\\\/05\\\/hicsum_20_messico-spaziospadoni.png\",\"datePublished\":\"2026-05-18T11:15:26+00:00\",\"dateModified\":\"2026-07-30T13:36:47+00:00\",\"description\":\"Puebla | Puebla (M\u00e9xico) OPERA M11 MISS\u00c3O Local Puebla Diocese Puebla Pa\u00eds M\u00e9xico Continente Am\u00e9rica Coordenadas GPS 18.49349 -98.24490 Fuso hor\u00e1rio UTC-6\",\"breadcrumb\":{\"@id\":\"https:\\\/\\\/spaziospadoni.org\\\/pt-pt\\\/opera-m\\\/mexico-america-projeto-m11\\\/#breadcrumb\"},\"inLanguage\":\"pt-PT\",\"potentialAction\":[{\"@type\":\"ReadAction\",\"target\":[\"https:\\\/\\\/spaziospadoni.org\\\/pt-pt\\\/opera-m\\\/mexico-america-projeto-m11\\\/\"]}]},{\"@type\":\"ImageObject\",\"inLanguage\":\"pt-PT\",\"@id\":\"https:\\\/\\\/spaziospadoni.org\\\/pt-pt\\\/opera-m\\\/mexico-america-projeto-m11\\\/#primaryimage\",\"url\":\"https:\\\/\\\/spaziospadoni.org\\\/wp-content\\\/uploads\\\/2026\\\/05\\\/hicsum_20_messico-spaziospadoni.png\",\"contentUrl\":\"https:\\\/\\\/spaziospadoni.org\\\/wp-content\\\/uploads\\\/2026\\\/05\\\/hicsum_20_messico-spaziospadoni.png\"},{\"@type\":\"BreadcrumbList\",\"@id\":\"https:\\\/\\\/spaziospadoni.org\\\/pt-pt\\\/opera-m\\\/mexico-america-projeto-m11\\\/#breadcrumb\",\"itemListElement\":[{\"@type\":\"ListItem\",\"position\":1,\"name\":\"Home\",\"item\":\"https:\\\/\\\/spaziospadoni.org\\\/pt-pt\\\/\"},{\"@type\":\"ListItem\",\"position\":2,\"name\":\"Obras de Miseric\u00f3rdia\",\"item\":\"https:\\\/\\\/spaziospadoni.org\\\/pt-pt\\\/obras-de-misericordia\\\/\"},{\"@type\":\"ListItem\",\"position\":3,\"name\":\"M\u00e9xico &#8211; Am\u00e9rica | Projeto M11\"}]},{\"@type\":\"WebSite\",\"@id\":\"https:\\\/\\\/spaziospadoni.org\\\/pt-pt\\\/#website\",\"url\":\"https:\\\/\\\/spaziospadoni.org\\\/pt-pt\\\/\",\"name\":\"spazio + spadoni\",\"description\":\"Generazione di misericordia e missione nel mondo\",\"publisher\":{\"@id\":\"https:\\\/\\\/spaziospadoni.org\\\/pt-pt\\\/#organization\"},\"alternateName\":\"spaziospadoni.org\",\"potentialAction\":[{\"@type\":\"SearchAction\",\"target\":{\"@type\":\"EntryPoint\",\"urlTemplate\":\"https:\\\/\\\/spaziospadoni.org\\\/pt-pt\\\/?s={search_term_string}\"},\"query-input\":{\"@type\":\"PropertyValueSpecification\",\"valueRequired\":true,\"valueName\":\"search_term_string\"}}],\"inLanguage\":\"pt-PT\"},{\"@type\":\"Organization\",\"@id\":\"https:\\\/\\\/spaziospadoni.org\\\/pt-pt\\\/#organization\",\"name\":\"spazio + spadoni\",\"alternateName\":\"spaziospadoni.org\",\"url\":\"https:\\\/\\\/spaziospadoni.org\\\/pt-pt\\\/\",\"logo\":{\"@type\":\"ImageObject\",\"inLanguage\":\"pt-PT\",\"@id\":\"https:\\\/\\\/spaziospadoni.org\\\/pt-pt\\\/#\\\/schema\\\/logo\\\/image\\\/\",\"url\":\"https:\\\/\\\/spaziospadoni.org\\\/wp-content\\\/uploads\\\/2026\\\/05\\\/spazio-spadoni-logo-100x100-1.webp\",\"contentUrl\":\"https:\\\/\\\/spaziospadoni.org\\\/wp-content\\\/uploads\\\/2026\\\/05\\\/spazio-spadoni-logo-100x100-1.webp\",\"width\":100,\"height\":100,\"caption\":\"spazio + spadoni\"},\"image\":{\"@id\":\"https:\\\/\\\/spaziospadoni.org\\\/pt-pt\\\/#\\\/schema\\\/logo\\\/image\\\/\"},\"sameAs\":[\"https:\\\/\\\/www.facebook.com\\\/SpazioSpadoni\\\/\",\"https:\\\/\\\/www.instagram.com\\\/spaziospadoni\\\/\",\"https:\\\/\\\/www.youtube.com\\\/@spaziospadoni\\\/playlists\"]}]}<\/script>\n<!-- \/ Yoast SEO plugin. -->","yoast_head_json":{"title":"M\u00e9xico - Am\u00e9rica | Projeto M11 | Spazio Spadoni","description":"Puebla | Puebla (M\u00e9xico) OPERA M11 MISS\u00c3O Local Puebla Diocese Puebla Pa\u00eds M\u00e9xico Continente Am\u00e9rica Coordenadas GPS 18.49349 -98.24490 Fuso hor\u00e1rio UTC-6","robots":{"index":"index","follow":"follow","max-snippet":"max-snippet:-1","max-image-preview":"max-image-preview:large","max-video-preview":"max-video-preview:-1"},"canonical":"https:\/\/spaziospadoni.org\/pt-pt\/opera-m\/mexico-america-projeto-m11\/","og_locale":"pt_PT","og_type":"article","og_title":"M\u00e9xico - Am\u00e9rica | Projeto M11 | Spazio Spadoni","og_description":"Puebla | Puebla (M\u00e9xico) OPERA M11 MISS\u00c3O Local Puebla Diocese Puebla Pa\u00eds M\u00e9xico Continente Am\u00e9rica Coordenadas GPS 18.49349 -98.24490 Fuso hor\u00e1rio UTC-6","og_url":"https:\/\/spaziospadoni.org\/pt-pt\/opera-m\/mexico-america-projeto-m11\/","og_site_name":"spazio + spadoni","article_publisher":"https:\/\/www.facebook.com\/SpazioSpadoni\/","article_modified_time":"2026-07-30T13:36:47+00:00","og_image":[{"width":2560,"height":1771,"url":"https:\/\/spaziospadoni.org\/wp-content\/uploads\/2026\/05\/hicsum_1_congo-spaziospadoni-scaled.png","type":"image\/png"}],"twitter_card":"summary_large_image","twitter_misc":{"Est. reading time":"47 minutes"},"schema":{"@context":"https:\/\/schema.org","@graph":[{"@type":"WebPage","@id":"https:\/\/spaziospadoni.org\/pt-pt\/opera-m\/mexico-america-projeto-m11\/","url":"https:\/\/spaziospadoni.org\/pt-pt\/opera-m\/mexico-america-projeto-m11\/","name":"M\u00e9xico - Am\u00e9rica | Projeto M11 | Spazio Spadoni","isPartOf":{"@id":"https:\/\/spaziospadoni.org\/pt-pt\/#website"},"primaryImageOfPage":{"@id":"https:\/\/spaziospadoni.org\/pt-pt\/opera-m\/mexico-america-projeto-m11\/#primaryimage"},"image":{"@id":"https:\/\/spaziospadoni.org\/pt-pt\/opera-m\/mexico-america-projeto-m11\/#primaryimage"},"thumbnailUrl":"https:\/\/spaziospadoni.org\/wp-content\/uploads\/2026\/05\/hicsum_20_messico-spaziospadoni.png","datePublished":"2026-05-18T11:15:26+00:00","dateModified":"2026-07-30T13:36:47+00:00","description":"Puebla | Puebla (M\u00e9xico) OPERA M11 MISS\u00c3O Local Puebla Diocese Puebla Pa\u00eds M\u00e9xico Continente Am\u00e9rica Coordenadas GPS 18.49349 -98.24490 Fuso hor\u00e1rio UTC-6","breadcrumb":{"@id":"https:\/\/spaziospadoni.org\/pt-pt\/opera-m\/mexico-america-projeto-m11\/#breadcrumb"},"inLanguage":"pt-PT","potentialAction":[{"@type":"ReadAction","target":["https:\/\/spaziospadoni.org\/pt-pt\/opera-m\/mexico-america-projeto-m11\/"]}]},{"@type":"ImageObject","inLanguage":"pt-PT","@id":"https:\/\/spaziospadoni.org\/pt-pt\/opera-m\/mexico-america-projeto-m11\/#primaryimage","url":"https:\/\/spaziospadoni.org\/wp-content\/uploads\/2026\/05\/hicsum_20_messico-spaziospadoni.png","contentUrl":"https:\/\/spaziospadoni.org\/wp-content\/uploads\/2026\/05\/hicsum_20_messico-spaziospadoni.png"},{"@type":"BreadcrumbList","@id":"https:\/\/spaziospadoni.org\/pt-pt\/opera-m\/mexico-america-projeto-m11\/#breadcrumb","itemListElement":[{"@type":"ListItem","position":1,"name":"Home","item":"https:\/\/spaziospadoni.org\/pt-pt\/"},{"@type":"ListItem","position":2,"name":"Obras de Miseric\u00f3rdia","item":"https:\/\/spaziospadoni.org\/pt-pt\/obras-de-misericordia\/"},{"@type":"ListItem","position":3,"name":"M\u00e9xico &#8211; Am\u00e9rica | Projeto M11"}]},{"@type":"WebSite","@id":"https:\/\/spaziospadoni.org\/pt-pt\/#website","url":"https:\/\/spaziospadoni.org\/pt-pt\/","name":"spazio + spadoni","description":"Generazione di misericordia e missione nel mondo","publisher":{"@id":"https:\/\/spaziospadoni.org\/pt-pt\/#organization"},"alternateName":"spaziospadoni.org","potentialAction":[{"@type":"SearchAction","target":{"@type":"EntryPoint","urlTemplate":"https:\/\/spaziospadoni.org\/pt-pt\/?s={search_term_string}"},"query-input":{"@type":"PropertyValueSpecification","valueRequired":true,"valueName":"search_term_string"}}],"inLanguage":"pt-PT"},{"@type":"Organization","@id":"https:\/\/spaziospadoni.org\/pt-pt\/#organization","name":"spazio + spadoni","alternateName":"spaziospadoni.org","url":"https:\/\/spaziospadoni.org\/pt-pt\/","logo":{"@type":"ImageObject","inLanguage":"pt-PT","@id":"https:\/\/spaziospadoni.org\/pt-pt\/#\/schema\/logo\/image\/","url":"https:\/\/spaziospadoni.org\/wp-content\/uploads\/2026\/05\/spazio-spadoni-logo-100x100-1.webp","contentUrl":"https:\/\/spaziospadoni.org\/wp-content\/uploads\/2026\/05\/spazio-spadoni-logo-100x100-1.webp","width":100,"height":100,"caption":"spazio + spadoni"},"image":{"@id":"https:\/\/spaziospadoni.org\/pt-pt\/#\/schema\/logo\/image\/"},"sameAs":["https:\/\/www.facebook.com\/SpazioSpadoni\/","https:\/\/www.instagram.com\/spaziospadoni\/","https:\/\/www.youtube.com\/@spaziospadoni\/playlists"]}]}},"_links":{"self":[{"href":"https:\/\/spaziospadoni.org\/pt-pt\/wp-json\/wp\/v2\/pages\/81370","targetHints":{"allow":["GET"]}}],"collection":[{"href":"https:\/\/spaziospadoni.org\/pt-pt\/wp-json\/wp\/v2\/pages"}],"about":[{"href":"https:\/\/spaziospadoni.org\/pt-pt\/wp-json\/wp\/v2\/types\/page"}],"author":[{"embeddable":true,"href":"https:\/\/spaziospadoni.org\/pt-pt\/wp-json\/wp\/v2\/users\/102"}],"replies":[{"embeddable":true,"href":"https:\/\/spaziospadoni.org\/pt-pt\/wp-json\/wp\/v2\/comments?post=81370"}],"version-history":[{"count":0,"href":"https:\/\/spaziospadoni.org\/pt-pt\/wp-json\/wp\/v2\/pages\/81370\/revisions"}],"up":[{"embeddable":true,"href":"https:\/\/spaziospadoni.org\/pt-pt\/wp-json\/wp\/v2\/pages\/89582"}],"wp:attachment":[{"href":"https:\/\/spaziospadoni.org\/pt-pt\/wp-json\/wp\/v2\/media?parent=81370"}],"curies":[{"name":"wp","href":"https:\/\/api.w.org\/{rel}","templated":true}]}}