{"id":81916,"date":"2026-05-18T13:57:06","date_gmt":"2026-05-18T12:57:06","guid":{"rendered":"https:\/\/spaziospadoni.org\/obras-de-misericordia\/nigeria-africa-progetto-m2\/"},"modified":"2026-07-30T14:55:56","modified_gmt":"2026-07-30T13:55:56","slug":"nigeria-africa-projeto-m2","status":"publish","type":"page","link":"https:\/\/spaziospadoni.org\/pt-pt\/opera-m\/nigeria-africa-projeto-m2\/","title":{"rendered":"Nig\u00e9ria &#8211; \u00c1frica | Projeto M2"},"content":{"rendered":"\n<div class=\"ss-project-hero-card\">\n<h2 id=\"ibiono-ibom-uyo-nigeria\" class=\"gb-text gb-text-62a95885\">Ibiono Ibom | Uyo (Nig\u00e9ria)<\/h2>\n\n\n\n<div class=\"gb-element-f60f2409\">\n<div class=\"gb-element-90a85740 ss-project-sidebar\">\n<h2 id=\"opera-m2\" class=\"gb-text ss-project-title\">OPERA M2<\/h2>\n\n\n\n<figure class=\"wp-block-image size-large\"><img decoding=\"async\" src=\"https:\/\/spaziospadoni.org\/wp-content\/uploads\/2026\/05\/hicsum_5_nigeria-spaziospadoni-scaled.png\" alt=\"HIC SUM 5 Nig\u00e9ria spaziospadoni 400x277\" class=\"wp-image-43007\"\/><\/figure>\n\n\n\n<div class=\"ss-project-table\">\n<div class=\"ss-table-section-title\">\n<h3 id=\"missao\" class=\"gb-text\">MISS\u00c3O<\/h3>\n<\/div>\n\n\n\n<div class=\"ss-table-row\">\n<p class=\"gb-text\">Local<\/p>\n\n\n\n<p class=\"gb-text\"><a href=\"https:\/\/www.google.it\/maps\/place\/Uyo,+Akwa+Ibom,+Nigeria\/@5.0213788,7.8468114,26773m\/data=!3m2!1e3!4b1!4m6!3m5!1s0x105d57c1f8da6a51:0xe71e33ab2276d451!8m2!3d5.0377396!4d7.9127945!16zL20vMDVwMjYw?hl=it&#038;entry=ttu&#038;g_ep=EgoyMDI1MDYxNy4wIKXMDSoASAFQAw%3D%3D\" rel=\"noreferrer noopener\" target=\"_blank\" title=\"Ibiono Ibom\">Ibiono Ibom<\/a><\/p>\n<\/div>\n\n\n\n<div class=\"ss-table-row\">\n<p class=\"gb-text\">Diocese<\/p>\n\n\n\n<p class=\"gb-text\">Uyo<\/p>\n<\/div>\n\n\n\n<div class=\"ss-table-row\">\n<p class=\"gb-text\">Pa\u00eds<\/p>\n\n\n\n<p class=\"gb-text\"><strong>Nig\u00e9ria<\/strong><\/p>\n<\/div>\n\n\n\n<div class=\"ss-table-row\">\n<p class=\"gb-text\">Continente<\/p>\n\n\n\n<p class=\"gb-text\">\u00c1frica<\/p>\n<\/div>\n\n\n\n<div class=\"ss-table-row\">\n<p class=\"gb-text\">Coordenadas GPS<\/p>\n\n\n\n<p class=\"gb-text\">5.03643 7.91221<\/p>\n<\/div>\n\n\n\n<div class=\"ss-table-row\">\n<p class=\"gb-text\">Fuso hor\u00e1rio<\/p>\n\n\n\n<p class=\"gb-text\">UTC+1<\/p>\n<\/div>\n<\/div>\n\n\n\n<div class=\"ss-project-table\">\n<div class=\"ss-table-section-title\">\n<h3 id=\"organizador\" class=\"gb-text\">ORGANIZADOR<\/h3>\n<\/div>\n\n\n\n<div class=\"ss-table-row\">\n<p class=\"gb-text\">Congrega\u00e7\u00e3o<\/p>\n\n\n\n<p class=\"gb-text\">Ancelle del Santo Bambino Ges\u00f9<\/p>\n<\/div>\n\n\n\n<div class=\"ss-table-row\">\n<p class=\"gb-text\">Casa-M\u00e3e<\/p>\n\n\n\n<p class=\"gb-text\">Ikot Ekpene, Nig\u00e9ria<\/p>\n<\/div>\n\n\n\n<div class=\"ss-table-row\">\n<p class=\"gb-text\">Diocese<\/p>\n\n\n\n<p class=\"gb-text\">Uyo<\/p>\n<\/div>\n\n\n\n<div class=\"ss-table-row\">\n<p class=\"gb-text\">Pa\u00eds<\/p>\n\n\n\n<p class=\"gb-text\">Nig\u00e9ria<\/p>\n<\/div>\n\n\n\n<div class=\"ss-table-row\">\n<p class=\"gb-text\">Continente<\/p>\n\n\n\n<p class=\"gb-text\">\u00c1frica<\/p>\n<\/div>\n\n\n\n<div class=\"ss-table-row\">\n<p class=\"gb-text\">Festa da Congrega\u00e7\u00e3o<\/p>\n\n\n\n<p class=\"gb-text\">Por ocasi\u00e3o da Festa da Anuncia\u00e7\u00e3o<\/p>\n<\/div>\n\n\n\n<div class=\"ss-table-row\">\n<p class=\"gb-text\">Coordenadas GPS<\/p>\n\n\n\n<p class=\"gb-text\">5.17553 7.72157<\/p>\n<\/div>\n\n\n\n<div class=\"ss-table-row\">\n<p class=\"gb-text\">Fuso hor\u00e1rio<\/p>\n\n\n\n<p class=\"gb-text\">UTC+1<\/p>\n<\/div>\n\n\n\n<div class=\"ss-table-row\">\n<p class=\"gb-text\">Referente<\/p>\n\n\n\n<p class=\"gb-text\">Irm\u00e3 Beatrice<\/p>\n<\/div>\n\n\n\n<div class=\"ss-table-row\">\n<p class=\"gb-text\">Superiora-Geral<\/p>\n\n\n\n<p class=\"gb-text\">Irm\u00e3 Germaine Ocansey<\/p>\n<\/div>\n\n\n\n<div class=\"ss-table-row\">\n<p class=\"gb-text\">Site<\/p>\n\n\n\n<p class=\"gb-text\"><a href=\"https:\/\/www.suoresantagemma.it\/\" target=\"_blank\" rel=\"noreferrer noopener\" title=\"suoresantagemma.it\">suoresantagemma.it<\/a><\/p>\n<\/div>\n<\/div>\n\n\n\n<div class=\"ss-project-table\">\n<div class=\"ss-table-section-title\">\n<h3 id=\"espaco-real\" class=\"gb-text\">ESPA\u00c7O REAL<\/h3>\n<\/div>\n\n\n\n<div class=\"ss-table-row\">\n<p class=\"gb-text\">Respons\u00e1vel pelo projeto<\/p>\n\n\n\n<p class=\"gb-text\">Irm\u00e3 Beatrice<\/p>\n<\/div>\n\n\n\n<div class=\"ss-table-row\">\n<p class=\"gb-text\">Data de in\u00edcio<\/p>\n\n\n\n<p class=\"gb-text\">22\/02\/2022<\/p>\n<\/div>\n\n\n\n<div class=\"ss-table-row\">\n<p class=\"gb-text\">Tipologia<\/p>\n\n\n\n<p class=\"gb-text\"><strong>Corte e costura<\/strong><\/p>\n<\/div>\n<\/div>\n\n\n\n<div class=\"ss-project-table\">\n<a class=\"gb-element-e1766596 ss-table-section-button\" href=\"#\" title=\"OPERA M &#8211; PROJETO M2\">\n<span class=\"gb-text\">OPERA M &#8211; PROJETO M2<\/span>\n<\/a>\n<\/div>\n<\/div>\n<\/div>\n\n\n\n<div class=\"gb-element-6ad95ea8\">\n<div class=\"gb-element-e34063a6 ss-project-intro\">\n<p class=\"wp-block-paragraph\">OPERA M \u00e9 a revolu\u00e7\u00e3o das obras de miseric\u00f3rdia. \u00c9 o instrumento permanente para desenvolver uma vis\u00e3o forte e renovada das obras no mundo.<\/p>\n\n\n\n<p class=\"wp-block-paragraph\">Nasce de uma necessidade urgente, fortemente sentida por spazio + spadoni, de re<strong>E<\/strong>volucionar o conceito de obra de miseric\u00f3rdia como um caminho que \u00e9 sempre simultaneamente humano e divino e, por isso, sempre espiritual, al\u00e9m de pr\u00e1tico (ou corporal). A redescoberta, ou melhor, a verdadeira re<strong>E<\/strong>volu\u00e7\u00e3o das obras deve ser reencontrada nesta s\u00edntese entre o aspeto espiritual e o ato pr\u00e1tico. A a\u00e7\u00e3o material deve ser sempre permeada pelo esp\u00edrito.<\/p>\n\n\n\n<p class=\"wp-block-paragraph\">OPERA M baseia-se em cinco a\u00e7\u00f5es que definem o seu m\u00e9todo: INVOCA, chama o Esp\u00edrito ESCUTA, faz sil\u00eancio para te abrires \u00e0 escuta ENCONTRA, permanece no meio das pessoas ATUEMOS, atuemos pelas obras INUNDEMOS, levemos todos \u00e0s Obras de Miseric\u00f3rdia <strong>Obras de Miseric\u00f3rdia espirituais<\/strong> Aconselhar os que duvidam Ensinar os ignorantes Advertir os pecadores Consolar os aflitos Perdoar as ofensas Suportar pacientemente as pessoas inc\u00f3modas Rezar a Deus pelos vivos e pelos mortos <strong>Obras de Miseric\u00f3rdia corporais<\/strong> Dar de comer a quem tem fome Dar de beber a quem tem sede Vestir os nus Acolher os peregrinos Visitar os doentes Visitar os presos Sepultar os mortos<\/p>\n\n<\/div>\n<\/div>\n\n\n\n\n<div>\n\n<h2 id=\"cronologia\" class=\"gb-text gb-text-8179e40a\">Cronologia<\/h2>\n\n\n\n\n\n<div class=\"ss-timeline\">\n\n<h3 id=\"2020\" class=\"gb-text\">2020<\/h3>\n\n\n\n\n\n<div class=\"ss-timeline-item\">\n\n<h4 id=\"19-de-agosto-inicio-da-relacao\" class=\"gb-text\">19 de agosto | In\u00edcio da rela\u00e7\u00e3o<\/h4>\n\n\n\n\n<p class=\"wp-block-paragraph\">Come\u00e7a a colabora\u00e7\u00e3o entre spazio + spadoni e as Ancelle del Santo Bambino Ges\u00f9<\/p>\n\n\n<\/div>\n\n\n\n\n<div class=\"ss-timeline-item\">\n\n<h4 id=\"18-de-setembro-inicio-do-projeto\" class=\"gb-text\">18 de setembro | In\u00edcio do projeto<\/h4>\n\n\n\n\n<p class=\"wp-block-paragraph\">A irm\u00e3 Beatrice, que vivia em Roma h\u00e1 anos, inicia a sua experi\u00eancia na Misericordia di Villa Adriana<\/p>\n\n\n\n<figure class=\"wp-block-gallery has-nested-images columns-1 is-cropped ss-lightbox wp-block-gallery-1 is-layout-flex wp-block-gallery-is-layout-flex\">\n\n<figure class=\"wp-block-image size-large\"><img decoding=\"async\" src=\"https:\/\/spaziospadoni.org\/wp-content\/uploads\/2026\/05\/Inizio-progetto-suor-Beatrice-300x294.jpg\" alt=\"In\u00edcio do projeto da irm\u00e3 Beatrice 300x294\"\/><figcaption class=\"wp-element-caption\">18 de setembro | In\u00edcio do projeto<\/figcaption><\/figure>\n\n<\/figure>\n\n\n<\/div>\n\n\n\n\n<div class=\"ss-timeline-item\">\n\n<h4 id=\"setembro-formacao\" class=\"gb-text\">Setembro | Forma\u00e7\u00e3o<\/h4>\n\n\n\n\n<p class=\"wp-block-paragraph\">Visita t\u00e9cnica de spazio + spadoni e forma\u00e7\u00e3o para o projeto HIC SUM e OPERA M na Misericordia di Villa Adriana<\/p>\n\n\n\n<figure class=\"wp-block-gallery has-nested-images columns-1 is-cropped ss-lightbox wp-block-gallery-2 is-layout-flex wp-block-gallery-is-layout-flex\">\n\n<figure class=\"wp-block-image size-large\"><img decoding=\"async\" src=\"https:\/\/spaziospadoni.org\/wp-content\/uploads\/2026\/05\/2020_ottobre_hic_sum_2_italia_sr_beatrice_villa_adriana_formazione_spazio_spadoni-20.jpg-278x300.jpg\" alt=\"2020 outubro HIC SUM 2 It\u00e1lia Irm\u00e3 Beatrice villa adriana forma\u00e7\u00e3o spazio spadoni 20.jpg 278x300\"\/><figcaption class=\"wp-element-caption\">Setembro | Forma\u00e7\u00e3o<\/figcaption><\/figure>\n\n\n<figure class=\"wp-block-image size-large\"><img decoding=\"async\" src=\"https:\/\/spaziospadoni.org\/wp-content\/uploads\/2026\/05\/2020_ottobre_hic_sum_2_italia_sr_beatrice_villa_adriana_formazione_spazio_spadoni-4.jpg-300x190.jpg\" alt=\"2020 outubro HIC SUM 2 It\u00e1lia Irm\u00e3 Beatrice villa adriana forma\u00e7\u00e3o spazio spadoni 4.jpg 300x190\"\/><figcaption class=\"wp-element-caption\">Setembro | Forma\u00e7\u00e3o<\/figcaption><\/figure>\n\n\n<figure class=\"wp-block-image size-large\"><img decoding=\"async\" src=\"https:\/\/spaziospadoni.org\/wp-content\/uploads\/2026\/05\/Nigeria-F-suor-Beatrice-214x300.jpg\" alt=\"Nig\u00e9ria F Irm\u00e3 Beatrice 214x300\"\/><figcaption class=\"wp-element-caption\">Setembro | Forma\u00e7\u00e3o<\/figcaption><\/figure>\n\n<\/figure>\n\n\n<\/div>\n\n\n<\/div>\n\n\n\n\n<div class=\"ss-timeline\">\n\n<h3 id=\"2021\" class=\"gb-text\">2021<\/h3>\n\n\n\n\n\n<div class=\"ss-timeline-item\">\n\n<h4 id=\"30-de-agosto-partida-da-irma\" class=\"gb-text\">30 de agosto | Partida da irm\u00e3<\/h4>\n\n\n\n\n<p class=\"wp-block-paragraph\">A irm\u00e3 Beatrice regressa \u00e0 sua comunidade em Ibiono Ibom, na Nig\u00e9ria<\/p>\n\n\n<\/div>\n\n\n<\/div>\n\n\n\n\n<div class=\"ss-timeline\">\n\n<h3 id=\"2022\" class=\"gb-text\">2022<\/h3>\n\n\n\n\n\n<div class=\"ss-timeline-item\">\n\n<h4 id=\"2202-primeiro-financiamento-concedido\" class=\"gb-text\">22.02 | Primeiro financiamento concedido<\/h4>\n\n\n\n\n<p class=\"wp-block-paragraph\">O financiamento destina-se ao arranque e desenvolvimento da empresa social: limpeza do terreno, compra de sementes, compra de equipamento de trabalho, aluguer de um trator e adiantamento dos sal\u00e1rios dos trabalhadores<\/p>\n\n\n\n<figure class=\"wp-block-gallery has-nested-images columns-1 is-cropped ss-lightbox wp-block-gallery-3 is-layout-flex wp-block-gallery-is-layout-flex\">\n\n<figure class=\"wp-block-image size-large\"><img decoding=\"async\" src=\"https:\/\/spaziospadoni.org\/wp-content\/uploads\/2026\/05\/2022_aprile_hic_sum_2_Nigeria_Uyo_sr_beatrice_villa_adriana_pane_misericordia_agricoltura_impresa_sociale_spazio_spadoni-25-225x300.jpeg\" alt=\"2022 aprile HIC SUM 2 Nig\u00e9ria Uyo Irm\u00e3 Beatrice villa adriana P\u00e3o de Miseric\u00f3rdia agricultura empresa social spazio spadoni 25 225x300\"\/><figcaption class=\"wp-element-caption\">22.02 | Primeiro financiamento concedido<\/figcaption><\/figure>\n\n\n<figure class=\"wp-block-image size-large\"><img decoding=\"async\" src=\"https:\/\/spaziospadoni.org\/wp-content\/uploads\/2026\/05\/2022_giugno_hic_sum_2_nigeria_uyo_sr_beatrice_volontari_pane_misericordia_agricoltura_spazio_spadoni-13.jpg-300x217.jpg\" alt=\"2022 junho HIC SUM 2 Nig\u00e9ria uyo Irm\u00e3 Beatrice volunt\u00e1rios P\u00e3o de Miseric\u00f3rdia agricultura spazio spadoni 13.jpg 300x217\"\/><figcaption class=\"wp-element-caption\">22.02 | Primeiro financiamento concedido<\/figcaption><\/figure>\n\n<\/figure>\n\n\n<\/div>\n\n\n<\/div>\n\n\n\n\n<div class=\"ss-timeline\">\n\n<h3 id=\"2024\" class=\"gb-text\">2024<\/h3>\n\n\n\n\n\n<div class=\"ss-timeline-item\">\n\n<h4 id=\"10-de-dezembro-relatorio-sobre-as-atividades-dos-voluntarios-e-as-obras-de-misericordia\" class=\"gb-text\">10 de dezembro | Relat\u00f3rio sobre as atividades dos volunt\u00e1rios e as Obras de Miseric\u00f3rdia<\/h4>\n\n\n\n\n<p class=\"wp-block-paragraph\">Atualiza\u00e7\u00e3o sobre as atividades<\/p>\n\n\n\n<figure class=\"wp-block-gallery has-nested-images columns-1 is-cropped ss-lightbox wp-block-gallery-4 is-layout-flex wp-block-gallery-is-layout-flex\">\n\n<figure class=\"wp-block-image size-large\"><img decoding=\"async\" src=\"https:\/\/spaziospadoni.org\/wp-content\/uploads\/2026\/05\/2024_opere_misericordia_suor_beatrice_nigeria_volontari_spazio_spadoni-2-300x225.jpg\" alt=\"2024 Obras de Miseric\u00f3rdia Irm\u00e3 Beatrice Nig\u00e9ria volunt\u00e1rios spazio spadoni 2 300x225\"\/><figcaption class=\"wp-element-caption\">10 de dezembro | Relat\u00f3rio sobre as atividades dos volunt\u00e1rios e as Obras de Miseric\u00f3rdia<\/figcaption><\/figure>\n\n\n<figure class=\"wp-block-image size-large\"><img decoding=\"async\" src=\"https:\/\/spaziospadoni.org\/wp-content\/uploads\/2026\/05\/2024_opere_misericordia_suor_beatrice_nigeria_volontari_spazio_spadoni-1-300x225.jpg\" alt=\"2024 Obras de Miseric\u00f3rdia Irm\u00e3 Beatrice Nig\u00e9ria volunt\u00e1rios spazio spadoni 1 300x225\"\/><figcaption class=\"wp-element-caption\">10 de dezembro | Relat\u00f3rio sobre as atividades dos volunt\u00e1rios e as Obras de Miseric\u00f3rdia<\/figcaption><\/figure>\n\n\n<figure class=\"wp-block-image size-large\"><img decoding=\"async\" src=\"https:\/\/spaziospadoni.org\/wp-content\/uploads\/2026\/05\/2024_opere_misericordia_suor_beatrice_nigeria_volontari_spazio_spadoni-3-225x300.jpg\" alt=\"2024 Obras de Miseric\u00f3rdia Irm\u00e3 Beatrice Nig\u00e9ria volunt\u00e1rios spazio spadoni 3 225x300\"\/><figcaption class=\"wp-element-caption\">10 de dezembro | Relat\u00f3rio sobre as atividades dos volunt\u00e1rios e as Obras de Miseric\u00f3rdia<\/figcaption><\/figure>\n\n<\/figure>\n\n\n<\/div>\n\n\n<\/div>\n\n\n\n\n<div class=\"ss-timeline\">\n\n<h3 id=\"2025\" class=\"gb-text\">2025<\/h3>\n\n\n\n\n\n<div class=\"ss-timeline-item\">\n\n<h4 id=\"08-de-dezembro-bencao-e-inicio-das-atividades\" class=\"gb-text\">08 de dezembro | B\u00ean\u00e7\u00e3o e in\u00edcio das atividades<\/h4>\n\n\n\n\n<p class=\"wp-block-paragraph\">A b\u00ean\u00e7\u00e3o das instala\u00e7\u00f5es marca o in\u00edcio das atividades da loja de costura<\/p>\n\n\n\n<figure class=\"wp-block-gallery has-nested-images columns-1 is-cropped ss-lightbox wp-block-gallery-5 is-layout-flex wp-block-gallery-is-layout-flex\">\n\n<figure class=\"wp-block-image size-large\"><img decoding=\"async\" src=\"https:\/\/spaziospadoni.org\/wp-content\/uploads\/2026\/05\/Immagine-WhatsApp-2025-12-08-ore-15.46.39_98cc20f9.jpg\" alt=\"Imagem do WhatsApp 2025 12 08 \u00e0s 15.46.39 98cc20f9\"\/><figcaption class=\"wp-element-caption\">08 de dezembro | B\u00ean\u00e7\u00e3o e in\u00edcio das atividades<\/figcaption><\/figure>\n\n\n<figure class=\"wp-block-image size-large\"><img decoding=\"async\" src=\"https:\/\/spaziospadoni.org\/wp-content\/uploads\/2026\/05\/WhatsApp-Image-2025-12-31-at-10.20.51.jpeg\" alt=\"WhatsApp Image 2025 12 31 at 10.20.51\"\/><figcaption class=\"wp-element-caption\">08 de dezembro | B\u00ean\u00e7\u00e3o e in\u00edcio das atividades<\/figcaption><\/figure>\n\n<\/figure>\n\n\n<\/div>\n\n\n<\/div>\n\n\n\n\n<div class=\"ss-timeline\">\n\n<h3 id=\"avaliacoes-do-projeto\" class=\"gb-text\">Avalia\u00e7\u00f5es do Projeto<\/h3>\n\n\n\n\n\n<div class=\"ss-timeline-item\">\n\n<h4 id=\"novembro-de-2020-o-projeto-que-a-irma-beatrice\" class=\"gb-text\">Novembro de 2020 O projeto que a irm\u00e3 Beatrice<\/h4>\n\n\n\n\n<p class=\"wp-block-paragraph\">pretende desenvolver ao regressar \u00e0 sua comunidade na Nig\u00e9ria \u00e9 a agricultura<\/p>\n\n\n<\/div>\n\n\n\n\n<div class=\"ss-timeline-item\">\n\n<h4 id=\"abril-de-2022-monitorizacao-do-projeto-em\" class=\"gb-text\">Abril de 2022 Monitoriza\u00e7\u00e3o do projeto em<\/h4>\n\n\n\n\n<p class=\"wp-block-paragraph\">curso<\/p>\n\n\n<\/div>\n\n\n\n\n<div class=\"ss-timeline-item\">\n\n<h4 id=\"julho-de-2023-monitorizacao-da-producao-e\" class=\"gb-text\">Julho de 2023 Monitoriza\u00e7\u00e3o da produ\u00e7\u00e3o e<\/h4>\n\n\n\n\n<p class=\"wp-block-paragraph\">venda<\/p>\n\n\n<\/div>\n\n\n\n\n<div class=\"ss-timeline-item\">\n\n<h4 id=\"outubro-de-2023-a-irma-beatrice-apresenta-um-novo\" class=\"gb-text\">Outubro de 2023 A irm\u00e3 Beatrice apresenta um novo<\/h4>\n\n\n\n\n<p class=\"wp-block-paragraph\">projeto de costura<\/p>\n\n\n<\/div>\n\n\n\n\n<div class=\"ss-timeline-item\">\n\n<h4 id=\"janeiro-de-2024-a-irma-beatrice-apresenta-a-ideia\" class=\"gb-text\">Janeiro de 2024 A irm\u00e3 Beatrice apresenta a ideia<\/h4>\n\n\n\n\n<p class=\"wp-block-paragraph\">do projeto de corte e costura<\/p>\n\n\n<\/div>\n\n\n\n\n<div class=\"ss-timeline-item\">\n\n<h4 id=\"abril-de-2024-avaliacao-da-viabilidade-do\" class=\"gb-text\">Abril de 2024 Avalia\u00e7\u00e3o da viabilidade do<\/h4>\n\n\n\n\n<p class=\"wp-block-paragraph\">projeto<\/p>\n\n\n<\/div>\n\n\n\n\n<div class=\"ss-timeline-item\">\n\n<h4 id=\"maio-de-2024-envio-do-orcamento-para\" class=\"gb-text\">Maio de 2024 Envio do or\u00e7amento para<\/h4>\n\n\n\n\n<p class=\"wp-block-paragraph\">o in\u00edcio da loja de costura<\/p>\n\n\n<\/div>\n\n\n\n\n<div class=\"ss-timeline-item\">\n\n<h4 id=\"agosto-de-2024-atualizacao-sobre-as\" class=\"gb-text\">Agosto de 2024 Atualiza\u00e7\u00e3o sobre as<\/h4>\n\n\n\n\n<p class=\"wp-block-paragraph\">atividades<\/p>\n\n\n<\/div>\n\n\n<\/div>\n\n\n<\/div>\n\n\n\n<div class=\"ss-project-media\">\n<h2 id=\"fotos-e-videos\" class=\"gb-text gb-text-d7bd8be8\">Fotos e v\u00eddeos<\/h2>\n\n\n<div class=\"ss-media-filters\">\n\n<a class=\"gb-text ss-media-filter active\" data-filter=\"*\" title=\"Tudo\">Tudo<\/a>\n\n\n<a class=\"gb-text ss-media-filter\" data-filter=\".formazione\" title=\"Forma\u00e7\u00e3o\">Forma\u00e7\u00e3o<\/a>\n\n\n<a class=\"gb-text ss-media-filter\" data-filter=\".nigeria\" title=\"Nig\u00e9ria\">Nig\u00e9ria<\/a>\n\n\n<a class=\"gb-text ss-media-filter\" data-filter=\".video\" title=\"V\u00eddeo\">V\u00eddeo<\/a>\n\n<\/div>\n\n\n<div class=\"ss-media-grid\">\n<div>\n<figure class=\"wp-block-gallery has-nested-images columns-1 is-cropped ss-lightbox wp-block-gallery-6 is-layout-flex wp-block-gallery-is-layout-flex\">\n\n<figure class=\"wp-block-image size-large formazione\"><img decoding=\"async\" alt=\"2020 outubro HIC SUM 2 It\u00e1lia Irm\u00e3 Beatrice villa adriana forma\u00e7\u00e3o spazio spadoni 2\" src=\"https:\/\/spaziospadoni.org\/wp-content\/uploads\/2026\/05\/2020_ottobre_hic_sum_2_italia_sr_beatrice_villa_adriana_formazione_spazio_spadoni-2.jpg\"\/><\/figure>\n\n\n<figure class=\"wp-block-image size-large formazione\"><img decoding=\"async\" alt=\"2020 outubro HIC SUM 2 It\u00e1lia Irm\u00e3 Beatrice villa adriana forma\u00e7\u00e3o spazio spadoni 3.jpg 225x300\" src=\"https:\/\/spaziospadoni.org\/wp-content\/uploads\/2026\/05\/2020_ottobre_hic_sum_2_italia_sr_beatrice_villa_adriana_formazione_spazio_spadoni-3.jpg-225x300.jpg\"\/><\/figure>\n\n\n<figure class=\"wp-block-image size-large formazione\"><img decoding=\"async\" alt=\"2020 outubro HIC SUM 2 It\u00e1lia Irm\u00e3 Beatrice villa adriana forma\u00e7\u00e3o spazio spadoni 4.jpg 300x190\" src=\"https:\/\/spaziospadoni.org\/wp-content\/uploads\/2026\/05\/2020_ottobre_hic_sum_2_italia_sr_beatrice_villa_adriana_formazione_spazio_spadoni-4.jpg-300x190.jpg\"\/><\/figure>\n\n\n<figure class=\"wp-block-image size-large formazione\"><img decoding=\"async\" alt=\"2020 outubro HIC SUM 2 It\u00e1lia Irm\u00e3 Beatrice villa adriana forma\u00e7\u00e3o spazio spadoni 11.jpg 300x271\" src=\"https:\/\/spaziospadoni.org\/wp-content\/uploads\/2026\/05\/2020_ottobre_hic_sum_2_italia_sr_beatrice_villa_adriana_formazione_spazio_spadoni-11.jpg-300x271.jpg\"\/><\/figure>\n\n\n<figure class=\"wp-block-image size-large formazione\"><img decoding=\"async\" alt=\"2020 outubro HIC SUM 2 It\u00e1lia Irm\u00e3 Beatrice villa adriana forma\u00e7\u00e3o spazio spadoni 20.jpg 278x300\" src=\"https:\/\/spaziospadoni.org\/wp-content\/uploads\/2026\/05\/2020_ottobre_hic_sum_2_italia_sr_beatrice_villa_adriana_formazione_spazio_spadoni-20.jpg-278x300.jpg\"\/><\/figure>\n\n\n<figure class=\"wp-block-image size-large formazione\"><img decoding=\"async\" alt=\"2020 setembro HIC SUM 2 It\u00e1lia Irm\u00e3 Beatrice villa adriana in\u00edcio da forma\u00e7\u00e3o spazio spadoni inizio 48.jpg 300x239\" src=\"https:\/\/spaziospadoni.org\/wp-content\/uploads\/2026\/05\/2020_settembre_hic_sum_2_italia_sr_beatrice_villa_adriana_inizio_formazione_spazio_spadoni_inizio-48.jpg-300x239.jpg\"\/><\/figure>\n\n\n<figure class=\"wp-block-image size-large formazione\"><img decoding=\"async\" alt=\"2020 setembro HIC SUM 2 It\u00e1lia Irm\u00e3 Beatrice villa adriana in\u00edcio da forma\u00e7\u00e3o spazio spadoni inizio 53 scaled\" src=\"https:\/\/spaziospadoni.org\/wp-content\/uploads\/2026\/05\/2020_settembre_hic_sum_2_italia_sr_beatrice_villa_adriana_inizio_formazione_spazio_spadoni_inizio-53-scaled-1.jpg\"\/><\/figure>\n\n\n<figure class=\"wp-block-image size-large formazione\"><img decoding=\"async\" alt=\"2020 setembro HIC SUM 2 It\u00e1lia Irm\u00e3 Beatrice villa adriana in\u00edcio da forma\u00e7\u00e3o spazio spadoni inizio 70 scaled\" src=\"https:\/\/spaziospadoni.org\/wp-content\/uploads\/2026\/05\/2020_settembre_hic_sum_2_italia_sr_beatrice_villa_adriana_inizio_formazione_spazio_spadoni_inizio-70-scaled-1.jpg\"\/><\/figure>\n\n\n<figure class=\"wp-block-image size-large formazione\"><img decoding=\"async\" alt=\"Nig\u00e9ria F Irm\u00e3 Beatrice 214x300\" src=\"https:\/\/spaziospadoni.org\/wp-content\/uploads\/2026\/05\/Nigeria-F-suor-Beatrice-214x300.jpg\"\/><\/figure>\n\n\n<figure class=\"wp-block-image size-large formazione\"><img decoding=\"async\" alt=\"2021 maio HIC SUM 2 It\u00e1lia Irm\u00e3 Beatrice villa adriana forma\u00e7\u00e3o pane spazio spadoni 9.jpg 300x244\" src=\"https:\/\/spaziospadoni.org\/wp-content\/uploads\/2026\/05\/2021_maggio_hic_sum_2_italia_sr_beatrice_villa_adriana_formazione_pane_spazio_spadoni-9.jpg-300x244.jpg\"\/><\/figure>\n\n\n<figure class=\"wp-block-image size-large nigeria\"><img decoding=\"async\" alt=\"2021 outubro HIC SUM 2 Nig\u00e9ria uyo Irm\u00e3 Beatrice volunt\u00e1rios misericordia forma\u00e7\u00e3o spazio spadoni 3\" src=\"https:\/\/spaziospadoni.org\/wp-content\/uploads\/2026\/05\/2021_ottobre_hic_sum_2_nigeria_uyo_sr_beatrice_volontari_misericordia_formazione_spazio_spadoni-3.jpg\"\/><\/figure>\n\n\n<figure class=\"wp-block-image size-large nigeria\"><img decoding=\"async\" alt=\"2021 outubro HIC SUM 2 Nig\u00e9ria uyo Irm\u00e3 Beatrice volunt\u00e1rios misericordia forma\u00e7\u00e3o spazio spadoni 4.jpg 300x169\" src=\"https:\/\/spaziospadoni.org\/wp-content\/uploads\/2026\/05\/2021_ottobre_hic_sum_2_nigeria_uyo_sr_beatrice_volontari_misericordia_formazione_spazio_spadoni-4.jpg-300x169.jpg\"\/><\/figure>\n\n\n<figure class=\"wp-block-image size-large nigeria\"><img decoding=\"async\" alt=\"2021 outubro HIC SUM 2 Nig\u00e9ria uyo Irm\u00e3 Beatrice volunt\u00e1rios misericordia spazio spadoni 5\" src=\"https:\/\/spaziospadoni.org\/wp-content\/uploads\/2026\/05\/2021_ottobre_hic_sum_2_nigeria_uyo_sr_beatrice_volontari_misericordia_spazio_spadoni-5.jpg\"\/><\/figure>\n\n\n<figure class=\"wp-block-image size-large nigeria\"><img decoding=\"async\" alt=\"2022 aprile HIC SUM 2 Nig\u00e9ria Uyo Irm\u00e3 Beatrice villa adriana P\u00e3o de Miseric\u00f3rdia agricultura empresa social spazio spadoni 37.jpeg 225x300\" src=\"https:\/\/spaziospadoni.org\/wp-content\/uploads\/2026\/05\/2022_aprile_hic_sum_2_Nigeria_Uyo_sr_beatrice_villa_adriana_pane_misericordia_agricoltura_impresa_sociale_spazio_spadoni-37.jpeg-225x300.jpg\"\/><\/figure>\n\n\n<figure class=\"wp-block-image size-large nigeria\"><img decoding=\"async\" alt=\"2022 fevereiro HIC SUM 2 Nig\u00e9ria uyo Irm\u00e3 Beatrice volunt\u00e1rios Obras de Miseric\u00f3rdia forma\u00e7\u00e3o spazio spadoni 1.jpg 300x293\" src=\"https:\/\/spaziospadoni.org\/wp-content\/uploads\/2026\/05\/2022_febbraio_hic_sum_2_nigeria_uyo_sr_beatrice_volontari_opere_misericordia_formazione_spazio_spadoni-1.jpg-300x293.jpg\"\/><\/figure>\n\n\n<figure class=\"wp-block-image size-large nigeria\"><img decoding=\"async\" alt=\"2022 fevereiro HIC SUM 2 Nig\u00e9ria uyo Irm\u00e3 Beatrice volunt\u00e1rios Obras de Miseric\u00f3rdia forma\u00e7\u00e3o spazio spadoni 2\" src=\"https:\/\/spaziospadoni.org\/wp-content\/uploads\/2026\/05\/2022_febbraio_hic_sum_2_nigeria_uyo_sr_beatrice_volontari_opere_misericordia_formazione_spazio_spadoni-2.jpg\"\/><\/figure>\n\n\n<figure class=\"wp-block-image size-large nigeria\"><img decoding=\"async\" alt=\"2022 fevereiro HIC SUM 2 Nig\u00e9ria uyo Irm\u00e3 Beatrice volunt\u00e1rios Obras de Miseric\u00f3rdia forma\u00e7\u00e3o spazio spadoni 7\" src=\"https:\/\/spaziospadoni.org\/wp-content\/uploads\/2026\/05\/2022_febbraio_hic_sum_2_nigeria_uyo_sr_beatrice_volontari_opere_misericordia_formazione_spazio_spadoni-7.jpg\"\/><\/figure>\n\n\n<figure class=\"wp-block-image size-large nigeria\"><img decoding=\"async\" alt=\"2022 fevereiro HIC SUM 2 Nig\u00e9ria uyo Irm\u00e3 Beatrice volunt\u00e1rios Obras de Miseric\u00f3rdia forma\u00e7\u00e3o spazio spadoni 8\" src=\"https:\/\/spaziospadoni.org\/wp-content\/uploads\/2026\/05\/2022_febbraio_hic_sum_2_nigeria_uyo_sr_beatrice_volontari_opere_misericordia_formazione_spazio_spadoni-8.jpg\"\/><\/figure>\n\n\n<figure class=\"wp-block-image size-large nigeria\"><img decoding=\"async\" alt=\"2022 fevereiro HIC SUM 2 Nig\u00e9ria uyo Irm\u00e3 Beatrice volunt\u00e1rios Obras de Miseric\u00f3rdia forma\u00e7\u00e3o spazio spadoni 9\" src=\"https:\/\/spaziospadoni.org\/wp-content\/uploads\/2026\/05\/2022_febbraio_hic_sum_2_nigeria_uyo_sr_beatrice_volontari_opere_misericordia_formazione_spazio_spadoni-9.jpg\"\/><\/figure>\n\n\n<figure class=\"wp-block-image size-large nigeria\"><img decoding=\"async\" alt=\"2022 fevereiro HIC SUM 2 Nig\u00e9ria uyo Irm\u00e3 Beatrice volunt\u00e1rios Obras de Miseric\u00f3rdia forma\u00e7\u00e3o spazio spadoni 10\" src=\"https:\/\/spaziospadoni.org\/wp-content\/uploads\/2026\/05\/2022_febbraio_hic_sum_2_nigeria_uyo_sr_beatrice_volontari_opere_misericordia_formazione_spazio_spadoni-10.jpg\"\/><\/figure>\n\n\n<figure class=\"wp-block-image size-large formazione\"><img decoding=\"async\" alt=\"2021 junho It\u00e1lia campi bisenzio firenze assembleia nacional das Misericordie apresenta\u00e7\u00e3o spazio spadoni HIC SUM 2 Irm\u00e3 Beatrice francesca 225x300\" src=\"https:\/\/spaziospadoni.org\/wp-content\/uploads\/2026\/05\/2021_giugno_italia_campi_bisenzio_firenze_assemblea_nazionale_misericordie_presentazione_spazio_spadoni_hic_sum_2_suor_beatrice_francesca-225x300.jpg\"\/><\/figure>\n\n\n<figure class=\"wp-block-image size-large nigeria\"><img decoding=\"async\" alt=\"2024 mar\u00e7o 10 HIC SUM 2 Nig\u00e9ria uyo Irm\u00e3 Beatrice ancelle santo bambino gesu misericordia villa adriana spazio spadoni difus\u00e3o opere misericord 2 225x300\" src=\"https:\/\/spaziospadoni.org\/wp-content\/uploads\/2026\/05\/2024_marzo_10_hic_sum_2_nigeria_uyo_sr_beatrice_ancelle_santo_bambino_gesu_misericordia_villa_adriana_spazio_spadoni_diffusione_opere_misericord-2-225x300.jpg\"\/><\/figure>\n\n\n<figure class=\"wp-block-image size-large nigeria\"><img decoding=\"async\" alt=\"2024 mar\u00e7o 10 HIC SUM 2 Nig\u00e9ria uyo Irm\u00e3 Beatrice ancelle santo bambino gesu misericordia villa adriana spazio spadoni difus\u00e3o opere misericord 3 225x300\" src=\"https:\/\/spaziospadoni.org\/wp-content\/uploads\/2026\/05\/2024_marzo_10_hic_sum_2_nigeria_uyo_sr_beatrice_ancelle_santo_bambino_gesu_misericordia_villa_adriana_spazio_spadoni_diffusione_opere_misericord-3-225x300.jpg\"\/><\/figure>\n\n\n<figure class=\"wp-block-image size-large nigeria\"><img decoding=\"async\" alt=\"2024 mar\u00e7o 10 HIC SUM 2 Nig\u00e9ria uyo Irm\u00e3 Beatrice ancelle santo bambino gesu misericordia villa adriana spazio spadoni difus\u00e3o opere misericord 4 225x300\" src=\"https:\/\/spaziospadoni.org\/wp-content\/uploads\/2026\/05\/2024_marzo_10_hic_sum_2_nigeria_uyo_sr_beatrice_ancelle_santo_bambino_gesu_misericordia_villa_adriana_spazio_spadoni_diffusione_opere_misericord-4-225x300.jpg\"\/><\/figure>\n\n\n<figure class=\"wp-block-image size-large nigeria\"><img decoding=\"async\" alt=\"2024 mar\u00e7o 10 HIC SUM 2 Nig\u00e9ria uyo Irm\u00e3 Beatrice ancelle santo bambino gesu misericordia villa adriana spazio spadoni difus\u00e3o opere misericord 300x225\" src=\"https:\/\/spaziospadoni.org\/wp-content\/uploads\/2026\/05\/2024_marzo_10_hic_sum_2_nigeria_uyo_sr_beatrice_ancelle_santo_bambino_gesu_misericordia_villa_adriana_spazio_spadoni_diffusione_opere_misericord-300x225.jpg\"\/><\/figure>\n\n\n<figure class=\"wp-block-image size-large nigeria\"><img decoding=\"async\" alt=\"2024 mar\u00e7o 10 HIC SUM 2 Nig\u00e9ria uyo Irm\u00e3 Beatrice ancelle santo bambino gesu misericordia villa adriana spazio spadoni difus\u00e3o Obras de Miseric\u00f3rdia 300x225\" src=\"https:\/\/spaziospadoni.org\/wp-content\/uploads\/2026\/05\/2024_marzo_10_hic_sum_2_nigeria_uyo_sr_beatrice_ancelle_santo_bambino_gesu_misericordia_villa_adriana_spazio_spadoni_diffusione_opere_misericordia-300x225.jpg\"\/><\/figure>\n\n\n<figure class=\"wp-block-image size-large nigeria\"><img decoding=\"async\" alt=\"2024 M2 225x300\" src=\"https:\/\/spaziospadoni.org\/wp-content\/uploads\/2026\/05\/2024_M2-225x300.jpg\"\/><\/figure>\n\n\n<figure class=\"wp-block-image size-large nigeria\"><img decoding=\"async\" alt=\"Imagem do WhatsApp 2025 12 08 \u00e0s 15.46.39 98cc20f9\" src=\"https:\/\/spaziospadoni.org\/wp-content\/uploads\/2026\/05\/Immagine-WhatsApp-2025-12-08-ore-15.46.39_98cc20f9.jpg\"\/><\/figure>\n\n\n<figure class=\"wp-block-image size-large nigeria\"><img decoding=\"async\" alt=\"WhatsApp Image 2025 12 31 at 10.20.51\" src=\"https:\/\/spaziospadoni.org\/wp-content\/uploads\/2026\/05\/WhatsApp-Image-2025-12-31-at-10.20.51.jpeg\"\/><\/figure>\n\n<\/figure>\n\n\n<div class=\"gb-element-b24bbf5e ss-media-videos\">\n\n<figure class=\"wp-block-video video\"><video controls=\"\" src=\"https:\/\/spaziospadoni.org\/wp-content\/uploads\/2026\/05\/Video-WhatsApp-2024-03-07-ore-19.15.09_2a2ef4a8.mp4\"><\/video><figcaption class=\"wp-element-caption\">V\u00eddeo do WhatsApp 2024 03 07 \u00e0s 19.15.09 2a2ef4a8<\/figcaption><\/figure>\n\n\n<figure class=\"wp-block-video video\"><video controls=\"\" src=\"https:\/\/spaziospadoni.org\/wp-content\/uploads\/2026\/05\/2021_ottobre_hic_sum_2_nigeria_uyo_sr_beatrice_volontari_misericordia_spazio_spadoni-1.mp4\"><\/video><figcaption class=\"wp-element-caption\">2021 outubro HIC SUM 2 Nig\u00e9ria uyo Irm\u00e3 Beatrice volunt\u00e1rios misericordia spazio spadoni 1<\/figcaption><\/figure>\n\n<\/div>\n\n<\/div>\n\n<\/div>\n\n<\/div>\n\n","protected":false},"excerpt":{"rendered":"<p>Ibiono Ibom | Uyo (Nig\u00e9ria) OPERA M2 MISS\u00c3O Local Ibiono Ibom Diocese Uyo Pa\u00eds Nig\u00e9ria Continente \u00c1frica Coordenadas GPS 5.03643 7.91221 Fuso hor\u00e1rio UTC+1 ORGANIZADOR Congrega\u00e7\u00e3o Ancelle del Santo Bambino Ges\u00f9 Casa-M\u00e3e Ikot Ekpene, Nig\u00e9ria Diocese Uyo Pa\u00eds Nig\u00e9ria Continente \u00c1frica Festa da Congrega\u00e7\u00e3o Por ocasi\u00e3o da Festa da Anuncia\u00e7\u00e3o Coordenadas GPS 5.17553 7.72157 Fuso &#8230; <a title=\"Nig\u00e9ria &#8211; \u00c1frica | Projeto M2\" class=\"read-more\" href=\"https:\/\/spaziospadoni.org\/pt-pt\/opera-m\/nigeria-africa-projeto-m2\/\" aria-label=\"Read more about Nig\u00e9ria &#8211; \u00c1frica | Projeto M2\">Ler mais<\/a><\/p>\n","protected":false},"author":102,"featured_media":0,"parent":89582,"menu_order":0,"comment_status":"closed","ping_status":"closed","template":"","meta":{"_sitemap_exclude":false,"_sitemap_priority":"","_sitemap_frequency":"","footnotes":""},"class_list":["post-81916","page","type-page","status-publish","infinite-scroll-item"],"yoast_head":"<!-- This site is optimized with the Yoast SEO plugin v28.4 - https:\/\/yoast.com\/product\/yoast-seo-wordpress\/ -->\n<title>Nig\u00e9ria - \u00c1frica | Projeto M2 | Spazio Spadoni<\/title>\n<meta name=\"description\" content=\"Ibiono Ibom | Uyo (Nig\u00e9ria) OPERA M2 MISS\u00c3O Local Ibiono Ibom Diocese Uyo Pa\u00eds Nig\u00e9ria Continente \u00c1frica Coordenadas GPS 5.03643 7.91221 Fuso hor\u00e1rio\" \/>\n<meta name=\"robots\" content=\"index, follow, max-snippet:-1, max-image-preview:large, max-video-preview:-1\" \/>\n<link rel=\"canonical\" href=\"https:\/\/spaziospadoni.org\/pt-pt\/opera-m\/nigeria-africa-projeto-m2\/\" \/>\n<meta property=\"og:locale\" content=\"pt_PT\" \/>\n<meta property=\"og:type\" content=\"article\" \/>\n<meta property=\"og:title\" content=\"Nig\u00e9ria - \u00c1frica | Projeto M2 | Spazio Spadoni\" \/>\n<meta property=\"og:description\" content=\"Ibiono Ibom | Uyo (Nig\u00e9ria) OPERA M2 MISS\u00c3O Local Ibiono Ibom Diocese Uyo Pa\u00eds Nig\u00e9ria Continente \u00c1frica Coordenadas GPS 5.03643 7.91221 Fuso hor\u00e1rio\" \/>\n<meta property=\"og:url\" content=\"https:\/\/spaziospadoni.org\/pt-pt\/opera-m\/nigeria-africa-projeto-m2\/\" \/>\n<meta property=\"og:site_name\" content=\"spazio + spadoni\" \/>\n<meta property=\"article:publisher\" content=\"https:\/\/www.facebook.com\/SpazioSpadoni\/\" \/>\n<meta property=\"article:modified_time\" content=\"2026-07-30T13:55:56+00:00\" \/>\n<meta property=\"og:image\" content=\"https:\/\/spaziospadoni.org\/wp-content\/uploads\/2026\/05\/hicsum_1_congo-spaziospadoni-scaled.png\" \/>\n\t<meta property=\"og:image:width\" content=\"2560\" \/>\n\t<meta property=\"og:image:height\" content=\"1771\" \/>\n\t<meta property=\"og:image:type\" content=\"image\/png\" \/>\n<meta name=\"twitter:card\" content=\"summary_large_image\" \/>\n<meta name=\"twitter:label1\" content=\"Est. reading time\" \/>\n\t<meta name=\"twitter:data1\" content=\"12 minutes\" \/>\n<script type=\"application\/ld+json\" class=\"yoast-schema-graph\">{\"@context\":\"https:\\\/\\\/schema.org\",\"@graph\":[{\"@type\":\"WebPage\",\"@id\":\"https:\\\/\\\/spaziospadoni.org\\\/pt-pt\\\/opera-m\\\/nigeria-africa-projeto-m2\\\/\",\"url\":\"https:\\\/\\\/spaziospadoni.org\\\/pt-pt\\\/opera-m\\\/nigeria-africa-projeto-m2\\\/\",\"name\":\"Nig\u00e9ria - \u00c1frica | Projeto M2 | Spazio Spadoni\",\"isPartOf\":{\"@id\":\"https:\\\/\\\/spaziospadoni.org\\\/pt-pt\\\/#website\"},\"primaryImageOfPage\":{\"@id\":\"https:\\\/\\\/spaziospadoni.org\\\/pt-pt\\\/opera-m\\\/nigeria-africa-projeto-m2\\\/#primaryimage\"},\"image\":{\"@id\":\"https:\\\/\\\/spaziospadoni.org\\\/pt-pt\\\/opera-m\\\/nigeria-africa-projeto-m2\\\/#primaryimage\"},\"thumbnailUrl\":\"https:\\\/\\\/spaziospadoni.org\\\/wp-content\\\/uploads\\\/2026\\\/05\\\/hicsum_5_nigeria-spaziospadoni-scaled.png\",\"datePublished\":\"2026-05-18T12:57:06+00:00\",\"dateModified\":\"2026-07-30T13:55:56+00:00\",\"description\":\"Ibiono Ibom | Uyo (Nig\u00e9ria) OPERA M2 MISS\u00c3O Local Ibiono Ibom Diocese Uyo Pa\u00eds Nig\u00e9ria Continente \u00c1frica Coordenadas GPS 5.03643 7.91221 Fuso hor\u00e1rio\",\"breadcrumb\":{\"@id\":\"https:\\\/\\\/spaziospadoni.org\\\/pt-pt\\\/opera-m\\\/nigeria-africa-projeto-m2\\\/#breadcrumb\"},\"inLanguage\":\"pt-PT\",\"potentialAction\":[{\"@type\":\"ReadAction\",\"target\":[\"https:\\\/\\\/spaziospadoni.org\\\/pt-pt\\\/opera-m\\\/nigeria-africa-projeto-m2\\\/\"]}]},{\"@type\":\"ImageObject\",\"inLanguage\":\"pt-PT\",\"@id\":\"https:\\\/\\\/spaziospadoni.org\\\/pt-pt\\\/opera-m\\\/nigeria-africa-projeto-m2\\\/#primaryimage\",\"url\":\"https:\\\/\\\/spaziospadoni.org\\\/wp-content\\\/uploads\\\/2026\\\/05\\\/hicsum_5_nigeria-spaziospadoni-scaled.png\",\"contentUrl\":\"https:\\\/\\\/spaziospadoni.org\\\/wp-content\\\/uploads\\\/2026\\\/05\\\/hicsum_5_nigeria-spaziospadoni-scaled.png\"},{\"@type\":\"BreadcrumbList\",\"@id\":\"https:\\\/\\\/spaziospadoni.org\\\/pt-pt\\\/opera-m\\\/nigeria-africa-projeto-m2\\\/#breadcrumb\",\"itemListElement\":[{\"@type\":\"ListItem\",\"position\":1,\"name\":\"Home\",\"item\":\"https:\\\/\\\/spaziospadoni.org\\\/pt-pt\\\/\"},{\"@type\":\"ListItem\",\"position\":2,\"name\":\"Obras de Miseric\u00f3rdia\",\"item\":\"https:\\\/\\\/spaziospadoni.org\\\/pt-pt\\\/obras-de-misericordia\\\/\"},{\"@type\":\"ListItem\",\"position\":3,\"name\":\"Nig\u00e9ria &#8211; \u00c1frica | Projeto M2\"}]},{\"@type\":\"WebSite\",\"@id\":\"https:\\\/\\\/spaziospadoni.org\\\/pt-pt\\\/#website\",\"url\":\"https:\\\/\\\/spaziospadoni.org\\\/pt-pt\\\/\",\"name\":\"spazio + spadoni\",\"description\":\"Generazione di misericordia e missione nel mondo\",\"publisher\":{\"@id\":\"https:\\\/\\\/spaziospadoni.org\\\/pt-pt\\\/#organization\"},\"alternateName\":\"spaziospadoni.org\",\"potentialAction\":[{\"@type\":\"SearchAction\",\"target\":{\"@type\":\"EntryPoint\",\"urlTemplate\":\"https:\\\/\\\/spaziospadoni.org\\\/pt-pt\\\/?s={search_term_string}\"},\"query-input\":{\"@type\":\"PropertyValueSpecification\",\"valueRequired\":true,\"valueName\":\"search_term_string\"}}],\"inLanguage\":\"pt-PT\"},{\"@type\":\"Organization\",\"@id\":\"https:\\\/\\\/spaziospadoni.org\\\/pt-pt\\\/#organization\",\"name\":\"spazio + spadoni\",\"alternateName\":\"spaziospadoni.org\",\"url\":\"https:\\\/\\\/spaziospadoni.org\\\/pt-pt\\\/\",\"logo\":{\"@type\":\"ImageObject\",\"inLanguage\":\"pt-PT\",\"@id\":\"https:\\\/\\\/spaziospadoni.org\\\/pt-pt\\\/#\\\/schema\\\/logo\\\/image\\\/\",\"url\":\"https:\\\/\\\/spaziospadoni.org\\\/wp-content\\\/uploads\\\/2026\\\/05\\\/spazio-spadoni-logo-100x100-1.webp\",\"contentUrl\":\"https:\\\/\\\/spaziospadoni.org\\\/wp-content\\\/uploads\\\/2026\\\/05\\\/spazio-spadoni-logo-100x100-1.webp\",\"width\":100,\"height\":100,\"caption\":\"spazio + spadoni\"},\"image\":{\"@id\":\"https:\\\/\\\/spaziospadoni.org\\\/pt-pt\\\/#\\\/schema\\\/logo\\\/image\\\/\"},\"sameAs\":[\"https:\\\/\\\/www.facebook.com\\\/SpazioSpadoni\\\/\",\"https:\\\/\\\/www.instagram.com\\\/spaziospadoni\\\/\",\"https:\\\/\\\/www.youtube.com\\\/@spaziospadoni\\\/playlists\"]}]}<\/script>\n<!-- \/ Yoast SEO plugin. -->","yoast_head_json":{"title":"Nig\u00e9ria - \u00c1frica | Projeto M2 | Spazio Spadoni","description":"Ibiono Ibom | Uyo (Nig\u00e9ria) OPERA M2 MISS\u00c3O Local Ibiono Ibom Diocese Uyo Pa\u00eds Nig\u00e9ria Continente \u00c1frica Coordenadas GPS 5.03643 7.91221 Fuso hor\u00e1rio","robots":{"index":"index","follow":"follow","max-snippet":"max-snippet:-1","max-image-preview":"max-image-preview:large","max-video-preview":"max-video-preview:-1"},"canonical":"https:\/\/spaziospadoni.org\/pt-pt\/opera-m\/nigeria-africa-projeto-m2\/","og_locale":"pt_PT","og_type":"article","og_title":"Nig\u00e9ria - \u00c1frica | Projeto M2 | Spazio Spadoni","og_description":"Ibiono Ibom | Uyo (Nig\u00e9ria) OPERA M2 MISS\u00c3O Local Ibiono Ibom Diocese Uyo Pa\u00eds Nig\u00e9ria Continente \u00c1frica Coordenadas GPS 5.03643 7.91221 Fuso hor\u00e1rio","og_url":"https:\/\/spaziospadoni.org\/pt-pt\/opera-m\/nigeria-africa-projeto-m2\/","og_site_name":"spazio + spadoni","article_publisher":"https:\/\/www.facebook.com\/SpazioSpadoni\/","article_modified_time":"2026-07-30T13:55:56+00:00","og_image":[{"width":2560,"height":1771,"url":"https:\/\/spaziospadoni.org\/wp-content\/uploads\/2026\/05\/hicsum_1_congo-spaziospadoni-scaled.png","type":"image\/png"}],"twitter_card":"summary_large_image","twitter_misc":{"Est. reading time":"12 minutes"},"schema":{"@context":"https:\/\/schema.org","@graph":[{"@type":"WebPage","@id":"https:\/\/spaziospadoni.org\/pt-pt\/opera-m\/nigeria-africa-projeto-m2\/","url":"https:\/\/spaziospadoni.org\/pt-pt\/opera-m\/nigeria-africa-projeto-m2\/","name":"Nig\u00e9ria - \u00c1frica | Projeto M2 | Spazio Spadoni","isPartOf":{"@id":"https:\/\/spaziospadoni.org\/pt-pt\/#website"},"primaryImageOfPage":{"@id":"https:\/\/spaziospadoni.org\/pt-pt\/opera-m\/nigeria-africa-projeto-m2\/#primaryimage"},"image":{"@id":"https:\/\/spaziospadoni.org\/pt-pt\/opera-m\/nigeria-africa-projeto-m2\/#primaryimage"},"thumbnailUrl":"https:\/\/spaziospadoni.org\/wp-content\/uploads\/2026\/05\/hicsum_5_nigeria-spaziospadoni-scaled.png","datePublished":"2026-05-18T12:57:06+00:00","dateModified":"2026-07-30T13:55:56+00:00","description":"Ibiono Ibom | Uyo (Nig\u00e9ria) OPERA M2 MISS\u00c3O Local Ibiono Ibom Diocese Uyo Pa\u00eds Nig\u00e9ria Continente \u00c1frica Coordenadas GPS 5.03643 7.91221 Fuso hor\u00e1rio","breadcrumb":{"@id":"https:\/\/spaziospadoni.org\/pt-pt\/opera-m\/nigeria-africa-projeto-m2\/#breadcrumb"},"inLanguage":"pt-PT","potentialAction":[{"@type":"ReadAction","target":["https:\/\/spaziospadoni.org\/pt-pt\/opera-m\/nigeria-africa-projeto-m2\/"]}]},{"@type":"ImageObject","inLanguage":"pt-PT","@id":"https:\/\/spaziospadoni.org\/pt-pt\/opera-m\/nigeria-africa-projeto-m2\/#primaryimage","url":"https:\/\/spaziospadoni.org\/wp-content\/uploads\/2026\/05\/hicsum_5_nigeria-spaziospadoni-scaled.png","contentUrl":"https:\/\/spaziospadoni.org\/wp-content\/uploads\/2026\/05\/hicsum_5_nigeria-spaziospadoni-scaled.png"},{"@type":"BreadcrumbList","@id":"https:\/\/spaziospadoni.org\/pt-pt\/opera-m\/nigeria-africa-projeto-m2\/#breadcrumb","itemListElement":[{"@type":"ListItem","position":1,"name":"Home","item":"https:\/\/spaziospadoni.org\/pt-pt\/"},{"@type":"ListItem","position":2,"name":"Obras de Miseric\u00f3rdia","item":"https:\/\/spaziospadoni.org\/pt-pt\/obras-de-misericordia\/"},{"@type":"ListItem","position":3,"name":"Nig\u00e9ria &#8211; \u00c1frica | Projeto M2"}]},{"@type":"WebSite","@id":"https:\/\/spaziospadoni.org\/pt-pt\/#website","url":"https:\/\/spaziospadoni.org\/pt-pt\/","name":"spazio + spadoni","description":"Generazione di misericordia e missione nel mondo","publisher":{"@id":"https:\/\/spaziospadoni.org\/pt-pt\/#organization"},"alternateName":"spaziospadoni.org","potentialAction":[{"@type":"SearchAction","target":{"@type":"EntryPoint","urlTemplate":"https:\/\/spaziospadoni.org\/pt-pt\/?s={search_term_string}"},"query-input":{"@type":"PropertyValueSpecification","valueRequired":true,"valueName":"search_term_string"}}],"inLanguage":"pt-PT"},{"@type":"Organization","@id":"https:\/\/spaziospadoni.org\/pt-pt\/#organization","name":"spazio + spadoni","alternateName":"spaziospadoni.org","url":"https:\/\/spaziospadoni.org\/pt-pt\/","logo":{"@type":"ImageObject","inLanguage":"pt-PT","@id":"https:\/\/spaziospadoni.org\/pt-pt\/#\/schema\/logo\/image\/","url":"https:\/\/spaziospadoni.org\/wp-content\/uploads\/2026\/05\/spazio-spadoni-logo-100x100-1.webp","contentUrl":"https:\/\/spaziospadoni.org\/wp-content\/uploads\/2026\/05\/spazio-spadoni-logo-100x100-1.webp","width":100,"height":100,"caption":"spazio + spadoni"},"image":{"@id":"https:\/\/spaziospadoni.org\/pt-pt\/#\/schema\/logo\/image\/"},"sameAs":["https:\/\/www.facebook.com\/SpazioSpadoni\/","https:\/\/www.instagram.com\/spaziospadoni\/","https:\/\/www.youtube.com\/@spaziospadoni\/playlists"]}]}},"_links":{"self":[{"href":"https:\/\/spaziospadoni.org\/pt-pt\/wp-json\/wp\/v2\/pages\/81916","targetHints":{"allow":["GET"]}}],"collection":[{"href":"https:\/\/spaziospadoni.org\/pt-pt\/wp-json\/wp\/v2\/pages"}],"about":[{"href":"https:\/\/spaziospadoni.org\/pt-pt\/wp-json\/wp\/v2\/types\/page"}],"author":[{"embeddable":true,"href":"https:\/\/spaziospadoni.org\/pt-pt\/wp-json\/wp\/v2\/users\/102"}],"replies":[{"embeddable":true,"href":"https:\/\/spaziospadoni.org\/pt-pt\/wp-json\/wp\/v2\/comments?post=81916"}],"version-history":[{"count":0,"href":"https:\/\/spaziospadoni.org\/pt-pt\/wp-json\/wp\/v2\/pages\/81916\/revisions"}],"up":[{"embeddable":true,"href":"https:\/\/spaziospadoni.org\/pt-pt\/wp-json\/wp\/v2\/pages\/89582"}],"wp:attachment":[{"href":"https:\/\/spaziospadoni.org\/pt-pt\/wp-json\/wp\/v2\/media?parent=81916"}],"curies":[{"name":"wp","href":"https:\/\/api.w.org\/{rel}","templated":true}]}}