{"id":82548,"date":"2026-05-18T13:59:43","date_gmt":"2026-05-18T12:59:43","guid":{"rendered":"https:\/\/spaziospadoni.org\/obras-de-misericordia\/nigeria-africa-progetto-m3\/"},"modified":"2026-07-31T09:31:20","modified_gmt":"2026-07-31T08:31:20","slug":"nigeria-africa-projeto-m3","status":"publish","type":"page","link":"https:\/\/spaziospadoni.org\/pt-pt\/opera-m\/nigeria-africa-projeto-m3\/","title":{"rendered":"Nig\u00e9ria &#8211; \u00c1frica | Projeto M3"},"content":{"rendered":"\n<div class=\"ss-project-hero-card\">\n<h2 id=\"omagba-onitsha-omagba-onitsha-nigeria\" class=\"gb-text gb-text-62a95885\">Omagba Onitsha | Omagba Onitsha (Nig\u00e9ria)<\/h2>\n\n\n\n<div class=\"gb-element-f60f2409\">\n<div class=\"gb-element-90a85740 ss-project-sidebar\">\n<h2 id=\"opera-m3\" class=\"gb-text ss-project-title\">OPERA M3<\/h2>\n\n\n\n<figure class=\"wp-block-image size-large\"><img decoding=\"async\" src=\"https:\/\/spaziospadoni.org\/wp-content\/uploads\/2026\/05\/hicsum_5_nigeria-spaziospadoni-scaled.png\" alt=\"hicsum 5 nigeria spaziospadoni 400x277\" class=\"wp-image-43007\"\/><\/figure>\n\n\n\n<div class=\"ss-project-table\">\n<div class=\"ss-table-section-title\">\n<h3 id=\"missao\" class=\"gb-text\">MISS\u00c3O<\/h3>\n<\/div>\n\n\n\n<div class=\"ss-table-row\">\n<p class=\"gb-text\">Local<\/p>\n\n\n\n<p class=\"gb-text\"><a href=\"https:\/\/www.google.it\/maps\/place\/Onitsha,+Anambra,+Nigeria\/@6.1397777,6.7790483,13z\/data=!3m1!4b1!4m6!3m5!1s0x104393bed6cb93b7:0xd75544d3750782f7!8m2!3d6.1329419!4d6.7923994!16zL20vMDJ3cTVx?entry=ttu&#038;g_ep=EgoyMDI1MDMyNS4xIKXMDSoJLDEwMjExNjM5SAFQAw%3D%3D\" rel=\"noreferrer noopener\" target=\"_blank\" title=\"Omagba Onitsha\">Omagba Onitsha<\/a><\/p>\n<\/div>\n\n\n\n<div class=\"ss-table-row\">\n<p class=\"gb-text\">Diocese<\/p>\n\n\n\n<p class=\"gb-text\">Omagba Onitsha<\/p>\n<\/div>\n\n\n\n<div class=\"ss-table-row\">\n<p class=\"gb-text\">Pa\u00eds<\/p>\n\n\n\n<p class=\"gb-text\"><strong>Nig\u00e9ria<\/strong><\/p>\n<\/div>\n\n\n\n<div class=\"ss-table-row\">\n<p class=\"gb-text\">Continente<\/p>\n\n\n\n<p class=\"gb-text\">\u00c1frica<\/p>\n<\/div>\n\n\n\n<div class=\"ss-table-row\">\n<p class=\"gb-text\">Coordenadas GPS<\/p>\n\n\n\n<p class=\"gb-text\">6.13218 6.79192<\/p>\n<\/div>\n\n\n\n<div class=\"ss-table-row\">\n<p class=\"gb-text\">Fuso hor\u00e1rio<\/p>\n\n\n\n<p class=\"gb-text\">UTC+1<\/p>\n<\/div>\n<\/div>\n\n\n\n<div class=\"ss-project-table\">\n<div class=\"ss-table-section-title\">\n<h3 id=\"organizador\" class=\"gb-text\">ORGANIZADOR<\/h3>\n<\/div>\n\n\n\n<div class=\"ss-table-row\">\n<p class=\"gb-text\">Congrega\u00e7\u00e3o<\/p>\n\n\n\n<p class=\"gb-text\">Ancelle del Santo Bambino Ges\u00f9<\/p>\n<\/div>\n\n\n\n<div class=\"ss-table-row\">\n<p class=\"gb-text\">Casa-M\u00e3e<\/p>\n\n\n\n<p class=\"gb-text\">Ikot Ekpene, Nig\u00e9ria<\/p>\n<\/div>\n\n\n\n<div class=\"ss-table-row\">\n<p class=\"gb-text\">Diocese<\/p>\n\n\n\n<p class=\"gb-text\">Onitsha<\/p>\n<\/div>\n\n\n\n<div class=\"ss-table-row\">\n<p class=\"gb-text\">Pa\u00eds<\/p>\n\n\n\n<p class=\"gb-text\">Nig\u00e9ria<\/p>\n<\/div>\n\n\n\n<div class=\"ss-table-row\">\n<p class=\"gb-text\">Continente<\/p>\n\n\n\n<p class=\"gb-text\">\u00c1frica<\/p>\n<\/div>\n\n\n\n<div class=\"ss-table-row\">\n<p class=\"gb-text\">Festa da Congrega\u00e7\u00e3o<\/p>\n\n\n\n<p class=\"gb-text\">Por ocasi\u00e3o da Festa da Anuncia\u00e7\u00e3o<\/p>\n<\/div>\n\n\n\n<div class=\"ss-table-row\">\n<p class=\"gb-text\">Coordenadas GPS<\/p>\n\n\n\n<p class=\"gb-text\">5.17553 7.72157<\/p>\n<\/div>\n\n\n\n<div class=\"ss-table-row\">\n<p class=\"gb-text\">Fuso hor\u00e1rio<\/p>\n\n\n\n<p class=\"gb-text\">UTC+1<\/p>\n<\/div>\n\n\n\n<div class=\"ss-table-row\">\n<p class=\"gb-text\">Pessoa de refer\u00eancia<\/p>\n\n\n\n<p class=\"gb-text\">Irm\u00e3 Justina Obiageli Udebunjo<\/p>\n<\/div>\n\n\n\n<div class=\"ss-table-row\">\n<p class=\"gb-text\">Madre-Geral<\/p>\n\n\n\n<p class=\"gb-text\">Irm\u00e3 Germaine Ocansey<\/p>\n<\/div>\n\n\n\n<div class=\"ss-table-row\">\n<p class=\"gb-text\">Site<\/p>\n\n\n\n<p class=\"gb-text\"><a href=\"https:\/\/www.suoresantagemma.it\/\" target=\"_blank\" rel=\"noreferrer noopener\" title=\"suoresantagemma.it\">suoresantagemma.it<\/a><\/p>\n<\/div>\n<\/div>\n\n\n\n<div class=\"ss-project-table\">\n<a class=\"gb-element-e1766596 ss-table-section-button\" href=\"#\" title=\"OPERA M &#8211; PROJETO M3\">\n<span class=\"gb-text\">OPERA M &#8211; PROJETO M3<\/span>\n<\/a>\n<\/div>\n<\/div>\n<\/div>\n\n\n\n<div class=\"gb-element-6ad95ea8\">\n<div class=\"gb-element-e34063a6 ss-project-intro\">\n<p class=\"wp-block-paragraph\">OPERA M \u00e9 a revolu\u00e7\u00e3o das obras de miseric\u00f3rdia. \u00c9 o instrumento permanente para desenvolver um pensamento forte e renovado sobre as obras no mundo.<\/p>\n\n\n\n<p class=\"wp-block-paragraph\">Nasce de uma necessidade profundamente sentida por spazio + spadoni de r<strong>E<\/strong>volucionar o conceito de obra de miseric\u00f3rdia como um caminho que \u00e9 sempre simultaneamente humano e divino e, portanto, sempre espiritual al\u00e9m de pr\u00e1tico (ou corporal). A redescoberta, ou melhor, a verdadeira r<strong>E<\/strong>volu\u00e7\u00e3o das obras deve ser reencontrada dentro desta s\u00edntese entre dimens\u00e3o espiritual e ato pr\u00e1tico. A a\u00e7\u00e3o material deve estar sempre permeada pelo esp\u00edrito.<\/p>\n\n\n\n<p class=\"wp-block-paragraph\">OPERA M baseia-se em cinco a\u00e7\u00f5es que definem o seu m\u00e9todo: INVOCA, chama o Esp\u00edrito ESCUTA, faz sil\u00eancio para te abrires \u00e0 escuta ENCONTRA, permanece no meio das pessoas ATUEMOS, agir pelas obras INUNDEMOS, levemos todos \u00e0s Obras de Miseric\u00f3rdia <strong>Obras de Miseric\u00f3rdia espirituais<\/strong> Dar bons conselhos Ensinar os ignorantes Corrigir os que erram Consolar os tristes Perdoar as inj\u00farias Suportar com paci\u00eancia as fraquezas do pr\u00f3ximo Rogar a Deus pelos vivos e pelos mortos <strong>Obras de Miseric\u00f3rdia corporais<\/strong> Dar de comer a quem tem fome Dar de beber a quem tem sede Vestir os nus Dar pousada aos peregrinos Visitar os enfermos Visitar os presos Enterrar os mortos<\/p>\n\n<\/div>\n<\/div>\n\n\n\n\n<div>\n\n<h2 id=\"timeline\" class=\"gb-text gb-text-8179e40a\">Timeline<\/h2>\n\n\n\n\n\n<div class=\"ss-timeline\">\n\n<h3 id=\"2020\" class=\"gb-text\">2020<\/h3>\n\n\n\n\n\n<div class=\"ss-timeline-item\">\n\n<h4 id=\"19-de-agosto-inicio-da-colaboracao\" class=\"gb-text\">19 de agosto | In\u00edcio da colabora\u00e7\u00e3o<\/h4>\n\n\n\n\n<p class=\"wp-block-paragraph\">Come\u00e7a a colabora\u00e7\u00e3o entre spazio + spadoni e as Ancelle del Santo Bambino Ges\u00f9<\/p>\n\n\n<\/div>\n\n\n<\/div>\n\n\n\n\n<div class=\"ss-timeline\">\n\n<h3 id=\"2021\" class=\"gb-text\">2021<\/h3>\n\n\n\n\n\n<div class=\"ss-timeline-item\">\n\n<h4 id=\"11-de-janeiro-chegada-da-irma\" class=\"gb-text\">11 de janeiro | Chegada da irm\u00e3<\/h4>\n\n\n\n\n<p class=\"wp-block-paragraph\">A Irm\u00e3 Justina \u00e9 acompanhada at\u00e9 \u00e0 Misericordia di Castelnuovo Garfagnana e, poucos dias ap\u00f3s a sua chegada, come\u00e7a a estudar italiano com os volunt\u00e1rios<\/p>\n\n\n\n<figure class=\"wp-block-gallery has-nested-images columns-1 is-cropped ss-lightbox wp-block-gallery-1 is-layout-flex wp-block-gallery-is-layout-flex\">\n\n<figure class=\"wp-block-image size-large\"><img decoding=\"async\" src=\"https:\/\/spaziospadoni.org\/wp-content\/uploads\/2026\/05\/Arrivo-F-giannotti-copia-266x300.jpg\" alt=\"Arrivo F giannotti copia 266x300\"\/><figcaption class=\"wp-element-caption\">11 de janeiro | Chegada da irm\u00e3<\/figcaption><\/figure>\n\n\n<figure class=\"wp-block-image size-large\"><img decoding=\"async\" src=\"https:\/\/spaziospadoni.org\/wp-content\/uploads\/2026\/05\/Arrivo-F-sr-F-giannotti-copia-300x153.jpg\" alt=\"Arrivo F sr F giannotti copia 300x153\"\/><figcaption class=\"wp-element-caption\">11 de janeiro | Chegada da irm\u00e3<\/figcaption><\/figure>\n\n<\/figure>\n\n\n<\/div>\n\n\n\n\n<div class=\"ss-timeline-item\">\n\n<h4 id=\"23-de-julho-formacao\" class=\"gb-text\">23 de julho | Forma\u00e7\u00e3o<\/h4>\n\n\n\n\n<figure class=\"wp-block-gallery has-nested-images columns-1 is-cropped ss-lightbox wp-block-gallery-2 is-layout-flex wp-block-gallery-is-layout-flex\">\n\n<figure class=\"wp-block-image size-large\"><img decoding=\"async\" src=\"https:\/\/spaziospadoni.org\/wp-content\/uploads\/2026\/05\/fomraizone-F-a-justina-copia-300x238.jpg\" alt=\"fomraizone F a justina copia 300x238\"\/><figcaption class=\"wp-element-caption\">23 de julho | Forma\u00e7\u00e3o<\/figcaption><\/figure>\n\n\n<figure class=\"wp-block-image size-large\"><img decoding=\"async\" src=\"https:\/\/spaziospadoni.org\/wp-content\/uploads\/2026\/05\/formazione-F-a-tutti-copia-300x109.jpg\" alt=\"formazione F a tutti copia 300x109\"\/><figcaption class=\"wp-element-caption\">23 de julho | Forma\u00e7\u00e3o<\/figcaption><\/figure>\n\n\n<figure class=\"wp-block-image size-large\"><img decoding=\"async\" src=\"https:\/\/spaziospadoni.org\/wp-content\/uploads\/2026\/05\/formazione-F-alle-2-sr-copia-300x188.jpg\" alt=\"formazione F alle 2 sr copia 300x188\"\/><figcaption class=\"wp-element-caption\">23 de julho | Forma\u00e7\u00e3o<\/figcaption><\/figure>\n\n\n<figure class=\"wp-block-image size-large\"><img decoding=\"async\" src=\"https:\/\/spaziospadoni.org\/wp-content\/uploads\/2026\/05\/fomraizone-F-sr-copia-225x300.jpg\" alt=\"fomraizone F sr copia 225x300\"\/><figcaption class=\"wp-element-caption\">23 de julho | Forma\u00e7\u00e3o<\/figcaption><\/figure>\n\n\n<figure class=\"wp-block-image size-large\"><img decoding=\"async\" src=\"https:\/\/spaziospadoni.org\/wp-content\/uploads\/2026\/05\/Formazione-F-a-tutte-le-sr-copia-300x225.jpg\" alt=\"Formazione F a tutte le sr copia 300x225\"\/><figcaption class=\"wp-element-caption\">23 de julho | Forma\u00e7\u00e3o<\/figcaption><\/figure>\n\n\n<figure class=\"wp-block-image size-large\"><img decoding=\"async\" src=\"https:\/\/spaziospadoni.org\/wp-content\/uploads\/2026\/05\/formazione-F-a-sr-copia-300x171.jpg\" alt=\"formazione F a sr copia 300x171\"\/><figcaption class=\"wp-element-caption\">23 de julho | Forma\u00e7\u00e3o<\/figcaption><\/figure>\n\n\n<figure class=\"wp-block-image size-large\"><img decoding=\"async\" src=\"https:\/\/spaziospadoni.org\/wp-content\/uploads\/2026\/05\/Formazione-no-F-300x137.jpg\" alt=\"Formazione no F 300x137\"\/><figcaption class=\"wp-element-caption\">23 de julho | Forma\u00e7\u00e3o<\/figcaption><\/figure>\n\n<\/figure>\n\n\n<\/div>\n\n\n\n\n<div class=\"ss-timeline-item\">\n\n<h4 id=\"611-de-setembro-convention-fare-spazio-alla-reciprocita\" class=\"gb-text\">6-11 de setembro | Convention Fare Spazio alla Reciprocit\u00e0<\/h4>\n\n\n\n\n<p class=\"wp-block-paragraph\">A Irm\u00e3 Justina participa na Conven\u00e7\u00e3o de spazio + spadoni organizada no Convento di San Cerbone (LU)<\/p>\n\n\n\n<figure class=\"wp-block-gallery has-nested-images columns-1 is-cropped ss-lightbox wp-block-gallery-3 is-layout-flex wp-block-gallery-is-layout-flex\">\n\n<figure class=\"wp-block-image size-large\"><img decoding=\"async\" src=\"https:\/\/spaziospadoni.org\/wp-content\/uploads\/2026\/05\/Convention-1-2.jpg\" alt=\"Convention 1\"\/><figcaption class=\"wp-element-caption\">6-11 de setembro | Convention Fare Spazio alla Reciprocit\u00e0<\/figcaption><\/figure>\n\n\n<figure class=\"wp-block-image size-large\"><img decoding=\"async\" src=\"https:\/\/spaziospadoni.org\/wp-content\/uploads\/2026\/05\/Convention-2-2.jpg\" alt=\"Convention 2\"\/><figcaption class=\"wp-element-caption\">6-11 de setembro | Convention Fare Spazio alla Reciprocit\u00e0<\/figcaption><\/figure>\n\n\n<figure class=\"wp-block-image size-large\"><img decoding=\"async\" src=\"https:\/\/spaziospadoni.org\/wp-content\/uploads\/2026\/05\/Convention-F-a-justina-copia-176x300.jpg\" alt=\"Convention F a justina copia 176x300\"\/><figcaption class=\"wp-element-caption\">6-11 de setembro | Convention Fare Spazio alla Reciprocit\u00e0<\/figcaption><\/figure>\n\n\n<figure class=\"wp-block-image size-large\"><img decoding=\"async\" src=\"https:\/\/spaziospadoni.org\/wp-content\/uploads\/2026\/05\/Convention-F-sr-copia-300x258.jpg\" alt=\"Convention F sr copia 300x258\"\/><figcaption class=\"wp-element-caption\">6-11 de setembro | Convention Fare Spazio alla Reciprocit\u00e0<\/figcaption><\/figure>\n\n\n<figure class=\"wp-block-image size-large\"><img decoding=\"async\" src=\"https:\/\/spaziospadoni.org\/wp-content\/uploads\/2026\/05\/Convention-4-scaled.jpg\" alt=\"Convention\"\/><figcaption class=\"wp-element-caption\">6-11 de setembro | Convention Fare Spazio alla Reciprocit\u00e0<\/figcaption><\/figure>\n\n<\/figure>\n\n\n<\/div>\n\n\n\n\n<div class=\"ss-timeline-item\">\n\n<h4 id=\"21-de-outubro-formacao-hic-sum-e-opera-m\" class=\"gb-text\">21 de outubro | Forma\u00e7\u00e3o HIC SUM e OPERA M<\/h4>\n\n\n\n\n<p class=\"wp-block-paragraph\">Forma\u00e7\u00e3o sobre o projeto HIC SUM e as Obras de Miseric\u00f3rdia realizada no Convento di San Cerbone (LU)<\/p>\n\n\n\n<figure class=\"wp-block-gallery has-nested-images columns-1 is-cropped ss-lightbox wp-block-gallery-4 is-layout-flex wp-block-gallery-is-layout-flex\">\n\n<figure class=\"wp-block-image size-large\"><img decoding=\"async\" src=\"https:\/\/spaziospadoni.org\/wp-content\/uploads\/2026\/05\/fomraizone-F-a-tutte-e-due-copia-280x300.jpg\" alt=\"fomraizone F a tutte e due copia 280x300\"\/><figcaption class=\"wp-element-caption\">21 de outubro | Forma\u00e7\u00e3o HIC SUM e OPERA M<\/figcaption><\/figure>\n\n<\/figure>\n\n\n<\/div>\n\n\n\n\n<div class=\"ss-timeline-item\">\n\n<h4 id=\"10-de-novembro-partida-da-irma\" class=\"gb-text\">10 de novembro | Partida da irm\u00e3<\/h4>\n\n\n\n\n<p class=\"wp-block-paragraph\">A Irm\u00e3 Justina regressa a Nunya, na Nig\u00e9ria<\/p>\n\n\n\n<figure class=\"wp-block-gallery has-nested-images columns-1 is-cropped ss-lightbox wp-block-gallery-5 is-layout-flex wp-block-gallery-is-layout-flex\">\n\n<figure class=\"wp-block-image size-large\"><img decoding=\"async\" src=\"https:\/\/spaziospadoni.org\/wp-content\/uploads\/2026\/05\/partenza-arrivo-F-a-justina-1-copia-300x147.jpg\" alt=\"partenza arrivo F a justina 1 copia 300x147\"\/><figcaption class=\"wp-element-caption\">10 de novembro | Partida da irm\u00e3<\/figcaption><\/figure>\n\n\n<figure class=\"wp-block-image size-large\"><img decoding=\"async\" src=\"https:\/\/spaziospadoni.org\/wp-content\/uploads\/2026\/05\/partenza-sr-mettere-F-che-sbuca-da-zaino-169x300.jpg\" alt=\"partenza sr mettere F che sbuca da zaino 169x300\"\/><figcaption class=\"wp-element-caption\">10 de novembro | Partida da irm\u00e3<\/figcaption><\/figure>\n\n\n<figure class=\"wp-block-image size-large\"><img decoding=\"async\" src=\"https:\/\/spaziospadoni.org\/wp-content\/uploads\/2026\/05\/partenza-arrivo-F-a-justina-copia-300x183.jpg\" alt=\"partenza arrivo F a justina copia 300x183\"\/><figcaption class=\"wp-element-caption\">10 de novembro | Partida da irm\u00e3<\/figcaption><\/figure>\n\n\n<figure class=\"wp-block-image size-large\"><img decoding=\"async\" src=\"https:\/\/spaziospadoni.org\/wp-content\/uploads\/2026\/05\/partenza-arrivo-sr-F-justina-copia-300x294.jpg\" alt=\"partenza arrivo sr F justina copia 300x294\"\/><figcaption class=\"wp-element-caption\">10 de novembro | Partida da irm\u00e3<\/figcaption><\/figure>\n\n\n<figure class=\"wp-block-image size-large\"><img decoding=\"async\" src=\"https:\/\/spaziospadoni.org\/wp-content\/uploads\/2026\/05\/partenza-sr-F-a-tutti-e-duer-copia-300x263.jpg\" alt=\"partenza sr F a tutti e duer copia 300x263\"\/><figcaption class=\"wp-element-caption\">10 de novembro | Partida da irm\u00e3<\/figcaption><\/figure>\n\n<\/figure>\n\n\n<\/div>\n\n\n<\/div>\n\n\n\n\n<div class=\"ss-timeline\">\n\n<h3 id=\"2023\" class=\"gb-text\">2023<\/h3>\n\n\n\n\n\n<div class=\"ss-timeline-item\">\n\n<h4 id=\"14-de-abril-opera-m\" class=\"gb-text\">14 de abril | OPERA M<\/h4>\n\n\n\n\n<p class=\"wp-block-paragraph\">Em abril de &#x27;23, a Irm\u00e3 Justina pratica as Obras de Miseric\u00f3rdia atrav\u00e9s do apostolado realizado com as crian\u00e7as<\/p>\n\n\n\n<figure class=\"wp-block-gallery has-nested-images columns-1 is-cropped ss-lightbox wp-block-gallery-6 is-layout-flex wp-block-gallery-is-layout-flex\">\n\n<figure class=\"wp-block-image size-large\"><img decoding=\"async\" src=\"https:\/\/spaziospadoni.org\/wp-content\/uploads\/2026\/05\/aggiungere-in-timeline-apostolato-F-sr-copia-118x300.jpg\" alt=\"aggiungere in timeline apostolato F sr copia 118x300\"\/><figcaption class=\"wp-element-caption\">14 de abril | OPERA M<\/figcaption><\/figure>\n\n<\/figure>\n\n\n<\/div>\n\n\n\n\n<div class=\"ss-timeline-item\">\n\n<h4 id=\"25-de-agosto-transferencia\" class=\"gb-text\">25 de agosto | Transfer\u00eancia<\/h4>\n\n\n\n\n<p class=\"wp-block-paragraph\">A Irm\u00e3 Justina \u00e9 transferida para o Convent H.H.C.J Holy Spirit Parish Omagba Onitsha. Anambra State. Nigeria<\/p>\n\n\n<\/div>\n\n\n<\/div>\n\n\n<\/div>\n\n\n\n<div class=\"ss-project-media\">\n<h2 id=\"fotos-e-videos\" class=\"gb-text gb-text-d7bd8be8\">Fotos e v\u00eddeos<\/h2>\n\n\n<div class=\"ss-media-filters\">\n\n<a class=\"gb-text ss-media-filter active\" data-filter=\"*\" title=\"Tudo\">Tudo<\/a>\n\n\n<a class=\"gb-text ss-media-filter\" data-filter=\".formazione\" title=\"Forma\u00e7\u00e3o\">Forma\u00e7\u00e3o<\/a>\n\n\n<a class=\"gb-text ss-media-filter\" data-filter=\".nigeria\" title=\"Nig\u00e9ria\">Nig\u00e9ria<\/a>\n\n\n<a class=\"gb-text ss-media-filter\" data-filter=\".video\" title=\"V\u00eddeos\">V\u00eddeos<\/a>\n\n<\/div>\n\n\n<div class=\"ss-media-grid\">\n<div>\n<figure class=\"wp-block-gallery has-nested-images columns-1 is-cropped ss-lightbox wp-block-gallery-7 is-layout-flex wp-block-gallery-is-layout-flex\">\n\n<figure class=\"wp-block-image size-large formazione\"><img decoding=\"async\" alt=\"Formazione F a tutte le sr copia 300x225\" src=\"https:\/\/spaziospadoni.org\/wp-content\/uploads\/2026\/05\/Formazione-F-a-tutte-le-sr-copia-300x225.jpg\"\/><\/figure>\n\n\n<figure class=\"wp-block-image size-large formazione\"><img decoding=\"async\" alt=\"formazione F a tutti copia 300x109\" src=\"https:\/\/spaziospadoni.org\/wp-content\/uploads\/2026\/05\/formazione-F-a-tutti-copia-300x109.jpg\"\/><\/figure>\n\n\n<figure class=\"wp-block-image size-large formazione\"><img decoding=\"async\" alt=\"fomraizone F a tutte e due copia 280x300\" src=\"https:\/\/spaziospadoni.org\/wp-content\/uploads\/2026\/05\/fomraizone-F-a-tutte-e-due-copia-280x300.jpg\"\/><\/figure>\n\n\n<figure class=\"wp-block-image size-large formazione\"><img decoding=\"async\" alt=\"fomrazione borgo copia 300x139\" src=\"https:\/\/spaziospadoni.org\/wp-content\/uploads\/2026\/05\/fomrazione-borgo-copia-300x139.jpg\"\/><\/figure>\n\n\n<figure class=\"wp-block-image size-large formazione\"><img decoding=\"async\" alt=\"fomraizone F sr copia 225x300\" src=\"https:\/\/spaziospadoni.org\/wp-content\/uploads\/2026\/05\/fomraizone-F-sr-copia-225x300.jpg\"\/><\/figure>\n\n\n<figure class=\"wp-block-image size-large formazione\"><img decoding=\"async\" alt=\"fomraizone F a justina copia 300x238\" src=\"https:\/\/spaziospadoni.org\/wp-content\/uploads\/2026\/05\/fomraizone-F-a-justina-copia-300x238.jpg\"\/><\/figure>\n\n\n<figure class=\"wp-block-image size-large formazione\"><img decoding=\"async\" alt=\"Arrivo F giannotti copia 266x300\" src=\"https:\/\/spaziospadoni.org\/wp-content\/uploads\/2026\/05\/Arrivo-F-giannotti-copia-266x300.jpg\"\/><\/figure>\n\n\n<figure class=\"wp-block-image size-large formazione\"><img decoding=\"async\" alt=\"2021 agosto hic sum 5 italia misericordia castelnuovo garfagnana lucca suor justina ancelle anniversario professione spazio spadoni 4\" src=\"https:\/\/spaziospadoni.org\/wp-content\/uploads\/2026\/05\/2021_agosto_hic_sum_5_italia_misericordia_castelnuovo_garfagnana_lucca_suor_justina_ancelle_anniversario_professione_spazio_spadoni-4.jpg\"\/><\/figure>\n\n\n<figure class=\"wp-block-image size-large formazione\"><img decoding=\"async\" alt=\"Arrivo F sr F giannotti copia 300x153\" src=\"https:\/\/spaziospadoni.org\/wp-content\/uploads\/2026\/05\/Arrivo-F-sr-F-giannotti-copia-300x153.jpg\"\/><\/figure>\n\n\n<figure class=\"wp-block-image size-large formazione\"><img decoding=\"async\" alt=\"partenza sr F a tutti e duer copia 300x263\" src=\"https:\/\/spaziospadoni.org\/wp-content\/uploads\/2026\/05\/partenza-sr-F-a-tutti-e-duer-copia-300x263.jpg\"\/><\/figure>\n\n\n<figure class=\"wp-block-image size-large nigeria\"><img decoding=\"async\" alt=\"partenza arrivo sr F justina copia 300x294\" src=\"https:\/\/spaziospadoni.org\/wp-content\/uploads\/2026\/05\/partenza-arrivo-sr-F-justina-copia-300x294.jpg\"\/><\/figure>\n\n\n<figure class=\"wp-block-image size-large formazione\"><img decoding=\"async\" alt=\"2021 maggio hic sum 5 suor justina italia castelnuovo garfagnana lucca misericordia formazione spazio spadoni 1 scaled\" src=\"https:\/\/spaziospadoni.org\/wp-content\/uploads\/2026\/05\/2021_maggio_hic_sum_5_suor_justina_italia_castelnuovo_garfagnana_lucca_misericordia_formazione_spazio_spadoni-1-scaled-1.jpg\"\/><\/figure>\n\n\n<figure class=\"wp-block-image size-large formazione\"><img decoding=\"async\" alt=\"Convention F sr copia 300x258\" src=\"https:\/\/spaziospadoni.org\/wp-content\/uploads\/2026\/05\/Convention-F-sr-copia-300x258.jpg\"\/><\/figure>\n\n\n<figure class=\"wp-block-image size-large formazione\"><img decoding=\"async\" alt=\"formazione F alle 2 sr copia 300x188\" src=\"https:\/\/spaziospadoni.org\/wp-content\/uploads\/2026\/05\/formazione-F-alle-2-sr-copia-300x188.jpg\"\/><\/figure>\n\n\n<figure class=\"wp-block-image size-large formazione\"><img decoding=\"async\" alt=\"Convention F a justina copia 176x300\" src=\"https:\/\/spaziospadoni.org\/wp-content\/uploads\/2026\/05\/Convention-F-a-justina-copia-176x300.jpg\"\/><\/figure>\n\n\n<figure class=\"wp-block-image size-large formazione\"><img decoding=\"async\" alt=\"2021 ottobre hic sum 5 suor justina italia castelnuovo garfagnana lucca misericordia formazione spazio spadoni 20 scaled\" src=\"https:\/\/spaziospadoni.org\/wp-content\/uploads\/2026\/05\/2021_ottobre_hic_sum_5_suor_justina_italia_castelnuovo_garfagnana_lucca_misericordia_formazione_spazio_spadoni-20-scaled-1.jpg\"\/><\/figure>\n\n\n<figure class=\"wp-block-image size-large formazione\"><img decoding=\"async\" alt=\"2021 ottobre hic sum 5 suor justina italia castelnuovo garfagnana lucca misericordia formazione spazio spadoni 23 scaled\" src=\"https:\/\/spaziospadoni.org\/wp-content\/uploads\/2026\/05\/2021_ottobre_hic_sum_5_suor_justina_italia_castelnuovo_garfagnana_lucca_misericordia_formazione_spazio_spadoni-23-scaled-1.jpg\"\/><\/figure>\n\n\n<figure class=\"wp-block-image size-large formazione\"><img decoding=\"async\" alt=\"2021 ottobre hic sum 5 suor justina italia castelnuovo garfagnana lucca misericordia formazione spazio spadoni 24 scaled\" src=\"https:\/\/spaziospadoni.org\/wp-content\/uploads\/2026\/05\/2021_ottobre_hic_sum_5_suor_justina_italia_castelnuovo_garfagnana_lucca_misericordia_formazione_spazio_spadoni-24-scaled-1.jpg\"\/><\/figure>\n\n\n<figure class=\"wp-block-image size-large formazione\"><img decoding=\"async\" alt=\"2021 ottobre hic sum 5 suor justina italia castelnuovo garfagnana lucca misericordia formazione spazio spadoni 31 scaled\" src=\"https:\/\/spaziospadoni.org\/wp-content\/uploads\/2026\/05\/2021_ottobre_hic_sum_5_suor_justina_italia_castelnuovo_garfagnana_lucca_misericordia_formazione_spazio_spadoni-31-scaled-1.jpg\"\/><\/figure>\n\n\n<figure class=\"wp-block-image size-large formazione\"><img decoding=\"async\" alt=\"2021 ottobre hic sum 5 suor justina italia castelnuovo garfagnana lucca misericordia formazione spazio spadoni 45 scaled\" src=\"https:\/\/spaziospadoni.org\/wp-content\/uploads\/2026\/05\/2021_ottobre_hic_sum_5_suor_justina_italia_castelnuovo_garfagnana_lucca_misericordia_formazione_spazio_spadoni-45-scaled-1.jpg\"\/><\/figure>\n\n\n<figure class=\"wp-block-image size-large formazione\"><img decoding=\"async\" alt=\"formazione F a sr copia 300x171\" src=\"https:\/\/spaziospadoni.org\/wp-content\/uploads\/2026\/05\/formazione-F-a-sr-copia-300x171.jpg\"\/><\/figure>\n\n\n<figure class=\"wp-block-image size-large formazione\"><img decoding=\"async\" alt=\"2021 settembre hic sum 5 suor justina italia castelnuovo garfagnana lucca misericordia formazione convention reciprocita spazio spadoni scaled\" src=\"https:\/\/spaziospadoni.org\/wp-content\/uploads\/2026\/05\/2021_settembre_hic_sum_5_suor_justina_italia_castelnuovo_garfagnana_lucca_misericordia_formazione_convention_reciprocita_spazio_spadoni-scaled-1.jpg\"\/><\/figure>\n\n\n<figure class=\"wp-block-image size-large nigeria\"><img decoding=\"async\" alt=\"partenza arrivo F a justina copia 300x183\" src=\"https:\/\/spaziospadoni.org\/wp-content\/uploads\/2026\/05\/partenza-arrivo-F-a-justina-copia-300x183.jpg\"\/><\/figure>\n\n\n<figure class=\"wp-block-image size-large nigeria\"><img decoding=\"async\" alt=\"2022 aprile hic sum 5 nigeria nunya nnewi suor justina misericordia castelnuovo garfagnana celebrazione pasqua spazio spadoni 3\" src=\"https:\/\/spaziospadoni.org\/wp-content\/uploads\/2026\/05\/2022_aprile_hic_sum_5_nigeria_nunya_nnewi_suor_justina_misericordia_castelnuovo_garfagnana_celebrazione_pasqua_spazio_spadoni-3.jpg\"\/><\/figure>\n\n<\/figure>\n\n\n<div class=\"gb-element-b24bbf5e ss-media-videos\">\n\n<figure class=\"wp-block-video video\"><video controls=\"\" src=\"https:\/\/spaziospadoni.org\/wp-content\/uploads\/2026\/05\/2022_marzo_hic_sum_5_nigeria_nunya_nnewi_suor_justina_pane_misericordia_castelnuovo_garfagnana__mercat_impresa_sociale_spazio_spadoni-2.mp4\"><\/video><figcaption class=\"wp-element-caption\">2022 marzo hic sum 5 nigeria nunya nnewi suor justina pane misericordia castelnuovo garfagnana mercat impresa sociale spazio spadoni 2<\/figcaption><\/figure>\n\n\n<figure class=\"wp-block-video video\"><video controls=\"\" src=\"https:\/\/spaziospadoni.org\/wp-content\/uploads\/2026\/05\/2022_marzo_hic_sum_5_nigeria_nunya_nnewi_suor_justina_pane_misericordia_castelnuovo_garfagnana__mercat_impresa_sociale_spazio_spadoni-1.mov\"><\/video><figcaption class=\"wp-element-caption\">2022 marzo hic sum 5 nigeria nunya nnewi suor justina pane misericordia castelnuovo garfagnana mercat impresa sociale spazio spadoni 1<\/figcaption><\/figure>\n\n<\/div>\n\n<\/div>\n\n<\/div>\n\n<\/div>\n\n","protected":false},"excerpt":{"rendered":"<p>Omagba Onitsha | Omagba Onitsha (Nig\u00e9ria) OPERA M3 MISS\u00c3O Local Omagba Onitsha Diocese Omagba Onitsha Pa\u00eds Nig\u00e9ria Continente \u00c1frica Coordenadas GPS 6.13218 6.79192 Fuso hor\u00e1rio UTC+1 ORGANIZADOR Congrega\u00e7\u00e3o Ancelle del Santo Bambino Ges\u00f9 Casa-M\u00e3e Ikot Ekpene, Nig\u00e9ria Diocese Onitsha Pa\u00eds Nig\u00e9ria Continente \u00c1frica Festa da Congrega\u00e7\u00e3o Por ocasi\u00e3o da Festa da Anuncia\u00e7\u00e3o Coordenadas GPS 5.17553 &#8230; <a title=\"Nig\u00e9ria &#8211; \u00c1frica | Projeto M3\" class=\"read-more\" href=\"https:\/\/spaziospadoni.org\/pt-pt\/opera-m\/nigeria-africa-projeto-m3\/\" aria-label=\"Read more about Nig\u00e9ria &#8211; \u00c1frica | Projeto M3\">Ler mais<\/a><\/p>\n","protected":false},"author":102,"featured_media":0,"parent":89582,"menu_order":0,"comment_status":"closed","ping_status":"closed","template":"","meta":{"_sitemap_exclude":false,"_sitemap_priority":"","_sitemap_frequency":"","footnotes":""},"class_list":["post-82548","page","type-page","status-publish","infinite-scroll-item"],"yoast_head":"<!-- This site is optimized with the Yoast SEO plugin v28.4 - https:\/\/yoast.com\/product\/yoast-seo-wordpress\/ -->\n<title>Nig\u00e9ria - \u00c1frica | Projeto M3 | Spazio Spadoni<\/title>\n<meta name=\"description\" content=\"Omagba Onitsha | Omagba Onitsha (Nig\u00e9ria) OPERA M3 MISS\u00c3O Local Omagba Onitsha Diocese Omagba Onitsha Pa\u00eds Nig\u00e9ria Continente \u00c1frica Coordenadas GPS\" \/>\n<meta name=\"robots\" content=\"index, follow, max-snippet:-1, max-image-preview:large, max-video-preview:-1\" \/>\n<link rel=\"canonical\" href=\"https:\/\/spaziospadoni.org\/pt-pt\/opera-m\/nigeria-africa-projeto-m3\/\" \/>\n<meta property=\"og:locale\" content=\"pt_PT\" \/>\n<meta property=\"og:type\" content=\"article\" \/>\n<meta property=\"og:title\" content=\"Nig\u00e9ria - \u00c1frica | Projeto M3 | Spazio Spadoni\" \/>\n<meta property=\"og:description\" content=\"Omagba Onitsha | Omagba Onitsha (Nig\u00e9ria) OPERA M3 MISS\u00c3O Local Omagba Onitsha Diocese Omagba Onitsha Pa\u00eds Nig\u00e9ria Continente \u00c1frica Coordenadas GPS\" \/>\n<meta property=\"og:url\" content=\"https:\/\/spaziospadoni.org\/pt-pt\/opera-m\/nigeria-africa-projeto-m3\/\" \/>\n<meta property=\"og:site_name\" content=\"spazio + spadoni\" \/>\n<meta property=\"article:publisher\" content=\"https:\/\/www.facebook.com\/SpazioSpadoni\/\" \/>\n<meta property=\"article:modified_time\" content=\"2026-07-31T08:31:20+00:00\" \/>\n<meta property=\"og:image\" content=\"https:\/\/spaziospadoni.org\/wp-content\/uploads\/2026\/05\/hicsum_1_congo-spaziospadoni-scaled.png\" \/>\n\t<meta property=\"og:image:width\" content=\"2560\" \/>\n\t<meta property=\"og:image:height\" content=\"1771\" \/>\n\t<meta property=\"og:image:type\" content=\"image\/png\" \/>\n<meta name=\"twitter:card\" content=\"summary_large_image\" \/>\n<meta name=\"twitter:label1\" content=\"Est. reading time\" \/>\n\t<meta name=\"twitter:data1\" content=\"13 minutes\" \/>\n<script type=\"application\/ld+json\" class=\"yoast-schema-graph\">{\"@context\":\"https:\\\/\\\/schema.org\",\"@graph\":[{\"@type\":\"WebPage\",\"@id\":\"https:\\\/\\\/spaziospadoni.org\\\/pt-pt\\\/opera-m\\\/nigeria-africa-projeto-m3\\\/\",\"url\":\"https:\\\/\\\/spaziospadoni.org\\\/pt-pt\\\/opera-m\\\/nigeria-africa-projeto-m3\\\/\",\"name\":\"Nig\u00e9ria - \u00c1frica | Projeto M3 | Spazio Spadoni\",\"isPartOf\":{\"@id\":\"https:\\\/\\\/spaziospadoni.org\\\/pt-pt\\\/#website\"},\"primaryImageOfPage\":{\"@id\":\"https:\\\/\\\/spaziospadoni.org\\\/pt-pt\\\/opera-m\\\/nigeria-africa-projeto-m3\\\/#primaryimage\"},\"image\":{\"@id\":\"https:\\\/\\\/spaziospadoni.org\\\/pt-pt\\\/opera-m\\\/nigeria-africa-projeto-m3\\\/#primaryimage\"},\"thumbnailUrl\":\"https:\\\/\\\/spaziospadoni.org\\\/wp-content\\\/uploads\\\/2026\\\/05\\\/hicsum_5_nigeria-spaziospadoni-scaled.png\",\"datePublished\":\"2026-05-18T12:59:43+00:00\",\"dateModified\":\"2026-07-31T08:31:20+00:00\",\"description\":\"Omagba Onitsha | Omagba Onitsha (Nig\u00e9ria) OPERA M3 MISS\u00c3O Local Omagba Onitsha Diocese Omagba Onitsha Pa\u00eds Nig\u00e9ria Continente \u00c1frica Coordenadas GPS\",\"breadcrumb\":{\"@id\":\"https:\\\/\\\/spaziospadoni.org\\\/pt-pt\\\/opera-m\\\/nigeria-africa-projeto-m3\\\/#breadcrumb\"},\"inLanguage\":\"pt-PT\",\"potentialAction\":[{\"@type\":\"ReadAction\",\"target\":[\"https:\\\/\\\/spaziospadoni.org\\\/pt-pt\\\/opera-m\\\/nigeria-africa-projeto-m3\\\/\"]}]},{\"@type\":\"ImageObject\",\"inLanguage\":\"pt-PT\",\"@id\":\"https:\\\/\\\/spaziospadoni.org\\\/pt-pt\\\/opera-m\\\/nigeria-africa-projeto-m3\\\/#primaryimage\",\"url\":\"https:\\\/\\\/spaziospadoni.org\\\/wp-content\\\/uploads\\\/2026\\\/05\\\/hicsum_5_nigeria-spaziospadoni-scaled.png\",\"contentUrl\":\"https:\\\/\\\/spaziospadoni.org\\\/wp-content\\\/uploads\\\/2026\\\/05\\\/hicsum_5_nigeria-spaziospadoni-scaled.png\"},{\"@type\":\"BreadcrumbList\",\"@id\":\"https:\\\/\\\/spaziospadoni.org\\\/pt-pt\\\/opera-m\\\/nigeria-africa-projeto-m3\\\/#breadcrumb\",\"itemListElement\":[{\"@type\":\"ListItem\",\"position\":1,\"name\":\"Home\",\"item\":\"https:\\\/\\\/spaziospadoni.org\\\/pt-pt\\\/\"},{\"@type\":\"ListItem\",\"position\":2,\"name\":\"Obras de Miseric\u00f3rdia\",\"item\":\"https:\\\/\\\/spaziospadoni.org\\\/pt-pt\\\/obras-de-misericordia\\\/\"},{\"@type\":\"ListItem\",\"position\":3,\"name\":\"Nig\u00e9ria &#8211; \u00c1frica | Projeto M3\"}]},{\"@type\":\"WebSite\",\"@id\":\"https:\\\/\\\/spaziospadoni.org\\\/pt-pt\\\/#website\",\"url\":\"https:\\\/\\\/spaziospadoni.org\\\/pt-pt\\\/\",\"name\":\"spazio + spadoni\",\"description\":\"Generazione di misericordia e missione nel mondo\",\"publisher\":{\"@id\":\"https:\\\/\\\/spaziospadoni.org\\\/pt-pt\\\/#organization\"},\"alternateName\":\"spaziospadoni.org\",\"potentialAction\":[{\"@type\":\"SearchAction\",\"target\":{\"@type\":\"EntryPoint\",\"urlTemplate\":\"https:\\\/\\\/spaziospadoni.org\\\/pt-pt\\\/?s={search_term_string}\"},\"query-input\":{\"@type\":\"PropertyValueSpecification\",\"valueRequired\":true,\"valueName\":\"search_term_string\"}}],\"inLanguage\":\"pt-PT\"},{\"@type\":\"Organization\",\"@id\":\"https:\\\/\\\/spaziospadoni.org\\\/pt-pt\\\/#organization\",\"name\":\"spazio + spadoni\",\"alternateName\":\"spaziospadoni.org\",\"url\":\"https:\\\/\\\/spaziospadoni.org\\\/pt-pt\\\/\",\"logo\":{\"@type\":\"ImageObject\",\"inLanguage\":\"pt-PT\",\"@id\":\"https:\\\/\\\/spaziospadoni.org\\\/pt-pt\\\/#\\\/schema\\\/logo\\\/image\\\/\",\"url\":\"https:\\\/\\\/spaziospadoni.org\\\/wp-content\\\/uploads\\\/2026\\\/05\\\/spazio-spadoni-logo-100x100-1.webp\",\"contentUrl\":\"https:\\\/\\\/spaziospadoni.org\\\/wp-content\\\/uploads\\\/2026\\\/05\\\/spazio-spadoni-logo-100x100-1.webp\",\"width\":100,\"height\":100,\"caption\":\"spazio + spadoni\"},\"image\":{\"@id\":\"https:\\\/\\\/spaziospadoni.org\\\/pt-pt\\\/#\\\/schema\\\/logo\\\/image\\\/\"},\"sameAs\":[\"https:\\\/\\\/www.facebook.com\\\/SpazioSpadoni\\\/\",\"https:\\\/\\\/www.instagram.com\\\/spaziospadoni\\\/\",\"https:\\\/\\\/www.youtube.com\\\/@spaziospadoni\\\/playlists\"]}]}<\/script>\n<!-- \/ Yoast SEO plugin. -->","yoast_head_json":{"title":"Nig\u00e9ria - \u00c1frica | Projeto M3 | Spazio Spadoni","description":"Omagba Onitsha | Omagba Onitsha (Nig\u00e9ria) OPERA M3 MISS\u00c3O Local Omagba Onitsha Diocese Omagba Onitsha Pa\u00eds Nig\u00e9ria Continente \u00c1frica Coordenadas GPS","robots":{"index":"index","follow":"follow","max-snippet":"max-snippet:-1","max-image-preview":"max-image-preview:large","max-video-preview":"max-video-preview:-1"},"canonical":"https:\/\/spaziospadoni.org\/pt-pt\/opera-m\/nigeria-africa-projeto-m3\/","og_locale":"pt_PT","og_type":"article","og_title":"Nig\u00e9ria - \u00c1frica | Projeto M3 | Spazio Spadoni","og_description":"Omagba Onitsha | Omagba Onitsha (Nig\u00e9ria) OPERA M3 MISS\u00c3O Local Omagba Onitsha Diocese Omagba Onitsha Pa\u00eds Nig\u00e9ria Continente \u00c1frica Coordenadas GPS","og_url":"https:\/\/spaziospadoni.org\/pt-pt\/opera-m\/nigeria-africa-projeto-m3\/","og_site_name":"spazio + spadoni","article_publisher":"https:\/\/www.facebook.com\/SpazioSpadoni\/","article_modified_time":"2026-07-31T08:31:20+00:00","og_image":[{"width":2560,"height":1771,"url":"https:\/\/spaziospadoni.org\/wp-content\/uploads\/2026\/05\/hicsum_1_congo-spaziospadoni-scaled.png","type":"image\/png"}],"twitter_card":"summary_large_image","twitter_misc":{"Est. reading time":"13 minutes"},"schema":{"@context":"https:\/\/schema.org","@graph":[{"@type":"WebPage","@id":"https:\/\/spaziospadoni.org\/pt-pt\/opera-m\/nigeria-africa-projeto-m3\/","url":"https:\/\/spaziospadoni.org\/pt-pt\/opera-m\/nigeria-africa-projeto-m3\/","name":"Nig\u00e9ria - \u00c1frica | Projeto M3 | Spazio Spadoni","isPartOf":{"@id":"https:\/\/spaziospadoni.org\/pt-pt\/#website"},"primaryImageOfPage":{"@id":"https:\/\/spaziospadoni.org\/pt-pt\/opera-m\/nigeria-africa-projeto-m3\/#primaryimage"},"image":{"@id":"https:\/\/spaziospadoni.org\/pt-pt\/opera-m\/nigeria-africa-projeto-m3\/#primaryimage"},"thumbnailUrl":"https:\/\/spaziospadoni.org\/wp-content\/uploads\/2026\/05\/hicsum_5_nigeria-spaziospadoni-scaled.png","datePublished":"2026-05-18T12:59:43+00:00","dateModified":"2026-07-31T08:31:20+00:00","description":"Omagba Onitsha | Omagba Onitsha (Nig\u00e9ria) OPERA M3 MISS\u00c3O Local Omagba Onitsha Diocese Omagba Onitsha Pa\u00eds Nig\u00e9ria Continente \u00c1frica Coordenadas GPS","breadcrumb":{"@id":"https:\/\/spaziospadoni.org\/pt-pt\/opera-m\/nigeria-africa-projeto-m3\/#breadcrumb"},"inLanguage":"pt-PT","potentialAction":[{"@type":"ReadAction","target":["https:\/\/spaziospadoni.org\/pt-pt\/opera-m\/nigeria-africa-projeto-m3\/"]}]},{"@type":"ImageObject","inLanguage":"pt-PT","@id":"https:\/\/spaziospadoni.org\/pt-pt\/opera-m\/nigeria-africa-projeto-m3\/#primaryimage","url":"https:\/\/spaziospadoni.org\/wp-content\/uploads\/2026\/05\/hicsum_5_nigeria-spaziospadoni-scaled.png","contentUrl":"https:\/\/spaziospadoni.org\/wp-content\/uploads\/2026\/05\/hicsum_5_nigeria-spaziospadoni-scaled.png"},{"@type":"BreadcrumbList","@id":"https:\/\/spaziospadoni.org\/pt-pt\/opera-m\/nigeria-africa-projeto-m3\/#breadcrumb","itemListElement":[{"@type":"ListItem","position":1,"name":"Home","item":"https:\/\/spaziospadoni.org\/pt-pt\/"},{"@type":"ListItem","position":2,"name":"Obras de Miseric\u00f3rdia","item":"https:\/\/spaziospadoni.org\/pt-pt\/obras-de-misericordia\/"},{"@type":"ListItem","position":3,"name":"Nig\u00e9ria &#8211; \u00c1frica | Projeto M3"}]},{"@type":"WebSite","@id":"https:\/\/spaziospadoni.org\/pt-pt\/#website","url":"https:\/\/spaziospadoni.org\/pt-pt\/","name":"spazio + spadoni","description":"Generazione di misericordia e missione nel mondo","publisher":{"@id":"https:\/\/spaziospadoni.org\/pt-pt\/#organization"},"alternateName":"spaziospadoni.org","potentialAction":[{"@type":"SearchAction","target":{"@type":"EntryPoint","urlTemplate":"https:\/\/spaziospadoni.org\/pt-pt\/?s={search_term_string}"},"query-input":{"@type":"PropertyValueSpecification","valueRequired":true,"valueName":"search_term_string"}}],"inLanguage":"pt-PT"},{"@type":"Organization","@id":"https:\/\/spaziospadoni.org\/pt-pt\/#organization","name":"spazio + spadoni","alternateName":"spaziospadoni.org","url":"https:\/\/spaziospadoni.org\/pt-pt\/","logo":{"@type":"ImageObject","inLanguage":"pt-PT","@id":"https:\/\/spaziospadoni.org\/pt-pt\/#\/schema\/logo\/image\/","url":"https:\/\/spaziospadoni.org\/wp-content\/uploads\/2026\/05\/spazio-spadoni-logo-100x100-1.webp","contentUrl":"https:\/\/spaziospadoni.org\/wp-content\/uploads\/2026\/05\/spazio-spadoni-logo-100x100-1.webp","width":100,"height":100,"caption":"spazio + spadoni"},"image":{"@id":"https:\/\/spaziospadoni.org\/pt-pt\/#\/schema\/logo\/image\/"},"sameAs":["https:\/\/www.facebook.com\/SpazioSpadoni\/","https:\/\/www.instagram.com\/spaziospadoni\/","https:\/\/www.youtube.com\/@spaziospadoni\/playlists"]}]}},"_links":{"self":[{"href":"https:\/\/spaziospadoni.org\/pt-pt\/wp-json\/wp\/v2\/pages\/82548","targetHints":{"allow":["GET"]}}],"collection":[{"href":"https:\/\/spaziospadoni.org\/pt-pt\/wp-json\/wp\/v2\/pages"}],"about":[{"href":"https:\/\/spaziospadoni.org\/pt-pt\/wp-json\/wp\/v2\/types\/page"}],"author":[{"embeddable":true,"href":"https:\/\/spaziospadoni.org\/pt-pt\/wp-json\/wp\/v2\/users\/102"}],"replies":[{"embeddable":true,"href":"https:\/\/spaziospadoni.org\/pt-pt\/wp-json\/wp\/v2\/comments?post=82548"}],"version-history":[{"count":0,"href":"https:\/\/spaziospadoni.org\/pt-pt\/wp-json\/wp\/v2\/pages\/82548\/revisions"}],"up":[{"embeddable":true,"href":"https:\/\/spaziospadoni.org\/pt-pt\/wp-json\/wp\/v2\/pages\/89582"}],"wp:attachment":[{"href":"https:\/\/spaziospadoni.org\/pt-pt\/wp-json\/wp\/v2\/media?parent=82548"}],"curies":[{"name":"wp","href":"https:\/\/api.w.org\/{rel}","templated":true}]}}