{"id":82676,"date":"2026-05-18T14:04:05","date_gmt":"2026-05-18T13:04:05","guid":{"rendered":"https:\/\/spaziospadoni.org\/obras-de-misericordia\/repubblica-centrafricana-africa-progetto-m33\/"},"modified":"2026-07-31T10:00:42","modified_gmt":"2026-07-31T09:00:42","slug":"republica-centro-africana-africa-projeto-m33","status":"publish","type":"page","link":"https:\/\/spaziospadoni.org\/pt-pt\/opera-m\/republica-centro-africana-africa-projeto-m33\/","title":{"rendered":"Rep\u00fablica Centro-Africana &#8211; \u00c1frica | Projeto M33"},"content":{"rendered":"\n<div class=\"ss-project-hero-card\">\n<h2 id=\"bouca-bossangoa-republica-centroafricana\" class=\"gb-text gb-text-62a95885\">Bouca | Bossangoa (Rep\u00fablica Centro-Africana)<\/h2>\n\n\n\n<div class=\"gb-element-f60f2409\">\n<div class=\"gb-element-90a85740 ss-project-sidebar\">\n<h2 id=\"opera-m33\" class=\"gb-text ss-project-title\">OPERA M33<\/h2>\n\n\n\n<figure class=\"wp-block-image size-large\"><img decoding=\"async\" src=\"https:\/\/spaziospadoni.org\/wp-content\/uploads\/2026\/05\/hicsum_10_burundi-spaziospadoni-scaled.png\" alt=\"hicsum 10 burundi spaziospadoni 400x277\" class=\"wp-image-43007\"\/><\/figure>\n\n\n\n<div class=\"ss-project-table\">\n<div class=\"ss-table-section-title\">\n<h3 id=\"missao\" class=\"gb-text\">MISS\u00c3O<\/h3>\n<\/div>\n\n\n\n<div class=\"ss-table-row\">\n<p class=\"gb-text\">Local<\/p>\n\n\n\n<p class=\"gb-text\"><a href=\"https:\/\/www.google.com\/maps\/place\/Bouca,+Repubblica+Centrafricana\/@6.5073925,18.2570239,15z\/data=!3m1!4b1!4m6!3m5!1s0x10c46e6380d8e7af:0x26630e9ec4285599!8m2!3d6.5060695!4d18.2763069!16zL20vMDl2YnFq?entry=ttu&#038;g_ep=EgoyMDI2MDEyMC4wIKXMDSoASAFQAw%3D%3D\" rel=\"noreferrer noopener\" target=\"_blank\" title=\"Bouca\">Bouca<\/a><\/p>\n<\/div>\n\n\n\n<div class=\"ss-table-row\">\n<p class=\"gb-text\">Diocese<\/p>\n\n\n\n<p class=\"gb-text\">Bossangoa<\/p>\n<\/div>\n\n\n\n<div class=\"ss-table-row\">\n<p class=\"gb-text\">Pa\u00eds<\/p>\n\n\n\n<p class=\"gb-text\"><strong>Rep\u00fablica Centro-Africana<\/strong><\/p>\n<\/div>\n\n\n\n<div class=\"ss-table-row\">\n<p class=\"gb-text\">Continente<\/p>\n\n\n\n<p class=\"gb-text\">\u00c1frica<\/p>\n<\/div>\n\n\n\n<div class=\"ss-table-row\">\n<p class=\"gb-text\">Coordenadas GPS<\/p>\n\n\n\n<p class=\"gb-text\">6.60507 18.27627<\/p>\n<\/div>\n\n\n\n<div class=\"ss-table-row\">\n<p class=\"gb-text\">Fuso hor\u00e1rio<\/p>\n\n\n\n<p class=\"gb-text\">UTC+1<\/p>\n<\/div>\n<\/div>\n\n\n\n<div class=\"ss-project-table\">\n<div class=\"ss-table-section-title\">\n<h3 id=\"organizador\" class=\"gb-text\">ORGANIZADOR<\/h3>\n<\/div>\n\n\n\n<div class=\"ss-table-row\">\n<p class=\"gb-text\">Congrega\u00e7\u00e3o<\/p>\n\n\n\n<p class=\"gb-text\">Figlie di Maria Missionarie<\/p>\n<\/div>\n\n\n\n<div class=\"ss-table-row\">\n<p class=\"gb-text\">Casa-M\u00e3e<\/p>\n\n\n\n<p class=\"gb-text\">Pigna<\/p>\n<\/div>\n\n\n\n<div class=\"ss-table-row\">\n<p class=\"gb-text\">Diocese<\/p>\n\n\n\n<p class=\"gb-text\">Ventimiglia<\/p>\n<\/div>\n\n\n\n<div class=\"ss-table-row\">\n<p class=\"gb-text\">Pa\u00eds<\/p>\n\n\n\n<p class=\"gb-text\">It\u00e1lia<\/p>\n<\/div>\n\n\n\n<div class=\"ss-table-row\">\n<p class=\"gb-text\">Continente<\/p>\n\n\n\n<p class=\"gb-text\">Europa<\/p>\n<\/div>\n\n\n\n<div class=\"ss-table-row\">\n<p class=\"gb-text\">Festa da Congrega\u00e7\u00e3o<\/p>\n\n\n\n<p class=\"gb-text\">Imaculado Cora\u00e7\u00e3o de Maria<\/p>\n<\/div>\n\n\n\n<div class=\"ss-table-row\">\n<p class=\"gb-text\">Coordenadas GPS<\/p>\n\n\n\n<p class=\"gb-text\">-2.90648 29.82039<\/p>\n<\/div>\n\n\n\n<div class=\"ss-table-row\">\n<p class=\"gb-text\">Fuso hor\u00e1rio<\/p>\n\n\n\n<p class=\"gb-text\">UTC+2<\/p>\n<\/div>\n\n\n\n<div class=\"ss-table-row\">\n<p class=\"gb-text\">Pessoa de contacto<\/p>\n\n\n\n<p class=\"gb-text\">Irm\u00e3 Myriam Bengba<\/p>\n<\/div>\n\n\n\n<div class=\"ss-table-row\">\n<p class=\"gb-text\">Madre-Geral<\/p>\n\n\n\n<p class=\"gb-text\">Neusa da Concei\u00e7\u00e3o Vale<\/p>\n<\/div>\n\n\n\n<div class=\"ss-table-row\">\n<p class=\"gb-text\">Site<\/p>\n\n\n\n<p class=\"gb-text\"><a href=\"https:\/\/www.suoresantagemma.it\/\" target=\"_blank\" rel=\"noreferrer noopener\" title=\"suoresantagemma.it\">suoresantagemma.it<\/a><\/p>\n<\/div>\n<\/div>\n\n\n\n<div class=\"ss-project-table\">\n<a class=\"gb-element-e1766596 ss-table-section-button\" href=\"#\" title=\"OPERA M &#8211; PROJETO M33\">\n<span class=\"gb-text\">OPERA M &#8211; PROJETO M33<\/span>\n<\/a>\n<\/div>\n<\/div>\n<\/div>\n\n\n\n<div class=\"gb-element-6ad95ea8\">\n<div class=\"gb-element-e34063a6 ss-project-intro\">\n<p class=\"wp-block-paragraph\">OPERA M \u00e9 a revolu\u00e7\u00e3o das obras de miseric\u00f3rdia. \u00c9 o instrumento permanente para desenvolver um pensamento forte e renovado sobre as obras no mundo.<\/p>\n\n\n\n<p class=\"wp-block-paragraph\">Nasce de uma urg\u00eancia fortemente sentida por spazio + spadoni de r<strong>E<\/strong>volucionar o conceito de obra de miseric\u00f3rdia como um caminho que \u00e9 sempre simultaneamente humano e divino e, portanto, sempre espiritual, al\u00e9m de pr\u00e1tico (ou corporal). A redescoberta, ou melhor, a verdadeira r<strong>E<\/strong>volu\u00e7\u00e3o das obras deve ser redescoberta dentro desta s\u00edntese entre o aspecto espiritual e o ato pr\u00e1tico. A a\u00e7\u00e3o material deve estar sempre impregnada pelo esp\u00edrito.<\/p>\n\n\n\n<p class=\"wp-block-paragraph\">OPERA M baseia-se em cinco a\u00e7\u00f5es que definem o seu m\u00e9todo: INVOCA, chama o Esp\u00edrito ESCUTA, faz sil\u00eancio para te abrires \u00e0 escuta ENCONTRA, permanece no meio das pessoas ATUEMOS, agir pelas obras INUNDEMOS, levemos todos \u00e0s Obras de Miseric\u00f3rdia <strong>Obras de Miseric\u00f3rdia espirituais<\/strong> Aconselhar os que t\u00eam d\u00favidas Ensinar os ignorantes Admoestar os pecadores Consolar os aflitos Perdoar as ofensas Suportar com paci\u00eancia as pessoas importunas Rezar a Deus pelos vivos e pelos mortos <strong>Obras de Miseric\u00f3rdia corporais<\/strong> Dar de comer a quem tem fome Dar de beber a quem tem sede Vestir os nus Dar abrigo aos peregrinos Visitar os doentes Visitar os presos Sepultar os mortos<\/p>\n\n<\/div>\n<\/div>\n\n\n\n\n<div>\n\n<h2 id=\"cronologia\" class=\"gb-text gb-text-8179e40a\">Cronologia<\/h2>\n\n\n\n\n\n<div class=\"ss-timeline\">\n\n<h3 id=\"2020\" class=\"gb-text\">2020<\/h3>\n\n\n\n\n\n<div class=\"ss-timeline-item\">\n\n<h4 id=\"outubro-inicio-da-relacao\" class=\"gb-text\">Outubro | In\u00edcio da rela\u00e7\u00e3o<\/h4>\n\n\n\n\n<p class=\"wp-block-paragraph\">As irm\u00e3s de Figlie di Maria Missionarie e o Movimento spazio + spadoni come\u00e7am a colaborar e a desenvolver projetos em conjunto<\/p>\n\n\n<\/div>\n\n\n<\/div>\n\n\n\n\n<div class=\"ss-timeline\">\n\n<h3 id=\"2022\" class=\"gb-text\">2022<\/h3>\n\n\n\n\n\n<div class=\"ss-timeline-item\">\n\n<h4 id=\"21-de-novembro-16-de-dezembro-formacao-sobre-as-obras-de-misericordia\" class=\"gb-text\">21 de novembro &#8211; 16 de dezembro| Forma\u00e7\u00e3o sobre as Obras de Miseric\u00f3rdia<\/h4>\n\n\n\n\n<p class=\"wp-block-paragraph\">A irm\u00e3 Myriam, juntamente com outras 3 irm\u00e3s da Congrega\u00e7\u00e3o, participa no curso de forma\u00e7\u00e3o sobre as Obras de Miseric\u00f3rdia e a Economia de Comunh\u00e3o, promovido e apoiado por spazio + spadoni em Loppiano (FI)<\/p>\n\n\n\n<figure class=\"wp-block-gallery has-nested-images columns-1 is-cropped ss-lightbox wp-block-gallery-1 is-layout-flex wp-block-gallery-is-layout-flex\">\n\n<figure class=\"wp-block-image size-large\"><img decoding=\"async\" src=\"https:\/\/spaziospadoni.org\/wp-content\/uploads\/2026\/05\/Loppiano-2022.jpeg\" alt=\"Loppiano 2022\"\/><figcaption class=\"wp-element-caption\">21 de novembro &#8211; 16 de dezembro| Forma\u00e7\u00e3o sobre as Obras de Miseric\u00f3rdia<\/figcaption><\/figure>\n\n\n<figure class=\"wp-block-image size-large\"><img decoding=\"async\" src=\"https:\/\/spaziospadoni.org\/wp-content\/uploads\/2026\/05\/WhatsApp-Image-2022-12-17-at-06.31.05-1.jpeg\" alt=\"WhatsApp Image 2022 12 17 at 06.31.05 1\"\/><figcaption class=\"wp-element-caption\">21 de novembro &#8211; 16 de dezembro| Forma\u00e7\u00e3o sobre as Obras de Miseric\u00f3rdia<\/figcaption><\/figure>\n\n<\/figure>\n\n\n<\/div>\n\n\n<\/div>\n\n\n\n\n<div class=\"ss-timeline\">\n\n<h3 id=\"2023\" class=\"gb-text\">2023<\/h3>\n\n\n\n\n\n<div class=\"ss-timeline-item\">\n\n<h4 id=\"10-de-julho-encontro-spazio-spadoni\" class=\"gb-text\">10 de julho | Encontro spazio + spadoni<\/h4>\n\n\n\n\n<p class=\"wp-block-paragraph\">A irm\u00e3 Gloriose visita a irm\u00e3 Myriam e a irm\u00e3 Maradone na Casa Geral em Roma para conversar sobre o desenvolvimento das Obras de Miseric\u00f3rdia<\/p>\n\n\n\n<figure class=\"wp-block-gallery has-nested-images columns-1 is-cropped ss-lightbox wp-block-gallery-2 is-layout-flex wp-block-gallery-is-layout-flex\">\n\n<figure class=\"wp-block-image size-large\"><img decoding=\"async\" src=\"https:\/\/spaziospadoni.org\/wp-content\/uploads\/2026\/05\/2023_luglio_17_incontro_suor_myrima_gloriose_maradone_roma_formazione_opere_misericordia_spazio_spadoni.jpeg\" alt=\"2023 luglio 17 incontro suor myrima gloriose maradone roma formazione opere misericordia spazio spadoni\"\/><figcaption class=\"wp-element-caption\">10 de julho | Encontro spazio + spadoni<\/figcaption><\/figure>\n\n<\/figure>\n\n\n<\/div>\n\n\n<\/div>\n\n\n\n\n<div class=\"ss-timeline\">\n\n<h3 id=\"2024\" class=\"gb-text\">2024<\/h3>\n\n\n\n\n\n<div class=\"ss-timeline-item\">\n\n<h4 id=\"21-de-outubro-25o-aniversario-de-profissao-religiosa\" class=\"gb-text\">21 de outubro | 25.\u00ba anivers\u00e1rio de profiss\u00e3o religiosa<\/h4>\n\n\n\n\n<p class=\"wp-block-paragraph\">A irm\u00e3 Myriam celebra o 25.\u00ba anivers\u00e1rio da sua profiss\u00e3o religiosa<\/p>\n\n\n\n<figure class=\"wp-block-gallery has-nested-images columns-1 is-cropped ss-lightbox wp-block-gallery-3 is-layout-flex wp-block-gallery-is-layout-flex\">\n\n<figure class=\"wp-block-image size-large\"><img decoding=\"async\" src=\"https:\/\/spaziospadoni.org\/wp-content\/uploads\/2026\/05\/2024_ottobre_25_anni_professione_religiosa_suor_myriam_centrafrica_figlie_maria_missionarie_spazio_spadoni-4.jpg\" alt=\"2024 ottobre 25 anni professione religiosa suor myriam centrafrica figlie maria missionarie spazio spadoni 4\"\/><figcaption class=\"wp-element-caption\">21 de outubro | 25.\u00ba anivers\u00e1rio de profiss\u00e3o religiosa<\/figcaption><\/figure>\n\n<\/figure>\n\n\n<\/div>\n\n\n<\/div>\n\n\n\n\n<div class=\"ss-timeline\">\n\n<h3 id=\"2025\" class=\"gb-text\">2025<\/h3>\n\n\n\n\n\n<div class=\"ss-timeline-item\">\n\n<h4 id=\"10-de-julho-encontro-spazio-spadoni\" class=\"gb-text\">10 de julho | Encontro spazio + spadoni<\/h4>\n\n\n\n\n<p class=\"wp-block-paragraph\">A irm\u00e3 Gloriose visita a irm\u00e3 Myriam, que se encontra durante algum tempo na Casa Geral em Roma, e conversa com ela sobre o desenvolvimento das Obras de Miseric\u00f3rdia em Bouca<\/p>\n\n\n\n<figure class=\"wp-block-gallery has-nested-images columns-1 is-cropped ss-lightbox wp-block-gallery-4 is-layout-flex wp-block-gallery-is-layout-flex\">\n\n<figure class=\"wp-block-image size-large\"><img decoding=\"async\" src=\"https:\/\/spaziospadoni.org\/wp-content\/uploads\/2026\/05\/202_ottobre_11_suor_myriam_lucie_gloriose-roma_spazio_spadoni_centrafrica_foulard_opere_misericordia-4.jpeg\" alt=\"202 ottobre 11 suor myriam lucie gloriose roma spazio spadoni centrafrica foulard opere misericordia 4\"\/><figcaption class=\"wp-element-caption\">10 de julho | Encontro spazio + spadoni<\/figcaption><\/figure>\n\n<\/figure>\n\n\n<\/div>\n\n\n\n\n<div class=\"ss-timeline-item\">\n\n<h4 id=\"1-de-novembro-envio-do-projeto\" class=\"gb-text\">1 de novembro | Envio do projeto<\/h4>\n\n\n\n\n<p class=\"wp-block-paragraph\">Em novembro de &#x27;25, a irm\u00e3 Myriam apresenta um projeto para o desenvolvimento de uma empresa social<\/p>\n\n\n<\/div>\n\n\n<\/div>\n\n\n\n\n<div class=\"ss-timeline\">\n\n<h3 id=\"2026\" class=\"gb-text\">2026<\/h3>\n\n\n\n\n\n<div class=\"ss-timeline-item\">\n\n<h4 id=\"05-de-fevereiro-primeira-transferencia-efetuada\" class=\"gb-text\">05 de fevereiro | Primeira transfer\u00eancia efetuada<\/h4>\n\n\n\n\n<p class=\"wp-block-paragraph\">A transfer\u00eancia destina-se a iniciar o projeto agr\u00edcola proposto<\/p>\n\n\n<\/div>\n\n\n\n\n<div class=\"ss-timeline-item\">\n\n<h4 id=\"01-de-abril-os-membros-de-spazio-spadoni\" class=\"gb-text\">01 de abril | Os membros de spazio + spadoni<\/h4>\n\n\n\n\n<p class=\"wp-block-paragraph\">Em abril de &#x27;26, a irm\u00e3 Myriam fez a placa de OPERA M e pendurou-a no exterior da comunidade. Tamb\u00e9m mandou confecionar os len\u00e7os, que distribuiu aos membros de spazio + spadoni. O compromisso deles com a difus\u00e3o das Obras de Miseric\u00f3rdia estende-se tamb\u00e9m \u00e0s escolas locais.<\/p>\n\n\n\n<figure class=\"wp-block-gallery has-nested-images columns-1 is-cropped ss-lightbox wp-block-gallery-5 is-layout-flex wp-block-gallery-is-layout-flex\">\n\n<figure class=\"wp-block-image size-large\"><img decoding=\"async\" src=\"https:\/\/spaziospadoni.org\/wp-content\/uploads\/2026\/05\/2026_aprile_1_targa_foulard_abitanti_spazio_spadoni_suor_myriam_centrafrica_boucha_opere_misericordia_operam-9.jpeg\" alt=\"2026 aprile 1 targa foulard abitanti spazio spadoni suor myriam centrafrica boucha opere misericordia operam 9\"\/><figcaption class=\"wp-element-caption\">01 de abril | Os membros de spazio + spadoni<\/figcaption><\/figure>\n\n<\/figure>\n\n\n<\/div>\n\n\n\n\n<div class=\"ss-timeline-item\">\n\n<h4 id=\"25-de-abril-catequese-sobre-as-obras-de-misericordia\" class=\"gb-text\">25 de abril | Catequese sobre as Obras de Miseric\u00f3rdia<\/h4>\n\n\n\n\n<p class=\"wp-block-paragraph\">No s\u00e1bado, 25 de abril, a irm\u00e3 Myriam encontrou-se em Bouca com as jovens que est\u00e3o a refletir sobre a sua voca\u00e7\u00e3o e deu-lhes uma catequese sobre as Obras de Miseric\u00f3rdia e sobre a mensagem do Papa Le\u00e3o por ocasi\u00e3o do Dia Mundial de Ora\u00e7\u00e3o pelas Voca\u00e7\u00f5es, celebrado em conjunto no domingo, 26 de abril.<\/p>\n\n\n\n<figure class=\"wp-block-gallery has-nested-images columns-1 is-cropped ss-lightbox wp-block-gallery-6 is-layout-flex wp-block-gallery-is-layout-flex\">\n\n<figure class=\"wp-block-image size-large\"><img decoding=\"async\" src=\"https:\/\/spaziospadoni.org\/wp-content\/uploads\/2026\/05\/2026_aprile_26_giornata_vocazionale_bouca_centrafrica_suor_myriam_opere_misericordia_spazio_spadoni-1.jpeg\" alt=\"2026 aprile 26 giornata vocazionale bouca centrafrica suor myriam opere misericordia spazio spadoni 1\"\/><figcaption class=\"wp-element-caption\">25 de abril | Catequese sobre as Obras de Miseric\u00f3rdia<\/figcaption><\/figure>\n\n<\/figure>\n\n\n<\/div>\n\n\n<\/div>\n\n\n<\/div>\n\n\n\n<div class=\"ss-project-reports\">\n<h2 id=\"relatorios-sobre-as-obras-de-misericordia\" class=\"gb-text gb-text-75c3218d\">Relat\u00f3rios sobre as Obras de Miseric\u00f3rdia<\/h2>\n\n\n<ul class=\"wp-block-list ss-report-list\">\n\n<li><a href=\"https:\/\/spaziospadoni.org\/wp-content\/uploads\/2026\/05\/Progetto-suor-Myriam-1-novembre-2025.pdf\" target=\"_blank\" rel=\"noreferrer noopener\" title=\"Progetto suor Myriam 1 novembre 2025\">Progetto suor Myriam 1 novembre 2025<\/a><\/li>\n\n<\/ul>\n\n<\/div>\n\n\n\n<div class=\"ss-project-media\">\n<h2 id=\"fotografias-e-videos\" class=\"gb-text gb-text-d7bd8be8\">Fotografias e v\u00eddeos<\/h2>\n\n\n<div class=\"ss-media-filters\">\n\n<a class=\"gb-text ss-media-filter active\" data-filter=\"*\" title=\"Tudo\">Tudo<\/a>\n\n\n<a class=\"gb-text ss-media-filter\" data-filter=\".formazione\" title=\"Forma\u00e7\u00e3o\">Forma\u00e7\u00e3o<\/a>\n\n\n<a class=\"gb-text ss-media-filter\" data-filter=\".repubblica-centrafricana\" title=\"Rep\u00fablica Centro-Africana\">Rep\u00fablica Centro-Africana<\/a>\n\n\n<a class=\"gb-text ss-media-filter\" data-filter=\".video\" title=\"V\u00eddeos\">V\u00eddeos<\/a>\n\n<\/div>\n\n\n<div class=\"ss-media-grid\">\n<div>\n<figure class=\"wp-block-gallery has-nested-images columns-1 is-cropped ss-lightbox wp-block-gallery-7 is-layout-flex wp-block-gallery-is-layout-flex\">\n\n<figure class=\"wp-block-image size-large formazione\"><img decoding=\"async\" alt=\"WhatsApp Image 2022 12 17 at 06.31.05 1\" src=\"https:\/\/spaziospadoni.org\/wp-content\/uploads\/2026\/05\/WhatsApp-Image-2022-12-17-at-06.31.05-1.jpeg\"\/><\/figure>\n\n\n<figure class=\"wp-block-image size-large formazione\"><img decoding=\"async\" alt=\"Loppiano 2022\" src=\"https:\/\/spaziospadoni.org\/wp-content\/uploads\/2026\/05\/Loppiano-2022.jpeg\"\/><\/figure>\n\n\n<figure class=\"wp-block-image size-large formazione\"><img decoding=\"async\" alt=\"2022 dicembre hicsum 39 fossato vico misericordia spazio spadoni sr zitha bene mariya loppiano formazione 6\" src=\"https:\/\/spaziospadoni.org\/wp-content\/uploads\/2026\/05\/2022_dicembre_hicsum_39_fossato_vico_misericordia_spazio_spadoni_sr_zitha_bene_mariya_loppiano_formazione-6.jpg\"\/><\/figure>\n\n\n<figure class=\"wp-block-image size-large formazione\"><img decoding=\"async\" alt=\"Formazione OPERA M a Loppiano novembre dicembre 2022 4\" src=\"https:\/\/spaziospadoni.org\/wp-content\/uploads\/2026\/05\/Formazione-OPERA-M-a-Loppiano-novembre-dicembre-2022-4.jpg\"\/><\/figure>\n\n\n<figure class=\"wp-block-image size-large formazione\"><img decoding=\"async\" alt=\"8\" src=\"https:\/\/spaziospadoni.org\/wp-content\/uploads\/2026\/05\/8.jpeg\"\/><\/figure>\n\n\n<figure class=\"wp-block-image size-large formazione\"><img decoding=\"async\" alt=\"WhatsApp Image 2022 12 16 at 18.00.38 1\" src=\"https:\/\/spaziospadoni.org\/wp-content\/uploads\/2026\/05\/WhatsApp-Image-2022-12-16-at-18.00.38-1.jpeg\"\/><\/figure>\n\n\n<figure class=\"wp-block-image size-large formazione\"><img decoding=\"async\" alt=\"WhatsApp Image 2022 12 09 at 12.24.30\" src=\"https:\/\/spaziospadoni.org\/wp-content\/uploads\/2026\/05\/WhatsApp-Image-2022-12-09-at-12.24.30.jpeg\"\/><\/figure>\n\n\n<figure class=\"wp-block-image size-large formazione\"><img decoding=\"async\" alt=\"2023 luglio 17 incontro suor myrima gloriose maradone roma formazione opere misericordia spazio spadoni\" src=\"https:\/\/spaziospadoni.org\/wp-content\/uploads\/2026\/05\/2023_luglio_17_incontro_suor_myrima_gloriose_maradone_roma_formazione_opere_misericordia_spazio_spadoni.jpeg\"\/><\/figure>\n\n\n<figure class=\"wp-block-image size-large repubblica-centrafricana\"><img decoding=\"async\" alt=\"2024 ottobre 25 anni professione religiosa suor myriam centrafrica figlie maria missionarie spazio spadoni 2\" src=\"https:\/\/spaziospadoni.org\/wp-content\/uploads\/2026\/05\/2024_ottobre_25_anni_professione_religiosa_suor_myriam_centrafrica_figlie_maria_missionarie_spazio_spadoni-2.jpg\"\/><\/figure>\n\n\n<figure class=\"wp-block-image size-large repubblica-centrafricana\"><img decoding=\"async\" alt=\"2024 ottobre 25 anni professione religiosa suor myriam centrafrica figlie maria missionarie spazio spadoni 3\" src=\"https:\/\/spaziospadoni.org\/wp-content\/uploads\/2026\/05\/2024_ottobre_25_anni_professione_religiosa_suor_myriam_centrafrica_figlie_maria_missionarie_spazio_spadoni-3.jpg\"\/><\/figure>\n\n\n<figure class=\"wp-block-image size-large repubblica-centrafricana\"><img decoding=\"async\" alt=\"2024 ottobre 25 anni professione religiosa suor myriam centrafrica figlie maria missionarie spazio spadoni 4\" src=\"https:\/\/spaziospadoni.org\/wp-content\/uploads\/2026\/05\/2024_ottobre_25_anni_professione_religiosa_suor_myriam_centrafrica_figlie_maria_missionarie_spazio_spadoni-4.jpg\"\/><\/figure>\n\n\n<figure class=\"wp-block-image size-large repubblica-centrafricana\"><img decoding=\"async\" alt=\"2024 ottobre 25 anni professione religiosa suor myriam centrafrica figlie maria missionarie spazio spadoni 1\" src=\"https:\/\/spaziospadoni.org\/wp-content\/uploads\/2026\/05\/2024_ottobre_25_anni_professione_religiosa_suor_myriam_centrafrica_figlie_maria_missionarie_spazio_spadoni-1.jpg\"\/><\/figure>\n\n\n<figure class=\"wp-block-image size-large repubblica-centrafricana\"><img decoding=\"async\" alt=\"2025 giugno 6 raccolta volontari arachidi suor myriam spazio spadoni centrafrica 1\" src=\"https:\/\/spaziospadoni.org\/wp-content\/uploads\/2026\/05\/2025_giugno_6_raccolta_volontari_arachidi_suor_myriam_spazio_spadoni_centrafrica-1.jpg\"\/><\/figure>\n\n\n<figure class=\"wp-block-image size-large repubblica-centrafricana\"><img decoding=\"async\" alt=\"2025 giugno 6 raccolta volontari arachidi suor myriam spazio spadoni centrafrica 2\" src=\"https:\/\/spaziospadoni.org\/wp-content\/uploads\/2026\/05\/2025_giugno_6_raccolta_volontari_arachidi_suor_myriam_spazio_spadoni_centrafrica-2.jpg\"\/><\/figure>\n\n\n<figure class=\"wp-block-image size-large repubblica-centrafricana\"><img decoding=\"async\" alt=\"2025 giugno 6 raccolta volontari arachidi suor myriam spazio spadoni centrafrica 3\" src=\"https:\/\/spaziospadoni.org\/wp-content\/uploads\/2026\/05\/2025_giugno_6_raccolta_volontari_arachidi_suor_myriam_spazio_spadoni_centrafrica-3.jpg\"\/><\/figure>\n\n\n<figure class=\"wp-block-image size-large repubblica-centrafricana\"><img decoding=\"async\" alt=\"2025 giugno 6 raccolta volontari arachidi suor myriam spazio spadoni centrafrica 11\" src=\"https:\/\/spaziospadoni.org\/wp-content\/uploads\/2026\/05\/2025_giugno_6_raccolta_volontari_arachidi_suor_myriam_spazio_spadoni_centrafrica-11.jpg\"\/><\/figure>\n\n\n<figure class=\"wp-block-image size-large repubblica-centrafricana\"><img decoding=\"async\" alt=\"2025 giugno 6 raccolta volontari arachidi suor myriam spazio spadoni centrafrica 4\" src=\"https:\/\/spaziospadoni.org\/wp-content\/uploads\/2026\/05\/2025_giugno_6_raccolta_volontari_arachidi_suor_myriam_spazio_spadoni_centrafrica-4.jpg\"\/><\/figure>\n\n\n<figure class=\"wp-block-image size-large repubblica-centrafricana\"><img decoding=\"async\" alt=\"2025 giugno 6 raccolta volontari arachidi suor myriam spazio spadoni centrafrica 5\" src=\"https:\/\/spaziospadoni.org\/wp-content\/uploads\/2026\/05\/2025_giugno_6_raccolta_volontari_arachidi_suor_myriam_spazio_spadoni_centrafrica-5.jpg\"\/><\/figure>\n\n\n<figure class=\"wp-block-image size-large repubblica-centrafricana\"><img decoding=\"async\" alt=\"2025 giugno 6 raccolta volontari arachidi suor myriam spazio spadoni centrafrica 6\" src=\"https:\/\/spaziospadoni.org\/wp-content\/uploads\/2026\/05\/2025_giugno_6_raccolta_volontari_arachidi_suor_myriam_spazio_spadoni_centrafrica-6.jpg\"\/><\/figure>\n\n\n<figure class=\"wp-block-image size-large repubblica-centrafricana\"><img decoding=\"async\" alt=\"2025 giugno 6 raccolta volontari arachidi suor myriam spazio spadoni centrafrica 7\" src=\"https:\/\/spaziospadoni.org\/wp-content\/uploads\/2026\/05\/2025_giugno_6_raccolta_volontari_arachidi_suor_myriam_spazio_spadoni_centrafrica-7.jpg\"\/><\/figure>\n\n\n<figure class=\"wp-block-image size-large repubblica-centrafricana\"><img decoding=\"async\" alt=\"2025 giugno 6 raccolta volontari arachidi suor myriam spazio spadoni centrafrica 8\" src=\"https:\/\/spaziospadoni.org\/wp-content\/uploads\/2026\/05\/2025_giugno_6_raccolta_volontari_arachidi_suor_myriam_spazio_spadoni_centrafrica-8.jpg\"\/><\/figure>\n\n\n<figure class=\"wp-block-image size-large repubblica-centrafricana\"><img decoding=\"async\" alt=\"2025 giugno 6 raccolta volontari arachidi suor myriam spazio spadoni centrafrica 9\" src=\"https:\/\/spaziospadoni.org\/wp-content\/uploads\/2026\/05\/2025_giugno_6_raccolta_volontari_arachidi_suor_myriam_spazio_spadoni_centrafrica-9.jpg\"\/><\/figure>\n\n\n<figure class=\"wp-block-image size-large repubblica-centrafricana\"><img decoding=\"async\" alt=\"2025 giugno 6 raccolta volontari arachidi suor myriam spazio spadoni centrafrica 10\" src=\"https:\/\/spaziospadoni.org\/wp-content\/uploads\/2026\/05\/2025_giugno_6_raccolta_volontari_arachidi_suor_myriam_spazio_spadoni_centrafrica-10.jpg\"\/><\/figure>\n\n\n<figure class=\"wp-block-image size-large formazione\"><img decoding=\"async\" alt=\"202 ottobre 11 suor myriam lucie gloriose roma spazio spadoni centrafrica foulard opere misericordia 2\" src=\"https:\/\/spaziospadoni.org\/wp-content\/uploads\/2026\/05\/202_ottobre_11_suor_myriam_lucie_gloriose-roma_spazio_spadoni_centrafrica_foulard_opere_misericordia-2.jpeg\"\/><\/figure>\n\n\n<figure class=\"wp-block-image size-large formazione\"><img decoding=\"async\" alt=\"202 ottobre 11 suor myriam lucie gloriose roma spazio spadoni centrafrica foulard opere misericordia 3\" src=\"https:\/\/spaziospadoni.org\/wp-content\/uploads\/2026\/05\/202_ottobre_11_suor_myriam_lucie_gloriose-roma_spazio_spadoni_centrafrica_foulard_opere_misericordia-3.jpeg\"\/><\/figure>\n\n\n<figure class=\"wp-block-image size-large formazione\"><img decoding=\"async\" alt=\"202 ottobre 11 suor myriam lucie gloriose roma spazio spadoni centrafrica foulard opere misericordia 4\" src=\"https:\/\/spaziospadoni.org\/wp-content\/uploads\/2026\/05\/202_ottobre_11_suor_myriam_lucie_gloriose-roma_spazio_spadoni_centrafrica_foulard_opere_misericordia-4.jpeg\"\/><\/figure>\n\n\n<figure class=\"wp-block-image size-large formazione\"><img decoding=\"async\" alt=\"202 ottobre 11 suor myriam lucie gloriose roma spazio spadoni centrafrica foulard opere misericordia 5\" src=\"https:\/\/spaziospadoni.org\/wp-content\/uploads\/2026\/05\/202_ottobre_11_suor_myriam_lucie_gloriose-roma_spazio_spadoni_centrafrica_foulard_opere_misericordia-5.jpeg\"\/><\/figure>\n\n\n<figure class=\"wp-block-image size-large formazione\"><img decoding=\"async\" alt=\"202 ottobre 11 suor myriam lucie gloriose roma spazio spadoni centrafrica foulard opere misericordia 1\" src=\"https:\/\/spaziospadoni.org\/wp-content\/uploads\/2026\/05\/202_ottobre_11_suor_myriam_lucie_gloriose-roma_spazio_spadoni_centrafrica_foulard_opere_misericordia-1.jpeg\"\/><\/figure>\n\n\n<figure class=\"wp-block-image size-large repubblica-centrafricana\"><img decoding=\"async\" alt=\"2025 suor myriam repubblica centrafricana opere misericordia foulard spaio spadoni 11\" src=\"https:\/\/spaziospadoni.org\/wp-content\/uploads\/2026\/05\/2025_suor_myriam_repubblica_centrafricana_opere_misericordia_foulard_spaio_spadoni-11.jpeg\"\/><\/figure>\n\n\n<figure class=\"wp-block-image size-large repubblica-centrafricana\"><img decoding=\"async\" alt=\"2025 suor myriam repubblica centrafricana opere misericordia foulard spaio spadoni 8\" src=\"https:\/\/spaziospadoni.org\/wp-content\/uploads\/2026\/05\/2025_suor_myriam_repubblica_centrafricana_opere_misericordia_foulard_spaio_spadoni-8.jpeg\"\/><\/figure>\n\n\n<figure class=\"wp-block-image size-large repubblica-centrafricana\"><img decoding=\"async\" alt=\"2025 suor myriam repubblica centrafricana opere misericordia foulard spaio spadoni 10 rotated\" src=\"https:\/\/spaziospadoni.org\/wp-content\/uploads\/2026\/05\/2025_suor_myriam_repubblica_centrafricana_opere_misericordia_foulard_spaio_spadoni-10-rotated-1.jpeg\"\/><\/figure>\n\n\n<figure class=\"wp-block-image size-large repubblica-centrafricana\"><img decoding=\"async\" alt=\"2025 suor myriam repubblica centrafricana opere misericordia foulard spaio spadoni 4\" src=\"https:\/\/spaziospadoni.org\/wp-content\/uploads\/2026\/05\/2025_suor_myriam_repubblica_centrafricana_opere_misericordia_foulard_spaio_spadoni-4.jpeg\"\/><\/figure>\n\n\n<figure class=\"wp-block-image size-large repubblica-centrafricana\"><img decoding=\"async\" alt=\"2025 suor myriam repubblica centrafricana opere misericordia foulard spaio spadoni 1\" src=\"https:\/\/spaziospadoni.org\/wp-content\/uploads\/2026\/05\/2025_suor_myriam_repubblica_centrafricana_opere_misericordia_foulard_spaio_spadoni-1.jpeg\"\/><\/figure>\n\n\n<figure class=\"wp-block-image size-large repubblica-centrafricana\"><img decoding=\"async\" alt=\"2025 suor myriam repubblica centrafricana opere misericordia foulard spaio spadoni 2\" src=\"https:\/\/spaziospadoni.org\/wp-content\/uploads\/2026\/05\/2025_suor_myriam_repubblica_centrafricana_opere_misericordia_foulard_spaio_spadoni-2.jpeg\"\/><\/figure>\n\n\n<figure class=\"wp-block-image size-large repubblica-centrafricana\"><img decoding=\"async\" alt=\"2025 suor myriam repubblica centrafricana opere misericordia foulard spaio spadoni 3\" src=\"https:\/\/spaziospadoni.org\/wp-content\/uploads\/2026\/05\/2025_suor_myriam_repubblica_centrafricana_opere_misericordia_foulard_spaio_spadoni-3.jpeg\"\/><\/figure>\n\n\n<figure class=\"wp-block-image size-large repubblica-centrafricana\"><img decoding=\"async\" alt=\"2025 suor myriam repubblica centrafricana opere misericordia foulard spaio spadoni 9\" src=\"https:\/\/spaziospadoni.org\/wp-content\/uploads\/2026\/05\/2025_suor_myriam_repubblica_centrafricana_opere_misericordia_foulard_spaio_spadoni-9.jpeg\"\/><\/figure>\n\n\n<figure class=\"wp-block-image size-large repubblica-centrafricana\"><img decoding=\"async\" alt=\"2025 suor myriam repubblica centrafricana opere misericordia foulard spaio spadoni 13\" src=\"https:\/\/spaziospadoni.org\/wp-content\/uploads\/2026\/05\/2025_suor_myriam_repubblica_centrafricana_opere_misericordia_foulard_spaio_spadoni-13.jpeg\"\/><\/figure>\n\n\n<figure class=\"wp-block-image size-large repubblica-centrafricana\"><img decoding=\"async\" alt=\"2026 aprile 1 targa foulard abitanti spazio spadoni suor myriam centrafrica boucha opere misericordia operam 9\" src=\"https:\/\/spaziospadoni.org\/wp-content\/uploads\/2026\/05\/2026_aprile_1_targa_foulard_abitanti_spazio_spadoni_suor_myriam_centrafrica_boucha_opere_misericordia_operam-9.jpeg\"\/><\/figure>\n\n\n<figure class=\"wp-block-image size-large repubblica-centrafricana\"><img decoding=\"async\" alt=\"2026 aprile 1 targa foulard abitanti spazio spadoni suor myriam centrafrica boucha opere misericordia operam 10\" src=\"https:\/\/spaziospadoni.org\/wp-content\/uploads\/2026\/05\/2026_aprile_1_targa_foulard_abitanti_spazio_spadoni_suor_myriam_centrafrica_boucha_opere_misericordia_operam-10.jpeg\"\/><\/figure>\n\n\n<figure class=\"wp-block-image size-large repubblica-centrafricana\"><img decoding=\"async\" alt=\"2026 aprile 1 targa foulard abitanti spazio spadoni suor myriam centrafrica boucha opere misericordia operam 11\" src=\"https:\/\/spaziospadoni.org\/wp-content\/uploads\/2026\/05\/2026_aprile_1_targa_foulard_abitanti_spazio_spadoni_suor_myriam_centrafrica_boucha_opere_misericordia_operam-11.jpeg\"\/><\/figure>\n\n\n<figure class=\"wp-block-image size-large repubblica-centrafricana\"><img decoding=\"async\" alt=\"2026 aprile 1 targa foulard abitanti spazio spadoni suor myriam centrafrica boucha opere misericordia operam 12\" src=\"https:\/\/spaziospadoni.org\/wp-content\/uploads\/2026\/05\/2026_aprile_1_targa_foulard_abitanti_spazio_spadoni_suor_myriam_centrafrica_boucha_opere_misericordia_operam-12.jpeg\"\/><\/figure>\n\n\n<figure class=\"wp-block-image size-large repubblica-centrafricana\"><img decoding=\"async\" alt=\"2026 aprile 1 targa foulard abitanti spazio spadoni suor myriam centrafrica boucha opere misericordia operam 13\" src=\"https:\/\/spaziospadoni.org\/wp-content\/uploads\/2026\/05\/2026_aprile_1_targa_foulard_abitanti_spazio_spadoni_suor_myriam_centrafrica_boucha_opere_misericordia_operam-13.jpeg\"\/><\/figure>\n\n\n<figure class=\"wp-block-image size-large repubblica-centrafricana\"><img decoding=\"async\" alt=\"2026 aprile 1 targa foulard abitanti spazio spadoni suor myriam centrafrica boucha opere misericordia operam 1\" src=\"https:\/\/spaziospadoni.org\/wp-content\/uploads\/2026\/05\/2026_aprile_1_targa_foulard_abitanti_spazio_spadoni_suor_myriam_centrafrica_boucha_opere_misericordia_operam-1.jpeg\"\/><\/figure>\n\n\n<figure class=\"wp-block-image size-large repubblica-centrafricana\"><img decoding=\"async\" alt=\"2026 aprile 1 targa foulard abitanti spazio spadoni suor myriam centrafrica boucha opere misericordia operam 2\" src=\"https:\/\/spaziospadoni.org\/wp-content\/uploads\/2026\/05\/2026_aprile_1_targa_foulard_abitanti_spazio_spadoni_suor_myriam_centrafrica_boucha_opere_misericordia_operam-2.jpeg\"\/><\/figure>\n\n\n<figure class=\"wp-block-image size-large repubblica-centrafricana\"><img decoding=\"async\" alt=\"2026 aprile 1 targa foulard abitanti spazio spadoni suor myriam centrafrica boucha opere misericordia operam 4\" src=\"https:\/\/spaziospadoni.org\/wp-content\/uploads\/2026\/05\/2026_aprile_1_targa_foulard_abitanti_spazio_spadoni_suor_myriam_centrafrica_boucha_opere_misericordia_operam-4.jpeg\"\/><\/figure>\n\n\n<figure class=\"wp-block-image size-large repubblica-centrafricana\"><img decoding=\"async\" alt=\"2026 aprile 1 targa foulard abitanti spazio spadoni suor myriam centrafrica boucha opere misericordia operam 5\" src=\"https:\/\/spaziospadoni.org\/wp-content\/uploads\/2026\/05\/2026_aprile_1_targa_foulard_abitanti_spazio_spadoni_suor_myriam_centrafrica_boucha_opere_misericordia_operam-5.jpeg\"\/><\/figure>\n\n\n<figure class=\"wp-block-image size-large repubblica-centrafricana\"><img decoding=\"async\" alt=\"2026 aprile 1 targa foulard abitanti spazio spadoni suor myriam centrafrica boucha opere misericordia operam 6\" src=\"https:\/\/spaziospadoni.org\/wp-content\/uploads\/2026\/05\/2026_aprile_1_targa_foulard_abitanti_spazio_spadoni_suor_myriam_centrafrica_boucha_opere_misericordia_operam-6.jpeg\"\/><\/figure>\n\n\n<figure class=\"wp-block-image size-large repubblica-centrafricana\"><img decoding=\"async\" alt=\"2026 aprile 1 targa foulard abitanti spazio spadoni suor myriam centrafrica boucha opere misericordia operam 8\" src=\"https:\/\/spaziospadoni.org\/wp-content\/uploads\/2026\/05\/2026_aprile_1_targa_foulard_abitanti_spazio_spadoni_suor_myriam_centrafrica_boucha_opere_misericordia_operam-8.jpeg\"\/><\/figure>\n\n\n<figure class=\"wp-block-image size-large repubblica-centrafricana\"><img decoding=\"async\" alt=\"2026 aprile 26 giornata vocazionale bouca centrafrica suor myriam opere misericordia spazio spadoni 3\" src=\"https:\/\/spaziospadoni.org\/wp-content\/uploads\/2026\/05\/2026_aprile_26_giornata_vocazionale_bouca_centrafrica_suor_myriam_opere_misericordia_spazio_spadoni-3.jpeg\"\/><\/figure>\n\n\n<figure class=\"wp-block-image size-large repubblica-centrafricana\"><img decoding=\"async\" alt=\"2026 aprile 26 giornata vocazionale bouca centrafrica suor myriam opere misericordia spazio spadoni 2\" src=\"https:\/\/spaziospadoni.org\/wp-content\/uploads\/2026\/05\/2026_aprile_26_giornata_vocazionale_bouca_centrafrica_suor_myriam_opere_misericordia_spazio_spadoni-2.jpeg\"\/><\/figure>\n\n\n<figure class=\"wp-block-image size-large repubblica-centrafricana\"><img decoding=\"async\" alt=\"2026 maggio giornata vocazioni bouca centrafrica suor myriam opere misericordia spazio spadoni operam 5\" src=\"https:\/\/spaziospadoni.org\/wp-content\/uploads\/2026\/05\/2026_maggio_giornata_vocazioni_bouca_centrafrica_suor_myriam_opere_misericordia_spazio_spadoni_operam-5.jpeg\"\/><\/figure>\n\n\n<figure class=\"wp-block-image size-large repubblica-centrafricana\"><img decoding=\"async\" alt=\"2026 maggio giornata vocazioni bouca centrafrica suor myriam opere misericordia spazio spadoni operam 7\" src=\"https:\/\/spaziospadoni.org\/wp-content\/uploads\/2026\/05\/2026_maggio_giornata_vocazioni_bouca_centrafrica_suor_myriam_opere_misericordia_spazio_spadoni_operam-7.jpeg\"\/><\/figure>\n\n<\/figure>\n\n\n<div class=\"gb-element-b24bbf5e ss-media-videos\">\n\n<figure class=\"wp-block-video video\"><video controls=\"\" src=\"https:\/\/spaziospadoni.org\/wp-content\/uploads\/2026\/05\/2024_ottobre_25_anni_professione_religiosa_suor_myriam_centrafrica_figlie_maria_missionarie_spazio_spadoni-1.mp4\"><\/video><figcaption class=\"wp-element-caption\">2024 ottobre 25 anni professione religiosa suor myriam centrafrica figlie maria missionarie spazio spadoni 1<\/figcaption><\/figure>\n\n\n<figure class=\"wp-block-video video\"><video controls=\"\" src=\"https:\/\/spaziospadoni.org\/wp-content\/uploads\/2026\/05\/2026_maggio_giornata_vocazioni_bouca_centrafrica_suor_myriam_opere_misericordia_spazio_spadoni_operam-3.mp4\"><\/video><figcaption class=\"wp-element-caption\">2026 maggio giornata vocazioni bouca centrafrica suor myriam opere misericordia spazio spadoni operam 3<\/figcaption><\/figure>\n\n\n<figure class=\"wp-block-video video\"><video controls=\"\" src=\"https:\/\/spaziospadoni.org\/wp-content\/uploads\/2026\/05\/2026_maggio_giornata_vocazioni_bouca_centrafrica_suor_myriam_opere_misericordia_spazio_spadoni_operam-4.mp4\"><\/video><figcaption class=\"wp-element-caption\">2026 maggio giornata vocazioni bouca centrafrica suor myriam opere misericordia spazio spadoni operam 4<\/figcaption><\/figure>\n\n<\/div>\n\n<\/div>\n\n<\/div>\n\n<\/div>\n\n","protected":false},"excerpt":{"rendered":"<p>Bouca | Bossangoa (Rep\u00fablica Centro-Africana) OPERA M33 MISS\u00c3O Local Bouca Diocese Bossangoa Pa\u00eds Rep\u00fablica Centro-Africana Continente \u00c1frica Coordenadas GPS 6.60507 18.27627 Fuso hor\u00e1rio UTC+1 ORGANIZADOR Congrega\u00e7\u00e3o Figlie di Maria Missionarie Casa-M\u00e3e Pigna Diocese Ventimiglia Pa\u00eds It\u00e1lia Continente Europa Festa da Congrega\u00e7\u00e3o Imaculado Cora\u00e7\u00e3o de Maria Coordenadas GPS -2.90648 29.82039 Fuso hor\u00e1rio UTC+2 Pessoa de contacto &#8230; <a title=\"Rep\u00fablica Centro-Africana &#8211; \u00c1frica | Projeto M33\" class=\"read-more\" href=\"https:\/\/spaziospadoni.org\/pt-pt\/opera-m\/republica-centro-africana-africa-projeto-m33\/\" aria-label=\"Read more about Rep\u00fablica Centro-Africana &#8211; \u00c1frica | Projeto M33\">Ler mais<\/a><\/p>\n","protected":false},"author":102,"featured_media":0,"parent":89582,"menu_order":0,"comment_status":"closed","ping_status":"closed","template":"","meta":{"_sitemap_exclude":false,"_sitemap_priority":"","_sitemap_frequency":"","footnotes":""},"class_list":["post-82676","page","type-page","status-publish","infinite-scroll-item"],"yoast_head":"<!-- This site is optimized with the Yoast SEO plugin v28.4 - https:\/\/yoast.com\/product\/yoast-seo-wordpress\/ -->\n<title>Rep\u00fablica Centro-Africana - \u00c1frica | Projeto M33 | Spazio Spadoni<\/title>\n<meta name=\"description\" content=\"Bouca | Bossangoa (Rep\u00fablica Centro-Africana) OPERA M33 MISS\u00c3O Local Bouca Diocese Bossangoa Pa\u00eds Rep\u00fablica Centro-Africana Continente \u00c1frica Coordenadas\" \/>\n<meta name=\"robots\" content=\"index, follow, max-snippet:-1, max-image-preview:large, max-video-preview:-1\" \/>\n<link rel=\"canonical\" href=\"https:\/\/spaziospadoni.org\/pt-pt\/opera-m\/republica-centro-africana-africa-projeto-m33\/\" \/>\n<meta property=\"og:locale\" content=\"pt_PT\" \/>\n<meta property=\"og:type\" content=\"article\" \/>\n<meta property=\"og:title\" content=\"Rep\u00fablica Centro-Africana - \u00c1frica | Projeto M33 | Spazio Spadoni\" \/>\n<meta property=\"og:description\" content=\"Bouca | Bossangoa (Rep\u00fablica Centro-Africana) OPERA M33 MISS\u00c3O Local Bouca Diocese Bossangoa Pa\u00eds Rep\u00fablica Centro-Africana Continente \u00c1frica Coordenadas\" \/>\n<meta property=\"og:url\" content=\"https:\/\/spaziospadoni.org\/pt-pt\/opera-m\/republica-centro-africana-africa-projeto-m33\/\" \/>\n<meta property=\"og:site_name\" content=\"spazio + spadoni\" \/>\n<meta property=\"article:publisher\" content=\"https:\/\/www.facebook.com\/SpazioSpadoni\/\" \/>\n<meta property=\"article:modified_time\" content=\"2026-07-31T09:00:42+00:00\" \/>\n<meta property=\"og:image\" content=\"https:\/\/spaziospadoni.org\/wp-content\/uploads\/2026\/05\/hicsum_1_congo-spaziospadoni-scaled.png\" \/>\n\t<meta property=\"og:image:width\" content=\"2560\" \/>\n\t<meta property=\"og:image:height\" content=\"1771\" \/>\n\t<meta property=\"og:image:type\" content=\"image\/png\" \/>\n<meta name=\"twitter:card\" content=\"summary_large_image\" \/>\n<meta name=\"twitter:label1\" content=\"Est. reading time\" \/>\n\t<meta name=\"twitter:data1\" content=\"16 minutes\" \/>\n<script type=\"application\/ld+json\" class=\"yoast-schema-graph\">{\"@context\":\"https:\\\/\\\/schema.org\",\"@graph\":[{\"@type\":\"WebPage\",\"@id\":\"https:\\\/\\\/spaziospadoni.org\\\/pt-pt\\\/opera-m\\\/republica-centro-africana-africa-projeto-m33\\\/\",\"url\":\"https:\\\/\\\/spaziospadoni.org\\\/pt-pt\\\/opera-m\\\/republica-centro-africana-africa-projeto-m33\\\/\",\"name\":\"Rep\u00fablica Centro-Africana - \u00c1frica | Projeto M33 | Spazio Spadoni\",\"isPartOf\":{\"@id\":\"https:\\\/\\\/spaziospadoni.org\\\/pt-pt\\\/#website\"},\"primaryImageOfPage\":{\"@id\":\"https:\\\/\\\/spaziospadoni.org\\\/pt-pt\\\/opera-m\\\/republica-centro-africana-africa-projeto-m33\\\/#primaryimage\"},\"image\":{\"@id\":\"https:\\\/\\\/spaziospadoni.org\\\/pt-pt\\\/opera-m\\\/republica-centro-africana-africa-projeto-m33\\\/#primaryimage\"},\"thumbnailUrl\":\"https:\\\/\\\/spaziospadoni.org\\\/wp-content\\\/uploads\\\/2026\\\/05\\\/hicsum_10_burundi-spaziospadoni-scaled.png\",\"datePublished\":\"2026-05-18T13:04:05+00:00\",\"dateModified\":\"2026-07-31T09:00:42+00:00\",\"description\":\"Bouca | Bossangoa (Rep\u00fablica Centro-Africana) OPERA M33 MISS\u00c3O Local Bouca Diocese Bossangoa Pa\u00eds Rep\u00fablica Centro-Africana Continente \u00c1frica Coordenadas\",\"breadcrumb\":{\"@id\":\"https:\\\/\\\/spaziospadoni.org\\\/pt-pt\\\/opera-m\\\/republica-centro-africana-africa-projeto-m33\\\/#breadcrumb\"},\"inLanguage\":\"pt-PT\",\"potentialAction\":[{\"@type\":\"ReadAction\",\"target\":[\"https:\\\/\\\/spaziospadoni.org\\\/pt-pt\\\/opera-m\\\/republica-centro-africana-africa-projeto-m33\\\/\"]}]},{\"@type\":\"ImageObject\",\"inLanguage\":\"pt-PT\",\"@id\":\"https:\\\/\\\/spaziospadoni.org\\\/pt-pt\\\/opera-m\\\/republica-centro-africana-africa-projeto-m33\\\/#primaryimage\",\"url\":\"https:\\\/\\\/spaziospadoni.org\\\/wp-content\\\/uploads\\\/2026\\\/05\\\/hicsum_10_burundi-spaziospadoni-scaled.png\",\"contentUrl\":\"https:\\\/\\\/spaziospadoni.org\\\/wp-content\\\/uploads\\\/2026\\\/05\\\/hicsum_10_burundi-spaziospadoni-scaled.png\"},{\"@type\":\"BreadcrumbList\",\"@id\":\"https:\\\/\\\/spaziospadoni.org\\\/pt-pt\\\/opera-m\\\/republica-centro-africana-africa-projeto-m33\\\/#breadcrumb\",\"itemListElement\":[{\"@type\":\"ListItem\",\"position\":1,\"name\":\"Home\",\"item\":\"https:\\\/\\\/spaziospadoni.org\\\/pt-pt\\\/\"},{\"@type\":\"ListItem\",\"position\":2,\"name\":\"Obras de Miseric\u00f3rdia\",\"item\":\"https:\\\/\\\/spaziospadoni.org\\\/pt-pt\\\/obras-de-misericordia\\\/\"},{\"@type\":\"ListItem\",\"position\":3,\"name\":\"Rep\u00fablica Centro-Africana &#8211; \u00c1frica | Projeto M33\"}]},{\"@type\":\"WebSite\",\"@id\":\"https:\\\/\\\/spaziospadoni.org\\\/pt-pt\\\/#website\",\"url\":\"https:\\\/\\\/spaziospadoni.org\\\/pt-pt\\\/\",\"name\":\"spazio + spadoni\",\"description\":\"Generazione di misericordia e missione nel mondo\",\"publisher\":{\"@id\":\"https:\\\/\\\/spaziospadoni.org\\\/pt-pt\\\/#organization\"},\"alternateName\":\"spaziospadoni.org\",\"potentialAction\":[{\"@type\":\"SearchAction\",\"target\":{\"@type\":\"EntryPoint\",\"urlTemplate\":\"https:\\\/\\\/spaziospadoni.org\\\/pt-pt\\\/?s={search_term_string}\"},\"query-input\":{\"@type\":\"PropertyValueSpecification\",\"valueRequired\":true,\"valueName\":\"search_term_string\"}}],\"inLanguage\":\"pt-PT\"},{\"@type\":\"Organization\",\"@id\":\"https:\\\/\\\/spaziospadoni.org\\\/pt-pt\\\/#organization\",\"name\":\"spazio + spadoni\",\"alternateName\":\"spaziospadoni.org\",\"url\":\"https:\\\/\\\/spaziospadoni.org\\\/pt-pt\\\/\",\"logo\":{\"@type\":\"ImageObject\",\"inLanguage\":\"pt-PT\",\"@id\":\"https:\\\/\\\/spaziospadoni.org\\\/pt-pt\\\/#\\\/schema\\\/logo\\\/image\\\/\",\"url\":\"https:\\\/\\\/spaziospadoni.org\\\/wp-content\\\/uploads\\\/2026\\\/05\\\/spazio-spadoni-logo-100x100-1.webp\",\"contentUrl\":\"https:\\\/\\\/spaziospadoni.org\\\/wp-content\\\/uploads\\\/2026\\\/05\\\/spazio-spadoni-logo-100x100-1.webp\",\"width\":100,\"height\":100,\"caption\":\"spazio + spadoni\"},\"image\":{\"@id\":\"https:\\\/\\\/spaziospadoni.org\\\/pt-pt\\\/#\\\/schema\\\/logo\\\/image\\\/\"},\"sameAs\":[\"https:\\\/\\\/www.facebook.com\\\/SpazioSpadoni\\\/\",\"https:\\\/\\\/www.instagram.com\\\/spaziospadoni\\\/\",\"https:\\\/\\\/www.youtube.com\\\/@spaziospadoni\\\/playlists\"]}]}<\/script>\n<!-- \/ Yoast SEO plugin. -->","yoast_head_json":{"title":"Rep\u00fablica Centro-Africana - \u00c1frica | Projeto M33 | Spazio Spadoni","description":"Bouca | Bossangoa (Rep\u00fablica Centro-Africana) OPERA M33 MISS\u00c3O Local Bouca Diocese Bossangoa Pa\u00eds Rep\u00fablica Centro-Africana Continente \u00c1frica Coordenadas","robots":{"index":"index","follow":"follow","max-snippet":"max-snippet:-1","max-image-preview":"max-image-preview:large","max-video-preview":"max-video-preview:-1"},"canonical":"https:\/\/spaziospadoni.org\/pt-pt\/opera-m\/republica-centro-africana-africa-projeto-m33\/","og_locale":"pt_PT","og_type":"article","og_title":"Rep\u00fablica Centro-Africana - \u00c1frica | Projeto M33 | Spazio Spadoni","og_description":"Bouca | Bossangoa (Rep\u00fablica Centro-Africana) OPERA M33 MISS\u00c3O Local Bouca Diocese Bossangoa Pa\u00eds Rep\u00fablica Centro-Africana Continente \u00c1frica Coordenadas","og_url":"https:\/\/spaziospadoni.org\/pt-pt\/opera-m\/republica-centro-africana-africa-projeto-m33\/","og_site_name":"spazio + spadoni","article_publisher":"https:\/\/www.facebook.com\/SpazioSpadoni\/","article_modified_time":"2026-07-31T09:00:42+00:00","og_image":[{"width":2560,"height":1771,"url":"https:\/\/spaziospadoni.org\/wp-content\/uploads\/2026\/05\/hicsum_1_congo-spaziospadoni-scaled.png","type":"image\/png"}],"twitter_card":"summary_large_image","twitter_misc":{"Est. reading time":"16 minutes"},"schema":{"@context":"https:\/\/schema.org","@graph":[{"@type":"WebPage","@id":"https:\/\/spaziospadoni.org\/pt-pt\/opera-m\/republica-centro-africana-africa-projeto-m33\/","url":"https:\/\/spaziospadoni.org\/pt-pt\/opera-m\/republica-centro-africana-africa-projeto-m33\/","name":"Rep\u00fablica Centro-Africana - \u00c1frica | Projeto M33 | Spazio Spadoni","isPartOf":{"@id":"https:\/\/spaziospadoni.org\/pt-pt\/#website"},"primaryImageOfPage":{"@id":"https:\/\/spaziospadoni.org\/pt-pt\/opera-m\/republica-centro-africana-africa-projeto-m33\/#primaryimage"},"image":{"@id":"https:\/\/spaziospadoni.org\/pt-pt\/opera-m\/republica-centro-africana-africa-projeto-m33\/#primaryimage"},"thumbnailUrl":"https:\/\/spaziospadoni.org\/wp-content\/uploads\/2026\/05\/hicsum_10_burundi-spaziospadoni-scaled.png","datePublished":"2026-05-18T13:04:05+00:00","dateModified":"2026-07-31T09:00:42+00:00","description":"Bouca | Bossangoa (Rep\u00fablica Centro-Africana) OPERA M33 MISS\u00c3O Local Bouca Diocese Bossangoa Pa\u00eds Rep\u00fablica Centro-Africana Continente \u00c1frica Coordenadas","breadcrumb":{"@id":"https:\/\/spaziospadoni.org\/pt-pt\/opera-m\/republica-centro-africana-africa-projeto-m33\/#breadcrumb"},"inLanguage":"pt-PT","potentialAction":[{"@type":"ReadAction","target":["https:\/\/spaziospadoni.org\/pt-pt\/opera-m\/republica-centro-africana-africa-projeto-m33\/"]}]},{"@type":"ImageObject","inLanguage":"pt-PT","@id":"https:\/\/spaziospadoni.org\/pt-pt\/opera-m\/republica-centro-africana-africa-projeto-m33\/#primaryimage","url":"https:\/\/spaziospadoni.org\/wp-content\/uploads\/2026\/05\/hicsum_10_burundi-spaziospadoni-scaled.png","contentUrl":"https:\/\/spaziospadoni.org\/wp-content\/uploads\/2026\/05\/hicsum_10_burundi-spaziospadoni-scaled.png"},{"@type":"BreadcrumbList","@id":"https:\/\/spaziospadoni.org\/pt-pt\/opera-m\/republica-centro-africana-africa-projeto-m33\/#breadcrumb","itemListElement":[{"@type":"ListItem","position":1,"name":"Home","item":"https:\/\/spaziospadoni.org\/pt-pt\/"},{"@type":"ListItem","position":2,"name":"Obras de Miseric\u00f3rdia","item":"https:\/\/spaziospadoni.org\/pt-pt\/obras-de-misericordia\/"},{"@type":"ListItem","position":3,"name":"Rep\u00fablica Centro-Africana &#8211; \u00c1frica | Projeto M33"}]},{"@type":"WebSite","@id":"https:\/\/spaziospadoni.org\/pt-pt\/#website","url":"https:\/\/spaziospadoni.org\/pt-pt\/","name":"spazio + spadoni","description":"Generazione di misericordia e missione nel mondo","publisher":{"@id":"https:\/\/spaziospadoni.org\/pt-pt\/#organization"},"alternateName":"spaziospadoni.org","potentialAction":[{"@type":"SearchAction","target":{"@type":"EntryPoint","urlTemplate":"https:\/\/spaziospadoni.org\/pt-pt\/?s={search_term_string}"},"query-input":{"@type":"PropertyValueSpecification","valueRequired":true,"valueName":"search_term_string"}}],"inLanguage":"pt-PT"},{"@type":"Organization","@id":"https:\/\/spaziospadoni.org\/pt-pt\/#organization","name":"spazio + spadoni","alternateName":"spaziospadoni.org","url":"https:\/\/spaziospadoni.org\/pt-pt\/","logo":{"@type":"ImageObject","inLanguage":"pt-PT","@id":"https:\/\/spaziospadoni.org\/pt-pt\/#\/schema\/logo\/image\/","url":"https:\/\/spaziospadoni.org\/wp-content\/uploads\/2026\/05\/spazio-spadoni-logo-100x100-1.webp","contentUrl":"https:\/\/spaziospadoni.org\/wp-content\/uploads\/2026\/05\/spazio-spadoni-logo-100x100-1.webp","width":100,"height":100,"caption":"spazio + spadoni"},"image":{"@id":"https:\/\/spaziospadoni.org\/pt-pt\/#\/schema\/logo\/image\/"},"sameAs":["https:\/\/www.facebook.com\/SpazioSpadoni\/","https:\/\/www.instagram.com\/spaziospadoni\/","https:\/\/www.youtube.com\/@spaziospadoni\/playlists"]}]}},"_links":{"self":[{"href":"https:\/\/spaziospadoni.org\/pt-pt\/wp-json\/wp\/v2\/pages\/82676","targetHints":{"allow":["GET"]}}],"collection":[{"href":"https:\/\/spaziospadoni.org\/pt-pt\/wp-json\/wp\/v2\/pages"}],"about":[{"href":"https:\/\/spaziospadoni.org\/pt-pt\/wp-json\/wp\/v2\/types\/page"}],"author":[{"embeddable":true,"href":"https:\/\/spaziospadoni.org\/pt-pt\/wp-json\/wp\/v2\/users\/102"}],"replies":[{"embeddable":true,"href":"https:\/\/spaziospadoni.org\/pt-pt\/wp-json\/wp\/v2\/comments?post=82676"}],"version-history":[{"count":0,"href":"https:\/\/spaziospadoni.org\/pt-pt\/wp-json\/wp\/v2\/pages\/82676\/revisions"}],"up":[{"embeddable":true,"href":"https:\/\/spaziospadoni.org\/pt-pt\/wp-json\/wp\/v2\/pages\/89582"}],"wp:attachment":[{"href":"https:\/\/spaziospadoni.org\/pt-pt\/wp-json\/wp\/v2\/media?parent=82676"}],"curies":[{"name":"wp","href":"https:\/\/api.w.org\/{rel}","templated":true}]}}