{"id":83571,"date":"2026-05-18T14:17:39","date_gmt":"2026-05-18T13:17:39","guid":{"rendered":"https:\/\/spaziospadoni.org\/obras-de-misericordia\/repubblica-democratica-del-congo-africa-progetto-m35\/"},"modified":"2026-07-31T14:40:40","modified_gmt":"2026-07-31T13:40:40","slug":"republica-democratica-do-congo-africa-projeto-m35","status":"publish","type":"page","link":"https:\/\/spaziospadoni.org\/pt-pt\/opera-m\/republica-democratica-do-congo-africa-projeto-m35\/","title":{"rendered":"Rep\u00fablica Democr\u00e1tica do Congo &#8211; \u00c1frica | Projeto M35"},"content":{"rendered":"\n<div class=\"ss-project-hero-card\">\n<h2 id=\"goma-goma-republica-democratica-do-congo\" class=\"gb-text gb-text-62a95885\">Goma | Goma (Rep\u00fablica Democr\u00e1tica do Congo)<\/h2>\n\n\n\n<div class=\"gb-element-f60f2409\">\n<div class=\"gb-element-90a85740 ss-project-sidebar\">\n<h2 id=\"opera-m35\" class=\"gb-text ss-project-title\">OPERA M35<\/h2>\n\n\n\n<figure class=\"wp-block-image size-large\"><img decoding=\"async\" src=\"https:\/\/spaziospadoni.org\/wp-content\/uploads\/2026\/05\/hicsum_1_congo-spaziospadoni.png\" alt=\"hicsum 1 congo spaziospadoni\" class=\"wp-image-43007\"\/><\/figure>\n\n\n\n<div class=\"ss-project-table\">\n<div class=\"ss-table-section-title\">\n<h3 id=\"missao\" class=\"gb-text\">MISS\u00c3O<\/h3>\n<\/div>\n\n\n\n<div class=\"ss-table-row\">\n<p class=\"gb-text\">Local<\/p>\n\n\n\n<p class=\"gb-text\"><a href=\"https:\/\/www.google.com\/maps\/place\/Goma,+Repubblica+Democratica+del+Congo\/@-1.6587692,29.1669085,13z\/data=!3m1!4b1!4m6!3m5!1s0x19dd0f5ff03ccf71:0x8702d152f9f905e7!8m2!3d-1.658501!4d29.2204548!16zL20vMDRoa255?entry=ttu&#038;g_ep=EgoyMDI2MDMyMy4xIKXMDSoASAFQAw%3D%3D\" rel=\"noreferrer noopener\" target=\"_blank\" title=\"Goma\">Goma<\/a><\/p>\n<\/div>\n\n\n\n<div class=\"ss-table-row\">\n<p class=\"gb-text\">Diocese<\/p>\n\n\n\n<p class=\"gb-text\">Goma<\/p>\n<\/div>\n\n\n\n<div class=\"ss-table-row\">\n<p class=\"gb-text\">Pa\u00eds<\/p>\n\n\n\n<p class=\"gb-text\"><strong>Rep\u00fablica Democr\u00e1tica do Congo<\/strong><\/p>\n<\/div>\n\n\n\n<div class=\"ss-table-row\">\n<p class=\"gb-text\">Continente<\/p>\n\n\n\n<p class=\"gb-text\">\u00c1frica<\/p>\n<\/div>\n\n\n\n<div class=\"ss-table-row\">\n<p class=\"gb-text\">Coordenadas GPS<\/p>\n\n\n\n<p class=\"gb-text\">-1.65843 29.2223<\/p>\n<\/div>\n\n\n\n<div class=\"ss-table-row\">\n<p class=\"gb-text\">Fuso hor\u00e1rio<\/p>\n\n\n\n<p class=\"gb-text\">UTC+2<\/p>\n<\/div>\n<\/div>\n\n\n\n<div class=\"ss-project-table\">\n<div class=\"ss-table-section-title\">\n<h3 id=\"organizador\" class=\"gb-text\">ORGANIZADOR<\/h3>\n<\/div>\n\n\n\n<div class=\"ss-table-row\">\n<p class=\"gb-text\">Congrega\u00e7\u00e3o<\/p>\n\n\n\n<p class=\"gb-text\">Religieuses de l\u2019Instruction Chr\u00e9tienne<\/p>\n<\/div>\n\n\n\n<div class=\"ss-table-row\">\n<p class=\"gb-text\">Casa-M\u00e3e<\/p>\n\n\n\n<p class=\"gb-text\">Li\u00e8ge, B\u00e9lgica<\/p>\n<\/div>\n\n\n\n<div class=\"ss-table-row\">\n<p class=\"gb-text\">Diocese<\/p>\n\n\n\n<p class=\"gb-text\">Li\u00e8ge<\/p>\n<\/div>\n\n\n\n<div class=\"ss-table-row\">\n<p class=\"gb-text\">Pa\u00eds<\/p>\n\n\n\n<p class=\"gb-text\">B\u00e9lgica<\/p>\n<\/div>\n\n\n\n<div class=\"ss-table-row\">\n<p class=\"gb-text\">Continente<\/p>\n\n\n\n<p class=\"gb-text\">Europa<\/p>\n<\/div>\n\n\n\n<div class=\"ss-table-row\">\n<p class=\"gb-text\">Festa da Congrega\u00e7\u00e3o<\/p>\n\n\n\n<p class=\"gb-text\">25 de mar\u00e7o<\/p>\n<\/div>\n\n\n\n<div class=\"ss-table-row\">\n<p class=\"gb-text\">Coordenadas GPS<\/p>\n\n\n\n<p class=\"gb-text\">50.63960 5.57009<\/p>\n<\/div>\n\n\n\n<div class=\"ss-table-row\">\n<p class=\"gb-text\">Fuso hor\u00e1rio<\/p>\n\n\n\n<p class=\"gb-text\">UTC+1<\/p>\n<\/div>\n\n\n\n<div class=\"ss-table-row\">\n<p class=\"gb-text\">Pessoa de contacto<\/p>\n\n\n\n<p class=\"gb-text\">Irm\u00e3 Francine Mave Ditsove<\/p>\n<\/div>\n\n\n\n<div class=\"ss-table-row\">\n<p class=\"gb-text\">Madre-Geral<\/p>\n\n\n\n<p class=\"gb-text\">Irm\u00e3 Anuarite Mandesi Bodha<\/p>\n<\/div>\n\n\n\n<div class=\"ss-table-row\">\n<p class=\"gb-text\">Site<\/p>\n\n\n\n<p class=\"gb-text\"><a href=\"https:\/\/www.suoresantagemma.it\/\" target=\"_blank\" rel=\"noreferrer noopener\" title=\"suoresantagemma.it\">suoresantagemma.it<\/a><\/p>\n<\/div>\n<\/div>\n\n\n\n<div class=\"ss-project-table\">\n<a class=\"gb-element-e1766596 ss-table-section-button\" href=\"#\" title=\"OPERA M &#8211; PROJETO M35\">\n<span class=\"gb-text\">OPERA M &#8211; PROJETO M35<\/span>\n<\/a>\n<\/div>\n<\/div>\n<\/div>\n\n\n\n<div class=\"gb-element-6ad95ea8\">\n<div class=\"gb-element-e34063a6 ss-project-intro\">\n<p class=\"wp-block-paragraph\">OPERA M \u00e9 a revolu\u00e7\u00e3o das obras de miseric\u00f3rdia. \u00c9 o instrumento permanente para desenvolver um pensamento forte e renovado sobre as obras no mundo.<\/p>\n\n\n\n<p class=\"wp-block-paragraph\">Nasce de uma urg\u00eancia fortemente sentida por spazio + spadoni de r<strong>E<\/strong>volucionar o conceito de obra de miseric\u00f3rdia como um caminho que \u00e9 sempre simultaneamente humano e divino e, portanto, sempre espiritual, al\u00e9m de pr\u00e1tico (ou corporal). A redescoberta, ou melhor, a verdadeira r<strong>E<\/strong>volu\u00e7\u00e3o das obras deve ser redescoberta dentro desta s\u00edntese entre o aspecto espiritual e o ato pr\u00e1tico. A a\u00e7\u00e3o material deve estar sempre impregnada pelo esp\u00edrito.<\/p>\n\n\n\n<p class=\"wp-block-paragraph\">OPERA M baseia-se em cinco a\u00e7\u00f5es que definem o seu m\u00e9todo: INVOCA, chama o Esp\u00edrito ESCUTA, faz sil\u00eancio para te abrires \u00e0 escuta ENCONTRA, permanece no meio das pessoas ATUEMOS, agir pelas obras INUNDEMOS, levemos todos \u00e0s Obras de Miseric\u00f3rdia <strong>Obras de Miseric\u00f3rdia espirituais<\/strong> Aconselhar os que t\u00eam d\u00favidas Ensinar os ignorantes Admoestar os pecadores Consolar os aflitos Perdoar as ofensas Suportar com paci\u00eancia as pessoas importunas Rezar a Deus pelos vivos e pelos mortos <strong>Obras de Miseric\u00f3rdia corporais<\/strong> Dar de comer a quem tem fome Dar de beber a quem tem sede Vestir os nus Dar abrigo aos peregrinos Visitar os doentes Visitar os presos Sepultar os mortos<\/p>\n\n<\/div>\n<\/div>\n\n\n\n\n<div>\n\n<h2 id=\"cronologia\" class=\"gb-text gb-text-8179e40a\">Cronologia<\/h2>\n\n\n\n\n\n<div class=\"ss-timeline\">\n\n<h3 id=\"2023\" class=\"gb-text\">2023<\/h3>\n\n\n\n\n\n<div class=\"ss-timeline-item\">\n\n<h4 id=\"21-de-fevereiro-inicio-da-relacao-com-a-congregacao\" class=\"gb-text\">21 de fevereiro | In\u00edcio da rela\u00e7\u00e3o com a Congrega\u00e7\u00e3o<\/h4>\n\n\n\n\n<p class=\"wp-block-paragraph\">Em fevereiro de &#x27;23 estabelece-se o primeiro contacto com a Congrega\u00e7\u00e3o, marcando o in\u00edcio da colabora\u00e7\u00e3o com spazio + spadoni<\/p>\n\n\n<\/div>\n\n\n\n\n<div class=\"ss-timeline-item\">\n\n<h4 id=\"1728-de-julho-formacao-sobre-as-obras-de-misericordia\" class=\"gb-text\">17-28 de julho | Forma\u00e7\u00e3o sobre as Obras de Miseric\u00f3rdia<\/h4>\n\n\n\n\n<p class=\"wp-block-paragraph\">Em julho de &#x27;23, a irm\u00e3 Anuarite, Superiora Provincial da Congrega\u00e7\u00e3o, vem a It\u00e1lia para participar numa forma\u00e7\u00e3o dedicada aos Embaixadores e aos Linkers das Obras de Miseric\u00f3rdia, promovida por spazio + spadoni no \u00e2mbito da rEvolu\u00e7\u00e3o das Obras de Miseric\u00f3rdia &#8211; OPERA M<\/p>\n\n\n\n<figure class=\"wp-block-gallery has-nested-images columns-1 is-cropped ss-lightbox wp-block-gallery-1 is-layout-flex wp-block-gallery-is-layout-flex\">\n\n<figure class=\"wp-block-image size-large\"><img decoding=\"async\" src=\"https:\/\/spaziospadoni.org\/wp-content\/uploads\/2026\/05\/IMG_9654-scaled-1.jpg\" alt=\"IMG 9654 scaled\"\/><figcaption class=\"wp-element-caption\">17-28 de julho | Forma\u00e7\u00e3o sobre as Obras de Miseric\u00f3rdia<\/figcaption><\/figure>\n\n<\/figure>\n\n\n<\/div>\n\n\n\n\n<div class=\"ss-timeline-item\">\n\n<h4 id=\"16-de-novembro-chegada-da-irma\" class=\"gb-text\">16 de novembro | Chegada da irm\u00e3<\/h4>\n\n\n\n\n<p class=\"wp-block-paragraph\">A irm\u00e3 Francine chega a It\u00e1lia, acolhida pela Congregazione Missionaria Santa Gemma e pela Comunit\u00e0 Parrocchiale Santa Gemma, para realizar o projeto HIC SUM e aprofundar o conhecimento das Obras de Miseric\u00f3rdia segundo o carisma OPERA M promovido por spazio + spadoni<\/p>\n\n\n\n<figure class=\"wp-block-gallery has-nested-images columns-1 is-cropped ss-lightbox wp-block-gallery-2 is-layout-flex wp-block-gallery-is-layout-flex\">\n\n<figure class=\"wp-block-image size-large\"><img decoding=\"async\" src=\"https:\/\/spaziospadoni.org\/wp-content\/uploads\/2026\/05\/2023_novembre_19_hicsum_44_suor_francine_spazio_spadoni_sorelle_santa_gemma_presentazione_comunita-3-225x300.jpg\" alt=\"2023 novembre 19 hicsum 44 suor francine spazio spadoni sorelle santa gemma presentazione comunita 3 225x300\"\/><figcaption class=\"wp-element-caption\">16 de novembro | Chegada da irm\u00e3<\/figcaption><\/figure>\n\n<\/figure>\n\n\n<\/div>\n\n\n\n\n<div class=\"ss-timeline-item\">\n\n<h4 id=\"07-de-dezembro-formacao-opera-m\" class=\"gb-text\">07 de dezembro | Forma\u00e7\u00e3o OPERA M<\/h4>\n\n\n\n\n<p class=\"wp-block-paragraph\">Em dezembro de &#x27;23, Luigi Spadoni encontra-se com a irm\u00e3 Francine para um dia de forma\u00e7\u00e3o sobre a import\u00e2ncia da difus\u00e3o das Obras de Miseric\u00f3rdia e sobre a estrutura\u00e7\u00e3o de OPERA M quando regressar ao Congo<\/p>\n\n\n\n<figure class=\"wp-block-gallery has-nested-images columns-1 is-cropped ss-lightbox wp-block-gallery-3 is-layout-flex wp-block-gallery-is-layout-flex\">\n\n<figure class=\"wp-block-image size-large\"><img decoding=\"async\" src=\"https:\/\/spaziospadoni.org\/wp-content\/uploads\/2026\/05\/2024_marzo_hicsum_44_italia_suor_francine_religieuses_instruction_chretienne_spazio_spadoni_sorelle_santa_gemma_misericordia_comunita_pastorale_san_cerbone_luigi-225x300.jpg\" alt=\"2024 marzo hicsum 44 italia suor francine religieuses instruction chretienne spazio spadoni sorelle santa gemma misericordia comunita pastorale san cerbone luigi 225x300\"\/><figcaption class=\"wp-element-caption\">07 de dezembro | Forma\u00e7\u00e3o OPERA M<\/figcaption><\/figure>\n\n<\/figure>\n\n\n<\/div>\n\n\n\n\n<div class=\"ss-timeline-item\">\n\n<h4 id=\"dezembro-spazio-spadoni-encontrase-com-a-comunidade-de-goma\" class=\"gb-text\">Dezembro | spazio + spadoni encontra-se com a comunidade de Goma<\/h4>\n\n\n\n\n<p class=\"wp-block-paragraph\">Por ocasi\u00e3o de uma viagem mission\u00e1ria \u00e0 Rep\u00fablica Democr\u00e1tica do Congo, Selene desloca-se a Goma e fica na comunidade da irm\u00e3 Anuarite e da irm\u00e3 Francine, que entretanto se encontra em It\u00e1lia. \u00c9 acolhida pela Superiora Provincial, irm\u00e3 Anuarite<\/p>\n\n\n\n<figure class=\"wp-block-gallery has-nested-images columns-1 is-cropped ss-lightbox wp-block-gallery-4 is-layout-flex wp-block-gallery-is-layout-flex\">\n\n<figure class=\"wp-block-image size-large\"><img decoding=\"async\" src=\"https:\/\/spaziospadoni.org\/wp-content\/uploads\/2026\/05\/2023_dicembre_6_hicsum_44_suor_francine_spazio_spadoni_sorelle_santa_gemma_selene_pera_goma_superiora_provinciale-225x300.jpg\" alt=\"2023 dicembre 6 hicsum 44 suor francine spazio spadoni sorelle santa gemma selene pera goma superiora provinciale 225x300\"\/><figcaption class=\"wp-element-caption\">Dezembro | spazio + spadoni encontra-se com a comunidade de Goma<\/figcaption><\/figure>\n\n<\/figure>\n\n\n<\/div>\n\n\n\n\n<div class=\"ss-timeline-item\">\n\n<h4 id=\"novembro-dezembro-formacao\" class=\"gb-text\">Novembro &#8211; Dezembro | Forma\u00e7\u00e3o<\/h4>\n\n\n\n\n<p class=\"wp-block-paragraph\">Em novembro e dezembro, a forma\u00e7\u00e3o da irm\u00e3 Francine em It\u00e1lia centra-se sobretudo nas Obras de Miseric\u00f3rdia<\/p>\n\n\n<\/div>\n\n\n<\/div>\n\n\n\n\n<div class=\"ss-timeline\">\n\n<h3 id=\"2024\" class=\"gb-text\">2024<\/h3>\n\n\n\n\n\n<div class=\"ss-timeline-item\">\n\n<h4 id=\"janeiro-marco-atividades-paroquiais-e-comunitarias\" class=\"gb-text\">Janeiro &#8211; Mar\u00e7o | Atividades paroquiais e comunit\u00e1rias<\/h4>\n\n\n\n\n<p class=\"wp-block-paragraph\">Forma\u00e7\u00e3o da irm\u00e3 Francine: atividades p\u00f3s-escolares, orat\u00f3rio criativo, forma\u00e7\u00e3o sobre as Obras de Miseric\u00f3rdia, cantina solid\u00e1ria<\/p>\n\n\n\n<figure class=\"wp-block-gallery has-nested-images columns-1 is-cropped ss-lightbox wp-block-gallery-5 is-layout-flex wp-block-gallery-is-layout-flex\">\n\n<figure class=\"wp-block-image size-large\"><img decoding=\"async\" src=\"https:\/\/spaziospadoni.org\/wp-content\/uploads\/2026\/05\/2024_marzo_3_hicsum_44_suor_francine_religieuses_instruction_chretienne_spazio_spadoni_sorelle_santa_gemma_misericordia_comunita_pastorale_formazione.jpg\" alt=\"2024 marzo 3 hicsum 44 suor francine religieuses instruction chretienne spazio spadoni sorelle santa gemma misericordia comunita pastorale formazione\"\/><figcaption class=\"wp-element-caption\">Janeiro &#8211; Mar\u00e7o | Atividades paroquiais e comunit\u00e1rias<\/figcaption><\/figure>\n\n<\/figure>\n\n\n<\/div>\n\n\n\n\n<div class=\"ss-timeline-item\">\n\n<h4 id=\"15-de-fevereiro-formacao-opera-m\" class=\"gb-text\">15 de fevereiro | Forma\u00e7\u00e3o OPERA M<\/h4>\n\n\n\n\n<p class=\"wp-block-paragraph\">Luigi Spadoni encontra-se com a irm\u00e3 Francine para realizar uma forma\u00e7\u00e3o sobre a rEvolu\u00e7\u00e3o das Obras de Miseric\u00f3rdia<\/p>\n\n\n\n<figure class=\"wp-block-gallery has-nested-images columns-1 is-cropped ss-lightbox wp-block-gallery-6 is-layout-flex wp-block-gallery-is-layout-flex\">\n\n<figure class=\"wp-block-image size-large\"><img decoding=\"async\" src=\"https:\/\/spaziospadoni.org\/wp-content\/uploads\/2026\/05\/2024_febbraio_15_suorfrancine_italia_luigi_spadoni_formazione_progetto_hic_sum-2.jpg\" alt=\"2024 febbraio 15 suorfrancine italia luigi spadoni formazione progetto hic sum 2\"\/><figcaption class=\"wp-element-caption\">15 de fevereiro | Forma\u00e7\u00e3o OPERA M<\/figcaption><\/figure>\n\n<\/figure>\n\n\n<\/div>\n\n\n\n\n<div class=\"ss-timeline-item\">\n\n<h4 id=\"03-de-marco-formacao-sobre-as-obras-de-misericordia\" class=\"gb-text\">03 de mar\u00e7o | Forma\u00e7\u00e3o sobre as Obras de Miseric\u00f3rdia<\/h4>\n\n\n\n\n<p class=\"wp-block-paragraph\">Forma\u00e7\u00e3o sobre as Obras de Miseric\u00f3rdia com a irm\u00e3 Gloriose e visita a Pistoia<\/p>\n\n\n\n<figure class=\"wp-block-gallery has-nested-images columns-1 is-cropped ss-lightbox wp-block-gallery-7 is-layout-flex wp-block-gallery-is-layout-flex\">\n\n<figure class=\"wp-block-image size-large\"><img decoding=\"async\" src=\"https:\/\/spaziospadoni.org\/wp-content\/uploads\/2026\/05\/2024_marzo_hicsum_44_italia_suor_francine_religieuses_instruction_chretienne_spazio_spadoni_sorelle_santa_gemma_misericordia_comunita_pastorale_visita_pistoia-4-300x225.jpg\" alt=\"2024 marzo hicsum 44 italia suor francine religieuses instruction chretienne spazio spadoni sorelle santa gemma misericordia comunita pastorale visita pistoia 4 300x225\"\/><figcaption class=\"wp-element-caption\">03 de mar\u00e7o | Forma\u00e7\u00e3o sobre as Obras de Miseric\u00f3rdia<\/figcaption><\/figure>\n\n<\/figure>\n\n\n<\/div>\n\n\n\n\n<div class=\"ss-timeline-item\">\n\n<h4 id=\"24-de-marco-partida-da-irma\" class=\"gb-text\">24 de mar\u00e7o | Partida da irm\u00e3<\/h4>\n\n\n\n\n<p class=\"wp-block-paragraph\">A irm\u00e3 Francine antecipa o seu regresso ao Congo devido a alguns compromissos com a universidade onde trabalha<\/p>\n\n\n\n<figure class=\"wp-block-gallery has-nested-images columns-1 is-cropped ss-lightbox wp-block-gallery-8 is-layout-flex wp-block-gallery-is-layout-flex\">\n\n<figure class=\"wp-block-image size-large\"><img decoding=\"async\" src=\"https:\/\/spaziospadoni.org\/wp-content\/uploads\/2026\/05\/2024_marzo_24_hicsum_44_suor_francine_religieuses_instruction_chretienne_spazio_spadoni_sorelle_santa_gemma_misericordia_comunita_pastorale_partenza_congo-225x300.jpg\" alt=\"2024 marzo 24 hicsum 44 suor francine religieuses instruction chretienne spazio spadoni sorelle santa gemma misericordia comunita pastorale partenza congo 225x300\"\/><figcaption class=\"wp-element-caption\">24 de mar\u00e7o | Partida da irm\u00e3<\/figcaption><\/figure>\n\n<\/figure>\n\n\n<\/div>\n\n\n<\/div>\n\n\n\n\n<div class=\"ss-timeline\">\n\n<h3 id=\"2025\" class=\"gb-text\">2025<\/h3>\n\n\n\n\n\n<div class=\"ss-timeline-item\">\n\n<h4 id=\"fevereiro-dezembro-obras-de-misericordia-com-refugiados\" class=\"gb-text\">Fevereiro &#8211; Dezembro | Obras de Miseric\u00f3rdia com refugiados<\/h4>\n\n\n\n\n<p class=\"wp-block-paragraph\">Em &#x27;25, devido ao agravamento da guerra na Rep\u00fablica Democr\u00e1tica do Congo, as irm\u00e3s da Congrega\u00e7\u00e3o veem-se obrigadas a rever o programa de difus\u00e3o das Obras de Miseric\u00f3rdia que tinham preparado. Em &#x27;25, em Goma, a irm\u00e3 Francine, a irm\u00e3 Anuarite e a comunidade formam as suas irm\u00e3s e ajudam os concidad\u00e3os na emerg\u00eancia da guerra. Em Bunia, tamb\u00e9m em &#x27;25, onde se encontra outra comunidade, as irm\u00e3s formam e praticam as Obras de Miseric\u00f3rdia nos campos de refugiados.<\/p>\n\n\n<\/div>\n\n\n\n\n<div class=\"ss-timeline-item\">\n\n<h4 id=\"1213-de-outubro-encontro-com-spazio-spadoni\" class=\"gb-text\">12-13 de outubro | Encontro com spazio + spadoni<\/h4>\n\n\n\n\n<p class=\"wp-block-paragraph\">Encontro em Roma entre spazio + spadoni, a irm\u00e3 Francine, a irm\u00e3 Anuarite e a Congrega\u00e7\u00e3o. As irm\u00e3s estavam em It\u00e1lia tanto para uma reuni\u00e3o geral da Congrega\u00e7\u00e3o como para participar no Jubileu. Em outubro de &#x27;25 foi a ocasi\u00e3o certa para um encontro e uma reflex\u00e3o sobre as atividades apoiadas por spazio + spadoni<\/p>\n\n\n\n<figure class=\"wp-block-gallery has-nested-images columns-1 is-cropped ss-lightbox wp-block-gallery-9 is-layout-flex wp-block-gallery-is-layout-flex\">\n\n<figure class=\"wp-block-image size-large\"><img decoding=\"async\" src=\"https:\/\/spaziospadoni.org\/wp-content\/uploads\/2026\/05\/2025_ottobre_13_suor_francine_anuarite_roma_italia_incontro_luigi_spadoni_opere_misericordia_hic_sum-2.jpg\" alt=\"2025 ottobre 13 suor francine anuarite roma italia incontro luigi spadoni opere misericordia hic sum 2\"\/><figcaption class=\"wp-element-caption\">12-13 de outubro | Encontro com spazio + spadoni<\/figcaption><\/figure>\n\n\n<figure class=\"wp-block-image size-large\"><img decoding=\"async\" src=\"https:\/\/spaziospadoni.org\/wp-content\/uploads\/2026\/05\/2025_ottobre_12_incontro_suor_gloriose_francine_anuarite_selene_roma_incontro_spazio_spadoni-1.jpeg\" alt=\"2025 ottobre 12 incontro suor gloriose francine anuarite selene roma incontro spazio spadoni 1\"\/><figcaption class=\"wp-element-caption\">12-13 de outubro | Encontro com spazio + spadoni<\/figcaption><\/figure>\n\n<\/figure>\n\n\n<\/div>\n\n\n<\/div>\n\n\n<\/div>\n\n\n\n<div class=\"ss-project-reports\">\n<h2 id=\"relatorios-sobre-as-obras-de-misericordia\" class=\"gb-text gb-text-75c3218d\">Relat\u00f3rios sobre as Obras de Miseric\u00f3rdia<\/h2>\n\n\n<ul class=\"wp-block-list ss-report-list\">\n\n<li><a href=\"https:\/\/spaziospadoni.org\/wp-content\/uploads\/2026\/05\/Febbraio-2026_Opere-di-Misericordia.pdf\" target=\"_blank\" rel=\"noreferrer noopener\" title=\"fevereiro 2026_Obras de Miseric\u00f3rdia\">fevereiro 2026_Obras de Miseric\u00f3rdia<\/a><\/li>\n\n<\/ul>\n\n<\/div>\n\n\n\n<div class=\"ss-project-media\">\n<h2 id=\"fotografias-e-videos\" class=\"gb-text gb-text-d7bd8be8\">Fotografias e v\u00eddeos<\/h2>\n\n\n<div class=\"ss-media-filters\">\n\n<a class=\"gb-text ss-media-filter active\" data-filter=\"*\" title=\"Tudo\">Tudo<\/a>\n\n\n<a class=\"gb-text ss-media-filter\" data-filter=\".formazione-opera-m\" title=\"Forma\u00e7\u00e3o OPERA M\">Forma\u00e7\u00e3o OPERA M<\/a>\n\n\n<a class=\"gb-text ss-media-filter\" data-filter=\".italia\" title=\"It\u00e1lia\">It\u00e1lia<\/a>\n\n\n<a class=\"gb-text ss-media-filter\" data-filter=\".repubblica-democratica-del-congo\" title=\"Rep\u00fablica Democr\u00e1tica do Congo\">Rep\u00fablica Democr\u00e1tica do Congo<\/a>\n\n\n<a class=\"gb-text ss-media-filter\" data-filter=\".formazione\" title=\"Forma\u00e7\u00e3o\">Forma\u00e7\u00e3o<\/a>\n\n\n<a class=\"gb-text ss-media-filter\" data-filter=\".video\" title=\"V\u00eddeos\">V\u00eddeos<\/a>\n\n<\/div>\n\n\n<div class=\"ss-media-grid\">\n<div>\n<figure class=\"wp-block-gallery has-nested-images columns-1 is-cropped ss-lightbox wp-block-gallery-10 is-layout-flex wp-block-gallery-is-layout-flex\">\n\n<figure class=\"wp-block-image size-large formazione-opera-m\"><img decoding=\"async\" alt=\"IMG 9654 scaled\" src=\"https:\/\/spaziospadoni.org\/wp-content\/uploads\/2026\/05\/IMG_9654-scaled-1.jpg\"\/><\/figure>\n\n\n<figure class=\"wp-block-image size-large formazione-opera-m\"><img decoding=\"async\" alt=\"2023 lulgio formazione spazio spadoni opere misericordia italia lucca operam suor anuarite 1 scaled\" src=\"https:\/\/spaziospadoni.org\/wp-content\/uploads\/2026\/05\/2023_lulgio_formazione_spazio_spadoni_opere_misericordia_italia_lucca_operam_suor_anuarite-1-scaled-1.jpg\"\/><\/figure>\n\n\n<figure class=\"wp-block-image size-large formazione-opera-m\"><img decoding=\"async\" alt=\"2023 lulgio formazione spazio spadoni opere misericordia italia lucca operam suor anuarite 5 scaled\" src=\"https:\/\/spaziospadoni.org\/wp-content\/uploads\/2026\/05\/2023_lulgio_formazione_spazio_spadoni_opere_misericordia_italia_lucca_operam_suor_anuarite-5-scaled-1.jpg\"\/><\/figure>\n\n\n<figure class=\"wp-block-image size-large formazione-opera-m\"><img decoding=\"async\" alt=\"2023 lulgio formazione spazio spadoni opere misericordia italia lucca operam suor anuarite 4 scaled\" src=\"https:\/\/spaziospadoni.org\/wp-content\/uploads\/2026\/05\/2023_lulgio_formazione_spazio_spadoni_opere_misericordia_italia_lucca_operam_suor_anuarite-4-scaled-1.jpg\"\/><\/figure>\n\n\n<figure class=\"wp-block-image size-large formazione-opera-m\"><img decoding=\"async\" alt=\"2023 lulgio formazione spazio spadoni opere misericordia italia lucca operam suor anuarite 6 scaled\" src=\"https:\/\/spaziospadoni.org\/wp-content\/uploads\/2026\/05\/2023_lulgio_formazione_spazio_spadoni_opere_misericordia_italia_lucca_operam_suor_anuarite-6-scaled-1.jpg\"\/><\/figure>\n\n\n<figure class=\"wp-block-image size-large formazione-opera-m\"><img decoding=\"async\" alt=\"2023 lulgio formazione spazio spadoni opere misericordia italia lucca operam suor anuarite 2 scaled\" src=\"https:\/\/spaziospadoni.org\/wp-content\/uploads\/2026\/05\/2023_lulgio_formazione_spazio_spadoni_opere_misericordia_italia_lucca_operam_suor_anuarite-2-scaled-1.jpg\"\/><\/figure>\n\n\n<figure class=\"wp-block-image size-large formazione-opera-m\"><img decoding=\"async\" alt=\"2023 lulgio formazione spazio spadoni opere misericordia italia lucca operam suor anuarite 3 scaled\" src=\"https:\/\/spaziospadoni.org\/wp-content\/uploads\/2026\/05\/2023_lulgio_formazione_spazio_spadoni_opere_misericordia_italia_lucca_operam_suor_anuarite-3-scaled-1.jpg\"\/><\/figure>\n\n\n<figure class=\"wp-block-image size-large formazione-opera-m\"><img decoding=\"async\" alt=\"2023 lulgio formazione spazio spadoni opere misericordia italia lucca operam suor anuarite 7 scaled\" src=\"https:\/\/spaziospadoni.org\/wp-content\/uploads\/2026\/05\/2023_lulgio_formazione_spazio_spadoni_opere_misericordia_italia_lucca_operam_suor_anuarite-7-scaled-1.jpg\"\/><\/figure>\n\n\n<figure class=\"wp-block-image size-large italia\"><img decoding=\"async\" alt=\"2023 novembre 19 hicsum 44 suor francine spazio spadoni sorelle santa gemma presentazione comunita 3 225x300\" src=\"https:\/\/spaziospadoni.org\/wp-content\/uploads\/2026\/05\/2023_novembre_19_hicsum_44_suor_francine_spazio_spadoni_sorelle_santa_gemma_presentazione_comunita-3-225x300.jpg\"\/><\/figure>\n\n\n<figure class=\"wp-block-image size-large italia\"><img decoding=\"async\" alt=\"2023 natale suor francine milia sorelle santa gemma formazione hic sum spazio spadoni 5 169x300\" src=\"https:\/\/spaziospadoni.org\/wp-content\/uploads\/2026\/05\/2023_natale_suor_francine_milia_sorelle_santa_gemma_formazione_hic_sum_spazio_spadoni-5-169x300.jpg\"\/><\/figure>\n\n\n<figure class=\"wp-block-image size-large italia\"><img decoding=\"async\" alt=\"2023 natale suor francine milia sorelle santa gemma formazione hic sum spazio spadoni 2 225x300\" src=\"https:\/\/spaziospadoni.org\/wp-content\/uploads\/2026\/05\/2023_natale_suor_francine_milia_sorelle_santa_gemma_formazione_hic_sum_spazio_spadoni-2-225x300.jpg\"\/><\/figure>\n\n\n<figure class=\"wp-block-image size-large italia\"><img decoding=\"async\" alt=\"2023 natale suor francine milia sorelle santa gemma formazione hic sum spazio spadoni 12 169x300\" src=\"https:\/\/spaziospadoni.org\/wp-content\/uploads\/2026\/05\/2023_natale_suor_francine_milia_sorelle_santa_gemma_formazione_hic_sum_spazio_spadoni-12-169x300.jpg\"\/><\/figure>\n\n\n<figure class=\"wp-block-image size-large italia\"><img decoding=\"async\" alt=\"2023 natale suor francine milia sorelle santa gemma formazione hic sum spazio spadoni 10 169x300\" src=\"https:\/\/spaziospadoni.org\/wp-content\/uploads\/2026\/05\/2023_natale_suor_francine_milia_sorelle_santa_gemma_formazione_hic_sum_spazio_spadoni-10-169x300.jpg\"\/><\/figure>\n\n\n<figure class=\"wp-block-image size-large italia\"><img decoding=\"async\" alt=\"2023 natale suor francine milia sorelle santa gemma formazione hic sum spazio spadoni 8 225x300\" src=\"https:\/\/spaziospadoni.org\/wp-content\/uploads\/2026\/05\/2023_natale_suor_francine_milia_sorelle_santa_gemma_formazione_hic_sum_spazio_spadoni-8-225x300.jpg\"\/><\/figure>\n\n\n<figure class=\"wp-block-image size-large repubblica-democratica-del-congo\"><img decoding=\"async\" alt=\"2023 agosto suor francine opere misericordia spazio spadoni 4 300x135\" src=\"https:\/\/spaziospadoni.org\/wp-content\/uploads\/2026\/05\/2023_agosto_suor_francine_opere_misericordia_spazio_spadoni_-4-300x135.jpg\"\/><\/figure>\n\n\n<figure class=\"wp-block-image size-large repubblica-democratica-del-congo\"><img decoding=\"async\" alt=\"2023 agosto suor francine opere misericordia spazio spadoni 3 300x135\" src=\"https:\/\/spaziospadoni.org\/wp-content\/uploads\/2026\/05\/2023_agosto_suor_francine_opere_misericordia_spazio_spadoni_-3-300x135.jpg\"\/><\/figure>\n\n\n<figure class=\"wp-block-image size-large repubblica-democratica-del-congo\"><img decoding=\"async\" alt=\"2023 agosto suor francine opere misericordia spazio spadoni 2 300x135\" src=\"https:\/\/spaziospadoni.org\/wp-content\/uploads\/2026\/05\/2023_agosto_suor_francine_opere_misericordia_spazio_spadoni_-2-300x135.jpg\"\/><\/figure>\n\n\n<figure class=\"wp-block-image size-large repubblica-democratica-del-congo\"><img decoding=\"async\" alt=\"2023 agosto suor francine opere misericordia spazio spadoni 1 135x300\" src=\"https:\/\/spaziospadoni.org\/wp-content\/uploads\/2026\/05\/2023_agosto_suor_francine_opere_misericordia_spazio_spadoni_-1-135x300.jpg\"\/><\/figure>\n\n\n<figure class=\"wp-block-image size-large formazione-opera-m\"><img decoding=\"async\" alt=\"2024 febbraio 15 suorfrancine italia luigi spadoni formazione progetto hic sum 2 225x300\" src=\"https:\/\/spaziospadoni.org\/wp-content\/uploads\/2026\/05\/2024_febbraio_15_suorfrancine_italia_luigi_spadoni_formazione_progetto_hic_sum-2-225x300.jpg\"\/><\/figure>\n\n\n<figure class=\"wp-block-image size-large formazione-opera-m\"><img decoding=\"async\" alt=\"2024 febbraio 15 suorfrancine italia luigi spadoni formazione progetto hic sum 1 225x300\" src=\"https:\/\/spaziospadoni.org\/wp-content\/uploads\/2026\/05\/2024_febbraio_15_suorfrancine_italia_luigi_spadoni_formazione_progetto_hic_sum-1-225x300.jpg\"\/><\/figure>\n\n\n<figure class=\"wp-block-image size-large formazione-opera-m\"><img decoding=\"async\" alt=\"2024 marzo formazione opere misericordia progetto hic sum suor francibe spazio spadoni 5 169x300\" src=\"https:\/\/spaziospadoni.org\/wp-content\/uploads\/2026\/05\/2024_marzo_formazione_opere_misericordia_progetto_hic_sum_suor_francibe_spazio_spadoni-5-169x300.jpg\"\/><\/figure>\n\n\n<figure class=\"wp-block-image size-large formazione-opera-m\"><img decoding=\"async\" alt=\"2024 marzo formazione opere misericordia progetto hic sum suor francibe spazio spadoni 13 225x300\" src=\"https:\/\/spaziospadoni.org\/wp-content\/uploads\/2026\/05\/2024_marzo_formazione_opere_misericordia_progetto_hic_sum_suor_francibe_spazio_spadoni-13-225x300.jpg\"\/><\/figure>\n\n\n<figure class=\"wp-block-image size-large formazione-opera-m\"><img decoding=\"async\" alt=\"2024 marzo formazione opere misericordia progetto hic sum suor francibe spazio spadoni 15 225x300\" src=\"https:\/\/spaziospadoni.org\/wp-content\/uploads\/2026\/05\/2024_marzo_formazione_opere_misericordia_progetto_hic_sum_suor_francibe_spazio_spadoni-15-225x300.jpg\"\/><\/figure>\n\n\n<figure class=\"wp-block-image size-large formazione-opera-m\"><img decoding=\"async\" alt=\"2024 marzo formazione opere misericordia progetto hic sum suor francibe spazio spadoni 17 225x300\" src=\"https:\/\/spaziospadoni.org\/wp-content\/uploads\/2026\/05\/2024_marzo_formazione_opere_misericordia_progetto_hic_sum_suor_francibe_spazio_spadoni-17-225x300.jpg\"\/><\/figure>\n\n\n<figure class=\"wp-block-image size-large formazione-opera-m\"><img decoding=\"async\" alt=\"2024 marzo formazione opere misericordia progetto hic sum suor francibe spazio spadoni 29 225x300\" src=\"https:\/\/spaziospadoni.org\/wp-content\/uploads\/2026\/05\/2024_marzo_formazione_opere_misericordia_progetto_hic_sum_suor_francibe_spazio_spadoni-29-225x300.jpg\"\/><\/figure>\n\n\n<figure class=\"wp-block-image size-large formazione-opera-m\"><img decoding=\"async\" alt=\"2024 marzo formazione opere misericordia progetto hic sum suor francibe spazio spadoni 31 300x225\" src=\"https:\/\/spaziospadoni.org\/wp-content\/uploads\/2026\/05\/2024_marzo_formazione_opere_misericordia_progetto_hic_sum_suor_francibe_spazio_spadoni-31-300x225.jpg\"\/><\/figure>\n\n\n<figure class=\"wp-block-image size-large formazione\"><img decoding=\"async\" alt=\"2024 marzo formazione opere misericordia progetto hic sum suor francibe spazio spadoni 35 225x300\" src=\"https:\/\/spaziospadoni.org\/wp-content\/uploads\/2026\/05\/2024_marzo_formazione_opere_misericordia_progetto_hic_sum_suor_francibe_spazio_spadoni-35-225x300.jpg\"\/><\/figure>\n\n\n<figure class=\"wp-block-image size-large formazione-opera-m\"><img decoding=\"async\" alt=\"2024 marzo formazione opere misericordia progetto hic sum suor francibe spazio spadoni 37 225x300\" src=\"https:\/\/spaziospadoni.org\/wp-content\/uploads\/2026\/05\/2024_marzo_formazione_opere_misericordia_progetto_hic_sum_suor_francibe_spazio_spadoni-37-225x300.jpg\"\/><\/figure>\n\n\n<figure class=\"wp-block-image size-large formazione-opera-m\"><img decoding=\"async\" alt=\"2024 marzo formazione opere misericordia progetto hic sum suor francibe spazio spadoni 41 225x300\" src=\"https:\/\/spaziospadoni.org\/wp-content\/uploads\/2026\/05\/2024_marzo_formazione_opere_misericordia_progetto_hic_sum_suor_francibe_spazio_spadoni-41-225x300.jpg\"\/><\/figure>\n\n\n<figure class=\"wp-block-image size-large italia\"><img decoding=\"async\" alt=\"2024 marzo formazione opere misericordia progetto hic sum suor francibe spazio spadoni 42 169x300\" src=\"https:\/\/spaziospadoni.org\/wp-content\/uploads\/2026\/05\/2024_marzo_formazione_opere_misericordia_progetto_hic_sum_suor_francibe_spazio_spadoni-42-169x300.jpg\"\/><\/figure>\n\n\n<figure class=\"wp-block-image size-large italia\"><img decoding=\"async\" alt=\"2024 marzo formazione opere misericordia progetto hic sum suor francibe spazio spadoni 44 300x169\" src=\"https:\/\/spaziospadoni.org\/wp-content\/uploads\/2026\/05\/2024_marzo_formazione_opere_misericordia_progetto_hic_sum_suor_francibe_spazio_spadoni-44-300x169.jpg\"\/><\/figure>\n\n\n<figure class=\"wp-block-image size-large italia\"><img decoding=\"async\" alt=\"2024 febbraio 5 suor francine progetto hic sum spazio spadoni visita pisa 1 225x300\" src=\"https:\/\/spaziospadoni.org\/wp-content\/uploads\/2026\/05\/2024_febbraio_5_suor_francine_progetto_hic_sum_spazio_spadoni_visita_pisa-1-225x300.jpg\"\/><\/figure>\n\n\n<figure class=\"wp-block-image size-large italia\"><img decoding=\"async\" alt=\"2024 febbraio 5 suor francine progetto hic sum spazio spadoni visita pisa 2 225x300\" src=\"https:\/\/spaziospadoni.org\/wp-content\/uploads\/2026\/05\/2024_febbraio_5_suor_francine_progetto_hic_sum_spazio_spadoni_visita_pisa-2-225x300.jpg\"\/><\/figure>\n\n\n<figure class=\"wp-block-image size-large italia\"><img decoding=\"async\" alt=\"2024 febbraio 5 suor francine progetto hic sum spazio spadoni visita pisa 4 300x225\" src=\"https:\/\/spaziospadoni.org\/wp-content\/uploads\/2026\/05\/2024_febbraio_5_suor_francine_progetto_hic_sum_spazio_spadoni_visita_pisa-4-300x225.jpg\"\/><\/figure>\n\n\n<figure class=\"wp-block-image size-large italia\"><img decoding=\"async\" alt=\"francine 5 1 225x300\" src=\"https:\/\/spaziospadoni.org\/wp-content\/uploads\/2026\/05\/francine-5-1-225x300.jpg\"\/><\/figure>\n\n\n<figure class=\"wp-block-image size-large italia\"><img decoding=\"async\" alt=\"francine 1 1 300x225\" src=\"https:\/\/spaziospadoni.org\/wp-content\/uploads\/2026\/05\/francine-1-1-300x225.jpg\"\/><\/figure>\n\n\n<figure class=\"wp-block-image size-large italia\"><img decoding=\"async\" alt=\"1 300x273\" src=\"https:\/\/spaziospadoni.org\/wp-content\/uploads\/2026\/05\/1-1.jpg\"\/><\/figure>\n\n\n<figure class=\"wp-block-image size-large italia\"><img decoding=\"async\" alt=\"4 e1708506872593 300x244\" src=\"https:\/\/spaziospadoni.org\/wp-content\/uploads\/2026\/05\/4-e1708506872593-300x244.jpg\"\/><\/figure>\n\n\n<figure class=\"wp-block-image size-large repubblica-democratica-del-congo\"><img decoding=\"async\" alt=\"2023 dicembre 6 hicsum 44 suor francine spazio spadoni sorelle santa gemma selene pera goma superiora provinciale 225x300\" src=\"https:\/\/spaziospadoni.org\/wp-content\/uploads\/2026\/05\/2023_dicembre_6_hicsum_44_suor_francine_spazio_spadoni_sorelle_santa_gemma_selene_pera_goma_superiora_provinciale-225x300.jpg\"\/><\/figure>\n\n\n<figure class=\"wp-block-image size-large italia\"><img decoding=\"async\" alt=\"2023 dicembre 25 hicsum 44 suor francine spazio spadoni sorelle santa gemma misericordia festeggiamenti natale 2 300x135\" src=\"https:\/\/spaziospadoni.org\/wp-content\/uploads\/2026\/05\/2023_dicembre_25_hicsum_44_suor_francine_spazio_spadoni_sorelle_santa_gemma_misericordia_festeggiamenti_natale-2-300x135.jpg\"\/><\/figure>\n\n\n<figure class=\"wp-block-image size-large italia\"><img decoding=\"async\" alt=\"2023 novembre 19 hicsum 44 suor francine spazio spadoni sorelle santa gemma presentazione comunita 225x300\" src=\"https:\/\/spaziospadoni.org\/wp-content\/uploads\/2026\/05\/2023_novembre_19_hicsum_44_suor_francine_spazio_spadoni_sorelle_santa_gemma_presentazione_comunita-225x300.jpg\"\/><\/figure>\n\n\n<figure class=\"wp-block-image size-large italia\"><img decoding=\"async\" alt=\"2024 febbraio 22 hicsum 44 suor francine religieuses instruction chretienne spazio spadoni sorelle santa gemma misericordia comunita pastorale consegna divisa 2 225x300\" src=\"https:\/\/spaziospadoni.org\/wp-content\/uploads\/2026\/05\/2024_febbraio_22_hicsum_44_suor_francine_religieuses_instruction_chretienne_spazio_spadoni_sorelle_santa_gemma_misericordia_comunita_pastorale_consegna_divisa-2-225x300.jpg\"\/><\/figure>\n\n\n<figure class=\"wp-block-image size-large italia\"><img decoding=\"async\" alt=\"2024 febbraio 22 hicsum 44 suor francine religieuses instruction chretienne spazio spadoni sorelle santa gemma misericordia comunita pastorale consegna divisa 225x300\" src=\"https:\/\/spaziospadoni.org\/wp-content\/uploads\/2026\/05\/2024_febbraio_22_hicsum_44_suor_francine_religieuses_instruction_chretienne_spazio_spadoni_sorelle_santa_gemma_misericordia_comunita_pastorale_consegna_divisa-225x300.jpg\"\/><\/figure>\n\n\n<figure class=\"wp-block-image size-large italia\"><img decoding=\"async\" alt=\"2024 marzo 3 hicsum 44 suor francine religieuses instruction chretienne spazio spadoni sorelle santa gemma misericordia comunita pastorale formazione 169x300\" src=\"https:\/\/spaziospadoni.org\/wp-content\/uploads\/2026\/05\/2024_marzo_3_hicsum_44_suor_francine_religieuses_instruction_chretienne_spazio_spadoni_sorelle_santa_gemma_misericordia_comunita_pastorale_formazione-169x300.jpg\"\/><\/figure>\n\n\n<figure class=\"wp-block-image size-large italia\"><img decoding=\"async\" alt=\"2024 marzo 15 hicsum 44 suor francine religieuses instruction chretienne spazio spadoni sorelle santa gemma misericordia comunita pastorale incontro vescovo giulietti 225x300\" src=\"https:\/\/spaziospadoni.org\/wp-content\/uploads\/2026\/05\/2024_marzo_15_hicsum_44_suor_francine_religieuses_instruction_chretienne_spazio_spadoni_sorelle_santa_gemma_misericordia_comunita_pastorale_incontro_vescovo_giulietti-225x300.jpg\"\/><\/figure>\n\n\n<figure class=\"wp-block-image size-large italia\"><img decoding=\"async\" alt=\"2024 marzo 24 hicsum 44 italia suor francine religieuses instruction chretienne spazio spadoni sorelle santa gemma misericordia comunita pastorale saluto partenza 4 300x225\" src=\"https:\/\/spaziospadoni.org\/wp-content\/uploads\/2026\/05\/2024_marzo_24_hicsum_44_italia_suor_francine_religieuses_instruction_chretienne_spazio_spadoni_sorelle_santa_gemma_misericordia_comunita_pastorale_saluto_partenza-4-300x225.jpg\"\/><\/figure>\n\n\n<figure class=\"wp-block-image size-large italia\"><img decoding=\"async\" alt=\"2024 marzo 24 hicsum 44 italia suor francine religieuses instruction chretienne spazio spadoni sorelle santa gemma misericordia comunita pastorale saluto partenza 6 135x300\" src=\"https:\/\/spaziospadoni.org\/wp-content\/uploads\/2026\/05\/2024_marzo_24_hicsum_44_italia_suor_francine_religieuses_instruction_chretienne_spazio_spadoni_sorelle_santa_gemma_misericordia_comunita_pastorale_saluto_partenza-6-135x300.jpg\"\/><\/figure>\n\n\n<figure class=\"wp-block-image size-large italia\"><img decoding=\"async\" alt=\"2024 marzo 24 hicsum 44 italia suor francine religieuses instruction chretienne spazio spadoni sorelle santa gemma misericordia comunita pastorale saluto partenza 225x300\" src=\"https:\/\/spaziospadoni.org\/wp-content\/uploads\/2026\/05\/2024_marzo_24_hicsum_44_italia_suor_francine_religieuses_instruction_chretienne_spazio_spadoni_sorelle_santa_gemma_misericordia_comunita_pastorale_saluto_partenza-225x300.jpg\"\/><\/figure>\n\n\n<figure class=\"wp-block-image size-large formazione\"><img decoding=\"async\" alt=\"2024 marzo 24 hicsum 44 suor francine religieuses instruction chretienne spazio spadoni sorelle santa gemma misericordia comunita pastorale partenza congo 225x300\" src=\"https:\/\/spaziospadoni.org\/wp-content\/uploads\/2026\/05\/2024_marzo_24_hicsum_44_suor_francine_religieuses_instruction_chretienne_spazio_spadoni_sorelle_santa_gemma_misericordia_comunita_pastorale_partenza_congo-225x300.jpg\"\/><\/figure>\n\n\n<figure class=\"wp-block-image size-large italia\"><img decoding=\"async\" alt=\"2024 marzo hicsum 44 italia suor francine religieuses instruction chretienne spazio spadoni sorelle santa gemma misericordia comunita pastorale san cerbone luigi 225x300\" src=\"https:\/\/spaziospadoni.org\/wp-content\/uploads\/2026\/05\/2024_marzo_hicsum_44_italia_suor_francine_religieuses_instruction_chretienne_spazio_spadoni_sorelle_santa_gemma_misericordia_comunita_pastorale_san_cerbone_luigi-225x300.jpg\"\/><\/figure>\n\n\n<figure class=\"wp-block-image size-large formazione-opera-m\"><img decoding=\"async\" alt=\"2024 marzo hicsum 44 italia suor francine religieuses instruction chretienne spazio spadoni sorelle santa gemma misericordia comunita pastorale visita pistoia 2 225x300\" src=\"https:\/\/spaziospadoni.org\/wp-content\/uploads\/2026\/05\/2024_marzo_hicsum_44_italia_suor_francine_religieuses_instruction_chretienne_spazio_spadoni_sorelle_santa_gemma_misericordia_comunita_pastorale_visita_pistoia-2-225x300.jpg\"\/><\/figure>\n\n\n<figure class=\"wp-block-image size-large repubblica-democratica-del-congo\"><img decoding=\"async\" alt=\"Religiose Istruzione Cristiana Goma e1715152664668 300x192\" src=\"https:\/\/spaziospadoni.org\/wp-content\/uploads\/2026\/05\/Religiose-Istruzione-Cristiana-Goma-e1715152664668-300x192.jpg\"\/><\/figure>\n\n\n<figure class=\"wp-block-image size-large italia\"><img decoding=\"async\" alt=\"2025 ottobre 13 suor francine anuarite roma italia incontro luigi spadoni opere misericordia hic sum 2\" src=\"https:\/\/spaziospadoni.org\/wp-content\/uploads\/2026\/05\/2025_ottobre_13_suor_francine_anuarite_roma_italia_incontro_luigi_spadoni_opere_misericordia_hic_sum-2.jpg\"\/><\/figure>\n\n\n<figure class=\"wp-block-image size-large italia\"><img decoding=\"async\" alt=\"2025 ottobre 12 incontro suor gloriose francine anuarite selene roma incontro spazio spadoni 1\" src=\"https:\/\/spaziospadoni.org\/wp-content\/uploads\/2026\/05\/2025_ottobre_12_incontro_suor_gloriose_francine_anuarite_selene_roma_incontro_spazio_spadoni-1.jpeg\"\/><\/figure>\n\n\n<figure class=\"wp-block-image size-large italia\"><img decoding=\"async\" alt=\"2025 ottobre 12 incontro suor gloriose francine anuarite selene roma incontro spazio spadoni 2\" src=\"https:\/\/spaziospadoni.org\/wp-content\/uploads\/2026\/05\/2025_ottobre_12_incontro_suor_gloriose_francine_anuarite_selene_roma_incontro_spazio_spadoni-2.jpeg\"\/><\/figure>\n\n<\/figure>\n\n\n<div class=\"gb-element-b24bbf5e ss-media-videos\">\n\n<figure class=\"wp-block-video video\"><video controls=\"\" src=\"https:\/\/spaziospadoni.org\/wp-content\/uploads\/2026\/05\/Suor-Francine_marzo_2024.mp4\"><\/video><figcaption class=\"wp-element-caption\">Suor Francine marzo 2024<\/figcaption><\/figure>\n\n<\/div>\n\n<\/div>\n\n<\/div>\n\n<\/div>\n\n","protected":false},"excerpt":{"rendered":"<p>Goma | Goma (Rep\u00fablica Democr\u00e1tica do Congo) OPERA M35 MISS\u00c3O Local Goma Diocese Goma Pa\u00eds Rep\u00fablica Democr\u00e1tica do Congo Continente \u00c1frica Coordenadas GPS -1.65843 29.2223 Fuso hor\u00e1rio UTC+2 ORGANIZADOR Congrega\u00e7\u00e3o Religieuses de l\u2019Instruction Chr\u00e9tienne Casa-M\u00e3e Li\u00e8ge, B\u00e9lgica Diocese Li\u00e8ge Pa\u00eds B\u00e9lgica Continente Europa Festa da Congrega\u00e7\u00e3o 25 de mar\u00e7o Coordenadas GPS 50.63960 5.57009 Fuso hor\u00e1rio &#8230; <a title=\"Rep\u00fablica Democr\u00e1tica do Congo &#8211; \u00c1frica | Projeto M35\" class=\"read-more\" href=\"https:\/\/spaziospadoni.org\/pt-pt\/opera-m\/republica-democratica-do-congo-africa-projeto-m35\/\" aria-label=\"Read more about Rep\u00fablica Democr\u00e1tica do Congo &#8211; \u00c1frica | Projeto M35\">Ler mais<\/a><\/p>\n","protected":false},"author":102,"featured_media":0,"parent":89582,"menu_order":0,"comment_status":"closed","ping_status":"closed","template":"","meta":{"_sitemap_exclude":false,"_sitemap_priority":"","_sitemap_frequency":"","footnotes":""},"class_list":["post-83571","page","type-page","status-publish","infinite-scroll-item"],"yoast_head":"<!-- This site is optimized with the Yoast SEO plugin v28.4 - https:\/\/yoast.com\/product\/yoast-seo-wordpress\/ -->\n<title>Rep\u00fablica Democr\u00e1tica do Congo - \u00c1frica | Projeto M35 | Spazio Spadoni<\/title>\n<meta name=\"description\" content=\"Goma | Goma (Rep\u00fablica Democr\u00e1tica do Congo) OPERA M35 MISS\u00c3O Local Goma Diocese Goma Pa\u00eds Rep\u00fablica Democr\u00e1tica do Congo Continente \u00c1frica Coordenadas\" \/>\n<meta name=\"robots\" content=\"index, follow, max-snippet:-1, max-image-preview:large, max-video-preview:-1\" \/>\n<link rel=\"canonical\" href=\"https:\/\/spaziospadoni.org\/pt-pt\/opera-m\/republica-democratica-do-congo-africa-projeto-m35\/\" \/>\n<meta property=\"og:locale\" content=\"pt_PT\" \/>\n<meta property=\"og:type\" content=\"article\" \/>\n<meta property=\"og:title\" content=\"Rep\u00fablica Democr\u00e1tica do Congo - \u00c1frica | Projeto M35 | Spazio Spadoni\" \/>\n<meta property=\"og:description\" content=\"Goma | Goma (Rep\u00fablica Democr\u00e1tica do Congo) OPERA M35 MISS\u00c3O Local Goma Diocese Goma Pa\u00eds Rep\u00fablica Democr\u00e1tica do Congo Continente \u00c1frica Coordenadas\" \/>\n<meta property=\"og:url\" content=\"https:\/\/spaziospadoni.org\/pt-pt\/opera-m\/republica-democratica-do-congo-africa-projeto-m35\/\" \/>\n<meta property=\"og:site_name\" content=\"spazio + spadoni\" \/>\n<meta property=\"article:publisher\" content=\"https:\/\/www.facebook.com\/SpazioSpadoni\/\" \/>\n<meta property=\"article:modified_time\" content=\"2026-07-31T13:40:40+00:00\" \/>\n<meta property=\"og:image\" content=\"https:\/\/spaziospadoni.org\/wp-content\/uploads\/2026\/05\/hicsum_1_congo-spaziospadoni-scaled.png\" \/>\n\t<meta property=\"og:image:width\" content=\"2560\" \/>\n\t<meta property=\"og:image:height\" content=\"1771\" \/>\n\t<meta property=\"og:image:type\" content=\"image\/png\" \/>\n<meta name=\"twitter:card\" content=\"summary_large_image\" \/>\n<meta name=\"twitter:label1\" content=\"Est. reading time\" \/>\n\t<meta name=\"twitter:data1\" content=\"18 minutes\" \/>\n<script type=\"application\/ld+json\" class=\"yoast-schema-graph\">{\"@context\":\"https:\\\/\\\/schema.org\",\"@graph\":[{\"@type\":\"WebPage\",\"@id\":\"https:\\\/\\\/spaziospadoni.org\\\/pt-pt\\\/opera-m\\\/republica-democratica-do-congo-africa-projeto-m35\\\/\",\"url\":\"https:\\\/\\\/spaziospadoni.org\\\/pt-pt\\\/opera-m\\\/republica-democratica-do-congo-africa-projeto-m35\\\/\",\"name\":\"Rep\u00fablica Democr\u00e1tica do Congo - \u00c1frica | Projeto M35 | Spazio Spadoni\",\"isPartOf\":{\"@id\":\"https:\\\/\\\/spaziospadoni.org\\\/pt-pt\\\/#website\"},\"primaryImageOfPage\":{\"@id\":\"https:\\\/\\\/spaziospadoni.org\\\/pt-pt\\\/opera-m\\\/republica-democratica-do-congo-africa-projeto-m35\\\/#primaryimage\"},\"image\":{\"@id\":\"https:\\\/\\\/spaziospadoni.org\\\/pt-pt\\\/opera-m\\\/republica-democratica-do-congo-africa-projeto-m35\\\/#primaryimage\"},\"thumbnailUrl\":\"https:\\\/\\\/spaziospadoni.org\\\/wp-content\\\/uploads\\\/2026\\\/05\\\/hicsum_1_congo-spaziospadoni.png\",\"datePublished\":\"2026-05-18T13:17:39+00:00\",\"dateModified\":\"2026-07-31T13:40:40+00:00\",\"description\":\"Goma | Goma (Rep\u00fablica Democr\u00e1tica do Congo) OPERA M35 MISS\u00c3O Local Goma Diocese Goma Pa\u00eds Rep\u00fablica Democr\u00e1tica do Congo Continente \u00c1frica Coordenadas\",\"breadcrumb\":{\"@id\":\"https:\\\/\\\/spaziospadoni.org\\\/pt-pt\\\/opera-m\\\/republica-democratica-do-congo-africa-projeto-m35\\\/#breadcrumb\"},\"inLanguage\":\"pt-PT\",\"potentialAction\":[{\"@type\":\"ReadAction\",\"target\":[\"https:\\\/\\\/spaziospadoni.org\\\/pt-pt\\\/opera-m\\\/republica-democratica-do-congo-africa-projeto-m35\\\/\"]}]},{\"@type\":\"ImageObject\",\"inLanguage\":\"pt-PT\",\"@id\":\"https:\\\/\\\/spaziospadoni.org\\\/pt-pt\\\/opera-m\\\/republica-democratica-do-congo-africa-projeto-m35\\\/#primaryimage\",\"url\":\"https:\\\/\\\/spaziospadoni.org\\\/wp-content\\\/uploads\\\/2026\\\/05\\\/hicsum_1_congo-spaziospadoni.png\",\"contentUrl\":\"https:\\\/\\\/spaziospadoni.org\\\/wp-content\\\/uploads\\\/2026\\\/05\\\/hicsum_1_congo-spaziospadoni.png\"},{\"@type\":\"BreadcrumbList\",\"@id\":\"https:\\\/\\\/spaziospadoni.org\\\/pt-pt\\\/opera-m\\\/republica-democratica-do-congo-africa-projeto-m35\\\/#breadcrumb\",\"itemListElement\":[{\"@type\":\"ListItem\",\"position\":1,\"name\":\"Home\",\"item\":\"https:\\\/\\\/spaziospadoni.org\\\/pt-pt\\\/\"},{\"@type\":\"ListItem\",\"position\":2,\"name\":\"Obras de Miseric\u00f3rdia\",\"item\":\"https:\\\/\\\/spaziospadoni.org\\\/pt-pt\\\/obras-de-misericordia\\\/\"},{\"@type\":\"ListItem\",\"position\":3,\"name\":\"Rep\u00fablica Democr\u00e1tica do Congo &#8211; \u00c1frica | Projeto M35\"}]},{\"@type\":\"WebSite\",\"@id\":\"https:\\\/\\\/spaziospadoni.org\\\/pt-pt\\\/#website\",\"url\":\"https:\\\/\\\/spaziospadoni.org\\\/pt-pt\\\/\",\"name\":\"spazio + spadoni\",\"description\":\"Generazione di misericordia e missione nel mondo\",\"publisher\":{\"@id\":\"https:\\\/\\\/spaziospadoni.org\\\/pt-pt\\\/#organization\"},\"alternateName\":\"spaziospadoni.org\",\"potentialAction\":[{\"@type\":\"SearchAction\",\"target\":{\"@type\":\"EntryPoint\",\"urlTemplate\":\"https:\\\/\\\/spaziospadoni.org\\\/pt-pt\\\/?s={search_term_string}\"},\"query-input\":{\"@type\":\"PropertyValueSpecification\",\"valueRequired\":true,\"valueName\":\"search_term_string\"}}],\"inLanguage\":\"pt-PT\"},{\"@type\":\"Organization\",\"@id\":\"https:\\\/\\\/spaziospadoni.org\\\/pt-pt\\\/#organization\",\"name\":\"spazio + spadoni\",\"alternateName\":\"spaziospadoni.org\",\"url\":\"https:\\\/\\\/spaziospadoni.org\\\/pt-pt\\\/\",\"logo\":{\"@type\":\"ImageObject\",\"inLanguage\":\"pt-PT\",\"@id\":\"https:\\\/\\\/spaziospadoni.org\\\/pt-pt\\\/#\\\/schema\\\/logo\\\/image\\\/\",\"url\":\"https:\\\/\\\/spaziospadoni.org\\\/wp-content\\\/uploads\\\/2026\\\/05\\\/spazio-spadoni-logo-100x100-1.webp\",\"contentUrl\":\"https:\\\/\\\/spaziospadoni.org\\\/wp-content\\\/uploads\\\/2026\\\/05\\\/spazio-spadoni-logo-100x100-1.webp\",\"width\":100,\"height\":100,\"caption\":\"spazio + spadoni\"},\"image\":{\"@id\":\"https:\\\/\\\/spaziospadoni.org\\\/pt-pt\\\/#\\\/schema\\\/logo\\\/image\\\/\"},\"sameAs\":[\"https:\\\/\\\/www.facebook.com\\\/SpazioSpadoni\\\/\",\"https:\\\/\\\/www.instagram.com\\\/spaziospadoni\\\/\",\"https:\\\/\\\/www.youtube.com\\\/@spaziospadoni\\\/playlists\"]}]}<\/script>\n<!-- \/ Yoast SEO plugin. -->","yoast_head_json":{"title":"Rep\u00fablica Democr\u00e1tica do Congo - \u00c1frica | Projeto M35 | Spazio Spadoni","description":"Goma | Goma (Rep\u00fablica Democr\u00e1tica do Congo) OPERA M35 MISS\u00c3O Local Goma Diocese Goma Pa\u00eds Rep\u00fablica Democr\u00e1tica do Congo Continente \u00c1frica Coordenadas","robots":{"index":"index","follow":"follow","max-snippet":"max-snippet:-1","max-image-preview":"max-image-preview:large","max-video-preview":"max-video-preview:-1"},"canonical":"https:\/\/spaziospadoni.org\/pt-pt\/opera-m\/republica-democratica-do-congo-africa-projeto-m35\/","og_locale":"pt_PT","og_type":"article","og_title":"Rep\u00fablica Democr\u00e1tica do Congo - \u00c1frica | Projeto M35 | Spazio Spadoni","og_description":"Goma | Goma (Rep\u00fablica Democr\u00e1tica do Congo) OPERA M35 MISS\u00c3O Local Goma Diocese Goma Pa\u00eds Rep\u00fablica Democr\u00e1tica do Congo Continente \u00c1frica Coordenadas","og_url":"https:\/\/spaziospadoni.org\/pt-pt\/opera-m\/republica-democratica-do-congo-africa-projeto-m35\/","og_site_name":"spazio + spadoni","article_publisher":"https:\/\/www.facebook.com\/SpazioSpadoni\/","article_modified_time":"2026-07-31T13:40:40+00:00","og_image":[{"width":2560,"height":1771,"url":"https:\/\/spaziospadoni.org\/wp-content\/uploads\/2026\/05\/hicsum_1_congo-spaziospadoni-scaled.png","type":"image\/png"}],"twitter_card":"summary_large_image","twitter_misc":{"Est. reading time":"18 minutes"},"schema":{"@context":"https:\/\/schema.org","@graph":[{"@type":"WebPage","@id":"https:\/\/spaziospadoni.org\/pt-pt\/opera-m\/republica-democratica-do-congo-africa-projeto-m35\/","url":"https:\/\/spaziospadoni.org\/pt-pt\/opera-m\/republica-democratica-do-congo-africa-projeto-m35\/","name":"Rep\u00fablica Democr\u00e1tica do Congo - \u00c1frica | Projeto M35 | Spazio Spadoni","isPartOf":{"@id":"https:\/\/spaziospadoni.org\/pt-pt\/#website"},"primaryImageOfPage":{"@id":"https:\/\/spaziospadoni.org\/pt-pt\/opera-m\/republica-democratica-do-congo-africa-projeto-m35\/#primaryimage"},"image":{"@id":"https:\/\/spaziospadoni.org\/pt-pt\/opera-m\/republica-democratica-do-congo-africa-projeto-m35\/#primaryimage"},"thumbnailUrl":"https:\/\/spaziospadoni.org\/wp-content\/uploads\/2026\/05\/hicsum_1_congo-spaziospadoni.png","datePublished":"2026-05-18T13:17:39+00:00","dateModified":"2026-07-31T13:40:40+00:00","description":"Goma | Goma (Rep\u00fablica Democr\u00e1tica do Congo) OPERA M35 MISS\u00c3O Local Goma Diocese Goma Pa\u00eds Rep\u00fablica Democr\u00e1tica do Congo Continente \u00c1frica Coordenadas","breadcrumb":{"@id":"https:\/\/spaziospadoni.org\/pt-pt\/opera-m\/republica-democratica-do-congo-africa-projeto-m35\/#breadcrumb"},"inLanguage":"pt-PT","potentialAction":[{"@type":"ReadAction","target":["https:\/\/spaziospadoni.org\/pt-pt\/opera-m\/republica-democratica-do-congo-africa-projeto-m35\/"]}]},{"@type":"ImageObject","inLanguage":"pt-PT","@id":"https:\/\/spaziospadoni.org\/pt-pt\/opera-m\/republica-democratica-do-congo-africa-projeto-m35\/#primaryimage","url":"https:\/\/spaziospadoni.org\/wp-content\/uploads\/2026\/05\/hicsum_1_congo-spaziospadoni.png","contentUrl":"https:\/\/spaziospadoni.org\/wp-content\/uploads\/2026\/05\/hicsum_1_congo-spaziospadoni.png"},{"@type":"BreadcrumbList","@id":"https:\/\/spaziospadoni.org\/pt-pt\/opera-m\/republica-democratica-do-congo-africa-projeto-m35\/#breadcrumb","itemListElement":[{"@type":"ListItem","position":1,"name":"Home","item":"https:\/\/spaziospadoni.org\/pt-pt\/"},{"@type":"ListItem","position":2,"name":"Obras de Miseric\u00f3rdia","item":"https:\/\/spaziospadoni.org\/pt-pt\/obras-de-misericordia\/"},{"@type":"ListItem","position":3,"name":"Rep\u00fablica Democr\u00e1tica do Congo &#8211; \u00c1frica | Projeto M35"}]},{"@type":"WebSite","@id":"https:\/\/spaziospadoni.org\/pt-pt\/#website","url":"https:\/\/spaziospadoni.org\/pt-pt\/","name":"spazio + spadoni","description":"Generazione di misericordia e missione nel mondo","publisher":{"@id":"https:\/\/spaziospadoni.org\/pt-pt\/#organization"},"alternateName":"spaziospadoni.org","potentialAction":[{"@type":"SearchAction","target":{"@type":"EntryPoint","urlTemplate":"https:\/\/spaziospadoni.org\/pt-pt\/?s={search_term_string}"},"query-input":{"@type":"PropertyValueSpecification","valueRequired":true,"valueName":"search_term_string"}}],"inLanguage":"pt-PT"},{"@type":"Organization","@id":"https:\/\/spaziospadoni.org\/pt-pt\/#organization","name":"spazio + spadoni","alternateName":"spaziospadoni.org","url":"https:\/\/spaziospadoni.org\/pt-pt\/","logo":{"@type":"ImageObject","inLanguage":"pt-PT","@id":"https:\/\/spaziospadoni.org\/pt-pt\/#\/schema\/logo\/image\/","url":"https:\/\/spaziospadoni.org\/wp-content\/uploads\/2026\/05\/spazio-spadoni-logo-100x100-1.webp","contentUrl":"https:\/\/spaziospadoni.org\/wp-content\/uploads\/2026\/05\/spazio-spadoni-logo-100x100-1.webp","width":100,"height":100,"caption":"spazio + spadoni"},"image":{"@id":"https:\/\/spaziospadoni.org\/pt-pt\/#\/schema\/logo\/image\/"},"sameAs":["https:\/\/www.facebook.com\/SpazioSpadoni\/","https:\/\/www.instagram.com\/spaziospadoni\/","https:\/\/www.youtube.com\/@spaziospadoni\/playlists"]}]}},"_links":{"self":[{"href":"https:\/\/spaziospadoni.org\/pt-pt\/wp-json\/wp\/v2\/pages\/83571","targetHints":{"allow":["GET"]}}],"collection":[{"href":"https:\/\/spaziospadoni.org\/pt-pt\/wp-json\/wp\/v2\/pages"}],"about":[{"href":"https:\/\/spaziospadoni.org\/pt-pt\/wp-json\/wp\/v2\/types\/page"}],"author":[{"embeddable":true,"href":"https:\/\/spaziospadoni.org\/pt-pt\/wp-json\/wp\/v2\/users\/102"}],"replies":[{"embeddable":true,"href":"https:\/\/spaziospadoni.org\/pt-pt\/wp-json\/wp\/v2\/comments?post=83571"}],"version-history":[{"count":0,"href":"https:\/\/spaziospadoni.org\/pt-pt\/wp-json\/wp\/v2\/pages\/83571\/revisions"}],"up":[{"embeddable":true,"href":"https:\/\/spaziospadoni.org\/pt-pt\/wp-json\/wp\/v2\/pages\/89582"}],"wp:attachment":[{"href":"https:\/\/spaziospadoni.org\/pt-pt\/wp-json\/wp\/v2\/media?parent=83571"}],"curies":[{"name":"wp","href":"https:\/\/api.w.org\/{rel}","templated":true}]}}