{"id":87890,"date":"2026-05-18T14:20:26","date_gmt":"2026-05-18T13:20:26","guid":{"rendered":"https:\/\/spaziospadoni.org\/obras-de-misericordia\/repubblica-democratica-del-congo-africa-progetto-m44\/"},"modified":"2026-08-03T13:35:15","modified_gmt":"2026-08-03T12:35:15","slug":"republica-democratica-do-congo-africa-projeto-m44","status":"publish","type":"page","link":"https:\/\/spaziospadoni.org\/pt-pt\/opera-m\/republica-democratica-do-congo-africa-projeto-m44\/","title":{"rendered":"Rep\u00fablica Democr\u00e1tica do Congo &#8211; \u00c1frica | Projeto M44"},"content":{"rendered":"\n<div class=\"ss-project-hero-card\">\n<h2 id=\"basankusu-basankusu-republica-democratica-do-congo\" class=\"gb-text gb-text-62a95885\">Basankusu | Basankusu (Rep\u00fablica Democr\u00e1tica do Congo)<\/h2>\n\n\n\n<div class=\"gb-element-f60f2409\">\n<div class=\"gb-element-90a85740 ss-project-sidebar\">\n<h2 id=\"opera-m44\" class=\"gb-text ss-project-title\">OPERA M44<\/h2>\n\n\n\n<figure class=\"wp-block-image size-large\"><img decoding=\"async\" src=\"https:\/\/spaziospadoni.org\/wp-content\/uploads\/2026\/05\/hicsum_1_congo-spaziospadoni.png\" alt=\"hicsum 1 congo spaziospadoni\" class=\"wp-image-43007\"\/><\/figure>\n\n\n\n<div class=\"ss-project-table\">\n<div class=\"ss-table-section-title\">\n<h3 id=\"missao\" class=\"gb-text\">MISS\u00c3O<\/h3>\n<\/div>\n\n\n\n<div class=\"ss-table-row\">\n<p class=\"gb-text\">Local<\/p>\n\n\n\n<p class=\"gb-text\"><a href=\"https:\/\/www.google.com\/maps\/place\/Basankusu,+Repubblica+Democratica+del+Congo\/@1.2185751,19.7896385,15z\/data=!3m1!4b1!4m6!3m5!1s0x10af4e65a005ae71:0x1b1ee0f328e43495!8m2!3d1.2174408!4d19.8008384!16zL20vMGNiaGhk?entry=ttu&#038;g_ep=EgoyMDI2MDQwOC4wIKXMDSoASAFQAw%3D%3D\" rel=\"noreferrer noopener\" target=\"_blank\" title=\"Basankusu\">Basankusu<\/a><\/p>\n<\/div>\n\n\n\n<div class=\"ss-table-row\">\n<p class=\"gb-text\">Diocese<\/p>\n\n\n\n<p class=\"gb-text\">Basankusu<\/p>\n<\/div>\n\n\n\n<div class=\"ss-table-row\">\n<p class=\"gb-text\">Pa\u00eds<\/p>\n\n\n\n<p class=\"gb-text\"><strong>Rep\u00fablica Democr\u00e1tica do Congo<\/strong><\/p>\n<\/div>\n\n\n\n<div class=\"ss-table-row\">\n<p class=\"gb-text\">Continente<\/p>\n\n\n\n<p class=\"gb-text\">\u00c1frica<\/p>\n<\/div>\n\n\n\n<div class=\"ss-table-row\">\n<p class=\"gb-text\">Coordenadas GPS<\/p>\n\n\n\n<p class=\"gb-text\">1.21725 19.80178<\/p>\n<\/div>\n\n\n\n<div class=\"ss-table-row\">\n<p class=\"gb-text\">Fuso hor\u00e1rio<\/p>\n\n\n\n<p class=\"gb-text\">UTC+1<\/p>\n<\/div>\n<\/div>\n\n\n\n<div class=\"ss-project-table\">\n<div class=\"ss-table-section-title\">\n<h3 id=\"organizador\" class=\"gb-text\">ORGANIZADOR<\/h3>\n<\/div>\n\n\n\n<div class=\"ss-table-row\">\n<p class=\"gb-text\">Congrega\u00e7\u00e3o<\/p>\n\n\n\n<p class=\"gb-text\">S\u0153urs de Sainte Th\u00e9r\u00e8se de l&#8217;Enfant J\u00e9sus de Basankusu<\/p>\n<\/div>\n\n\n\n<div class=\"ss-table-row\">\n<p class=\"gb-text\">Casa-M\u00e3e<\/p>\n\n\n\n<p class=\"gb-text\">Basankusu<\/p>\n<\/div>\n\n\n\n<div class=\"ss-table-row\">\n<p class=\"gb-text\">Diocese<\/p>\n\n\n\n<p class=\"gb-text\">Basankusu<\/p>\n<\/div>\n\n\n\n<div class=\"ss-table-row\">\n<p class=\"gb-text\">Pa\u00eds<\/p>\n\n\n\n<p class=\"gb-text\">Rep\u00fablica Democr\u00e1tica do Congo<\/p>\n<\/div>\n\n\n\n<div class=\"ss-table-row\">\n<p class=\"gb-text\">Continente<\/p>\n\n\n\n<p class=\"gb-text\">\u00c1frica<\/p>\n<\/div>\n\n\n\n<div class=\"ss-table-row\">\n<p class=\"gb-text\">Festa da Congrega\u00e7\u00e3o<\/p>\n\n\n\n<p class=\"gb-text\">15 de agosto<\/p>\n<\/div>\n\n\n\n<div class=\"ss-table-row\">\n<p class=\"gb-text\">Coordenadas GPS<\/p>\n\n\n\n<p class=\"gb-text\">1.21725 19.80178<\/p>\n<\/div>\n\n\n\n<div class=\"ss-table-row\">\n<p class=\"gb-text\">Fuso hor\u00e1rio<\/p>\n\n\n\n<p class=\"gb-text\">UTC+1<\/p>\n<\/div>\n\n\n\n<div class=\"ss-table-row\">\n<p class=\"gb-text\">Pessoa de contacto<\/p>\n\n\n\n<p class=\"gb-text\">Irm\u00e3 F\u00e9licit\u00e9 Mbombe<\/p>\n<\/div>\n\n\n\n<div class=\"ss-table-row\">\n<p class=\"gb-text\">Madre-Geral<\/p>\n\n\n\n<p class=\"gb-text\">Irm\u00e3 F\u00e9licit\u00e9 Mbombe<\/p>\n<\/div>\n\n\n\n<div class=\"ss-table-row\">\n<p class=\"gb-text\">Site<\/p>\n\n\n\n<p class=\"gb-text\"><a href=\"https:\/\/www.suoresantagemma.it\/\" target=\"_blank\" rel=\"noreferrer noopener\" title=\"suoresantagemma.it\">suoresantagemma.it<\/a><\/p>\n<\/div>\n<\/div>\n\n\n\n<div class=\"ss-project-table\">\n<div class=\"ss-table-section-title\">\n<h3 id=\"spazio-reale\" class=\"gb-text\">SPAZIO REALE<\/h3>\n<\/div>\n\n\n\n<div class=\"ss-table-row\">\n<p class=\"gb-text\">Respons\u00e1vel pelo projeto<\/p>\n\n\n\n<p class=\"gb-text\">Irm\u00e3 F\u00e9licit\u00e9 Mbombe<\/p>\n<\/div>\n\n\n\n<div class=\"ss-table-row\">\n<p class=\"gb-text\">Data de in\u00edcio<\/p>\n\n\n\n<p class=\"gb-text\"><\/p>\n<\/div>\n\n\n\n<div class=\"ss-table-row\">\n<p class=\"gb-text\">Tipologia<\/p>\n\n\n\n<p class=\"gb-text\"><strong>Corte e costura<\/strong><\/p>\n<\/div>\n<\/div>\n\n\n\n<div class=\"ss-project-table\">\n<a class=\"gb-element-e1766596 ss-table-section-button\" href=\"#\" title=\"OPERA M &#8211; PROJETO M44\">\n<span class=\"gb-text\">OPERA M &#8211; PROJETO M44<\/span>\n<\/a>\n<\/div>\n<\/div>\n<\/div>\n\n\n\n<div class=\"gb-element-6ad95ea8\">\n<div class=\"gb-element-e34063a6 ss-project-intro\">\n<p class=\"wp-block-paragraph\">OPERA M \u00e9 a revolu\u00e7\u00e3o das obras de miseric\u00f3rdia. \u00c9 o instrumento permanente para desenvolver um pensamento forte e renovado sobre as obras no mundo.<\/p>\n\n\n\n<p class=\"wp-block-paragraph\">Nasce de uma urg\u00eancia fortemente sentida por spazio + spadoni de r<strong>E<\/strong>volucionar o conceito de obra de miseric\u00f3rdia como um caminho que \u00e9 sempre simultaneamente humano e divino e, portanto, sempre espiritual, al\u00e9m de pr\u00e1tico (ou corporal). A redescoberta, ou melhor, a verdadeira r<strong>E<\/strong>volu\u00e7\u00e3o das obras deve ser redescoberta dentro desta s\u00edntese entre o aspecto espiritual e o ato pr\u00e1tico. A a\u00e7\u00e3o material deve estar sempre impregnada pelo esp\u00edrito.<\/p>\n\n\n\n<p class=\"wp-block-paragraph\">OPERA M baseia-se em cinco a\u00e7\u00f5es que definem o seu m\u00e9todo: INVOCA, chama o Esp\u00edrito ESCUTA, faz sil\u00eancio para te abrires \u00e0 escuta ENCONTRA, permanece no meio das pessoas ATUEMOS, agir pelas obras INUNDEMOS, levemos todos \u00e0s Obras de Miseric\u00f3rdia <strong>Obras de Miseric\u00f3rdia espirituais<\/strong> Aconselhar os que t\u00eam d\u00favidas Ensinar os ignorantes Admoestar os pecadores Consolar os aflitos Perdoar as ofensas Suportar com paci\u00eancia as pessoas importunas Rezar a Deus pelos vivos e pelos mortos <strong>Obras de Miseric\u00f3rdia corporais<\/strong> Dar de comer a quem tem fome Dar de beber a quem tem sede Vestir os nus Dar abrigo aos peregrinos Visitar os doentes Visitar os presos Sepultar os mortos<\/p>\n\n<\/div>\n<\/div>\n\n\n\n\n<div>\n\n<h2 id=\"cronologia\" class=\"gb-text gb-text-8179e40a\">Cronologia<\/h2>\n\n\n\n\n\n<div class=\"ss-timeline\">\n\n<h3 id=\"2025\" class=\"gb-text\">2025<\/h3>\n\n\n\n\n\n<div class=\"ss-timeline-item\">\n\n<h4 id=\"maio-encontro-em-roma\" class=\"gb-text\">Maio | Encontro em Roma<\/h4>\n\n\n\n\n<p class=\"wp-block-paragraph\">Em maio de &#x27;25, a irm\u00e3 F\u00e9licit\u00e9, que se encontrava em Roma por ocasi\u00e3o da Assembleia da UISG, conhece spazio + spadoni. A Madre tem a oportunidade de falar com Luigi Spadoni. Desde maio de &#x27;25 come\u00e7a a colabora\u00e7\u00e3o, inteiramente centrada no compromisso com a difus\u00e3o das Obras de Miseric\u00f3rdia &#8211; OPERA M.<\/p>\n\n\n<\/div>\n\n\n\n\n<div class=\"ss-timeline-item\">\n\n<h4 id=\"9-de-junho-revolucao-das-obras-de-misericordia\" class=\"gb-text\">9 de junho | Revolu\u00e7\u00e3o das Obras de Miseric\u00f3rdia<\/h4>\n\n\n\n\n<p class=\"wp-block-paragraph\">A Madre F\u00e9licit\u00e9 comunica que a Congrega\u00e7\u00e3o pretende empenhar-se em dar a conhecer a rEvolu\u00e7\u00e3o das Obras de Miseric\u00f3rdia promovida por spazio + spadoni<\/p>\n\n\n<\/div>\n\n\n\n\n<div class=\"ss-timeline-item\">\n\n<h4 id=\"8-de-agosto-envio-do-projeto\" class=\"gb-text\">8 de agosto | Envio do projeto<\/h4>\n\n\n\n\n<p class=\"wp-block-paragraph\">Em agosto de &#x27;25, a Congrega\u00e7\u00e3o apresenta um projeto de apoio \u00e0 atividade de corte e costura<\/p>\n\n\n<\/div>\n\n\n\n\n<div class=\"ss-timeline-item\">\n\n<h4 id=\"19-de-setembro-embaixadora-das-obras-de-misericordia\" class=\"gb-text\">19 de setembro | Embaixadora das Obras de Miseric\u00f3rdia<\/h4>\n\n\n\n\n<p class=\"wp-block-paragraph\">Durante um encontro online, a irm\u00e3 F\u00e9licit\u00e9 comunica que a irm\u00e3 escolhida para ser Embaixadora das Obras de Miseric\u00f3rdia \u00e9 a irm\u00e3 Baudouine<\/p>\n\n\n<\/div>\n\n\n\n\n<div class=\"ss-timeline-item\">\n\n<h4 id=\"14-de-outubro-encontro-em-roma\" class=\"gb-text\">14 de outubro | Encontro em Roma<\/h4>\n\n\n\n\n<p class=\"wp-block-paragraph\">Em outubro de &#x27;25, a irm\u00e3 F\u00e9licit\u00e9, que se encontra em Roma por ocasi\u00e3o do Jubileu, encontra-se com Luigi Spadoni e juntos lan\u00e7am as bases concretas para o desenvolvimento da colabora\u00e7\u00e3o tanto no que diz respeito a OPERA M como \u00e0 empresa social<\/p>\n\n\n\n<figure class=\"wp-block-gallery has-nested-images columns-1 is-cropped ss-lightbox wp-block-gallery-1 is-layout-flex wp-block-gallery-is-layout-flex\">\n\n<figure class=\"wp-block-image size-large\"><img decoding=\"async\" src=\"https:\/\/spaziospadoni.org\/wp-content\/uploads\/2026\/05\/2025_ottobre_suor_felicite_luigi_spadoni_roma_incontro_formazione_opere_misericordia_operam-4.jpg\" alt=\"2025 ottobre suor felicite luigi spadoni roma incontro formazione opere misericordia operam 4\"\/><figcaption class=\"wp-element-caption\">14 de outubro | Encontro em Roma<\/figcaption><\/figure>\n\n<\/figure>\n\n\n<\/div>\n\n\n\n\n<div class=\"ss-timeline-item\">\n\n<h4 id=\"11-de-dezembro-reavaliacao-do-projeto\" class=\"gb-text\">11 de dezembro | Reavalia\u00e7\u00e3o do projeto<\/h4>\n\n\n\n\n<p class=\"wp-block-paragraph\">Em dezembro de &#x27;25, ap\u00f3s o di\u00e1logo com Luigi, a Congrega\u00e7\u00e3o decide mudar de projeto e substituir o projeto de corte e costura apresentado anteriormente por um relativo \u00e0 cria\u00e7\u00e3o de aves<\/p>\n\n\n<\/div>\n\n\n<\/div>\n\n\n\n\n<div class=\"ss-timeline\">\n\n<h3 id=\"2026\" class=\"gb-text\">2026<\/h3>\n\n\n\n\n\n<div class=\"ss-timeline-item\">\n\n<h4 id=\"14-de-janeiro-encontro-diocesano-opera-m\" class=\"gb-text\">14 de janeiro | Encontro diocesano OPERA M<\/h4>\n\n\n\n\n<p class=\"wp-block-paragraph\">Em janeiro de &#x27;26, o encontro foi organizado pelo Padre Corneille Bolenga, reitor da Catedral, para os respons\u00e1veis das pequenas comunidades locais nos quatro setores pastorais da cidade de Basankusu. Foi ministrada uma forma\u00e7\u00e3o sobre as Obras de Miseric\u00f3rdia (corporais e espirituais) a mais de 100 pessoas. Em janeiro de &#x27;26 foi distribu\u00eddo o len\u00e7o de spazio + spadoni. Os participantes demonstraram grande interesse pela forma\u00e7\u00e3o.<\/p>\n\n\n\n<figure class=\"wp-block-gallery has-nested-images columns-1 is-cropped ss-lightbox wp-block-gallery-2 is-layout-flex wp-block-gallery-is-layout-flex\">\n\n<figure class=\"wp-block-image size-large\"><img decoding=\"async\" src=\"https:\/\/spaziospadoni.org\/wp-content\/uploads\/2026\/05\/2026_gennaio_suor_felicita_congo_incontro_diocesi_basankuso_opere_misericordia_operam_spazio_spadoni.jpeg\" alt=\"2026 gennaio suor felicita congo incontro diocesi basankuso opere misericordia operam spazio spadoni\"\/><figcaption class=\"wp-element-caption\">14 de janeiro | Encontro diocesano OPERA M<\/figcaption><\/figure>\n\n<\/figure>\n\n\n<\/div>\n\n\n\n\n<div class=\"ss-timeline-item\">\n\n<h4 id=\"2-de-marco-congregacao-em-opera-m\" class=\"gb-text\">2 de mar\u00e7o | Congrega\u00e7\u00e3o em OPERA M<\/h4>\n\n\n\n\n<p class=\"wp-block-paragraph\">A irm\u00e3 F\u00e9licit\u00e9 envia uma lista de irm\u00e3s que, em cada uma das suas comunidades, se encarregar\u00e3o de difundir as Obras de Miseric\u00f3rdia. Lista das C\u00f4nsules.<\/p>\n\n\n<\/div>\n\n\n\n\n<div class=\"ss-timeline-item\">\n\n<h4 id=\"25-de-marco-comite-do-forum\" class=\"gb-text\">25 de mar\u00e7o | Comit\u00e9 do F\u00f3rum<\/h4>\n\n\n\n\n<p class=\"wp-block-paragraph\">A irm\u00e3 F\u00e9licit\u00e9 apresenta o comit\u00e9 que se encarregar\u00e1 de organizar o F\u00f3rum das Obras de Miseric\u00f3rdia na diocese de Basankusu<\/p>\n\n\n<\/div>\n\n\n\n\n<div class=\"ss-timeline-item\">\n\n<h4 id=\"12-de-abril-confecao-de-lencos\" class=\"gb-text\">12 de abril | Confe\u00e7\u00e3o de len\u00e7os<\/h4>\n\n\n\n\n<p class=\"wp-block-paragraph\">Foram confecionados len\u00e7os para distribuir aos membros de spazio + spadoni<\/p>\n\n\n\n<figure class=\"wp-block-gallery has-nested-images columns-1 is-cropped ss-lightbox wp-block-gallery-3 is-layout-flex wp-block-gallery-is-layout-flex\">\n\n<figure class=\"wp-block-image size-large\"><img decoding=\"async\" src=\"https:\/\/spaziospadoni.org\/wp-content\/uploads\/2026\/05\/2026_12_aprile_foulard_spazio_spadoni_abitanti_basankusu_congo_suor_felicite_opere_misericordia_operam-1.jpeg\" alt=\"2026 12 aprile foulard spazio spadoni abitanti basankusu congo suor felicite opere misericordia operam 1\"\/><figcaption class=\"wp-element-caption\">12 de abril | Confe\u00e7\u00e3o de len\u00e7os<\/figcaption><\/figure>\n\n<\/figure>\n\n\n<\/div>\n\n\n\n\n<div class=\"ss-timeline-item\">\n\n<h4 id=\"13-de-maio-formacao-das-novicas\" class=\"gb-text\">13 de maio | Forma\u00e7\u00e3o das novi\u00e7as<\/h4>\n\n\n\n\n<p class=\"wp-block-paragraph\">A irm\u00e3 Baudouine Ekomba, Embaixadora da Miseric\u00f3rdia, d\u00e1 \u00e0s novi\u00e7as uma forma\u00e7\u00e3o sobre a rEvolu\u00e7\u00e3o das Obras de Miseric\u00f3rdia. Em breve partir\u00e3o para os seus est\u00e1gios nas diferentes comunidades, onde partilhar\u00e3o a forma\u00e7\u00e3o recebida.<\/p>\n\n\n\n<figure class=\"wp-block-gallery has-nested-images columns-1 is-cropped ss-lightbox wp-block-gallery-4 is-layout-flex wp-block-gallery-is-layout-flex\">\n\n<figure class=\"wp-block-image size-large\"><img decoding=\"async\" src=\"https:\/\/spaziospadoni.org\/wp-content\/uploads\/2026\/05\/2026_maggio_13_suor_felicite_ambasciatrice_opere_misericordia_formazione_novizie_congo_spazio_spadoni_operam-3.jpeg\" alt=\"2026 maggio 13 suor felicite ambasciatrice opere misericordia formazione novizie congo spazio spadoni operam 3\"\/><figcaption class=\"wp-element-caption\">13 de maio | Forma\u00e7\u00e3o das novi\u00e7as<\/figcaption><\/figure>\n\n<\/figure>\n\n\n<\/div>\n\n\n<\/div>\n\n\n<\/div>\n\n\n\n<div class=\"ss-project-reports\">\n<h2 id=\"relatorios-sobre-as-obras-de-misericordia\" class=\"gb-text gb-text-75c3218d\">Relat\u00f3rios sobre as Obras de Miseric\u00f3rdia<\/h2>\n\n\n<ul class=\"wp-block-list ss-report-list\">\n\n<li><a href=\"https:\/\/spaziospadoni.org\/wp-content\/uploads\/2026\/05\/Progetto-Impresa-Sociale-Soeurs-de-Sainte-Therese-de-lEnfant-Jesus-de-Basankusu.pdf\" target=\"_blank\" rel=\"noreferrer noopener\" title=\"Projeto de Empresa Social &#8211; S\u0153urs de Sainte Th\u00e9r\u00e8se de l\u2019Enfant J\u00e9sus de Basankusu\">Projeto de Empresa Social &#8211; S\u0153urs de Sainte Th\u00e9r\u00e8se de l\u2019Enfant J\u00e9sus de Basankusu<\/a><\/li>\n\n<\/ul>\n\n<\/div>\n\n\n\n<div class=\"ss-project-media\">\n<h2 id=\"fotografias-e-videos\" class=\"gb-text gb-text-d7bd8be8\">Fotografias e v\u00eddeos<\/h2>\n\n\n<div class=\"ss-media-filters\">\n\n<a class=\"gb-text ss-media-filter active\" data-filter=\"*\" title=\"Tudo\">Tudo<\/a>\n\n\n<a class=\"gb-text ss-media-filter\" data-filter=\".italia\" title=\"It\u00e1lia\">It\u00e1lia<\/a>\n\n\n<a class=\"gb-text ss-media-filter\" data-filter=\".basankusu\" title=\"Basankusu\">Basankusu<\/a>\n\n<\/div>\n\n\n<div class=\"ss-media-grid\">\n<div>\n<figure class=\"wp-block-gallery has-nested-images columns-1 is-cropped ss-lightbox wp-block-gallery-5 is-layout-flex wp-block-gallery-is-layout-flex\">\n\n<figure class=\"wp-block-image size-large italia\"><img decoding=\"async\" alt=\"2025 ottobre suor felicite luigi spadoni roma incontro formazione opere misericordia operam 4\" src=\"https:\/\/spaziospadoni.org\/wp-content\/uploads\/2026\/05\/2025_ottobre_suor_felicite_luigi_spadoni_roma_incontro_formazione_opere_misericordia_operam-4.jpg\"\/><\/figure>\n\n\n<figure class=\"wp-block-image size-large italia\"><img decoding=\"async\" alt=\"2025 ottobre suor felicite luigi spadoni roma incontro formazione opere misericordia operam 3\" src=\"https:\/\/spaziospadoni.org\/wp-content\/uploads\/2026\/05\/2025_ottobre_suor_felicite_luigi_spadoni_roma_incontro_formazione_opere_misericordia_operam-3.jpg\"\/><\/figure>\n\n\n<figure class=\"wp-block-image size-large basankusu\"><img decoding=\"async\" alt=\"2026 gennaio suor felicita congo incontro diocesi basankuso opere misericordia operam spazio spadoni\" src=\"https:\/\/spaziospadoni.org\/wp-content\/uploads\/2026\/05\/2026_gennaio_suor_felicita_congo_incontro_diocesi_basankuso_opere_misericordia_operam_spazio_spadoni.jpeg\"\/><\/figure>\n\n\n<figure class=\"wp-block-image size-large basankusu\"><img decoding=\"async\" alt=\"2026 12 aprile foulard spazio spadoni abitanti basankusu congo suor felicite opere misericordia operam 5\" src=\"https:\/\/spaziospadoni.org\/wp-content\/uploads\/2026\/05\/2026_12_aprile_foulard_spazio_spadoni_abitanti_basankusu_congo_suor_felicite_opere_misericordia_operam-5.jpeg\"\/><\/figure>\n\n\n<figure class=\"wp-block-image size-large basankusu\"><img decoding=\"async\" alt=\"2026 12 aprile foulard spazio spadoni abitanti basankusu congo suor felicite opere misericordia operam 1\" src=\"https:\/\/spaziospadoni.org\/wp-content\/uploads\/2026\/05\/2026_12_aprile_foulard_spazio_spadoni_abitanti_basankusu_congo_suor_felicite_opere_misericordia_operam-1.jpeg\"\/><\/figure>\n\n\n<figure class=\"wp-block-image size-large basankusu\"><img decoding=\"async\" alt=\"2026 12 aprile foulard spazio spadoni abitanti basankusu congo suor felicite opere misericordia operam 4\" src=\"https:\/\/spaziospadoni.org\/wp-content\/uploads\/2026\/05\/2026_12_aprile_foulard_spazio_spadoni_abitanti_basankusu_congo_suor_felicite_opere_misericordia_operam-4.jpeg\"\/><\/figure>\n\n\n<figure class=\"wp-block-image size-large basankusu\"><img decoding=\"async\" alt=\"2026 12 aprile foulard spazio spadoni abitanti basankusu congo suor felicite opere misericordia operam 3\" src=\"https:\/\/spaziospadoni.org\/wp-content\/uploads\/2026\/05\/2026_12_aprile_foulard_spazio_spadoni_abitanti_basankusu_congo_suor_felicite_opere_misericordia_operam-3.jpeg\"\/><\/figure>\n\n\n<figure class=\"wp-block-image size-large basankusu\"><img decoding=\"async\" alt=\"2026 12 aprile foulard spazio spadoni abitanti basankusu congo suor felicite opere misericordia operam 6\" src=\"https:\/\/spaziospadoni.org\/wp-content\/uploads\/2026\/05\/2026_12_aprile_foulard_spazio_spadoni_abitanti_basankusu_congo_suor_felicite_opere_misericordia_operam-6.jpeg\"\/><\/figure>\n\n\n<figure class=\"wp-block-image size-large basankusu\"><img decoding=\"async\" alt=\"2026 12 aprile foulard spazio spadoni abitanti basankusu congo suor felicite opere misericordia operam 7\" src=\"https:\/\/spaziospadoni.org\/wp-content\/uploads\/2026\/05\/2026_12_aprile_foulard_spazio_spadoni_abitanti_basankusu_congo_suor_felicite_opere_misericordia_operam-7.jpeg\"\/><\/figure>\n\n\n<figure class=\"wp-block-image size-large basankusu\"><img decoding=\"async\" alt=\"2026 maggio 13 suor felicite ambasciatrice opere misericordia formazione novizie congo spazio spadoni operam 1\" src=\"https:\/\/spaziospadoni.org\/wp-content\/uploads\/2026\/05\/2026_maggio_13_suor_felicite_ambasciatrice_opere_misericordia_formazione_novizie_congo_spazio_spadoni_operam-1.jpeg\"\/><\/figure>\n\n\n<figure class=\"wp-block-image size-large basankusu\"><img decoding=\"async\" alt=\"2026 maggio 13 suor felicite ambasciatrice opere misericordia formazione novizie congo spazio spadoni operam 2\" src=\"https:\/\/spaziospadoni.org\/wp-content\/uploads\/2026\/05\/2026_maggio_13_suor_felicite_ambasciatrice_opere_misericordia_formazione_novizie_congo_spazio_spadoni_operam-2.jpeg\"\/><\/figure>\n\n\n<figure class=\"wp-block-image size-large basankusu\"><img decoding=\"async\" alt=\"2026 maggio 13 suor felicite ambasciatrice opere misericordia formazione novizie congo spazio spadoni operam 3\" src=\"https:\/\/spaziospadoni.org\/wp-content\/uploads\/2026\/05\/2026_maggio_13_suor_felicite_ambasciatrice_opere_misericordia_formazione_novizie_congo_spazio_spadoni_operam-3.jpeg\"\/><\/figure>\n\n\n<figure class=\"wp-block-image size-large basankusu\"><img decoding=\"async\" alt=\"2026 maggio 13 suor felicite ambasciatrice opere misericordia formazione novizie congo spazio spadoni operam 4\" src=\"https:\/\/spaziospadoni.org\/wp-content\/uploads\/2026\/05\/2026_maggio_13_suor_felicite_ambasciatrice_opere_misericordia_formazione_novizie_congo_spazio_spadoni_operam-4.jpeg\"\/><\/figure>\n\n<\/figure>\n\n<\/div>\n\n<\/div>\n\n<\/div>\n\n","protected":false},"excerpt":{"rendered":"<p>Basankusu | Basankusu (Rep\u00fablica Democr\u00e1tica do Congo) OPERA M44 MISS\u00c3O Local Basankusu Diocese Basankusu Pa\u00eds Rep\u00fablica Democr\u00e1tica do Congo Continente \u00c1frica Coordenadas GPS 1.21725 19.80178 Fuso hor\u00e1rio UTC+1 ORGANIZADOR Congrega\u00e7\u00e3o S\u0153urs de Sainte Th\u00e9r\u00e8se de l&#8217;Enfant J\u00e9sus de Basankusu Casa-M\u00e3e Basankusu Diocese Basankusu Pa\u00eds Rep\u00fablica Democr\u00e1tica do Congo Continente \u00c1frica Festa da Congrega\u00e7\u00e3o 15 de &#8230; <a title=\"Rep\u00fablica Democr\u00e1tica do Congo &#8211; \u00c1frica | Projeto M44\" class=\"read-more\" href=\"https:\/\/spaziospadoni.org\/pt-pt\/opera-m\/republica-democratica-do-congo-africa-projeto-m44\/\" aria-label=\"Read more about Rep\u00fablica Democr\u00e1tica do Congo &#8211; \u00c1frica | Projeto M44\">Ler mais<\/a><\/p>\n","protected":false},"author":102,"featured_media":0,"parent":89582,"menu_order":0,"comment_status":"closed","ping_status":"closed","template":"","meta":{"_sitemap_exclude":false,"_sitemap_priority":"","_sitemap_frequency":"","footnotes":""},"class_list":["post-87890","page","type-page","status-publish","infinite-scroll-item"],"yoast_head":"<!-- This site is optimized with the Yoast SEO plugin v28.4 - https:\/\/yoast.com\/product\/yoast-seo-wordpress\/ -->\n<title>Rep\u00fablica Democr\u00e1tica do Congo - \u00c1frica | Projeto M44 | Spazio Spadoni<\/title>\n<meta name=\"description\" content=\"Basankusu | Basankusu (Rep\u00fablica Democr\u00e1tica do Congo) OPERA M44 MISS\u00c3O Local Basankusu Diocese Basankusu Pa\u00eds Rep\u00fablica Democr\u00e1tica do Congo Continente\" \/>\n<meta name=\"robots\" content=\"index, follow, max-snippet:-1, max-image-preview:large, max-video-preview:-1\" \/>\n<link rel=\"canonical\" href=\"https:\/\/spaziospadoni.org\/pt-pt\/opera-m\/republica-democratica-do-congo-africa-projeto-m44\/\" \/>\n<meta property=\"og:locale\" content=\"pt_PT\" \/>\n<meta property=\"og:type\" content=\"article\" \/>\n<meta property=\"og:title\" content=\"Rep\u00fablica Democr\u00e1tica do Congo - \u00c1frica | Projeto M44 | Spazio Spadoni\" \/>\n<meta property=\"og:description\" content=\"Basankusu | Basankusu (Rep\u00fablica Democr\u00e1tica do Congo) OPERA M44 MISS\u00c3O Local Basankusu Diocese Basankusu Pa\u00eds Rep\u00fablica Democr\u00e1tica do Congo Continente\" \/>\n<meta property=\"og:url\" content=\"https:\/\/spaziospadoni.org\/pt-pt\/opera-m\/republica-democratica-do-congo-africa-projeto-m44\/\" \/>\n<meta property=\"og:site_name\" content=\"spazio + spadoni\" \/>\n<meta property=\"article:publisher\" content=\"https:\/\/www.facebook.com\/SpazioSpadoni\/\" \/>\n<meta property=\"article:modified_time\" content=\"2026-08-03T12:35:15+00:00\" \/>\n<meta property=\"og:image\" content=\"https:\/\/spaziospadoni.org\/wp-content\/uploads\/2026\/05\/hicsum_1_congo-spaziospadoni-scaled.png\" \/>\n\t<meta property=\"og:image:width\" content=\"2560\" \/>\n\t<meta property=\"og:image:height\" content=\"1771\" \/>\n\t<meta property=\"og:image:type\" content=\"image\/png\" \/>\n<meta name=\"twitter:card\" content=\"summary_large_image\" \/>\n<meta name=\"twitter:label1\" content=\"Est. reading time\" \/>\n\t<meta name=\"twitter:data1\" content=\"8 minutes\" \/>\n<script type=\"application\/ld+json\" class=\"yoast-schema-graph\">{\"@context\":\"https:\\\/\\\/schema.org\",\"@graph\":[{\"@type\":\"WebPage\",\"@id\":\"https:\\\/\\\/spaziospadoni.org\\\/pt-pt\\\/opera-m\\\/republica-democratica-do-congo-africa-projeto-m44\\\/\",\"url\":\"https:\\\/\\\/spaziospadoni.org\\\/pt-pt\\\/opera-m\\\/republica-democratica-do-congo-africa-projeto-m44\\\/\",\"name\":\"Rep\u00fablica Democr\u00e1tica do Congo - \u00c1frica | Projeto M44 | Spazio Spadoni\",\"isPartOf\":{\"@id\":\"https:\\\/\\\/spaziospadoni.org\\\/pt-pt\\\/#website\"},\"primaryImageOfPage\":{\"@id\":\"https:\\\/\\\/spaziospadoni.org\\\/pt-pt\\\/opera-m\\\/republica-democratica-do-congo-africa-projeto-m44\\\/#primaryimage\"},\"image\":{\"@id\":\"https:\\\/\\\/spaziospadoni.org\\\/pt-pt\\\/opera-m\\\/republica-democratica-do-congo-africa-projeto-m44\\\/#primaryimage\"},\"thumbnailUrl\":\"https:\\\/\\\/spaziospadoni.org\\\/wp-content\\\/uploads\\\/2026\\\/05\\\/hicsum_1_congo-spaziospadoni.png\",\"datePublished\":\"2026-05-18T13:20:26+00:00\",\"dateModified\":\"2026-08-03T12:35:15+00:00\",\"description\":\"Basankusu | Basankusu (Rep\u00fablica Democr\u00e1tica do Congo) OPERA M44 MISS\u00c3O Local Basankusu Diocese Basankusu Pa\u00eds Rep\u00fablica Democr\u00e1tica do Congo Continente\",\"breadcrumb\":{\"@id\":\"https:\\\/\\\/spaziospadoni.org\\\/pt-pt\\\/opera-m\\\/republica-democratica-do-congo-africa-projeto-m44\\\/#breadcrumb\"},\"inLanguage\":\"pt-PT\",\"potentialAction\":[{\"@type\":\"ReadAction\",\"target\":[\"https:\\\/\\\/spaziospadoni.org\\\/pt-pt\\\/opera-m\\\/republica-democratica-do-congo-africa-projeto-m44\\\/\"]}]},{\"@type\":\"ImageObject\",\"inLanguage\":\"pt-PT\",\"@id\":\"https:\\\/\\\/spaziospadoni.org\\\/pt-pt\\\/opera-m\\\/republica-democratica-do-congo-africa-projeto-m44\\\/#primaryimage\",\"url\":\"https:\\\/\\\/spaziospadoni.org\\\/wp-content\\\/uploads\\\/2026\\\/05\\\/hicsum_1_congo-spaziospadoni.png\",\"contentUrl\":\"https:\\\/\\\/spaziospadoni.org\\\/wp-content\\\/uploads\\\/2026\\\/05\\\/hicsum_1_congo-spaziospadoni.png\"},{\"@type\":\"BreadcrumbList\",\"@id\":\"https:\\\/\\\/spaziospadoni.org\\\/pt-pt\\\/opera-m\\\/republica-democratica-do-congo-africa-projeto-m44\\\/#breadcrumb\",\"itemListElement\":[{\"@type\":\"ListItem\",\"position\":1,\"name\":\"Home\",\"item\":\"https:\\\/\\\/spaziospadoni.org\\\/pt-pt\\\/\"},{\"@type\":\"ListItem\",\"position\":2,\"name\":\"Obras de Miseric\u00f3rdia\",\"item\":\"https:\\\/\\\/spaziospadoni.org\\\/pt-pt\\\/obras-de-misericordia\\\/\"},{\"@type\":\"ListItem\",\"position\":3,\"name\":\"Rep\u00fablica Democr\u00e1tica do Congo &#8211; \u00c1frica | Projeto M44\"}]},{\"@type\":\"WebSite\",\"@id\":\"https:\\\/\\\/spaziospadoni.org\\\/pt-pt\\\/#website\",\"url\":\"https:\\\/\\\/spaziospadoni.org\\\/pt-pt\\\/\",\"name\":\"spazio + spadoni\",\"description\":\"Generazione di misericordia e missione nel mondo\",\"publisher\":{\"@id\":\"https:\\\/\\\/spaziospadoni.org\\\/pt-pt\\\/#organization\"},\"alternateName\":\"spaziospadoni.org\",\"potentialAction\":[{\"@type\":\"SearchAction\",\"target\":{\"@type\":\"EntryPoint\",\"urlTemplate\":\"https:\\\/\\\/spaziospadoni.org\\\/pt-pt\\\/?s={search_term_string}\"},\"query-input\":{\"@type\":\"PropertyValueSpecification\",\"valueRequired\":true,\"valueName\":\"search_term_string\"}}],\"inLanguage\":\"pt-PT\"},{\"@type\":\"Organization\",\"@id\":\"https:\\\/\\\/spaziospadoni.org\\\/pt-pt\\\/#organization\",\"name\":\"spazio + spadoni\",\"alternateName\":\"spaziospadoni.org\",\"url\":\"https:\\\/\\\/spaziospadoni.org\\\/pt-pt\\\/\",\"logo\":{\"@type\":\"ImageObject\",\"inLanguage\":\"pt-PT\",\"@id\":\"https:\\\/\\\/spaziospadoni.org\\\/pt-pt\\\/#\\\/schema\\\/logo\\\/image\\\/\",\"url\":\"https:\\\/\\\/spaziospadoni.org\\\/wp-content\\\/uploads\\\/2026\\\/05\\\/spazio-spadoni-logo-100x100-1.webp\",\"contentUrl\":\"https:\\\/\\\/spaziospadoni.org\\\/wp-content\\\/uploads\\\/2026\\\/05\\\/spazio-spadoni-logo-100x100-1.webp\",\"width\":100,\"height\":100,\"caption\":\"spazio + spadoni\"},\"image\":{\"@id\":\"https:\\\/\\\/spaziospadoni.org\\\/pt-pt\\\/#\\\/schema\\\/logo\\\/image\\\/\"},\"sameAs\":[\"https:\\\/\\\/www.facebook.com\\\/SpazioSpadoni\\\/\",\"https:\\\/\\\/www.instagram.com\\\/spaziospadoni\\\/\",\"https:\\\/\\\/www.youtube.com\\\/@spaziospadoni\\\/playlists\"]}]}<\/script>\n<!-- \/ Yoast SEO plugin. -->","yoast_head_json":{"title":"Rep\u00fablica Democr\u00e1tica do Congo - \u00c1frica | Projeto M44 | Spazio Spadoni","description":"Basankusu | Basankusu (Rep\u00fablica Democr\u00e1tica do Congo) OPERA M44 MISS\u00c3O Local Basankusu Diocese Basankusu Pa\u00eds Rep\u00fablica Democr\u00e1tica do Congo Continente","robots":{"index":"index","follow":"follow","max-snippet":"max-snippet:-1","max-image-preview":"max-image-preview:large","max-video-preview":"max-video-preview:-1"},"canonical":"https:\/\/spaziospadoni.org\/pt-pt\/opera-m\/republica-democratica-do-congo-africa-projeto-m44\/","og_locale":"pt_PT","og_type":"article","og_title":"Rep\u00fablica Democr\u00e1tica do Congo - \u00c1frica | Projeto M44 | Spazio Spadoni","og_description":"Basankusu | Basankusu (Rep\u00fablica Democr\u00e1tica do Congo) OPERA M44 MISS\u00c3O Local Basankusu Diocese Basankusu Pa\u00eds Rep\u00fablica Democr\u00e1tica do Congo Continente","og_url":"https:\/\/spaziospadoni.org\/pt-pt\/opera-m\/republica-democratica-do-congo-africa-projeto-m44\/","og_site_name":"spazio + spadoni","article_publisher":"https:\/\/www.facebook.com\/SpazioSpadoni\/","article_modified_time":"2026-08-03T12:35:15+00:00","og_image":[{"width":2560,"height":1771,"url":"https:\/\/spaziospadoni.org\/wp-content\/uploads\/2026\/05\/hicsum_1_congo-spaziospadoni-scaled.png","type":"image\/png"}],"twitter_card":"summary_large_image","twitter_misc":{"Est. reading time":"8 minutes"},"schema":{"@context":"https:\/\/schema.org","@graph":[{"@type":"WebPage","@id":"https:\/\/spaziospadoni.org\/pt-pt\/opera-m\/republica-democratica-do-congo-africa-projeto-m44\/","url":"https:\/\/spaziospadoni.org\/pt-pt\/opera-m\/republica-democratica-do-congo-africa-projeto-m44\/","name":"Rep\u00fablica Democr\u00e1tica do Congo - \u00c1frica | Projeto M44 | Spazio Spadoni","isPartOf":{"@id":"https:\/\/spaziospadoni.org\/pt-pt\/#website"},"primaryImageOfPage":{"@id":"https:\/\/spaziospadoni.org\/pt-pt\/opera-m\/republica-democratica-do-congo-africa-projeto-m44\/#primaryimage"},"image":{"@id":"https:\/\/spaziospadoni.org\/pt-pt\/opera-m\/republica-democratica-do-congo-africa-projeto-m44\/#primaryimage"},"thumbnailUrl":"https:\/\/spaziospadoni.org\/wp-content\/uploads\/2026\/05\/hicsum_1_congo-spaziospadoni.png","datePublished":"2026-05-18T13:20:26+00:00","dateModified":"2026-08-03T12:35:15+00:00","description":"Basankusu | Basankusu (Rep\u00fablica Democr\u00e1tica do Congo) OPERA M44 MISS\u00c3O Local Basankusu Diocese Basankusu Pa\u00eds Rep\u00fablica Democr\u00e1tica do Congo Continente","breadcrumb":{"@id":"https:\/\/spaziospadoni.org\/pt-pt\/opera-m\/republica-democratica-do-congo-africa-projeto-m44\/#breadcrumb"},"inLanguage":"pt-PT","potentialAction":[{"@type":"ReadAction","target":["https:\/\/spaziospadoni.org\/pt-pt\/opera-m\/republica-democratica-do-congo-africa-projeto-m44\/"]}]},{"@type":"ImageObject","inLanguage":"pt-PT","@id":"https:\/\/spaziospadoni.org\/pt-pt\/opera-m\/republica-democratica-do-congo-africa-projeto-m44\/#primaryimage","url":"https:\/\/spaziospadoni.org\/wp-content\/uploads\/2026\/05\/hicsum_1_congo-spaziospadoni.png","contentUrl":"https:\/\/spaziospadoni.org\/wp-content\/uploads\/2026\/05\/hicsum_1_congo-spaziospadoni.png"},{"@type":"BreadcrumbList","@id":"https:\/\/spaziospadoni.org\/pt-pt\/opera-m\/republica-democratica-do-congo-africa-projeto-m44\/#breadcrumb","itemListElement":[{"@type":"ListItem","position":1,"name":"Home","item":"https:\/\/spaziospadoni.org\/pt-pt\/"},{"@type":"ListItem","position":2,"name":"Obras de Miseric\u00f3rdia","item":"https:\/\/spaziospadoni.org\/pt-pt\/obras-de-misericordia\/"},{"@type":"ListItem","position":3,"name":"Rep\u00fablica Democr\u00e1tica do Congo &#8211; \u00c1frica | Projeto M44"}]},{"@type":"WebSite","@id":"https:\/\/spaziospadoni.org\/pt-pt\/#website","url":"https:\/\/spaziospadoni.org\/pt-pt\/","name":"spazio + spadoni","description":"Generazione di misericordia e missione nel mondo","publisher":{"@id":"https:\/\/spaziospadoni.org\/pt-pt\/#organization"},"alternateName":"spaziospadoni.org","potentialAction":[{"@type":"SearchAction","target":{"@type":"EntryPoint","urlTemplate":"https:\/\/spaziospadoni.org\/pt-pt\/?s={search_term_string}"},"query-input":{"@type":"PropertyValueSpecification","valueRequired":true,"valueName":"search_term_string"}}],"inLanguage":"pt-PT"},{"@type":"Organization","@id":"https:\/\/spaziospadoni.org\/pt-pt\/#organization","name":"spazio + spadoni","alternateName":"spaziospadoni.org","url":"https:\/\/spaziospadoni.org\/pt-pt\/","logo":{"@type":"ImageObject","inLanguage":"pt-PT","@id":"https:\/\/spaziospadoni.org\/pt-pt\/#\/schema\/logo\/image\/","url":"https:\/\/spaziospadoni.org\/wp-content\/uploads\/2026\/05\/spazio-spadoni-logo-100x100-1.webp","contentUrl":"https:\/\/spaziospadoni.org\/wp-content\/uploads\/2026\/05\/spazio-spadoni-logo-100x100-1.webp","width":100,"height":100,"caption":"spazio + spadoni"},"image":{"@id":"https:\/\/spaziospadoni.org\/pt-pt\/#\/schema\/logo\/image\/"},"sameAs":["https:\/\/www.facebook.com\/SpazioSpadoni\/","https:\/\/www.instagram.com\/spaziospadoni\/","https:\/\/www.youtube.com\/@spaziospadoni\/playlists"]}]}},"_links":{"self":[{"href":"https:\/\/spaziospadoni.org\/pt-pt\/wp-json\/wp\/v2\/pages\/87890","targetHints":{"allow":["GET"]}}],"collection":[{"href":"https:\/\/spaziospadoni.org\/pt-pt\/wp-json\/wp\/v2\/pages"}],"about":[{"href":"https:\/\/spaziospadoni.org\/pt-pt\/wp-json\/wp\/v2\/types\/page"}],"author":[{"embeddable":true,"href":"https:\/\/spaziospadoni.org\/pt-pt\/wp-json\/wp\/v2\/users\/102"}],"replies":[{"embeddable":true,"href":"https:\/\/spaziospadoni.org\/pt-pt\/wp-json\/wp\/v2\/comments?post=87890"}],"version-history":[{"count":0,"href":"https:\/\/spaziospadoni.org\/pt-pt\/wp-json\/wp\/v2\/pages\/87890\/revisions"}],"up":[{"embeddable":true,"href":"https:\/\/spaziospadoni.org\/pt-pt\/wp-json\/wp\/v2\/pages\/89582"}],"wp:attachment":[{"href":"https:\/\/spaziospadoni.org\/pt-pt\/wp-json\/wp\/v2\/media?parent=87890"}],"curies":[{"name":"wp","href":"https:\/\/api.w.org\/{rel}","templated":true}]}}