{"id":88118,"date":"2026-05-18T14:32:57","date_gmt":"2026-05-18T13:32:57","guid":{"rendered":"https:\/\/spaziospadoni.org\/obras-de-misericordia\/rwanda-africa-progetto-m15\/"},"modified":"2026-08-19T13:33:32","modified_gmt":"2026-08-19T12:33:32","slug":"ruanda-africa-projeto-m15","status":"publish","type":"page","link":"https:\/\/spaziospadoni.org\/pt-pt\/opera-m\/ruanda-africa-projeto-m15\/","title":{"rendered":"Ruanda &#8211; \u00c1frica | Projeto M15"},"content":{"rendered":"\n<div class=\"ss-project-hero-card\">\n<h2 id=\"huye-butare-butare-ruanda\" class=\"gb-text gb-text-62a95885\">Huye &#8211; Butare | Butare (Ruanda)<\/h2>\n\n\n\n<div class=\"gb-element-f60f2409\">\n<div class=\"gb-element-90a85740 ss-project-sidebar\">\n<h2 id=\"opera-m15\" class=\"gb-text ss-project-title\">OPERA M15<\/h2>\n\n\n\n<figure class=\"wp-block-image size-large\"><img decoding=\"async\" src=\"https:\/\/spaziospadoni.org\/wp-content\/uploads\/2026\/05\/hicsum_28_rwanda-spaziospadoni-scaled.png\" alt=\"hicsum 28 Ruanda spaziospadoni 150x150\" class=\"wp-image-43007\"\/><\/figure>\n\n\n\n<div class=\"ss-project-table\">\n<div class=\"ss-table-section-title\">\n<h3 id=\"missao\" class=\"gb-text\">MISS\u00c3O<\/h3>\n<\/div>\n\n\n\n<div class=\"ss-table-row\">\n<p class=\"gb-text\">Local<\/p>\n\n\n\n<p class=\"gb-text\"><a href=\"https:\/\/www.google.it\/maps\/place\/Butare,+Ruanda\/@-2.6274613,29.6869256,13z\/data=!3m1!4b1!4m6!3m5!1s0x19c30e87584c8b97:0x71fbfafce20bdc47!8m2!3d-2.6005173!4d29.7419201!16zL20vMDk3eHZs?hl=it&#038;entry=ttu&#038;g_ep=EgoyMDI1MTAyOS4yIKXMDSoASAFQAw%3D%3D\" rel=\"noreferrer noopener\" target=\"_blank\" title=\"Huye &#8211; Butare\">Huye &#8211; Butare<\/a><\/p>\n<\/div>\n\n\n\n<div class=\"ss-table-row\">\n<p class=\"gb-text\">Diocese<\/p>\n\n\n\n<p class=\"gb-text\">Butare<\/p>\n<\/div>\n\n\n\n<div class=\"ss-table-row\">\n<p class=\"gb-text\">Pa\u00eds<\/p>\n\n\n\n<p class=\"gb-text\"><strong>Ruanda<\/strong><\/p>\n<\/div>\n\n\n\n<div class=\"ss-table-row\">\n<p class=\"gb-text\">Continente<\/p>\n\n\n\n<p class=\"gb-text\">Africa<\/p>\n<\/div>\n\n\n\n<div class=\"ss-table-row\">\n<p class=\"gb-text\">Coordenadas GPS<\/p>\n\n\n\n<p class=\"gb-text\">-2.60697 29.74359<\/p>\n<\/div>\n\n\n\n<div class=\"ss-table-row\">\n<p class=\"gb-text\">Fuso hor\u00e1rio<\/p>\n\n\n\n<p class=\"gb-text\">UTC+2<\/p>\n<\/div>\n<\/div>\n\n\n\n<div class=\"ss-project-table\">\n<div class=\"ss-table-section-title\">\n<h3 id=\"organizador\" class=\"gb-text\">ORGANIZADOR<\/h3>\n<\/div>\n\n\n\n<div class=\"ss-table-row\">\n<p class=\"gb-text\">Congrega\u00e7\u00e3o<\/p>\n\n\n\n<p class=\"gb-text\">Fraternit\u00e9 des Consacres de la Communaut\u00e9 Ingoro Y&#8217;Urukundo (Demeure de la Charit\u00e9)<\/p>\n<\/div>\n\n\n\n<div class=\"ss-table-row\">\n<p class=\"gb-text\">Casa-m\u00e3e<\/p>\n\n\n\n<p class=\"gb-text\">Huye &#8211; Butare<\/p>\n<\/div>\n\n\n\n<div class=\"ss-table-row\">\n<p class=\"gb-text\">Diocese<\/p>\n\n\n\n<p class=\"gb-text\">Butare<\/p>\n<\/div>\n\n\n\n<div class=\"ss-table-row\">\n<p class=\"gb-text\">Pa\u00eds<\/p>\n\n\n\n<p class=\"gb-text\">Ruanda<\/p>\n<\/div>\n\n\n\n<div class=\"ss-table-row\">\n<p class=\"gb-text\">Continente<\/p>\n\n\n\n<p class=\"gb-text\">Africa<\/p>\n<\/div>\n\n\n\n<div class=\"ss-table-row\">\n<p class=\"gb-text\">Festa da Congrega\u00e7\u00e3o<\/p>\n\n\n\n<p class=\"gb-text\">Festa de Pentecostes<\/p>\n<\/div>\n\n\n\n<div class=\"ss-table-row\">\n<p class=\"gb-text\">Coordenadas GPS<\/p>\n\n\n\n<p class=\"gb-text\">-2.60697, 29.74359<\/p>\n<\/div>\n\n\n\n<div class=\"ss-table-row\">\n<p class=\"gb-text\">Fuso hor\u00e1rio<\/p>\n\n\n\n<p class=\"gb-text\">UTC+2<\/p>\n<\/div>\n\n\n\n<div class=\"ss-table-row\">\n<p class=\"gb-text\">Pessoa de contacto<\/p>\n\n\n\n<p class=\"gb-text\">Irm\u00e3 Esperance Nyirasafari<\/p>\n<\/div>\n\n\n\n<div class=\"ss-table-row\">\n<p class=\"gb-text\">Madre-geral<\/p>\n\n\n\n<p class=\"gb-text\">Irm\u00e3 Germaine Mukamugema<\/p>\n<\/div>\n<\/div>\n\n\n\n<div class=\"ss-project-table\">\n<a class=\"gb-element-e1766596 ss-table-section-button\" href=\"#\" title=\"OPERA M &#8211; PROJETO M15\">\n<span class=\"gb-text\">OPERA M &#8211; PROJETO M15<\/span>\n<\/a>\n<\/div>\n<\/div>\n<\/div>\n\n\n\n<div class=\"gb-element-6ad95ea8\">\n<div class=\"gb-element-e34063a6 ss-project-intro\">\n<p class=\"wp-block-paragraph\">OPERA M \u00e9 a revolu\u00e7\u00e3o das Obras de Miseric\u00f3rdia. \u00c9 o instrumento permanente para desenvolver um pensamento forte e renovado sobre as obras no mundo.<\/p>\n\n\n\n<p class=\"wp-block-paragraph\">Nasce de uma urg\u00eancia profundamente sentida por spazio + spadoni de r<strong>E<\/strong>volucionar o conceito de obra de miseric\u00f3rdia como um caminho que \u00e9 sempre simultaneamente humano e divino e, portanto, sempre espiritual, al\u00e9m de pr\u00e1tico (ou corporal). A redescoberta, ou melhor, a verdadeira r<strong>E<\/strong>volu\u00e7\u00e3o das obras deve ser reencontrada nesta s\u00edntese entre dimens\u00e3o espiritual e ato pr\u00e1tico. A a\u00e7\u00e3o material deve ser sempre permeada pelo esp\u00edrito.<\/p>\n\n\n\n<p class=\"wp-block-paragraph\">OPERA M baseia-se em cinco a\u00e7\u00f5es que definem o seu m\u00e9todo: INVOCA, chama o Esp\u00edrito ESCUTA, faz sil\u00eancio para te abrires \u00e0 escuta ENCONTRA, permanece entre as pessoas ATUEMOS, agir pelas obras INUNDEMOS, levemos todos \u00e0s Obras de Miseric\u00f3rdia <strong>Obras de Miseric\u00f3rdia espirituais<\/strong> Dar bom conselho a quem precisa Ensinar os ignorantes Corrigir os que erram Consolar os tristes Perdoar as inj\u00farias Sofrer com paci\u00eancia as fraquezas do pr\u00f3ximo Rogar a Deus por vivos e defuntos <strong>Obras de Miseric\u00f3rdia corporais<\/strong> Dar de comer a quem tem fome Dar de beber a quem tem sede Vestir os nus Dar pousada aos peregrinos Visitar os enfermos Visitar os presos Enterrar os mortos<\/p>\n\n<\/div>\n<\/div>\n\n\n\n\n<div>\n\n<h2 id=\"cronologia\" class=\"gb-text gb-text-8179e40a\">Cronologia<\/h2>\n\n\n\n\n\n<div class=\"ss-timeline\">\n\n<h3 id=\"2023\" class=\"gb-text\">2023<\/h3>\n\n\n\n\n\n<div class=\"ss-timeline-item\">\n\n<h4 id=\"12-de-fevereiro-criacao-do-grupo\" class=\"gb-text\">12 de fevereiro | Cria\u00e7\u00e3o do grupo<\/h4>\n\n\n\n\n<p class=\"wp-block-paragraph\">Cria\u00e7\u00e3o do grupo de volunt\u00e1rios, que se re\u00fane pela primeira vez<\/p>\n\n\n<\/div>\n\n\n\n\n<div class=\"ss-timeline-item\">\n\n<h4 id=\"22-de-fevereiro-obras-de-misericordia-no-hospital\" class=\"gb-text\">22 de fevereiro | Obras de Miseric\u00f3rdia no hospital<\/h4>\n\n\n\n\n<p class=\"wp-block-paragraph\">Obras de Miseric\u00f3rdia com os reclusos hospitalizados<\/p>\n\n\n<\/div>\n\n\n\n\n<div class=\"ss-timeline-item\">\n\n<h4 id=\"18-de-marco-revolucao\" class=\"gb-text\">18 de mar\u00e7o | rEvolu\u00e7\u00e3o<\/h4>\n\n\n\n\n<p class=\"wp-block-paragraph\">Por ocasi\u00e3o das celebra\u00e7\u00f5es de S\u00e3o Jos\u00e9, a irm\u00e3 Agnes apresenta a rEvolu\u00e7\u00e3o das Obras de Miseric\u00f3rdia a toda a Congrega\u00e7\u00e3o<\/p>\n\n\n<\/div>\n\n\n\n\n<div class=\"ss-timeline-item\">\n\n<h4 id=\"6-de-outubro-obras-de-misericordia-no-hospital\" class=\"gb-text\">6 de outubro | Obras de Miseric\u00f3rdia no hospital<\/h4>\n\n\n\n\n<p class=\"wp-block-paragraph\">Obras de Miseric\u00f3rdia no hospital<\/p>\n\n\n<\/div>\n\n\n<\/div>\n\n\n\n\n<div class=\"ss-timeline\">\n\n<h3 id=\"2024\" class=\"gb-text\">2024<\/h3>\n\n\n\n\n\n<div class=\"ss-timeline-item\">\n\n<h4 id=\"03-de-janeiro-obras-de-misericordia-com-idosos\" class=\"gb-text\">03 de janeiro | Obras de Miseric\u00f3rdia com idosos<\/h4>\n\n\n\n\n<p class=\"wp-block-paragraph\">Obras de Miseric\u00f3rdia com idosos doentes<\/p>\n\n\n<\/div>\n\n\n\n\n<div class=\"ss-timeline-item\">\n\n<h4 id=\"24-de-fevereiro-obras-de-misericordia-com-idosos\" class=\"gb-text\">24 de fevereiro | Obras de Miseric\u00f3rdia com idosos<\/h4>\n\n\n\n\n<p class=\"wp-block-paragraph\">Obras de Miseric\u00f3rdia com idosos doentes<\/p>\n\n\n<\/div>\n\n\n\n\n<div class=\"ss-timeline-item\">\n\n<h4 id=\"23-de-marco-revolucao\" class=\"gb-text\">23 de mar\u00e7o | rEvolu\u00e7\u00e3o<\/h4>\n\n\n\n\n<p class=\"wp-block-paragraph\">Encontro de forma\u00e7\u00e3o orientado pela irm\u00e3 Agnes<\/p>\n\n\n<\/div>\n\n\n\n\n<div class=\"ss-timeline-item\">\n\n<h4 id=\"28-de-abril-obras-de-misericordia-com-os-doentes\" class=\"gb-text\">28 de abril | Obras de Miseric\u00f3rdia com os doentes<\/h4>\n\n\n\n\n<p class=\"wp-block-paragraph\">Obras de Miseric\u00f3rdia entre os idosos e os doentes<\/p>\n\n\n<\/div>\n\n\n\n\n<div class=\"ss-timeline-item\">\n\n<h4 id=\"25-de-maio-voluntarios\" class=\"gb-text\">25 de maio | Volunt\u00e1rios<\/h4>\n\n\n\n\n<p class=\"wp-block-paragraph\">Obras de Miseric\u00f3rdia com os volunt\u00e1rios<\/p>\n\n\n<\/div>\n\n\n\n\n<div class=\"ss-timeline-item\">\n\n<h4 id=\"28-de-junho-voluntarios\" class=\"gb-text\">28 de junho | Volunt\u00e1rios<\/h4>\n\n\n\n\n<p class=\"wp-block-paragraph\">Obras de Miseric\u00f3rdia com os volunt\u00e1rios<\/p>\n\n\n<\/div>\n\n\n\n\n<div class=\"ss-timeline-item\">\n\n<h4 id=\"27-de-julho-obras-de-misericordia\" class=\"gb-text\">27 de julho | Obras de Miseric\u00f3rdia<\/h4>\n\n\n\n\n<p class=\"wp-block-paragraph\">Obras de Miseric\u00f3rdia com os volunt\u00e1rios<\/p>\n\n\n<\/div>\n\n\n\n\n<div class=\"ss-timeline-item\">\n\n<h4 id=\"05-de-agosto-obras-de-misericordia\" class=\"gb-text\">05 de agosto | Obras de Miseric\u00f3rdia<\/h4>\n\n\n\n\n<p class=\"wp-block-paragraph\">Obras de Miseric\u00f3rdia com os volunt\u00e1rios<\/p>\n\n\n<\/div>\n\n\n\n\n<div class=\"ss-timeline-item\">\n\n<h4 id=\"24-de-agosto-obras-de-misericordia-rezar\" class=\"gb-text\">24 de agosto | Obras de Miseric\u00f3rdia: rezar<\/h4>\n\n\n\n\n<p class=\"wp-block-paragraph\">Obras de Miseric\u00f3rdia com os volunt\u00e1rios, rezar com os doentes<\/p>\n\n\n<\/div>\n\n\n\n\n<div class=\"ss-timeline-item\">\n\n<h4 id=\"28-de-setembro-obras-de-misericordia\" class=\"gb-text\">28 de setembro | Obras de Miseric\u00f3rdia<\/h4>\n\n\n\n\n<p class=\"wp-block-paragraph\">Obras de Miseric\u00f3rdia com os volunt\u00e1rios<\/p>\n\n\n<\/div>\n\n\n\n\n<div class=\"ss-timeline-item\">\n\n<h4 id=\"26-de-outubro-voluntarios\" class=\"gb-text\">26 de outubro | Volunt\u00e1rios<\/h4>\n\n\n\n\n<p class=\"wp-block-paragraph\">Obras de Miseric\u00f3rdia com os volunt\u00e1rios<\/p>\n\n\n<\/div>\n\n\n\n\n<div class=\"ss-timeline-item\">\n\n<h4 id=\"30-de-novembro-obras-de-misericordia\" class=\"gb-text\">30 de novembro | Obras de Miseric\u00f3rdia<\/h4>\n\n\n\n\n<p class=\"wp-block-paragraph\">Obras de Miseric\u00f3rdia com os volunt\u00e1rios<\/p>\n\n\n<\/div>\n\n\n\n\n<div class=\"ss-timeline-item\">\n\n<h4 id=\"28-de-dezembro-voluntarios\" class=\"gb-text\">28 de dezembro | Volunt\u00e1rios<\/h4>\n\n\n\n\n<p class=\"wp-block-paragraph\">Obras de Miseric\u00f3rdia com os volunt\u00e1rios<\/p>\n\n\n<\/div>\n\n\n<\/div>\n\n\n\n\n<div class=\"ss-timeline\">\n\n<h3 id=\"2025\" class=\"gb-text\">2025<\/h3>\n\n\n\n\n\n<div class=\"ss-timeline-item\">\n\n<h4 id=\"26-de-janeiro-obras-de-misericordia-com-idosos\" class=\"gb-text\">26 de janeiro | Obras de Miseric\u00f3rdia com idosos<\/h4>\n\n\n\n\n<p class=\"wp-block-paragraph\">Obras de Miseric\u00f3rdia com os volunt\u00e1rios nas casas dos idosos e dos doentes<\/p>\n\n\n<\/div>\n\n\n\n\n<div class=\"ss-timeline-item\">\n\n<h4 id=\"23-de-fevereiro-obras-de-misericordia-em-consultorios-medicos\" class=\"gb-text\">23 de fevereiro | Obras de Miseric\u00f3rdia em consult\u00f3rios m\u00e9dicos<\/h4>\n\n\n\n\n<p class=\"wp-block-paragraph\">Obras de Miseric\u00f3rdia com os volunt\u00e1rios em consult\u00f3rios m\u00e9dicos<\/p>\n\n\n<\/div>\n\n\n\n\n<div class=\"ss-timeline-item\">\n\n<h4 id=\"4-de-maio-obras-de-misericordia-no-hospital\" class=\"gb-text\">4 de maio | Obras de Miseric\u00f3rdia no hospital<\/h4>\n\n\n\n\n<p class=\"wp-block-paragraph\">Obras de Miseric\u00f3rdia no hospital<\/p>\n\n\n<\/div>\n\n\n\n\n<div class=\"ss-timeline-item\">\n\n<h4 id=\"10-de-junho-obras-de-misericordia-no-hospital\" class=\"gb-text\">10 de junho | Obras de Miseric\u00f3rdia no hospital<\/h4>\n\n\n\n\n<p class=\"wp-block-paragraph\">Obras de Miseric\u00f3rdia no hospital<\/p>\n\n\n<\/div>\n\n\n\n\n<div class=\"ss-timeline-item\">\n\n<h4 id=\"18-de-outubro-obras-de-misericordia\" class=\"gb-text\">18 de outubro | Obras de Miseric\u00f3rdia<\/h4>\n\n\n\n\n<p class=\"wp-block-paragraph\">Obras de Miseric\u00f3rdia no hospital<\/p>\n\n\n<\/div>\n\n\n<\/div>\n\n\n<\/div>\n\n\n\n<div class=\"ss-project-reports\">\n<h2 id=\"relatorios-das-obras-de-misericordia\" class=\"gb-text gb-text-75c3218d\">Relat\u00f3rios das Obras de Miseric\u00f3rdia<\/h2>\n\n\n<ul class=\"wp-block-list ss-report-list\">\n\n<li><a href=\"https:\/\/spaziospadoni.org\/wp-content\/uploads\/2026\/05\/2023-Luglio_Report-OPERA-M_sr-Agnes_Suore-Dimora-della-Carita.pdf\" target=\"_blank\" rel=\"noreferrer noopener\" title=\"Julho de 2023_Relat\u00f3rio OPERA M_Irm\u00e3 Agnes_Suore Dimora della Carit\u00e0\">Julho de 2023_Relat\u00f3rio OPERA M_Irm\u00e3 Agnes_Suore Dimora della Carit\u00e0<\/a><\/li>\n\n\n<li><a href=\"https:\/\/spaziospadoni.org\/wp-content\/uploads\/2026\/05\/2025-Marzo_Report-OPERA-M_sr-Agnes_Suore-Dimora-della-Carita.pdf\" target=\"_blank\" rel=\"noreferrer noopener\" title=\"Mar\u00e7o de 2025_Relat\u00f3rio OPERA M_Irm\u00e3 Agnes_Suore Dimora della Carit\u00e0\">Mar\u00e7o de 2025_Relat\u00f3rio OPERA M_Irm\u00e3 Agnes_Suore Dimora della Carit\u00e0<\/a><\/li>\n\n\n<li><a href=\"https:\/\/spaziospadoni.org\/wp-content\/uploads\/2026\/05\/Elenco-volontari_gruppi_sr.-Agnes.pdf\" target=\"_blank\" rel=\"noreferrer noopener\" title=\"Lista de volunt\u00e1rios_grupos_Irm\u00e3 Agnes\">Lista de volunt\u00e1rios_grupos_Irm\u00e3 Agnes<\/a><\/li>\n\n<\/ul>\n\n<\/div>\n\n\n\n<div class=\"ss-project-media\">\n<h2 id=\"fotos-e-videos\" class=\"gb-text gb-text-d7bd8be8\">Fotos e v\u00eddeos<\/h2>\n\n\n<div class=\"ss-media-filters\">\n\n<a class=\"gb-text ss-media-filter active\" data-filter=\"*\" title=\"Tudo\">Tudo<\/a>\n\n\n<a class=\"gb-text ss-media-filter\" data-filter=\".volontari\" title=\"Volunt\u00e1rios\">Volunt\u00e1rios<\/a>\n\n\n<a class=\"gb-text ss-media-filter\" data-filter=\".video\" title=\"V\u00eddeos\">V\u00eddeos<\/a>\n\n<\/div>\n\n\n<div class=\"ss-media-grid\">\n<div>\n<figure class=\"wp-block-gallery has-nested-images columns-1 is-cropped ss-lightbox wp-block-gallery-1 is-layout-flex wp-block-gallery-is-layout-flex\">\n\n<figure class=\"wp-block-image size-large volontari\"><img decoding=\"async\" alt=\"2023 novembro 19 hicsum 28 It\u00e1lia Ruanda spazio spadoni miseric\u00f3rdia stiava irm\u00e3 agnes selene pera visita 2\" src=\"https:\/\/spaziospadoni.org\/wp-content\/uploads\/2026\/05\/2023_novembre_19_hicsum_28_italia_rwanda_spazio_spadoni_misericordia_stiava_sr_agnes_selene_pera_visita-2.jpg\"\/><\/figure>\n\n\n<figure class=\"wp-block-image size-large volontari\"><img decoding=\"async\" alt=\"2023 novembro 19 hicsum 28 It\u00e1lia Ruanda spazio spadoni miseric\u00f3rdia stiava irm\u00e3 agnes selene pera visita 3\" src=\"https:\/\/spaziospadoni.org\/wp-content\/uploads\/2026\/05\/2023_novembre_19_hicsum_28_italia_rwanda_spazio_spadoni_misericordia_stiava_sr_agnes_selene_pera_visita-3.jpg\"\/><\/figure>\n\n\n<figure class=\"wp-block-image size-large volontari\"><img decoding=\"async\" alt=\"junho 2025 irm\u00e3 Agnes hicsum Ruanda spaziospadoni Obras de Miseric\u00f3rdia volunt\u00e1rios voluntariado operam 1\" src=\"https:\/\/spaziospadoni.org\/wp-content\/uploads\/2026\/05\/giugno-2025_suor-Agnes_hicsum_rwanda_spaziospadoni_opere_di_misericordia_volontari_volontariato_operam-1.jpg\"\/><\/figure>\n\n\n<figure class=\"wp-block-image size-large volontari\"><img decoding=\"async\" alt=\"2024 agosto 5 spazio spadoni irm\u00e3 agnes Obras de Miseric\u00f3rdia volunt\u00e1rios operam\" src=\"https:\/\/spaziospadoni.org\/wp-content\/uploads\/2026\/05\/2024_agosto_5_spazio_spadoni_suor_agnes_opere_misericordia_volontari_operam.jpg\"\/><\/figure>\n\n\n<figure class=\"wp-block-image size-large volontari\"><img decoding=\"async\" alt=\"junho 2025 irm\u00e3 Agnes hicsum Ruanda spaziospadoni Obras de Miseric\u00f3rdia volunt\u00e1rios voluntariado operam 2\" src=\"https:\/\/spaziospadoni.org\/wp-content\/uploads\/2026\/05\/giugno-2025_suor-Agnes_hicsum_rwanda_spaziospadoni_opere_di_misericordia_volontari_volontariato_operam-2.jpg\"\/><\/figure>\n\n\n<figure class=\"wp-block-image size-large volontari\"><img decoding=\"async\" alt=\"2025 outubro 18 irm\u00e3 agnes esperance Ruanda Obras de Miseric\u00f3rdia volunt\u00e1rios hospital 8\" src=\"https:\/\/spaziospadoni.org\/wp-content\/uploads\/2026\/05\/2025_ottobre_18_suor_agnes_esperance_rwanda_opere_misericordia_volontari_ospedale-8.jpg\"\/><\/figure>\n\n\n<figure class=\"wp-block-image size-large volontari\"><img decoding=\"async\" alt=\"2025 outubro 18 irm\u00e3 agnes esperance Ruanda Obras de Miseric\u00f3rdia volunt\u00e1rios hospital 9\" src=\"https:\/\/spaziospadoni.org\/wp-content\/uploads\/2026\/05\/2025_ottobre_18_suor_agnes_esperance_rwanda_opere_misericordia_volontari_ospedale-9.jpg\"\/><\/figure>\n\n\n<figure class=\"wp-block-image size-large volontari\"><img decoding=\"async\" alt=\"2025 outubro 18 irm\u00e3 agnes esperance Ruanda Obras de Miseric\u00f3rdia volunt\u00e1rios hospital 10\" src=\"https:\/\/spaziospadoni.org\/wp-content\/uploads\/2026\/05\/2025_ottobre_18_suor_agnes_esperance_rwanda_opere_misericordia_volontari_ospedale-10.jpg\"\/><\/figure>\n\n\n<figure class=\"wp-block-image size-large volontari\"><img decoding=\"async\" alt=\"2025 outubro 18 irm\u00e3 agnes esperance Ruanda Obras de Miseric\u00f3rdia volunt\u00e1rios hospital 1\" src=\"https:\/\/spaziospadoni.org\/wp-content\/uploads\/2026\/05\/2025_ottobre_18_suor_agnes_esperance_rwanda_opere_misericordia_volontari_ospedale-1.jpg\"\/><\/figure>\n\n\n<figure class=\"wp-block-image size-large volontari\"><img decoding=\"async\" alt=\"2025 outubro 18 irm\u00e3 agnes esperance Ruanda Obras de Miseric\u00f3rdia volunt\u00e1rios hospital 3\" src=\"https:\/\/spaziospadoni.org\/wp-content\/uploads\/2026\/05\/2025_ottobre_18_suor_agnes_esperance_rwanda_opere_misericordia_volontari_ospedale-3.jpg\"\/><\/figure>\n\n\n<figure class=\"wp-block-image size-large volontari\"><img decoding=\"async\" alt=\"2025 outubro 18 irm\u00e3 agnes esperance Ruanda Obras de Miseric\u00f3rdia volunt\u00e1rios hospital 4\" src=\"https:\/\/spaziospadoni.org\/wp-content\/uploads\/2026\/05\/2025_ottobre_18_suor_agnes_esperance_rwanda_opere_misericordia_volontari_ospedale-4.jpg\"\/><\/figure>\n\n\n<figure class=\"wp-block-image size-large volontari\"><img decoding=\"async\" alt=\"2025 outubro 18 irm\u00e3 agnes esperance Ruanda Obras de Miseric\u00f3rdia volunt\u00e1rios hospital 5\" src=\"https:\/\/spaziospadoni.org\/wp-content\/uploads\/2026\/05\/2025_ottobre_18_suor_agnes_esperance_rwanda_opere_misericordia_volontari_ospedale-5.jpg\"\/><\/figure>\n\n\n<figure class=\"wp-block-image size-large volontari\"><img decoding=\"async\" alt=\"2025 outubro 18 irm\u00e3 agnes esperance Ruanda Obras de Miseric\u00f3rdia volunt\u00e1rios hospital 6\" src=\"https:\/\/spaziospadoni.org\/wp-content\/uploads\/2026\/05\/2025_ottobre_18_suor_agnes_esperance_rwanda_opere_misericordia_volontari_ospedale-6.jpg\"\/><\/figure>\n\n\n<figure class=\"wp-block-image size-large volontari\"><img decoding=\"async\" alt=\"2025 outubro 18 irm\u00e3 agnes esperance Ruanda Obras de Miseric\u00f3rdia volunt\u00e1rios hospital 6\" src=\"https:\/\/spaziospadoni.org\/wp-content\/uploads\/2026\/05\/2025_ottobre_18_suor_agnes_esperance_rwanda_opere_misericordia_volontari_ospedale-6.jpg\"\/><\/figure>\n\n\n<figure class=\"wp-block-image size-large volontari\"><img decoding=\"async\" alt=\"2024 agosto 5 spazio spadoni irm\u00e3 agnes Obras de Miseric\u00f3rdia volunt\u00e1rios operam\" src=\"https:\/\/spaziospadoni.org\/wp-content\/uploads\/2026\/05\/2024_agosto_5_spazio_spadoni_suor_agnes_opere_misericordia_volontari_operam.jpg\"\/><\/figure>\n\n<\/figure>\n\n\n<div class=\"gb-element-b24bbf5e ss-media-videos\">\n\n<figure class=\"wp-block-video video\"><video controls=\"\" src=\"https:\/\/spaziospadoni.org\/wp-content\/uploads\/2026\/05\/2023_marzo_san_giuseppe_suor_agnes_spiega_opere_misericordia.mp4\"><\/video><figcaption class=\"wp-element-caption\">2023 mar\u00e7o S\u00e3o Jos\u00e9 irm\u00e3 agnes explica Obras de Miseric\u00f3rdia<\/figcaption><\/figure>\n\n\n<figure class=\"wp-block-video video\"><video controls=\"\" src=\"https:\/\/spaziospadoni.org\/wp-content\/uploads\/2026\/05\/ottobre_2023_apostolato_ospedale_rwanda_opere_misericordia_operam_spazio_spadoni_suor_agnes.mp4\"><\/video><figcaption class=\"wp-element-caption\">outubro 2023 apostolado hospital Ruanda Obras de Miseric\u00f3rdia operam spazio spadoni irm\u00e3 agnes<\/figcaption><\/figure>\n\n\n<figure class=\"wp-block-video video\"><video controls=\"\" src=\"https:\/\/spaziospadoni.org\/wp-content\/uploads\/2026\/05\/maggio_2025_apostolato_ospedale_operam_opere_misericordia_rwanda_suor_agnes_spazio_spadoni-2.mp4\"><\/video><figcaption class=\"wp-element-caption\">maio 2025 apostolado hospital operam Obras de Miseric\u00f3rdia Ruanda irm\u00e3 agnes spazio spadoni 2<\/figcaption><\/figure>\n\n\n<figure class=\"wp-block-video video\"><video controls=\"\" src=\"https:\/\/spaziospadoni.org\/wp-content\/uploads\/2026\/05\/maggio_2025_apostolato_ospedale_operam_opere_misericordia_rwanda_suor_agnes_spazio_spadoni-1.mp4\"><\/video><figcaption class=\"wp-element-caption\">maio 2025 apostolado hospital operam Obras de Miseric\u00f3rdia Ruanda irm\u00e3 agnes spazio spadoni 1<\/figcaption><\/figure>\n\n\n<figure class=\"wp-block-video video\"><video controls=\"\" src=\"https:\/\/spaziospadoni.org\/wp-content\/uploads\/2026\/05\/13.09.2025.mp4\"><\/video><figcaption class=\"wp-element-caption\">13.09.2025<\/figcaption><\/figure>\n\n\n<figure class=\"wp-block-video video\"><video controls=\"\" src=\"https:\/\/spaziospadoni.org\/wp-content\/uploads\/2026\/05\/2025_aprile_operam_opere_misericordia_spazio_spadoni_butare_ruanda_volontari.mp4\"><\/video><figcaption class=\"wp-element-caption\">2025 abril operam Obras de Miseric\u00f3rdia spazio spadoni butare Ruanda volunt\u00e1rios<\/figcaption><\/figure>\n\n\n<figure class=\"wp-block-video video\"><video controls=\"\" src=\"https:\/\/spaziospadoni.org\/wp-content\/uploads\/2026\/05\/2025_ottobre_18_suor_agnes_esperance_rwanda_opere_misericordia_volontari_ospedale-1.mp4\"><\/video><figcaption class=\"wp-element-caption\">2025 outubro 18 irm\u00e3 agnes esperance Ruanda Obras de Miseric\u00f3rdia volunt\u00e1rios hospital 1<\/figcaption><\/figure>\n\n<\/div>\n\n<\/div>\n\n<\/div>\n\n<\/div>\n\n","protected":false},"excerpt":{"rendered":"<p>Huye &#8211; Butare | Butare (Ruanda) OPERA M15 MISS\u00c3O Local Huye &#8211; Butare Diocese Butare Pa\u00eds Ruanda Continente Africa Coordenadas GPS -2.60697 29.74359 Fuso hor\u00e1rio UTC+2 ORGANIZADOR Congrega\u00e7\u00e3o Fraternit\u00e9 des Consacres de la Communaut\u00e9 Ingoro Y&#8217;Urukundo (Demeure de la Charit\u00e9) Casa-m\u00e3e Huye &#8211; Butare Diocese Butare Pa\u00eds Ruanda Continente Africa Festa da Congrega\u00e7\u00e3o Festa de &#8230; <a title=\"Ruanda &#8211; \u00c1frica | Projeto M15\" class=\"read-more\" href=\"https:\/\/spaziospadoni.org\/pt-pt\/opera-m\/ruanda-africa-projeto-m15\/\" aria-label=\"Read more about Ruanda &#8211; \u00c1frica | Projeto M15\">Ler mais<\/a><\/p>\n","protected":false},"author":102,"featured_media":0,"parent":89582,"menu_order":0,"comment_status":"closed","ping_status":"closed","template":"","meta":{"_sitemap_exclude":false,"_sitemap_priority":"","_sitemap_frequency":"","footnotes":""},"class_list":["post-88118","page","type-page","status-publish","infinite-scroll-item"],"yoast_head":"<!-- This site is optimized with the Yoast SEO plugin v28.4 - https:\/\/yoast.com\/product\/yoast-seo-wordpress\/ -->\n<title>Ruanda - \u00c1frica | Projeto M15 | Spazio Spadoni<\/title>\n<meta name=\"description\" content=\"Huye - Butare | Butare (Ruanda) OPERA M15 MISS\u00c3O Local Huye - Butare Diocese Butare Pa\u00eds Ruanda Continente Africa Coordenadas GPS -2.60697 29.74359 Fuso\" \/>\n<meta name=\"robots\" content=\"index, follow, max-snippet:-1, max-image-preview:large, max-video-preview:-1\" \/>\n<link rel=\"canonical\" href=\"https:\/\/spaziospadoni.org\/pt-pt\/opera-m\/ruanda-africa-projeto-m15\/\" \/>\n<meta property=\"og:locale\" content=\"pt_PT\" \/>\n<meta property=\"og:type\" content=\"article\" \/>\n<meta property=\"og:title\" content=\"Ruanda - \u00c1frica | Projeto M15 | Spazio Spadoni\" \/>\n<meta property=\"og:description\" content=\"Huye - Butare | Butare (Ruanda) OPERA M15 MISS\u00c3O Local Huye - Butare Diocese Butare Pa\u00eds Ruanda Continente Africa Coordenadas GPS -2.60697 29.74359 Fuso\" \/>\n<meta property=\"og:url\" content=\"https:\/\/spaziospadoni.org\/pt-pt\/opera-m\/ruanda-africa-projeto-m15\/\" \/>\n<meta property=\"og:site_name\" content=\"spazio + spadoni\" \/>\n<meta property=\"article:publisher\" content=\"https:\/\/www.facebook.com\/SpazioSpadoni\/\" \/>\n<meta property=\"article:modified_time\" content=\"2026-08-19T12:33:32+00:00\" \/>\n<meta property=\"og:image\" content=\"https:\/\/spaziospadoni.org\/wp-content\/uploads\/2026\/05\/hicsum_1_congo-spaziospadoni-scaled.png\" \/>\n\t<meta property=\"og:image:width\" content=\"2560\" \/>\n\t<meta property=\"og:image:height\" content=\"1771\" \/>\n\t<meta property=\"og:image:type\" content=\"image\/png\" \/>\n<meta name=\"twitter:card\" content=\"summary_large_image\" \/>\n<meta name=\"twitter:label1\" content=\"Est. reading time\" \/>\n\t<meta name=\"twitter:data1\" content=\"8 minutes\" \/>\n<script type=\"application\/ld+json\" class=\"yoast-schema-graph\">{\"@context\":\"https:\\\/\\\/schema.org\",\"@graph\":[{\"@type\":\"WebPage\",\"@id\":\"https:\\\/\\\/spaziospadoni.org\\\/pt-pt\\\/opera-m\\\/ruanda-africa-projeto-m15\\\/\",\"url\":\"https:\\\/\\\/spaziospadoni.org\\\/pt-pt\\\/opera-m\\\/ruanda-africa-projeto-m15\\\/\",\"name\":\"Ruanda - \u00c1frica | Projeto M15 | Spazio Spadoni\",\"isPartOf\":{\"@id\":\"https:\\\/\\\/spaziospadoni.org\\\/pt-pt\\\/#website\"},\"primaryImageOfPage\":{\"@id\":\"https:\\\/\\\/spaziospadoni.org\\\/pt-pt\\\/opera-m\\\/ruanda-africa-projeto-m15\\\/#primaryimage\"},\"image\":{\"@id\":\"https:\\\/\\\/spaziospadoni.org\\\/pt-pt\\\/opera-m\\\/ruanda-africa-projeto-m15\\\/#primaryimage\"},\"thumbnailUrl\":\"https:\\\/\\\/spaziospadoni.org\\\/wp-content\\\/uploads\\\/2026\\\/05\\\/hicsum_28_rwanda-spaziospadoni-scaled.png\",\"datePublished\":\"2026-05-18T13:32:57+00:00\",\"dateModified\":\"2026-08-19T12:33:32+00:00\",\"description\":\"Huye - Butare | Butare (Ruanda) OPERA M15 MISS\u00c3O Local Huye - Butare Diocese Butare Pa\u00eds Ruanda Continente Africa Coordenadas GPS -2.60697 29.74359 Fuso\",\"breadcrumb\":{\"@id\":\"https:\\\/\\\/spaziospadoni.org\\\/pt-pt\\\/opera-m\\\/ruanda-africa-projeto-m15\\\/#breadcrumb\"},\"inLanguage\":\"pt-PT\",\"potentialAction\":[{\"@type\":\"ReadAction\",\"target\":[\"https:\\\/\\\/spaziospadoni.org\\\/pt-pt\\\/opera-m\\\/ruanda-africa-projeto-m15\\\/\"]}]},{\"@type\":\"ImageObject\",\"inLanguage\":\"pt-PT\",\"@id\":\"https:\\\/\\\/spaziospadoni.org\\\/pt-pt\\\/opera-m\\\/ruanda-africa-projeto-m15\\\/#primaryimage\",\"url\":\"https:\\\/\\\/spaziospadoni.org\\\/wp-content\\\/uploads\\\/2026\\\/05\\\/hicsum_28_rwanda-spaziospadoni-scaled.png\",\"contentUrl\":\"https:\\\/\\\/spaziospadoni.org\\\/wp-content\\\/uploads\\\/2026\\\/05\\\/hicsum_28_rwanda-spaziospadoni-scaled.png\"},{\"@type\":\"BreadcrumbList\",\"@id\":\"https:\\\/\\\/spaziospadoni.org\\\/pt-pt\\\/opera-m\\\/ruanda-africa-projeto-m15\\\/#breadcrumb\",\"itemListElement\":[{\"@type\":\"ListItem\",\"position\":1,\"name\":\"Home\",\"item\":\"https:\\\/\\\/spaziospadoni.org\\\/pt-pt\\\/\"},{\"@type\":\"ListItem\",\"position\":2,\"name\":\"Opera M\",\"item\":\"https:\\\/\\\/spaziospadoni.org\\\/pt-pt\\\/opera-m\\\/\"},{\"@type\":\"ListItem\",\"position\":3,\"name\":\"Ruanda &#8211; \u00c1frica | Projeto M15\"}]},{\"@type\":\"WebSite\",\"@id\":\"https:\\\/\\\/spaziospadoni.org\\\/pt-pt\\\/#website\",\"url\":\"https:\\\/\\\/spaziospadoni.org\\\/pt-pt\\\/\",\"name\":\"spazio + spadoni\",\"description\":\"Generazione di misericordia e missione nel mondo\",\"publisher\":{\"@id\":\"https:\\\/\\\/spaziospadoni.org\\\/pt-pt\\\/#organization\"},\"alternateName\":\"spaziospadoni.org\",\"potentialAction\":[{\"@type\":\"SearchAction\",\"target\":{\"@type\":\"EntryPoint\",\"urlTemplate\":\"https:\\\/\\\/spaziospadoni.org\\\/pt-pt\\\/?s={search_term_string}\"},\"query-input\":{\"@type\":\"PropertyValueSpecification\",\"valueRequired\":true,\"valueName\":\"search_term_string\"}}],\"inLanguage\":\"pt-PT\"},{\"@type\":\"Organization\",\"@id\":\"https:\\\/\\\/spaziospadoni.org\\\/pt-pt\\\/#organization\",\"name\":\"spazio + spadoni\",\"alternateName\":\"spaziospadoni.org\",\"url\":\"https:\\\/\\\/spaziospadoni.org\\\/pt-pt\\\/\",\"logo\":{\"@type\":\"ImageObject\",\"inLanguage\":\"pt-PT\",\"@id\":\"https:\\\/\\\/spaziospadoni.org\\\/pt-pt\\\/#\\\/schema\\\/logo\\\/image\\\/\",\"url\":\"https:\\\/\\\/spaziospadoni.org\\\/wp-content\\\/uploads\\\/2026\\\/05\\\/spazio-spadoni-logo-100x100-1.webp\",\"contentUrl\":\"https:\\\/\\\/spaziospadoni.org\\\/wp-content\\\/uploads\\\/2026\\\/05\\\/spazio-spadoni-logo-100x100-1.webp\",\"width\":100,\"height\":100,\"caption\":\"spazio + spadoni\"},\"image\":{\"@id\":\"https:\\\/\\\/spaziospadoni.org\\\/pt-pt\\\/#\\\/schema\\\/logo\\\/image\\\/\"},\"sameAs\":[\"https:\\\/\\\/www.facebook.com\\\/SpazioSpadoni\\\/\",\"https:\\\/\\\/www.instagram.com\\\/spaziospadoni\\\/\",\"https:\\\/\\\/www.youtube.com\\\/@spaziospadoni\\\/playlists\"]}]}<\/script>\n<!-- \/ Yoast SEO plugin. -->","yoast_head_json":{"title":"Ruanda - \u00c1frica | Projeto M15 | Spazio Spadoni","description":"Huye - Butare | Butare (Ruanda) OPERA M15 MISS\u00c3O Local Huye - Butare Diocese Butare Pa\u00eds Ruanda Continente Africa Coordenadas GPS -2.60697 29.74359 Fuso","robots":{"index":"index","follow":"follow","max-snippet":"max-snippet:-1","max-image-preview":"max-image-preview:large","max-video-preview":"max-video-preview:-1"},"canonical":"https:\/\/spaziospadoni.org\/pt-pt\/opera-m\/ruanda-africa-projeto-m15\/","og_locale":"pt_PT","og_type":"article","og_title":"Ruanda - \u00c1frica | Projeto M15 | Spazio Spadoni","og_description":"Huye - Butare | Butare (Ruanda) OPERA M15 MISS\u00c3O Local Huye - Butare Diocese Butare Pa\u00eds Ruanda Continente Africa Coordenadas GPS -2.60697 29.74359 Fuso","og_url":"https:\/\/spaziospadoni.org\/pt-pt\/opera-m\/ruanda-africa-projeto-m15\/","og_site_name":"spazio + spadoni","article_publisher":"https:\/\/www.facebook.com\/SpazioSpadoni\/","article_modified_time":"2026-08-19T12:33:32+00:00","og_image":[{"width":2560,"height":1771,"url":"https:\/\/spaziospadoni.org\/wp-content\/uploads\/2026\/05\/hicsum_1_congo-spaziospadoni-scaled.png","type":"image\/png"}],"twitter_card":"summary_large_image","twitter_misc":{"Est. reading time":"8 minutes"},"schema":{"@context":"https:\/\/schema.org","@graph":[{"@type":"WebPage","@id":"https:\/\/spaziospadoni.org\/pt-pt\/opera-m\/ruanda-africa-projeto-m15\/","url":"https:\/\/spaziospadoni.org\/pt-pt\/opera-m\/ruanda-africa-projeto-m15\/","name":"Ruanda - \u00c1frica | Projeto M15 | Spazio Spadoni","isPartOf":{"@id":"https:\/\/spaziospadoni.org\/pt-pt\/#website"},"primaryImageOfPage":{"@id":"https:\/\/spaziospadoni.org\/pt-pt\/opera-m\/ruanda-africa-projeto-m15\/#primaryimage"},"image":{"@id":"https:\/\/spaziospadoni.org\/pt-pt\/opera-m\/ruanda-africa-projeto-m15\/#primaryimage"},"thumbnailUrl":"https:\/\/spaziospadoni.org\/wp-content\/uploads\/2026\/05\/hicsum_28_rwanda-spaziospadoni-scaled.png","datePublished":"2026-05-18T13:32:57+00:00","dateModified":"2026-08-19T12:33:32+00:00","description":"Huye - Butare | Butare (Ruanda) OPERA M15 MISS\u00c3O Local Huye - Butare Diocese Butare Pa\u00eds Ruanda Continente Africa Coordenadas GPS -2.60697 29.74359 Fuso","breadcrumb":{"@id":"https:\/\/spaziospadoni.org\/pt-pt\/opera-m\/ruanda-africa-projeto-m15\/#breadcrumb"},"inLanguage":"pt-PT","potentialAction":[{"@type":"ReadAction","target":["https:\/\/spaziospadoni.org\/pt-pt\/opera-m\/ruanda-africa-projeto-m15\/"]}]},{"@type":"ImageObject","inLanguage":"pt-PT","@id":"https:\/\/spaziospadoni.org\/pt-pt\/opera-m\/ruanda-africa-projeto-m15\/#primaryimage","url":"https:\/\/spaziospadoni.org\/wp-content\/uploads\/2026\/05\/hicsum_28_rwanda-spaziospadoni-scaled.png","contentUrl":"https:\/\/spaziospadoni.org\/wp-content\/uploads\/2026\/05\/hicsum_28_rwanda-spaziospadoni-scaled.png"},{"@type":"BreadcrumbList","@id":"https:\/\/spaziospadoni.org\/pt-pt\/opera-m\/ruanda-africa-projeto-m15\/#breadcrumb","itemListElement":[{"@type":"ListItem","position":1,"name":"Home","item":"https:\/\/spaziospadoni.org\/pt-pt\/"},{"@type":"ListItem","position":2,"name":"Opera M","item":"https:\/\/spaziospadoni.org\/pt-pt\/opera-m\/"},{"@type":"ListItem","position":3,"name":"Ruanda &#8211; \u00c1frica | Projeto M15"}]},{"@type":"WebSite","@id":"https:\/\/spaziospadoni.org\/pt-pt\/#website","url":"https:\/\/spaziospadoni.org\/pt-pt\/","name":"spazio + spadoni","description":"Generazione di misericordia e missione nel mondo","publisher":{"@id":"https:\/\/spaziospadoni.org\/pt-pt\/#organization"},"alternateName":"spaziospadoni.org","potentialAction":[{"@type":"SearchAction","target":{"@type":"EntryPoint","urlTemplate":"https:\/\/spaziospadoni.org\/pt-pt\/?s={search_term_string}"},"query-input":{"@type":"PropertyValueSpecification","valueRequired":true,"valueName":"search_term_string"}}],"inLanguage":"pt-PT"},{"@type":"Organization","@id":"https:\/\/spaziospadoni.org\/pt-pt\/#organization","name":"spazio + spadoni","alternateName":"spaziospadoni.org","url":"https:\/\/spaziospadoni.org\/pt-pt\/","logo":{"@type":"ImageObject","inLanguage":"pt-PT","@id":"https:\/\/spaziospadoni.org\/pt-pt\/#\/schema\/logo\/image\/","url":"https:\/\/spaziospadoni.org\/wp-content\/uploads\/2026\/05\/spazio-spadoni-logo-100x100-1.webp","contentUrl":"https:\/\/spaziospadoni.org\/wp-content\/uploads\/2026\/05\/spazio-spadoni-logo-100x100-1.webp","width":100,"height":100,"caption":"spazio + spadoni"},"image":{"@id":"https:\/\/spaziospadoni.org\/pt-pt\/#\/schema\/logo\/image\/"},"sameAs":["https:\/\/www.facebook.com\/SpazioSpadoni\/","https:\/\/www.instagram.com\/spaziospadoni\/","https:\/\/www.youtube.com\/@spaziospadoni\/playlists"]}]}},"_links":{"self":[{"href":"https:\/\/spaziospadoni.org\/pt-pt\/wp-json\/wp\/v2\/pages\/88118","targetHints":{"allow":["GET"]}}],"collection":[{"href":"https:\/\/spaziospadoni.org\/pt-pt\/wp-json\/wp\/v2\/pages"}],"about":[{"href":"https:\/\/spaziospadoni.org\/pt-pt\/wp-json\/wp\/v2\/types\/page"}],"author":[{"embeddable":true,"href":"https:\/\/spaziospadoni.org\/pt-pt\/wp-json\/wp\/v2\/users\/102"}],"replies":[{"embeddable":true,"href":"https:\/\/spaziospadoni.org\/pt-pt\/wp-json\/wp\/v2\/comments?post=88118"}],"version-history":[{"count":1,"href":"https:\/\/spaziospadoni.org\/pt-pt\/wp-json\/wp\/v2\/pages\/88118\/revisions"}],"predecessor-version":[{"id":90858,"href":"https:\/\/spaziospadoni.org\/pt-pt\/wp-json\/wp\/v2\/pages\/88118\/revisions\/90858"}],"up":[{"embeddable":true,"href":"https:\/\/spaziospadoni.org\/pt-pt\/wp-json\/wp\/v2\/pages\/89582"}],"wp:attachment":[{"href":"https:\/\/spaziospadoni.org\/pt-pt\/wp-json\/wp\/v2\/media?parent=88118"}],"curies":[{"name":"wp","href":"https:\/\/api.w.org\/{rel}","templated":true}]}}