{"id":88672,"date":"2026-05-18T15:05:11","date_gmt":"2026-05-18T14:05:11","guid":{"rendered":"https:\/\/spaziospadoni.org\/obras-de-misericordia\/zimbabwe-africa-progetto-m42\/"},"modified":"2026-08-03T15:45:45","modified_gmt":"2026-08-03T14:45:45","slug":"zimbabue-africa-projeto-m42","status":"publish","type":"page","link":"https:\/\/spaziospadoni.org\/pt-pt\/opera-m\/zimbabue-africa-projeto-m42\/","title":{"rendered":"Zimbabu\u00e9 &#8211; \u00c1frica | Projeto M42"},"content":{"rendered":"\n<div class=\"ss-project-hero-card\">\n<h2 id=\"bulawayo-bulawayo-zimbabue\" class=\"gb-text gb-text-62a95885\">Bulawayo | Bulawayo (Zimbabu\u00e9)<\/h2>\n\n\n\n<div class=\"gb-element-f60f2409\">\n<div class=\"gb-element-90a85740 ss-project-sidebar\">\n<h2 id=\"opera-m42\" class=\"gb-text ss-project-title\">OPERA M42<\/h2>\n\n\n\n<figure class=\"wp-block-image size-large\"><img decoding=\"async\" src=\"https:\/\/spaziospadoni.org\/wp-content\/uploads\/2026\/05\/hicsum_28_rwanda-spaziospadoni-scaled.png\" alt=\"hicsum 28 rwanda spaziospadoni 150x150\" class=\"wp-image-43007\"\/><\/figure>\n\n\n\n<div class=\"ss-project-table\">\n<div class=\"ss-table-section-title\">\n<h3 id=\"missao\" class=\"gb-text\">MISS\u00c3O<\/h3>\n<\/div>\n\n\n\n<div class=\"ss-table-row\">\n<p class=\"gb-text\">Local<\/p>\n\n\n\n<p class=\"gb-text\"><a href=\"https:\/\/www.google.com\/maps\/place\/Bulawayo,+Zimbabwe\/@-20.1315684,28.4299665,11z\/data=!3m1!4b1!4m6!3m5!1s0x1eb553f3a8738f73:0x1d2d555c3f07ed7e!8m2!3d-20.1457125!4d28.5873388!16zL20vMDF6c2Z4?entry=ttu&#038;g_ep=EgoyMDI2MDIxMS4wIKXMDSoASAFQAw%3D%3D\" rel=\"noreferrer noopener\" target=\"_blank\" title=\"Bulawayo\">Bulawayo<\/a><\/p>\n<\/div>\n\n\n\n<div class=\"ss-table-row\">\n<p class=\"gb-text\">Diocese<\/p>\n\n\n\n<p class=\"gb-text\">Bulawayo<\/p>\n<\/div>\n\n\n\n<div class=\"ss-table-row\">\n<p class=\"gb-text\">Pa\u00eds<\/p>\n\n\n\n<p class=\"gb-text\"><strong>Zimbabu\u00e9<\/strong><\/p>\n<\/div>\n\n\n\n<div class=\"ss-table-row\">\n<p class=\"gb-text\">Continente<\/p>\n\n\n\n<p class=\"gb-text\">Africa<\/p>\n<\/div>\n\n\n\n<div class=\"ss-table-row\">\n<p class=\"gb-text\">Coordenadas GPS<\/p>\n\n\n\n<p class=\"gb-text\">-20.15026 28.59648<\/p>\n<\/div>\n\n\n\n<div class=\"ss-table-row\">\n<p class=\"gb-text\">Fuso hor\u00e1rio<\/p>\n\n\n\n<p class=\"gb-text\">UTC+2<\/p>\n<\/div>\n<\/div>\n\n\n\n<div class=\"ss-project-table\">\n<div class=\"ss-table-section-title\">\n<h3 id=\"organizador\" class=\"gb-text\">ORGANIZADOR<\/h3>\n<\/div>\n\n\n\n<div class=\"ss-table-row\">\n<p class=\"gb-text\">Congrega\u00e7\u00e3o<\/p>\n\n\n\n<p class=\"gb-text\">Sisters Servants of Mary the Queen &#8211; Ancilae Mariae Reginae (AMR)<\/p>\n<\/div>\n\n\n\n<div class=\"ss-table-row\">\n<p class=\"gb-text\">Casa-m\u00e3e<\/p>\n\n\n\n<p class=\"gb-text\">Bulawayo<\/p>\n<\/div>\n\n\n\n<div class=\"ss-table-row\">\n<p class=\"gb-text\">Diocese<\/p>\n\n\n\n<p class=\"gb-text\">Bulawayo<\/p>\n<\/div>\n\n\n\n<div class=\"ss-table-row\">\n<p class=\"gb-text\">Pa\u00eds<\/p>\n\n\n\n<p class=\"gb-text\">Zimbabu\u00e9<\/p>\n<\/div>\n\n\n\n<div class=\"ss-table-row\">\n<p class=\"gb-text\">Continente<\/p>\n\n\n\n<p class=\"gb-text\">Africa<\/p>\n<\/div>\n\n\n\n<div class=\"ss-table-row\">\n<p class=\"gb-text\">Festa da Congrega\u00e7\u00e3o<\/p>\n\n\n\n<p class=\"gb-text\">&#8212;<\/p>\n<\/div>\n\n\n\n<div class=\"ss-table-row\">\n<p class=\"gb-text\">Coordenadas GPS<\/p>\n\n\n\n<p class=\"gb-text\">-20.15026 28.59648<\/p>\n<\/div>\n\n\n\n<div class=\"ss-table-row\">\n<p class=\"gb-text\">Fuso hor\u00e1rio<\/p>\n\n\n\n<p class=\"gb-text\">UTC+2<\/p>\n<\/div>\n\n\n\n<div class=\"ss-table-row\">\n<p class=\"gb-text\">Pessoa de contacto<\/p>\n\n\n\n<p class=\"gb-text\">Irm\u00e3 Jenlindy Tapiwa Ncube<\/p>\n<\/div>\n\n\n\n<div class=\"ss-table-row\">\n<p class=\"gb-text\">Madre-geral<\/p>\n\n\n\n<p class=\"gb-text\">Irm\u00e3 Bernadette Siqaliso Dube<\/p>\n<\/div>\n\n\n\n<div class=\"ss-table-row\">\n<p class=\"gb-text\">Site<\/p>\n\n\n\n<p class=\"gb-text\"><a href=\"https:\/\/www.suoresantagemma.it\/\" target=\"_blank\" rel=\"noreferrer noopener\" title=\"suoresantagemma.it\">suoresantagemma.it<\/a><\/p>\n<\/div>\n<\/div>\n\n\n\n<div class=\"ss-project-table\">\n<div class=\"ss-table-section-title\">\n<h3 id=\"spazio-reale\" class=\"gb-text\">SPAZIO REALE<\/h3>\n<\/div>\n\n\n\n<div class=\"ss-table-row\">\n<p class=\"gb-text\">Respons\u00e1vel pelo projeto<\/p>\n\n\n\n<p class=\"gb-text\">Irm\u00e3 Jenlindy Tapiwa Ncube<\/p>\n<\/div>\n\n\n\n<div class=\"ss-table-row\">\n<p class=\"gb-text\">Data de in\u00edcio<\/p>\n\n\n\n<p class=\"gb-text\">Julho de 2025<\/p>\n<\/div>\n\n\n\n<div class=\"ss-table-row\">\n<p class=\"gb-text\">Tipologia<\/p>\n\n\n\n<p class=\"gb-text\"><strong>Agricultura<\/strong><\/p>\n<\/div>\n<\/div>\n\n\n\n<div class=\"ss-project-table\">\n<a class=\"gb-element-e1766596 ss-table-section-button\" href=\"#\" title=\"OPERA M &#8211; PROJETO M42\">\n<span class=\"gb-text\">OPERA M &#8211; PROJETO M42<\/span>\n<\/a>\n<\/div>\n<\/div>\n<\/div>\n\n\n\n<div class=\"gb-element-6ad95ea8\">\n<div class=\"gb-element-e34063a6 ss-project-intro\">\n<p class=\"wp-block-paragraph\">OPERA M \u00e9 a revolu\u00e7\u00e3o das Obras de Miseric\u00f3rdia. \u00c9 o instrumento permanente para desenvolver um pensamento forte e renovado sobre as obras no mundo.<\/p>\n\n\n\n<p class=\"wp-block-paragraph\">Nasce de uma urg\u00eancia profundamente sentida por spazio + spadoni de r<strong>E<\/strong>volucionar o conceito de obra de miseric\u00f3rdia como um caminho que \u00e9 sempre simultaneamente humano e divino e, portanto, sempre espiritual, al\u00e9m de pr\u00e1tico (ou corporal). A redescoberta, ou melhor, a verdadeira r<strong>E<\/strong>volu\u00e7\u00e3o das obras deve ser reencontrada nesta s\u00edntese entre dimens\u00e3o espiritual e ato pr\u00e1tico. A a\u00e7\u00e3o material deve ser sempre permeada pelo esp\u00edrito.<\/p>\n\n\n\n<p class=\"wp-block-paragraph\">OPERA M baseia-se em cinco a\u00e7\u00f5es que definem o seu m\u00e9todo: INVOCA, chama o Esp\u00edrito ESCUTA, faz sil\u00eancio para te abrires \u00e0 escuta ENCONTRA, permanece entre as pessoas ATUEMOS, agir pelas obras INUNDEMOS, levemos todos \u00e0s Obras de Miseric\u00f3rdia <strong>Obras de Miseric\u00f3rdia espirituais<\/strong> Dar bom conselho a quem precisa Ensinar os ignorantes Corrigir os que erram Consolar os tristes Perdoar as inj\u00farias Sofrer com paci\u00eancia as fraquezas do pr\u00f3ximo Rogar a Deus por vivos e defuntos <strong>Obras de Miseric\u00f3rdia corporais<\/strong> Dar de comer a quem tem fome Dar de beber a quem tem sede Vestir os nus Dar pousada aos peregrinos Visitar os enfermos Visitar os presos Enterrar os mortos<\/p>\n\n<\/div>\n<\/div>\n\n\n\n\n<div>\n\n<h2 id=\"cronologia\" class=\"gb-text gb-text-8179e40a\">Cronologia<\/h2>\n\n\n\n\n\n<div class=\"ss-timeline\">\n\n<h3 id=\"2022\" class=\"gb-text\">2022<\/h3>\n\n\n\n\n\n<div class=\"ss-timeline-item\">\n\n<h4 id=\"junho-inicio-da-relacao\" class=\"gb-text\">Junho | In\u00edcio da rela\u00e7\u00e3o<\/h4>\n\n\n\n\n<p class=\"wp-block-paragraph\">A Congrega\u00e7\u00e3o entra em contacto com spazio + spadoni<\/p>\n\n\n<\/div>\n\n\n<\/div>\n\n\n\n\n<div class=\"ss-timeline\">\n\n<h3 id=\"2023\" class=\"gb-text\">2023<\/h3>\n\n\n\n\n\n<div class=\"ss-timeline-item\">\n\n<h4 id=\"3-de-abril-envio-do-projeto\" class=\"gb-text\">3 de abril | Envio do projeto<\/h4>\n\n\n\n\n<p class=\"wp-block-paragraph\">A Congrega\u00e7\u00e3o apresenta um pedido de financiamento para a realiza\u00e7\u00e3o de um projeto agr\u00edcola<\/p>\n\n\n<\/div>\n\n\n\n\n<div class=\"ss-timeline-item\">\n\n<h4 id=\"29-de-agosto-especialista-de-spazio-spadoni\" class=\"gb-text\">29 de agosto | Especialista de spazio + spadoni<\/h4>\n\n\n\n\n<p class=\"wp-block-paragraph\">Fernandel, um jovem especialista em Economia di Comunione, elabora com a Congrega\u00e7\u00e3o um plano de neg\u00f3cios que demonstra a sustentabilidade do projeto<\/p>\n\n\n<\/div>\n\n\n<\/div>\n\n\n\n\n<div class=\"ss-timeline\">\n\n<h3 id=\"2025\" class=\"gb-text\">2025<\/h3>\n\n\n\n\n\n<div class=\"ss-timeline-item\">\n\n<h4 id=\"5-de-maio-encontro-com-spazio-spadoni\" class=\"gb-text\">5 de maio | Encontro com spazio + spadoni<\/h4>\n\n\n\n\n<p class=\"wp-block-paragraph\">Por ocasi\u00e3o da Assembleia da UISG em Roma, a irm\u00e3 Bernadette e Luigi Spadoni encontram-se e discutem o futuro do projeto e a organiza\u00e7\u00e3o da OPERA M no Zimbabu\u00e9<\/p>\n\n\n\n<figure class=\"wp-block-gallery has-nested-images columns-1 is-cropped ss-lightbox wp-block-gallery-1 is-layout-flex wp-block-gallery-is-layout-flex\">\n\n<figure class=\"wp-block-image size-large\"><img decoding=\"async\" src=\"https:\/\/spaziospadoni.org\/wp-content\/uploads\/2026\/05\/2025_maggio_assemblea_uisg_roma_spazio_spadoni_opere_misericordia_superiore_generali_suore-147-scaled-1.jpg\" alt=\"2025 maio assembleia uisg roma spazio + spadoni Obras de Miseric\u00f3rdia Superioras-gerais irm\u00e3s 147 scaled\"\/><figcaption class=\"wp-element-caption\">5 de maio | Encontro com spazio + spadoni<\/figcaption><\/figure>\n\n<\/figure>\n\n\n<\/div>\n\n\n\n\n<div class=\"ss-timeline-item\">\n\n<h4 id=\"19-de-maio-apoio-ao-projeto\" class=\"gb-text\">19 de maio | Apoio ao projeto<\/h4>\n\n\n\n\n<p class=\"wp-block-paragraph\">S\u00e3o definidas as modalidades de apoio ao projeto<\/p>\n\n\n<\/div>\n\n\n\n\n<div class=\"ss-timeline-item\">\n\n<h4 id=\"13-de-julho-embaixadora-das-obras-de-misericordia\" class=\"gb-text\">13 de julho | Embaixadora das Obras de Miseric\u00f3rdia<\/h4>\n\n\n\n\n<p class=\"wp-block-paragraph\">A Madre-geral informa-nos de que a irm\u00e3 Jenlindy \u00e9 a Embaixadora das Obras de Miseric\u00f3rdia<\/p>\n\n\n\n<figure class=\"wp-block-gallery has-nested-images columns-1 is-cropped ss-lightbox wp-block-gallery-2 is-layout-flex wp-block-gallery-is-layout-flex\">\n\n<figure class=\"wp-block-image size-large\"><img decoding=\"async\" src=\"https:\/\/spaziospadoni.org\/wp-content\/uploads\/2026\/05\/FOTO-MADRE-BERNADETTE-E-SUOR-JENLINDY.jpg-3.jpg\" alt=\"FOTO Madre BERNADETTE e irm\u00e3 JENLINDY.jpg 3\"\/><figcaption class=\"wp-element-caption\">13 de julho | Embaixadora das Obras de Miseric\u00f3rdia<\/figcaption><\/figure>\n\n<\/figure>\n\n\n<\/div>\n\n\n\n\n<div class=\"ss-timeline-item\">\n\n<h4 id=\"7-de-agosto-primeiro-financiamento-concedido\" class=\"gb-text\">7 de agosto | Primeiro financiamento concedido<\/h4>\n\n\n\n\n<p class=\"wp-block-paragraph\">O primeiro financiamento destina-se a apoiar o arranque do projeto agr\u00edcola<\/p>\n\n\n\n<figure class=\"wp-block-gallery has-nested-images columns-1 is-cropped ss-lightbox wp-block-gallery-3 is-layout-flex wp-block-gallery-is-layout-flex\">\n\n<figure class=\"wp-block-image size-large\"><img decoding=\"async\" src=\"https:\/\/spaziospadoni.org\/wp-content\/uploads\/2026\/05\/2024_suor_bernadette_zimbabwe_campo_progetto_hic_sum_operam_agricoltura_spadoj-scaled-1.jpg\" alt=\"2024 irm\u00e3 bernadette Zimbabu\u00e9 campo projeto HIC SUM OPERA M agricultura spazio + spadoni scaled\"\/><figcaption class=\"wp-element-caption\">7 de agosto | Primeiro financiamento concedido<\/figcaption><\/figure>\n\n<\/figure>\n\n\n<\/div>\n\n\n\n\n<div class=\"ss-timeline-item\">\n\n<h4 id=\"8-de-outubro-segundo-financiamento-concedido\" class=\"gb-text\">8 de outubro | Segundo financiamento concedido<\/h4>\n\n\n\n\n<p class=\"wp-block-paragraph\">O segundo financiamento destina-se \u00e0 instala\u00e7\u00e3o do sistema de irriga\u00e7\u00e3o<\/p>\n\n\n<\/div>\n\n\n\n\n<div class=\"ss-timeline-item\">\n\n<h4 id=\"15-de-outubro-sistema-de-irrigacao\" class=\"gb-text\">15 de outubro | Sistema de irriga\u00e7\u00e3o<\/h4>\n\n\n\n\n<p class=\"wp-block-paragraph\">O sistema de irriga\u00e7\u00e3o foi instalado<\/p>\n\n\n\n<figure class=\"wp-block-gallery has-nested-images columns-1 is-cropped ss-lightbox wp-block-gallery-4 is-layout-flex wp-block-gallery-is-layout-flex\">\n\n<figure class=\"wp-block-image size-large\"><img decoding=\"async\" src=\"https:\/\/spaziospadoni.org\/wp-content\/uploads\/2026\/05\/2025_Ottobre_15_spazio_spadoni_italia_orto-zimbabwe_irrigazione_3.jpg\" alt=\"2025 outubro 15 spazio + spadoni It\u00e1lia horta Zimbabu\u00e9 irriga\u00e7\u00e3o 3\"\/><figcaption class=\"wp-element-caption\">15 de outubro | Sistema de irriga\u00e7\u00e3o<\/figcaption><\/figure>\n\n<\/figure>\n\n\n<\/div>\n\n\n\n\n<div class=\"ss-timeline-item\">\n\n<h4 id=\"31-de-dezembro-revolucao-das-obras-de-misericordia\" class=\"gb-text\">31 de dezembro | rEvolu\u00e7\u00e3o das Obras de Miseric\u00f3rdia<\/h4>\n\n\n\n\n<p class=\"wp-block-paragraph\">Durante um dia de ora\u00e7\u00e3o e recolhimento das &quot;Donne della solidariet\u00e0&quot;, as Obras de Miseric\u00f3rdia s\u00e3o aprofundadas com as crian\u00e7as e as alunas das escolas<\/p>\n\n\n\n<figure class=\"wp-block-gallery has-nested-images columns-1 is-cropped ss-lightbox wp-block-gallery-5 is-layout-flex wp-block-gallery-is-layout-flex\">\n\n<figure class=\"wp-block-image size-large\"><img decoding=\"async\" src=\"https:\/\/spaziospadoni.org\/wp-content\/uploads\/2026\/05\/2025_dicembre_31_giornata_raccoglimento_signore_solidarieta_zimbabwe_suor_bernadette_opere_misericordia_spazio_spadoni-4-e1771316300794.jpg\" alt=\"2025 dezembro 31 dia de recolhimento mulheres da solidariedade Zimbabu\u00e9 irm\u00e3 bernadette Obras de Miseric\u00f3rdia spazio + spadoni 4 e1771316300794\"\/><figcaption class=\"wp-element-caption\">31 de dezembro | rEvolu\u00e7\u00e3o das Obras de Miseric\u00f3rdia<\/figcaption><\/figure>\n\n<\/figure>\n\n\n<\/div>\n\n\n<\/div>\n\n\n\n\n<div class=\"ss-timeline\">\n\n<h3 id=\"2026\" class=\"gb-text\">2026<\/h3>\n\n\n\n\n\n<div class=\"ss-timeline-item\">\n\n<h4 id=\"6-de-janeiro-obras-de-misericordia\" class=\"gb-text\">6 de janeiro | Obras de Miseric\u00f3rdia<\/h4>\n\n\n\n\n<p class=\"wp-block-paragraph\">A irm\u00e3 Jenlindy encontra-se com as outras irm\u00e3s da Congrega\u00e7\u00e3o e explica a rEvolu\u00e7\u00e3o das Obras de Miseric\u00f3rdia promovida por spazio + spadoni<\/p>\n\n\n\n<figure class=\"wp-block-gallery has-nested-images columns-1 is-cropped ss-lightbox wp-block-gallery-6 is-layout-flex wp-block-gallery-is-layout-flex\">\n\n<figure class=\"wp-block-image size-large\"><img decoding=\"async\" src=\"https:\/\/spaziospadoni.org\/wp-content\/uploads\/2026\/05\/2026_Gennaio_06_suor_Jenlindy_Zimbabwe_meeting_AMR_su_ODM_spazio_spadoni_1.jpg\" alt=\"2026 janeiro 06 irm\u00e3 Jenlindy Zimbabu\u00e9 reuni\u00e3o AMR sobre Obras de Miseric\u00f3rdia spazio + spadoni 1\"\/><figcaption class=\"wp-element-caption\">6 de janeiro | Obras de Miseric\u00f3rdia<\/figcaption><\/figure>\n\n<\/figure>\n\n\n<\/div>\n\n\n\n\n<div class=\"ss-timeline-item\">\n\n<h4 id=\"16-de-abril-confecao-dos-lencos\" class=\"gb-text\">16 de abril | Confe\u00e7\u00e3o dos len\u00e7os<\/h4>\n\n\n\n\n<p class=\"wp-block-paragraph\">Con il sostegno di spazio + spadoni, le irm\u00e3s stanno realizzando 200 len\u00e7os  spazio + spadoni<\/p>\n\n\n\n<figure class=\"wp-block-gallery has-nested-images columns-1 is-cropped ss-lightbox wp-block-gallery-7 is-layout-flex wp-block-gallery-is-layout-flex\">\n\n<figure class=\"wp-block-image size-large\"><img decoding=\"async\" src=\"https:\/\/spaziospadoni.org\/wp-content\/uploads\/2026\/05\/2026_aprile_16_suor_jenlind_bernadette_zimbabwe_foulard_spazio_spadoni_opere_misericordia_operam-scaled-e1776329291596.jpg\" alt=\"2026 abril 16 irm\u00e3 Jenlindy bernadette Zimbabu\u00e9 len\u00e7os spazio + spadoni Obras de Miseric\u00f3rdia OPERA M scaled e1776329291596\"\/><figcaption class=\"wp-element-caption\">16 de abril | Confe\u00e7\u00e3o dos len\u00e7os<\/figcaption><\/figure>\n\n<\/figure>\n\n\n<\/div>\n\n\n<\/div>\n\n\n<\/div>\n\n\n\n<div class=\"ss-project-reports\">\n<h2 id=\"relatorios-das-obras-de-misericordia\" class=\"gb-text gb-text-75c3218d\">Relat\u00f3rios das Obras de Miseric\u00f3rdia<\/h2>\n\n\n<ul class=\"wp-block-list ss-report-list\">\n\n<li><a href=\"https:\/\/spaziospadoni.org\/wp-content\/uploads\/2026\/05\/Progetto-orto.pdf\" target=\"_blank\" rel=\"noreferrer noopener\" title=\"Projeto de horta\">Projeto de horta<\/a><\/li>\n\n\n<li><a href=\"https:\/\/spaziospadoni.org\/wp-content\/uploads\/2026\/05\/Report-1_gennaio-2026.pdf\" target=\"_blank\" rel=\"noreferrer noopener\" title=\"Relat\u00f3rio 1_janeiro de 2026\">Relat\u00f3rio 1_janeiro de 2026<\/a><\/li>\n\n<\/ul>\n\n<\/div>\n\n\n\n<div class=\"ss-project-media\">\n<h2 id=\"fotos-e-videos\" class=\"gb-text gb-text-d7bd8be8\">Fotos e v\u00eddeos<\/h2>\n\n\n<div class=\"ss-media-filters\">\n\n<a class=\"gb-text ss-media-filter active\" data-filter=\"*\" title=\"Tudo\">Tudo<\/a>\n\n\n<a class=\"gb-text ss-media-filter\" data-filter=\".progetto-orto\" title=\"Projeto de horta\">Projeto de horta<\/a>\n\n\n<a class=\"gb-text ss-media-filter\" data-filter=\".italia\" title=\"It\u00e1lia\">It\u00e1lia<\/a>\n\n\n<a class=\"gb-text ss-media-filter\" data-filter=\".opera-m\" title=\"OPERA M\">OPERA M<\/a>\n\n\n<a class=\"gb-text ss-media-filter\" data-filter=\".video\" title=\"V\u00eddeos\">V\u00eddeos<\/a>\n\n<\/div>\n\n\n<div class=\"ss-media-grid\">\n<div>\n<figure class=\"wp-block-gallery has-nested-images columns-1 is-cropped ss-lightbox wp-block-gallery-8 is-layout-flex wp-block-gallery-is-layout-flex\">\n\n<figure class=\"wp-block-image size-large progetto-orto\"><img decoding=\"async\" alt=\"2024 irm\u00e3 bernadette Zimbabu\u00e9 campo projeto HIC SUM OPERA M agricultura spazio + spadoni scaled\" src=\"https:\/\/spaziospadoni.org\/wp-content\/uploads\/2026\/05\/2024_suor_bernadette_zimbabwe_campo_progetto_hic_sum_operam_agricoltura_spadoj-scaled-1.jpg\"\/><\/figure>\n\n\n<figure class=\"wp-block-image size-large progetto-orto\"><img decoding=\"async\" alt=\"2024 irm\u00e3 bernadette Zimbabu\u00e9 campo projeto HIC SUM OPERA M agricultura spazio + spadoni 1 scaled\" src=\"https:\/\/spaziospadoni.org\/wp-content\/uploads\/2026\/05\/2024_suor_bernadette_zimbabwe_campo_progetto_hic_sum_operam_agricoltura_spadojpg-1-scaled-1.jpg\"\/><\/figure>\n\n\n<figure class=\"wp-block-image size-large italia\"><img decoding=\"async\" alt=\"2025 maio assembleia uisg roma spazio + spadoni Obras de Miseric\u00f3rdia Superioras-gerais irm\u00e3s 147 scaled\" src=\"https:\/\/spaziospadoni.org\/wp-content\/uploads\/2026\/05\/2025_maggio_assemblea_uisg_roma_spazio_spadoni_opere_misericordia_superiore_generali_suore-147-scaled-1.jpg\"\/><\/figure>\n\n\n<figure class=\"wp-block-image size-large italia\"><img decoding=\"async\" alt=\"2025 maio assembleia uisg roma spazio + spadoni Obras de Miseric\u00f3rdia Superioras-gerais irm\u00e3s 146 scaled\" src=\"https:\/\/spaziospadoni.org\/wp-content\/uploads\/2026\/05\/2025_maggio_assemblea_uisg_roma_spazio_spadoni_opere_misericordia_superiore_generali_suore-146-scaled-1.jpg\"\/><\/figure>\n\n\n<figure class=\"wp-block-image size-large progetto-orto\"><img decoding=\"async\" alt=\"2025 setembro 25 Zimbabu\u00e9 irm\u00e3 bernadette spazio + spadoni projeto HIC SUM Obras de Miseric\u00f3rdia agricultura irm\u00e3 trator 6\" src=\"https:\/\/spaziospadoni.org\/wp-content\/uploads\/2026\/05\/2025_settembre_25_zimbabwe_suor_bernadette_spazio_spadoni_progetto_hic_sum_opere_misericordia_agricoltura_suora_trattore-6.jpg\"\/><\/figure>\n\n\n<figure class=\"wp-block-image size-large progetto-orto\"><img decoding=\"async\" alt=\"2025 setembro 25 Zimbabu\u00e9 irm\u00e3 bernadette spazio + spadoni projeto HIC SUM Obras de Miseric\u00f3rdia agricultura irm\u00e3 trator 7\" src=\"https:\/\/spaziospadoni.org\/wp-content\/uploads\/2026\/05\/2025_settembre_25_zimbabwe_suor_bernadette_spazio_spadoni_progetto_hic_sum_opere_misericordia_agricoltura_suora_trattore-7.jpg\"\/><\/figure>\n\n\n<figure class=\"wp-block-image size-large progetto-orto\"><img decoding=\"async\" alt=\"2025 setembro 25 Zimbabu\u00e9 irm\u00e3 bernadette spazio + spadoni projeto HIC SUM Obras de Miseric\u00f3rdia agricultura irm\u00e3 trator 2\" src=\"https:\/\/spaziospadoni.org\/wp-content\/uploads\/2026\/05\/2025_settembre_25_zimbabwe_suor_bernadette_spazio_spadoni_progetto_hic_sum_opere_misericordia_agricoltura_suora_trattore-2.jpg\"\/><\/figure>\n\n\n<figure class=\"wp-block-image size-large progetto-orto\"><img decoding=\"async\" alt=\"2025 outubro 08 spazio + spadoni It\u00e1lia horta Zimbabu\u00e9 compra de material irriga\u00e7\u00e3o projeto OPERA M 3\" src=\"https:\/\/spaziospadoni.org\/wp-content\/uploads\/2026\/05\/2025_Ottobre_08_spazio_spadoni_italia_orto-zimbabwe_acquisto_materiale_irrigazione_progetto_operam-3.jpg\"\/><\/figure>\n\n\n<figure class=\"wp-block-image size-large progetto-orto\"><img decoding=\"async\" alt=\"2025 outubro 15 spazio + spadoni It\u00e1lia horta Zimbabu\u00e9 irriga\u00e7\u00e3o 3\" src=\"https:\/\/spaziospadoni.org\/wp-content\/uploads\/2026\/05\/2025_Ottobre_15_spazio_spadoni_italia_orto-zimbabwe_irrigazione_3.jpg\"\/><\/figure>\n\n\n<figure class=\"wp-block-image size-large progetto-orto\"><img decoding=\"async\" alt=\"2025 outubro 15 spazio + spadoni It\u00e1lia horta Zimbabu\u00e9 irriga\u00e7\u00e3o 2\" src=\"https:\/\/spaziospadoni.org\/wp-content\/uploads\/2026\/05\/2025_Ottobre_15_spazio_spadoni_italia_orto-zimbabwe_irrigazione_2.jpg\"\/><\/figure>\n\n\n<figure class=\"wp-block-image size-large opera-m\"><img decoding=\"async\" alt=\"FOTO Madre BERNADETTE e irm\u00e3 Jenlindy.jpg 2\" src=\"https:\/\/spaziospadoni.org\/wp-content\/uploads\/2026\/05\/FOTO-MADRE-BERNADETTE-E-SUOR-JEMLINDY.jpg-2.jpg\"\/><\/figure>\n\n\n<figure class=\"wp-block-image size-large opera-m\"><img decoding=\"async\" alt=\"FOTO Madre BERNADETTE e irm\u00e3 Jenlindy\" src=\"https:\/\/spaziospadoni.org\/wp-content\/uploads\/2026\/05\/FOTO-MADRE-BERNADETTE-E-SUOR-JEMLINDY.jpg\"\/><\/figure>\n\n\n<figure class=\"wp-block-image size-large opera-m\"><img decoding=\"async\" alt=\"FOTO Madre BERNADETTE e irm\u00e3 JENLINDY.jpg 3\" src=\"https:\/\/spaziospadoni.org\/wp-content\/uploads\/2026\/05\/FOTO-MADRE-BERNADETTE-E-SUOR-JENLINDY.jpg-3.jpg\"\/><\/figure>\n\n\n<figure class=\"wp-block-image size-large progetto-orto\"><img decoding=\"async\" alt=\"2025 dezembro 20 Madre Bernadette horta Zimbabu\u00e9 Opera M spazio + spadoni\" src=\"https:\/\/spaziospadoni.org\/wp-content\/uploads\/2026\/05\/2025_Dicembre_20_Madre_Bernadette_Orto_Zimbabwe_Opera_M_spazio_spadoni.jpg\"\/><\/figure>\n\n\n<figure class=\"wp-block-image size-large progetto-orto\"><img decoding=\"async\" alt=\"2025 dezembro 20 Madre Bernadette horta Zimbabu\u00e9 spazio + spadoni 1\" src=\"https:\/\/spaziospadoni.org\/wp-content\/uploads\/2026\/05\/2025_Dicembre_20_Madre_Bernadette_Orto_Zimbabwe_spazio_spadoni_1.jpg\"\/><\/figure>\n\n\n<figure class=\"wp-block-image size-large opera-m\"><img decoding=\"async\" alt=\"2025 dezembro 11 Madre Bernadette Zimbabu\u00e9 mulheres do projeto de costura spazio + spadoni e1771319096273\" src=\"https:\/\/spaziospadoni.org\/wp-content\/uploads\/2026\/05\/2025_Dicembre_11_madre_Bernadette_Zimbabwe_donne_nel-_progetto_sartoria_spazio_spadoni-e1771319096273.jpg\"\/><\/figure>\n\n\n<figure class=\"wp-block-image size-large opera-m\"><img decoding=\"async\" alt=\"2025 dezembro 31 dia de recolhimento mulheres da solidariedade Zimbabu\u00e9 irm\u00e3 bernadette Obras de Miseric\u00f3rdia spazio + spadoni 7\" src=\"https:\/\/spaziospadoni.org\/wp-content\/uploads\/2026\/05\/2025_dicembre_31_giornata_raccoglimento_signore_solidarieta_zimbabwe_suor_bernadette_opere_misericordia_spazio_spadoni-7.jpg\"\/><\/figure>\n\n\n<figure class=\"wp-block-image size-large opera-m\"><img decoding=\"async\" alt=\"2025 dezembro 31 dia de recolhimento mulheres da solidariedade Zimbabu\u00e9 irm\u00e3 bernadette Obras de Miseric\u00f3rdia spazio + spadoni 4 e1771316300794\" src=\"https:\/\/spaziospadoni.org\/wp-content\/uploads\/2026\/05\/2025_dicembre_31_giornata_raccoglimento_signore_solidarieta_zimbabwe_suor_bernadette_opere_misericordia_spazio_spadoni-4-e1771316300794.jpg\"\/><\/figure>\n\n\n<figure class=\"wp-block-image size-large opera-m\"><img decoding=\"async\" alt=\"2025 dezembro 31 dia de recolhimento mulheres da solidariedade Zimbabu\u00e9 irm\u00e3 bernadette Obras de Miseric\u00f3rdia spazio + spadoni 8\" src=\"https:\/\/spaziospadoni.org\/wp-content\/uploads\/2026\/05\/2025_dicembre_31_giornata_raccoglimento_signore_solidarieta_zimbabwe_suor_bernadette_opere_misericordia_spazio_spadoni-8.jpg\"\/><\/figure>\n\n\n<figure class=\"wp-block-image size-large opera-m\"><img decoding=\"async\" alt=\"2026 janeiro 06 irm\u00e3 Jenlindy Zimbabu\u00e9 reuni\u00e3o AMR sobre Obras de Miseric\u00f3rdia spazio + spadoni 1\" src=\"https:\/\/spaziospadoni.org\/wp-content\/uploads\/2026\/05\/2026_Gennaio_06_suor_Jenlindy_Zimbabwe_meeting_AMR_su_ODM_spazio_spadoni_1.jpg\"\/><\/figure>\n\n\n<figure class=\"wp-block-image size-large opera-m\"><img decoding=\"async\" alt=\"2026 abril 16 irm\u00e3 Jenlindy bernadette Zimbabu\u00e9 len\u00e7os spazio + spadoni Obras de Miseric\u00f3rdia OPERA M scaled e1776329291596\" src=\"https:\/\/spaziospadoni.org\/wp-content\/uploads\/2026\/05\/2026_aprile_16_suor_jenlind_bernadette_zimbabwe_foulard_spazio_spadoni_opere_misericordia_operam-scaled-e1776329291596.jpg\"\/><\/figure>\n\n<\/figure>\n\n\n<div class=\"gb-element-b24bbf5e ss-media-videos\">\n\n<figure class=\"wp-block-video video\"><video controls=\"\" src=\"https:\/\/spaziospadoni.org\/wp-content\/uploads\/2026\/05\/2025_settembre_25_zimbabwe_suor_bernadette_spazio_spadoni_progetto_hic_sum_opere_misericordia_agricoltura_suora_trattore-1.mp4\"><\/video><figcaption class=\"wp-element-caption\">2025 setembro 25 Zimbabu\u00e9 irm\u00e3 bernadette spazio + spadoni projeto HIC SUM Obras de Miseric\u00f3rdia agricultura irm\u00e3 trator 1<\/figcaption><\/figure>\n\n\n<figure class=\"wp-block-video video\"><video controls=\"\" src=\"https:\/\/spaziospadoni.org\/wp-content\/uploads\/2026\/05\/2025_Novembre_16_spazio_spadoni_italia_orto-zimbabwe_secondo_lotto_di-_pulcini_acquistato_1.mp4\"><\/video><figcaption class=\"wp-element-caption\">2025 novembro 16 spazio + spadoni It\u00e1lia horta Zimbabu\u00e9 segundo lote de pintos comprado 1<\/figcaption><\/figure>\n\n\n<figure class=\"wp-block-video video\"><video controls=\"\" src=\"https:\/\/spaziospadoni.org\/wp-content\/uploads\/2026\/05\/2025_Dicembre_20_Madre_Bernadette_Orto_Zimbabwe_Opera_M_spazio_spadoni-2.jpg\"><\/video><figcaption class=\"wp-element-caption\">2025 dezembro 20 Madre Bernadette horta Zimbabu\u00e9 Opera M spazio + spadoni 2<\/figcaption><\/figure>\n\n\n<figure class=\"wp-block-video video\"><video controls=\"\" src=\"https:\/\/spaziospadoni.org\/wp-content\/uploads\/2026\/05\/2025_Dicembre_20_Madre_Bernadette_Orto_Zimbabwe_spazio_spadoni_4.mp4\"><\/video><figcaption class=\"wp-element-caption\">2025 dezembro 20 Madre Bernadette horta Zimbabu\u00e9 spazio + spadoni 4<\/figcaption><\/figure>\n\n\n<figure class=\"wp-block-video video\"><video controls=\"\" src=\"https:\/\/spaziospadoni.org\/wp-content\/uploads\/2026\/05\/2025_Novembre_16_spazio_spadoni_italia_orto-zimbabwe_pianta_di_pomodori_2.mp4\"><\/video><figcaption class=\"wp-element-caption\">2025 novembro 16 spazio + spadoni It\u00e1lia horta Zimbabu\u00e9 planta de tomate 2<\/figcaption><\/figure>\n\n\n<figure class=\"wp-block-video video\"><video controls=\"\" src=\"https:\/\/spaziospadoni.org\/wp-content\/uploads\/2026\/05\/VID-20251103-madre-_Bernadette_parla_delle_opere_di_misericorida_nella_comunita_di_Ekusileni.mp4\"><\/video><figcaption class=\"wp-element-caption\">VID 20251103 Madre Bernadette fala das Obras de Miseric\u00f3rdia na comunidade de Ekusileni<\/figcaption><\/figure>\n\n\n<figure class=\"wp-block-video video\"><video controls=\"\" src=\"https:\/\/spaziospadoni.org\/wp-content\/uploads\/2026\/05\/2026_aprile_16_suor_jenlind_bernadette_zimbabwe_foulard_spazio_spadoni_opere_misericordia_operam.mp4\"><\/video><figcaption class=\"wp-element-caption\">2026 abril 16 irm\u00e3 Jenlindy bernadette Zimbabu\u00e9 len\u00e7os spazio + spadoni Obras de Miseric\u00f3rdia OPERA M<\/figcaption><\/figure>\n\n<\/div>\n\n<\/div>\n\n<\/div>\n\n<\/div>\n\n","protected":false},"excerpt":{"rendered":"<p>Bulawayo | Bulawayo (Zimbabu\u00e9) OPERA M42 MISS\u00c3O Local Bulawayo Diocese Bulawayo Pa\u00eds Zimbabu\u00e9 Continente Africa Coordenadas GPS -20.15026 28.59648 Fuso hor\u00e1rio UTC+2 ORGANIZADOR Congrega\u00e7\u00e3o Sisters Servants of Mary the Queen &#8211; Ancilae Mariae Reginae (AMR) Casa-m\u00e3e Bulawayo Diocese Bulawayo Pa\u00eds Zimbabu\u00e9 Continente Africa Festa da Congrega\u00e7\u00e3o &#8212; Coordenadas GPS -20.15026 28.59648 Fuso hor\u00e1rio UTC+2 Pessoa &#8230; <a title=\"Zimbabu\u00e9 &#8211; \u00c1frica | Projeto M42\" class=\"read-more\" href=\"https:\/\/spaziospadoni.org\/pt-pt\/opera-m\/zimbabue-africa-projeto-m42\/\" aria-label=\"Read more about Zimbabu\u00e9 &#8211; \u00c1frica | Projeto M42\">Ler mais<\/a><\/p>\n","protected":false},"author":102,"featured_media":0,"parent":89582,"menu_order":0,"comment_status":"closed","ping_status":"closed","template":"","meta":{"_sitemap_exclude":false,"_sitemap_priority":"","_sitemap_frequency":"","footnotes":""},"class_list":["post-88672","page","type-page","status-publish","infinite-scroll-item"],"yoast_head":"<!-- This site is optimized with the Yoast SEO plugin v28.4 - https:\/\/yoast.com\/product\/yoast-seo-wordpress\/ -->\n<title>Zimbabu\u00e9 - \u00c1frica | Projeto M42 | Spazio Spadoni<\/title>\n<meta name=\"description\" content=\"Bulawayo | Bulawayo (Zimbabu\u00e9) OPERA M42 MISS\u00c3O Local Bulawayo Diocese Bulawayo Pa\u00eds Zimbabu\u00e9 Continente Africa Coordenadas GPS -20.15026 28.59648 Fuso\" \/>\n<meta name=\"robots\" content=\"index, follow, max-snippet:-1, max-image-preview:large, max-video-preview:-1\" \/>\n<link rel=\"canonical\" href=\"https:\/\/spaziospadoni.org\/pt-pt\/opera-m\/zimbabue-africa-projeto-m42\/\" \/>\n<meta property=\"og:locale\" content=\"pt_PT\" \/>\n<meta property=\"og:type\" content=\"article\" \/>\n<meta property=\"og:title\" content=\"Zimbabu\u00e9 - \u00c1frica | Projeto M42 | Spazio Spadoni\" \/>\n<meta property=\"og:description\" content=\"Bulawayo | Bulawayo (Zimbabu\u00e9) OPERA M42 MISS\u00c3O Local Bulawayo Diocese Bulawayo Pa\u00eds Zimbabu\u00e9 Continente Africa Coordenadas GPS -20.15026 28.59648 Fuso\" \/>\n<meta property=\"og:url\" content=\"https:\/\/spaziospadoni.org\/pt-pt\/opera-m\/zimbabue-africa-projeto-m42\/\" \/>\n<meta property=\"og:site_name\" content=\"spazio + spadoni\" \/>\n<meta property=\"article:publisher\" content=\"https:\/\/www.facebook.com\/SpazioSpadoni\/\" \/>\n<meta property=\"article:modified_time\" content=\"2026-08-03T14:45:45+00:00\" \/>\n<meta property=\"og:image\" content=\"https:\/\/spaziospadoni.org\/wp-content\/uploads\/2026\/05\/hicsum_1_congo-spaziospadoni-scaled.png\" \/>\n\t<meta property=\"og:image:width\" content=\"2560\" \/>\n\t<meta property=\"og:image:height\" content=\"1771\" \/>\n\t<meta property=\"og:image:type\" content=\"image\/png\" \/>\n<meta name=\"twitter:card\" content=\"summary_large_image\" \/>\n<meta name=\"twitter:label1\" content=\"Est. reading time\" \/>\n\t<meta name=\"twitter:data1\" content=\"10 minutes\" \/>\n<script type=\"application\/ld+json\" class=\"yoast-schema-graph\">{\"@context\":\"https:\\\/\\\/schema.org\",\"@graph\":[{\"@type\":\"WebPage\",\"@id\":\"https:\\\/\\\/spaziospadoni.org\\\/pt-pt\\\/opera-m\\\/zimbabue-africa-projeto-m42\\\/\",\"url\":\"https:\\\/\\\/spaziospadoni.org\\\/pt-pt\\\/opera-m\\\/zimbabue-africa-projeto-m42\\\/\",\"name\":\"Zimbabu\u00e9 - \u00c1frica | Projeto M42 | Spazio Spadoni\",\"isPartOf\":{\"@id\":\"https:\\\/\\\/spaziospadoni.org\\\/pt-pt\\\/#website\"},\"primaryImageOfPage\":{\"@id\":\"https:\\\/\\\/spaziospadoni.org\\\/pt-pt\\\/opera-m\\\/zimbabue-africa-projeto-m42\\\/#primaryimage\"},\"image\":{\"@id\":\"https:\\\/\\\/spaziospadoni.org\\\/pt-pt\\\/opera-m\\\/zimbabue-africa-projeto-m42\\\/#primaryimage\"},\"thumbnailUrl\":\"https:\\\/\\\/spaziospadoni.org\\\/wp-content\\\/uploads\\\/2026\\\/05\\\/hicsum_28_rwanda-spaziospadoni-scaled.png\",\"datePublished\":\"2026-05-18T14:05:11+00:00\",\"dateModified\":\"2026-08-03T14:45:45+00:00\",\"description\":\"Bulawayo | Bulawayo (Zimbabu\u00e9) OPERA M42 MISS\u00c3O Local Bulawayo Diocese Bulawayo Pa\u00eds Zimbabu\u00e9 Continente Africa Coordenadas GPS -20.15026 28.59648 Fuso\",\"breadcrumb\":{\"@id\":\"https:\\\/\\\/spaziospadoni.org\\\/pt-pt\\\/opera-m\\\/zimbabue-africa-projeto-m42\\\/#breadcrumb\"},\"inLanguage\":\"pt-PT\",\"potentialAction\":[{\"@type\":\"ReadAction\",\"target\":[\"https:\\\/\\\/spaziospadoni.org\\\/pt-pt\\\/opera-m\\\/zimbabue-africa-projeto-m42\\\/\"]}]},{\"@type\":\"ImageObject\",\"inLanguage\":\"pt-PT\",\"@id\":\"https:\\\/\\\/spaziospadoni.org\\\/pt-pt\\\/opera-m\\\/zimbabue-africa-projeto-m42\\\/#primaryimage\",\"url\":\"https:\\\/\\\/spaziospadoni.org\\\/wp-content\\\/uploads\\\/2026\\\/05\\\/hicsum_28_rwanda-spaziospadoni-scaled.png\",\"contentUrl\":\"https:\\\/\\\/spaziospadoni.org\\\/wp-content\\\/uploads\\\/2026\\\/05\\\/hicsum_28_rwanda-spaziospadoni-scaled.png\"},{\"@type\":\"BreadcrumbList\",\"@id\":\"https:\\\/\\\/spaziospadoni.org\\\/pt-pt\\\/opera-m\\\/zimbabue-africa-projeto-m42\\\/#breadcrumb\",\"itemListElement\":[{\"@type\":\"ListItem\",\"position\":1,\"name\":\"Home\",\"item\":\"https:\\\/\\\/spaziospadoni.org\\\/pt-pt\\\/\"},{\"@type\":\"ListItem\",\"position\":2,\"name\":\"Obras de Miseric\u00f3rdia\",\"item\":\"https:\\\/\\\/spaziospadoni.org\\\/pt-pt\\\/obras-de-misericordia\\\/\"},{\"@type\":\"ListItem\",\"position\":3,\"name\":\"Zimbabu\u00e9 &#8211; \u00c1frica | Projeto M42\"}]},{\"@type\":\"WebSite\",\"@id\":\"https:\\\/\\\/spaziospadoni.org\\\/pt-pt\\\/#website\",\"url\":\"https:\\\/\\\/spaziospadoni.org\\\/pt-pt\\\/\",\"name\":\"spazio + spadoni\",\"description\":\"Generazione di misericordia e missione nel mondo\",\"publisher\":{\"@id\":\"https:\\\/\\\/spaziospadoni.org\\\/pt-pt\\\/#organization\"},\"alternateName\":\"spaziospadoni.org\",\"potentialAction\":[{\"@type\":\"SearchAction\",\"target\":{\"@type\":\"EntryPoint\",\"urlTemplate\":\"https:\\\/\\\/spaziospadoni.org\\\/pt-pt\\\/?s={search_term_string}\"},\"query-input\":{\"@type\":\"PropertyValueSpecification\",\"valueRequired\":true,\"valueName\":\"search_term_string\"}}],\"inLanguage\":\"pt-PT\"},{\"@type\":\"Organization\",\"@id\":\"https:\\\/\\\/spaziospadoni.org\\\/pt-pt\\\/#organization\",\"name\":\"spazio + spadoni\",\"alternateName\":\"spaziospadoni.org\",\"url\":\"https:\\\/\\\/spaziospadoni.org\\\/pt-pt\\\/\",\"logo\":{\"@type\":\"ImageObject\",\"inLanguage\":\"pt-PT\",\"@id\":\"https:\\\/\\\/spaziospadoni.org\\\/pt-pt\\\/#\\\/schema\\\/logo\\\/image\\\/\",\"url\":\"https:\\\/\\\/spaziospadoni.org\\\/wp-content\\\/uploads\\\/2026\\\/05\\\/spazio-spadoni-logo-100x100-1.webp\",\"contentUrl\":\"https:\\\/\\\/spaziospadoni.org\\\/wp-content\\\/uploads\\\/2026\\\/05\\\/spazio-spadoni-logo-100x100-1.webp\",\"width\":100,\"height\":100,\"caption\":\"spazio + spadoni\"},\"image\":{\"@id\":\"https:\\\/\\\/spaziospadoni.org\\\/pt-pt\\\/#\\\/schema\\\/logo\\\/image\\\/\"},\"sameAs\":[\"https:\\\/\\\/www.facebook.com\\\/SpazioSpadoni\\\/\",\"https:\\\/\\\/www.instagram.com\\\/spaziospadoni\\\/\",\"https:\\\/\\\/www.youtube.com\\\/@spaziospadoni\\\/playlists\"]}]}<\/script>\n<!-- \/ Yoast SEO plugin. -->","yoast_head_json":{"title":"Zimbabu\u00e9 - \u00c1frica | Projeto M42 | Spazio Spadoni","description":"Bulawayo | Bulawayo (Zimbabu\u00e9) OPERA M42 MISS\u00c3O Local Bulawayo Diocese Bulawayo Pa\u00eds Zimbabu\u00e9 Continente Africa Coordenadas GPS -20.15026 28.59648 Fuso","robots":{"index":"index","follow":"follow","max-snippet":"max-snippet:-1","max-image-preview":"max-image-preview:large","max-video-preview":"max-video-preview:-1"},"canonical":"https:\/\/spaziospadoni.org\/pt-pt\/opera-m\/zimbabue-africa-projeto-m42\/","og_locale":"pt_PT","og_type":"article","og_title":"Zimbabu\u00e9 - \u00c1frica | Projeto M42 | Spazio Spadoni","og_description":"Bulawayo | Bulawayo (Zimbabu\u00e9) OPERA M42 MISS\u00c3O Local Bulawayo Diocese Bulawayo Pa\u00eds Zimbabu\u00e9 Continente Africa Coordenadas GPS -20.15026 28.59648 Fuso","og_url":"https:\/\/spaziospadoni.org\/pt-pt\/opera-m\/zimbabue-africa-projeto-m42\/","og_site_name":"spazio + spadoni","article_publisher":"https:\/\/www.facebook.com\/SpazioSpadoni\/","article_modified_time":"2026-08-03T14:45:45+00:00","og_image":[{"width":2560,"height":1771,"url":"https:\/\/spaziospadoni.org\/wp-content\/uploads\/2026\/05\/hicsum_1_congo-spaziospadoni-scaled.png","type":"image\/png"}],"twitter_card":"summary_large_image","twitter_misc":{"Est. reading time":"10 minutes"},"schema":{"@context":"https:\/\/schema.org","@graph":[{"@type":"WebPage","@id":"https:\/\/spaziospadoni.org\/pt-pt\/opera-m\/zimbabue-africa-projeto-m42\/","url":"https:\/\/spaziospadoni.org\/pt-pt\/opera-m\/zimbabue-africa-projeto-m42\/","name":"Zimbabu\u00e9 - \u00c1frica | Projeto M42 | Spazio Spadoni","isPartOf":{"@id":"https:\/\/spaziospadoni.org\/pt-pt\/#website"},"primaryImageOfPage":{"@id":"https:\/\/spaziospadoni.org\/pt-pt\/opera-m\/zimbabue-africa-projeto-m42\/#primaryimage"},"image":{"@id":"https:\/\/spaziospadoni.org\/pt-pt\/opera-m\/zimbabue-africa-projeto-m42\/#primaryimage"},"thumbnailUrl":"https:\/\/spaziospadoni.org\/wp-content\/uploads\/2026\/05\/hicsum_28_rwanda-spaziospadoni-scaled.png","datePublished":"2026-05-18T14:05:11+00:00","dateModified":"2026-08-03T14:45:45+00:00","description":"Bulawayo | Bulawayo (Zimbabu\u00e9) OPERA M42 MISS\u00c3O Local Bulawayo Diocese Bulawayo Pa\u00eds Zimbabu\u00e9 Continente Africa Coordenadas GPS -20.15026 28.59648 Fuso","breadcrumb":{"@id":"https:\/\/spaziospadoni.org\/pt-pt\/opera-m\/zimbabue-africa-projeto-m42\/#breadcrumb"},"inLanguage":"pt-PT","potentialAction":[{"@type":"ReadAction","target":["https:\/\/spaziospadoni.org\/pt-pt\/opera-m\/zimbabue-africa-projeto-m42\/"]}]},{"@type":"ImageObject","inLanguage":"pt-PT","@id":"https:\/\/spaziospadoni.org\/pt-pt\/opera-m\/zimbabue-africa-projeto-m42\/#primaryimage","url":"https:\/\/spaziospadoni.org\/wp-content\/uploads\/2026\/05\/hicsum_28_rwanda-spaziospadoni-scaled.png","contentUrl":"https:\/\/spaziospadoni.org\/wp-content\/uploads\/2026\/05\/hicsum_28_rwanda-spaziospadoni-scaled.png"},{"@type":"BreadcrumbList","@id":"https:\/\/spaziospadoni.org\/pt-pt\/opera-m\/zimbabue-africa-projeto-m42\/#breadcrumb","itemListElement":[{"@type":"ListItem","position":1,"name":"Home","item":"https:\/\/spaziospadoni.org\/pt-pt\/"},{"@type":"ListItem","position":2,"name":"Obras de Miseric\u00f3rdia","item":"https:\/\/spaziospadoni.org\/pt-pt\/obras-de-misericordia\/"},{"@type":"ListItem","position":3,"name":"Zimbabu\u00e9 &#8211; \u00c1frica | Projeto M42"}]},{"@type":"WebSite","@id":"https:\/\/spaziospadoni.org\/pt-pt\/#website","url":"https:\/\/spaziospadoni.org\/pt-pt\/","name":"spazio + spadoni","description":"Generazione di misericordia e missione nel mondo","publisher":{"@id":"https:\/\/spaziospadoni.org\/pt-pt\/#organization"},"alternateName":"spaziospadoni.org","potentialAction":[{"@type":"SearchAction","target":{"@type":"EntryPoint","urlTemplate":"https:\/\/spaziospadoni.org\/pt-pt\/?s={search_term_string}"},"query-input":{"@type":"PropertyValueSpecification","valueRequired":true,"valueName":"search_term_string"}}],"inLanguage":"pt-PT"},{"@type":"Organization","@id":"https:\/\/spaziospadoni.org\/pt-pt\/#organization","name":"spazio + spadoni","alternateName":"spaziospadoni.org","url":"https:\/\/spaziospadoni.org\/pt-pt\/","logo":{"@type":"ImageObject","inLanguage":"pt-PT","@id":"https:\/\/spaziospadoni.org\/pt-pt\/#\/schema\/logo\/image\/","url":"https:\/\/spaziospadoni.org\/wp-content\/uploads\/2026\/05\/spazio-spadoni-logo-100x100-1.webp","contentUrl":"https:\/\/spaziospadoni.org\/wp-content\/uploads\/2026\/05\/spazio-spadoni-logo-100x100-1.webp","width":100,"height":100,"caption":"spazio + spadoni"},"image":{"@id":"https:\/\/spaziospadoni.org\/pt-pt\/#\/schema\/logo\/image\/"},"sameAs":["https:\/\/www.facebook.com\/SpazioSpadoni\/","https:\/\/www.instagram.com\/spaziospadoni\/","https:\/\/www.youtube.com\/@spaziospadoni\/playlists"]}]}},"_links":{"self":[{"href":"https:\/\/spaziospadoni.org\/pt-pt\/wp-json\/wp\/v2\/pages\/88672","targetHints":{"allow":["GET"]}}],"collection":[{"href":"https:\/\/spaziospadoni.org\/pt-pt\/wp-json\/wp\/v2\/pages"}],"about":[{"href":"https:\/\/spaziospadoni.org\/pt-pt\/wp-json\/wp\/v2\/types\/page"}],"author":[{"embeddable":true,"href":"https:\/\/spaziospadoni.org\/pt-pt\/wp-json\/wp\/v2\/users\/102"}],"replies":[{"embeddable":true,"href":"https:\/\/spaziospadoni.org\/pt-pt\/wp-json\/wp\/v2\/comments?post=88672"}],"version-history":[{"count":0,"href":"https:\/\/spaziospadoni.org\/pt-pt\/wp-json\/wp\/v2\/pages\/88672\/revisions"}],"up":[{"embeddable":true,"href":"https:\/\/spaziospadoni.org\/pt-pt\/wp-json\/wp\/v2\/pages\/89582"}],"wp:attachment":[{"href":"https:\/\/spaziospadoni.org\/pt-pt\/wp-json\/wp\/v2\/media?parent=88672"}],"curies":[{"name":"wp","href":"https:\/\/api.w.org\/{rel}","templated":true}]}}